{"id":1669,"date":"2026-09-02T13:01:26","date_gmt":"2026-09-02T13:01:26","guid":{"rendered":"https:\/\/tjt.travelblox.eu\/?page_id=1669"},"modified":"2026-09-02T13:39:53","modified_gmt":"2026-09-02T13:39:53","slug":"aanbod-voorjaar-2027","status":"publish","type":"page","link":"https:\/\/tjt.travelblox.eu\/nl\/","title":{"rendered":"Aanbod voorjaar 2027"},"content":{"rendered":"\n<div class=\" tb-header tb-block align-center background-dark pattern-none variant-none\" id=\"header\" data-fallback-background=\"https:\/\/vz-2d98b19f-729.b-cdn.net\/37a4f2e9-3688-43fa-a713-eeae62588cc7\/thumbnail.jpg\" style=\"background-image: linear-gradient(rgba(0, 0, 0, 0.4), rgba(0, 0, 0, 0.4)), url('https:\/\/vz-2d98b19f-729.b-cdn.net\/37a4f2e9-3688-43fa-a713-eeae62588cc7\/thumbnail.jpg'); background-position:center;\">\n        \n    <div class=\"tb-header-foreground\">\n        <div class=\"inner-block\">\n\n            <div class=\"main-part\">\n                <div class=\"text-part\">\n                                                                                            <h1>\t<span class=\"tb-logo  \"  style=\"-webkit-mask-image: url(https:\/\/tjt.travelblox.eu\/wp-content\/uploads\/sites\/78\/2025\/06\/TJT_Logo-Remake2021-WIT.svg); mask-image: url(https:\/\/tjt.travelblox.eu\/wp-content\/uploads\/sites\/78\/2025\/06\/TJT_Logo-Remake2021-WIT.svg)\">\n\t\t<img src='https:\/\/tjt.travelblox.eu\/wp-content\/uploads\/sites\/78\/2025\/06\/TJT_Logo-Remake2021-WIT.svg' width='1024' height='1024' alt='The Jordan Trail logo' title='The Jordan Trail' loading='lazy'>\n\t<\/span>\n<\/h1>\n                                                                                        <h2 class=\"tb-subtitle\">\t<div class=\"translation-block\"><p>Wandel langs de legendarische Jordan Trail en eindig in wereldwonder Petra<\/p><\/div>\n\t<\/h2>\n                                                                                    <div class=\"tb-properties\">\n                                                            <div class=\"tb-property\">\n                                                                            <div class=\"tb-property__icon\">\n                                            \t\t\t\t<i class=\"icon fa-solid fa-calendar-days fa-fw\" aria-hidden=\"true\"><\/i>\n\t\t\t                                        <\/div>\n                                                                        <div class=\"tb-property__label\">\n                                        5 wandeldagen                                    <\/div>\n                                <\/div>\n                                                                    <div class=\"tb-properties__divider\"><\/div>\n                                                                                            <div class=\"tb-property\">\n                                                                            <div class=\"tb-property__icon\">\n                                            \t\t\t\t<i class=\"icon fa-kit fa-tb-icon-tipi fa-fw\" aria-hidden=\"true\"><\/i>\n\t\t\t                                        <\/div>\n                                                                        <div class=\"tb-property__label\">\n                                        Kamperen                                    <\/div>\n                                <\/div>\n                                                                    <div class=\"tb-properties__divider\"><\/div>\n                                                                                            <div class=\"tb-property\">\n                                                                            <div class=\"tb-property__icon\">\n                                            \t\t\t\t<i class=\"icon fa-solid fa-person-hiking fa-fw\" aria-hidden=\"true\"><\/i>\n\t\t\t                                        <\/div>\n                                                                        <div class=\"tb-property__label\">\n                                        Gidsen                                    <\/div>\n                                <\/div>\n                                                                                    <\/div>\n                                                                <div class=\"tb-buttons-part\">\n                                                            \t\t<a href=\"https:\/\/travelbase.pro.typeform.com\/tjt27snlprereg\"  target=\"_blank\" data-mode=\"popup\" data-url=\"https:\/\/travelbase.pro.typeform.com\/tjt27snlprereg\" class=\"tb-button typeform-share\">\n\t\t\tPreregistreer | Voorjaar 2027\t\t<\/a>\n\t\t\t\t\t<script>\n\t\t\t\t(function() {\n\t\t\t\t\tvar qs, js, q, s, d = document,\n\t\t\t\t\t\tgi = d.getElementById,\n\t\t\t\t\t\tce = d.createElement,\n\t\t\t\t\t\tgt = d.getElementsByTagName,\n\t\t\t\t\t\tid = \"typef_orm_share\",\n\t\t\t\t\t\tb = \"https:\/\/embed.typeform.com\/\";\n\t\t\t\t\tif (!gi.call(d, id)) {\n\t\t\t\t\t\tjs = ce.call(d, \"script\");\n\t\t\t\t\t\tjs.id = id;\n\t\t\t\t\t\tjs.src = b + \"embed.js\";\n\t\t\t\t\t\tq = gt.call(d, \"script\")[0];\n\t\t\t\t\t\tq.parentNode.insertBefore(js, q);\n\t\t\t\t\t}\n\t\t\t\t})();\n\t\t\t<\/script>\n\t\t                                                                                        \t\t<a href=\"#join\"  target=\"\" class=\"tb-buttonlink\">\n\t\t\tPrijzen &amp; data\t\t<\/a>\n\t\t                                                    <\/div>\n                                                                <div class=\"average-reviews-wrapper\" data-reviews-redirect-url=\"https:\/\/www.google.com\/maps\/place\/\/data=!4m4!3m3!1s0x116324b4ba9d92d:0x92789fa5da22923e!9m1!1b1\" data-embed-social-id=\"bcf5c605b6e8c2d09e261ae54007ca4253946594\"><\/div>\n                                    <\/div>\n            <\/div>\n\n                    <\/div>\n    <\/div>\n\n    \n                        <div class=\"tb-header-background tb-header-background--has-iframe\">\n                        <iframe src=\"https:\/\/iframe.mediadelivery.net\/embed\/306445\/37a4f2e9-3688-43fa-a713-eeae62588cc7?autoplay=true&#038;preload=true&#038;loop=true&#038;responsive=true&#038;muted=true\" allow=\"accelerometer;gyroscope;encrypted-media;picture-in-picture;autoplay;muted;\" allowfullscreen=\"true\" style=\"border: none;\" loading=\"lazy\"><\/iframe>                    <\/div>\n                \n    \n                <nav class=\"tb-header__subnav\">\n            <div class=\"inner-block\">\n                <div class=\"tb-header__pagename tb-header__pagename--visible\">\n                                            \t<span class=\"tb-logo  \"  style=\"-webkit-mask-image: url(https:\/\/tjt.travelblox.eu\/wp-content\/uploads\/sites\/78\/2025\/08\/TJT_Logo-Remake2021-ROOD.svg); mask-image: url(https:\/\/tjt.travelblox.eu\/wp-content\/uploads\/sites\/78\/2025\/08\/TJT_Logo-Remake2021-ROOD.svg)\">\n\t\t<img src='https:\/\/tjt.travelblox.eu\/wp-content\/uploads\/sites\/78\/2025\/08\/TJT_Logo-Remake2021-ROOD.svg' width='1024' height='1024' alt='The Jordan Trail logo' title='The Jordan Trail' loading='lazy'>\n\t<\/span>\n                                    <\/div>\n\n                <ul>\n                                            <li>\n                            <a href=\"#Concept\">Concept<\/a>\n                        <\/li>\n\n                                            <li>\n                            <a href=\"#route\">Route<\/a>\n                        <\/li>\n\n                                            <li>\n                            <a href=\"#practical\">Praktische info<\/a>\n                        <\/li>\n\n                                            <li>\n                            <a href=\"#options\">Opties<\/a>\n                        <\/li>\n\n                                            <li>\n                            <a href=\"#options\">Opties<\/a>\n                        <\/li>\n\n                                            <li>\n                            <a href=\"#howtogetthere-2\">Vluchten<\/a>\n                        <\/li>\n\n                                            <li>\n                            <a href=\"#faq\">Veelgestelde vragen<\/a>\n                        <\/li>\n\n                    \n                                                <li class=\"tb-header__subnav_cta\">\n                                <a href=\"#join\" class=\"tb-button\" >Beschikbaarheden<\/a>\n                            <\/li>\n                                    <\/ul>\n            <\/div>\n        <\/nav>\n\n    \n<\/div>\n\n\n\n\n\t<div class=\" tb-topbar tb-block align-center background-dark pattern-none variant-none\" id=\"topbar\" data-subnav=\"false\">\n\t\t<div class=\"inner-block\">\n\t\t\t<div class=\"text-part\">\n\t\t\t\t\t\t\t\t\t\t\t\t\t<i class=\"icon fa-regular fa-alarm-clock fa-fw\" aria-hidden=\"true\"><\/i>\n\t\t\t\t\t\t\t\t\t\t\t\t<div class=\"translation-block\"><p>Opening boekingen voorjaar 2027<\/p><\/div>\n\t\t\t\t<\/div>\n\n\t\t\t\n\t\t\t\t<div class=\"tb-countdown__container\" data-countdown-date=\"16\/09\/2026 4:00 pm\">\n\n\t\t\t\t\t<div class=\"tb-countdown__block\" data-countdown-name=\"days\">\n\t\t\t\t\t\t<div class=\"tb-countdown__numbers\"><\/div>\n\t\t\t\t\t\t<div class=\"tb-countdown__text\">dagen<\/div>\n\t\t\t\t\t<\/div>\n\n\t\t\t\t\t<div class=\"tb-countdown__block\" data-countdown-name=\"hours\">\n\t\t\t\t\t\t<div class=\"tb-countdown__numbers\"><\/div>\n\t\t\t\t\t\t<div class=\"tb-countdown__text\">uren<\/div>\n\t\t\t\t\t<\/div>\n\n\t\t\t\t\t<div class=\"tb-countdown__block\" data-countdown-name=\"minutes\">\n\t\t\t\t\t\t<div class=\"tb-countdown__numbers\"><\/div>\n\t\t\t\t\t\t<div class=\"tb-countdown__text\">min<\/div>\n\t\t\t\t\t<\/div>\n\n\t\t\t\t\t<div class=\"tb-countdown__block\" data-countdown-name=\"seconds\">\n\t\t\t\t\t\t<div class=\"tb-countdown__numbers\"><\/div>\n\t\t\t\t\t\t<div class=\"tb-countdown__text\">sec<\/div>\n\t\t\t\t\t<\/div>\n\n\t\t\t\t<\/div>\n\n\t\t\t\n\t\t\t\t\t<\/div>\n\t<\/div>\n\t\n\n\n\n\n<div class=\" tb-intro tb-block align-none background-middle pattern-custom variant-none tb-collapsible-margins\" id=\"intro\" style=\"background-image: url(http:\/\/tjt.travelblox.eu\/wp-content\/uploads\/sites\/78\/2024\/01\/Jordan_Slightly-White-texture.jpeg)\">\n    <div class=\"inner-block tb-fade-in tb-fade-in--subtle\">\n\n        \n\n        <div class=\"text-part content-part\">\n            <div class=\"title-meta-inclusive\">\n                <div class=\"title-and-meta\">\n                                            <div class=\"title-part\">\n                                                            <h3>The Jordan Trail<\/h3>\n                                                                                                                            <h5>\t<div class=\"translation-block\">Een authentieke trektocht door het hart van Jordani\u00eb: natuur, cultuur en Petra als ultieme beloning.<\/div>\n\t<\/h5>\n                                                                                    <\/div>\n                                        <ul class=\"meta-data\">\n                                                    <li>\n                                <i class=\"fa fa-regular fa-tag\"><\/i>\n                                <span>Vanaf \u20ac620<\/span>\n                            <\/li>\n                                                                            <li>\n                                <i class=\"fa fa-regular fa-calendar\"><\/i>\n                                <span><p><a href=\"#join\">31 maart &#8211; 5 mei<\/a><\/p>\n<\/span>\n                            <\/li>\n                                            <\/ul>\n                <\/div>\n                                    <div class=\"inclusive \">\n                                                    <h6>Highlights<\/h6>\n                                                <ul class=\"\">\n                                                            <li class=\"visible\">\n                                                                            \t\t\t\t<i class=\"icon fa-solid fa-person-hiking fa-fw\" aria-hidden=\"true\"><\/i>\n\t\t\t                                                                                                                <span>Wandel door desolate canyons, woestijnen en valleien<\/span>\n                                                                    <\/li>\n                                                            <li class=\"visible\">\n                                                                            \t\t\t\t<i class=\"icon fa-kit fa-tb-icon-tipi fa-fw\" aria-hidden=\"true\"><\/i>\n\t\t\t                                                                                                                <span>Kampeer midden in de natuur onder de sterrenhemel<\/span>\n                                                                    <\/li>\n                                                            <li class=\"visible\">\n                                                                            \t\t\t\t<i class=\"icon fa-solid fa-hand-holding-heart fa-fw\" aria-hidden=\"true\"><\/i>\n\t\t\t                                                                                                                <span>Ervaar de lokale cultuur en warme Jordaanse gastvrijheid<\/span>\n                                                                    <\/li>\n                                                            <li class=\"visible\">\n                                                                            \t\t\t\t<i class=\"icon fa-regular fa-plate-utensils fa-fw\" aria-hidden=\"true\"><\/i>\n\t\t\t                                                                                                                <span>Geniet van de heerlijke Jordaanse keuken<\/span>\n                                                                    <\/li>\n                                                            <li class=\"visible\">\n                                                                            \t\t\t\t<i class=\"icon fa-solid fa-earth-asia fa-fw\" aria-hidden=\"true\"><\/i>\n\t\t\t                                                                                                                <span>Bezoek het iconische wereldwonder Petra<\/span>\n                                                                    <\/li>\n                                                    <\/ul>\n                                            <\/div>\n                            <\/div>\n\n                            <div class=\"tb-buttons desktop-only\">\n                                            <a href=\"https:\/\/travelbase.pro.typeform.com\/tjt27snlprereg\" class=\"tb-button\">\n                                                            Preregistreer | Voorjaar 2027                                                    <\/a>\n                                                                <a href=\"#practical\" class=\"tb-buttonlink\">\n                                                            Meer informatie                                                    <\/a>\n                                    <\/div>\n                    <\/div>\n                                    <div class=\"tb-video-part\">\n                    <iframe src=\"https:\/\/iframe.mediadelivery.net\/embed\/306529\/430431ef-9667-495f-8219-da6235f38c80?autoplay=false&#038;preload=true&#038;loop=true&#038;responsive=true\" allow=\"accelerometer;gyroscope;encrypted-media;picture-in-picture;\" allowfullscreen=\"true\" style=\"border: none;\" loading=\"lazy\"><\/iframe>                <\/div>\n                                        <div class=\"tb-buttons mobile-only\">\n                                    <a href=\"https:\/\/travelbase.pro.typeform.com\/tjt27snlprereg\" class=\"tb-button\">\n                                                    Preregistreer | Voorjaar 2027                                            <\/a>\n                                                    <a href=\"#practical\" class=\"tb-buttonlink\">\n                                                    Meer informatie                                            <\/a>\n                            <\/div>\n            <\/div>\n<\/div>\n\n\n<div class=\" tb-gallery tb-block align-center background-light pattern-none variant-grid\" id=\"gallery\">\n\t<div class=\"tb-gallery__inner\">\n\t\t<div class=\"desktop tb-has-popup-content\">\n\t\t\t\t\t\t\t<ul class=\"tb-gallery-grid\">\n\t\t\t\t\t\t\t\t\t\t\t\t\t\t\t\t\t\t<li class=\"slide\">\n\t\t\t\t\t\t\t\t<div class=\"tb-popup-trigger\">\n\t\t\t\t\t\t\t\t\t<img src='https:\/\/tjt.travelblox.eu\/wp-content\/smush-webp\/sites\/78\/2025\/08\/Blogs_featured_images-1.jpg.webp' width='1300' height='800' alt='Groepsreis naar Jordani\u00eb' srcset='https:\/\/tjt.travelblox.eu\/wp-content\/smush-webp\/sites\/78\/2025\/08\/Blogs_featured_images-1.jpg.webp 1300w, https:\/\/tjt.travelblox.eu\/wp-content\/smush-webp\/sites\/78\/2025\/08\/Blogs_featured_images-1-300x185.jpg.webp 300w, https:\/\/tjt.travelblox.eu\/wp-content\/smush-webp\/sites\/78\/2025\/08\/Blogs_featured_images-1-1024x630.jpg.webp 1024w, https:\/\/tjt.travelblox.eu\/wp-content\/smush-webp\/sites\/78\/2025\/08\/Blogs_featured_images-1-768x473.jpg.webp 768w, https:\/\/tjt.travelblox.eu\/wp-content\/smush-webp\/sites\/78\/2025\/08\/Blogs_featured_images-1-18x12.jpg.webp 18w' sizes=\"auto, (max-width: 1300px) 100vw, 1300px\" loading='lazy' decoding='async' data-smush-webp-fallback=\"{&quot;src&quot;:&quot;https:\\\/\\\/tjt.travelblox.eu\\\/wp-content\\\/uploads\\\/sites\\\/78\\\/2025\\\/08\\\/Blogs_featured_images-1.jpg&quot;,&quot;srcset&quot;:&quot;https:\\\/\\\/tjt.travelblox.eu\\\/wp-content\\\/uploads\\\/sites\\\/78\\\/2025\\\/08\\\/Blogs_featured_images-1.jpg 1300w, https:\\\/\\\/tjt.travelblox.eu\\\/wp-content\\\/uploads\\\/sites\\\/78\\\/2025\\\/08\\\/Blogs_featured_images-1-300x185.jpg 300w, https:\\\/\\\/tjt.travelblox.eu\\\/wp-content\\\/uploads\\\/sites\\\/78\\\/2025\\\/08\\\/Blogs_featured_images-1-1024x630.jpg 1024w, https:\\\/\\\/tjt.travelblox.eu\\\/wp-content\\\/uploads\\\/sites\\\/78\\\/2025\\\/08\\\/Blogs_featured_images-1-768x473.jpg 768w, https:\\\/\\\/tjt.travelblox.eu\\\/wp-content\\\/uploads\\\/sites\\\/78\\\/2025\\\/08\\\/Blogs_featured_images-1-18x12.jpg 18w&quot;}\">\t\t\t\t\t\t\t\t<\/div>\n\t\t\t\t\t\t\t<\/li>\n\t\t\t\t\t\t\t\t\t\t\t\t\t<li class=\"slide\">\n\t\t\t\t\t\t\t\t<div class=\"tb-popup-trigger\">\n\t\t\t\t\t\t\t\t\t<img src='https:\/\/tjt.travelblox.eu\/wp-content\/smush-webp\/sites\/78\/2024\/01\/JT23_RoyMosterd_LR_4100343-scaled-e1705659830617.jpg.webp' width='800' height='1067' alt='Bedouin food - The Jordan Trail' loading='lazy' decoding='async' data-smush-webp-fallback='{&quot;src&quot;:&quot;https:\\\/\\\/tjt.travelblox.eu\\\/wp-content\\\/uploads\\\/sites\\\/78\\\/2024\\\/01\\\/JT23_RoyMosterd_LR_4100343-scaled-e1705659830617.jpg&quot;}'>\t\t\t\t\t\t\t\t<\/div>\n\t\t\t\t\t\t\t<\/li>\n\t\t\t\t\t\t\t\t\t\t\t\t\t<li class=\"slide\">\n\t\t\t\t\t\t\t\t<div class=\"tb-popup-trigger\">\n\t\t\t\t\t\t\t\t\t<img src='https:\/\/tjt.travelblox.eu\/wp-content\/smush-webp\/sites\/78\/2025\/02\/TJT23_EvyVanNispen_LR-383.jpg.webp' width='2500' height='1667' alt='The Jordan Trail, Petra' srcset='https:\/\/tjt.travelblox.eu\/wp-content\/smush-webp\/sites\/78\/2025\/02\/TJT23_EvyVanNispen_LR-383.jpg.webp 2500w, https:\/\/tjt.travelblox.eu\/wp-content\/smush-webp\/sites\/78\/2025\/02\/TJT23_EvyVanNispen_LR-383-300x200.jpg.webp 300w, https:\/\/tjt.travelblox.eu\/wp-content\/smush-webp\/sites\/78\/2025\/02\/TJT23_EvyVanNispen_LR-383-1024x683.jpg.webp 1024w, https:\/\/tjt.travelblox.eu\/wp-content\/smush-webp\/sites\/78\/2025\/02\/TJT23_EvyVanNispen_LR-383-768x512.jpg.webp 768w, https:\/\/tjt.travelblox.eu\/wp-content\/smush-webp\/sites\/78\/2025\/02\/TJT23_EvyVanNispen_LR-383-1536x1024.jpg.webp 1536w, https:\/\/tjt.travelblox.eu\/wp-content\/smush-webp\/sites\/78\/2025\/02\/TJT23_EvyVanNispen_LR-383-2048x1366.jpg.webp 2048w, https:\/\/tjt.travelblox.eu\/wp-content\/smush-webp\/sites\/78\/2025\/02\/TJT23_EvyVanNispen_LR-383-18x12.jpg.webp 18w' sizes=\"auto, (max-width: 2500px) 100vw, 2500px\" loading='lazy' decoding='async' data-smush-webp-fallback=\"{&quot;src&quot;:&quot;https:\\\/\\\/tjt.travelblox.eu\\\/wp-content\\\/uploads\\\/sites\\\/78\\\/2025\\\/02\\\/TJT23_EvyVanNispen_LR-383.jpg&quot;,&quot;srcset&quot;:&quot;https:\\\/\\\/tjt.travelblox.eu\\\/wp-content\\\/uploads\\\/sites\\\/78\\\/2025\\\/02\\\/TJT23_EvyVanNispen_LR-383.jpg 2500w, https:\\\/\\\/tjt.travelblox.eu\\\/wp-content\\\/uploads\\\/sites\\\/78\\\/2025\\\/02\\\/TJT23_EvyVanNispen_LR-383-300x200.jpg 300w, https:\\\/\\\/tjt.travelblox.eu\\\/wp-content\\\/uploads\\\/sites\\\/78\\\/2025\\\/02\\\/TJT23_EvyVanNispen_LR-383-1024x683.jpg 1024w, https:\\\/\\\/tjt.travelblox.eu\\\/wp-content\\\/uploads\\\/sites\\\/78\\\/2025\\\/02\\\/TJT23_EvyVanNispen_LR-383-768x512.jpg 768w, https:\\\/\\\/tjt.travelblox.eu\\\/wp-content\\\/uploads\\\/sites\\\/78\\\/2025\\\/02\\\/TJT23_EvyVanNispen_LR-383-1536x1024.jpg 1536w, https:\\\/\\\/tjt.travelblox.eu\\\/wp-content\\\/uploads\\\/sites\\\/78\\\/2025\\\/02\\\/TJT23_EvyVanNispen_LR-383-2048x1366.jpg 2048w, https:\\\/\\\/tjt.travelblox.eu\\\/wp-content\\\/uploads\\\/sites\\\/78\\\/2025\\\/02\\\/TJT23_EvyVanNispen_LR-383-18x12.jpg 18w&quot;}\">\t\t\t\t\t\t\t\t<\/div>\n\t\t\t\t\t\t\t<\/li>\n\t\t\t\t\t\t\t\t\t\t\t\t\t\t\t<\/ul>\n\t\t\t\t\t\t<div class=\"tb-popup tb-popup--open-clicked-image\">\n\t\t\t\t<div class=\"tb-gallery-popup\">\n\t\t\t\t\t<div class=\"tb-image-part\">\n\t\t\t\t\t\t\t\t<div class=\"inner-block-full-width has-tb-carousel tb-carousel-slider\" >\n\t\t<div class=\"tb-carousel-container\">\n\t\t\t<div class=\"entries tb-cards\" data-slider-first=\"2\">\n\t\t\t\t\t\t\t<div class=\"entry\">\n\t\t\t<div class=\"tb-image-part\">\n\t\t\t\t<figure>\n\t\t\t\t\t<img src='https:\/\/tjt.travelblox.eu\/wp-content\/smush-webp\/sites\/78\/2025\/08\/Blogs_featured_images-1.jpg.webp' width='1300' height='800' alt='Groepsreis naar Jordani\u00eb' srcset='https:\/\/tjt.travelblox.eu\/wp-content\/smush-webp\/sites\/78\/2025\/08\/Blogs_featured_images-1.jpg.webp 1300w, https:\/\/tjt.travelblox.eu\/wp-content\/smush-webp\/sites\/78\/2025\/08\/Blogs_featured_images-1-300x185.jpg.webp 300w, https:\/\/tjt.travelblox.eu\/wp-content\/smush-webp\/sites\/78\/2025\/08\/Blogs_featured_images-1-1024x630.jpg.webp 1024w, https:\/\/tjt.travelblox.eu\/wp-content\/smush-webp\/sites\/78\/2025\/08\/Blogs_featured_images-1-768x473.jpg.webp 768w, https:\/\/tjt.travelblox.eu\/wp-content\/smush-webp\/sites\/78\/2025\/08\/Blogs_featured_images-1-18x12.jpg.webp 18w' sizes=\"auto, (max-width: 1300px) 100vw, 1300px\" loading='lazy' decoding='async' data-smush-webp-fallback=\"{&quot;src&quot;:&quot;https:\\\/\\\/tjt.travelblox.eu\\\/wp-content\\\/uploads\\\/sites\\\/78\\\/2025\\\/08\\\/Blogs_featured_images-1.jpg&quot;,&quot;srcset&quot;:&quot;https:\\\/\\\/tjt.travelblox.eu\\\/wp-content\\\/uploads\\\/sites\\\/78\\\/2025\\\/08\\\/Blogs_featured_images-1.jpg 1300w, https:\\\/\\\/tjt.travelblox.eu\\\/wp-content\\\/uploads\\\/sites\\\/78\\\/2025\\\/08\\\/Blogs_featured_images-1-300x185.jpg 300w, https:\\\/\\\/tjt.travelblox.eu\\\/wp-content\\\/uploads\\\/sites\\\/78\\\/2025\\\/08\\\/Blogs_featured_images-1-1024x630.jpg 1024w, https:\\\/\\\/tjt.travelblox.eu\\\/wp-content\\\/uploads\\\/sites\\\/78\\\/2025\\\/08\\\/Blogs_featured_images-1-768x473.jpg 768w, https:\\\/\\\/tjt.travelblox.eu\\\/wp-content\\\/uploads\\\/sites\\\/78\\\/2025\\\/08\\\/Blogs_featured_images-1-18x12.jpg 18w&quot;}\">\t\t\t\t\t\t\t\t\t<\/figure>\n\t\t\t<\/div>\n\t\t<\/div>\n\t\t\t<div class=\"entry\">\n\t\t\t<div class=\"tb-image-part\">\n\t\t\t\t<figure>\n\t\t\t\t\t<img src='https:\/\/tjt.travelblox.eu\/wp-content\/smush-webp\/sites\/78\/2024\/01\/JT23_RoyMosterd_LR_4100343-scaled-e1705659830617.jpg.webp' width='800' height='1067' alt='Bedouin food - The Jordan Trail' loading='lazy' decoding='async' data-smush-webp-fallback='{&quot;src&quot;:&quot;https:\\\/\\\/tjt.travelblox.eu\\\/wp-content\\\/uploads\\\/sites\\\/78\\\/2024\\\/01\\\/JT23_RoyMosterd_LR_4100343-scaled-e1705659830617.jpg&quot;}'>\t\t\t\t\t\t\t\t\t<\/figure>\n\t\t\t<\/div>\n\t\t<\/div>\n\t\t\t<div class=\"entry\">\n\t\t\t<div class=\"tb-image-part\">\n\t\t\t\t<figure>\n\t\t\t\t\t<img src='https:\/\/tjt.travelblox.eu\/wp-content\/smush-webp\/sites\/78\/2025\/02\/TJT23_EvyVanNispen_LR-383.jpg.webp' width='2500' height='1667' alt='The Jordan Trail, Petra' srcset='https:\/\/tjt.travelblox.eu\/wp-content\/smush-webp\/sites\/78\/2025\/02\/TJT23_EvyVanNispen_LR-383.jpg.webp 2500w, https:\/\/tjt.travelblox.eu\/wp-content\/smush-webp\/sites\/78\/2025\/02\/TJT23_EvyVanNispen_LR-383-300x200.jpg.webp 300w, https:\/\/tjt.travelblox.eu\/wp-content\/smush-webp\/sites\/78\/2025\/02\/TJT23_EvyVanNispen_LR-383-1024x683.jpg.webp 1024w, https:\/\/tjt.travelblox.eu\/wp-content\/smush-webp\/sites\/78\/2025\/02\/TJT23_EvyVanNispen_LR-383-768x512.jpg.webp 768w, https:\/\/tjt.travelblox.eu\/wp-content\/smush-webp\/sites\/78\/2025\/02\/TJT23_EvyVanNispen_LR-383-1536x1024.jpg.webp 1536w, https:\/\/tjt.travelblox.eu\/wp-content\/smush-webp\/sites\/78\/2025\/02\/TJT23_EvyVanNispen_LR-383-2048x1366.jpg.webp 2048w, https:\/\/tjt.travelblox.eu\/wp-content\/smush-webp\/sites\/78\/2025\/02\/TJT23_EvyVanNispen_LR-383-18x12.jpg.webp 18w' sizes=\"auto, (max-width: 2500px) 100vw, 2500px\" loading='lazy' decoding='async' data-smush-webp-fallback=\"{&quot;src&quot;:&quot;https:\\\/\\\/tjt.travelblox.eu\\\/wp-content\\\/uploads\\\/sites\\\/78\\\/2025\\\/02\\\/TJT23_EvyVanNispen_LR-383.jpg&quot;,&quot;srcset&quot;:&quot;https:\\\/\\\/tjt.travelblox.eu\\\/wp-content\\\/uploads\\\/sites\\\/78\\\/2025\\\/02\\\/TJT23_EvyVanNispen_LR-383.jpg 2500w, https:\\\/\\\/tjt.travelblox.eu\\\/wp-content\\\/uploads\\\/sites\\\/78\\\/2025\\\/02\\\/TJT23_EvyVanNispen_LR-383-300x200.jpg 300w, https:\\\/\\\/tjt.travelblox.eu\\\/wp-content\\\/uploads\\\/sites\\\/78\\\/2025\\\/02\\\/TJT23_EvyVanNispen_LR-383-1024x683.jpg 1024w, https:\\\/\\\/tjt.travelblox.eu\\\/wp-content\\\/uploads\\\/sites\\\/78\\\/2025\\\/02\\\/TJT23_EvyVanNispen_LR-383-768x512.jpg 768w, https:\\\/\\\/tjt.travelblox.eu\\\/wp-content\\\/uploads\\\/sites\\\/78\\\/2025\\\/02\\\/TJT23_EvyVanNispen_LR-383-1536x1024.jpg 1536w, https:\\\/\\\/tjt.travelblox.eu\\\/wp-content\\\/uploads\\\/sites\\\/78\\\/2025\\\/02\\\/TJT23_EvyVanNispen_LR-383-2048x1366.jpg 2048w, https:\\\/\\\/tjt.travelblox.eu\\\/wp-content\\\/uploads\\\/sites\\\/78\\\/2025\\\/02\\\/TJT23_EvyVanNispen_LR-383-18x12.jpg 18w&quot;}\">\t\t\t\t\t\t\t\t\t<\/figure>\n\t\t\t<\/div>\n\t\t<\/div>\n\t\t\t\t\t<\/div>\n\t\t\t\t<div class=\"tb-carousel-nav\">\n\t\t<div class=\"dots\">\n\t\t\t<div class=\"dot active\"><\/div>\n\t\t\t<div class=\"dot\"><\/div>\n\t\t\t<div class=\"dot\"><\/div>\n\t\t<\/div>\n\t\t<div class=\"arrows\">\n\t\t\t<div class=\"prev disabled\">\n\t\t\t\t<span><i class=\"fa fa-chevron-left\"><\/i><\/span>\n\t\t\t<\/div>\n\t\t\t<div class=\"next\">\n\t\t\t\t<span><i class=\"fa fa-chevron-right\"><\/i><\/span>\n\t\t\t<\/div>\n\t\t<\/div>\n\t<\/div>\n\t\t\t<\/div>\n\t<\/div>\n\t\t\t\t\t\t\t<\/div>\n\t\t\t\t<\/div>\n\t\t\t<\/div>\n\t\t<\/div>\n\t\t<div class=\"mobile\">\n\t\t\t<div class=\"tb-image-part\">\n\t\t\t\t\t\t<div class=\"inner-block-full-width has-tb-carousel tb-carousel-slider\" >\n\t\t<div class=\"tb-carousel-container\">\n\t\t\t<div class=\"entries tb-cards\" data-slider-first=\"0\">\n\t\t\t\t\t\t\t<div class=\"entry\">\n\t\t\t<div class=\"tb-image-part\">\n\t\t\t\t<figure>\n\t\t\t\t\t<img src='https:\/\/tjt.travelblox.eu\/wp-content\/smush-webp\/sites\/78\/2025\/08\/Blogs_featured_images-1-768x473.jpg.webp' width='768' height='473' alt='Groepsreis naar Jordani\u00eb' srcset='https:\/\/tjt.travelblox.eu\/wp-content\/smush-webp\/sites\/78\/2025\/08\/Blogs_featured_images-1-768x473.jpg.webp 768w, https:\/\/tjt.travelblox.eu\/wp-content\/smush-webp\/sites\/78\/2025\/08\/Blogs_featured_images-1-300x185.jpg.webp 300w, https:\/\/tjt.travelblox.eu\/wp-content\/smush-webp\/sites\/78\/2025\/08\/Blogs_featured_images-1-1024x630.jpg.webp 1024w, https:\/\/tjt.travelblox.eu\/wp-content\/smush-webp\/sites\/78\/2025\/08\/Blogs_featured_images-1-18x12.jpg.webp 18w, https:\/\/tjt.travelblox.eu\/wp-content\/smush-webp\/sites\/78\/2025\/08\/Blogs_featured_images-1.jpg.webp 1300w' sizes=\"auto, (max-width: 768px) 100vw, 768px\" loading='lazy' decoding='async' data-smush-webp-fallback=\"{&quot;src&quot;:&quot;https:\\\/\\\/tjt.travelblox.eu\\\/wp-content\\\/uploads\\\/sites\\\/78\\\/2025\\\/08\\\/Blogs_featured_images-1-768x473.jpg&quot;,&quot;srcset&quot;:&quot;https:\\\/\\\/tjt.travelblox.eu\\\/wp-content\\\/uploads\\\/sites\\\/78\\\/2025\\\/08\\\/Blogs_featured_images-1-768x473.jpg 768w, https:\\\/\\\/tjt.travelblox.eu\\\/wp-content\\\/uploads\\\/sites\\\/78\\\/2025\\\/08\\\/Blogs_featured_images-1-300x185.jpg 300w, https:\\\/\\\/tjt.travelblox.eu\\\/wp-content\\\/uploads\\\/sites\\\/78\\\/2025\\\/08\\\/Blogs_featured_images-1-1024x630.jpg 1024w, https:\\\/\\\/tjt.travelblox.eu\\\/wp-content\\\/uploads\\\/sites\\\/78\\\/2025\\\/08\\\/Blogs_featured_images-1-18x12.jpg 18w, https:\\\/\\\/tjt.travelblox.eu\\\/wp-content\\\/uploads\\\/sites\\\/78\\\/2025\\\/08\\\/Blogs_featured_images-1.jpg 1300w&quot;}\">\t\t\t\t\t\t\t\t\t<\/figure>\n\t\t\t<\/div>\n\t\t<\/div>\n\t\t\t<div class=\"entry\">\n\t\t\t<div class=\"tb-image-part\">\n\t\t\t\t<figure>\n\t\t\t\t\t<img src='https:\/\/tjt.travelblox.eu\/wp-content\/smush-webp\/sites\/78\/2024\/01\/JT23_RoyMosterd_LR_4100343-768x1024.jpg.webp' width='768' height='1024' alt='Bedouin food - The Jordan Trail' srcset='https:\/\/tjt.travelblox.eu\/wp-content\/smush-webp\/sites\/78\/2024\/01\/JT23_RoyMosterd_LR_4100343-768x1024.jpg.webp 768w, https:\/\/tjt.travelblox.eu\/wp-content\/smush-webp\/sites\/78\/2024\/01\/JT23_RoyMosterd_LR_4100343-225x300.jpg.webp 225w, https:\/\/tjt.travelblox.eu\/wp-content\/smush-webp\/sites\/78\/2024\/01\/JT23_RoyMosterd_LR_4100343-1152x1536.jpg.webp 1152w, https:\/\/tjt.travelblox.eu\/wp-content\/smush-webp\/sites\/78\/2024\/01\/JT23_RoyMosterd_LR_4100343-1536x2048.jpg.webp 1536w, https:\/\/tjt.travelblox.eu\/wp-content\/smush-webp\/sites\/78\/2024\/01\/JT23_RoyMosterd_LR_4100343-9x12.jpg.webp 9w, https:\/\/tjt.travelblox.eu\/wp-content\/smush-webp\/sites\/78\/2024\/01\/JT23_RoyMosterd_LR_4100343-scaled-e1705659830617.jpg.webp 800w' sizes=\"auto, (max-width: 768px) 100vw, 768px\" loading='lazy' decoding='async' data-smush-webp-fallback=\"{&quot;src&quot;:&quot;https:\\\/\\\/tjt.travelblox.eu\\\/wp-content\\\/uploads\\\/sites\\\/78\\\/2024\\\/01\\\/JT23_RoyMosterd_LR_4100343-768x1024.jpg&quot;,&quot;srcset&quot;:&quot;https:\\\/\\\/tjt.travelblox.eu\\\/wp-content\\\/uploads\\\/sites\\\/78\\\/2024\\\/01\\\/JT23_RoyMosterd_LR_4100343-768x1024.jpg 768w, https:\\\/\\\/tjt.travelblox.eu\\\/wp-content\\\/uploads\\\/sites\\\/78\\\/2024\\\/01\\\/JT23_RoyMosterd_LR_4100343-225x300.jpg 225w, https:\\\/\\\/tjt.travelblox.eu\\\/wp-content\\\/uploads\\\/sites\\\/78\\\/2024\\\/01\\\/JT23_RoyMosterd_LR_4100343-1152x1536.jpg 1152w, https:\\\/\\\/tjt.travelblox.eu\\\/wp-content\\\/uploads\\\/sites\\\/78\\\/2024\\\/01\\\/JT23_RoyMosterd_LR_4100343-1536x2048.jpg 1536w, https:\\\/\\\/tjt.travelblox.eu\\\/wp-content\\\/uploads\\\/sites\\\/78\\\/2024\\\/01\\\/JT23_RoyMosterd_LR_4100343-9x12.jpg 9w, https:\\\/\\\/tjt.travelblox.eu\\\/wp-content\\\/uploads\\\/sites\\\/78\\\/2024\\\/01\\\/JT23_RoyMosterd_LR_4100343-scaled-e1705659830617.jpg 800w&quot;}\">\t\t\t\t\t\t\t\t\t<\/figure>\n\t\t\t<\/div>\n\t\t<\/div>\n\t\t\t<div class=\"entry\">\n\t\t\t<div class=\"tb-image-part\">\n\t\t\t\t<figure>\n\t\t\t\t\t<img src='https:\/\/tjt.travelblox.eu\/wp-content\/smush-webp\/sites\/78\/2025\/02\/TJT23_EvyVanNispen_LR-383-768x512.jpg.webp' width='768' height='512' alt='The Jordan Trail, Petra' srcset='https:\/\/tjt.travelblox.eu\/wp-content\/smush-webp\/sites\/78\/2025\/02\/TJT23_EvyVanNispen_LR-383-768x512.jpg.webp 768w, https:\/\/tjt.travelblox.eu\/wp-content\/smush-webp\/sites\/78\/2025\/02\/TJT23_EvyVanNispen_LR-383-300x200.jpg.webp 300w, https:\/\/tjt.travelblox.eu\/wp-content\/smush-webp\/sites\/78\/2025\/02\/TJT23_EvyVanNispen_LR-383-1024x683.jpg.webp 1024w, https:\/\/tjt.travelblox.eu\/wp-content\/smush-webp\/sites\/78\/2025\/02\/TJT23_EvyVanNispen_LR-383-1536x1024.jpg.webp 1536w, https:\/\/tjt.travelblox.eu\/wp-content\/smush-webp\/sites\/78\/2025\/02\/TJT23_EvyVanNispen_LR-383-2048x1366.jpg.webp 2048w, https:\/\/tjt.travelblox.eu\/wp-content\/smush-webp\/sites\/78\/2025\/02\/TJT23_EvyVanNispen_LR-383-18x12.jpg.webp 18w' sizes=\"auto, (max-width: 768px) 100vw, 768px\" loading='lazy' decoding='async' data-smush-webp-fallback=\"{&quot;src&quot;:&quot;https:\\\/\\\/tjt.travelblox.eu\\\/wp-content\\\/uploads\\\/sites\\\/78\\\/2025\\\/02\\\/TJT23_EvyVanNispen_LR-383-768x512.jpg&quot;,&quot;srcset&quot;:&quot;https:\\\/\\\/tjt.travelblox.eu\\\/wp-content\\\/uploads\\\/sites\\\/78\\\/2025\\\/02\\\/TJT23_EvyVanNispen_LR-383-768x512.jpg 768w, https:\\\/\\\/tjt.travelblox.eu\\\/wp-content\\\/uploads\\\/sites\\\/78\\\/2025\\\/02\\\/TJT23_EvyVanNispen_LR-383-300x200.jpg 300w, https:\\\/\\\/tjt.travelblox.eu\\\/wp-content\\\/uploads\\\/sites\\\/78\\\/2025\\\/02\\\/TJT23_EvyVanNispen_LR-383-1024x683.jpg 1024w, https:\\\/\\\/tjt.travelblox.eu\\\/wp-content\\\/uploads\\\/sites\\\/78\\\/2025\\\/02\\\/TJT23_EvyVanNispen_LR-383-1536x1024.jpg 1536w, https:\\\/\\\/tjt.travelblox.eu\\\/wp-content\\\/uploads\\\/sites\\\/78\\\/2025\\\/02\\\/TJT23_EvyVanNispen_LR-383-2048x1366.jpg 2048w, https:\\\/\\\/tjt.travelblox.eu\\\/wp-content\\\/uploads\\\/sites\\\/78\\\/2025\\\/02\\\/TJT23_EvyVanNispen_LR-383-18x12.jpg 18w&quot;}\">\t\t\t\t\t\t\t\t\t<\/figure>\n\t\t\t<\/div>\n\t\t<\/div>\n\t\t\t\t\t<\/div>\n\t\t\t\t<div class=\"tb-carousel-nav\">\n\t\t<div class=\"dots\">\n\t\t\t<div class=\"dot active\"><\/div>\n\t\t\t<div class=\"dot\"><\/div>\n\t\t\t<div class=\"dot\"><\/div>\n\t\t<\/div>\n\t\t<div class=\"arrows\">\n\t\t\t<div class=\"prev disabled\">\n\t\t\t\t<span><i class=\"fa fa-chevron-left\"><\/i><\/span>\n\t\t\t<\/div>\n\t\t\t<div class=\"next\">\n\t\t\t\t<span><i class=\"fa fa-chevron-right\"><\/i><\/span>\n\t\t\t<\/div>\n\t\t<\/div>\n\t<\/div>\n\t\t\t<\/div>\n\t<\/div>\n\t\t\t\t\t<\/div>\n\t\t<\/div>\n\t<\/div>\n<\/div>\n\n\n\n<div class=\" tb-textimage2 tb-block align-left background-light pattern-none variant-image_first tb-collapsible-margins\" id=\"Concept\">\n\t<div class=\"inner-block tb-fade-in \">\n\n\t\t\n\t\t\t\t<div class=\"tb-columns\">\n\t\t\t<div class=\"tb-column\">\n\t\t\t\t<div class=\"tb-text-part\">\n\t\t\t\t\t<h2>Wandelen door Jordani\u00eb<\/h2>\n\t\t\t\t\t\t<div class=\"translation-block tb-wysiwyg-part\"><p>Een reis naar Jordani\u00eb is een reis vol eeuwenoude geschiedenis, onge\u00ebvenaarde avonturen en fantastische uitzichten. Jordani\u00eb voelt als het <strong>gastvrije hart van het Midden Oosten<\/strong>: een land waar indrukwekkende bergen en enorme valleien al eeuwenlang verhalen dragen. Niets is veraf, maar de <strong>woestijn en sterrenhemel voelen eindeloos<\/strong>.<\/p>\n<p><strong data-start=\"336\" data-end=\"352\">The Jordan Trail<\/strong> werd door National Geographic uitgeroepen tot <strong>\u00e9\u00e9n van de must do wandeltochten ter wereld.<\/strong> Je wandelt een stuk van deze legendarische karavaanroute langs gebergten, canyons, oases en uitgestrekte woestijnen. Tijdens onze <strong>5 daagse tocht<\/strong> leg je elke dag 14 tot 18 kilometer af en overnacht je midden in de natuur, van de ene Nabateaanse campspot naar de andere, met onderweg de <strong>warme gastvrijheid van de Bedoe\u00efenen<\/strong>.<\/p><\/div>\n\t\t\t\t\t\t\t\t\t\t\t<div class=\"tb-buttons-part\">\n\t\t\t\t\t\t\t\t<a href=\"#join\"  target=\"\" class=\"tb-button\">\n\t\t\tPrijzen en beschikbaarheden\t\t<\/a>\n\t\t\t\t\t\t\t\t\t\t<a href=\"#route\"  target=\"\" class=\"tb-buttonlink\">\n\t\t\tOntdek de route\t\t<\/a>\n\t\t\t\t\t\t\t<\/div>\n\t\t\t\t<\/div>\n\t\t\t<\/div>\n\t\t\t<div class=\"tb-column\">\n\t\t\t\t\t\t\t\t\t\t\t\t\t\t\t<div class=\"tb-image-part\">\n\t\t\t\t\t\t\t\t\t<div class=\"inner-block-full-width has-tb-carousel tb-carousel-slider\" >\n\t\t<div class=\"tb-carousel-container\">\n\t\t\t<div class=\"entries tb-cards\" data-slider-first=\"0\">\n\t\t\t\t\t\t\t<div class=\"entry\">\n\t\t\t<div class=\"tb-image-part\">\n\t\t\t\t<figure>\n\t\t\t\t\t<img src='https:\/\/tjt.travelblox.eu\/wp-content\/smush-webp\/sites\/78\/2024\/09\/TJT23_EvyVanNispen_LR-172-768x512.jpg.webp' width='768' height='512' alt='Jordan Trail, Petra' srcset='https:\/\/tjt.travelblox.eu\/wp-content\/smush-webp\/sites\/78\/2024\/09\/TJT23_EvyVanNispen_LR-172-768x512.jpg.webp 768w, https:\/\/tjt.travelblox.eu\/wp-content\/smush-webp\/sites\/78\/2024\/09\/TJT23_EvyVanNispen_LR-172-300x200.jpg.webp 300w, https:\/\/tjt.travelblox.eu\/wp-content\/smush-webp\/sites\/78\/2024\/09\/TJT23_EvyVanNispen_LR-172-1024x683.jpg.webp 1024w, https:\/\/tjt.travelblox.eu\/wp-content\/smush-webp\/sites\/78\/2024\/09\/TJT23_EvyVanNispen_LR-172-1536x1024.jpg.webp 1536w, https:\/\/tjt.travelblox.eu\/wp-content\/smush-webp\/sites\/78\/2024\/09\/TJT23_EvyVanNispen_LR-172-2048x1366.jpg.webp 2048w, https:\/\/tjt.travelblox.eu\/wp-content\/smush-webp\/sites\/78\/2024\/09\/TJT23_EvyVanNispen_LR-172-18x12.jpg.webp 18w' sizes=\"auto, (max-width: 768px) 100vw, 768px\" loading='lazy' decoding='async' data-smush-webp-fallback=\"{&quot;src&quot;:&quot;https:\\\/\\\/tjt.travelblox.eu\\\/wp-content\\\/uploads\\\/sites\\\/78\\\/2024\\\/09\\\/TJT23_EvyVanNispen_LR-172-768x512.jpg&quot;,&quot;srcset&quot;:&quot;https:\\\/\\\/tjt.travelblox.eu\\\/wp-content\\\/uploads\\\/sites\\\/78\\\/2024\\\/09\\\/TJT23_EvyVanNispen_LR-172-768x512.jpg 768w, https:\\\/\\\/tjt.travelblox.eu\\\/wp-content\\\/uploads\\\/sites\\\/78\\\/2024\\\/09\\\/TJT23_EvyVanNispen_LR-172-300x200.jpg 300w, https:\\\/\\\/tjt.travelblox.eu\\\/wp-content\\\/uploads\\\/sites\\\/78\\\/2024\\\/09\\\/TJT23_EvyVanNispen_LR-172-1024x683.jpg 1024w, https:\\\/\\\/tjt.travelblox.eu\\\/wp-content\\\/uploads\\\/sites\\\/78\\\/2024\\\/09\\\/TJT23_EvyVanNispen_LR-172-1536x1024.jpg 1536w, https:\\\/\\\/tjt.travelblox.eu\\\/wp-content\\\/uploads\\\/sites\\\/78\\\/2024\\\/09\\\/TJT23_EvyVanNispen_LR-172-2048x1366.jpg 2048w, https:\\\/\\\/tjt.travelblox.eu\\\/wp-content\\\/uploads\\\/sites\\\/78\\\/2024\\\/09\\\/TJT23_EvyVanNispen_LR-172-18x12.jpg 18w&quot;}\">\t\t\t\t\t\t\t\t\t\t\t\t\t\t\t\t\t\t\t\t\t\t\t\t\t\t<\/figure>\n\t\t\t<\/div>\n\t\t<\/div>\n\t\t\t<div class=\"entry\">\n\t\t\t<div class=\"tb-image-part\">\n\t\t\t\t<figure>\n\t\t\t\t\t<img src='https:\/\/tjt.travelblox.eu\/wp-content\/smush-webp\/sites\/78\/2025\/08\/Blog-verticale-fotos-5-1-768x1195.jpg.webp' width='768' height='1195' alt='Groepsreis naar Jordani\u00eb Gruppenreise Jordanien' srcset='https:\/\/tjt.travelblox.eu\/wp-content\/smush-webp\/sites\/78\/2025\/08\/Blog-verticale-fotos-5-1-768x1195.jpg.webp 768w, https:\/\/tjt.travelblox.eu\/wp-content\/smush-webp\/sites\/78\/2025\/08\/Blog-verticale-fotos-5-1-193x300.jpg.webp 193w, https:\/\/tjt.travelblox.eu\/wp-content\/smush-webp\/sites\/78\/2025\/08\/Blog-verticale-fotos-5-1-658x1024.jpg.webp 658w, https:\/\/tjt.travelblox.eu\/wp-content\/smush-webp\/sites\/78\/2025\/08\/Blog-verticale-fotos-5-1-987x1536.jpg.webp 987w, https:\/\/tjt.travelblox.eu\/wp-content\/smush-webp\/sites\/78\/2025\/08\/Blog-verticale-fotos-5-1-8x12.jpg.webp 8w, https:\/\/tjt.travelblox.eu\/wp-content\/smush-webp\/sites\/78\/2025\/08\/Blog-verticale-fotos-5-1.jpg.webp 1080w' sizes=\"auto, (max-width: 768px) 100vw, 768px\" style='object-position:50% 50%' loading='lazy' decoding='async' data-smush-webp-fallback=\"{&quot;src&quot;:&quot;https:\\\/\\\/tjt.travelblox.eu\\\/wp-content\\\/uploads\\\/sites\\\/78\\\/2025\\\/08\\\/Blog-verticale-fotos-5-1-768x1195.jpg&quot;,&quot;srcset&quot;:&quot;https:\\\/\\\/tjt.travelblox.eu\\\/wp-content\\\/uploads\\\/sites\\\/78\\\/2025\\\/08\\\/Blog-verticale-fotos-5-1-768x1195.jpg 768w, https:\\\/\\\/tjt.travelblox.eu\\\/wp-content\\\/uploads\\\/sites\\\/78\\\/2025\\\/08\\\/Blog-verticale-fotos-5-1-193x300.jpg 193w, https:\\\/\\\/tjt.travelblox.eu\\\/wp-content\\\/uploads\\\/sites\\\/78\\\/2025\\\/08\\\/Blog-verticale-fotos-5-1-658x1024.jpg 658w, https:\\\/\\\/tjt.travelblox.eu\\\/wp-content\\\/uploads\\\/sites\\\/78\\\/2025\\\/08\\\/Blog-verticale-fotos-5-1-987x1536.jpg 987w, https:\\\/\\\/tjt.travelblox.eu\\\/wp-content\\\/uploads\\\/sites\\\/78\\\/2025\\\/08\\\/Blog-verticale-fotos-5-1-8x12.jpg 8w, https:\\\/\\\/tjt.travelblox.eu\\\/wp-content\\\/uploads\\\/sites\\\/78\\\/2025\\\/08\\\/Blog-verticale-fotos-5-1.jpg 1080w&quot;}\">\t\t\t\t\t\t\t\t\t\t\t\t\t\t\t\t\t\t\t\t\t\t\t\t\t\t<\/figure>\n\t\t\t<\/div>\n\t\t<\/div>\n\t\t\t<div class=\"entry\">\n\t\t\t<div class=\"tb-image-part\">\n\t\t\t\t<figure>\n\t\t\t\t\t<img src='https:\/\/tjt.travelblox.eu\/wp-content\/smush-webp\/sites\/78\/2024\/01\/JORDANTRAIL-209-768x513.jpg.webp' width='768' height='513' alt='Jordan Trail, Petra' srcset='https:\/\/tjt.travelblox.eu\/wp-content\/smush-webp\/sites\/78\/2024\/01\/JORDANTRAIL-209-768x513.jpg.webp 768w, https:\/\/tjt.travelblox.eu\/wp-content\/smush-webp\/sites\/78\/2024\/01\/JORDANTRAIL-209-300x200.jpg.webp 300w, https:\/\/tjt.travelblox.eu\/wp-content\/smush-webp\/sites\/78\/2024\/01\/JORDANTRAIL-209-1024x684.jpg.webp 1024w, https:\/\/tjt.travelblox.eu\/wp-content\/smush-webp\/sites\/78\/2024\/01\/JORDANTRAIL-209-1536x1025.jpg.webp 1536w, https:\/\/tjt.travelblox.eu\/wp-content\/smush-webp\/sites\/78\/2024\/01\/JORDANTRAIL-209-2048x1367.jpg.webp 2048w, https:\/\/tjt.travelblox.eu\/wp-content\/smush-webp\/sites\/78\/2024\/01\/JORDANTRAIL-209-18x12.jpg.webp 18w, https:\/\/tjt.travelblox.eu\/wp-content\/smush-webp\/sites\/78\/2024\/01\/JORDANTRAIL-209-scaled-e1705659460731.jpg.webp 800w' sizes=\"auto, (max-width: 768px) 100vw, 768px\" loading='lazy' decoding='async' data-smush-webp-fallback=\"{&quot;src&quot;:&quot;https:\\\/\\\/tjt.travelblox.eu\\\/wp-content\\\/uploads\\\/sites\\\/78\\\/2024\\\/01\\\/JORDANTRAIL-209-768x513.jpg&quot;,&quot;srcset&quot;:&quot;https:\\\/\\\/tjt.travelblox.eu\\\/wp-content\\\/uploads\\\/sites\\\/78\\\/2024\\\/01\\\/JORDANTRAIL-209-768x513.jpg 768w, https:\\\/\\\/tjt.travelblox.eu\\\/wp-content\\\/uploads\\\/sites\\\/78\\\/2024\\\/01\\\/JORDANTRAIL-209-300x200.jpg 300w, https:\\\/\\\/tjt.travelblox.eu\\\/wp-content\\\/uploads\\\/sites\\\/78\\\/2024\\\/01\\\/JORDANTRAIL-209-1024x684.jpg 1024w, https:\\\/\\\/tjt.travelblox.eu\\\/wp-content\\\/uploads\\\/sites\\\/78\\\/2024\\\/01\\\/JORDANTRAIL-209-1536x1025.jpg 1536w, https:\\\/\\\/tjt.travelblox.eu\\\/wp-content\\\/uploads\\\/sites\\\/78\\\/2024\\\/01\\\/JORDANTRAIL-209-2048x1367.jpg 2048w, https:\\\/\\\/tjt.travelblox.eu\\\/wp-content\\\/uploads\\\/sites\\\/78\\\/2024\\\/01\\\/JORDANTRAIL-209-18x12.jpg 18w, https:\\\/\\\/tjt.travelblox.eu\\\/wp-content\\\/uploads\\\/sites\\\/78\\\/2024\\\/01\\\/JORDANTRAIL-209-scaled-e1705659460731.jpg 800w&quot;}\">\t\t\t\t\t\t\t\t\t\t\t\t\t\t\t\t\t\t\t\t\t\t\t\t\t\t<\/figure>\n\t\t\t<\/div>\n\t\t<\/div>\n\t\t\t\t\t<\/div>\n\t\t\t\t<div class=\"tb-carousel-nav\">\n\t\t<div class=\"dots\">\n\t\t\t<div class=\"dot active\"><\/div>\n\t\t\t<div class=\"dot\"><\/div>\n\t\t\t<div class=\"dot\"><\/div>\n\t\t<\/div>\n\t\t<div class=\"arrows\">\n\t\t\t<div class=\"prev disabled\">\n\t\t\t\t<span><i class=\"fa fa-chevron-left\"><\/i><\/span>\n\t\t\t<\/div>\n\t\t\t<div class=\"next\">\n\t\t\t\t<span><i class=\"fa fa-chevron-right\"><\/i><\/span>\n\t\t\t<\/div>\n\t\t<\/div>\n\t<\/div>\n\t\t\t<\/div>\n\t<\/div>\n\t\t\t\t\t\t\t\t<\/div>\n\t\t\t\t\t\t\t\t\t\t\t\t<\/div>\n\t\t<\/div>\n\t<\/div>\n<\/div>\n\n\n<div class=\" tb-dayschedule tb-block align-center background-dark pattern-none variant-none tb-collapsible-margins\" id=\"route\">\n\n\t<div class=\"inner-block tb-fade-in tb-fade-in--subtle\">\n\t\t<div class=\"text-part\">\n\t\t\t<h2>Weekschema van the jordan trail<\/h2>\n\t\t\t\t<div class=\"translation-block\"><p>In \u00e9\u00e9n week tijd wandel je <strong>over de meest indrukwekkende en afgelegen paden van Jordani\u00eb<\/strong>. Je ontdekt de bedoe\u00efenen cultuur, Midden-Oosterse gastvrijheid en prachtige gebergtes. Afhankelijk van de weersomstandigheden kunnen routes en afstanden tijdens het seizoen wijzigen.<\/p><\/div>\n\t\t\t\t\t\t\t\t\t\t\t\t\t<\/div>\n\t<\/div>\n\t\t\t<div class=\"tb-sections\">\n\t\t\t\t\t\t\t\t\t\t\t\t\t<div class=\"inner-block-full-width has-tb-carousel tb-section\" id=\"route-section-0\">\n\t\t<div class=\"tb-carousel-container\">\n\t\t\t<div class=\"entries tb-cards\" data-slider-first=\"1\">\n\t\t\t\t\t\t\t\t\t\t\t\t\t\t\t<div class=\"tb-card entry tb-popup-trigger tb-unfold-on-hover\">\n\t\t\t\t\t\t\t<div class=\"tb-image-part\">\n\t\t\t\t\t\t\t\t<div class=\"tag\">\n\t\t\t\t\t\t\t\t\t<div>Dag 1<\/div>\n\t\t\t\t\t\t\t\t<\/div>\n\n\t\t\t\t\t\t\t\t<img src='https:\/\/tjt.travelblox.eu\/wp-content\/smush-webp\/sites\/78\/2024\/01\/theJordanTrail-7448-scaled-e1705666560909-768x998.jpg.webp' width='768' height='998' alt='Amman Jordani\u00eb' srcset='https:\/\/tjt.travelblox.eu\/wp-content\/smush-webp\/sites\/78\/2024\/01\/theJordanTrail-7448-scaled-e1705666560909-768x998.jpg.webp 768w, https:\/\/tjt.travelblox.eu\/wp-content\/smush-webp\/sites\/78\/2024\/01\/theJordanTrail-7448-scaled-e1705666560909-231x300.jpg.webp 231w, https:\/\/tjt.travelblox.eu\/wp-content\/smush-webp\/sites\/78\/2024\/01\/theJordanTrail-7448-scaled-e1705666560909-788x1024.jpg.webp 788w, https:\/\/tjt.travelblox.eu\/wp-content\/smush-webp\/sites\/78\/2024\/01\/theJordanTrail-7448-scaled-e1705666560909-9x12.jpg.webp 9w, https:\/\/tjt.travelblox.eu\/wp-content\/smush-webp\/sites\/78\/2024\/01\/theJordanTrail-7448-scaled-e1705666560909.jpg.webp 798w' sizes=\"auto, (max-width: 768px) 100vw, 768px\" loading='lazy' decoding='async' data-smush-webp-fallback=\"{&quot;src&quot;:&quot;https:\\\/\\\/tjt.travelblox.eu\\\/wp-content\\\/uploads\\\/sites\\\/78\\\/2024\\\/01\\\/theJordanTrail-7448-scaled-e1705666560909-768x998.jpg&quot;,&quot;srcset&quot;:&quot;https:\\\/\\\/tjt.travelblox.eu\\\/wp-content\\\/uploads\\\/sites\\\/78\\\/2024\\\/01\\\/theJordanTrail-7448-scaled-e1705666560909-768x998.jpg 768w, https:\\\/\\\/tjt.travelblox.eu\\\/wp-content\\\/uploads\\\/sites\\\/78\\\/2024\\\/01\\\/theJordanTrail-7448-scaled-e1705666560909-231x300.jpg 231w, https:\\\/\\\/tjt.travelblox.eu\\\/wp-content\\\/uploads\\\/sites\\\/78\\\/2024\\\/01\\\/theJordanTrail-7448-scaled-e1705666560909-788x1024.jpg 788w, https:\\\/\\\/tjt.travelblox.eu\\\/wp-content\\\/uploads\\\/sites\\\/78\\\/2024\\\/01\\\/theJordanTrail-7448-scaled-e1705666560909-9x12.jpg 9w, https:\\\/\\\/tjt.travelblox.eu\\\/wp-content\\\/uploads\\\/sites\\\/78\\\/2024\\\/01\\\/theJordanTrail-7448-scaled-e1705666560909.jpg 798w&quot;}\">\t\t\t\t\t\t\t<\/div>\n\t\t\t\t\t\t\t<div class=\"tb-card-bottom-wrapper\">\n\t\t\t\t\t\t\t\t<div class=\"tb-card-bottom\">\n\n\t\t\t\t\t\t\t\t\t<span class=\"tb-card-bottom__title\">\n\t\t\t\t\t\t\t\t\t\t<span class=\"tb-card-bottom__place\">\n\t\t\t\t\t\t\t\t\t\t\tThuis\t\t\t\t\t\t\t\t\t\t\t\t\t\t\t\t\t\t\t\t\t\t\t&#8211; Amman\t\t\t\t\t\t\t\t\t\t\t\t\t\t\t\t\t\t\t\t\t<\/span>\n\n\t\t\t\t\t\t\t\t\t<\/span>\n\t\t\t\t\t\t\t\t\t<div class=\"tb-card-bottom__content\">\n\t\t\t\t\t\t\t\t\t\t<div>\n\t\t\t\t\t\t\t\t\t\t\t\t\t\t\t\t\t\t\t\t\t\t\t\t\t\t\t<i class=\"icon fa-solid fa-bed fa-fw\" aria-hidden=\"true\"><\/i>\n\t\t\t  \t\t\t\t\t\t\t\t\t\t\t\t\t\t\t\t\t\t\t\t\t<\/div>\n\t\t\t\t\t\t\t\t\t<\/div>\n\t\t\t\t\t\t\t\t\t<div class=\"tb-card-bottom__teaser tb-unfold-on-hover__content\" data-no-translation>\n\t\t\t\t\t\t\t\t\t\t\t\t\t\t\t\t\t\t\t\t\t\t\t\t\t\t\t\t\t\tJe komt aan op de luchthaven van Amman. Reis je met onze shuttle (inbegrepen wanneer je je vlucht vi&#8230; <span class=\"link\">Lees meer<\/span>\t\t\t\t\t\t\t\t\t<\/div>\n\t\t\t\t\t\t\t\t<\/div>\n\n\t\t\t\t\t\t\t<\/div>\n\t\t\t\t\t\t\t<dialog class=\"tb-popup tb-popup-with-padding tb-dayschedule-popup-wrapper\">\n\t\t\t\t\t\t\t\t<div class=\"tb-dayschedule-popup\">\n\t\t\t\t\t\t\t\t\t<h4>\n\t\t\t\t\t\t\t\t\t\t\t\t\t\t\t\t\t\t\t\t\t\t\t\t\t\t\t\t\t\t\t<div>\n\t\t\t\t\t\t\t\t\t\t\t\t\t\t\t\t\t\t\t\t\t\t\t\t\tThuis\t\t\t\t\t\t\t\t\t\t\t\t\t\t\t\t\t\t\t\t\t\t\t\t\t\t\t\t\t\t\t\t\t\t\t\t\t\t\t\t\t\t\t\t\t\t\t\t\t\t\t<i class=\"icon fa-solid fa-arrow-right\"><\/i> Amman\t\t\t\t\t\t\t\t\t\t\t\t\t\t\t\t\t\t\t\t\t\t\t\t\t\t\t\t\t\t\t\t\t\t\t\t<\/div>\n\t\t\t\t\t\t\t\t\t\t\t\t\t\t\t\t\t\t\t<\/h4>\n\t\t\t\t\t\t\t\t\t<div class=\"tb-columns\">\n\t\t\t\t\t\t\t\t\t\t<div class=\"tb-column tb-column--text\">\n\t\t\t\t\t\t\t\t\t\t\t<div class=\"text-part\">\n\t\t\t\t\t\t\t\t\t\t\t\t\t\t\t\t\t\t\t\t\t\t\t\t\t<div class=\"tb-dayschedule-popup__icons\">\n\t\t\t\t\t\t\t\t\t\t\t\t\t\t\t\t\t\t\t\t\t\t\t\t\t\t\t\t\t\t\t\t\t\t\t\t\t\t\t\t\t\t\t<div class=\"tb-dayschedule-popup__icon\">\n\t\t\t\t\t\t\t\t\t\t\t\t\t\t\t\t\t\t\t\t<i class=\"icon fa-solid fa-bed fa-fw\" aria-hidden=\"true\"><\/i>\n\t\t\t\t\t\t\t\t\t\t\t\t\t\t\t\t\t\t\t<span>\n\t\t\t\t\t\t\t\t\t\t\t\t\t\t\t\t\t \t\t\t\t\t\t\t\t\t\t\t\t\t\t\t\t<\/span>\n\t\t\t\t\t\t\t\t\t\t\t\t\t\t\t<\/div>\n\t\t\t\t\t\t\t\t\t\t\t\t\t\t\t\t\t\t\t\t\t\t\t\t\t\t\t<\/div>\n\t\t\t\t\t\t\t\t\t\t\t\t\n\t\t\t\t\t\t\t\t\t\t\t\t\n\t\t\t\t\t\t\t\t\t\t\t\t<div>\n\t\t\t\t\t\t\t\t\t\t\t\t\t<strong>Dag 1<\/strong>\n\t\t\t\t\t\t\t\t\t\t\t\t\t\t<div class=\"translation-block\"><p>Je komt aan op de <strong>luchthaven van Amman<\/strong>. Reis je met onze shuttle (inbegrepen wanneer je je vlucht via ons boekt), dan wachten onze gidsen je op bij de aankomsthal. Samen rijden we vervolgens naar het <strong>hotel in Madaba<\/strong>. Tijd om even uit te rusten, want de volgende ochtend vertrekken we vroeg richting het startpunt van de trail!<\/p><\/div>\n\t\t\t\t\t\t\t\t\t\t\t\t\t<\/div>\n\n\n\t\t\t\t\t\t\t\t\t\t\t<\/div>\n\t\t\t\t\t\t\t\t\t\t<\/div>\n\t\t\t\t\t\t\t\t\t\t<div class=\"tb-column tb-column--image\">\n\n\t\t\t\t\t\t\t\t\t\t\t<div class=\"tb-image-part\">\n\t\t\t\t\t\t\t\t\t\t\t\t<img src='https:\/\/tjt.travelblox.eu\/wp-content\/smush-webp\/sites\/78\/2024\/01\/theJordanTrail-7448-scaled-e1705666560909-788x1024.jpg.webp' width='788' height='1024' alt='Amman Jordani\u00eb' srcset='https:\/\/tjt.travelblox.eu\/wp-content\/smush-webp\/sites\/78\/2024\/01\/theJordanTrail-7448-scaled-e1705666560909-788x1024.jpg.webp 788w, https:\/\/tjt.travelblox.eu\/wp-content\/smush-webp\/sites\/78\/2024\/01\/theJordanTrail-7448-scaled-e1705666560909-231x300.jpg.webp 231w, https:\/\/tjt.travelblox.eu\/wp-content\/smush-webp\/sites\/78\/2024\/01\/theJordanTrail-7448-scaled-e1705666560909-768x998.jpg.webp 768w, https:\/\/tjt.travelblox.eu\/wp-content\/smush-webp\/sites\/78\/2024\/01\/theJordanTrail-7448-scaled-e1705666560909-9x12.jpg.webp 9w, https:\/\/tjt.travelblox.eu\/wp-content\/smush-webp\/sites\/78\/2024\/01\/theJordanTrail-7448-scaled-e1705666560909.jpg.webp 798w' sizes=\"auto, (max-width: 788px) 100vw, 788px\" loading='lazy' decoding='async' data-smush-webp-fallback=\"{&quot;src&quot;:&quot;https:\\\/\\\/tjt.travelblox.eu\\\/wp-content\\\/uploads\\\/sites\\\/78\\\/2024\\\/01\\\/theJordanTrail-7448-scaled-e1705666560909-788x1024.jpg&quot;,&quot;srcset&quot;:&quot;https:\\\/\\\/tjt.travelblox.eu\\\/wp-content\\\/uploads\\\/sites\\\/78\\\/2024\\\/01\\\/theJordanTrail-7448-scaled-e1705666560909-788x1024.jpg 788w, https:\\\/\\\/tjt.travelblox.eu\\\/wp-content\\\/uploads\\\/sites\\\/78\\\/2024\\\/01\\\/theJordanTrail-7448-scaled-e1705666560909-231x300.jpg 231w, https:\\\/\\\/tjt.travelblox.eu\\\/wp-content\\\/uploads\\\/sites\\\/78\\\/2024\\\/01\\\/theJordanTrail-7448-scaled-e1705666560909-768x998.jpg 768w, https:\\\/\\\/tjt.travelblox.eu\\\/wp-content\\\/uploads\\\/sites\\\/78\\\/2024\\\/01\\\/theJordanTrail-7448-scaled-e1705666560909-9x12.jpg 9w, https:\\\/\\\/tjt.travelblox.eu\\\/wp-content\\\/uploads\\\/sites\\\/78\\\/2024\\\/01\\\/theJordanTrail-7448-scaled-e1705666560909.jpg 798w&quot;}\">\t\t\t\t\t\t\t\t\t\t\t<\/div>\n\t\t\t\t\t\t\t\t\t\t<\/div>\n\t\t\t\t\t\t\t\t\t<\/div>\n\t\t\t\t\t\t\t\t\t\t<div class=\"tb-popup-nav\">\n\t\t<a href=\"#\" class=\"tb-buttonlink-with-icon tb-buttonlink-with-arrow icon-first tb-popup-previous\">\n\t\t\t<i class=\"icon fa fa-chevron-left\"><\/i>\n\t\t\t<span>Vorige dag<\/span>\n\t\t<\/a>\n\t\t<a href=\"#\" class=\"tb-buttonlink-with-icon tb-buttonlink-with-arrow tb-popup-next\">\n\t\t\t<span>Volgende dag<\/span>\n\t\t\t<i class=\"icon fa fa-chevron-right\"><\/i>\n\t\t<\/a>\n\t<\/div>\n\t\n\t\t\t\t\t\t\t\t<\/div>\n\t\t\t\t\t\t\t<\/dialog>\n\t\t\t\t\t\t<\/div>\n\t\t\t\t\t\t\t\t\t\t\t<div class=\"tb-card entry tb-popup-trigger tb-unfold-on-hover\">\n\t\t\t\t\t\t\t<div class=\"tb-image-part\">\n\t\t\t\t\t\t\t\t<div class=\"tag\">\n\t\t\t\t\t\t\t\t\t<div>Dag 2<\/div>\n\t\t\t\t\t\t\t\t<\/div>\n\n\t\t\t\t\t\t\t\t<img src='https:\/\/tjt.travelblox.eu\/wp-content\/smush-webp\/sites\/78\/2024\/09\/TJT23_EvyVanNispen_LR-89-min-768x512.jpg.webp' width='768' height='512' alt='Jordan Trail, Petra' srcset='https:\/\/tjt.travelblox.eu\/wp-content\/smush-webp\/sites\/78\/2024\/09\/TJT23_EvyVanNispen_LR-89-min-768x512.jpg.webp 768w, https:\/\/tjt.travelblox.eu\/wp-content\/smush-webp\/sites\/78\/2024\/09\/TJT23_EvyVanNispen_LR-89-min-300x200.jpg.webp 300w, https:\/\/tjt.travelblox.eu\/wp-content\/smush-webp\/sites\/78\/2024\/09\/TJT23_EvyVanNispen_LR-89-min-1024x683.jpg.webp 1024w, https:\/\/tjt.travelblox.eu\/wp-content\/smush-webp\/sites\/78\/2024\/09\/TJT23_EvyVanNispen_LR-89-min-1536x1024.jpg.webp 1536w, https:\/\/tjt.travelblox.eu\/wp-content\/smush-webp\/sites\/78\/2024\/09\/TJT23_EvyVanNispen_LR-89-min-2048x1366.jpg.webp 2048w, https:\/\/tjt.travelblox.eu\/wp-content\/smush-webp\/sites\/78\/2024\/09\/TJT23_EvyVanNispen_LR-89-min-18x12.jpg.webp 18w' sizes=\"auto, (max-width: 768px) 100vw, 768px\" loading='lazy' decoding='async' data-smush-webp-fallback=\"{&quot;src&quot;:&quot;https:\\\/\\\/tjt.travelblox.eu\\\/wp-content\\\/uploads\\\/sites\\\/78\\\/2024\\\/09\\\/TJT23_EvyVanNispen_LR-89-min-768x512.jpg&quot;,&quot;srcset&quot;:&quot;https:\\\/\\\/tjt.travelblox.eu\\\/wp-content\\\/uploads\\\/sites\\\/78\\\/2024\\\/09\\\/TJT23_EvyVanNispen_LR-89-min-768x512.jpg 768w, https:\\\/\\\/tjt.travelblox.eu\\\/wp-content\\\/uploads\\\/sites\\\/78\\\/2024\\\/09\\\/TJT23_EvyVanNispen_LR-89-min-300x200.jpg 300w, https:\\\/\\\/tjt.travelblox.eu\\\/wp-content\\\/uploads\\\/sites\\\/78\\\/2024\\\/09\\\/TJT23_EvyVanNispen_LR-89-min-1024x683.jpg 1024w, https:\\\/\\\/tjt.travelblox.eu\\\/wp-content\\\/uploads\\\/sites\\\/78\\\/2024\\\/09\\\/TJT23_EvyVanNispen_LR-89-min-1536x1024.jpg 1536w, https:\\\/\\\/tjt.travelblox.eu\\\/wp-content\\\/uploads\\\/sites\\\/78\\\/2024\\\/09\\\/TJT23_EvyVanNispen_LR-89-min-2048x1366.jpg 2048w, https:\\\/\\\/tjt.travelblox.eu\\\/wp-content\\\/uploads\\\/sites\\\/78\\\/2024\\\/09\\\/TJT23_EvyVanNispen_LR-89-min-18x12.jpg 18w&quot;}\">\t\t\t\t\t\t\t<\/div>\n\t\t\t\t\t\t\t<div class=\"tb-card-bottom-wrapper\">\n\t\t\t\t\t\t\t\t<div class=\"tb-card-bottom\">\n\n\t\t\t\t\t\t\t\t\t<span class=\"tb-card-bottom__title\">\n\t\t\t\t\t\t\t\t\t\t<span class=\"tb-card-bottom__place\">\n\t\t\t\t\t\t\t\t\t\t\tAmman\t\t\t\t\t\t\t\t\t\t\t\t\t\t\t\t\t\t\t\t\t\t\t&#8211; Wadi Feynan\t\t\t\t\t\t\t\t\t\t\t\t\t\t\t\t\t\t\t\t\t<\/span>\n\n\t\t\t\t\t\t\t\t\t<\/span>\n\t\t\t\t\t\t\t\t\t<div class=\"tb-card-bottom__content\">\n\t\t\t\t\t\t\t\t\t\t<div>\n\t\t\t\t\t\t\t\t\t\t\t\t\t\t\t\t\t\t\t\t\t\t\t\t\t\t\t<i class=\"icon fa-solid fa-tent fa-fw\" aria-hidden=\"true\"><\/i>\n\t\t\t 17 km\t\t\t\t\t\t\t\t\t\t\t\t\t\t\t\t\t\t\t\t\t<\/div>\n\t\t\t\t\t\t\t\t\t<\/div>\n\t\t\t\t\t\t\t\t\t<div class=\"tb-card-bottom__teaser tb-unfold-on-hover__content\" data-no-translation>\n\t\t\t\t\t\t\t\t\t\t\t\t\t\t\t\t\t\t\t\t\t\t\t\t\t\t\t\t\t\tDeze ochtend brengt de bus je vanuit het hotel naar het startpunt van de trail in Shobak. Van daarui&#8230; <span class=\"link\">Lees meer<\/span>\t\t\t\t\t\t\t\t\t<\/div>\n\t\t\t\t\t\t\t\t<\/div>\n\n\t\t\t\t\t\t\t<\/div>\n\t\t\t\t\t\t\t<dialog class=\"tb-popup tb-popup-with-padding tb-dayschedule-popup-wrapper\">\n\t\t\t\t\t\t\t\t<div class=\"tb-dayschedule-popup\">\n\t\t\t\t\t\t\t\t\t<h4>\n\t\t\t\t\t\t\t\t\t\t\t\t\t\t\t\t\t\t\t\t\t\t\t\t\t\t\t\t\t\t\t<div>\n\t\t\t\t\t\t\t\t\t\t\t\t\t\t\t\t\t\t\t\t\t\t\t\t\tAmman\t\t\t\t\t\t\t\t\t\t\t\t\t\t\t\t\t\t\t\t\t\t\t\t\t\t\t\t\t\t\t\t\t\t\t\t\t\t\t\t\t\t\t\t\t\t\t\t\t\t\t<i class=\"icon fa-solid fa-arrow-right\"><\/i> Wadi Feynan\t\t\t\t\t\t\t\t\t\t\t\t\t\t\t\t\t\t\t\t\t\t\t\t\t\t\t\t\t\t\t\t\t\t\t\t<\/div>\n\t\t\t\t\t\t\t\t\t\t\t\t\t\t\t\t\t\t\t<\/h4>\n\t\t\t\t\t\t\t\t\t<div class=\"tb-columns\">\n\t\t\t\t\t\t\t\t\t\t<div class=\"tb-column tb-column--text\">\n\t\t\t\t\t\t\t\t\t\t\t<div class=\"text-part\">\n\t\t\t\t\t\t\t\t\t\t\t\t\t\t\t\t\t\t\t\t\t\t\t\t\t<div class=\"tb-dayschedule-popup__icons\">\n\t\t\t\t\t\t\t\t\t\t\t\t\t\t\t\t\t\t\t\t\t\t\t\t\t\t\t\t\t\t\t\t\t\t\t\t\t\t\t\t\t\t\t<div class=\"tb-dayschedule-popup__icon\">\n\t\t\t\t\t\t\t\t\t\t\t\t\t\t\t\t\t\t\t\t<i class=\"icon fa-solid fa-tent fa-fw\" aria-hidden=\"true\"><\/i>\n\t\t\t\t\t\t\t\t\t\t\t\t\t\t\t\t\t\t\t<span>\n\t\t\t\t\t\t\t\t\t\t\t\t\t\t\t\t\t17 km\t\t\t\t\t\t\t\t\t\t\t\t\t\t\t\t<\/span>\n\t\t\t\t\t\t\t\t\t\t\t\t\t\t\t<\/div>\n\t\t\t\t\t\t\t\t\t\t\t\t\t\t\t\t\t\t\t\t\t\t\t\t\t\t\t<\/div>\n\t\t\t\t\t\t\t\t\t\t\t\t\n\t\t\t\t\t\t\t\t\t\t\t\t\n\t\t\t\t\t\t\t\t\t\t\t\t<div>\n\t\t\t\t\t\t\t\t\t\t\t\t\t<strong>Dag 2<\/strong>\n\t\t\t\t\t\t\t\t\t\t\t\t\t\t<div class=\"translation-block\"><p>Deze ochtend brengt de bus je vanuit het hotel naar het startpunt van de trail in Shobak. Van daaruit dalen we af in de <strong>indrukwekkende Wadi Gwher<\/strong>. Het pad voert je door een <strong>kleurrijke canyon<\/strong> waar je regelmatig over rotsen klautert en door het water waadt, een avontuurlijke start van de week! Stevige watersandalen of oude sportschoenen komen hier goed van pas.<\/p>\n<p>Langs de trail zal je <strong>olijfbomen, wilde kruiden en groene vegetatie<\/strong> zien. Eenmaal uit de vallei vind je jezelf terug op de rand van de woestijn. Daar slaan we ons eerste kamp op, midden in de natuur.<\/p>\n<ul>\n<li>Afstand: 17 km<\/li>\n<li>Stijgen: \/<\/li>\n<li>Dalen: 800 m<\/li>\n<\/ul><\/div>\n\t\t\t\t\t\t\t\t\t\t\t\t\t<\/div>\n\n\n\t\t\t\t\t\t\t\t\t\t\t<\/div>\n\t\t\t\t\t\t\t\t\t\t<\/div>\n\t\t\t\t\t\t\t\t\t\t<div class=\"tb-column tb-column--image\">\n\n\t\t\t\t\t\t\t\t\t\t\t<div class=\"tb-image-part\">\n\t\t\t\t\t\t\t\t\t\t\t\t\t\t<div class=\"inner-block-full-width has-tb-carousel tb-carousel-slider\" >\n\t\t<div class=\"tb-carousel-container\">\n\t\t\t<div class=\"entries tb-cards\" data-slider-first=\"0\">\n\t\t\t\t\t\t\t<div class=\"entry\">\n\t\t\t<div class=\"tb-image-part\">\n\t\t\t\t<figure>\n\t\t\t\t\t<img src='https:\/\/tjt.travelblox.eu\/wp-content\/smush-webp\/sites\/78\/2024\/09\/TJT23_EvyVanNispen_LR-89-min-1024x683.jpg.webp' width='1024' height='683' alt='Jordan Trail, Petra' srcset='https:\/\/tjt.travelblox.eu\/wp-content\/smush-webp\/sites\/78\/2024\/09\/TJT23_EvyVanNispen_LR-89-min-1024x683.jpg.webp 1024w, https:\/\/tjt.travelblox.eu\/wp-content\/smush-webp\/sites\/78\/2024\/09\/TJT23_EvyVanNispen_LR-89-min-300x200.jpg.webp 300w, https:\/\/tjt.travelblox.eu\/wp-content\/smush-webp\/sites\/78\/2024\/09\/TJT23_EvyVanNispen_LR-89-min-768x512.jpg.webp 768w, https:\/\/tjt.travelblox.eu\/wp-content\/smush-webp\/sites\/78\/2024\/09\/TJT23_EvyVanNispen_LR-89-min-1536x1024.jpg.webp 1536w, https:\/\/tjt.travelblox.eu\/wp-content\/smush-webp\/sites\/78\/2024\/09\/TJT23_EvyVanNispen_LR-89-min-2048x1366.jpg.webp 2048w, https:\/\/tjt.travelblox.eu\/wp-content\/smush-webp\/sites\/78\/2024\/09\/TJT23_EvyVanNispen_LR-89-min-18x12.jpg.webp 18w' sizes=\"auto, (max-width: 1024px) 100vw, 1024px\" loading='lazy' decoding='async' data-smush-webp-fallback=\"{&quot;src&quot;:&quot;https:\\\/\\\/tjt.travelblox.eu\\\/wp-content\\\/uploads\\\/sites\\\/78\\\/2024\\\/09\\\/TJT23_EvyVanNispen_LR-89-min-1024x683.jpg&quot;,&quot;srcset&quot;:&quot;https:\\\/\\\/tjt.travelblox.eu\\\/wp-content\\\/uploads\\\/sites\\\/78\\\/2024\\\/09\\\/TJT23_EvyVanNispen_LR-89-min-1024x683.jpg 1024w, https:\\\/\\\/tjt.travelblox.eu\\\/wp-content\\\/uploads\\\/sites\\\/78\\\/2024\\\/09\\\/TJT23_EvyVanNispen_LR-89-min-300x200.jpg 300w, https:\\\/\\\/tjt.travelblox.eu\\\/wp-content\\\/uploads\\\/sites\\\/78\\\/2024\\\/09\\\/TJT23_EvyVanNispen_LR-89-min-768x512.jpg 768w, https:\\\/\\\/tjt.travelblox.eu\\\/wp-content\\\/uploads\\\/sites\\\/78\\\/2024\\\/09\\\/TJT23_EvyVanNispen_LR-89-min-1536x1024.jpg 1536w, https:\\\/\\\/tjt.travelblox.eu\\\/wp-content\\\/uploads\\\/sites\\\/78\\\/2024\\\/09\\\/TJT23_EvyVanNispen_LR-89-min-2048x1366.jpg 2048w, https:\\\/\\\/tjt.travelblox.eu\\\/wp-content\\\/uploads\\\/sites\\\/78\\\/2024\\\/09\\\/TJT23_EvyVanNispen_LR-89-min-18x12.jpg 18w&quot;}\">\t\t\t\t\t\t\t\t\t<\/figure>\n\t\t\t<\/div>\n\t\t<\/div>\n\t\t\t<div class=\"entry\">\n\t\t\t<div class=\"tb-image-part\">\n\t\t\t\t<figure>\n\t\t\t\t\t<img src='https:\/\/tjt.travelblox.eu\/wp-content\/smush-webp\/sites\/78\/2024\/01\/TJT23_EvyVanNispen_LR-112-683x1024.jpg.webp' width='683' height='1024' alt='Jordan Trail, Petra, Wadi Feynan' srcset='https:\/\/tjt.travelblox.eu\/wp-content\/smush-webp\/sites\/78\/2024\/01\/TJT23_EvyVanNispen_LR-112-683x1024.jpg.webp 683w, https:\/\/tjt.travelblox.eu\/wp-content\/smush-webp\/sites\/78\/2024\/01\/TJT23_EvyVanNispen_LR-112-1024x1536.jpg.webp 1024w, https:\/\/tjt.travelblox.eu\/wp-content\/smush-webp\/sites\/78\/2024\/01\/TJT23_EvyVanNispen_LR-112-1366x2048.jpg.webp 1366w' sizes=\"auto, (max-width: 683px) 100vw, 683px\" loading='lazy' decoding='async' data-smush-webp-fallback=\"{&quot;src&quot;:&quot;https:\\\/\\\/tjt.travelblox.eu\\\/wp-content\\\/uploads\\\/sites\\\/78\\\/2024\\\/01\\\/TJT23_EvyVanNispen_LR-112-683x1024.jpg&quot;,&quot;srcset&quot;:&quot;https:\\\/\\\/tjt.travelblox.eu\\\/wp-content\\\/uploads\\\/sites\\\/78\\\/2024\\\/01\\\/TJT23_EvyVanNispen_LR-112-683x1024.jpg 683w, https:\\\/\\\/tjt.travelblox.eu\\\/wp-content\\\/uploads\\\/sites\\\/78\\\/2024\\\/01\\\/TJT23_EvyVanNispen_LR-112-1024x1536.jpg 1024w, https:\\\/\\\/tjt.travelblox.eu\\\/wp-content\\\/uploads\\\/sites\\\/78\\\/2024\\\/01\\\/TJT23_EvyVanNispen_LR-112-1366x2048.jpg 1366w&quot;}\">\t\t\t\t\t\t\t\t\t<\/figure>\n\t\t\t<\/div>\n\t\t<\/div>\n\t\t\t<div class=\"entry\">\n\t\t\t<div class=\"tb-image-part\">\n\t\t\t\t<figure>\n\t\t\t\t\t<img src='https:\/\/tjt.travelblox.eu\/wp-content\/smush-webp\/sites\/78\/2024\/09\/TJT23_EvyVanNispen_LR-114-min-1024x683.jpg.webp' width='1024' height='683' alt='Jordan Trail, Petra, Wadi Feynan' srcset='https:\/\/tjt.travelblox.eu\/wp-content\/smush-webp\/sites\/78\/2024\/09\/TJT23_EvyVanNispen_LR-114-min-1024x683.jpg.webp 1024w, https:\/\/tjt.travelblox.eu\/wp-content\/smush-webp\/sites\/78\/2024\/09\/TJT23_EvyVanNispen_LR-114-min-300x200.jpg.webp 300w, https:\/\/tjt.travelblox.eu\/wp-content\/smush-webp\/sites\/78\/2024\/09\/TJT23_EvyVanNispen_LR-114-min-768x512.jpg.webp 768w, https:\/\/tjt.travelblox.eu\/wp-content\/smush-webp\/sites\/78\/2024\/09\/TJT23_EvyVanNispen_LR-114-min-1536x1024.jpg.webp 1536w, https:\/\/tjt.travelblox.eu\/wp-content\/smush-webp\/sites\/78\/2024\/09\/TJT23_EvyVanNispen_LR-114-min-2048x1366.jpg.webp 2048w, https:\/\/tjt.travelblox.eu\/wp-content\/smush-webp\/sites\/78\/2024\/09\/TJT23_EvyVanNispen_LR-114-min-18x12.jpg.webp 18w' sizes=\"auto, (max-width: 1024px) 100vw, 1024px\" loading='lazy' decoding='async' data-smush-webp-fallback=\"{&quot;src&quot;:&quot;https:\\\/\\\/tjt.travelblox.eu\\\/wp-content\\\/uploads\\\/sites\\\/78\\\/2024\\\/09\\\/TJT23_EvyVanNispen_LR-114-min-1024x683.jpg&quot;,&quot;srcset&quot;:&quot;https:\\\/\\\/tjt.travelblox.eu\\\/wp-content\\\/uploads\\\/sites\\\/78\\\/2024\\\/09\\\/TJT23_EvyVanNispen_LR-114-min-1024x683.jpg 1024w, https:\\\/\\\/tjt.travelblox.eu\\\/wp-content\\\/uploads\\\/sites\\\/78\\\/2024\\\/09\\\/TJT23_EvyVanNispen_LR-114-min-300x200.jpg 300w, https:\\\/\\\/tjt.travelblox.eu\\\/wp-content\\\/uploads\\\/sites\\\/78\\\/2024\\\/09\\\/TJT23_EvyVanNispen_LR-114-min-768x512.jpg 768w, https:\\\/\\\/tjt.travelblox.eu\\\/wp-content\\\/uploads\\\/sites\\\/78\\\/2024\\\/09\\\/TJT23_EvyVanNispen_LR-114-min-1536x1024.jpg 1536w, https:\\\/\\\/tjt.travelblox.eu\\\/wp-content\\\/uploads\\\/sites\\\/78\\\/2024\\\/09\\\/TJT23_EvyVanNispen_LR-114-min-2048x1366.jpg 2048w, https:\\\/\\\/tjt.travelblox.eu\\\/wp-content\\\/uploads\\\/sites\\\/78\\\/2024\\\/09\\\/TJT23_EvyVanNispen_LR-114-min-18x12.jpg 18w&quot;}\">\t\t\t\t\t\t\t\t\t<\/figure>\n\t\t\t<\/div>\n\t\t<\/div>\n\t\t\t<div class=\"entry\">\n\t\t\t<div class=\"tb-image-part\">\n\t\t\t\t<figure>\n\t\t\t\t\t<img src='https:\/\/tjt.travelblox.eu\/wp-content\/smush-webp\/sites\/78\/2024\/01\/theJordanTrail-2349-1024x683.jpg.webp' width='1024' height='683' alt='Jordan Trail, Petra' srcset='https:\/\/tjt.travelblox.eu\/wp-content\/smush-webp\/sites\/78\/2024\/01\/theJordanTrail-2349-1024x683.jpg.webp 1024w, https:\/\/tjt.travelblox.eu\/wp-content\/smush-webp\/sites\/78\/2024\/01\/theJordanTrail-2349-300x200.jpg.webp 300w, https:\/\/tjt.travelblox.eu\/wp-content\/smush-webp\/sites\/78\/2024\/01\/theJordanTrail-2349-768x512.jpg.webp 768w, https:\/\/tjt.travelblox.eu\/wp-content\/smush-webp\/sites\/78\/2024\/01\/theJordanTrail-2349-1536x1024.jpg.webp 1536w, https:\/\/tjt.travelblox.eu\/wp-content\/smush-webp\/sites\/78\/2024\/01\/theJordanTrail-2349-2048x1365.jpg.webp 2048w, https:\/\/tjt.travelblox.eu\/wp-content\/smush-webp\/sites\/78\/2024\/01\/theJordanTrail-2349-18x12.jpg.webp 18w, https:\/\/tjt.travelblox.eu\/wp-content\/smush-webp\/sites\/78\/2024\/01\/theJordanTrail-2349-scaled-e1705666723374.jpg.webp 800w' sizes=\"auto, (max-width: 1024px) 100vw, 1024px\" loading='lazy' decoding='async' data-smush-webp-fallback=\"{&quot;src&quot;:&quot;https:\\\/\\\/tjt.travelblox.eu\\\/wp-content\\\/uploads\\\/sites\\\/78\\\/2024\\\/01\\\/theJordanTrail-2349-1024x683.jpg&quot;,&quot;srcset&quot;:&quot;https:\\\/\\\/tjt.travelblox.eu\\\/wp-content\\\/uploads\\\/sites\\\/78\\\/2024\\\/01\\\/theJordanTrail-2349-1024x683.jpg 1024w, https:\\\/\\\/tjt.travelblox.eu\\\/wp-content\\\/uploads\\\/sites\\\/78\\\/2024\\\/01\\\/theJordanTrail-2349-300x200.jpg 300w, https:\\\/\\\/tjt.travelblox.eu\\\/wp-content\\\/uploads\\\/sites\\\/78\\\/2024\\\/01\\\/theJordanTrail-2349-768x512.jpg 768w, https:\\\/\\\/tjt.travelblox.eu\\\/wp-content\\\/uploads\\\/sites\\\/78\\\/2024\\\/01\\\/theJordanTrail-2349-1536x1024.jpg 1536w, https:\\\/\\\/tjt.travelblox.eu\\\/wp-content\\\/uploads\\\/sites\\\/78\\\/2024\\\/01\\\/theJordanTrail-2349-2048x1365.jpg 2048w, https:\\\/\\\/tjt.travelblox.eu\\\/wp-content\\\/uploads\\\/sites\\\/78\\\/2024\\\/01\\\/theJordanTrail-2349-18x12.jpg 18w, https:\\\/\\\/tjt.travelblox.eu\\\/wp-content\\\/uploads\\\/sites\\\/78\\\/2024\\\/01\\\/theJordanTrail-2349-scaled-e1705666723374.jpg 800w&quot;}\">\t\t\t\t\t\t\t\t\t<\/figure>\n\t\t\t<\/div>\n\t\t<\/div>\n\t\t\t\t\t<\/div>\n\t\t\t\t<div class=\"tb-carousel-nav\">\n\t\t<div class=\"dots\">\n\t\t\t<div class=\"dot active\"><\/div>\n\t\t\t<div class=\"dot\"><\/div>\n\t\t\t<div class=\"dot\"><\/div>\n\t\t<\/div>\n\t\t<div class=\"arrows\">\n\t\t\t<div class=\"prev disabled\">\n\t\t\t\t<span><i class=\"fa fa-chevron-left\"><\/i><\/span>\n\t\t\t<\/div>\n\t\t\t<div class=\"next\">\n\t\t\t\t<span><i class=\"fa fa-chevron-right\"><\/i><\/span>\n\t\t\t<\/div>\n\t\t<\/div>\n\t<\/div>\n\t\t\t<\/div>\n\t<\/div>\n\t\t\t\t\t\t\t\t\t\t\t\t\t<\/div>\n\t\t\t\t\t\t\t\t\t\t<\/div>\n\t\t\t\t\t\t\t\t\t<\/div>\n\t\t\t\t\t\t\t\t\t\t<div class=\"tb-popup-nav\">\n\t\t<a href=\"#\" class=\"tb-buttonlink-with-icon tb-buttonlink-with-arrow icon-first tb-popup-previous\">\n\t\t\t<i class=\"icon fa fa-chevron-left\"><\/i>\n\t\t\t<span>Vorige dag<\/span>\n\t\t<\/a>\n\t\t<a href=\"#\" class=\"tb-buttonlink-with-icon tb-buttonlink-with-arrow tb-popup-next\">\n\t\t\t<span>Volgende dag<\/span>\n\t\t\t<i class=\"icon fa fa-chevron-right\"><\/i>\n\t\t<\/a>\n\t<\/div>\n\t\n\t\t\t\t\t\t\t\t<\/div>\n\t\t\t\t\t\t\t<\/dialog>\n\t\t\t\t\t\t<\/div>\n\t\t\t\t\t\t\t\t\t\t\t<div class=\"tb-card entry tb-popup-trigger tb-unfold-on-hover\">\n\t\t\t\t\t\t\t<div class=\"tb-image-part\">\n\t\t\t\t\t\t\t\t<div class=\"tag\">\n\t\t\t\t\t\t\t\t\t<div>Dag 3<\/div>\n\t\t\t\t\t\t\t\t<\/div>\n\n\t\t\t\t\t\t\t\t<img src='https:\/\/tjt.travelblox.eu\/wp-content\/smush-webp\/sites\/78\/2024\/01\/DSC03596-768x512.jpg.webp' width='768' height='512' alt='Jordan Trail, Petra, Teletat Al-Sofor' srcset='https:\/\/tjt.travelblox.eu\/wp-content\/smush-webp\/sites\/78\/2024\/01\/DSC03596-768x512.jpg.webp 768w, https:\/\/tjt.travelblox.eu\/wp-content\/smush-webp\/sites\/78\/2024\/01\/DSC03596-300x200.jpg.webp 300w, https:\/\/tjt.travelblox.eu\/wp-content\/smush-webp\/sites\/78\/2024\/01\/DSC03596-18x12.jpg.webp 18w, https:\/\/tjt.travelblox.eu\/wp-content\/smush-webp\/sites\/78\/2024\/01\/DSC03596-e1705667146488.jpg.webp 800w' sizes=\"auto, (max-width: 768px) 100vw, 768px\" loading='lazy' decoding='async' data-smush-webp-fallback=\"{&quot;src&quot;:&quot;https:\\\/\\\/tjt.travelblox.eu\\\/wp-content\\\/uploads\\\/sites\\\/78\\\/2024\\\/01\\\/DSC03596-768x512.jpg&quot;,&quot;srcset&quot;:&quot;https:\\\/\\\/tjt.travelblox.eu\\\/wp-content\\\/uploads\\\/sites\\\/78\\\/2024\\\/01\\\/DSC03596-768x512.jpg 768w, https:\\\/\\\/tjt.travelblox.eu\\\/wp-content\\\/uploads\\\/sites\\\/78\\\/2024\\\/01\\\/DSC03596-300x200.jpg 300w, https:\\\/\\\/tjt.travelblox.eu\\\/wp-content\\\/uploads\\\/sites\\\/78\\\/2024\\\/01\\\/DSC03596-18x12.jpg 18w, https:\\\/\\\/tjt.travelblox.eu\\\/wp-content\\\/uploads\\\/sites\\\/78\\\/2024\\\/01\\\/DSC03596-e1705667146488.jpg 800w&quot;}\">\t\t\t\t\t\t\t<\/div>\n\t\t\t\t\t\t\t<div class=\"tb-card-bottom-wrapper\">\n\t\t\t\t\t\t\t\t<div class=\"tb-card-bottom\">\n\n\t\t\t\t\t\t\t\t\t<span class=\"tb-card-bottom__title\">\n\t\t\t\t\t\t\t\t\t\t<span class=\"tb-card-bottom__place\">\n\t\t\t\t\t\t\t\t\t\t\tWadi Feynan\t\t\t\t\t\t\t\t\t\t\t\t\t\t\t\t\t\t\t\t\t\t\t&#8211; Teletat Al-Sofor\t\t\t\t\t\t\t\t\t\t\t\t\t\t\t\t\t\t\t\t\t<\/span>\n\n\t\t\t\t\t\t\t\t\t<\/span>\n\t\t\t\t\t\t\t\t\t<div class=\"tb-card-bottom__content\">\n\t\t\t\t\t\t\t\t\t\t<div>\n\t\t\t\t\t\t\t\t\t\t\t\t\t\t\t\t\t\t\t\t\t\t\t\t\t\t\t<i class=\"icon fa-solid fa-tent fa-fw\" aria-hidden=\"true\"><\/i>\n\t\t\t 17 km\t\t\t\t\t\t\t\t\t\t\t\t\t\t\t\t\t\t\t\t\t<\/div>\n\t\t\t\t\t\t\t\t\t<\/div>\n\t\t\t\t\t\t\t\t\t<div class=\"tb-card-bottom__teaser tb-unfold-on-hover__content\" data-no-translation>\n\t\t\t\t\t\t\t\t\t\t\t\t\t\t\t\t\t\t\t\t\t\t\t\t\t\t\t\t\t\tVia de Zwarte woestijn trekken we van Feynan naar de&nbsp;Wadi Abo Sakakeen Canyon. Voordat je in de&#8230; <span class=\"link\">Lees meer<\/span>\t\t\t\t\t\t\t\t\t<\/div>\n\t\t\t\t\t\t\t\t<\/div>\n\n\t\t\t\t\t\t\t<\/div>\n\t\t\t\t\t\t\t<dialog class=\"tb-popup tb-popup-with-padding tb-dayschedule-popup-wrapper\">\n\t\t\t\t\t\t\t\t<div class=\"tb-dayschedule-popup\">\n\t\t\t\t\t\t\t\t\t<h4>\n\t\t\t\t\t\t\t\t\t\t\t\t\t\t\t\t\t\t\t\t\t\t\t\t\t\t\t\t\t\t\t<div>\n\t\t\t\t\t\t\t\t\t\t\t\t\t\t\t\t\t\t\t\t\t\t\t\t\tWadi Feynan\t\t\t\t\t\t\t\t\t\t\t\t\t\t\t\t\t\t\t\t\t\t\t\t\t\t\t\t\t\t\t\t\t\t\t\t\t\t\t\t\t\t\t\t\t\t\t\t\t\t\t<i class=\"icon fa-solid fa-arrow-right\"><\/i> Teletat Al-Sofor\t\t\t\t\t\t\t\t\t\t\t\t\t\t\t\t\t\t\t\t\t\t\t\t\t\t\t\t\t\t\t\t\t\t\t\t<\/div>\n\t\t\t\t\t\t\t\t\t\t\t\t\t\t\t\t\t\t\t<\/h4>\n\t\t\t\t\t\t\t\t\t<div class=\"tb-columns\">\n\t\t\t\t\t\t\t\t\t\t<div class=\"tb-column tb-column--text\">\n\t\t\t\t\t\t\t\t\t\t\t<div class=\"text-part\">\n\t\t\t\t\t\t\t\t\t\t\t\t\t\t\t\t\t\t\t\t\t\t\t\t\t<div class=\"tb-dayschedule-popup__icons\">\n\t\t\t\t\t\t\t\t\t\t\t\t\t\t\t\t\t\t\t\t\t\t\t\t\t\t\t\t\t\t\t\t\t\t\t\t\t\t\t\t\t\t\t<div class=\"tb-dayschedule-popup__icon\">\n\t\t\t\t\t\t\t\t\t\t\t\t\t\t\t\t\t\t\t\t<i class=\"icon fa-solid fa-tent fa-fw\" aria-hidden=\"true\"><\/i>\n\t\t\t\t\t\t\t\t\t\t\t\t\t\t\t\t\t\t\t<span>\n\t\t\t\t\t\t\t\t\t\t\t\t\t\t\t\t\t17 km\t\t\t\t\t\t\t\t\t\t\t\t\t\t\t\t<\/span>\n\t\t\t\t\t\t\t\t\t\t\t\t\t\t\t<\/div>\n\t\t\t\t\t\t\t\t\t\t\t\t\t\t\t\t\t\t\t\t\t\t\t\t\t\t\t<\/div>\n\t\t\t\t\t\t\t\t\t\t\t\t\n\t\t\t\t\t\t\t\t\t\t\t\t\n\t\t\t\t\t\t\t\t\t\t\t\t<div>\n\t\t\t\t\t\t\t\t\t\t\t\t\t<strong>Dag 3<\/strong>\n\t\t\t\t\t\t\t\t\t\t\t\t\t\t<div class=\"translation-block\"><p>Via de Zwarte woestijn trekken we van Feynan naar de&nbsp;<strong>Wadi Abo Sakakeen Canyon<\/strong>. Voordat je in de vallei terecht komt, moet je eerst over een <strong>aantal stevige heuvels<\/strong>. Je merkt onmiddellijk dat het Jordaanse landschap zeer gevarieerd is wanneer je uit de bergen komt en de&nbsp;<strong>\u2018groene vallei\u2019<\/strong> bereikt.<\/p>\n<p>Het laatste stuk van de dag word je nog getrakteerd op <strong>weidse uitzichten<\/strong>. Uiteindelijk bereik je het plateau van Telatat Al-Sofor, waar we ons kamp opzetten en genieten van een <strong>prachtige zonsondergang<\/strong>.<\/p>\n<ul>\n<li>Afstand: 17 km<\/li>\n<li>Stijgen: 1000 m<\/li>\n<li>Dalen: 300 m<\/li>\n<\/ul><\/div>\n\t\t\t\t\t\t\t\t\t\t\t\t\t<\/div>\n\n\n\t\t\t\t\t\t\t\t\t\t\t<\/div>\n\t\t\t\t\t\t\t\t\t\t<\/div>\n\t\t\t\t\t\t\t\t\t\t<div class=\"tb-column tb-column--image\">\n\n\t\t\t\t\t\t\t\t\t\t\t<div class=\"tb-image-part\">\n\t\t\t\t\t\t\t\t\t\t\t\t\t\t<div class=\"inner-block-full-width has-tb-carousel tb-carousel-slider\" >\n\t\t<div class=\"tb-carousel-container\">\n\t\t\t<div class=\"entries tb-cards\" data-slider-first=\"0\">\n\t\t\t\t\t\t\t<div class=\"entry\">\n\t\t\t<div class=\"tb-image-part\">\n\t\t\t\t<figure>\n\t\t\t\t\t<img src='https:\/\/tjt.travelblox.eu\/wp-content\/smush-webp\/sites\/78\/2024\/01\/DSC03596-e1705667146488.jpg.webp' width='800' height='534' alt='Jordan Trail, Petra, Teletat Al-Sofor' loading='lazy' decoding='async' data-smush-webp-fallback='{&quot;src&quot;:&quot;https:\\\/\\\/tjt.travelblox.eu\\\/wp-content\\\/uploads\\\/sites\\\/78\\\/2024\\\/01\\\/DSC03596-e1705667146488.jpg&quot;}'>\t\t\t\t\t\t\t\t\t<\/figure>\n\t\t\t<\/div>\n\t\t<\/div>\n\t\t\t<div class=\"entry\">\n\t\t\t<div class=\"tb-image-part\">\n\t\t\t\t<figure>\n\t\t\t\t\t<img src='https:\/\/tjt.travelblox.eu\/wp-content\/smush-webp\/sites\/78\/2024\/01\/theJordanTrail-3117-1024x683.jpg.webp' width='1024' height='683' alt='Jordan Trail, Petra, Teletat Al-Sofor' srcset='https:\/\/tjt.travelblox.eu\/wp-content\/smush-webp\/sites\/78\/2024\/01\/theJordanTrail-3117-1024x683.jpg.webp 1024w, https:\/\/tjt.travelblox.eu\/wp-content\/smush-webp\/sites\/78\/2024\/01\/theJordanTrail-3117-300x200.jpg.webp 300w, https:\/\/tjt.travelblox.eu\/wp-content\/smush-webp\/sites\/78\/2024\/01\/theJordanTrail-3117-768x512.jpg.webp 768w, https:\/\/tjt.travelblox.eu\/wp-content\/smush-webp\/sites\/78\/2024\/01\/theJordanTrail-3117-1536x1024.jpg.webp 1536w, https:\/\/tjt.travelblox.eu\/wp-content\/smush-webp\/sites\/78\/2024\/01\/theJordanTrail-3117-2048x1365.jpg.webp 2048w, https:\/\/tjt.travelblox.eu\/wp-content\/smush-webp\/sites\/78\/2024\/01\/theJordanTrail-3117-18x12.jpg.webp 18w, https:\/\/tjt.travelblox.eu\/wp-content\/smush-webp\/sites\/78\/2024\/01\/theJordanTrail-3117-scaled-e1705667172639.jpg.webp 800w' sizes=\"auto, (max-width: 1024px) 100vw, 1024px\" loading='lazy' decoding='async' data-smush-webp-fallback=\"{&quot;src&quot;:&quot;https:\\\/\\\/tjt.travelblox.eu\\\/wp-content\\\/uploads\\\/sites\\\/78\\\/2024\\\/01\\\/theJordanTrail-3117-1024x683.jpg&quot;,&quot;srcset&quot;:&quot;https:\\\/\\\/tjt.travelblox.eu\\\/wp-content\\\/uploads\\\/sites\\\/78\\\/2024\\\/01\\\/theJordanTrail-3117-1024x683.jpg 1024w, https:\\\/\\\/tjt.travelblox.eu\\\/wp-content\\\/uploads\\\/sites\\\/78\\\/2024\\\/01\\\/theJordanTrail-3117-300x200.jpg 300w, https:\\\/\\\/tjt.travelblox.eu\\\/wp-content\\\/uploads\\\/sites\\\/78\\\/2024\\\/01\\\/theJordanTrail-3117-768x512.jpg 768w, https:\\\/\\\/tjt.travelblox.eu\\\/wp-content\\\/uploads\\\/sites\\\/78\\\/2024\\\/01\\\/theJordanTrail-3117-1536x1024.jpg 1536w, https:\\\/\\\/tjt.travelblox.eu\\\/wp-content\\\/uploads\\\/sites\\\/78\\\/2024\\\/01\\\/theJordanTrail-3117-2048x1365.jpg 2048w, https:\\\/\\\/tjt.travelblox.eu\\\/wp-content\\\/uploads\\\/sites\\\/78\\\/2024\\\/01\\\/theJordanTrail-3117-18x12.jpg 18w, https:\\\/\\\/tjt.travelblox.eu\\\/wp-content\\\/uploads\\\/sites\\\/78\\\/2024\\\/01\\\/theJordanTrail-3117-scaled-e1705667172639.jpg 800w&quot;}\">\t\t\t\t\t\t\t\t\t<\/figure>\n\t\t\t<\/div>\n\t\t<\/div>\n\t\t\t<div class=\"entry\">\n\t\t\t<div class=\"tb-image-part\">\n\t\t\t\t<figure>\n\t\t\t\t\t<img src='https:\/\/tjt.travelblox.eu\/wp-content\/smush-webp\/sites\/78\/2024\/09\/2024_0329_17022700-1-1024x683.jpg.webp' width='1024' height='683' alt='Jordan Trail, Petra, Teletat Al-Sofor' srcset='https:\/\/tjt.travelblox.eu\/wp-content\/smush-webp\/sites\/78\/2024\/09\/2024_0329_17022700-1-1024x683.jpg.webp 1024w, https:\/\/tjt.travelblox.eu\/wp-content\/smush-webp\/sites\/78\/2024\/09\/2024_0329_17022700-1-300x200.jpg.webp 300w, https:\/\/tjt.travelblox.eu\/wp-content\/smush-webp\/sites\/78\/2024\/09\/2024_0329_17022700-1-768x512.jpg.webp 768w, https:\/\/tjt.travelblox.eu\/wp-content\/smush-webp\/sites\/78\/2024\/09\/2024_0329_17022700-1-1536x1024.jpg.webp 1536w, https:\/\/tjt.travelblox.eu\/wp-content\/smush-webp\/sites\/78\/2024\/09\/2024_0329_17022700-1-18x12.jpg.webp 18w, https:\/\/tjt.travelblox.eu\/wp-content\/smush-webp\/sites\/78\/2024\/09\/2024_0329_17022700-1.jpg.webp 1776w' sizes=\"auto, (max-width: 1024px) 100vw, 1024px\" loading='lazy' decoding='async' data-smush-webp-fallback=\"{&quot;src&quot;:&quot;https:\\\/\\\/tjt.travelblox.eu\\\/wp-content\\\/uploads\\\/sites\\\/78\\\/2024\\\/09\\\/2024_0329_17022700-1-1024x683.jpg&quot;,&quot;srcset&quot;:&quot;https:\\\/\\\/tjt.travelblox.eu\\\/wp-content\\\/uploads\\\/sites\\\/78\\\/2024\\\/09\\\/2024_0329_17022700-1-1024x683.jpg 1024w, https:\\\/\\\/tjt.travelblox.eu\\\/wp-content\\\/uploads\\\/sites\\\/78\\\/2024\\\/09\\\/2024_0329_17022700-1-300x200.jpg 300w, https:\\\/\\\/tjt.travelblox.eu\\\/wp-content\\\/uploads\\\/sites\\\/78\\\/2024\\\/09\\\/2024_0329_17022700-1-768x512.jpg 768w, https:\\\/\\\/tjt.travelblox.eu\\\/wp-content\\\/uploads\\\/sites\\\/78\\\/2024\\\/09\\\/2024_0329_17022700-1-1536x1024.jpg 1536w, https:\\\/\\\/tjt.travelblox.eu\\\/wp-content\\\/uploads\\\/sites\\\/78\\\/2024\\\/09\\\/2024_0329_17022700-1-18x12.jpg 18w, https:\\\/\\\/tjt.travelblox.eu\\\/wp-content\\\/uploads\\\/sites\\\/78\\\/2024\\\/09\\\/2024_0329_17022700-1.jpg 1776w&quot;}\">\t\t\t\t\t\t\t\t\t<\/figure>\n\t\t\t<\/div>\n\t\t<\/div>\n\t\t\t\t\t<\/div>\n\t\t\t\t<div class=\"tb-carousel-nav\">\n\t\t<div class=\"dots\">\n\t\t\t<div class=\"dot active\"><\/div>\n\t\t\t<div class=\"dot\"><\/div>\n\t\t\t<div class=\"dot\"><\/div>\n\t\t<\/div>\n\t\t<div class=\"arrows\">\n\t\t\t<div class=\"prev disabled\">\n\t\t\t\t<span><i class=\"fa fa-chevron-left\"><\/i><\/span>\n\t\t\t<\/div>\n\t\t\t<div class=\"next\">\n\t\t\t\t<span><i class=\"fa fa-chevron-right\"><\/i><\/span>\n\t\t\t<\/div>\n\t\t<\/div>\n\t<\/div>\n\t\t\t<\/div>\n\t<\/div>\n\t\t\t\t\t\t\t\t\t\t\t\t\t<\/div>\n\t\t\t\t\t\t\t\t\t\t<\/div>\n\t\t\t\t\t\t\t\t\t<\/div>\n\t\t\t\t\t\t\t\t\t\t<div class=\"tb-popup-nav\">\n\t\t<a href=\"#\" class=\"tb-buttonlink-with-icon tb-buttonlink-with-arrow icon-first tb-popup-previous\">\n\t\t\t<i class=\"icon fa fa-chevron-left\"><\/i>\n\t\t\t<span>Vorige dag<\/span>\n\t\t<\/a>\n\t\t<a href=\"#\" class=\"tb-buttonlink-with-icon tb-buttonlink-with-arrow tb-popup-next\">\n\t\t\t<span>Volgende dag<\/span>\n\t\t\t<i class=\"icon fa fa-chevron-right\"><\/i>\n\t\t<\/a>\n\t<\/div>\n\t\n\t\t\t\t\t\t\t\t<\/div>\n\t\t\t\t\t\t\t<\/dialog>\n\t\t\t\t\t\t<\/div>\n\t\t\t\t\t\t\t\t\t\t\t<div class=\"tb-card entry tb-popup-trigger tb-unfold-on-hover\">\n\t\t\t\t\t\t\t<div class=\"tb-image-part\">\n\t\t\t\t\t\t\t\t<div class=\"tag\">\n\t\t\t\t\t\t\t\t\t<div>Dag 4<\/div>\n\t\t\t\t\t\t\t\t<\/div>\n\n\t\t\t\t\t\t\t\t<img src='https:\/\/tjt.travelblox.eu\/wp-content\/smush-webp\/sites\/78\/2024\/01\/theJordanTrail-4734-768x512.jpg.webp' width='768' height='512' alt='Jordan Trail, Petra, Um Ratam' srcset='https:\/\/tjt.travelblox.eu\/wp-content\/smush-webp\/sites\/78\/2024\/01\/theJordanTrail-4734-768x512.jpg.webp 768w, https:\/\/tjt.travelblox.eu\/wp-content\/smush-webp\/sites\/78\/2024\/01\/theJordanTrail-4734-300x200.jpg.webp 300w, https:\/\/tjt.travelblox.eu\/wp-content\/smush-webp\/sites\/78\/2024\/01\/theJordanTrail-4734-1024x683.jpg.webp 1024w, https:\/\/tjt.travelblox.eu\/wp-content\/smush-webp\/sites\/78\/2024\/01\/theJordanTrail-4734-1536x1024.jpg.webp 1536w, https:\/\/tjt.travelblox.eu\/wp-content\/smush-webp\/sites\/78\/2024\/01\/theJordanTrail-4734-2048x1365.jpg.webp 2048w, https:\/\/tjt.travelblox.eu\/wp-content\/smush-webp\/sites\/78\/2024\/01\/theJordanTrail-4734-18x12.jpg.webp 18w, https:\/\/tjt.travelblox.eu\/wp-content\/smush-webp\/sites\/78\/2024\/01\/theJordanTrail-4734-scaled-e1705667610942.jpg.webp 800w' sizes=\"auto, (max-width: 768px) 100vw, 768px\" loading='lazy' decoding='async' data-smush-webp-fallback=\"{&quot;src&quot;:&quot;https:\\\/\\\/tjt.travelblox.eu\\\/wp-content\\\/uploads\\\/sites\\\/78\\\/2024\\\/01\\\/theJordanTrail-4734-768x512.jpg&quot;,&quot;srcset&quot;:&quot;https:\\\/\\\/tjt.travelblox.eu\\\/wp-content\\\/uploads\\\/sites\\\/78\\\/2024\\\/01\\\/theJordanTrail-4734-768x512.jpg 768w, https:\\\/\\\/tjt.travelblox.eu\\\/wp-content\\\/uploads\\\/sites\\\/78\\\/2024\\\/01\\\/theJordanTrail-4734-300x200.jpg 300w, https:\\\/\\\/tjt.travelblox.eu\\\/wp-content\\\/uploads\\\/sites\\\/78\\\/2024\\\/01\\\/theJordanTrail-4734-1024x683.jpg 1024w, https:\\\/\\\/tjt.travelblox.eu\\\/wp-content\\\/uploads\\\/sites\\\/78\\\/2024\\\/01\\\/theJordanTrail-4734-1536x1024.jpg 1536w, https:\\\/\\\/tjt.travelblox.eu\\\/wp-content\\\/uploads\\\/sites\\\/78\\\/2024\\\/01\\\/theJordanTrail-4734-2048x1365.jpg 2048w, https:\\\/\\\/tjt.travelblox.eu\\\/wp-content\\\/uploads\\\/sites\\\/78\\\/2024\\\/01\\\/theJordanTrail-4734-18x12.jpg 18w, https:\\\/\\\/tjt.travelblox.eu\\\/wp-content\\\/uploads\\\/sites\\\/78\\\/2024\\\/01\\\/theJordanTrail-4734-scaled-e1705667610942.jpg 800w&quot;}\">\t\t\t\t\t\t\t<\/div>\n\t\t\t\t\t\t\t<div class=\"tb-card-bottom-wrapper\">\n\t\t\t\t\t\t\t\t<div class=\"tb-card-bottom\">\n\n\t\t\t\t\t\t\t\t\t<span class=\"tb-card-bottom__title\">\n\t\t\t\t\t\t\t\t\t\t<span class=\"tb-card-bottom__place\">\n\t\t\t\t\t\t\t\t\t\t\tTeletat Al-Sofor\t\t\t\t\t\t\t\t\t\t\t\t\t\t\t\t\t\t\t\t\t\t\t&#8211; Um Ratam\t\t\t\t\t\t\t\t\t\t\t\t\t\t\t\t\t\t\t\t\t<\/span>\n\n\t\t\t\t\t\t\t\t\t<\/span>\n\t\t\t\t\t\t\t\t\t<div class=\"tb-card-bottom__content\">\n\t\t\t\t\t\t\t\t\t\t<div>\n\t\t\t\t\t\t\t\t\t\t\t\t\t\t\t\t\t\t\t\t\t\t\t\t\t\t\t<i class=\"icon fa-solid fa-tent fa-fw\" aria-hidden=\"true\"><\/i>\n\t\t\t 16 km\t\t\t\t\t\t\t\t\t\t\t\t\t\t\t\t\t\t\t\t\t<\/div>\n\t\t\t\t\t\t\t\t\t<\/div>\n\t\t\t\t\t\t\t\t\t<div class=\"tb-card-bottom__teaser tb-unfold-on-hover__content\" data-no-translation>\n\t\t\t\t\t\t\t\t\t\t\t\t\t\t\t\t\t\t\t\t\t\t\t\t\t\t\t\t\t\tVandaag wandel je door de groene vallei van Wadi Musa, ook wel de \u201cVallei van Mozes\u201d genoemd. Volgen&#8230; <span class=\"link\">Lees meer<\/span>\t\t\t\t\t\t\t\t\t<\/div>\n\t\t\t\t\t\t\t\t<\/div>\n\n\t\t\t\t\t\t\t<\/div>\n\t\t\t\t\t\t\t<dialog class=\"tb-popup tb-popup-with-padding tb-dayschedule-popup-wrapper\">\n\t\t\t\t\t\t\t\t<div class=\"tb-dayschedule-popup\">\n\t\t\t\t\t\t\t\t\t<h4>\n\t\t\t\t\t\t\t\t\t\t\t\t\t\t\t\t\t\t\t\t\t\t\t\t\t\t\t\t\t\t\t<div>\n\t\t\t\t\t\t\t\t\t\t\t\t\t\t\t\t\t\t\t\t\t\t\t\t\tTeletat Al-Sofor\t\t\t\t\t\t\t\t\t\t\t\t\t\t\t\t\t\t\t\t\t\t\t\t\t\t\t\t\t\t\t\t\t\t\t\t\t\t\t\t\t\t\t\t\t\t\t\t\t\t\t<i class=\"icon fa-solid fa-arrow-right\"><\/i> Um Ratam\t\t\t\t\t\t\t\t\t\t\t\t\t\t\t\t\t\t\t\t\t\t\t\t\t\t\t\t\t\t\t\t\t\t\t\t<\/div>\n\t\t\t\t\t\t\t\t\t\t\t\t\t\t\t\t\t\t\t<\/h4>\n\t\t\t\t\t\t\t\t\t<div class=\"tb-columns\">\n\t\t\t\t\t\t\t\t\t\t<div class=\"tb-column tb-column--text\">\n\t\t\t\t\t\t\t\t\t\t\t<div class=\"text-part\">\n\t\t\t\t\t\t\t\t\t\t\t\t\t\t\t\t\t\t\t\t\t\t\t\t\t<div class=\"tb-dayschedule-popup__icons\">\n\t\t\t\t\t\t\t\t\t\t\t\t\t\t\t\t\t\t\t\t\t\t\t\t\t\t\t\t\t\t\t\t\t\t\t\t\t\t\t\t\t\t\t<div class=\"tb-dayschedule-popup__icon\">\n\t\t\t\t\t\t\t\t\t\t\t\t\t\t\t\t\t\t\t\t<i class=\"icon fa-solid fa-tent fa-fw\" aria-hidden=\"true\"><\/i>\n\t\t\t\t\t\t\t\t\t\t\t\t\t\t\t\t\t\t\t<span>\n\t\t\t\t\t\t\t\t\t\t\t\t\t\t\t\t\t16 km\t\t\t\t\t\t\t\t\t\t\t\t\t\t\t\t<\/span>\n\t\t\t\t\t\t\t\t\t\t\t\t\t\t\t<\/div>\n\t\t\t\t\t\t\t\t\t\t\t\t\t\t\t\t\t\t\t\t\t\t\t\t\t\t\t<\/div>\n\t\t\t\t\t\t\t\t\t\t\t\t\n\t\t\t\t\t\t\t\t\t\t\t\t\n\t\t\t\t\t\t\t\t\t\t\t\t<div>\n\t\t\t\t\t\t\t\t\t\t\t\t\t<strong>Dag 4<\/strong>\n\t\t\t\t\t\t\t\t\t\t\t\t\t\t<div class=\"translation-block\"><p>Vandaag wandel je door de <strong>groene vallei van Wadi Musa<\/strong>, ook wel de \u201cVallei van Mozes\u201d genoemd. Volgens de legende sloeg Mozes hier water uit de rotsen voor zijn volk. Het pad wisselt af tussen <strong>valleien en indrukwekkende canyons<\/strong>, waardoor de dag opnieuw vol variatie zit.<\/p>\n<p>Onderweg passeer je <strong>ru\u00efnes<\/strong> die teruggaan tot de Romeinse tijd. De Romeinen brachten geavanceerde landbouwtechnieken naar dit gebied. Met hun irrigatiekanalen en aquaducten wisten ze het droge land vruchtbaar te maken en de landbouw naar een hoger niveau te tillen.<\/p>\n<p>We eindigen de dag nabij de restanten van een oude Nabateense nederzetting, waar ons kamp wordt opgebouwd.<\/p>\n<ul>\n<li>Afstand: 16 km<\/li>\n<li>Stijgen: 700 m<\/li>\n<li>Dalen: 500 m<\/li>\n<\/ul><\/div>\n\t\t\t\t\t\t\t\t\t\t\t\t\t<\/div>\n\n\n\t\t\t\t\t\t\t\t\t\t\t<\/div>\n\t\t\t\t\t\t\t\t\t\t<\/div>\n\t\t\t\t\t\t\t\t\t\t<div class=\"tb-column tb-column--image\">\n\n\t\t\t\t\t\t\t\t\t\t\t<div class=\"tb-image-part\">\n\t\t\t\t\t\t\t\t\t\t\t\t\t\t<div class=\"inner-block-full-width has-tb-carousel tb-carousel-slider\" >\n\t\t<div class=\"tb-carousel-container\">\n\t\t\t<div class=\"entries tb-cards\" data-slider-first=\"0\">\n\t\t\t\t\t\t\t<div class=\"entry\">\n\t\t\t<div class=\"tb-image-part\">\n\t\t\t\t<figure>\n\t\t\t\t\t<img src='https:\/\/tjt.travelblox.eu\/wp-content\/smush-webp\/sites\/78\/2024\/01\/theJordanTrail-4734-1024x683.jpg.webp' width='1024' height='683' alt='Jordan Trail, Petra, Um Ratam' srcset='https:\/\/tjt.travelblox.eu\/wp-content\/smush-webp\/sites\/78\/2024\/01\/theJordanTrail-4734-1024x683.jpg.webp 1024w, https:\/\/tjt.travelblox.eu\/wp-content\/smush-webp\/sites\/78\/2024\/01\/theJordanTrail-4734-300x200.jpg.webp 300w, https:\/\/tjt.travelblox.eu\/wp-content\/smush-webp\/sites\/78\/2024\/01\/theJordanTrail-4734-768x512.jpg.webp 768w, https:\/\/tjt.travelblox.eu\/wp-content\/smush-webp\/sites\/78\/2024\/01\/theJordanTrail-4734-1536x1024.jpg.webp 1536w, https:\/\/tjt.travelblox.eu\/wp-content\/smush-webp\/sites\/78\/2024\/01\/theJordanTrail-4734-2048x1365.jpg.webp 2048w, https:\/\/tjt.travelblox.eu\/wp-content\/smush-webp\/sites\/78\/2024\/01\/theJordanTrail-4734-18x12.jpg.webp 18w, https:\/\/tjt.travelblox.eu\/wp-content\/smush-webp\/sites\/78\/2024\/01\/theJordanTrail-4734-scaled-e1705667610942.jpg.webp 800w' sizes=\"auto, (max-width: 1024px) 100vw, 1024px\" loading='lazy' decoding='async' data-smush-webp-fallback=\"{&quot;src&quot;:&quot;https:\\\/\\\/tjt.travelblox.eu\\\/wp-content\\\/uploads\\\/sites\\\/78\\\/2024\\\/01\\\/theJordanTrail-4734-1024x683.jpg&quot;,&quot;srcset&quot;:&quot;https:\\\/\\\/tjt.travelblox.eu\\\/wp-content\\\/uploads\\\/sites\\\/78\\\/2024\\\/01\\\/theJordanTrail-4734-1024x683.jpg 1024w, https:\\\/\\\/tjt.travelblox.eu\\\/wp-content\\\/uploads\\\/sites\\\/78\\\/2024\\\/01\\\/theJordanTrail-4734-300x200.jpg 300w, https:\\\/\\\/tjt.travelblox.eu\\\/wp-content\\\/uploads\\\/sites\\\/78\\\/2024\\\/01\\\/theJordanTrail-4734-768x512.jpg 768w, https:\\\/\\\/tjt.travelblox.eu\\\/wp-content\\\/uploads\\\/sites\\\/78\\\/2024\\\/01\\\/theJordanTrail-4734-1536x1024.jpg 1536w, https:\\\/\\\/tjt.travelblox.eu\\\/wp-content\\\/uploads\\\/sites\\\/78\\\/2024\\\/01\\\/theJordanTrail-4734-2048x1365.jpg 2048w, https:\\\/\\\/tjt.travelblox.eu\\\/wp-content\\\/uploads\\\/sites\\\/78\\\/2024\\\/01\\\/theJordanTrail-4734-18x12.jpg 18w, https:\\\/\\\/tjt.travelblox.eu\\\/wp-content\\\/uploads\\\/sites\\\/78\\\/2024\\\/01\\\/theJordanTrail-4734-scaled-e1705667610942.jpg 800w&quot;}\">\t\t\t\t\t\t\t\t\t<\/figure>\n\t\t\t<\/div>\n\t\t<\/div>\n\t\t\t<div class=\"entry\">\n\t\t\t<div class=\"tb-image-part\">\n\t\t\t\t<figure>\n\t\t\t\t\t<img src='https:\/\/tjt.travelblox.eu\/wp-content\/smush-webp\/sites\/78\/2024\/09\/TJT23_EvyVanNispen_LR-256-min-1024x683.jpg.webp' width='1024' height='683' alt='Jordan Trail, Petra, Um Ratam' srcset='https:\/\/tjt.travelblox.eu\/wp-content\/smush-webp\/sites\/78\/2024\/09\/TJT23_EvyVanNispen_LR-256-min-1024x683.jpg.webp 1024w, https:\/\/tjt.travelblox.eu\/wp-content\/smush-webp\/sites\/78\/2024\/09\/TJT23_EvyVanNispen_LR-256-min-300x200.jpg.webp 300w, https:\/\/tjt.travelblox.eu\/wp-content\/smush-webp\/sites\/78\/2024\/09\/TJT23_EvyVanNispen_LR-256-min-768x512.jpg.webp 768w, https:\/\/tjt.travelblox.eu\/wp-content\/smush-webp\/sites\/78\/2024\/09\/TJT23_EvyVanNispen_LR-256-min-1536x1024.jpg.webp 1536w, https:\/\/tjt.travelblox.eu\/wp-content\/smush-webp\/sites\/78\/2024\/09\/TJT23_EvyVanNispen_LR-256-min-2048x1366.jpg.webp 2048w, https:\/\/tjt.travelblox.eu\/wp-content\/smush-webp\/sites\/78\/2024\/09\/TJT23_EvyVanNispen_LR-256-min-18x12.jpg.webp 18w' sizes=\"auto, (max-width: 1024px) 100vw, 1024px\" loading='lazy' decoding='async' data-smush-webp-fallback=\"{&quot;src&quot;:&quot;https:\\\/\\\/tjt.travelblox.eu\\\/wp-content\\\/uploads\\\/sites\\\/78\\\/2024\\\/09\\\/TJT23_EvyVanNispen_LR-256-min-1024x683.jpg&quot;,&quot;srcset&quot;:&quot;https:\\\/\\\/tjt.travelblox.eu\\\/wp-content\\\/uploads\\\/sites\\\/78\\\/2024\\\/09\\\/TJT23_EvyVanNispen_LR-256-min-1024x683.jpg 1024w, https:\\\/\\\/tjt.travelblox.eu\\\/wp-content\\\/uploads\\\/sites\\\/78\\\/2024\\\/09\\\/TJT23_EvyVanNispen_LR-256-min-300x200.jpg 300w, https:\\\/\\\/tjt.travelblox.eu\\\/wp-content\\\/uploads\\\/sites\\\/78\\\/2024\\\/09\\\/TJT23_EvyVanNispen_LR-256-min-768x512.jpg 768w, https:\\\/\\\/tjt.travelblox.eu\\\/wp-content\\\/uploads\\\/sites\\\/78\\\/2024\\\/09\\\/TJT23_EvyVanNispen_LR-256-min-1536x1024.jpg 1536w, https:\\\/\\\/tjt.travelblox.eu\\\/wp-content\\\/uploads\\\/sites\\\/78\\\/2024\\\/09\\\/TJT23_EvyVanNispen_LR-256-min-2048x1366.jpg 2048w, https:\\\/\\\/tjt.travelblox.eu\\\/wp-content\\\/uploads\\\/sites\\\/78\\\/2024\\\/09\\\/TJT23_EvyVanNispen_LR-256-min-18x12.jpg 18w&quot;}\">\t\t\t\t\t\t\t\t\t<\/figure>\n\t\t\t<\/div>\n\t\t<\/div>\n\t\t\t<div class=\"entry\">\n\t\t\t<div class=\"tb-image-part\">\n\t\t\t\t<figure>\n\t\t\t\t\t<img src='https:\/\/tjt.travelblox.eu\/wp-content\/smush-webp\/sites\/78\/2024\/01\/theJordanTrail-2776-1024x683.jpg.webp' width='1024' height='683' alt='Jordan Trail, Petra, Um Ratam' srcset='https:\/\/tjt.travelblox.eu\/wp-content\/smush-webp\/sites\/78\/2024\/01\/theJordanTrail-2776-1024x683.jpg.webp 1024w, https:\/\/tjt.travelblox.eu\/wp-content\/smush-webp\/sites\/78\/2024\/01\/theJordanTrail-2776-300x200.jpg.webp 300w, https:\/\/tjt.travelblox.eu\/wp-content\/smush-webp\/sites\/78\/2024\/01\/theJordanTrail-2776-768x512.jpg.webp 768w, https:\/\/tjt.travelblox.eu\/wp-content\/smush-webp\/sites\/78\/2024\/01\/theJordanTrail-2776-1536x1024.jpg.webp 1536w, https:\/\/tjt.travelblox.eu\/wp-content\/smush-webp\/sites\/78\/2024\/01\/theJordanTrail-2776-2048x1365.jpg.webp 2048w, https:\/\/tjt.travelblox.eu\/wp-content\/smush-webp\/sites\/78\/2024\/01\/theJordanTrail-2776-18x12.jpg.webp 18w, https:\/\/tjt.travelblox.eu\/wp-content\/smush-webp\/sites\/78\/2024\/01\/theJordanTrail-2776-scaled-e1705667588768.jpg.webp 800w' sizes=\"auto, (max-width: 1024px) 100vw, 1024px\" loading='lazy' decoding='async' data-smush-webp-fallback=\"{&quot;src&quot;:&quot;https:\\\/\\\/tjt.travelblox.eu\\\/wp-content\\\/uploads\\\/sites\\\/78\\\/2024\\\/01\\\/theJordanTrail-2776-1024x683.jpg&quot;,&quot;srcset&quot;:&quot;https:\\\/\\\/tjt.travelblox.eu\\\/wp-content\\\/uploads\\\/sites\\\/78\\\/2024\\\/01\\\/theJordanTrail-2776-1024x683.jpg 1024w, https:\\\/\\\/tjt.travelblox.eu\\\/wp-content\\\/uploads\\\/sites\\\/78\\\/2024\\\/01\\\/theJordanTrail-2776-300x200.jpg 300w, https:\\\/\\\/tjt.travelblox.eu\\\/wp-content\\\/uploads\\\/sites\\\/78\\\/2024\\\/01\\\/theJordanTrail-2776-768x512.jpg 768w, https:\\\/\\\/tjt.travelblox.eu\\\/wp-content\\\/uploads\\\/sites\\\/78\\\/2024\\\/01\\\/theJordanTrail-2776-1536x1024.jpg 1536w, https:\\\/\\\/tjt.travelblox.eu\\\/wp-content\\\/uploads\\\/sites\\\/78\\\/2024\\\/01\\\/theJordanTrail-2776-2048x1365.jpg 2048w, https:\\\/\\\/tjt.travelblox.eu\\\/wp-content\\\/uploads\\\/sites\\\/78\\\/2024\\\/01\\\/theJordanTrail-2776-18x12.jpg 18w, https:\\\/\\\/tjt.travelblox.eu\\\/wp-content\\\/uploads\\\/sites\\\/78\\\/2024\\\/01\\\/theJordanTrail-2776-scaled-e1705667588768.jpg 800w&quot;}\">\t\t\t\t\t\t\t\t\t<\/figure>\n\t\t\t<\/div>\n\t\t<\/div>\n\t\t\t\t\t<\/div>\n\t\t\t\t<div class=\"tb-carousel-nav\">\n\t\t<div class=\"dots\">\n\t\t\t<div class=\"dot active\"><\/div>\n\t\t\t<div class=\"dot\"><\/div>\n\t\t\t<div class=\"dot\"><\/div>\n\t\t<\/div>\n\t\t<div class=\"arrows\">\n\t\t\t<div class=\"prev disabled\">\n\t\t\t\t<span><i class=\"fa fa-chevron-left\"><\/i><\/span>\n\t\t\t<\/div>\n\t\t\t<div class=\"next\">\n\t\t\t\t<span><i class=\"fa fa-chevron-right\"><\/i><\/span>\n\t\t\t<\/div>\n\t\t<\/div>\n\t<\/div>\n\t\t\t<\/div>\n\t<\/div>\n\t\t\t\t\t\t\t\t\t\t\t\t\t<\/div>\n\t\t\t\t\t\t\t\t\t\t<\/div>\n\t\t\t\t\t\t\t\t\t<\/div>\n\t\t\t\t\t\t\t\t\t\t<div class=\"tb-popup-nav\">\n\t\t<a href=\"#\" class=\"tb-buttonlink-with-icon tb-buttonlink-with-arrow icon-first tb-popup-previous\">\n\t\t\t<i class=\"icon fa fa-chevron-left\"><\/i>\n\t\t\t<span>Vorige dag<\/span>\n\t\t<\/a>\n\t\t<a href=\"#\" class=\"tb-buttonlink-with-icon tb-buttonlink-with-arrow tb-popup-next\">\n\t\t\t<span>Volgende dag<\/span>\n\t\t\t<i class=\"icon fa fa-chevron-right\"><\/i>\n\t\t<\/a>\n\t<\/div>\n\t\n\t\t\t\t\t\t\t\t<\/div>\n\t\t\t\t\t\t\t<\/dialog>\n\t\t\t\t\t\t<\/div>\n\t\t\t\t\t\t\t\t\t\t\t<div class=\"tb-card entry tb-popup-trigger tb-unfold-on-hover\">\n\t\t\t\t\t\t\t<div class=\"tb-image-part\">\n\t\t\t\t\t\t\t\t<div class=\"tag\">\n\t\t\t\t\t\t\t\t\t<div>Dag 5<\/div>\n\t\t\t\t\t\t\t\t<\/div>\n\n\t\t\t\t\t\t\t\t<img src='https:\/\/tjt.travelblox.eu\/wp-content\/smush-webp\/sites\/78\/2024\/09\/JORDANTRAIL-105-1-768x1150.jpg.webp' width='768' height='1150' alt='Jordan Trail, Petra, Wadi Musa' srcset='https:\/\/tjt.travelblox.eu\/wp-content\/smush-webp\/sites\/78\/2024\/09\/JORDANTRAIL-105-1-768x1150.jpg.webp 768w, https:\/\/tjt.travelblox.eu\/wp-content\/smush-webp\/sites\/78\/2024\/09\/JORDANTRAIL-105-1-200x300.jpg.webp 200w, https:\/\/tjt.travelblox.eu\/wp-content\/smush-webp\/sites\/78\/2024\/09\/JORDANTRAIL-105-1-684x1024.jpg.webp 684w, https:\/\/tjt.travelblox.eu\/wp-content\/smush-webp\/sites\/78\/2024\/09\/JORDANTRAIL-105-1-1026x1536.jpg.webp 1026w, https:\/\/tjt.travelblox.eu\/wp-content\/smush-webp\/sites\/78\/2024\/09\/JORDANTRAIL-105-1-1368x2048.jpg.webp 1368w, https:\/\/tjt.travelblox.eu\/wp-content\/smush-webp\/sites\/78\/2024\/09\/JORDANTRAIL-105-1-8x12.jpg.webp 8w, https:\/\/tjt.travelblox.eu\/wp-content\/smush-webp\/sites\/78\/2024\/09\/JORDANTRAIL-105-1-scaled.jpg.webp 1710w' sizes=\"auto, (max-width: 768px) 100vw, 768px\" loading='lazy' decoding='async' data-smush-webp-fallback=\"{&quot;src&quot;:&quot;https:\\\/\\\/tjt.travelblox.eu\\\/wp-content\\\/uploads\\\/sites\\\/78\\\/2024\\\/09\\\/JORDANTRAIL-105-1-768x1150.jpg&quot;,&quot;srcset&quot;:&quot;https:\\\/\\\/tjt.travelblox.eu\\\/wp-content\\\/uploads\\\/sites\\\/78\\\/2024\\\/09\\\/JORDANTRAIL-105-1-768x1150.jpg 768w, https:\\\/\\\/tjt.travelblox.eu\\\/wp-content\\\/uploads\\\/sites\\\/78\\\/2024\\\/09\\\/JORDANTRAIL-105-1-200x300.jpg 200w, https:\\\/\\\/tjt.travelblox.eu\\\/wp-content\\\/uploads\\\/sites\\\/78\\\/2024\\\/09\\\/JORDANTRAIL-105-1-684x1024.jpg 684w, https:\\\/\\\/tjt.travelblox.eu\\\/wp-content\\\/uploads\\\/sites\\\/78\\\/2024\\\/09\\\/JORDANTRAIL-105-1-1026x1536.jpg 1026w, https:\\\/\\\/tjt.travelblox.eu\\\/wp-content\\\/uploads\\\/sites\\\/78\\\/2024\\\/09\\\/JORDANTRAIL-105-1-1368x2048.jpg 1368w, https:\\\/\\\/tjt.travelblox.eu\\\/wp-content\\\/uploads\\\/sites\\\/78\\\/2024\\\/09\\\/JORDANTRAIL-105-1-8x12.jpg 8w, https:\\\/\\\/tjt.travelblox.eu\\\/wp-content\\\/uploads\\\/sites\\\/78\\\/2024\\\/09\\\/JORDANTRAIL-105-1-scaled.jpg 1710w&quot;}\">\t\t\t\t\t\t\t<\/div>\n\t\t\t\t\t\t\t<div class=\"tb-card-bottom-wrapper\">\n\t\t\t\t\t\t\t\t<div class=\"tb-card-bottom\">\n\n\t\t\t\t\t\t\t\t\t<span class=\"tb-card-bottom__title\">\n\t\t\t\t\t\t\t\t\t\t<span class=\"tb-card-bottom__place\">\n\t\t\t\t\t\t\t\t\t\t\tUm Ratam\t\t\t\t\t\t\t\t\t\t\t\t\t\t\t\t\t\t\t\t\t\t\t&#8211; Al Baydha\t\t\t\t\t\t\t\t\t\t\t\t\t\t\t\t\t\t\t\t\t<\/span>\n\n\t\t\t\t\t\t\t\t\t<\/span>\n\t\t\t\t\t\t\t\t\t<div class=\"tb-card-bottom__content\">\n\t\t\t\t\t\t\t\t\t\t<div>\n\t\t\t\t\t\t\t\t\t\t\t\t\t\t\t\t\t\t\t\t\t\t\t\t\t\t\t<i class=\"icon fa-solid fa-tent fa-fw\" aria-hidden=\"true\"><\/i>\n\t\t\t 16 km\t\t\t\t\t\t\t\t\t\t\t\t\t\t\t\t\t\t\t\t\t<\/div>\n\t\t\t\t\t\t\t\t\t<\/div>\n\t\t\t\t\t\t\t\t\t<div class=\"tb-card-bottom__teaser tb-unfold-on-hover__content\" data-no-translation>\n\t\t\t\t\t\t\t\t\t\t\t\t\t\t\t\t\t\t\t\t\t\t\t\t\t\t\t\t\t\tWe verlaten het prachtige Um Ratam en klimmen tot we de oude karavaanroute Naqeb Slasel bereiken. Va&#8230; <span class=\"link\">Lees meer<\/span>\t\t\t\t\t\t\t\t\t<\/div>\n\t\t\t\t\t\t\t\t<\/div>\n\n\t\t\t\t\t\t\t<\/div>\n\t\t\t\t\t\t\t<dialog class=\"tb-popup tb-popup-with-padding tb-dayschedule-popup-wrapper\">\n\t\t\t\t\t\t\t\t<div class=\"tb-dayschedule-popup\">\n\t\t\t\t\t\t\t\t\t<h4>\n\t\t\t\t\t\t\t\t\t\t\t\t\t\t\t\t\t\t\t\t\t\t\t\t\t\t\t\t\t\t\t<div>\n\t\t\t\t\t\t\t\t\t\t\t\t\t\t\t\t\t\t\t\t\t\t\t\t\tUm Ratam\t\t\t\t\t\t\t\t\t\t\t\t\t\t\t\t\t\t\t\t\t\t\t\t\t\t\t\t\t\t\t\t\t\t\t\t\t\t\t\t\t\t\t\t\t\t\t\t\t\t\t<i class=\"icon fa-solid fa-arrow-right\"><\/i> Al Baydha\t\t\t\t\t\t\t\t\t\t\t\t\t\t\t\t\t\t\t\t\t\t\t\t\t\t\t\t\t\t\t\t\t\t\t\t<\/div>\n\t\t\t\t\t\t\t\t\t\t\t\t\t\t\t\t\t\t\t<\/h4>\n\t\t\t\t\t\t\t\t\t<div class=\"tb-columns\">\n\t\t\t\t\t\t\t\t\t\t<div class=\"tb-column tb-column--text\">\n\t\t\t\t\t\t\t\t\t\t\t<div class=\"text-part\">\n\t\t\t\t\t\t\t\t\t\t\t\t\t\t\t\t\t\t\t\t\t\t\t\t\t<div class=\"tb-dayschedule-popup__icons\">\n\t\t\t\t\t\t\t\t\t\t\t\t\t\t\t\t\t\t\t\t\t\t\t\t\t\t\t\t\t\t\t\t\t\t\t\t\t\t\t\t\t\t\t<div class=\"tb-dayschedule-popup__icon\">\n\t\t\t\t\t\t\t\t\t\t\t\t\t\t\t\t\t\t\t\t<i class=\"icon fa-solid fa-tent fa-fw\" aria-hidden=\"true\"><\/i>\n\t\t\t\t\t\t\t\t\t\t\t\t\t\t\t\t\t\t\t<span>\n\t\t\t\t\t\t\t\t\t\t\t\t\t\t\t\t\t16 km\t\t\t\t\t\t\t\t\t\t\t\t\t\t\t\t<\/span>\n\t\t\t\t\t\t\t\t\t\t\t\t\t\t\t<\/div>\n\t\t\t\t\t\t\t\t\t\t\t\t\t\t\t\t\t\t\t\t\t\t\t\t\t\t\t<\/div>\n\t\t\t\t\t\t\t\t\t\t\t\t\n\t\t\t\t\t\t\t\t\t\t\t\t\n\t\t\t\t\t\t\t\t\t\t\t\t<div>\n\t\t\t\t\t\t\t\t\t\t\t\t\t<strong>Dag 5<\/strong>\n\t\t\t\t\t\t\t\t\t\t\t\t\t\t<div class=\"translation-block\"><p>We verlaten het prachtige Um Ratam en klimmen tot we de <strong>oude karavaanroute Naqeb Slasel<\/strong> bereiken. Vandaag zullen we weer een verandering in omgeving zien en een indrukwekkend uitzichtpunt bereiken. Tegen het einde van de route zul je de stad <strong>Wadi Musa in de verte<\/strong> zien liggen. Langzaam aan keren we terug <strong>richting de bewoonde wereld<\/strong>.<\/p>\n<ul>\n<li>Afstand: 16 km<\/li>\n<li>Stijgen: 400 m<\/li>\n<li>Dalen: 300 m<\/li>\n<\/ul><\/div>\n\t\t\t\t\t\t\t\t\t\t\t\t\t<\/div>\n\n\n\t\t\t\t\t\t\t\t\t\t\t<\/div>\n\t\t\t\t\t\t\t\t\t\t<\/div>\n\t\t\t\t\t\t\t\t\t\t<div class=\"tb-column tb-column--image\">\n\n\t\t\t\t\t\t\t\t\t\t\t<div class=\"tb-image-part\">\n\t\t\t\t\t\t\t\t\t\t\t\t\t\t<div class=\"inner-block-full-width has-tb-carousel tb-carousel-slider\" >\n\t\t<div class=\"tb-carousel-container\">\n\t\t\t<div class=\"entries tb-cards\" data-slider-first=\"0\">\n\t\t\t\t\t\t\t<div class=\"entry\">\n\t\t\t<div class=\"tb-image-part\">\n\t\t\t\t<figure>\n\t\t\t\t\t<img src='https:\/\/tjt.travelblox.eu\/wp-content\/smush-webp\/sites\/78\/2024\/09\/JORDANTRAIL-105-1-684x1024.jpg.webp' width='684' height='1024' alt='Jordan Trail, Petra, Wadi Musa' srcset='https:\/\/tjt.travelblox.eu\/wp-content\/smush-webp\/sites\/78\/2024\/09\/JORDANTRAIL-105-1-684x1024.jpg.webp 684w, https:\/\/tjt.travelblox.eu\/wp-content\/smush-webp\/sites\/78\/2024\/09\/JORDANTRAIL-105-1-200x300.jpg.webp 200w, https:\/\/tjt.travelblox.eu\/wp-content\/smush-webp\/sites\/78\/2024\/09\/JORDANTRAIL-105-1-768x1150.jpg.webp 768w, https:\/\/tjt.travelblox.eu\/wp-content\/smush-webp\/sites\/78\/2024\/09\/JORDANTRAIL-105-1-1026x1536.jpg.webp 1026w, https:\/\/tjt.travelblox.eu\/wp-content\/smush-webp\/sites\/78\/2024\/09\/JORDANTRAIL-105-1-1368x2048.jpg.webp 1368w, https:\/\/tjt.travelblox.eu\/wp-content\/smush-webp\/sites\/78\/2024\/09\/JORDANTRAIL-105-1-8x12.jpg.webp 8w, https:\/\/tjt.travelblox.eu\/wp-content\/smush-webp\/sites\/78\/2024\/09\/JORDANTRAIL-105-1-scaled.jpg.webp 1710w' sizes=\"auto, (max-width: 684px) 100vw, 684px\" loading='lazy' decoding='async' data-smush-webp-fallback=\"{&quot;src&quot;:&quot;https:\\\/\\\/tjt.travelblox.eu\\\/wp-content\\\/uploads\\\/sites\\\/78\\\/2024\\\/09\\\/JORDANTRAIL-105-1-684x1024.jpg&quot;,&quot;srcset&quot;:&quot;https:\\\/\\\/tjt.travelblox.eu\\\/wp-content\\\/uploads\\\/sites\\\/78\\\/2024\\\/09\\\/JORDANTRAIL-105-1-684x1024.jpg 684w, https:\\\/\\\/tjt.travelblox.eu\\\/wp-content\\\/uploads\\\/sites\\\/78\\\/2024\\\/09\\\/JORDANTRAIL-105-1-200x300.jpg 200w, https:\\\/\\\/tjt.travelblox.eu\\\/wp-content\\\/uploads\\\/sites\\\/78\\\/2024\\\/09\\\/JORDANTRAIL-105-1-768x1150.jpg 768w, https:\\\/\\\/tjt.travelblox.eu\\\/wp-content\\\/uploads\\\/sites\\\/78\\\/2024\\\/09\\\/JORDANTRAIL-105-1-1026x1536.jpg 1026w, https:\\\/\\\/tjt.travelblox.eu\\\/wp-content\\\/uploads\\\/sites\\\/78\\\/2024\\\/09\\\/JORDANTRAIL-105-1-1368x2048.jpg 1368w, https:\\\/\\\/tjt.travelblox.eu\\\/wp-content\\\/uploads\\\/sites\\\/78\\\/2024\\\/09\\\/JORDANTRAIL-105-1-8x12.jpg 8w, https:\\\/\\\/tjt.travelblox.eu\\\/wp-content\\\/uploads\\\/sites\\\/78\\\/2024\\\/09\\\/JORDANTRAIL-105-1-scaled.jpg 1710w&quot;}\">\t\t\t\t\t\t\t\t\t<\/figure>\n\t\t\t<\/div>\n\t\t<\/div>\n\t\t\t<div class=\"entry\">\n\t\t\t<div class=\"tb-image-part\">\n\t\t\t\t<figure>\n\t\t\t\t\t<img src='https:\/\/tjt.travelblox.eu\/wp-content\/smush-webp\/sites\/78\/2024\/01\/Jordanie-Jordan-Trail-Travelbase-\u00a9-Trekking-et-Voyage-175625-1024x768.jpg.webp' width='1024' height='768' alt='Jordan Trail, Petra, Wadi Musa' srcset='https:\/\/tjt.travelblox.eu\/wp-content\/smush-webp\/sites\/78\/2024\/01\/Jordanie-Jordan-Trail-Travelbase-\u00a9-Trekking-et-Voyage-175625-1024x768.jpg.webp 1024w, https:\/\/tjt.travelblox.eu\/wp-content\/smush-webp\/sites\/78\/2024\/01\/Jordanie-Jordan-Trail-Travelbase-\u00a9-Trekking-et-Voyage-175625-300x225.jpg.webp 300w, https:\/\/tjt.travelblox.eu\/wp-content\/smush-webp\/sites\/78\/2024\/01\/Jordanie-Jordan-Trail-Travelbase-\u00a9-Trekking-et-Voyage-175625-768x576.jpg.webp 768w, https:\/\/tjt.travelblox.eu\/wp-content\/smush-webp\/sites\/78\/2024\/01\/Jordanie-Jordan-Trail-Travelbase-\u00a9-Trekking-et-Voyage-175625-1536x1152.jpg.webp 1536w, https:\/\/tjt.travelblox.eu\/wp-content\/smush-webp\/sites\/78\/2024\/01\/Jordanie-Jordan-Trail-Travelbase-\u00a9-Trekking-et-Voyage-175625-2048x1536.jpg.webp 2048w, https:\/\/tjt.travelblox.eu\/wp-content\/smush-webp\/sites\/78\/2024\/01\/Jordanie-Jordan-Trail-Travelbase-\u00a9-Trekking-et-Voyage-175625-16x12.jpg.webp 16w, https:\/\/tjt.travelblox.eu\/wp-content\/smush-webp\/sites\/78\/2024\/01\/Jordanie-Jordan-Trail-Travelbase-\u00a9-Trekking-et-Voyage-175625-scaled-e1705667933827.jpg.webp 800w' sizes=\"auto, (max-width: 1024px) 100vw, 1024px\" loading='lazy' decoding='async' data-smush-webp-fallback=\"{&quot;src&quot;:&quot;https:\\\/\\\/tjt.travelblox.eu\\\/wp-content\\\/uploads\\\/sites\\\/78\\\/2024\\\/01\\\/Jordanie-Jordan-Trail-Travelbase-\\u00a9-Trekking-et-Voyage-175625-1024x768.jpg&quot;,&quot;srcset&quot;:&quot;https:\\\/\\\/tjt.travelblox.eu\\\/wp-content\\\/uploads\\\/sites\\\/78\\\/2024\\\/01\\\/Jordanie-Jordan-Trail-Travelbase-\\u00a9-Trekking-et-Voyage-175625-1024x768.jpg 1024w, https:\\\/\\\/tjt.travelblox.eu\\\/wp-content\\\/uploads\\\/sites\\\/78\\\/2024\\\/01\\\/Jordanie-Jordan-Trail-Travelbase-\\u00a9-Trekking-et-Voyage-175625-300x225.jpg 300w, https:\\\/\\\/tjt.travelblox.eu\\\/wp-content\\\/uploads\\\/sites\\\/78\\\/2024\\\/01\\\/Jordanie-Jordan-Trail-Travelbase-\\u00a9-Trekking-et-Voyage-175625-768x576.jpg 768w, https:\\\/\\\/tjt.travelblox.eu\\\/wp-content\\\/uploads\\\/sites\\\/78\\\/2024\\\/01\\\/Jordanie-Jordan-Trail-Travelbase-\\u00a9-Trekking-et-Voyage-175625-1536x1152.jpg 1536w, https:\\\/\\\/tjt.travelblox.eu\\\/wp-content\\\/uploads\\\/sites\\\/78\\\/2024\\\/01\\\/Jordanie-Jordan-Trail-Travelbase-\\u00a9-Trekking-et-Voyage-175625-2048x1536.jpg 2048w, https:\\\/\\\/tjt.travelblox.eu\\\/wp-content\\\/uploads\\\/sites\\\/78\\\/2024\\\/01\\\/Jordanie-Jordan-Trail-Travelbase-\\u00a9-Trekking-et-Voyage-175625-16x12.jpg 16w, https:\\\/\\\/tjt.travelblox.eu\\\/wp-content\\\/uploads\\\/sites\\\/78\\\/2024\\\/01\\\/Jordanie-Jordan-Trail-Travelbase-\\u00a9-Trekking-et-Voyage-175625-scaled-e1705667933827.jpg 800w&quot;}\">\t\t\t\t\t\t\t\t\t<\/figure>\n\t\t\t<\/div>\n\t\t<\/div>\n\t\t\t<div class=\"entry\">\n\t\t\t<div class=\"tb-image-part\">\n\t\t\t\t<figure>\n\t\t\t\t\t<img src='https:\/\/tjt.travelblox.eu\/wp-content\/smush-webp\/sites\/78\/2024\/01\/theJordanTrail-6128-683x1024.jpg.webp' width='683' height='1024' alt='Jordan Trail, Petra, Wadi Musa' srcset='https:\/\/tjt.travelblox.eu\/wp-content\/smush-webp\/sites\/78\/2024\/01\/theJordanTrail-6128-683x1024.jpg.webp 683w, https:\/\/tjt.travelblox.eu\/wp-content\/smush-webp\/sites\/78\/2024\/01\/theJordanTrail-6128-200x300.jpg.webp 200w, https:\/\/tjt.travelblox.eu\/wp-content\/smush-webp\/sites\/78\/2024\/01\/theJordanTrail-6128-768x1152.jpg.webp 768w, https:\/\/tjt.travelblox.eu\/wp-content\/smush-webp\/sites\/78\/2024\/01\/theJordanTrail-6128-1024x1536.jpg.webp 1024w, https:\/\/tjt.travelblox.eu\/wp-content\/smush-webp\/sites\/78\/2024\/01\/theJordanTrail-6128-1365x2048.jpg.webp 1365w, https:\/\/tjt.travelblox.eu\/wp-content\/smush-webp\/sites\/78\/2024\/01\/theJordanTrail-6128-8x12.jpg.webp 8w, https:\/\/tjt.travelblox.eu\/wp-content\/smush-webp\/sites\/78\/2024\/01\/theJordanTrail-6128-scaled-e1705667911545.jpg.webp 800w' sizes=\"auto, (max-width: 683px) 100vw, 683px\" loading='lazy' decoding='async' data-smush-webp-fallback=\"{&quot;src&quot;:&quot;https:\\\/\\\/tjt.travelblox.eu\\\/wp-content\\\/uploads\\\/sites\\\/78\\\/2024\\\/01\\\/theJordanTrail-6128-683x1024.jpg&quot;,&quot;srcset&quot;:&quot;https:\\\/\\\/tjt.travelblox.eu\\\/wp-content\\\/uploads\\\/sites\\\/78\\\/2024\\\/01\\\/theJordanTrail-6128-683x1024.jpg 683w, https:\\\/\\\/tjt.travelblox.eu\\\/wp-content\\\/uploads\\\/sites\\\/78\\\/2024\\\/01\\\/theJordanTrail-6128-200x300.jpg 200w, https:\\\/\\\/tjt.travelblox.eu\\\/wp-content\\\/uploads\\\/sites\\\/78\\\/2024\\\/01\\\/theJordanTrail-6128-768x1152.jpg 768w, https:\\\/\\\/tjt.travelblox.eu\\\/wp-content\\\/uploads\\\/sites\\\/78\\\/2024\\\/01\\\/theJordanTrail-6128-1024x1536.jpg 1024w, https:\\\/\\\/tjt.travelblox.eu\\\/wp-content\\\/uploads\\\/sites\\\/78\\\/2024\\\/01\\\/theJordanTrail-6128-1365x2048.jpg 1365w, https:\\\/\\\/tjt.travelblox.eu\\\/wp-content\\\/uploads\\\/sites\\\/78\\\/2024\\\/01\\\/theJordanTrail-6128-8x12.jpg 8w, https:\\\/\\\/tjt.travelblox.eu\\\/wp-content\\\/uploads\\\/sites\\\/78\\\/2024\\\/01\\\/theJordanTrail-6128-scaled-e1705667911545.jpg 800w&quot;}\">\t\t\t\t\t\t\t\t\t<\/figure>\n\t\t\t<\/div>\n\t\t<\/div>\n\t\t\t\t\t<\/div>\n\t\t\t\t<div class=\"tb-carousel-nav\">\n\t\t<div class=\"dots\">\n\t\t\t<div class=\"dot active\"><\/div>\n\t\t\t<div class=\"dot\"><\/div>\n\t\t\t<div class=\"dot\"><\/div>\n\t\t<\/div>\n\t\t<div class=\"arrows\">\n\t\t\t<div class=\"prev disabled\">\n\t\t\t\t<span><i class=\"fa fa-chevron-left\"><\/i><\/span>\n\t\t\t<\/div>\n\t\t\t<div class=\"next\">\n\t\t\t\t<span><i class=\"fa fa-chevron-right\"><\/i><\/span>\n\t\t\t<\/div>\n\t\t<\/div>\n\t<\/div>\n\t\t\t<\/div>\n\t<\/div>\n\t\t\t\t\t\t\t\t\t\t\t\t\t<\/div>\n\t\t\t\t\t\t\t\t\t\t<\/div>\n\t\t\t\t\t\t\t\t\t<\/div>\n\t\t\t\t\t\t\t\t\t\t<div class=\"tb-popup-nav\">\n\t\t<a href=\"#\" class=\"tb-buttonlink-with-icon tb-buttonlink-with-arrow icon-first tb-popup-previous\">\n\t\t\t<i class=\"icon fa fa-chevron-left\"><\/i>\n\t\t\t<span>Vorige dag<\/span>\n\t\t<\/a>\n\t\t<a href=\"#\" class=\"tb-buttonlink-with-icon tb-buttonlink-with-arrow tb-popup-next\">\n\t\t\t<span>Volgende dag<\/span>\n\t\t\t<i class=\"icon fa fa-chevron-right\"><\/i>\n\t\t<\/a>\n\t<\/div>\n\t\n\t\t\t\t\t\t\t\t<\/div>\n\t\t\t\t\t\t\t<\/dialog>\n\t\t\t\t\t\t<\/div>\n\t\t\t\t\t\t\t\t\t\t\t<div class=\"tb-card entry tb-popup-trigger tb-unfold-on-hover\">\n\t\t\t\t\t\t\t<div class=\"tb-image-part\">\n\t\t\t\t\t\t\t\t<div class=\"tag\">\n\t\t\t\t\t\t\t\t\t<div>Dag 6<\/div>\n\t\t\t\t\t\t\t\t<\/div>\n\n\t\t\t\t\t\t\t\t<img src='https:\/\/tjt.travelblox.eu\/wp-content\/smush-webp\/sites\/78\/2024\/09\/theJordanTrail-6469-768x512.jpg.webp' width='768' height='512' alt='Jordan Trail, Petra, Wadi Musa, The Monastery' srcset='https:\/\/tjt.travelblox.eu\/wp-content\/smush-webp\/sites\/78\/2024\/09\/theJordanTrail-6469-768x512.jpg.webp 768w, https:\/\/tjt.travelblox.eu\/wp-content\/smush-webp\/sites\/78\/2024\/09\/theJordanTrail-6469-300x200.jpg.webp 300w, https:\/\/tjt.travelblox.eu\/wp-content\/smush-webp\/sites\/78\/2024\/09\/theJordanTrail-6469-1024x683.jpg.webp 1024w, https:\/\/tjt.travelblox.eu\/wp-content\/smush-webp\/sites\/78\/2024\/09\/theJordanTrail-6469-1536x1024.jpg.webp 1536w, https:\/\/tjt.travelblox.eu\/wp-content\/smush-webp\/sites\/78\/2024\/09\/theJordanTrail-6469-2048x1365.jpg.webp 2048w, https:\/\/tjt.travelblox.eu\/wp-content\/smush-webp\/sites\/78\/2024\/09\/theJordanTrail-6469-18x12.jpg.webp 18w' sizes=\"auto, (max-width: 768px) 100vw, 768px\" loading='lazy' decoding='async' data-smush-webp-fallback=\"{&quot;src&quot;:&quot;https:\\\/\\\/tjt.travelblox.eu\\\/wp-content\\\/uploads\\\/sites\\\/78\\\/2024\\\/09\\\/theJordanTrail-6469-768x512.jpg&quot;,&quot;srcset&quot;:&quot;https:\\\/\\\/tjt.travelblox.eu\\\/wp-content\\\/uploads\\\/sites\\\/78\\\/2024\\\/09\\\/theJordanTrail-6469-768x512.jpg 768w, https:\\\/\\\/tjt.travelblox.eu\\\/wp-content\\\/uploads\\\/sites\\\/78\\\/2024\\\/09\\\/theJordanTrail-6469-300x200.jpg 300w, https:\\\/\\\/tjt.travelblox.eu\\\/wp-content\\\/uploads\\\/sites\\\/78\\\/2024\\\/09\\\/theJordanTrail-6469-1024x683.jpg 1024w, https:\\\/\\\/tjt.travelblox.eu\\\/wp-content\\\/uploads\\\/sites\\\/78\\\/2024\\\/09\\\/theJordanTrail-6469-1536x1024.jpg 1536w, https:\\\/\\\/tjt.travelblox.eu\\\/wp-content\\\/uploads\\\/sites\\\/78\\\/2024\\\/09\\\/theJordanTrail-6469-2048x1365.jpg 2048w, https:\\\/\\\/tjt.travelblox.eu\\\/wp-content\\\/uploads\\\/sites\\\/78\\\/2024\\\/09\\\/theJordanTrail-6469-18x12.jpg 18w&quot;}\">\t\t\t\t\t\t\t<\/div>\n\t\t\t\t\t\t\t<div class=\"tb-card-bottom-wrapper\">\n\t\t\t\t\t\t\t\t<div class=\"tb-card-bottom\">\n\n\t\t\t\t\t\t\t\t\t<span class=\"tb-card-bottom__title\">\n\t\t\t\t\t\t\t\t\t\t<span class=\"tb-card-bottom__place\">\n\t\t\t\t\t\t\t\t\t\t\tAl Baydha\t\t\t\t\t\t\t\t\t\t\t\t\t\t\t\t\t\t\t\t\t\t\t&#8211; Petra\t\t\t\t\t\t\t\t\t\t\t\t\t\t\t\t\t\t\t\t\t<\/span>\n\n\t\t\t\t\t\t\t\t\t<\/span>\n\t\t\t\t\t\t\t\t\t<div class=\"tb-card-bottom__content\">\n\t\t\t\t\t\t\t\t\t\t<div>\n\t\t\t\t\t\t\t\t\t\t\t\t\t\t\t\t\t\t\t\t\t\t\t\t\t\t\t<i class=\"icon fa-solid fa-bed fa-fw\" aria-hidden=\"true\"><\/i>\n\t\t\t 16 km\t\t\t\t\t\t\t\t\t\t\t\t\t\t\t\t\t\t\t\t\t<\/div>\n\t\t\t\t\t\t\t\t\t<\/div>\n\t\t\t\t\t\t\t\t\t<div class=\"tb-card-bottom__teaser tb-unfold-on-hover__content\" data-no-translation>\n\t\t\t\t\t\t\t\t\t\t\t\t\t\t\t\t\t\t\t\t\t\t\t\t\t\t\t\t\t\tNa vijf dagen hiken bereiken we vandaag de bewoonde wereld en stappen we via de \u201cachterdeur\u201d het eeu&#8230; <span class=\"link\">Lees meer<\/span>\t\t\t\t\t\t\t\t\t<\/div>\n\t\t\t\t\t\t\t\t<\/div>\n\n\t\t\t\t\t\t\t<\/div>\n\t\t\t\t\t\t\t<dialog class=\"tb-popup tb-popup-with-padding tb-dayschedule-popup-wrapper\">\n\t\t\t\t\t\t\t\t<div class=\"tb-dayschedule-popup\">\n\t\t\t\t\t\t\t\t\t<h4>\n\t\t\t\t\t\t\t\t\t\t\t\t\t\t\t\t\t\t\t\t\t\t\t\t\t\t\t\t\t\t\t<div>\n\t\t\t\t\t\t\t\t\t\t\t\t\t\t\t\t\t\t\t\t\t\t\t\t\tAl Baydha\t\t\t\t\t\t\t\t\t\t\t\t\t\t\t\t\t\t\t\t\t\t\t\t\t\t\t\t\t\t\t\t\t\t\t\t\t\t\t\t\t\t\t\t\t\t\t\t\t\t\t<i class=\"icon fa-solid fa-arrow-right\"><\/i> Petra\t\t\t\t\t\t\t\t\t\t\t\t\t\t\t\t\t\t\t\t\t\t\t\t\t\t\t\t\t\t\t\t\t\t\t\t<\/div>\n\t\t\t\t\t\t\t\t\t\t\t\t\t\t\t\t\t\t\t<\/h4>\n\t\t\t\t\t\t\t\t\t<div class=\"tb-columns\">\n\t\t\t\t\t\t\t\t\t\t<div class=\"tb-column tb-column--text\">\n\t\t\t\t\t\t\t\t\t\t\t<div class=\"text-part\">\n\t\t\t\t\t\t\t\t\t\t\t\t\t\t\t\t\t\t\t\t\t\t\t\t\t<div class=\"tb-dayschedule-popup__icons\">\n\t\t\t\t\t\t\t\t\t\t\t\t\t\t\t\t\t\t\t\t\t\t\t\t\t\t\t\t\t\t\t\t\t\t\t\t\t\t\t\t\t\t\t<div class=\"tb-dayschedule-popup__icon\">\n\t\t\t\t\t\t\t\t\t\t\t\t\t\t\t\t\t\t\t\t<i class=\"icon fa-solid fa-bed fa-fw\" aria-hidden=\"true\"><\/i>\n\t\t\t\t\t\t\t\t\t\t\t\t\t\t\t\t\t\t\t<span>\n\t\t\t\t\t\t\t\t\t\t\t\t\t\t\t\t\t16 km\t\t\t\t\t\t\t\t\t\t\t\t\t\t\t\t<\/span>\n\t\t\t\t\t\t\t\t\t\t\t\t\t\t\t<\/div>\n\t\t\t\t\t\t\t\t\t\t\t\t\t\t\t\t\t\t\t\t\t\t\t\t\t\t\t<\/div>\n\t\t\t\t\t\t\t\t\t\t\t\t\n\t\t\t\t\t\t\t\t\t\t\t\t\n\t\t\t\t\t\t\t\t\t\t\t\t<div>\n\t\t\t\t\t\t\t\t\t\t\t\t\t<strong>Dag 6<\/strong>\n\t\t\t\t\t\t\t\t\t\t\t\t\t\t<div class=\"translation-block\"><p>Na vijf dagen hiken bereiken we vandaag de bewoonde wereld en stappen we <strong>via de \u201cachterdeur\u201d het eeuwenoude Petra binnen<\/strong> &#8211; \u00e9\u00e9n van de zeven moderne wereldwonderen. Petra bestaat uit verschillende delen en is een echte stad uit de oudheid. Omdat je via de achterkant binnenkomt, bewonder je vandaag <strong>The Monastery<\/strong>. We wandelen via de trapjes verder naar beneden, waarna het laatste gedeelte van de trail je voert door de <strong>Rainbow Canyon<\/strong>.<\/p>\n<p>The Treasury bewaren we tot morgenvroeg. Zo ontwijk je de massa aan toeristen en kan je deze iconische plek in alle rust ontdekken en fotograferen.<\/p>\n<p>Na aankomst in ons <strong>hotel in Wadi Musa<\/strong> heb je de rest van de dag vrij. Veel deelnemers kiezen ervoor om te ontspannen in een <strong>traditionele hammam<\/strong>, maar wie wil kan vandaag al The Treasury bezoeken &#8211; je ticket is geldig voor beide dagen.<\/p>\n<ul>\n<li>Afstand: 16 km<\/li>\n<li>Stijgen: 400 m<\/li>\n<li>Dalen: 400 m<\/li>\n<\/ul><\/div>\n\t\t\t\t\t\t\t\t\t\t\t\t\t<\/div>\n\n\n\t\t\t\t\t\t\t\t\t\t\t<\/div>\n\t\t\t\t\t\t\t\t\t\t<\/div>\n\t\t\t\t\t\t\t\t\t\t<div class=\"tb-column tb-column--image\">\n\n\t\t\t\t\t\t\t\t\t\t\t<div class=\"tb-image-part\">\n\t\t\t\t\t\t\t\t\t\t\t\t\t\t<div class=\"inner-block-full-width has-tb-carousel tb-carousel-slider\" >\n\t\t<div class=\"tb-carousel-container\">\n\t\t\t<div class=\"entries tb-cards\" data-slider-first=\"0\">\n\t\t\t\t\t\t\t<div class=\"entry\">\n\t\t\t<div class=\"tb-image-part\">\n\t\t\t\t<figure>\n\t\t\t\t\t<img src='https:\/\/tjt.travelblox.eu\/wp-content\/smush-webp\/sites\/78\/2024\/09\/theJordanTrail-6469-1024x683.jpg.webp' width='1024' height='683' alt='Jordan Trail, Petra, Wadi Musa, The Monastery' srcset='https:\/\/tjt.travelblox.eu\/wp-content\/smush-webp\/sites\/78\/2024\/09\/theJordanTrail-6469-1024x683.jpg.webp 1024w, https:\/\/tjt.travelblox.eu\/wp-content\/smush-webp\/sites\/78\/2024\/09\/theJordanTrail-6469-300x200.jpg.webp 300w, https:\/\/tjt.travelblox.eu\/wp-content\/smush-webp\/sites\/78\/2024\/09\/theJordanTrail-6469-768x512.jpg.webp 768w, https:\/\/tjt.travelblox.eu\/wp-content\/smush-webp\/sites\/78\/2024\/09\/theJordanTrail-6469-1536x1024.jpg.webp 1536w, https:\/\/tjt.travelblox.eu\/wp-content\/smush-webp\/sites\/78\/2024\/09\/theJordanTrail-6469-2048x1365.jpg.webp 2048w, https:\/\/tjt.travelblox.eu\/wp-content\/smush-webp\/sites\/78\/2024\/09\/theJordanTrail-6469-18x12.jpg.webp 18w' sizes=\"auto, (max-width: 1024px) 100vw, 1024px\" loading='lazy' decoding='async' data-smush-webp-fallback=\"{&quot;src&quot;:&quot;https:\\\/\\\/tjt.travelblox.eu\\\/wp-content\\\/uploads\\\/sites\\\/78\\\/2024\\\/09\\\/theJordanTrail-6469-1024x683.jpg&quot;,&quot;srcset&quot;:&quot;https:\\\/\\\/tjt.travelblox.eu\\\/wp-content\\\/uploads\\\/sites\\\/78\\\/2024\\\/09\\\/theJordanTrail-6469-1024x683.jpg 1024w, https:\\\/\\\/tjt.travelblox.eu\\\/wp-content\\\/uploads\\\/sites\\\/78\\\/2024\\\/09\\\/theJordanTrail-6469-300x200.jpg 300w, https:\\\/\\\/tjt.travelblox.eu\\\/wp-content\\\/uploads\\\/sites\\\/78\\\/2024\\\/09\\\/theJordanTrail-6469-768x512.jpg 768w, https:\\\/\\\/tjt.travelblox.eu\\\/wp-content\\\/uploads\\\/sites\\\/78\\\/2024\\\/09\\\/theJordanTrail-6469-1536x1024.jpg 1536w, https:\\\/\\\/tjt.travelblox.eu\\\/wp-content\\\/uploads\\\/sites\\\/78\\\/2024\\\/09\\\/theJordanTrail-6469-2048x1365.jpg 2048w, https:\\\/\\\/tjt.travelblox.eu\\\/wp-content\\\/uploads\\\/sites\\\/78\\\/2024\\\/09\\\/theJordanTrail-6469-18x12.jpg 18w&quot;}\">\t\t\t\t\t\t\t\t\t<\/figure>\n\t\t\t<\/div>\n\t\t<\/div>\n\t\t\t<div class=\"entry\">\n\t\t\t<div class=\"tb-image-part\">\n\t\t\t\t<figure>\n\t\t\t\t\t<img src='https:\/\/tjt.travelblox.eu\/wp-content\/smush-webp\/sites\/78\/2024\/09\/IMG_0358-1-1024x683.jpg.webp' width='1024' height='683' alt='Jordan Trail, Petra, Wadi Musa, The Monastery' srcset='https:\/\/tjt.travelblox.eu\/wp-content\/smush-webp\/sites\/78\/2024\/09\/IMG_0358-1-1024x683.jpg.webp 1024w, https:\/\/tjt.travelblox.eu\/wp-content\/smush-webp\/sites\/78\/2024\/09\/IMG_0358-1-300x200.jpg.webp 300w, https:\/\/tjt.travelblox.eu\/wp-content\/smush-webp\/sites\/78\/2024\/09\/IMG_0358-1-768x512.jpg.webp 768w, https:\/\/tjt.travelblox.eu\/wp-content\/smush-webp\/sites\/78\/2024\/09\/IMG_0358-1-1536x1024.jpg.webp 1536w, https:\/\/tjt.travelblox.eu\/wp-content\/smush-webp\/sites\/78\/2024\/09\/IMG_0358-1-2048x1366.jpg.webp 2048w, https:\/\/tjt.travelblox.eu\/wp-content\/smush-webp\/sites\/78\/2024\/09\/IMG_0358-1-18x12.jpg.webp 18w' sizes=\"auto, (max-width: 1024px) 100vw, 1024px\" loading='lazy' decoding='async' data-smush-webp-fallback=\"{&quot;src&quot;:&quot;https:\\\/\\\/tjt.travelblox.eu\\\/wp-content\\\/uploads\\\/sites\\\/78\\\/2024\\\/09\\\/IMG_0358-1-1024x683.jpg&quot;,&quot;srcset&quot;:&quot;https:\\\/\\\/tjt.travelblox.eu\\\/wp-content\\\/uploads\\\/sites\\\/78\\\/2024\\\/09\\\/IMG_0358-1-1024x683.jpg 1024w, https:\\\/\\\/tjt.travelblox.eu\\\/wp-content\\\/uploads\\\/sites\\\/78\\\/2024\\\/09\\\/IMG_0358-1-300x200.jpg 300w, https:\\\/\\\/tjt.travelblox.eu\\\/wp-content\\\/uploads\\\/sites\\\/78\\\/2024\\\/09\\\/IMG_0358-1-768x512.jpg 768w, https:\\\/\\\/tjt.travelblox.eu\\\/wp-content\\\/uploads\\\/sites\\\/78\\\/2024\\\/09\\\/IMG_0358-1-1536x1024.jpg 1536w, https:\\\/\\\/tjt.travelblox.eu\\\/wp-content\\\/uploads\\\/sites\\\/78\\\/2024\\\/09\\\/IMG_0358-1-2048x1366.jpg 2048w, https:\\\/\\\/tjt.travelblox.eu\\\/wp-content\\\/uploads\\\/sites\\\/78\\\/2024\\\/09\\\/IMG_0358-1-18x12.jpg 18w&quot;}\">\t\t\t\t\t\t\t\t\t<\/figure>\n\t\t\t<\/div>\n\t\t<\/div>\n\t\t\t<div class=\"entry\">\n\t\t\t<div class=\"tb-image-part\">\n\t\t\t\t<figure>\n\t\t\t\t\t<img src='https:\/\/tjt.travelblox.eu\/wp-content\/smush-webp\/sites\/78\/2024\/01\/JT23_RoyMosterd_LR_4151937-768x1024.jpg.webp' width='768' height='1024' alt='Jordan Trail, Petra, Wadi Musa, The Monastery' srcset='https:\/\/tjt.travelblox.eu\/wp-content\/smush-webp\/sites\/78\/2024\/01\/JT23_RoyMosterd_LR_4151937-768x1024.jpg.webp 768w, https:\/\/tjt.travelblox.eu\/wp-content\/smush-webp\/sites\/78\/2024\/01\/JT23_RoyMosterd_LR_4151937-225x300.jpg.webp 225w, https:\/\/tjt.travelblox.eu\/wp-content\/smush-webp\/sites\/78\/2024\/01\/JT23_RoyMosterd_LR_4151937-1152x1536.jpg.webp 1152w, https:\/\/tjt.travelblox.eu\/wp-content\/smush-webp\/sites\/78\/2024\/01\/JT23_RoyMosterd_LR_4151937-1536x2048.jpg.webp 1536w, https:\/\/tjt.travelblox.eu\/wp-content\/smush-webp\/sites\/78\/2024\/01\/JT23_RoyMosterd_LR_4151937-9x12.jpg.webp 9w, https:\/\/tjt.travelblox.eu\/wp-content\/smush-webp\/sites\/78\/2024\/01\/JT23_RoyMosterd_LR_4151937-scaled-e1705668433948.jpg.webp 800w' sizes=\"auto, (max-width: 768px) 100vw, 768px\" loading='lazy' decoding='async' data-smush-webp-fallback=\"{&quot;src&quot;:&quot;https:\\\/\\\/tjt.travelblox.eu\\\/wp-content\\\/uploads\\\/sites\\\/78\\\/2024\\\/01\\\/JT23_RoyMosterd_LR_4151937-768x1024.jpg&quot;,&quot;srcset&quot;:&quot;https:\\\/\\\/tjt.travelblox.eu\\\/wp-content\\\/uploads\\\/sites\\\/78\\\/2024\\\/01\\\/JT23_RoyMosterd_LR_4151937-768x1024.jpg 768w, https:\\\/\\\/tjt.travelblox.eu\\\/wp-content\\\/uploads\\\/sites\\\/78\\\/2024\\\/01\\\/JT23_RoyMosterd_LR_4151937-225x300.jpg 225w, https:\\\/\\\/tjt.travelblox.eu\\\/wp-content\\\/uploads\\\/sites\\\/78\\\/2024\\\/01\\\/JT23_RoyMosterd_LR_4151937-1152x1536.jpg 1152w, https:\\\/\\\/tjt.travelblox.eu\\\/wp-content\\\/uploads\\\/sites\\\/78\\\/2024\\\/01\\\/JT23_RoyMosterd_LR_4151937-1536x2048.jpg 1536w, https:\\\/\\\/tjt.travelblox.eu\\\/wp-content\\\/uploads\\\/sites\\\/78\\\/2024\\\/01\\\/JT23_RoyMosterd_LR_4151937-9x12.jpg 9w, https:\\\/\\\/tjt.travelblox.eu\\\/wp-content\\\/uploads\\\/sites\\\/78\\\/2024\\\/01\\\/JT23_RoyMosterd_LR_4151937-scaled-e1705668433948.jpg 800w&quot;}\">\t\t\t\t\t\t\t\t\t<\/figure>\n\t\t\t<\/div>\n\t\t<\/div>\n\t\t\t\t\t<\/div>\n\t\t\t\t<div class=\"tb-carousel-nav\">\n\t\t<div class=\"dots\">\n\t\t\t<div class=\"dot active\"><\/div>\n\t\t\t<div class=\"dot\"><\/div>\n\t\t\t<div class=\"dot\"><\/div>\n\t\t<\/div>\n\t\t<div class=\"arrows\">\n\t\t\t<div class=\"prev disabled\">\n\t\t\t\t<span><i class=\"fa fa-chevron-left\"><\/i><\/span>\n\t\t\t<\/div>\n\t\t\t<div class=\"next\">\n\t\t\t\t<span><i class=\"fa fa-chevron-right\"><\/i><\/span>\n\t\t\t<\/div>\n\t\t<\/div>\n\t<\/div>\n\t\t\t<\/div>\n\t<\/div>\n\t\t\t\t\t\t\t\t\t\t\t\t\t<\/div>\n\t\t\t\t\t\t\t\t\t\t<\/div>\n\t\t\t\t\t\t\t\t\t<\/div>\n\t\t\t\t\t\t\t\t\t\t<div class=\"tb-popup-nav\">\n\t\t<a href=\"#\" class=\"tb-buttonlink-with-icon tb-buttonlink-with-arrow icon-first tb-popup-previous\">\n\t\t\t<i class=\"icon fa fa-chevron-left\"><\/i>\n\t\t\t<span>Vorige dag<\/span>\n\t\t<\/a>\n\t\t<a href=\"#\" class=\"tb-buttonlink-with-icon tb-buttonlink-with-arrow tb-popup-next\">\n\t\t\t<span>Volgende dag<\/span>\n\t\t\t<i class=\"icon fa fa-chevron-right\"><\/i>\n\t\t<\/a>\n\t<\/div>\n\t\n\t\t\t\t\t\t\t\t<\/div>\n\t\t\t\t\t\t\t<\/dialog>\n\t\t\t\t\t\t<\/div>\n\t\t\t\t\t\t\t\t\t\t\t<div class=\"tb-card entry tb-popup-trigger tb-unfold-on-hover\">\n\t\t\t\t\t\t\t<div class=\"tb-image-part\">\n\t\t\t\t\t\t\t\t<div class=\"tag\">\n\t\t\t\t\t\t\t\t\t<div>Dag 7<\/div>\n\t\t\t\t\t\t\t\t<\/div>\n\n\t\t\t\t\t\t\t\t<img src='https:\/\/tjt.travelblox.eu\/wp-content\/smush-webp\/sites\/78\/2024\/09\/TJT23_EvyVanNispen_LR-377-768x1152.jpg.webp' width='768' height='1152' alt='Jordan Trail, Petra, The Treasury' srcset='https:\/\/tjt.travelblox.eu\/wp-content\/smush-webp\/sites\/78\/2024\/09\/TJT23_EvyVanNispen_LR-377-768x1152.jpg.webp 768w, https:\/\/tjt.travelblox.eu\/wp-content\/smush-webp\/sites\/78\/2024\/09\/TJT23_EvyVanNispen_LR-377-200x300.jpg.webp 200w, https:\/\/tjt.travelblox.eu\/wp-content\/smush-webp\/sites\/78\/2024\/09\/TJT23_EvyVanNispen_LR-377-683x1024.jpg.webp 683w, https:\/\/tjt.travelblox.eu\/wp-content\/smush-webp\/sites\/78\/2024\/09\/TJT23_EvyVanNispen_LR-377-1024x1536.jpg.webp 1024w, https:\/\/tjt.travelblox.eu\/wp-content\/smush-webp\/sites\/78\/2024\/09\/TJT23_EvyVanNispen_LR-377-1366x2048.jpg.webp 1366w, https:\/\/tjt.travelblox.eu\/wp-content\/smush-webp\/sites\/78\/2024\/09\/TJT23_EvyVanNispen_LR-377-8x12.jpg.webp 8w, https:\/\/tjt.travelblox.eu\/wp-content\/smush-webp\/sites\/78\/2024\/09\/TJT23_EvyVanNispen_LR-377.jpg.webp 1667w' sizes=\"auto, (max-width: 768px) 100vw, 768px\" loading='lazy' decoding='async' data-smush-webp-fallback=\"{&quot;src&quot;:&quot;https:\\\/\\\/tjt.travelblox.eu\\\/wp-content\\\/uploads\\\/sites\\\/78\\\/2024\\\/09\\\/TJT23_EvyVanNispen_LR-377-768x1152.jpg&quot;,&quot;srcset&quot;:&quot;https:\\\/\\\/tjt.travelblox.eu\\\/wp-content\\\/uploads\\\/sites\\\/78\\\/2024\\\/09\\\/TJT23_EvyVanNispen_LR-377-768x1152.jpg 768w, https:\\\/\\\/tjt.travelblox.eu\\\/wp-content\\\/uploads\\\/sites\\\/78\\\/2024\\\/09\\\/TJT23_EvyVanNispen_LR-377-200x300.jpg 200w, https:\\\/\\\/tjt.travelblox.eu\\\/wp-content\\\/uploads\\\/sites\\\/78\\\/2024\\\/09\\\/TJT23_EvyVanNispen_LR-377-683x1024.jpg 683w, https:\\\/\\\/tjt.travelblox.eu\\\/wp-content\\\/uploads\\\/sites\\\/78\\\/2024\\\/09\\\/TJT23_EvyVanNispen_LR-377-1024x1536.jpg 1024w, https:\\\/\\\/tjt.travelblox.eu\\\/wp-content\\\/uploads\\\/sites\\\/78\\\/2024\\\/09\\\/TJT23_EvyVanNispen_LR-377-1366x2048.jpg 1366w, https:\\\/\\\/tjt.travelblox.eu\\\/wp-content\\\/uploads\\\/sites\\\/78\\\/2024\\\/09\\\/TJT23_EvyVanNispen_LR-377-8x12.jpg 8w, https:\\\/\\\/tjt.travelblox.eu\\\/wp-content\\\/uploads\\\/sites\\\/78\\\/2024\\\/09\\\/TJT23_EvyVanNispen_LR-377.jpg 1667w&quot;}\">\t\t\t\t\t\t\t<\/div>\n\t\t\t\t\t\t\t<div class=\"tb-card-bottom-wrapper\">\n\t\t\t\t\t\t\t\t<div class=\"tb-card-bottom\">\n\n\t\t\t\t\t\t\t\t\t<span class=\"tb-card-bottom__title\">\n\t\t\t\t\t\t\t\t\t\t<span class=\"tb-card-bottom__place\">\n\t\t\t\t\t\t\t\t\t\t\tPetra\t\t\t\t\t\t\t\t\t\t\t\t\t\t\t\t\t\t\t\t\t\t\t&#8211; Amman\t\t\t\t\t\t\t\t\t\t\t\t\t\t\t\t\t\t\t\t\t<\/span>\n\n\t\t\t\t\t\t\t\t\t<\/span>\n\t\t\t\t\t\t\t\t\t<div class=\"tb-card-bottom__content\">\n\t\t\t\t\t\t\t\t\t\t<div>\n\t\t\t\t\t\t\t\t\t\t\t\t\t\t\t\t\t\t\t\t\t\t\t\t\t\t\t<i class=\"icon fa-solid fa-bed fa-fw\" aria-hidden=\"true\"><\/i>\n\t\t\t 10 &#8211; 13 km\t\t\t\t\t\t\t\t\t\t\t\t\t\t\t\t\t\t\t\t\t<\/div>\n\t\t\t\t\t\t\t\t\t<\/div>\n\t\t\t\t\t\t\t\t\t<div class=\"tb-card-bottom__teaser tb-unfold-on-hover__content\" data-no-translation>\n\t\t\t\t\t\t\t\t\t\t\t\t\t\t\t\t\t\t\t\t\t\t\t\t\t\t\t\t\t\tVandaag sta je vroeg op om klaar te staan aan de ingang van Petra om 07u00. Zo ontwijk je de grote m&#8230; <span class=\"link\">Lees meer<\/span>\t\t\t\t\t\t\t\t\t<\/div>\n\t\t\t\t\t\t\t\t<\/div>\n\n\t\t\t\t\t\t\t<\/div>\n\t\t\t\t\t\t\t<dialog class=\"tb-popup tb-popup-with-padding tb-dayschedule-popup-wrapper\">\n\t\t\t\t\t\t\t\t<div class=\"tb-dayschedule-popup\">\n\t\t\t\t\t\t\t\t\t<h4>\n\t\t\t\t\t\t\t\t\t\t\t\t\t\t\t\t\t\t\t\t\t\t\t\t\t\t\t\t\t\t\t<div>\n\t\t\t\t\t\t\t\t\t\t\t\t\t\t\t\t\t\t\t\t\t\t\t\t\tPetra\t\t\t\t\t\t\t\t\t\t\t\t\t\t\t\t\t\t\t\t\t\t\t\t\t\t\t\t\t\t\t\t\t\t\t\t\t\t\t\t\t\t\t\t\t\t\t\t\t\t\t<i class=\"icon fa-solid fa-arrow-right\"><\/i> Amman\t\t\t\t\t\t\t\t\t\t\t\t\t\t\t\t\t\t\t\t\t\t\t\t\t\t\t\t\t\t\t\t\t\t\t\t<\/div>\n\t\t\t\t\t\t\t\t\t\t\t\t\t\t\t\t\t\t\t<\/h4>\n\t\t\t\t\t\t\t\t\t<div class=\"tb-columns\">\n\t\t\t\t\t\t\t\t\t\t<div class=\"tb-column tb-column--text\">\n\t\t\t\t\t\t\t\t\t\t\t<div class=\"text-part\">\n\t\t\t\t\t\t\t\t\t\t\t\t\t\t\t\t\t\t\t\t\t\t\t\t\t<div class=\"tb-dayschedule-popup__icons\">\n\t\t\t\t\t\t\t\t\t\t\t\t\t\t\t\t\t\t\t\t\t\t\t\t\t\t\t\t\t\t\t\t\t\t\t\t\t\t\t\t\t\t\t<div class=\"tb-dayschedule-popup__icon\">\n\t\t\t\t\t\t\t\t\t\t\t\t\t\t\t\t\t\t\t\t<i class=\"icon fa-solid fa-bed fa-fw\" aria-hidden=\"true\"><\/i>\n\t\t\t\t\t\t\t\t\t\t\t\t\t\t\t\t\t\t\t<span>\n\t\t\t\t\t\t\t\t\t\t\t\t\t\t\t\t\t10 &#8211; 13 km\t\t\t\t\t\t\t\t\t\t\t\t\t\t\t\t<\/span>\n\t\t\t\t\t\t\t\t\t\t\t\t\t\t\t<\/div>\n\t\t\t\t\t\t\t\t\t\t\t\t\t\t\t\t\t\t\t\t\t\t\t\t\t\t\t<\/div>\n\t\t\t\t\t\t\t\t\t\t\t\t\n\t\t\t\t\t\t\t\t\t\t\t\t\n\t\t\t\t\t\t\t\t\t\t\t\t<div>\n\t\t\t\t\t\t\t\t\t\t\t\t\t<strong>Dag 7<\/strong>\n\t\t\t\t\t\t\t\t\t\t\t\t\t\t<div class=\"translation-block\"><p>Vandaag sta je vroeg op om klaar te staan aan de <strong>ingang van Petra om 07u00<\/strong>. Zo ontwijk je de grote massa aan toeristen en geniet je in alle rust van de indrukwekkende bouwwerken.<\/p>\n<p>Je wandelt eerst de grote canyon binnen, waarna je tussen de spleet die de 80 meter hoge rotsen van elkaar scheidt reeds een eerste glimps opvangt van <strong>The Treasury<\/strong>! Daarna kan je nog verder dwalen langs <strong>de tempel, het amfitheater en de Siq<\/strong>, of een klim maken voor een panoramisch uitzicht.<\/p>\n<p>Ging je gisteren reeds Petra bezoeken of heb je geen zin om vroeg op te staan? Dat is geen enkel probleem, ook vandaag ben je vrij in de keuze hoe je je dag invult.<\/p>\n<p>De shuttle richting Amman vertrekt aan het hotel tussen 14u00 en 16u00, de gids zal dit op tijd doorgeven aan de hele groep. Zo zijn jullie <strong>terug in Amman tussen 18u00 en 20u00<\/strong> en hebben jullie nog wat tijd om de stad in te trekken.<\/p><\/div>\n\t\t\t\t\t\t\t\t\t\t\t\t\t<\/div>\n\n\n\t\t\t\t\t\t\t\t\t\t\t<\/div>\n\t\t\t\t\t\t\t\t\t\t<\/div>\n\t\t\t\t\t\t\t\t\t\t<div class=\"tb-column tb-column--image\">\n\n\t\t\t\t\t\t\t\t\t\t\t<div class=\"tb-image-part\">\n\t\t\t\t\t\t\t\t\t\t\t\t\t\t<div class=\"inner-block-full-width has-tb-carousel tb-carousel-slider\" >\n\t\t<div class=\"tb-carousel-container\">\n\t\t\t<div class=\"entries tb-cards\" data-slider-first=\"0\">\n\t\t\t\t\t\t\t<div class=\"entry\">\n\t\t\t<div class=\"tb-image-part\">\n\t\t\t\t<figure>\n\t\t\t\t\t<img src='https:\/\/tjt.travelblox.eu\/wp-content\/smush-webp\/sites\/78\/2024\/09\/TJT23_EvyVanNispen_LR-377-683x1024.jpg.webp' width='683' height='1024' alt='Jordan Trail, Petra, The Treasury' srcset='https:\/\/tjt.travelblox.eu\/wp-content\/smush-webp\/sites\/78\/2024\/09\/TJT23_EvyVanNispen_LR-377-683x1024.jpg.webp 683w, https:\/\/tjt.travelblox.eu\/wp-content\/smush-webp\/sites\/78\/2024\/09\/TJT23_EvyVanNispen_LR-377-200x300.jpg.webp 200w, https:\/\/tjt.travelblox.eu\/wp-content\/smush-webp\/sites\/78\/2024\/09\/TJT23_EvyVanNispen_LR-377-768x1152.jpg.webp 768w, https:\/\/tjt.travelblox.eu\/wp-content\/smush-webp\/sites\/78\/2024\/09\/TJT23_EvyVanNispen_LR-377-1024x1536.jpg.webp 1024w, https:\/\/tjt.travelblox.eu\/wp-content\/smush-webp\/sites\/78\/2024\/09\/TJT23_EvyVanNispen_LR-377-1366x2048.jpg.webp 1366w, https:\/\/tjt.travelblox.eu\/wp-content\/smush-webp\/sites\/78\/2024\/09\/TJT23_EvyVanNispen_LR-377-8x12.jpg.webp 8w, https:\/\/tjt.travelblox.eu\/wp-content\/smush-webp\/sites\/78\/2024\/09\/TJT23_EvyVanNispen_LR-377.jpg.webp 1667w' sizes=\"auto, (max-width: 683px) 100vw, 683px\" loading='lazy' decoding='async' data-smush-webp-fallback=\"{&quot;src&quot;:&quot;https:\\\/\\\/tjt.travelblox.eu\\\/wp-content\\\/uploads\\\/sites\\\/78\\\/2024\\\/09\\\/TJT23_EvyVanNispen_LR-377-683x1024.jpg&quot;,&quot;srcset&quot;:&quot;https:\\\/\\\/tjt.travelblox.eu\\\/wp-content\\\/uploads\\\/sites\\\/78\\\/2024\\\/09\\\/TJT23_EvyVanNispen_LR-377-683x1024.jpg 683w, https:\\\/\\\/tjt.travelblox.eu\\\/wp-content\\\/uploads\\\/sites\\\/78\\\/2024\\\/09\\\/TJT23_EvyVanNispen_LR-377-200x300.jpg 200w, https:\\\/\\\/tjt.travelblox.eu\\\/wp-content\\\/uploads\\\/sites\\\/78\\\/2024\\\/09\\\/TJT23_EvyVanNispen_LR-377-768x1152.jpg 768w, https:\\\/\\\/tjt.travelblox.eu\\\/wp-content\\\/uploads\\\/sites\\\/78\\\/2024\\\/09\\\/TJT23_EvyVanNispen_LR-377-1024x1536.jpg 1024w, https:\\\/\\\/tjt.travelblox.eu\\\/wp-content\\\/uploads\\\/sites\\\/78\\\/2024\\\/09\\\/TJT23_EvyVanNispen_LR-377-1366x2048.jpg 1366w, https:\\\/\\\/tjt.travelblox.eu\\\/wp-content\\\/uploads\\\/sites\\\/78\\\/2024\\\/09\\\/TJT23_EvyVanNispen_LR-377-8x12.jpg 8w, https:\\\/\\\/tjt.travelblox.eu\\\/wp-content\\\/uploads\\\/sites\\\/78\\\/2024\\\/09\\\/TJT23_EvyVanNispen_LR-377.jpg 1667w&quot;}\">\t\t\t\t\t\t\t\t\t<\/figure>\n\t\t\t<\/div>\n\t\t<\/div>\n\t\t\t<div class=\"entry\">\n\t\t\t<div class=\"tb-image-part\">\n\t\t\t\t<figure>\n\t\t\t\t\t<img src='https:\/\/tjt.travelblox.eu\/wp-content\/smush-webp\/sites\/78\/2024\/09\/TJT23_EvyVanNispen_LR-384-1024x819.jpg.webp' width='1024' height='819' alt='Jordan Trail, Petra, The Treasury' srcset='https:\/\/tjt.travelblox.eu\/wp-content\/smush-webp\/sites\/78\/2024\/09\/TJT23_EvyVanNispen_LR-384-1024x819.jpg.webp 1024w, https:\/\/tjt.travelblox.eu\/wp-content\/smush-webp\/sites\/78\/2024\/09\/TJT23_EvyVanNispen_LR-384-300x240.jpg.webp 300w, https:\/\/tjt.travelblox.eu\/wp-content\/smush-webp\/sites\/78\/2024\/09\/TJT23_EvyVanNispen_LR-384-768x614.jpg.webp 768w, https:\/\/tjt.travelblox.eu\/wp-content\/smush-webp\/sites\/78\/2024\/09\/TJT23_EvyVanNispen_LR-384-1536x1229.jpg.webp 1536w, https:\/\/tjt.travelblox.eu\/wp-content\/smush-webp\/sites\/78\/2024\/09\/TJT23_EvyVanNispen_LR-384-2048x1638.jpg.webp 2048w, https:\/\/tjt.travelblox.eu\/wp-content\/smush-webp\/sites\/78\/2024\/09\/TJT23_EvyVanNispen_LR-384-15x12.jpg.webp 15w' sizes=\"auto, (max-width: 1024px) 100vw, 1024px\" loading='lazy' decoding='async' data-smush-webp-fallback=\"{&quot;src&quot;:&quot;https:\\\/\\\/tjt.travelblox.eu\\\/wp-content\\\/uploads\\\/sites\\\/78\\\/2024\\\/09\\\/TJT23_EvyVanNispen_LR-384-1024x819.jpg&quot;,&quot;srcset&quot;:&quot;https:\\\/\\\/tjt.travelblox.eu\\\/wp-content\\\/uploads\\\/sites\\\/78\\\/2024\\\/09\\\/TJT23_EvyVanNispen_LR-384-1024x819.jpg 1024w, https:\\\/\\\/tjt.travelblox.eu\\\/wp-content\\\/uploads\\\/sites\\\/78\\\/2024\\\/09\\\/TJT23_EvyVanNispen_LR-384-300x240.jpg 300w, https:\\\/\\\/tjt.travelblox.eu\\\/wp-content\\\/uploads\\\/sites\\\/78\\\/2024\\\/09\\\/TJT23_EvyVanNispen_LR-384-768x614.jpg 768w, https:\\\/\\\/tjt.travelblox.eu\\\/wp-content\\\/uploads\\\/sites\\\/78\\\/2024\\\/09\\\/TJT23_EvyVanNispen_LR-384-1536x1229.jpg 1536w, https:\\\/\\\/tjt.travelblox.eu\\\/wp-content\\\/uploads\\\/sites\\\/78\\\/2024\\\/09\\\/TJT23_EvyVanNispen_LR-384-2048x1638.jpg 2048w, https:\\\/\\\/tjt.travelblox.eu\\\/wp-content\\\/uploads\\\/sites\\\/78\\\/2024\\\/09\\\/TJT23_EvyVanNispen_LR-384-15x12.jpg 15w&quot;}\">\t\t\t\t\t\t\t\t\t<\/figure>\n\t\t\t<\/div>\n\t\t<\/div>\n\t\t\t<div class=\"entry\">\n\t\t\t<div class=\"tb-image-part\">\n\t\t\t\t<figure>\n\t\t\t\t\t<img src='https:\/\/tjt.travelblox.eu\/wp-content\/smush-webp\/sites\/78\/2024\/09\/theJordanTrail-6631-1024x683.jpg.webp' width='1024' height='683' alt='Jordan Trail, Petra, The Treasury' srcset='https:\/\/tjt.travelblox.eu\/wp-content\/smush-webp\/sites\/78\/2024\/09\/theJordanTrail-6631-1024x683.jpg.webp 1024w, https:\/\/tjt.travelblox.eu\/wp-content\/smush-webp\/sites\/78\/2024\/09\/theJordanTrail-6631-300x200.jpg.webp 300w, https:\/\/tjt.travelblox.eu\/wp-content\/smush-webp\/sites\/78\/2024\/09\/theJordanTrail-6631-768x512.jpg.webp 768w, https:\/\/tjt.travelblox.eu\/wp-content\/smush-webp\/sites\/78\/2024\/09\/theJordanTrail-6631-1536x1024.jpg.webp 1536w, https:\/\/tjt.travelblox.eu\/wp-content\/smush-webp\/sites\/78\/2024\/09\/theJordanTrail-6631-2048x1366.jpg.webp 2048w, https:\/\/tjt.travelblox.eu\/wp-content\/smush-webp\/sites\/78\/2024\/09\/theJordanTrail-6631-18x12.jpg.webp 18w' sizes=\"auto, (max-width: 1024px) 100vw, 1024px\" loading='lazy' decoding='async' data-smush-webp-fallback=\"{&quot;src&quot;:&quot;https:\\\/\\\/tjt.travelblox.eu\\\/wp-content\\\/uploads\\\/sites\\\/78\\\/2024\\\/09\\\/theJordanTrail-6631-1024x683.jpg&quot;,&quot;srcset&quot;:&quot;https:\\\/\\\/tjt.travelblox.eu\\\/wp-content\\\/uploads\\\/sites\\\/78\\\/2024\\\/09\\\/theJordanTrail-6631-1024x683.jpg 1024w, https:\\\/\\\/tjt.travelblox.eu\\\/wp-content\\\/uploads\\\/sites\\\/78\\\/2024\\\/09\\\/theJordanTrail-6631-300x200.jpg 300w, https:\\\/\\\/tjt.travelblox.eu\\\/wp-content\\\/uploads\\\/sites\\\/78\\\/2024\\\/09\\\/theJordanTrail-6631-768x512.jpg 768w, https:\\\/\\\/tjt.travelblox.eu\\\/wp-content\\\/uploads\\\/sites\\\/78\\\/2024\\\/09\\\/theJordanTrail-6631-1536x1024.jpg 1536w, https:\\\/\\\/tjt.travelblox.eu\\\/wp-content\\\/uploads\\\/sites\\\/78\\\/2024\\\/09\\\/theJordanTrail-6631-2048x1366.jpg 2048w, https:\\\/\\\/tjt.travelblox.eu\\\/wp-content\\\/uploads\\\/sites\\\/78\\\/2024\\\/09\\\/theJordanTrail-6631-18x12.jpg 18w&quot;}\">\t\t\t\t\t\t\t\t\t<\/figure>\n\t\t\t<\/div>\n\t\t<\/div>\n\t\t\t\t\t<\/div>\n\t\t\t\t<div class=\"tb-carousel-nav\">\n\t\t<div class=\"dots\">\n\t\t\t<div class=\"dot active\"><\/div>\n\t\t\t<div class=\"dot\"><\/div>\n\t\t\t<div class=\"dot\"><\/div>\n\t\t<\/div>\n\t\t<div class=\"arrows\">\n\t\t\t<div class=\"prev disabled\">\n\t\t\t\t<span><i class=\"fa fa-chevron-left\"><\/i><\/span>\n\t\t\t<\/div>\n\t\t\t<div class=\"next\">\n\t\t\t\t<span><i class=\"fa fa-chevron-right\"><\/i><\/span>\n\t\t\t<\/div>\n\t\t<\/div>\n\t<\/div>\n\t\t\t<\/div>\n\t<\/div>\n\t\t\t\t\t\t\t\t\t\t\t\t\t<\/div>\n\t\t\t\t\t\t\t\t\t\t<\/div>\n\t\t\t\t\t\t\t\t\t<\/div>\n\t\t\t\t\t\t\t\t\t\t<div class=\"tb-popup-nav\">\n\t\t<a href=\"#\" class=\"tb-buttonlink-with-icon tb-buttonlink-with-arrow icon-first tb-popup-previous\">\n\t\t\t<i class=\"icon fa fa-chevron-left\"><\/i>\n\t\t\t<span>Vorige dag<\/span>\n\t\t<\/a>\n\t\t<a href=\"#\" class=\"tb-buttonlink-with-icon tb-buttonlink-with-arrow tb-popup-next\">\n\t\t\t<span>Volgende dag<\/span>\n\t\t\t<i class=\"icon fa fa-chevron-right\"><\/i>\n\t\t<\/a>\n\t<\/div>\n\t\n\t\t\t\t\t\t\t\t<\/div>\n\t\t\t\t\t\t\t<\/dialog>\n\t\t\t\t\t\t<\/div>\n\t\t\t\t\t\t\t\t\t\t\t<div class=\"tb-card entry tb-popup-trigger tb-unfold-on-hover\">\n\t\t\t\t\t\t\t<div class=\"tb-image-part\">\n\t\t\t\t\t\t\t\t<div class=\"tag\">\n\t\t\t\t\t\t\t\t\t<div>Dag 8<\/div>\n\t\t\t\t\t\t\t\t<\/div>\n\n\t\t\t\t\t\t\t\t<img src='https:\/\/tjt.travelblox.eu\/wp-content\/smush-webp\/sites\/78\/2024\/01\/theJordanTrail-7379-768x512.jpg.webp' width='768' height='512' alt='Hoofdstad Amman' srcset='https:\/\/tjt.travelblox.eu\/wp-content\/smush-webp\/sites\/78\/2024\/01\/theJordanTrail-7379-768x512.jpg.webp 768w, https:\/\/tjt.travelblox.eu\/wp-content\/smush-webp\/sites\/78\/2024\/01\/theJordanTrail-7379-300x200.jpg.webp 300w, https:\/\/tjt.travelblox.eu\/wp-content\/smush-webp\/sites\/78\/2024\/01\/theJordanTrail-7379-1024x683.jpg.webp 1024w, https:\/\/tjt.travelblox.eu\/wp-content\/smush-webp\/sites\/78\/2024\/01\/theJordanTrail-7379-1536x1024.jpg.webp 1536w, https:\/\/tjt.travelblox.eu\/wp-content\/smush-webp\/sites\/78\/2024\/01\/theJordanTrail-7379-2048x1365.jpg.webp 2048w, https:\/\/tjt.travelblox.eu\/wp-content\/smush-webp\/sites\/78\/2024\/01\/theJordanTrail-7379-18x12.jpg.webp 18w, https:\/\/tjt.travelblox.eu\/wp-content\/smush-webp\/sites\/78\/2024\/01\/theJordanTrail-7379-scaled-e1705668606295.jpg.webp 800w' sizes=\"auto, (max-width: 768px) 100vw, 768px\" loading='lazy' decoding='async' data-smush-webp-fallback=\"{&quot;src&quot;:&quot;https:\\\/\\\/tjt.travelblox.eu\\\/wp-content\\\/uploads\\\/sites\\\/78\\\/2024\\\/01\\\/theJordanTrail-7379-768x512.jpg&quot;,&quot;srcset&quot;:&quot;https:\\\/\\\/tjt.travelblox.eu\\\/wp-content\\\/uploads\\\/sites\\\/78\\\/2024\\\/01\\\/theJordanTrail-7379-768x512.jpg 768w, https:\\\/\\\/tjt.travelblox.eu\\\/wp-content\\\/uploads\\\/sites\\\/78\\\/2024\\\/01\\\/theJordanTrail-7379-300x200.jpg 300w, https:\\\/\\\/tjt.travelblox.eu\\\/wp-content\\\/uploads\\\/sites\\\/78\\\/2024\\\/01\\\/theJordanTrail-7379-1024x683.jpg 1024w, https:\\\/\\\/tjt.travelblox.eu\\\/wp-content\\\/uploads\\\/sites\\\/78\\\/2024\\\/01\\\/theJordanTrail-7379-1536x1024.jpg 1536w, https:\\\/\\\/tjt.travelblox.eu\\\/wp-content\\\/uploads\\\/sites\\\/78\\\/2024\\\/01\\\/theJordanTrail-7379-2048x1365.jpg 2048w, https:\\\/\\\/tjt.travelblox.eu\\\/wp-content\\\/uploads\\\/sites\\\/78\\\/2024\\\/01\\\/theJordanTrail-7379-18x12.jpg 18w, https:\\\/\\\/tjt.travelblox.eu\\\/wp-content\\\/uploads\\\/sites\\\/78\\\/2024\\\/01\\\/theJordanTrail-7379-scaled-e1705668606295.jpg 800w&quot;}\">\t\t\t\t\t\t\t<\/div>\n\t\t\t\t\t\t\t<div class=\"tb-card-bottom-wrapper\">\n\t\t\t\t\t\t\t\t<div class=\"tb-card-bottom\">\n\n\t\t\t\t\t\t\t\t\t<span class=\"tb-card-bottom__title\">\n\t\t\t\t\t\t\t\t\t\t<span class=\"tb-card-bottom__place\">\n\t\t\t\t\t\t\t\t\t\t\tAmman\t\t\t\t\t\t\t\t\t\t\t\t\t\t\t\t\t\t\t\t\t\t\t&#8211; Huis\t\t\t\t\t\t\t\t\t\t\t\t\t\t\t\t\t\t\t\t\t<\/span>\n\n\t\t\t\t\t\t\t\t\t<\/span>\n\t\t\t\t\t\t\t\t\t<div class=\"tb-card-bottom__content\">\n\t\t\t\t\t\t\t\t\t\t<div>\n\t\t\t\t\t\t\t\t\t\t\t\t\t\t\t\t\t\t\t\t\t<\/div>\n\t\t\t\t\t\t\t\t\t<\/div>\n\t\t\t\t\t\t\t\t\t<div class=\"tb-card-bottom__teaser tb-unfold-on-hover__content\" data-no-translation>\n\t\t\t\t\t\t\t\t\t\t\t\t\t\t\t\t\t\t\t\t\t\t\t\t\t\t\t\t\t\tOp de laatste dag in Jordani\u00eb word je, als je je vluchten via ons hebt geboekt of gebruikmaakt van o&#8230; <span class=\"link\">Lees meer<\/span>\t\t\t\t\t\t\t\t\t<\/div>\n\t\t\t\t\t\t\t\t<\/div>\n\n\t\t\t\t\t\t\t<\/div>\n\t\t\t\t\t\t\t<dialog class=\"tb-popup tb-popup-with-padding tb-dayschedule-popup-wrapper\">\n\t\t\t\t\t\t\t\t<div class=\"tb-dayschedule-popup\">\n\t\t\t\t\t\t\t\t\t<h4>\n\t\t\t\t\t\t\t\t\t\t\t\t\t\t\t\t\t\t\t\t\t\t\t\t\t\t\t\t\t\t\t<div>\n\t\t\t\t\t\t\t\t\t\t\t\t\t\t\t\t\t\t\t\t\t\t\t\t\tAmman\t\t\t\t\t\t\t\t\t\t\t\t\t\t\t\t\t\t\t\t\t\t\t\t\t\t\t\t\t\t\t\t\t\t\t\t\t\t\t\t\t\t\t\t\t\t\t\t\t\t\t<i class=\"icon fa-solid fa-arrow-right\"><\/i> Huis\t\t\t\t\t\t\t\t\t\t\t\t\t\t\t\t\t\t\t\t\t\t\t\t\t\t\t\t\t\t\t\t\t\t\t\t<\/div>\n\t\t\t\t\t\t\t\t\t\t\t\t\t\t\t\t\t\t\t<\/h4>\n\t\t\t\t\t\t\t\t\t<div class=\"tb-columns\">\n\t\t\t\t\t\t\t\t\t\t<div class=\"tb-column tb-column--text\">\n\t\t\t\t\t\t\t\t\t\t\t<div class=\"text-part\">\n\t\t\t\t\t\t\t\t\t\t\t\t\n\t\t\t\t\t\t\t\t\t\t\t\t\n\t\t\t\t\t\t\t\t\t\t\t\t<div>\n\t\t\t\t\t\t\t\t\t\t\t\t\t<strong>Dag 8<\/strong>\n\t\t\t\t\t\t\t\t\t\t\t\t\t\t<div class=\"translation-block\"><p>Op de laatste dag in Jordani\u00eb word je, als je je vluchten via ons hebt geboekt of gebruikmaakt van onze extra shuttle service, &#8217;s ochtends opgehaald bij het hotel in Amman en naar de luchthaven gebracht voor je vertrek.<\/p><\/div>\n\t\t\t\t\t\t\t\t\t\t\t\t\t<\/div>\n\n\n\t\t\t\t\t\t\t\t\t\t\t<\/div>\n\t\t\t\t\t\t\t\t\t\t<\/div>\n\t\t\t\t\t\t\t\t\t\t<div class=\"tb-column tb-column--image\">\n\n\t\t\t\t\t\t\t\t\t\t\t<div class=\"tb-image-part\">\n\t\t\t\t\t\t\t\t\t\t\t\t<img src='https:\/\/tjt.travelblox.eu\/wp-content\/smush-webp\/sites\/78\/2024\/01\/theJordanTrail-7379-1024x683.jpg.webp' width='1024' height='683' alt='Hoofdstad Amman' srcset='https:\/\/tjt.travelblox.eu\/wp-content\/smush-webp\/sites\/78\/2024\/01\/theJordanTrail-7379-1024x683.jpg.webp 1024w, https:\/\/tjt.travelblox.eu\/wp-content\/smush-webp\/sites\/78\/2024\/01\/theJordanTrail-7379-300x200.jpg.webp 300w, https:\/\/tjt.travelblox.eu\/wp-content\/smush-webp\/sites\/78\/2024\/01\/theJordanTrail-7379-768x512.jpg.webp 768w, https:\/\/tjt.travelblox.eu\/wp-content\/smush-webp\/sites\/78\/2024\/01\/theJordanTrail-7379-1536x1024.jpg.webp 1536w, https:\/\/tjt.travelblox.eu\/wp-content\/smush-webp\/sites\/78\/2024\/01\/theJordanTrail-7379-2048x1365.jpg.webp 2048w, https:\/\/tjt.travelblox.eu\/wp-content\/smush-webp\/sites\/78\/2024\/01\/theJordanTrail-7379-18x12.jpg.webp 18w, https:\/\/tjt.travelblox.eu\/wp-content\/smush-webp\/sites\/78\/2024\/01\/theJordanTrail-7379-scaled-e1705668606295.jpg.webp 800w' sizes=\"auto, (max-width: 1024px) 100vw, 1024px\" loading='lazy' decoding='async' data-smush-webp-fallback=\"{&quot;src&quot;:&quot;https:\\\/\\\/tjt.travelblox.eu\\\/wp-content\\\/uploads\\\/sites\\\/78\\\/2024\\\/01\\\/theJordanTrail-7379-1024x683.jpg&quot;,&quot;srcset&quot;:&quot;https:\\\/\\\/tjt.travelblox.eu\\\/wp-content\\\/uploads\\\/sites\\\/78\\\/2024\\\/01\\\/theJordanTrail-7379-1024x683.jpg 1024w, https:\\\/\\\/tjt.travelblox.eu\\\/wp-content\\\/uploads\\\/sites\\\/78\\\/2024\\\/01\\\/theJordanTrail-7379-300x200.jpg 300w, https:\\\/\\\/tjt.travelblox.eu\\\/wp-content\\\/uploads\\\/sites\\\/78\\\/2024\\\/01\\\/theJordanTrail-7379-768x512.jpg 768w, https:\\\/\\\/tjt.travelblox.eu\\\/wp-content\\\/uploads\\\/sites\\\/78\\\/2024\\\/01\\\/theJordanTrail-7379-1536x1024.jpg 1536w, https:\\\/\\\/tjt.travelblox.eu\\\/wp-content\\\/uploads\\\/sites\\\/78\\\/2024\\\/01\\\/theJordanTrail-7379-2048x1365.jpg 2048w, https:\\\/\\\/tjt.travelblox.eu\\\/wp-content\\\/uploads\\\/sites\\\/78\\\/2024\\\/01\\\/theJordanTrail-7379-18x12.jpg 18w, https:\\\/\\\/tjt.travelblox.eu\\\/wp-content\\\/uploads\\\/sites\\\/78\\\/2024\\\/01\\\/theJordanTrail-7379-scaled-e1705668606295.jpg 800w&quot;}\">\t\t\t\t\t\t\t\t\t\t\t<\/div>\n\t\t\t\t\t\t\t\t\t\t<\/div>\n\t\t\t\t\t\t\t\t\t<\/div>\n\t\t\t\t\t\t\t\t\t\t<div class=\"tb-popup-nav\">\n\t\t<a href=\"#\" class=\"tb-buttonlink-with-icon tb-buttonlink-with-arrow icon-first tb-popup-previous\">\n\t\t\t<i class=\"icon fa fa-chevron-left\"><\/i>\n\t\t\t<span>Vorige dag<\/span>\n\t\t<\/a>\n\t\t<a href=\"#\" class=\"tb-buttonlink-with-icon tb-buttonlink-with-arrow tb-popup-next\">\n\t\t\t<span>Volgende dag<\/span>\n\t\t\t<i class=\"icon fa fa-chevron-right\"><\/i>\n\t\t<\/a>\n\t<\/div>\n\t\n\t\t\t\t\t\t\t\t<\/div>\n\t\t\t\t\t\t\t<\/dialog>\n\t\t\t\t\t\t<\/div>\n\t\t\t\t\t\t\t\t\t\t\t\t\t<\/div>\n\t\t\t\t<div class=\"tb-carousel-nav\">\n\t\t<div class=\"dots\">\n\t\t\t<div class=\"dot active\"><\/div>\n\t\t\t<div class=\"dot\"><\/div>\n\t\t\t<div class=\"dot\"><\/div>\n\t\t<\/div>\n\t\t<div class=\"arrows\">\n\t\t\t<div class=\"prev disabled\">\n\t\t\t\t<span><i class=\"fa fa-chevron-left\"><\/i><\/span>\n\t\t\t<\/div>\n\t\t\t<div class=\"next\">\n\t\t\t\t<span><i class=\"fa fa-chevron-right\"><\/i><\/span>\n\t\t\t<\/div>\n\t\t<\/div>\n\t<\/div>\n\t\t\t<\/div>\n\t<\/div>\n\t\t\t\t\t\t\t\t\t\t<\/div>\n\t\n<\/div>\n\n\n\n\n<div class=\" tb-hikingdays tb-block align-center background-light pattern-none variant-none tb-collapsible-margins\" id=\"hikingdays\">\n\t<div class=\"inner-block tb-fade-in tb-fade-in--subtle\">\n\t\t<div class=\"text-part\">\n\t\t\t<h1>Route langs The jordan trail<\/h1>\n\t\t<\/div>\n\n\t\t<div class=\"tb-hikingdays__topcontainer\">\n\t\t\t\n\t\t\t\t\t\t\t<div class=\"tb-hikingdays__map\">\n\t\t\t\t\t<img src='https:\/\/tjt.travelblox.eu\/wp-content\/uploads\/sites\/78\/2025\/10\/JT-TravelbloxNL.svg' width='768' height='1' alt='Route The Jordan Trail' loading='lazy' decoding='async'>\t\t\t\t<\/div>\n\t\t\t\n\t\t\t<div class=\"tb-hikingdays__list\">\n\t\t\t\t\t\t\t\t\t\t<div class=\"tb-hikingdays__list-item \">\n\t\t\t\t\t\t\t<div class=\"tb-hikingdays__day\">\n\t\t\t\t\t\t\t\tDag 2\t\t\t\t\t\t\t<\/div>\n\t\t\t\t\t\t\t<div class=\"tb-hikingdays__info\">\n\t\t\t\t\t\t\t\t\t\t\t\t\t\t\t\t\t<span>Shobak<\/span>\n\t\t\t\t\t\t\t\t\t\t\t\t\t\t\t\t\t\t\t\t\t\t\t\t\t<i class=\"fa-regular fa-arrow-right\"><\/i>\n\t\t\t\t\t\t\t\t\t<span>Wadi Feynan<\/span>\n\t\t\t\t\t\t\t\t\t\t\t\t\t\t\t<\/div>\n\t\t\t\t\t\t\t<div class=\"tb-hikingdays__ciphers\">\n\t\t\t\t\t\t\t\t\t\t\t\t\t\t\t\t\t<span><i class=\"fa-regular fa-arrows-left-right\"><\/i>17 km<\/span>\n\t\t\t\t\t\t\t\t\t\t\t\t\t\t\t\t\t\t\t\t\t\t\t\t\t\t\t\t\t\t\t\t\t<span><i class=\"fa-regular fa-arrow-up-right\"><\/i>\/<\/span>\n\t\t\t\t\t\t\t\t\t\t\t\t\t\t\t\t\t\t\t\t\t\t\t\t\t<span><i class=\"fa-regular fa-arrow-down-right fa-fw\"><\/i>800 m<\/span>\n\t\t\t\t\t\t\t\t\t\t\t\t\t\t\t\t\t\t\t\t\t\t\t<\/div>\n\t\t\t\t\t\t<\/div>\n\n\t\t\t\t\t\t\t\t\t\t<div class=\"tb-hikingdays__list-item \">\n\t\t\t\t\t\t\t<div class=\"tb-hikingdays__day\">\n\t\t\t\t\t\t\t\tDag 3\t\t\t\t\t\t\t<\/div>\n\t\t\t\t\t\t\t<div class=\"tb-hikingdays__info\">\n\t\t\t\t\t\t\t\t\t\t\t\t\t\t\t\t\t<span>Wadi Feynan<\/span>\n\t\t\t\t\t\t\t\t\t\t\t\t\t\t\t\t\t\t\t\t\t\t\t\t\t<i class=\"fa-regular fa-arrow-right\"><\/i>\n\t\t\t\t\t\t\t\t\t<span>Teletat Al-Sofor<\/span>\n\t\t\t\t\t\t\t\t\t\t\t\t\t\t\t<\/div>\n\t\t\t\t\t\t\t<div class=\"tb-hikingdays__ciphers\">\n\t\t\t\t\t\t\t\t\t\t\t\t\t\t\t\t\t<span><i class=\"fa-regular fa-arrows-left-right\"><\/i>17 km<\/span>\n\t\t\t\t\t\t\t\t\t\t\t\t\t\t\t\t\t\t\t\t\t\t\t\t\t\t\t\t\t\t\t\t\t<span><i class=\"fa-regular fa-arrow-up-right\"><\/i>1000 m<\/span>\n\t\t\t\t\t\t\t\t\t\t\t\t\t\t\t\t\t\t\t\t\t\t\t\t\t<span><i class=\"fa-regular fa-arrow-down-right fa-fw\"><\/i>300 m<\/span>\n\t\t\t\t\t\t\t\t\t\t\t\t\t\t\t\t\t\t\t\t\t\t\t<\/div>\n\t\t\t\t\t\t<\/div>\n\n\t\t\t\t\t\t\t\t\t\t<div class=\"tb-hikingdays__list-item \">\n\t\t\t\t\t\t\t<div class=\"tb-hikingdays__day\">\n\t\t\t\t\t\t\t\tDag 4\t\t\t\t\t\t\t<\/div>\n\t\t\t\t\t\t\t<div class=\"tb-hikingdays__info\">\n\t\t\t\t\t\t\t\t\t\t\t\t\t\t\t\t\t<span>Teletat Al-Sofor<\/span>\n\t\t\t\t\t\t\t\t\t\t\t\t\t\t\t\t\t\t\t\t\t\t\t\t\t<i class=\"fa-regular fa-arrow-right\"><\/i>\n\t\t\t\t\t\t\t\t\t<span>Um Ratam<\/span>\n\t\t\t\t\t\t\t\t\t\t\t\t\t\t\t<\/div>\n\t\t\t\t\t\t\t<div class=\"tb-hikingdays__ciphers\">\n\t\t\t\t\t\t\t\t\t\t\t\t\t\t\t\t\t<span><i class=\"fa-regular fa-arrows-left-right\"><\/i>16 km<\/span>\n\t\t\t\t\t\t\t\t\t\t\t\t\t\t\t\t\t\t\t\t\t\t\t\t\t\t\t\t\t\t\t\t\t<span><i class=\"fa-regular fa-arrow-up-right\"><\/i>700 m<\/span>\n\t\t\t\t\t\t\t\t\t\t\t\t\t\t\t\t\t\t\t\t\t\t\t\t\t<span><i class=\"fa-regular fa-arrow-down-right fa-fw\"><\/i>500 m<\/span>\n\t\t\t\t\t\t\t\t\t\t\t\t\t\t\t\t\t\t\t\t\t\t\t<\/div>\n\t\t\t\t\t\t<\/div>\n\n\t\t\t\t\t\t\t\t\t\t<div class=\"tb-hikingdays__list-item \">\n\t\t\t\t\t\t\t<div class=\"tb-hikingdays__day\">\n\t\t\t\t\t\t\t\tDag 5\t\t\t\t\t\t\t<\/div>\n\t\t\t\t\t\t\t<div class=\"tb-hikingdays__info\">\n\t\t\t\t\t\t\t\t\t\t\t\t\t\t\t\t\t<span>Um Ratam<\/span>\n\t\t\t\t\t\t\t\t\t\t\t\t\t\t\t\t\t\t\t\t\t\t\t\t\t<i class=\"fa-regular fa-arrow-right\"><\/i>\n\t\t\t\t\t\t\t\t\t<span>Al Baydha<\/span>\n\t\t\t\t\t\t\t\t\t\t\t\t\t\t\t<\/div>\n\t\t\t\t\t\t\t<div class=\"tb-hikingdays__ciphers\">\n\t\t\t\t\t\t\t\t\t\t\t\t\t\t\t\t\t<span><i class=\"fa-regular fa-arrows-left-right\"><\/i>16 km<\/span>\n\t\t\t\t\t\t\t\t\t\t\t\t\t\t\t\t\t\t\t\t\t\t\t\t\t\t\t\t\t\t\t\t\t<span><i class=\"fa-regular fa-arrow-up-right\"><\/i>400 m<\/span>\n\t\t\t\t\t\t\t\t\t\t\t\t\t\t\t\t\t\t\t\t\t\t\t\t\t<span><i class=\"fa-regular fa-arrow-down-right fa-fw\"><\/i>300 m<\/span>\n\t\t\t\t\t\t\t\t\t\t\t\t\t\t\t\t\t\t\t\t\t\t\t<\/div>\n\t\t\t\t\t\t<\/div>\n\n\t\t\t\t\t\t\t\t\t\t<div class=\"tb-hikingdays__list-item \">\n\t\t\t\t\t\t\t<div class=\"tb-hikingdays__day\">\n\t\t\t\t\t\t\t\tDag 6\t\t\t\t\t\t\t<\/div>\n\t\t\t\t\t\t\t<div class=\"tb-hikingdays__info\">\n\t\t\t\t\t\t\t\t\t\t\t\t\t\t\t\t\t<span>Al Baydha <\/span>\n\t\t\t\t\t\t\t\t\t\t\t\t\t\t\t\t\t\t\t\t\t\t\t\t\t<i class=\"fa-regular fa-arrow-right\"><\/i>\n\t\t\t\t\t\t\t\t\t<span>Achter ingang Petra<\/span>\n\t\t\t\t\t\t\t\t\t\t\t\t\t\t\t<\/div>\n\t\t\t\t\t\t\t<div class=\"tb-hikingdays__ciphers\">\n\t\t\t\t\t\t\t\t\t\t\t\t\t\t\t\t\t<span><i class=\"fa-regular fa-arrows-left-right\"><\/i>16 km<\/span>\n\t\t\t\t\t\t\t\t\t\t\t\t\t\t\t\t\t\t\t\t\t\t\t\t\t\t\t\t\t\t\t\t\t<span><i class=\"fa-regular fa-arrow-up-right\"><\/i>400 m<\/span>\n\t\t\t\t\t\t\t\t\t\t\t\t\t\t\t\t\t\t\t\t\t\t\t\t\t<span><i class=\"fa-regular fa-arrow-down-right fa-fw\"><\/i>400 m<\/span>\n\t\t\t\t\t\t\t\t\t\t\t\t\t\t\t\t\t\t\t\t\t\t\t<\/div>\n\t\t\t\t\t\t<\/div>\n\n\t\t\t\t\t\t\t\t\t\t<div class=\"tb-hikingdays__list-item \">\n\t\t\t\t\t\t\t<div class=\"tb-hikingdays__day\">\n\t\t\t\t\t\t\t\tDag 7\t\t\t\t\t\t\t<\/div>\n\t\t\t\t\t\t\t<div class=\"tb-hikingdays__info\">\n\t\t\t\t\t\t\t\t\t\t\t\t\t\t\t\t\t<span>Petra<\/span>\n\t\t\t\t\t\t\t\t\t\t\t\t\t\t\t\t\t\t\t\t\t\t\t\t\t<i class=\"fa-regular fa-arrow-right\"><\/i>\n\t\t\t\t\t\t\t\t\t<span>Petra<\/span>\n\t\t\t\t\t\t\t\t\t\t\t\t\t\t\t<\/div>\n\t\t\t\t\t\t\t<div class=\"tb-hikingdays__ciphers\">\n\t\t\t\t\t\t\t\t\t\t\t\t\t\t\t\t\t<span><i class=\"fa-regular fa-arrows-left-right\"><\/i>10 tot 13 km<\/span>\n\t\t\t\t\t\t\t\t\t\t\t\t\t\t\t\t\t\t\t\t\t\t\t\t\t\t\t\t\t\t\t\t\t\t\t\t\t\t\t\t\t\t\t\t\t\t\t<\/div>\n\t\t\t\t\t\t<\/div>\n\n\t\t\t\t\n\t\t\t<\/div>\n\n\t\t<\/div>\n\n\t\t\t<\/div>\n<\/div>\n\n\n\n\n\n\n\n\n<div class=\" tb-practicalv2 tb-block align-none background-light pattern-none variant-none tb-collapsible-margins\" id=\"practical\">\n\t<div class=\"inner-block tb-fade-in\">\n\t\t<div class=\"tb-practicalv2__intro\">\n\t\t\t<h2 class=\"tb-practicalv2__title\">Praktische info over The Jordan Trail<\/h2>\n\t\t\t\t<div class=\"translation-block\"><p>In deze rubriek vind je alle praktische informatie over je reis naar Jordani\u00eb. Heb je nog vragen? Aarzel dan niet om ons te contacteren!<\/p><\/div>\n\t\t\t<\/div>\n\t<\/div>\n\t<div class=\"tb-practicalv2__container inner-block tb-fade-in\">\n\t\t<ul class=\"tb-practicalv2__nav\">\n\t\t\t\t\t\t\t<li class=\"tb-practicalv2__nav-item\">\n\t\t\t\t\t\t\t\t\t\t\t\t\t\t\t<i class=\"icon fa-solid fa-check fa-fw\" aria-hidden=\"true\"><\/i>\n\t\t\t\t\t\t\t\t\t\t\t\t\t<a class=\"tb-practicalv2__nav-link\" href=\"#included\">\n\t\t\t\t\t\tInbegrepen\t\t\t\t\t<\/a>\n\t\t\t\t<\/li>\n\t\t\t\t\t\t\t<li class=\"tb-practicalv2__nav-item\">\n\t\t\t\t\t\t\t\t\t\t\t\t\t\t\t<i class=\"icon fa-solid fa-plane fa-fw\" aria-hidden=\"true\"><\/i>\n\t\t\t\t\t\t\t\t\t\t\t\t\t<a class=\"tb-practicalv2__nav-link\" href=\"#flights\">\n\t\t\t\t\t\tVluchten\t\t\t\t\t<\/a>\n\t\t\t\t<\/li>\n\t\t\t\t\t\t\t<li class=\"tb-practicalv2__nav-item\">\n\t\t\t\t\t\t\t\t\t\t\t\t\t\t\t<i class=\"icon fa-solid fa-bus fa-fw\" aria-hidden=\"true\"><\/i>\n\t\t\t\t\t\t\t\t\t\t\t\t\t<a class=\"tb-practicalv2__nav-link\" href=\"#luchthaventransport\">\n\t\t\t\t\t\tLuchthaventransport\t\t\t\t\t<\/a>\n\t\t\t\t<\/li>\n\t\t\t\t\t\t\t<li class=\"tb-practicalv2__nav-item\">\n\t\t\t\t\t\t\t\t\t\t\t\t\t\t\t<i class=\"icon fa-solid fa-bed fa-fw\" aria-hidden=\"true\"><\/i>\n\t\t\t\t\t\t\t\t\t\t\t\t\t<a class=\"tb-practicalv2__nav-link\" href=\"#stays\">\n\t\t\t\t\t\tAccommodatie\t\t\t\t\t<\/a>\n\t\t\t\t<\/li>\n\t\t\t\t\t\t\t<li class=\"tb-practicalv2__nav-item\">\n\t\t\t\t\t\t\t\t\t\t\t\t\t\t\t<i class=\"icon fa-solid fa-utensils fa-fw\" aria-hidden=\"true\"><\/i>\n\t\t\t\t\t\t\t\t\t\t\t\t\t<a class=\"tb-practicalv2__nav-link\" href=\"#food_drinks\">\n\t\t\t\t\t\tEten &#038; drinken\t\t\t\t\t<\/a>\n\t\t\t\t<\/li>\n\t\t\t\t\t\t\t<li class=\"tb-practicalv2__nav-item\">\n\t\t\t\t\t\t\t\t\t\t\t\t\t\t\t<i class=\"icon fa-solid fa-person-hiking fa-fw\" aria-hidden=\"true\"><\/i>\n\t\t\t\t\t\t\t\t\t\t\t\t\t<a class=\"tb-practicalv2__nav-link\" href=\"#onze-gidsen\">\n\t\t\t\t\t\tOnze gidsen\t\t\t\t\t<\/a>\n\t\t\t\t<\/li>\n\t\t\t\t\t\t\t<li class=\"tb-practicalv2__nav-item\">\n\t\t\t\t\t\t\t\t\t\t\t\t\t\t\t<i class=\"icon fa-solid fa-passport fa-fw\" aria-hidden=\"true\"><\/i>\n\t\t\t\t\t\t\t\t\t\t\t\t\t<a class=\"tb-practicalv2__nav-link\" href=\"#reisdocumenten\">\n\t\t\t\t\t\tReisdocumenten\t\t\t\t\t<\/a>\n\t\t\t\t<\/li>\n\t\t\t\t\t\t\t<li class=\"tb-practicalv2__nav-item\">\n\t\t\t\t\t\t\t\t\t\t\t\t\t\t\t<i class=\"icon fa-solid fa-circle-info fa-fw\" aria-hidden=\"true\"><\/i>\n\t\t\t\t\t\t\t\t\t\t\t\t\t<a class=\"tb-practicalv2__nav-link\" href=\"#travelbase-app\">\n\t\t\t\t\t\tTravelbase app\t\t\t\t\t<\/a>\n\t\t\t\t<\/li>\n\t\t\t\t\t<\/ul>\n\t\t<div class=\"tb-practicalv2__categories\">\n\t\t\t\t\t\t\t<details class=\"tb-practicalv2__category tb-practicalv2__category--included\" id=\"included\" open-on-mobile open>\n\t\t\t\t\t<summary class=\"tb-practicalv2__category-toggle\">\n\t\t\t\t\t\t\t\t\t\t\t\t\t\t\t\t\t<i class=\"icon fa-solid fa-check tb-style-block fa-fw\" aria-hidden=\"true\"><\/i>\n\t\t\t\t\t\t\t\t\t\t\t\t\t\t\t<span class=\"tb-practicalv2__category-name\">\n\t\t\t\t\t\t\tInbegrepen\t\t\t\t\t\t<\/span>\n\t\t\t\t\t<\/summary>\n\t\t\t\t\t<div class=\"tb-practicalv2__category-content\">\n\t\t\t\t\t\t\t\t\t\t\t\t\t<div class=\"tb-practicalv2__category-default-content\">\n\t\t\t\t\t\t\t\t\t\t\t\t\t\t\t\t\t<ul class=\"tb-practicalv2__meta\">\n\t\t\t\t\t\t\t\t\t\t\t\t\t\t\t\t\t\t\t\t\t<li class=\"tb-practicalv2__meta-item\">\n\t\t\t\t\t\t\t\t\t\t\t\t<i class=\"fa fa-regular fa-tag\"><\/i>\n\t\t\t\t\t\t\t\t\t\t\t\t<span>Early bird basisprijs vanaf \u20ac620<\/span>\n\t\t\t\t\t\t\t\t\t\t\t<\/li>\n\t\t\t\t\t\t\t\t\t\t\t\t\t\t\t\t\t\t\t\t\t\t\t\t\t\t\t\t\t\t\t<li class=\"tb-practicalv2__meta-item\">\n\t\t\t\t\t\t\t\t\t\t\t\t<i class=\"fa fa-regular fa-calendar\"><\/i>\n\t\t\t\t\t\t\t\t\t\t\t\t<span><p><a href=\"#join\">okt-nov &amp; apr-mei<\/a><\/p>\n<\/span>\n\t\t\t\t\t\t\t\t\t\t\t<\/li>\n\t\t\t\t\t\t\t\t\t\t\t\t\t\t\t\t\t\t\t<\/ul>\n\t\t\t\t\t\t\t\t\t\t\n\t\t\t\t\t\t\t\t\t\t\t\t\t\t\t\t\t<ul class=\"tb-practicalv2__icon-list\">\n\t\t\t\t\t\t\t\t\t\t\t\t\t\t\t\t\t\t\t\t\t<li class=\"tb-practicalv2__icon-item\">\n\t\t\t\t\t\t\t\t\t\t\t\t\t\t\t\t\t\t\t\t\t\t\t\t\t<div>\n\t\t\t\t\t\t\t\t\t\t\t\t\t\t\t\t\t\t<i class=\"icon fa-solid fa-route fa-fw\" aria-hidden=\"true\"><\/i>\n\t\t\t\t\t\t\t\t\t\t\t\t\t\t\t\t<\/div>\n\t\t\t\t\t\t\t\t\t\t\t\t\t\t\t\t\t\t\t\t\t\t\t\t\t<div class=\"translation-block\"><p>Uitgestippelde trail en volledige reisorganisatie<\/p><\/div>\n\t\t\t\t\t\t\t\t\t\t\t\t<\/li>\n\t\t\t\t\t\t\t\t\t\t\t\t\t\t\t\t\t\t\t\t\t<li class=\"tb-practicalv2__icon-item\">\n\t\t\t\t\t\t\t\t\t\t\t\t\t\t\t\t\t\t\t\t\t\t\t\t\t<div>\n\t\t\t\t\t\t\t\t\t\t\t\t\t\t\t\t\t\t<i class=\"icon fa-solid fa-tent fa-fw\" aria-hidden=\"true\"><\/i>\n\t\t\t\t\t\t\t\t\t\t\t\t\t\t\t\t<\/div>\n\t\t\t\t\t\t\t\t\t\t\t\t\t\t\t\t\t\t\t\t\t\t\t\t\t<div class=\"translation-block\"><p>4 kampeerovernachtingen op unieke locaties<\/p><\/div>\n\t\t\t\t\t\t\t\t\t\t\t\t<\/li>\n\t\t\t\t\t\t\t\t\t\t\t\t\t\t\t\t\t\t\t\t\t<li class=\"tb-practicalv2__icon-item\">\n\t\t\t\t\t\t\t\t\t\t\t\t\t\t\t\t\t\t\t\t\t\t\t\t\t<div>\n\t\t\t\t\t\t\t\t\t\t\t\t\t\t\t\t\t\t<i class=\"icon fa-kit fa-tb-icon-hotel fa-fw\" aria-hidden=\"true\"><\/i>\n\t\t\t\t\t\t\t\t\t\t\t\t\t\t\t\t<\/div>\n\t\t\t\t\t\t\t\t\t\t\t\t\t\t\t\t\t\t\t\t\t\t\t\t\t<div class=\"translation-block\"><p>2 hotelovernachtingen (dag 1 en dag 7)<\/p><\/div>\n\t\t\t\t\t\t\t\t\t\t\t\t<\/li>\n\t\t\t\t\t\t\t\t\t\t\t\t\t\t\t\t\t\t\t\t\t<li class=\"tb-practicalv2__icon-item\">\n\t\t\t\t\t\t\t\t\t\t\t\t\t\t\t\t\t\t\t\t\t\t\t\t\t<div>\n\t\t\t\t\t\t\t\t\t\t\t\t\t\t\t\t\t\t<i class=\"icon fa-solid fa-person-hiking fa-fw\" aria-hidden=\"true\"><\/i>\n\t\t\t\t\t\t\t\t\t\t\t\t\t\t\t\t<\/div>\n\t\t\t\t\t\t\t\t\t\t\t\t\t\t\t\t\t\t\t\t\t\t\t\t\t<div class=\"translation-block\"><p>Begeleiding door onze ervaren Travelbase gidsen en lokale gidsen<\/p><\/div>\n\t\t\t\t\t\t\t\t\t\t\t\t<\/li>\n\t\t\t\t\t\t\t\t\t\t\t\t\t\t\t\t\t\t\t\t\t<li class=\"tb-practicalv2__icon-item\">\n\t\t\t\t\t\t\t\t\t\t\t\t\t\t\t\t\t\t\t\t\t\t\t\t\t<div>\n\t\t\t\t\t\t\t\t\t\t\t\t\t\t\t\t\t\t<i class=\"icon fa-solid fa-van-shuttle fa-fw\" aria-hidden=\"true\"><\/i>\n\t\t\t\t\t\t\t\t\t\t\t\t\t\t\t\t<\/div>\n\t\t\t\t\t\t\t\t\t\t\t\t\t\t\t\t\t\t\t\t\t\t\t\t\t<div class=\"translation-block\"><p>Shuttle naar het beginpunt en van het eindpunt van de trail<\/p><\/div>\n\t\t\t\t\t\t\t\t\t\t\t\t<\/li>\n\t\t\t\t\t\t\t\t\t\t\t\t\t\t\t\t\t\t\t\t\t<li class=\"tb-practicalv2__icon-item\">\n\t\t\t\t\t\t\t\t\t\t\t\t\t\t\t\t\t\t\t\t\t\t\t\t\t<div>\n\t\t\t\t\t\t\t\t\t\t\t\t\t\t\t\t\t\t<i class=\"icon fa-solid fa-circle-info fa-fw\" aria-hidden=\"true\"><\/i>\n\t\t\t\t\t\t\t\t\t\t\t\t\t\t\t\t<\/div>\n\t\t\t\t\t\t\t\t\t\t\t\t\t\t\t\t\t\t\t\t\t\t\t\t\t<div class=\"translation-block\"><p><a href=\"https:\/\/thejordantrail.org\/nl\/app\/\">Travelbase app<\/a> met alle info over The Jordan Trail<\/p><\/div>\n\t\t\t\t\t\t\t\t\t\t\t\t<\/li>\n\t\t\t\t\t\t\t\t\t\t\t\t\t\t\t\t\t\t\t<\/ul>\n\t\t\t\t\t\t\t\t\n\t\t\t\t\t\t\t\t\n\t\t\t\t\t\t\t\t\t\t\t\t\t\t\t\t\t\t\t<a href=\"https:\/\/travelbase.pro.typeform.com\/tjt27snlprereg\"  target=\"_blank\" data-mode=\"popup\" data-url=\"https:\/\/travelbase.pro.typeform.com\/tjt27snlprereg\" class=\"tb-button typeform-share\">\n\t\t\tPreregistreer | Voorjaar 2027\t\t<\/a>\n\t\t\t\t\t<script>\n\t\t\t\t(function() {\n\t\t\t\t\tvar qs, js, q, s, d = document,\n\t\t\t\t\t\tgi = d.getElementById,\n\t\t\t\t\t\tce = d.createElement,\n\t\t\t\t\t\tgt = d.getElementsByTagName,\n\t\t\t\t\t\tid = \"typef_orm_share\",\n\t\t\t\t\t\tb = \"https:\/\/embed.typeform.com\/\";\n\t\t\t\t\tif (!gi.call(d, id)) {\n\t\t\t\t\t\tjs = ce.call(d, \"script\");\n\t\t\t\t\t\tjs.id = id;\n\t\t\t\t\t\tjs.src = b + \"embed.js\";\n\t\t\t\t\t\tq = gt.call(d, \"script\")[0];\n\t\t\t\t\t\tq.parentNode.insertBefore(js, q);\n\t\t\t\t\t}\n\t\t\t\t})();\n\t\t\t<\/script>\n\t\t\t\t\t\t\t\t\t\t\t\t\t\t\t\t\t<\/div>\n\t\t\t\t\t\t\t\n\t\t\t\t\t\t\t\t\t\t\t\t\t\t\t<div class=\"tb-practicalv2__info-extra\">\n\t\t\t\t\t\t\t\t\t\t\t\t\t\t\t\t\t\t\t\t<div class=\"translation-block\"><p>Je kan verschillende&nbsp;<strong><a href=\"#options\">extra opties<\/a><\/strong>&nbsp;aan je reis toevoegen.<\/p><\/div>\n\t\t\t\t\t\t\t\t\t\t\t\t\t\n\t\t\t\t\t\t\t\t\t\t\t\t\t\t\t\t\t<\/div>\n\t\t\t\t\t\t\t\t\t\t\t\t\t\t\t\t\t\t<\/div>\n\t\t\t\t<\/details>\n\t\t\t\t\t\t\t<details class=\"tb-practicalv2__category tb-practicalv2__category--flights_popup\" id=\"flights\"  open>\n\t\t\t\t\t<summary class=\"tb-practicalv2__category-toggle\">\n\t\t\t\t\t\t\t\t\t\t\t\t\t\t\t\t\t<i class=\"icon fa-solid fa-plane tb-style-block fa-fw\" aria-hidden=\"true\"><\/i>\n\t\t\t\t\t\t\t\t\t\t\t\t\t\t\t<span class=\"tb-practicalv2__category-name\">\n\t\t\t\t\t\t\tVluchten\t\t\t\t\t\t<\/span>\n\t\t\t\t\t<\/summary>\n\t\t\t\t\t<div class=\"tb-practicalv2__category-content\">\n\t\t\t\t\t\t\t\t\t\t\t\t\t<div class=\"tb-practicalv2__category-default-content\">\n\t\t\t\t\t\t\t\t\t\t\n\t\t\t\t\t\t\t\t\t\t\t\t\t\t\t\t\t<ul class=\"tb-practicalv2__icon-list\">\n\t\t\t\t\t\t\t\t\t\t\t\t\t\t\t\t\t\t\t\t\t<li class=\"tb-practicalv2__icon-item\">\n\t\t\t\t\t\t\t\t\t\t\t\t\t\t\t\t\t\t\t\t\t\t\t\t\t<div>\n\t\t\t\t\t\t\t\t\t\t\t\t\t\t\t\t\t\t<i class=\"icon fa-solid fa-plane-departure fa-fw\" aria-hidden=\"true\"><\/i>\n\t\t\t\t\t\t\t\t\t\t\t\t\t\t\t\t<\/div>\n\t\t\t\t\t\t\t\t\t\t\t\t\t\t\t\t\t\t\t\t\t\t\t\t\t<div class=\"translation-block\"><p>We bieden verschillende rechtstreekse vluchten aan naar Amman.<\/p><\/div>\n\t\t\t\t\t\t\t\t\t\t\t\t<\/li>\n\t\t\t\t\t\t\t\t\t\t\t\t\t\t\t\t\t\t\t\t\t<li class=\"tb-practicalv2__icon-item\">\n\t\t\t\t\t\t\t\t\t\t\t\t\t\t\t\t\t\t\t\t\t\t\t\t\t<div>\n\t\t\t\t\t\t\t\t\t\t\t\t\t\t\t\t\t\t<i class=\"icon fa-solid fa-passport fa-fw\" aria-hidden=\"true\"><\/i>\n\t\t\t\t\t\t\t\t\t\t\t\t\t\t\t\t<\/div>\n\t\t\t\t\t\t\t\t\t\t\t\t\t\t\t\t\t\t\t\t\t\t\t\t\t<div class=\"translation-block\"><p>Indien je je vluchten met The Jordan Trail boekt, is dit&nbsp;<strong>inclusief je visum<\/strong>&nbsp;voor Jordani\u00eb&nbsp; en&nbsp;<strong>luchthaventransport<\/strong>&nbsp;van en naar de luchthaven.<\/p><\/div>\n\t\t\t\t\t\t\t\t\t\t\t\t<\/li>\n\t\t\t\t\t\t\t\t\t\t\t\t\t\t\t\t\t\t\t<\/ul>\n\t\t\t\t\t\t\t\t\n\t\t\t\t\t\t\t\t\t\t\t\t\t\t\t\t\t    <div class=\"tb-popup-trigger\" data-flights-popup data-package-code=\"TJT-TJT\">\n        <button class=\"tb-button\" type=\"button\">Bekijk beschikbare vluchten<\/button>\n        <dialog class=\"tb-popup tb-popup-with-padding\">\n            <div class=\"tb-popup-content flights\" data-lang=\"nl\" data-incl-package=\"TJT-TJT\">\n\t\t\t\t<span tabindex=\"-1\" autofocus style=\"position:absolute;pointer-events:none;\"><\/span>\n\t\t\t\t<div class=\"flights__container\">\n\t\t\t\t\t<header class=\"flights__head\">\n\t\t\t\t\t\t<h2 class=\"flights__title\">Vluchtopties<\/h2>\n\t\t\t\t\t\t<p class=\"flights__subtitle\">Selecteer een reis, vertreklocatie en datum om beschikbare vluchten te bekijken.<\/p>\n\t\t\t\t\t<\/header>\n\t\t\t\t\t<div class=\"flights__body\">\n\t\t\t\t\t\t<form class=\"flights__filters\">\n\t\t\t\t\t\t\t<div class=\"flights__filter-field\">\n\t\t\t\t\t\t\t\t<label class=\"flights__filter-label\" for=\"flights-package-TJT-TJT\">Reizen<\/label>\n\t\t\t\t\t\t\t\t<div class=\"flights__select-wrap is-locked\">\n\t\t\t\t\t\t\t\t\t<select name=\"package-code\" id=\"flights-package-TJT-TJT\" disabled>\n\t\t\t\t\t\t\t\t\t\t<option value=\"TJT-TJT\">The Jordan Trail<\/option>\n\t\t\t\t\t\t\t\t\t\t\t\t\t\t\t\t\t\t\t<\/select>\n\t\t\t\t\t\t\t\t<\/div>\n\t\t\t\t\t\t\t\t\t\t\t\t\t\t\t\t\t\t\t\t\t\t\t\t\t\t<input type=\"hidden\" name=\"package-code\" value=\"TJT-TJT\">\n\t\t\t\t\t\t\t\t\t\t\t\t\t\t\t<\/div>\n\t\t\t\t\t\t\t<div class=\"flights__filter-field\">\n\t\t\t\t\t\t\t\t<label class=\"flights__filter-label\" for=\"flights-airport-TJT-TJT\">Vertreklocatie<\/label>\n\t\t\t\t\t\t\t\t<div class=\"flights__select-wrap\">\n\t\t\t\t\t\t\t\t\t<select name=\"home-airports\" id=\"flights-airport-TJT-TJT\" class=\"is-placeholder\">\n\t\t\t\t\t\t\t\t\t\t<option value=\"\">Alle vertrekluchthavens<\/option>\n\t\t\t\t\t\t\t\t\t<\/select>\n\t\t\t\t\t\t\t\t<\/div>\n\t\t\t\t\t\t\t<\/div>\n\t\t\t\t\t\t\t<div class=\"flights__filter-field\">\n\t\t\t\t\t\t\t\t<label class=\"flights__filter-label\" for=\"flights-date-TJT-TJT\">Vertrekdatum<\/label>\n\t\t\t\t\t\t\t\t    <div class=\"tb-datepicker flights__datepicker is-empty\" data-tb-datepicker>\n        <button type=\"button\" class=\"tb-datepicker__btn\" id=\"flights-date-TJT-TJT\" popovertarget=\"flights-date-TJT-TJT-pop\">\n            <svg class=\"tb-datepicker__icon\" viewBox=\"0 0 24 24\" fill=\"none\" stroke=\"currentColor\" stroke-width=\"1.6\" stroke-linecap=\"round\" stroke-linejoin=\"round\">\n                <rect x=\"3\" y=\"4.5\" width=\"18\" height=\"16\" rx=\"2.5\"\/>\n                <path d=\"M3 9h18M8 2.5v4M16 2.5v4\"\/>\n            <\/svg>\n            <span class=\"tb-datepicker__btn-label\">Kies een vertrekdatum<\/span>\n        <\/button>\n        <input type=\"hidden\" name=\"departure-date\">\n        <div popover class=\"tb-datepicker__pop\" id=\"flights-date-TJT-TJT-pop\">\n            <div class=\"tb-datepicker__head\">\n                <button type=\"button\" class=\"tb-datepicker__nav\" data-nav=\"-1\"><svg viewBox=\"0 0 24 24\" fill=\"none\" stroke=\"currentColor\" stroke-width=\"2\" stroke-linecap=\"round\" stroke-linejoin=\"round\"><path d=\"m15 6-6 6 6 6\"\/><\/svg><\/button>\n                <span class=\"tb-datepicker__month\"><\/span>\n                <button type=\"button\" class=\"tb-datepicker__nav\" data-nav=\"1\"><svg viewBox=\"0 0 24 24\" fill=\"none\" stroke=\"currentColor\" stroke-width=\"2\" stroke-linecap=\"round\" stroke-linejoin=\"round\"><path d=\"m9 6 6 6-6 6\"\/><\/svg><\/button>\n            <\/div>\n            <div class=\"tb-datepicker__weekdays\"><\/div>\n            <div class=\"tb-datepicker__grid\"><\/div>\n            <div class=\"tb-datepicker__foot\">\n                <span class=\"tb-datepicker__legend\">\n                    <span class=\"tb-datepicker__legend-itm\"><i class=\"tb-datepicker__dot is-available\"><\/i>Beschikbaar<\/span>\n                    <span class=\"tb-datepicker__legend-itm\"><i class=\"tb-datepicker__dot is-selected\"><\/i>Gekozen<\/span>\n                <\/span>\n                <button type=\"button\" class=\"tb-datepicker__clear\">Wis datum<\/button>\n            <\/div>\n        <\/div>\n    <\/div>\n    \t\t\t\t\t\t\t<\/div>\n\t\t\t\t\t\t\t<button type=\"submit\" class=\"flights__filter-submit\">Filter toepassen<\/button>\n\t\t\t\t\t\t<\/form>\n\t\t\t\t\t\t<section class=\"flights__results\">\n\t\t\t\t\t\t\t<div class=\"flights__pairs\"><\/div>\n\t\t\t\t\t\t\t<div class=\"flights__loading-overlay\">\n\t\t\t\t\t\t\t\t<div class=\"flights__loading-card\">\n\t\t\t\t\t\t\t\t\t<span class=\"flights__spinner\">\n\t\t\t\t\t\t\t\t\t\t<svg viewBox=\"0 0 32 32\" fill=\"none\">\n\t\t\t\t\t\t\t\t\t\t\t<circle class=\"flights__spinner-track\" cx=\"16\" cy=\"16\" r=\"12\" stroke-width=\"2.6\"><\/circle>\n\t\t\t\t\t\t\t\t\t\t\t<path class=\"flights__spinner-arc\" d=\"M16 4 a12 12 0 0 1 12 12\" stroke-width=\"2.6\"><\/path>\n\t\t\t\t\t\t\t\t\t\t<\/svg>\n\t\t\t\t\t\t\t\t\t<\/span>\n\t\t\t\t\t\t\t\t\t<div class=\"flights__loading-title\">Vluchten zoeken\u2026<\/div>\n\t\t\t\t\t\t\t\t\t<div class=\"flights__loading-sub\">We halen de beschikbare opties op bij onze partners.<\/div>\n\t\t\t\t\t\t\t\t<\/div>\n\t\t\t\t\t\t\t<\/div>\n\t\t\t\t\t\t\t<div class=\"flights__empty-state\">\n\t\t\t\t\t\t\t\t<span class=\"flights__empty-icon\">\n\t\t\t\t\t\t\t\t\t<svg viewBox=\"0 0 24 24\" fill=\"none\" stroke=\"currentColor\" stroke-width=\"1.5\" stroke-linecap=\"round\" stroke-linejoin=\"round\">\n\t\t\t\t\t\t\t\t\t\t<path d=\"M17.8 19.2 16 11l3.5-3.5C21 6 21.5 4 21 3c-1-.5-3 0-4.5 1.5L13 8 4.8 6.2c-.5-.1-.9.1-1.1.5l-.3.5c-.2.5-.1 1 .3 1.3L9 12l-2 3H4l-1 1 3 2 2 3 1-1v-3l3-2 3.5 5.3c.3.4.8.5 1.3.3l.5-.2c.4-.3.6-.7.5-1.2z\"\/>\n\t\t\t\t\t\t\t\t\t\t<path d=\"m2 2 20 20\"\/>\n\t\t\t\t\t\t\t\t\t<\/svg>\n\t\t\t\t\t\t\t\t<\/span>\n\t\t\t\t\t\t\t\t<div class=\"flights__empty-title\">Geen vluchten gevonden<\/div>\n\t\t\t\t\t\t\t\t<p class=\"flights__empty-sub\">Voor deze combinatie van reis, vertreklocatie en datum vonden we geen beschikbare vluchten. Probeer een andere vertrekdatum of locatie.<\/p>\n\t\t\t\t\t\t\t<\/div>\n\t\t\t\t\t\t<\/section>\n\t\t\t\t\t<\/div>\n\t\t\t\t<\/div>\n\t\t\t<template class=\"tpl-flights-card\">\n\t\t\t\t<article class=\"flights__card\">\n\t\t\t\t\t<div class=\"flights__card-legs\">\n\t\t\t\t\t\t<div class=\"flights__leg flights__leg--to\">\n\t\t\t\t\t\t\t<span class=\"flights__leg-badge\"><svg viewBox=\"0 0 24 24\" fill=\"none\" stroke=\"currentColor\" stroke-width=\"1.5\" stroke-linecap=\"round\" stroke-linejoin=\"round\"><path d=\"M17.8 19.2 16 11l3.5-3.5C21 6 21.5 4 21 3c-1-.5-3 0-4.5 1.5L13 8 4.8 6.2c-.5-.1-.9.1-1.1.5l-.3.5c-.2.5-.1 1 .3 1.3L9 12l-2 3H4l-1 1 3 2 2 3 1-1v-3l3-2 3.5 5.3c.3.4.8.5 1.3.3l.5-.2c.4-.3.6-.7.5-1.2z\"\/><\/svg><\/span>\n\t\t\t\t\t\t\t<div class=\"flights__date-row\"><\/div>\n\t\t\t\t\t\t\t<div class=\"flights__leg-col\">\n\t\t\t\t\t\t\t\t<span class=\"flights__leg-time\"><\/span>\n\t\t\t\t\t\t\t\t<span class=\"flights__leg-loc\"><\/span>\n\t\t\t\t\t\t\t<\/div>\n\t\t\t\t\t\t\t<span class=\"flights__leg-arrow\"><svg viewBox=\"0 0 24 24\" fill=\"none\" stroke=\"currentColor\" stroke-width=\"1.5\" stroke-linecap=\"round\" stroke-linejoin=\"round\"><path d=\"M5 12h14M13 5l7 7-7 7\"\/><\/svg><\/span>\n\t\t\t\t\t\t\t<div class=\"flights__leg-col\">\n\t\t\t\t\t\t\t\t<span class=\"flights__leg-time\"><\/span>\n\t\t\t\t\t\t\t\t<span class=\"flights__leg-loc\"><\/span>\n\t\t\t\t\t\t\t<\/div>\n\t\t\t\t\t\t\t<div class=\"flights__leg-meta\">\n\t\t\t\t\t\t\t\t<span class=\"flights__leg-meta-label\">Reisduur<\/span>\n\t\t\t\t\t\t\t\t<span class=\"flights__leg-meta-duration\"><span class=\"flights__duration-hours\"><\/span>u<span class=\"flights__duration-minutes\"><\/span><\/span>\n\t\t\t\t\t\t\t<\/div>\n\t\t\t\t\t\t<\/div>\n\t\t\t\t\t\t<div class=\"flights__leg flights__leg--back\">\n\t\t\t\t\t\t\t<span class=\"flights__leg-badge is-return\"><svg viewBox=\"0 0 24 24\" fill=\"none\" stroke=\"currentColor\" stroke-width=\"1.5\" stroke-linecap=\"round\" stroke-linejoin=\"round\"><path d=\"M17.8 19.2 16 11l3.5-3.5C21 6 21.5 4 21 3c-1-.5-3 0-4.5 1.5L13 8 4.8 6.2c-.5-.1-.9.1-1.1.5l-.3.5c-.2.5-.1 1 .3 1.3L9 12l-2 3H4l-1 1 3 2 2 3 1-1v-3l3-2 3.5 5.3c.3.4.8.5 1.3.3l.5-.2c.4-.3.6-.7.5-1.2z\"\/><\/svg><\/span>\n\t\t\t\t\t\t\t<div class=\"flights__date-row\"><\/div>\n\t\t\t\t\t\t\t<div class=\"flights__leg-col\">\n\t\t\t\t\t\t\t\t<span class=\"flights__leg-time\"><\/span>\n\t\t\t\t\t\t\t\t<span class=\"flights__leg-loc\"><\/span>\n\t\t\t\t\t\t\t<\/div>\n\t\t\t\t\t\t\t<span class=\"flights__leg-arrow\"><svg viewBox=\"0 0 24 24\" fill=\"none\" stroke=\"currentColor\" stroke-width=\"1.5\" stroke-linecap=\"round\" stroke-linejoin=\"round\"><path d=\"M5 12h14M13 5l7 7-7 7\"\/><\/svg><\/span>\n\t\t\t\t\t\t\t<div class=\"flights__leg-col\">\n\t\t\t\t\t\t\t\t<span class=\"flights__leg-time\"><\/span>\n\t\t\t\t\t\t\t\t<span class=\"flights__leg-loc\"><\/span>\n\t\t\t\t\t\t\t<\/div>\n\t\t\t\t\t\t\t<div class=\"flights__leg-meta\">\n\t\t\t\t\t\t\t\t<span class=\"flights__leg-meta-label\">Reisduur<\/span>\n\t\t\t\t\t\t\t\t<span class=\"flights__leg-meta-duration\"><span class=\"flights__duration-hours\"><\/span>u<span class=\"flights__duration-minutes\"><\/span><\/span>\n\t\t\t\t\t\t\t<\/div>\n\t\t\t\t\t\t<\/div>\n\t\t\t\t\t<\/div>\n\t\t\t\t\t<div class=\"flights__card-price\">\n\t\t\t\t\t\t<span class=\"flights__card-price-status\">\n\t\t\t\t\t\t\t<span class=\"flights__card-price-status-direct\">\n\t\t\t\t\t\t\t\t<svg viewBox=\"0 0 24 24\" fill=\"none\" stroke=\"currentColor\" stroke-width=\"1.6\" stroke-linecap=\"round\" stroke-linejoin=\"round\"><path d=\"M3 12h16l-4-4M19 12l-4 4\"\/><\/svg>\n\t\t\t\t\t\t\t\t<span>Directe vluchten<\/span>\n\t\t\t\t\t\t\t<\/span>\n\t\t\t\t\t\t\t<span class=\"flights__card-price-status-via\">\n\t\t\t\t\t\t\t\t<svg viewBox=\"0 0 24 24\" fill=\"none\" stroke=\"currentColor\" stroke-width=\"1.6\" stroke-linecap=\"round\" stroke-linejoin=\"round\"><path d=\"M4 8h13l-3-3M20 16H7l3 3\"\/><\/svg>\n\t\t\t\t\t\t\t\t<span>Met overstap<\/span>\n\t\t\t\t\t\t\t<\/span>\n\t\t\t\t\t\t<\/span>\n\t\t\t\t\t\t<span class=\"flights__card-price-amount\">\n\t\t\t\t\t\t\t<span class=\"flights__card-price-value\"><\/span>\n\t\t\t\t\t\t\t<span class=\"flights__card-price-label\">p.p.<\/span>\n\t\t\t\t\t\t<\/span>\n\t\t\t\t\t\t<div class=\"flights__incl\">\n\t\t\t\t\t\t\t\t\t\t\t\t\t\t<button class=\"flights__incl-bar\" type=\"button\" popovertarget=\"flights-incl-pop\" data-incl=\"ruim:0,hand:1,transfer:1\">\n\t\t\t\t\t\t\t\t<span class=\"flights__incl-bar-i\">i<\/span>\n\t\t\t\t\t\t\t\t<span class=\"flights__incl-bar-items\">\n\t\t\t\t\t\t\t\t\t\t\t\t\t\t\t\t\t\t\t<span class=\"flights__incl-itm is-off\">\n\t\t\t\t\t\t\t\t\t\t\t<svg viewBox=\"0 0 24 24\" fill=\"none\" stroke=\"currentColor\" stroke-width=\"1.7\" stroke-linecap=\"round\" stroke-linejoin=\"round\"><rect x=\"2\" y=\"6\" width=\"20\" height=\"14\" rx=\"2\"\/><path d=\"M16 20V4a2 2 0 0 0-2-2h-4a2 2 0 0 0-2 2v16\"\/><\/svg>\n\t\t\t\t\t\t\t\t\t\t\t<span class=\"flights__incl-itm-badge\"><svg viewBox=\"0 0 24 24\" fill=\"none\" stroke=\"currentColor\" stroke-width=\"2.6\" stroke-linecap=\"round\" stroke-linejoin=\"round\"><path d=\"M18 6 6 18M6 6l12 12\"\/><\/svg><\/span>\n\t\t\t\t\t\t\t\t\t\t<\/span>\n\t\t\t\t\t\t\t\t\t\t\t\t\t\t\t\t\t\t\t<span class=\"flights__incl-itm\">\n\t\t\t\t\t\t\t\t\t\t\t<svg viewBox=\"0 0 24 24\" fill=\"none\" stroke=\"currentColor\" stroke-width=\"1.7\" stroke-linecap=\"round\" stroke-linejoin=\"round\"><rect x=\"4\" y=\"8\" width=\"16\" height=\"12.5\" rx=\"5\"\/><path d=\"M9 8V6a3 3 0 0 1 6 0v2\"\/><path d=\"M8.5 13.5h7\"\/><\/svg>\n\t\t\t\t\t\t\t\t\t\t\t<span class=\"flights__incl-itm-badge\"><svg viewBox=\"0 0 24 24\" fill=\"none\" stroke=\"currentColor\" stroke-width=\"2.6\" stroke-linecap=\"round\" stroke-linejoin=\"round\"><path d=\"M20 6 9 17l-5-5\"\/><\/svg><\/span>\n\t\t\t\t\t\t\t\t\t\t<\/span>\n\t\t\t\t\t\t\t\t\t\t\t\t\t\t\t\t\t\t\t<span class=\"flights__incl-itm\">\n\t\t\t\t\t\t\t\t\t\t\t<svg viewBox=\"0 0 24 24\" fill=\"none\" stroke=\"currentColor\" stroke-width=\"1.7\" stroke-linecap=\"round\" stroke-linejoin=\"round\"><path d=\"M19 17h2c.6 0 1-.4 1-1v-3c0-.9-.7-1.7-1.5-1.9C18.7 10.6 16 10 16 10s-1.3-1.4-2.2-2.3c-.5-.4-1.1-.7-1.8-.7H5c-.6 0-1.1.4-1.4.9l-1.6 2.8C1.4 11.3 1 12.1 1 13v3c0 .6.4 1 1 1h2\"\/><circle cx=\"7\" cy=\"17\" r=\"2\"\/><path d=\"M9 17h6\"\/><circle cx=\"17\" cy=\"17\" r=\"2\"\/><\/svg>\n\t\t\t\t\t\t\t\t\t\t\t<span class=\"flights__incl-itm-badge\"><svg viewBox=\"0 0 24 24\" fill=\"none\" stroke=\"currentColor\" stroke-width=\"2.6\" stroke-linecap=\"round\" stroke-linejoin=\"round\"><path d=\"M20 6 9 17l-5-5\"\/><\/svg><\/span>\n\t\t\t\t\t\t\t\t\t\t<\/span>\n\t\t\t\t\t\t\t\t\t\t\t\t\t\t\t\t\t<\/span>\n\t\t\t\t\t\t\t<\/button>\n\t\t\t\t\t\t\t<div class=\"flights__incl-pop\" popover id=\"flights-incl-pop\">\n\t\t\t\t\t\t\t\t\t\t\t\t\t\t\t\t\t<div class=\"flights__incl-pop-row is-off\">\n\t\t\t\t\t\t\t\t\t\t<span class=\"flights__incl-pop-ic\"><svg viewBox=\"0 0 24 24\" fill=\"none\" stroke=\"currentColor\" stroke-width=\"1.6\" stroke-linecap=\"round\" stroke-linejoin=\"round\"><rect x=\"2\" y=\"6\" width=\"20\" height=\"14\" rx=\"2\"\/><path d=\"M16 20V4a2 2 0 0 0-2-2h-4a2 2 0 0 0-2 2v16\"\/><\/svg><\/span>\n\t\t\t\t\t\t\t\t\t\t<span class=\"flights__incl-pop-txt\">\n\t\t\t\t\t\t\t\t\t\t\t<span class=\"flights__incl-pop-label\">Ruimbagage<\/span>\n\t\t\t\t\t\t\t\t\t\t\t<span class=\"flights__incl-pop-desc\">Niet inbegrepen, bij te boeken.<\/span>\n\t\t\t\t\t\t\t\t\t\t<\/span>\n\t\t\t\t\t\t\t\t\t\t<span class=\"flights__incl-pop-mark\"><svg viewBox=\"0 0 24 24\" fill=\"none\" stroke=\"currentColor\" stroke-width=\"2.4\" stroke-linecap=\"round\" stroke-linejoin=\"round\"><path d=\"M18 6 6 18M6 6l12 12\"\/><\/svg><\/span>\n\t\t\t\t\t\t\t\t\t<\/div>\n\t\t\t\t\t\t\t\t\t\t\t\t\t\t\t\t\t<div class=\"flights__incl-pop-row\">\n\t\t\t\t\t\t\t\t\t\t<span class=\"flights__incl-pop-ic\"><svg viewBox=\"0 0 24 24\" fill=\"none\" stroke=\"currentColor\" stroke-width=\"1.6\" stroke-linecap=\"round\" stroke-linejoin=\"round\"><rect x=\"4\" y=\"8\" width=\"16\" height=\"12.5\" rx=\"5\"\/><path d=\"M9 8V6a3 3 0 0 1 6 0v2\"\/><path d=\"M8.5 13.5h7\"\/><\/svg><\/span>\n\t\t\t\t\t\t\t\t\t\t<span class=\"flights__incl-pop-txt\">\n\t\t\t\t\t\t\t\t\t\t\t<span class=\"flights__incl-pop-label\">Handbagage<\/span>\n\t\t\t\t\t\t\t\t\t\t\t<span class=\"flights__incl-pop-desc\">E\u00e9n stuk handbagage mee aan boord.<\/span>\n\t\t\t\t\t\t\t\t\t\t<\/span>\n\t\t\t\t\t\t\t\t\t\t<span class=\"flights__incl-pop-mark\"><svg viewBox=\"0 0 24 24\" fill=\"none\" stroke=\"currentColor\" stroke-width=\"2.4\" stroke-linecap=\"round\" stroke-linejoin=\"round\"><path d=\"M20 6 9 17l-5-5\"\/><\/svg><\/span>\n\t\t\t\t\t\t\t\t\t<\/div>\n\t\t\t\t\t\t\t\t\t\t\t\t\t\t\t\t\t<div class=\"flights__incl-pop-row\">\n\t\t\t\t\t\t\t\t\t\t<span class=\"flights__incl-pop-ic\"><svg viewBox=\"0 0 24 24\" fill=\"none\" stroke=\"currentColor\" stroke-width=\"1.6\" stroke-linecap=\"round\" stroke-linejoin=\"round\"><path d=\"M19 17h2c.6 0 1-.4 1-1v-3c0-.9-.7-1.7-1.5-1.9C18.7 10.6 16 10 16 10s-1.3-1.4-2.2-2.3c-.5-.4-1.1-.7-1.8-.7H5c-.6 0-1.1.4-1.4.9l-1.6 2.8C1.4 11.3 1 12.1 1 13v3c0 .6.4 1 1 1h2\"\/><circle cx=\"7\" cy=\"17\" r=\"2\"\/><path d=\"M9 17h6\"\/><circle cx=\"17\" cy=\"17\" r=\"2\"\/><\/svg><\/span>\n\t\t\t\t\t\t\t\t\t\t<span class=\"flights__incl-pop-txt\">\n\t\t\t\t\t\t\t\t\t\t\t<span class=\"flights__incl-pop-label\">Transfer<\/span>\n\t\t\t\t\t\t\t\t\t\t\t<span class=\"flights__incl-pop-desc\">Luchthaven naar accommodatie, heen en terug.<\/span>\n\t\t\t\t\t\t\t\t\t\t<\/span>\n\t\t\t\t\t\t\t\t\t\t<span class=\"flights__incl-pop-mark\"><svg viewBox=\"0 0 24 24\" fill=\"none\" stroke=\"currentColor\" stroke-width=\"2.4\" stroke-linecap=\"round\" stroke-linejoin=\"round\"><path d=\"M20 6 9 17l-5-5\"\/><\/svg><\/span>\n\t\t\t\t\t\t\t\t\t<\/div>\n\t\t\t\t\t\t\t\t\t\t\t\t\t\t\t<\/div>\n\t\t\t\t\t\t<\/div>\n\t\t\t\t\t<\/div>\n\t\t\t\t<\/article>\n\t\t\t<\/template>\n            <\/div>\n        <\/dialog>\n    <\/div>\n    \t\t\t\t\t\t\t\t\n\t\t\t\t\t\t\t\t\t\t\t\t\t\t\t<\/div>\n\t\t\t\t\t\t\t\n\t\t\t\t\t\t\t\t\t\t\t\t\t\t\t\t\t\t<\/div>\n\t\t\t\t<\/details>\n\t\t\t\t\t\t\t<details class=\"tb-practicalv2__category tb-practicalv2__category--custom\" id=\"luchthaventransport\"  open>\n\t\t\t\t\t<summary class=\"tb-practicalv2__category-toggle\">\n\t\t\t\t\t\t\t\t\t\t\t\t\t\t\t\t\t<i class=\"icon fa-solid fa-bus tb-style-block fa-fw\" aria-hidden=\"true\"><\/i>\n\t\t\t\t\t\t\t\t\t\t\t\t\t\t\t<span class=\"tb-practicalv2__category-name\">\n\t\t\t\t\t\t\tLuchthaventransport\t\t\t\t\t\t<\/span>\n\t\t\t\t\t<\/summary>\n\t\t\t\t\t<div class=\"tb-practicalv2__category-content\">\n\t\t\t\t\t\t\t\t\t\t\t\t\t<div class=\"tb-practicalv2__category-default-content\">\n\t\t\t\t\t\t\t\t\t\t\n\t\t\t\t\t\t\t\t\t\t\t\t\t\t\t\t\t<ul class=\"tb-practicalv2__icon-list\">\n\t\t\t\t\t\t\t\t\t\t\t\t\t\t\t\t\t\t\t\t\t<li class=\"tb-practicalv2__icon-item\">\n\t\t\t\t\t\t\t\t\t\t\t\t\t\t\t\t\t\t\t\t\t\t\t\t\t<div>\n\t\t\t\t\t\t\t\t\t\t\t\t\t\t\t\t\t\t<i class=\"icon fa-solid fa-bus fa-fw\" aria-hidden=\"true\"><\/i>\n\t\t\t\t\t\t\t\t\t\t\t\t\t\t\t\t<\/div>\n\t\t\t\t\t\t\t\t\t\t\t\t\t\t\t\t\t\t\t\t\t\t\t\t\t<div class=\"translation-block\"><p>Indien je vluchten via ons boekt, is het luchthaventransport van en naar de luchthaven van Amman inbegrepen.<\/p>\n<p>&nbsp;<\/p>\n<p>Boek je jouw eigen vluchten en maak je graag gebruik van onze shuttle? Hou dan rekening met volgende&nbsp;<strong>shuttle-uren:<\/strong><\/p>\n<p>&nbsp;<\/p>\n<ul>\n<li>Shuttle van de luchthaven naar Madaba&nbsp;<strong>(dag 1): 22:45<\/strong><\/li>\n<li>Shuttle hotel Amman naar de luchthaven&nbsp;<strong>(dag 8): 7:00<\/strong><\/li>\n<\/ul><\/div>\n\t\t\t\t\t\t\t\t\t\t\t\t<\/li>\n\t\t\t\t\t\t\t\t\t\t\t\t\t\t\t\t\t\t\t\t\t<li class=\"tb-practicalv2__icon-item\">\n\t\t\t\t\t\t\t\t\t\t\t\t\t\t\t\t\t\t\t\t\t\t\t\t\t<div>\n\t\t\t\t\t\t\t\t\t\t\t\t\t\t\t\t\t\t<i class=\"icon fa-solid fa-taxi fa-fw\" aria-hidden=\"true\"><\/i>\n\t\t\t\t\t\t\t\t\t\t\t\t\t\t\t\t<\/div>\n\t\t\t\t\t\t\t\t\t\t\t\t\t\t\t\t\t\t\t\t\t\t\t\t\t<div class=\"translation-block\"><p>Passen je vluchttijden of je reisplanning niet bij onze shuttle? Dan kan je gemakkelijk met een <strong>taxi<\/strong> je verplaatsen tussen de luchthaven, het hotel in Madaba en het centrum van Amman.<\/p><\/div>\n\t\t\t\t\t\t\t\t\t\t\t\t<\/li>\n\t\t\t\t\t\t\t\t\t\t\t\t\t\t\t\t\t\t\t<\/ul>\n\t\t\t\t\t\t\t\t\n\t\t\t\t\t\t\t\t\n\t\t\t\t\t\t\t\t\t\t\t\t\t\t\t<\/div>\n\t\t\t\t\t\t\t\n\t\t\t\t\t\t\t\t\t\t\t\t\t\t\t\t\t\t<\/div>\n\t\t\t\t<\/details>\n\t\t\t\t\t\t\t<details class=\"tb-practicalv2__category tb-practicalv2__category--stays\" id=\"stays\"  open>\n\t\t\t\t\t<summary class=\"tb-practicalv2__category-toggle\">\n\t\t\t\t\t\t\t\t\t\t\t\t\t\t\t\t\t<i class=\"icon fa-solid fa-bed tb-style-block fa-fw\" aria-hidden=\"true\"><\/i>\n\t\t\t\t\t\t\t\t\t\t\t\t\t\t\t<span class=\"tb-practicalv2__category-name\">\n\t\t\t\t\t\t\tAccommodatie\t\t\t\t\t\t<\/span>\n\t\t\t\t\t<\/summary>\n\t\t\t\t\t<div class=\"tb-practicalv2__category-content\">\n\t\t\t\t\t\t\t\t\t\t\t\t\t<div class=\"tb-practicalv2__category-default-content\">\n\t\t\t\t\t\t\t\t\t\t\n\t\t\t\t\t\t\t\t\t\t\t\t\t\t\t\t\t<ul class=\"tb-practicalv2__icon-list\">\n\t\t\t\t\t\t\t\t\t\t\t\t\t\t\t\t\t\t\t\t\t<li class=\"tb-practicalv2__icon-item\">\n\t\t\t\t\t\t\t\t\t\t\t\t\t\t\t\t\t\t\t\t\t\t\t\t\t<div>\n\t\t\t\t\t\t\t\t\t\t\t\t\t\t\t\t\t\t<i class=\"icon fa-kit fa-tb-icon-tipi fa-fw\" aria-hidden=\"true\"><\/i>\n\t\t\t\t\t\t\t\t\t\t\t\t\t\t\t\t<\/div>\n\t\t\t\t\t\t\t\t\t\t\t\t\t\t\t\t\t\t\t\t\t\t\t\t\t<div class=\"translation-block\"><p>Tijdens The Jordan Trail zul je&nbsp;<strong>voornamelijk in een tent slapen<\/strong>. De kampeerplekken liggen&nbsp;<strong>midden in de natuur<\/strong>, zonder sanitaire voorzieningen of stromend water. Wel kan je jezelf verfrissen op de kampplaatsen door middel van het meegevoerde water.<\/p><\/div>\n\t\t\t\t\t\t\t\t\t\t\t\t<\/li>\n\t\t\t\t\t\t\t\t\t\t\t\t\t\t\t\t\t\t\t\t\t<li class=\"tb-practicalv2__icon-item\">\n\t\t\t\t\t\t\t\t\t\t\t\t\t\t\t\t\t\t\t\t\t\t\t\t\t<div>\n\t\t\t\t\t\t\t\t\t\t\t\t\t\t\t\t\t\t<i class=\"icon fa-kit fa-tb-icon-hotel fa-fw\" aria-hidden=\"true\"><\/i>\n\t\t\t\t\t\t\t\t\t\t\t\t\t\t\t\t<\/div>\n\t\t\t\t\t\t\t\t\t\t\t\t\t\t\t\t\t\t\t\t\t\t\t\t\t<div class=\"translation-block\"><p>De&nbsp;<strong>eerste nacht in Madaba<\/strong> (Black Iris Hotel)&nbsp;en in&nbsp;<strong>Petra<\/strong> (Sunset Hotel) slaap je in een <strong>hotel<\/strong>. De&nbsp;<strong>laatste avond in centrum Amman<\/strong>&nbsp;kan je&nbsp;<strong>optioneel een hotelovernachting<\/strong> boeken (MISK Hotel).*<\/p><\/div>\n\t\t\t\t\t\t\t\t\t\t\t\t<\/li>\n\t\t\t\t\t\t\t\t\t\t\t\t\t\t\t\t\t\t\t<\/ul>\n\t\t\t\t\t\t\t\t\n\t\t\t\t\t\t\t\t\n\t\t\t\t\t\t\t\t\t\t\t\t\t\t\t<\/div>\n\t\t\t\t\t\t\t\n\t\t\t\t\t\t\t\t\t\t\t\t\t\t\t<div class=\"tb-practicalv2__info-extra\">\n\t\t\t\t\t\t\t\t\t\t\t\t\t\t\t\t\t\t\t\t<div class=\"translation-block\"><p>*Solo-reizigers (of deelnemers in een oneven groep) delen hierbij een kamer met een andere Jordan Trailer. We proberen steeds deelnemers van hetzelfde geslacht samen te plaatsen.<\/p><\/div>\n\t\t\t\t\t\t\t\t\t\t\t\t\t\n\t\t\t\t\t\t\t\t\t\t\t\t\t\t\t\t\t<\/div>\n\t\t\t\t\t\t\t\t\t\t\t\t\t\t\t\t\t\t<\/div>\n\t\t\t\t<\/details>\n\t\t\t\t\t\t\t<details class=\"tb-practicalv2__category tb-practicalv2__category--food_drinks\" id=\"food_drinks\"  open>\n\t\t\t\t\t<summary class=\"tb-practicalv2__category-toggle\">\n\t\t\t\t\t\t\t\t\t\t\t\t\t\t\t\t\t<i class=\"icon fa-solid fa-utensils tb-style-block fa-fw\" aria-hidden=\"true\"><\/i>\n\t\t\t\t\t\t\t\t\t\t\t\t\t\t\t<span class=\"tb-practicalv2__category-name\">\n\t\t\t\t\t\t\tEten &#038; drinken\t\t\t\t\t\t<\/span>\n\t\t\t\t\t<\/summary>\n\t\t\t\t\t<div class=\"tb-practicalv2__category-content\">\n\t\t\t\t\t\t\t\t\t\t\t\t\t<div class=\"tb-practicalv2__category-default-content\">\n\t\t\t\t\t\t\t\t\t\t\n\t\t\t\t\t\t\t\t\t\t\t\t\t\t\t\t\t<ul class=\"tb-practicalv2__icon-list\">\n\t\t\t\t\t\t\t\t\t\t\t\t\t\t\t\t\t\t\t\t\t<li class=\"tb-practicalv2__icon-item\">\n\t\t\t\t\t\t\t\t\t\t\t\t\t\t\t\t\t\t\t\t\t\t\t\t\t<div class=\"translation-block\"><p>Je kan dagelijks met ons mee eten en proeven van de&nbsp;<strong>lokale Bedouin cuisine<\/strong>&nbsp;(\u20ac156 vegetarisch, \u20ac160 vlees). Eigen eten meenemen mag, maar we raden vooral aan om aan te schuiven bij de gezellige Bedouin diners!<\/p>\n<p>&nbsp;<\/p>\n<p>Tijdens de hike kom je&nbsp;<strong>geen restaurants of supermarkten<\/strong>&nbsp;tegen. Alleen in&nbsp;<strong>Petra<\/strong>&nbsp;kan je op de laatste dag nog iets kopen. Neem dus&nbsp;<strong>genoeg snacks<\/strong>&nbsp;mee voor de hele route, zoals graanrepen, energierepen of druivensuiker.<\/p><\/div>\n\t\t\t\t\t\t\t\t\t\t\t\t<\/li>\n\t\t\t\t\t\t\t\t\t\t\t\t\t\t\t\t\t\t\t<\/ul>\n\t\t\t\t\t\t\t\t\n\t\t\t\t\t\t\t\t\n\t\t\t\t\t\t\t\t\t\t\t\t\t\t\t<\/div>\n\t\t\t\t\t\t\t\n\t\t\t\t\t\t\t\t\t\t\t\t\t\t\t\t\t\t<\/div>\n\t\t\t\t<\/details>\n\t\t\t\t\t\t\t<details class=\"tb-practicalv2__category tb-practicalv2__category--custom\" id=\"onze-gidsen\"  open>\n\t\t\t\t\t<summary class=\"tb-practicalv2__category-toggle\">\n\t\t\t\t\t\t\t\t\t\t\t\t\t\t\t\t\t<i class=\"icon fa-solid fa-person-hiking tb-style-block fa-fw\" aria-hidden=\"true\"><\/i>\n\t\t\t\t\t\t\t\t\t\t\t\t\t\t\t<span class=\"tb-practicalv2__category-name\">\n\t\t\t\t\t\t\tOnze gidsen\t\t\t\t\t\t<\/span>\n\t\t\t\t\t<\/summary>\n\t\t\t\t\t<div class=\"tb-practicalv2__category-content\">\n\t\t\t\t\t\t\t\t\t\t\t\t\t<div class=\"tb-practicalv2__category-default-content\">\n\t\t\t\t\t\t\t\t\t\t\n\t\t\t\t\t\t\t\t\t\t\t\t\t\t\t\t\t<ul class=\"tb-practicalv2__icon-list\">\n\t\t\t\t\t\t\t\t\t\t\t\t\t\t\t\t\t\t\t\t\t<li class=\"tb-practicalv2__icon-item\">\n\t\t\t\t\t\t\t\t\t\t\t\t\t\t\t\t\t\t\t\t\t\t\t\t\t<div class=\"translation-block\"><p>Tijdens de trail word je begeleid door&nbsp;<strong>ervaren Travelbase-gidsen en locals<\/strong> die de route door en door kennen. Zij zorgen voor de dagelijkse briefings, geven tips onderweg en zijn er altijd om te helpen of voor een fijne babbel. Tijdens de hikes zijn er steeds gidsen in de buurt, om wandelaars die problemen ondervinden tijdens de wandeling te ondersteunen als dat nodig is.<\/p>\n<p>&nbsp;<\/p>\n<p>Omdat de route&nbsp;<strong>niet bewegwijzerd<\/strong>&nbsp;is, raden we af om de tocht alleen te ondernemen. Dankzij onze&nbsp;<strong>nauwe samenwerking met de lokale gidsen<\/strong>&nbsp;volg je een zorgvuldig uitgestippelde route die je het \u00e9chte Jordani\u00eb laat beleven.<\/p><\/div>\n\t\t\t\t\t\t\t\t\t\t\t\t<\/li>\n\t\t\t\t\t\t\t\t\t\t\t\t\t\t\t\t\t\t\t<\/ul>\n\t\t\t\t\t\t\t\t\n\t\t\t\t\t\t\t\t\n\t\t\t\t\t\t\t\t\t\t\t\t\t\t\t<\/div>\n\t\t\t\t\t\t\t\n\t\t\t\t\t\t\t\t\t\t\t\t\t\t\t\t\t\t<\/div>\n\t\t\t\t<\/details>\n\t\t\t\t\t\t\t<details class=\"tb-practicalv2__category tb-practicalv2__category--custom\" id=\"reisdocumenten\"  open>\n\t\t\t\t\t<summary class=\"tb-practicalv2__category-toggle\">\n\t\t\t\t\t\t\t\t\t\t\t\t\t\t\t\t\t<i class=\"icon fa-solid fa-passport tb-style-block fa-fw\" aria-hidden=\"true\"><\/i>\n\t\t\t\t\t\t\t\t\t\t\t\t\t\t\t<span class=\"tb-practicalv2__category-name\">\n\t\t\t\t\t\t\tReisdocumenten\t\t\t\t\t\t<\/span>\n\t\t\t\t\t<\/summary>\n\t\t\t\t\t<div class=\"tb-practicalv2__category-content\">\n\t\t\t\t\t\t\t\t\t\t\t\t\t<div class=\"tb-practicalv2__category-default-content\">\n\t\t\t\t\t\t\t\t\t\t\n\t\t\t\t\t\t\t\t\t\t\t\t\t\t\t\t\t<ul class=\"tb-practicalv2__icon-list\">\n\t\t\t\t\t\t\t\t\t\t\t\t\t\t\t\t\t\t\t\t\t<li class=\"tb-practicalv2__icon-item\">\n\t\t\t\t\t\t\t\t\t\t\t\t\t\t\t\t\t\t\t\t\t\t\t\t\t<div class=\"translation-block\"><ul>\n<li><strong>Internationaal paspoort<\/strong> dat bij aankomst nog minimaal 6 maanden geldig moet zijn.<\/li>\n<li><strong>Visum<\/strong>: Boek je je vluchten via ons, dan is dit al inbegrepen in de prijs. Regel je je eigen vlucht, dan raden we aan om een <a href=\"https:\/\/www.jordanpass.jo\/\" target=\"_blank\" rel=\"noopener\">Jordan Pass<\/a>&nbsp;aan te schaffen (3 maand geldig na aankoop). Hiermee krijg je toegang tot Petra en is je visum ook geregeld.<\/li>\n<\/ul><\/div>\n\t\t\t\t\t\t\t\t\t\t\t\t<\/li>\n\t\t\t\t\t\t\t\t\t\t\t\t\t\t\t\t\t\t\t<\/ul>\n\t\t\t\t\t\t\t\t\n\t\t\t\t\t\t\t\t\n\t\t\t\t\t\t\t\t\t\t\t\t\t\t\t<\/div>\n\t\t\t\t\t\t\t\n\t\t\t\t\t\t\t\t\t\t\t\t\t\t\t\t\t\t<\/div>\n\t\t\t\t<\/details>\n\t\t\t\t\t\t\t<details class=\"tb-practicalv2__category tb-practicalv2__category--custom\" id=\"travelbase-app\"  open>\n\t\t\t\t\t<summary class=\"tb-practicalv2__category-toggle\">\n\t\t\t\t\t\t\t\t\t\t\t\t\t\t\t\t\t<i class=\"icon fa-solid fa-circle-info tb-style-block fa-fw\" aria-hidden=\"true\"><\/i>\n\t\t\t\t\t\t\t\t\t\t\t\t\t\t\t<span class=\"tb-practicalv2__category-name\">\n\t\t\t\t\t\t\tTravelbase app\t\t\t\t\t\t<\/span>\n\t\t\t\t\t<\/summary>\n\t\t\t\t\t<div class=\"tb-practicalv2__category-content\">\n\t\t\t\t\t\t\t\t\t\t\t\t\t<div class=\"tb-practicalv2__category-default-content\">\n\t\t\t\t\t\t\t\t\t\t\n\t\t\t\t\t\t\t\t\t\t\t\t\t\t\t\t\t<ul class=\"tb-practicalv2__icon-list\">\n\t\t\t\t\t\t\t\t\t\t\t\t\t\t\t\t\t\t\t\t\t<li class=\"tb-practicalv2__icon-item\">\n\t\t\t\t\t\t\t\t\t\t\t\t\t\t\t\t\t\t\t\t\t\t\t\t\t<div class=\"translation-block\"><p>Na je boeking krijg je toegang tot de&nbsp;<a href=\"https:\/\/thejordantrail.org\/nl\/app\/\">Travelbase app<\/a>. Installeer het voor vertrek zodat je altijd alle informatie bij de hand hebt. Daar vind je <strong>alle praktische informatie<\/strong> voor, tijdens en na je reis:<\/p>\n<ul>\n<li>Tips &amp; tricks<\/li>\n<li>Weekschema<\/li>\n<li>Vluchtinformatie<\/li>\n<li>Chat met de andere deelnemers en gidsen 2 weken voor vertrek<\/li>\n<\/ul><\/div>\n\t\t\t\t\t\t\t\t\t\t\t\t<\/li>\n\t\t\t\t\t\t\t\t\t\t\t\t\t\t\t\t\t\t\t<\/ul>\n\t\t\t\t\t\t\t\t\n\t\t\t\t\t\t\t\t\n\t\t\t\t\t\t\t\t\t\t\t\t\t\t\t<\/div>\n\t\t\t\t\t\t\t\n\t\t\t\t\t\t\t\t\t\t\t\t\t\t\t\t\t\t<\/div>\n\t\t\t\t<\/details>\n\t\t\t\t\t<\/div>\n\t<\/div>\n<\/div>\n\n\n<div class=\" tb-gallery tb-block align-center background-light pattern-none variant-grid\" id=\"gallery-1\">\n\t<div class=\"tb-gallery__inner\">\n\t\t<div class=\"desktop tb-has-popup-content\">\n\t\t\t\t\t\t\t<ul class=\"tb-gallery-grid\">\n\t\t\t\t\t\t\t\t\t\t\t\t\t\t\t\t\t\t<li class=\"slide\">\n\t\t\t\t\t\t\t\t<div class=\"tb-popup-trigger\">\n\t\t\t\t\t\t\t\t\t<img src='https:\/\/tjt.travelblox.eu\/wp-content\/smush-webp\/sites\/78\/2024\/09\/DSC05104.jpg.webp' width='1024' height='683' alt='Jordan Trail, Petra, Wadi Musa Jordanien' srcset='https:\/\/tjt.travelblox.eu\/wp-content\/smush-webp\/sites\/78\/2024\/09\/DSC05104.jpg.webp 1024w, https:\/\/tjt.travelblox.eu\/wp-content\/smush-webp\/sites\/78\/2024\/09\/DSC05104-300x200.jpg.webp 300w, https:\/\/tjt.travelblox.eu\/wp-content\/smush-webp\/sites\/78\/2024\/09\/DSC05104-768x512.jpg.webp 768w, https:\/\/tjt.travelblox.eu\/wp-content\/smush-webp\/sites\/78\/2024\/09\/DSC05104-18x12.jpg.webp 18w' sizes=\"auto, (max-width: 1024px) 100vw, 1024px\" loading='lazy' decoding='async' data-smush-webp-fallback=\"{&quot;src&quot;:&quot;https:\\\/\\\/tjt.travelblox.eu\\\/wp-content\\\/uploads\\\/sites\\\/78\\\/2024\\\/09\\\/DSC05104.jpg&quot;,&quot;srcset&quot;:&quot;https:\\\/\\\/tjt.travelblox.eu\\\/wp-content\\\/uploads\\\/sites\\\/78\\\/2024\\\/09\\\/DSC05104.jpg 1024w, https:\\\/\\\/tjt.travelblox.eu\\\/wp-content\\\/uploads\\\/sites\\\/78\\\/2024\\\/09\\\/DSC05104-300x200.jpg 300w, https:\\\/\\\/tjt.travelblox.eu\\\/wp-content\\\/uploads\\\/sites\\\/78\\\/2024\\\/09\\\/DSC05104-768x512.jpg 768w, https:\\\/\\\/tjt.travelblox.eu\\\/wp-content\\\/uploads\\\/sites\\\/78\\\/2024\\\/09\\\/DSC05104-18x12.jpg 18w&quot;}\">\t\t\t\t\t\t\t\t<\/div>\n\t\t\t\t\t\t\t<\/li>\n\t\t\t\t\t\t\t\t\t\t\t\t\t<li class=\"slide\">\n\t\t\t\t\t\t\t\t<div class=\"tb-popup-trigger\">\n\t\t\t\t\t\t\t\t\t<img src='https:\/\/tjt.travelblox.eu\/wp-content\/smush-webp\/sites\/78\/2024\/09\/JT23_RoyMosterd_LR_4152038-min-scaled.jpg.webp' width='2560' height='1920' alt='The Jordan Trail' srcset='https:\/\/tjt.travelblox.eu\/wp-content\/smush-webp\/sites\/78\/2024\/09\/JT23_RoyMosterd_LR_4152038-min-scaled.jpg.webp 2560w, https:\/\/tjt.travelblox.eu\/wp-content\/smush-webp\/sites\/78\/2024\/09\/JT23_RoyMosterd_LR_4152038-min-300x225.jpg.webp 300w, https:\/\/tjt.travelblox.eu\/wp-content\/smush-webp\/sites\/78\/2024\/09\/JT23_RoyMosterd_LR_4152038-min-1024x768.jpg.webp 1024w, https:\/\/tjt.travelblox.eu\/wp-content\/smush-webp\/sites\/78\/2024\/09\/JT23_RoyMosterd_LR_4152038-min-768x576.jpg.webp 768w, https:\/\/tjt.travelblox.eu\/wp-content\/smush-webp\/sites\/78\/2024\/09\/JT23_RoyMosterd_LR_4152038-min-1536x1152.jpg.webp 1536w, https:\/\/tjt.travelblox.eu\/wp-content\/smush-webp\/sites\/78\/2024\/09\/JT23_RoyMosterd_LR_4152038-min-2048x1536.jpg.webp 2048w, https:\/\/tjt.travelblox.eu\/wp-content\/smush-webp\/sites\/78\/2024\/09\/JT23_RoyMosterd_LR_4152038-min-16x12.jpg.webp 16w' sizes=\"auto, (max-width: 2560px) 100vw, 2560px\" loading='lazy' decoding='async' data-smush-webp-fallback=\"{&quot;src&quot;:&quot;https:\\\/\\\/tjt.travelblox.eu\\\/wp-content\\\/uploads\\\/sites\\\/78\\\/2024\\\/09\\\/JT23_RoyMosterd_LR_4152038-min-scaled.jpg&quot;,&quot;srcset&quot;:&quot;https:\\\/\\\/tjt.travelblox.eu\\\/wp-content\\\/uploads\\\/sites\\\/78\\\/2024\\\/09\\\/JT23_RoyMosterd_LR_4152038-min-scaled.jpg 2560w, https:\\\/\\\/tjt.travelblox.eu\\\/wp-content\\\/uploads\\\/sites\\\/78\\\/2024\\\/09\\\/JT23_RoyMosterd_LR_4152038-min-300x225.jpg 300w, https:\\\/\\\/tjt.travelblox.eu\\\/wp-content\\\/uploads\\\/sites\\\/78\\\/2024\\\/09\\\/JT23_RoyMosterd_LR_4152038-min-1024x768.jpg 1024w, https:\\\/\\\/tjt.travelblox.eu\\\/wp-content\\\/uploads\\\/sites\\\/78\\\/2024\\\/09\\\/JT23_RoyMosterd_LR_4152038-min-768x576.jpg 768w, https:\\\/\\\/tjt.travelblox.eu\\\/wp-content\\\/uploads\\\/sites\\\/78\\\/2024\\\/09\\\/JT23_RoyMosterd_LR_4152038-min-1536x1152.jpg 1536w, https:\\\/\\\/tjt.travelblox.eu\\\/wp-content\\\/uploads\\\/sites\\\/78\\\/2024\\\/09\\\/JT23_RoyMosterd_LR_4152038-min-2048x1536.jpg 2048w, https:\\\/\\\/tjt.travelblox.eu\\\/wp-content\\\/uploads\\\/sites\\\/78\\\/2024\\\/09\\\/JT23_RoyMosterd_LR_4152038-min-16x12.jpg 16w&quot;}\">\t\t\t\t\t\t\t\t<\/div>\n\t\t\t\t\t\t\t<\/li>\n\t\t\t\t\t\t\t\t\t\t\t\t\t<li class=\"slide\">\n\t\t\t\t\t\t\t\t<div class=\"tb-popup-trigger\">\n\t\t\t\t\t\t\t\t\t<img src='https:\/\/tjt.travelblox.eu\/wp-content\/smush-webp\/sites\/78\/2024\/09\/TJT23_EvyVanNispen_LR-89-min.jpg.webp' width='2500' height='1667' alt='Jordan Trail, Petra' srcset='https:\/\/tjt.travelblox.eu\/wp-content\/smush-webp\/sites\/78\/2024\/09\/TJT23_EvyVanNispen_LR-89-min.jpg.webp 2500w, https:\/\/tjt.travelblox.eu\/wp-content\/smush-webp\/sites\/78\/2024\/09\/TJT23_EvyVanNispen_LR-89-min-300x200.jpg.webp 300w, https:\/\/tjt.travelblox.eu\/wp-content\/smush-webp\/sites\/78\/2024\/09\/TJT23_EvyVanNispen_LR-89-min-1024x683.jpg.webp 1024w, https:\/\/tjt.travelblox.eu\/wp-content\/smush-webp\/sites\/78\/2024\/09\/TJT23_EvyVanNispen_LR-89-min-768x512.jpg.webp 768w, https:\/\/tjt.travelblox.eu\/wp-content\/smush-webp\/sites\/78\/2024\/09\/TJT23_EvyVanNispen_LR-89-min-1536x1024.jpg.webp 1536w, https:\/\/tjt.travelblox.eu\/wp-content\/smush-webp\/sites\/78\/2024\/09\/TJT23_EvyVanNispen_LR-89-min-2048x1366.jpg.webp 2048w, https:\/\/tjt.travelblox.eu\/wp-content\/smush-webp\/sites\/78\/2024\/09\/TJT23_EvyVanNispen_LR-89-min-18x12.jpg.webp 18w' sizes=\"auto, (max-width: 2500px) 100vw, 2500px\" loading='lazy' decoding='async' data-smush-webp-fallback=\"{&quot;src&quot;:&quot;https:\\\/\\\/tjt.travelblox.eu\\\/wp-content\\\/uploads\\\/sites\\\/78\\\/2024\\\/09\\\/TJT23_EvyVanNispen_LR-89-min.jpg&quot;,&quot;srcset&quot;:&quot;https:\\\/\\\/tjt.travelblox.eu\\\/wp-content\\\/uploads\\\/sites\\\/78\\\/2024\\\/09\\\/TJT23_EvyVanNispen_LR-89-min.jpg 2500w, https:\\\/\\\/tjt.travelblox.eu\\\/wp-content\\\/uploads\\\/sites\\\/78\\\/2024\\\/09\\\/TJT23_EvyVanNispen_LR-89-min-300x200.jpg 300w, https:\\\/\\\/tjt.travelblox.eu\\\/wp-content\\\/uploads\\\/sites\\\/78\\\/2024\\\/09\\\/TJT23_EvyVanNispen_LR-89-min-1024x683.jpg 1024w, https:\\\/\\\/tjt.travelblox.eu\\\/wp-content\\\/uploads\\\/sites\\\/78\\\/2024\\\/09\\\/TJT23_EvyVanNispen_LR-89-min-768x512.jpg 768w, https:\\\/\\\/tjt.travelblox.eu\\\/wp-content\\\/uploads\\\/sites\\\/78\\\/2024\\\/09\\\/TJT23_EvyVanNispen_LR-89-min-1536x1024.jpg 1536w, https:\\\/\\\/tjt.travelblox.eu\\\/wp-content\\\/uploads\\\/sites\\\/78\\\/2024\\\/09\\\/TJT23_EvyVanNispen_LR-89-min-2048x1366.jpg 2048w, https:\\\/\\\/tjt.travelblox.eu\\\/wp-content\\\/uploads\\\/sites\\\/78\\\/2024\\\/09\\\/TJT23_EvyVanNispen_LR-89-min-18x12.jpg 18w&quot;}\">\t\t\t\t\t\t\t\t<\/div>\n\t\t\t\t\t\t\t<\/li>\n\t\t\t\t\t\t\t\t\t\t\t\t\t\t\t<\/ul>\n\t\t\t\t\t\t<div class=\"tb-popup tb-popup--open-clicked-image\">\n\t\t\t\t<div class=\"tb-gallery-popup\">\n\t\t\t\t\t<div class=\"tb-image-part\">\n\t\t\t\t\t\t\t\t<div class=\"inner-block-full-width has-tb-carousel tb-carousel-slider\" >\n\t\t<div class=\"tb-carousel-container\">\n\t\t\t<div class=\"entries tb-cards\" data-slider-first=\"2\">\n\t\t\t\t\t\t\t<div class=\"entry\">\n\t\t\t<div class=\"tb-image-part\">\n\t\t\t\t<figure>\n\t\t\t\t\t<img src='https:\/\/tjt.travelblox.eu\/wp-content\/smush-webp\/sites\/78\/2024\/09\/DSC05104.jpg.webp' width='1024' height='683' alt='Jordan Trail, Petra, Wadi Musa Jordanien' srcset='https:\/\/tjt.travelblox.eu\/wp-content\/smush-webp\/sites\/78\/2024\/09\/DSC05104.jpg.webp 1024w, https:\/\/tjt.travelblox.eu\/wp-content\/smush-webp\/sites\/78\/2024\/09\/DSC05104-300x200.jpg.webp 300w, https:\/\/tjt.travelblox.eu\/wp-content\/smush-webp\/sites\/78\/2024\/09\/DSC05104-768x512.jpg.webp 768w, https:\/\/tjt.travelblox.eu\/wp-content\/smush-webp\/sites\/78\/2024\/09\/DSC05104-18x12.jpg.webp 18w' sizes=\"auto, (max-width: 1024px) 100vw, 1024px\" loading='lazy' decoding='async' data-smush-webp-fallback=\"{&quot;src&quot;:&quot;https:\\\/\\\/tjt.travelblox.eu\\\/wp-content\\\/uploads\\\/sites\\\/78\\\/2024\\\/09\\\/DSC05104.jpg&quot;,&quot;srcset&quot;:&quot;https:\\\/\\\/tjt.travelblox.eu\\\/wp-content\\\/uploads\\\/sites\\\/78\\\/2024\\\/09\\\/DSC05104.jpg 1024w, https:\\\/\\\/tjt.travelblox.eu\\\/wp-content\\\/uploads\\\/sites\\\/78\\\/2024\\\/09\\\/DSC05104-300x200.jpg 300w, https:\\\/\\\/tjt.travelblox.eu\\\/wp-content\\\/uploads\\\/sites\\\/78\\\/2024\\\/09\\\/DSC05104-768x512.jpg 768w, https:\\\/\\\/tjt.travelblox.eu\\\/wp-content\\\/uploads\\\/sites\\\/78\\\/2024\\\/09\\\/DSC05104-18x12.jpg 18w&quot;}\">\t\t\t\t\t\t\t\t\t<\/figure>\n\t\t\t<\/div>\n\t\t<\/div>\n\t\t\t<div class=\"entry\">\n\t\t\t<div class=\"tb-image-part\">\n\t\t\t\t<figure>\n\t\t\t\t\t<img src='https:\/\/tjt.travelblox.eu\/wp-content\/smush-webp\/sites\/78\/2024\/09\/JT23_RoyMosterd_LR_4152038-min-scaled.jpg.webp' width='2560' height='1920' alt='The Jordan Trail' srcset='https:\/\/tjt.travelblox.eu\/wp-content\/smush-webp\/sites\/78\/2024\/09\/JT23_RoyMosterd_LR_4152038-min-scaled.jpg.webp 2560w, https:\/\/tjt.travelblox.eu\/wp-content\/smush-webp\/sites\/78\/2024\/09\/JT23_RoyMosterd_LR_4152038-min-300x225.jpg.webp 300w, https:\/\/tjt.travelblox.eu\/wp-content\/smush-webp\/sites\/78\/2024\/09\/JT23_RoyMosterd_LR_4152038-min-1024x768.jpg.webp 1024w, https:\/\/tjt.travelblox.eu\/wp-content\/smush-webp\/sites\/78\/2024\/09\/JT23_RoyMosterd_LR_4152038-min-768x576.jpg.webp 768w, https:\/\/tjt.travelblox.eu\/wp-content\/smush-webp\/sites\/78\/2024\/09\/JT23_RoyMosterd_LR_4152038-min-1536x1152.jpg.webp 1536w, https:\/\/tjt.travelblox.eu\/wp-content\/smush-webp\/sites\/78\/2024\/09\/JT23_RoyMosterd_LR_4152038-min-2048x1536.jpg.webp 2048w, https:\/\/tjt.travelblox.eu\/wp-content\/smush-webp\/sites\/78\/2024\/09\/JT23_RoyMosterd_LR_4152038-min-16x12.jpg.webp 16w' sizes=\"auto, (max-width: 2560px) 100vw, 2560px\" loading='lazy' decoding='async' data-smush-webp-fallback=\"{&quot;src&quot;:&quot;https:\\\/\\\/tjt.travelblox.eu\\\/wp-content\\\/uploads\\\/sites\\\/78\\\/2024\\\/09\\\/JT23_RoyMosterd_LR_4152038-min-scaled.jpg&quot;,&quot;srcset&quot;:&quot;https:\\\/\\\/tjt.travelblox.eu\\\/wp-content\\\/uploads\\\/sites\\\/78\\\/2024\\\/09\\\/JT23_RoyMosterd_LR_4152038-min-scaled.jpg 2560w, https:\\\/\\\/tjt.travelblox.eu\\\/wp-content\\\/uploads\\\/sites\\\/78\\\/2024\\\/09\\\/JT23_RoyMosterd_LR_4152038-min-300x225.jpg 300w, https:\\\/\\\/tjt.travelblox.eu\\\/wp-content\\\/uploads\\\/sites\\\/78\\\/2024\\\/09\\\/JT23_RoyMosterd_LR_4152038-min-1024x768.jpg 1024w, https:\\\/\\\/tjt.travelblox.eu\\\/wp-content\\\/uploads\\\/sites\\\/78\\\/2024\\\/09\\\/JT23_RoyMosterd_LR_4152038-min-768x576.jpg 768w, https:\\\/\\\/tjt.travelblox.eu\\\/wp-content\\\/uploads\\\/sites\\\/78\\\/2024\\\/09\\\/JT23_RoyMosterd_LR_4152038-min-1536x1152.jpg 1536w, https:\\\/\\\/tjt.travelblox.eu\\\/wp-content\\\/uploads\\\/sites\\\/78\\\/2024\\\/09\\\/JT23_RoyMosterd_LR_4152038-min-2048x1536.jpg 2048w, https:\\\/\\\/tjt.travelblox.eu\\\/wp-content\\\/uploads\\\/sites\\\/78\\\/2024\\\/09\\\/JT23_RoyMosterd_LR_4152038-min-16x12.jpg 16w&quot;}\">\t\t\t\t\t\t\t\t\t<\/figure>\n\t\t\t<\/div>\n\t\t<\/div>\n\t\t\t<div class=\"entry\">\n\t\t\t<div class=\"tb-image-part\">\n\t\t\t\t<figure>\n\t\t\t\t\t<img src='https:\/\/tjt.travelblox.eu\/wp-content\/smush-webp\/sites\/78\/2024\/09\/TJT23_EvyVanNispen_LR-89-min.jpg.webp' width='2500' height='1667' alt='Jordan Trail, Petra' srcset='https:\/\/tjt.travelblox.eu\/wp-content\/smush-webp\/sites\/78\/2024\/09\/TJT23_EvyVanNispen_LR-89-min.jpg.webp 2500w, https:\/\/tjt.travelblox.eu\/wp-content\/smush-webp\/sites\/78\/2024\/09\/TJT23_EvyVanNispen_LR-89-min-300x200.jpg.webp 300w, https:\/\/tjt.travelblox.eu\/wp-content\/smush-webp\/sites\/78\/2024\/09\/TJT23_EvyVanNispen_LR-89-min-1024x683.jpg.webp 1024w, https:\/\/tjt.travelblox.eu\/wp-content\/smush-webp\/sites\/78\/2024\/09\/TJT23_EvyVanNispen_LR-89-min-768x512.jpg.webp 768w, https:\/\/tjt.travelblox.eu\/wp-content\/smush-webp\/sites\/78\/2024\/09\/TJT23_EvyVanNispen_LR-89-min-1536x1024.jpg.webp 1536w, https:\/\/tjt.travelblox.eu\/wp-content\/smush-webp\/sites\/78\/2024\/09\/TJT23_EvyVanNispen_LR-89-min-2048x1366.jpg.webp 2048w, https:\/\/tjt.travelblox.eu\/wp-content\/smush-webp\/sites\/78\/2024\/09\/TJT23_EvyVanNispen_LR-89-min-18x12.jpg.webp 18w' sizes=\"auto, (max-width: 2500px) 100vw, 2500px\" loading='lazy' decoding='async' data-smush-webp-fallback=\"{&quot;src&quot;:&quot;https:\\\/\\\/tjt.travelblox.eu\\\/wp-content\\\/uploads\\\/sites\\\/78\\\/2024\\\/09\\\/TJT23_EvyVanNispen_LR-89-min.jpg&quot;,&quot;srcset&quot;:&quot;https:\\\/\\\/tjt.travelblox.eu\\\/wp-content\\\/uploads\\\/sites\\\/78\\\/2024\\\/09\\\/TJT23_EvyVanNispen_LR-89-min.jpg 2500w, https:\\\/\\\/tjt.travelblox.eu\\\/wp-content\\\/uploads\\\/sites\\\/78\\\/2024\\\/09\\\/TJT23_EvyVanNispen_LR-89-min-300x200.jpg 300w, https:\\\/\\\/tjt.travelblox.eu\\\/wp-content\\\/uploads\\\/sites\\\/78\\\/2024\\\/09\\\/TJT23_EvyVanNispen_LR-89-min-1024x683.jpg 1024w, https:\\\/\\\/tjt.travelblox.eu\\\/wp-content\\\/uploads\\\/sites\\\/78\\\/2024\\\/09\\\/TJT23_EvyVanNispen_LR-89-min-768x512.jpg 768w, https:\\\/\\\/tjt.travelblox.eu\\\/wp-content\\\/uploads\\\/sites\\\/78\\\/2024\\\/09\\\/TJT23_EvyVanNispen_LR-89-min-1536x1024.jpg 1536w, https:\\\/\\\/tjt.travelblox.eu\\\/wp-content\\\/uploads\\\/sites\\\/78\\\/2024\\\/09\\\/TJT23_EvyVanNispen_LR-89-min-2048x1366.jpg 2048w, https:\\\/\\\/tjt.travelblox.eu\\\/wp-content\\\/uploads\\\/sites\\\/78\\\/2024\\\/09\\\/TJT23_EvyVanNispen_LR-89-min-18x12.jpg 18w&quot;}\">\t\t\t\t\t\t\t\t\t<\/figure>\n\t\t\t<\/div>\n\t\t<\/div>\n\t\t\t\t\t<\/div>\n\t\t\t\t<div class=\"tb-carousel-nav\">\n\t\t<div class=\"dots\">\n\t\t\t<div class=\"dot active\"><\/div>\n\t\t\t<div class=\"dot\"><\/div>\n\t\t\t<div class=\"dot\"><\/div>\n\t\t<\/div>\n\t\t<div class=\"arrows\">\n\t\t\t<div class=\"prev disabled\">\n\t\t\t\t<span><i class=\"fa fa-chevron-left\"><\/i><\/span>\n\t\t\t<\/div>\n\t\t\t<div class=\"next\">\n\t\t\t\t<span><i class=\"fa fa-chevron-right\"><\/i><\/span>\n\t\t\t<\/div>\n\t\t<\/div>\n\t<\/div>\n\t\t\t<\/div>\n\t<\/div>\n\t\t\t\t\t\t\t<\/div>\n\t\t\t\t<\/div>\n\t\t\t<\/div>\n\t\t<\/div>\n\t\t<div class=\"mobile\">\n\t\t\t<div class=\"tb-image-part\">\n\t\t\t\t\t\t<div class=\"inner-block-full-width has-tb-carousel tb-carousel-slider\" >\n\t\t<div class=\"tb-carousel-container\">\n\t\t\t<div class=\"entries tb-cards\" data-slider-first=\"0\">\n\t\t\t\t\t\t\t<div class=\"entry\">\n\t\t\t<div class=\"tb-image-part\">\n\t\t\t\t<figure>\n\t\t\t\t\t<img src='https:\/\/tjt.travelblox.eu\/wp-content\/smush-webp\/sites\/78\/2024\/09\/DSC05104-768x512.jpg.webp' width='768' height='512' alt='Jordan Trail, Petra, Wadi Musa Jordanien' srcset='https:\/\/tjt.travelblox.eu\/wp-content\/smush-webp\/sites\/78\/2024\/09\/DSC05104-768x512.jpg.webp 768w, https:\/\/tjt.travelblox.eu\/wp-content\/smush-webp\/sites\/78\/2024\/09\/DSC05104-300x200.jpg.webp 300w, https:\/\/tjt.travelblox.eu\/wp-content\/smush-webp\/sites\/78\/2024\/09\/DSC05104-18x12.jpg.webp 18w, https:\/\/tjt.travelblox.eu\/wp-content\/smush-webp\/sites\/78\/2024\/09\/DSC05104.jpg.webp 1024w' sizes=\"auto, (max-width: 768px) 100vw, 768px\" loading='lazy' decoding='async' data-smush-webp-fallback=\"{&quot;src&quot;:&quot;https:\\\/\\\/tjt.travelblox.eu\\\/wp-content\\\/uploads\\\/sites\\\/78\\\/2024\\\/09\\\/DSC05104-768x512.jpg&quot;,&quot;srcset&quot;:&quot;https:\\\/\\\/tjt.travelblox.eu\\\/wp-content\\\/uploads\\\/sites\\\/78\\\/2024\\\/09\\\/DSC05104-768x512.jpg 768w, https:\\\/\\\/tjt.travelblox.eu\\\/wp-content\\\/uploads\\\/sites\\\/78\\\/2024\\\/09\\\/DSC05104-300x200.jpg 300w, https:\\\/\\\/tjt.travelblox.eu\\\/wp-content\\\/uploads\\\/sites\\\/78\\\/2024\\\/09\\\/DSC05104-18x12.jpg 18w, https:\\\/\\\/tjt.travelblox.eu\\\/wp-content\\\/uploads\\\/sites\\\/78\\\/2024\\\/09\\\/DSC05104.jpg 1024w&quot;}\">\t\t\t\t\t\t\t\t\t<\/figure>\n\t\t\t<\/div>\n\t\t<\/div>\n\t\t\t<div class=\"entry\">\n\t\t\t<div class=\"tb-image-part\">\n\t\t\t\t<figure>\n\t\t\t\t\t<img src='https:\/\/tjt.travelblox.eu\/wp-content\/smush-webp\/sites\/78\/2024\/09\/JT23_RoyMosterd_LR_4152038-min-768x576.jpg.webp' width='768' height='576' alt='The Jordan Trail' srcset='https:\/\/tjt.travelblox.eu\/wp-content\/smush-webp\/sites\/78\/2024\/09\/JT23_RoyMosterd_LR_4152038-min-768x576.jpg.webp 768w, https:\/\/tjt.travelblox.eu\/wp-content\/smush-webp\/sites\/78\/2024\/09\/JT23_RoyMosterd_LR_4152038-min-300x225.jpg.webp 300w, https:\/\/tjt.travelblox.eu\/wp-content\/smush-webp\/sites\/78\/2024\/09\/JT23_RoyMosterd_LR_4152038-min-1024x768.jpg.webp 1024w, https:\/\/tjt.travelblox.eu\/wp-content\/smush-webp\/sites\/78\/2024\/09\/JT23_RoyMosterd_LR_4152038-min-1536x1152.jpg.webp 1536w, https:\/\/tjt.travelblox.eu\/wp-content\/smush-webp\/sites\/78\/2024\/09\/JT23_RoyMosterd_LR_4152038-min-2048x1536.jpg.webp 2048w, https:\/\/tjt.travelblox.eu\/wp-content\/smush-webp\/sites\/78\/2024\/09\/JT23_RoyMosterd_LR_4152038-min-16x12.jpg.webp 16w' sizes=\"auto, (max-width: 768px) 100vw, 768px\" loading='lazy' decoding='async' data-smush-webp-fallback=\"{&quot;src&quot;:&quot;https:\\\/\\\/tjt.travelblox.eu\\\/wp-content\\\/uploads\\\/sites\\\/78\\\/2024\\\/09\\\/JT23_RoyMosterd_LR_4152038-min-768x576.jpg&quot;,&quot;srcset&quot;:&quot;https:\\\/\\\/tjt.travelblox.eu\\\/wp-content\\\/uploads\\\/sites\\\/78\\\/2024\\\/09\\\/JT23_RoyMosterd_LR_4152038-min-768x576.jpg 768w, https:\\\/\\\/tjt.travelblox.eu\\\/wp-content\\\/uploads\\\/sites\\\/78\\\/2024\\\/09\\\/JT23_RoyMosterd_LR_4152038-min-300x225.jpg 300w, https:\\\/\\\/tjt.travelblox.eu\\\/wp-content\\\/uploads\\\/sites\\\/78\\\/2024\\\/09\\\/JT23_RoyMosterd_LR_4152038-min-1024x768.jpg 1024w, https:\\\/\\\/tjt.travelblox.eu\\\/wp-content\\\/uploads\\\/sites\\\/78\\\/2024\\\/09\\\/JT23_RoyMosterd_LR_4152038-min-1536x1152.jpg 1536w, https:\\\/\\\/tjt.travelblox.eu\\\/wp-content\\\/uploads\\\/sites\\\/78\\\/2024\\\/09\\\/JT23_RoyMosterd_LR_4152038-min-2048x1536.jpg 2048w, https:\\\/\\\/tjt.travelblox.eu\\\/wp-content\\\/uploads\\\/sites\\\/78\\\/2024\\\/09\\\/JT23_RoyMosterd_LR_4152038-min-16x12.jpg 16w&quot;}\">\t\t\t\t\t\t\t\t\t<\/figure>\n\t\t\t<\/div>\n\t\t<\/div>\n\t\t\t<div class=\"entry\">\n\t\t\t<div class=\"tb-image-part\">\n\t\t\t\t<figure>\n\t\t\t\t\t<img src='https:\/\/tjt.travelblox.eu\/wp-content\/smush-webp\/sites\/78\/2024\/09\/TJT23_EvyVanNispen_LR-89-min-768x512.jpg.webp' width='768' height='512' alt='Jordan Trail, Petra' srcset='https:\/\/tjt.travelblox.eu\/wp-content\/smush-webp\/sites\/78\/2024\/09\/TJT23_EvyVanNispen_LR-89-min-768x512.jpg.webp 768w, https:\/\/tjt.travelblox.eu\/wp-content\/smush-webp\/sites\/78\/2024\/09\/TJT23_EvyVanNispen_LR-89-min-300x200.jpg.webp 300w, https:\/\/tjt.travelblox.eu\/wp-content\/smush-webp\/sites\/78\/2024\/09\/TJT23_EvyVanNispen_LR-89-min-1024x683.jpg.webp 1024w, https:\/\/tjt.travelblox.eu\/wp-content\/smush-webp\/sites\/78\/2024\/09\/TJT23_EvyVanNispen_LR-89-min-1536x1024.jpg.webp 1536w, https:\/\/tjt.travelblox.eu\/wp-content\/smush-webp\/sites\/78\/2024\/09\/TJT23_EvyVanNispen_LR-89-min-2048x1366.jpg.webp 2048w, https:\/\/tjt.travelblox.eu\/wp-content\/smush-webp\/sites\/78\/2024\/09\/TJT23_EvyVanNispen_LR-89-min-18x12.jpg.webp 18w' sizes=\"auto, (max-width: 768px) 100vw, 768px\" loading='lazy' decoding='async' data-smush-webp-fallback=\"{&quot;src&quot;:&quot;https:\\\/\\\/tjt.travelblox.eu\\\/wp-content\\\/uploads\\\/sites\\\/78\\\/2024\\\/09\\\/TJT23_EvyVanNispen_LR-89-min-768x512.jpg&quot;,&quot;srcset&quot;:&quot;https:\\\/\\\/tjt.travelblox.eu\\\/wp-content\\\/uploads\\\/sites\\\/78\\\/2024\\\/09\\\/TJT23_EvyVanNispen_LR-89-min-768x512.jpg 768w, https:\\\/\\\/tjt.travelblox.eu\\\/wp-content\\\/uploads\\\/sites\\\/78\\\/2024\\\/09\\\/TJT23_EvyVanNispen_LR-89-min-300x200.jpg 300w, https:\\\/\\\/tjt.travelblox.eu\\\/wp-content\\\/uploads\\\/sites\\\/78\\\/2024\\\/09\\\/TJT23_EvyVanNispen_LR-89-min-1024x683.jpg 1024w, https:\\\/\\\/tjt.travelblox.eu\\\/wp-content\\\/uploads\\\/sites\\\/78\\\/2024\\\/09\\\/TJT23_EvyVanNispen_LR-89-min-1536x1024.jpg 1536w, https:\\\/\\\/tjt.travelblox.eu\\\/wp-content\\\/uploads\\\/sites\\\/78\\\/2024\\\/09\\\/TJT23_EvyVanNispen_LR-89-min-2048x1366.jpg 2048w, https:\\\/\\\/tjt.travelblox.eu\\\/wp-content\\\/uploads\\\/sites\\\/78\\\/2024\\\/09\\\/TJT23_EvyVanNispen_LR-89-min-18x12.jpg 18w&quot;}\">\t\t\t\t\t\t\t\t\t<\/figure>\n\t\t\t<\/div>\n\t\t<\/div>\n\t\t\t\t\t<\/div>\n\t\t\t\t<div class=\"tb-carousel-nav\">\n\t\t<div class=\"dots\">\n\t\t\t<div class=\"dot active\"><\/div>\n\t\t\t<div class=\"dot\"><\/div>\n\t\t\t<div class=\"dot\"><\/div>\n\t\t<\/div>\n\t\t<div class=\"arrows\">\n\t\t\t<div class=\"prev disabled\">\n\t\t\t\t<span><i class=\"fa fa-chevron-left\"><\/i><\/span>\n\t\t\t<\/div>\n\t\t\t<div class=\"next\">\n\t\t\t\t<span><i class=\"fa fa-chevron-right\"><\/i><\/span>\n\t\t\t<\/div>\n\t\t<\/div>\n\t<\/div>\n\t\t\t<\/div>\n\t<\/div>\n\t\t\t\t\t<\/div>\n\t\t<\/div>\n\t<\/div>\n<\/div>\n\n\n\n\n\n<div class=\" tb-highlights tb-block align-center background-light pattern-none variant-none tb-collapsible-margins\" id=\"options\">\n\t<div class=\"inner-block tb-fade-in tb-fade-in--subtle\">\n\t\t<div class=\"text-part\">\n\t\t\t<h2>Extra opties<\/h2>\n\t\t\t\t<div class=\"translation-block\"><p>Tijdens het boeken kan je ervoor kiezen om volgende opties toe te voegen aan je trail in Jordani\u00eb.<\/p><\/div>\n\t\t\t\t\t<div class=\"section-toggler \">\n\t\t<div class=\"section-toggler__inner\">\n\t\t\t<div class=\"section-toggler__toggles-wrapper\">\n\t\t\t\t<div class=\"section-toggler__toggles\">\n\t\t\t\t\t\t\t\t\t\t\t<input type=\"radio\" name=\"options-section\" value=\"options-section-0\" id=\"options-section-0-label\" checked class=\"\" \/>\n\t\t\t\t\t\t<label for=\"options-section-0-label\" data-target-id=\"options-section-0\" class=\"\">\n\t\t\t\t\t\t\tMateriaal\t\t\t\t\t\t\t\t\t\t\t\t\t<\/label>\n\t\t\t\t\t\t\t\t\t\t\t<input type=\"radio\" name=\"options-section\" value=\"options-section-1\" id=\"options-section-1-label\"  class=\"\" \/>\n\t\t\t\t\t\t<label for=\"options-section-1-label\" data-target-id=\"options-section-1\" class=\"\">\n\t\t\t\t\t\t\tAccommodatie\t\t\t\t\t\t\t\t\t\t\t\t\t<\/label>\n\t\t\t\t\t\t\t\t\t\t\t<input type=\"radio\" name=\"options-section\" value=\"options-section-2\" id=\"options-section-2-label\"  class=\"\" \/>\n\t\t\t\t\t\t<label for=\"options-section-2-label\" data-target-id=\"options-section-2\" class=\"\">\n\t\t\t\t\t\t\tTransport\t\t\t\t\t\t\t\t\t\t\t\t\t<\/label>\n\t\t\t\t\t\t\t\t\t\t\t<input type=\"radio\" name=\"options-section\" value=\"options-section-3\" id=\"options-section-3-label\"  class=\"\" \/>\n\t\t\t\t\t\t<label for=\"options-section-3-label\" data-target-id=\"options-section-3\" class=\"\">\n\t\t\t\t\t\t\tEten\t\t\t\t\t\t\t\t\t\t\t\t\t<\/label>\n\t\t\t\t\t\t\t\t\t\t\t<input type=\"radio\" name=\"options-section\" value=\"options-section-4\" id=\"options-section-4-label\"  class=\"\" \/>\n\t\t\t\t\t\t<label for=\"options-section-4-label\" data-target-id=\"options-section-4\" class=\"\">\n\t\t\t\t\t\t\tPetra\t\t\t\t\t\t\t\t\t\t\t\t\t<\/label>\n\t\t\t\t\t\t\t\t\t\t\t<input type=\"radio\" name=\"options-section\" value=\"options-section-5\" id=\"options-section-5-label\"  class=\"\" \/>\n\t\t\t\t\t\t<label for=\"options-section-5-label\" data-target-id=\"options-section-5\" class=\"\">\n\t\t\t\t\t\t\tVerzekeringen\t\t\t\t\t\t\t\t\t\t\t\t\t<\/label>\n\t\t\t\t\t\t\t\t\t<\/div>\n\t\t\t<\/div>\n\t\t<\/div>\n\t<\/div>\n\t\t\t<\/div>\n\t<\/div>\n\t\t\t<div class=\"tb-sections tb-fade-in tb-fade-in--subtle\">\n\t\t\t\t\t\t\t\t\t\t\t\t\t<div class=\"inner-block-full-width has-tb-carousel tb-section\" id=\"options-section-0\">\n\t\t<div class=\"tb-carousel-container\">\n\t\t\t<div class=\"entries tb-cards\" data-slider-first=\"1\">\n\t\t\t\t\t\t\t\t\t\t\t\t\t\t\t<div class=\"tb-card entry tb-popup-trigger desktop-only-popup\">\n\t\t\t\t\t\t\t<div class=\"tb-image-part desktop\">\n\t\t\t\t\t\t\t\t<img src='https:\/\/tjt.travelblox.eu\/wp-content\/smush-webp\/sites\/78\/2024\/01\/TJT22_TamaraBalvers_-060-e1705657707400.jpg.webp' width='800' height='600' alt='Jordan Trail, Petra' loading='lazy' decoding='async' data-smush-webp-fallback='{&quot;src&quot;:&quot;https:\\\/\\\/tjt.travelblox.eu\\\/wp-content\\\/uploads\\\/sites\\\/78\\\/2024\\\/01\\\/TJT22_TamaraBalvers_-060-e1705657707400.jpg&quot;}'>\t\t\t\t\t\t\t\t\t\t\t\t\t\t\t\t\t\t\t\t\t\t\t\t\t<div class=\"price tiny-body-font desktop translation-block\"><p>Vanaf \u20ac49<\/p><\/div>\t\t\t\t\t\t\t<\/div>\n\t\t\t\t\t\t\t<div class=\"tb-image-part mobile\">\n\t\t\t\t\t\t\t\t<img src='https:\/\/tjt.travelblox.eu\/wp-content\/smush-webp\/sites\/78\/2024\/01\/TJT22_TamaraBalvers_-060-e1705657693750-768x576.jpg.webp' width='768' height='576' alt='Jordan Trail, Petra' srcset='https:\/\/tjt.travelblox.eu\/wp-content\/smush-webp\/sites\/78\/2024\/01\/TJT22_TamaraBalvers_-060-e1705657693750-768x576.jpg.webp 768w, https:\/\/tjt.travelblox.eu\/wp-content\/smush-webp\/sites\/78\/2024\/01\/TJT22_TamaraBalvers_-060-e1705657693750-300x225.jpg.webp 300w, https:\/\/tjt.travelblox.eu\/wp-content\/smush-webp\/sites\/78\/2024\/01\/TJT22_TamaraBalvers_-060-e1705657693750-1024x768.jpg.webp 1024w, https:\/\/tjt.travelblox.eu\/wp-content\/smush-webp\/sites\/78\/2024\/01\/TJT22_TamaraBalvers_-060-e1705657693750-16x12.jpg.webp 16w' sizes=\"auto, (max-width: 768px) 100vw, 768px\" loading='lazy' decoding='async' data-smush-webp-fallback=\"{&quot;src&quot;:&quot;https:\\\/\\\/tjt.travelblox.eu\\\/wp-content\\\/uploads\\\/sites\\\/78\\\/2024\\\/01\\\/TJT22_TamaraBalvers_-060-e1705657693750-768x576.jpg&quot;,&quot;srcset&quot;:&quot;https:\\\/\\\/tjt.travelblox.eu\\\/wp-content\\\/uploads\\\/sites\\\/78\\\/2024\\\/01\\\/TJT22_TamaraBalvers_-060-e1705657693750-768x576.jpg 768w, https:\\\/\\\/tjt.travelblox.eu\\\/wp-content\\\/uploads\\\/sites\\\/78\\\/2024\\\/01\\\/TJT22_TamaraBalvers_-060-e1705657693750-300x225.jpg 300w, https:\\\/\\\/tjt.travelblox.eu\\\/wp-content\\\/uploads\\\/sites\\\/78\\\/2024\\\/01\\\/TJT22_TamaraBalvers_-060-e1705657693750-1024x768.jpg 1024w, https:\\\/\\\/tjt.travelblox.eu\\\/wp-content\\\/uploads\\\/sites\\\/78\\\/2024\\\/01\\\/TJT22_TamaraBalvers_-060-e1705657693750-16x12.jpg 16w&quot;}\">\t\t\t\t\t\t\t\t\t\t\t\t\t\t\t<\/div>\n\t\t\t\t\t\t\t<div class=\"tb-card-content\">\n\t\t\t\t\t\t\t\t<h5>\n\t\t\t\t\t\t\t\t\t\t\t\t\t\t\t\t\t\t<span>Tent<\/span>\n\t\t\t\t\t\t\t\t<\/h5>\n\t\t\t\t\t\t\t\t\t\t\t\t\t\t\t\t\t<div class=\"price tiny-body-font mobile\"><p>Vanaf \u20ac49<\/p><\/div>\t\t\t\t\t\t\t\t<div class=\"content readmore-content content--clamped\">\t<div class=\"translation-block\"><p>Je kunt kiezen tussen een 3-seizoenstent voor 1 persoon (\u20ac49) of voor 2 personen (\u20ac69).<\/p><\/div>\n\t<\/div>\n\t\t\t\t\t\t\t\t\t\t\t\t\t\t\t\t<div class=\"readmore link js-readmore\">\n\t\t\t\t\t\t\t\t\t<span><i class=\"fa-solid fa-circle-plus\"><\/i><u>Lees meer<\/u><\/span>\n\t\t\t\t\t\t\t\t\t<span><i class=\"fa-solid fa-circle-minus\"><\/i><u>Lees minder<\/u><\/span>\n\t\t\t\t\t\t\t\t<\/div>\n\t\t\t\t\t\t\t\t\t\t\t\t\t\t\t\t<dialog class=\"tb-popup\">\n\t\t\t\t\t\t\t\t\t<div class=\"tb-highlights-popup\">\n\t\t\t\t\t\t\t\t\t\t<div class=\"tb-image-part\">\n\t\t\t\t\t\t\t\t\t\t\t<img src='https:\/\/tjt.travelblox.eu\/wp-content\/smush-webp\/sites\/78\/2024\/01\/TJT22_TamaraBalvers_-060-e1705657693750-768x576.jpg.webp' width='768' height='576' alt='Jordan Trail, Petra' srcset='https:\/\/tjt.travelblox.eu\/wp-content\/smush-webp\/sites\/78\/2024\/01\/TJT22_TamaraBalvers_-060-e1705657693750-768x576.jpg.webp 768w, https:\/\/tjt.travelblox.eu\/wp-content\/smush-webp\/sites\/78\/2024\/01\/TJT22_TamaraBalvers_-060-e1705657693750-300x225.jpg.webp 300w, https:\/\/tjt.travelblox.eu\/wp-content\/smush-webp\/sites\/78\/2024\/01\/TJT22_TamaraBalvers_-060-e1705657693750-1024x768.jpg.webp 1024w, https:\/\/tjt.travelblox.eu\/wp-content\/smush-webp\/sites\/78\/2024\/01\/TJT22_TamaraBalvers_-060-e1705657693750-16x12.jpg.webp 16w' sizes=\"auto, (max-width: 768px) 100vw, 768px\" loading='lazy' decoding='async' data-smush-webp-fallback=\"{&quot;src&quot;:&quot;https:\\\/\\\/tjt.travelblox.eu\\\/wp-content\\\/uploads\\\/sites\\\/78\\\/2024\\\/01\\\/TJT22_TamaraBalvers_-060-e1705657693750-768x576.jpg&quot;,&quot;srcset&quot;:&quot;https:\\\/\\\/tjt.travelblox.eu\\\/wp-content\\\/uploads\\\/sites\\\/78\\\/2024\\\/01\\\/TJT22_TamaraBalvers_-060-e1705657693750-768x576.jpg 768w, https:\\\/\\\/tjt.travelblox.eu\\\/wp-content\\\/uploads\\\/sites\\\/78\\\/2024\\\/01\\\/TJT22_TamaraBalvers_-060-e1705657693750-300x225.jpg 300w, https:\\\/\\\/tjt.travelblox.eu\\\/wp-content\\\/uploads\\\/sites\\\/78\\\/2024\\\/01\\\/TJT22_TamaraBalvers_-060-e1705657693750-1024x768.jpg 1024w, https:\\\/\\\/tjt.travelblox.eu\\\/wp-content\\\/uploads\\\/sites\\\/78\\\/2024\\\/01\\\/TJT22_TamaraBalvers_-060-e1705657693750-16x12.jpg 16w&quot;}\">\t\t\t\t\t\t\t\t\t\t<\/div>\n\t\t\t\t\t\t\t\t\t\t<div class=\"tb-popup-content\">\n\t\t\t\t\t\t\t\t\t\t\t<h3>Tent<\/h3>\n\t\t\t\t\t\t\t\t\t\t\t<div class=\"content\">\t<div class=\"translation-block\"><p>Je kunt kiezen tussen een 3-seizoenstent voor 1 persoon (\u20ac49) of voor 2 personen (\u20ac69).<\/p><\/div>\n\t<\/div>\n\t\t\t\t\t\t\t\t\t\t<\/div>\n\t\t\t\t\t\t\t\t\t<\/div>\n\t\t\t\t\t\t\t\t<\/dialog>\n\t\t\t\t\t\t\t<\/div>\n\t\t\t\t\t\t<\/div>\n\t\t\t\t\t\t\t\t\t\t\t<div class=\"tb-card entry tb-popup-trigger desktop-only-popup\">\n\t\t\t\t\t\t\t<div class=\"tb-image-part desktop\">\n\t\t\t\t\t\t\t\t<img src='https:\/\/tjt.travelblox.eu\/wp-content\/smush-webp\/sites\/78\/2024\/01\/Jordanie-Jordan-Trail-Travelbase-\u00a9-Trekking-et-Voyage-175625-scaled-e1705667933827.jpg.webp' width='800' height='600' alt='Jordan Trail, Petra, Wadi Musa' loading='lazy' decoding='async' data-smush-webp-fallback='{&quot;src&quot;:&quot;https:\\\/\\\/tjt.travelblox.eu\\\/wp-content\\\/uploads\\\/sites\\\/78\\\/2024\\\/01\\\/Jordanie-Jordan-Trail-Travelbase-\\u00a9-Trekking-et-Voyage-175625-scaled-e1705667933827.jpg&quot;}'>\t\t\t\t\t\t\t\t\t\t\t\t\t\t\t\t\t\t\t\t\t\t\t\t\t<div class=\"price tiny-body-font desktop translation-block\"><p>\u20ac40 per persoon<\/p><\/div>\t\t\t\t\t\t\t<\/div>\n\t\t\t\t\t\t\t<div class=\"tb-image-part mobile\">\n\t\t\t\t\t\t\t\t<img src='https:\/\/tjt.travelblox.eu\/wp-content\/smush-webp\/sites\/78\/2024\/01\/Jordanie-Jordan-Trail-Travelbase-\u00a9-Trekking-et-Voyage-175625-768x576.jpg.webp' width='768' height='576' alt='Jordan Trail, Petra, Wadi Musa' srcset='https:\/\/tjt.travelblox.eu\/wp-content\/smush-webp\/sites\/78\/2024\/01\/Jordanie-Jordan-Trail-Travelbase-\u00a9-Trekking-et-Voyage-175625-768x576.jpg.webp 768w, https:\/\/tjt.travelblox.eu\/wp-content\/smush-webp\/sites\/78\/2024\/01\/Jordanie-Jordan-Trail-Travelbase-\u00a9-Trekking-et-Voyage-175625-300x225.jpg.webp 300w, https:\/\/tjt.travelblox.eu\/wp-content\/smush-webp\/sites\/78\/2024\/01\/Jordanie-Jordan-Trail-Travelbase-\u00a9-Trekking-et-Voyage-175625-1024x768.jpg.webp 1024w, https:\/\/tjt.travelblox.eu\/wp-content\/smush-webp\/sites\/78\/2024\/01\/Jordanie-Jordan-Trail-Travelbase-\u00a9-Trekking-et-Voyage-175625-1536x1152.jpg.webp 1536w, https:\/\/tjt.travelblox.eu\/wp-content\/smush-webp\/sites\/78\/2024\/01\/Jordanie-Jordan-Trail-Travelbase-\u00a9-Trekking-et-Voyage-175625-2048x1536.jpg.webp 2048w, https:\/\/tjt.travelblox.eu\/wp-content\/smush-webp\/sites\/78\/2024\/01\/Jordanie-Jordan-Trail-Travelbase-\u00a9-Trekking-et-Voyage-175625-16x12.jpg.webp 16w, https:\/\/tjt.travelblox.eu\/wp-content\/smush-webp\/sites\/78\/2024\/01\/Jordanie-Jordan-Trail-Travelbase-\u00a9-Trekking-et-Voyage-175625-scaled-e1705667933827.jpg.webp 800w' sizes=\"auto, (max-width: 768px) 100vw, 768px\" loading='lazy' decoding='async' data-smush-webp-fallback=\"{&quot;src&quot;:&quot;https:\\\/\\\/tjt.travelblox.eu\\\/wp-content\\\/uploads\\\/sites\\\/78\\\/2024\\\/01\\\/Jordanie-Jordan-Trail-Travelbase-\\u00a9-Trekking-et-Voyage-175625-768x576.jpg&quot;,&quot;srcset&quot;:&quot;https:\\\/\\\/tjt.travelblox.eu\\\/wp-content\\\/uploads\\\/sites\\\/78\\\/2024\\\/01\\\/Jordanie-Jordan-Trail-Travelbase-\\u00a9-Trekking-et-Voyage-175625-768x576.jpg 768w, https:\\\/\\\/tjt.travelblox.eu\\\/wp-content\\\/uploads\\\/sites\\\/78\\\/2024\\\/01\\\/Jordanie-Jordan-Trail-Travelbase-\\u00a9-Trekking-et-Voyage-175625-300x225.jpg 300w, https:\\\/\\\/tjt.travelblox.eu\\\/wp-content\\\/uploads\\\/sites\\\/78\\\/2024\\\/01\\\/Jordanie-Jordan-Trail-Travelbase-\\u00a9-Trekking-et-Voyage-175625-1024x768.jpg 1024w, https:\\\/\\\/tjt.travelblox.eu\\\/wp-content\\\/uploads\\\/sites\\\/78\\\/2024\\\/01\\\/Jordanie-Jordan-Trail-Travelbase-\\u00a9-Trekking-et-Voyage-175625-1536x1152.jpg 1536w, https:\\\/\\\/tjt.travelblox.eu\\\/wp-content\\\/uploads\\\/sites\\\/78\\\/2024\\\/01\\\/Jordanie-Jordan-Trail-Travelbase-\\u00a9-Trekking-et-Voyage-175625-2048x1536.jpg 2048w, https:\\\/\\\/tjt.travelblox.eu\\\/wp-content\\\/uploads\\\/sites\\\/78\\\/2024\\\/01\\\/Jordanie-Jordan-Trail-Travelbase-\\u00a9-Trekking-et-Voyage-175625-16x12.jpg 16w, https:\\\/\\\/tjt.travelblox.eu\\\/wp-content\\\/uploads\\\/sites\\\/78\\\/2024\\\/01\\\/Jordanie-Jordan-Trail-Travelbase-\\u00a9-Trekking-et-Voyage-175625-scaled-e1705667933827.jpg 800w&quot;}\">\t\t\t\t\t\t\t\t\t\t\t\t\t\t\t<\/div>\n\t\t\t\t\t\t\t<div class=\"tb-card-content\">\n\t\t\t\t\t\t\t\t<h5>\n\t\t\t\t\t\t\t\t\t\t\t\t\t\t\t\t\t\t<span>Slaapzak + slaapmatje<\/span>\n\t\t\t\t\t\t\t\t<\/h5>\n\t\t\t\t\t\t\t\t\t\t\t\t\t\t\t\t\t<div class=\"price tiny-body-font mobile\"><p>\u20ac40 per persoon<\/p><\/div>\t\t\t\t\t\t\t\t<div class=\"content readmore-content content--clamped\">\t<div class=\"translation-block\"><p>Je ontvangt van ons een slaapzak met een minimale comforttemperatuur 5\u00b0, samen met een liner en een comfortabel slaapmatje.<\/p><\/div>\n\t<\/div>\n\t\t\t\t\t\t\t\t\t\t\t\t\t\t\t\t<div class=\"readmore link js-readmore\">\n\t\t\t\t\t\t\t\t\t<span><i class=\"fa-solid fa-circle-plus\"><\/i><u>Lees meer<\/u><\/span>\n\t\t\t\t\t\t\t\t\t<span><i class=\"fa-solid fa-circle-minus\"><\/i><u>Lees minder<\/u><\/span>\n\t\t\t\t\t\t\t\t<\/div>\n\t\t\t\t\t\t\t\t\t\t\t\t\t\t\t\t<dialog class=\"tb-popup\">\n\t\t\t\t\t\t\t\t\t<div class=\"tb-highlights-popup\">\n\t\t\t\t\t\t\t\t\t\t<div class=\"tb-image-part\">\n\t\t\t\t\t\t\t\t\t\t\t<img src='https:\/\/tjt.travelblox.eu\/wp-content\/smush-webp\/sites\/78\/2024\/01\/Jordanie-Jordan-Trail-Travelbase-\u00a9-Trekking-et-Voyage-175625-768x576.jpg.webp' width='768' height='576' alt='Jordan Trail, Petra, Wadi Musa' srcset='https:\/\/tjt.travelblox.eu\/wp-content\/smush-webp\/sites\/78\/2024\/01\/Jordanie-Jordan-Trail-Travelbase-\u00a9-Trekking-et-Voyage-175625-768x576.jpg.webp 768w, https:\/\/tjt.travelblox.eu\/wp-content\/smush-webp\/sites\/78\/2024\/01\/Jordanie-Jordan-Trail-Travelbase-\u00a9-Trekking-et-Voyage-175625-300x225.jpg.webp 300w, https:\/\/tjt.travelblox.eu\/wp-content\/smush-webp\/sites\/78\/2024\/01\/Jordanie-Jordan-Trail-Travelbase-\u00a9-Trekking-et-Voyage-175625-1024x768.jpg.webp 1024w, https:\/\/tjt.travelblox.eu\/wp-content\/smush-webp\/sites\/78\/2024\/01\/Jordanie-Jordan-Trail-Travelbase-\u00a9-Trekking-et-Voyage-175625-1536x1152.jpg.webp 1536w, https:\/\/tjt.travelblox.eu\/wp-content\/smush-webp\/sites\/78\/2024\/01\/Jordanie-Jordan-Trail-Travelbase-\u00a9-Trekking-et-Voyage-175625-2048x1536.jpg.webp 2048w, https:\/\/tjt.travelblox.eu\/wp-content\/smush-webp\/sites\/78\/2024\/01\/Jordanie-Jordan-Trail-Travelbase-\u00a9-Trekking-et-Voyage-175625-16x12.jpg.webp 16w, https:\/\/tjt.travelblox.eu\/wp-content\/smush-webp\/sites\/78\/2024\/01\/Jordanie-Jordan-Trail-Travelbase-\u00a9-Trekking-et-Voyage-175625-scaled-e1705667933827.jpg.webp 800w' sizes=\"auto, (max-width: 768px) 100vw, 768px\" loading='lazy' decoding='async' data-smush-webp-fallback=\"{&quot;src&quot;:&quot;https:\\\/\\\/tjt.travelblox.eu\\\/wp-content\\\/uploads\\\/sites\\\/78\\\/2024\\\/01\\\/Jordanie-Jordan-Trail-Travelbase-\\u00a9-Trekking-et-Voyage-175625-768x576.jpg&quot;,&quot;srcset&quot;:&quot;https:\\\/\\\/tjt.travelblox.eu\\\/wp-content\\\/uploads\\\/sites\\\/78\\\/2024\\\/01\\\/Jordanie-Jordan-Trail-Travelbase-\\u00a9-Trekking-et-Voyage-175625-768x576.jpg 768w, https:\\\/\\\/tjt.travelblox.eu\\\/wp-content\\\/uploads\\\/sites\\\/78\\\/2024\\\/01\\\/Jordanie-Jordan-Trail-Travelbase-\\u00a9-Trekking-et-Voyage-175625-300x225.jpg 300w, https:\\\/\\\/tjt.travelblox.eu\\\/wp-content\\\/uploads\\\/sites\\\/78\\\/2024\\\/01\\\/Jordanie-Jordan-Trail-Travelbase-\\u00a9-Trekking-et-Voyage-175625-1024x768.jpg 1024w, https:\\\/\\\/tjt.travelblox.eu\\\/wp-content\\\/uploads\\\/sites\\\/78\\\/2024\\\/01\\\/Jordanie-Jordan-Trail-Travelbase-\\u00a9-Trekking-et-Voyage-175625-1536x1152.jpg 1536w, https:\\\/\\\/tjt.travelblox.eu\\\/wp-content\\\/uploads\\\/sites\\\/78\\\/2024\\\/01\\\/Jordanie-Jordan-Trail-Travelbase-\\u00a9-Trekking-et-Voyage-175625-2048x1536.jpg 2048w, https:\\\/\\\/tjt.travelblox.eu\\\/wp-content\\\/uploads\\\/sites\\\/78\\\/2024\\\/01\\\/Jordanie-Jordan-Trail-Travelbase-\\u00a9-Trekking-et-Voyage-175625-16x12.jpg 16w, https:\\\/\\\/tjt.travelblox.eu\\\/wp-content\\\/uploads\\\/sites\\\/78\\\/2024\\\/01\\\/Jordanie-Jordan-Trail-Travelbase-\\u00a9-Trekking-et-Voyage-175625-scaled-e1705667933827.jpg 800w&quot;}\">\t\t\t\t\t\t\t\t\t\t<\/div>\n\t\t\t\t\t\t\t\t\t\t<div class=\"tb-popup-content\">\n\t\t\t\t\t\t\t\t\t\t\t<h3>Slaapzak + slaapmatje<\/h3>\n\t\t\t\t\t\t\t\t\t\t\t<div class=\"content\">\t<div class=\"translation-block\"><p>Je ontvangt van ons een slaapzak met een minimale comforttemperatuur 5\u00b0, samen met een liner en een comfortabel slaapmatje.<\/p><\/div>\n\t<\/div>\n\t\t\t\t\t\t\t\t\t\t<\/div>\n\t\t\t\t\t\t\t\t\t<\/div>\n\t\t\t\t\t\t\t\t<\/dialog>\n\t\t\t\t\t\t\t<\/div>\n\t\t\t\t\t\t<\/div>\n\t\t\t\t\t\t\t\t\t\t\t<div class=\"tb-card entry tb-popup-trigger desktop-only-popup\">\n\t\t\t\t\t\t\t<div class=\"tb-image-part desktop\">\n\t\t\t\t\t\t\t\t<img src='https:\/\/tjt.travelblox.eu\/wp-content\/smush-webp\/sites\/78\/2025\/08\/Blog-verticale-fotos-9-1.jpg.webp' width='1080' height='1680' alt='The Jordan Trail Jordanienreise' srcset='https:\/\/tjt.travelblox.eu\/wp-content\/smush-webp\/sites\/78\/2025\/08\/Blog-verticale-fotos-9-1.jpg.webp 1080w, https:\/\/tjt.travelblox.eu\/wp-content\/smush-webp\/sites\/78\/2025\/08\/Blog-verticale-fotos-9-1-193x300.jpg.webp 193w, https:\/\/tjt.travelblox.eu\/wp-content\/smush-webp\/sites\/78\/2025\/08\/Blog-verticale-fotos-9-1-658x1024.jpg.webp 658w, https:\/\/tjt.travelblox.eu\/wp-content\/smush-webp\/sites\/78\/2025\/08\/Blog-verticale-fotos-9-1-768x1195.jpg.webp 768w, https:\/\/tjt.travelblox.eu\/wp-content\/smush-webp\/sites\/78\/2025\/08\/Blog-verticale-fotos-9-1-987x1536.jpg.webp 987w, https:\/\/tjt.travelblox.eu\/wp-content\/smush-webp\/sites\/78\/2025\/08\/Blog-verticale-fotos-9-1-8x12.jpg.webp 8w' sizes=\"auto, (max-width: 1080px) 100vw, 1080px\" style='object-position:50% 50%' loading='lazy' decoding='async' data-smush-webp-fallback=\"{&quot;src&quot;:&quot;https:\\\/\\\/tjt.travelblox.eu\\\/wp-content\\\/uploads\\\/sites\\\/78\\\/2025\\\/08\\\/Blog-verticale-fotos-9-1.jpg&quot;,&quot;srcset&quot;:&quot;https:\\\/\\\/tjt.travelblox.eu\\\/wp-content\\\/uploads\\\/sites\\\/78\\\/2025\\\/08\\\/Blog-verticale-fotos-9-1.jpg 1080w, https:\\\/\\\/tjt.travelblox.eu\\\/wp-content\\\/uploads\\\/sites\\\/78\\\/2025\\\/08\\\/Blog-verticale-fotos-9-1-193x300.jpg 193w, https:\\\/\\\/tjt.travelblox.eu\\\/wp-content\\\/uploads\\\/sites\\\/78\\\/2025\\\/08\\\/Blog-verticale-fotos-9-1-658x1024.jpg 658w, https:\\\/\\\/tjt.travelblox.eu\\\/wp-content\\\/uploads\\\/sites\\\/78\\\/2025\\\/08\\\/Blog-verticale-fotos-9-1-768x1195.jpg 768w, https:\\\/\\\/tjt.travelblox.eu\\\/wp-content\\\/uploads\\\/sites\\\/78\\\/2025\\\/08\\\/Blog-verticale-fotos-9-1-987x1536.jpg 987w, https:\\\/\\\/tjt.travelblox.eu\\\/wp-content\\\/uploads\\\/sites\\\/78\\\/2025\\\/08\\\/Blog-verticale-fotos-9-1-8x12.jpg 8w&quot;}\">\t\t\t\t\t\t\t\t\t\t\t\t\t\t\t\t\t\t\t\t\t\t\t\t\t<div class=\"price tiny-body-font desktop translation-block\"><p>\u20ac12 per persoon<\/p><\/div>\t\t\t\t\t\t\t<\/div>\n\t\t\t\t\t\t\t<div class=\"tb-image-part mobile\">\n\t\t\t\t\t\t\t\t<img src='https:\/\/tjt.travelblox.eu\/wp-content\/smush-webp\/sites\/78\/2025\/08\/Blog-verticale-fotos-9-1-768x1195.jpg.webp' width='768' height='1195' alt='The Jordan Trail Jordanienreise' srcset='https:\/\/tjt.travelblox.eu\/wp-content\/smush-webp\/sites\/78\/2025\/08\/Blog-verticale-fotos-9-1-768x1195.jpg.webp 768w, https:\/\/tjt.travelblox.eu\/wp-content\/smush-webp\/sites\/78\/2025\/08\/Blog-verticale-fotos-9-1-193x300.jpg.webp 193w, https:\/\/tjt.travelblox.eu\/wp-content\/smush-webp\/sites\/78\/2025\/08\/Blog-verticale-fotos-9-1-658x1024.jpg.webp 658w, https:\/\/tjt.travelblox.eu\/wp-content\/smush-webp\/sites\/78\/2025\/08\/Blog-verticale-fotos-9-1-987x1536.jpg.webp 987w, https:\/\/tjt.travelblox.eu\/wp-content\/smush-webp\/sites\/78\/2025\/08\/Blog-verticale-fotos-9-1-8x12.jpg.webp 8w, https:\/\/tjt.travelblox.eu\/wp-content\/smush-webp\/sites\/78\/2025\/08\/Blog-verticale-fotos-9-1.jpg.webp 1080w' sizes=\"auto, (max-width: 768px) 100vw, 768px\" style='object-position:50% 50%' loading='lazy' decoding='async' data-smush-webp-fallback=\"{&quot;src&quot;:&quot;https:\\\/\\\/tjt.travelblox.eu\\\/wp-content\\\/uploads\\\/sites\\\/78\\\/2025\\\/08\\\/Blog-verticale-fotos-9-1-768x1195.jpg&quot;,&quot;srcset&quot;:&quot;https:\\\/\\\/tjt.travelblox.eu\\\/wp-content\\\/uploads\\\/sites\\\/78\\\/2025\\\/08\\\/Blog-verticale-fotos-9-1-768x1195.jpg 768w, https:\\\/\\\/tjt.travelblox.eu\\\/wp-content\\\/uploads\\\/sites\\\/78\\\/2025\\\/08\\\/Blog-verticale-fotos-9-1-193x300.jpg 193w, https:\\\/\\\/tjt.travelblox.eu\\\/wp-content\\\/uploads\\\/sites\\\/78\\\/2025\\\/08\\\/Blog-verticale-fotos-9-1-658x1024.jpg 658w, https:\\\/\\\/tjt.travelblox.eu\\\/wp-content\\\/uploads\\\/sites\\\/78\\\/2025\\\/08\\\/Blog-verticale-fotos-9-1-987x1536.jpg 987w, https:\\\/\\\/tjt.travelblox.eu\\\/wp-content\\\/uploads\\\/sites\\\/78\\\/2025\\\/08\\\/Blog-verticale-fotos-9-1-8x12.jpg 8w, https:\\\/\\\/tjt.travelblox.eu\\\/wp-content\\\/uploads\\\/sites\\\/78\\\/2025\\\/08\\\/Blog-verticale-fotos-9-1.jpg 1080w&quot;}\">\t\t\t\t\t\t\t\t\t\t\t\t\t\t\t<\/div>\n\t\t\t\t\t\t\t<div class=\"tb-card-content\">\n\t\t\t\t\t\t\t\t<h5>\n\t\t\t\t\t\t\t\t\t\t\t\t\t\t\t\t\t\t<span>Wandelstokken<\/span>\n\t\t\t\t\t\t\t\t<\/h5>\n\t\t\t\t\t\t\t\t\t\t\t\t\t\t\t\t\t<div class=\"price tiny-body-font mobile\"><p>\u20ac12 per persoon<\/p><\/div>\t\t\t\t\t\t\t\t<div class=\"content readmore-content content--clamped\">\t<div class=\"translation-block\"><p>We raden ten zeerste aan wandelstokken te huren of mee te nemen. Ze <strong>verlichten de belasting op je knie\u00ebn en helpen je evenwicht bewaren<\/strong> op uitdagende stukken van de route.<\/p><\/div>\n\t<\/div>\n\t\t\t\t\t\t\t\t\t\t\t\t\t\t\t\t<div class=\"readmore link js-readmore\">\n\t\t\t\t\t\t\t\t\t<span><i class=\"fa-solid fa-circle-plus\"><\/i><u>Lees meer<\/u><\/span>\n\t\t\t\t\t\t\t\t\t<span><i class=\"fa-solid fa-circle-minus\"><\/i><u>Lees minder<\/u><\/span>\n\t\t\t\t\t\t\t\t<\/div>\n\t\t\t\t\t\t\t\t\t\t\t\t\t\t\t\t<dialog class=\"tb-popup\">\n\t\t\t\t\t\t\t\t\t<div class=\"tb-highlights-popup\">\n\t\t\t\t\t\t\t\t\t\t<div class=\"tb-image-part\">\n\t\t\t\t\t\t\t\t\t\t\t<img src='https:\/\/tjt.travelblox.eu\/wp-content\/smush-webp\/sites\/78\/2025\/08\/Blog-verticale-fotos-9-1-768x1195.jpg.webp' width='768' height='1195' alt='The Jordan Trail Jordanienreise' srcset='https:\/\/tjt.travelblox.eu\/wp-content\/smush-webp\/sites\/78\/2025\/08\/Blog-verticale-fotos-9-1-768x1195.jpg.webp 768w, https:\/\/tjt.travelblox.eu\/wp-content\/smush-webp\/sites\/78\/2025\/08\/Blog-verticale-fotos-9-1-193x300.jpg.webp 193w, https:\/\/tjt.travelblox.eu\/wp-content\/smush-webp\/sites\/78\/2025\/08\/Blog-verticale-fotos-9-1-658x1024.jpg.webp 658w, https:\/\/tjt.travelblox.eu\/wp-content\/smush-webp\/sites\/78\/2025\/08\/Blog-verticale-fotos-9-1-987x1536.jpg.webp 987w, https:\/\/tjt.travelblox.eu\/wp-content\/smush-webp\/sites\/78\/2025\/08\/Blog-verticale-fotos-9-1-8x12.jpg.webp 8w, https:\/\/tjt.travelblox.eu\/wp-content\/smush-webp\/sites\/78\/2025\/08\/Blog-verticale-fotos-9-1.jpg.webp 1080w' sizes=\"auto, (max-width: 768px) 100vw, 768px\" style='object-position:50% 50%' loading='lazy' decoding='async' data-smush-webp-fallback=\"{&quot;src&quot;:&quot;https:\\\/\\\/tjt.travelblox.eu\\\/wp-content\\\/uploads\\\/sites\\\/78\\\/2025\\\/08\\\/Blog-verticale-fotos-9-1-768x1195.jpg&quot;,&quot;srcset&quot;:&quot;https:\\\/\\\/tjt.travelblox.eu\\\/wp-content\\\/uploads\\\/sites\\\/78\\\/2025\\\/08\\\/Blog-verticale-fotos-9-1-768x1195.jpg 768w, https:\\\/\\\/tjt.travelblox.eu\\\/wp-content\\\/uploads\\\/sites\\\/78\\\/2025\\\/08\\\/Blog-verticale-fotos-9-1-193x300.jpg 193w, https:\\\/\\\/tjt.travelblox.eu\\\/wp-content\\\/uploads\\\/sites\\\/78\\\/2025\\\/08\\\/Blog-verticale-fotos-9-1-658x1024.jpg 658w, https:\\\/\\\/tjt.travelblox.eu\\\/wp-content\\\/uploads\\\/sites\\\/78\\\/2025\\\/08\\\/Blog-verticale-fotos-9-1-987x1536.jpg 987w, https:\\\/\\\/tjt.travelblox.eu\\\/wp-content\\\/uploads\\\/sites\\\/78\\\/2025\\\/08\\\/Blog-verticale-fotos-9-1-8x12.jpg 8w, https:\\\/\\\/tjt.travelblox.eu\\\/wp-content\\\/uploads\\\/sites\\\/78\\\/2025\\\/08\\\/Blog-verticale-fotos-9-1.jpg 1080w&quot;}\">\t\t\t\t\t\t\t\t\t\t<\/div>\n\t\t\t\t\t\t\t\t\t\t<div class=\"tb-popup-content\">\n\t\t\t\t\t\t\t\t\t\t\t<h3>Wandelstokken<\/h3>\n\t\t\t\t\t\t\t\t\t\t\t<div class=\"content\">\t<div class=\"translation-block\"><p>We raden ten zeerste aan wandelstokken te huren of mee te nemen. Ze <strong>verlichten de belasting op je knie\u00ebn en helpen je evenwicht bewaren<\/strong> op uitdagende stukken van de route.<\/p><\/div>\n\t<\/div>\n\t\t\t\t\t\t\t\t\t\t<\/div>\n\t\t\t\t\t\t\t\t\t<\/div>\n\t\t\t\t\t\t\t\t<\/dialog>\n\t\t\t\t\t\t\t<\/div>\n\t\t\t\t\t\t<\/div>\n\t\t\t\t\t\t\t\t\t\t\t\t\t<\/div>\n\t\t\t\t<div class=\"tb-carousel-nav\">\n\t\t<div class=\"dots\">\n\t\t\t<div class=\"dot active\"><\/div>\n\t\t\t<div class=\"dot\"><\/div>\n\t\t\t<div class=\"dot\"><\/div>\n\t\t<\/div>\n\t\t<div class=\"arrows\">\n\t\t\t<div class=\"prev disabled\">\n\t\t\t\t<span><i class=\"fa fa-chevron-left\"><\/i><\/span>\n\t\t\t<\/div>\n\t\t\t<div class=\"next\">\n\t\t\t\t<span><i class=\"fa fa-chevron-right\"><\/i><\/span>\n\t\t\t<\/div>\n\t\t<\/div>\n\t<\/div>\n\t\t\t<\/div>\n\t<\/div>\n\t\t\t\t\t\t\t\t\t\t\t\t\t\t\t\t\t\t<div class=\"inner-block-full-width has-tb-carousel tb-section\" id=\"options-section-1\"style=\"display:none;\">\n\t\t<div class=\"tb-carousel-container\">\n\t\t\t<div class=\"entries tb-cards\" data-slider-first=\"1\">\n\t\t\t\t\t\t\t\t\t\t\t\t\t\t\t<div class=\"tb-card entry tb-popup-trigger desktop-only-popup\">\n\t\t\t\t\t\t\t<div class=\"tb-image-part desktop\">\n\t\t\t\t\t\t\t\t<img src='https:\/\/tjt.travelblox.eu\/wp-content\/smush-webp\/sites\/78\/2024\/01\/theJordanTrail-7379-scaled-e1705668606295.jpg.webp' width='800' height='533' alt='Hoofdstad Amman' loading='lazy' decoding='async' data-smush-webp-fallback='{&quot;src&quot;:&quot;https:\\\/\\\/tjt.travelblox.eu\\\/wp-content\\\/uploads\\\/sites\\\/78\\\/2024\\\/01\\\/theJordanTrail-7379-scaled-e1705668606295.jpg&quot;}'>\t\t\t\t\t\t\t\t\t\t\t\t\t\t\t\t\t\t\t\t\t\t\t\t\t<div class=\"price tiny-body-font desktop translation-block\"><p>\u20ac30<\/p><\/div>\t\t\t\t\t\t\t<\/div>\n\t\t\t\t\t\t\t<div class=\"tb-image-part mobile\">\n\t\t\t\t\t\t\t\t<img src='https:\/\/tjt.travelblox.eu\/wp-content\/smush-webp\/sites\/78\/2024\/01\/theJordanTrail-7379-768x512.jpg.webp' width='768' height='512' alt='Hoofdstad Amman' srcset='https:\/\/tjt.travelblox.eu\/wp-content\/smush-webp\/sites\/78\/2024\/01\/theJordanTrail-7379-768x512.jpg.webp 768w, https:\/\/tjt.travelblox.eu\/wp-content\/smush-webp\/sites\/78\/2024\/01\/theJordanTrail-7379-300x200.jpg.webp 300w, https:\/\/tjt.travelblox.eu\/wp-content\/smush-webp\/sites\/78\/2024\/01\/theJordanTrail-7379-1024x683.jpg.webp 1024w, https:\/\/tjt.travelblox.eu\/wp-content\/smush-webp\/sites\/78\/2024\/01\/theJordanTrail-7379-1536x1024.jpg.webp 1536w, https:\/\/tjt.travelblox.eu\/wp-content\/smush-webp\/sites\/78\/2024\/01\/theJordanTrail-7379-2048x1365.jpg.webp 2048w, https:\/\/tjt.travelblox.eu\/wp-content\/smush-webp\/sites\/78\/2024\/01\/theJordanTrail-7379-18x12.jpg.webp 18w, https:\/\/tjt.travelblox.eu\/wp-content\/smush-webp\/sites\/78\/2024\/01\/theJordanTrail-7379-scaled-e1705668606295.jpg.webp 800w' sizes=\"auto, (max-width: 768px) 100vw, 768px\" loading='lazy' decoding='async' data-smush-webp-fallback=\"{&quot;src&quot;:&quot;https:\\\/\\\/tjt.travelblox.eu\\\/wp-content\\\/uploads\\\/sites\\\/78\\\/2024\\\/01\\\/theJordanTrail-7379-768x512.jpg&quot;,&quot;srcset&quot;:&quot;https:\\\/\\\/tjt.travelblox.eu\\\/wp-content\\\/uploads\\\/sites\\\/78\\\/2024\\\/01\\\/theJordanTrail-7379-768x512.jpg 768w, https:\\\/\\\/tjt.travelblox.eu\\\/wp-content\\\/uploads\\\/sites\\\/78\\\/2024\\\/01\\\/theJordanTrail-7379-300x200.jpg 300w, https:\\\/\\\/tjt.travelblox.eu\\\/wp-content\\\/uploads\\\/sites\\\/78\\\/2024\\\/01\\\/theJordanTrail-7379-1024x683.jpg 1024w, https:\\\/\\\/tjt.travelblox.eu\\\/wp-content\\\/uploads\\\/sites\\\/78\\\/2024\\\/01\\\/theJordanTrail-7379-1536x1024.jpg 1536w, https:\\\/\\\/tjt.travelblox.eu\\\/wp-content\\\/uploads\\\/sites\\\/78\\\/2024\\\/01\\\/theJordanTrail-7379-2048x1365.jpg 2048w, https:\\\/\\\/tjt.travelblox.eu\\\/wp-content\\\/uploads\\\/sites\\\/78\\\/2024\\\/01\\\/theJordanTrail-7379-18x12.jpg 18w, https:\\\/\\\/tjt.travelblox.eu\\\/wp-content\\\/uploads\\\/sites\\\/78\\\/2024\\\/01\\\/theJordanTrail-7379-scaled-e1705668606295.jpg 800w&quot;}\">\t\t\t\t\t\t\t\t\t\t\t\t\t\t\t<\/div>\n\t\t\t\t\t\t\t<div class=\"tb-card-content\">\n\t\t\t\t\t\t\t\t<h5>\n\t\t\t\t\t\t\t\t\t\t\t\t\t\t\t\t\t\t<span>Priv\u00e9kamer eerste nacht nabij Amman<\/span>\n\t\t\t\t\t\t\t\t<\/h5>\n\t\t\t\t\t\t\t\t\t\t\t\t\t\t\t\t\t<div class=\"price tiny-body-font mobile\"><p>\u20ac30<\/p><\/div>\t\t\t\t\t\t\t\t<div class=\"content readmore-content content--clamped\">\t<div class=\"translation-block\"><p>De eerste nacht in Madaba is inbegrepen in de basisprijs*. Indien je graag alleen ligt in een kamer, kan dit voor een meerprijs van \u20ac30.<\/p>\n<p><i>*Solo-reizigers worden in een gedeelde kamer geplaatst met (een) andere deelnemer(s), met aparte bedden. We doen ons best om mensen van hetzelfde geslacht te groeperen.&nbsp;<\/i><\/p><\/div>\n\t<\/div>\n\t\t\t\t\t\t\t\t\t\t\t\t\t\t\t\t<div class=\"readmore link js-readmore\">\n\t\t\t\t\t\t\t\t\t<span><i class=\"fa-solid fa-circle-plus\"><\/i><u>Lees meer<\/u><\/span>\n\t\t\t\t\t\t\t\t\t<span><i class=\"fa-solid fa-circle-minus\"><\/i><u>Lees minder<\/u><\/span>\n\t\t\t\t\t\t\t\t<\/div>\n\t\t\t\t\t\t\t\t\t\t\t\t\t\t\t\t<dialog class=\"tb-popup\">\n\t\t\t\t\t\t\t\t\t<div class=\"tb-highlights-popup\">\n\t\t\t\t\t\t\t\t\t\t<div class=\"tb-image-part\">\n\t\t\t\t\t\t\t\t\t\t\t<img src='https:\/\/tjt.travelblox.eu\/wp-content\/smush-webp\/sites\/78\/2024\/01\/theJordanTrail-7379-768x512.jpg.webp' width='768' height='512' alt='Hoofdstad Amman' srcset='https:\/\/tjt.travelblox.eu\/wp-content\/smush-webp\/sites\/78\/2024\/01\/theJordanTrail-7379-768x512.jpg.webp 768w, https:\/\/tjt.travelblox.eu\/wp-content\/smush-webp\/sites\/78\/2024\/01\/theJordanTrail-7379-300x200.jpg.webp 300w, https:\/\/tjt.travelblox.eu\/wp-content\/smush-webp\/sites\/78\/2024\/01\/theJordanTrail-7379-1024x683.jpg.webp 1024w, https:\/\/tjt.travelblox.eu\/wp-content\/smush-webp\/sites\/78\/2024\/01\/theJordanTrail-7379-1536x1024.jpg.webp 1536w, https:\/\/tjt.travelblox.eu\/wp-content\/smush-webp\/sites\/78\/2024\/01\/theJordanTrail-7379-2048x1365.jpg.webp 2048w, https:\/\/tjt.travelblox.eu\/wp-content\/smush-webp\/sites\/78\/2024\/01\/theJordanTrail-7379-18x12.jpg.webp 18w, https:\/\/tjt.travelblox.eu\/wp-content\/smush-webp\/sites\/78\/2024\/01\/theJordanTrail-7379-scaled-e1705668606295.jpg.webp 800w' sizes=\"auto, (max-width: 768px) 100vw, 768px\" loading='lazy' decoding='async' data-smush-webp-fallback=\"{&quot;src&quot;:&quot;https:\\\/\\\/tjt.travelblox.eu\\\/wp-content\\\/uploads\\\/sites\\\/78\\\/2024\\\/01\\\/theJordanTrail-7379-768x512.jpg&quot;,&quot;srcset&quot;:&quot;https:\\\/\\\/tjt.travelblox.eu\\\/wp-content\\\/uploads\\\/sites\\\/78\\\/2024\\\/01\\\/theJordanTrail-7379-768x512.jpg 768w, https:\\\/\\\/tjt.travelblox.eu\\\/wp-content\\\/uploads\\\/sites\\\/78\\\/2024\\\/01\\\/theJordanTrail-7379-300x200.jpg 300w, https:\\\/\\\/tjt.travelblox.eu\\\/wp-content\\\/uploads\\\/sites\\\/78\\\/2024\\\/01\\\/theJordanTrail-7379-1024x683.jpg 1024w, https:\\\/\\\/tjt.travelblox.eu\\\/wp-content\\\/uploads\\\/sites\\\/78\\\/2024\\\/01\\\/theJordanTrail-7379-1536x1024.jpg 1536w, https:\\\/\\\/tjt.travelblox.eu\\\/wp-content\\\/uploads\\\/sites\\\/78\\\/2024\\\/01\\\/theJordanTrail-7379-2048x1365.jpg 2048w, https:\\\/\\\/tjt.travelblox.eu\\\/wp-content\\\/uploads\\\/sites\\\/78\\\/2024\\\/01\\\/theJordanTrail-7379-18x12.jpg 18w, https:\\\/\\\/tjt.travelblox.eu\\\/wp-content\\\/uploads\\\/sites\\\/78\\\/2024\\\/01\\\/theJordanTrail-7379-scaled-e1705668606295.jpg 800w&quot;}\">\t\t\t\t\t\t\t\t\t\t<\/div>\n\t\t\t\t\t\t\t\t\t\t<div class=\"tb-popup-content\">\n\t\t\t\t\t\t\t\t\t\t\t<h3>Priv\u00e9kamer eerste nacht nabij Amman<\/h3>\n\t\t\t\t\t\t\t\t\t\t\t<div class=\"content\">\t<div class=\"translation-block\"><p>De eerste nacht in Madaba is inbegrepen in de basisprijs*. Indien je graag alleen ligt in een kamer, kan dit voor een meerprijs van \u20ac30.<\/p>\n<p><i>*Solo-reizigers worden in een gedeelde kamer geplaatst met (een) andere deelnemer(s), met aparte bedden. We doen ons best om mensen van hetzelfde geslacht te groeperen.&nbsp;<\/i><\/p><\/div>\n\t<\/div>\n\t\t\t\t\t\t\t\t\t\t<\/div>\n\t\t\t\t\t\t\t\t\t<\/div>\n\t\t\t\t\t\t\t\t<\/dialog>\n\t\t\t\t\t\t\t<\/div>\n\t\t\t\t\t\t<\/div>\n\t\t\t\t\t\t\t\t\t\t\t<div class=\"tb-card entry tb-popup-trigger desktop-only-popup\">\n\t\t\t\t\t\t\t<div class=\"tb-image-part desktop\">\n\t\t\t\t\t\t\t\t<img src='https:\/\/tjt.travelblox.eu\/wp-content\/smush-webp\/sites\/78\/2024\/01\/theJordanTrail-7448-scaled-e1705666560909.jpg.webp' width='798' height='1037' alt='Amman Jordani\u00eb' srcset='https:\/\/tjt.travelblox.eu\/wp-content\/smush-webp\/sites\/78\/2024\/01\/theJordanTrail-7448-scaled-e1705666560909.jpg.webp 798w, https:\/\/tjt.travelblox.eu\/wp-content\/smush-webp\/sites\/78\/2024\/01\/theJordanTrail-7448-scaled-e1705666560909-231x300.jpg.webp 231w, https:\/\/tjt.travelblox.eu\/wp-content\/smush-webp\/sites\/78\/2024\/01\/theJordanTrail-7448-scaled-e1705666560909-788x1024.jpg.webp 788w, https:\/\/tjt.travelblox.eu\/wp-content\/smush-webp\/sites\/78\/2024\/01\/theJordanTrail-7448-scaled-e1705666560909-768x998.jpg.webp 768w, https:\/\/tjt.travelblox.eu\/wp-content\/smush-webp\/sites\/78\/2024\/01\/theJordanTrail-7448-scaled-e1705666560909-9x12.jpg.webp 9w' sizes=\"auto, (max-width: 798px) 100vw, 798px\" loading='lazy' decoding='async' data-smush-webp-fallback=\"{&quot;src&quot;:&quot;https:\\\/\\\/tjt.travelblox.eu\\\/wp-content\\\/uploads\\\/sites\\\/78\\\/2024\\\/01\\\/theJordanTrail-7448-scaled-e1705666560909.jpg&quot;,&quot;srcset&quot;:&quot;https:\\\/\\\/tjt.travelblox.eu\\\/wp-content\\\/uploads\\\/sites\\\/78\\\/2024\\\/01\\\/theJordanTrail-7448-scaled-e1705666560909.jpg 798w, https:\\\/\\\/tjt.travelblox.eu\\\/wp-content\\\/uploads\\\/sites\\\/78\\\/2024\\\/01\\\/theJordanTrail-7448-scaled-e1705666560909-231x300.jpg 231w, https:\\\/\\\/tjt.travelblox.eu\\\/wp-content\\\/uploads\\\/sites\\\/78\\\/2024\\\/01\\\/theJordanTrail-7448-scaled-e1705666560909-788x1024.jpg 788w, https:\\\/\\\/tjt.travelblox.eu\\\/wp-content\\\/uploads\\\/sites\\\/78\\\/2024\\\/01\\\/theJordanTrail-7448-scaled-e1705666560909-768x998.jpg 768w, https:\\\/\\\/tjt.travelblox.eu\\\/wp-content\\\/uploads\\\/sites\\\/78\\\/2024\\\/01\\\/theJordanTrail-7448-scaled-e1705666560909-9x12.jpg 9w&quot;}\">\t\t\t\t\t\t\t\t\t\t\t\t\t\t\t\t\t\t\t\t\t\t\t\t\t<div class=\"price tiny-body-font desktop translation-block\"><p>Vanaf \u20ac30 per persoon<\/p><\/div>\t\t\t\t\t\t\t<\/div>\n\t\t\t\t\t\t\t<div class=\"tb-image-part mobile\">\n\t\t\t\t\t\t\t\t<img src='https:\/\/tjt.travelblox.eu\/wp-content\/smush-webp\/sites\/78\/2024\/01\/theJordanTrail-7448-scaled-e1705666560909-768x998.jpg.webp' width='768' height='998' alt='Amman Jordani\u00eb' srcset='https:\/\/tjt.travelblox.eu\/wp-content\/smush-webp\/sites\/78\/2024\/01\/theJordanTrail-7448-scaled-e1705666560909-768x998.jpg.webp 768w, https:\/\/tjt.travelblox.eu\/wp-content\/smush-webp\/sites\/78\/2024\/01\/theJordanTrail-7448-scaled-e1705666560909-231x300.jpg.webp 231w, https:\/\/tjt.travelblox.eu\/wp-content\/smush-webp\/sites\/78\/2024\/01\/theJordanTrail-7448-scaled-e1705666560909-788x1024.jpg.webp 788w, https:\/\/tjt.travelblox.eu\/wp-content\/smush-webp\/sites\/78\/2024\/01\/theJordanTrail-7448-scaled-e1705666560909-9x12.jpg.webp 9w, https:\/\/tjt.travelblox.eu\/wp-content\/smush-webp\/sites\/78\/2024\/01\/theJordanTrail-7448-scaled-e1705666560909.jpg.webp 798w' sizes=\"auto, (max-width: 768px) 100vw, 768px\" loading='lazy' decoding='async' data-smush-webp-fallback=\"{&quot;src&quot;:&quot;https:\\\/\\\/tjt.travelblox.eu\\\/wp-content\\\/uploads\\\/sites\\\/78\\\/2024\\\/01\\\/theJordanTrail-7448-scaled-e1705666560909-768x998.jpg&quot;,&quot;srcset&quot;:&quot;https:\\\/\\\/tjt.travelblox.eu\\\/wp-content\\\/uploads\\\/sites\\\/78\\\/2024\\\/01\\\/theJordanTrail-7448-scaled-e1705666560909-768x998.jpg 768w, https:\\\/\\\/tjt.travelblox.eu\\\/wp-content\\\/uploads\\\/sites\\\/78\\\/2024\\\/01\\\/theJordanTrail-7448-scaled-e1705666560909-231x300.jpg 231w, https:\\\/\\\/tjt.travelblox.eu\\\/wp-content\\\/uploads\\\/sites\\\/78\\\/2024\\\/01\\\/theJordanTrail-7448-scaled-e1705666560909-788x1024.jpg 788w, https:\\\/\\\/tjt.travelblox.eu\\\/wp-content\\\/uploads\\\/sites\\\/78\\\/2024\\\/01\\\/theJordanTrail-7448-scaled-e1705666560909-9x12.jpg 9w, https:\\\/\\\/tjt.travelblox.eu\\\/wp-content\\\/uploads\\\/sites\\\/78\\\/2024\\\/01\\\/theJordanTrail-7448-scaled-e1705666560909.jpg 798w&quot;}\">\t\t\t\t\t\t\t\t\t\t\t\t\t\t\t<\/div>\n\t\t\t\t\t\t\t<div class=\"tb-card-content\">\n\t\t\t\t\t\t\t\t<h5>\n\t\t\t\t\t\t\t\t\t\t\t\t\t\t\t\t\t\t<span>Laatste nacht Amman<\/span>\n\t\t\t\t\t\t\t\t<\/h5>\n\t\t\t\t\t\t\t\t\t\t\t\t\t\t\t\t\t<div class=\"price tiny-body-font mobile\"><p>Vanaf \u20ac30 per persoon<\/p><\/div>\t\t\t\t\t\t\t\t<div class=\"content readmore-content content--clamped\">\t<div class=\"translation-block\"><p>Je kan er voor kiezen om de laatste nacht in Amman de overnachting via ons te boeken.<\/p>\n<ul>\n<li>Gedeelde kamer: \u20ac30 per persoon*<\/li>\n<li>Priv\u00e9kamer: \u20ac60 per persoon<\/li>\n<\/ul>\n<p><i>*Solo-reizigers worden in een gedeelde kamer geplaatst met (een) andere deelnemer(s), met aparte bedden. We doen ons best om mensen van hetzelfde geslacht te groeperen.&nbsp;<\/i><\/p><\/div>\n\t<\/div>\n\t\t\t\t\t\t\t\t\t\t\t\t\t\t\t\t<div class=\"readmore link js-readmore\">\n\t\t\t\t\t\t\t\t\t<span><i class=\"fa-solid fa-circle-plus\"><\/i><u>Lees meer<\/u><\/span>\n\t\t\t\t\t\t\t\t\t<span><i class=\"fa-solid fa-circle-minus\"><\/i><u>Lees minder<\/u><\/span>\n\t\t\t\t\t\t\t\t<\/div>\n\t\t\t\t\t\t\t\t\t\t\t\t\t\t\t\t<dialog class=\"tb-popup\">\n\t\t\t\t\t\t\t\t\t<div class=\"tb-highlights-popup\">\n\t\t\t\t\t\t\t\t\t\t<div class=\"tb-image-part\">\n\t\t\t\t\t\t\t\t\t\t\t<img src='https:\/\/tjt.travelblox.eu\/wp-content\/smush-webp\/sites\/78\/2024\/01\/theJordanTrail-7448-scaled-e1705666560909-768x998.jpg.webp' width='768' height='998' alt='Amman Jordani\u00eb' srcset='https:\/\/tjt.travelblox.eu\/wp-content\/smush-webp\/sites\/78\/2024\/01\/theJordanTrail-7448-scaled-e1705666560909-768x998.jpg.webp 768w, https:\/\/tjt.travelblox.eu\/wp-content\/smush-webp\/sites\/78\/2024\/01\/theJordanTrail-7448-scaled-e1705666560909-231x300.jpg.webp 231w, https:\/\/tjt.travelblox.eu\/wp-content\/smush-webp\/sites\/78\/2024\/01\/theJordanTrail-7448-scaled-e1705666560909-788x1024.jpg.webp 788w, https:\/\/tjt.travelblox.eu\/wp-content\/smush-webp\/sites\/78\/2024\/01\/theJordanTrail-7448-scaled-e1705666560909-9x12.jpg.webp 9w, https:\/\/tjt.travelblox.eu\/wp-content\/smush-webp\/sites\/78\/2024\/01\/theJordanTrail-7448-scaled-e1705666560909.jpg.webp 798w' sizes=\"auto, (max-width: 768px) 100vw, 768px\" loading='lazy' decoding='async' data-smush-webp-fallback=\"{&quot;src&quot;:&quot;https:\\\/\\\/tjt.travelblox.eu\\\/wp-content\\\/uploads\\\/sites\\\/78\\\/2024\\\/01\\\/theJordanTrail-7448-scaled-e1705666560909-768x998.jpg&quot;,&quot;srcset&quot;:&quot;https:\\\/\\\/tjt.travelblox.eu\\\/wp-content\\\/uploads\\\/sites\\\/78\\\/2024\\\/01\\\/theJordanTrail-7448-scaled-e1705666560909-768x998.jpg 768w, https:\\\/\\\/tjt.travelblox.eu\\\/wp-content\\\/uploads\\\/sites\\\/78\\\/2024\\\/01\\\/theJordanTrail-7448-scaled-e1705666560909-231x300.jpg 231w, https:\\\/\\\/tjt.travelblox.eu\\\/wp-content\\\/uploads\\\/sites\\\/78\\\/2024\\\/01\\\/theJordanTrail-7448-scaled-e1705666560909-788x1024.jpg 788w, https:\\\/\\\/tjt.travelblox.eu\\\/wp-content\\\/uploads\\\/sites\\\/78\\\/2024\\\/01\\\/theJordanTrail-7448-scaled-e1705666560909-9x12.jpg 9w, https:\\\/\\\/tjt.travelblox.eu\\\/wp-content\\\/uploads\\\/sites\\\/78\\\/2024\\\/01\\\/theJordanTrail-7448-scaled-e1705666560909.jpg 798w&quot;}\">\t\t\t\t\t\t\t\t\t\t<\/div>\n\t\t\t\t\t\t\t\t\t\t<div class=\"tb-popup-content\">\n\t\t\t\t\t\t\t\t\t\t\t<h3>Laatste nacht Amman<\/h3>\n\t\t\t\t\t\t\t\t\t\t\t<div class=\"content\">\t<div class=\"translation-block\"><p>Je kan er voor kiezen om de laatste nacht in Amman de overnachting via ons te boeken.<\/p>\n<ul>\n<li>Gedeelde kamer: \u20ac30 per persoon*<\/li>\n<li>Priv\u00e9kamer: \u20ac60 per persoon<\/li>\n<\/ul>\n<p><i>*Solo-reizigers worden in een gedeelde kamer geplaatst met (een) andere deelnemer(s), met aparte bedden. We doen ons best om mensen van hetzelfde geslacht te groeperen.&nbsp;<\/i><\/p><\/div>\n\t<\/div>\n\t\t\t\t\t\t\t\t\t\t<\/div>\n\t\t\t\t\t\t\t\t\t<\/div>\n\t\t\t\t\t\t\t\t<\/dialog>\n\t\t\t\t\t\t\t<\/div>\n\t\t\t\t\t\t<\/div>\n\t\t\t\t\t\t\t\t\t\t\t\t\t<\/div>\n\t\t\t\t<div class=\"tb-carousel-nav\">\n\t\t<div class=\"dots\">\n\t\t\t<div class=\"dot active\"><\/div>\n\t\t\t<div class=\"dot\"><\/div>\n\t\t\t<div class=\"dot\"><\/div>\n\t\t<\/div>\n\t\t<div class=\"arrows\">\n\t\t\t<div class=\"prev disabled\">\n\t\t\t\t<span><i class=\"fa fa-chevron-left\"><\/i><\/span>\n\t\t\t<\/div>\n\t\t\t<div class=\"next\">\n\t\t\t\t<span><i class=\"fa fa-chevron-right\"><\/i><\/span>\n\t\t\t<\/div>\n\t\t<\/div>\n\t<\/div>\n\t\t\t<\/div>\n\t<\/div>\n\t\t\t\t\t\t\t\t\t\t\t\t\t\t\t\t\t\t<div class=\"inner-block-full-width has-tb-carousel tb-section\" id=\"options-section-2\"style=\"display:none;\">\n\t\t<div class=\"tb-carousel-container\">\n\t\t\t<div class=\"entries tb-cards\" data-slider-first=\"1\">\n\t\t\t\t\t\t\t\t\t\t\t\t\t\t\t<div class=\"tb-card entry tb-popup-trigger desktop-only-popup\">\n\t\t\t\t\t\t\t<div class=\"tb-image-part desktop\">\n\t\t\t\t\t\t\t\t<img src='https:\/\/tjt.travelblox.eu\/wp-content\/smush-webp\/sites\/78\/2026\/02\/TheJordanTrail_flight.jpg.webp' width='1000' height='667' alt='The Jordan Trail, vlucht naar Amman' srcset='https:\/\/tjt.travelblox.eu\/wp-content\/smush-webp\/sites\/78\/2026\/02\/TheJordanTrail_flight.jpg.webp 1000w, https:\/\/tjt.travelblox.eu\/wp-content\/smush-webp\/sites\/78\/2026\/02\/TheJordanTrail_flight-300x200.jpg.webp 300w, https:\/\/tjt.travelblox.eu\/wp-content\/smush-webp\/sites\/78\/2026\/02\/TheJordanTrail_flight-768x512.jpg.webp 768w, https:\/\/tjt.travelblox.eu\/wp-content\/smush-webp\/sites\/78\/2026\/02\/TheJordanTrail_flight-18x12.jpg.webp 18w' sizes=\"auto, (max-width: 1000px) 100vw, 1000px\" loading='lazy' decoding='async' data-smush-webp-fallback=\"{&quot;src&quot;:&quot;https:\\\/\\\/tjt.travelblox.eu\\\/wp-content\\\/uploads\\\/sites\\\/78\\\/2026\\\/02\\\/TheJordanTrail_flight.jpg&quot;,&quot;srcset&quot;:&quot;https:\\\/\\\/tjt.travelblox.eu\\\/wp-content\\\/uploads\\\/sites\\\/78\\\/2026\\\/02\\\/TheJordanTrail_flight.jpg 1000w, https:\\\/\\\/tjt.travelblox.eu\\\/wp-content\\\/uploads\\\/sites\\\/78\\\/2026\\\/02\\\/TheJordanTrail_flight-300x200.jpg 300w, https:\\\/\\\/tjt.travelblox.eu\\\/wp-content\\\/uploads\\\/sites\\\/78\\\/2026\\\/02\\\/TheJordanTrail_flight-768x512.jpg 768w, https:\\\/\\\/tjt.travelblox.eu\\\/wp-content\\\/uploads\\\/sites\\\/78\\\/2026\\\/02\\\/TheJordanTrail_flight-18x12.jpg 18w&quot;}\">\t\t\t\t\t\t\t\t\t\t\t\t\t\t\t\t\t\t\t\t\t\t\t\t\t<div class=\"price tiny-body-font desktop translation-block\"><p>Prijs afhankelijk per vertrek<\/p><\/div>\t\t\t\t\t\t\t<\/div>\n\t\t\t\t\t\t\t<div class=\"tb-image-part mobile\">\n\t\t\t\t\t\t\t\t<img src='https:\/\/tjt.travelblox.eu\/wp-content\/smush-webp\/sites\/78\/2026\/02\/TheJordanTrail_flight-768x512.jpg.webp' width='768' height='512' alt='The Jordan Trail, vlucht naar Amman' srcset='https:\/\/tjt.travelblox.eu\/wp-content\/smush-webp\/sites\/78\/2026\/02\/TheJordanTrail_flight-768x512.jpg.webp 768w, https:\/\/tjt.travelblox.eu\/wp-content\/smush-webp\/sites\/78\/2026\/02\/TheJordanTrail_flight-300x200.jpg.webp 300w, https:\/\/tjt.travelblox.eu\/wp-content\/smush-webp\/sites\/78\/2026\/02\/TheJordanTrail_flight-18x12.jpg.webp 18w, https:\/\/tjt.travelblox.eu\/wp-content\/smush-webp\/sites\/78\/2026\/02\/TheJordanTrail_flight.jpg.webp 1000w' sizes=\"auto, (max-width: 768px) 100vw, 768px\" loading='lazy' decoding='async' data-smush-webp-fallback=\"{&quot;src&quot;:&quot;https:\\\/\\\/tjt.travelblox.eu\\\/wp-content\\\/uploads\\\/sites\\\/78\\\/2026\\\/02\\\/TheJordanTrail_flight-768x512.jpg&quot;,&quot;srcset&quot;:&quot;https:\\\/\\\/tjt.travelblox.eu\\\/wp-content\\\/uploads\\\/sites\\\/78\\\/2026\\\/02\\\/TheJordanTrail_flight-768x512.jpg 768w, https:\\\/\\\/tjt.travelblox.eu\\\/wp-content\\\/uploads\\\/sites\\\/78\\\/2026\\\/02\\\/TheJordanTrail_flight-300x200.jpg 300w, https:\\\/\\\/tjt.travelblox.eu\\\/wp-content\\\/uploads\\\/sites\\\/78\\\/2026\\\/02\\\/TheJordanTrail_flight-18x12.jpg 18w, https:\\\/\\\/tjt.travelblox.eu\\\/wp-content\\\/uploads\\\/sites\\\/78\\\/2026\\\/02\\\/TheJordanTrail_flight.jpg 1000w&quot;}\">\t\t\t\t\t\t\t\t\t\t\t\t\t\t\t<\/div>\n\t\t\t\t\t\t\t<div class=\"tb-card-content\">\n\t\t\t\t\t\t\t\t<h5>\n\t\t\t\t\t\t\t\t\t\t\t\t\t\t\t\t\t\t<span>Vluchten (incl. shuttle)<\/span>\n\t\t\t\t\t\t\t\t<\/h5>\n\t\t\t\t\t\t\t\t\t\t\t\t\t\t\t\t\t<div class=\"price tiny-body-font mobile\"><p>Prijs afhankelijk per vertrek<\/p><\/div>\t\t\t\t\t\t\t\t<div class=\"content readmore-content content--clamped\">\t<div class=\"translation-block\"><p>Je vluchten kan je gemakkelijk <strong>rechtstreeks via de Jordan Trail<\/strong> boeken. In je vluchten zit ook de <strong>shuttle van en naar de luchthaven van Amman \u00e9n je visum.<\/strong><\/p>\n<p>Meer informatie over vluchten, vertrekuren en toegestane bagage vind je onder \u2018<a href=\"#practical\">Praktische info<\/a>\u2019.<\/p>\n<p>De prijs voor de vluchten is afhankelijk van je data en moment van boeking. Raadpleeg de kalender om basisprijs te zien incl. vluchten.<\/p>\n<p><strong>Ruimbagage<\/strong> kan je bijboeken voor <strong>\u20ac55<\/strong>.<\/p><\/div>\n\t<\/div>\n\t\t\t\t\t\t\t\t\t\t\t\t\t\t\t\t<div class=\"readmore link js-readmore\">\n\t\t\t\t\t\t\t\t\t<span><i class=\"fa-solid fa-circle-plus\"><\/i><u>Lees meer<\/u><\/span>\n\t\t\t\t\t\t\t\t\t<span><i class=\"fa-solid fa-circle-minus\"><\/i><u>Lees minder<\/u><\/span>\n\t\t\t\t\t\t\t\t<\/div>\n\t\t\t\t\t\t\t\t\t\t\t\t\t\t\t\t<dialog class=\"tb-popup\">\n\t\t\t\t\t\t\t\t\t<div class=\"tb-highlights-popup\">\n\t\t\t\t\t\t\t\t\t\t<div class=\"tb-image-part\">\n\t\t\t\t\t\t\t\t\t\t\t<img src='https:\/\/tjt.travelblox.eu\/wp-content\/smush-webp\/sites\/78\/2026\/02\/TheJordanTrail_flight-768x512.jpg.webp' width='768' height='512' alt='The Jordan Trail, vlucht naar Amman' srcset='https:\/\/tjt.travelblox.eu\/wp-content\/smush-webp\/sites\/78\/2026\/02\/TheJordanTrail_flight-768x512.jpg.webp 768w, https:\/\/tjt.travelblox.eu\/wp-content\/smush-webp\/sites\/78\/2026\/02\/TheJordanTrail_flight-300x200.jpg.webp 300w, https:\/\/tjt.travelblox.eu\/wp-content\/smush-webp\/sites\/78\/2026\/02\/TheJordanTrail_flight-18x12.jpg.webp 18w, https:\/\/tjt.travelblox.eu\/wp-content\/smush-webp\/sites\/78\/2026\/02\/TheJordanTrail_flight.jpg.webp 1000w' sizes=\"auto, (max-width: 768px) 100vw, 768px\" loading='lazy' decoding='async' data-smush-webp-fallback=\"{&quot;src&quot;:&quot;https:\\\/\\\/tjt.travelblox.eu\\\/wp-content\\\/uploads\\\/sites\\\/78\\\/2026\\\/02\\\/TheJordanTrail_flight-768x512.jpg&quot;,&quot;srcset&quot;:&quot;https:\\\/\\\/tjt.travelblox.eu\\\/wp-content\\\/uploads\\\/sites\\\/78\\\/2026\\\/02\\\/TheJordanTrail_flight-768x512.jpg 768w, https:\\\/\\\/tjt.travelblox.eu\\\/wp-content\\\/uploads\\\/sites\\\/78\\\/2026\\\/02\\\/TheJordanTrail_flight-300x200.jpg 300w, https:\\\/\\\/tjt.travelblox.eu\\\/wp-content\\\/uploads\\\/sites\\\/78\\\/2026\\\/02\\\/TheJordanTrail_flight-18x12.jpg 18w, https:\\\/\\\/tjt.travelblox.eu\\\/wp-content\\\/uploads\\\/sites\\\/78\\\/2026\\\/02\\\/TheJordanTrail_flight.jpg 1000w&quot;}\">\t\t\t\t\t\t\t\t\t\t<\/div>\n\t\t\t\t\t\t\t\t\t\t<div class=\"tb-popup-content\">\n\t\t\t\t\t\t\t\t\t\t\t<h3>Vluchten (incl. shuttle)<\/h3>\n\t\t\t\t\t\t\t\t\t\t\t<div class=\"content\">\t<div class=\"translation-block\"><p>Je vluchten kan je gemakkelijk <strong>rechtstreeks via de Jordan Trail<\/strong> boeken. In je vluchten zit ook de <strong>shuttle van en naar de luchthaven van Amman \u00e9n je visum.<\/strong><\/p>\n<p>Meer informatie over vluchten, vertrekuren en toegestane bagage vind je onder \u2018<a href=\"#practical\">Praktische info<\/a>\u2019.<\/p>\n<p>De prijs voor de vluchten is afhankelijk van je data en moment van boeking. Raadpleeg de kalender om basisprijs te zien incl. vluchten.<\/p>\n<p><strong>Ruimbagage<\/strong> kan je bijboeken voor <strong>\u20ac55<\/strong>.<\/p><\/div>\n\t<\/div>\n\t\t\t\t\t\t\t\t\t\t<\/div>\n\t\t\t\t\t\t\t\t\t<\/div>\n\t\t\t\t\t\t\t\t<\/dialog>\n\t\t\t\t\t\t\t<\/div>\n\t\t\t\t\t\t<\/div>\n\t\t\t\t\t\t\t\t\t\t\t<div class=\"tb-card entry tb-popup-trigger desktop-only-popup\">\n\t\t\t\t\t\t\t<div class=\"tb-image-part desktop\">\n\t\t\t\t\t\t\t\t<img src='https:\/\/tjt.travelblox.eu\/wp-content\/smush-webp\/sites\/78\/2026\/02\/TheJordanTrail_airportshuttle.jpg.webp' width='800' height='1200' alt='TheJordanTrail_airportshuttle' srcset='https:\/\/tjt.travelblox.eu\/wp-content\/smush-webp\/sites\/78\/2026\/02\/TheJordanTrail_airportshuttle.jpg.webp 800w, https:\/\/tjt.travelblox.eu\/wp-content\/smush-webp\/sites\/78\/2026\/02\/TheJordanTrail_airportshuttle-200x300.jpg.webp 200w, https:\/\/tjt.travelblox.eu\/wp-content\/smush-webp\/sites\/78\/2026\/02\/TheJordanTrail_airportshuttle-683x1024.jpg.webp 683w, https:\/\/tjt.travelblox.eu\/wp-content\/smush-webp\/sites\/78\/2026\/02\/TheJordanTrail_airportshuttle-768x1152.jpg.webp 768w, https:\/\/tjt.travelblox.eu\/wp-content\/smush-webp\/sites\/78\/2026\/02\/TheJordanTrail_airportshuttle-8x12.jpg.webp 8w' sizes=\"auto, (max-width: 800px) 100vw, 800px\" loading='lazy' decoding='async' data-smush-webp-fallback=\"{&quot;src&quot;:&quot;https:\\\/\\\/tjt.travelblox.eu\\\/wp-content\\\/uploads\\\/sites\\\/78\\\/2026\\\/02\\\/TheJordanTrail_airportshuttle.jpg&quot;,&quot;srcset&quot;:&quot;https:\\\/\\\/tjt.travelblox.eu\\\/wp-content\\\/uploads\\\/sites\\\/78\\\/2026\\\/02\\\/TheJordanTrail_airportshuttle.jpg 800w, https:\\\/\\\/tjt.travelblox.eu\\\/wp-content\\\/uploads\\\/sites\\\/78\\\/2026\\\/02\\\/TheJordanTrail_airportshuttle-200x300.jpg 200w, https:\\\/\\\/tjt.travelblox.eu\\\/wp-content\\\/uploads\\\/sites\\\/78\\\/2026\\\/02\\\/TheJordanTrail_airportshuttle-683x1024.jpg 683w, https:\\\/\\\/tjt.travelblox.eu\\\/wp-content\\\/uploads\\\/sites\\\/78\\\/2026\\\/02\\\/TheJordanTrail_airportshuttle-768x1152.jpg 768w, https:\\\/\\\/tjt.travelblox.eu\\\/wp-content\\\/uploads\\\/sites\\\/78\\\/2026\\\/02\\\/TheJordanTrail_airportshuttle-8x12.jpg 8w&quot;}\">\t\t\t\t\t\t\t\t\t\t\t\t\t\t\t\t\t\t\t\t\t\t\t\t\t<div class=\"price tiny-body-font desktop translation-block\"><p>\u20ac15 per persoon, per shuttle<\/p><\/div>\t\t\t\t\t\t\t<\/div>\n\t\t\t\t\t\t\t<div class=\"tb-image-part mobile\">\n\t\t\t\t\t\t\t\t<img src='https:\/\/tjt.travelblox.eu\/wp-content\/smush-webp\/sites\/78\/2026\/02\/TheJordanTrail_airportshuttle-768x1152.jpg.webp' width='768' height='1152' alt='TheJordanTrail_airportshuttle' srcset='https:\/\/tjt.travelblox.eu\/wp-content\/smush-webp\/sites\/78\/2026\/02\/TheJordanTrail_airportshuttle-768x1152.jpg.webp 768w, https:\/\/tjt.travelblox.eu\/wp-content\/smush-webp\/sites\/78\/2026\/02\/TheJordanTrail_airportshuttle-200x300.jpg.webp 200w, https:\/\/tjt.travelblox.eu\/wp-content\/smush-webp\/sites\/78\/2026\/02\/TheJordanTrail_airportshuttle-683x1024.jpg.webp 683w, https:\/\/tjt.travelblox.eu\/wp-content\/smush-webp\/sites\/78\/2026\/02\/TheJordanTrail_airportshuttle-8x12.jpg.webp 8w, https:\/\/tjt.travelblox.eu\/wp-content\/smush-webp\/sites\/78\/2026\/02\/TheJordanTrail_airportshuttle.jpg.webp 800w' sizes=\"auto, (max-width: 768px) 100vw, 768px\" loading='lazy' decoding='async' data-smush-webp-fallback=\"{&quot;src&quot;:&quot;https:\\\/\\\/tjt.travelblox.eu\\\/wp-content\\\/uploads\\\/sites\\\/78\\\/2026\\\/02\\\/TheJordanTrail_airportshuttle-768x1152.jpg&quot;,&quot;srcset&quot;:&quot;https:\\\/\\\/tjt.travelblox.eu\\\/wp-content\\\/uploads\\\/sites\\\/78\\\/2026\\\/02\\\/TheJordanTrail_airportshuttle-768x1152.jpg 768w, https:\\\/\\\/tjt.travelblox.eu\\\/wp-content\\\/uploads\\\/sites\\\/78\\\/2026\\\/02\\\/TheJordanTrail_airportshuttle-200x300.jpg 200w, https:\\\/\\\/tjt.travelblox.eu\\\/wp-content\\\/uploads\\\/sites\\\/78\\\/2026\\\/02\\\/TheJordanTrail_airportshuttle-683x1024.jpg 683w, https:\\\/\\\/tjt.travelblox.eu\\\/wp-content\\\/uploads\\\/sites\\\/78\\\/2026\\\/02\\\/TheJordanTrail_airportshuttle-8x12.jpg 8w, https:\\\/\\\/tjt.travelblox.eu\\\/wp-content\\\/uploads\\\/sites\\\/78\\\/2026\\\/02\\\/TheJordanTrail_airportshuttle.jpg 800w&quot;}\">\t\t\t\t\t\t\t\t\t\t\t\t\t\t\t<\/div>\n\t\t\t\t\t\t\t<div class=\"tb-card-content\">\n\t\t\t\t\t\t\t\t<h5>\n\t\t\t\t\t\t\t\t\t\t\t\t\t\t\t\t\t\t<span>Luchthavenshuttle<\/span>\n\t\t\t\t\t\t\t\t<\/h5>\n\t\t\t\t\t\t\t\t\t\t\t\t\t\t\t\t\t<div class=\"price tiny-body-font mobile\"><p>\u20ac15 per persoon, per shuttle<\/p><\/div>\t\t\t\t\t\t\t\t<div class=\"content readmore-content content--clamped\">\t<div class=\"translation-block\"><p>Indien je geen vluchten via ons boekt, kan je onze shuttle van en naar de luchthaven van Amman bijboeken.<\/p>\n<p><strong>Shuttle-uren*:<\/strong><\/p>\n<ul>\n<li>Dag 1: vertrek luchthaven naar hotel rond 22u45<\/li>\n<li>Dag 8: vertrek hotel Amman naar luchthaven om 07:00<\/li>\n<\/ul>\n<p><em>*Afhankelijk van eventuele vertraging van onze vluchten kan het tijdstip vari\u00ebren.<\/em><\/p><\/div>\n\t<\/div>\n\t\t\t\t\t\t\t\t\t\t\t\t\t\t\t\t<div class=\"readmore link js-readmore\">\n\t\t\t\t\t\t\t\t\t<span><i class=\"fa-solid fa-circle-plus\"><\/i><u>Lees meer<\/u><\/span>\n\t\t\t\t\t\t\t\t\t<span><i class=\"fa-solid fa-circle-minus\"><\/i><u>Lees minder<\/u><\/span>\n\t\t\t\t\t\t\t\t<\/div>\n\t\t\t\t\t\t\t\t\t\t\t\t\t\t\t\t<dialog class=\"tb-popup\">\n\t\t\t\t\t\t\t\t\t<div class=\"tb-highlights-popup\">\n\t\t\t\t\t\t\t\t\t\t<div class=\"tb-image-part\">\n\t\t\t\t\t\t\t\t\t\t\t<img src='https:\/\/tjt.travelblox.eu\/wp-content\/smush-webp\/sites\/78\/2026\/02\/TheJordanTrail_airportshuttle-768x1152.jpg.webp' width='768' height='1152' alt='TheJordanTrail_airportshuttle' srcset='https:\/\/tjt.travelblox.eu\/wp-content\/smush-webp\/sites\/78\/2026\/02\/TheJordanTrail_airportshuttle-768x1152.jpg.webp 768w, https:\/\/tjt.travelblox.eu\/wp-content\/smush-webp\/sites\/78\/2026\/02\/TheJordanTrail_airportshuttle-200x300.jpg.webp 200w, https:\/\/tjt.travelblox.eu\/wp-content\/smush-webp\/sites\/78\/2026\/02\/TheJordanTrail_airportshuttle-683x1024.jpg.webp 683w, https:\/\/tjt.travelblox.eu\/wp-content\/smush-webp\/sites\/78\/2026\/02\/TheJordanTrail_airportshuttle-8x12.jpg.webp 8w, https:\/\/tjt.travelblox.eu\/wp-content\/smush-webp\/sites\/78\/2026\/02\/TheJordanTrail_airportshuttle.jpg.webp 800w' sizes=\"auto, (max-width: 768px) 100vw, 768px\" loading='lazy' decoding='async' data-smush-webp-fallback=\"{&quot;src&quot;:&quot;https:\\\/\\\/tjt.travelblox.eu\\\/wp-content\\\/uploads\\\/sites\\\/78\\\/2026\\\/02\\\/TheJordanTrail_airportshuttle-768x1152.jpg&quot;,&quot;srcset&quot;:&quot;https:\\\/\\\/tjt.travelblox.eu\\\/wp-content\\\/uploads\\\/sites\\\/78\\\/2026\\\/02\\\/TheJordanTrail_airportshuttle-768x1152.jpg 768w, https:\\\/\\\/tjt.travelblox.eu\\\/wp-content\\\/uploads\\\/sites\\\/78\\\/2026\\\/02\\\/TheJordanTrail_airportshuttle-200x300.jpg 200w, https:\\\/\\\/tjt.travelblox.eu\\\/wp-content\\\/uploads\\\/sites\\\/78\\\/2026\\\/02\\\/TheJordanTrail_airportshuttle-683x1024.jpg 683w, https:\\\/\\\/tjt.travelblox.eu\\\/wp-content\\\/uploads\\\/sites\\\/78\\\/2026\\\/02\\\/TheJordanTrail_airportshuttle-8x12.jpg 8w, https:\\\/\\\/tjt.travelblox.eu\\\/wp-content\\\/uploads\\\/sites\\\/78\\\/2026\\\/02\\\/TheJordanTrail_airportshuttle.jpg 800w&quot;}\">\t\t\t\t\t\t\t\t\t\t<\/div>\n\t\t\t\t\t\t\t\t\t\t<div class=\"tb-popup-content\">\n\t\t\t\t\t\t\t\t\t\t\t<h3>Luchthavenshuttle<\/h3>\n\t\t\t\t\t\t\t\t\t\t\t<div class=\"content\">\t<div class=\"translation-block\"><p>Indien je geen vluchten via ons boekt, kan je onze shuttle van en naar de luchthaven van Amman bijboeken.<\/p>\n<p><strong>Shuttle-uren*:<\/strong><\/p>\n<ul>\n<li>Dag 1: vertrek luchthaven naar hotel rond 22u45<\/li>\n<li>Dag 8: vertrek hotel Amman naar luchthaven om 07:00<\/li>\n<\/ul>\n<p><em>*Afhankelijk van eventuele vertraging van onze vluchten kan het tijdstip vari\u00ebren.<\/em><\/p><\/div>\n\t<\/div>\n\t\t\t\t\t\t\t\t\t\t<\/div>\n\t\t\t\t\t\t\t\t\t<\/div>\n\t\t\t\t\t\t\t\t<\/dialog>\n\t\t\t\t\t\t\t<\/div>\n\t\t\t\t\t\t<\/div>\n\t\t\t\t\t\t\t\t\t\t\t<div class=\"tb-card entry tb-popup-trigger desktop-only-popup\">\n\t\t\t\t\t\t\t<div class=\"tb-image-part desktop\">\n\t\t\t\t\t\t\t\t<img src='https:\/\/tjt.travelblox.eu\/wp-content\/smush-webp\/sites\/78\/2026\/02\/TheJordanTrail_luggage_transport-scaled.jpg.webp' width='2560' height='1707' alt='The Jordan Trail, bagagetransport' srcset='https:\/\/tjt.travelblox.eu\/wp-content\/smush-webp\/sites\/78\/2026\/02\/TheJordanTrail_luggage_transport-scaled.jpg.webp 2560w, https:\/\/tjt.travelblox.eu\/wp-content\/smush-webp\/sites\/78\/2026\/02\/TheJordanTrail_luggage_transport-300x200.jpg.webp 300w, https:\/\/tjt.travelblox.eu\/wp-content\/smush-webp\/sites\/78\/2026\/02\/TheJordanTrail_luggage_transport-1024x683.jpg.webp 1024w, https:\/\/tjt.travelblox.eu\/wp-content\/smush-webp\/sites\/78\/2026\/02\/TheJordanTrail_luggage_transport-768x512.jpg.webp 768w, https:\/\/tjt.travelblox.eu\/wp-content\/smush-webp\/sites\/78\/2026\/02\/TheJordanTrail_luggage_transport-1536x1024.jpg.webp 1536w, https:\/\/tjt.travelblox.eu\/wp-content\/smush-webp\/sites\/78\/2026\/02\/TheJordanTrail_luggage_transport-2048x1366.jpg.webp 2048w, https:\/\/tjt.travelblox.eu\/wp-content\/smush-webp\/sites\/78\/2026\/02\/TheJordanTrail_luggage_transport-18x12.jpg.webp 18w' sizes=\"auto, (max-width: 2560px) 100vw, 2560px\" loading='lazy' decoding='async' data-smush-webp-fallback=\"{&quot;src&quot;:&quot;https:\\\/\\\/tjt.travelblox.eu\\\/wp-content\\\/uploads\\\/sites\\\/78\\\/2026\\\/02\\\/TheJordanTrail_luggage_transport-scaled.jpg&quot;,&quot;srcset&quot;:&quot;https:\\\/\\\/tjt.travelblox.eu\\\/wp-content\\\/uploads\\\/sites\\\/78\\\/2026\\\/02\\\/TheJordanTrail_luggage_transport-scaled.jpg 2560w, https:\\\/\\\/tjt.travelblox.eu\\\/wp-content\\\/uploads\\\/sites\\\/78\\\/2026\\\/02\\\/TheJordanTrail_luggage_transport-300x200.jpg 300w, https:\\\/\\\/tjt.travelblox.eu\\\/wp-content\\\/uploads\\\/sites\\\/78\\\/2026\\\/02\\\/TheJordanTrail_luggage_transport-1024x683.jpg 1024w, https:\\\/\\\/tjt.travelblox.eu\\\/wp-content\\\/uploads\\\/sites\\\/78\\\/2026\\\/02\\\/TheJordanTrail_luggage_transport-768x512.jpg 768w, https:\\\/\\\/tjt.travelblox.eu\\\/wp-content\\\/uploads\\\/sites\\\/78\\\/2026\\\/02\\\/TheJordanTrail_luggage_transport-1536x1024.jpg 1536w, https:\\\/\\\/tjt.travelblox.eu\\\/wp-content\\\/uploads\\\/sites\\\/78\\\/2026\\\/02\\\/TheJordanTrail_luggage_transport-2048x1366.jpg 2048w, https:\\\/\\\/tjt.travelblox.eu\\\/wp-content\\\/uploads\\\/sites\\\/78\\\/2026\\\/02\\\/TheJordanTrail_luggage_transport-18x12.jpg 18w&quot;}\">\t\t\t\t\t\t\t\t\t\t\t\t\t\t\t\t\t\t\t\t\t\t\t\t\t<div class=\"price tiny-body-font desktop translation-block\"><p>\u20ac95 per persoon<\/p><\/div>\t\t\t\t\t\t\t<\/div>\n\t\t\t\t\t\t\t<div class=\"tb-image-part mobile\">\n\t\t\t\t\t\t\t\t<img src='https:\/\/tjt.travelblox.eu\/wp-content\/smush-webp\/sites\/78\/2026\/02\/TheJordanTrail_luggage_transport-768x512.jpg.webp' width='768' height='512' alt='The Jordan Trail, bagagetransport' srcset='https:\/\/tjt.travelblox.eu\/wp-content\/smush-webp\/sites\/78\/2026\/02\/TheJordanTrail_luggage_transport-768x512.jpg.webp 768w, https:\/\/tjt.travelblox.eu\/wp-content\/smush-webp\/sites\/78\/2026\/02\/TheJordanTrail_luggage_transport-300x200.jpg.webp 300w, https:\/\/tjt.travelblox.eu\/wp-content\/smush-webp\/sites\/78\/2026\/02\/TheJordanTrail_luggage_transport-1024x683.jpg.webp 1024w, https:\/\/tjt.travelblox.eu\/wp-content\/smush-webp\/sites\/78\/2026\/02\/TheJordanTrail_luggage_transport-1536x1024.jpg.webp 1536w, https:\/\/tjt.travelblox.eu\/wp-content\/smush-webp\/sites\/78\/2026\/02\/TheJordanTrail_luggage_transport-2048x1366.jpg.webp 2048w, https:\/\/tjt.travelblox.eu\/wp-content\/smush-webp\/sites\/78\/2026\/02\/TheJordanTrail_luggage_transport-18x12.jpg.webp 18w' sizes=\"auto, (max-width: 768px) 100vw, 768px\" loading='lazy' decoding='async' data-smush-webp-fallback=\"{&quot;src&quot;:&quot;https:\\\/\\\/tjt.travelblox.eu\\\/wp-content\\\/uploads\\\/sites\\\/78\\\/2026\\\/02\\\/TheJordanTrail_luggage_transport-768x512.jpg&quot;,&quot;srcset&quot;:&quot;https:\\\/\\\/tjt.travelblox.eu\\\/wp-content\\\/uploads\\\/sites\\\/78\\\/2026\\\/02\\\/TheJordanTrail_luggage_transport-768x512.jpg 768w, https:\\\/\\\/tjt.travelblox.eu\\\/wp-content\\\/uploads\\\/sites\\\/78\\\/2026\\\/02\\\/TheJordanTrail_luggage_transport-300x200.jpg 300w, https:\\\/\\\/tjt.travelblox.eu\\\/wp-content\\\/uploads\\\/sites\\\/78\\\/2026\\\/02\\\/TheJordanTrail_luggage_transport-1024x683.jpg 1024w, https:\\\/\\\/tjt.travelblox.eu\\\/wp-content\\\/uploads\\\/sites\\\/78\\\/2026\\\/02\\\/TheJordanTrail_luggage_transport-1536x1024.jpg 1536w, https:\\\/\\\/tjt.travelblox.eu\\\/wp-content\\\/uploads\\\/sites\\\/78\\\/2026\\\/02\\\/TheJordanTrail_luggage_transport-2048x1366.jpg 2048w, https:\\\/\\\/tjt.travelblox.eu\\\/wp-content\\\/uploads\\\/sites\\\/78\\\/2026\\\/02\\\/TheJordanTrail_luggage_transport-18x12.jpg 18w&quot;}\">\t\t\t\t\t\t\t\t\t\t\t\t\t\t\t<\/div>\n\t\t\t\t\t\t\t<div class=\"tb-card-content\">\n\t\t\t\t\t\t\t\t<h5>\n\t\t\t\t\t\t\t\t\t\t\t\t\t\t\t\t\t\t<span>Bagagetransport<\/span>\n\t\t\t\t\t\t\t\t<\/h5>\n\t\t\t\t\t\t\t\t\t\t\t\t\t\t\t\t\t<div class=\"price tiny-body-font mobile\"><p>\u20ac95 per persoon<\/p><\/div>\t\t\t\t\t\t\t\t<div class=\"content readmore-content content--clamped\">\t<div class=\"translation-block\"><p>Je <strong>bagage wordt iedere dag vervoerd<\/strong> met de jeep naar de volgende overnachtingsplaats. Je draagt alleen je kleine dagrugzak (met water, snacks, lunch, camera&#8230;). Zo kan je optimaal genieten van de landschappen!<\/p><\/div>\n\t<\/div>\n\t\t\t\t\t\t\t\t\t\t\t\t\t\t\t\t<div class=\"readmore link js-readmore\">\n\t\t\t\t\t\t\t\t\t<span><i class=\"fa-solid fa-circle-plus\"><\/i><u>Lees meer<\/u><\/span>\n\t\t\t\t\t\t\t\t\t<span><i class=\"fa-solid fa-circle-minus\"><\/i><u>Lees minder<\/u><\/span>\n\t\t\t\t\t\t\t\t<\/div>\n\t\t\t\t\t\t\t\t\t\t\t\t\t\t\t\t<dialog class=\"tb-popup\">\n\t\t\t\t\t\t\t\t\t<div class=\"tb-highlights-popup\">\n\t\t\t\t\t\t\t\t\t\t<div class=\"tb-image-part\">\n\t\t\t\t\t\t\t\t\t\t\t<img src='https:\/\/tjt.travelblox.eu\/wp-content\/smush-webp\/sites\/78\/2026\/02\/TheJordanTrail_luggage_transport-768x512.jpg.webp' width='768' height='512' alt='The Jordan Trail, bagagetransport' srcset='https:\/\/tjt.travelblox.eu\/wp-content\/smush-webp\/sites\/78\/2026\/02\/TheJordanTrail_luggage_transport-768x512.jpg.webp 768w, https:\/\/tjt.travelblox.eu\/wp-content\/smush-webp\/sites\/78\/2026\/02\/TheJordanTrail_luggage_transport-300x200.jpg.webp 300w, https:\/\/tjt.travelblox.eu\/wp-content\/smush-webp\/sites\/78\/2026\/02\/TheJordanTrail_luggage_transport-1024x683.jpg.webp 1024w, https:\/\/tjt.travelblox.eu\/wp-content\/smush-webp\/sites\/78\/2026\/02\/TheJordanTrail_luggage_transport-1536x1024.jpg.webp 1536w, https:\/\/tjt.travelblox.eu\/wp-content\/smush-webp\/sites\/78\/2026\/02\/TheJordanTrail_luggage_transport-2048x1366.jpg.webp 2048w, https:\/\/tjt.travelblox.eu\/wp-content\/smush-webp\/sites\/78\/2026\/02\/TheJordanTrail_luggage_transport-18x12.jpg.webp 18w' sizes=\"auto, (max-width: 768px) 100vw, 768px\" loading='lazy' decoding='async' data-smush-webp-fallback=\"{&quot;src&quot;:&quot;https:\\\/\\\/tjt.travelblox.eu\\\/wp-content\\\/uploads\\\/sites\\\/78\\\/2026\\\/02\\\/TheJordanTrail_luggage_transport-768x512.jpg&quot;,&quot;srcset&quot;:&quot;https:\\\/\\\/tjt.travelblox.eu\\\/wp-content\\\/uploads\\\/sites\\\/78\\\/2026\\\/02\\\/TheJordanTrail_luggage_transport-768x512.jpg 768w, https:\\\/\\\/tjt.travelblox.eu\\\/wp-content\\\/uploads\\\/sites\\\/78\\\/2026\\\/02\\\/TheJordanTrail_luggage_transport-300x200.jpg 300w, https:\\\/\\\/tjt.travelblox.eu\\\/wp-content\\\/uploads\\\/sites\\\/78\\\/2026\\\/02\\\/TheJordanTrail_luggage_transport-1024x683.jpg 1024w, https:\\\/\\\/tjt.travelblox.eu\\\/wp-content\\\/uploads\\\/sites\\\/78\\\/2026\\\/02\\\/TheJordanTrail_luggage_transport-1536x1024.jpg 1536w, https:\\\/\\\/tjt.travelblox.eu\\\/wp-content\\\/uploads\\\/sites\\\/78\\\/2026\\\/02\\\/TheJordanTrail_luggage_transport-2048x1366.jpg 2048w, https:\\\/\\\/tjt.travelblox.eu\\\/wp-content\\\/uploads\\\/sites\\\/78\\\/2026\\\/02\\\/TheJordanTrail_luggage_transport-18x12.jpg 18w&quot;}\">\t\t\t\t\t\t\t\t\t\t<\/div>\n\t\t\t\t\t\t\t\t\t\t<div class=\"tb-popup-content\">\n\t\t\t\t\t\t\t\t\t\t\t<h3>Bagagetransport<\/h3>\n\t\t\t\t\t\t\t\t\t\t\t<div class=\"content\">\t<div class=\"translation-block\"><p>Je <strong>bagage wordt iedere dag vervoerd<\/strong> met de jeep naar de volgende overnachtingsplaats. Je draagt alleen je kleine dagrugzak (met water, snacks, lunch, camera&#8230;). Zo kan je optimaal genieten van de landschappen!<\/p><\/div>\n\t<\/div>\n\t\t\t\t\t\t\t\t\t\t<\/div>\n\t\t\t\t\t\t\t\t\t<\/div>\n\t\t\t\t\t\t\t\t<\/dialog>\n\t\t\t\t\t\t\t<\/div>\n\t\t\t\t\t\t<\/div>\n\t\t\t\t\t\t\t\t\t\t\t\t\t<\/div>\n\t\t\t\t<div class=\"tb-carousel-nav\">\n\t\t<div class=\"dots\">\n\t\t\t<div class=\"dot active\"><\/div>\n\t\t\t<div class=\"dot\"><\/div>\n\t\t\t<div class=\"dot\"><\/div>\n\t\t<\/div>\n\t\t<div class=\"arrows\">\n\t\t\t<div class=\"prev disabled\">\n\t\t\t\t<span><i class=\"fa fa-chevron-left\"><\/i><\/span>\n\t\t\t<\/div>\n\t\t\t<div class=\"next\">\n\t\t\t\t<span><i class=\"fa fa-chevron-right\"><\/i><\/span>\n\t\t\t<\/div>\n\t\t<\/div>\n\t<\/div>\n\t\t\t<\/div>\n\t<\/div>\n\t\t\t\t\t\t\t\t\t\t\t\t\t\t\t\t\t\t<div class=\"inner-block-full-width has-tb-carousel tb-section\" id=\"options-section-3\"style=\"display:none;\">\n\t\t<div class=\"tb-carousel-container\">\n\t\t\t<div class=\"entries tb-cards\" data-slider-first=\"1\">\n\t\t\t\t\t\t\t\t\t\t\t\t\t\t\t<div class=\"tb-card entry tb-popup-trigger desktop-only-popup\">\n\t\t\t\t\t\t\t<div class=\"tb-image-part desktop\">\n\t\t\t\t\t\t\t\t<img src='https:\/\/tjt.travelblox.eu\/wp-content\/smush-webp\/sites\/78\/2025\/08\/Blog-verticale-fotos-9.jpg.webp' width='1080' height='1680' alt='Jordan Trail wandern Jordanien' srcset='https:\/\/tjt.travelblox.eu\/wp-content\/smush-webp\/sites\/78\/2025\/08\/Blog-verticale-fotos-9.jpg.webp 1080w, https:\/\/tjt.travelblox.eu\/wp-content\/smush-webp\/sites\/78\/2025\/08\/Blog-verticale-fotos-9-193x300.jpg.webp 193w, https:\/\/tjt.travelblox.eu\/wp-content\/smush-webp\/sites\/78\/2025\/08\/Blog-verticale-fotos-9-658x1024.jpg.webp 658w, https:\/\/tjt.travelblox.eu\/wp-content\/smush-webp\/sites\/78\/2025\/08\/Blog-verticale-fotos-9-768x1195.jpg.webp 768w, https:\/\/tjt.travelblox.eu\/wp-content\/smush-webp\/sites\/78\/2025\/08\/Blog-verticale-fotos-9-987x1536.jpg.webp 987w, https:\/\/tjt.travelblox.eu\/wp-content\/smush-webp\/sites\/78\/2025\/08\/Blog-verticale-fotos-9-8x12.jpg.webp 8w' sizes=\"auto, (max-width: 1080px) 100vw, 1080px\" style='object-position:50% 50%' loading='lazy' decoding='async' data-smush-webp-fallback=\"{&quot;src&quot;:&quot;https:\\\/\\\/tjt.travelblox.eu\\\/wp-content\\\/uploads\\\/sites\\\/78\\\/2025\\\/08\\\/Blog-verticale-fotos-9.jpg&quot;,&quot;srcset&quot;:&quot;https:\\\/\\\/tjt.travelblox.eu\\\/wp-content\\\/uploads\\\/sites\\\/78\\\/2025\\\/08\\\/Blog-verticale-fotos-9.jpg 1080w, https:\\\/\\\/tjt.travelblox.eu\\\/wp-content\\\/uploads\\\/sites\\\/78\\\/2025\\\/08\\\/Blog-verticale-fotos-9-193x300.jpg 193w, https:\\\/\\\/tjt.travelblox.eu\\\/wp-content\\\/uploads\\\/sites\\\/78\\\/2025\\\/08\\\/Blog-verticale-fotos-9-658x1024.jpg 658w, https:\\\/\\\/tjt.travelblox.eu\\\/wp-content\\\/uploads\\\/sites\\\/78\\\/2025\\\/08\\\/Blog-verticale-fotos-9-768x1195.jpg 768w, https:\\\/\\\/tjt.travelblox.eu\\\/wp-content\\\/uploads\\\/sites\\\/78\\\/2025\\\/08\\\/Blog-verticale-fotos-9-987x1536.jpg 987w, https:\\\/\\\/tjt.travelblox.eu\\\/wp-content\\\/uploads\\\/sites\\\/78\\\/2025\\\/08\\\/Blog-verticale-fotos-9-8x12.jpg 8w&quot;}\">\t\t\t\t\t\t\t\t\t\t\t\t\t\t\t\t\t\t\t\t\t\t\t\t\t<div class=\"price tiny-body-font desktop translation-block\"><p>\u20ac160<\/p><\/div>\t\t\t\t\t\t\t<\/div>\n\t\t\t\t\t\t\t<div class=\"tb-image-part mobile\">\n\t\t\t\t\t\t\t\t<img src='https:\/\/tjt.travelblox.eu\/wp-content\/smush-webp\/sites\/78\/2025\/08\/Blog-verticale-fotos-9-768x1195.jpg.webp' width='768' height='1195' alt='Jordan Trail wandern Jordanien' srcset='https:\/\/tjt.travelblox.eu\/wp-content\/smush-webp\/sites\/78\/2025\/08\/Blog-verticale-fotos-9-768x1195.jpg.webp 768w, https:\/\/tjt.travelblox.eu\/wp-content\/smush-webp\/sites\/78\/2025\/08\/Blog-verticale-fotos-9-193x300.jpg.webp 193w, https:\/\/tjt.travelblox.eu\/wp-content\/smush-webp\/sites\/78\/2025\/08\/Blog-verticale-fotos-9-658x1024.jpg.webp 658w, https:\/\/tjt.travelblox.eu\/wp-content\/smush-webp\/sites\/78\/2025\/08\/Blog-verticale-fotos-9-987x1536.jpg.webp 987w, https:\/\/tjt.travelblox.eu\/wp-content\/smush-webp\/sites\/78\/2025\/08\/Blog-verticale-fotos-9-8x12.jpg.webp 8w, https:\/\/tjt.travelblox.eu\/wp-content\/smush-webp\/sites\/78\/2025\/08\/Blog-verticale-fotos-9.jpg.webp 1080w' sizes=\"auto, (max-width: 768px) 100vw, 768px\" style='object-position:50% 50%' loading='lazy' decoding='async' data-smush-webp-fallback=\"{&quot;src&quot;:&quot;https:\\\/\\\/tjt.travelblox.eu\\\/wp-content\\\/uploads\\\/sites\\\/78\\\/2025\\\/08\\\/Blog-verticale-fotos-9-768x1195.jpg&quot;,&quot;srcset&quot;:&quot;https:\\\/\\\/tjt.travelblox.eu\\\/wp-content\\\/uploads\\\/sites\\\/78\\\/2025\\\/08\\\/Blog-verticale-fotos-9-768x1195.jpg 768w, https:\\\/\\\/tjt.travelblox.eu\\\/wp-content\\\/uploads\\\/sites\\\/78\\\/2025\\\/08\\\/Blog-verticale-fotos-9-193x300.jpg 193w, https:\\\/\\\/tjt.travelblox.eu\\\/wp-content\\\/uploads\\\/sites\\\/78\\\/2025\\\/08\\\/Blog-verticale-fotos-9-658x1024.jpg 658w, https:\\\/\\\/tjt.travelblox.eu\\\/wp-content\\\/uploads\\\/sites\\\/78\\\/2025\\\/08\\\/Blog-verticale-fotos-9-987x1536.jpg 987w, https:\\\/\\\/tjt.travelblox.eu\\\/wp-content\\\/uploads\\\/sites\\\/78\\\/2025\\\/08\\\/Blog-verticale-fotos-9-8x12.jpg 8w, https:\\\/\\\/tjt.travelblox.eu\\\/wp-content\\\/uploads\\\/sites\\\/78\\\/2025\\\/08\\\/Blog-verticale-fotos-9.jpg 1080w&quot;}\">\t\t\t\t\t\t\t\t\t\t\t\t\t\t\t<\/div>\n\t\t\t\t\t\t\t<div class=\"tb-card-content\">\n\t\t\t\t\t\t\t\t<h5>\n\t\t\t\t\t\t\t\t\t\t\t\t\t\t\t\t\t\t<span>Bedouin cuisine Vlees<\/span>\n\t\t\t\t\t\t\t\t<\/h5>\n\t\t\t\t\t\t\t\t\t\t\t\t\t\t\t\t\t<div class=\"price tiny-body-font mobile\"><p>\u20ac160<\/p><\/div>\t\t\t\t\t\t\t\t<div class=\"content readmore-content content--clamped\">\t<div class=\"translation-block\"><p>Je kan met ons dagelijks* mee eten en genieten van de <strong>lokale Bedouin cuisine.&nbsp;<\/strong><\/p>\n<p><strong>Ontbijt<\/strong> met naanbrood, hummus, confituur, eitjes, dadels, koffie en thee. <strong>Lunchpakket<\/strong> met naanbrood, tonijn, kaas, komkommer of tomaat en fruit. Het diner is een <strong>traditionele Bedouin maaltijd<\/strong> van de lokale chef, met veel verse groenten, kip, rijst, salades en salsas. Eigen eten meenemen mag, maar we raden vooral aan om aan te schuiven bij de gezellige Bedouin diners.<\/p>\n<p><em>*Avondeten op dag 1 is niet inbegrepen<\/em><\/p><\/div>\n\t<\/div>\n\t\t\t\t\t\t\t\t\t\t\t\t\t\t\t\t<div class=\"readmore link js-readmore\">\n\t\t\t\t\t\t\t\t\t<span><i class=\"fa-solid fa-circle-plus\"><\/i><u>Lees meer<\/u><\/span>\n\t\t\t\t\t\t\t\t\t<span><i class=\"fa-solid fa-circle-minus\"><\/i><u>Lees minder<\/u><\/span>\n\t\t\t\t\t\t\t\t<\/div>\n\t\t\t\t\t\t\t\t\t\t\t\t\t\t\t\t<dialog class=\"tb-popup\">\n\t\t\t\t\t\t\t\t\t<div class=\"tb-highlights-popup\">\n\t\t\t\t\t\t\t\t\t\t<div class=\"tb-image-part\">\n\t\t\t\t\t\t\t\t\t\t\t<img src='https:\/\/tjt.travelblox.eu\/wp-content\/smush-webp\/sites\/78\/2025\/08\/Blog-verticale-fotos-9-768x1195.jpg.webp' width='768' height='1195' alt='Jordan Trail wandern Jordanien' srcset='https:\/\/tjt.travelblox.eu\/wp-content\/smush-webp\/sites\/78\/2025\/08\/Blog-verticale-fotos-9-768x1195.jpg.webp 768w, https:\/\/tjt.travelblox.eu\/wp-content\/smush-webp\/sites\/78\/2025\/08\/Blog-verticale-fotos-9-193x300.jpg.webp 193w, https:\/\/tjt.travelblox.eu\/wp-content\/smush-webp\/sites\/78\/2025\/08\/Blog-verticale-fotos-9-658x1024.jpg.webp 658w, https:\/\/tjt.travelblox.eu\/wp-content\/smush-webp\/sites\/78\/2025\/08\/Blog-verticale-fotos-9-987x1536.jpg.webp 987w, https:\/\/tjt.travelblox.eu\/wp-content\/smush-webp\/sites\/78\/2025\/08\/Blog-verticale-fotos-9-8x12.jpg.webp 8w, https:\/\/tjt.travelblox.eu\/wp-content\/smush-webp\/sites\/78\/2025\/08\/Blog-verticale-fotos-9.jpg.webp 1080w' sizes=\"auto, (max-width: 768px) 100vw, 768px\" style='object-position:50% 50%' loading='lazy' decoding='async' data-smush-webp-fallback=\"{&quot;src&quot;:&quot;https:\\\/\\\/tjt.travelblox.eu\\\/wp-content\\\/uploads\\\/sites\\\/78\\\/2025\\\/08\\\/Blog-verticale-fotos-9-768x1195.jpg&quot;,&quot;srcset&quot;:&quot;https:\\\/\\\/tjt.travelblox.eu\\\/wp-content\\\/uploads\\\/sites\\\/78\\\/2025\\\/08\\\/Blog-verticale-fotos-9-768x1195.jpg 768w, https:\\\/\\\/tjt.travelblox.eu\\\/wp-content\\\/uploads\\\/sites\\\/78\\\/2025\\\/08\\\/Blog-verticale-fotos-9-193x300.jpg 193w, https:\\\/\\\/tjt.travelblox.eu\\\/wp-content\\\/uploads\\\/sites\\\/78\\\/2025\\\/08\\\/Blog-verticale-fotos-9-658x1024.jpg 658w, https:\\\/\\\/tjt.travelblox.eu\\\/wp-content\\\/uploads\\\/sites\\\/78\\\/2025\\\/08\\\/Blog-verticale-fotos-9-987x1536.jpg 987w, https:\\\/\\\/tjt.travelblox.eu\\\/wp-content\\\/uploads\\\/sites\\\/78\\\/2025\\\/08\\\/Blog-verticale-fotos-9-8x12.jpg 8w, https:\\\/\\\/tjt.travelblox.eu\\\/wp-content\\\/uploads\\\/sites\\\/78\\\/2025\\\/08\\\/Blog-verticale-fotos-9.jpg 1080w&quot;}\">\t\t\t\t\t\t\t\t\t\t<\/div>\n\t\t\t\t\t\t\t\t\t\t<div class=\"tb-popup-content\">\n\t\t\t\t\t\t\t\t\t\t\t<h3>Bedouin cuisine Vlees<\/h3>\n\t\t\t\t\t\t\t\t\t\t\t<div class=\"content\">\t<div class=\"translation-block\"><p>Je kan met ons dagelijks* mee eten en genieten van de <strong>lokale Bedouin cuisine.&nbsp;<\/strong><\/p>\n<p><strong>Ontbijt<\/strong> met naanbrood, hummus, confituur, eitjes, dadels, koffie en thee. <strong>Lunchpakket<\/strong> met naanbrood, tonijn, kaas, komkommer of tomaat en fruit. Het diner is een <strong>traditionele Bedouin maaltijd<\/strong> van de lokale chef, met veel verse groenten, kip, rijst, salades en salsas. Eigen eten meenemen mag, maar we raden vooral aan om aan te schuiven bij de gezellige Bedouin diners.<\/p>\n<p><em>*Avondeten op dag 1 is niet inbegrepen<\/em><\/p><\/div>\n\t<\/div>\n\t\t\t\t\t\t\t\t\t\t<\/div>\n\t\t\t\t\t\t\t\t\t<\/div>\n\t\t\t\t\t\t\t\t<\/dialog>\n\t\t\t\t\t\t\t<\/div>\n\t\t\t\t\t\t<\/div>\n\t\t\t\t\t\t\t\t\t\t\t<div class=\"tb-card entry tb-popup-trigger desktop-only-popup\">\n\t\t\t\t\t\t\t<div class=\"tb-image-part desktop\">\n\t\t\t\t\t\t\t\t<img src='https:\/\/tjt.travelblox.eu\/wp-content\/smush-webp\/sites\/78\/2026\/02\/TheJordanTrail_bedouin_cuisine_veggie.jpg.webp' width='800' height='1200' alt='TheJordanTrail_bedouin_cuisine_veggie' srcset='https:\/\/tjt.travelblox.eu\/wp-content\/smush-webp\/sites\/78\/2026\/02\/TheJordanTrail_bedouin_cuisine_veggie.jpg.webp 800w, https:\/\/tjt.travelblox.eu\/wp-content\/smush-webp\/sites\/78\/2026\/02\/TheJordanTrail_bedouin_cuisine_veggie-200x300.jpg.webp 200w, https:\/\/tjt.travelblox.eu\/wp-content\/smush-webp\/sites\/78\/2026\/02\/TheJordanTrail_bedouin_cuisine_veggie-683x1024.jpg.webp 683w, https:\/\/tjt.travelblox.eu\/wp-content\/smush-webp\/sites\/78\/2026\/02\/TheJordanTrail_bedouin_cuisine_veggie-768x1152.jpg.webp 768w, https:\/\/tjt.travelblox.eu\/wp-content\/smush-webp\/sites\/78\/2026\/02\/TheJordanTrail_bedouin_cuisine_veggie-8x12.jpg.webp 8w' sizes=\"auto, (max-width: 800px) 100vw, 800px\" loading='lazy' decoding='async' data-smush-webp-fallback=\"{&quot;src&quot;:&quot;https:\\\/\\\/tjt.travelblox.eu\\\/wp-content\\\/uploads\\\/sites\\\/78\\\/2026\\\/02\\\/TheJordanTrail_bedouin_cuisine_veggie.jpg&quot;,&quot;srcset&quot;:&quot;https:\\\/\\\/tjt.travelblox.eu\\\/wp-content\\\/uploads\\\/sites\\\/78\\\/2026\\\/02\\\/TheJordanTrail_bedouin_cuisine_veggie.jpg 800w, https:\\\/\\\/tjt.travelblox.eu\\\/wp-content\\\/uploads\\\/sites\\\/78\\\/2026\\\/02\\\/TheJordanTrail_bedouin_cuisine_veggie-200x300.jpg 200w, https:\\\/\\\/tjt.travelblox.eu\\\/wp-content\\\/uploads\\\/sites\\\/78\\\/2026\\\/02\\\/TheJordanTrail_bedouin_cuisine_veggie-683x1024.jpg 683w, https:\\\/\\\/tjt.travelblox.eu\\\/wp-content\\\/uploads\\\/sites\\\/78\\\/2026\\\/02\\\/TheJordanTrail_bedouin_cuisine_veggie-768x1152.jpg 768w, https:\\\/\\\/tjt.travelblox.eu\\\/wp-content\\\/uploads\\\/sites\\\/78\\\/2026\\\/02\\\/TheJordanTrail_bedouin_cuisine_veggie-8x12.jpg 8w&quot;}\">\t\t\t\t\t\t\t\t\t\t\t\t\t\t\t\t\t\t\t\t\t\t\t\t\t<div class=\"price tiny-body-font desktop translation-block\"><p>\u20ac156<\/p><\/div>\t\t\t\t\t\t\t<\/div>\n\t\t\t\t\t\t\t<div class=\"tb-image-part mobile\">\n\t\t\t\t\t\t\t\t<img src='https:\/\/tjt.travelblox.eu\/wp-content\/smush-webp\/sites\/78\/2026\/02\/TheJordanTrail_bedouin_cuisine_veggie-768x1152.jpg.webp' width='768' height='1152' alt='TheJordanTrail_bedouin_cuisine_veggie' srcset='https:\/\/tjt.travelblox.eu\/wp-content\/smush-webp\/sites\/78\/2026\/02\/TheJordanTrail_bedouin_cuisine_veggie-768x1152.jpg.webp 768w, https:\/\/tjt.travelblox.eu\/wp-content\/smush-webp\/sites\/78\/2026\/02\/TheJordanTrail_bedouin_cuisine_veggie-200x300.jpg.webp 200w, https:\/\/tjt.travelblox.eu\/wp-content\/smush-webp\/sites\/78\/2026\/02\/TheJordanTrail_bedouin_cuisine_veggie-683x1024.jpg.webp 683w, https:\/\/tjt.travelblox.eu\/wp-content\/smush-webp\/sites\/78\/2026\/02\/TheJordanTrail_bedouin_cuisine_veggie-8x12.jpg.webp 8w, https:\/\/tjt.travelblox.eu\/wp-content\/smush-webp\/sites\/78\/2026\/02\/TheJordanTrail_bedouin_cuisine_veggie.jpg.webp 800w' sizes=\"auto, (max-width: 768px) 100vw, 768px\" loading='lazy' decoding='async' data-smush-webp-fallback=\"{&quot;src&quot;:&quot;https:\\\/\\\/tjt.travelblox.eu\\\/wp-content\\\/uploads\\\/sites\\\/78\\\/2026\\\/02\\\/TheJordanTrail_bedouin_cuisine_veggie-768x1152.jpg&quot;,&quot;srcset&quot;:&quot;https:\\\/\\\/tjt.travelblox.eu\\\/wp-content\\\/uploads\\\/sites\\\/78\\\/2026\\\/02\\\/TheJordanTrail_bedouin_cuisine_veggie-768x1152.jpg 768w, https:\\\/\\\/tjt.travelblox.eu\\\/wp-content\\\/uploads\\\/sites\\\/78\\\/2026\\\/02\\\/TheJordanTrail_bedouin_cuisine_veggie-200x300.jpg 200w, https:\\\/\\\/tjt.travelblox.eu\\\/wp-content\\\/uploads\\\/sites\\\/78\\\/2026\\\/02\\\/TheJordanTrail_bedouin_cuisine_veggie-683x1024.jpg 683w, https:\\\/\\\/tjt.travelblox.eu\\\/wp-content\\\/uploads\\\/sites\\\/78\\\/2026\\\/02\\\/TheJordanTrail_bedouin_cuisine_veggie-8x12.jpg 8w, https:\\\/\\\/tjt.travelblox.eu\\\/wp-content\\\/uploads\\\/sites\\\/78\\\/2026\\\/02\\\/TheJordanTrail_bedouin_cuisine_veggie.jpg 800w&quot;}\">\t\t\t\t\t\t\t\t\t\t\t\t\t\t\t<\/div>\n\t\t\t\t\t\t\t<div class=\"tb-card-content\">\n\t\t\t\t\t\t\t\t<h5>\n\t\t\t\t\t\t\t\t\t\t\t\t\t\t\t\t\t\t<span>Bedouin cuisine Veggie<\/span>\n\t\t\t\t\t\t\t\t<\/h5>\n\t\t\t\t\t\t\t\t\t\t\t\t\t\t\t\t\t<div class=\"price tiny-body-font mobile\"><p>\u20ac156<\/p><\/div>\t\t\t\t\t\t\t\t<div class=\"content readmore-content content--clamped\">\t<div class=\"translation-block\"><p>Je kan met ons dagelijks* mee eten en genieten van de <strong>lokale Bedouin cuisine.&nbsp;<\/strong><\/p>\n<p><strong>Ontbijt<\/strong> met naanbrood, hummus, confituur, eitjes, dadels, koffie en thee. <strong>Lunchpakket<\/strong> met naanbrood, kaas, komkommer of tomaat en fruit. Het diner is een <strong>traditionele Bedouin maaltijd<\/strong> van de lokale chef, met veel verse groenten, rijst, salades en salsas. Eigen eten meenemen mag, maar we raden vooral aan om aan te schuiven bij de gezellige Bedouin diners.<\/p>\n<p><em>*Avondeten op dag 1 is niet inbegrepen<\/em><\/p><\/div>\n\t<\/div>\n\t\t\t\t\t\t\t\t\t\t\t\t\t\t\t\t<div class=\"readmore link js-readmore\">\n\t\t\t\t\t\t\t\t\t<span><i class=\"fa-solid fa-circle-plus\"><\/i><u>Lees meer<\/u><\/span>\n\t\t\t\t\t\t\t\t\t<span><i class=\"fa-solid fa-circle-minus\"><\/i><u>Lees minder<\/u><\/span>\n\t\t\t\t\t\t\t\t<\/div>\n\t\t\t\t\t\t\t\t\t\t\t\t\t\t\t\t<dialog class=\"tb-popup\">\n\t\t\t\t\t\t\t\t\t<div class=\"tb-highlights-popup\">\n\t\t\t\t\t\t\t\t\t\t<div class=\"tb-image-part\">\n\t\t\t\t\t\t\t\t\t\t\t<img src='https:\/\/tjt.travelblox.eu\/wp-content\/smush-webp\/sites\/78\/2026\/02\/TheJordanTrail_bedouin_cuisine_veggie-768x1152.jpg.webp' width='768' height='1152' alt='TheJordanTrail_bedouin_cuisine_veggie' srcset='https:\/\/tjt.travelblox.eu\/wp-content\/smush-webp\/sites\/78\/2026\/02\/TheJordanTrail_bedouin_cuisine_veggie-768x1152.jpg.webp 768w, https:\/\/tjt.travelblox.eu\/wp-content\/smush-webp\/sites\/78\/2026\/02\/TheJordanTrail_bedouin_cuisine_veggie-200x300.jpg.webp 200w, https:\/\/tjt.travelblox.eu\/wp-content\/smush-webp\/sites\/78\/2026\/02\/TheJordanTrail_bedouin_cuisine_veggie-683x1024.jpg.webp 683w, https:\/\/tjt.travelblox.eu\/wp-content\/smush-webp\/sites\/78\/2026\/02\/TheJordanTrail_bedouin_cuisine_veggie-8x12.jpg.webp 8w, https:\/\/tjt.travelblox.eu\/wp-content\/smush-webp\/sites\/78\/2026\/02\/TheJordanTrail_bedouin_cuisine_veggie.jpg.webp 800w' sizes=\"auto, (max-width: 768px) 100vw, 768px\" loading='lazy' decoding='async' data-smush-webp-fallback=\"{&quot;src&quot;:&quot;https:\\\/\\\/tjt.travelblox.eu\\\/wp-content\\\/uploads\\\/sites\\\/78\\\/2026\\\/02\\\/TheJordanTrail_bedouin_cuisine_veggie-768x1152.jpg&quot;,&quot;srcset&quot;:&quot;https:\\\/\\\/tjt.travelblox.eu\\\/wp-content\\\/uploads\\\/sites\\\/78\\\/2026\\\/02\\\/TheJordanTrail_bedouin_cuisine_veggie-768x1152.jpg 768w, https:\\\/\\\/tjt.travelblox.eu\\\/wp-content\\\/uploads\\\/sites\\\/78\\\/2026\\\/02\\\/TheJordanTrail_bedouin_cuisine_veggie-200x300.jpg 200w, https:\\\/\\\/tjt.travelblox.eu\\\/wp-content\\\/uploads\\\/sites\\\/78\\\/2026\\\/02\\\/TheJordanTrail_bedouin_cuisine_veggie-683x1024.jpg 683w, https:\\\/\\\/tjt.travelblox.eu\\\/wp-content\\\/uploads\\\/sites\\\/78\\\/2026\\\/02\\\/TheJordanTrail_bedouin_cuisine_veggie-8x12.jpg 8w, https:\\\/\\\/tjt.travelblox.eu\\\/wp-content\\\/uploads\\\/sites\\\/78\\\/2026\\\/02\\\/TheJordanTrail_bedouin_cuisine_veggie.jpg 800w&quot;}\">\t\t\t\t\t\t\t\t\t\t<\/div>\n\t\t\t\t\t\t\t\t\t\t<div class=\"tb-popup-content\">\n\t\t\t\t\t\t\t\t\t\t\t<h3>Bedouin cuisine Veggie<\/h3>\n\t\t\t\t\t\t\t\t\t\t\t<div class=\"content\">\t<div class=\"translation-block\"><p>Je kan met ons dagelijks* mee eten en genieten van de <strong>lokale Bedouin cuisine.&nbsp;<\/strong><\/p>\n<p><strong>Ontbijt<\/strong> met naanbrood, hummus, confituur, eitjes, dadels, koffie en thee. <strong>Lunchpakket<\/strong> met naanbrood, kaas, komkommer of tomaat en fruit. Het diner is een <strong>traditionele Bedouin maaltijd<\/strong> van de lokale chef, met veel verse groenten, rijst, salades en salsas. Eigen eten meenemen mag, maar we raden vooral aan om aan te schuiven bij de gezellige Bedouin diners.<\/p>\n<p><em>*Avondeten op dag 1 is niet inbegrepen<\/em><\/p><\/div>\n\t<\/div>\n\t\t\t\t\t\t\t\t\t\t<\/div>\n\t\t\t\t\t\t\t\t\t<\/div>\n\t\t\t\t\t\t\t\t<\/dialog>\n\t\t\t\t\t\t\t<\/div>\n\t\t\t\t\t\t<\/div>\n\t\t\t\t\t\t\t\t\t\t\t\t\t<\/div>\n\t\t\t\t<div class=\"tb-carousel-nav\">\n\t\t<div class=\"dots\">\n\t\t\t<div class=\"dot active\"><\/div>\n\t\t\t<div class=\"dot\"><\/div>\n\t\t\t<div class=\"dot\"><\/div>\n\t\t<\/div>\n\t\t<div class=\"arrows\">\n\t\t\t<div class=\"prev disabled\">\n\t\t\t\t<span><i class=\"fa fa-chevron-left\"><\/i><\/span>\n\t\t\t<\/div>\n\t\t\t<div class=\"next\">\n\t\t\t\t<span><i class=\"fa fa-chevron-right\"><\/i><\/span>\n\t\t\t<\/div>\n\t\t<\/div>\n\t<\/div>\n\t\t\t<\/div>\n\t<\/div>\n\t\t\t\t\t\t\t\t\t\t\t\t\t\t\t\t\t\t<div class=\"inner-block-full-width has-tb-carousel tb-section\" id=\"options-section-4\"style=\"display:none;\">\n\t\t<div class=\"tb-carousel-container\">\n\t\t\t<div class=\"entries tb-cards\" data-slider-first=\"1\">\n\t\t\t\t\t\t\t\t\t\t\t\t\t\t\t<div class=\"tb-card entry tb-popup-trigger desktop-only-popup\">\n\t\t\t\t\t\t\t<div class=\"tb-image-part desktop\">\n\t\t\t\t\t\t\t\t<img src='https:\/\/tjt.travelblox.eu\/wp-content\/smush-webp\/sites\/78\/2025\/10\/2024_0402_06584800-Large.jpeg.webp' width='720' height='1280' alt='Jordanien Petra' srcset='https:\/\/tjt.travelblox.eu\/wp-content\/smush-webp\/sites\/78\/2025\/10\/2024_0402_06584800-Large.jpeg.webp 720w, https:\/\/tjt.travelblox.eu\/wp-content\/smush-webp\/sites\/78\/2025\/10\/2024_0402_06584800-Large-169x300.jpeg.webp 169w, https:\/\/tjt.travelblox.eu\/wp-content\/smush-webp\/sites\/78\/2025\/10\/2024_0402_06584800-Large-576x1024.jpeg.webp 576w, https:\/\/tjt.travelblox.eu\/wp-content\/smush-webp\/sites\/78\/2025\/10\/2024_0402_06584800-Large-7x12.jpeg.webp 7w' sizes=\"auto, (max-width: 720px) 100vw, 720px\" loading='lazy' decoding='async' data-smush-webp-fallback=\"{&quot;src&quot;:&quot;https:\\\/\\\/tjt.travelblox.eu\\\/wp-content\\\/uploads\\\/sites\\\/78\\\/2025\\\/10\\\/2024_0402_06584800-Large.jpeg&quot;,&quot;srcset&quot;:&quot;https:\\\/\\\/tjt.travelblox.eu\\\/wp-content\\\/uploads\\\/sites\\\/78\\\/2025\\\/10\\\/2024_0402_06584800-Large.jpeg 720w, https:\\\/\\\/tjt.travelblox.eu\\\/wp-content\\\/uploads\\\/sites\\\/78\\\/2025\\\/10\\\/2024_0402_06584800-Large-169x300.jpeg 169w, https:\\\/\\\/tjt.travelblox.eu\\\/wp-content\\\/uploads\\\/sites\\\/78\\\/2025\\\/10\\\/2024_0402_06584800-Large-576x1024.jpeg 576w, https:\\\/\\\/tjt.travelblox.eu\\\/wp-content\\\/uploads\\\/sites\\\/78\\\/2025\\\/10\\\/2024_0402_06584800-Large-7x12.jpeg 7w&quot;}\">\t\t\t\t\t\t\t\t\t\t\t\t\t\t\t\t\t\t\t\t\t\t\t\t\t<div class=\"price tiny-body-font desktop translation-block\"><p>\u20ac82 per persoon<\/p><\/div>\t\t\t\t\t\t\t<\/div>\n\t\t\t\t\t\t\t<div class=\"tb-image-part mobile\">\n\t\t\t\t\t\t\t\t<img src='https:\/\/tjt.travelblox.eu\/wp-content\/smush-webp\/sites\/78\/2025\/10\/2024_0402_06584800-Large.jpeg.webp' width='720' height='1280' alt='Jordanien Petra' srcset='https:\/\/tjt.travelblox.eu\/wp-content\/smush-webp\/sites\/78\/2025\/10\/2024_0402_06584800-Large.jpeg.webp 720w, https:\/\/tjt.travelblox.eu\/wp-content\/smush-webp\/sites\/78\/2025\/10\/2024_0402_06584800-Large-169x300.jpeg.webp 169w, https:\/\/tjt.travelblox.eu\/wp-content\/smush-webp\/sites\/78\/2025\/10\/2024_0402_06584800-Large-576x1024.jpeg.webp 576w, https:\/\/tjt.travelblox.eu\/wp-content\/smush-webp\/sites\/78\/2025\/10\/2024_0402_06584800-Large-7x12.jpeg.webp 7w' sizes=\"auto, (max-width: 720px) 100vw, 720px\" loading='lazy' decoding='async' data-smush-webp-fallback=\"{&quot;src&quot;:&quot;https:\\\/\\\/tjt.travelblox.eu\\\/wp-content\\\/uploads\\\/sites\\\/78\\\/2025\\\/10\\\/2024_0402_06584800-Large.jpeg&quot;,&quot;srcset&quot;:&quot;https:\\\/\\\/tjt.travelblox.eu\\\/wp-content\\\/uploads\\\/sites\\\/78\\\/2025\\\/10\\\/2024_0402_06584800-Large.jpeg 720w, https:\\\/\\\/tjt.travelblox.eu\\\/wp-content\\\/uploads\\\/sites\\\/78\\\/2025\\\/10\\\/2024_0402_06584800-Large-169x300.jpeg 169w, https:\\\/\\\/tjt.travelblox.eu\\\/wp-content\\\/uploads\\\/sites\\\/78\\\/2025\\\/10\\\/2024_0402_06584800-Large-576x1024.jpeg 576w, https:\\\/\\\/tjt.travelblox.eu\\\/wp-content\\\/uploads\\\/sites\\\/78\\\/2025\\\/10\\\/2024_0402_06584800-Large-7x12.jpeg 7w&quot;}\">\t\t\t\t\t\t\t\t\t\t\t\t\t\t\t<\/div>\n\t\t\t\t\t\t\t<div class=\"tb-card-content\">\n\t\t\t\t\t\t\t\t<h5>\n\t\t\t\t\t\t\t\t\t\t\t\t\t\t\t\t\t\t<span>Ingang voor Petra<\/span>\n\t\t\t\t\t\t\t\t<\/h5>\n\t\t\t\t\t\t\t\t\t\t\t\t\t\t\t\t\t<div class=\"price tiny-body-font mobile\"><p>\u20ac82 per persoon<\/p><\/div>\t\t\t\t\t\t\t\t<div class=\"content readmore-content content--clamped\">\t<div class=\"translation-block\"><p>Indien je <strong>vluchten via ons<\/strong> hebt geboekt, dien je deze optie te kiezen om twee dagen toegang te hebben tot Petra.<\/p>\n<p>Indien je er voor kiest om <strong>zelf je vluchten<\/strong> te boeken (en je visum hier dus niet bij inbegrepen is), raden we je sterk aan om een zelf <a href=\"https:\/\/www.jordanpass.jo\/\"><strong>Jordan Pass<\/strong><\/a> te kopen. De ingang voor Petra en je reisvisum zitten hier samen in. Dit is goedkoper dan je visum en de ingang voor Petra apart te kopen (Jordan Pass \u00b1 \u20ac99). Kies bij de Jordan Pass voor de optie met twee dagen toegang tot Petra.<\/p><\/div>\n\t<\/div>\n\t\t\t\t\t\t\t\t\t\t\t\t\t\t\t\t<div class=\"readmore link js-readmore\">\n\t\t\t\t\t\t\t\t\t<span><i class=\"fa-solid fa-circle-plus\"><\/i><u>Lees meer<\/u><\/span>\n\t\t\t\t\t\t\t\t\t<span><i class=\"fa-solid fa-circle-minus\"><\/i><u>Lees minder<\/u><\/span>\n\t\t\t\t\t\t\t\t<\/div>\n\t\t\t\t\t\t\t\t\t\t\t\t\t\t\t\t<dialog class=\"tb-popup\">\n\t\t\t\t\t\t\t\t\t<div class=\"tb-highlights-popup\">\n\t\t\t\t\t\t\t\t\t\t<div class=\"tb-image-part\">\n\t\t\t\t\t\t\t\t\t\t\t<img src='https:\/\/tjt.travelblox.eu\/wp-content\/smush-webp\/sites\/78\/2025\/10\/2024_0402_06584800-Large.jpeg.webp' width='720' height='1280' alt='Jordanien Petra' srcset='https:\/\/tjt.travelblox.eu\/wp-content\/smush-webp\/sites\/78\/2025\/10\/2024_0402_06584800-Large.jpeg.webp 720w, https:\/\/tjt.travelblox.eu\/wp-content\/smush-webp\/sites\/78\/2025\/10\/2024_0402_06584800-Large-169x300.jpeg.webp 169w, https:\/\/tjt.travelblox.eu\/wp-content\/smush-webp\/sites\/78\/2025\/10\/2024_0402_06584800-Large-576x1024.jpeg.webp 576w, https:\/\/tjt.travelblox.eu\/wp-content\/smush-webp\/sites\/78\/2025\/10\/2024_0402_06584800-Large-7x12.jpeg.webp 7w' sizes=\"auto, (max-width: 720px) 100vw, 720px\" loading='lazy' decoding='async' data-smush-webp-fallback=\"{&quot;src&quot;:&quot;https:\\\/\\\/tjt.travelblox.eu\\\/wp-content\\\/uploads\\\/sites\\\/78\\\/2025\\\/10\\\/2024_0402_06584800-Large.jpeg&quot;,&quot;srcset&quot;:&quot;https:\\\/\\\/tjt.travelblox.eu\\\/wp-content\\\/uploads\\\/sites\\\/78\\\/2025\\\/10\\\/2024_0402_06584800-Large.jpeg 720w, https:\\\/\\\/tjt.travelblox.eu\\\/wp-content\\\/uploads\\\/sites\\\/78\\\/2025\\\/10\\\/2024_0402_06584800-Large-169x300.jpeg 169w, https:\\\/\\\/tjt.travelblox.eu\\\/wp-content\\\/uploads\\\/sites\\\/78\\\/2025\\\/10\\\/2024_0402_06584800-Large-576x1024.jpeg 576w, https:\\\/\\\/tjt.travelblox.eu\\\/wp-content\\\/uploads\\\/sites\\\/78\\\/2025\\\/10\\\/2024_0402_06584800-Large-7x12.jpeg 7w&quot;}\">\t\t\t\t\t\t\t\t\t\t<\/div>\n\t\t\t\t\t\t\t\t\t\t<div class=\"tb-popup-content\">\n\t\t\t\t\t\t\t\t\t\t\t<h3>Ingang voor Petra<\/h3>\n\t\t\t\t\t\t\t\t\t\t\t<div class=\"content\">\t<div class=\"translation-block\"><p>Indien je <strong>vluchten via ons<\/strong> hebt geboekt, dien je deze optie te kiezen om twee dagen toegang te hebben tot Petra.<\/p>\n<p>Indien je er voor kiest om <strong>zelf je vluchten<\/strong> te boeken (en je visum hier dus niet bij inbegrepen is), raden we je sterk aan om een zelf <a href=\"https:\/\/www.jordanpass.jo\/\"><strong>Jordan Pass<\/strong><\/a> te kopen. De ingang voor Petra en je reisvisum zitten hier samen in. Dit is goedkoper dan je visum en de ingang voor Petra apart te kopen (Jordan Pass \u00b1 \u20ac99). Kies bij de Jordan Pass voor de optie met twee dagen toegang tot Petra.<\/p><\/div>\n\t<\/div>\n\t\t\t\t\t\t\t\t\t\t<\/div>\n\t\t\t\t\t\t\t\t\t<\/div>\n\t\t\t\t\t\t\t\t<\/dialog>\n\t\t\t\t\t\t\t<\/div>\n\t\t\t\t\t\t<\/div>\n\t\t\t\t\t\t\t\t\t\t\t\t\t<\/div>\n\t\t\t\t<div class=\"tb-carousel-nav\">\n\t\t<div class=\"dots\">\n\t\t\t<div class=\"dot active\"><\/div>\n\t\t\t<div class=\"dot\"><\/div>\n\t\t\t<div class=\"dot\"><\/div>\n\t\t<\/div>\n\t\t<div class=\"arrows\">\n\t\t\t<div class=\"prev disabled\">\n\t\t\t\t<span><i class=\"fa fa-chevron-left\"><\/i><\/span>\n\t\t\t<\/div>\n\t\t\t<div class=\"next\">\n\t\t\t\t<span><i class=\"fa fa-chevron-right\"><\/i><\/span>\n\t\t\t<\/div>\n\t\t<\/div>\n\t<\/div>\n\t\t\t<\/div>\n\t<\/div>\n\t\t\t\t\t\t\t\t\t\t\t\t\t\t\t\t\t\t<div class=\"inner-block-full-width has-tb-carousel tb-section\" id=\"options-section-5\"style=\"display:none;\">\n\t\t<div class=\"tb-carousel-container\">\n\t\t\t<div class=\"entries tb-cards\" data-slider-first=\"1\">\n\t\t\t\t\t\t\t\t\t\t\t\t\t\t\t<div class=\"tb-card entry tb-popup-trigger desktop-only-popup\">\n\t\t\t\t\t\t\t<div class=\"tb-image-part desktop\">\n\t\t\t\t\t\t\t\t<img src='https:\/\/tjt.travelblox.eu\/wp-content\/smush-webp\/sites\/78\/2026\/02\/TheJordanTrail_sunset.jpg.webp' width='1200' height='800' alt='TheJordanTrail_sunset' srcset='https:\/\/tjt.travelblox.eu\/wp-content\/smush-webp\/sites\/78\/2026\/02\/TheJordanTrail_sunset.jpg.webp 1200w, https:\/\/tjt.travelblox.eu\/wp-content\/smush-webp\/sites\/78\/2026\/02\/TheJordanTrail_sunset-300x200.jpg.webp 300w, https:\/\/tjt.travelblox.eu\/wp-content\/smush-webp\/sites\/78\/2026\/02\/TheJordanTrail_sunset-1024x683.jpg.webp 1024w, https:\/\/tjt.travelblox.eu\/wp-content\/smush-webp\/sites\/78\/2026\/02\/TheJordanTrail_sunset-768x512.jpg.webp 768w, https:\/\/tjt.travelblox.eu\/wp-content\/smush-webp\/sites\/78\/2026\/02\/TheJordanTrail_sunset-18x12.jpg.webp 18w' sizes=\"auto, (max-width: 1200px) 100vw, 1200px\" loading='lazy' decoding='async' data-smush-webp-fallback=\"{&quot;src&quot;:&quot;https:\\\/\\\/tjt.travelblox.eu\\\/wp-content\\\/uploads\\\/sites\\\/78\\\/2026\\\/02\\\/TheJordanTrail_sunset.jpg&quot;,&quot;srcset&quot;:&quot;https:\\\/\\\/tjt.travelblox.eu\\\/wp-content\\\/uploads\\\/sites\\\/78\\\/2026\\\/02\\\/TheJordanTrail_sunset.jpg 1200w, https:\\\/\\\/tjt.travelblox.eu\\\/wp-content\\\/uploads\\\/sites\\\/78\\\/2026\\\/02\\\/TheJordanTrail_sunset-300x200.jpg 300w, https:\\\/\\\/tjt.travelblox.eu\\\/wp-content\\\/uploads\\\/sites\\\/78\\\/2026\\\/02\\\/TheJordanTrail_sunset-1024x683.jpg 1024w, https:\\\/\\\/tjt.travelblox.eu\\\/wp-content\\\/uploads\\\/sites\\\/78\\\/2026\\\/02\\\/TheJordanTrail_sunset-768x512.jpg 768w, https:\\\/\\\/tjt.travelblox.eu\\\/wp-content\\\/uploads\\\/sites\\\/78\\\/2026\\\/02\\\/TheJordanTrail_sunset-18x12.jpg 18w&quot;}\">\t\t\t\t\t\t\t\t\t\t\t\t\t\t\t\t\t\t\t\t\t\t\t\t\t<div class=\"price tiny-body-font desktop translation-block\"><p>\u20ac59<\/p><\/div>\t\t\t\t\t\t\t<\/div>\n\t\t\t\t\t\t\t<div class=\"tb-image-part mobile\">\n\t\t\t\t\t\t\t\t<img src='https:\/\/tjt.travelblox.eu\/wp-content\/smush-webp\/sites\/78\/2026\/02\/TheJordanTrail_sunset-768x512.jpg.webp' width='768' height='512' alt='TheJordanTrail_sunset' srcset='https:\/\/tjt.travelblox.eu\/wp-content\/smush-webp\/sites\/78\/2026\/02\/TheJordanTrail_sunset-768x512.jpg.webp 768w, https:\/\/tjt.travelblox.eu\/wp-content\/smush-webp\/sites\/78\/2026\/02\/TheJordanTrail_sunset-300x200.jpg.webp 300w, https:\/\/tjt.travelblox.eu\/wp-content\/smush-webp\/sites\/78\/2026\/02\/TheJordanTrail_sunset-1024x683.jpg.webp 1024w, https:\/\/tjt.travelblox.eu\/wp-content\/smush-webp\/sites\/78\/2026\/02\/TheJordanTrail_sunset-18x12.jpg.webp 18w, https:\/\/tjt.travelblox.eu\/wp-content\/smush-webp\/sites\/78\/2026\/02\/TheJordanTrail_sunset.jpg.webp 1200w' sizes=\"auto, (max-width: 768px) 100vw, 768px\" loading='lazy' decoding='async' data-smush-webp-fallback=\"{&quot;src&quot;:&quot;https:\\\/\\\/tjt.travelblox.eu\\\/wp-content\\\/uploads\\\/sites\\\/78\\\/2026\\\/02\\\/TheJordanTrail_sunset-768x512.jpg&quot;,&quot;srcset&quot;:&quot;https:\\\/\\\/tjt.travelblox.eu\\\/wp-content\\\/uploads\\\/sites\\\/78\\\/2026\\\/02\\\/TheJordanTrail_sunset-768x512.jpg 768w, https:\\\/\\\/tjt.travelblox.eu\\\/wp-content\\\/uploads\\\/sites\\\/78\\\/2026\\\/02\\\/TheJordanTrail_sunset-300x200.jpg 300w, https:\\\/\\\/tjt.travelblox.eu\\\/wp-content\\\/uploads\\\/sites\\\/78\\\/2026\\\/02\\\/TheJordanTrail_sunset-1024x683.jpg 1024w, https:\\\/\\\/tjt.travelblox.eu\\\/wp-content\\\/uploads\\\/sites\\\/78\\\/2026\\\/02\\\/TheJordanTrail_sunset-18x12.jpg 18w, https:\\\/\\\/tjt.travelblox.eu\\\/wp-content\\\/uploads\\\/sites\\\/78\\\/2026\\\/02\\\/TheJordanTrail_sunset.jpg 1200w&quot;}\">\t\t\t\t\t\t\t\t\t\t\t\t\t\t\t<\/div>\n\t\t\t\t\t\t\t<div class=\"tb-card-content\">\n\t\t\t\t\t\t\t\t<h5>\n\t\t\t\t\t\t\t\t\t\t\t\t\t\t\t\t\t\t<span>Reisverzekering<\/span>\n\t\t\t\t\t\t\t\t<\/h5>\n\t\t\t\t\t\t\t\t\t\t\t\t\t\t\t\t\t<div class=\"price tiny-body-font mobile\"><p>\u20ac59<\/p><\/div>\t\t\t\t\t\t\t\t<div class=\"content readmore-content content--clamped\">\t<div class=\"translation-block\"><p>Wil je onbezorgd op reis? Vergeet dan niet om de&nbsp;<a href=\"https:\/\/thejordantrail.org\/nl\/travelinsurance\/\"><strong>reisverzekering<\/strong><\/a>&nbsp;aan je boeking toe te voegen. Bij ziekte, pech of diefstal helpt onze reisverzekering je verder.<\/p><\/div>\n\t<\/div>\n\t\t\t\t\t\t\t\t\t\t\t\t\t\t\t\t<div class=\"readmore link js-readmore\">\n\t\t\t\t\t\t\t\t\t<span><i class=\"fa-solid fa-circle-plus\"><\/i><u>Lees meer<\/u><\/span>\n\t\t\t\t\t\t\t\t\t<span><i class=\"fa-solid fa-circle-minus\"><\/i><u>Lees minder<\/u><\/span>\n\t\t\t\t\t\t\t\t<\/div>\n\t\t\t\t\t\t\t\t\t\t\t\t\t\t\t\t<dialog class=\"tb-popup\">\n\t\t\t\t\t\t\t\t\t<div class=\"tb-highlights-popup\">\n\t\t\t\t\t\t\t\t\t\t<div class=\"tb-image-part\">\n\t\t\t\t\t\t\t\t\t\t\t<img src='https:\/\/tjt.travelblox.eu\/wp-content\/smush-webp\/sites\/78\/2026\/02\/TheJordanTrail_sunset-768x512.jpg.webp' width='768' height='512' alt='TheJordanTrail_sunset' srcset='https:\/\/tjt.travelblox.eu\/wp-content\/smush-webp\/sites\/78\/2026\/02\/TheJordanTrail_sunset-768x512.jpg.webp 768w, https:\/\/tjt.travelblox.eu\/wp-content\/smush-webp\/sites\/78\/2026\/02\/TheJordanTrail_sunset-300x200.jpg.webp 300w, https:\/\/tjt.travelblox.eu\/wp-content\/smush-webp\/sites\/78\/2026\/02\/TheJordanTrail_sunset-1024x683.jpg.webp 1024w, https:\/\/tjt.travelblox.eu\/wp-content\/smush-webp\/sites\/78\/2026\/02\/TheJordanTrail_sunset-18x12.jpg.webp 18w, https:\/\/tjt.travelblox.eu\/wp-content\/smush-webp\/sites\/78\/2026\/02\/TheJordanTrail_sunset.jpg.webp 1200w' sizes=\"auto, (max-width: 768px) 100vw, 768px\" loading='lazy' decoding='async' data-smush-webp-fallback=\"{&quot;src&quot;:&quot;https:\\\/\\\/tjt.travelblox.eu\\\/wp-content\\\/uploads\\\/sites\\\/78\\\/2026\\\/02\\\/TheJordanTrail_sunset-768x512.jpg&quot;,&quot;srcset&quot;:&quot;https:\\\/\\\/tjt.travelblox.eu\\\/wp-content\\\/uploads\\\/sites\\\/78\\\/2026\\\/02\\\/TheJordanTrail_sunset-768x512.jpg 768w, https:\\\/\\\/tjt.travelblox.eu\\\/wp-content\\\/uploads\\\/sites\\\/78\\\/2026\\\/02\\\/TheJordanTrail_sunset-300x200.jpg 300w, https:\\\/\\\/tjt.travelblox.eu\\\/wp-content\\\/uploads\\\/sites\\\/78\\\/2026\\\/02\\\/TheJordanTrail_sunset-1024x683.jpg 1024w, https:\\\/\\\/tjt.travelblox.eu\\\/wp-content\\\/uploads\\\/sites\\\/78\\\/2026\\\/02\\\/TheJordanTrail_sunset-18x12.jpg 18w, https:\\\/\\\/tjt.travelblox.eu\\\/wp-content\\\/uploads\\\/sites\\\/78\\\/2026\\\/02\\\/TheJordanTrail_sunset.jpg 1200w&quot;}\">\t\t\t\t\t\t\t\t\t\t<\/div>\n\t\t\t\t\t\t\t\t\t\t<div class=\"tb-popup-content\">\n\t\t\t\t\t\t\t\t\t\t\t<h3>Reisverzekering<\/h3>\n\t\t\t\t\t\t\t\t\t\t\t<div class=\"content\">\t<div class=\"translation-block\"><p>Wil je onbezorgd op reis? Vergeet dan niet om de&nbsp;<a href=\"https:\/\/thejordantrail.org\/nl\/travelinsurance\/\"><strong>reisverzekering<\/strong><\/a>&nbsp;aan je boeking toe te voegen. Bij ziekte, pech of diefstal helpt onze reisverzekering je verder.<\/p><\/div>\n\t<\/div>\n\t\t\t\t\t\t\t\t\t\t<\/div>\n\t\t\t\t\t\t\t\t\t<\/div>\n\t\t\t\t\t\t\t\t<\/dialog>\n\t\t\t\t\t\t\t<\/div>\n\t\t\t\t\t\t<\/div>\n\t\t\t\t\t\t\t\t\t\t\t\t\t<\/div>\n\t\t\t\t<div class=\"tb-carousel-nav\">\n\t\t<div class=\"dots\">\n\t\t\t<div class=\"dot active\"><\/div>\n\t\t\t<div class=\"dot\"><\/div>\n\t\t\t<div class=\"dot\"><\/div>\n\t\t<\/div>\n\t\t<div class=\"arrows\">\n\t\t\t<div class=\"prev disabled\">\n\t\t\t\t<span><i class=\"fa fa-chevron-left\"><\/i><\/span>\n\t\t\t<\/div>\n\t\t\t<div class=\"next\">\n\t\t\t\t<span><i class=\"fa fa-chevron-right\"><\/i><\/span>\n\t\t\t<\/div>\n\t\t<\/div>\n\t<\/div>\n\t\t\t<\/div>\n\t<\/div>\n\t\t\t\t\t\t\t\t\t\t<\/div>\n\t\t<\/div>\n\n\n\n\n\n\n\n\n<div class=\" tb-colcompare tb-block align-center background-light pattern-none variant-cards tb-collapsible-margins\" id=\"colcompare\">\n\t<div class=\"inner-block tb-fade-in tb-fade-in--subtle\">\n\t\t<div class=\"text-part\">\n\t\t\t<h2>Is deze trail geschikt voor mij?<\/h2>\n\t\t\t\t<div class=\"translation-block\"><p>De&nbsp;<strong>moeilijkheidsgraad van een trail hangt af van heel wat factoren<\/strong>. Op basis van onderstaande factoren, kan jij voor jezelf inschatten of deze trail geschikt is voor jou. Met behulp van bepaalde opties, zoals bagagetransport, kan je de trail voor jezelf ook makkelijker maken.<\/p><\/div>\n\t\t\t<\/div>\n\t<\/div>\n\t\t\t\t<div class=\"inner-block-full-width has-tb-carousel tb-justified\" >\n\t\t<div class=\"tb-carousel-container\">\n\t\t\t<div class=\"entries tb-cards\" data-slider-first=\"1\">\n\t\t\t\t\t\t\t\t\t<div class=\"tb-card entry tb-fade-in tb-fade-in--subtle\">\n\t\t\t\t<div class=\"tb-image-part\">\n\t\t\t\t\t<img src='https:\/\/tjt.travelblox.eu\/wp-content\/smush-webp\/sites\/78\/2025\/02\/TJT23_EvyVanNispen_LR-247-2-768x512.jpg.webp' width='768' height='512' alt='The Jordan Trail, Petra' srcset='https:\/\/tjt.travelblox.eu\/wp-content\/smush-webp\/sites\/78\/2025\/02\/TJT23_EvyVanNispen_LR-247-2-768x512.jpg.webp 768w, https:\/\/tjt.travelblox.eu\/wp-content\/smush-webp\/sites\/78\/2025\/02\/TJT23_EvyVanNispen_LR-247-2-300x200.jpg.webp 300w, https:\/\/tjt.travelblox.eu\/wp-content\/smush-webp\/sites\/78\/2025\/02\/TJT23_EvyVanNispen_LR-247-2-1024x683.jpg.webp 1024w, https:\/\/tjt.travelblox.eu\/wp-content\/smush-webp\/sites\/78\/2025\/02\/TJT23_EvyVanNispen_LR-247-2-1536x1024.jpg.webp 1536w, https:\/\/tjt.travelblox.eu\/wp-content\/smush-webp\/sites\/78\/2025\/02\/TJT23_EvyVanNispen_LR-247-2-2048x1366.jpg.webp 2048w, https:\/\/tjt.travelblox.eu\/wp-content\/smush-webp\/sites\/78\/2025\/02\/TJT23_EvyVanNispen_LR-247-2-18x12.jpg.webp 18w' sizes=\"auto, (max-width: 768px) 100vw, 768px\" loading='lazy' decoding='async' data-smush-webp-fallback=\"{&quot;src&quot;:&quot;https:\\\/\\\/tjt.travelblox.eu\\\/wp-content\\\/uploads\\\/sites\\\/78\\\/2025\\\/02\\\/TJT23_EvyVanNispen_LR-247-2-768x512.jpg&quot;,&quot;srcset&quot;:&quot;https:\\\/\\\/tjt.travelblox.eu\\\/wp-content\\\/uploads\\\/sites\\\/78\\\/2025\\\/02\\\/TJT23_EvyVanNispen_LR-247-2-768x512.jpg 768w, https:\\\/\\\/tjt.travelblox.eu\\\/wp-content\\\/uploads\\\/sites\\\/78\\\/2025\\\/02\\\/TJT23_EvyVanNispen_LR-247-2-300x200.jpg 300w, https:\\\/\\\/tjt.travelblox.eu\\\/wp-content\\\/uploads\\\/sites\\\/78\\\/2025\\\/02\\\/TJT23_EvyVanNispen_LR-247-2-1024x683.jpg 1024w, https:\\\/\\\/tjt.travelblox.eu\\\/wp-content\\\/uploads\\\/sites\\\/78\\\/2025\\\/02\\\/TJT23_EvyVanNispen_LR-247-2-1536x1024.jpg 1536w, https:\\\/\\\/tjt.travelblox.eu\\\/wp-content\\\/uploads\\\/sites\\\/78\\\/2025\\\/02\\\/TJT23_EvyVanNispen_LR-247-2-2048x1366.jpg 2048w, https:\\\/\\\/tjt.travelblox.eu\\\/wp-content\\\/uploads\\\/sites\\\/78\\\/2025\\\/02\\\/TJT23_EvyVanNispen_LR-247-2-18x12.jpg 18w&quot;}\">\t\t\t\t<\/div>\n\t\t\t\t<div class=\"tb-card-content text-part\">\n\t\t\t\t\t\t\t\t\t\t\t<h5>\t\t\t\t<i class=\"icon fa-solid fa-chart-line fa-fw\" aria-hidden=\"true\"><\/i>\n\t\t\t Afstand en hoogtemeters<\/h5>\n\t\t\t\t\t\t\t\t\t\t\t\t\t\t\t\t\t<div class=\"translation-block\"><ul>\n<li>De trail is in kilometers en hoogtemeters&nbsp;<strong>goed haalbaar<\/strong> voor iedereen met een gezonde basisconditie.<\/li>\n<li><strong>Dagelijks<\/strong> wandel je gemiddeld <strong>16 \u00e0 17 km<\/strong>.<\/li>\n<li>Op <strong>dag 3 en 4<\/strong> pak je de <strong>meeste hoogtemeters<\/strong>, met een paar stevige hellingen door prachtige valleien en canyons. De andere dagen valt dit heel goed mee.<\/li>\n<\/ul>\n<p><strong>Enkele tips<\/strong><\/p>\n<ul>\n<li>Boek <strong>bagagetransport<\/strong> als je lichter wilt wandelen.<\/li>\n<li>Bereid je optimaal voor met ons aangepast <strong>trainingsschema<\/strong>.<\/li>\n<\/ul><\/div>\n\t\t\t\t\t\t\t\t\t\t\t\t\t\t\t<\/div>\n\t\t\t<\/div>\n\t\t\t\t\t<div class=\"tb-card entry tb-fade-in tb-fade-in--subtle\">\n\t\t\t\t<div class=\"tb-image-part\">\n\t\t\t\t\t<img src='https:\/\/tjt.travelblox.eu\/wp-content\/smush-webp\/sites\/78\/2025\/08\/Blogs_featured_images-1-1-768x473.jpg.webp' width='768' height='473' alt='The Jordan Trail' srcset='https:\/\/tjt.travelblox.eu\/wp-content\/smush-webp\/sites\/78\/2025\/08\/Blogs_featured_images-1-1-768x473.jpg.webp 768w, https:\/\/tjt.travelblox.eu\/wp-content\/smush-webp\/sites\/78\/2025\/08\/Blogs_featured_images-1-1-300x185.jpg.webp 300w, https:\/\/tjt.travelblox.eu\/wp-content\/smush-webp\/sites\/78\/2025\/08\/Blogs_featured_images-1-1-1024x630.jpg.webp 1024w, https:\/\/tjt.travelblox.eu\/wp-content\/smush-webp\/sites\/78\/2025\/08\/Blogs_featured_images-1-1-18x12.jpg.webp 18w, https:\/\/tjt.travelblox.eu\/wp-content\/smush-webp\/sites\/78\/2025\/08\/Blogs_featured_images-1-1.jpg.webp 1300w' sizes=\"auto, (max-width: 768px) 100vw, 768px\" loading='lazy' decoding='async' data-smush-webp-fallback=\"{&quot;src&quot;:&quot;https:\\\/\\\/tjt.travelblox.eu\\\/wp-content\\\/uploads\\\/sites\\\/78\\\/2025\\\/08\\\/Blogs_featured_images-1-1-768x473.jpg&quot;,&quot;srcset&quot;:&quot;https:\\\/\\\/tjt.travelblox.eu\\\/wp-content\\\/uploads\\\/sites\\\/78\\\/2025\\\/08\\\/Blogs_featured_images-1-1-768x473.jpg 768w, https:\\\/\\\/tjt.travelblox.eu\\\/wp-content\\\/uploads\\\/sites\\\/78\\\/2025\\\/08\\\/Blogs_featured_images-1-1-300x185.jpg 300w, https:\\\/\\\/tjt.travelblox.eu\\\/wp-content\\\/uploads\\\/sites\\\/78\\\/2025\\\/08\\\/Blogs_featured_images-1-1-1024x630.jpg 1024w, https:\\\/\\\/tjt.travelblox.eu\\\/wp-content\\\/uploads\\\/sites\\\/78\\\/2025\\\/08\\\/Blogs_featured_images-1-1-18x12.jpg 18w, https:\\\/\\\/tjt.travelblox.eu\\\/wp-content\\\/uploads\\\/sites\\\/78\\\/2025\\\/08\\\/Blogs_featured_images-1-1.jpg 1300w&quot;}\">\t\t\t\t<\/div>\n\t\t\t\t<div class=\"tb-card-content text-part\">\n\t\t\t\t\t\t\t\t\t\t\t<h5>\t\t\t\t<i class=\"icon fa-solid fa-temperature-three-quarters fa-fw\" aria-hidden=\"true\"><\/i>\n\t\t\t Weersomstandigheden<\/h5>\n\t\t\t\t\t\t\t\t\t\t\t\t\t\t\t\t\t<div class=\"translation-block\"><ul>\n<li>Verwacht&nbsp;<strong>veel zon en warme temperaturen<\/strong>&nbsp;tijdens het wandelen overdag.<\/li>\n<li><strong>&#8217;s Avonds<\/strong> kan het wel <strong>sterk afkoelen<\/strong> en kan de wind opsteken.<\/li>\n<\/ul>\n<p><strong>Enkele tips<\/strong><\/p>\n<ul>\n<li>Goede bescherming (zonnebrandcr\u00e8me, hoed, zonnebril) is essentieel.<\/li>\n<li>Blijf gehydrateert en neem overdag steeds <strong>voldoende water &amp; snacks<\/strong> mee. Onze gidsen zullen hier steeds voldoende pauze voor voorzien.<\/li>\n<\/ul><\/div>\n\t\t\t\t\t\t\t\t\t\t\t\t\t\t\t<\/div>\n\t\t\t<\/div>\n\t\t\t\t\t<div class=\"tb-card entry tb-fade-in tb-fade-in--subtle\">\n\t\t\t\t<div class=\"tb-image-part\">\n\t\t\t\t\t<img src='https:\/\/tjt.travelblox.eu\/wp-content\/smush-webp\/sites\/78\/2026\/02\/TheJordanTrail_terrain-768x512.jpg.webp' width='768' height='512' alt='The Jordan Trail, wandelen' srcset='https:\/\/tjt.travelblox.eu\/wp-content\/smush-webp\/sites\/78\/2026\/02\/TheJordanTrail_terrain-768x512.jpg.webp 768w, https:\/\/tjt.travelblox.eu\/wp-content\/smush-webp\/sites\/78\/2026\/02\/TheJordanTrail_terrain-300x200.jpg.webp 300w, https:\/\/tjt.travelblox.eu\/wp-content\/smush-webp\/sites\/78\/2026\/02\/TheJordanTrail_terrain-18x12.jpg.webp 18w, https:\/\/tjt.travelblox.eu\/wp-content\/smush-webp\/sites\/78\/2026\/02\/TheJordanTrail_terrain.jpg.webp 800w' sizes=\"auto, (max-width: 768px) 100vw, 768px\" loading='lazy' decoding='async' data-smush-webp-fallback=\"{&quot;src&quot;:&quot;https:\\\/\\\/tjt.travelblox.eu\\\/wp-content\\\/uploads\\\/sites\\\/78\\\/2026\\\/02\\\/TheJordanTrail_terrain-768x512.jpg&quot;,&quot;srcset&quot;:&quot;https:\\\/\\\/tjt.travelblox.eu\\\/wp-content\\\/uploads\\\/sites\\\/78\\\/2026\\\/02\\\/TheJordanTrail_terrain-768x512.jpg 768w, https:\\\/\\\/tjt.travelblox.eu\\\/wp-content\\\/uploads\\\/sites\\\/78\\\/2026\\\/02\\\/TheJordanTrail_terrain-300x200.jpg 300w, https:\\\/\\\/tjt.travelblox.eu\\\/wp-content\\\/uploads\\\/sites\\\/78\\\/2026\\\/02\\\/TheJordanTrail_terrain-18x12.jpg 18w, https:\\\/\\\/tjt.travelblox.eu\\\/wp-content\\\/uploads\\\/sites\\\/78\\\/2026\\\/02\\\/TheJordanTrail_terrain.jpg 800w&quot;}\">\t\t\t\t<\/div>\n\t\t\t\t<div class=\"tb-card-content text-part\">\n\t\t\t\t\t\t\t\t\t\t\t<h5>\t\t\t\t<i class=\"icon fa-solid fa-shoe-prints fa-fw\" aria-hidden=\"true\"><\/i>\n\t\t\t Terrein<\/h5>\n\t\t\t\t\t\t\t\t\t\t\t\t\t\t\t\t\t<div class=\"translation-block\"><ul>\n<li>De eerste wandeldag wandel je door een <strong>canyon<\/strong>, waar je een deel <strong>door water<\/strong> moet gaan. Hier zal je af en toe over rotsen moeten klauteren, wat zorgt voor een avontuurlijke start van de week!<\/li>\n<li>Er is geen echt pad, dus je wandelt vooral over <strong>gesteente en een oneffen ondergrond<\/strong>.<\/li>\n<\/ul>\n<p><strong>Enkele tips<\/strong><\/p>\n<ul>\n<li>Zorg voor <strong>stevige waterschoenen of sportschoenen<\/strong> met voldoende grip voor de eerste wandeldag.<\/li>\n<li>Draag <strong>A\/B wandelschoenen<\/strong> die je enkel beschermen, die al zijn ingelopen.<\/li>\n<\/ul><\/div>\n\t\t\t\t\t\t\t\t\t\t\t\t\t\t\t<\/div>\n\t\t\t<\/div>\n\t\t\t\t\t\t\t<\/div>\n\t\t\t\t<div class=\"tb-carousel-nav\">\n\t\t<div class=\"dots\">\n\t\t\t<div class=\"dot active\"><\/div>\n\t\t\t<div class=\"dot\"><\/div>\n\t\t\t<div class=\"dot\"><\/div>\n\t\t<\/div>\n\t\t<div class=\"arrows\">\n\t\t\t<div class=\"prev disabled\">\n\t\t\t\t<span><i class=\"fa fa-chevron-left\"><\/i><\/span>\n\t\t\t<\/div>\n\t\t\t<div class=\"next\">\n\t\t\t\t<span><i class=\"fa fa-chevron-right\"><\/i><\/span>\n\t\t\t<\/div>\n\t\t<\/div>\n\t<\/div>\n\t\t\t<\/div>\n\t<\/div>\n\t\t\t<\/div>\n\n\n\n    <div class=\" tb-calendarv2 tb-block align-center background-light pattern-none variant-none tb-collapsible-margins\" id=\"join\" data-field-packages='[{&quot;package_id&quot;:&quot;TJT-TJT&quot;,&quot;prereg_url&quot;:&quot;https:\\\/\\\/travelbase.pro.typeform.com\\\/TJT26FNLPrereg&quot;,&quot;package_summary_content&quot;:&quot;Om je inschrijving te bevestigen, vragen we je binnen de 5 dagen een voorschot van 30% te betalen. De rest betaal je ten laatste 2 maanden voor vertrek.&quot;,&quot;package_summary_inclusive&quot;:[{&quot;sub_remark&quot;:&quot;&quot;,&quot;rowid&quot;:&quot;69a05021b88e3&quot;}],&quot;rowid&quot;:&quot;68b2df3d36c07&quot;}]' data-package-ids='[\"TJT-TJT\"]' data-brands='[{&quot;type&quot;:&quot;brands&quot;,&quot;id&quot;:&quot;TJT&quot;,&quot;attributes&quot;:{&quot;name&quot;:&quot;The Jordan Trail&quot;,&quot;translatableName&quot;:{&quot;de&quot;:&quot;Jordan Trail&quot;,&quot;en&quot;:&quot;The Jordan Trail&quot;,&quot;fr&quot;:&quot;Jordan Trail&quot;,&quot;nl&quot;:&quot;The Jordan Trail&quot;}}}]' data-language='nl' data-allow-collapse-consecutive-sold-out-items='0' data-show-prereg-items='1' data-show-participants='0' data-show-departure-hours='0' data-no-participants-title=\"Nog geen deelnemers\" data-no-participants-text=\"De deelnemers van deze reis zijn nog niet bekend.\" data-sold-out-cta=\"\" data-default-group-size=\"\" data-show-months-toggle=\"1\" data-show-waiting-list-buttons=\"1\" data-show-price-toggle=\"1\" data-show-quote-request=\"0\" data-sort-filter-options-by-az-order='0' data-merge-duplicate-filters='0'>\n        <div class=\"inner-block tb-fade-in tb-fade-in--subtle\">\n            <div class=\"text-part tb-fade-in tb-fade-in--subtle\">\n                                    <h2>Plan je reis naar Jordani\u00eb<\/h2>\n                                                    \t<div class=\"translation-block\"><p>Klaar voor een nieuw wandelavontuur in Jordani\u00eb?<\/p>\n<p><strong>Preregistreer<\/strong>&nbsp;je nu voor het nieuwe seizoen in het&nbsp;<strong>voorjaar van 2027<\/strong>&nbsp;en geniet van volgende voordelen:<\/p>\n<ul>\n<li>Schrijf je&nbsp;<strong>24u v\u00f3\u00f3r de offici\u00eble opening<\/strong>&nbsp;van de boekingen in, namelijk op 16 september om 16:00 uur<\/li>\n<li>Profiteer van onze&nbsp;<strong>early bird prijs<\/strong><\/li>\n<li>Boek met onze&nbsp;<strong>superflex boekingsvoorwaarden<\/strong><\/li>\n<\/ul><\/div>\n\t                                                    <div class=\"tb-buttons-part\">\n                                                                            \t\t<a href=\"https:\/\/travelbase.pro.typeform.com\/tjt27snlprereg\"  target=\"_blank\" data-mode=\"popup\" data-url=\"https:\/\/travelbase.pro.typeform.com\/tjt27snlprereg\" class=\"tb-button typeform-share\">\n\t\t\tPreregistreer | Voorjaar 2027\t\t<\/a>\n\t\t\t\t\t<script>\n\t\t\t\t(function() {\n\t\t\t\t\tvar qs, js, q, s, d = document,\n\t\t\t\t\t\tgi = d.getElementById,\n\t\t\t\t\t\tce = d.createElement,\n\t\t\t\t\t\tgt = d.getElementsByTagName,\n\t\t\t\t\t\tid = \"typef_orm_share\",\n\t\t\t\t\t\tb = \"https:\/\/embed.typeform.com\/\";\n\t\t\t\t\tif (!gi.call(d, id)) {\n\t\t\t\t\t\tjs = ce.call(d, \"script\");\n\t\t\t\t\t\tjs.id = id;\n\t\t\t\t\t\tjs.src = b + \"embed.js\";\n\t\t\t\t\t\tq = gt.call(d, \"script\")[0];\n\t\t\t\t\t\tq.parentNode.insertBefore(js, q);\n\t\t\t\t\t}\n\t\t\t\t})();\n\t\t\t<\/script>\n\t\t                                                                                                                                                        \t\t<a href=\"https:\/\/thejordantrail.org\/nl\/jordan-trail-2026\/\"  target=\"_blank\" class=\"tb-buttonlink\">\n\t\t\tAanbod najaar 2026\t\t<\/a>\n\t\t                                            <\/div>\n                            <\/div>\n\n            \n            \n<div class=\"tb-skeleton tb-skeleton--calendar-v2 tb-skeleton--inactive\">\n    <!-- <div class=\"section-toggler section-toggler--small tb-skeleton__border tb-skeleton__disabled\">\n        <div class=\"section-toggler__inner\">\n            <div class=\"section-toggler__toggle-wrapper\">\n                <div class=\"section-toggler__toggles\">\n                    <input type=\"radio\" name=\"2025\" checked>\n                    <label class=\"tb-skeleton__background tb-skeleton__border\" for=\"\"><span class=\"tb-skeleton__bone\"><span class=\"tb-skeleton__invisible-text\">2025<\/span><\/span><\/label>\n                    <input type=\"radio\" name=\"2026\">\n                    <label class=\"tb-skeleton__border\" for=\"\"><span class=\"tb-skeleton__bone\"><span class=\"tb-skeleton__invisible-text\">2026<\/span><\/span><\/label>\n                <\/div>\n            <\/div>\n        <\/div>\n    <\/div> -->\n    <div class=\"tb-calendar-v2__year\" id=\"year-section-0\">\n        <div class=\"tb-block\">\n            <div class=\"section-toggler section-toggler--fake section-toggler--blocks tb-skeleton__border tb-skeleton__disabled\">\n                <div class=\"section-toggler__inner\">\n                    <div class=\"section-toggler__toggle-wrapper\">\n                        <div class=\"section-toggler__toggles\">\n                            <input type=\"radio\" name=\"Jan\" checked>\n                            <label class=\"tb-skeleton__background tb-skeleton__border\" for=\"\"><span class=\"tb-skeleton__bone\"><span class=\"tb-skeleton__invisible-text\">Jan<\/span><\/span><\/label>\n                            <input type=\"radio\" name=\"Feb\">\n                            <label class=\"tb-skeleton__border\" for=\"\"><span class=\"tb-skeleton__bone\"><span class=\"tb-skeleton__invisible-text\">Feb<\/span><\/span><\/label>\n                            <input type=\"radio\" name=\"Mar\">\n                            <label class=\"tb-skeleton__border\" for=\"\"><span class=\"tb-skeleton__bone\"><span class=\"tb-skeleton__invisible-text\">Mar<\/span><\/span><\/label>\n                            <input type=\"radio\" name=\"Apr\">\n                            <label class=\"tb-skeleton__border\" for=\"\"><span class=\"tb-skeleton__bone\"><span class=\"tb-skeleton__invisible-text\">Apr<\/span><\/span><\/label>\n                            <input type=\"radio\" name=\"May\">\n                            <label class=\"tb-skeleton__border\" for=\"\"><span class=\"tb-skeleton__bone\"><span class=\"tb-skeleton__invisible-text\">May<\/span><\/span><\/label>\n                        <\/div>\n                    <\/div>\n                <\/div>\n            <\/div>\n            <div class=\"tb-calendar-v2__month\" id=\"year-0-month-section-0\">\n                <ul class=\" tb-calendar-v2__departures\">\n                                            <li class=\"tb-calendar-v2__departure tb-calendar-v2-departure tb-skeleton__border\" data-availability=\"free\">\n                            <div class=\"tb-calendar-v2-departure__essential\">\n                                <div class=\"tb-calendar-v2-departure__first-part\">\n                                    <div class=\"tb-calendar-v2-departure__destination desktop-only\">\n                                        <span class=\"tb-skeleton__bone\"><span class=\"tb-skeleton__invisible-text\"><strong>Example trip<\/strong><\/span><\/span>\n                                    <\/div>\n                                    <div class=\"tb-calendar-v2-departure__dates\">\n                                        <div class=\"tb-calendar-v2-departure__startdate \">\n                                            <span class=\"tb-skeleton__bone\"><span class=\"tb-skeleton__invisible-text\">Monday<\/span><\/span>\n                                            <span class=\"tb-skeleton__bone\"><span class=\"tb-skeleton__invisible-text\"><strong>20 Jan 2025<\/strong><\/span><\/span>\n                                        <\/div>\n                                        <span class=\"tb-skeleton__bone\"><span class=\"tb-skeleton__invisible-text\"><i class=\"fa-solid fa-arrow-right\"><\/i><\/span><\/span>\n                                        <div class=\"tb-calendar-v2-departure__enddate\">\n                                            <span class=\"tb-skeleton__bone\"><span class=\"tb-skeleton__invisible-text\">Sunday<\/span><\/span>\n                                            <span class=\"tb-skeleton__bone\"><span class=\"tb-skeleton__invisible-text\"><strong>26 Jan 2025<\/strong><\/span><\/span>\n                                        <\/div>\n                                    <\/div>\n                                    <div class=\"tb-calendar-v2-departure__divider desktop-only tb-skeleton__bone\"><\/div>\n                                    <div class=\"tb-calendar-v2-departure__availability desktop-only\" data-availability=\"free\"><strong>\n                                            <span class=\"tb-skeleton__bone\"><span class=\"tb-skeleton__invisible-text\">Beschikbaar<\/span><\/span>\n                                        <\/strong><\/div>\n                                    <div class=\"tb-calendar-v2-departure__spots desktop-only\">\n                                        <span class=\"tb-skeleton__bone\"><span class=\"tb-skeleton__invisible-text\">\n                                                                                             <\/span><\/span>\n                                    <\/div>\n                                <\/div>\n                                <div class=\"tb-calendar-v2-departure__last-part\">\n                                    <div class=\"tb-calendar-v2-departure__price\"><span class=\"tb-skeleton__bone\"><span class=\"tb-skeleton__invisible-text\"><strong>\u20ac 1450<\/strong><\/span><\/span><\/div>\n                                    <div class=\"tb-calendar-v2-departure__availability mobile-only\" data-availability=\"free\">\n                                        <strong>\n                                            <span class=\"tb-skeleton__bone\"><span class=\"tb-skeleton__invisible-text\">Beschikbaar<\/span><\/span>\n                                        <\/strong>\n                                    <\/div>\n                                    <div class=\"tb-calendar-v2-departure__expand-button tb-skeleton__disabled desktop-only\" disabled>\n                                        <span class=\"tb-skeleton__bone\"><span class=\"tb-skeleton__invisible-text\"><i class=\"fa-solid fa-chevron-down\"><\/i><\/span><\/span>\n                                    <\/div>\n                                <\/div>\n                            <\/div>\n                            <div class=\"tb-calendar-v2-departure__divider mobile-only tb-skeleton__bone\"><\/div>\n                            <div class=\"tb-calendar-v2-departure__expand-button mobile-only tb-skeleton__disabled\" disabled>\n                                <span class=\"tb-skeleton__bone\"><span class=\"tb-skeleton__invisible-text\"><span class=\"more-info\">Meer info<\/span> <span class=\"less-info\">Minder info<\/span> <i class=\"fa-solid fa-chevron-down\"><\/i><\/span><\/span>\n                            <\/div>\n                        <\/li>\n                                            <li class=\"tb-calendar-v2__departure tb-calendar-v2-departure tb-skeleton__border\" data-availability=\"free\">\n                            <div class=\"tb-calendar-v2-departure__essential\">\n                                <div class=\"tb-calendar-v2-departure__first-part\">\n                                    <div class=\"tb-calendar-v2-departure__destination desktop-only\">\n                                        <span class=\"tb-skeleton__bone\"><span class=\"tb-skeleton__invisible-text\"><strong>Example trip<\/strong><\/span><\/span>\n                                    <\/div>\n                                    <div class=\"tb-calendar-v2-departure__dates\">\n                                        <div class=\"tb-calendar-v2-departure__startdate \">\n                                            <span class=\"tb-skeleton__bone\"><span class=\"tb-skeleton__invisible-text\">Monday<\/span><\/span>\n                                            <span class=\"tb-skeleton__bone\"><span class=\"tb-skeleton__invisible-text\"><strong>20 Jan 2025<\/strong><\/span><\/span>\n                                        <\/div>\n                                        <span class=\"tb-skeleton__bone\"><span class=\"tb-skeleton__invisible-text\"><i class=\"fa-solid fa-arrow-right\"><\/i><\/span><\/span>\n                                        <div class=\"tb-calendar-v2-departure__enddate\">\n                                            <span class=\"tb-skeleton__bone\"><span class=\"tb-skeleton__invisible-text\">Sunday<\/span><\/span>\n                                            <span class=\"tb-skeleton__bone\"><span class=\"tb-skeleton__invisible-text\"><strong>26 Jan 2025<\/strong><\/span><\/span>\n                                        <\/div>\n                                    <\/div>\n                                    <div class=\"tb-calendar-v2-departure__divider desktop-only tb-skeleton__bone\"><\/div>\n                                    <div class=\"tb-calendar-v2-departure__availability desktop-only\" data-availability=\"free\"><strong>\n                                            <span class=\"tb-skeleton__bone\"><span class=\"tb-skeleton__invisible-text\">Beschikbaar<\/span><\/span>\n                                        <\/strong><\/div>\n                                    <div class=\"tb-calendar-v2-departure__spots desktop-only\">\n                                        <span class=\"tb-skeleton__bone\"><span class=\"tb-skeleton__invisible-text\">\n                                                                                             <\/span><\/span>\n                                    <\/div>\n                                <\/div>\n                                <div class=\"tb-calendar-v2-departure__last-part\">\n                                    <div class=\"tb-calendar-v2-departure__price\"><span class=\"tb-skeleton__bone\"><span class=\"tb-skeleton__invisible-text\"><strong>\u20ac 1450<\/strong><\/span><\/span><\/div>\n                                    <div class=\"tb-calendar-v2-departure__availability mobile-only\" data-availability=\"free\">\n                                        <strong>\n                                            <span class=\"tb-skeleton__bone\"><span class=\"tb-skeleton__invisible-text\">Beschikbaar<\/span><\/span>\n                                        <\/strong>\n                                    <\/div>\n                                    <div class=\"tb-calendar-v2-departure__expand-button tb-skeleton__disabled desktop-only\" disabled>\n                                        <span class=\"tb-skeleton__bone\"><span class=\"tb-skeleton__invisible-text\"><i class=\"fa-solid fa-chevron-down\"><\/i><\/span><\/span>\n                                    <\/div>\n                                <\/div>\n                            <\/div>\n                            <div class=\"tb-calendar-v2-departure__divider mobile-only tb-skeleton__bone\"><\/div>\n                            <div class=\"tb-calendar-v2-departure__expand-button mobile-only tb-skeleton__disabled\" disabled>\n                                <span class=\"tb-skeleton__bone\"><span class=\"tb-skeleton__invisible-text\"><span class=\"more-info\">Meer info<\/span> <span class=\"less-info\">Minder info<\/span> <i class=\"fa-solid fa-chevron-down\"><\/i><\/span><\/span>\n                            <\/div>\n                        <\/li>\n                                            <li class=\"tb-calendar-v2__departure tb-calendar-v2-departure tb-skeleton__border\" data-availability=\"free\">\n                            <div class=\"tb-calendar-v2-departure__essential\">\n                                <div class=\"tb-calendar-v2-departure__first-part\">\n                                    <div class=\"tb-calendar-v2-departure__destination desktop-only\">\n                                        <span class=\"tb-skeleton__bone\"><span class=\"tb-skeleton__invisible-text\"><strong>Example trip<\/strong><\/span><\/span>\n                                    <\/div>\n                                    <div class=\"tb-calendar-v2-departure__dates\">\n                                        <div class=\"tb-calendar-v2-departure__startdate \">\n                                            <span class=\"tb-skeleton__bone\"><span class=\"tb-skeleton__invisible-text\">Monday<\/span><\/span>\n                                            <span class=\"tb-skeleton__bone\"><span class=\"tb-skeleton__invisible-text\"><strong>20 Jan 2025<\/strong><\/span><\/span>\n                                        <\/div>\n                                        <span class=\"tb-skeleton__bone\"><span class=\"tb-skeleton__invisible-text\"><i class=\"fa-solid fa-arrow-right\"><\/i><\/span><\/span>\n                                        <div class=\"tb-calendar-v2-departure__enddate\">\n                                            <span class=\"tb-skeleton__bone\"><span class=\"tb-skeleton__invisible-text\">Sunday<\/span><\/span>\n                                            <span class=\"tb-skeleton__bone\"><span class=\"tb-skeleton__invisible-text\"><strong>26 Jan 2025<\/strong><\/span><\/span>\n                                        <\/div>\n                                    <\/div>\n                                    <div class=\"tb-calendar-v2-departure__divider desktop-only tb-skeleton__bone\"><\/div>\n                                    <div class=\"tb-calendar-v2-departure__availability desktop-only\" data-availability=\"free\"><strong>\n                                            <span class=\"tb-skeleton__bone\"><span class=\"tb-skeleton__invisible-text\">Beschikbaar<\/span><\/span>\n                                        <\/strong><\/div>\n                                    <div class=\"tb-calendar-v2-departure__spots desktop-only\">\n                                        <span class=\"tb-skeleton__bone\"><span class=\"tb-skeleton__invisible-text\">\n                                                                                             <\/span><\/span>\n                                    <\/div>\n                                <\/div>\n                                <div class=\"tb-calendar-v2-departure__last-part\">\n                                    <div class=\"tb-calendar-v2-departure__price\"><span class=\"tb-skeleton__bone\"><span class=\"tb-skeleton__invisible-text\"><strong>\u20ac 1450<\/strong><\/span><\/span><\/div>\n                                    <div class=\"tb-calendar-v2-departure__availability mobile-only\" data-availability=\"free\">\n                                        <strong>\n                                            <span class=\"tb-skeleton__bone\"><span class=\"tb-skeleton__invisible-text\">Beschikbaar<\/span><\/span>\n                                        <\/strong>\n                                    <\/div>\n                                    <div class=\"tb-calendar-v2-departure__expand-button tb-skeleton__disabled desktop-only\" disabled>\n                                        <span class=\"tb-skeleton__bone\"><span class=\"tb-skeleton__invisible-text\"><i class=\"fa-solid fa-chevron-down\"><\/i><\/span><\/span>\n                                    <\/div>\n                                <\/div>\n                            <\/div>\n                            <div class=\"tb-calendar-v2-departure__divider mobile-only tb-skeleton__bone\"><\/div>\n                            <div class=\"tb-calendar-v2-departure__expand-button mobile-only tb-skeleton__disabled\" disabled>\n                                <span class=\"tb-skeleton__bone\"><span class=\"tb-skeleton__invisible-text\"><span class=\"more-info\">Meer info<\/span> <span class=\"less-info\">Minder info<\/span> <i class=\"fa-solid fa-chevron-down\"><\/i><\/span><\/span>\n                            <\/div>\n                        <\/li>\n                                            <li class=\"tb-calendar-v2__departure tb-calendar-v2-departure tb-skeleton__border\" data-availability=\"free\">\n                            <div class=\"tb-calendar-v2-departure__essential\">\n                                <div class=\"tb-calendar-v2-departure__first-part\">\n                                    <div class=\"tb-calendar-v2-departure__destination desktop-only\">\n                                        <span class=\"tb-skeleton__bone\"><span class=\"tb-skeleton__invisible-text\"><strong>Example trip<\/strong><\/span><\/span>\n                                    <\/div>\n                                    <div class=\"tb-calendar-v2-departure__dates\">\n                                        <div class=\"tb-calendar-v2-departure__startdate \">\n                                            <span class=\"tb-skeleton__bone\"><span class=\"tb-skeleton__invisible-text\">Monday<\/span><\/span>\n                                            <span class=\"tb-skeleton__bone\"><span class=\"tb-skeleton__invisible-text\"><strong>20 Jan 2025<\/strong><\/span><\/span>\n                                        <\/div>\n                                        <span class=\"tb-skeleton__bone\"><span class=\"tb-skeleton__invisible-text\"><i class=\"fa-solid fa-arrow-right\"><\/i><\/span><\/span>\n                                        <div class=\"tb-calendar-v2-departure__enddate\">\n                                            <span class=\"tb-skeleton__bone\"><span class=\"tb-skeleton__invisible-text\">Sunday<\/span><\/span>\n                                            <span class=\"tb-skeleton__bone\"><span class=\"tb-skeleton__invisible-text\"><strong>26 Jan 2025<\/strong><\/span><\/span>\n                                        <\/div>\n                                    <\/div>\n                                    <div class=\"tb-calendar-v2-departure__divider desktop-only tb-skeleton__bone\"><\/div>\n                                    <div class=\"tb-calendar-v2-departure__availability desktop-only\" data-availability=\"free\"><strong>\n                                            <span class=\"tb-skeleton__bone\"><span class=\"tb-skeleton__invisible-text\">Beschikbaar<\/span><\/span>\n                                        <\/strong><\/div>\n                                    <div class=\"tb-calendar-v2-departure__spots desktop-only\">\n                                        <span class=\"tb-skeleton__bone\"><span class=\"tb-skeleton__invisible-text\">\n                                                                                             <\/span><\/span>\n                                    <\/div>\n                                <\/div>\n                                <div class=\"tb-calendar-v2-departure__last-part\">\n                                    <div class=\"tb-calendar-v2-departure__price\"><span class=\"tb-skeleton__bone\"><span class=\"tb-skeleton__invisible-text\"><strong>\u20ac 1450<\/strong><\/span><\/span><\/div>\n                                    <div class=\"tb-calendar-v2-departure__availability mobile-only\" data-availability=\"free\">\n                                        <strong>\n                                            <span class=\"tb-skeleton__bone\"><span class=\"tb-skeleton__invisible-text\">Beschikbaar<\/span><\/span>\n                                        <\/strong>\n                                    <\/div>\n                                    <div class=\"tb-calendar-v2-departure__expand-button tb-skeleton__disabled desktop-only\" disabled>\n                                        <span class=\"tb-skeleton__bone\"><span class=\"tb-skeleton__invisible-text\"><i class=\"fa-solid fa-chevron-down\"><\/i><\/span><\/span>\n                                    <\/div>\n                                <\/div>\n                            <\/div>\n                            <div class=\"tb-calendar-v2-departure__divider mobile-only tb-skeleton__bone\"><\/div>\n                            <div class=\"tb-calendar-v2-departure__expand-button mobile-only tb-skeleton__disabled\" disabled>\n                                <span class=\"tb-skeleton__bone\"><span class=\"tb-skeleton__invisible-text\"><span class=\"more-info\">Meer info<\/span> <span class=\"less-info\">Minder info<\/span> <i class=\"fa-solid fa-chevron-down\"><\/i><\/span><\/span>\n                            <\/div>\n                        <\/li>\n                                            <li class=\"tb-calendar-v2__departure tb-calendar-v2-departure tb-skeleton__border\" data-availability=\"free\">\n                            <div class=\"tb-calendar-v2-departure__essential\">\n                                <div class=\"tb-calendar-v2-departure__first-part\">\n                                    <div class=\"tb-calendar-v2-departure__destination desktop-only\">\n                                        <span class=\"tb-skeleton__bone\"><span class=\"tb-skeleton__invisible-text\"><strong>Example trip<\/strong><\/span><\/span>\n                                    <\/div>\n                                    <div class=\"tb-calendar-v2-departure__dates\">\n                                        <div class=\"tb-calendar-v2-departure__startdate \">\n                                            <span class=\"tb-skeleton__bone\"><span class=\"tb-skeleton__invisible-text\">Monday<\/span><\/span>\n                                            <span class=\"tb-skeleton__bone\"><span class=\"tb-skeleton__invisible-text\"><strong>20 Jan 2025<\/strong><\/span><\/span>\n                                        <\/div>\n                                        <span class=\"tb-skeleton__bone\"><span class=\"tb-skeleton__invisible-text\"><i class=\"fa-solid fa-arrow-right\"><\/i><\/span><\/span>\n                                        <div class=\"tb-calendar-v2-departure__enddate\">\n                                            <span class=\"tb-skeleton__bone\"><span class=\"tb-skeleton__invisible-text\">Sunday<\/span><\/span>\n                                            <span class=\"tb-skeleton__bone\"><span class=\"tb-skeleton__invisible-text\"><strong>26 Jan 2025<\/strong><\/span><\/span>\n                                        <\/div>\n                                    <\/div>\n                                    <div class=\"tb-calendar-v2-departure__divider desktop-only tb-skeleton__bone\"><\/div>\n                                    <div class=\"tb-calendar-v2-departure__availability desktop-only\" data-availability=\"free\"><strong>\n                                            <span class=\"tb-skeleton__bone\"><span class=\"tb-skeleton__invisible-text\">Beschikbaar<\/span><\/span>\n                                        <\/strong><\/div>\n                                    <div class=\"tb-calendar-v2-departure__spots desktop-only\">\n                                        <span class=\"tb-skeleton__bone\"><span class=\"tb-skeleton__invisible-text\">\n                                                                                             <\/span><\/span>\n                                    <\/div>\n                                <\/div>\n                                <div class=\"tb-calendar-v2-departure__last-part\">\n                                    <div class=\"tb-calendar-v2-departure__price\"><span class=\"tb-skeleton__bone\"><span class=\"tb-skeleton__invisible-text\"><strong>\u20ac 1450<\/strong><\/span><\/span><\/div>\n                                    <div class=\"tb-calendar-v2-departure__availability mobile-only\" data-availability=\"free\">\n                                        <strong>\n                                            <span class=\"tb-skeleton__bone\"><span class=\"tb-skeleton__invisible-text\">Beschikbaar<\/span><\/span>\n                                        <\/strong>\n                                    <\/div>\n                                    <div class=\"tb-calendar-v2-departure__expand-button tb-skeleton__disabled desktop-only\" disabled>\n                                        <span class=\"tb-skeleton__bone\"><span class=\"tb-skeleton__invisible-text\"><i class=\"fa-solid fa-chevron-down\"><\/i><\/span><\/span>\n                                    <\/div>\n                                <\/div>\n                            <\/div>\n                            <div class=\"tb-calendar-v2-departure__divider mobile-only tb-skeleton__bone\"><\/div>\n                            <div class=\"tb-calendar-v2-departure__expand-button mobile-only tb-skeleton__disabled\" disabled>\n                                <span class=\"tb-skeleton__bone\"><span class=\"tb-skeleton__invisible-text\"><span class=\"more-info\">Meer info<\/span> <span class=\"less-info\">Minder info<\/span> <i class=\"fa-solid fa-chevron-down\"><\/i><\/span><\/span>\n                            <\/div>\n                        <\/li>\n                                            <li class=\"tb-calendar-v2__departure tb-calendar-v2-departure tb-skeleton__border\" data-availability=\"free\">\n                            <div class=\"tb-calendar-v2-departure__essential\">\n                                <div class=\"tb-calendar-v2-departure__first-part\">\n                                    <div class=\"tb-calendar-v2-departure__destination desktop-only\">\n                                        <span class=\"tb-skeleton__bone\"><span class=\"tb-skeleton__invisible-text\"><strong>Example trip<\/strong><\/span><\/span>\n                                    <\/div>\n                                    <div class=\"tb-calendar-v2-departure__dates\">\n                                        <div class=\"tb-calendar-v2-departure__startdate \">\n                                            <span class=\"tb-skeleton__bone\"><span class=\"tb-skeleton__invisible-text\">Monday<\/span><\/span>\n                                            <span class=\"tb-skeleton__bone\"><span class=\"tb-skeleton__invisible-text\"><strong>20 Jan 2025<\/strong><\/span><\/span>\n                                        <\/div>\n                                        <span class=\"tb-skeleton__bone\"><span class=\"tb-skeleton__invisible-text\"><i class=\"fa-solid fa-arrow-right\"><\/i><\/span><\/span>\n                                        <div class=\"tb-calendar-v2-departure__enddate\">\n                                            <span class=\"tb-skeleton__bone\"><span class=\"tb-skeleton__invisible-text\">Sunday<\/span><\/span>\n                                            <span class=\"tb-skeleton__bone\"><span class=\"tb-skeleton__invisible-text\"><strong>26 Jan 2025<\/strong><\/span><\/span>\n                                        <\/div>\n                                    <\/div>\n                                    <div class=\"tb-calendar-v2-departure__divider desktop-only tb-skeleton__bone\"><\/div>\n                                    <div class=\"tb-calendar-v2-departure__availability desktop-only\" data-availability=\"free\"><strong>\n                                            <span class=\"tb-skeleton__bone\"><span class=\"tb-skeleton__invisible-text\">Beschikbaar<\/span><\/span>\n                                        <\/strong><\/div>\n                                    <div class=\"tb-calendar-v2-departure__spots desktop-only\">\n                                        <span class=\"tb-skeleton__bone\"><span class=\"tb-skeleton__invisible-text\">\n                                                                                             <\/span><\/span>\n                                    <\/div>\n                                <\/div>\n                                <div class=\"tb-calendar-v2-departure__last-part\">\n                                    <div class=\"tb-calendar-v2-departure__price\"><span class=\"tb-skeleton__bone\"><span class=\"tb-skeleton__invisible-text\"><strong>\u20ac 1450<\/strong><\/span><\/span><\/div>\n                                    <div class=\"tb-calendar-v2-departure__availability mobile-only\" data-availability=\"free\">\n                                        <strong>\n                                            <span class=\"tb-skeleton__bone\"><span class=\"tb-skeleton__invisible-text\">Beschikbaar<\/span><\/span>\n                                        <\/strong>\n                                    <\/div>\n                                    <div class=\"tb-calendar-v2-departure__expand-button tb-skeleton__disabled desktop-only\" disabled>\n                                        <span class=\"tb-skeleton__bone\"><span class=\"tb-skeleton__invisible-text\"><i class=\"fa-solid fa-chevron-down\"><\/i><\/span><\/span>\n                                    <\/div>\n                                <\/div>\n                            <\/div>\n                            <div class=\"tb-calendar-v2-departure__divider mobile-only tb-skeleton__bone\"><\/div>\n                            <div class=\"tb-calendar-v2-departure__expand-button mobile-only tb-skeleton__disabled\" disabled>\n                                <span class=\"tb-skeleton__bone\"><span class=\"tb-skeleton__invisible-text\"><span class=\"more-info\">Meer info<\/span> <span class=\"less-info\">Minder info<\/span> <i class=\"fa-solid fa-chevron-down\"><\/i><\/span><\/span>\n                            <\/div>\n                        <\/li>\n                                    <\/ul>\n            <\/div>\n        <\/div>\n    <\/div>\n<\/div>            <div class=\"tb-calendar-v2 tb-sections\" data-calendar-data=\"{&quot;packages&quot;:[{&quot;type&quot;:&quot;packages&quot;,&quot;id&quot;:&quot;TJT-TJT&quot;,&quot;attributes&quot;:{&quot;name&quot;:&quot;The Jordan Trail&quot;,&quot;destinationName&quot;:&quot;Jordan&quot;,&quot;destinationTitle&quot;:{&quot;de&quot;:&quot;Jordan&quot;,&quot;en&quot;:&quot;Jordan&quot;,&quot;fr&quot;:&quot;Jordan&quot;,&quot;nl&quot;:&quot;Jordan&quot;},&quot;destinationCountry&quot;:&quot;JO&quot;,&quot;status&quot;:&quot;active&quot;,&quot;sortOrder&quot;:null,&quot;updatedAt&quot;:&quot;2026-08-31T17:16:20.000000Z&quot;,&quot;inclusives&quot;:[&quot;4 nachten kamperen midden in de natuur&quot;,&quot;2 hotelovernachtingen in Madaba en Petra&quot;,&quot;Alle interne shuttles tijdens de trail&quot;,&quot;Ervaren Travelbase- en lokale gidsen&quot;,&quot;Travelbase Trailapp met route, tips en praktische info&quot;,&quot;5 wandeldagen over de legendarische Jordan Trail&quot;]},&quot;relationships&quot;:{&quot;brand&quot;:{&quot;data&quot;:{&quot;type&quot;:&quot;brands&quot;,&quot;id&quot;:&quot;TJT&quot;}}}}],&quot;brands&quot;:[{&quot;type&quot;:&quot;brands&quot;,&quot;id&quot;:&quot;TJT&quot;,&quot;attributes&quot;:{&quot;name&quot;:&quot;The Jordan Trail&quot;,&quot;translatableName&quot;:{&quot;de&quot;:&quot;Jordan Trail&quot;,&quot;en&quot;:&quot;The Jordan Trail&quot;,&quot;fr&quot;:&quot;Jordan Trail&quot;,&quot;nl&quot;:&quot;The Jordan Trail&quot;}}}],&quot;departures&quot;:[{&quot;type&quot;:&quot;departures&quot;,&quot;id&quot;:&quot;t11690&quot;,&quot;attributes&quot;:{&quot;name&quot;:&quot;TJT26A-W42-WED&quot;,&quot;start&quot;:&quot;2026-10-14T10:00:00.000000Z&quot;,&quot;end&quot;:&quot;2026-10-21T12:00:00.000000Z&quot;,&quot;cheapestPrice&quot;:605,&quot;languages&quot;:[&quot;nl&quot;,&quot;fr&quot;,&quot;en&quot;,&quot;de&quot;],&quot;availableSpots&quot;:0,&quot;bookedSpots&quot;:20,&quot;fakeLabel&quot;:&quot;sold out&quot;,&quot;availabilityLabel&quot;:&quot;sold out&quot;,&quot;promoLabel&quot;:&quot;&quot;,&quot;status&quot;:&quot;active&quot;,&quot;calendarToggles&quot;:[{&quot;value&quot;:&quot;Amsterdam&quot;,&quot;label&quot;:{&quot;en&quot;:&quot;Flights from Amsterdam + shuttle&quot;,&quot;nl&quot;:&quot;Heen- en retourvlucht Amsterdam&quot;,&quot;fr&quot;:&quot;Vols + navette depuis Amsterdam&quot;,&quot;de&quot;:&quot;Fl\\u00fcge ab Amsterdam &quot;},&quot;price&quot;:false,&quot;status&quot;:&quot;sold_out&quot;,&quot;language_hidden&quot;:[&quot;fr&quot;,&quot;de&quot;],&quot;startIncrement&quot;:0,&quot;endIncrement&quot;:0,&quot;var_name&quot;:&quot;flight_copy&quot;,&quot;category_label&quot;:{&quot;en&quot;:&quot;Flights&quot;,&quot;nl&quot;:&quot;Vluchten&quot;,&quot;fr&quot;:&quot;Vols&quot;,&quot;de&quot;:&quot;Fl\\u00fcge&quot;}},{&quot;value&quot;:&quot;Brussels&quot;,&quot;label&quot;:{&quot;en&quot;:&quot;Flights from Brussels + shuttles&quot;,&quot;nl&quot;:&quot;Heen- en retourvlucht Brussel&quot;,&quot;fr&quot;:&quot;Vols + navette depuis Bruxelles&quot;,&quot;de&quot;:&quot;Fl\\u00fcge ab Br\\u00fcssel &quot;},&quot;price&quot;:false,&quot;status&quot;:&quot;disabled&quot;,&quot;language_hidden&quot;:[&quot;de&quot;],&quot;startIncrement&quot;:0,&quot;endIncrement&quot;:0,&quot;var_name&quot;:&quot;flight_copy&quot;,&quot;category_label&quot;:{&quot;en&quot;:&quot;Flights&quot;,&quot;nl&quot;:&quot;Vluchten&quot;,&quot;fr&quot;:&quot;Vols&quot;,&quot;de&quot;:&quot;Fl\\u00fcge&quot;}},{&quot;value&quot;:&quot;Paris&quot;,&quot;label&quot;:{&quot;en&quot;:&quot;Flights from Paris + airport transfer&quot;,&quot;nl&quot;:&quot;Heen- en retourvlucht Parijs&quot;,&quot;fr&quot;:&quot;Vols + navette depuis Paris&quot;,&quot;de&quot;:&quot;Fl\\u00fcge ab Paris &quot;},&quot;price&quot;:560,&quot;status&quot;:&quot;available&quot;,&quot;language_hidden&quot;:[&quot;nl&quot;,&quot;de&quot;],&quot;startIncrement&quot;:0,&quot;endIncrement&quot;:0,&quot;var_name&quot;:&quot;flight_copy&quot;,&quot;category_label&quot;:{&quot;en&quot;:&quot;Flights&quot;,&quot;nl&quot;:&quot;Vluchten&quot;,&quot;fr&quot;:&quot;Vols&quot;,&quot;de&quot;:&quot;Fl\\u00fcge&quot;}},{&quot;value&quot;:&quot;D\\u00fcsseldorf&quot;,&quot;label&quot;:{&quot;en&quot;:&quot;Flights from D\\u00fcsseldorf + airport shuttle&quot;,&quot;nl&quot;:&quot;Heen- en retourvlucht D\\u00fcsseldorf&quot;,&quot;fr&quot;:&quot;Vols + navette depuis Dusseldorf&quot;,&quot;de&quot;:&quot;Fl\\u00fcge ab D\\u00fcsseldorf &quot;},&quot;price&quot;:550,&quot;status&quot;:&quot;available&quot;,&quot;language_hidden&quot;:[&quot;fr&quot;],&quot;startIncrement&quot;:0,&quot;endIncrement&quot;:0,&quot;var_name&quot;:&quot;flight_copy&quot;,&quot;category_label&quot;:{&quot;en&quot;:&quot;Flights&quot;,&quot;nl&quot;:&quot;Vluchten&quot;,&quot;fr&quot;:&quot;Vols&quot;,&quot;de&quot;:&quot;Fl\\u00fcge&quot;}},{&quot;value&quot;:&quot;Berlin&quot;,&quot;label&quot;:{&quot;en&quot;:&quot;Flights from Berlin + airport shuttles&quot;,&quot;nl&quot;:&quot;Heen- en retourvlucht Berlijn&quot;,&quot;fr&quot;:&quot;Vols + navettes depuis Berlin&quot;,&quot;de&quot;:&quot;Fl\\u00fcge ab Berlin &quot;},&quot;price&quot;:444,&quot;status&quot;:&quot;available&quot;,&quot;language_hidden&quot;:[&quot;nl&quot;,&quot;fr&quot;,&quot;en&quot;],&quot;startIncrement&quot;:0,&quot;endIncrement&quot;:0,&quot;var_name&quot;:&quot;flight_copy&quot;,&quot;category_label&quot;:{&quot;en&quot;:&quot;Flights&quot;,&quot;nl&quot;:&quot;Vluchten&quot;,&quot;fr&quot;:&quot;Vols&quot;,&quot;de&quot;:&quot;Fl\\u00fcge&quot;}},{&quot;value&quot;:&quot;Frankfurt&quot;,&quot;label&quot;:{&quot;en&quot;:&quot;Flights from Frankfurt + airport shuttles&quot;,&quot;nl&quot;:&quot;Heen- en retourvlucht Frankfurt&quot;,&quot;fr&quot;:&quot;Vols + navettes depuis Francfort&quot;,&quot;de&quot;:&quot;Fl\\u00fcge ab Frankfurt &quot;},&quot;price&quot;:550,&quot;status&quot;:&quot;available&quot;,&quot;language_hidden&quot;:[&quot;nl&quot;,&quot;fr&quot;,&quot;en&quot;],&quot;startIncrement&quot;:0,&quot;endIncrement&quot;:0,&quot;var_name&quot;:&quot;flight_copy&quot;,&quot;category_label&quot;:{&quot;en&quot;:&quot;Flights&quot;,&quot;nl&quot;:&quot;Vluchten&quot;,&quot;fr&quot;:&quot;Vols&quot;,&quot;de&quot;:&quot;Fl\\u00fcge&quot;}},{&quot;value&quot;:&quot;Hamburg&quot;,&quot;label&quot;:{&quot;en&quot;:&quot;Round trip flight to Hamburg&quot;,&quot;nl&quot;:&quot;Heen- en retourvlucht Hamburg&quot;,&quot;fr&quot;:&quot;Vols + navettes depuis Hambourg&quot;,&quot;de&quot;:&quot;Fl\\u00fcge ab Hamburg&quot;},&quot;price&quot;:836,&quot;status&quot;:&quot;available&quot;,&quot;language_hidden&quot;:[&quot;nl&quot;,&quot;fr&quot;,&quot;en&quot;],&quot;startIncrement&quot;:0,&quot;endIncrement&quot;:0,&quot;var_name&quot;:&quot;flight_copy&quot;,&quot;category_label&quot;:{&quot;en&quot;:&quot;Flights&quot;,&quot;nl&quot;:&quot;Vluchten&quot;,&quot;fr&quot;:&quot;Vols&quot;,&quot;de&quot;:&quot;Fl\\u00fcge&quot;}},{&quot;value&quot;:&quot;M\\u00fcnchen&quot;,&quot;label&quot;:{&quot;en&quot;:&quot;Round-trip flight to Munich&quot;,&quot;nl&quot;:&quot;Heen- en retourvlucht M\\u00fcnchen&quot;,&quot;fr&quot;:&quot;Vols + navettes depuisMunich&quot;,&quot;de&quot;:&quot;Fl\\u00fcge ab M\\u00fcnchen&quot;},&quot;price&quot;:687,&quot;status&quot;:&quot;available&quot;,&quot;language_hidden&quot;:[&quot;nl&quot;,&quot;fr&quot;,&quot;en&quot;],&quot;startIncrement&quot;:0,&quot;endIncrement&quot;:0,&quot;var_name&quot;:&quot;flight_copy&quot;,&quot;category_label&quot;:{&quot;en&quot;:&quot;Flights&quot;,&quot;nl&quot;:&quot;Vluchten&quot;,&quot;fr&quot;:&quot;Vols&quot;,&quot;de&quot;:&quot;Fl\\u00fcge&quot;}},{&quot;value&quot;:&quot;No flights&quot;,&quot;label&quot;:{&quot;en&quot;:&quot;No flights&quot;,&quot;nl&quot;:&quot;Zonder vluchten&quot;,&quot;fr&quot;:&quot;Pas de vol&quot;,&quot;de&quot;:&quot;Keine Fl\\u00fcge&quot;},&quot;price&quot;:0,&quot;status&quot;:&quot;available&quot;,&quot;language_hidden&quot;:[],&quot;startIncrement&quot;:0,&quot;endIncrement&quot;:0,&quot;var_name&quot;:&quot;flight_copy&quot;,&quot;category_label&quot;:{&quot;en&quot;:&quot;Flights&quot;,&quot;nl&quot;:&quot;Vluchten&quot;,&quot;fr&quot;:&quot;Vols&quot;,&quot;de&quot;:&quot;Fl\\u00fcge&quot;}}],&quot;bookable&quot;:false,&quot;bookingUrl&quot;:&quot;https:\\\/\\\/booking.travelbase.eu\\\/tjt26a\\\/book?trip=11690&quot;,&quot;packageId&quot;:&quot;TJT-TJT&quot;,&quot;sourceOfTruth&quot;:&quot;legacy&quot;,&quot;hasTime&quot;:true,&quot;quoteUrl&quot;:&quot;https:\\\/\\\/booking.travelbase.eu\\\/tjt26a\\\/offer?trip=11690&quot;}},{&quot;type&quot;:&quot;departures&quot;,&quot;id&quot;:&quot;t11683&quot;,&quot;attributes&quot;:{&quot;name&quot;:&quot;TJT26A-W43-SUN&quot;,&quot;start&quot;:&quot;2026-10-18T10:00:00.000000Z&quot;,&quot;end&quot;:&quot;2026-10-25T13:00:00.000000Z&quot;,&quot;cheapestPrice&quot;:630,&quot;languages&quot;:[&quot;nl&quot;],&quot;availableSpots&quot;:20,&quot;bookedSpots&quot;:0,&quot;fakeLabel&quot;:&quot;sold out&quot;,&quot;availabilityLabel&quot;:&quot;sold out&quot;,&quot;promoLabel&quot;:&quot;&quot;,&quot;status&quot;:&quot;active&quot;,&quot;calendarToggles&quot;:[{&quot;value&quot;:&quot;Amsterdam&quot;,&quot;label&quot;:{&quot;en&quot;:&quot;Flights from Amsterdam + shuttle&quot;,&quot;nl&quot;:&quot;Heen- en retourvlucht Amsterdam&quot;,&quot;fr&quot;:&quot;Vols + navette depuis Amsterdam&quot;,&quot;de&quot;:&quot;Fl\\u00fcge ab Amsterdam &quot;},&quot;price&quot;:560,&quot;status&quot;:&quot;available&quot;,&quot;language_hidden&quot;:[&quot;fr&quot;,&quot;de&quot;],&quot;startIncrement&quot;:0,&quot;endIncrement&quot;:0,&quot;var_name&quot;:&quot;flight_copy&quot;,&quot;category_label&quot;:{&quot;en&quot;:&quot;Flights&quot;,&quot;nl&quot;:&quot;Vluchten&quot;,&quot;fr&quot;:&quot;Vols&quot;,&quot;de&quot;:&quot;Fl\\u00fcge&quot;}},{&quot;value&quot;:&quot;Brussels&quot;,&quot;label&quot;:{&quot;en&quot;:&quot;Flights from Brussels + shuttles&quot;,&quot;nl&quot;:&quot;Heen- en retourvlucht Brussel&quot;,&quot;fr&quot;:&quot;Vols + navette depuis Bruxelles&quot;,&quot;de&quot;:&quot;Fl\\u00fcge ab Br\\u00fcssel &quot;},&quot;price&quot;:510,&quot;status&quot;:&quot;available&quot;,&quot;language_hidden&quot;:[&quot;de&quot;],&quot;startIncrement&quot;:0,&quot;endIncrement&quot;:0,&quot;var_name&quot;:&quot;flight_copy&quot;,&quot;category_label&quot;:{&quot;en&quot;:&quot;Flights&quot;,&quot;nl&quot;:&quot;Vluchten&quot;,&quot;fr&quot;:&quot;Vols&quot;,&quot;de&quot;:&quot;Fl\\u00fcge&quot;}},{&quot;value&quot;:&quot;Paris&quot;,&quot;label&quot;:{&quot;en&quot;:&quot;Flights from Paris + airport transfer&quot;,&quot;nl&quot;:&quot;Heen- en retourvlucht Parijs&quot;,&quot;fr&quot;:&quot;Vols + navette depuis Paris&quot;,&quot;de&quot;:&quot;Fl\\u00fcge ab Paris &quot;},&quot;price&quot;:false,&quot;status&quot;:&quot;disabled&quot;,&quot;language_hidden&quot;:[&quot;nl&quot;,&quot;de&quot;],&quot;startIncrement&quot;:0,&quot;endIncrement&quot;:0,&quot;var_name&quot;:&quot;flight_copy&quot;,&quot;category_label&quot;:{&quot;en&quot;:&quot;Flights&quot;,&quot;nl&quot;:&quot;Vluchten&quot;,&quot;fr&quot;:&quot;Vols&quot;,&quot;de&quot;:&quot;Fl\\u00fcge&quot;}},{&quot;value&quot;:&quot;D\\u00fcsseldorf&quot;,&quot;label&quot;:{&quot;en&quot;:&quot;Flights from D\\u00fcsseldorf + airport shuttle&quot;,&quot;nl&quot;:&quot;Heen- en retourvlucht D\\u00fcsseldorf&quot;,&quot;fr&quot;:&quot;Vols + navette depuis Dusseldorf&quot;,&quot;de&quot;:&quot;Fl\\u00fcge ab D\\u00fcsseldorf &quot;},&quot;price&quot;:false,&quot;status&quot;:&quot;disabled&quot;,&quot;language_hidden&quot;:[&quot;fr&quot;],&quot;startIncrement&quot;:0,&quot;endIncrement&quot;:0,&quot;var_name&quot;:&quot;flight_copy&quot;,&quot;category_label&quot;:{&quot;en&quot;:&quot;Flights&quot;,&quot;nl&quot;:&quot;Vluchten&quot;,&quot;fr&quot;:&quot;Vols&quot;,&quot;de&quot;:&quot;Fl\\u00fcge&quot;}},{&quot;value&quot;:&quot;Berlin&quot;,&quot;label&quot;:{&quot;en&quot;:&quot;Flights from Berlin + airport shuttles&quot;,&quot;nl&quot;:&quot;Heen- en retourvlucht Berlijn&quot;,&quot;fr&quot;:&quot;Vols + navettes depuis Berlin&quot;,&quot;de&quot;:&quot;Fl\\u00fcge ab Berlin &quot;},&quot;price&quot;:550,&quot;status&quot;:&quot;available&quot;,&quot;language_hidden&quot;:[&quot;nl&quot;,&quot;fr&quot;,&quot;en&quot;],&quot;startIncrement&quot;:0,&quot;endIncrement&quot;:0,&quot;var_name&quot;:&quot;flight_copy&quot;,&quot;category_label&quot;:{&quot;en&quot;:&quot;Flights&quot;,&quot;nl&quot;:&quot;Vluchten&quot;,&quot;fr&quot;:&quot;Vols&quot;,&quot;de&quot;:&quot;Fl\\u00fcge&quot;}},{&quot;value&quot;:&quot;Frankfurt&quot;,&quot;label&quot;:{&quot;en&quot;:&quot;Flights from Frankfurt + airport shuttles&quot;,&quot;nl&quot;:&quot;Heen- en retourvlucht Frankfurt&quot;,&quot;fr&quot;:&quot;Vols + navettes depuis Francfort&quot;,&quot;de&quot;:&quot;Fl\\u00fcge ab Frankfurt &quot;},&quot;price&quot;:false,&quot;status&quot;:&quot;disabled&quot;,&quot;language_hidden&quot;:[&quot;nl&quot;,&quot;fr&quot;,&quot;en&quot;],&quot;startIncrement&quot;:0,&quot;endIncrement&quot;:0,&quot;var_name&quot;:&quot;flight_copy&quot;,&quot;category_label&quot;:{&quot;en&quot;:&quot;Flights&quot;,&quot;nl&quot;:&quot;Vluchten&quot;,&quot;fr&quot;:&quot;Vols&quot;,&quot;de&quot;:&quot;Fl\\u00fcge&quot;}},{&quot;value&quot;:&quot;Hamburg&quot;,&quot;label&quot;:{&quot;en&quot;:&quot;Round trip flight to Hamburg&quot;,&quot;nl&quot;:&quot;Heen- en retourvlucht Hamburg&quot;,&quot;fr&quot;:&quot;Vols + navettes depuis Hambourg&quot;,&quot;de&quot;:&quot;Fl\\u00fcge ab Hamburg&quot;},&quot;price&quot;:false,&quot;status&quot;:&quot;disabled&quot;,&quot;language_hidden&quot;:[&quot;nl&quot;,&quot;fr&quot;,&quot;en&quot;],&quot;startIncrement&quot;:0,&quot;endIncrement&quot;:0,&quot;var_name&quot;:&quot;flight_copy&quot;,&quot;category_label&quot;:{&quot;en&quot;:&quot;Flights&quot;,&quot;nl&quot;:&quot;Vluchten&quot;,&quot;fr&quot;:&quot;Vols&quot;,&quot;de&quot;:&quot;Fl\\u00fcge&quot;}},{&quot;value&quot;:&quot;M\\u00fcnchen&quot;,&quot;label&quot;:{&quot;en&quot;:&quot;Round-trip flight to Munich&quot;,&quot;nl&quot;:&quot;Heen- en retourvlucht M\\u00fcnchen&quot;,&quot;fr&quot;:&quot;Vols + navettes depuisMunich&quot;,&quot;de&quot;:&quot;Fl\\u00fcge ab M\\u00fcnchen&quot;},&quot;price&quot;:false,&quot;status&quot;:&quot;disabled&quot;,&quot;language_hidden&quot;:[&quot;nl&quot;,&quot;fr&quot;,&quot;en&quot;],&quot;startIncrement&quot;:0,&quot;endIncrement&quot;:0,&quot;var_name&quot;:&quot;flight_copy&quot;,&quot;category_label&quot;:{&quot;en&quot;:&quot;Flights&quot;,&quot;nl&quot;:&quot;Vluchten&quot;,&quot;fr&quot;:&quot;Vols&quot;,&quot;de&quot;:&quot;Fl\\u00fcge&quot;}},{&quot;value&quot;:&quot;No flights&quot;,&quot;label&quot;:{&quot;en&quot;:&quot;No flights&quot;,&quot;nl&quot;:&quot;Zonder vluchten&quot;,&quot;fr&quot;:&quot;Pas de vol&quot;,&quot;de&quot;:&quot;Keine Fl\\u00fcge&quot;},&quot;price&quot;:0,&quot;status&quot;:&quot;available&quot;,&quot;language_hidden&quot;:[],&quot;startIncrement&quot;:0,&quot;endIncrement&quot;:0,&quot;var_name&quot;:&quot;flight_copy&quot;,&quot;category_label&quot;:{&quot;en&quot;:&quot;Flights&quot;,&quot;nl&quot;:&quot;Vluchten&quot;,&quot;fr&quot;:&quot;Vols&quot;,&quot;de&quot;:&quot;Fl\\u00fcge&quot;}}],&quot;bookable&quot;:false,&quot;bookingUrl&quot;:&quot;https:\\\/\\\/booking.travelbase.eu\\\/tjt26a\\\/book?trip=11683&quot;,&quot;packageId&quot;:&quot;TJT-TJT&quot;,&quot;sourceOfTruth&quot;:&quot;legacy&quot;,&quot;hasTime&quot;:true,&quot;quoteUrl&quot;:&quot;https:\\\/\\\/booking.travelbase.eu\\\/tjt26a\\\/offer?trip=11683&quot;}},{&quot;type&quot;:&quot;departures&quot;,&quot;id&quot;:&quot;t11691&quot;,&quot;attributes&quot;:{&quot;name&quot;:&quot;TJT26A-W43-WED&quot;,&quot;start&quot;:&quot;2026-10-21T10:00:00.000000Z&quot;,&quot;end&quot;:&quot;2026-10-28T13:00:00.000000Z&quot;,&quot;cheapestPrice&quot;:605,&quot;languages&quot;:[&quot;nl&quot;,&quot;fr&quot;,&quot;en&quot;,&quot;de&quot;],&quot;availableSpots&quot;:7,&quot;bookedSpots&quot;:13,&quot;fakeLabel&quot;:&quot;last stock&quot;,&quot;availabilityLabel&quot;:&quot;last spots&quot;,&quot;promoLabel&quot;:&quot;&quot;,&quot;status&quot;:&quot;active&quot;,&quot;calendarToggles&quot;:[{&quot;value&quot;:&quot;Amsterdam&quot;,&quot;label&quot;:{&quot;en&quot;:&quot;Flights from Amsterdam + shuttle&quot;,&quot;nl&quot;:&quot;Heen- en retourvlucht Amsterdam&quot;,&quot;fr&quot;:&quot;Vols + navette depuis Amsterdam&quot;,&quot;de&quot;:&quot;Fl\\u00fcge ab Amsterdam &quot;},&quot;price&quot;:560,&quot;status&quot;:&quot;available&quot;,&quot;language_hidden&quot;:[&quot;fr&quot;,&quot;de&quot;],&quot;startIncrement&quot;:0,&quot;endIncrement&quot;:0,&quot;var_name&quot;:&quot;flight_copy&quot;,&quot;category_label&quot;:{&quot;en&quot;:&quot;Flights&quot;,&quot;nl&quot;:&quot;Vluchten&quot;,&quot;fr&quot;:&quot;Vols&quot;,&quot;de&quot;:&quot;Fl\\u00fcge&quot;}},{&quot;value&quot;:&quot;Brussels&quot;,&quot;label&quot;:{&quot;en&quot;:&quot;Flights from Brussels + shuttles&quot;,&quot;nl&quot;:&quot;Heen- en retourvlucht Brussel&quot;,&quot;fr&quot;:&quot;Vols + navette depuis Bruxelles&quot;,&quot;de&quot;:&quot;Fl\\u00fcge ab Br\\u00fcssel &quot;},&quot;price&quot;:false,&quot;status&quot;:&quot;disabled&quot;,&quot;language_hidden&quot;:[&quot;de&quot;],&quot;startIncrement&quot;:0,&quot;endIncrement&quot;:0,&quot;var_name&quot;:&quot;flight_copy&quot;,&quot;category_label&quot;:{&quot;en&quot;:&quot;Flights&quot;,&quot;nl&quot;:&quot;Vluchten&quot;,&quot;fr&quot;:&quot;Vols&quot;,&quot;de&quot;:&quot;Fl\\u00fcge&quot;}},{&quot;value&quot;:&quot;Paris&quot;,&quot;label&quot;:{&quot;en&quot;:&quot;Flights from Paris + airport transfer&quot;,&quot;nl&quot;:&quot;Heen- en retourvlucht Parijs&quot;,&quot;fr&quot;:&quot;Vols + navette depuis Paris&quot;,&quot;de&quot;:&quot;Fl\\u00fcge ab Paris &quot;},&quot;price&quot;:false,&quot;status&quot;:&quot;sold_out&quot;,&quot;language_hidden&quot;:[&quot;nl&quot;,&quot;de&quot;],&quot;startIncrement&quot;:0,&quot;endIncrement&quot;:0,&quot;var_name&quot;:&quot;flight_copy&quot;,&quot;category_label&quot;:{&quot;en&quot;:&quot;Flights&quot;,&quot;nl&quot;:&quot;Vluchten&quot;,&quot;fr&quot;:&quot;Vols&quot;,&quot;de&quot;:&quot;Fl\\u00fcge&quot;}},{&quot;value&quot;:&quot;D\\u00fcsseldorf&quot;,&quot;label&quot;:{&quot;en&quot;:&quot;Flights from D\\u00fcsseldorf + airport shuttle&quot;,&quot;nl&quot;:&quot;Heen- en retourvlucht D\\u00fcsseldorf&quot;,&quot;fr&quot;:&quot;Vols + navette depuis Dusseldorf&quot;,&quot;de&quot;:&quot;Fl\\u00fcge ab D\\u00fcsseldorf &quot;},&quot;price&quot;:550,&quot;status&quot;:&quot;available&quot;,&quot;language_hidden&quot;:[&quot;fr&quot;],&quot;startIncrement&quot;:0,&quot;endIncrement&quot;:0,&quot;var_name&quot;:&quot;flight_copy&quot;,&quot;category_label&quot;:{&quot;en&quot;:&quot;Flights&quot;,&quot;nl&quot;:&quot;Vluchten&quot;,&quot;fr&quot;:&quot;Vols&quot;,&quot;de&quot;:&quot;Fl\\u00fcge&quot;}},{&quot;value&quot;:&quot;Berlin&quot;,&quot;label&quot;:{&quot;en&quot;:&quot;Flights from Berlin + airport shuttles&quot;,&quot;nl&quot;:&quot;Heen- en retourvlucht Berlijn&quot;,&quot;fr&quot;:&quot;Vols + navettes depuis Berlin&quot;,&quot;de&quot;:&quot;Fl\\u00fcge ab Berlin &quot;},&quot;price&quot;:550,&quot;status&quot;:&quot;available&quot;,&quot;language_hidden&quot;:[&quot;nl&quot;,&quot;fr&quot;,&quot;en&quot;],&quot;startIncrement&quot;:0,&quot;endIncrement&quot;:0,&quot;var_name&quot;:&quot;flight_copy&quot;,&quot;category_label&quot;:{&quot;en&quot;:&quot;Flights&quot;,&quot;nl&quot;:&quot;Vluchten&quot;,&quot;fr&quot;:&quot;Vols&quot;,&quot;de&quot;:&quot;Fl\\u00fcge&quot;}},{&quot;value&quot;:&quot;Frankfurt&quot;,&quot;label&quot;:{&quot;en&quot;:&quot;Flights from Frankfurt + airport shuttles&quot;,&quot;nl&quot;:&quot;Heen- en retourvlucht Frankfurt&quot;,&quot;fr&quot;:&quot;Vols + navettes depuis Francfort&quot;,&quot;de&quot;:&quot;Fl\\u00fcge ab Frankfurt &quot;},&quot;price&quot;:550,&quot;status&quot;:&quot;available&quot;,&quot;language_hidden&quot;:[&quot;nl&quot;,&quot;fr&quot;,&quot;en&quot;],&quot;startIncrement&quot;:0,&quot;endIncrement&quot;:0,&quot;var_name&quot;:&quot;flight_copy&quot;,&quot;category_label&quot;:{&quot;en&quot;:&quot;Flights&quot;,&quot;nl&quot;:&quot;Vluchten&quot;,&quot;fr&quot;:&quot;Vols&quot;,&quot;de&quot;:&quot;Fl\\u00fcge&quot;}},{&quot;value&quot;:&quot;Hamburg&quot;,&quot;label&quot;:{&quot;en&quot;:&quot;Round trip flight to Hamburg&quot;,&quot;nl&quot;:&quot;Heen- en retourvlucht Hamburg&quot;,&quot;fr&quot;:&quot;Vols + navettes depuis Hambourg&quot;,&quot;de&quot;:&quot;Fl\\u00fcge ab Hamburg&quot;},&quot;price&quot;:1021,&quot;status&quot;:&quot;available&quot;,&quot;language_hidden&quot;:[&quot;nl&quot;,&quot;fr&quot;,&quot;en&quot;],&quot;startIncrement&quot;:0,&quot;endIncrement&quot;:0,&quot;var_name&quot;:&quot;flight_copy&quot;,&quot;category_label&quot;:{&quot;en&quot;:&quot;Flights&quot;,&quot;nl&quot;:&quot;Vluchten&quot;,&quot;fr&quot;:&quot;Vols&quot;,&quot;de&quot;:&quot;Fl\\u00fcge&quot;}},{&quot;value&quot;:&quot;M\\u00fcnchen&quot;,&quot;label&quot;:{&quot;en&quot;:&quot;Round-trip flight to Munich&quot;,&quot;nl&quot;:&quot;Heen- en retourvlucht M\\u00fcnchen&quot;,&quot;fr&quot;:&quot;Vols + navettes depuisMunich&quot;,&quot;de&quot;:&quot;Fl\\u00fcge ab M\\u00fcnchen&quot;},&quot;price&quot;:687,&quot;status&quot;:&quot;available&quot;,&quot;language_hidden&quot;:[&quot;nl&quot;,&quot;fr&quot;,&quot;en&quot;],&quot;startIncrement&quot;:0,&quot;endIncrement&quot;:0,&quot;var_name&quot;:&quot;flight_copy&quot;,&quot;category_label&quot;:{&quot;en&quot;:&quot;Flights&quot;,&quot;nl&quot;:&quot;Vluchten&quot;,&quot;fr&quot;:&quot;Vols&quot;,&quot;de&quot;:&quot;Fl\\u00fcge&quot;}},{&quot;value&quot;:&quot;No flights&quot;,&quot;label&quot;:{&quot;en&quot;:&quot;No flights&quot;,&quot;nl&quot;:&quot;Zonder vluchten&quot;,&quot;fr&quot;:&quot;Pas de vol&quot;,&quot;de&quot;:&quot;Keine Fl\\u00fcge&quot;},&quot;price&quot;:0,&quot;status&quot;:&quot;available&quot;,&quot;language_hidden&quot;:[],&quot;startIncrement&quot;:0,&quot;endIncrement&quot;:0,&quot;var_name&quot;:&quot;flight_copy&quot;,&quot;category_label&quot;:{&quot;en&quot;:&quot;Flights&quot;,&quot;nl&quot;:&quot;Vluchten&quot;,&quot;fr&quot;:&quot;Vols&quot;,&quot;de&quot;:&quot;Fl\\u00fcge&quot;}}],&quot;bookable&quot;:true,&quot;bookingUrl&quot;:&quot;https:\\\/\\\/booking.travelbase.eu\\\/tjt26a\\\/book?trip=11691&quot;,&quot;packageId&quot;:&quot;TJT-TJT&quot;,&quot;sourceOfTruth&quot;:&quot;legacy&quot;,&quot;hasTime&quot;:true,&quot;quoteUrl&quot;:&quot;https:\\\/\\\/booking.travelbase.eu\\\/tjt26a\\\/offer?trip=11691&quot;}},{&quot;type&quot;:&quot;departures&quot;,&quot;id&quot;:&quot;t11684&quot;,&quot;attributes&quot;:{&quot;name&quot;:&quot;TJT26A-W44-SUN&quot;,&quot;start&quot;:&quot;2026-10-25T11:00:00.000000Z&quot;,&quot;end&quot;:&quot;2026-11-01T13:00:00.000000Z&quot;,&quot;cheapestPrice&quot;:630,&quot;languages&quot;:[&quot;nl&quot;],&quot;availableSpots&quot;:10,&quot;bookedSpots&quot;:10,&quot;fakeLabel&quot;:&quot;&quot;,&quot;availabilityLabel&quot;:&quot;&quot;,&quot;promoLabel&quot;:&quot;&quot;,&quot;status&quot;:&quot;active&quot;,&quot;calendarToggles&quot;:[{&quot;value&quot;:&quot;Amsterdam&quot;,&quot;label&quot;:{&quot;en&quot;:&quot;Flights from Amsterdam + shuttle&quot;,&quot;nl&quot;:&quot;Heen- en retourvlucht Amsterdam&quot;,&quot;fr&quot;:&quot;Vols + navette depuis Amsterdam&quot;,&quot;de&quot;:&quot;Fl\\u00fcge ab Amsterdam &quot;},&quot;price&quot;:560,&quot;status&quot;:&quot;available&quot;,&quot;language_hidden&quot;:[&quot;fr&quot;,&quot;de&quot;],&quot;startIncrement&quot;:0,&quot;endIncrement&quot;:0,&quot;var_name&quot;:&quot;flight_copy&quot;,&quot;category_label&quot;:{&quot;en&quot;:&quot;Flights&quot;,&quot;nl&quot;:&quot;Vluchten&quot;,&quot;fr&quot;:&quot;Vols&quot;,&quot;de&quot;:&quot;Fl\\u00fcge&quot;}},{&quot;value&quot;:&quot;Brussels&quot;,&quot;label&quot;:{&quot;en&quot;:&quot;Flights from Brussels + shuttles&quot;,&quot;nl&quot;:&quot;Heen- en retourvlucht Brussel&quot;,&quot;fr&quot;:&quot;Vols + navette depuis Bruxelles&quot;,&quot;de&quot;:&quot;Fl\\u00fcge ab Br\\u00fcssel &quot;},&quot;price&quot;:510,&quot;status&quot;:&quot;available&quot;,&quot;language_hidden&quot;:[&quot;de&quot;],&quot;startIncrement&quot;:0,&quot;endIncrement&quot;:0,&quot;var_name&quot;:&quot;flight_copy&quot;,&quot;category_label&quot;:{&quot;en&quot;:&quot;Flights&quot;,&quot;nl&quot;:&quot;Vluchten&quot;,&quot;fr&quot;:&quot;Vols&quot;,&quot;de&quot;:&quot;Fl\\u00fcge&quot;}},{&quot;value&quot;:&quot;Paris&quot;,&quot;label&quot;:{&quot;en&quot;:&quot;Flights from Paris + airport transfer&quot;,&quot;nl&quot;:&quot;Heen- en retourvlucht Parijs&quot;,&quot;fr&quot;:&quot;Vols + navette depuis Paris&quot;,&quot;de&quot;:&quot;Fl\\u00fcge ab Paris &quot;},&quot;price&quot;:false,&quot;status&quot;:&quot;disabled&quot;,&quot;language_hidden&quot;:[&quot;nl&quot;,&quot;de&quot;],&quot;startIncrement&quot;:0,&quot;endIncrement&quot;:0,&quot;var_name&quot;:&quot;flight_copy&quot;,&quot;category_label&quot;:{&quot;en&quot;:&quot;Flights&quot;,&quot;nl&quot;:&quot;Vluchten&quot;,&quot;fr&quot;:&quot;Vols&quot;,&quot;de&quot;:&quot;Fl\\u00fcge&quot;}},{&quot;value&quot;:&quot;D\\u00fcsseldorf&quot;,&quot;label&quot;:{&quot;en&quot;:&quot;Flights from D\\u00fcsseldorf + airport shuttle&quot;,&quot;nl&quot;:&quot;Heen- en retourvlucht D\\u00fcsseldorf&quot;,&quot;fr&quot;:&quot;Vols + navette depuis Dusseldorf&quot;,&quot;de&quot;:&quot;Fl\\u00fcge ab D\\u00fcsseldorf &quot;},&quot;price&quot;:false,&quot;status&quot;:&quot;disabled&quot;,&quot;language_hidden&quot;:[&quot;fr&quot;],&quot;startIncrement&quot;:0,&quot;endIncrement&quot;:0,&quot;var_name&quot;:&quot;flight_copy&quot;,&quot;category_label&quot;:{&quot;en&quot;:&quot;Flights&quot;,&quot;nl&quot;:&quot;Vluchten&quot;,&quot;fr&quot;:&quot;Vols&quot;,&quot;de&quot;:&quot;Fl\\u00fcge&quot;}},{&quot;value&quot;:&quot;Berlin&quot;,&quot;label&quot;:{&quot;en&quot;:&quot;Flights from Berlin + airport shuttles&quot;,&quot;nl&quot;:&quot;Heen- en retourvlucht Berlijn&quot;,&quot;fr&quot;:&quot;Vols + navettes depuis Berlin&quot;,&quot;de&quot;:&quot;Fl\\u00fcge ab Berlin &quot;},&quot;price&quot;:false,&quot;status&quot;:&quot;disabled&quot;,&quot;language_hidden&quot;:[&quot;nl&quot;,&quot;fr&quot;,&quot;en&quot;],&quot;startIncrement&quot;:0,&quot;endIncrement&quot;:0,&quot;var_name&quot;:&quot;flight_copy&quot;,&quot;category_label&quot;:{&quot;en&quot;:&quot;Flights&quot;,&quot;nl&quot;:&quot;Vluchten&quot;,&quot;fr&quot;:&quot;Vols&quot;,&quot;de&quot;:&quot;Fl\\u00fcge&quot;}},{&quot;value&quot;:&quot;Frankfurt&quot;,&quot;label&quot;:{&quot;en&quot;:&quot;Flights from Frankfurt + airport shuttles&quot;,&quot;nl&quot;:&quot;Heen- en retourvlucht Frankfurt&quot;,&quot;fr&quot;:&quot;Vols + navettes depuis Francfort&quot;,&quot;de&quot;:&quot;Fl\\u00fcge ab Frankfurt &quot;},&quot;price&quot;:false,&quot;status&quot;:&quot;disabled&quot;,&quot;language_hidden&quot;:[&quot;nl&quot;,&quot;fr&quot;,&quot;en&quot;],&quot;startIncrement&quot;:0,&quot;endIncrement&quot;:0,&quot;var_name&quot;:&quot;flight_copy&quot;,&quot;category_label&quot;:{&quot;en&quot;:&quot;Flights&quot;,&quot;nl&quot;:&quot;Vluchten&quot;,&quot;fr&quot;:&quot;Vols&quot;,&quot;de&quot;:&quot;Fl\\u00fcge&quot;}},{&quot;value&quot;:&quot;Hamburg&quot;,&quot;label&quot;:{&quot;en&quot;:&quot;Round trip flight to Hamburg&quot;,&quot;nl&quot;:&quot;Heen- en retourvlucht Hamburg&quot;,&quot;fr&quot;:&quot;Vols + navettes depuis Hambourg&quot;,&quot;de&quot;:&quot;Fl\\u00fcge ab Hamburg&quot;},&quot;price&quot;:false,&quot;status&quot;:&quot;disabled&quot;,&quot;language_hidden&quot;:[&quot;nl&quot;,&quot;fr&quot;,&quot;en&quot;],&quot;startIncrement&quot;:0,&quot;endIncrement&quot;:0,&quot;var_name&quot;:&quot;flight_copy&quot;,&quot;category_label&quot;:{&quot;en&quot;:&quot;Flights&quot;,&quot;nl&quot;:&quot;Vluchten&quot;,&quot;fr&quot;:&quot;Vols&quot;,&quot;de&quot;:&quot;Fl\\u00fcge&quot;}},{&quot;value&quot;:&quot;M\\u00fcnchen&quot;,&quot;label&quot;:{&quot;en&quot;:&quot;Round-trip flight to Munich&quot;,&quot;nl&quot;:&quot;Heen- en retourvlucht M\\u00fcnchen&quot;,&quot;fr&quot;:&quot;Vols + navettes depuisMunich&quot;,&quot;de&quot;:&quot;Fl\\u00fcge ab M\\u00fcnchen&quot;},&quot;price&quot;:false,&quot;status&quot;:&quot;disabled&quot;,&quot;language_hidden&quot;:[&quot;nl&quot;,&quot;fr&quot;,&quot;en&quot;],&quot;startIncrement&quot;:0,&quot;endIncrement&quot;:0,&quot;var_name&quot;:&quot;flight_copy&quot;,&quot;category_label&quot;:{&quot;en&quot;:&quot;Flights&quot;,&quot;nl&quot;:&quot;Vluchten&quot;,&quot;fr&quot;:&quot;Vols&quot;,&quot;de&quot;:&quot;Fl\\u00fcge&quot;}},{&quot;value&quot;:&quot;No flights&quot;,&quot;label&quot;:{&quot;en&quot;:&quot;No flights&quot;,&quot;nl&quot;:&quot;Zonder vluchten&quot;,&quot;fr&quot;:&quot;Pas de vol&quot;,&quot;de&quot;:&quot;Keine Fl\\u00fcge&quot;},&quot;price&quot;:0,&quot;status&quot;:&quot;available&quot;,&quot;language_hidden&quot;:[],&quot;startIncrement&quot;:0,&quot;endIncrement&quot;:0,&quot;var_name&quot;:&quot;flight_copy&quot;,&quot;category_label&quot;:{&quot;en&quot;:&quot;Flights&quot;,&quot;nl&quot;:&quot;Vluchten&quot;,&quot;fr&quot;:&quot;Vols&quot;,&quot;de&quot;:&quot;Fl\\u00fcge&quot;}}],&quot;bookable&quot;:true,&quot;bookingUrl&quot;:&quot;https:\\\/\\\/booking.travelbase.eu\\\/tjt26a\\\/book?trip=11684&quot;,&quot;packageId&quot;:&quot;TJT-TJT&quot;,&quot;sourceOfTruth&quot;:&quot;legacy&quot;,&quot;hasTime&quot;:true,&quot;quoteUrl&quot;:&quot;https:\\\/\\\/booking.travelbase.eu\\\/tjt26a\\\/offer?trip=11684&quot;}},{&quot;type&quot;:&quot;departures&quot;,&quot;id&quot;:&quot;t11692&quot;,&quot;attributes&quot;:{&quot;name&quot;:&quot;TJT26A-W44-WED&quot;,&quot;start&quot;:&quot;2026-10-28T11:00:00.000000Z&quot;,&quot;end&quot;:&quot;2026-11-04T13:00:00.000000Z&quot;,&quot;cheapestPrice&quot;:605,&quot;languages&quot;:[&quot;nl&quot;,&quot;fr&quot;,&quot;en&quot;,&quot;de&quot;],&quot;availableSpots&quot;:8,&quot;bookedSpots&quot;:12,&quot;fakeLabel&quot;:&quot;last stock&quot;,&quot;availabilityLabel&quot;:&quot;last spots&quot;,&quot;promoLabel&quot;:&quot;&quot;,&quot;status&quot;:&quot;active&quot;,&quot;calendarToggles&quot;:[{&quot;value&quot;:&quot;Amsterdam&quot;,&quot;label&quot;:{&quot;en&quot;:&quot;Flights from Amsterdam + shuttle&quot;,&quot;nl&quot;:&quot;Heen- en retourvlucht Amsterdam&quot;,&quot;fr&quot;:&quot;Vols + navette depuis Amsterdam&quot;,&quot;de&quot;:&quot;Fl\\u00fcge ab Amsterdam &quot;},&quot;price&quot;:560,&quot;status&quot;:&quot;available&quot;,&quot;language_hidden&quot;:[&quot;fr&quot;,&quot;de&quot;],&quot;startIncrement&quot;:0,&quot;endIncrement&quot;:0,&quot;var_name&quot;:&quot;flight_copy&quot;,&quot;category_label&quot;:{&quot;en&quot;:&quot;Flights&quot;,&quot;nl&quot;:&quot;Vluchten&quot;,&quot;fr&quot;:&quot;Vols&quot;,&quot;de&quot;:&quot;Fl\\u00fcge&quot;}},{&quot;value&quot;:&quot;Brussels&quot;,&quot;label&quot;:{&quot;en&quot;:&quot;Flights from Brussels + shuttles&quot;,&quot;nl&quot;:&quot;Heen- en retourvlucht Brussel&quot;,&quot;fr&quot;:&quot;Vols + navette depuis Bruxelles&quot;,&quot;de&quot;:&quot;Fl\\u00fcge ab Br\\u00fcssel &quot;},&quot;price&quot;:false,&quot;status&quot;:&quot;disabled&quot;,&quot;language_hidden&quot;:[&quot;de&quot;],&quot;startIncrement&quot;:0,&quot;endIncrement&quot;:0,&quot;var_name&quot;:&quot;flight_copy&quot;,&quot;category_label&quot;:{&quot;en&quot;:&quot;Flights&quot;,&quot;nl&quot;:&quot;Vluchten&quot;,&quot;fr&quot;:&quot;Vols&quot;,&quot;de&quot;:&quot;Fl\\u00fcge&quot;}},{&quot;value&quot;:&quot;Paris&quot;,&quot;label&quot;:{&quot;en&quot;:&quot;Flights from Paris + airport transfer&quot;,&quot;nl&quot;:&quot;Heen- en retourvlucht Parijs&quot;,&quot;fr&quot;:&quot;Vols + navette depuis Paris&quot;,&quot;de&quot;:&quot;Fl\\u00fcge ab Paris &quot;},&quot;price&quot;:560,&quot;status&quot;:&quot;available&quot;,&quot;language_hidden&quot;:[&quot;nl&quot;,&quot;de&quot;],&quot;startIncrement&quot;:0,&quot;endIncrement&quot;:0,&quot;var_name&quot;:&quot;flight_copy&quot;,&quot;category_label&quot;:{&quot;en&quot;:&quot;Flights&quot;,&quot;nl&quot;:&quot;Vluchten&quot;,&quot;fr&quot;:&quot;Vols&quot;,&quot;de&quot;:&quot;Fl\\u00fcge&quot;}},{&quot;value&quot;:&quot;D\\u00fcsseldorf&quot;,&quot;label&quot;:{&quot;en&quot;:&quot;Flights from D\\u00fcsseldorf + airport shuttle&quot;,&quot;nl&quot;:&quot;Heen- en retourvlucht D\\u00fcsseldorf&quot;,&quot;fr&quot;:&quot;Vols + navette depuis Dusseldorf&quot;,&quot;de&quot;:&quot;Fl\\u00fcge ab D\\u00fcsseldorf &quot;},&quot;price&quot;:638,&quot;status&quot;:&quot;available&quot;,&quot;language_hidden&quot;:[&quot;fr&quot;],&quot;startIncrement&quot;:0,&quot;endIncrement&quot;:0,&quot;var_name&quot;:&quot;flight_copy&quot;,&quot;category_label&quot;:{&quot;en&quot;:&quot;Flights&quot;,&quot;nl&quot;:&quot;Vluchten&quot;,&quot;fr&quot;:&quot;Vols&quot;,&quot;de&quot;:&quot;Fl\\u00fcge&quot;}},{&quot;value&quot;:&quot;Berlin&quot;,&quot;label&quot;:{&quot;en&quot;:&quot;Flights from Berlin + airport shuttles&quot;,&quot;nl&quot;:&quot;Heen- en retourvlucht Berlijn&quot;,&quot;fr&quot;:&quot;Vols + navettes depuis Berlin&quot;,&quot;de&quot;:&quot;Fl\\u00fcge ab Berlin &quot;},&quot;price&quot;:564,&quot;status&quot;:&quot;available&quot;,&quot;language_hidden&quot;:[&quot;nl&quot;,&quot;fr&quot;,&quot;en&quot;],&quot;startIncrement&quot;:0,&quot;endIncrement&quot;:0,&quot;var_name&quot;:&quot;flight_copy&quot;,&quot;category_label&quot;:{&quot;en&quot;:&quot;Flights&quot;,&quot;nl&quot;:&quot;Vluchten&quot;,&quot;fr&quot;:&quot;Vols&quot;,&quot;de&quot;:&quot;Fl\\u00fcge&quot;}},{&quot;value&quot;:&quot;Frankfurt&quot;,&quot;label&quot;:{&quot;en&quot;:&quot;Flights from Frankfurt + airport shuttles&quot;,&quot;nl&quot;:&quot;Heen- en retourvlucht Frankfurt&quot;,&quot;fr&quot;:&quot;Vols + navettes depuis Francfort&quot;,&quot;de&quot;:&quot;Fl\\u00fcge ab Frankfurt &quot;},&quot;price&quot;:709,&quot;status&quot;:&quot;available&quot;,&quot;language_hidden&quot;:[&quot;nl&quot;,&quot;fr&quot;,&quot;en&quot;],&quot;startIncrement&quot;:0,&quot;endIncrement&quot;:0,&quot;var_name&quot;:&quot;flight_copy&quot;,&quot;category_label&quot;:{&quot;en&quot;:&quot;Flights&quot;,&quot;nl&quot;:&quot;Vluchten&quot;,&quot;fr&quot;:&quot;Vols&quot;,&quot;de&quot;:&quot;Fl\\u00fcge&quot;}},{&quot;value&quot;:&quot;Hamburg&quot;,&quot;label&quot;:{&quot;en&quot;:&quot;Round trip flight to Hamburg&quot;,&quot;nl&quot;:&quot;Heen- en retourvlucht Hamburg&quot;,&quot;fr&quot;:&quot;Vols + navettes depuis Hambourg&quot;,&quot;de&quot;:&quot;Fl\\u00fcge ab Hamburg&quot;},&quot;price&quot;:631,&quot;status&quot;:&quot;available&quot;,&quot;language_hidden&quot;:[&quot;nl&quot;,&quot;fr&quot;,&quot;en&quot;],&quot;startIncrement&quot;:0,&quot;endIncrement&quot;:0,&quot;var_name&quot;:&quot;flight_copy&quot;,&quot;category_label&quot;:{&quot;en&quot;:&quot;Flights&quot;,&quot;nl&quot;:&quot;Vluchten&quot;,&quot;fr&quot;:&quot;Vols&quot;,&quot;de&quot;:&quot;Fl\\u00fcge&quot;}},{&quot;value&quot;:&quot;M\\u00fcnchen&quot;,&quot;label&quot;:{&quot;en&quot;:&quot;Round-trip flight to Munich&quot;,&quot;nl&quot;:&quot;Heen- en retourvlucht M\\u00fcnchen&quot;,&quot;fr&quot;:&quot;Vols + navettes depuisMunich&quot;,&quot;de&quot;:&quot;Fl\\u00fcge ab M\\u00fcnchen&quot;},&quot;price&quot;:860,&quot;status&quot;:&quot;available&quot;,&quot;language_hidden&quot;:[&quot;nl&quot;,&quot;fr&quot;,&quot;en&quot;],&quot;startIncrement&quot;:0,&quot;endIncrement&quot;:0,&quot;var_name&quot;:&quot;flight_copy&quot;,&quot;category_label&quot;:{&quot;en&quot;:&quot;Flights&quot;,&quot;nl&quot;:&quot;Vluchten&quot;,&quot;fr&quot;:&quot;Vols&quot;,&quot;de&quot;:&quot;Fl\\u00fcge&quot;}},{&quot;value&quot;:&quot;No flights&quot;,&quot;label&quot;:{&quot;en&quot;:&quot;No flights&quot;,&quot;nl&quot;:&quot;Zonder vluchten&quot;,&quot;fr&quot;:&quot;Pas de vol&quot;,&quot;de&quot;:&quot;Keine Fl\\u00fcge&quot;},&quot;price&quot;:0,&quot;status&quot;:&quot;available&quot;,&quot;language_hidden&quot;:[],&quot;startIncrement&quot;:0,&quot;endIncrement&quot;:0,&quot;var_name&quot;:&quot;flight_copy&quot;,&quot;category_label&quot;:{&quot;en&quot;:&quot;Flights&quot;,&quot;nl&quot;:&quot;Vluchten&quot;,&quot;fr&quot;:&quot;Vols&quot;,&quot;de&quot;:&quot;Fl\\u00fcge&quot;}}],&quot;bookable&quot;:true,&quot;bookingUrl&quot;:&quot;https:\\\/\\\/booking.travelbase.eu\\\/tjt26a\\\/book?trip=11692&quot;,&quot;packageId&quot;:&quot;TJT-TJT&quot;,&quot;sourceOfTruth&quot;:&quot;legacy&quot;,&quot;hasTime&quot;:true,&quot;quoteUrl&quot;:&quot;https:\\\/\\\/booking.travelbase.eu\\\/tjt26a\\\/offer?trip=11692&quot;}},{&quot;type&quot;:&quot;departures&quot;,&quot;id&quot;:&quot;t11685&quot;,&quot;attributes&quot;:{&quot;name&quot;:&quot;TJT26A-W45-SUN&quot;,&quot;start&quot;:&quot;2026-11-01T11:00:00.000000Z&quot;,&quot;end&quot;:&quot;2026-11-08T13:00:00.000000Z&quot;,&quot;cheapestPrice&quot;:630,&quot;languages&quot;:[&quot;nl&quot;],&quot;availableSpots&quot;:2,&quot;bookedSpots&quot;:28,&quot;fakeLabel&quot;:&quot;last stock&quot;,&quot;availabilityLabel&quot;:&quot;last spots&quot;,&quot;promoLabel&quot;:&quot;&quot;,&quot;status&quot;:&quot;active&quot;,&quot;calendarToggles&quot;:[{&quot;value&quot;:&quot;Amsterdam&quot;,&quot;label&quot;:{&quot;en&quot;:&quot;Flights from Amsterdam + shuttle&quot;,&quot;nl&quot;:&quot;Heen- en retourvlucht Amsterdam&quot;,&quot;fr&quot;:&quot;Vols + navette depuis Amsterdam&quot;,&quot;de&quot;:&quot;Fl\\u00fcge ab Amsterdam &quot;},&quot;price&quot;:560,&quot;status&quot;:&quot;available&quot;,&quot;language_hidden&quot;:[&quot;fr&quot;,&quot;de&quot;],&quot;startIncrement&quot;:0,&quot;endIncrement&quot;:0,&quot;var_name&quot;:&quot;flight_copy&quot;,&quot;category_label&quot;:{&quot;en&quot;:&quot;Flights&quot;,&quot;nl&quot;:&quot;Vluchten&quot;,&quot;fr&quot;:&quot;Vols&quot;,&quot;de&quot;:&quot;Fl\\u00fcge&quot;}},{&quot;value&quot;:&quot;Brussels&quot;,&quot;label&quot;:{&quot;en&quot;:&quot;Flights from Brussels + shuttles&quot;,&quot;nl&quot;:&quot;Heen- en retourvlucht Brussel&quot;,&quot;fr&quot;:&quot;Vols + navette depuis Bruxelles&quot;,&quot;de&quot;:&quot;Fl\\u00fcge ab Br\\u00fcssel &quot;},&quot;price&quot;:false,&quot;status&quot;:&quot;sold_out&quot;,&quot;language_hidden&quot;:[&quot;de&quot;],&quot;startIncrement&quot;:0,&quot;endIncrement&quot;:0,&quot;var_name&quot;:&quot;flight_copy&quot;,&quot;category_label&quot;:{&quot;en&quot;:&quot;Flights&quot;,&quot;nl&quot;:&quot;Vluchten&quot;,&quot;fr&quot;:&quot;Vols&quot;,&quot;de&quot;:&quot;Fl\\u00fcge&quot;}},{&quot;value&quot;:&quot;Paris&quot;,&quot;label&quot;:{&quot;en&quot;:&quot;Flights from Paris + airport transfer&quot;,&quot;nl&quot;:&quot;Heen- en retourvlucht Parijs&quot;,&quot;fr&quot;:&quot;Vols + navette depuis Paris&quot;,&quot;de&quot;:&quot;Fl\\u00fcge ab Paris &quot;},&quot;price&quot;:false,&quot;status&quot;:&quot;disabled&quot;,&quot;language_hidden&quot;:[&quot;nl&quot;,&quot;de&quot;],&quot;startIncrement&quot;:0,&quot;endIncrement&quot;:0,&quot;var_name&quot;:&quot;flight_copy&quot;,&quot;category_label&quot;:{&quot;en&quot;:&quot;Flights&quot;,&quot;nl&quot;:&quot;Vluchten&quot;,&quot;fr&quot;:&quot;Vols&quot;,&quot;de&quot;:&quot;Fl\\u00fcge&quot;}},{&quot;value&quot;:&quot;D\\u00fcsseldorf&quot;,&quot;label&quot;:{&quot;en&quot;:&quot;Flights from D\\u00fcsseldorf + airport shuttle&quot;,&quot;nl&quot;:&quot;Heen- en retourvlucht D\\u00fcsseldorf&quot;,&quot;fr&quot;:&quot;Vols + navette depuis Dusseldorf&quot;,&quot;de&quot;:&quot;Fl\\u00fcge ab D\\u00fcsseldorf &quot;},&quot;price&quot;:false,&quot;status&quot;:&quot;disabled&quot;,&quot;language_hidden&quot;:[&quot;fr&quot;],&quot;startIncrement&quot;:0,&quot;endIncrement&quot;:0,&quot;var_name&quot;:&quot;flight_copy&quot;,&quot;category_label&quot;:{&quot;en&quot;:&quot;Flights&quot;,&quot;nl&quot;:&quot;Vluchten&quot;,&quot;fr&quot;:&quot;Vols&quot;,&quot;de&quot;:&quot;Fl\\u00fcge&quot;}},{&quot;value&quot;:&quot;Berlin&quot;,&quot;label&quot;:{&quot;en&quot;:&quot;Flights from Berlin + airport shuttles&quot;,&quot;nl&quot;:&quot;Heen- en retourvlucht Berlijn&quot;,&quot;fr&quot;:&quot;Vols + navettes depuis Berlin&quot;,&quot;de&quot;:&quot;Fl\\u00fcge ab Berlin &quot;},&quot;price&quot;:false,&quot;status&quot;:&quot;disabled&quot;,&quot;language_hidden&quot;:[&quot;nl&quot;,&quot;fr&quot;,&quot;en&quot;],&quot;startIncrement&quot;:0,&quot;endIncrement&quot;:0,&quot;var_name&quot;:&quot;flight_copy&quot;,&quot;category_label&quot;:{&quot;en&quot;:&quot;Flights&quot;,&quot;nl&quot;:&quot;Vluchten&quot;,&quot;fr&quot;:&quot;Vols&quot;,&quot;de&quot;:&quot;Fl\\u00fcge&quot;}},{&quot;value&quot;:&quot;Frankfurt&quot;,&quot;label&quot;:{&quot;en&quot;:&quot;Flights from Frankfurt + airport shuttles&quot;,&quot;nl&quot;:&quot;Heen- en retourvlucht Frankfurt&quot;,&quot;fr&quot;:&quot;Vols + navettes depuis Francfort&quot;,&quot;de&quot;:&quot;Fl\\u00fcge ab Frankfurt &quot;},&quot;price&quot;:false,&quot;status&quot;:&quot;disabled&quot;,&quot;language_hidden&quot;:[&quot;nl&quot;,&quot;fr&quot;,&quot;en&quot;],&quot;startIncrement&quot;:0,&quot;endIncrement&quot;:0,&quot;var_name&quot;:&quot;flight_copy&quot;,&quot;category_label&quot;:{&quot;en&quot;:&quot;Flights&quot;,&quot;nl&quot;:&quot;Vluchten&quot;,&quot;fr&quot;:&quot;Vols&quot;,&quot;de&quot;:&quot;Fl\\u00fcge&quot;}},{&quot;value&quot;:&quot;Hamburg&quot;,&quot;label&quot;:{&quot;en&quot;:&quot;Round trip flight to Hamburg&quot;,&quot;nl&quot;:&quot;Heen- en retourvlucht Hamburg&quot;,&quot;fr&quot;:&quot;Vols + navettes depuis Hambourg&quot;,&quot;de&quot;:&quot;Fl\\u00fcge ab Hamburg&quot;},&quot;price&quot;:false,&quot;status&quot;:&quot;disabled&quot;,&quot;language_hidden&quot;:[&quot;nl&quot;,&quot;fr&quot;,&quot;en&quot;],&quot;startIncrement&quot;:0,&quot;endIncrement&quot;:0,&quot;var_name&quot;:&quot;flight_copy&quot;,&quot;category_label&quot;:{&quot;en&quot;:&quot;Flights&quot;,&quot;nl&quot;:&quot;Vluchten&quot;,&quot;fr&quot;:&quot;Vols&quot;,&quot;de&quot;:&quot;Fl\\u00fcge&quot;}},{&quot;value&quot;:&quot;M\\u00fcnchen&quot;,&quot;label&quot;:{&quot;en&quot;:&quot;Round-trip flight to Munich&quot;,&quot;nl&quot;:&quot;Heen- en retourvlucht M\\u00fcnchen&quot;,&quot;fr&quot;:&quot;Vols + navettes depuisMunich&quot;,&quot;de&quot;:&quot;Fl\\u00fcge ab M\\u00fcnchen&quot;},&quot;price&quot;:false,&quot;status&quot;:&quot;disabled&quot;,&quot;language_hidden&quot;:[&quot;nl&quot;,&quot;fr&quot;,&quot;en&quot;],&quot;startIncrement&quot;:0,&quot;endIncrement&quot;:0,&quot;var_name&quot;:&quot;flight_copy&quot;,&quot;category_label&quot;:{&quot;en&quot;:&quot;Flights&quot;,&quot;nl&quot;:&quot;Vluchten&quot;,&quot;fr&quot;:&quot;Vols&quot;,&quot;de&quot;:&quot;Fl\\u00fcge&quot;}},{&quot;value&quot;:&quot;No flights&quot;,&quot;label&quot;:{&quot;en&quot;:&quot;No flights&quot;,&quot;nl&quot;:&quot;Zonder vluchten&quot;,&quot;fr&quot;:&quot;Pas de vol&quot;,&quot;de&quot;:&quot;Keine Fl\\u00fcge&quot;},&quot;price&quot;:0,&quot;status&quot;:&quot;available&quot;,&quot;language_hidden&quot;:[],&quot;startIncrement&quot;:0,&quot;endIncrement&quot;:0,&quot;var_name&quot;:&quot;flight_copy&quot;,&quot;category_label&quot;:{&quot;en&quot;:&quot;Flights&quot;,&quot;nl&quot;:&quot;Vluchten&quot;,&quot;fr&quot;:&quot;Vols&quot;,&quot;de&quot;:&quot;Fl\\u00fcge&quot;}}],&quot;bookable&quot;:true,&quot;bookingUrl&quot;:&quot;https:\\\/\\\/booking.travelbase.eu\\\/tjt26a\\\/book?trip=11685&quot;,&quot;packageId&quot;:&quot;TJT-TJT&quot;,&quot;sourceOfTruth&quot;:&quot;legacy&quot;,&quot;hasTime&quot;:true,&quot;quoteUrl&quot;:&quot;https:\\\/\\\/booking.travelbase.eu\\\/tjt26a\\\/offer?trip=11685&quot;}},{&quot;type&quot;:&quot;departures&quot;,&quot;id&quot;:&quot;TJT-TJT-20270331&quot;,&quot;attributes&quot;:{&quot;name&quot;:&quot;TJT-TJT-20270331&quot;,&quot;packageId&quot;:&quot;TJT-TJT&quot;,&quot;start&quot;:&quot;2027-03-31&quot;,&quot;end&quot;:&quot;2027-04-07&quot;,&quot;hasTime&quot;:false,&quot;cheapestPrice&quot;:630,&quot;languages&quot;:[&quot;nl&quot;,&quot;fr&quot;,&quot;de&quot;,&quot;en&quot;],&quot;availableSpots&quot;:null,&quot;bookedSpots&quot;:0,&quot;availabilityLabel&quot;:&quot;coming soon&quot;,&quot;promoLabel&quot;:null,&quot;status&quot;:&quot;active&quot;,&quot;calendarToggles&quot;:[],&quot;bookable&quot;:false,&quot;bookingUrl&quot;:&quot;https:\\\/\\\/my.travelbase.eu\\\/book\\\/trip\\\/TJT-TJT-20270331&quot;,&quot;quoteUrl&quot;:&quot;https:\\\/\\\/my.travelbase.eu\\\/quote\\\/trip\\\/TJT-TJT-20270331&quot;,&quot;sourceOfTruth&quot;:&quot;core&quot;}},{&quot;type&quot;:&quot;departures&quot;,&quot;id&quot;:&quot;TJT-TJT-20270407&quot;,&quot;attributes&quot;:{&quot;name&quot;:&quot;TJT-TJT-20270407&quot;,&quot;packageId&quot;:&quot;TJT-TJT&quot;,&quot;start&quot;:&quot;2027-04-07&quot;,&quot;end&quot;:&quot;2027-04-14&quot;,&quot;hasTime&quot;:false,&quot;cheapestPrice&quot;:630,&quot;languages&quot;:[&quot;nl&quot;,&quot;fr&quot;,&quot;de&quot;,&quot;en&quot;],&quot;availableSpots&quot;:null,&quot;bookedSpots&quot;:0,&quot;availabilityLabel&quot;:&quot;coming soon&quot;,&quot;promoLabel&quot;:null,&quot;status&quot;:&quot;active&quot;,&quot;calendarToggles&quot;:[],&quot;bookable&quot;:false,&quot;bookingUrl&quot;:&quot;https:\\\/\\\/my.travelbase.eu\\\/book\\\/trip\\\/TJT-TJT-20270407&quot;,&quot;quoteUrl&quot;:&quot;https:\\\/\\\/my.travelbase.eu\\\/quote\\\/trip\\\/TJT-TJT-20270407&quot;,&quot;sourceOfTruth&quot;:&quot;core&quot;}},{&quot;type&quot;:&quot;departures&quot;,&quot;id&quot;:&quot;TJT-TJT-20270414&quot;,&quot;attributes&quot;:{&quot;name&quot;:&quot;TJT-TJT-20270414&quot;,&quot;packageId&quot;:&quot;TJT-TJT&quot;,&quot;start&quot;:&quot;2027-04-14&quot;,&quot;end&quot;:&quot;2027-04-21&quot;,&quot;hasTime&quot;:false,&quot;cheapestPrice&quot;:630,&quot;languages&quot;:[&quot;nl&quot;,&quot;fr&quot;,&quot;de&quot;,&quot;en&quot;],&quot;availableSpots&quot;:null,&quot;bookedSpots&quot;:0,&quot;availabilityLabel&quot;:&quot;coming soon&quot;,&quot;promoLabel&quot;:null,&quot;status&quot;:&quot;active&quot;,&quot;calendarToggles&quot;:[],&quot;bookable&quot;:false,&quot;bookingUrl&quot;:&quot;https:\\\/\\\/my.travelbase.eu\\\/book\\\/trip\\\/TJT-TJT-20270414&quot;,&quot;quoteUrl&quot;:&quot;https:\\\/\\\/my.travelbase.eu\\\/quote\\\/trip\\\/TJT-TJT-20270414&quot;,&quot;sourceOfTruth&quot;:&quot;core&quot;}},{&quot;type&quot;:&quot;departures&quot;,&quot;id&quot;:&quot;TJT-TJT-20270421&quot;,&quot;attributes&quot;:{&quot;name&quot;:&quot;TJT-TJT-20270421&quot;,&quot;packageId&quot;:&quot;TJT-TJT&quot;,&quot;start&quot;:&quot;2027-04-21&quot;,&quot;end&quot;:&quot;2027-04-28&quot;,&quot;hasTime&quot;:false,&quot;cheapestPrice&quot;:630,&quot;languages&quot;:[&quot;nl&quot;,&quot;fr&quot;,&quot;de&quot;,&quot;en&quot;],&quot;availableSpots&quot;:null,&quot;bookedSpots&quot;:0,&quot;availabilityLabel&quot;:&quot;coming soon&quot;,&quot;promoLabel&quot;:null,&quot;status&quot;:&quot;active&quot;,&quot;calendarToggles&quot;:[],&quot;bookable&quot;:false,&quot;bookingUrl&quot;:&quot;https:\\\/\\\/my.travelbase.eu\\\/book\\\/trip\\\/TJT-TJT-20270421&quot;,&quot;quoteUrl&quot;:&quot;https:\\\/\\\/my.travelbase.eu\\\/quote\\\/trip\\\/TJT-TJT-20270421&quot;,&quot;sourceOfTruth&quot;:&quot;core&quot;}},{&quot;type&quot;:&quot;departures&quot;,&quot;id&quot;:&quot;TJT-TJT-20270428&quot;,&quot;attributes&quot;:{&quot;name&quot;:&quot;TJT-TJT-20270428&quot;,&quot;packageId&quot;:&quot;TJT-TJT&quot;,&quot;start&quot;:&quot;2027-04-28&quot;,&quot;end&quot;:&quot;2027-05-05&quot;,&quot;hasTime&quot;:false,&quot;cheapestPrice&quot;:630,&quot;languages&quot;:[&quot;nl&quot;,&quot;fr&quot;,&quot;de&quot;,&quot;en&quot;],&quot;availableSpots&quot;:null,&quot;bookedSpots&quot;:0,&quot;availabilityLabel&quot;:&quot;coming soon&quot;,&quot;promoLabel&quot;:null,&quot;status&quot;:&quot;active&quot;,&quot;calendarToggles&quot;:[],&quot;bookable&quot;:false,&quot;bookingUrl&quot;:&quot;https:\\\/\\\/my.travelbase.eu\\\/book\\\/trip\\\/TJT-TJT-20270428&quot;,&quot;quoteUrl&quot;:&quot;https:\\\/\\\/my.travelbase.eu\\\/quote\\\/trip\\\/TJT-TJT-20270428&quot;,&quot;sourceOfTruth&quot;:&quot;core&quot;}},{&quot;type&quot;:&quot;departures&quot;,&quot;id&quot;:&quot;TJT-TJT-20270505&quot;,&quot;attributes&quot;:{&quot;name&quot;:&quot;TJT-TJT-20270505&quot;,&quot;packageId&quot;:&quot;TJT-TJT&quot;,&quot;start&quot;:&quot;2027-05-05&quot;,&quot;end&quot;:&quot;2027-05-12&quot;,&quot;hasTime&quot;:false,&quot;cheapestPrice&quot;:630,&quot;languages&quot;:[&quot;nl&quot;,&quot;fr&quot;,&quot;de&quot;,&quot;en&quot;],&quot;availableSpots&quot;:null,&quot;bookedSpots&quot;:0,&quot;availabilityLabel&quot;:&quot;coming soon&quot;,&quot;promoLabel&quot;:null,&quot;status&quot;:&quot;active&quot;,&quot;calendarToggles&quot;:[],&quot;bookable&quot;:false,&quot;bookingUrl&quot;:&quot;https:\\\/\\\/my.travelbase.eu\\\/book\\\/trip\\\/TJT-TJT-20270505&quot;,&quot;quoteUrl&quot;:&quot;https:\\\/\\\/my.travelbase.eu\\\/quote\\\/trip\\\/TJT-TJT-20270505&quot;,&quot;sourceOfTruth&quot;:&quot;core&quot;}}]}\" data-summary-content=\"\" data-summary-inclusive='[]'><\/div>\n        <\/div>\n    <\/div>\n\n\n\n<div class=\" tb-faq tb-block align-center background-light pattern-custom variant-none tb-collapsible-margins\" id=\"faq\" style=\"background-image: url(http:\/\/tjt.travelblox.eu\/wp-content\/uploads\/sites\/78\/2024\/01\/TJT-bg-2-1.jpg)\">\n\t<div class=\"inner-block tb-fade-in tb-fade-in--subtle\">\n\t\t<div class=\"text-part\">\n\t\t\t<h2>Veelgestelde vragen<\/h2>\n\t\t\t\t<div class=\"translation-block\"><p>Je kan ons altijd een mailtje sturen voor extra informatie over deze reis, hieronder vind je alvast een antwoord op enkele veelgestelde vragen.<\/p><\/div>\n\t\t\t<\/div>\n\t<\/div>\n\t<div class=\"inner-block\">\n\n\t\t\t\t\t<div\n\t\t\t\tclass=\"faq-list tb-accordion tb-accordion--animation two-col\"\n\t\t\t\tdata-limited=\"1\" data-initial-count=\"6\" >\n\t\t\t\t\t\t\t\t\t<details class=\"details\">\n\t\t\t\t\t\t<summary class=\"summary\">\n\t\t\t\t\t\t\t<div>Is er ondersteuning ter plaatse?\t\t\t<\/div>\n\t\t\t<\/summary>\n\t\t\t<div class=\"content text-part\" >\n\t\t\t\t\t<div class=\"translation-block\"><p>Tijdens de trail wandel je\u00a0<strong>altijd met ervaren Nederlandstalige en lokale gidsen<\/strong>. Zij zorgen voor gepaste ondersteuning, heldere uitleg en extra tips onderweg. Daarnaast krijg je\u00a0<strong>elke ochtend een briefing<\/strong>\u00a0met praktische info en aandachtspunten voor de komende dag.<\/p>\n<p>Je vertrekt en komt ook altijd samen als groep. Onderweg heb je wel wat vrijheid en\u00a0<strong>spreiden de gidsen zich over de groep<\/strong>. Je wandelt altijd tussen de gidsen en best wijk je niet te ver van hen af, omdat er\u00a0<strong>geen pijlen of wegmarkeringen<\/strong>\u00a0op de trail staan. Zo blijft het avontuurlijk, maar vooral ook veilig en zorgeloos.<\/p>\n<p>Daarnaast krijg je net voor je vertrek toegang tot een <strong>chat met alle deelnemers<\/strong> die op dezelfde datum vertrekken. In die groep kunnen jullie onderling of met ons team communiceren.<\/p><\/div>\n\t\t\t\t<\/div>\n\t\t\t<\/details>\n\t\t\t\t\t\t\t<details class=\"details\">\n\t\t\t\t\t\t<summary class=\"summary\">\n\t\t\t\t\t\t\t<div>Kan ik de reis naar eigen wens aanpassen?\t\t\t<\/div>\n\t\t\t<\/summary>\n\t\t\t<div class=\"content text-part\" >\n\t\t\t\t\t<div class=\"translation-block\"><p>Wij bieden een volledig uitgestippelde reis aan, waardoor het niet mogelijk is om de reisduur en planning aan te passen. Je bent uiteraard vrij om je reis op eigen initiatief te verlengen door nadien bijvoorbeeld nog enkele dagen ter plaatse\u00a0te verblijven of door te reizen naar een ander land.<\/p><\/div>\n\t\t\t\t<\/div>\n\t\t\t<\/details>\n\t\t\t\t\t\t\t<details class=\"details\">\n\t\t\t\t\t\t<summary class=\"summary\">\n\t\t\t\t\t\t\t<div>Voor wie is deze reis bedoeld?\t\t\t<\/div>\n\t\t\t<\/summary>\n\t\t\t<div class=\"content text-part\" >\n\t\t\t\t\t<div class=\"translation-block\"><p>Iedereen tussen de\u00a0<strong>16 en de 65 jaar met een goede conditie en zin in\u00a0avontuur<\/strong>\u00a0kan deze trail doen. De reis bevat een gezonde portie fysieke activiteit, dus een goede gezondheid is een must. Hou ook rekening met\u00a0mogelijks warme temperaturen.<\/p>\n<p>Kinderen zijn niet toegelaten. Wil je toch met je gezin op wandelreis? Dan is\u00a0<a href=\"https:\/\/hiketribe.org\/nl\/?tb_vid=3b63da1b-feb9-4d51-9c66-14c885859ee0\">Hike Tribe<\/a>\u00a0een beter alternatief.<\/p>\n<p><strong>Wil je voor het eerst een meerdaagse hike uitproberen, maar twijfel je aan je conditie?<\/strong><\/p>\n<p>Stel jezelf deze vragen:<\/p>\n<ul>\n<li>Welke soorten fysieke activiteit doe ik regelmatig en hoelang doe ik dit?<\/li>\n<li>Had ik recent blessures die mijn wandelcapaciteit be\u00efnvloeden?<\/li>\n<li>Kan ik vlot 15 kilometer wandelen over heuvelachtig terrein?<\/li>\n<li>Kan ik de komende maanden gericht trainen om me goed voor te bereiden?<\/li>\n<\/ul>\n<p>Indien jouw antwoorden je het volle vertrouwen geven om op avontuur te vertrekken, dan is deze trail zeker en vast iets voor jou! Je ontvangt een week na het boeken een\u00a0trainingsschema\u00a0dat je zal klaarstomen zodat je het pad comfortabel af kan leggen.<\/p>\n<p><strong>Twijfel je toch nog en wil je jezelf graag eens testen voor je op trail vertrekt?<\/strong><\/p>\n<p>Probeer een van onze micro-avonturen zoals\u00a0<a href=\"https:\/\/thepackrafttrail.com\/?tb_vid=3b63da1b-feb9-4d51-9c66-14c885859ee0\">The Packraft Trail.<\/a><\/p><\/div>\n\t\t\t\t<\/div>\n\t\t\t<\/details>\n\t\t\t\t\t\t\t<details class=\"details\">\n\t\t\t\t\t\t<summary class=\"summary\">\n\t\t\t\t\t\t\t<div>Wat moet ik meenemen?\t\t\t<\/div>\n\t\t\t<\/summary>\n\t\t\t<div class=\"content text-part\" >\n\t\t\t\t\t<div class=\"translation-block\"><p>Je ontvangt ruim op tijd een\u00a0<strong>uitgebreide paklijst<\/strong>\u00a0met een overzicht van al het nodige materiaal.<\/p>\n<p>De basis omvat goede\u00a0<strong>wandelschoenen die de enkel beschermen<\/strong>\u00a0(categorie A\/B), een\u00a0<strong>backpack\/duffelbag<\/strong>\u00a0(ongeveer 65\u201380L), een\u00a0<strong>dagrugzak<\/strong>\u00a0(ongeveer 25-35L), degelijk\u00a0<strong>kampeermateriaal<\/strong>\u00a0en beschermende\u00a0<strong>(regen)kledij<\/strong>.<\/p><\/div>\n\t\t\t\t<\/div>\n\t\t\t<\/details>\n\t\t\t\t\t\t\t<details class=\"details\">\n\t\t\t\t\t\t<summary class=\"summary\">\n\t\t\t\t\t\t\t<div>Wanneer kan ik deze reis maken?\t\t\t<\/div>\n\t\t\t<\/summary>\n\t\t\t<div class=\"content text-part\" >\n\t\t\t\t\t<div class=\"translation-block\"><p>Via de <a href=\"\/#join\">kalender<\/a> op de website kan je alle actuele vertrekdata, beschikbare plaatsen en prijzen raadplegen.<\/p>\n<p>Wil je persoonlijk op de hoogte gebracht worden wanneer er nieuwe vertrekdata online komen? Laat dan vrijblijvend je gegevens achter via <a href=\"#tb-interest-form\">dit formulier<\/a>.<\/p><\/div>\n\t\t\t\t<\/div>\n\t\t\t<\/details>\n\t\t\t\t\t\t\t<details class=\"details\">\n\t\t\t\t\t\t<summary class=\"summary\">\n\t\t\t\t\t\t\t<div>Kan ik mijn inschrijving nog aanpassen?\t\t\t<\/div>\n\t\t\t<\/summary>\n\t\t\t<div class=\"content text-part\" >\n\t\t\t\t\t<div class=\"translation-block\"><p data-path-to-node=\"0\">De meeste extra opties kun je tot een aantal weken voor vertrek nog eenvoudig toevoegen of annuleren. Houd hierbij wel rekening met de volgende spelregels:<\/p>\n<ul data-path-to-node=\"1\">\n<li>\n<p data-path-to-node=\"1,0,0\"><b data-path-to-node=\"1,0,0\" data-index-in-node=\"0\">Beschikbaarheid &amp; timing:<\/b> Wijzigingen zijn altijd afhankelijk van de beschikbaarheid op dat moment. Hoe sneller je beslist, hoe groter de kans dat het nog lukt!<\/p>\n<\/li>\n<li>\n<p data-path-to-node=\"1,2,0\"><b data-path-to-node=\"1,2,0\" data-index-in-node=\"0\">Vluchten:<\/b> Zodra je naam is bevestigd, kun je de vlucht niet meer annuleren. Toevoegen kan eventueel nog wel, mits er nog stoelen beschikbaar zijn.<\/p>\n<\/li>\n<\/ul><\/div>\n\t\t\t\t<\/div>\n\t\t\t<\/details>\n\t\t\t\t\t\t\t<details class=\"details\">\n\t\t\t\t\t\t<summary class=\"summary\">\n\t\t\t\t\t\t\t<div>Wat zijn de huidige geopolitieke omstandigheden in Jordani\u00eb?\t\t\t<\/div>\n\t\t\t<\/summary>\n\t\t\t<div class=\"content text-part\" >\n\t\t\t\t\t<div class=\"translation-block\"><p>Jordani\u00eb blijft een van de meest stabiele landen in het Midden-Oosten. Al jarenlang voert het Hasjemitisch Koninkrijk een gematigd buitenlands beleid en vervult het een bemiddelende rol in de regio, wat bijdraagt aan de<strong> interne stabiliteit<\/strong> van het land.<\/p>\n<p>Tegelijkertijd ligt Jordani\u00eb in een regio waar de <strong>geopolitieke situatie snel kan veranderen<\/strong>. De recente ontwikkelingen in het Midden-Oosten, met name de <strong>spanningen tussen de Verenigde Staten, Isra\u00ebl en Iran<\/strong>, hebben ook Jordani\u00eb sporadisch geraakt. Deze hadden voornamelijk betrekking op Amerikaanse militaire bases en afgelegen locaties, ver van steden en woongebieden. Daarnaast hadden ze gevolgen voor het Jordaanse luchtruim en voor de reisadviezen van verschillende Europese overheden. Momenteel hanteren deze overheden een <strong>oranje reisadvies<\/strong>, voornamelijk vanwege de regionale context en de onzekerheid over hoe de situatie zich verder zal ontwikkelen.<\/p>\n<p>Daarom <strong>volgen wij de situatie dagelijks op<\/strong>, in nauw overleg met onze<strong> lokale partners<\/strong> en op basis van de <strong>offici\u00eble aanbevelingen van de bevoegde autoriteiten<\/strong>. Mocht de situatie zodanig veranderen dat we geen zorgeloze reiservaring meer kunnen garanderen, dan zullen we onze vertrekken hierop aanpassen, zoals we ook in het verleden hebben gedaan.<\/p>\n<p>De <strong>veiligheid en gemoedsrust van onze reizigers blijven onze hoogste prioriteit<\/strong>. We willen vooral dat iedereen Jordani\u00eb onder de best mogelijke omstandigheden kan ontdekken en volop kan genieten van dit bijzondere land, dat bekendstaat om zijn gastvrije bevolking, rijke geschiedenis en indrukwekkende landschappen.<\/p>\n<p><strong>Hoe de situatie zal evolueren naar volgend jaar toe volgen we verder op. We hebben er echter volle vertrouwen in dat onze trails volgend jaar perfect kunnen doorgaan zodra de reisadviezen het opnieuw toelaten.<\/strong><\/p><\/div>\n\t\t\t\t<\/div>\n\t\t\t<\/details>\n\t\t\t<\/div>\n\t\t\t<div class=\"faq-loadmore-wrap\">\n\t\t\t<button type=\"button\" class=\"faq-loadmore\" data-state=\"closed\" aria-expanded=\"false\">\n\t\t\t\t<span class=\"faq-loadmore__label-more\">Laad meer FAQ&#8217;s<\/span>\n\t\t\t\t<span class=\"faq-loadmore__label-less\">Laad minder FAQ&#8217;s<\/span>\n\t\t\t\t<svg class=\"faq-loadmore__icon\" viewBox=\"0 0 12 8\" aria-hidden=\"true\">\n\t\t\t\t\t<path d=\"M1 1.5l5 5 5-5\" fill=\"none\" stroke=\"currentColor\" stroke-width=\"1.6\" stroke-linecap=\"round\" stroke-linejoin=\"round\" \/>\n\t\t\t\t<\/svg>\n\t\t\t<\/button>\n\t\t<\/div>\n\t<\/div>\n\t<div class=\"inner-block tb-fade-in tb-fade-in--subtle\">\n\t\t<div class=\"faq-footer text-part\">\n\t\t\t<h3>Heb je nog vragen?<\/h3>\t\t\t\n\t\t\t\t<div class=\"contact-team\">\n\t\t\t\t\t\t\t\t\t\t\t<span style=\"background-image:url('https:\/\/tjt.travelblox.eu\/wp-content\/smush-webp\/sites\/78\/2024\/11\/Team-150x150.jpg.webp');\" data-smush-webp-fallback=\"{&quot;bg-image&quot;:&quot;url(&#039;https:\\\/\\\/tjt.travelblox.eu\\\/wp-content\\\/uploads\\\/sites\\\/78\\\/2024\\\/11\\\/Team-150x150.jpg&#039;)&quot;}\"><\/span>\n\t\t\t\t\t\t\t\t\t<\/div>\n\t\t\t\t\t\t<p>Je vindt al onze FAQ\u2019s op&nbsp;<a href=\"https:\/\/thejordantrail.org\/nl\/faq\/\">deze pagina<\/a>.<br \/>Of <a href=\"https:\/\/thejordantrail.com\/nl\/contact\/\">contacteer ons<\/a>, we beantwoorden je vragen met veel plezier!<\/p>\n\t\t\t\t\t\t\t<div class=\"tb-buttons-part\">\n\t\t\t\t\t\t\t\t\t\t\t<a href=\"https:\/\/thejordantrail.org\/nl\/faq\/\" class=\"tb-button\">\n\t\t\t\t\t\t\tVeelgestelde vragen\t\t\t\t\t\t<\/a>\n\t\t\t\t\t\t\t\t\t\t\t\t\t\t<\/div>\n\t\t\t\t\t<\/div>\n\t<\/div>\n<\/div>\n\n\n\n\n\n\n<div class=\" tb-quoteparallax tb-block align-center background-dark pattern-none variant-text_on_image\" id=\"quoteparallax\" style=\"background-image: url('https:\/\/tjt.travelblox.eu\/wp-content\/smush-webp\/sites\/78\/2024\/01\/theJordanTrail-2120-scaled-e1705659984604.jpg.webp');\" data-smush-webp-fallback=\"{&quot;bg-image&quot;:&quot; url(&#039;https:\\\/\\\/tjt.travelblox.eu\\\/wp-content\\\/uploads\\\/sites\\\/78\\\/2024\\\/01\\\/theJordanTrail-2120-scaled-e1705659984604.jpg&#039;)&quot;}\">\n\t\t<div class=\"inner-block tb-fade-in tb-fade-in--subtle\">\n\t\t\t\t\t<div class=\"text-part\">\n\t\t\t\t<h2>Benieuwd naar andere reiservaringen? <\/h2>\n\t\t\t\t\t<div class=\"translation-block\"><p><strong>Join onze Facebook groep, waar alle Travelbase Trailers van de afgelopen jaren hun liefde voor hiken, handige tips en ervaringen delen.<\/strong><\/p><\/div>\n\t\t\t\t\t\t\t\t\t\t<div class=\"tb-buttons-part\">\n\t\t\t\t\t\t\t\t<a href=\"https:\/\/www.facebook.com\/groups\/travelbasetrails\"  target=\"\" class=\"tb-button\">\n\t\t\tTravelbase Trails\t\t<\/a>\n\t\t\t\t\t\t\t\t\t\t<a href=\"https:\/\/travelbase.eu\/\"  target=\"_blank\" class=\"tb-buttonlink\">\n\t\t\tOntdek Travelbase\t\t<\/a>\n\t\t\t\t\t\t\t<\/div>\n\t\t\t\t\t\t\t<\/div>\n\t\t\t\t\t<\/div>\n<\/div>\n\n\n\n\n\n\n\n\n\n\n\n\n\n\n<div class=\" tb-similartrips tb-block align-center background-light pattern-none variant-none tb-collapsible-margins\" id=\"similartrips-1\">\n\t\t\t<div class=\"inner-block tb-fade-in tb-fade-in--subtle\">\n\t\t\t<div class=\"text-part\">\n\t\t\t\t\t\t\t\t\t<h2> Ontdek onze andere trails<\/h2>\n\t\t\t\t\t\t\t\t\t\t\t<\/div>\n\t\t<\/div>\n\t\t\t<div class=\"inner-block-full-width has-tb-carousel \" >\n\t\t<div class=\"tb-carousel-container\">\n\t\t\t<div class=\"entries tb-cards\" data-slider-first=\"1\">\n\t\t\t\t\t\t\t\t\t<a href=\"https:\/\/thecappadociatrail.com\/\"  target=\"\" class=\"tb-card entry\">\n\t\t\t\t<div class=\"tb-image-part\">\n\t\t\t\t\t\t\t\t\t\t\t<img src='https:\/\/tjt.travelblox.eu\/wp-content\/smush-webp\/sites\/78\/2025\/02\/Trek-en-Cappadoce.jpg.webp' width='633' height='418' alt='Kappadokien T\u00fcrkei' srcset='https:\/\/tjt.travelblox.eu\/wp-content\/smush-webp\/sites\/78\/2025\/02\/Trek-en-Cappadoce.jpg.webp 633w, https:\/\/tjt.travelblox.eu\/wp-content\/smush-webp\/sites\/78\/2025\/02\/Trek-en-Cappadoce-300x198.jpg.webp 300w, https:\/\/tjt.travelblox.eu\/wp-content\/smush-webp\/sites\/78\/2025\/02\/Trek-en-Cappadoce-18x12.jpg.webp 18w' sizes=\"auto, (max-width: 633px) 100vw, 633px\" loading='lazy' decoding='async' data-smush-webp-fallback=\"{&quot;src&quot;:&quot;https:\\\/\\\/tjt.travelblox.eu\\\/wp-content\\\/uploads\\\/sites\\\/78\\\/2025\\\/02\\\/Trek-en-Cappadoce.jpg&quot;,&quot;srcset&quot;:&quot;https:\\\/\\\/tjt.travelblox.eu\\\/wp-content\\\/uploads\\\/sites\\\/78\\\/2025\\\/02\\\/Trek-en-Cappadoce.jpg 633w, https:\\\/\\\/tjt.travelblox.eu\\\/wp-content\\\/uploads\\\/sites\\\/78\\\/2025\\\/02\\\/Trek-en-Cappadoce-300x198.jpg 300w, https:\\\/\\\/tjt.travelblox.eu\\\/wp-content\\\/uploads\\\/sites\\\/78\\\/2025\\\/02\\\/Trek-en-Cappadoce-18x12.jpg 18w&quot;}\">\t\t\t\t\t\t\t\t\t\t\t\t\t\t\t\t\t\t\t\t\t\t\t\t<\/div>\n\t\t\t\t<div class=\"tb-card-content\">\n\t\t\t\t\t<h4>\n\t\t\t\t\t\t<span>Cappadocia Trail<\/span>\n\t\t\t\t\t\t\t\t\t\t\t<\/h4>\n\t\t\t\t\t\t\t\t\t\t\t<div class=\"line\">\n\t\t\t\t\t\t\t\t\t\t\t\t\t\t\t<span class=\"location tb-text-with-icon icon-first\">\n\t\t\t\t\t\t\t\t\t<i class=\"icon fa fa-map-marker\"><\/i>\n\t\t\t\t\t\t\t\t\t<span>Turkije<\/span>\n\t\t\t\t\t\t\t\t<\/span>\n\t\t\t\t\t\t\t\t\t\t\t\t\t\t\t\t\t\t\t\t\t\t<span class=\"duration tb-text-with-icon icon-first\">\n\t\t\t\t\t\t\t\t\t<i class=\"icon fa fa-clock\"><\/i>\n\t\t\t\t\t\t\t\t\t<span>7 dagen<\/span>\n\t\t\t\t\t\t\t\t<\/span>\n\t\t\t\t\t\t\t\t\t\t\t\t\t\t\t\t\t\t\t\t<\/div>\n\t\t\t\t\t\t\t\t\t\t\t\t\t\t\t\t\t\t\t<\/div>\n\t\t\t<\/a>\n\t\t\t\t\t<a href=\"https:\/\/madeiratrail.eu\/nl\/\"  target=\"\" class=\"tb-card entry\">\n\t\t\t\t<div class=\"tb-image-part\">\n\t\t\t\t\t\t\t\t\t\t\t<img src='https:\/\/tjt.travelblox.eu\/wp-content\/smush-webp\/sites\/78\/2025\/09\/Siliquini-TheMadeiraTrail-240317-6240-768x512.jpg.webp' width='768' height='512' srcset='https:\/\/tjt.travelblox.eu\/wp-content\/smush-webp\/sites\/78\/2025\/09\/Siliquini-TheMadeiraTrail-240317-6240-768x512.jpg.webp 768w, https:\/\/tjt.travelblox.eu\/wp-content\/smush-webp\/sites\/78\/2025\/09\/Siliquini-TheMadeiraTrail-240317-6240-300x200.jpg.webp 300w, https:\/\/tjt.travelblox.eu\/wp-content\/smush-webp\/sites\/78\/2025\/09\/Siliquini-TheMadeiraTrail-240317-6240-18x12.jpg.webp 18w, https:\/\/tjt.travelblox.eu\/wp-content\/smush-webp\/sites\/78\/2025\/09\/Siliquini-TheMadeiraTrail-240317-6240.jpg.webp 1024w' sizes=\"auto, (max-width: 768px) 100vw, 768px\" loading='lazy' decoding='async' data-smush-webp-fallback=\"{&quot;src&quot;:&quot;https:\\\/\\\/tjt.travelblox.eu\\\/wp-content\\\/uploads\\\/sites\\\/78\\\/2025\\\/09\\\/Siliquini-TheMadeiraTrail-240317-6240-768x512.jpg&quot;,&quot;srcset&quot;:&quot;https:\\\/\\\/tjt.travelblox.eu\\\/wp-content\\\/uploads\\\/sites\\\/78\\\/2025\\\/09\\\/Siliquini-TheMadeiraTrail-240317-6240-768x512.jpg 768w, https:\\\/\\\/tjt.travelblox.eu\\\/wp-content\\\/uploads\\\/sites\\\/78\\\/2025\\\/09\\\/Siliquini-TheMadeiraTrail-240317-6240-300x200.jpg 300w, https:\\\/\\\/tjt.travelblox.eu\\\/wp-content\\\/uploads\\\/sites\\\/78\\\/2025\\\/09\\\/Siliquini-TheMadeiraTrail-240317-6240-18x12.jpg 18w, https:\\\/\\\/tjt.travelblox.eu\\\/wp-content\\\/uploads\\\/sites\\\/78\\\/2025\\\/09\\\/Siliquini-TheMadeiraTrail-240317-6240.jpg 1024w&quot;}\">\t\t\t\t\t\t\t\t\t\t\t\t\t\t\t\t\t\t\t\t\t\t\t\t<\/div>\n\t\t\t\t<div class=\"tb-card-content\">\n\t\t\t\t\t<h4>\n\t\t\t\t\t\t<span>Madeira trail<\/span>\n\t\t\t\t\t\t\t\t\t\t\t<\/h4>\n\t\t\t\t\t\t\t\t\t\t\t<div class=\"line\">\n\t\t\t\t\t\t\t\t\t\t\t\t\t\t\t<span class=\"location tb-text-with-icon icon-first\">\n\t\t\t\t\t\t\t\t\t<i class=\"icon fa fa-map-marker\"><\/i>\n\t\t\t\t\t\t\t\t\t<span>Madeira<\/span>\n\t\t\t\t\t\t\t\t<\/span>\n\t\t\t\t\t\t\t\t\t\t\t\t\t\t\t\t\t\t\t\t\t\t<span class=\"duration tb-text-with-icon icon-first\">\n\t\t\t\t\t\t\t\t\t<i class=\"icon fa fa-clock\"><\/i>\n\t\t\t\t\t\t\t\t\t<span>7 dagen<\/span>\n\t\t\t\t\t\t\t\t<\/span>\n\t\t\t\t\t\t\t\t\t\t\t\t\t\t\t\t\t\t\t\t<\/div>\n\t\t\t\t\t\t\t\t\t\t\t\t\t\t\t\t\t\t\t<\/div>\n\t\t\t<\/a>\n\t\t\t\t\t<a href=\"https:\/\/theatlastrail.com\/\"  target=\"\" class=\"tb-card entry\">\n\t\t\t\t<div class=\"tb-image-part\">\n\t\t\t\t\t\t\t\t\t\t\t<img src='https:\/\/tjt.travelblox.eu\/wp-content\/smush-webp\/sites\/78\/2024\/12\/Kopie-van-Siliquini_Travelbase_TheAtlasTrail_Pilot_102022-7879-Large-768x512.jpeg.webp' width='768' height='512' alt='Atlas Trail' srcset='https:\/\/tjt.travelblox.eu\/wp-content\/smush-webp\/sites\/78\/2024\/12\/Kopie-van-Siliquini_Travelbase_TheAtlasTrail_Pilot_102022-7879-Large-768x512.jpeg.webp 768w, https:\/\/tjt.travelblox.eu\/wp-content\/smush-webp\/sites\/78\/2024\/12\/Kopie-van-Siliquini_Travelbase_TheAtlasTrail_Pilot_102022-7879-Large-300x200.jpeg.webp 300w, https:\/\/tjt.travelblox.eu\/wp-content\/smush-webp\/sites\/78\/2024\/12\/Kopie-van-Siliquini_Travelbase_TheAtlasTrail_Pilot_102022-7879-Large-1024x682.jpeg.webp 1024w, https:\/\/tjt.travelblox.eu\/wp-content\/smush-webp\/sites\/78\/2024\/12\/Kopie-van-Siliquini_Travelbase_TheAtlasTrail_Pilot_102022-7879-Large-18x12.jpeg.webp 18w, https:\/\/tjt.travelblox.eu\/wp-content\/smush-webp\/sites\/78\/2024\/12\/Kopie-van-Siliquini_Travelbase_TheAtlasTrail_Pilot_102022-7879-Large.jpeg.webp 1280w' sizes=\"auto, (max-width: 768px) 100vw, 768px\" loading='lazy' decoding='async' data-smush-webp-fallback=\"{&quot;src&quot;:&quot;https:\\\/\\\/tjt.travelblox.eu\\\/wp-content\\\/uploads\\\/sites\\\/78\\\/2024\\\/12\\\/Kopie-van-Siliquini_Travelbase_TheAtlasTrail_Pilot_102022-7879-Large-768x512.jpeg&quot;,&quot;srcset&quot;:&quot;https:\\\/\\\/tjt.travelblox.eu\\\/wp-content\\\/uploads\\\/sites\\\/78\\\/2024\\\/12\\\/Kopie-van-Siliquini_Travelbase_TheAtlasTrail_Pilot_102022-7879-Large-768x512.jpeg 768w, https:\\\/\\\/tjt.travelblox.eu\\\/wp-content\\\/uploads\\\/sites\\\/78\\\/2024\\\/12\\\/Kopie-van-Siliquini_Travelbase_TheAtlasTrail_Pilot_102022-7879-Large-300x200.jpeg 300w, https:\\\/\\\/tjt.travelblox.eu\\\/wp-content\\\/uploads\\\/sites\\\/78\\\/2024\\\/12\\\/Kopie-van-Siliquini_Travelbase_TheAtlasTrail_Pilot_102022-7879-Large-1024x682.jpeg 1024w, https:\\\/\\\/tjt.travelblox.eu\\\/wp-content\\\/uploads\\\/sites\\\/78\\\/2024\\\/12\\\/Kopie-van-Siliquini_Travelbase_TheAtlasTrail_Pilot_102022-7879-Large-18x12.jpeg 18w, https:\\\/\\\/tjt.travelblox.eu\\\/wp-content\\\/uploads\\\/sites\\\/78\\\/2024\\\/12\\\/Kopie-van-Siliquini_Travelbase_TheAtlasTrail_Pilot_102022-7879-Large.jpeg 1280w&quot;}\">\t\t\t\t\t\t\t\t\t\t\t\t\t\t\t\t\t\t\t\t\t\t\t\t<\/div>\n\t\t\t\t<div class=\"tb-card-content\">\n\t\t\t\t\t<h4>\n\t\t\t\t\t\t<span>Atlas Trail<\/span>\n\t\t\t\t\t\t\t\t\t\t\t<\/h4>\n\t\t\t\t\t\t\t\t\t\t\t<div class=\"line\">\n\t\t\t\t\t\t\t\t\t\t\t\t\t\t\t<span class=\"location tb-text-with-icon icon-first\">\n\t\t\t\t\t\t\t\t\t<i class=\"icon fa fa-map-marker\"><\/i>\n\t\t\t\t\t\t\t\t\t<span>Marocco<\/span>\n\t\t\t\t\t\t\t\t<\/span>\n\t\t\t\t\t\t\t\t\t\t\t\t\t\t\t\t\t\t\t\t\t\t<span class=\"duration tb-text-with-icon icon-first\">\n\t\t\t\t\t\t\t\t\t<i class=\"icon fa fa-clock\"><\/i>\n\t\t\t\t\t\t\t\t\t<span>7 dagen<\/span>\n\t\t\t\t\t\t\t\t<\/span>\n\t\t\t\t\t\t\t\t\t\t\t\t\t\t\t\t\t\t\t\t<\/div>\n\t\t\t\t\t\t\t\t\t\t\t\t\t\t\t\t\t\t\t<\/div>\n\t\t\t<\/a>\n\t\t\t\t\t<\/div>\n\t\t\t\t<div class=\"tb-carousel-nav\">\n\t\t<div class=\"dots\">\n\t\t\t<div class=\"dot active\"><\/div>\n\t\t\t<div class=\"dot\"><\/div>\n\t\t\t<div class=\"dot\"><\/div>\n\t\t<\/div>\n\t\t<div class=\"arrows\">\n\t\t\t<div class=\"prev disabled\">\n\t\t\t\t<span><i class=\"fa fa-chevron-left\"><\/i><\/span>\n\t\t\t<\/div>\n\t\t\t<div class=\"next\">\n\t\t\t\t<span><i class=\"fa fa-chevron-right\"><\/i><\/span>\n\t\t\t<\/div>\n\t\t<\/div>\n\t<\/div>\n\t\t\t<\/div>\n\t<\/div>\n\t\t\t<\/div>\n\n","protected":false},"excerpt":{"rendered":"","protected":false},"author":87,"featured_media":436,"parent":0,"menu_order":0,"comment_status":"closed","ping_status":"closed","template":"","meta":{"_acf_changed":false,"inline_featured_image":false,"footnotes":""},"class_list":["post-1669","page","type-page","status-publish","has-post-thumbnail","hentry"],"acf":{"page_package_ids":"TJT-TJT","is_main_package_page":true,"additional_linked_packages":[],"feed_page_to_atlas":true},"_links":{"self":[{"href":"https:\/\/tjt.travelblox.eu\/nl\/wp-json\/wp\/v2\/pages\/1669","targetHints":{"allow":["GET"]}}],"collection":[{"href":"https:\/\/tjt.travelblox.eu\/nl\/wp-json\/wp\/v2\/pages"}],"about":[{"href":"https:\/\/tjt.travelblox.eu\/nl\/wp-json\/wp\/v2\/types\/page"}],"author":[{"embeddable":true,"href":"https:\/\/tjt.travelblox.eu\/nl\/wp-json\/wp\/v2\/users\/87"}],"replies":[{"embeddable":true,"href":"https:\/\/tjt.travelblox.eu\/nl\/wp-json\/wp\/v2\/comments?post=1669"}],"version-history":[{"count":35,"href":"https:\/\/tjt.travelblox.eu\/nl\/wp-json\/wp\/v2\/pages\/1669\/revisions"}],"predecessor-version":[{"id":1731,"href":"https:\/\/tjt.travelblox.eu\/nl\/wp-json\/wp\/v2\/pages\/1669\/revisions\/1731"}],"wp:featuredmedia":[{"embeddable":true,"href":"https:\/\/tjt.travelblox.eu\/nl\/wp-json\/wp\/v2\/media\/436"}],"wp:attachment":[{"href":"https:\/\/tjt.travelblox.eu\/nl\/wp-json\/wp\/v2\/media?parent=1669"}],"curies":[{"name":"wp","href":"https:\/\/api.w.org\/{rel}","templated":true}]}}