{"id":1669,"date":"2026-09-02T13:01:26","date_gmt":"2026-09-02T13:01:26","guid":{"rendered":"https:\/\/tjt.travelblox.eu\/?page_id=1669"},"modified":"2026-09-02T13:22:07","modified_gmt":"2026-09-02T13:22:07","slug":"aanbod-voorjaar-2027","status":"publish","type":"page","link":"https:\/\/tjt.travelblox.eu\/fr\/","title":{"rendered":"Aanbod voorjaar 2027"},"content":{"rendered":"<div class=\"tb-header tb-block align-center background-dark pattern-none variant-none\" id=\"header\" data-fallback-background=\"https:\/\/vz-2d98b19f-729.b-cdn.net\/37a4f2e9-3688-43fa-a713-eeae62588cc7\/thumbnail.jpg\" style=\"background-image: linear-gradient(rgba(0, 0, 0, 0.4), rgba(0, 0, 0, 0.4)), url('https:\/\/vz-2d98b19f-729.b-cdn.net\/37a4f2e9-3688-43fa-a713-eeae62588cc7\/thumbnail.jpg'); background-position:center;\">\n        \n    <div class=\"tb-header-foreground\">\n        <div class=\"inner-block\">\n\n            <div class=\"main-part\">\n                <div class=\"text-part\">\n                                                                                            <h1>\t<span class=\"tb-logo\"  style=\"-webkit-mask-image: url(https:\/\/tjt.travelblox.eu\/wp-content\/uploads\/sites\/78\/2025\/06\/TJT_Logo-Remake2021-WIT.svg); mask-image: url(https:\/\/tjt.travelblox.eu\/wp-content\/uploads\/sites\/78\/2025\/06\/TJT_Logo-Remake2021-WIT.svg)\">\n\t\t<img src='https:\/\/tjt.travelblox.eu\/wp-content\/uploads\/sites\/78\/2025\/06\/TJT_Logo-Remake2021-WIT.svg' width='1024' height='1024' alt='Le logo du Jordan Trail' title='Jordan Trail' loading='lazy'>\n\t<\/span>\n<\/h1>\n                                                                                        <h2 class=\"tb-subtitle\">\t<div class=\"translation-block\"><p>5 jours de randonn\u00e9e au c\u0153ur de la Jordanie<\/p><\/div>\n\t<\/h2>\n                                                                                    <div class=\"tb-properties\">\n                                                            <div class=\"tb-property\">\n                                                                            <div class=\"tb-property__icon\">\n                                            \t\t\t\t<i class=\"icon fa-solid fa-calendar-days fa-fw\" aria-hidden=\"true\"><\/i>\n\t\t\t                                        <\/div>\n                                                                        <div class=\"tb-property__label\">\n                                        5 jours de randonn\u00e9e                                    <\/div>\n                                <\/div>\n                                                                    <div class=\"tb-properties__divider\"><\/div>\n                                                                                            <div class=\"tb-property\">\n                                                                            <div class=\"tb-property__icon\">\n                                            \t\t\t\t<i class=\"icon fa-kit fa-tb-icon-tipi fa-fw\" aria-hidden=\"true\"><\/i>\n\t\t\t                                        <\/div>\n                                                                        <div class=\"tb-property__label\">\n                                        Nuits en tente                                    <\/div>\n                                <\/div>\n                                                                    <div class=\"tb-properties__divider\"><\/div>\n                                                                                            <div class=\"tb-property\">\n                                                                            <div class=\"tb-property__icon\">\n                                            \t\t\t\t<i class=\"icon fa-solid fa-person-hiking fa-fw\" aria-hidden=\"true\"><\/i>\n\t\t\t                                        <\/div>\n                                                                        <div class=\"tb-property__label\">\n                                        Avec guides                                    <\/div>\n                                <\/div>\n                                                                                    <\/div>\n                                                                <div class=\"tb-buttons-part\">\n                                                            \t\t<a href=\"https:\/\/travelbase.pro.typeform.com\/TJT27SFRPrereg\"  target=\"_blank\" data-mode=\"popup\" data-url=\"https:\/\/travelbase.pro.typeform.com\/tjt27snlprereg\" class=\"tb-button typeform-share\">\n\t\t\tSe pr\u00e9inscrire | Printemps 2027\t\t<\/a>\n\t\t\t\t\t<script>\n\t\t\t\t(function() {\n\t\t\t\t\tvar qs, js, q, s, d = document,\n\t\t\t\t\t\tgi = d.getElementById,\n\t\t\t\t\t\tce = d.createElement,\n\t\t\t\t\t\tgt = d.getElementsByTagName,\n\t\t\t\t\t\tid = \"typef_orm_share\",\n\t\t\t\t\t\tb = \"https:\/\/embed.typeform.com\/\";\n\t\t\t\t\tif (!gi.call(d, id)) {\n\t\t\t\t\t\tjs = ce.call(d, \"script\");\n\t\t\t\t\t\tjs.id = id;\n\t\t\t\t\t\tjs.src = b + \"embed.js\";\n\t\t\t\t\t\tq = gt.call(d, \"script\")[0];\n\t\t\t\t\t\tq.parentNode.insertBefore(js, q);\n\t\t\t\t\t}\n\t\t\t\t})();\n\t\t\t<\/script>\n\t\t                                                                                        \t\t<a href=\"#join\"  target=\"\" class=\"tb-buttonlink\">\n\t\t\tTarifs &amp; dates\t\t<\/a>\n\t\t                                                    <\/div>\n                                                                <div class=\"average-reviews-wrapper\" data-reviews-redirect-url=\"https:\/\/www.google.com\/maps\/place\/\/data=!4m4!3m3!1s0x116324b4ba9d92d:0x92789fa5da22923e!9m1!1b1\" data-embed-social-id=\"bcf5c605b6e8c2d09e261ae54007ca4253946594\"><\/div>\n                                    <\/div>\n            <\/div>\n\n                    <\/div>\n    <\/div>\n\n    \n                        <div class=\"tb-header-background tb-header-background--has-iframe\">\n                        <iframe src=\"https:\/\/iframe.mediadelivery.net\/embed\/306445\/37a4f2e9-3688-43fa-a713-eeae62588cc7?autoplay=true&#038;preload=true&#038;loop=true&#038;responsive=true&#038;muted=true\" allow=\"accelerometer;gyroscope;encrypted-media;picture-in-picture;autoplay;muted;\" allowfullscreen=\"true\" style=\"border: none;\" loading=\"lazy\"><\/iframe>                    <\/div>\n                \n    \n                <nav class=\"tb-header__subnav\">\n            <div class=\"inner-block\">\n                <div class=\"tb-header__pagename tb-header__pagename--visible\">\n                                            \t<span class=\"tb-logo\"  style=\"-webkit-mask-image: url(https:\/\/tjt.travelblox.eu\/wp-content\/uploads\/sites\/78\/2025\/08\/TJT_Logo-Remake2021-ROOD.svg); mask-image: url(https:\/\/tjt.travelblox.eu\/wp-content\/uploads\/sites\/78\/2025\/08\/TJT_Logo-Remake2021-ROOD.svg)\">\n\t\t<img src='https:\/\/tjt.travelblox.eu\/wp-content\/uploads\/sites\/78\/2025\/08\/TJT_Logo-Remake2021-ROOD.svg' width='1024' height='1024' alt='Le logo du Jordan Trail' title='Jordan Trail' loading='lazy'>\n\t<\/span>\n                                    <\/div>\n\n                <ul>\n                                            <li>\n                            <a href=\"#Concept\">Concept<\/a>\n                        <\/li>\n\n                                            <li>\n                            <a href=\"#hikingdays\">Itin\u00e9raire<\/a>\n                        <\/li>\n\n                                            <li>\n                            <a href=\"#practical\">Informations pratiques<\/a>\n                        <\/li>\n\n                                            <li>\n                            <a href=\"#options\">Options<\/a>\n                        <\/li>\n\n                                            <li>\n                            <a href=\"#options\">Options<\/a>\n                        <\/li>\n\n                                            <li>\n                            <a href=\"#howtogetthere-2\">Vols<\/a>\n                        <\/li>\n\n                                            <li>\n                            <a href=\"#faq\">FAQ<\/a>\n                        <\/li>\n\n                    \n                                                <li class=\"tb-header__subnav_cta\">\n                                <a href=\"#join\" class=\"tb-button\" >Disponibilit\u00e9s<\/a>\n                            <\/li>\n                                    <\/ul>\n            <\/div>\n        <\/nav>\n\n    \n<\/div>\n\n\n\n\n\t<div class=\"tb-topbar tb-block align-center background-dark pattern-none variant-none\" id=\"topbar\" data-subnav=\"false\">\n\t\t<div class=\"inner-block\">\n\t\t\t<div class=\"text-part\">\n\t\t\t\t\t\t\t\t\t\t\t\t\t<i class=\"icon fa-regular fa-alarm-clock fa-fw\" aria-hidden=\"true\"><\/i>\n\t\t\t\t\t\t\t\t\t\t\t\t<div class=\"translation-block\"><p>Ouverture des r\u00e9servations pour le printemps 2027<\/p><\/div>\n\t\t\t\t<\/div>\n\n\t\t\t\n\t\t\t\t<div class=\"tb-countdown__container\" data-countdown-date=\"16\/09\/2026 4:00 pm\">\n\n\t\t\t\t\t<div class=\"tb-countdown__block\" data-countdown-name=\"days\">\n\t\t\t\t\t\t<div class=\"tb-countdown__numbers\"><\/div>\n\t\t\t\t\t\t<div class=\"tb-countdown__text\">jours<\/div>\n\t\t\t\t\t<\/div>\n\n\t\t\t\t\t<div class=\"tb-countdown__block\" data-countdown-name=\"hours\">\n\t\t\t\t\t\t<div class=\"tb-countdown__numbers\"><\/div>\n\t\t\t\t\t\t<div class=\"tb-countdown__text\">heures<\/div>\n\t\t\t\t\t<\/div>\n\n\t\t\t\t\t<div class=\"tb-countdown__block\" data-countdown-name=\"minutes\">\n\t\t\t\t\t\t<div class=\"tb-countdown__numbers\"><\/div>\n\t\t\t\t\t\t<div class=\"tb-countdown__text\">min<\/div>\n\t\t\t\t\t<\/div>\n\n\t\t\t\t\t<div class=\"tb-countdown__block\" data-countdown-name=\"seconds\">\n\t\t\t\t\t\t<div class=\"tb-countdown__numbers\"><\/div>\n\t\t\t\t\t\t<div class=\"tb-countdown__text\">sec<\/div>\n\t\t\t\t\t<\/div>\n\n\t\t\t\t<\/div>\n\n\t\t\t\n\t\t\t\t\t<\/div>\n\t<\/div>\n\t\n\n\n\n\n<div class=\"tb-intro tb-block align-none background-middle pattern-custom variant-none tb-collapsible-margins\" id=\"intro\" style=\"background-image: url(http:\/\/tjt.travelblox.eu\/wp-content\/uploads\/sites\/78\/2024\/01\/Jordan_Slightly-White-texture.jpeg)\">\n    <div class=\"inner-block tb-fade-in tb-fade-in--subtle\">\n\n        \n\n        <div class=\"text-part content-part\">\n            <div class=\"title-meta-inclusive\">\n                <div class=\"title-and-meta\">\n                                            <div class=\"title-part\">\n                                                            <h3>Jordan Trail<\/h3>\n                                                                                                                            <h5>\t<div class=\"translation-block\">Une randonn\u00e9e authentique au c\u0153ur de la Jordanie : nature, culture et Petra comme r\u00e9compense ultime.<\/div>\n\t<\/h5>\n                                                                                    <\/div>\n                                        <ul class=\"meta-data\">\n                                                    <li>\n                                <i class=\"fa fa-regular fa-tag\"><\/i>\n                                <span>\u00c0 partir de 620 \u20ac<\/span>\n                            <\/li>\n                                                                            <li>\n                                <i class=\"fa fa-regular fa-calendar\"><\/i>\n                                <span><p><a href=\"#join\">31 mars &#8211; 5 mai<\/a><\/p>\n<\/span>\n                            <\/li>\n                                            <\/ul>\n                <\/div>\n                                    <div class=\"inclusive\">\n                                                    <h6>Points forts<\/h6>\n                                                <ul class=\"\">\n                                                            <li class=\"visible\">\n                                                                            \t\t\t\t<i class=\"icon fa-solid fa-person-hiking fa-fw\" aria-hidden=\"true\"><\/i>\n\t\t\t                                                                                                                <span>Randonnez \u00e0 travers des canyons arides, des d\u00e9serts et des vall\u00e9es<\/span>\n                                                                    <\/li>\n                                                            <li class=\"visible\">\n                                                                            \t\t\t\t<i class=\"icon fa-kit fa-tb-icon-tipi fa-fw\" aria-hidden=\"true\"><\/i>\n\t\t\t                                                                                                                <span>Campez au c\u0153ur de la nature, sous un ciel \u00e9toil\u00e9<\/span>\n                                                                    <\/li>\n                                                            <li class=\"visible\">\n                                                                            \t\t\t\t<i class=\"icon fa-solid fa-hand-holding-heart fa-fw\" aria-hidden=\"true\"><\/i>\n\t\t\t                                                                                                                <span>D\u00e9couvrez la culture locale et l\u2019hospitalit\u00e9 chaleureuse des Jordaniens<\/span>\n                                                                    <\/li>\n                                                            <li class=\"visible\">\n                                                                            \t\t\t\t<i class=\"icon fa-regular fa-plate-utensils fa-fw\" aria-hidden=\"true\"><\/i>\n\t\t\t                                                                                                                <span>Savourez la d\u00e9licieuse cuisine jordanienne<\/span>\n                                                                    <\/li>\n                                                            <li class=\"visible\">\n                                                                            \t\t\t\t<i class=\"icon fa-solid fa-earth-asia fa-fw\" aria-hidden=\"true\"><\/i>\n\t\t\t                                                                                                                <span>Visitez le site embl\u00e9matique de Petra, l\u2019une des merveilles du monde<\/span>\n                                                                    <\/li>\n                                                    <\/ul>\n                                            <\/div>\n                            <\/div>\n\n                            <div class=\"tb-buttons desktop-only\">\n                                            <a href=\"https:\/\/travelbase.pro.typeform.com\/TJT27SFRPrereg\" class=\"tb-button\">\n                                                            Se pr\u00e9inscrire | Printemps 2027                                                    <\/a>\n                                                                <a href=\"#practical\" class=\"tb-buttonlink\">\n                                                            Plus d'informations                                                    <\/a>\n                                    <\/div>\n                    <\/div>\n                                    <div class=\"tb-video-part\">\n                    <iframe src=\"https:\/\/iframe.mediadelivery.net\/embed\/306529\/430431ef-9667-495f-8219-da6235f38c80?autoplay=false&#038;preload=true&#038;loop=true&#038;responsive=true\" allow=\"accelerometer;gyroscope;encrypted-media;picture-in-picture;\" allowfullscreen=\"true\" style=\"border: none;\" loading=\"lazy\"><\/iframe>                <\/div>\n                                        <div class=\"tb-buttons mobile-only\">\n                                    <a href=\"https:\/\/travelbase.pro.typeform.com\/TJT27SFRPrereg\" class=\"tb-button\">\n                                                    Se pr\u00e9inscrire | Printemps 2027                                            <\/a>\n                                                    <a href=\"#practical\" class=\"tb-buttonlink\">\n                                                    Plus d'informations                                            <\/a>\n                            <\/div>\n            <\/div>\n<\/div>\n\n\n<div class=\"tb-gallery tb-block align-center background-light pattern-none variant-grid\" id=\"gallery\">\n\t<div class=\"tb-gallery__inner\">\n\t\t<div class=\"desktop tb-has-popup-content\">\n\t\t\t\t\t\t\t<ul class=\"tb-gallery-grid\">\n\t\t\t\t\t\t\t\t\t\t\t\t\t\t\t\t\t\t<li class=\"slide\">\n\t\t\t\t\t\t\t\t<div class=\"tb-popup-trigger\">\n\t\t\t\t\t\t\t\t\t<img src='https:\/\/tjt.travelblox.eu\/wp-content\/smush-webp\/sites\/78\/2025\/08\/Blogs_featured_images-1.jpg.webp' width='1300' height='800' alt='Voyage en groupe en Jordanie' srcset='https:\/\/tjt.travelblox.eu\/wp-content\/smush-webp\/sites\/78\/2025\/08\/Blogs_featured_images-1.jpg.webp 1300w, https:\/\/tjt.travelblox.eu\/wp-content\/smush-webp\/sites\/78\/2025\/08\/Blogs_featured_images-1-300x185.jpg.webp 300w, https:\/\/tjt.travelblox.eu\/wp-content\/smush-webp\/sites\/78\/2025\/08\/Blogs_featured_images-1-1024x630.jpg.webp 1024w, https:\/\/tjt.travelblox.eu\/wp-content\/smush-webp\/sites\/78\/2025\/08\/Blogs_featured_images-1-768x473.jpg.webp 768w, https:\/\/tjt.travelblox.eu\/wp-content\/smush-webp\/sites\/78\/2025\/08\/Blogs_featured_images-1-18x12.jpg.webp 18w' sizes=\"auto, (max-width: 1300px) 100vw, 1300px\" loading='lazy' decoding='async' data-smush-webp-fallback=\"{&quot;src&quot;:&quot;https:\\\/\\\/tjt.travelblox.eu\\\/wp-content\\\/uploads\\\/sites\\\/78\\\/2025\\\/08\\\/Blogs_featured_images-1.jpg&quot;,&quot;srcset&quot;:&quot;https:\\\/\\\/tjt.travelblox.eu\\\/wp-content\\\/uploads\\\/sites\\\/78\\\/2025\\\/08\\\/Blogs_featured_images-1.jpg 1300w, https:\\\/\\\/tjt.travelblox.eu\\\/wp-content\\\/uploads\\\/sites\\\/78\\\/2025\\\/08\\\/Blogs_featured_images-1-300x185.jpg 300w, https:\\\/\\\/tjt.travelblox.eu\\\/wp-content\\\/uploads\\\/sites\\\/78\\\/2025\\\/08\\\/Blogs_featured_images-1-1024x630.jpg 1024w, https:\\\/\\\/tjt.travelblox.eu\\\/wp-content\\\/uploads\\\/sites\\\/78\\\/2025\\\/08\\\/Blogs_featured_images-1-768x473.jpg 768w, https:\\\/\\\/tjt.travelblox.eu\\\/wp-content\\\/uploads\\\/sites\\\/78\\\/2025\\\/08\\\/Blogs_featured_images-1-18x12.jpg 18w&quot;}\">\t\t\t\t\t\t\t\t<\/div>\n\t\t\t\t\t\t\t<\/li>\n\t\t\t\t\t\t\t\t\t\t\t\t\t<li class=\"slide\">\n\t\t\t\t\t\t\t\t<div class=\"tb-popup-trigger\">\n\t\t\t\t\t\t\t\t\t<img src='https:\/\/tjt.travelblox.eu\/wp-content\/smush-webp\/sites\/78\/2024\/01\/JT23_RoyMosterd_LR_4100343-scaled-e1705659830617.jpg.webp' width='800' height='1067' alt='Nourriture b\u00e9douine - Le Jordan Trail' loading='lazy' decoding='async' data-smush-webp-fallback='{&quot;src&quot;:&quot;https:\\\/\\\/tjt.travelblox.eu\\\/wp-content\\\/uploads\\\/sites\\\/78\\\/2024\\\/01\\\/JT23_RoyMosterd_LR_4100343-scaled-e1705659830617.jpg&quot;}'>\t\t\t\t\t\t\t\t<\/div>\n\t\t\t\t\t\t\t<\/li>\n\t\t\t\t\t\t\t\t\t\t\t\t\t<li class=\"slide\">\n\t\t\t\t\t\t\t\t<div class=\"tb-popup-trigger\">\n\t\t\t\t\t\t\t\t\t<img src='https:\/\/tjt.travelblox.eu\/wp-content\/smush-webp\/sites\/78\/2025\/02\/TJT23_EvyVanNispen_LR-383.jpg.webp' width='2500' height='1667' alt='Le Jordan Trail, Petra' srcset='https:\/\/tjt.travelblox.eu\/wp-content\/smush-webp\/sites\/78\/2025\/02\/TJT23_EvyVanNispen_LR-383.jpg.webp 2500w, https:\/\/tjt.travelblox.eu\/wp-content\/smush-webp\/sites\/78\/2025\/02\/TJT23_EvyVanNispen_LR-383-300x200.jpg.webp 300w, https:\/\/tjt.travelblox.eu\/wp-content\/smush-webp\/sites\/78\/2025\/02\/TJT23_EvyVanNispen_LR-383-1024x683.jpg.webp 1024w, https:\/\/tjt.travelblox.eu\/wp-content\/smush-webp\/sites\/78\/2025\/02\/TJT23_EvyVanNispen_LR-383-768x512.jpg.webp 768w, https:\/\/tjt.travelblox.eu\/wp-content\/smush-webp\/sites\/78\/2025\/02\/TJT23_EvyVanNispen_LR-383-1536x1024.jpg.webp 1536w, https:\/\/tjt.travelblox.eu\/wp-content\/smush-webp\/sites\/78\/2025\/02\/TJT23_EvyVanNispen_LR-383-2048x1366.jpg.webp 2048w, https:\/\/tjt.travelblox.eu\/wp-content\/smush-webp\/sites\/78\/2025\/02\/TJT23_EvyVanNispen_LR-383-18x12.jpg.webp 18w' sizes=\"auto, (max-width: 2500px) 100vw, 2500px\" loading='lazy' decoding='async' data-smush-webp-fallback=\"{&quot;src&quot;:&quot;https:\\\/\\\/tjt.travelblox.eu\\\/wp-content\\\/uploads\\\/sites\\\/78\\\/2025\\\/02\\\/TJT23_EvyVanNispen_LR-383.jpg&quot;,&quot;srcset&quot;:&quot;https:\\\/\\\/tjt.travelblox.eu\\\/wp-content\\\/uploads\\\/sites\\\/78\\\/2025\\\/02\\\/TJT23_EvyVanNispen_LR-383.jpg 2500w, https:\\\/\\\/tjt.travelblox.eu\\\/wp-content\\\/uploads\\\/sites\\\/78\\\/2025\\\/02\\\/TJT23_EvyVanNispen_LR-383-300x200.jpg 300w, https:\\\/\\\/tjt.travelblox.eu\\\/wp-content\\\/uploads\\\/sites\\\/78\\\/2025\\\/02\\\/TJT23_EvyVanNispen_LR-383-1024x683.jpg 1024w, https:\\\/\\\/tjt.travelblox.eu\\\/wp-content\\\/uploads\\\/sites\\\/78\\\/2025\\\/02\\\/TJT23_EvyVanNispen_LR-383-768x512.jpg 768w, https:\\\/\\\/tjt.travelblox.eu\\\/wp-content\\\/uploads\\\/sites\\\/78\\\/2025\\\/02\\\/TJT23_EvyVanNispen_LR-383-1536x1024.jpg 1536w, https:\\\/\\\/tjt.travelblox.eu\\\/wp-content\\\/uploads\\\/sites\\\/78\\\/2025\\\/02\\\/TJT23_EvyVanNispen_LR-383-2048x1366.jpg 2048w, https:\\\/\\\/tjt.travelblox.eu\\\/wp-content\\\/uploads\\\/sites\\\/78\\\/2025\\\/02\\\/TJT23_EvyVanNispen_LR-383-18x12.jpg 18w&quot;}\">\t\t\t\t\t\t\t\t<\/div>\n\t\t\t\t\t\t\t<\/li>\n\t\t\t\t\t\t\t\t\t\t\t\t\t\t\t<\/ul>\n\t\t\t\t\t\t<div class=\"tb-popup tb-popup--open-clicked-image\">\n\t\t\t\t<div class=\"tb-gallery-popup\">\n\t\t\t\t\t<div class=\"tb-image-part\">\n\t\t\t\t\t\t\t\t<div class=\"inner-block-full-width has-tb-carousel tb-carousel-slider\" >\n\t\t<div class=\"tb-carousel-container\">\n\t\t\t<div class=\"entries tb-cards\" data-slider-first=\"2\">\n\t\t\t\t\t\t\t<div class=\"entry\">\n\t\t\t<div class=\"tb-image-part\">\n\t\t\t\t<figure>\n\t\t\t\t\t<img src='https:\/\/tjt.travelblox.eu\/wp-content\/smush-webp\/sites\/78\/2025\/08\/Blogs_featured_images-1.jpg.webp' width='1300' height='800' alt='Voyage en groupe en Jordanie' srcset='https:\/\/tjt.travelblox.eu\/wp-content\/smush-webp\/sites\/78\/2025\/08\/Blogs_featured_images-1.jpg.webp 1300w, https:\/\/tjt.travelblox.eu\/wp-content\/smush-webp\/sites\/78\/2025\/08\/Blogs_featured_images-1-300x185.jpg.webp 300w, https:\/\/tjt.travelblox.eu\/wp-content\/smush-webp\/sites\/78\/2025\/08\/Blogs_featured_images-1-1024x630.jpg.webp 1024w, https:\/\/tjt.travelblox.eu\/wp-content\/smush-webp\/sites\/78\/2025\/08\/Blogs_featured_images-1-768x473.jpg.webp 768w, https:\/\/tjt.travelblox.eu\/wp-content\/smush-webp\/sites\/78\/2025\/08\/Blogs_featured_images-1-18x12.jpg.webp 18w' sizes=\"auto, (max-width: 1300px) 100vw, 1300px\" loading='lazy' decoding='async' data-smush-webp-fallback=\"{&quot;src&quot;:&quot;https:\\\/\\\/tjt.travelblox.eu\\\/wp-content\\\/uploads\\\/sites\\\/78\\\/2025\\\/08\\\/Blogs_featured_images-1.jpg&quot;,&quot;srcset&quot;:&quot;https:\\\/\\\/tjt.travelblox.eu\\\/wp-content\\\/uploads\\\/sites\\\/78\\\/2025\\\/08\\\/Blogs_featured_images-1.jpg 1300w, https:\\\/\\\/tjt.travelblox.eu\\\/wp-content\\\/uploads\\\/sites\\\/78\\\/2025\\\/08\\\/Blogs_featured_images-1-300x185.jpg 300w, https:\\\/\\\/tjt.travelblox.eu\\\/wp-content\\\/uploads\\\/sites\\\/78\\\/2025\\\/08\\\/Blogs_featured_images-1-1024x630.jpg 1024w, https:\\\/\\\/tjt.travelblox.eu\\\/wp-content\\\/uploads\\\/sites\\\/78\\\/2025\\\/08\\\/Blogs_featured_images-1-768x473.jpg 768w, https:\\\/\\\/tjt.travelblox.eu\\\/wp-content\\\/uploads\\\/sites\\\/78\\\/2025\\\/08\\\/Blogs_featured_images-1-18x12.jpg 18w&quot;}\">\t\t\t\t\t\t\t\t\t<\/figure>\n\t\t\t<\/div>\n\t\t<\/div>\n\t\t\t<div class=\"entry\">\n\t\t\t<div class=\"tb-image-part\">\n\t\t\t\t<figure>\n\t\t\t\t\t<img src='https:\/\/tjt.travelblox.eu\/wp-content\/smush-webp\/sites\/78\/2024\/01\/JT23_RoyMosterd_LR_4100343-scaled-e1705659830617.jpg.webp' width='800' height='1067' alt='Nourriture b\u00e9douine - Le Jordan Trail' loading='lazy' decoding='async' data-smush-webp-fallback='{&quot;src&quot;:&quot;https:\\\/\\\/tjt.travelblox.eu\\\/wp-content\\\/uploads\\\/sites\\\/78\\\/2024\\\/01\\\/JT23_RoyMosterd_LR_4100343-scaled-e1705659830617.jpg&quot;}'>\t\t\t\t\t\t\t\t\t<\/figure>\n\t\t\t<\/div>\n\t\t<\/div>\n\t\t\t<div class=\"entry\">\n\t\t\t<div class=\"tb-image-part\">\n\t\t\t\t<figure>\n\t\t\t\t\t<img src='https:\/\/tjt.travelblox.eu\/wp-content\/smush-webp\/sites\/78\/2025\/02\/TJT23_EvyVanNispen_LR-383.jpg.webp' width='2500' height='1667' alt='Le Jordan Trail, Petra' srcset='https:\/\/tjt.travelblox.eu\/wp-content\/smush-webp\/sites\/78\/2025\/02\/TJT23_EvyVanNispen_LR-383.jpg.webp 2500w, https:\/\/tjt.travelblox.eu\/wp-content\/smush-webp\/sites\/78\/2025\/02\/TJT23_EvyVanNispen_LR-383-300x200.jpg.webp 300w, https:\/\/tjt.travelblox.eu\/wp-content\/smush-webp\/sites\/78\/2025\/02\/TJT23_EvyVanNispen_LR-383-1024x683.jpg.webp 1024w, https:\/\/tjt.travelblox.eu\/wp-content\/smush-webp\/sites\/78\/2025\/02\/TJT23_EvyVanNispen_LR-383-768x512.jpg.webp 768w, https:\/\/tjt.travelblox.eu\/wp-content\/smush-webp\/sites\/78\/2025\/02\/TJT23_EvyVanNispen_LR-383-1536x1024.jpg.webp 1536w, https:\/\/tjt.travelblox.eu\/wp-content\/smush-webp\/sites\/78\/2025\/02\/TJT23_EvyVanNispen_LR-383-2048x1366.jpg.webp 2048w, https:\/\/tjt.travelblox.eu\/wp-content\/smush-webp\/sites\/78\/2025\/02\/TJT23_EvyVanNispen_LR-383-18x12.jpg.webp 18w' sizes=\"auto, (max-width: 2500px) 100vw, 2500px\" loading='lazy' decoding='async' data-smush-webp-fallback=\"{&quot;src&quot;:&quot;https:\\\/\\\/tjt.travelblox.eu\\\/wp-content\\\/uploads\\\/sites\\\/78\\\/2025\\\/02\\\/TJT23_EvyVanNispen_LR-383.jpg&quot;,&quot;srcset&quot;:&quot;https:\\\/\\\/tjt.travelblox.eu\\\/wp-content\\\/uploads\\\/sites\\\/78\\\/2025\\\/02\\\/TJT23_EvyVanNispen_LR-383.jpg 2500w, https:\\\/\\\/tjt.travelblox.eu\\\/wp-content\\\/uploads\\\/sites\\\/78\\\/2025\\\/02\\\/TJT23_EvyVanNispen_LR-383-300x200.jpg 300w, https:\\\/\\\/tjt.travelblox.eu\\\/wp-content\\\/uploads\\\/sites\\\/78\\\/2025\\\/02\\\/TJT23_EvyVanNispen_LR-383-1024x683.jpg 1024w, https:\\\/\\\/tjt.travelblox.eu\\\/wp-content\\\/uploads\\\/sites\\\/78\\\/2025\\\/02\\\/TJT23_EvyVanNispen_LR-383-768x512.jpg 768w, https:\\\/\\\/tjt.travelblox.eu\\\/wp-content\\\/uploads\\\/sites\\\/78\\\/2025\\\/02\\\/TJT23_EvyVanNispen_LR-383-1536x1024.jpg 1536w, https:\\\/\\\/tjt.travelblox.eu\\\/wp-content\\\/uploads\\\/sites\\\/78\\\/2025\\\/02\\\/TJT23_EvyVanNispen_LR-383-2048x1366.jpg 2048w, https:\\\/\\\/tjt.travelblox.eu\\\/wp-content\\\/uploads\\\/sites\\\/78\\\/2025\\\/02\\\/TJT23_EvyVanNispen_LR-383-18x12.jpg 18w&quot;}\">\t\t\t\t\t\t\t\t\t<\/figure>\n\t\t\t<\/div>\n\t\t<\/div>\n\t\t\t\t\t<\/div>\n\t\t\t\t<div class=\"tb-carousel-nav\">\n\t\t<div class=\"dots\">\n\t\t\t<div class=\"dot active\"><\/div>\n\t\t\t<div class=\"dot\"><\/div>\n\t\t\t<div class=\"dot\"><\/div>\n\t\t<\/div>\n\t\t<div class=\"arrows\">\n\t\t\t<div class=\"prev disabled\">\n\t\t\t\t<span><i class=\"fa fa-chevron-left\"><\/i><\/span>\n\t\t\t<\/div>\n\t\t\t<div class=\"next\">\n\t\t\t\t<span><i class=\"fa fa-chevron-right\"><\/i><\/span>\n\t\t\t<\/div>\n\t\t<\/div>\n\t<\/div>\n\t\t\t<\/div>\n\t<\/div>\n\t\t\t\t\t\t\t<\/div>\n\t\t\t\t<\/div>\n\t\t\t<\/div>\n\t\t<\/div>\n\t\t<div class=\"mobile\">\n\t\t\t<div class=\"tb-image-part\">\n\t\t\t\t\t\t<div class=\"inner-block-full-width has-tb-carousel tb-carousel-slider\" >\n\t\t<div class=\"tb-carousel-container\">\n\t\t\t<div class=\"entries tb-cards\" data-slider-first=\"0\">\n\t\t\t\t\t\t\t<div class=\"entry\">\n\t\t\t<div class=\"tb-image-part\">\n\t\t\t\t<figure>\n\t\t\t\t\t<img src='https:\/\/tjt.travelblox.eu\/wp-content\/smush-webp\/sites\/78\/2025\/08\/Blogs_featured_images-1-768x473.jpg.webp' width='768' height='473' alt='Voyage en groupe en Jordanie' srcset='https:\/\/tjt.travelblox.eu\/wp-content\/smush-webp\/sites\/78\/2025\/08\/Blogs_featured_images-1-768x473.jpg.webp 768w, https:\/\/tjt.travelblox.eu\/wp-content\/smush-webp\/sites\/78\/2025\/08\/Blogs_featured_images-1-300x185.jpg.webp 300w, https:\/\/tjt.travelblox.eu\/wp-content\/smush-webp\/sites\/78\/2025\/08\/Blogs_featured_images-1-1024x630.jpg.webp 1024w, https:\/\/tjt.travelblox.eu\/wp-content\/smush-webp\/sites\/78\/2025\/08\/Blogs_featured_images-1-18x12.jpg.webp 18w, https:\/\/tjt.travelblox.eu\/wp-content\/smush-webp\/sites\/78\/2025\/08\/Blogs_featured_images-1.jpg.webp 1300w' sizes=\"auto, (max-width: 768px) 100vw, 768px\" loading='lazy' decoding='async' data-smush-webp-fallback=\"{&quot;src&quot;:&quot;https:\\\/\\\/tjt.travelblox.eu\\\/wp-content\\\/uploads\\\/sites\\\/78\\\/2025\\\/08\\\/Blogs_featured_images-1-768x473.jpg&quot;,&quot;srcset&quot;:&quot;https:\\\/\\\/tjt.travelblox.eu\\\/wp-content\\\/uploads\\\/sites\\\/78\\\/2025\\\/08\\\/Blogs_featured_images-1-768x473.jpg 768w, https:\\\/\\\/tjt.travelblox.eu\\\/wp-content\\\/uploads\\\/sites\\\/78\\\/2025\\\/08\\\/Blogs_featured_images-1-300x185.jpg 300w, https:\\\/\\\/tjt.travelblox.eu\\\/wp-content\\\/uploads\\\/sites\\\/78\\\/2025\\\/08\\\/Blogs_featured_images-1-1024x630.jpg 1024w, https:\\\/\\\/tjt.travelblox.eu\\\/wp-content\\\/uploads\\\/sites\\\/78\\\/2025\\\/08\\\/Blogs_featured_images-1-18x12.jpg 18w, https:\\\/\\\/tjt.travelblox.eu\\\/wp-content\\\/uploads\\\/sites\\\/78\\\/2025\\\/08\\\/Blogs_featured_images-1.jpg 1300w&quot;}\">\t\t\t\t\t\t\t\t\t<\/figure>\n\t\t\t<\/div>\n\t\t<\/div>\n\t\t\t<div class=\"entry\">\n\t\t\t<div class=\"tb-image-part\">\n\t\t\t\t<figure>\n\t\t\t\t\t<img src='https:\/\/tjt.travelblox.eu\/wp-content\/smush-webp\/sites\/78\/2024\/01\/JT23_RoyMosterd_LR_4100343-768x1024.jpg.webp' width='768' height='1024' alt='Nourriture b\u00e9douine - Le Jordan Trail' srcset='https:\/\/tjt.travelblox.eu\/wp-content\/smush-webp\/sites\/78\/2024\/01\/JT23_RoyMosterd_LR_4100343-768x1024.jpg.webp 768w, https:\/\/tjt.travelblox.eu\/wp-content\/smush-webp\/sites\/78\/2024\/01\/JT23_RoyMosterd_LR_4100343-225x300.jpg.webp 225w, https:\/\/tjt.travelblox.eu\/wp-content\/smush-webp\/sites\/78\/2024\/01\/JT23_RoyMosterd_LR_4100343-1152x1536.jpg.webp 1152w, https:\/\/tjt.travelblox.eu\/wp-content\/smush-webp\/sites\/78\/2024\/01\/JT23_RoyMosterd_LR_4100343-1536x2048.jpg.webp 1536w, https:\/\/tjt.travelblox.eu\/wp-content\/smush-webp\/sites\/78\/2024\/01\/JT23_RoyMosterd_LR_4100343-9x12.jpg.webp 9w, https:\/\/tjt.travelblox.eu\/wp-content\/smush-webp\/sites\/78\/2024\/01\/JT23_RoyMosterd_LR_4100343-scaled-e1705659830617.jpg.webp 800w' sizes=\"auto, (max-width: 768px) 100vw, 768px\" loading='lazy' decoding='async' data-smush-webp-fallback=\"{&quot;src&quot;:&quot;https:\\\/\\\/tjt.travelblox.eu\\\/wp-content\\\/uploads\\\/sites\\\/78\\\/2024\\\/01\\\/JT23_RoyMosterd_LR_4100343-768x1024.jpg&quot;,&quot;srcset&quot;:&quot;https:\\\/\\\/tjt.travelblox.eu\\\/wp-content\\\/uploads\\\/sites\\\/78\\\/2024\\\/01\\\/JT23_RoyMosterd_LR_4100343-768x1024.jpg 768w, https:\\\/\\\/tjt.travelblox.eu\\\/wp-content\\\/uploads\\\/sites\\\/78\\\/2024\\\/01\\\/JT23_RoyMosterd_LR_4100343-225x300.jpg 225w, https:\\\/\\\/tjt.travelblox.eu\\\/wp-content\\\/uploads\\\/sites\\\/78\\\/2024\\\/01\\\/JT23_RoyMosterd_LR_4100343-1152x1536.jpg 1152w, https:\\\/\\\/tjt.travelblox.eu\\\/wp-content\\\/uploads\\\/sites\\\/78\\\/2024\\\/01\\\/JT23_RoyMosterd_LR_4100343-1536x2048.jpg 1536w, https:\\\/\\\/tjt.travelblox.eu\\\/wp-content\\\/uploads\\\/sites\\\/78\\\/2024\\\/01\\\/JT23_RoyMosterd_LR_4100343-9x12.jpg 9w, https:\\\/\\\/tjt.travelblox.eu\\\/wp-content\\\/uploads\\\/sites\\\/78\\\/2024\\\/01\\\/JT23_RoyMosterd_LR_4100343-scaled-e1705659830617.jpg 800w&quot;}\">\t\t\t\t\t\t\t\t\t<\/figure>\n\t\t\t<\/div>\n\t\t<\/div>\n\t\t\t<div class=\"entry\">\n\t\t\t<div class=\"tb-image-part\">\n\t\t\t\t<figure>\n\t\t\t\t\t<img src='https:\/\/tjt.travelblox.eu\/wp-content\/smush-webp\/sites\/78\/2025\/02\/TJT23_EvyVanNispen_LR-383-768x512.jpg.webp' width='768' height='512' alt='Le Jordan Trail, Petra' srcset='https:\/\/tjt.travelblox.eu\/wp-content\/smush-webp\/sites\/78\/2025\/02\/TJT23_EvyVanNispen_LR-383-768x512.jpg.webp 768w, https:\/\/tjt.travelblox.eu\/wp-content\/smush-webp\/sites\/78\/2025\/02\/TJT23_EvyVanNispen_LR-383-300x200.jpg.webp 300w, https:\/\/tjt.travelblox.eu\/wp-content\/smush-webp\/sites\/78\/2025\/02\/TJT23_EvyVanNispen_LR-383-1024x683.jpg.webp 1024w, https:\/\/tjt.travelblox.eu\/wp-content\/smush-webp\/sites\/78\/2025\/02\/TJT23_EvyVanNispen_LR-383-1536x1024.jpg.webp 1536w, https:\/\/tjt.travelblox.eu\/wp-content\/smush-webp\/sites\/78\/2025\/02\/TJT23_EvyVanNispen_LR-383-2048x1366.jpg.webp 2048w, https:\/\/tjt.travelblox.eu\/wp-content\/smush-webp\/sites\/78\/2025\/02\/TJT23_EvyVanNispen_LR-383-18x12.jpg.webp 18w' sizes=\"auto, (max-width: 768px) 100vw, 768px\" loading='lazy' decoding='async' data-smush-webp-fallback=\"{&quot;src&quot;:&quot;https:\\\/\\\/tjt.travelblox.eu\\\/wp-content\\\/uploads\\\/sites\\\/78\\\/2025\\\/02\\\/TJT23_EvyVanNispen_LR-383-768x512.jpg&quot;,&quot;srcset&quot;:&quot;https:\\\/\\\/tjt.travelblox.eu\\\/wp-content\\\/uploads\\\/sites\\\/78\\\/2025\\\/02\\\/TJT23_EvyVanNispen_LR-383-768x512.jpg 768w, https:\\\/\\\/tjt.travelblox.eu\\\/wp-content\\\/uploads\\\/sites\\\/78\\\/2025\\\/02\\\/TJT23_EvyVanNispen_LR-383-300x200.jpg 300w, https:\\\/\\\/tjt.travelblox.eu\\\/wp-content\\\/uploads\\\/sites\\\/78\\\/2025\\\/02\\\/TJT23_EvyVanNispen_LR-383-1024x683.jpg 1024w, https:\\\/\\\/tjt.travelblox.eu\\\/wp-content\\\/uploads\\\/sites\\\/78\\\/2025\\\/02\\\/TJT23_EvyVanNispen_LR-383-1536x1024.jpg 1536w, https:\\\/\\\/tjt.travelblox.eu\\\/wp-content\\\/uploads\\\/sites\\\/78\\\/2025\\\/02\\\/TJT23_EvyVanNispen_LR-383-2048x1366.jpg 2048w, https:\\\/\\\/tjt.travelblox.eu\\\/wp-content\\\/uploads\\\/sites\\\/78\\\/2025\\\/02\\\/TJT23_EvyVanNispen_LR-383-18x12.jpg 18w&quot;}\">\t\t\t\t\t\t\t\t\t<\/figure>\n\t\t\t<\/div>\n\t\t<\/div>\n\t\t\t\t\t<\/div>\n\t\t\t\t<div class=\"tb-carousel-nav\">\n\t\t<div class=\"dots\">\n\t\t\t<div class=\"dot active\"><\/div>\n\t\t\t<div class=\"dot\"><\/div>\n\t\t\t<div class=\"dot\"><\/div>\n\t\t<\/div>\n\t\t<div class=\"arrows\">\n\t\t\t<div class=\"prev disabled\">\n\t\t\t\t<span><i class=\"fa fa-chevron-left\"><\/i><\/span>\n\t\t\t<\/div>\n\t\t\t<div class=\"next\">\n\t\t\t\t<span><i class=\"fa fa-chevron-right\"><\/i><\/span>\n\t\t\t<\/div>\n\t\t<\/div>\n\t<\/div>\n\t\t\t<\/div>\n\t<\/div>\n\t\t\t\t\t<\/div>\n\t\t<\/div>\n\t<\/div>\n<\/div>\n\n\n\n<div class=\"tb-textimage2 tb-block align-left background-light pattern-none variant-image_first tb-collapsible-margins\" id=\"Concept\">\n\t<div class=\"inner-block tb-fade-in\">\n\n\t\t\n\t\t\t\t<div class=\"tb-columns\">\n\t\t\t<div class=\"tb-column\">\n\t\t\t\t<div class=\"tb-text-part\">\n\t\t\t\t\t<h2>Randonner en Jordanie<\/h2>\n\t\t\t\t\t\t<div class=\"translation-block tb-wysiwyg-part\"><p>Un voyage en Jordanie est une aventure remplie d'histoire ancienne, d'aventures in\u00e9gal\u00e9es et de vues fantastiques. La Jordanie, c'est le <strong>c\u0153ur accueillant du Moyen-Orient<\/strong> : un pays o\u00f9 des montagnes impressionnantes et d'\u00e9normes vall\u00e9es portent des histoires depuis des si\u00e8cles, et l\u00e0 o\u00f9 le <strong>d\u00e9sert et le ciel \u00e9toil\u00e9 semblent infinis<\/strong>.<\/p><p><strong>Le Jordan Trail<\/strong> a \u00e9t\u00e9 d\u00e9sign\u00e9 par National Geographic comme l'une des randonn\u00e9es <strong>incontournables.<\/strong> Vous marcherez sur une partie de cette l\u00e9gendaire route caravani\u00e8re \u00e0 travers montagnes, canyons, oasis et vastes d\u00e9serts. Lors de notre <strong>randonn\u00e9e de 5 jours<\/strong>, vous parcourrez chaque jour entre 14 et 18 kilom\u00e8tres et vous passerez la nuit en pleine nature, d'un camp nabat\u00e9en \u00e0 un autre, tout en profitant de la <strong>chaleureuse hospitalit\u00e9 des B\u00e9douins<\/strong>.<\/p><\/div>\n\t\t\t\t\t\t\t\t\t\t\t<div class=\"tb-buttons-part\">\n\t\t\t\t\t\t\t\t<a href=\"#join\"  target=\"\" class=\"tb-button\">\n\t\t\tPrix et disponibilit\u00e9s\t\t<\/a>\n\t\t\t\t\t\t\t\t\t\t<a href=\"#hikingdays\"  target=\"\" class=\"tb-buttonlink\">\n\t\t\tD\u00e9couvrez l'itin\u00e9raire\t\t<\/a>\n\t\t\t\t\t\t\t<\/div>\n\t\t\t\t<\/div>\n\t\t\t<\/div>\n\t\t\t<div class=\"tb-column\">\n\t\t\t\t\t\t\t\t\t\t\t\t\t\t\t<div class=\"tb-image-part\">\n\t\t\t\t\t\t\t\t\t<div class=\"inner-block-full-width has-tb-carousel tb-carousel-slider\" >\n\t\t<div class=\"tb-carousel-container\">\n\t\t\t<div class=\"entries tb-cards\" data-slider-first=\"0\">\n\t\t\t\t\t\t\t<div class=\"entry\">\n\t\t\t<div class=\"tb-image-part\">\n\t\t\t\t<figure>\n\t\t\t\t\t<img src='https:\/\/tjt.travelblox.eu\/wp-content\/smush-webp\/sites\/78\/2024\/09\/TJT23_EvyVanNispen_LR-172-768x512.jpg.webp' width='768' height='512' alt='Jordan Trail, Petra' srcset='https:\/\/tjt.travelblox.eu\/wp-content\/smush-webp\/sites\/78\/2024\/09\/TJT23_EvyVanNispen_LR-172-768x512.jpg.webp 768w, https:\/\/tjt.travelblox.eu\/wp-content\/smush-webp\/sites\/78\/2024\/09\/TJT23_EvyVanNispen_LR-172-300x200.jpg.webp 300w, https:\/\/tjt.travelblox.eu\/wp-content\/smush-webp\/sites\/78\/2024\/09\/TJT23_EvyVanNispen_LR-172-1024x683.jpg.webp 1024w, https:\/\/tjt.travelblox.eu\/wp-content\/smush-webp\/sites\/78\/2024\/09\/TJT23_EvyVanNispen_LR-172-1536x1024.jpg.webp 1536w, https:\/\/tjt.travelblox.eu\/wp-content\/smush-webp\/sites\/78\/2024\/09\/TJT23_EvyVanNispen_LR-172-2048x1366.jpg.webp 2048w, https:\/\/tjt.travelblox.eu\/wp-content\/smush-webp\/sites\/78\/2024\/09\/TJT23_EvyVanNispen_LR-172-18x12.jpg.webp 18w' sizes=\"auto, (max-width: 768px) 100vw, 768px\" loading='lazy' decoding='async' data-smush-webp-fallback=\"{&quot;src&quot;:&quot;https:\\\/\\\/tjt.travelblox.eu\\\/wp-content\\\/uploads\\\/sites\\\/78\\\/2024\\\/09\\\/TJT23_EvyVanNispen_LR-172-768x512.jpg&quot;,&quot;srcset&quot;:&quot;https:\\\/\\\/tjt.travelblox.eu\\\/wp-content\\\/uploads\\\/sites\\\/78\\\/2024\\\/09\\\/TJT23_EvyVanNispen_LR-172-768x512.jpg 768w, https:\\\/\\\/tjt.travelblox.eu\\\/wp-content\\\/uploads\\\/sites\\\/78\\\/2024\\\/09\\\/TJT23_EvyVanNispen_LR-172-300x200.jpg 300w, https:\\\/\\\/tjt.travelblox.eu\\\/wp-content\\\/uploads\\\/sites\\\/78\\\/2024\\\/09\\\/TJT23_EvyVanNispen_LR-172-1024x683.jpg 1024w, https:\\\/\\\/tjt.travelblox.eu\\\/wp-content\\\/uploads\\\/sites\\\/78\\\/2024\\\/09\\\/TJT23_EvyVanNispen_LR-172-1536x1024.jpg 1536w, https:\\\/\\\/tjt.travelblox.eu\\\/wp-content\\\/uploads\\\/sites\\\/78\\\/2024\\\/09\\\/TJT23_EvyVanNispen_LR-172-2048x1366.jpg 2048w, https:\\\/\\\/tjt.travelblox.eu\\\/wp-content\\\/uploads\\\/sites\\\/78\\\/2024\\\/09\\\/TJT23_EvyVanNispen_LR-172-18x12.jpg 18w&quot;}\">\t\t\t\t\t\t\t\t\t\t\t\t\t\t\t\t\t\t\t\t\t\t\t\t\t\t<\/figure>\n\t\t\t<\/div>\n\t\t<\/div>\n\t\t\t<div class=\"entry\">\n\t\t\t<div class=\"tb-image-part\">\n\t\t\t\t<figure>\n\t\t\t\t\t<img src='https:\/\/tjt.travelblox.eu\/wp-content\/smush-webp\/sites\/78\/2025\/08\/Blog-verticale-fotos-5-1-768x1195.jpg.webp' width='768' height='1195' alt='Voyage en groupe en Jordanie Gruppenreise Jordanien' srcset='https:\/\/tjt.travelblox.eu\/wp-content\/smush-webp\/sites\/78\/2025\/08\/Blog-verticale-fotos-5-1-768x1195.jpg.webp 768w, https:\/\/tjt.travelblox.eu\/wp-content\/smush-webp\/sites\/78\/2025\/08\/Blog-verticale-fotos-5-1-193x300.jpg.webp 193w, https:\/\/tjt.travelblox.eu\/wp-content\/smush-webp\/sites\/78\/2025\/08\/Blog-verticale-fotos-5-1-658x1024.jpg.webp 658w, https:\/\/tjt.travelblox.eu\/wp-content\/smush-webp\/sites\/78\/2025\/08\/Blog-verticale-fotos-5-1-987x1536.jpg.webp 987w, https:\/\/tjt.travelblox.eu\/wp-content\/smush-webp\/sites\/78\/2025\/08\/Blog-verticale-fotos-5-1-8x12.jpg.webp 8w, https:\/\/tjt.travelblox.eu\/wp-content\/smush-webp\/sites\/78\/2025\/08\/Blog-verticale-fotos-5-1.jpg.webp 1080w' sizes=\"auto, (max-width: 768px) 100vw, 768px\" style='object-position:50% 50%' loading='lazy' decoding='async' data-smush-webp-fallback=\"{&quot;src&quot;:&quot;https:\\\/\\\/tjt.travelblox.eu\\\/wp-content\\\/uploads\\\/sites\\\/78\\\/2025\\\/08\\\/Blog-verticale-fotos-5-1-768x1195.jpg&quot;,&quot;srcset&quot;:&quot;https:\\\/\\\/tjt.travelblox.eu\\\/wp-content\\\/uploads\\\/sites\\\/78\\\/2025\\\/08\\\/Blog-verticale-fotos-5-1-768x1195.jpg 768w, https:\\\/\\\/tjt.travelblox.eu\\\/wp-content\\\/uploads\\\/sites\\\/78\\\/2025\\\/08\\\/Blog-verticale-fotos-5-1-193x300.jpg 193w, https:\\\/\\\/tjt.travelblox.eu\\\/wp-content\\\/uploads\\\/sites\\\/78\\\/2025\\\/08\\\/Blog-verticale-fotos-5-1-658x1024.jpg 658w, https:\\\/\\\/tjt.travelblox.eu\\\/wp-content\\\/uploads\\\/sites\\\/78\\\/2025\\\/08\\\/Blog-verticale-fotos-5-1-987x1536.jpg 987w, https:\\\/\\\/tjt.travelblox.eu\\\/wp-content\\\/uploads\\\/sites\\\/78\\\/2025\\\/08\\\/Blog-verticale-fotos-5-1-8x12.jpg 8w, https:\\\/\\\/tjt.travelblox.eu\\\/wp-content\\\/uploads\\\/sites\\\/78\\\/2025\\\/08\\\/Blog-verticale-fotos-5-1.jpg 1080w&quot;}\">\t\t\t\t\t\t\t\t\t\t\t\t\t\t\t\t\t\t\t\t\t\t\t\t\t\t<\/figure>\n\t\t\t<\/div>\n\t\t<\/div>\n\t\t\t<div class=\"entry\">\n\t\t\t<div class=\"tb-image-part\">\n\t\t\t\t<figure>\n\t\t\t\t\t<img src='https:\/\/tjt.travelblox.eu\/wp-content\/smush-webp\/sites\/78\/2024\/01\/JORDANTRAIL-209-768x513.jpg.webp' width='768' height='513' alt='Jordan Trail, Petra' srcset='https:\/\/tjt.travelblox.eu\/wp-content\/smush-webp\/sites\/78\/2024\/01\/JORDANTRAIL-209-768x513.jpg.webp 768w, https:\/\/tjt.travelblox.eu\/wp-content\/smush-webp\/sites\/78\/2024\/01\/JORDANTRAIL-209-300x200.jpg.webp 300w, https:\/\/tjt.travelblox.eu\/wp-content\/smush-webp\/sites\/78\/2024\/01\/JORDANTRAIL-209-1024x684.jpg.webp 1024w, https:\/\/tjt.travelblox.eu\/wp-content\/smush-webp\/sites\/78\/2024\/01\/JORDANTRAIL-209-1536x1025.jpg.webp 1536w, https:\/\/tjt.travelblox.eu\/wp-content\/smush-webp\/sites\/78\/2024\/01\/JORDANTRAIL-209-2048x1367.jpg.webp 2048w, https:\/\/tjt.travelblox.eu\/wp-content\/smush-webp\/sites\/78\/2024\/01\/JORDANTRAIL-209-18x12.jpg.webp 18w, https:\/\/tjt.travelblox.eu\/wp-content\/smush-webp\/sites\/78\/2024\/01\/JORDANTRAIL-209-scaled-e1705659460731.jpg.webp 800w' sizes=\"auto, (max-width: 768px) 100vw, 768px\" loading='lazy' decoding='async' data-smush-webp-fallback=\"{&quot;src&quot;:&quot;https:\\\/\\\/tjt.travelblox.eu\\\/wp-content\\\/uploads\\\/sites\\\/78\\\/2024\\\/01\\\/JORDANTRAIL-209-768x513.jpg&quot;,&quot;srcset&quot;:&quot;https:\\\/\\\/tjt.travelblox.eu\\\/wp-content\\\/uploads\\\/sites\\\/78\\\/2024\\\/01\\\/JORDANTRAIL-209-768x513.jpg 768w, https:\\\/\\\/tjt.travelblox.eu\\\/wp-content\\\/uploads\\\/sites\\\/78\\\/2024\\\/01\\\/JORDANTRAIL-209-300x200.jpg 300w, https:\\\/\\\/tjt.travelblox.eu\\\/wp-content\\\/uploads\\\/sites\\\/78\\\/2024\\\/01\\\/JORDANTRAIL-209-1024x684.jpg 1024w, https:\\\/\\\/tjt.travelblox.eu\\\/wp-content\\\/uploads\\\/sites\\\/78\\\/2024\\\/01\\\/JORDANTRAIL-209-1536x1025.jpg 1536w, https:\\\/\\\/tjt.travelblox.eu\\\/wp-content\\\/uploads\\\/sites\\\/78\\\/2024\\\/01\\\/JORDANTRAIL-209-2048x1367.jpg 2048w, https:\\\/\\\/tjt.travelblox.eu\\\/wp-content\\\/uploads\\\/sites\\\/78\\\/2024\\\/01\\\/JORDANTRAIL-209-18x12.jpg 18w, https:\\\/\\\/tjt.travelblox.eu\\\/wp-content\\\/uploads\\\/sites\\\/78\\\/2024\\\/01\\\/JORDANTRAIL-209-scaled-e1705659460731.jpg 800w&quot;}\">\t\t\t\t\t\t\t\t\t\t\t\t\t\t\t\t\t\t\t\t\t\t\t\t\t\t<\/figure>\n\t\t\t<\/div>\n\t\t<\/div>\n\t\t\t\t\t<\/div>\n\t\t\t\t<div class=\"tb-carousel-nav\">\n\t\t<div class=\"dots\">\n\t\t\t<div class=\"dot active\"><\/div>\n\t\t\t<div class=\"dot\"><\/div>\n\t\t\t<div class=\"dot\"><\/div>\n\t\t<\/div>\n\t\t<div class=\"arrows\">\n\t\t\t<div class=\"prev disabled\">\n\t\t\t\t<span><i class=\"fa fa-chevron-left\"><\/i><\/span>\n\t\t\t<\/div>\n\t\t\t<div class=\"next\">\n\t\t\t\t<span><i class=\"fa fa-chevron-right\"><\/i><\/span>\n\t\t\t<\/div>\n\t\t<\/div>\n\t<\/div>\n\t\t\t<\/div>\n\t<\/div>\n\t\t\t\t\t\t\t\t<\/div>\n\t\t\t\t\t\t\t\t\t\t\t\t<\/div>\n\t\t<\/div>\n\t<\/div>\n<\/div>\n\n\n<div class=\"tb-dayschedule tb-block align-center background-dark pattern-none variant-none tb-collapsible-margins\" id=\"route\">\n\n\t<div class=\"inner-block tb-fade-in tb-fade-in--subtle\">\n\t\t<div class=\"text-part\">\n\t\t\t<h2>Le programme de la semaine<\/h2>\n\t\t\t\t<div class=\"translation-block\"><p>En une semaine, vous marcherez <strong>sur les sentiers les plus impressionnants et recul\u00e9s de Jordanie<\/strong>. Vous d\u00e9couvrirez la culture b\u00e9douine, l'hospitalit\u00e9 moyen-orientale et de magnifiques cha\u00eenes de montagnes. En fonction des conditions m\u00e9t\u00e9orologiques, les itin\u00e9raires et les distances peuvent varier pendant la saison.<\/p><\/div>\n\t\t\t\t\t\t\t\t\t\t\t\t\t<\/div>\n\t<\/div>\n\t\t\t<div class=\"tb-sections\">\n\t\t\t\t\t\t\t\t\t\t\t\t\t<div class=\"inner-block-full-width has-tb-carousel tb-section\" id=\"route-section-0\">\n\t\t<div class=\"tb-carousel-container\">\n\t\t\t<div class=\"entries tb-cards\" data-slider-first=\"1\">\n\t\t\t\t\t\t\t\t\t\t\t\t\t\t\t<div class=\"tb-card entry tb-popup-trigger tb-unfold-on-hover\">\n\t\t\t\t\t\t\t<div class=\"tb-image-part\">\n\t\t\t\t\t\t\t\t<div class=\"tag\">\n\t\t\t\t\t\t\t\t\t<div>Jour 1<\/div>\n\t\t\t\t\t\t\t\t<\/div>\n\n\t\t\t\t\t\t\t\t<img src='https:\/\/tjt.travelblox.eu\/wp-content\/smush-webp\/sites\/78\/2024\/01\/theJordanTrail-7448-scaled-e1705666560909-768x998.jpg.webp' width='768' height='998' alt='Amman, Jordanie' srcset='' sizes=\"auto, (max-width: 768px) 100vw, 768px\" loading='lazy' decoding='async' data-srcset=\"\" data-smush-webp-fallback=\"{&quot;src&quot;:&quot;https:\\\/\\\/tjt.travelblox.eu\\\/wp-content\\\/uploads\\\/sites\\\/78\\\/2024\\\/01\\\/theJordanTrail-7448-scaled-e1705666560909-768x998.jpg&quot;}\">\t\t\t\t\t\t\t<\/div>\n\t\t\t\t\t\t\t<div class=\"tb-card-bottom-wrapper\">\n\t\t\t\t\t\t\t\t<div class=\"tb-card-bottom\">\n\n\t\t\t\t\t\t\t\t\t<span class=\"tb-card-bottom__title\">\n\t\t\t\t\t\t\t\t\t\t<span class=\"tb-card-bottom__place\">\n\t\t\t\t\t\t\t\t\t\t\tMaison\t\t\t\t\t\t\t\t\t\t\t\t\t\t\t\t\t\t\t\t\t\t\t&#8211; Amman\t\t\t\t\t\t\t\t\t\t\t\t\t\t\t\t\t\t\t\t\t<\/span>\n\n\t\t\t\t\t\t\t\t\t<\/span>\n\t\t\t\t\t\t\t\t\t<div class=\"tb-card-bottom__content\">\n\t\t\t\t\t\t\t\t\t\t<div>\n\t\t\t\t\t\t\t\t\t\t\t\t\t\t\t\t\t\t\t\t\t\t\t\t\t\t\t<i class=\"icon fa-solid fa-bed fa-fw\" aria-hidden=\"true\"><\/i>\n\t\t\t  \t\t\t\t\t\t\t\t\t\t\t\t\t\t\t\t\t\t\t\t\t<\/div>\n\t\t\t\t\t\t\t\t\t<\/div>\n\t\t\t\t\t\t\t\t\t<div class=\"tb-card-bottom__teaser tb-unfold-on-hover__content\" data-no-translation>\n\t\t\t\t\t\t\t\t\t\t\t\t\t\t\t\t\t\t\t\t\t\t\t\t\t\t\t\t\t\tVous arrivez \u00e0 l&#8217;a\u00e9roport d&#8217;Amman. Si vous voyagez avec notre navette (incluse lorsque vous r\u00e9servez&#8230; <span class=\"link\">Lire la suite<\/span>\t\t\t\t\t\t\t\t\t<\/div>\n\t\t\t\t\t\t\t\t<\/div>\n\n\t\t\t\t\t\t\t<\/div>\n\t\t\t\t\t\t\t<dialog class=\"tb-popup tb-popup-with-padding tb-dayschedule-popup-wrapper\">\n\t\t\t\t\t\t\t\t<div class=\"tb-dayschedule-popup\">\n\t\t\t\t\t\t\t\t\t<h4>\n\t\t\t\t\t\t\t\t\t\t\t\t\t\t\t\t\t\t\t\t\t\t\t\t\t\t\t\t\t\t\t<div>\n\t\t\t\t\t\t\t\t\t\t\t\t\t\t\t\t\t\t\t\t\t\t\t\t\tThuis\t\t\t\t\t\t\t\t\t\t\t\t\t\t\t\t\t\t\t\t\t\t\t\t\t\t\t\t\t\t\t\t\t\t\t\t\t\t\t\t\t\t\t\t\t\t\t\t\t\t\t<i class=\"icon fa-solid fa-arrow-right\"><\/i> Amman\t\t\t\t\t\t\t\t\t\t\t\t\t\t\t\t\t\t\t\t\t\t\t\t\t\t\t\t\t\t\t\t\t\t\t\t<\/div>\n\t\t\t\t\t\t\t\t\t\t\t\t\t\t\t\t\t\t\t<\/h4>\n\t\t\t\t\t\t\t\t\t<div class=\"tb-columns\">\n\t\t\t\t\t\t\t\t\t\t<div class=\"tb-column tb-column--text\">\n\t\t\t\t\t\t\t\t\t\t\t<div class=\"text-part\">\n\t\t\t\t\t\t\t\t\t\t\t\t\t\t\t\t\t\t\t\t\t\t\t\t\t<div class=\"tb-dayschedule-popup__icons\">\n\t\t\t\t\t\t\t\t\t\t\t\t\t\t\t\t\t\t\t\t\t\t\t\t\t\t\t\t\t\t\t\t\t\t\t\t\t\t\t\t\t\t\t<div class=\"tb-dayschedule-popup__icon\">\n\t\t\t\t\t\t\t\t\t\t\t\t\t\t\t\t\t\t\t\t<i class=\"icon fa-solid fa-bed fa-fw\" aria-hidden=\"true\"><\/i>\n\t\t\t\t\t\t\t\t\t\t\t\t\t\t\t\t\t\t\t<span>\n\t\t\t\t\t\t\t\t\t\t\t\t\t\t\t\t\t \t\t\t\t\t\t\t\t\t\t\t\t\t\t\t\t<\/span>\n\t\t\t\t\t\t\t\t\t\t\t\t\t\t\t<\/div>\n\t\t\t\t\t\t\t\t\t\t\t\t\t\t\t\t\t\t\t\t\t\t\t\t\t\t\t<\/div>\n\t\t\t\t\t\t\t\t\t\t\t\t\n\t\t\t\t\t\t\t\t\t\t\t\t\n\t\t\t\t\t\t\t\t\t\t\t\t<div>\n\t\t\t\t\t\t\t\t\t\t\t\t\t<strong>Jour 1<\/strong>\n\t\t\t\t\t\t\t\t\t\t\t\t\t\t<div class=\"translation-block\"><p>Vous arrivez \u00e0 <strong>l'a\u00e9roport d'Amman<\/strong>. Si vous voyagez avec notre navette (incluse lorsque vous r\u00e9servez votre vol par notre interm\u00e9diaire), nos guides vous attendront dans le hall des arriv\u00e9es. Nous prendrons ensuite la route vers <strong>l'h\u00f4tel \u00e0 Madaba<\/strong>. Il est temps de se reposer un peu, car le lendemain matin, nous partons t\u00f4t vers le point de d\u00e9part du trek !<\/p><\/div>\n\t\t\t\t\t\t\t\t\t\t\t\t\t<\/div>\n\n\n\t\t\t\t\t\t\t\t\t\t\t<\/div>\n\t\t\t\t\t\t\t\t\t\t<\/div>\n\t\t\t\t\t\t\t\t\t\t<div class=\"tb-column tb-column--image\">\n\n\t\t\t\t\t\t\t\t\t\t\t<div class=\"tb-image-part\">\n\t\t\t\t\t\t\t\t\t\t\t\t<img src='https:\/\/tjt.travelblox.eu\/wp-content\/smush-webp\/sites\/78\/2024\/01\/theJordanTrail-7448-scaled-e1705666560909-788x1024.jpg.webp' width='788' height='1024' alt='Amman, Jordanie' srcset='' sizes=\"auto, (max-width: 788px) 100vw, 788px\" loading='lazy' decoding='async' data-srcset=\"\" data-smush-webp-fallback=\"{&quot;src&quot;:&quot;https:\\\/\\\/tjt.travelblox.eu\\\/wp-content\\\/uploads\\\/sites\\\/78\\\/2024\\\/01\\\/theJordanTrail-7448-scaled-e1705666560909-788x1024.jpg&quot;}\">\t\t\t\t\t\t\t\t\t\t\t<\/div>\n\t\t\t\t\t\t\t\t\t\t<\/div>\n\t\t\t\t\t\t\t\t\t<\/div>\n\t\t\t\t\t\t\t\t\t\t<div class=\"tb-popup-nav\">\n\t\t<a href=\"#\" class=\"tb-buttonlink-with-icon tb-buttonlink-with-arrow icon-first tb-popup-previous\">\n\t\t\t<i class=\"icon fa fa-chevron-left\"><\/i>\n\t\t\t<span>Jour pr\u00e9c\u00e9dent<\/span>\n\t\t<\/a>\n\t\t<a href=\"#\" class=\"tb-buttonlink-with-icon tb-buttonlink-with-arrow tb-popup-next\">\n\t\t\t<span>Jour suivant<\/span>\n\t\t\t<i class=\"icon fa fa-chevron-right\"><\/i>\n\t\t<\/a>\n\t<\/div>\n\t\n\t\t\t\t\t\t\t\t<\/div>\n\t\t\t\t\t\t\t<\/dialog>\n\t\t\t\t\t\t<\/div>\n\t\t\t\t\t\t\t\t\t\t\t<div class=\"tb-card entry tb-popup-trigger tb-unfold-on-hover\">\n\t\t\t\t\t\t\t<div class=\"tb-image-part\">\n\t\t\t\t\t\t\t\t<div class=\"tag\">\n\t\t\t\t\t\t\t\t\t<div>Jour 2<\/div>\n\t\t\t\t\t\t\t\t<\/div>\n\n\t\t\t\t\t\t\t\t<img src='https:\/\/tjt.travelblox.eu\/wp-content\/smush-webp\/sites\/78\/2024\/09\/TJT23_EvyVanNispen_LR-89-min-768x512.jpg.webp' width='768' height='512' alt='Jordan Trail, Petra' srcset='https:\/\/tjt.travelblox.eu\/wp-content\/smush-webp\/sites\/78\/2024\/09\/TJT23_EvyVanNispen_LR-89-min-768x512.jpg.webp 768w, https:\/\/tjt.travelblox.eu\/wp-content\/smush-webp\/sites\/78\/2024\/09\/TJT23_EvyVanNispen_LR-89-min-300x200.jpg.webp 300w, https:\/\/tjt.travelblox.eu\/wp-content\/smush-webp\/sites\/78\/2024\/09\/TJT23_EvyVanNispen_LR-89-min-1024x683.jpg.webp 1024w, https:\/\/tjt.travelblox.eu\/wp-content\/smush-webp\/sites\/78\/2024\/09\/TJT23_EvyVanNispen_LR-89-min-1536x1024.jpg.webp 1536w, https:\/\/tjt.travelblox.eu\/wp-content\/smush-webp\/sites\/78\/2024\/09\/TJT23_EvyVanNispen_LR-89-min-2048x1366.jpg.webp 2048w, https:\/\/tjt.travelblox.eu\/wp-content\/smush-webp\/sites\/78\/2024\/09\/TJT23_EvyVanNispen_LR-89-min-18x12.jpg.webp 18w' sizes=\"auto, (max-width: 768px) 100vw, 768px\" loading='lazy' decoding='async' data-smush-webp-fallback=\"{&quot;src&quot;:&quot;https:\\\/\\\/tjt.travelblox.eu\\\/wp-content\\\/uploads\\\/sites\\\/78\\\/2024\\\/09\\\/TJT23_EvyVanNispen_LR-89-min-768x512.jpg&quot;,&quot;srcset&quot;:&quot;https:\\\/\\\/tjt.travelblox.eu\\\/wp-content\\\/uploads\\\/sites\\\/78\\\/2024\\\/09\\\/TJT23_EvyVanNispen_LR-89-min-768x512.jpg 768w, https:\\\/\\\/tjt.travelblox.eu\\\/wp-content\\\/uploads\\\/sites\\\/78\\\/2024\\\/09\\\/TJT23_EvyVanNispen_LR-89-min-300x200.jpg 300w, https:\\\/\\\/tjt.travelblox.eu\\\/wp-content\\\/uploads\\\/sites\\\/78\\\/2024\\\/09\\\/TJT23_EvyVanNispen_LR-89-min-1024x683.jpg 1024w, https:\\\/\\\/tjt.travelblox.eu\\\/wp-content\\\/uploads\\\/sites\\\/78\\\/2024\\\/09\\\/TJT23_EvyVanNispen_LR-89-min-1536x1024.jpg 1536w, https:\\\/\\\/tjt.travelblox.eu\\\/wp-content\\\/uploads\\\/sites\\\/78\\\/2024\\\/09\\\/TJT23_EvyVanNispen_LR-89-min-2048x1366.jpg 2048w, https:\\\/\\\/tjt.travelblox.eu\\\/wp-content\\\/uploads\\\/sites\\\/78\\\/2024\\\/09\\\/TJT23_EvyVanNispen_LR-89-min-18x12.jpg 18w&quot;}\">\t\t\t\t\t\t\t<\/div>\n\t\t\t\t\t\t\t<div class=\"tb-card-bottom-wrapper\">\n\t\t\t\t\t\t\t\t<div class=\"tb-card-bottom\">\n\n\t\t\t\t\t\t\t\t\t<span class=\"tb-card-bottom__title\">\n\t\t\t\t\t\t\t\t\t\t<span class=\"tb-card-bottom__place\">\n\t\t\t\t\t\t\t\t\t\t\tAmman - Wadi Feynan\t\t\t\t\t\t\t\t\t\t\t\t\t\t\t\t\t\t\t\t\t<\/span>\n\n\t\t\t\t\t\t\t\t\t<\/span>\n\t\t\t\t\t\t\t\t\t<div class=\"tb-card-bottom__content\">\n\t\t\t\t\t\t\t\t\t\t<div>\n\t\t\t\t\t\t\t\t\t\t\t\t\t\t\t\t\t\t\t\t\t\t\t\t\t\t\t<i class=\"icon fa-solid fa-tent fa-fw\" aria-hidden=\"true\"><\/i>\n\t\t\t 17 km\t\t\t\t\t\t\t\t\t\t\t\t\t\t\t\t\t\t\t\t\t<\/div>\n\t\t\t\t\t\t\t\t\t<\/div>\n\t\t\t\t\t\t\t\t\t<div class=\"tb-card-bottom__teaser tb-unfold-on-hover__content\" data-no-translation>\n\t\t\t\t\t\t\t\t\t\t\t\t\t\t\t\t\t\t\t\t\t\t\t\t\t\t\t\t\t\tCe matin, le bus vous prendra depuis l&#8217;h\u00f4tel jusqu&#8217;au point de d\u00e9part du trek \u00e0 Shobak. De l\u00e0, nous &#8230; <span class=\"link\">Lire la suite<\/span>\t\t\t\t\t\t\t\t\t<\/div>\n\t\t\t\t\t\t\t\t<\/div>\n\n\t\t\t\t\t\t\t<\/div>\n\t\t\t\t\t\t\t<dialog class=\"tb-popup tb-popup-with-padding tb-dayschedule-popup-wrapper\">\n\t\t\t\t\t\t\t\t<div class=\"tb-dayschedule-popup\">\n\t\t\t\t\t\t\t\t\t<h4>\n\t\t\t\t\t\t\t\t\t\t\t\t\t\t\t\t\t\t\t\t\t\t\t\t\t\t\t\t\t\t\t<div>\n\t\t\t\t\t\t\t\t\t\t\t\t\t\t\t\t\t\t\t\t\t\t\t\t\tAmman\t\t\t\t\t\t\t\t\t\t\t\t\t\t\t\t\t\t\t\t\t\t\t\t\t\t\t\t\t\t\t\t\t\t\t\t\t\t\t\t\t\t\t\t\t\t\t\t\t\t\t<i class=\"icon fa-solid fa-arrow-right\"><\/i> Wadi Feynan\t\t\t\t\t\t\t\t\t\t\t\t\t\t\t\t\t\t\t\t\t\t\t\t\t\t\t\t\t\t\t\t\t\t\t\t<\/div>\n\t\t\t\t\t\t\t\t\t\t\t\t\t\t\t\t\t\t\t<\/h4>\n\t\t\t\t\t\t\t\t\t<div class=\"tb-columns\">\n\t\t\t\t\t\t\t\t\t\t<div class=\"tb-column tb-column--text\">\n\t\t\t\t\t\t\t\t\t\t\t<div class=\"text-part\">\n\t\t\t\t\t\t\t\t\t\t\t\t\t\t\t\t\t\t\t\t\t\t\t\t\t<div class=\"tb-dayschedule-popup__icons\">\n\t\t\t\t\t\t\t\t\t\t\t\t\t\t\t\t\t\t\t\t\t\t\t\t\t\t\t\t\t\t\t\t\t\t\t\t\t\t\t\t\t\t\t<div class=\"tb-dayschedule-popup__icon\">\n\t\t\t\t\t\t\t\t\t\t\t\t\t\t\t\t\t\t\t\t<i class=\"icon fa-solid fa-tent fa-fw\" aria-hidden=\"true\"><\/i>\n\t\t\t\t\t\t\t\t\t\t\t\t\t\t\t\t\t\t\t<span>\n\t\t\t\t\t\t\t\t\t\t\t\t\t\t\t\t\t17 km\t\t\t\t\t\t\t\t\t\t\t\t\t\t\t\t<\/span>\n\t\t\t\t\t\t\t\t\t\t\t\t\t\t\t<\/div>\n\t\t\t\t\t\t\t\t\t\t\t\t\t\t\t\t\t\t\t\t\t\t\t\t\t\t\t<\/div>\n\t\t\t\t\t\t\t\t\t\t\t\t\n\t\t\t\t\t\t\t\t\t\t\t\t\n\t\t\t\t\t\t\t\t\t\t\t\t<div>\n\t\t\t\t\t\t\t\t\t\t\t\t\t<strong>Jour 2<\/strong>\n\t\t\t\t\t\t\t\t\t\t\t\t\t\t<div class=\"translation-block\"><p>Ce matin, le bus vous prendra depuis l'h\u00f4tel jusqu'au point de d\u00e9part du trek \u00e0 Shobak. De l\u00e0, nous descendrons dans l'<strong>impressionnant Wadi Gwher<\/strong>. Le chemin vous m\u00e8nera \u00e0 travers un <strong>canyon color\u00e9<\/strong> o\u00f9 vous escaladerez r\u00e9guli\u00e8rement des rochers et traverserez des eaux, un d\u00e9but sportif pour la semaine ! Des sandales d'eau robustes ou de vieilles chaussures de sport seront tr\u00e8s utiles ici.<\/p><p>Le long du sentier, vous verrez des <strong>oliviers, des herbes sauvages et une v\u00e9g\u00e9tation verte<\/strong>. Une fois sorti de la vall\u00e9e, vous vous retrouverez au bord du d\u00e9sert. C'est l\u00e0 que nous installerons notre premier camp, en pleine nature.<\/p><ul><li>Distance : 17 km<\/li><li>D\u00e9nivel\u00e9 : \/<\/li><li>Descente : 800 m<\/li><\/ul><\/div>\n\t\t\t\t\t\t\t\t\t\t\t\t\t<\/div>\n\n\n\t\t\t\t\t\t\t\t\t\t\t<\/div>\n\t\t\t\t\t\t\t\t\t\t<\/div>\n\t\t\t\t\t\t\t\t\t\t<div class=\"tb-column tb-column--image\">\n\n\t\t\t\t\t\t\t\t\t\t\t<div class=\"tb-image-part\">\n\t\t\t\t\t\t\t\t\t\t\t\t\t\t<div class=\"inner-block-full-width has-tb-carousel tb-carousel-slider\" >\n\t\t<div class=\"tb-carousel-container\">\n\t\t\t<div class=\"entries tb-cards\" data-slider-first=\"0\">\n\t\t\t\t\t\t\t<div class=\"entry\">\n\t\t\t<div class=\"tb-image-part\">\n\t\t\t\t<figure>\n\t\t\t\t\t<img src='https:\/\/tjt.travelblox.eu\/wp-content\/smush-webp\/sites\/78\/2024\/09\/TJT23_EvyVanNispen_LR-89-min-1024x683.jpg.webp' width='1024' height='683' alt='Jordan Trail, Petra' srcset='https:\/\/tjt.travelblox.eu\/wp-content\/smush-webp\/sites\/78\/2024\/09\/TJT23_EvyVanNispen_LR-89-min-1024x683.jpg.webp 1024w, https:\/\/tjt.travelblox.eu\/wp-content\/smush-webp\/sites\/78\/2024\/09\/TJT23_EvyVanNispen_LR-89-min-300x200.jpg.webp 300w, https:\/\/tjt.travelblox.eu\/wp-content\/smush-webp\/sites\/78\/2024\/09\/TJT23_EvyVanNispen_LR-89-min-768x512.jpg.webp 768w, https:\/\/tjt.travelblox.eu\/wp-content\/smush-webp\/sites\/78\/2024\/09\/TJT23_EvyVanNispen_LR-89-min-1536x1024.jpg.webp 1536w, https:\/\/tjt.travelblox.eu\/wp-content\/smush-webp\/sites\/78\/2024\/09\/TJT23_EvyVanNispen_LR-89-min-2048x1366.jpg.webp 2048w, https:\/\/tjt.travelblox.eu\/wp-content\/smush-webp\/sites\/78\/2024\/09\/TJT23_EvyVanNispen_LR-89-min-18x12.jpg.webp 18w' sizes=\"auto, (max-width: 1024px) 100vw, 1024px\" loading='lazy' decoding='async' data-smush-webp-fallback=\"{&quot;src&quot;:&quot;https:\\\/\\\/tjt.travelblox.eu\\\/wp-content\\\/uploads\\\/sites\\\/78\\\/2024\\\/09\\\/TJT23_EvyVanNispen_LR-89-min-1024x683.jpg&quot;,&quot;srcset&quot;:&quot;https:\\\/\\\/tjt.travelblox.eu\\\/wp-content\\\/uploads\\\/sites\\\/78\\\/2024\\\/09\\\/TJT23_EvyVanNispen_LR-89-min-1024x683.jpg 1024w, https:\\\/\\\/tjt.travelblox.eu\\\/wp-content\\\/uploads\\\/sites\\\/78\\\/2024\\\/09\\\/TJT23_EvyVanNispen_LR-89-min-300x200.jpg 300w, https:\\\/\\\/tjt.travelblox.eu\\\/wp-content\\\/uploads\\\/sites\\\/78\\\/2024\\\/09\\\/TJT23_EvyVanNispen_LR-89-min-768x512.jpg 768w, https:\\\/\\\/tjt.travelblox.eu\\\/wp-content\\\/uploads\\\/sites\\\/78\\\/2024\\\/09\\\/TJT23_EvyVanNispen_LR-89-min-1536x1024.jpg 1536w, https:\\\/\\\/tjt.travelblox.eu\\\/wp-content\\\/uploads\\\/sites\\\/78\\\/2024\\\/09\\\/TJT23_EvyVanNispen_LR-89-min-2048x1366.jpg 2048w, https:\\\/\\\/tjt.travelblox.eu\\\/wp-content\\\/uploads\\\/sites\\\/78\\\/2024\\\/09\\\/TJT23_EvyVanNispen_LR-89-min-18x12.jpg 18w&quot;}\">\t\t\t\t\t\t\t\t\t<\/figure>\n\t\t\t<\/div>\n\t\t<\/div>\n\t\t\t<div class=\"entry\">\n\t\t\t<div class=\"tb-image-part\">\n\t\t\t\t<figure>\n\t\t\t\t\t<img src='https:\/\/tjt.travelblox.eu\/wp-content\/smush-webp\/sites\/78\/2024\/01\/TJT23_EvyVanNispen_LR-112-683x1024.jpg.webp' width='683' height='1024' alt='Jordan Trail, Petra, Wadi Feynan' srcset='' sizes=\"auto, (max-width: 683px) 100vw, 683px\" loading='lazy' decoding='async' data-srcset=\"\" data-smush-webp-fallback=\"{&quot;src&quot;:&quot;https:\\\/\\\/tjt.travelblox.eu\\\/wp-content\\\/uploads\\\/sites\\\/78\\\/2024\\\/01\\\/TJT23_EvyVanNispen_LR-112-683x1024.jpg&quot;}\">\t\t\t\t\t\t\t\t\t<\/figure>\n\t\t\t<\/div>\n\t\t<\/div>\n\t\t\t<div class=\"entry\">\n\t\t\t<div class=\"tb-image-part\">\n\t\t\t\t<figure>\n\t\t\t\t\t<img src='https:\/\/tjt.travelblox.eu\/wp-content\/smush-webp\/sites\/78\/2024\/09\/TJT23_EvyVanNispen_LR-114-min-1024x683.jpg.webp' width='1024' height='683' alt='Jordan Trail, Petra, Wadi Feynan' srcset='https:\/\/tjt.travelblox.eu\/wp-content\/smush-webp\/sites\/78\/2024\/09\/TJT23_EvyVanNispen_LR-114-min-1024x683.jpg.webp 1024w, https:\/\/tjt.travelblox.eu\/wp-content\/smush-webp\/sites\/78\/2024\/09\/TJT23_EvyVanNispen_LR-114-min-300x200.jpg.webp 300w, https:\/\/tjt.travelblox.eu\/wp-content\/smush-webp\/sites\/78\/2024\/09\/TJT23_EvyVanNispen_LR-114-min-768x512.jpg.webp 768w, https:\/\/tjt.travelblox.eu\/wp-content\/smush-webp\/sites\/78\/2024\/09\/TJT23_EvyVanNispen_LR-114-min-1536x1024.jpg.webp 1536w, https:\/\/tjt.travelblox.eu\/wp-content\/smush-webp\/sites\/78\/2024\/09\/TJT23_EvyVanNispen_LR-114-min-2048x1366.jpg.webp 2048w, https:\/\/tjt.travelblox.eu\/wp-content\/smush-webp\/sites\/78\/2024\/09\/TJT23_EvyVanNispen_LR-114-min-18x12.jpg.webp 18w' sizes=\"auto, (max-width: 1024px) 100vw, 1024px\" loading='lazy' decoding='async' data-smush-webp-fallback=\"{&quot;src&quot;:&quot;https:\\\/\\\/tjt.travelblox.eu\\\/wp-content\\\/uploads\\\/sites\\\/78\\\/2024\\\/09\\\/TJT23_EvyVanNispen_LR-114-min-1024x683.jpg&quot;,&quot;srcset&quot;:&quot;https:\\\/\\\/tjt.travelblox.eu\\\/wp-content\\\/uploads\\\/sites\\\/78\\\/2024\\\/09\\\/TJT23_EvyVanNispen_LR-114-min-1024x683.jpg 1024w, https:\\\/\\\/tjt.travelblox.eu\\\/wp-content\\\/uploads\\\/sites\\\/78\\\/2024\\\/09\\\/TJT23_EvyVanNispen_LR-114-min-300x200.jpg 300w, https:\\\/\\\/tjt.travelblox.eu\\\/wp-content\\\/uploads\\\/sites\\\/78\\\/2024\\\/09\\\/TJT23_EvyVanNispen_LR-114-min-768x512.jpg 768w, https:\\\/\\\/tjt.travelblox.eu\\\/wp-content\\\/uploads\\\/sites\\\/78\\\/2024\\\/09\\\/TJT23_EvyVanNispen_LR-114-min-1536x1024.jpg 1536w, https:\\\/\\\/tjt.travelblox.eu\\\/wp-content\\\/uploads\\\/sites\\\/78\\\/2024\\\/09\\\/TJT23_EvyVanNispen_LR-114-min-2048x1366.jpg 2048w, https:\\\/\\\/tjt.travelblox.eu\\\/wp-content\\\/uploads\\\/sites\\\/78\\\/2024\\\/09\\\/TJT23_EvyVanNispen_LR-114-min-18x12.jpg 18w&quot;}\">\t\t\t\t\t\t\t\t\t<\/figure>\n\t\t\t<\/div>\n\t\t<\/div>\n\t\t\t<div class=\"entry\">\n\t\t\t<div class=\"tb-image-part\">\n\t\t\t\t<figure>\n\t\t\t\t\t<img src='https:\/\/tjt.travelblox.eu\/wp-content\/smush-webp\/sites\/78\/2024\/01\/theJordanTrail-2349-1024x683.jpg.webp' width='1024' height='683' alt='Jordan Trail, Petra' srcset='' sizes=\"auto, (max-width: 1024px) 100vw, 1024px\" loading='lazy' decoding='async' data-srcset=\"\" data-smush-webp-fallback=\"{&quot;src&quot;:&quot;https:\\\/\\\/tjt.travelblox.eu\\\/wp-content\\\/uploads\\\/sites\\\/78\\\/2024\\\/01\\\/theJordanTrail-2349-1024x683.jpg&quot;}\">\t\t\t\t\t\t\t\t\t<\/figure>\n\t\t\t<\/div>\n\t\t<\/div>\n\t\t\t\t\t<\/div>\n\t\t\t\t<div class=\"tb-carousel-nav\">\n\t\t<div class=\"dots\">\n\t\t\t<div class=\"dot active\"><\/div>\n\t\t\t<div class=\"dot\"><\/div>\n\t\t\t<div class=\"dot\"><\/div>\n\t\t<\/div>\n\t\t<div class=\"arrows\">\n\t\t\t<div class=\"prev disabled\">\n\t\t\t\t<span><i class=\"fa fa-chevron-left\"><\/i><\/span>\n\t\t\t<\/div>\n\t\t\t<div class=\"next\">\n\t\t\t\t<span><i class=\"fa fa-chevron-right\"><\/i><\/span>\n\t\t\t<\/div>\n\t\t<\/div>\n\t<\/div>\n\t\t\t<\/div>\n\t<\/div>\n\t\t\t\t\t\t\t\t\t\t\t\t\t<\/div>\n\t\t\t\t\t\t\t\t\t\t<\/div>\n\t\t\t\t\t\t\t\t\t<\/div>\n\t\t\t\t\t\t\t\t\t\t<div class=\"tb-popup-nav\">\n\t\t<a href=\"#\" class=\"tb-buttonlink-with-icon tb-buttonlink-with-arrow icon-first tb-popup-previous\">\n\t\t\t<i class=\"icon fa fa-chevron-left\"><\/i>\n\t\t\t<span>Jour pr\u00e9c\u00e9dent<\/span>\n\t\t<\/a>\n\t\t<a href=\"#\" class=\"tb-buttonlink-with-icon tb-buttonlink-with-arrow tb-popup-next\">\n\t\t\t<span>Jour suivant<\/span>\n\t\t\t<i class=\"icon fa fa-chevron-right\"><\/i>\n\t\t<\/a>\n\t<\/div>\n\t\n\t\t\t\t\t\t\t\t<\/div>\n\t\t\t\t\t\t\t<\/dialog>\n\t\t\t\t\t\t<\/div>\n\t\t\t\t\t\t\t\t\t\t\t<div class=\"tb-card entry tb-popup-trigger tb-unfold-on-hover\">\n\t\t\t\t\t\t\t<div class=\"tb-image-part\">\n\t\t\t\t\t\t\t\t<div class=\"tag\">\n\t\t\t\t\t\t\t\t\t<div>Jour 3<\/div>\n\t\t\t\t\t\t\t\t<\/div>\n\n\t\t\t\t\t\t\t\t<img src='https:\/\/tjt.travelblox.eu\/wp-content\/smush-webp\/sites\/78\/2024\/01\/DSC03596-768x512.jpg.webp' width='768' height='512' alt='Jordan Trail, Petra, Teletat Al-Sofor' srcset='https:\/\/tjt.travelblox.eu\/wp-content\/smush-webp\/sites\/78\/2024\/01\/DSC03596-768x512.jpg.webp 768w, https:\/\/tjt.travelblox.eu\/wp-content\/smush-webp\/sites\/78\/2024\/01\/DSC03596-300x200.jpg.webp 300w, https:\/\/tjt.travelblox.eu\/wp-content\/smush-webp\/sites\/78\/2024\/01\/DSC03596-18x12.jpg.webp 18w, https:\/\/tjt.travelblox.eu\/wp-content\/smush-webp\/sites\/78\/2024\/01\/DSC03596-e1705667146488.jpg.webp 800w' sizes=\"auto, (max-width: 768px) 100vw, 768px\" loading='lazy' decoding='async' data-smush-webp-fallback=\"{&quot;src&quot;:&quot;https:\\\/\\\/tjt.travelblox.eu\\\/wp-content\\\/uploads\\\/sites\\\/78\\\/2024\\\/01\\\/DSC03596-768x512.jpg&quot;,&quot;srcset&quot;:&quot;https:\\\/\\\/tjt.travelblox.eu\\\/wp-content\\\/uploads\\\/sites\\\/78\\\/2024\\\/01\\\/DSC03596-768x512.jpg 768w, https:\\\/\\\/tjt.travelblox.eu\\\/wp-content\\\/uploads\\\/sites\\\/78\\\/2024\\\/01\\\/DSC03596-300x200.jpg 300w, https:\\\/\\\/tjt.travelblox.eu\\\/wp-content\\\/uploads\\\/sites\\\/78\\\/2024\\\/01\\\/DSC03596-18x12.jpg 18w, https:\\\/\\\/tjt.travelblox.eu\\\/wp-content\\\/uploads\\\/sites\\\/78\\\/2024\\\/01\\\/DSC03596-e1705667146488.jpg 800w&quot;}\">\t\t\t\t\t\t\t<\/div>\n\t\t\t\t\t\t\t<div class=\"tb-card-bottom-wrapper\">\n\t\t\t\t\t\t\t\t<div class=\"tb-card-bottom\">\n\n\t\t\t\t\t\t\t\t\t<span class=\"tb-card-bottom__title\">\n\t\t\t\t\t\t\t\t\t\t<span class=\"tb-card-bottom__place\">\n\t\t\t\t\t\t\t\t\t\t\tWadi Feynan - Teletat Al-Sofor\t\t\t\t\t\t\t\t\t\t\t\t\t\t\t\t\t\t\t\t\t<\/span>\n\n\t\t\t\t\t\t\t\t\t<\/span>\n\t\t\t\t\t\t\t\t\t<div class=\"tb-card-bottom__content\">\n\t\t\t\t\t\t\t\t\t\t<div>\n\t\t\t\t\t\t\t\t\t\t\t\t\t\t\t\t\t\t\t\t\t\t\t\t\t\t\t<i class=\"icon fa-solid fa-tent fa-fw\" aria-hidden=\"true\"><\/i>\n\t\t\t 17 km\t\t\t\t\t\t\t\t\t\t\t\t\t\t\t\t\t\t\t\t\t<\/div>\n\t\t\t\t\t\t\t\t\t<\/div>\n\t\t\t\t\t\t\t\t\t<div class=\"tb-card-bottom__teaser tb-unfold-on-hover__content\" data-no-translation>\n\t\t\t\t\t\t\t\t\t\t\t\t\t\t\t\t\t\t\t\t\t\t\t\t\t\t\t\t\t\t\u00c0 travers le d\u00e9sert noir, nous marchons de Feynan vers le Wadi Abo Sakakeen Canyon. Avant d&#8217;atteindr&#8230; <span class=\"link\">Lire la suite<\/span>\t\t\t\t\t\t\t\t\t<\/div>\n\t\t\t\t\t\t\t\t<\/div>\n\n\t\t\t\t\t\t\t<\/div>\n\t\t\t\t\t\t\t<dialog class=\"tb-popup tb-popup-with-padding tb-dayschedule-popup-wrapper\">\n\t\t\t\t\t\t\t\t<div class=\"tb-dayschedule-popup\">\n\t\t\t\t\t\t\t\t\t<h4>\n\t\t\t\t\t\t\t\t\t\t\t\t\t\t\t\t\t\t\t\t\t\t\t\t\t\t\t\t\t\t\t<div>\n\t\t\t\t\t\t\t\t\t\t\t\t\t\t\t\t\t\t\t\t\t\t\t\t\tWadi Feynan\t\t\t\t\t\t\t\t\t\t\t\t\t\t\t\t\t\t\t\t\t\t\t\t\t\t\t\t\t\t\t\t\t\t\t\t\t\t\t\t\t\t\t\t\t\t\t\t\t\t\t<i class=\"icon fa-solid fa-arrow-right\"><\/i> Teletat Al-Sofor\t\t\t\t\t\t\t\t\t\t\t\t\t\t\t\t\t\t\t\t\t\t\t\t\t\t\t\t\t\t\t\t\t\t\t\t<\/div>\n\t\t\t\t\t\t\t\t\t\t\t\t\t\t\t\t\t\t\t<\/h4>\n\t\t\t\t\t\t\t\t\t<div class=\"tb-columns\">\n\t\t\t\t\t\t\t\t\t\t<div class=\"tb-column tb-column--text\">\n\t\t\t\t\t\t\t\t\t\t\t<div class=\"text-part\">\n\t\t\t\t\t\t\t\t\t\t\t\t\t\t\t\t\t\t\t\t\t\t\t\t\t<div class=\"tb-dayschedule-popup__icons\">\n\t\t\t\t\t\t\t\t\t\t\t\t\t\t\t\t\t\t\t\t\t\t\t\t\t\t\t\t\t\t\t\t\t\t\t\t\t\t\t\t\t\t\t<div class=\"tb-dayschedule-popup__icon\">\n\t\t\t\t\t\t\t\t\t\t\t\t\t\t\t\t\t\t\t\t<i class=\"icon fa-solid fa-tent fa-fw\" aria-hidden=\"true\"><\/i>\n\t\t\t\t\t\t\t\t\t\t\t\t\t\t\t\t\t\t\t<span>\n\t\t\t\t\t\t\t\t\t\t\t\t\t\t\t\t\t17 km\t\t\t\t\t\t\t\t\t\t\t\t\t\t\t\t<\/span>\n\t\t\t\t\t\t\t\t\t\t\t\t\t\t\t<\/div>\n\t\t\t\t\t\t\t\t\t\t\t\t\t\t\t\t\t\t\t\t\t\t\t\t\t\t\t<\/div>\n\t\t\t\t\t\t\t\t\t\t\t\t\n\t\t\t\t\t\t\t\t\t\t\t\t\n\t\t\t\t\t\t\t\t\t\t\t\t<div>\n\t\t\t\t\t\t\t\t\t\t\t\t\t<strong>Jour 3<\/strong>\n\t\t\t\t\t\t\t\t\t\t\t\t\t\t<div class=\"translation-block\"><p>\u00c0 travers le d\u00e9sert noir, nous marchons de Feynan vers le <strong>Wadi Abo Sakakeen Canyon<\/strong>. Avant d'atteindre la vall\u00e9e, vous devrez d'abord traverser un <strong>certain nombre de collines escarp\u00e9es<\/strong>. Vous remarquerez imm\u00e9diatement que le paysage jordanien est tr\u00e8s vari\u00e9 lorsque vous sortez des montagnes et atteignez la <strong>'vall\u00e9e verte'<\/strong>.<\/p><p>Dans la derni\u00e8re partie de la journ\u00e9e, vous serez encore r\u00e9compens\u00e9 par de <strong>vastes panoramas<\/strong>. Finalement, vous atteindrez le plateau de Telatat Al-Sofor, o\u00f9 nous installerons notre camp et profiterons d'un <strong>magnifique coucher de soleil<\/strong>.<\/p><ul><li>Distance : 17 km<\/li><li>D\u00e9nivel\u00e9 positif : 1000 m<\/li><li>D\u00e9nivel\u00e9 n\u00e9gatif : 300 m<\/li><\/ul><\/div>\n\t\t\t\t\t\t\t\t\t\t\t\t\t<\/div>\n\n\n\t\t\t\t\t\t\t\t\t\t\t<\/div>\n\t\t\t\t\t\t\t\t\t\t<\/div>\n\t\t\t\t\t\t\t\t\t\t<div class=\"tb-column tb-column--image\">\n\n\t\t\t\t\t\t\t\t\t\t\t<div class=\"tb-image-part\">\n\t\t\t\t\t\t\t\t\t\t\t\t\t\t<div class=\"inner-block-full-width has-tb-carousel tb-carousel-slider\" >\n\t\t<div class=\"tb-carousel-container\">\n\t\t\t<div class=\"entries tb-cards\" data-slider-first=\"0\">\n\t\t\t\t\t\t\t<div class=\"entry\">\n\t\t\t<div class=\"tb-image-part\">\n\t\t\t\t<figure>\n\t\t\t\t\t<img src='https:\/\/tjt.travelblox.eu\/wp-content\/smush-webp\/sites\/78\/2024\/01\/DSC03596-e1705667146488.jpg.webp' width='800' height='534' alt='Jordan Trail, Petra, Teletat Al-Sofor' loading='lazy' decoding='async' data-smush-webp-fallback='{&quot;src&quot;:&quot;https:\\\/\\\/tjt.travelblox.eu\\\/wp-content\\\/uploads\\\/sites\\\/78\\\/2024\\\/01\\\/DSC03596-e1705667146488.jpg&quot;}'>\t\t\t\t\t\t\t\t\t<\/figure>\n\t\t\t<\/div>\n\t\t<\/div>\n\t\t\t<div class=\"entry\">\n\t\t\t<div class=\"tb-image-part\">\n\t\t\t\t<figure>\n\t\t\t\t\t<img src='https:\/\/tjt.travelblox.eu\/wp-content\/smush-webp\/sites\/78\/2024\/01\/theJordanTrail-3117-1024x683.jpg.webp' width='1024' height='683' alt='Jordan Trail, Petra, Teletat Al-Sofor' srcset='' sizes=\"auto, (max-width: 1024px) 100vw, 1024px\" loading='lazy' decoding='async' data-srcset=\"\" data-smush-webp-fallback=\"{&quot;src&quot;:&quot;https:\\\/\\\/tjt.travelblox.eu\\\/wp-content\\\/uploads\\\/sites\\\/78\\\/2024\\\/01\\\/theJordanTrail-3117-1024x683.jpg&quot;}\">\t\t\t\t\t\t\t\t\t<\/figure>\n\t\t\t<\/div>\n\t\t<\/div>\n\t\t\t<div class=\"entry\">\n\t\t\t<div class=\"tb-image-part\">\n\t\t\t\t<figure>\n\t\t\t\t\t<img src='https:\/\/tjt.travelblox.eu\/wp-content\/smush-webp\/sites\/78\/2024\/09\/2024_0329_17022700-1-1024x683.jpg.webp' width='1024' height='683' alt='Jordan Trail, Petra, Teletat Al-Sofor' srcset='https:\/\/tjt.travelblox.eu\/wp-content\/smush-webp\/sites\/78\/2024\/09\/2024_0329_17022700-1-1024x683.jpg.webp 1024w, https:\/\/tjt.travelblox.eu\/wp-content\/smush-webp\/sites\/78\/2024\/09\/2024_0329_17022700-1-300x200.jpg.webp 300w, https:\/\/tjt.travelblox.eu\/wp-content\/smush-webp\/sites\/78\/2024\/09\/2024_0329_17022700-1-768x512.jpg.webp 768w, https:\/\/tjt.travelblox.eu\/wp-content\/smush-webp\/sites\/78\/2024\/09\/2024_0329_17022700-1-1536x1024.jpg.webp 1536w, https:\/\/tjt.travelblox.eu\/wp-content\/smush-webp\/sites\/78\/2024\/09\/2024_0329_17022700-1-18x12.jpg.webp 18w, https:\/\/tjt.travelblox.eu\/wp-content\/smush-webp\/sites\/78\/2024\/09\/2024_0329_17022700-1.jpg.webp 1776w' sizes=\"auto, (max-width: 1024px) 100vw, 1024px\" loading='lazy' decoding='async' data-smush-webp-fallback=\"{&quot;src&quot;:&quot;https:\\\/\\\/tjt.travelblox.eu\\\/wp-content\\\/uploads\\\/sites\\\/78\\\/2024\\\/09\\\/2024_0329_17022700-1-1024x683.jpg&quot;,&quot;srcset&quot;:&quot;https:\\\/\\\/tjt.travelblox.eu\\\/wp-content\\\/uploads\\\/sites\\\/78\\\/2024\\\/09\\\/2024_0329_17022700-1-1024x683.jpg 1024w, https:\\\/\\\/tjt.travelblox.eu\\\/wp-content\\\/uploads\\\/sites\\\/78\\\/2024\\\/09\\\/2024_0329_17022700-1-300x200.jpg 300w, https:\\\/\\\/tjt.travelblox.eu\\\/wp-content\\\/uploads\\\/sites\\\/78\\\/2024\\\/09\\\/2024_0329_17022700-1-768x512.jpg 768w, https:\\\/\\\/tjt.travelblox.eu\\\/wp-content\\\/uploads\\\/sites\\\/78\\\/2024\\\/09\\\/2024_0329_17022700-1-1536x1024.jpg 1536w, https:\\\/\\\/tjt.travelblox.eu\\\/wp-content\\\/uploads\\\/sites\\\/78\\\/2024\\\/09\\\/2024_0329_17022700-1-18x12.jpg 18w, https:\\\/\\\/tjt.travelblox.eu\\\/wp-content\\\/uploads\\\/sites\\\/78\\\/2024\\\/09\\\/2024_0329_17022700-1.jpg 1776w&quot;}\">\t\t\t\t\t\t\t\t\t<\/figure>\n\t\t\t<\/div>\n\t\t<\/div>\n\t\t\t\t\t<\/div>\n\t\t\t\t<div class=\"tb-carousel-nav\">\n\t\t<div class=\"dots\">\n\t\t\t<div class=\"dot active\"><\/div>\n\t\t\t<div class=\"dot\"><\/div>\n\t\t\t<div class=\"dot\"><\/div>\n\t\t<\/div>\n\t\t<div class=\"arrows\">\n\t\t\t<div class=\"prev disabled\">\n\t\t\t\t<span><i class=\"fa fa-chevron-left\"><\/i><\/span>\n\t\t\t<\/div>\n\t\t\t<div class=\"next\">\n\t\t\t\t<span><i class=\"fa fa-chevron-right\"><\/i><\/span>\n\t\t\t<\/div>\n\t\t<\/div>\n\t<\/div>\n\t\t\t<\/div>\n\t<\/div>\n\t\t\t\t\t\t\t\t\t\t\t\t\t<\/div>\n\t\t\t\t\t\t\t\t\t\t<\/div>\n\t\t\t\t\t\t\t\t\t<\/div>\n\t\t\t\t\t\t\t\t\t\t<div class=\"tb-popup-nav\">\n\t\t<a href=\"#\" class=\"tb-buttonlink-with-icon tb-buttonlink-with-arrow icon-first tb-popup-previous\">\n\t\t\t<i class=\"icon fa fa-chevron-left\"><\/i>\n\t\t\t<span>Jour pr\u00e9c\u00e9dent<\/span>\n\t\t<\/a>\n\t\t<a href=\"#\" class=\"tb-buttonlink-with-icon tb-buttonlink-with-arrow tb-popup-next\">\n\t\t\t<span>Jour suivant<\/span>\n\t\t\t<i class=\"icon fa fa-chevron-right\"><\/i>\n\t\t<\/a>\n\t<\/div>\n\t\n\t\t\t\t\t\t\t\t<\/div>\n\t\t\t\t\t\t\t<\/dialog>\n\t\t\t\t\t\t<\/div>\n\t\t\t\t\t\t\t\t\t\t\t<div class=\"tb-card entry tb-popup-trigger tb-unfold-on-hover\">\n\t\t\t\t\t\t\t<div class=\"tb-image-part\">\n\t\t\t\t\t\t\t\t<div class=\"tag\">\n\t\t\t\t\t\t\t\t\t<div>Jour 4<\/div>\n\t\t\t\t\t\t\t\t<\/div>\n\n\t\t\t\t\t\t\t\t<img src='https:\/\/tjt.travelblox.eu\/wp-content\/smush-webp\/sites\/78\/2024\/01\/theJordanTrail-4734-768x512.jpg.webp' width='768' height='512' alt='Jordan Trail, Petra, Um Ratam' srcset='https:\/\/tjt.travelblox.eu\/wp-content\/smush-webp\/sites\/78\/2024\/01\/theJordanTrail-4734-768x512.jpg.webp 768w, https:\/\/tjt.travelblox.eu\/wp-content\/smush-webp\/sites\/78\/2024\/01\/theJordanTrail-4734-300x200.jpg.webp 300w, https:\/\/tjt.travelblox.eu\/wp-content\/smush-webp\/sites\/78\/2024\/01\/theJordanTrail-4734-1024x683.jpg.webp 1024w, https:\/\/tjt.travelblox.eu\/wp-content\/smush-webp\/sites\/78\/2024\/01\/theJordanTrail-4734-1536x1024.jpg.webp 1536w, https:\/\/tjt.travelblox.eu\/wp-content\/smush-webp\/sites\/78\/2024\/01\/theJordanTrail-4734-2048x1365.jpg.webp 2048w, https:\/\/tjt.travelblox.eu\/wp-content\/smush-webp\/sites\/78\/2024\/01\/theJordanTrail-4734-18x12.jpg.webp 18w, https:\/\/tjt.travelblox.eu\/wp-content\/smush-webp\/sites\/78\/2024\/01\/theJordanTrail-4734-scaled-e1705667610942.jpg.webp 800w' sizes=\"auto, (max-width: 768px) 100vw, 768px\" loading='lazy' decoding='async' data-smush-webp-fallback=\"{&quot;src&quot;:&quot;https:\\\/\\\/tjt.travelblox.eu\\\/wp-content\\\/uploads\\\/sites\\\/78\\\/2024\\\/01\\\/theJordanTrail-4734-768x512.jpg&quot;,&quot;srcset&quot;:&quot;https:\\\/\\\/tjt.travelblox.eu\\\/wp-content\\\/uploads\\\/sites\\\/78\\\/2024\\\/01\\\/theJordanTrail-4734-768x512.jpg 768w, https:\\\/\\\/tjt.travelblox.eu\\\/wp-content\\\/uploads\\\/sites\\\/78\\\/2024\\\/01\\\/theJordanTrail-4734-300x200.jpg 300w, https:\\\/\\\/tjt.travelblox.eu\\\/wp-content\\\/uploads\\\/sites\\\/78\\\/2024\\\/01\\\/theJordanTrail-4734-1024x683.jpg 1024w, https:\\\/\\\/tjt.travelblox.eu\\\/wp-content\\\/uploads\\\/sites\\\/78\\\/2024\\\/01\\\/theJordanTrail-4734-1536x1024.jpg 1536w, https:\\\/\\\/tjt.travelblox.eu\\\/wp-content\\\/uploads\\\/sites\\\/78\\\/2024\\\/01\\\/theJordanTrail-4734-2048x1365.jpg 2048w, https:\\\/\\\/tjt.travelblox.eu\\\/wp-content\\\/uploads\\\/sites\\\/78\\\/2024\\\/01\\\/theJordanTrail-4734-18x12.jpg 18w, https:\\\/\\\/tjt.travelblox.eu\\\/wp-content\\\/uploads\\\/sites\\\/78\\\/2024\\\/01\\\/theJordanTrail-4734-scaled-e1705667610942.jpg 800w&quot;}\">\t\t\t\t\t\t\t<\/div>\n\t\t\t\t\t\t\t<div class=\"tb-card-bottom-wrapper\">\n\t\t\t\t\t\t\t\t<div class=\"tb-card-bottom\">\n\n\t\t\t\t\t\t\t\t\t<span class=\"tb-card-bottom__title\">\n\t\t\t\t\t\t\t\t\t\t<span class=\"tb-card-bottom__place\">\n\t\t\t\t\t\t\t\t\t\t\tTeletat Al-Sofor - Um Ratam\t\t\t\t\t\t\t\t\t\t\t\t\t\t\t\t\t\t\t\t\t<\/span>\n\n\t\t\t\t\t\t\t\t\t<\/span>\n\t\t\t\t\t\t\t\t\t<div class=\"tb-card-bottom__content\">\n\t\t\t\t\t\t\t\t\t\t<div>\n\t\t\t\t\t\t\t\t\t\t\t\t\t\t\t\t\t\t\t\t\t\t\t\t\t\t\t<i class=\"icon fa-solid fa-tent fa-fw\" aria-hidden=\"true\"><\/i>\n\t\t\t 16 km\t\t\t\t\t\t\t\t\t\t\t\t\t\t\t\t\t\t\t\t\t<\/div>\n\t\t\t\t\t\t\t\t\t<\/div>\n\t\t\t\t\t\t\t\t\t<div class=\"tb-card-bottom__teaser tb-unfold-on-hover__content\" data-no-translation>\n\t\t\t\t\t\t\t\t\t\t\t\t\t\t\t\t\t\t\t\t\t\t\t\t\t\t\t\t\t\tPour cette nouvelle journ\u00e9e, vous marcherez \u00e0 travers la vall\u00e9e verdoyante de Wadi Musa, \u00e9galement a&#8230; <span class=\"link\">Lire la suite<\/span>\t\t\t\t\t\t\t\t\t<\/div>\n\t\t\t\t\t\t\t\t<\/div>\n\n\t\t\t\t\t\t\t<\/div>\n\t\t\t\t\t\t\t<dialog class=\"tb-popup tb-popup-with-padding tb-dayschedule-popup-wrapper\">\n\t\t\t\t\t\t\t\t<div class=\"tb-dayschedule-popup\">\n\t\t\t\t\t\t\t\t\t<h4>\n\t\t\t\t\t\t\t\t\t\t\t\t\t\t\t\t\t\t\t\t\t\t\t\t\t\t\t\t\t\t\t<div>\n\t\t\t\t\t\t\t\t\t\t\t\t\t\t\t\t\t\t\t\t\t\t\t\t\tTeletat Al-Sofor\t\t\t\t\t\t\t\t\t\t\t\t\t\t\t\t\t\t\t\t\t\t\t\t\t\t\t\t\t\t\t\t\t\t\t\t\t\t\t\t\t\t\t\t\t\t\t\t\t\t\t<i class=\"icon fa-solid fa-arrow-right\"><\/i> Um Ratam\t\t\t\t\t\t\t\t\t\t\t\t\t\t\t\t\t\t\t\t\t\t\t\t\t\t\t\t\t\t\t\t\t\t\t\t<\/div>\n\t\t\t\t\t\t\t\t\t\t\t\t\t\t\t\t\t\t\t<\/h4>\n\t\t\t\t\t\t\t\t\t<div class=\"tb-columns\">\n\t\t\t\t\t\t\t\t\t\t<div class=\"tb-column tb-column--text\">\n\t\t\t\t\t\t\t\t\t\t\t<div class=\"text-part\">\n\t\t\t\t\t\t\t\t\t\t\t\t\t\t\t\t\t\t\t\t\t\t\t\t\t<div class=\"tb-dayschedule-popup__icons\">\n\t\t\t\t\t\t\t\t\t\t\t\t\t\t\t\t\t\t\t\t\t\t\t\t\t\t\t\t\t\t\t\t\t\t\t\t\t\t\t\t\t\t\t<div class=\"tb-dayschedule-popup__icon\">\n\t\t\t\t\t\t\t\t\t\t\t\t\t\t\t\t\t\t\t\t<i class=\"icon fa-solid fa-tent fa-fw\" aria-hidden=\"true\"><\/i>\n\t\t\t\t\t\t\t\t\t\t\t\t\t\t\t\t\t\t\t<span>\n\t\t\t\t\t\t\t\t\t\t\t\t\t\t\t\t\t16 km\t\t\t\t\t\t\t\t\t\t\t\t\t\t\t\t<\/span>\n\t\t\t\t\t\t\t\t\t\t\t\t\t\t\t<\/div>\n\t\t\t\t\t\t\t\t\t\t\t\t\t\t\t\t\t\t\t\t\t\t\t\t\t\t\t<\/div>\n\t\t\t\t\t\t\t\t\t\t\t\t\n\t\t\t\t\t\t\t\t\t\t\t\t\n\t\t\t\t\t\t\t\t\t\t\t\t<div>\n\t\t\t\t\t\t\t\t\t\t\t\t\t<strong>Jour 4<\/strong>\n\t\t\t\t\t\t\t\t\t\t\t\t\t\t<div class=\"translation-block\"><p>Pour cette nouvelle journ\u00e9e, vous marcherez \u00e0 travers la <strong>vall\u00e9e verdoyante de Wadi Musa<\/strong>, \u00e9galement appel\u00e9e la \u00ab Vall\u00e9e de Mo\u00efse \u00bb. Selon la l\u00e9gende, Mo\u00efse y aurait fait jaillir de l\u2019eau des rochers pour son peuple. Le sentier alterne entre <strong>vall\u00e9es et canyons impressionnants<\/strong>, ce qui rend la journ\u00e9e particuli\u00e8rement vari\u00e9e.<\/p><p>En chemin, vous passerez devant des <strong>ruines<\/strong> datant de l\u2019\u00e9poque romaine. Les Romains ont introduit dans cette r\u00e9gion des techniques agricoles avanc\u00e9es. Gr\u00e2ce \u00e0 leurs canaux d\u2019irrigation et aqueducs, ils ont su rendre ces terres arides fertiles et d\u00e9velopper l\u2019agriculture.<\/p><p>Nous terminerons la journ\u00e9e \u00e0 proximit\u00e9 des vestiges d\u2019un ancien village nabat\u00e9en, o\u00f9 nous installerons notre campement.<\/p><ul><li>Distance : 16 km<\/li><li>Mont\u00e9e : 700 m<\/li><li>Descente : 500 m<\/li><\/ul><\/div>\n\t\t\t\t\t\t\t\t\t\t\t\t\t<\/div>\n\n\n\t\t\t\t\t\t\t\t\t\t\t<\/div>\n\t\t\t\t\t\t\t\t\t\t<\/div>\n\t\t\t\t\t\t\t\t\t\t<div class=\"tb-column tb-column--image\">\n\n\t\t\t\t\t\t\t\t\t\t\t<div class=\"tb-image-part\">\n\t\t\t\t\t\t\t\t\t\t\t\t\t\t<div class=\"inner-block-full-width has-tb-carousel tb-carousel-slider\" >\n\t\t<div class=\"tb-carousel-container\">\n\t\t\t<div class=\"entries tb-cards\" data-slider-first=\"0\">\n\t\t\t\t\t\t\t<div class=\"entry\">\n\t\t\t<div class=\"tb-image-part\">\n\t\t\t\t<figure>\n\t\t\t\t\t<img src='https:\/\/tjt.travelblox.eu\/wp-content\/smush-webp\/sites\/78\/2024\/01\/theJordanTrail-4734-1024x683.jpg.webp' width='1024' height='683' alt='Jordan Trail, Petra, Um Ratam' srcset='' sizes=\"auto, (max-width: 1024px) 100vw, 1024px\" loading='lazy' decoding='async' data-srcset=\"\" data-smush-webp-fallback=\"{&quot;src&quot;:&quot;https:\\\/\\\/tjt.travelblox.eu\\\/wp-content\\\/uploads\\\/sites\\\/78\\\/2024\\\/01\\\/theJordanTrail-4734-1024x683.jpg&quot;}\">\t\t\t\t\t\t\t\t\t<\/figure>\n\t\t\t<\/div>\n\t\t<\/div>\n\t\t\t<div class=\"entry\">\n\t\t\t<div class=\"tb-image-part\">\n\t\t\t\t<figure>\n\t\t\t\t\t<img src='https:\/\/tjt.travelblox.eu\/wp-content\/smush-webp\/sites\/78\/2024\/09\/TJT23_EvyVanNispen_LR-256-min-1024x683.jpg.webp' width='1024' height='683' alt='Jordan Trail, Petra, Um Ratam' srcset='https:\/\/tjt.travelblox.eu\/wp-content\/smush-webp\/sites\/78\/2024\/09\/TJT23_EvyVanNispen_LR-256-min-1024x683.jpg.webp 1024w, https:\/\/tjt.travelblox.eu\/wp-content\/smush-webp\/sites\/78\/2024\/09\/TJT23_EvyVanNispen_LR-256-min-300x200.jpg.webp 300w, https:\/\/tjt.travelblox.eu\/wp-content\/smush-webp\/sites\/78\/2024\/09\/TJT23_EvyVanNispen_LR-256-min-768x512.jpg.webp 768w, https:\/\/tjt.travelblox.eu\/wp-content\/smush-webp\/sites\/78\/2024\/09\/TJT23_EvyVanNispen_LR-256-min-1536x1024.jpg.webp 1536w, https:\/\/tjt.travelblox.eu\/wp-content\/smush-webp\/sites\/78\/2024\/09\/TJT23_EvyVanNispen_LR-256-min-2048x1366.jpg.webp 2048w, https:\/\/tjt.travelblox.eu\/wp-content\/smush-webp\/sites\/78\/2024\/09\/TJT23_EvyVanNispen_LR-256-min-18x12.jpg.webp 18w' sizes=\"auto, (max-width: 1024px) 100vw, 1024px\" loading='lazy' decoding='async' data-smush-webp-fallback=\"{&quot;src&quot;:&quot;https:\\\/\\\/tjt.travelblox.eu\\\/wp-content\\\/uploads\\\/sites\\\/78\\\/2024\\\/09\\\/TJT23_EvyVanNispen_LR-256-min-1024x683.jpg&quot;,&quot;srcset&quot;:&quot;https:\\\/\\\/tjt.travelblox.eu\\\/wp-content\\\/uploads\\\/sites\\\/78\\\/2024\\\/09\\\/TJT23_EvyVanNispen_LR-256-min-1024x683.jpg 1024w, https:\\\/\\\/tjt.travelblox.eu\\\/wp-content\\\/uploads\\\/sites\\\/78\\\/2024\\\/09\\\/TJT23_EvyVanNispen_LR-256-min-300x200.jpg 300w, https:\\\/\\\/tjt.travelblox.eu\\\/wp-content\\\/uploads\\\/sites\\\/78\\\/2024\\\/09\\\/TJT23_EvyVanNispen_LR-256-min-768x512.jpg 768w, https:\\\/\\\/tjt.travelblox.eu\\\/wp-content\\\/uploads\\\/sites\\\/78\\\/2024\\\/09\\\/TJT23_EvyVanNispen_LR-256-min-1536x1024.jpg 1536w, https:\\\/\\\/tjt.travelblox.eu\\\/wp-content\\\/uploads\\\/sites\\\/78\\\/2024\\\/09\\\/TJT23_EvyVanNispen_LR-256-min-2048x1366.jpg 2048w, https:\\\/\\\/tjt.travelblox.eu\\\/wp-content\\\/uploads\\\/sites\\\/78\\\/2024\\\/09\\\/TJT23_EvyVanNispen_LR-256-min-18x12.jpg 18w&quot;}\">\t\t\t\t\t\t\t\t\t<\/figure>\n\t\t\t<\/div>\n\t\t<\/div>\n\t\t\t<div class=\"entry\">\n\t\t\t<div class=\"tb-image-part\">\n\t\t\t\t<figure>\n\t\t\t\t\t<img src='https:\/\/tjt.travelblox.eu\/wp-content\/smush-webp\/sites\/78\/2024\/01\/theJordanTrail-2776-1024x683.jpg.webp' width='1024' height='683' alt='Jordan Trail, Petra, Um Ratam' srcset='' sizes=\"auto, (max-width: 1024px) 100vw, 1024px\" loading='lazy' decoding='async' data-srcset=\"\" data-smush-webp-fallback=\"{&quot;src&quot;:&quot;https:\\\/\\\/tjt.travelblox.eu\\\/wp-content\\\/uploads\\\/sites\\\/78\\\/2024\\\/01\\\/theJordanTrail-2776-1024x683.jpg&quot;}\">\t\t\t\t\t\t\t\t\t<\/figure>\n\t\t\t<\/div>\n\t\t<\/div>\n\t\t\t\t\t<\/div>\n\t\t\t\t<div class=\"tb-carousel-nav\">\n\t\t<div class=\"dots\">\n\t\t\t<div class=\"dot active\"><\/div>\n\t\t\t<div class=\"dot\"><\/div>\n\t\t\t<div class=\"dot\"><\/div>\n\t\t<\/div>\n\t\t<div class=\"arrows\">\n\t\t\t<div class=\"prev disabled\">\n\t\t\t\t<span><i class=\"fa fa-chevron-left\"><\/i><\/span>\n\t\t\t<\/div>\n\t\t\t<div class=\"next\">\n\t\t\t\t<span><i class=\"fa fa-chevron-right\"><\/i><\/span>\n\t\t\t<\/div>\n\t\t<\/div>\n\t<\/div>\n\t\t\t<\/div>\n\t<\/div>\n\t\t\t\t\t\t\t\t\t\t\t\t\t<\/div>\n\t\t\t\t\t\t\t\t\t\t<\/div>\n\t\t\t\t\t\t\t\t\t<\/div>\n\t\t\t\t\t\t\t\t\t\t<div class=\"tb-popup-nav\">\n\t\t<a href=\"#\" class=\"tb-buttonlink-with-icon tb-buttonlink-with-arrow icon-first tb-popup-previous\">\n\t\t\t<i class=\"icon fa fa-chevron-left\"><\/i>\n\t\t\t<span>Jour pr\u00e9c\u00e9dent<\/span>\n\t\t<\/a>\n\t\t<a href=\"#\" class=\"tb-buttonlink-with-icon tb-buttonlink-with-arrow tb-popup-next\">\n\t\t\t<span>Jour suivant<\/span>\n\t\t\t<i class=\"icon fa fa-chevron-right\"><\/i>\n\t\t<\/a>\n\t<\/div>\n\t\n\t\t\t\t\t\t\t\t<\/div>\n\t\t\t\t\t\t\t<\/dialog>\n\t\t\t\t\t\t<\/div>\n\t\t\t\t\t\t\t\t\t\t\t<div class=\"tb-card entry tb-popup-trigger tb-unfold-on-hover\">\n\t\t\t\t\t\t\t<div class=\"tb-image-part\">\n\t\t\t\t\t\t\t\t<div class=\"tag\">\n\t\t\t\t\t\t\t\t\t<div>Jour 5<\/div>\n\t\t\t\t\t\t\t\t<\/div>\n\n\t\t\t\t\t\t\t\t<img src='https:\/\/tjt.travelblox.eu\/wp-content\/smush-webp\/sites\/78\/2024\/09\/JORDANTRAIL-105-1-768x1150.jpg.webp' width='768' height='1150' alt='Jordan Trail, Petra, Wadi Musa' srcset='https:\/\/tjt.travelblox.eu\/wp-content\/smush-webp\/sites\/78\/2024\/09\/JORDANTRAIL-105-1-768x1150.jpg.webp 768w, https:\/\/tjt.travelblox.eu\/wp-content\/smush-webp\/sites\/78\/2024\/09\/JORDANTRAIL-105-1-200x300.jpg.webp 200w, https:\/\/tjt.travelblox.eu\/wp-content\/smush-webp\/sites\/78\/2024\/09\/JORDANTRAIL-105-1-684x1024.jpg.webp 684w, https:\/\/tjt.travelblox.eu\/wp-content\/smush-webp\/sites\/78\/2024\/09\/JORDANTRAIL-105-1-1026x1536.jpg.webp 1026w, https:\/\/tjt.travelblox.eu\/wp-content\/smush-webp\/sites\/78\/2024\/09\/JORDANTRAIL-105-1-1368x2048.jpg.webp 1368w, https:\/\/tjt.travelblox.eu\/wp-content\/smush-webp\/sites\/78\/2024\/09\/JORDANTRAIL-105-1-8x12.jpg.webp 8w, https:\/\/tjt.travelblox.eu\/wp-content\/smush-webp\/sites\/78\/2024\/09\/JORDANTRAIL-105-1-scaled.jpg.webp 1710w' sizes=\"auto, (max-width: 768px) 100vw, 768px\" loading='lazy' decoding='async' data-smush-webp-fallback=\"{&quot;src&quot;:&quot;https:\\\/\\\/tjt.travelblox.eu\\\/wp-content\\\/uploads\\\/sites\\\/78\\\/2024\\\/09\\\/JORDANTRAIL-105-1-768x1150.jpg&quot;,&quot;srcset&quot;:&quot;https:\\\/\\\/tjt.travelblox.eu\\\/wp-content\\\/uploads\\\/sites\\\/78\\\/2024\\\/09\\\/JORDANTRAIL-105-1-768x1150.jpg 768w, https:\\\/\\\/tjt.travelblox.eu\\\/wp-content\\\/uploads\\\/sites\\\/78\\\/2024\\\/09\\\/JORDANTRAIL-105-1-200x300.jpg 200w, https:\\\/\\\/tjt.travelblox.eu\\\/wp-content\\\/uploads\\\/sites\\\/78\\\/2024\\\/09\\\/JORDANTRAIL-105-1-684x1024.jpg 684w, https:\\\/\\\/tjt.travelblox.eu\\\/wp-content\\\/uploads\\\/sites\\\/78\\\/2024\\\/09\\\/JORDANTRAIL-105-1-1026x1536.jpg 1026w, https:\\\/\\\/tjt.travelblox.eu\\\/wp-content\\\/uploads\\\/sites\\\/78\\\/2024\\\/09\\\/JORDANTRAIL-105-1-1368x2048.jpg 1368w, https:\\\/\\\/tjt.travelblox.eu\\\/wp-content\\\/uploads\\\/sites\\\/78\\\/2024\\\/09\\\/JORDANTRAIL-105-1-8x12.jpg 8w, https:\\\/\\\/tjt.travelblox.eu\\\/wp-content\\\/uploads\\\/sites\\\/78\\\/2024\\\/09\\\/JORDANTRAIL-105-1-scaled.jpg 1710w&quot;}\">\t\t\t\t\t\t\t<\/div>\n\t\t\t\t\t\t\t<div class=\"tb-card-bottom-wrapper\">\n\t\t\t\t\t\t\t\t<div class=\"tb-card-bottom\">\n\n\t\t\t\t\t\t\t\t\t<span class=\"tb-card-bottom__title\">\n\t\t\t\t\t\t\t\t\t\t<span class=\"tb-card-bottom__place\">\n\t\t\t\t\t\t\t\t\t\t\tUm Ratam\t\t\t\t\t\t\t\t\t\t\t\t\t\t\t\t\t\t\t\t\t\t\t&#8211; Al Baydha\t\t\t\t\t\t\t\t\t\t\t\t\t\t\t\t\t\t\t\t\t<\/span>\n\n\t\t\t\t\t\t\t\t\t<\/span>\n\t\t\t\t\t\t\t\t\t<div class=\"tb-card-bottom__content\">\n\t\t\t\t\t\t\t\t\t\t<div>\n\t\t\t\t\t\t\t\t\t\t\t\t\t\t\t\t\t\t\t\t\t\t\t\t\t\t\t<i class=\"icon fa-solid fa-tent fa-fw\" aria-hidden=\"true\"><\/i>\n\t\t\t 16 km\t\t\t\t\t\t\t\t\t\t\t\t\t\t\t\t\t\t\t\t\t<\/div>\n\t\t\t\t\t\t\t\t\t<\/div>\n\t\t\t\t\t\t\t\t\t<div class=\"tb-card-bottom__teaser tb-unfold-on-hover__content\" data-no-translation>\n\t\t\t\t\t\t\t\t\t\t\t\t\t\t\t\t\t\t\t\t\t\t\t\t\t\t\t\t\t\tAu matin, nous quitterons le magnifique Um Ratam et monterons jusqu\u2019\u00e0 l\u2019ancienne route caravani\u00e8re d&#8230; <span class=\"link\">Lire la suite<\/span>\t\t\t\t\t\t\t\t\t<\/div>\n\t\t\t\t\t\t\t\t<\/div>\n\n\t\t\t\t\t\t\t<\/div>\n\t\t\t\t\t\t\t<dialog class=\"tb-popup tb-popup-with-padding tb-dayschedule-popup-wrapper\">\n\t\t\t\t\t\t\t\t<div class=\"tb-dayschedule-popup\">\n\t\t\t\t\t\t\t\t\t<h4>\n\t\t\t\t\t\t\t\t\t\t\t\t\t\t\t\t\t\t\t\t\t\t\t\t\t\t\t\t\t\t\t<div>\n\t\t\t\t\t\t\t\t\t\t\t\t\t\t\t\t\t\t\t\t\t\t\t\t\tUm Ratam\t\t\t\t\t\t\t\t\t\t\t\t\t\t\t\t\t\t\t\t\t\t\t\t\t\t\t\t\t\t\t\t\t\t\t\t\t\t\t\t\t\t\t\t\t\t\t\t\t\t\t<i class=\"icon fa-solid fa-arrow-right\"><\/i> Al Baydha\t\t\t\t\t\t\t\t\t\t\t\t\t\t\t\t\t\t\t\t\t\t\t\t\t\t\t\t\t\t\t\t\t\t\t\t<\/div>\n\t\t\t\t\t\t\t\t\t\t\t\t\t\t\t\t\t\t\t<\/h4>\n\t\t\t\t\t\t\t\t\t<div class=\"tb-columns\">\n\t\t\t\t\t\t\t\t\t\t<div class=\"tb-column tb-column--text\">\n\t\t\t\t\t\t\t\t\t\t\t<div class=\"text-part\">\n\t\t\t\t\t\t\t\t\t\t\t\t\t\t\t\t\t\t\t\t\t\t\t\t\t<div class=\"tb-dayschedule-popup__icons\">\n\t\t\t\t\t\t\t\t\t\t\t\t\t\t\t\t\t\t\t\t\t\t\t\t\t\t\t\t\t\t\t\t\t\t\t\t\t\t\t\t\t\t\t<div class=\"tb-dayschedule-popup__icon\">\n\t\t\t\t\t\t\t\t\t\t\t\t\t\t\t\t\t\t\t\t<i class=\"icon fa-solid fa-tent fa-fw\" aria-hidden=\"true\"><\/i>\n\t\t\t\t\t\t\t\t\t\t\t\t\t\t\t\t\t\t\t<span>\n\t\t\t\t\t\t\t\t\t\t\t\t\t\t\t\t\t16 km\t\t\t\t\t\t\t\t\t\t\t\t\t\t\t\t<\/span>\n\t\t\t\t\t\t\t\t\t\t\t\t\t\t\t<\/div>\n\t\t\t\t\t\t\t\t\t\t\t\t\t\t\t\t\t\t\t\t\t\t\t\t\t\t\t<\/div>\n\t\t\t\t\t\t\t\t\t\t\t\t\n\t\t\t\t\t\t\t\t\t\t\t\t\n\t\t\t\t\t\t\t\t\t\t\t\t<div>\n\t\t\t\t\t\t\t\t\t\t\t\t\t<strong>Jour 5<\/strong>\n\t\t\t\t\t\t\t\t\t\t\t\t\t\t<div class=\"translation-block\"><p>Au matin, nous quitterons le magnifique Um Ratam et monterons jusqu\u2019\u00e0 l\u2019<strong>ancienne route caravani\u00e8re de Naqeb Slasel<\/strong>. Aujourd\u2019hui encore, vous d\u00e9couvrirez de nouveaux d\u00e9cors et atteindrez un point de vue impressionnant. Vers la fin de l\u2019itin\u00e9raire, vous apercevrez la ville de <strong>Wadi Musa au loin<\/strong>. Vous revenez peu \u00e0 peu vers la civilisation.<\/p><ul><li>Distance : 16 km<\/li><li>Mont\u00e9e : 400 m<\/li><li>Descente : 300 m<\/li><\/ul><\/div>\n\t\t\t\t\t\t\t\t\t\t\t\t\t<\/div>\n\n\n\t\t\t\t\t\t\t\t\t\t\t<\/div>\n\t\t\t\t\t\t\t\t\t\t<\/div>\n\t\t\t\t\t\t\t\t\t\t<div class=\"tb-column tb-column--image\">\n\n\t\t\t\t\t\t\t\t\t\t\t<div class=\"tb-image-part\">\n\t\t\t\t\t\t\t\t\t\t\t\t\t\t<div class=\"inner-block-full-width has-tb-carousel tb-carousel-slider\" >\n\t\t<div class=\"tb-carousel-container\">\n\t\t\t<div class=\"entries tb-cards\" data-slider-first=\"0\">\n\t\t\t\t\t\t\t<div class=\"entry\">\n\t\t\t<div class=\"tb-image-part\">\n\t\t\t\t<figure>\n\t\t\t\t\t<img src='https:\/\/tjt.travelblox.eu\/wp-content\/smush-webp\/sites\/78\/2024\/09\/JORDANTRAIL-105-1-684x1024.jpg.webp' width='684' height='1024' alt='Jordan Trail, Petra, Wadi Musa' srcset='https:\/\/tjt.travelblox.eu\/wp-content\/smush-webp\/sites\/78\/2024\/09\/JORDANTRAIL-105-1-684x1024.jpg.webp 684w, https:\/\/tjt.travelblox.eu\/wp-content\/smush-webp\/sites\/78\/2024\/09\/JORDANTRAIL-105-1-200x300.jpg.webp 200w, https:\/\/tjt.travelblox.eu\/wp-content\/smush-webp\/sites\/78\/2024\/09\/JORDANTRAIL-105-1-768x1150.jpg.webp 768w, https:\/\/tjt.travelblox.eu\/wp-content\/smush-webp\/sites\/78\/2024\/09\/JORDANTRAIL-105-1-1026x1536.jpg.webp 1026w, https:\/\/tjt.travelblox.eu\/wp-content\/smush-webp\/sites\/78\/2024\/09\/JORDANTRAIL-105-1-1368x2048.jpg.webp 1368w, https:\/\/tjt.travelblox.eu\/wp-content\/smush-webp\/sites\/78\/2024\/09\/JORDANTRAIL-105-1-8x12.jpg.webp 8w, https:\/\/tjt.travelblox.eu\/wp-content\/smush-webp\/sites\/78\/2024\/09\/JORDANTRAIL-105-1-scaled.jpg.webp 1710w' sizes=\"auto, (max-width: 684px) 100vw, 684px\" loading='lazy' decoding='async' data-smush-webp-fallback=\"{&quot;src&quot;:&quot;https:\\\/\\\/tjt.travelblox.eu\\\/wp-content\\\/uploads\\\/sites\\\/78\\\/2024\\\/09\\\/JORDANTRAIL-105-1-684x1024.jpg&quot;,&quot;srcset&quot;:&quot;https:\\\/\\\/tjt.travelblox.eu\\\/wp-content\\\/uploads\\\/sites\\\/78\\\/2024\\\/09\\\/JORDANTRAIL-105-1-684x1024.jpg 684w, https:\\\/\\\/tjt.travelblox.eu\\\/wp-content\\\/uploads\\\/sites\\\/78\\\/2024\\\/09\\\/JORDANTRAIL-105-1-200x300.jpg 200w, https:\\\/\\\/tjt.travelblox.eu\\\/wp-content\\\/uploads\\\/sites\\\/78\\\/2024\\\/09\\\/JORDANTRAIL-105-1-768x1150.jpg 768w, https:\\\/\\\/tjt.travelblox.eu\\\/wp-content\\\/uploads\\\/sites\\\/78\\\/2024\\\/09\\\/JORDANTRAIL-105-1-1026x1536.jpg 1026w, https:\\\/\\\/tjt.travelblox.eu\\\/wp-content\\\/uploads\\\/sites\\\/78\\\/2024\\\/09\\\/JORDANTRAIL-105-1-1368x2048.jpg 1368w, https:\\\/\\\/tjt.travelblox.eu\\\/wp-content\\\/uploads\\\/sites\\\/78\\\/2024\\\/09\\\/JORDANTRAIL-105-1-8x12.jpg 8w, https:\\\/\\\/tjt.travelblox.eu\\\/wp-content\\\/uploads\\\/sites\\\/78\\\/2024\\\/09\\\/JORDANTRAIL-105-1-scaled.jpg 1710w&quot;}\">\t\t\t\t\t\t\t\t\t<\/figure>\n\t\t\t<\/div>\n\t\t<\/div>\n\t\t\t<div class=\"entry\">\n\t\t\t<div class=\"tb-image-part\">\n\t\t\t\t<figure>\n\t\t\t\t\t<img src='https:\/\/tjt.travelblox.eu\/wp-content\/smush-webp\/sites\/78\/2024\/01\/Jordanie-Jordan-Trail-Travelbase-\u00a9-Trekking-et-Voyage-175625-1024x768.jpg.webp' width='1024' height='768' alt='Jordan Trail, Petra, Wadi Musa' srcset='' sizes=\"auto, (max-width: 1024px) 100vw, 1024px\" loading='lazy' decoding='async' data-srcset=\"\" data-smush-webp-fallback=\"{&quot;src&quot;:&quot;https:\\\/\\\/tjt.travelblox.eu\\\/wp-content\\\/uploads\\\/sites\\\/78\\\/2024\\\/01\\\/Jordanie-Jordan-Trail-Travelbase-\\u00a9-Trekking-et-Voyage-175625-1024x768.jpg&quot;}\">\t\t\t\t\t\t\t\t\t<\/figure>\n\t\t\t<\/div>\n\t\t<\/div>\n\t\t\t<div class=\"entry\">\n\t\t\t<div class=\"tb-image-part\">\n\t\t\t\t<figure>\n\t\t\t\t\t<img src='https:\/\/tjt.travelblox.eu\/wp-content\/smush-webp\/sites\/78\/2024\/01\/theJordanTrail-6128-683x1024.jpg.webp' width='683' height='1024' alt='Jordan Trail, Petra, Wadi Musa' srcset='' sizes=\"auto, (max-width: 683px) 100vw, 683px\" loading='lazy' decoding='async' data-srcset=\"\" data-smush-webp-fallback=\"{&quot;src&quot;:&quot;https:\\\/\\\/tjt.travelblox.eu\\\/wp-content\\\/uploads\\\/sites\\\/78\\\/2024\\\/01\\\/theJordanTrail-6128-683x1024.jpg&quot;}\">\t\t\t\t\t\t\t\t\t<\/figure>\n\t\t\t<\/div>\n\t\t<\/div>\n\t\t\t\t\t<\/div>\n\t\t\t\t<div class=\"tb-carousel-nav\">\n\t\t<div class=\"dots\">\n\t\t\t<div class=\"dot active\"><\/div>\n\t\t\t<div class=\"dot\"><\/div>\n\t\t\t<div class=\"dot\"><\/div>\n\t\t<\/div>\n\t\t<div class=\"arrows\">\n\t\t\t<div class=\"prev disabled\">\n\t\t\t\t<span><i class=\"fa fa-chevron-left\"><\/i><\/span>\n\t\t\t<\/div>\n\t\t\t<div class=\"next\">\n\t\t\t\t<span><i class=\"fa fa-chevron-right\"><\/i><\/span>\n\t\t\t<\/div>\n\t\t<\/div>\n\t<\/div>\n\t\t\t<\/div>\n\t<\/div>\n\t\t\t\t\t\t\t\t\t\t\t\t\t<\/div>\n\t\t\t\t\t\t\t\t\t\t<\/div>\n\t\t\t\t\t\t\t\t\t<\/div>\n\t\t\t\t\t\t\t\t\t\t<div class=\"tb-popup-nav\">\n\t\t<a href=\"#\" class=\"tb-buttonlink-with-icon tb-buttonlink-with-arrow icon-first tb-popup-previous\">\n\t\t\t<i class=\"icon fa fa-chevron-left\"><\/i>\n\t\t\t<span>Jour pr\u00e9c\u00e9dent<\/span>\n\t\t<\/a>\n\t\t<a href=\"#\" class=\"tb-buttonlink-with-icon tb-buttonlink-with-arrow tb-popup-next\">\n\t\t\t<span>Jour suivant<\/span>\n\t\t\t<i class=\"icon fa fa-chevron-right\"><\/i>\n\t\t<\/a>\n\t<\/div>\n\t\n\t\t\t\t\t\t\t\t<\/div>\n\t\t\t\t\t\t\t<\/dialog>\n\t\t\t\t\t\t<\/div>\n\t\t\t\t\t\t\t\t\t\t\t<div class=\"tb-card entry tb-popup-trigger tb-unfold-on-hover\">\n\t\t\t\t\t\t\t<div class=\"tb-image-part\">\n\t\t\t\t\t\t\t\t<div class=\"tag\">\n\t\t\t\t\t\t\t\t\t<div>Jour 6<\/div>\n\t\t\t\t\t\t\t\t<\/div>\n\n\t\t\t\t\t\t\t\t<img src='https:\/\/tjt.travelblox.eu\/wp-content\/smush-webp\/sites\/78\/2024\/09\/theJordanTrail-6469-768x512.jpg.webp' width='768' height='512' alt='Jordan Trail, Petra, Wadi Musa, Le Monast\u00e8re' srcset='https:\/\/tjt.travelblox.eu\/wp-content\/smush-webp\/sites\/78\/2024\/09\/theJordanTrail-6469-768x512.jpg.webp 768w, https:\/\/tjt.travelblox.eu\/wp-content\/smush-webp\/sites\/78\/2024\/09\/theJordanTrail-6469-300x200.jpg.webp 300w, https:\/\/tjt.travelblox.eu\/wp-content\/smush-webp\/sites\/78\/2024\/09\/theJordanTrail-6469-1024x683.jpg.webp 1024w, https:\/\/tjt.travelblox.eu\/wp-content\/smush-webp\/sites\/78\/2024\/09\/theJordanTrail-6469-1536x1024.jpg.webp 1536w, https:\/\/tjt.travelblox.eu\/wp-content\/smush-webp\/sites\/78\/2024\/09\/theJordanTrail-6469-2048x1365.jpg.webp 2048w, https:\/\/tjt.travelblox.eu\/wp-content\/smush-webp\/sites\/78\/2024\/09\/theJordanTrail-6469-18x12.jpg.webp 18w' sizes=\"auto, (max-width: 768px) 100vw, 768px\" loading='lazy' decoding='async' data-smush-webp-fallback=\"{&quot;src&quot;:&quot;https:\\\/\\\/tjt.travelblox.eu\\\/wp-content\\\/uploads\\\/sites\\\/78\\\/2024\\\/09\\\/theJordanTrail-6469-768x512.jpg&quot;,&quot;srcset&quot;:&quot;https:\\\/\\\/tjt.travelblox.eu\\\/wp-content\\\/uploads\\\/sites\\\/78\\\/2024\\\/09\\\/theJordanTrail-6469-768x512.jpg 768w, https:\\\/\\\/tjt.travelblox.eu\\\/wp-content\\\/uploads\\\/sites\\\/78\\\/2024\\\/09\\\/theJordanTrail-6469-300x200.jpg 300w, https:\\\/\\\/tjt.travelblox.eu\\\/wp-content\\\/uploads\\\/sites\\\/78\\\/2024\\\/09\\\/theJordanTrail-6469-1024x683.jpg 1024w, https:\\\/\\\/tjt.travelblox.eu\\\/wp-content\\\/uploads\\\/sites\\\/78\\\/2024\\\/09\\\/theJordanTrail-6469-1536x1024.jpg 1536w, https:\\\/\\\/tjt.travelblox.eu\\\/wp-content\\\/uploads\\\/sites\\\/78\\\/2024\\\/09\\\/theJordanTrail-6469-2048x1365.jpg 2048w, https:\\\/\\\/tjt.travelblox.eu\\\/wp-content\\\/uploads\\\/sites\\\/78\\\/2024\\\/09\\\/theJordanTrail-6469-18x12.jpg 18w&quot;}\">\t\t\t\t\t\t\t<\/div>\n\t\t\t\t\t\t\t<div class=\"tb-card-bottom-wrapper\">\n\t\t\t\t\t\t\t\t<div class=\"tb-card-bottom\">\n\n\t\t\t\t\t\t\t\t\t<span class=\"tb-card-bottom__title\">\n\t\t\t\t\t\t\t\t\t\t<span class=\"tb-card-bottom__place\">\n\t\t\t\t\t\t\t\t\t\t\tAl Baydha - Petra\t\t\t\t\t\t\t\t\t\t\t\t\t\t\t\t\t\t\t\t\t<\/span>\n\n\t\t\t\t\t\t\t\t\t<\/span>\n\t\t\t\t\t\t\t\t\t<div class=\"tb-card-bottom__content\">\n\t\t\t\t\t\t\t\t\t\t<div>\n\t\t\t\t\t\t\t\t\t\t\t\t\t\t\t\t\t\t\t\t\t\t\t\t\t\t\t<i class=\"icon fa-solid fa-bed fa-fw\" aria-hidden=\"true\"><\/i>\n\t\t\t 16 km\t\t\t\t\t\t\t\t\t\t\t\t\t\t\t\t\t\t\t\t\t<\/div>\n\t\t\t\t\t\t\t\t\t<\/div>\n\t\t\t\t\t\t\t\t\t<div class=\"tb-card-bottom__teaser tb-unfold-on-hover__content\" data-no-translation>\n\t\t\t\t\t\t\t\t\t\t\t\t\t\t\t\t\t\t\t\t\t\t\t\t\t\t\t\t\t\tApr\u00e8s cinq jours de randonn\u00e9e, vous atteindrez aujourd\u2019hui les zones habit\u00e9es et entrerez \u00e0 P\u00e9tra pa&#8230; <span class=\"link\">Lire la suite<\/span>\t\t\t\t\t\t\t\t\t<\/div>\n\t\t\t\t\t\t\t\t<\/div>\n\n\t\t\t\t\t\t\t<\/div>\n\t\t\t\t\t\t\t<dialog class=\"tb-popup tb-popup-with-padding tb-dayschedule-popup-wrapper\">\n\t\t\t\t\t\t\t\t<div class=\"tb-dayschedule-popup\">\n\t\t\t\t\t\t\t\t\t<h4>\n\t\t\t\t\t\t\t\t\t\t\t\t\t\t\t\t\t\t\t\t\t\t\t\t\t\t\t\t\t\t\t<div>\n\t\t\t\t\t\t\t\t\t\t\t\t\t\t\t\t\t\t\t\t\t\t\t\t\tAl Baydha\t\t\t\t\t\t\t\t\t\t\t\t\t\t\t\t\t\t\t\t\t\t\t\t\t\t\t\t\t\t\t\t\t\t\t\t\t\t\t\t\t\t\t\t\t\t\t\t\t\t\t<i class=\"icon fa-solid fa-arrow-right\"><\/i> Petra\t\t\t\t\t\t\t\t\t\t\t\t\t\t\t\t\t\t\t\t\t\t\t\t\t\t\t\t\t\t\t\t\t\t\t\t<\/div>\n\t\t\t\t\t\t\t\t\t\t\t\t\t\t\t\t\t\t\t<\/h4>\n\t\t\t\t\t\t\t\t\t<div class=\"tb-columns\">\n\t\t\t\t\t\t\t\t\t\t<div class=\"tb-column tb-column--text\">\n\t\t\t\t\t\t\t\t\t\t\t<div class=\"text-part\">\n\t\t\t\t\t\t\t\t\t\t\t\t\t\t\t\t\t\t\t\t\t\t\t\t\t<div class=\"tb-dayschedule-popup__icons\">\n\t\t\t\t\t\t\t\t\t\t\t\t\t\t\t\t\t\t\t\t\t\t\t\t\t\t\t\t\t\t\t\t\t\t\t\t\t\t\t\t\t\t\t<div class=\"tb-dayschedule-popup__icon\">\n\t\t\t\t\t\t\t\t\t\t\t\t\t\t\t\t\t\t\t\t<i class=\"icon fa-solid fa-bed fa-fw\" aria-hidden=\"true\"><\/i>\n\t\t\t\t\t\t\t\t\t\t\t\t\t\t\t\t\t\t\t<span>\n\t\t\t\t\t\t\t\t\t\t\t\t\t\t\t\t\t16 km\t\t\t\t\t\t\t\t\t\t\t\t\t\t\t\t<\/span>\n\t\t\t\t\t\t\t\t\t\t\t\t\t\t\t<\/div>\n\t\t\t\t\t\t\t\t\t\t\t\t\t\t\t\t\t\t\t\t\t\t\t\t\t\t\t<\/div>\n\t\t\t\t\t\t\t\t\t\t\t\t\n\t\t\t\t\t\t\t\t\t\t\t\t\n\t\t\t\t\t\t\t\t\t\t\t\t<div>\n\t\t\t\t\t\t\t\t\t\t\t\t\t<strong>Jour 6<\/strong>\n\t\t\t\t\t\t\t\t\t\t\t\t\t\t<div class=\"translation-block\"><p>Apr\u00e8s cinq jours de randonn\u00e9e, vous atteindrez aujourd\u2019hui les zones habit\u00e9es et entrerez \u00e0 <strong>P\u00e9tra par la \u201cporte arri\u00e8re\u201d<\/strong>, l\u2019une des sept merveilles du monde moderne. P\u00e9tra est compos\u00e9e de plusieurs quartiers et ressemble \u00e0 une v\u00e9ritable cit\u00e9 antique. En arrivant par l\u2019arri\u00e8re, vous admirez d\u2019abord <strong>le monast\u00e8re.<\/strong> Vous descendrez ensuite les escaliers et terminerez la journ\u00e9e par le splendide <strong>Rainbow Canyon<\/strong>.<\/p><p><strong>\"Le Tr\u00e9sor\"<\/strong> est r\u00e9serv\u00e9 pour le lendemain. De cette fa\u00e7on, vous \u00e9viterez la foule de touristes et pourrez d\u00e9couvrir et photographier ce lieu embl\u00e9matique dans le calme.<\/p><p>Apr\u00e8s votre arriv\u00e9e \u00e0 l\u2019<strong>h\u00f4tel de Wadi Musa<\/strong>, vous disposerez du reste de la journ\u00e9e libre. Beaucoup de participants choisissent de se d\u00e9tendre dans un <strong>hammam traditionnel<\/strong>, mais si vous le souhaitez, vous pourrez d\u00e9j\u00e0 visiter \"Le Tr\u00e9sor\" \u2013 votre billet est valable pour les deux jours.<\/p><ul><li>Distance : 16 km<\/li><li>Mont\u00e9e : 400 m<\/li><li>Descente : 400 m<\/li><\/ul><\/div>\n\t\t\t\t\t\t\t\t\t\t\t\t\t<\/div>\n\n\n\t\t\t\t\t\t\t\t\t\t\t<\/div>\n\t\t\t\t\t\t\t\t\t\t<\/div>\n\t\t\t\t\t\t\t\t\t\t<div class=\"tb-column tb-column--image\">\n\n\t\t\t\t\t\t\t\t\t\t\t<div class=\"tb-image-part\">\n\t\t\t\t\t\t\t\t\t\t\t\t\t\t<div class=\"inner-block-full-width has-tb-carousel tb-carousel-slider\" >\n\t\t<div class=\"tb-carousel-container\">\n\t\t\t<div class=\"entries tb-cards\" data-slider-first=\"0\">\n\t\t\t\t\t\t\t<div class=\"entry\">\n\t\t\t<div class=\"tb-image-part\">\n\t\t\t\t<figure>\n\t\t\t\t\t<img src='https:\/\/tjt.travelblox.eu\/wp-content\/smush-webp\/sites\/78\/2024\/09\/theJordanTrail-6469-1024x683.jpg.webp' width='1024' height='683' alt='Jordan Trail, Petra, Wadi Musa, Le Monast\u00e8re' srcset='https:\/\/tjt.travelblox.eu\/wp-content\/smush-webp\/sites\/78\/2024\/09\/theJordanTrail-6469-1024x683.jpg.webp 1024w, https:\/\/tjt.travelblox.eu\/wp-content\/smush-webp\/sites\/78\/2024\/09\/theJordanTrail-6469-300x200.jpg.webp 300w, https:\/\/tjt.travelblox.eu\/wp-content\/smush-webp\/sites\/78\/2024\/09\/theJordanTrail-6469-768x512.jpg.webp 768w, https:\/\/tjt.travelblox.eu\/wp-content\/smush-webp\/sites\/78\/2024\/09\/theJordanTrail-6469-1536x1024.jpg.webp 1536w, https:\/\/tjt.travelblox.eu\/wp-content\/smush-webp\/sites\/78\/2024\/09\/theJordanTrail-6469-2048x1365.jpg.webp 2048w, https:\/\/tjt.travelblox.eu\/wp-content\/smush-webp\/sites\/78\/2024\/09\/theJordanTrail-6469-18x12.jpg.webp 18w' sizes=\"auto, (max-width: 1024px) 100vw, 1024px\" loading='lazy' decoding='async' data-smush-webp-fallback=\"{&quot;src&quot;:&quot;https:\\\/\\\/tjt.travelblox.eu\\\/wp-content\\\/uploads\\\/sites\\\/78\\\/2024\\\/09\\\/theJordanTrail-6469-1024x683.jpg&quot;,&quot;srcset&quot;:&quot;https:\\\/\\\/tjt.travelblox.eu\\\/wp-content\\\/uploads\\\/sites\\\/78\\\/2024\\\/09\\\/theJordanTrail-6469-1024x683.jpg 1024w, https:\\\/\\\/tjt.travelblox.eu\\\/wp-content\\\/uploads\\\/sites\\\/78\\\/2024\\\/09\\\/theJordanTrail-6469-300x200.jpg 300w, https:\\\/\\\/tjt.travelblox.eu\\\/wp-content\\\/uploads\\\/sites\\\/78\\\/2024\\\/09\\\/theJordanTrail-6469-768x512.jpg 768w, https:\\\/\\\/tjt.travelblox.eu\\\/wp-content\\\/uploads\\\/sites\\\/78\\\/2024\\\/09\\\/theJordanTrail-6469-1536x1024.jpg 1536w, https:\\\/\\\/tjt.travelblox.eu\\\/wp-content\\\/uploads\\\/sites\\\/78\\\/2024\\\/09\\\/theJordanTrail-6469-2048x1365.jpg 2048w, https:\\\/\\\/tjt.travelblox.eu\\\/wp-content\\\/uploads\\\/sites\\\/78\\\/2024\\\/09\\\/theJordanTrail-6469-18x12.jpg 18w&quot;}\">\t\t\t\t\t\t\t\t\t<\/figure>\n\t\t\t<\/div>\n\t\t<\/div>\n\t\t\t<div class=\"entry\">\n\t\t\t<div class=\"tb-image-part\">\n\t\t\t\t<figure>\n\t\t\t\t\t<img src='https:\/\/tjt.travelblox.eu\/wp-content\/smush-webp\/sites\/78\/2024\/09\/IMG_0358-1-1024x683.jpg.webp' width='1024' height='683' alt='Jordan Trail, Petra, Wadi Musa, Le Monast\u00e8re' srcset='https:\/\/tjt.travelblox.eu\/wp-content\/smush-webp\/sites\/78\/2024\/09\/IMG_0358-1-1024x683.jpg.webp 1024w, https:\/\/tjt.travelblox.eu\/wp-content\/smush-webp\/sites\/78\/2024\/09\/IMG_0358-1-300x200.jpg.webp 300w, https:\/\/tjt.travelblox.eu\/wp-content\/smush-webp\/sites\/78\/2024\/09\/IMG_0358-1-768x512.jpg.webp 768w, https:\/\/tjt.travelblox.eu\/wp-content\/smush-webp\/sites\/78\/2024\/09\/IMG_0358-1-1536x1024.jpg.webp 1536w, https:\/\/tjt.travelblox.eu\/wp-content\/smush-webp\/sites\/78\/2024\/09\/IMG_0358-1-2048x1366.jpg.webp 2048w, https:\/\/tjt.travelblox.eu\/wp-content\/smush-webp\/sites\/78\/2024\/09\/IMG_0358-1-18x12.jpg.webp 18w' sizes=\"auto, (max-width: 1024px) 100vw, 1024px\" loading='lazy' decoding='async' data-smush-webp-fallback=\"{&quot;src&quot;:&quot;https:\\\/\\\/tjt.travelblox.eu\\\/wp-content\\\/uploads\\\/sites\\\/78\\\/2024\\\/09\\\/IMG_0358-1-1024x683.jpg&quot;,&quot;srcset&quot;:&quot;https:\\\/\\\/tjt.travelblox.eu\\\/wp-content\\\/uploads\\\/sites\\\/78\\\/2024\\\/09\\\/IMG_0358-1-1024x683.jpg 1024w, https:\\\/\\\/tjt.travelblox.eu\\\/wp-content\\\/uploads\\\/sites\\\/78\\\/2024\\\/09\\\/IMG_0358-1-300x200.jpg 300w, https:\\\/\\\/tjt.travelblox.eu\\\/wp-content\\\/uploads\\\/sites\\\/78\\\/2024\\\/09\\\/IMG_0358-1-768x512.jpg 768w, https:\\\/\\\/tjt.travelblox.eu\\\/wp-content\\\/uploads\\\/sites\\\/78\\\/2024\\\/09\\\/IMG_0358-1-1536x1024.jpg 1536w, https:\\\/\\\/tjt.travelblox.eu\\\/wp-content\\\/uploads\\\/sites\\\/78\\\/2024\\\/09\\\/IMG_0358-1-2048x1366.jpg 2048w, https:\\\/\\\/tjt.travelblox.eu\\\/wp-content\\\/uploads\\\/sites\\\/78\\\/2024\\\/09\\\/IMG_0358-1-18x12.jpg 18w&quot;}\">\t\t\t\t\t\t\t\t\t<\/figure>\n\t\t\t<\/div>\n\t\t<\/div>\n\t\t\t<div class=\"entry\">\n\t\t\t<div class=\"tb-image-part\">\n\t\t\t\t<figure>\n\t\t\t\t\t<img src='https:\/\/tjt.travelblox.eu\/wp-content\/smush-webp\/sites\/78\/2024\/01\/JT23_RoyMosterd_LR_4151937-768x1024.jpg.webp' width='768' height='1024' alt='Jordan Trail, Petra, Wadi Musa, Le Monast\u00e8re' srcset='' sizes=\"auto, (max-width: 768px) 100vw, 768px\" loading='lazy' decoding='async' data-srcset=\"\" data-smush-webp-fallback=\"{&quot;src&quot;:&quot;https:\\\/\\\/tjt.travelblox.eu\\\/wp-content\\\/uploads\\\/sites\\\/78\\\/2024\\\/01\\\/JT23_RoyMosterd_LR_4151937-768x1024.jpg&quot;}\">\t\t\t\t\t\t\t\t\t<\/figure>\n\t\t\t<\/div>\n\t\t<\/div>\n\t\t\t\t\t<\/div>\n\t\t\t\t<div class=\"tb-carousel-nav\">\n\t\t<div class=\"dots\">\n\t\t\t<div class=\"dot active\"><\/div>\n\t\t\t<div class=\"dot\"><\/div>\n\t\t\t<div class=\"dot\"><\/div>\n\t\t<\/div>\n\t\t<div class=\"arrows\">\n\t\t\t<div class=\"prev disabled\">\n\t\t\t\t<span><i class=\"fa fa-chevron-left\"><\/i><\/span>\n\t\t\t<\/div>\n\t\t\t<div class=\"next\">\n\t\t\t\t<span><i class=\"fa fa-chevron-right\"><\/i><\/span>\n\t\t\t<\/div>\n\t\t<\/div>\n\t<\/div>\n\t\t\t<\/div>\n\t<\/div>\n\t\t\t\t\t\t\t\t\t\t\t\t\t<\/div>\n\t\t\t\t\t\t\t\t\t\t<\/div>\n\t\t\t\t\t\t\t\t\t<\/div>\n\t\t\t\t\t\t\t\t\t\t<div class=\"tb-popup-nav\">\n\t\t<a href=\"#\" class=\"tb-buttonlink-with-icon tb-buttonlink-with-arrow icon-first tb-popup-previous\">\n\t\t\t<i class=\"icon fa fa-chevron-left\"><\/i>\n\t\t\t<span>Jour pr\u00e9c\u00e9dent<\/span>\n\t\t<\/a>\n\t\t<a href=\"#\" class=\"tb-buttonlink-with-icon tb-buttonlink-with-arrow tb-popup-next\">\n\t\t\t<span>Jour suivant<\/span>\n\t\t\t<i class=\"icon fa fa-chevron-right\"><\/i>\n\t\t<\/a>\n\t<\/div>\n\t\n\t\t\t\t\t\t\t\t<\/div>\n\t\t\t\t\t\t\t<\/dialog>\n\t\t\t\t\t\t<\/div>\n\t\t\t\t\t\t\t\t\t\t\t<div class=\"tb-card entry tb-popup-trigger tb-unfold-on-hover\">\n\t\t\t\t\t\t\t<div class=\"tb-image-part\">\n\t\t\t\t\t\t\t\t<div class=\"tag\">\n\t\t\t\t\t\t\t\t\t<div>Jour 7<\/div>\n\t\t\t\t\t\t\t\t<\/div>\n\n\t\t\t\t\t\t\t\t<img src='https:\/\/tjt.travelblox.eu\/wp-content\/smush-webp\/sites\/78\/2024\/09\/TJT23_EvyVanNispen_LR-377-768x1152.jpg.webp' width='768' height='1152' alt='Jordan Trail, Petra, Le Tr\u00e9sor' srcset='https:\/\/tjt.travelblox.eu\/wp-content\/smush-webp\/sites\/78\/2024\/09\/TJT23_EvyVanNispen_LR-377-768x1152.jpg.webp 768w, https:\/\/tjt.travelblox.eu\/wp-content\/smush-webp\/sites\/78\/2024\/09\/TJT23_EvyVanNispen_LR-377-200x300.jpg.webp 200w, https:\/\/tjt.travelblox.eu\/wp-content\/smush-webp\/sites\/78\/2024\/09\/TJT23_EvyVanNispen_LR-377-683x1024.jpg.webp 683w, https:\/\/tjt.travelblox.eu\/wp-content\/smush-webp\/sites\/78\/2024\/09\/TJT23_EvyVanNispen_LR-377-1024x1536.jpg.webp 1024w, https:\/\/tjt.travelblox.eu\/wp-content\/smush-webp\/sites\/78\/2024\/09\/TJT23_EvyVanNispen_LR-377-1366x2048.jpg.webp 1366w, https:\/\/tjt.travelblox.eu\/wp-content\/smush-webp\/sites\/78\/2024\/09\/TJT23_EvyVanNispen_LR-377-8x12.jpg.webp 8w, https:\/\/tjt.travelblox.eu\/wp-content\/smush-webp\/sites\/78\/2024\/09\/TJT23_EvyVanNispen_LR-377.jpg.webp 1667w' sizes=\"auto, (max-width: 768px) 100vw, 768px\" loading='lazy' decoding='async' data-smush-webp-fallback=\"{&quot;src&quot;:&quot;https:\\\/\\\/tjt.travelblox.eu\\\/wp-content\\\/uploads\\\/sites\\\/78\\\/2024\\\/09\\\/TJT23_EvyVanNispen_LR-377-768x1152.jpg&quot;,&quot;srcset&quot;:&quot;https:\\\/\\\/tjt.travelblox.eu\\\/wp-content\\\/uploads\\\/sites\\\/78\\\/2024\\\/09\\\/TJT23_EvyVanNispen_LR-377-768x1152.jpg 768w, https:\\\/\\\/tjt.travelblox.eu\\\/wp-content\\\/uploads\\\/sites\\\/78\\\/2024\\\/09\\\/TJT23_EvyVanNispen_LR-377-200x300.jpg 200w, https:\\\/\\\/tjt.travelblox.eu\\\/wp-content\\\/uploads\\\/sites\\\/78\\\/2024\\\/09\\\/TJT23_EvyVanNispen_LR-377-683x1024.jpg 683w, https:\\\/\\\/tjt.travelblox.eu\\\/wp-content\\\/uploads\\\/sites\\\/78\\\/2024\\\/09\\\/TJT23_EvyVanNispen_LR-377-1024x1536.jpg 1024w, https:\\\/\\\/tjt.travelblox.eu\\\/wp-content\\\/uploads\\\/sites\\\/78\\\/2024\\\/09\\\/TJT23_EvyVanNispen_LR-377-1366x2048.jpg 1366w, https:\\\/\\\/tjt.travelblox.eu\\\/wp-content\\\/uploads\\\/sites\\\/78\\\/2024\\\/09\\\/TJT23_EvyVanNispen_LR-377-8x12.jpg 8w, https:\\\/\\\/tjt.travelblox.eu\\\/wp-content\\\/uploads\\\/sites\\\/78\\\/2024\\\/09\\\/TJT23_EvyVanNispen_LR-377.jpg 1667w&quot;}\">\t\t\t\t\t\t\t<\/div>\n\t\t\t\t\t\t\t<div class=\"tb-card-bottom-wrapper\">\n\t\t\t\t\t\t\t\t<div class=\"tb-card-bottom\">\n\n\t\t\t\t\t\t\t\t\t<span class=\"tb-card-bottom__title\">\n\t\t\t\t\t\t\t\t\t\t<span class=\"tb-card-bottom__place\">\n\t\t\t\t\t\t\t\t\t\t\tPetra \u2013 Amman\t\t\t\t\t\t\t\t\t\t\t\t\t\t\t\t\t\t\t\t\t<\/span>\n\n\t\t\t\t\t\t\t\t\t<\/span>\n\t\t\t\t\t\t\t\t\t<div class=\"tb-card-bottom__content\">\n\t\t\t\t\t\t\t\t\t\t<div>\n\t\t\t\t\t\t\t\t\t\t\t\t\t\t\t\t\t\t\t\t\t\t\t\t\t\t\t<i class=\"icon fa-solid fa-bed fa-fw\" aria-hidden=\"true\"><\/i>\n\t\t\t 10 &#8211; 13 km\t\t\t\t\t\t\t\t\t\t\t\t\t\t\t\t\t\t\t\t\t<\/div>\n\t\t\t\t\t\t\t\t\t<\/div>\n\t\t\t\t\t\t\t\t\t<div class=\"tb-card-bottom__teaser tb-unfold-on-hover__content\" data-no-translation>\n\t\t\t\t\t\t\t\t\t\t\t\t\t\t\t\t\t\t\t\t\t\t\t\t\t\t\t\t\t\tPour cette nouvelle journ\u00e9e, vous vous l\u00e8verez t\u00f4t pour \u00eatre \u00e0 l&#8217;entr\u00e9e de Petra \u00e0 07h00. Ainsi, vou&#8230; <span class=\"link\">Lire la suite<\/span>\t\t\t\t\t\t\t\t\t<\/div>\n\t\t\t\t\t\t\t\t<\/div>\n\n\t\t\t\t\t\t\t<\/div>\n\t\t\t\t\t\t\t<dialog class=\"tb-popup tb-popup-with-padding tb-dayschedule-popup-wrapper\">\n\t\t\t\t\t\t\t\t<div class=\"tb-dayschedule-popup\">\n\t\t\t\t\t\t\t\t\t<h4>\n\t\t\t\t\t\t\t\t\t\t\t\t\t\t\t\t\t\t\t\t\t\t\t\t\t\t\t\t\t\t\t<div>\n\t\t\t\t\t\t\t\t\t\t\t\t\t\t\t\t\t\t\t\t\t\t\t\t\tPetra\t\t\t\t\t\t\t\t\t\t\t\t\t\t\t\t\t\t\t\t\t\t\t\t\t\t\t\t\t\t\t\t\t\t\t\t\t\t\t\t\t\t\t\t\t\t\t\t\t\t\t<i class=\"icon fa-solid fa-arrow-right\"><\/i> Amman\t\t\t\t\t\t\t\t\t\t\t\t\t\t\t\t\t\t\t\t\t\t\t\t\t\t\t\t\t\t\t\t\t\t\t\t<\/div>\n\t\t\t\t\t\t\t\t\t\t\t\t\t\t\t\t\t\t\t<\/h4>\n\t\t\t\t\t\t\t\t\t<div class=\"tb-columns\">\n\t\t\t\t\t\t\t\t\t\t<div class=\"tb-column tb-column--text\">\n\t\t\t\t\t\t\t\t\t\t\t<div class=\"text-part\">\n\t\t\t\t\t\t\t\t\t\t\t\t\t\t\t\t\t\t\t\t\t\t\t\t\t<div class=\"tb-dayschedule-popup__icons\">\n\t\t\t\t\t\t\t\t\t\t\t\t\t\t\t\t\t\t\t\t\t\t\t\t\t\t\t\t\t\t\t\t\t\t\t\t\t\t\t\t\t\t\t<div class=\"tb-dayschedule-popup__icon\">\n\t\t\t\t\t\t\t\t\t\t\t\t\t\t\t\t\t\t\t\t<i class=\"icon fa-solid fa-bed fa-fw\" aria-hidden=\"true\"><\/i>\n\t\t\t\t\t\t\t\t\t\t\t\t\t\t\t\t\t\t\t<span>\n\t\t\t\t\t\t\t\t\t\t\t\t\t\t\t\t\t10 &#8211; 13 km\t\t\t\t\t\t\t\t\t\t\t\t\t\t\t\t<\/span>\n\t\t\t\t\t\t\t\t\t\t\t\t\t\t\t<\/div>\n\t\t\t\t\t\t\t\t\t\t\t\t\t\t\t\t\t\t\t\t\t\t\t\t\t\t\t<\/div>\n\t\t\t\t\t\t\t\t\t\t\t\t\n\t\t\t\t\t\t\t\t\t\t\t\t\n\t\t\t\t\t\t\t\t\t\t\t\t<div>\n\t\t\t\t\t\t\t\t\t\t\t\t\t<strong>Jour 7<\/strong>\n\t\t\t\t\t\t\t\t\t\t\t\t\t\t<div class=\"translation-block\"><p>Pour cette nouvelle journ\u00e9e, vous vous l\u00e8verez t\u00f4t pour \u00eatre \u00e0 l'<strong>entr\u00e9e de Petra \u00e0 07h00<\/strong>. Ainsi, vous \u00e9viterez la grande masse de touristes et vous profiterez tranquillement des impressionnantes constructions.<\/p><p>Vous commencerez par entrer dans le Grand Canyon, d'o\u00f9 vous pourrez d\u00e9j\u00e0 apercevoir un premier aper\u00e7u d'<strong>El Khazneh<\/strong> \u00e0 travers la fente qui s\u00e9pare les rochers de 80 m\u00e8tres de haut ! Ensuite, vous pourrez encore fl\u00e2ner autour <strong>du temple, de l'amphith\u00e9\u00e2tre et du Siq<\/strong>, ou grimper pour une vue panoramique.<\/p><p>Vous avez d\u00e9j\u00e0 visit\u00e9 Petra hier ou vous n'avez pas envie de vous lever t\u00f4t ? Pas de souci, aujourd'hui vous \u00eates libre de choisir comment remplir votre journ\u00e9e.<\/p><p>La navette vers Amman part de l'h\u00f4tel entre 14h00 et 16h00, le guide informera le groupe en temps voulu. Ainsi, vous serez <strong>de retour \u00e0 Amman entre 18h00 et 20h00<\/strong> et aurez encore un peu de temps pour explorer la ville.<\/p><\/div>\n\t\t\t\t\t\t\t\t\t\t\t\t\t<\/div>\n\n\n\t\t\t\t\t\t\t\t\t\t\t<\/div>\n\t\t\t\t\t\t\t\t\t\t<\/div>\n\t\t\t\t\t\t\t\t\t\t<div class=\"tb-column tb-column--image\">\n\n\t\t\t\t\t\t\t\t\t\t\t<div class=\"tb-image-part\">\n\t\t\t\t\t\t\t\t\t\t\t\t\t\t<div class=\"inner-block-full-width has-tb-carousel tb-carousel-slider\" >\n\t\t<div class=\"tb-carousel-container\">\n\t\t\t<div class=\"entries tb-cards\" data-slider-first=\"0\">\n\t\t\t\t\t\t\t<div class=\"entry\">\n\t\t\t<div class=\"tb-image-part\">\n\t\t\t\t<figure>\n\t\t\t\t\t<img src='https:\/\/tjt.travelblox.eu\/wp-content\/smush-webp\/sites\/78\/2024\/09\/TJT23_EvyVanNispen_LR-377-683x1024.jpg.webp' width='683' height='1024' alt='Jordan Trail, Petra, Le Tr\u00e9sor' srcset='https:\/\/tjt.travelblox.eu\/wp-content\/smush-webp\/sites\/78\/2024\/09\/TJT23_EvyVanNispen_LR-377-683x1024.jpg.webp 683w, https:\/\/tjt.travelblox.eu\/wp-content\/smush-webp\/sites\/78\/2024\/09\/TJT23_EvyVanNispen_LR-377-200x300.jpg.webp 200w, https:\/\/tjt.travelblox.eu\/wp-content\/smush-webp\/sites\/78\/2024\/09\/TJT23_EvyVanNispen_LR-377-768x1152.jpg.webp 768w, https:\/\/tjt.travelblox.eu\/wp-content\/smush-webp\/sites\/78\/2024\/09\/TJT23_EvyVanNispen_LR-377-1024x1536.jpg.webp 1024w, https:\/\/tjt.travelblox.eu\/wp-content\/smush-webp\/sites\/78\/2024\/09\/TJT23_EvyVanNispen_LR-377-1366x2048.jpg.webp 1366w, https:\/\/tjt.travelblox.eu\/wp-content\/smush-webp\/sites\/78\/2024\/09\/TJT23_EvyVanNispen_LR-377-8x12.jpg.webp 8w, https:\/\/tjt.travelblox.eu\/wp-content\/smush-webp\/sites\/78\/2024\/09\/TJT23_EvyVanNispen_LR-377.jpg.webp 1667w' sizes=\"auto, (max-width: 683px) 100vw, 683px\" loading='lazy' decoding='async' data-smush-webp-fallback=\"{&quot;src&quot;:&quot;https:\\\/\\\/tjt.travelblox.eu\\\/wp-content\\\/uploads\\\/sites\\\/78\\\/2024\\\/09\\\/TJT23_EvyVanNispen_LR-377-683x1024.jpg&quot;,&quot;srcset&quot;:&quot;https:\\\/\\\/tjt.travelblox.eu\\\/wp-content\\\/uploads\\\/sites\\\/78\\\/2024\\\/09\\\/TJT23_EvyVanNispen_LR-377-683x1024.jpg 683w, https:\\\/\\\/tjt.travelblox.eu\\\/wp-content\\\/uploads\\\/sites\\\/78\\\/2024\\\/09\\\/TJT23_EvyVanNispen_LR-377-200x300.jpg 200w, https:\\\/\\\/tjt.travelblox.eu\\\/wp-content\\\/uploads\\\/sites\\\/78\\\/2024\\\/09\\\/TJT23_EvyVanNispen_LR-377-768x1152.jpg 768w, https:\\\/\\\/tjt.travelblox.eu\\\/wp-content\\\/uploads\\\/sites\\\/78\\\/2024\\\/09\\\/TJT23_EvyVanNispen_LR-377-1024x1536.jpg 1024w, https:\\\/\\\/tjt.travelblox.eu\\\/wp-content\\\/uploads\\\/sites\\\/78\\\/2024\\\/09\\\/TJT23_EvyVanNispen_LR-377-1366x2048.jpg 1366w, https:\\\/\\\/tjt.travelblox.eu\\\/wp-content\\\/uploads\\\/sites\\\/78\\\/2024\\\/09\\\/TJT23_EvyVanNispen_LR-377-8x12.jpg 8w, https:\\\/\\\/tjt.travelblox.eu\\\/wp-content\\\/uploads\\\/sites\\\/78\\\/2024\\\/09\\\/TJT23_EvyVanNispen_LR-377.jpg 1667w&quot;}\">\t\t\t\t\t\t\t\t\t<\/figure>\n\t\t\t<\/div>\n\t\t<\/div>\n\t\t\t<div class=\"entry\">\n\t\t\t<div class=\"tb-image-part\">\n\t\t\t\t<figure>\n\t\t\t\t\t<img src='https:\/\/tjt.travelblox.eu\/wp-content\/smush-webp\/sites\/78\/2024\/09\/TJT23_EvyVanNispen_LR-384-1024x819.jpg.webp' width='1024' height='819' alt='Jordan Trail, Petra, Le Tr\u00e9sor' srcset='https:\/\/tjt.travelblox.eu\/wp-content\/smush-webp\/sites\/78\/2024\/09\/TJT23_EvyVanNispen_LR-384-1024x819.jpg.webp 1024w, https:\/\/tjt.travelblox.eu\/wp-content\/smush-webp\/sites\/78\/2024\/09\/TJT23_EvyVanNispen_LR-384-300x240.jpg.webp 300w, https:\/\/tjt.travelblox.eu\/wp-content\/smush-webp\/sites\/78\/2024\/09\/TJT23_EvyVanNispen_LR-384-768x614.jpg.webp 768w, https:\/\/tjt.travelblox.eu\/wp-content\/smush-webp\/sites\/78\/2024\/09\/TJT23_EvyVanNispen_LR-384-1536x1229.jpg.webp 1536w, https:\/\/tjt.travelblox.eu\/wp-content\/smush-webp\/sites\/78\/2024\/09\/TJT23_EvyVanNispen_LR-384-2048x1638.jpg.webp 2048w, https:\/\/tjt.travelblox.eu\/wp-content\/smush-webp\/sites\/78\/2024\/09\/TJT23_EvyVanNispen_LR-384-15x12.jpg.webp 15w' sizes=\"auto, (max-width: 1024px) 100vw, 1024px\" loading='lazy' decoding='async' data-smush-webp-fallback=\"{&quot;src&quot;:&quot;https:\\\/\\\/tjt.travelblox.eu\\\/wp-content\\\/uploads\\\/sites\\\/78\\\/2024\\\/09\\\/TJT23_EvyVanNispen_LR-384-1024x819.jpg&quot;,&quot;srcset&quot;:&quot;https:\\\/\\\/tjt.travelblox.eu\\\/wp-content\\\/uploads\\\/sites\\\/78\\\/2024\\\/09\\\/TJT23_EvyVanNispen_LR-384-1024x819.jpg 1024w, https:\\\/\\\/tjt.travelblox.eu\\\/wp-content\\\/uploads\\\/sites\\\/78\\\/2024\\\/09\\\/TJT23_EvyVanNispen_LR-384-300x240.jpg 300w, https:\\\/\\\/tjt.travelblox.eu\\\/wp-content\\\/uploads\\\/sites\\\/78\\\/2024\\\/09\\\/TJT23_EvyVanNispen_LR-384-768x614.jpg 768w, https:\\\/\\\/tjt.travelblox.eu\\\/wp-content\\\/uploads\\\/sites\\\/78\\\/2024\\\/09\\\/TJT23_EvyVanNispen_LR-384-1536x1229.jpg 1536w, https:\\\/\\\/tjt.travelblox.eu\\\/wp-content\\\/uploads\\\/sites\\\/78\\\/2024\\\/09\\\/TJT23_EvyVanNispen_LR-384-2048x1638.jpg 2048w, https:\\\/\\\/tjt.travelblox.eu\\\/wp-content\\\/uploads\\\/sites\\\/78\\\/2024\\\/09\\\/TJT23_EvyVanNispen_LR-384-15x12.jpg 15w&quot;}\">\t\t\t\t\t\t\t\t\t<\/figure>\n\t\t\t<\/div>\n\t\t<\/div>\n\t\t\t<div class=\"entry\">\n\t\t\t<div class=\"tb-image-part\">\n\t\t\t\t<figure>\n\t\t\t\t\t<img src='https:\/\/tjt.travelblox.eu\/wp-content\/smush-webp\/sites\/78\/2024\/09\/theJordanTrail-6631-1024x683.jpg.webp' width='1024' height='683' alt='Jordan Trail, Petra, Le Tr\u00e9sor' srcset='https:\/\/tjt.travelblox.eu\/wp-content\/smush-webp\/sites\/78\/2024\/09\/theJordanTrail-6631-1024x683.jpg.webp 1024w, https:\/\/tjt.travelblox.eu\/wp-content\/smush-webp\/sites\/78\/2024\/09\/theJordanTrail-6631-300x200.jpg.webp 300w, https:\/\/tjt.travelblox.eu\/wp-content\/smush-webp\/sites\/78\/2024\/09\/theJordanTrail-6631-768x512.jpg.webp 768w, https:\/\/tjt.travelblox.eu\/wp-content\/smush-webp\/sites\/78\/2024\/09\/theJordanTrail-6631-1536x1024.jpg.webp 1536w, https:\/\/tjt.travelblox.eu\/wp-content\/smush-webp\/sites\/78\/2024\/09\/theJordanTrail-6631-2048x1366.jpg.webp 2048w, https:\/\/tjt.travelblox.eu\/wp-content\/smush-webp\/sites\/78\/2024\/09\/theJordanTrail-6631-18x12.jpg.webp 18w' sizes=\"auto, (max-width: 1024px) 100vw, 1024px\" loading='lazy' decoding='async' data-smush-webp-fallback=\"{&quot;src&quot;:&quot;https:\\\/\\\/tjt.travelblox.eu\\\/wp-content\\\/uploads\\\/sites\\\/78\\\/2024\\\/09\\\/theJordanTrail-6631-1024x683.jpg&quot;,&quot;srcset&quot;:&quot;https:\\\/\\\/tjt.travelblox.eu\\\/wp-content\\\/uploads\\\/sites\\\/78\\\/2024\\\/09\\\/theJordanTrail-6631-1024x683.jpg 1024w, https:\\\/\\\/tjt.travelblox.eu\\\/wp-content\\\/uploads\\\/sites\\\/78\\\/2024\\\/09\\\/theJordanTrail-6631-300x200.jpg 300w, https:\\\/\\\/tjt.travelblox.eu\\\/wp-content\\\/uploads\\\/sites\\\/78\\\/2024\\\/09\\\/theJordanTrail-6631-768x512.jpg 768w, https:\\\/\\\/tjt.travelblox.eu\\\/wp-content\\\/uploads\\\/sites\\\/78\\\/2024\\\/09\\\/theJordanTrail-6631-1536x1024.jpg 1536w, https:\\\/\\\/tjt.travelblox.eu\\\/wp-content\\\/uploads\\\/sites\\\/78\\\/2024\\\/09\\\/theJordanTrail-6631-2048x1366.jpg 2048w, https:\\\/\\\/tjt.travelblox.eu\\\/wp-content\\\/uploads\\\/sites\\\/78\\\/2024\\\/09\\\/theJordanTrail-6631-18x12.jpg 18w&quot;}\">\t\t\t\t\t\t\t\t\t<\/figure>\n\t\t\t<\/div>\n\t\t<\/div>\n\t\t\t\t\t<\/div>\n\t\t\t\t<div class=\"tb-carousel-nav\">\n\t\t<div class=\"dots\">\n\t\t\t<div class=\"dot active\"><\/div>\n\t\t\t<div class=\"dot\"><\/div>\n\t\t\t<div class=\"dot\"><\/div>\n\t\t<\/div>\n\t\t<div class=\"arrows\">\n\t\t\t<div class=\"prev disabled\">\n\t\t\t\t<span><i class=\"fa fa-chevron-left\"><\/i><\/span>\n\t\t\t<\/div>\n\t\t\t<div class=\"next\">\n\t\t\t\t<span><i class=\"fa fa-chevron-right\"><\/i><\/span>\n\t\t\t<\/div>\n\t\t<\/div>\n\t<\/div>\n\t\t\t<\/div>\n\t<\/div>\n\t\t\t\t\t\t\t\t\t\t\t\t\t<\/div>\n\t\t\t\t\t\t\t\t\t\t<\/div>\n\t\t\t\t\t\t\t\t\t<\/div>\n\t\t\t\t\t\t\t\t\t\t<div class=\"tb-popup-nav\">\n\t\t<a href=\"#\" class=\"tb-buttonlink-with-icon tb-buttonlink-with-arrow icon-first tb-popup-previous\">\n\t\t\t<i class=\"icon fa fa-chevron-left\"><\/i>\n\t\t\t<span>Jour pr\u00e9c\u00e9dent<\/span>\n\t\t<\/a>\n\t\t<a href=\"#\" class=\"tb-buttonlink-with-icon tb-buttonlink-with-arrow tb-popup-next\">\n\t\t\t<span>Jour suivant<\/span>\n\t\t\t<i class=\"icon fa fa-chevron-right\"><\/i>\n\t\t<\/a>\n\t<\/div>\n\t\n\t\t\t\t\t\t\t\t<\/div>\n\t\t\t\t\t\t\t<\/dialog>\n\t\t\t\t\t\t<\/div>\n\t\t\t\t\t\t\t\t\t\t\t<div class=\"tb-card entry tb-popup-trigger tb-unfold-on-hover\">\n\t\t\t\t\t\t\t<div class=\"tb-image-part\">\n\t\t\t\t\t\t\t\t<div class=\"tag\">\n\t\t\t\t\t\t\t\t\t<div>Jour 8<\/div>\n\t\t\t\t\t\t\t\t<\/div>\n\n\t\t\t\t\t\t\t\t<img src='https:\/\/tjt.travelblox.eu\/wp-content\/smush-webp\/sites\/78\/2024\/01\/theJordanTrail-7379-768x512.jpg.webp' width='768' height='512' alt='Capitale Amman' srcset='' sizes=\"auto, (max-width: 768px) 100vw, 768px\" loading='lazy' decoding='async' data-srcset=\"\" data-smush-webp-fallback=\"{&quot;src&quot;:&quot;https:\\\/\\\/tjt.travelblox.eu\\\/wp-content\\\/uploads\\\/sites\\\/78\\\/2024\\\/01\\\/theJordanTrail-7379-768x512.jpg&quot;}\">\t\t\t\t\t\t\t<\/div>\n\t\t\t\t\t\t\t<div class=\"tb-card-bottom-wrapper\">\n\t\t\t\t\t\t\t\t<div class=\"tb-card-bottom\">\n\n\t\t\t\t\t\t\t\t\t<span class=\"tb-card-bottom__title\">\n\t\t\t\t\t\t\t\t\t\t<span class=\"tb-card-bottom__place\">\n\t\t\t\t\t\t\t\t\t\t\tAmman \u2013 Maison\t\t\t\t\t\t\t\t\t\t\t\t\t\t\t\t\t\t\t\t\t<\/span>\n\n\t\t\t\t\t\t\t\t\t<\/span>\n\t\t\t\t\t\t\t\t\t<div class=\"tb-card-bottom__content\">\n\t\t\t\t\t\t\t\t\t\t<div>\n\t\t\t\t\t\t\t\t\t\t\t\t\t\t\t\t\t\t\t\t\t<\/div>\n\t\t\t\t\t\t\t\t\t<\/div>\n\t\t\t\t\t\t\t\t\t<div class=\"tb-card-bottom__teaser tb-unfold-on-hover__content\" data-no-translation>\n\t\t\t\t\t\t\t\t\t\t\t\t\t\t\t\t\t\t\t\t\t\t\t\t\t\t\t\t\t\tC&#8217;est d\u00e9j\u00e0 la fin de votre aventure en Jordanie. Si vous avez r\u00e9serv\u00e9 vos vols via nous ou si vous u&#8230; <span class=\"link\">Lire la suite<\/span>\t\t\t\t\t\t\t\t\t<\/div>\n\t\t\t\t\t\t\t\t<\/div>\n\n\t\t\t\t\t\t\t<\/div>\n\t\t\t\t\t\t\t<dialog class=\"tb-popup tb-popup-with-padding tb-dayschedule-popup-wrapper\">\n\t\t\t\t\t\t\t\t<div class=\"tb-dayschedule-popup\">\n\t\t\t\t\t\t\t\t\t<h4>\n\t\t\t\t\t\t\t\t\t\t\t\t\t\t\t\t\t\t\t\t\t\t\t\t\t\t\t\t\t\t\t<div>\n\t\t\t\t\t\t\t\t\t\t\t\t\t\t\t\t\t\t\t\t\t\t\t\t\tAmman\t\t\t\t\t\t\t\t\t\t\t\t\t\t\t\t\t\t\t\t\t\t\t\t\t\t\t\t\t\t\t\t\t\t\t\t\t\t\t\t\t\t\t\t\t\t\t\t\t\t\t<i class=\"icon fa-solid fa-arrow-right\"><\/i> Maison\t\t\t\t\t\t\t\t\t\t\t\t\t\t\t\t\t\t\t\t\t\t\t\t\t\t\t\t\t\t\t\t\t\t\t\t<\/div>\n\t\t\t\t\t\t\t\t\t\t\t\t\t\t\t\t\t\t\t<\/h4>\n\t\t\t\t\t\t\t\t\t<div class=\"tb-columns\">\n\t\t\t\t\t\t\t\t\t\t<div class=\"tb-column tb-column--text\">\n\t\t\t\t\t\t\t\t\t\t\t<div class=\"text-part\">\n\t\t\t\t\t\t\t\t\t\t\t\t\n\t\t\t\t\t\t\t\t\t\t\t\t\n\t\t\t\t\t\t\t\t\t\t\t\t<div>\n\t\t\t\t\t\t\t\t\t\t\t\t\t<strong>Jour 8<\/strong>\n\t\t\t\t\t\t\t\t\t\t\t\t\t\t<div class=\"translation-block\"><p>C'est d\u00e9j\u00e0 la fin de votre aventure en Jordanie. Si vous avez r\u00e9serv\u00e9 vos vols via nous ou si vous utilisez notre service de navettes, vous serez pris\u00b7e en charge le matin \u00e0 votre h\u00f4tel \u00e0 Amman et conduit\u00b7e \u00e0 l\u2019a\u00e9roport pour votre d\u00e9part.<\/p><\/div>\n\t\t\t\t\t\t\t\t\t\t\t\t\t<\/div>\n\n\n\t\t\t\t\t\t\t\t\t\t\t<\/div>\n\t\t\t\t\t\t\t\t\t\t<\/div>\n\t\t\t\t\t\t\t\t\t\t<div class=\"tb-column tb-column--image\">\n\n\t\t\t\t\t\t\t\t\t\t\t<div class=\"tb-image-part\">\n\t\t\t\t\t\t\t\t\t\t\t\t<img src='https:\/\/tjt.travelblox.eu\/wp-content\/smush-webp\/sites\/78\/2024\/01\/theJordanTrail-7379-1024x683.jpg.webp' width='1024' height='683' alt='Capitale Amman' srcset='' sizes=\"auto, (max-width: 1024px) 100vw, 1024px\" loading='lazy' decoding='async' data-srcset=\"\" data-smush-webp-fallback=\"{&quot;src&quot;:&quot;https:\\\/\\\/tjt.travelblox.eu\\\/wp-content\\\/uploads\\\/sites\\\/78\\\/2024\\\/01\\\/theJordanTrail-7379-1024x683.jpg&quot;}\">\t\t\t\t\t\t\t\t\t\t\t<\/div>\n\t\t\t\t\t\t\t\t\t\t<\/div>\n\t\t\t\t\t\t\t\t\t<\/div>\n\t\t\t\t\t\t\t\t\t\t<div class=\"tb-popup-nav\">\n\t\t<a href=\"#\" class=\"tb-buttonlink-with-icon tb-buttonlink-with-arrow icon-first tb-popup-previous\">\n\t\t\t<i class=\"icon fa fa-chevron-left\"><\/i>\n\t\t\t<span>Jour pr\u00e9c\u00e9dent<\/span>\n\t\t<\/a>\n\t\t<a href=\"#\" class=\"tb-buttonlink-with-icon tb-buttonlink-with-arrow tb-popup-next\">\n\t\t\t<span>Jour suivant<\/span>\n\t\t\t<i class=\"icon fa fa-chevron-right\"><\/i>\n\t\t<\/a>\n\t<\/div>\n\t\n\t\t\t\t\t\t\t\t<\/div>\n\t\t\t\t\t\t\t<\/dialog>\n\t\t\t\t\t\t<\/div>\n\t\t\t\t\t\t\t\t\t\t\t\t\t<\/div>\n\t\t\t\t<div class=\"tb-carousel-nav\">\n\t\t<div class=\"dots\">\n\t\t\t<div class=\"dot active\"><\/div>\n\t\t\t<div class=\"dot\"><\/div>\n\t\t\t<div class=\"dot\"><\/div>\n\t\t<\/div>\n\t\t<div class=\"arrows\">\n\t\t\t<div class=\"prev disabled\">\n\t\t\t\t<span><i class=\"fa fa-chevron-left\"><\/i><\/span>\n\t\t\t<\/div>\n\t\t\t<div class=\"next\">\n\t\t\t\t<span><i class=\"fa fa-chevron-right\"><\/i><\/span>\n\t\t\t<\/div>\n\t\t<\/div>\n\t<\/div>\n\t\t\t<\/div>\n\t<\/div>\n\t\t\t\t\t\t\t\t\t\t<\/div>\n\t\n<\/div>\n\n\n<div class=\"tb-hikingdays tb-block align-center background-light pattern-none variant-none tb-collapsible-margins\" id=\"hikingdays\">\n\t<div class=\"inner-block tb-fade-in tb-fade-in--subtle\">\n\t\t<div class=\"text-part\">\n\t\t\t<h1>Les jours de randonn\u00e9e<\/h1>\n\t\t<\/div>\n\n\t\t<div class=\"tb-hikingdays__topcontainer\">\n\t\t\t\n\t\t\t\t\t\t\t<div class=\"tb-hikingdays__map\">\n\t\t\t\t\t<img src='https:\/\/tjt.travelblox.eu\/wp-content\/uploads\/sites\/78\/2025\/02\/JT-TravelbloxFR.svg' width='768' height='1' loading='lazy' decoding='async'>\t\t\t\t<\/div>\n\t\t\t\n\t\t\t<div class=\"tb-hikingdays__list\">\n\t\t\t\t\t\t\t\t\t\t<div class=\"tb-hikingdays__list-item\">\n\t\t\t\t\t\t\t<div class=\"tb-hikingdays__day\">\n\t\t\t\t\t\t\t\tJour 2\t\t\t\t\t\t\t<\/div>\n\t\t\t\t\t\t\t<div class=\"tb-hikingdays__info\">\n\t\t\t\t\t\t\t\t\t\t\t\t\t\t\t\t\t<span>Shobak<\/span>\n\t\t\t\t\t\t\t\t\t\t\t\t\t\t\t\t\t\t\t\t\t\t\t\t\t<i class=\"fa-regular fa-arrow-right\"><\/i>\n\t\t\t\t\t\t\t\t\t<span>Wadi Feynan<\/span>\n\t\t\t\t\t\t\t\t\t\t\t\t\t\t\t<\/div>\n\t\t\t\t\t\t\t<div class=\"tb-hikingdays__ciphers\">\n\t\t\t\t\t\t\t\t\t\t\t\t\t\t\t\t\t<span><i class=\"fa-regular fa-arrows-left-right\"><\/i>17 km<\/span>\n\t\t\t\t\t\t\t\t\t\t\t\t\t\t\t\t\t\t\t\t\t\t\t\t\t\t\t\t\t\t\t\t\t<span><i class=\"fa-regular fa-arrow-up-right\"><\/i>\/<\/span>\n\t\t\t\t\t\t\t\t\t\t\t\t\t\t\t\t\t\t\t\t\t\t\t\t\t<span><i class=\"fa-regular fa-arrow-down-right fa-fw\"><\/i>800 m<\/span>\n\t\t\t\t\t\t\t\t\t\t\t\t\t\t\t\t\t\t\t\t\t\t\t<\/div>\n\t\t\t\t\t\t<\/div>\n\n\t\t\t\t\t\t\t\t\t\t<div class=\"tb-hikingdays__list-item\">\n\t\t\t\t\t\t\t<div class=\"tb-hikingdays__day\">\n\t\t\t\t\t\t\t\tJour 3 \t\t\t\t\t\t\t<\/div>\n\t\t\t\t\t\t\t<div class=\"tb-hikingdays__info\">\n\t\t\t\t\t\t\t\t\t\t\t\t\t\t\t\t\t<span>Wadi Feynan<\/span>\n\t\t\t\t\t\t\t\t\t\t\t\t\t\t\t\t\t\t\t\t\t\t\t\t\t<i class=\"fa-regular fa-arrow-right\"><\/i>\n\t\t\t\t\t\t\t\t\t<span>Teletat Al-Sofor<\/span>\n\t\t\t\t\t\t\t\t\t\t\t\t\t\t\t<\/div>\n\t\t\t\t\t\t\t<div class=\"tb-hikingdays__ciphers\">\n\t\t\t\t\t\t\t\t\t\t\t\t\t\t\t\t\t<span><i class=\"fa-regular fa-arrows-left-right\"><\/i>17 km<\/span>\n\t\t\t\t\t\t\t\t\t\t\t\t\t\t\t\t\t\t\t\t\t\t\t\t\t\t\t\t\t\t\t\t\t<span><i class=\"fa-regular fa-arrow-up-right\"><\/i>1000 m<\/span>\n\t\t\t\t\t\t\t\t\t\t\t\t\t\t\t\t\t\t\t\t\t\t\t\t\t<span><i class=\"fa-regular fa-arrow-down-right fa-fw\"><\/i>\/<\/span>\n\t\t\t\t\t\t\t\t\t\t\t\t\t\t\t\t\t\t\t\t\t\t\t<\/div>\n\t\t\t\t\t\t<\/div>\n\n\t\t\t\t\t\t\t\t\t\t<div class=\"tb-hikingdays__list-item\">\n\t\t\t\t\t\t\t<div class=\"tb-hikingdays__day\">\n\t\t\t\t\t\t\t\tJour 4\t\t\t\t\t\t\t<\/div>\n\t\t\t\t\t\t\t<div class=\"tb-hikingdays__info\">\n\t\t\t\t\t\t\t\t\t\t\t\t\t\t\t\t\t<span>Teletat Al-Sofor<\/span>\n\t\t\t\t\t\t\t\t\t\t\t\t\t\t\t\t\t\t\t\t\t\t\t\t\t<i class=\"fa-regular fa-arrow-right\"><\/i>\n\t\t\t\t\t\t\t\t\t<span>Um Ratam<\/span>\n\t\t\t\t\t\t\t\t\t\t\t\t\t\t\t<\/div>\n\t\t\t\t\t\t\t<div class=\"tb-hikingdays__ciphers\">\n\t\t\t\t\t\t\t\t\t\t\t\t\t\t\t\t\t<span><i class=\"fa-regular fa-arrows-left-right\"><\/i>16 km<\/span>\n\t\t\t\t\t\t\t\t\t\t\t\t\t\t\t\t\t\t\t\t\t\t\t\t\t\t\t\t\t\t\t\t\t<span><i class=\"fa-regular fa-arrow-up-right\"><\/i>700 m<\/span>\n\t\t\t\t\t\t\t\t\t\t\t\t\t\t\t\t\t\t\t\t\t\t\t\t\t<span><i class=\"fa-regular fa-arrow-down-right fa-fw\"><\/i>500 m<\/span>\n\t\t\t\t\t\t\t\t\t\t\t\t\t\t\t\t\t\t\t\t\t\t\t<\/div>\n\t\t\t\t\t\t<\/div>\n\n\t\t\t\t\t\t\t\t\t\t<div class=\"tb-hikingdays__list-item\">\n\t\t\t\t\t\t\t<div class=\"tb-hikingdays__day\">\n\t\t\t\t\t\t\t\tJour 5\t\t\t\t\t\t\t<\/div>\n\t\t\t\t\t\t\t<div class=\"tb-hikingdays__info\">\n\t\t\t\t\t\t\t\t\t\t\t\t\t\t\t\t\t<span>Um Ratam<\/span>\n\t\t\t\t\t\t\t\t\t\t\t\t\t\t\t\t\t\t\t\t\t\t\t\t\t<i class=\"fa-regular fa-arrow-right\"><\/i>\n\t\t\t\t\t\t\t\t\t<span>Al Baydha<\/span>\n\t\t\t\t\t\t\t\t\t\t\t\t\t\t\t<\/div>\n\t\t\t\t\t\t\t<div class=\"tb-hikingdays__ciphers\">\n\t\t\t\t\t\t\t\t\t\t\t\t\t\t\t\t\t<span><i class=\"fa-regular fa-arrows-left-right\"><\/i>16 km<\/span>\n\t\t\t\t\t\t\t\t\t\t\t\t\t\t\t\t\t\t\t\t\t\t\t\t\t\t\t\t\t\t\t\t\t<span><i class=\"fa-regular fa-arrow-up-right\"><\/i>400 m<\/span>\n\t\t\t\t\t\t\t\t\t\t\t\t\t\t\t\t\t\t\t\t\t\t\t\t\t<span><i class=\"fa-regular fa-arrow-down-right fa-fw\"><\/i>300 m<\/span>\n\t\t\t\t\t\t\t\t\t\t\t\t\t\t\t\t\t\t\t\t\t\t\t<\/div>\n\t\t\t\t\t\t<\/div>\n\n\t\t\t\t\t\t\t\t\t\t<div class=\"tb-hikingdays__list-item\">\n\t\t\t\t\t\t\t<div class=\"tb-hikingdays__day\">\n\t\t\t\t\t\t\t\tJour 6\t\t\t\t\t\t\t<\/div>\n\t\t\t\t\t\t\t<div class=\"tb-hikingdays__info\">\n\t\t\t\t\t\t\t\t\t\t\t\t\t\t\t\t\t<span>Al Baydha <\/span>\n\t\t\t\t\t\t\t\t\t\t\t\t\t\t\t\t\t\t\t\t\t\t\t\t\t<i class=\"fa-regular fa-arrow-right\"><\/i>\n\t\t\t\t\t\t\t\t\t<span>Porte arri\u00e8re de P\u00e9tra<\/span>\n\t\t\t\t\t\t\t\t\t\t\t\t\t\t\t<\/div>\n\t\t\t\t\t\t\t<div class=\"tb-hikingdays__ciphers\">\n\t\t\t\t\t\t\t\t\t\t\t\t\t\t\t\t\t<span><i class=\"fa-regular fa-arrows-left-right\"><\/i>16 km<\/span>\n\t\t\t\t\t\t\t\t\t\t\t\t\t\t\t\t\t\t\t\t\t\t\t\t\t\t\t\t\t\t\t\t\t<span><i class=\"fa-regular fa-arrow-up-right\"><\/i>400 m<\/span>\n\t\t\t\t\t\t\t\t\t\t\t\t\t\t\t\t\t\t\t\t\t\t\t\t\t<span><i class=\"fa-regular fa-arrow-down-right fa-fw\"><\/i>400 m<\/span>\n\t\t\t\t\t\t\t\t\t\t\t\t\t\t\t\t\t\t\t\t\t\t\t<\/div>\n\t\t\t\t\t\t<\/div>\n\n\t\t\t\t\t\t\t\t\t\t<div class=\"tb-hikingdays__list-item\">\n\t\t\t\t\t\t\t<div class=\"tb-hikingdays__day\">\n\t\t\t\t\t\t\t\tJour 7\t\t\t\t\t\t\t<\/div>\n\t\t\t\t\t\t\t<div class=\"tb-hikingdays__info\">\n\t\t\t\t\t\t\t\t\t\t\t\t\t\t\t\t\t<span>P\u00e9tra<\/span>\n\t\t\t\t\t\t\t\t\t\t\t\t\t\t\t\t\t\t\t\t\t\t\t\t\t<i class=\"fa-regular fa-arrow-right\"><\/i>\n\t\t\t\t\t\t\t\t\t<span>P\u00e9tra<\/span>\n\t\t\t\t\t\t\t\t\t\t\t\t\t\t\t<\/div>\n\t\t\t\t\t\t\t<div class=\"tb-hikingdays__ciphers\">\n\t\t\t\t\t\t\t\t\t\t\t\t\t\t\t\t\t<span><i class=\"fa-regular fa-arrows-left-right\"><\/i>10 \u00e0 13 km<\/span>\n\t\t\t\t\t\t\t\t\t\t\t\t\t\t\t\t\t\t\t\t\t\t\t\t\t\t\t\t\t\t\t\t\t\t\t\t\t\t\t\t\t\t\t\t\t\t\t<\/div>\n\t\t\t\t\t\t<\/div>\n\n\t\t\t\t\n\t\t\t<\/div>\n\n\t\t<\/div>\n\n\t\t\t<\/div>\n<\/div>\n\n\n\n\n\n\n\n\n\n\n<div class=\"tb-practicalv2 tb-block align-none background-light pattern-none variant-none tb-collapsible-margins\" id=\"practical\">\n\t<div class=\"inner-block tb-fade-in\">\n\t\t<div class=\"tb-practicalv2__intro\">\n\t\t\t<h2 class=\"tb-practicalv2__title\">Infos pratiques<\/h2>\n\t\t\t\t<div class=\"translation-block\"><p>Vous trouverez ici toutes les informations pratiques concernant votre voyage en Jordanie. Vous avez encore des questions ? N'h\u00e9sitez pas \u00e0 nous contacter !<\/p><\/div>\n\t\t\t<\/div>\n\t<\/div>\n\t<div class=\"tb-practicalv2__container inner-block tb-fade-in\">\n\t\t<ul class=\"tb-practicalv2__nav\">\n\t\t\t\t\t\t\t<li class=\"tb-practicalv2__nav-item\">\n\t\t\t\t\t\t\t\t\t\t\t\t\t\t\t<i class=\"icon fa-solid fa-check fa-fw\" aria-hidden=\"true\"><\/i>\n\t\t\t\t\t\t\t\t\t\t\t\t\t<a class=\"tb-practicalv2__nav-link\" href=\"#included\">\n\t\t\t\t\t\tInclus\t\t\t\t\t<\/a>\n\t\t\t\t<\/li>\n\t\t\t\t\t\t\t<li class=\"tb-practicalv2__nav-item\">\n\t\t\t\t\t\t\t\t\t\t\t\t\t\t\t<i class=\"icon fa-solid fa-plane fa-fw\" aria-hidden=\"true\"><\/i>\n\t\t\t\t\t\t\t\t\t\t\t\t\t<a class=\"tb-practicalv2__nav-link\" href=\"#flights\">\n\t\t\t\t\t\tVols\t\t\t\t\t<\/a>\n\t\t\t\t<\/li>\n\t\t\t\t\t\t\t<li class=\"tb-practicalv2__nav-item\">\n\t\t\t\t\t\t\t\t\t\t\t\t\t\t\t<i class=\"icon fa-solid fa-bus fa-fw\" aria-hidden=\"true\"><\/i>\n\t\t\t\t\t\t\t\t\t\t\t\t\t<a class=\"tb-practicalv2__nav-link\" href=\"#luchthaventransport\">\n\t\t\t\t\t\tNavettes\t\t\t\t\t<\/a>\n\t\t\t\t<\/li>\n\t\t\t\t\t\t\t<li class=\"tb-practicalv2__nav-item\">\n\t\t\t\t\t\t\t\t\t\t\t\t\t\t\t<i class=\"icon fa-solid fa-bed fa-fw\" aria-hidden=\"true\"><\/i>\n\t\t\t\t\t\t\t\t\t\t\t\t\t<a class=\"tb-practicalv2__nav-link\" href=\"#stays\">\n\t\t\t\t\t\tH\u00e9bergement\t\t\t\t\t<\/a>\n\t\t\t\t<\/li>\n\t\t\t\t\t\t\t<li class=\"tb-practicalv2__nav-item\">\n\t\t\t\t\t\t\t\t\t\t\t\t\t\t\t<i class=\"icon fa-solid fa-utensils fa-fw\" aria-hidden=\"true\"><\/i>\n\t\t\t\t\t\t\t\t\t\t\t\t\t<a class=\"tb-practicalv2__nav-link\" href=\"#food_drinks\">\n\t\t\t\t\t\tNourriture &#038; boissons\t\t\t\t\t<\/a>\n\t\t\t\t<\/li>\n\t\t\t\t\t\t\t<li class=\"tb-practicalv2__nav-item\">\n\t\t\t\t\t\t\t\t\t\t\t\t\t\t\t<i class=\"icon fa-solid fa-person-hiking fa-fw\" aria-hidden=\"true\"><\/i>\n\t\t\t\t\t\t\t\t\t\t\t\t\t<a class=\"tb-practicalv2__nav-link\" href=\"#onze-gidsen\">\n\t\t\t\t\t\tNos guides\t\t\t\t\t<\/a>\n\t\t\t\t<\/li>\n\t\t\t\t\t\t\t<li class=\"tb-practicalv2__nav-item\">\n\t\t\t\t\t\t\t\t\t\t\t\t\t\t\t<i class=\"icon fa-solid fa-passport fa-fw\" aria-hidden=\"true\"><\/i>\n\t\t\t\t\t\t\t\t\t\t\t\t\t<a class=\"tb-practicalv2__nav-link\" href=\"#reisdocumenten\">\n\t\t\t\t\t\tDocuments de voyage\t\t\t\t\t<\/a>\n\t\t\t\t<\/li>\n\t\t\t\t\t\t\t<li class=\"tb-practicalv2__nav-item\">\n\t\t\t\t\t\t\t\t\t\t\t\t\t\t\t<i class=\"icon fa-solid fa-circle-info fa-fw\" aria-hidden=\"true\"><\/i>\n\t\t\t\t\t\t\t\t\t\t\t\t\t<a class=\"tb-practicalv2__nav-link\" href=\"#travelbase-app\">\n\t\t\t\t\t\tApplication Travelbase\t\t\t\t\t<\/a>\n\t\t\t\t<\/li>\n\t\t\t\t\t<\/ul>\n\t\t<div class=\"tb-practicalv2__categories\">\n\t\t\t\t\t\t\t<details class=\"tb-practicalv2__category tb-practicalv2__category--included\" id=\"included\" open-on-mobile open>\n\t\t\t\t\t<summary class=\"tb-practicalv2__category-toggle\">\n\t\t\t\t\t\t\t\t\t\t\t\t\t\t\t\t\t<i class=\"icon fa-solid fa-check tb-style-block fa-fw\" aria-hidden=\"true\"><\/i>\n\t\t\t\t\t\t\t\t\t\t\t\t\t\t\t<span class=\"tb-practicalv2__category-name\">\n\t\t\t\t\t\t\tInclus\t\t\t\t\t\t<\/span>\n\t\t\t\t\t<\/summary>\n\t\t\t\t\t<div class=\"tb-practicalv2__category-content\">\n\t\t\t\t\t\t\t\t\t\t\t\t\t<div class=\"tb-practicalv2__category-default-content\">\n\t\t\t\t\t\t\t\t\t\t\t\t\t\t\t\t\t<ul class=\"tb-practicalv2__meta\">\n\t\t\t\t\t\t\t\t\t\t\t\t\t\t\t\t\t\t\t\t\t<li class=\"tb-practicalv2__meta-item\">\n\t\t\t\t\t\t\t\t\t\t\t\t<i class=\"fa fa-regular fa-tag\"><\/i>\n\t\t\t\t\t\t\t\t\t\t\t\t<span>Prix Early Bird : \u00e0 partir de 620 \u20ac<\/span>\n\t\t\t\t\t\t\t\t\t\t\t<\/li>\n\t\t\t\t\t\t\t\t\t\t\t\t\t\t\t\t\t\t\t\t\t\t\t\t\t\t\t\t\t\t\t<li class=\"tb-practicalv2__meta-item\">\n\t\t\t\t\t\t\t\t\t\t\t\t<i class=\"fa fa-regular fa-calendar\"><\/i>\n\t\t\t\t\t\t\t\t\t\t\t\t<span><p><a href=\"#join\">oct.-nov. &amp; avr.-mai<\/a><\/p>\n<\/span>\n\t\t\t\t\t\t\t\t\t\t\t<\/li>\n\t\t\t\t\t\t\t\t\t\t\t\t\t\t\t\t\t\t\t<\/ul>\n\t\t\t\t\t\t\t\t\t\t\n\t\t\t\t\t\t\t\t\t\t\t\t\t\t\t\t\t<ul class=\"tb-practicalv2__icon-list\">\n\t\t\t\t\t\t\t\t\t\t\t\t\t\t\t\t\t\t\t\t\t<li class=\"tb-practicalv2__icon-item\">\n\t\t\t\t\t\t\t\t\t\t\t\t\t\t\t\t\t\t\t\t\t\t\t\t\t<div>\n\t\t\t\t\t\t\t\t\t\t\t\t\t\t\t\t\t\t<i class=\"icon fa-solid fa-route fa-fw\" aria-hidden=\"true\"><\/i>\n\t\t\t\t\t\t\t\t\t\t\t\t\t\t\t\t<\/div>\n\t\t\t\t\t\t\t\t\t\t\t\t\t\t\t\t\t\t\t\t\t\t\t\t\t<div class=\"translation-block\"><p>Itin\u00e9raire balis\u00e9 et organisation compl\u00e8te du voyage<\/p><\/div>\n\t\t\t\t\t\t\t\t\t\t\t\t<\/li>\n\t\t\t\t\t\t\t\t\t\t\t\t\t\t\t\t\t\t\t\t\t<li class=\"tb-practicalv2__icon-item\">\n\t\t\t\t\t\t\t\t\t\t\t\t\t\t\t\t\t\t\t\t\t\t\t\t\t<div>\n\t\t\t\t\t\t\t\t\t\t\t\t\t\t\t\t\t\t<i class=\"icon fa-solid fa-tent fa-fw\" aria-hidden=\"true\"><\/i>\n\t\t\t\t\t\t\t\t\t\t\t\t\t\t\t\t<\/div>\n\t\t\t\t\t\t\t\t\t\t\t\t\t\t\t\t\t\t\t\t\t\t\t\t\t<div class=\"translation-block\"><p>4 nuits en camping dans des lieux uniques<\/p><\/div>\n\t\t\t\t\t\t\t\t\t\t\t\t<\/li>\n\t\t\t\t\t\t\t\t\t\t\t\t\t\t\t\t\t\t\t\t\t<li class=\"tb-practicalv2__icon-item\">\n\t\t\t\t\t\t\t\t\t\t\t\t\t\t\t\t\t\t\t\t\t\t\t\t\t<div>\n\t\t\t\t\t\t\t\t\t\t\t\t\t\t\t\t\t\t<i class=\"icon fa-kit fa-tb-icon-hotel fa-fw\" aria-hidden=\"true\"><\/i>\n\t\t\t\t\t\t\t\t\t\t\t\t\t\t\t\t<\/div>\n\t\t\t\t\t\t\t\t\t\t\t\t\t\t\t\t\t\t\t\t\t\t\t\t\t<div class=\"translation-block\"><p>2 nuits \u00e0 l\u2019h\u00f4tel (jours 1 et 7)<\/p><\/div>\n\t\t\t\t\t\t\t\t\t\t\t\t<\/li>\n\t\t\t\t\t\t\t\t\t\t\t\t\t\t\t\t\t\t\t\t\t<li class=\"tb-practicalv2__icon-item\">\n\t\t\t\t\t\t\t\t\t\t\t\t\t\t\t\t\t\t\t\t\t\t\t\t\t<div>\n\t\t\t\t\t\t\t\t\t\t\t\t\t\t\t\t\t\t<i class=\"icon fa-solid fa-person-hiking fa-fw\" aria-hidden=\"true\"><\/i>\n\t\t\t\t\t\t\t\t\t\t\t\t\t\t\t\t<\/div>\n\t\t\t\t\t\t\t\t\t\t\t\t\t\t\t\t\t\t\t\t\t\t\t\t\t<div class=\"translation-block\"><p>Accompagnement par nos guides Travelbase exp\u00e9riment\u00e9s et nos guides locaux<\/p><\/div>\n\t\t\t\t\t\t\t\t\t\t\t\t<\/li>\n\t\t\t\t\t\t\t\t\t\t\t\t\t\t\t\t\t\t\t\t\t<li class=\"tb-practicalv2__icon-item\">\n\t\t\t\t\t\t\t\t\t\t\t\t\t\t\t\t\t\t\t\t\t\t\t\t\t<div>\n\t\t\t\t\t\t\t\t\t\t\t\t\t\t\t\t\t\t<i class=\"icon fa-solid fa-van-shuttle fa-fw\" aria-hidden=\"true\"><\/i>\n\t\t\t\t\t\t\t\t\t\t\t\t\t\t\t\t<\/div>\n\t\t\t\t\t\t\t\t\t\t\t\t\t\t\t\t\t\t\t\t\t\t\t\t\t<div class=\"translation-block\"><p>Navette vers le point de d\u00e9part et depuis le point d\u2019arriv\u00e9e du trek<\/p><\/div>\n\t\t\t\t\t\t\t\t\t\t\t\t<\/li>\n\t\t\t\t\t\t\t\t\t\t\t\t\t\t\t\t\t\t\t\t\t<li class=\"tb-practicalv2__icon-item\">\n\t\t\t\t\t\t\t\t\t\t\t\t\t\t\t\t\t\t\t\t\t\t\t\t\t<div>\n\t\t\t\t\t\t\t\t\t\t\t\t\t\t\t\t\t\t<i class=\"icon fa-solid fa-circle-info fa-fw\" aria-hidden=\"true\"><\/i>\n\t\t\t\t\t\t\t\t\t\t\t\t\t\t\t\t<\/div>\n\t\t\t\t\t\t\t\t\t\t\t\t\t\t\t\t\t\t\t\t\t\t\t\t\t<div class=\"translation-block\"><p><a href=\"https:\/\/thejordantrail.org\/fr\/app\/\" target=\"_blank\">Application Travelbase<\/a> avec toutes les infos sur le Jordan Trail<\/p><\/div>\n\t\t\t\t\t\t\t\t\t\t\t\t<\/li>\n\t\t\t\t\t\t\t\t\t\t\t\t\t\t\t\t\t\t\t<\/ul>\n\t\t\t\t\t\t\t\t\n\t\t\t\t\t\t\t\t\n\t\t\t\t\t\t\t\t\t\t\t\t\t\t\t\t\t\t\t<a href=\"https:\/\/travelbase.pro.typeform.com\/TJT27SFRPrereg\"  target=\"_blank\" data-mode=\"popup\" data-url=\"https:\/\/travelbase.pro.typeform.com\/tjt27snlprereg\" class=\"tb-button typeform-share\">\n\t\t\tSe pr\u00e9inscrire | Printemps 2027\t\t<\/a>\n\t\t\t\t\t<script>\n\t\t\t\t(function() {\n\t\t\t\t\tvar qs, js, q, s, d = document,\n\t\t\t\t\t\tgi = d.getElementById,\n\t\t\t\t\t\tce = d.createElement,\n\t\t\t\t\t\tgt = d.getElementsByTagName,\n\t\t\t\t\t\tid = \"typef_orm_share\",\n\t\t\t\t\t\tb = \"https:\/\/embed.typeform.com\/\";\n\t\t\t\t\tif (!gi.call(d, id)) {\n\t\t\t\t\t\tjs = ce.call(d, \"script\");\n\t\t\t\t\t\tjs.id = id;\n\t\t\t\t\t\tjs.src = b + \"embed.js\";\n\t\t\t\t\t\tq = gt.call(d, \"script\")[0];\n\t\t\t\t\t\tq.parentNode.insertBefore(js, q);\n\t\t\t\t\t}\n\t\t\t\t})();\n\t\t\t<\/script>\n\t\t\t\t\t\t\t\t\t\t\t\t\t\t\t\t\t<\/div>\n\t\t\t\t\t\t\t\n\t\t\t\t\t\t\t\t\t\t\t\t\t\t\t<div class=\"tb-practicalv2__info-extra\">\n\t\t\t\t\t\t\t\t\t\t\t\t\t\t\t\t\t\t\t\t<div class=\"translation-block\"><p>Vous pouvez ajouter diff\u00e9rentes <a href=\"#options\"><strong>options suppl\u00e9mentaires<\/strong><\/a> \u00e0 votre voyage.<\/p><\/div>\n\t\t\t\t\t\t\t\t\t\t\t\t\t\n\t\t\t\t\t\t\t\t\t\t\t\t\t\t\t\t\t<\/div>\n\t\t\t\t\t\t\t\t\t\t\t\t\t\t\t\t\t\t<\/div>\n\t\t\t\t<\/details>\n\t\t\t\t\t\t\t<details class=\"tb-practicalv2__category tb-practicalv2__category--flights_popup\" id=\"flights\"  open>\n\t\t\t\t\t<summary class=\"tb-practicalv2__category-toggle\">\n\t\t\t\t\t\t\t\t\t\t\t\t\t\t\t\t\t<i class=\"icon fa-solid fa-plane tb-style-block fa-fw\" aria-hidden=\"true\"><\/i>\n\t\t\t\t\t\t\t\t\t\t\t\t\t\t\t<span class=\"tb-practicalv2__category-name\">\n\t\t\t\t\t\t\tVols\t\t\t\t\t\t<\/span>\n\t\t\t\t\t<\/summary>\n\t\t\t\t\t<div class=\"tb-practicalv2__category-content\">\n\t\t\t\t\t\t\t\t\t\t\t\t\t<div class=\"tb-practicalv2__category-default-content\">\n\t\t\t\t\t\t\t\t\t\t\n\t\t\t\t\t\t\t\t\t\t\t\t\t\t\t\t\t<ul class=\"tb-practicalv2__icon-list\">\n\t\t\t\t\t\t\t\t\t\t\t\t\t\t\t\t\t\t\t\t\t<li class=\"tb-practicalv2__icon-item\">\n\t\t\t\t\t\t\t\t\t\t\t\t\t\t\t\t\t\t\t\t\t\t\t\t\t<div>\n\t\t\t\t\t\t\t\t\t\t\t\t\t\t\t\t\t\t<i class=\"icon fa-solid fa-plane-departure fa-fw\" aria-hidden=\"true\"><\/i>\n\t\t\t\t\t\t\t\t\t\t\t\t\t\t\t\t<\/div>\n\t\t\t\t\t\t\t\t\t\t\t\t\t\t\t\t\t\t\t\t\t\t\t\t\t<div class=\"translation-block\"><p>Nous proposons plusieurs vols directs vers Amman.<\/p><\/div>\n\t\t\t\t\t\t\t\t\t\t\t\t<\/li>\n\t\t\t\t\t\t\t\t\t\t\t\t\t\t\t\t\t\t\t\t\t<li class=\"tb-practicalv2__icon-item\">\n\t\t\t\t\t\t\t\t\t\t\t\t\t\t\t\t\t\t\t\t\t\t\t\t\t<div>\n\t\t\t\t\t\t\t\t\t\t\t\t\t\t\t\t\t\t<i class=\"icon fa-solid fa-passport fa-fw\" aria-hidden=\"true\"><\/i>\n\t\t\t\t\t\t\t\t\t\t\t\t\t\t\t\t<\/div>\n\t\t\t\t\t\t\t\t\t\t\t\t\t\t\t\t\t\t\t\t\t\t\t\t\t<div class=\"translation-block\"><p>Si vous r\u00e9servez vos vols par notre interm\u00e9diaire, <strong>votre visa<\/strong> pour la Jordanie et <strong>le transfert depuis et vers l'a\u00e9roport<\/strong> sont inclus.<\/p><\/div>\n\t\t\t\t\t\t\t\t\t\t\t\t<\/li>\n\t\t\t\t\t\t\t\t\t\t\t\t\t\t\t\t\t\t\t<\/ul>\n\t\t\t\t\t\t\t\t\n\t\t\t\t\t\t\t\t\t\t\t\t\t\t\t\t\t    <div class=\"tb-popup-trigger\" data-flights-popup data-package-code=\"TJT-TJT\">\n        <button class=\"tb-button\" type=\"button\">Voir les vols disponibles<\/button>\n        <dialog class=\"tb-popup tb-popup-with-padding\">\n            <div class=\"tb-popup-content flights\" data-lang=\"fr\" data-incl-package=\"TJT-TJT\">\n\t\t\t\t<span tabindex=\"-1\" autofocus style=\"position:absolute;pointer-events:none;\"><\/span>\n\t\t\t\t<div class=\"flights__container\">\n\t\t\t\t\t<header class=\"flights__head\">\n\t\t\t\t\t\t<h2 class=\"flights__title\">Options de vol<\/h2>\n\t\t\t\t\t\t<p class=\"flights__subtitle\">S\u00e9lectionnez un voyage, un lieu de d\u00e9part et une date pour voir les vols disponibles.<\/p>\n\t\t\t\t\t<\/header>\n\t\t\t\t\t<div class=\"flights__body\">\n\t\t\t\t\t\t<form class=\"flights__filters\" action=\"\">\n\t\t\t\t\t\t\t<div class=\"flights__filter-field\">\n\t\t\t\t\t\t\t\t<label class=\"flights__filter-label\" for=\"flights-package-TJT-TJT\">Voyages<\/label>\n\t\t\t\t\t\t\t\t<div class=\"flights__select-wrap is-locked\">\n\t\t\t\t\t\t\t\t\t<select name=\"package-code\" id=\"flights-package-TJT-TJT\" disabled>\n\t\t\t\t\t\t\t\t\t\t<option value=\"TJT-TJT\">Jordan Trail<\/option>\n\t\t\t\t\t\t\t\t\t\t\t\t\t\t\t\t\t\t\t<\/select>\n\t\t\t\t\t\t\t\t<\/div>\n\t\t\t\t\t\t\t\t\t\t\t\t\t\t\t\t\t\t\t\t\t\t\t\t\t\t<input type=\"hidden\" name=\"package-code\" value=\"TJT-TJT\">\n\t\t\t\t\t\t\t\t\t\t\t\t\t\t\t<\/div>\n\t\t\t\t\t\t\t<div class=\"flights__filter-field\">\n\t\t\t\t\t\t\t\t<label class=\"flights__filter-label\" for=\"flights-airport-TJT-TJT\">Lieu de d\u00e9part<\/label>\n\t\t\t\t\t\t\t\t<div class=\"flights__select-wrap\">\n\t\t\t\t\t\t\t\t\t<select name=\"home-airports\" id=\"flights-airport-TJT-TJT\" class=\"is-placeholder\">\n\t\t\t\t\t\t\t\t\t\t<option value=\"\">Tous les a\u00e9roports de d\u00e9part<\/option>\n\t\t\t\t\t\t\t\t\t<\/select>\n\t\t\t\t\t\t\t\t<\/div>\n\t\t\t\t\t\t\t<\/div>\n\t\t\t\t\t\t\t<div class=\"flights__filter-field\">\n\t\t\t\t\t\t\t\t<label class=\"flights__filter-label\" for=\"flights-date-TJT-TJT\">Date de d\u00e9part<\/label>\n\t\t\t\t\t\t\t\t    <div class=\"tb-datepicker flights__datepicker is-empty\" data-tb-datepicker>\n        <button type=\"button\" class=\"tb-datepicker__btn\" id=\"flights-date-TJT-TJT\" popovertarget=\"flights-date-TJT-TJT-pop\">\n            <svg class=\"tb-datepicker__icon\" viewbox=\"0 0 24 24\" fill=\"none\" stroke=\"currentColor\" stroke-width=\"1.6\" stroke-linecap=\"round\" stroke-linejoin=\"round\">\n                <rect x=\"3\" y=\"4.5\" width=\"18\" height=\"16\" rx=\"2.5\"\/>\n                <path d=\"M3 9h18M8 2.5v4M16 2.5v4\"\/>\n            <\/svg>\n            <span class=\"tb-datepicker__btn-label\">Choisissez une date de d\u00e9part<\/span>\n        <\/button>\n        <input type=\"hidden\" name=\"departure-date\">\n        <div popover class=\"tb-datepicker__pop\" id=\"flights-date-TJT-TJT-pop\">\n            <div class=\"tb-datepicker__head\">\n                <button type=\"button\" class=\"tb-datepicker__nav\" data-nav=\"-1\"><svg viewbox=\"0 0 24 24\" fill=\"none\" stroke=\"currentColor\" stroke-width=\"2\" stroke-linecap=\"round\" stroke-linejoin=\"round\"><path d=\"m15 6-6 6 6 6\"\/><\/svg><\/button>\n                <span class=\"tb-datepicker__month\"><\/span>\n                <button type=\"button\" class=\"tb-datepicker__nav\" data-nav=\"1\"><svg viewbox=\"0 0 24 24\" fill=\"none\" stroke=\"currentColor\" stroke-width=\"2\" stroke-linecap=\"round\" stroke-linejoin=\"round\"><path d=\"m9 6 6 6-6 6\"\/><\/svg><\/button>\n            <\/div>\n            <div class=\"tb-datepicker__weekdays\"><\/div>\n            <div class=\"tb-datepicker__grid\"><\/div>\n            <div class=\"tb-datepicker__foot\">\n                <span class=\"tb-datepicker__legend\">\n                    <span class=\"tb-datepicker__legend-itm\"><i class=\"tb-datepicker__dot is-available\"><\/i>Disponible<\/span>\n                    <span class=\"tb-datepicker__legend-itm\"><i class=\"tb-datepicker__dot is-selected\"><\/i>S\u00e9lectionn\u00e9<\/span>\n                <\/span>\n                <button type=\"button\" class=\"tb-datepicker__clear\">Effacer la date<\/button>\n            <\/div>\n        <\/div>\n    <\/div>\n    \t\t\t\t\t\t\t<\/div>\n\t\t\t\t\t\t\t<button type=\"submit\" class=\"flights__filter-submit\">Appliquer les filtres<\/button>\n\t\t\t\t\t\t<input type=\"hidden\" name=\"trp-form-language\" value=\"fr\"\/><\/form>\n\t\t\t\t\t\t<section class=\"flights__results\">\n\t\t\t\t\t\t\t<div class=\"flights__pairs\"><\/div>\n\t\t\t\t\t\t\t<div class=\"flights__loading-overlay\">\n\t\t\t\t\t\t\t\t<div class=\"flights__loading-card\">\n\t\t\t\t\t\t\t\t\t<span class=\"flights__spinner\">\n\t\t\t\t\t\t\t\t\t\t<svg viewbox=\"0 0 32 32\" fill=\"none\">\n\t\t\t\t\t\t\t\t\t\t\t<circle class=\"flights__spinner-track\" cx=\"16\" cy=\"16\" r=\"12\" stroke-width=\"2.6\"><\/circle>\n\t\t\t\t\t\t\t\t\t\t\t<path class=\"flights__spinner-arc\" d=\"M16 4 a12 12 0 0 1 12 12\" stroke-width=\"2.6\"><\/path>\n\t\t\t\t\t\t\t\t\t\t<\/svg>\n\t\t\t\t\t\t\t\t\t<\/span>\n\t\t\t\t\t\t\t\t\t<div class=\"flights__loading-title\">Recherche de vols\u2026<\/div>\n\t\t\t\t\t\t\t\t\t<div class=\"flights__loading-sub\">Nous r\u00e9cup\u00e9rons les options disponibles aupr\u00e8s de nos partenaires.<\/div>\n\t\t\t\t\t\t\t\t<\/div>\n\t\t\t\t\t\t\t<\/div>\n\t\t\t\t\t\t\t<div class=\"flights__empty-state\">\n\t\t\t\t\t\t\t\t<span class=\"flights__empty-icon\">\n\t\t\t\t\t\t\t\t\t<svg viewbox=\"0 0 24 24\" fill=\"none\" stroke=\"currentColor\" stroke-width=\"1.5\" stroke-linecap=\"round\" stroke-linejoin=\"round\">\n\t\t\t\t\t\t\t\t\t\t<path d=\"M17.8 19.2 16 11l3.5-3.5C21 6 21.5 4 21 3c-1-.5-3 0-4.5 1.5L13 8 4.8 6.2c-.5-.1-.9.1-1.1.5l-.3.5c-.2.5-.1 1 .3 1.3L9 12l-2 3H4l-1 1 3 2 2 3 1-1v-3l3-2 3.5 5.3c.3.4.8.5 1.3.3l.5-.2c.4-.3.6-.7.5-1.2z\"\/>\n\t\t\t\t\t\t\t\t\t\t<path d=\"m2 2 20 20\"\/>\n\t\t\t\t\t\t\t\t\t<\/svg>\n\t\t\t\t\t\t\t\t<\/span>\n\t\t\t\t\t\t\t\t<div class=\"flights__empty-title\">Aucun vol trouv\u00e9<\/div>\n\t\t\t\t\t\t\t\t<p class=\"flights__empty-sub\">Aucun vol disponible n&#8217;a \u00e9t\u00e9 trouv\u00e9 pour cette combinaison de voyage, lieu de d\u00e9part et date. Essayez une autre date ou un autre lieu de d\u00e9part.<\/p>\n\t\t\t\t\t\t\t<\/div>\n\t\t\t\t\t\t<\/section>\n\t\t\t\t\t<\/div>\n\t\t\t\t<\/div>\n\t\t\t<template class=\"tpl-flights-card\">\n\t\t\t\t<article class=\"flights__card\">\n\t\t\t\t\t<div class=\"flights__card-legs\">\n\t\t\t\t\t\t<div class=\"flights__leg flights__leg--to\">\n\t\t\t\t\t\t\t<span class=\"flights__leg-badge\"><svg viewbox=\"0 0 24 24\" fill=\"none\" stroke=\"currentColor\" stroke-width=\"1.5\" stroke-linecap=\"round\" stroke-linejoin=\"round\"><path d=\"M17.8 19.2 16 11l3.5-3.5C21 6 21.5 4 21 3c-1-.5-3 0-4.5 1.5L13 8 4.8 6.2c-.5-.1-.9.1-1.1.5l-.3.5c-.2.5-.1 1 .3 1.3L9 12l-2 3H4l-1 1 3 2 2 3 1-1v-3l3-2 3.5 5.3c.3.4.8.5 1.3.3l.5-.2c.4-.3.6-.7.5-1.2z\"\/><\/svg><\/span>\n\t\t\t\t\t\t\t<div class=\"flights__date-row\"><\/div>\n\t\t\t\t\t\t\t<div class=\"flights__leg-col\">\n\t\t\t\t\t\t\t\t<span class=\"flights__leg-time\"><\/span>\n\t\t\t\t\t\t\t\t<span class=\"flights__leg-loc\"><\/span>\n\t\t\t\t\t\t\t<\/div>\n\t\t\t\t\t\t\t<span class=\"flights__leg-arrow\"><svg viewbox=\"0 0 24 24\" fill=\"none\" stroke=\"currentColor\" stroke-width=\"1.5\" stroke-linecap=\"round\" stroke-linejoin=\"round\"><path d=\"M5 12h14M13 5l7 7-7 7\"\/><\/svg><\/span>\n\t\t\t\t\t\t\t<div class=\"flights__leg-col\">\n\t\t\t\t\t\t\t\t<span class=\"flights__leg-time\"><\/span>\n\t\t\t\t\t\t\t\t<span class=\"flights__leg-loc\"><\/span>\n\t\t\t\t\t\t\t<\/div>\n\t\t\t\t\t\t\t<div class=\"flights__leg-meta\">\n\t\t\t\t\t\t\t\t<span class=\"flights__leg-meta-label\">Dur\u00e9e du trajet<\/span>\n\t\t\t\t\t\t\t\t<span class=\"flights__leg-meta-duration\"><span class=\"flights__duration-hours\"><\/span>h<span class=\"flights__duration-minutes\"><\/span><\/span>\n\t\t\t\t\t\t\t<\/div>\n\t\t\t\t\t\t<\/div>\n\t\t\t\t\t\t<div class=\"flights__leg flights__leg--back\">\n\t\t\t\t\t\t\t<span class=\"flights__leg-badge is-return\"><svg viewbox=\"0 0 24 24\" fill=\"none\" stroke=\"currentColor\" stroke-width=\"1.5\" stroke-linecap=\"round\" stroke-linejoin=\"round\"><path d=\"M17.8 19.2 16 11l3.5-3.5C21 6 21.5 4 21 3c-1-.5-3 0-4.5 1.5L13 8 4.8 6.2c-.5-.1-.9.1-1.1.5l-.3.5c-.2.5-.1 1 .3 1.3L9 12l-2 3H4l-1 1 3 2 2 3 1-1v-3l3-2 3.5 5.3c.3.4.8.5 1.3.3l.5-.2c.4-.3.6-.7.5-1.2z\"\/><\/svg><\/span>\n\t\t\t\t\t\t\t<div class=\"flights__date-row\"><\/div>\n\t\t\t\t\t\t\t<div class=\"flights__leg-col\">\n\t\t\t\t\t\t\t\t<span class=\"flights__leg-time\"><\/span>\n\t\t\t\t\t\t\t\t<span class=\"flights__leg-loc\"><\/span>\n\t\t\t\t\t\t\t<\/div>\n\t\t\t\t\t\t\t<span class=\"flights__leg-arrow\"><svg viewbox=\"0 0 24 24\" fill=\"none\" stroke=\"currentColor\" stroke-width=\"1.5\" stroke-linecap=\"round\" stroke-linejoin=\"round\"><path d=\"M5 12h14M13 5l7 7-7 7\"\/><\/svg><\/span>\n\t\t\t\t\t\t\t<div class=\"flights__leg-col\">\n\t\t\t\t\t\t\t\t<span class=\"flights__leg-time\"><\/span>\n\t\t\t\t\t\t\t\t<span class=\"flights__leg-loc\"><\/span>\n\t\t\t\t\t\t\t<\/div>\n\t\t\t\t\t\t\t<div class=\"flights__leg-meta\">\n\t\t\t\t\t\t\t\t<span class=\"flights__leg-meta-label\">Dur\u00e9e du trajet<\/span>\n\t\t\t\t\t\t\t\t<span class=\"flights__leg-meta-duration\"><span class=\"flights__duration-hours\"><\/span>h<span class=\"flights__duration-minutes\"><\/span><\/span>\n\t\t\t\t\t\t\t<\/div>\n\t\t\t\t\t\t<\/div>\n\t\t\t\t\t<\/div>\n\t\t\t\t\t<div class=\"flights__card-price\">\n\t\t\t\t\t\t<span class=\"flights__card-price-status\">\n\t\t\t\t\t\t\t<span class=\"flights__card-price-status-direct\">\n\t\t\t\t\t\t\t\t<svg viewbox=\"0 0 24 24\" fill=\"none\" stroke=\"currentColor\" stroke-width=\"1.6\" stroke-linecap=\"round\" stroke-linejoin=\"round\"><path d=\"M3 12h16l-4-4M19 12l-4 4\"\/><\/svg>\n\t\t\t\t\t\t\t\t<span>Vols directs<\/span>\n\t\t\t\t\t\t\t<\/span>\n\t\t\t\t\t\t\t<span class=\"flights__card-price-status-via\">\n\t\t\t\t\t\t\t\t<svg viewbox=\"0 0 24 24\" fill=\"none\" stroke=\"currentColor\" stroke-width=\"1.6\" stroke-linecap=\"round\" stroke-linejoin=\"round\"><path d=\"M4 8h13l-3-3M20 16H7l3 3\"\/><\/svg>\n\t\t\t\t\t\t\t\t<span>Avec escale<\/span>\n\t\t\t\t\t\t\t<\/span>\n\t\t\t\t\t\t<\/span>\n\t\t\t\t\t\t<span class=\"flights__card-price-amount\">\n\t\t\t\t\t\t\t<span class=\"flights__card-price-value\"><\/span>\n\t\t\t\t\t\t\t<span class=\"flights__card-price-label\">\/pers.<\/span>\n\t\t\t\t\t\t<\/span>\n\t\t\t\t\t\t<div class=\"flights__incl\">\n\t\t\t\t\t\t\t\t\t\t\t\t\t\t<button class=\"flights__incl-bar\" type=\"button\" popovertarget=\"flights-incl-pop\" data-incl=\"ruim:0,hand:1,transfer:1\">\n\t\t\t\t\t\t\t\t<span class=\"flights__incl-bar-i\">i<\/span>\n\t\t\t\t\t\t\t\t<span class=\"flights__incl-bar-items\">\n\t\t\t\t\t\t\t\t\t\t\t\t\t\t\t\t\t\t\t<span class=\"flights__incl-itm is-off\">\n\t\t\t\t\t\t\t\t\t\t\t<svg viewbox=\"0 0 24 24\" fill=\"none\" stroke=\"currentColor\" stroke-width=\"1.7\" stroke-linecap=\"round\" stroke-linejoin=\"round\"><rect x=\"2\" y=\"6\" width=\"20\" height=\"14\" rx=\"2\"\/><path d=\"M16 20V4a2 2 0 0 0-2-2h-4a2 2 0 0 0-2 2v16\"\/><\/svg>\n\t\t\t\t\t\t\t\t\t\t\t<span class=\"flights__incl-itm-badge\"><svg viewbox=\"0 0 24 24\" fill=\"none\" stroke=\"currentColor\" stroke-width=\"2.6\" stroke-linecap=\"round\" stroke-linejoin=\"round\"><path d=\"M18 6 6 18M6 6l12 12\"\/><\/svg><\/span>\n\t\t\t\t\t\t\t\t\t\t<\/span>\n\t\t\t\t\t\t\t\t\t\t\t\t\t\t\t\t\t\t\t<span class=\"flights__incl-itm\">\n\t\t\t\t\t\t\t\t\t\t\t<svg viewbox=\"0 0 24 24\" fill=\"none\" stroke=\"currentColor\" stroke-width=\"1.7\" stroke-linecap=\"round\" stroke-linejoin=\"round\"><rect x=\"4\" y=\"8\" width=\"16\" height=\"12.5\" rx=\"5\"\/><path d=\"M9 8V6a3 3 0 0 1 6 0v2\"\/><path d=\"M8.5 13.5h7\"\/><\/svg>\n\t\t\t\t\t\t\t\t\t\t\t<span class=\"flights__incl-itm-badge\"><svg viewbox=\"0 0 24 24\" fill=\"none\" stroke=\"currentColor\" stroke-width=\"2.6\" stroke-linecap=\"round\" stroke-linejoin=\"round\"><path d=\"M20 6 9 17l-5-5\"\/><\/svg><\/span>\n\t\t\t\t\t\t\t\t\t\t<\/span>\n\t\t\t\t\t\t\t\t\t\t\t\t\t\t\t\t\t\t\t<span class=\"flights__incl-itm\">\n\t\t\t\t\t\t\t\t\t\t\t<svg viewbox=\"0 0 24 24\" fill=\"none\" stroke=\"currentColor\" stroke-width=\"1.7\" stroke-linecap=\"round\" stroke-linejoin=\"round\"><path d=\"M19 17h2c.6 0 1-.4 1-1v-3c0-.9-.7-1.7-1.5-1.9C18.7 10.6 16 10 16 10s-1.3-1.4-2.2-2.3c-.5-.4-1.1-.7-1.8-.7H5c-.6 0-1.1.4-1.4.9l-1.6 2.8C1.4 11.3 1 12.1 1 13v3c0 .6.4 1 1 1h2\"\/><circle cx=\"7\" cy=\"17\" r=\"2\"\/><path d=\"M9 17h6\"\/><circle cx=\"17\" cy=\"17\" r=\"2\"\/><\/svg>\n\t\t\t\t\t\t\t\t\t\t\t<span class=\"flights__incl-itm-badge\"><svg viewbox=\"0 0 24 24\" fill=\"none\" stroke=\"currentColor\" stroke-width=\"2.6\" stroke-linecap=\"round\" stroke-linejoin=\"round\"><path d=\"M20 6 9 17l-5-5\"\/><\/svg><\/span>\n\t\t\t\t\t\t\t\t\t\t<\/span>\n\t\t\t\t\t\t\t\t\t\t\t\t\t\t\t\t\t<\/span>\n\t\t\t\t\t\t\t<\/button>\n\t\t\t\t\t\t\t<div class=\"flights__incl-pop\" popover id=\"flights-incl-pop\">\n\t\t\t\t\t\t\t\t\t\t\t\t\t\t\t\t\t<div class=\"flights__incl-pop-row is-off\">\n\t\t\t\t\t\t\t\t\t\t<span class=\"flights__incl-pop-ic\"><svg viewbox=\"0 0 24 24\" fill=\"none\" stroke=\"currentColor\" stroke-width=\"1.6\" stroke-linecap=\"round\" stroke-linejoin=\"round\"><rect x=\"2\" y=\"6\" width=\"20\" height=\"14\" rx=\"2\"\/><path d=\"M16 20V4a2 2 0 0 0-2-2h-4a2 2 0 0 0-2 2v16\"\/><\/svg><\/span>\n\t\t\t\t\t\t\t\t\t\t<span class=\"flights__incl-pop-txt\">\n\t\t\t\t\t\t\t\t\t\t\t<span class=\"flights__incl-pop-label\">Bagage en soute<\/span>\n\t\t\t\t\t\t\t\t\t\t\t<span class=\"flights__incl-pop-desc\">Non inclus, en option.<\/span>\n\t\t\t\t\t\t\t\t\t\t<\/span>\n\t\t\t\t\t\t\t\t\t\t<span class=\"flights__incl-pop-mark\"><svg viewbox=\"0 0 24 24\" fill=\"none\" stroke=\"currentColor\" stroke-width=\"2.4\" stroke-linecap=\"round\" stroke-linejoin=\"round\"><path d=\"M18 6 6 18M6 6l12 12\"\/><\/svg><\/span>\n\t\t\t\t\t\t\t\t\t<\/div>\n\t\t\t\t\t\t\t\t\t\t\t\t\t\t\t\t\t<div class=\"flights__incl-pop-row\">\n\t\t\t\t\t\t\t\t\t\t<span class=\"flights__incl-pop-ic\"><svg viewbox=\"0 0 24 24\" fill=\"none\" stroke=\"currentColor\" stroke-width=\"1.6\" stroke-linecap=\"round\" stroke-linejoin=\"round\"><rect x=\"4\" y=\"8\" width=\"16\" height=\"12.5\" rx=\"5\"\/><path d=\"M9 8V6a3 3 0 0 1 6 0v2\"\/><path d=\"M8.5 13.5h7\"\/><\/svg><\/span>\n\t\t\t\t\t\t\t\t\t\t<span class=\"flights__incl-pop-txt\">\n\t\t\t\t\t\t\t\t\t\t\t<span class=\"flights__incl-pop-label\">Bagage \u00e0 main<\/span>\n\t\t\t\t\t\t\t\t\t\t\t<span class=\"flights__incl-pop-desc\">Un bagage \u00e0 main \u00e0 bord.<\/span>\n\t\t\t\t\t\t\t\t\t\t<\/span>\n\t\t\t\t\t\t\t\t\t\t<span class=\"flights__incl-pop-mark\"><svg viewbox=\"0 0 24 24\" fill=\"none\" stroke=\"currentColor\" stroke-width=\"2.4\" stroke-linecap=\"round\" stroke-linejoin=\"round\"><path d=\"M20 6 9 17l-5-5\"\/><\/svg><\/span>\n\t\t\t\t\t\t\t\t\t<\/div>\n\t\t\t\t\t\t\t\t\t\t\t\t\t\t\t\t\t<div class=\"flights__incl-pop-row\">\n\t\t\t\t\t\t\t\t\t\t<span class=\"flights__incl-pop-ic\"><svg viewbox=\"0 0 24 24\" fill=\"none\" stroke=\"currentColor\" stroke-width=\"1.6\" stroke-linecap=\"round\" stroke-linejoin=\"round\"><path d=\"M19 17h2c.6 0 1-.4 1-1v-3c0-.9-.7-1.7-1.5-1.9C18.7 10.6 16 10 16 10s-1.3-1.4-2.2-2.3c-.5-.4-1.1-.7-1.8-.7H5c-.6 0-1.1.4-1.4.9l-1.6 2.8C1.4 11.3 1 12.1 1 13v3c0 .6.4 1 1 1h2\"\/><circle cx=\"7\" cy=\"17\" r=\"2\"\/><path d=\"M9 17h6\"\/><circle cx=\"17\" cy=\"17\" r=\"2\"\/><\/svg><\/span>\n\t\t\t\t\t\t\t\t\t\t<span class=\"flights__incl-pop-txt\">\n\t\t\t\t\t\t\t\t\t\t\t<span class=\"flights__incl-pop-label\">Transfert<\/span>\n\t\t\t\t\t\t\t\t\t\t\t<span class=\"flights__incl-pop-desc\">A\u00e9roport vers h\u00e9bergement, aller et retour.<\/span>\n\t\t\t\t\t\t\t\t\t\t<\/span>\n\t\t\t\t\t\t\t\t\t\t<span class=\"flights__incl-pop-mark\"><svg viewbox=\"0 0 24 24\" fill=\"none\" stroke=\"currentColor\" stroke-width=\"2.4\" stroke-linecap=\"round\" stroke-linejoin=\"round\"><path d=\"M20 6 9 17l-5-5\"\/><\/svg><\/span>\n\t\t\t\t\t\t\t\t\t<\/div>\n\t\t\t\t\t\t\t\t\t\t\t\t\t\t\t<\/div>\n\t\t\t\t\t\t<\/div>\n\t\t\t\t\t<\/div>\n\t\t\t\t<\/article>\n\t\t\t<\/template>\n            <\/div>\n        <\/dialog>\n    <\/div>\n    \t\t\t\t\t\t\t\t\n\t\t\t\t\t\t\t\t\t\t\t\t\t\t\t<\/div>\n\t\t\t\t\t\t\t\n\t\t\t\t\t\t\t\t\t\t\t\t\t\t\t\t\t\t<\/div>\n\t\t\t\t<\/details>\n\t\t\t\t\t\t\t<details class=\"tb-practicalv2__category tb-practicalv2__category--custom\" id=\"luchthaventransport\"  open>\n\t\t\t\t\t<summary class=\"tb-practicalv2__category-toggle\">\n\t\t\t\t\t\t\t\t\t\t\t\t\t\t\t\t\t<i class=\"icon fa-solid fa-bus tb-style-block fa-fw\" aria-hidden=\"true\"><\/i>\n\t\t\t\t\t\t\t\t\t\t\t\t\t\t\t<span class=\"tb-practicalv2__category-name\">\n\t\t\t\t\t\t\tNavettes\t\t\t\t\t\t<\/span>\n\t\t\t\t\t<\/summary>\n\t\t\t\t\t<div class=\"tb-practicalv2__category-content\">\n\t\t\t\t\t\t\t\t\t\t\t\t\t<div class=\"tb-practicalv2__category-default-content\">\n\t\t\t\t\t\t\t\t\t\t\n\t\t\t\t\t\t\t\t\t\t\t\t\t\t\t\t\t<ul class=\"tb-practicalv2__icon-list\">\n\t\t\t\t\t\t\t\t\t\t\t\t\t\t\t\t\t\t\t\t\t<li class=\"tb-practicalv2__icon-item\">\n\t\t\t\t\t\t\t\t\t\t\t\t\t\t\t\t\t\t\t\t\t\t\t\t\t<div>\n\t\t\t\t\t\t\t\t\t\t\t\t\t\t\t\t\t\t<i class=\"icon fa-solid fa-bus fa-fw\" aria-hidden=\"true\"><\/i>\n\t\t\t\t\t\t\t\t\t\t\t\t\t\t\t\t<\/div>\n\t\t\t\t\t\t\t\t\t\t\t\t\t\t\t\t\t\t\t\t\t\t\t\t\t<div class=\"translation-block\"><p>Si vous r\u00e9servez vos vols par notre interm\u00e9diaire, le transport entre l\u2019a\u00e9roport d\u2019Amman et l'h\u00f4tel de la premi\u00e8re nuit.<\/p><p>&nbsp;<\/p><p>Vous r\u00e9servez vos propres vols, mais vous souhaitez profiter de notre navette ? Dans ce cas, tenez compte des <strong>horaires suivant :<\/strong><\/p><p>&nbsp;<\/p><ul><li>Navette de l\u2019a\u00e9roport \u00e0 Madaba <strong>(jour 1) : 22:45<\/strong><\/li><li>Navette de l\u2019h\u00f4tel \u00e0 Amman vers l\u2019a\u00e9roport <strong>(jour 8) : 7:00<\/strong><\/li><\/ul><\/div>\n\t\t\t\t\t\t\t\t\t\t\t\t<\/li>\n\t\t\t\t\t\t\t\t\t\t\t\t\t\t\t\t\t\t\t\t\t<li class=\"tb-practicalv2__icon-item\">\n\t\t\t\t\t\t\t\t\t\t\t\t\t\t\t\t\t\t\t\t\t\t\t\t\t<div>\n\t\t\t\t\t\t\t\t\t\t\t\t\t\t\t\t\t\t<i class=\"icon fa-solid fa-taxi fa-fw\" aria-hidden=\"true\"><\/i>\n\t\t\t\t\t\t\t\t\t\t\t\t\t\t\t\t<\/div>\n\t\t\t\t\t\t\t\t\t\t\t\t\t\t\t\t\t\t\t\t\t\t\t\t\t<div class=\"translation-block\"><p>Si les horaires de vos vols ou votre programme ne correspondent pas \u00e0 ceux de notre navette, vous pouvez facilement vous d\u00e9placer en <strong>taxi<\/strong> entre l\u2019a\u00e9roport, l\u2019h\u00f4tel \u00e0 Madaba et le centre d\u2019Amman.<\/p><\/div>\n\t\t\t\t\t\t\t\t\t\t\t\t<\/li>\n\t\t\t\t\t\t\t\t\t\t\t\t\t\t\t\t\t\t\t<\/ul>\n\t\t\t\t\t\t\t\t\n\t\t\t\t\t\t\t\t\n\t\t\t\t\t\t\t\t\t\t\t\t\t\t\t<\/div>\n\t\t\t\t\t\t\t\n\t\t\t\t\t\t\t\t\t\t\t\t\t\t\t\t\t\t<\/div>\n\t\t\t\t<\/details>\n\t\t\t\t\t\t\t<details class=\"tb-practicalv2__category tb-practicalv2__category--stays\" id=\"stays\"  open>\n\t\t\t\t\t<summary class=\"tb-practicalv2__category-toggle\">\n\t\t\t\t\t\t\t\t\t\t\t\t\t\t\t\t\t<i class=\"icon fa-solid fa-bed tb-style-block fa-fw\" aria-hidden=\"true\"><\/i>\n\t\t\t\t\t\t\t\t\t\t\t\t\t\t\t<span class=\"tb-practicalv2__category-name\">\n\t\t\t\t\t\t\tH\u00e9bergement\t\t\t\t\t\t<\/span>\n\t\t\t\t\t<\/summary>\n\t\t\t\t\t<div class=\"tb-practicalv2__category-content\">\n\t\t\t\t\t\t\t\t\t\t\t\t\t<div class=\"tb-practicalv2__category-default-content\">\n\t\t\t\t\t\t\t\t\t\t\n\t\t\t\t\t\t\t\t\t\t\t\t\t\t\t\t\t<ul class=\"tb-practicalv2__icon-list\">\n\t\t\t\t\t\t\t\t\t\t\t\t\t\t\t\t\t\t\t\t\t<li class=\"tb-practicalv2__icon-item\">\n\t\t\t\t\t\t\t\t\t\t\t\t\t\t\t\t\t\t\t\t\t\t\t\t\t<div>\n\t\t\t\t\t\t\t\t\t\t\t\t\t\t\t\t\t\t<i class=\"icon fa-kit fa-tb-icon-tipi fa-fw\" aria-hidden=\"true\"><\/i>\n\t\t\t\t\t\t\t\t\t\t\t\t\t\t\t\t<\/div>\n\t\t\t\t\t\t\t\t\t\t\t\t\t\t\t\t\t\t\t\t\t\t\t\t\t<div class=\"translation-block\"><p>Pendant le Jordan Trail, vous dormirez <strong>principalement sous tente<\/strong>. Les bivouacs se trouvent <strong>en pleine nature<\/strong>, sans installations sanitaires ni eau courante. Vous pourrez toutefois vous rafra\u00eechir sur place avec l\u2019eau transport\u00e9e par le groupe.<\/p><\/div>\n\t\t\t\t\t\t\t\t\t\t\t\t<\/li>\n\t\t\t\t\t\t\t\t\t\t\t\t\t\t\t\t\t\t\t\t\t<li class=\"tb-practicalv2__icon-item\">\n\t\t\t\t\t\t\t\t\t\t\t\t\t\t\t\t\t\t\t\t\t\t\t\t\t<div>\n\t\t\t\t\t\t\t\t\t\t\t\t\t\t\t\t\t\t<i class=\"icon fa-kit fa-tb-icon-hotel fa-fw\" aria-hidden=\"true\"><\/i>\n\t\t\t\t\t\t\t\t\t\t\t\t\t\t\t\t<\/div>\n\t\t\t\t\t\t\t\t\t\t\t\t\t\t\t\t\t\t\t\t\t\t\t\t\t<div class=\"translation-block\"><p>Pour la <strong>premi\u00e8re nuit \u00e0 Madaba<\/strong> (Black Iris Hotel) et la nuit \u00e0 <strong>P\u00e9tra<\/strong> (Sunset Hotel), vous dormirez dans un <strong>h\u00f4tel<\/strong>. Pour la <strong>derni\u00e8re soir\u00e9e dans le centre d\u2019Amman<\/strong>, vous pouvez <strong>r\u00e9server en option une nuit d\u2019h\u00f4tel<\/strong> (MISK Hotel).*<\/p><\/div>\n\t\t\t\t\t\t\t\t\t\t\t\t<\/li>\n\t\t\t\t\t\t\t\t\t\t\t\t\t\t\t\t\t\t\t<\/ul>\n\t\t\t\t\t\t\t\t\n\t\t\t\t\t\t\t\t\n\t\t\t\t\t\t\t\t\t\t\t\t\t\t\t<\/div>\n\t\t\t\t\t\t\t\n\t\t\t\t\t\t\t\t\t\t\t\t\t\t\t<div class=\"tb-practicalv2__info-extra\">\n\t\t\t\t\t\t\t\t\t\t\t\t\t\t\t\t\t\t\t\t<div class=\"translation-block\"><p>*Les voyageurs solo, ou les participants d\u2019un groupe impair, partagent leur chambre avec un autre participant du Jordan Trail. Nous essayons toujours de r\u00e9unir des personnes du m\u00eame genre.<\/p><\/div>\n\t\t\t\t\t\t\t\t\t\t\t\t\t\n\t\t\t\t\t\t\t\t\t\t\t\t\t\t\t\t\t<\/div>\n\t\t\t\t\t\t\t\t\t\t\t\t\t\t\t\t\t\t<\/div>\n\t\t\t\t<\/details>\n\t\t\t\t\t\t\t<details class=\"tb-practicalv2__category tb-practicalv2__category--food_drinks\" id=\"food_drinks\"  open>\n\t\t\t\t\t<summary class=\"tb-practicalv2__category-toggle\">\n\t\t\t\t\t\t\t\t\t\t\t\t\t\t\t\t\t<i class=\"icon fa-solid fa-utensils tb-style-block fa-fw\" aria-hidden=\"true\"><\/i>\n\t\t\t\t\t\t\t\t\t\t\t\t\t\t\t<span class=\"tb-practicalv2__category-name\">\n\t\t\t\t\t\t\tNourriture &#038; boissons\t\t\t\t\t\t<\/span>\n\t\t\t\t\t<\/summary>\n\t\t\t\t\t<div class=\"tb-practicalv2__category-content\">\n\t\t\t\t\t\t\t\t\t\t\t\t\t<div class=\"tb-practicalv2__category-default-content\">\n\t\t\t\t\t\t\t\t\t\t\n\t\t\t\t\t\t\t\t\t\t\t\t\t\t\t\t\t<ul class=\"tb-practicalv2__icon-list\">\n\t\t\t\t\t\t\t\t\t\t\t\t\t\t\t\t\t\t\t\t\t<li class=\"tb-practicalv2__icon-item\">\n\t\t\t\t\t\t\t\t\t\t\t\t\t\t\t\t\t\t\t\t\t\t\t\t\t<div class=\"translation-block\"><p>Vous pouvez manger avec nous chaque jour et d\u00e9couvrir la <strong>cuisine b\u00e9douine locale<\/strong> (156 \u20ac en version v\u00e9g\u00e9tarienne, 160 \u20ac avec viande). Vous pouvez aussi apporter votre propre nourriture, mais nous vous recommandons vivement de vous joindre \u00e0 nous pour les chaleureux d\u00eeners b\u00e9douins !<\/p><p>&nbsp;<\/p><p>Pendant la randonn\u00e9e, vous ne trouverez <strong>ni restaurants ni supermarch\u00e9s<\/strong>. Vous pourrez seulement acheter quelque chose \u00e0 <strong>Petra<\/strong> le dernier jour. Pr\u00e9voyez donc <strong>suffisamment de snacks<\/strong> pour tout l\u2019itin\u00e9raire, comme des barres de c\u00e9r\u00e9ales ou des barres \u00e9nerg\u00e9tiques.<\/p><\/div>\n\t\t\t\t\t\t\t\t\t\t\t\t<\/li>\n\t\t\t\t\t\t\t\t\t\t\t\t\t\t\t\t\t\t\t<\/ul>\n\t\t\t\t\t\t\t\t\n\t\t\t\t\t\t\t\t\n\t\t\t\t\t\t\t\t\t\t\t\t\t\t\t<\/div>\n\t\t\t\t\t\t\t\n\t\t\t\t\t\t\t\t\t\t\t\t\t\t\t\t\t\t<\/div>\n\t\t\t\t<\/details>\n\t\t\t\t\t\t\t<details class=\"tb-practicalv2__category tb-practicalv2__category--custom\" id=\"onze-gidsen\"  open>\n\t\t\t\t\t<summary class=\"tb-practicalv2__category-toggle\">\n\t\t\t\t\t\t\t\t\t\t\t\t\t\t\t\t\t<i class=\"icon fa-solid fa-person-hiking tb-style-block fa-fw\" aria-hidden=\"true\"><\/i>\n\t\t\t\t\t\t\t\t\t\t\t\t\t\t\t<span class=\"tb-practicalv2__category-name\">\n\t\t\t\t\t\t\tNos guides\t\t\t\t\t\t<\/span>\n\t\t\t\t\t<\/summary>\n\t\t\t\t\t<div class=\"tb-practicalv2__category-content\">\n\t\t\t\t\t\t\t\t\t\t\t\t\t<div class=\"tb-practicalv2__category-default-content\">\n\t\t\t\t\t\t\t\t\t\t\n\t\t\t\t\t\t\t\t\t\t\t\t\t\t\t\t\t<ul class=\"tb-practicalv2__icon-list\">\n\t\t\t\t\t\t\t\t\t\t\t\t\t\t\t\t\t\t\t\t\t<li class=\"tb-practicalv2__icon-item\">\n\t\t\t\t\t\t\t\t\t\t\t\t\t\t\t\t\t\t\t\t\t\t\t\t\t<div class=\"translation-block\"><p>Pendant le trek, vous serez accompagn\u00e9 par <strong>des guides Travelbase exp\u00e9riment\u00e9s et des guides locaux<\/strong> qui connaissent l\u2019itin\u00e9raire sur le bout des doigts. Ils s\u2019occupent des briefings quotidiens, vous donnent des conseils en chemin et sont toujours l\u00e0 pour vous aider ou simplement discuter. Lors des randonn\u00e9es, des guides restent toujours \u00e0 proximit\u00e9 pour aider, si n\u00e9cessaire, les marcheurs qui rencontrent des difficult\u00e9s.<\/p><p>&nbsp;<\/p><p>Comme l\u2019itin\u00e9raire <strong>n\u2019est pas balis\u00e9<\/strong>, nous vous d\u00e9conseillons de partir seul\u00b7e. Gr\u00e2ce \u00e0 notre <strong>\u00e9troite collaboration avec les guides locaux<\/strong>, vous suivrez un parcours soigneusement trac\u00e9 qui vous permet de d\u00e9couvrir la v\u00e9ritable Jordanie.<\/p><\/div>\n\t\t\t\t\t\t\t\t\t\t\t\t<\/li>\n\t\t\t\t\t\t\t\t\t\t\t\t\t\t\t\t\t\t\t<\/ul>\n\t\t\t\t\t\t\t\t\n\t\t\t\t\t\t\t\t\n\t\t\t\t\t\t\t\t\t\t\t\t\t\t\t<\/div>\n\t\t\t\t\t\t\t\n\t\t\t\t\t\t\t\t\t\t\t\t\t\t\t\t\t\t<\/div>\n\t\t\t\t<\/details>\n\t\t\t\t\t\t\t<details class=\"tb-practicalv2__category tb-practicalv2__category--custom\" id=\"reisdocumenten\"  open>\n\t\t\t\t\t<summary class=\"tb-practicalv2__category-toggle\">\n\t\t\t\t\t\t\t\t\t\t\t\t\t\t\t\t\t<i class=\"icon fa-solid fa-passport tb-style-block fa-fw\" aria-hidden=\"true\"><\/i>\n\t\t\t\t\t\t\t\t\t\t\t\t\t\t\t<span class=\"tb-practicalv2__category-name\">\n\t\t\t\t\t\t\tDocuments de voyage\t\t\t\t\t\t<\/span>\n\t\t\t\t\t<\/summary>\n\t\t\t\t\t<div class=\"tb-practicalv2__category-content\">\n\t\t\t\t\t\t\t\t\t\t\t\t\t<div class=\"tb-practicalv2__category-default-content\">\n\t\t\t\t\t\t\t\t\t\t\n\t\t\t\t\t\t\t\t\t\t\t\t\t\t\t\t\t<ul class=\"tb-practicalv2__icon-list\">\n\t\t\t\t\t\t\t\t\t\t\t\t\t\t\t\t\t\t\t\t\t<li class=\"tb-practicalv2__icon-item\">\n\t\t\t\t\t\t\t\t\t\t\t\t\t\t\t\t\t\t\t\t\t\t\t\t\t<div class=\"translation-block\"><ul><li><strong>Passeport international<\/strong> valable au moins 6 mois \u00e0 compter de la date d\u2019arriv\u00e9e.<\/li><li><strong>Visa<\/strong> : si vous r\u00e9servez vos vols avec nous, il est d\u00e9j\u00e0 inclus dans le prix. Si vous r\u00e9servez vos vols de votre c\u00f4t\u00e9, nous vous conseillons d\u2019acheter un <a href=\"https:\/\/www.jordanpass.jo\/\" target=\"_blank\">Jordan Pass<\/a> (valable 3 mois apr\u00e8s l\u2019achat). Il vous permet d\u2019acc\u00e9der \u00e0 P\u00e9tra et inclut \u00e9galement votre visa.<\/li><\/ul><\/div>\n\t\t\t\t\t\t\t\t\t\t\t\t<\/li>\n\t\t\t\t\t\t\t\t\t\t\t\t\t\t\t\t\t\t\t<\/ul>\n\t\t\t\t\t\t\t\t\n\t\t\t\t\t\t\t\t\n\t\t\t\t\t\t\t\t\t\t\t\t\t\t\t<\/div>\n\t\t\t\t\t\t\t\n\t\t\t\t\t\t\t\t\t\t\t\t\t\t\t\t\t\t<\/div>\n\t\t\t\t<\/details>\n\t\t\t\t\t\t\t<details class=\"tb-practicalv2__category tb-practicalv2__category--custom\" id=\"travelbase-app\"  open>\n\t\t\t\t\t<summary class=\"tb-practicalv2__category-toggle\">\n\t\t\t\t\t\t\t\t\t\t\t\t\t\t\t\t\t<i class=\"icon fa-solid fa-circle-info tb-style-block fa-fw\" aria-hidden=\"true\"><\/i>\n\t\t\t\t\t\t\t\t\t\t\t\t\t\t\t<span class=\"tb-practicalv2__category-name\">\n\t\t\t\t\t\t\tApplication Travelbase\t\t\t\t\t\t<\/span>\n\t\t\t\t\t<\/summary>\n\t\t\t\t\t<div class=\"tb-practicalv2__category-content\">\n\t\t\t\t\t\t\t\t\t\t\t\t\t<div class=\"tb-practicalv2__category-default-content\">\n\t\t\t\t\t\t\t\t\t\t\n\t\t\t\t\t\t\t\t\t\t\t\t\t\t\t\t\t<ul class=\"tb-practicalv2__icon-list\">\n\t\t\t\t\t\t\t\t\t\t\t\t\t\t\t\t\t\t\t\t\t<li class=\"tb-practicalv2__icon-item\">\n\t\t\t\t\t\t\t\t\t\t\t\t\t\t\t\t\t\t\t\t\t\t\t\t\t<div class=\"translation-block\"><p>Apr\u00e8s votre r\u00e9servation, vous aurez acc\u00e8s \u00e0 l\u2019<a href=\"https:\/\/thejordantrail.org\/fr\/app\/\" target=\"_blank\">application Travelbase<\/a>. Installez-la avant votre d\u00e9part pour toujours avoir toutes les informations \u00e0 port\u00e9e de main. Vous y trouverez <strong>toutes les informations pratiques<\/strong> avant, pendant et apr\u00e8s votre voyage :<\/p><ul><li>Conseils et astuces<\/li><li>Programme de la semaine<\/li><li>Informations sur les vols<\/li><li>Conversation de groupe avec les autres participants et les guides (disponible 2 semaines pr\u00e9c\u00e9dant le d\u00e9part)<\/li><\/ul><\/div>\n\t\t\t\t\t\t\t\t\t\t\t\t<\/li>\n\t\t\t\t\t\t\t\t\t\t\t\t\t\t\t\t\t\t\t<\/ul>\n\t\t\t\t\t\t\t\t\n\t\t\t\t\t\t\t\t\n\t\t\t\t\t\t\t\t\t\t\t\t\t\t\t<\/div>\n\t\t\t\t\t\t\t\n\t\t\t\t\t\t\t\t\t\t\t\t\t\t\t\t\t\t<\/div>\n\t\t\t\t<\/details>\n\t\t\t\t\t<\/div>\n\t<\/div>\n<\/div>\n\n\n<div class=\"tb-gallery tb-block align-center background-light pattern-none variant-grid\" id=\"gallery-1\">\n\t<div class=\"tb-gallery__inner\">\n\t\t<div class=\"desktop tb-has-popup-content\">\n\t\t\t\t\t\t\t<ul class=\"tb-gallery-grid\">\n\t\t\t\t\t\t\t\t\t\t\t\t\t\t\t\t\t\t<li class=\"slide\">\n\t\t\t\t\t\t\t\t<div class=\"tb-popup-trigger\">\n\t\t\t\t\t\t\t\t\t<img src='https:\/\/tjt.travelblox.eu\/wp-content\/smush-webp\/sites\/78\/2024\/09\/DSC05104.jpg.webp' width='1024' height='683' alt='Jordan Trail, Petra, Wadi Musa en Jordanie' srcset='https:\/\/tjt.travelblox.eu\/wp-content\/smush-webp\/sites\/78\/2024\/09\/DSC05104.jpg.webp 1024w, https:\/\/tjt.travelblox.eu\/wp-content\/smush-webp\/sites\/78\/2024\/09\/DSC05104-300x200.jpg.webp 300w, https:\/\/tjt.travelblox.eu\/wp-content\/smush-webp\/sites\/78\/2024\/09\/DSC05104-768x512.jpg.webp 768w, https:\/\/tjt.travelblox.eu\/wp-content\/smush-webp\/sites\/78\/2024\/09\/DSC05104-18x12.jpg.webp 18w' sizes=\"auto, (max-width: 1024px) 100vw, 1024px\" loading='lazy' decoding='async' data-smush-webp-fallback=\"{&quot;src&quot;:&quot;https:\\\/\\\/tjt.travelblox.eu\\\/wp-content\\\/uploads\\\/sites\\\/78\\\/2024\\\/09\\\/DSC05104.jpg&quot;,&quot;srcset&quot;:&quot;https:\\\/\\\/tjt.travelblox.eu\\\/wp-content\\\/uploads\\\/sites\\\/78\\\/2024\\\/09\\\/DSC05104.jpg 1024w, https:\\\/\\\/tjt.travelblox.eu\\\/wp-content\\\/uploads\\\/sites\\\/78\\\/2024\\\/09\\\/DSC05104-300x200.jpg 300w, https:\\\/\\\/tjt.travelblox.eu\\\/wp-content\\\/uploads\\\/sites\\\/78\\\/2024\\\/09\\\/DSC05104-768x512.jpg 768w, https:\\\/\\\/tjt.travelblox.eu\\\/wp-content\\\/uploads\\\/sites\\\/78\\\/2024\\\/09\\\/DSC05104-18x12.jpg 18w&quot;}\">\t\t\t\t\t\t\t\t<\/div>\n\t\t\t\t\t\t\t<\/li>\n\t\t\t\t\t\t\t\t\t\t\t\t\t<li class=\"slide\">\n\t\t\t\t\t\t\t\t<div class=\"tb-popup-trigger\">\n\t\t\t\t\t\t\t\t\t<img src='https:\/\/tjt.travelblox.eu\/wp-content\/smush-webp\/sites\/78\/2024\/09\/JT23_RoyMosterd_LR_4152038-min-scaled.jpg.webp' width='2560' height='1920' alt='Jordan Trail' srcset='https:\/\/tjt.travelblox.eu\/wp-content\/smush-webp\/sites\/78\/2024\/09\/JT23_RoyMosterd_LR_4152038-min-scaled.jpg.webp 2560w, https:\/\/tjt.travelblox.eu\/wp-content\/smush-webp\/sites\/78\/2024\/09\/JT23_RoyMosterd_LR_4152038-min-300x225.jpg.webp 300w, https:\/\/tjt.travelblox.eu\/wp-content\/smush-webp\/sites\/78\/2024\/09\/JT23_RoyMosterd_LR_4152038-min-1024x768.jpg.webp 1024w, https:\/\/tjt.travelblox.eu\/wp-content\/smush-webp\/sites\/78\/2024\/09\/JT23_RoyMosterd_LR_4152038-min-768x576.jpg.webp 768w, https:\/\/tjt.travelblox.eu\/wp-content\/smush-webp\/sites\/78\/2024\/09\/JT23_RoyMosterd_LR_4152038-min-1536x1152.jpg.webp 1536w, https:\/\/tjt.travelblox.eu\/wp-content\/smush-webp\/sites\/78\/2024\/09\/JT23_RoyMosterd_LR_4152038-min-2048x1536.jpg.webp 2048w, https:\/\/tjt.travelblox.eu\/wp-content\/smush-webp\/sites\/78\/2024\/09\/JT23_RoyMosterd_LR_4152038-min-16x12.jpg.webp 16w' sizes=\"auto, (max-width: 2560px) 100vw, 2560px\" loading='lazy' decoding='async' data-smush-webp-fallback=\"{&quot;src&quot;:&quot;https:\\\/\\\/tjt.travelblox.eu\\\/wp-content\\\/uploads\\\/sites\\\/78\\\/2024\\\/09\\\/JT23_RoyMosterd_LR_4152038-min-scaled.jpg&quot;,&quot;srcset&quot;:&quot;https:\\\/\\\/tjt.travelblox.eu\\\/wp-content\\\/uploads\\\/sites\\\/78\\\/2024\\\/09\\\/JT23_RoyMosterd_LR_4152038-min-scaled.jpg 2560w, https:\\\/\\\/tjt.travelblox.eu\\\/wp-content\\\/uploads\\\/sites\\\/78\\\/2024\\\/09\\\/JT23_RoyMosterd_LR_4152038-min-300x225.jpg 300w, https:\\\/\\\/tjt.travelblox.eu\\\/wp-content\\\/uploads\\\/sites\\\/78\\\/2024\\\/09\\\/JT23_RoyMosterd_LR_4152038-min-1024x768.jpg 1024w, https:\\\/\\\/tjt.travelblox.eu\\\/wp-content\\\/uploads\\\/sites\\\/78\\\/2024\\\/09\\\/JT23_RoyMosterd_LR_4152038-min-768x576.jpg 768w, https:\\\/\\\/tjt.travelblox.eu\\\/wp-content\\\/uploads\\\/sites\\\/78\\\/2024\\\/09\\\/JT23_RoyMosterd_LR_4152038-min-1536x1152.jpg 1536w, https:\\\/\\\/tjt.travelblox.eu\\\/wp-content\\\/uploads\\\/sites\\\/78\\\/2024\\\/09\\\/JT23_RoyMosterd_LR_4152038-min-2048x1536.jpg 2048w, https:\\\/\\\/tjt.travelblox.eu\\\/wp-content\\\/uploads\\\/sites\\\/78\\\/2024\\\/09\\\/JT23_RoyMosterd_LR_4152038-min-16x12.jpg 16w&quot;}\">\t\t\t\t\t\t\t\t<\/div>\n\t\t\t\t\t\t\t<\/li>\n\t\t\t\t\t\t\t\t\t\t\t\t\t<li class=\"slide\">\n\t\t\t\t\t\t\t\t<div class=\"tb-popup-trigger\">\n\t\t\t\t\t\t\t\t\t<img src='https:\/\/tjt.travelblox.eu\/wp-content\/smush-webp\/sites\/78\/2024\/09\/TJT23_EvyVanNispen_LR-89-min.jpg.webp' width='2500' height='1667' alt='Jordan Trail, Petra' srcset='https:\/\/tjt.travelblox.eu\/wp-content\/smush-webp\/sites\/78\/2024\/09\/TJT23_EvyVanNispen_LR-89-min.jpg.webp 2500w, https:\/\/tjt.travelblox.eu\/wp-content\/smush-webp\/sites\/78\/2024\/09\/TJT23_EvyVanNispen_LR-89-min-300x200.jpg.webp 300w, https:\/\/tjt.travelblox.eu\/wp-content\/smush-webp\/sites\/78\/2024\/09\/TJT23_EvyVanNispen_LR-89-min-1024x683.jpg.webp 1024w, https:\/\/tjt.travelblox.eu\/wp-content\/smush-webp\/sites\/78\/2024\/09\/TJT23_EvyVanNispen_LR-89-min-768x512.jpg.webp 768w, https:\/\/tjt.travelblox.eu\/wp-content\/smush-webp\/sites\/78\/2024\/09\/TJT23_EvyVanNispen_LR-89-min-1536x1024.jpg.webp 1536w, https:\/\/tjt.travelblox.eu\/wp-content\/smush-webp\/sites\/78\/2024\/09\/TJT23_EvyVanNispen_LR-89-min-2048x1366.jpg.webp 2048w, https:\/\/tjt.travelblox.eu\/wp-content\/smush-webp\/sites\/78\/2024\/09\/TJT23_EvyVanNispen_LR-89-min-18x12.jpg.webp 18w' sizes=\"auto, (max-width: 2500px) 100vw, 2500px\" loading='lazy' decoding='async' data-smush-webp-fallback=\"{&quot;src&quot;:&quot;https:\\\/\\\/tjt.travelblox.eu\\\/wp-content\\\/uploads\\\/sites\\\/78\\\/2024\\\/09\\\/TJT23_EvyVanNispen_LR-89-min.jpg&quot;,&quot;srcset&quot;:&quot;https:\\\/\\\/tjt.travelblox.eu\\\/wp-content\\\/uploads\\\/sites\\\/78\\\/2024\\\/09\\\/TJT23_EvyVanNispen_LR-89-min.jpg 2500w, https:\\\/\\\/tjt.travelblox.eu\\\/wp-content\\\/uploads\\\/sites\\\/78\\\/2024\\\/09\\\/TJT23_EvyVanNispen_LR-89-min-300x200.jpg 300w, https:\\\/\\\/tjt.travelblox.eu\\\/wp-content\\\/uploads\\\/sites\\\/78\\\/2024\\\/09\\\/TJT23_EvyVanNispen_LR-89-min-1024x683.jpg 1024w, https:\\\/\\\/tjt.travelblox.eu\\\/wp-content\\\/uploads\\\/sites\\\/78\\\/2024\\\/09\\\/TJT23_EvyVanNispen_LR-89-min-768x512.jpg 768w, https:\\\/\\\/tjt.travelblox.eu\\\/wp-content\\\/uploads\\\/sites\\\/78\\\/2024\\\/09\\\/TJT23_EvyVanNispen_LR-89-min-1536x1024.jpg 1536w, https:\\\/\\\/tjt.travelblox.eu\\\/wp-content\\\/uploads\\\/sites\\\/78\\\/2024\\\/09\\\/TJT23_EvyVanNispen_LR-89-min-2048x1366.jpg 2048w, https:\\\/\\\/tjt.travelblox.eu\\\/wp-content\\\/uploads\\\/sites\\\/78\\\/2024\\\/09\\\/TJT23_EvyVanNispen_LR-89-min-18x12.jpg 18w&quot;}\">\t\t\t\t\t\t\t\t<\/div>\n\t\t\t\t\t\t\t<\/li>\n\t\t\t\t\t\t\t\t\t\t\t\t\t\t\t<\/ul>\n\t\t\t\t\t\t<div class=\"tb-popup tb-popup--open-clicked-image\">\n\t\t\t\t<div class=\"tb-gallery-popup\">\n\t\t\t\t\t<div class=\"tb-image-part\">\n\t\t\t\t\t\t\t\t<div class=\"inner-block-full-width has-tb-carousel tb-carousel-slider\" >\n\t\t<div class=\"tb-carousel-container\">\n\t\t\t<div class=\"entries tb-cards\" data-slider-first=\"2\">\n\t\t\t\t\t\t\t<div class=\"entry\">\n\t\t\t<div class=\"tb-image-part\">\n\t\t\t\t<figure>\n\t\t\t\t\t<img src='https:\/\/tjt.travelblox.eu\/wp-content\/smush-webp\/sites\/78\/2024\/09\/DSC05104.jpg.webp' width='1024' height='683' alt='Jordan Trail, Petra, Wadi Musa en Jordanie' srcset='https:\/\/tjt.travelblox.eu\/wp-content\/smush-webp\/sites\/78\/2024\/09\/DSC05104.jpg.webp 1024w, https:\/\/tjt.travelblox.eu\/wp-content\/smush-webp\/sites\/78\/2024\/09\/DSC05104-300x200.jpg.webp 300w, https:\/\/tjt.travelblox.eu\/wp-content\/smush-webp\/sites\/78\/2024\/09\/DSC05104-768x512.jpg.webp 768w, https:\/\/tjt.travelblox.eu\/wp-content\/smush-webp\/sites\/78\/2024\/09\/DSC05104-18x12.jpg.webp 18w' sizes=\"auto, (max-width: 1024px) 100vw, 1024px\" loading='lazy' decoding='async' data-smush-webp-fallback=\"{&quot;src&quot;:&quot;https:\\\/\\\/tjt.travelblox.eu\\\/wp-content\\\/uploads\\\/sites\\\/78\\\/2024\\\/09\\\/DSC05104.jpg&quot;,&quot;srcset&quot;:&quot;https:\\\/\\\/tjt.travelblox.eu\\\/wp-content\\\/uploads\\\/sites\\\/78\\\/2024\\\/09\\\/DSC05104.jpg 1024w, https:\\\/\\\/tjt.travelblox.eu\\\/wp-content\\\/uploads\\\/sites\\\/78\\\/2024\\\/09\\\/DSC05104-300x200.jpg 300w, https:\\\/\\\/tjt.travelblox.eu\\\/wp-content\\\/uploads\\\/sites\\\/78\\\/2024\\\/09\\\/DSC05104-768x512.jpg 768w, https:\\\/\\\/tjt.travelblox.eu\\\/wp-content\\\/uploads\\\/sites\\\/78\\\/2024\\\/09\\\/DSC05104-18x12.jpg 18w&quot;}\">\t\t\t\t\t\t\t\t\t<\/figure>\n\t\t\t<\/div>\n\t\t<\/div>\n\t\t\t<div class=\"entry\">\n\t\t\t<div class=\"tb-image-part\">\n\t\t\t\t<figure>\n\t\t\t\t\t<img src='https:\/\/tjt.travelblox.eu\/wp-content\/smush-webp\/sites\/78\/2024\/09\/JT23_RoyMosterd_LR_4152038-min-scaled.jpg.webp' width='2560' height='1920' alt='Jordan Trail' srcset='https:\/\/tjt.travelblox.eu\/wp-content\/smush-webp\/sites\/78\/2024\/09\/JT23_RoyMosterd_LR_4152038-min-scaled.jpg.webp 2560w, https:\/\/tjt.travelblox.eu\/wp-content\/smush-webp\/sites\/78\/2024\/09\/JT23_RoyMosterd_LR_4152038-min-300x225.jpg.webp 300w, https:\/\/tjt.travelblox.eu\/wp-content\/smush-webp\/sites\/78\/2024\/09\/JT23_RoyMosterd_LR_4152038-min-1024x768.jpg.webp 1024w, https:\/\/tjt.travelblox.eu\/wp-content\/smush-webp\/sites\/78\/2024\/09\/JT23_RoyMosterd_LR_4152038-min-768x576.jpg.webp 768w, https:\/\/tjt.travelblox.eu\/wp-content\/smush-webp\/sites\/78\/2024\/09\/JT23_RoyMosterd_LR_4152038-min-1536x1152.jpg.webp 1536w, https:\/\/tjt.travelblox.eu\/wp-content\/smush-webp\/sites\/78\/2024\/09\/JT23_RoyMosterd_LR_4152038-min-2048x1536.jpg.webp 2048w, https:\/\/tjt.travelblox.eu\/wp-content\/smush-webp\/sites\/78\/2024\/09\/JT23_RoyMosterd_LR_4152038-min-16x12.jpg.webp 16w' sizes=\"auto, (max-width: 2560px) 100vw, 2560px\" loading='lazy' decoding='async' data-smush-webp-fallback=\"{&quot;src&quot;:&quot;https:\\\/\\\/tjt.travelblox.eu\\\/wp-content\\\/uploads\\\/sites\\\/78\\\/2024\\\/09\\\/JT23_RoyMosterd_LR_4152038-min-scaled.jpg&quot;,&quot;srcset&quot;:&quot;https:\\\/\\\/tjt.travelblox.eu\\\/wp-content\\\/uploads\\\/sites\\\/78\\\/2024\\\/09\\\/JT23_RoyMosterd_LR_4152038-min-scaled.jpg 2560w, https:\\\/\\\/tjt.travelblox.eu\\\/wp-content\\\/uploads\\\/sites\\\/78\\\/2024\\\/09\\\/JT23_RoyMosterd_LR_4152038-min-300x225.jpg 300w, https:\\\/\\\/tjt.travelblox.eu\\\/wp-content\\\/uploads\\\/sites\\\/78\\\/2024\\\/09\\\/JT23_RoyMosterd_LR_4152038-min-1024x768.jpg 1024w, https:\\\/\\\/tjt.travelblox.eu\\\/wp-content\\\/uploads\\\/sites\\\/78\\\/2024\\\/09\\\/JT23_RoyMosterd_LR_4152038-min-768x576.jpg 768w, https:\\\/\\\/tjt.travelblox.eu\\\/wp-content\\\/uploads\\\/sites\\\/78\\\/2024\\\/09\\\/JT23_RoyMosterd_LR_4152038-min-1536x1152.jpg 1536w, https:\\\/\\\/tjt.travelblox.eu\\\/wp-content\\\/uploads\\\/sites\\\/78\\\/2024\\\/09\\\/JT23_RoyMosterd_LR_4152038-min-2048x1536.jpg 2048w, https:\\\/\\\/tjt.travelblox.eu\\\/wp-content\\\/uploads\\\/sites\\\/78\\\/2024\\\/09\\\/JT23_RoyMosterd_LR_4152038-min-16x12.jpg 16w&quot;}\">\t\t\t\t\t\t\t\t\t<\/figure>\n\t\t\t<\/div>\n\t\t<\/div>\n\t\t\t<div class=\"entry\">\n\t\t\t<div class=\"tb-image-part\">\n\t\t\t\t<figure>\n\t\t\t\t\t<img src='https:\/\/tjt.travelblox.eu\/wp-content\/smush-webp\/sites\/78\/2024\/09\/TJT23_EvyVanNispen_LR-89-min.jpg.webp' width='2500' height='1667' alt='Jordan Trail, Petra' srcset='https:\/\/tjt.travelblox.eu\/wp-content\/smush-webp\/sites\/78\/2024\/09\/TJT23_EvyVanNispen_LR-89-min.jpg.webp 2500w, https:\/\/tjt.travelblox.eu\/wp-content\/smush-webp\/sites\/78\/2024\/09\/TJT23_EvyVanNispen_LR-89-min-300x200.jpg.webp 300w, https:\/\/tjt.travelblox.eu\/wp-content\/smush-webp\/sites\/78\/2024\/09\/TJT23_EvyVanNispen_LR-89-min-1024x683.jpg.webp 1024w, https:\/\/tjt.travelblox.eu\/wp-content\/smush-webp\/sites\/78\/2024\/09\/TJT23_EvyVanNispen_LR-89-min-768x512.jpg.webp 768w, https:\/\/tjt.travelblox.eu\/wp-content\/smush-webp\/sites\/78\/2024\/09\/TJT23_EvyVanNispen_LR-89-min-1536x1024.jpg.webp 1536w, https:\/\/tjt.travelblox.eu\/wp-content\/smush-webp\/sites\/78\/2024\/09\/TJT23_EvyVanNispen_LR-89-min-2048x1366.jpg.webp 2048w, https:\/\/tjt.travelblox.eu\/wp-content\/smush-webp\/sites\/78\/2024\/09\/TJT23_EvyVanNispen_LR-89-min-18x12.jpg.webp 18w' sizes=\"auto, (max-width: 2500px) 100vw, 2500px\" loading='lazy' decoding='async' data-smush-webp-fallback=\"{&quot;src&quot;:&quot;https:\\\/\\\/tjt.travelblox.eu\\\/wp-content\\\/uploads\\\/sites\\\/78\\\/2024\\\/09\\\/TJT23_EvyVanNispen_LR-89-min.jpg&quot;,&quot;srcset&quot;:&quot;https:\\\/\\\/tjt.travelblox.eu\\\/wp-content\\\/uploads\\\/sites\\\/78\\\/2024\\\/09\\\/TJT23_EvyVanNispen_LR-89-min.jpg 2500w, https:\\\/\\\/tjt.travelblox.eu\\\/wp-content\\\/uploads\\\/sites\\\/78\\\/2024\\\/09\\\/TJT23_EvyVanNispen_LR-89-min-300x200.jpg 300w, https:\\\/\\\/tjt.travelblox.eu\\\/wp-content\\\/uploads\\\/sites\\\/78\\\/2024\\\/09\\\/TJT23_EvyVanNispen_LR-89-min-1024x683.jpg 1024w, https:\\\/\\\/tjt.travelblox.eu\\\/wp-content\\\/uploads\\\/sites\\\/78\\\/2024\\\/09\\\/TJT23_EvyVanNispen_LR-89-min-768x512.jpg 768w, https:\\\/\\\/tjt.travelblox.eu\\\/wp-content\\\/uploads\\\/sites\\\/78\\\/2024\\\/09\\\/TJT23_EvyVanNispen_LR-89-min-1536x1024.jpg 1536w, https:\\\/\\\/tjt.travelblox.eu\\\/wp-content\\\/uploads\\\/sites\\\/78\\\/2024\\\/09\\\/TJT23_EvyVanNispen_LR-89-min-2048x1366.jpg 2048w, https:\\\/\\\/tjt.travelblox.eu\\\/wp-content\\\/uploads\\\/sites\\\/78\\\/2024\\\/09\\\/TJT23_EvyVanNispen_LR-89-min-18x12.jpg 18w&quot;}\">\t\t\t\t\t\t\t\t\t<\/figure>\n\t\t\t<\/div>\n\t\t<\/div>\n\t\t\t\t\t<\/div>\n\t\t\t\t<div class=\"tb-carousel-nav\">\n\t\t<div class=\"dots\">\n\t\t\t<div class=\"dot active\"><\/div>\n\t\t\t<div class=\"dot\"><\/div>\n\t\t\t<div class=\"dot\"><\/div>\n\t\t<\/div>\n\t\t<div class=\"arrows\">\n\t\t\t<div class=\"prev disabled\">\n\t\t\t\t<span><i class=\"fa fa-chevron-left\"><\/i><\/span>\n\t\t\t<\/div>\n\t\t\t<div class=\"next\">\n\t\t\t\t<span><i class=\"fa fa-chevron-right\"><\/i><\/span>\n\t\t\t<\/div>\n\t\t<\/div>\n\t<\/div>\n\t\t\t<\/div>\n\t<\/div>\n\t\t\t\t\t\t\t<\/div>\n\t\t\t\t<\/div>\n\t\t\t<\/div>\n\t\t<\/div>\n\t\t<div class=\"mobile\">\n\t\t\t<div class=\"tb-image-part\">\n\t\t\t\t\t\t<div class=\"inner-block-full-width has-tb-carousel tb-carousel-slider\" >\n\t\t<div class=\"tb-carousel-container\">\n\t\t\t<div class=\"entries tb-cards\" data-slider-first=\"0\">\n\t\t\t\t\t\t\t<div class=\"entry\">\n\t\t\t<div class=\"tb-image-part\">\n\t\t\t\t<figure>\n\t\t\t\t\t<img src='https:\/\/tjt.travelblox.eu\/wp-content\/smush-webp\/sites\/78\/2024\/09\/DSC05104-768x512.jpg.webp' width='768' height='512' alt='Jordan Trail, Petra, Wadi Musa en Jordanie' srcset='https:\/\/tjt.travelblox.eu\/wp-content\/smush-webp\/sites\/78\/2024\/09\/DSC05104-768x512.jpg.webp 768w, https:\/\/tjt.travelblox.eu\/wp-content\/smush-webp\/sites\/78\/2024\/09\/DSC05104-300x200.jpg.webp 300w, https:\/\/tjt.travelblox.eu\/wp-content\/smush-webp\/sites\/78\/2024\/09\/DSC05104-18x12.jpg.webp 18w, https:\/\/tjt.travelblox.eu\/wp-content\/smush-webp\/sites\/78\/2024\/09\/DSC05104.jpg.webp 1024w' sizes=\"auto, (max-width: 768px) 100vw, 768px\" loading='lazy' decoding='async' data-smush-webp-fallback=\"{&quot;src&quot;:&quot;https:\\\/\\\/tjt.travelblox.eu\\\/wp-content\\\/uploads\\\/sites\\\/78\\\/2024\\\/09\\\/DSC05104-768x512.jpg&quot;,&quot;srcset&quot;:&quot;https:\\\/\\\/tjt.travelblox.eu\\\/wp-content\\\/uploads\\\/sites\\\/78\\\/2024\\\/09\\\/DSC05104-768x512.jpg 768w, https:\\\/\\\/tjt.travelblox.eu\\\/wp-content\\\/uploads\\\/sites\\\/78\\\/2024\\\/09\\\/DSC05104-300x200.jpg 300w, https:\\\/\\\/tjt.travelblox.eu\\\/wp-content\\\/uploads\\\/sites\\\/78\\\/2024\\\/09\\\/DSC05104-18x12.jpg 18w, https:\\\/\\\/tjt.travelblox.eu\\\/wp-content\\\/uploads\\\/sites\\\/78\\\/2024\\\/09\\\/DSC05104.jpg 1024w&quot;}\">\t\t\t\t\t\t\t\t\t<\/figure>\n\t\t\t<\/div>\n\t\t<\/div>\n\t\t\t<div class=\"entry\">\n\t\t\t<div class=\"tb-image-part\">\n\t\t\t\t<figure>\n\t\t\t\t\t<img src='https:\/\/tjt.travelblox.eu\/wp-content\/smush-webp\/sites\/78\/2024\/09\/JT23_RoyMosterd_LR_4152038-min-768x576.jpg.webp' width='768' height='576' alt='Jordan Trail' srcset='https:\/\/tjt.travelblox.eu\/wp-content\/smush-webp\/sites\/78\/2024\/09\/JT23_RoyMosterd_LR_4152038-min-768x576.jpg.webp 768w, https:\/\/tjt.travelblox.eu\/wp-content\/smush-webp\/sites\/78\/2024\/09\/JT23_RoyMosterd_LR_4152038-min-300x225.jpg.webp 300w, https:\/\/tjt.travelblox.eu\/wp-content\/smush-webp\/sites\/78\/2024\/09\/JT23_RoyMosterd_LR_4152038-min-1024x768.jpg.webp 1024w, https:\/\/tjt.travelblox.eu\/wp-content\/smush-webp\/sites\/78\/2024\/09\/JT23_RoyMosterd_LR_4152038-min-1536x1152.jpg.webp 1536w, https:\/\/tjt.travelblox.eu\/wp-content\/smush-webp\/sites\/78\/2024\/09\/JT23_RoyMosterd_LR_4152038-min-2048x1536.jpg.webp 2048w, https:\/\/tjt.travelblox.eu\/wp-content\/smush-webp\/sites\/78\/2024\/09\/JT23_RoyMosterd_LR_4152038-min-16x12.jpg.webp 16w' sizes=\"auto, (max-width: 768px) 100vw, 768px\" loading='lazy' decoding='async' data-smush-webp-fallback=\"{&quot;src&quot;:&quot;https:\\\/\\\/tjt.travelblox.eu\\\/wp-content\\\/uploads\\\/sites\\\/78\\\/2024\\\/09\\\/JT23_RoyMosterd_LR_4152038-min-768x576.jpg&quot;,&quot;srcset&quot;:&quot;https:\\\/\\\/tjt.travelblox.eu\\\/wp-content\\\/uploads\\\/sites\\\/78\\\/2024\\\/09\\\/JT23_RoyMosterd_LR_4152038-min-768x576.jpg 768w, https:\\\/\\\/tjt.travelblox.eu\\\/wp-content\\\/uploads\\\/sites\\\/78\\\/2024\\\/09\\\/JT23_RoyMosterd_LR_4152038-min-300x225.jpg 300w, https:\\\/\\\/tjt.travelblox.eu\\\/wp-content\\\/uploads\\\/sites\\\/78\\\/2024\\\/09\\\/JT23_RoyMosterd_LR_4152038-min-1024x768.jpg 1024w, https:\\\/\\\/tjt.travelblox.eu\\\/wp-content\\\/uploads\\\/sites\\\/78\\\/2024\\\/09\\\/JT23_RoyMosterd_LR_4152038-min-1536x1152.jpg 1536w, https:\\\/\\\/tjt.travelblox.eu\\\/wp-content\\\/uploads\\\/sites\\\/78\\\/2024\\\/09\\\/JT23_RoyMosterd_LR_4152038-min-2048x1536.jpg 2048w, https:\\\/\\\/tjt.travelblox.eu\\\/wp-content\\\/uploads\\\/sites\\\/78\\\/2024\\\/09\\\/JT23_RoyMosterd_LR_4152038-min-16x12.jpg 16w&quot;}\">\t\t\t\t\t\t\t\t\t<\/figure>\n\t\t\t<\/div>\n\t\t<\/div>\n\t\t\t<div class=\"entry\">\n\t\t\t<div class=\"tb-image-part\">\n\t\t\t\t<figure>\n\t\t\t\t\t<img src='https:\/\/tjt.travelblox.eu\/wp-content\/smush-webp\/sites\/78\/2024\/09\/TJT23_EvyVanNispen_LR-89-min-768x512.jpg.webp' width='768' height='512' alt='Jordan Trail, Petra' srcset='https:\/\/tjt.travelblox.eu\/wp-content\/smush-webp\/sites\/78\/2024\/09\/TJT23_EvyVanNispen_LR-89-min-768x512.jpg.webp 768w, https:\/\/tjt.travelblox.eu\/wp-content\/smush-webp\/sites\/78\/2024\/09\/TJT23_EvyVanNispen_LR-89-min-300x200.jpg.webp 300w, https:\/\/tjt.travelblox.eu\/wp-content\/smush-webp\/sites\/78\/2024\/09\/TJT23_EvyVanNispen_LR-89-min-1024x683.jpg.webp 1024w, https:\/\/tjt.travelblox.eu\/wp-content\/smush-webp\/sites\/78\/2024\/09\/TJT23_EvyVanNispen_LR-89-min-1536x1024.jpg.webp 1536w, https:\/\/tjt.travelblox.eu\/wp-content\/smush-webp\/sites\/78\/2024\/09\/TJT23_EvyVanNispen_LR-89-min-2048x1366.jpg.webp 2048w, https:\/\/tjt.travelblox.eu\/wp-content\/smush-webp\/sites\/78\/2024\/09\/TJT23_EvyVanNispen_LR-89-min-18x12.jpg.webp 18w' sizes=\"auto, (max-width: 768px) 100vw, 768px\" loading='lazy' decoding='async' data-smush-webp-fallback=\"{&quot;src&quot;:&quot;https:\\\/\\\/tjt.travelblox.eu\\\/wp-content\\\/uploads\\\/sites\\\/78\\\/2024\\\/09\\\/TJT23_EvyVanNispen_LR-89-min-768x512.jpg&quot;,&quot;srcset&quot;:&quot;https:\\\/\\\/tjt.travelblox.eu\\\/wp-content\\\/uploads\\\/sites\\\/78\\\/2024\\\/09\\\/TJT23_EvyVanNispen_LR-89-min-768x512.jpg 768w, https:\\\/\\\/tjt.travelblox.eu\\\/wp-content\\\/uploads\\\/sites\\\/78\\\/2024\\\/09\\\/TJT23_EvyVanNispen_LR-89-min-300x200.jpg 300w, https:\\\/\\\/tjt.travelblox.eu\\\/wp-content\\\/uploads\\\/sites\\\/78\\\/2024\\\/09\\\/TJT23_EvyVanNispen_LR-89-min-1024x683.jpg 1024w, https:\\\/\\\/tjt.travelblox.eu\\\/wp-content\\\/uploads\\\/sites\\\/78\\\/2024\\\/09\\\/TJT23_EvyVanNispen_LR-89-min-1536x1024.jpg 1536w, https:\\\/\\\/tjt.travelblox.eu\\\/wp-content\\\/uploads\\\/sites\\\/78\\\/2024\\\/09\\\/TJT23_EvyVanNispen_LR-89-min-2048x1366.jpg 2048w, https:\\\/\\\/tjt.travelblox.eu\\\/wp-content\\\/uploads\\\/sites\\\/78\\\/2024\\\/09\\\/TJT23_EvyVanNispen_LR-89-min-18x12.jpg 18w&quot;}\">\t\t\t\t\t\t\t\t\t<\/figure>\n\t\t\t<\/div>\n\t\t<\/div>\n\t\t\t\t\t<\/div>\n\t\t\t\t<div class=\"tb-carousel-nav\">\n\t\t<div class=\"dots\">\n\t\t\t<div class=\"dot active\"><\/div>\n\t\t\t<div class=\"dot\"><\/div>\n\t\t\t<div class=\"dot\"><\/div>\n\t\t<\/div>\n\t\t<div class=\"arrows\">\n\t\t\t<div class=\"prev disabled\">\n\t\t\t\t<span><i class=\"fa fa-chevron-left\"><\/i><\/span>\n\t\t\t<\/div>\n\t\t\t<div class=\"next\">\n\t\t\t\t<span><i class=\"fa fa-chevron-right\"><\/i><\/span>\n\t\t\t<\/div>\n\t\t<\/div>\n\t<\/div>\n\t\t\t<\/div>\n\t<\/div>\n\t\t\t\t\t<\/div>\n\t\t<\/div>\n\t<\/div>\n<\/div>\n\n\n\n\n\n<div class=\"tb-highlights tb-block align-center background-light pattern-none variant-none tb-collapsible-margins\" id=\"options\">\n\t<div class=\"inner-block tb-fade-in tb-fade-in--subtle\">\n\t\t<div class=\"text-part\">\n\t\t\t<h2>Options<\/h2>\n\t\t\t\t<div class=\"translation-block\"><p>Lors de votre r\u00e9servation, vous pouvez choisir d'ajouter les options suivantes \u00e0 votre randonn\u00e9e en Jordanie.<\/p><\/div>\n\t\t\t\t\t<div class=\"section-toggler\">\n\t\t<div class=\"section-toggler__inner\">\n\t\t\t<div class=\"section-toggler__toggles-wrapper\">\n\t\t\t\t<div class=\"section-toggler__toggles\">\n\t\t\t\t\t\t\t\t\t\t\t<input type=\"radio\" name=\"options-section\" value=\"options-section-0\" id=\"options-section-0-label\" checked class=\"\" \/>\n\t\t\t\t\t\t<label for=\"options-section-0-label\" data-target-id=\"options-section-0\" class=\"\">\n\t\t\t\t\t\t\tMat\u00e9riel\t\t\t\t\t\t\t\t\t\t\t\t\t<\/label>\n\t\t\t\t\t\t\t\t\t\t\t<input type=\"radio\" name=\"options-section\" value=\"options-section-1\" id=\"options-section-1-label\"  class=\"\" \/>\n\t\t\t\t\t\t<label for=\"options-section-1-label\" data-target-id=\"options-section-1\" class=\"\">\n\t\t\t\t\t\t\tH\u00e9bergement\t\t\t\t\t\t\t\t\t\t\t\t\t<\/label>\n\t\t\t\t\t\t\t\t\t\t\t<input type=\"radio\" name=\"options-section\" value=\"options-section-2\" id=\"options-section-2-label\"  class=\"\" \/>\n\t\t\t\t\t\t<label for=\"options-section-2-label\" data-target-id=\"options-section-2\" class=\"\">\n\t\t\t\t\t\t\tTransport\t\t\t\t\t\t\t\t\t\t\t\t\t<\/label>\n\t\t\t\t\t\t\t\t\t\t\t<input type=\"radio\" name=\"options-section\" value=\"options-section-3\" id=\"options-section-3-label\"  class=\"\" \/>\n\t\t\t\t\t\t<label for=\"options-section-3-label\" data-target-id=\"options-section-3\" class=\"\">\n\t\t\t\t\t\t\tNourriture\t\t\t\t\t\t\t\t\t\t\t\t\t<\/label>\n\t\t\t\t\t\t\t\t\t\t\t<input type=\"radio\" name=\"options-section\" value=\"options-section-4\" id=\"options-section-4-label\"  class=\"\" \/>\n\t\t\t\t\t\t<label for=\"options-section-4-label\" data-target-id=\"options-section-4\" class=\"\">\n\t\t\t\t\t\t\tPetra\t\t\t\t\t\t\t\t\t\t\t\t\t<\/label>\n\t\t\t\t\t\t\t\t\t\t\t<input type=\"radio\" name=\"options-section\" value=\"options-section-5\" id=\"options-section-5-label\"  class=\"\" \/>\n\t\t\t\t\t\t<label for=\"options-section-5-label\" data-target-id=\"options-section-5\" class=\"\">\n\t\t\t\t\t\t\tAssurances\t\t\t\t\t\t\t\t\t\t\t\t\t<\/label>\n\t\t\t\t\t\t\t\t\t<\/div>\n\t\t\t<\/div>\n\t\t<\/div>\n\t<\/div>\n\t\t\t<\/div>\n\t<\/div>\n\t\t\t<div class=\"tb-sections tb-fade-in tb-fade-in--subtle\">\n\t\t\t\t\t\t\t\t\t\t\t\t\t<div class=\"inner-block-full-width has-tb-carousel tb-section\" id=\"options-section-0\">\n\t\t<div class=\"tb-carousel-container\">\n\t\t\t<div class=\"entries tb-cards\" data-slider-first=\"1\">\n\t\t\t\t\t\t\t\t\t\t\t\t\t\t\t<div class=\"tb-card entry tb-popup-trigger desktop-only-popup\">\n\t\t\t\t\t\t\t<div class=\"tb-image-part desktop\">\n\t\t\t\t\t\t\t\t<img src='https:\/\/tjt.travelblox.eu\/wp-content\/smush-webp\/sites\/78\/2024\/01\/TJT22_TamaraBalvers_-060-e1705657707400.jpg.webp' width='800' height='600' alt='Jordan Trail, Petra' loading='lazy' decoding='async' data-smush-webp-fallback='{&quot;src&quot;:&quot;https:\\\/\\\/tjt.travelblox.eu\\\/wp-content\\\/uploads\\\/sites\\\/78\\\/2024\\\/01\\\/TJT22_TamaraBalvers_-060-e1705657707400.jpg&quot;}'>\t\t\t\t\t\t\t\t\t\t\t\t\t\t\t\t\t\t\t\t\t\t\t\t\t<div class=\"price tiny-body-font desktop translation-block\"><p>\u00c0 partir de 49 \u20ac<\/p><\/div>\t\t\t\t\t\t\t<\/div>\n\t\t\t\t\t\t\t<div class=\"tb-image-part mobile\">\n\t\t\t\t\t\t\t\t<img src='https:\/\/tjt.travelblox.eu\/wp-content\/smush-webp\/sites\/78\/2024\/01\/TJT22_TamaraBalvers_-060-e1705657693750-768x576.jpg.webp' width='768' height='576' alt='Jordan Trail, Petra' srcset='https:\/\/tjt.travelblox.eu\/wp-content\/smush-webp\/sites\/78\/2024\/01\/TJT22_TamaraBalvers_-060-e1705657693750-768x576.jpg.webp 768w, https:\/\/tjt.travelblox.eu\/wp-content\/smush-webp\/sites\/78\/2024\/01\/TJT22_TamaraBalvers_-060-e1705657693750-300x225.jpg.webp 300w, https:\/\/tjt.travelblox.eu\/wp-content\/smush-webp\/sites\/78\/2024\/01\/TJT22_TamaraBalvers_-060-e1705657693750-1024x768.jpg.webp 1024w, https:\/\/tjt.travelblox.eu\/wp-content\/smush-webp\/sites\/78\/2024\/01\/TJT22_TamaraBalvers_-060-e1705657693750-16x12.jpg.webp 16w' sizes=\"auto, (max-width: 768px) 100vw, 768px\" loading='lazy' decoding='async' data-smush-webp-fallback=\"{&quot;src&quot;:&quot;https:\\\/\\\/tjt.travelblox.eu\\\/wp-content\\\/uploads\\\/sites\\\/78\\\/2024\\\/01\\\/TJT22_TamaraBalvers_-060-e1705657693750-768x576.jpg&quot;,&quot;srcset&quot;:&quot;https:\\\/\\\/tjt.travelblox.eu\\\/wp-content\\\/uploads\\\/sites\\\/78\\\/2024\\\/01\\\/TJT22_TamaraBalvers_-060-e1705657693750-768x576.jpg 768w, https:\\\/\\\/tjt.travelblox.eu\\\/wp-content\\\/uploads\\\/sites\\\/78\\\/2024\\\/01\\\/TJT22_TamaraBalvers_-060-e1705657693750-300x225.jpg 300w, https:\\\/\\\/tjt.travelblox.eu\\\/wp-content\\\/uploads\\\/sites\\\/78\\\/2024\\\/01\\\/TJT22_TamaraBalvers_-060-e1705657693750-1024x768.jpg 1024w, https:\\\/\\\/tjt.travelblox.eu\\\/wp-content\\\/uploads\\\/sites\\\/78\\\/2024\\\/01\\\/TJT22_TamaraBalvers_-060-e1705657693750-16x12.jpg 16w&quot;}\">\t\t\t\t\t\t\t\t\t\t\t\t\t\t\t<\/div>\n\t\t\t\t\t\t\t<div class=\"tb-card-content\">\n\t\t\t\t\t\t\t\t<h5>\n\t\t\t\t\t\t\t\t\t\t\t\t\t\t\t\t\t\t<span>Tente<\/span>\n\t\t\t\t\t\t\t\t<\/h5>\n\t\t\t\t\t\t\t\t\t\t\t\t\t\t\t\t\t<div class=\"price tiny-body-font mobile\"><p>\u00c0 partir de 49&nbsp;\u20ac<\/p><\/div>\t\t\t\t\t\t\t\t<div class=\"content readmore-content content--clamped\">\t<div class=\"translation-block\"><p>Vous pouvez choisir entre une tente trois saisons pour 1 personne (49 \u20ac) ou pour 2 personnes (69 \u20ac). Les tentes de 2 personnes sont r\u00e9serv\u00e9es pour les duos.&nbsp;<\/p><\/div>\n\t<\/div>\n\t\t\t\t\t\t\t\t\t\t\t\t\t\t\t\t<div class=\"readmore link js-readmore\">\n\t\t\t\t\t\t\t\t\t<span><i class=\"fa-solid fa-circle-plus\"><\/i><u>Lire la suite<\/u><\/span>\n\t\t\t\t\t\t\t\t\t<span><i class=\"fa-solid fa-circle-minus\"><\/i><u>Lire moins<\/u><\/span>\n\t\t\t\t\t\t\t\t<\/div>\n\t\t\t\t\t\t\t\t\t\t\t\t\t\t\t\t<dialog class=\"tb-popup\">\n\t\t\t\t\t\t\t\t\t<div class=\"tb-highlights-popup\">\n\t\t\t\t\t\t\t\t\t\t<div class=\"tb-image-part\">\n\t\t\t\t\t\t\t\t\t\t\t<img src='https:\/\/tjt.travelblox.eu\/wp-content\/smush-webp\/sites\/78\/2024\/01\/TJT22_TamaraBalvers_-060-e1705657693750-768x576.jpg.webp' width='768' height='576' alt='Jordan Trail, Petra' srcset='https:\/\/tjt.travelblox.eu\/wp-content\/smush-webp\/sites\/78\/2024\/01\/TJT22_TamaraBalvers_-060-e1705657693750-768x576.jpg.webp 768w, https:\/\/tjt.travelblox.eu\/wp-content\/smush-webp\/sites\/78\/2024\/01\/TJT22_TamaraBalvers_-060-e1705657693750-300x225.jpg.webp 300w, https:\/\/tjt.travelblox.eu\/wp-content\/smush-webp\/sites\/78\/2024\/01\/TJT22_TamaraBalvers_-060-e1705657693750-1024x768.jpg.webp 1024w, https:\/\/tjt.travelblox.eu\/wp-content\/smush-webp\/sites\/78\/2024\/01\/TJT22_TamaraBalvers_-060-e1705657693750-16x12.jpg.webp 16w' sizes=\"auto, (max-width: 768px) 100vw, 768px\" loading='lazy' decoding='async' data-smush-webp-fallback=\"{&quot;src&quot;:&quot;https:\\\/\\\/tjt.travelblox.eu\\\/wp-content\\\/uploads\\\/sites\\\/78\\\/2024\\\/01\\\/TJT22_TamaraBalvers_-060-e1705657693750-768x576.jpg&quot;,&quot;srcset&quot;:&quot;https:\\\/\\\/tjt.travelblox.eu\\\/wp-content\\\/uploads\\\/sites\\\/78\\\/2024\\\/01\\\/TJT22_TamaraBalvers_-060-e1705657693750-768x576.jpg 768w, https:\\\/\\\/tjt.travelblox.eu\\\/wp-content\\\/uploads\\\/sites\\\/78\\\/2024\\\/01\\\/TJT22_TamaraBalvers_-060-e1705657693750-300x225.jpg 300w, https:\\\/\\\/tjt.travelblox.eu\\\/wp-content\\\/uploads\\\/sites\\\/78\\\/2024\\\/01\\\/TJT22_TamaraBalvers_-060-e1705657693750-1024x768.jpg 1024w, https:\\\/\\\/tjt.travelblox.eu\\\/wp-content\\\/uploads\\\/sites\\\/78\\\/2024\\\/01\\\/TJT22_TamaraBalvers_-060-e1705657693750-16x12.jpg 16w&quot;}\">\t\t\t\t\t\t\t\t\t\t<\/div>\n\t\t\t\t\t\t\t\t\t\t<div class=\"tb-popup-content\">\n\t\t\t\t\t\t\t\t\t\t\t<h3>Tente<\/h3>\n\t\t\t\t\t\t\t\t\t\t\t<div class=\"content\">\t<div class=\"translation-block\"><p>Vous pouvez choisir entre une tente trois saisons pour 1 personne (49 \u20ac) ou pour 2 personnes (69 \u20ac). Les tentes de 2 personnes sont r\u00e9serv\u00e9es pour les duos.&nbsp;<\/p><\/div>\n\t<\/div>\n\t\t\t\t\t\t\t\t\t\t<\/div>\n\t\t\t\t\t\t\t\t\t<\/div>\n\t\t\t\t\t\t\t\t<\/dialog>\n\t\t\t\t\t\t\t<\/div>\n\t\t\t\t\t\t<\/div>\n\t\t\t\t\t\t\t\t\t\t\t<div class=\"tb-card entry tb-popup-trigger desktop-only-popup\">\n\t\t\t\t\t\t\t<div class=\"tb-image-part desktop\">\n\t\t\t\t\t\t\t\t<img src='https:\/\/tjt.travelblox.eu\/wp-content\/smush-webp\/sites\/78\/2024\/01\/Jordanie-Jordan-Trail-Travelbase-\u00a9-Trekking-et-Voyage-175625-scaled-e1705667933827.jpg.webp' width='800' height='600' alt='Jordan Trail, Petra, Wadi Musa' loading='lazy' decoding='async' data-smush-webp-fallback='{&quot;src&quot;:&quot;https:\\\/\\\/tjt.travelblox.eu\\\/wp-content\\\/uploads\\\/sites\\\/78\\\/2024\\\/01\\\/Jordanie-Jordan-Trail-Travelbase-\\u00a9-Trekking-et-Voyage-175625-scaled-e1705667933827.jpg&quot;}'>\t\t\t\t\t\t\t\t\t\t\t\t\t\t\t\t\t\t\t\t\t\t\t\t\t<div class=\"price tiny-body-font desktop translation-block\"><p>40&nbsp;\u20ac par personne<\/p><\/div>\t\t\t\t\t\t\t<\/div>\n\t\t\t\t\t\t\t<div class=\"tb-image-part mobile\">\n\t\t\t\t\t\t\t\t<img src='https:\/\/tjt.travelblox.eu\/wp-content\/smush-webp\/sites\/78\/2024\/01\/Jordanie-Jordan-Trail-Travelbase-\u00a9-Trekking-et-Voyage-175625-768x576.jpg.webp' width='768' height='576' alt='Jordan Trail, Petra, Wadi Musa' srcset='https:\/\/tjt.travelblox.eu\/wp-content\/smush-webp\/sites\/78\/2024\/01\/Jordanie-Jordan-Trail-Travelbase-\u00a9-Trekking-et-Voyage-175625-768x576.jpg.webp 768w, https:\/\/tjt.travelblox.eu\/wp-content\/smush-webp\/sites\/78\/2024\/01\/Jordanie-Jordan-Trail-Travelbase-\u00a9-Trekking-et-Voyage-175625-300x225.jpg.webp 300w, https:\/\/tjt.travelblox.eu\/wp-content\/smush-webp\/sites\/78\/2024\/01\/Jordanie-Jordan-Trail-Travelbase-\u00a9-Trekking-et-Voyage-175625-1024x768.jpg.webp 1024w, https:\/\/tjt.travelblox.eu\/wp-content\/smush-webp\/sites\/78\/2024\/01\/Jordanie-Jordan-Trail-Travelbase-\u00a9-Trekking-et-Voyage-175625-1536x1152.jpg.webp 1536w, https:\/\/tjt.travelblox.eu\/wp-content\/smush-webp\/sites\/78\/2024\/01\/Jordanie-Jordan-Trail-Travelbase-\u00a9-Trekking-et-Voyage-175625-2048x1536.jpg.webp 2048w, https:\/\/tjt.travelblox.eu\/wp-content\/smush-webp\/sites\/78\/2024\/01\/Jordanie-Jordan-Trail-Travelbase-\u00a9-Trekking-et-Voyage-175625-16x12.jpg.webp 16w, https:\/\/tjt.travelblox.eu\/wp-content\/smush-webp\/sites\/78\/2024\/01\/Jordanie-Jordan-Trail-Travelbase-\u00a9-Trekking-et-Voyage-175625-scaled-e1705667933827.jpg.webp 800w' sizes=\"auto, (max-width: 768px) 100vw, 768px\" loading='lazy' decoding='async' data-smush-webp-fallback=\"{&quot;src&quot;:&quot;https:\\\/\\\/tjt.travelblox.eu\\\/wp-content\\\/uploads\\\/sites\\\/78\\\/2024\\\/01\\\/Jordanie-Jordan-Trail-Travelbase-\\u00a9-Trekking-et-Voyage-175625-768x576.jpg&quot;,&quot;srcset&quot;:&quot;https:\\\/\\\/tjt.travelblox.eu\\\/wp-content\\\/uploads\\\/sites\\\/78\\\/2024\\\/01\\\/Jordanie-Jordan-Trail-Travelbase-\\u00a9-Trekking-et-Voyage-175625-768x576.jpg 768w, https:\\\/\\\/tjt.travelblox.eu\\\/wp-content\\\/uploads\\\/sites\\\/78\\\/2024\\\/01\\\/Jordanie-Jordan-Trail-Travelbase-\\u00a9-Trekking-et-Voyage-175625-300x225.jpg 300w, https:\\\/\\\/tjt.travelblox.eu\\\/wp-content\\\/uploads\\\/sites\\\/78\\\/2024\\\/01\\\/Jordanie-Jordan-Trail-Travelbase-\\u00a9-Trekking-et-Voyage-175625-1024x768.jpg 1024w, https:\\\/\\\/tjt.travelblox.eu\\\/wp-content\\\/uploads\\\/sites\\\/78\\\/2024\\\/01\\\/Jordanie-Jordan-Trail-Travelbase-\\u00a9-Trekking-et-Voyage-175625-1536x1152.jpg 1536w, https:\\\/\\\/tjt.travelblox.eu\\\/wp-content\\\/uploads\\\/sites\\\/78\\\/2024\\\/01\\\/Jordanie-Jordan-Trail-Travelbase-\\u00a9-Trekking-et-Voyage-175625-2048x1536.jpg 2048w, https:\\\/\\\/tjt.travelblox.eu\\\/wp-content\\\/uploads\\\/sites\\\/78\\\/2024\\\/01\\\/Jordanie-Jordan-Trail-Travelbase-\\u00a9-Trekking-et-Voyage-175625-16x12.jpg 16w, https:\\\/\\\/tjt.travelblox.eu\\\/wp-content\\\/uploads\\\/sites\\\/78\\\/2024\\\/01\\\/Jordanie-Jordan-Trail-Travelbase-\\u00a9-Trekking-et-Voyage-175625-scaled-e1705667933827.jpg 800w&quot;}\">\t\t\t\t\t\t\t\t\t\t\t\t\t\t\t<\/div>\n\t\t\t\t\t\t\t<div class=\"tb-card-content\">\n\t\t\t\t\t\t\t\t<h5>\n\t\t\t\t\t\t\t\t\t\t\t\t\t\t\t\t\t\t<span>Sac de couchage + matelas de camping<\/span>\n\t\t\t\t\t\t\t\t<\/h5>\n\t\t\t\t\t\t\t\t\t\t\t\t\t\t\t\t\t<div class=\"price tiny-body-font mobile\"><p>40 \u20ac par personne<\/p><\/div>\t\t\t\t\t\t\t\t<div class=\"content readmore-content content--clamped\">\t<div class=\"translation-block\"><p>Vous recevrez de notre part un sac de couchage avec une temp\u00e9rature de confort minimale de 5\u00b0, accompagn\u00e9 d'un liner \/ sac \u00e0 viande et d'un matelas de camping confortable.<\/p><\/div>\n\t<\/div>\n\t\t\t\t\t\t\t\t\t\t\t\t\t\t\t\t<div class=\"readmore link js-readmore\">\n\t\t\t\t\t\t\t\t\t<span><i class=\"fa-solid fa-circle-plus\"><\/i><u>Lire la suite<\/u><\/span>\n\t\t\t\t\t\t\t\t\t<span><i class=\"fa-solid fa-circle-minus\"><\/i><u>Lire moins<\/u><\/span>\n\t\t\t\t\t\t\t\t<\/div>\n\t\t\t\t\t\t\t\t\t\t\t\t\t\t\t\t<dialog class=\"tb-popup\">\n\t\t\t\t\t\t\t\t\t<div class=\"tb-highlights-popup\">\n\t\t\t\t\t\t\t\t\t\t<div class=\"tb-image-part\">\n\t\t\t\t\t\t\t\t\t\t\t<img src='https:\/\/tjt.travelblox.eu\/wp-content\/smush-webp\/sites\/78\/2024\/01\/Jordanie-Jordan-Trail-Travelbase-\u00a9-Trekking-et-Voyage-175625-768x576.jpg.webp' width='768' height='576' alt='Jordan Trail, Petra, Wadi Musa' srcset='https:\/\/tjt.travelblox.eu\/wp-content\/smush-webp\/sites\/78\/2024\/01\/Jordanie-Jordan-Trail-Travelbase-\u00a9-Trekking-et-Voyage-175625-768x576.jpg.webp 768w, https:\/\/tjt.travelblox.eu\/wp-content\/smush-webp\/sites\/78\/2024\/01\/Jordanie-Jordan-Trail-Travelbase-\u00a9-Trekking-et-Voyage-175625-300x225.jpg.webp 300w, https:\/\/tjt.travelblox.eu\/wp-content\/smush-webp\/sites\/78\/2024\/01\/Jordanie-Jordan-Trail-Travelbase-\u00a9-Trekking-et-Voyage-175625-1024x768.jpg.webp 1024w, https:\/\/tjt.travelblox.eu\/wp-content\/smush-webp\/sites\/78\/2024\/01\/Jordanie-Jordan-Trail-Travelbase-\u00a9-Trekking-et-Voyage-175625-1536x1152.jpg.webp 1536w, https:\/\/tjt.travelblox.eu\/wp-content\/smush-webp\/sites\/78\/2024\/01\/Jordanie-Jordan-Trail-Travelbase-\u00a9-Trekking-et-Voyage-175625-2048x1536.jpg.webp 2048w, https:\/\/tjt.travelblox.eu\/wp-content\/smush-webp\/sites\/78\/2024\/01\/Jordanie-Jordan-Trail-Travelbase-\u00a9-Trekking-et-Voyage-175625-16x12.jpg.webp 16w, https:\/\/tjt.travelblox.eu\/wp-content\/smush-webp\/sites\/78\/2024\/01\/Jordanie-Jordan-Trail-Travelbase-\u00a9-Trekking-et-Voyage-175625-scaled-e1705667933827.jpg.webp 800w' sizes=\"auto, (max-width: 768px) 100vw, 768px\" loading='lazy' decoding='async' data-smush-webp-fallback=\"{&quot;src&quot;:&quot;https:\\\/\\\/tjt.travelblox.eu\\\/wp-content\\\/uploads\\\/sites\\\/78\\\/2024\\\/01\\\/Jordanie-Jordan-Trail-Travelbase-\\u00a9-Trekking-et-Voyage-175625-768x576.jpg&quot;,&quot;srcset&quot;:&quot;https:\\\/\\\/tjt.travelblox.eu\\\/wp-content\\\/uploads\\\/sites\\\/78\\\/2024\\\/01\\\/Jordanie-Jordan-Trail-Travelbase-\\u00a9-Trekking-et-Voyage-175625-768x576.jpg 768w, https:\\\/\\\/tjt.travelblox.eu\\\/wp-content\\\/uploads\\\/sites\\\/78\\\/2024\\\/01\\\/Jordanie-Jordan-Trail-Travelbase-\\u00a9-Trekking-et-Voyage-175625-300x225.jpg 300w, https:\\\/\\\/tjt.travelblox.eu\\\/wp-content\\\/uploads\\\/sites\\\/78\\\/2024\\\/01\\\/Jordanie-Jordan-Trail-Travelbase-\\u00a9-Trekking-et-Voyage-175625-1024x768.jpg 1024w, https:\\\/\\\/tjt.travelblox.eu\\\/wp-content\\\/uploads\\\/sites\\\/78\\\/2024\\\/01\\\/Jordanie-Jordan-Trail-Travelbase-\\u00a9-Trekking-et-Voyage-175625-1536x1152.jpg 1536w, https:\\\/\\\/tjt.travelblox.eu\\\/wp-content\\\/uploads\\\/sites\\\/78\\\/2024\\\/01\\\/Jordanie-Jordan-Trail-Travelbase-\\u00a9-Trekking-et-Voyage-175625-2048x1536.jpg 2048w, https:\\\/\\\/tjt.travelblox.eu\\\/wp-content\\\/uploads\\\/sites\\\/78\\\/2024\\\/01\\\/Jordanie-Jordan-Trail-Travelbase-\\u00a9-Trekking-et-Voyage-175625-16x12.jpg 16w, https:\\\/\\\/tjt.travelblox.eu\\\/wp-content\\\/uploads\\\/sites\\\/78\\\/2024\\\/01\\\/Jordanie-Jordan-Trail-Travelbase-\\u00a9-Trekking-et-Voyage-175625-scaled-e1705667933827.jpg 800w&quot;}\">\t\t\t\t\t\t\t\t\t\t<\/div>\n\t\t\t\t\t\t\t\t\t\t<div class=\"tb-popup-content\">\n\t\t\t\t\t\t\t\t\t\t\t<h3>Sac de couchage + matelas de camping<\/h3>\n\t\t\t\t\t\t\t\t\t\t\t<div class=\"content\">\t<div class=\"translation-block\"><p>Vous recevrez de notre part un sac de couchage avec une temp\u00e9rature de confort minimale de 5\u00b0, accompagn\u00e9 d'un liner \/ sac \u00e0 viande et d'un matelas de camping confortable.<\/p><\/div>\n\t<\/div>\n\t\t\t\t\t\t\t\t\t\t<\/div>\n\t\t\t\t\t\t\t\t\t<\/div>\n\t\t\t\t\t\t\t\t<\/dialog>\n\t\t\t\t\t\t\t<\/div>\n\t\t\t\t\t\t<\/div>\n\t\t\t\t\t\t\t\t\t\t\t<div class=\"tb-card entry tb-popup-trigger desktop-only-popup\">\n\t\t\t\t\t\t\t<div class=\"tb-image-part desktop\">\n\t\t\t\t\t\t\t\t<img src='https:\/\/tjt.travelblox.eu\/wp-content\/smush-webp\/sites\/78\/2025\/08\/Blog-verticale-fotos-9-1.jpg.webp' width='1080' height='1680' alt='The Jordan Trail Voyage en Jordanie' srcset='https:\/\/tjt.travelblox.eu\/wp-content\/smush-webp\/sites\/78\/2025\/08\/Blog-verticale-fotos-9-1.jpg.webp 1080w, https:\/\/tjt.travelblox.eu\/wp-content\/smush-webp\/sites\/78\/2025\/08\/Blog-verticale-fotos-9-1-193x300.jpg.webp 193w, https:\/\/tjt.travelblox.eu\/wp-content\/smush-webp\/sites\/78\/2025\/08\/Blog-verticale-fotos-9-1-658x1024.jpg.webp 658w, https:\/\/tjt.travelblox.eu\/wp-content\/smush-webp\/sites\/78\/2025\/08\/Blog-verticale-fotos-9-1-768x1195.jpg.webp 768w, https:\/\/tjt.travelblox.eu\/wp-content\/smush-webp\/sites\/78\/2025\/08\/Blog-verticale-fotos-9-1-987x1536.jpg.webp 987w, https:\/\/tjt.travelblox.eu\/wp-content\/smush-webp\/sites\/78\/2025\/08\/Blog-verticale-fotos-9-1-8x12.jpg.webp 8w' sizes=\"auto, (max-width: 1080px) 100vw, 1080px\" style='object-position:50% 50%' loading='lazy' decoding='async' data-smush-webp-fallback=\"{&quot;src&quot;:&quot;https:\\\/\\\/tjt.travelblox.eu\\\/wp-content\\\/uploads\\\/sites\\\/78\\\/2025\\\/08\\\/Blog-verticale-fotos-9-1.jpg&quot;,&quot;srcset&quot;:&quot;https:\\\/\\\/tjt.travelblox.eu\\\/wp-content\\\/uploads\\\/sites\\\/78\\\/2025\\\/08\\\/Blog-verticale-fotos-9-1.jpg 1080w, https:\\\/\\\/tjt.travelblox.eu\\\/wp-content\\\/uploads\\\/sites\\\/78\\\/2025\\\/08\\\/Blog-verticale-fotos-9-1-193x300.jpg 193w, https:\\\/\\\/tjt.travelblox.eu\\\/wp-content\\\/uploads\\\/sites\\\/78\\\/2025\\\/08\\\/Blog-verticale-fotos-9-1-658x1024.jpg 658w, https:\\\/\\\/tjt.travelblox.eu\\\/wp-content\\\/uploads\\\/sites\\\/78\\\/2025\\\/08\\\/Blog-verticale-fotos-9-1-768x1195.jpg 768w, https:\\\/\\\/tjt.travelblox.eu\\\/wp-content\\\/uploads\\\/sites\\\/78\\\/2025\\\/08\\\/Blog-verticale-fotos-9-1-987x1536.jpg 987w, https:\\\/\\\/tjt.travelblox.eu\\\/wp-content\\\/uploads\\\/sites\\\/78\\\/2025\\\/08\\\/Blog-verticale-fotos-9-1-8x12.jpg 8w&quot;}\">\t\t\t\t\t\t\t\t\t\t\t\t\t\t\t\t\t\t\t\t\t\t\t\t\t<div class=\"price tiny-body-font desktop translation-block\"><p>12 \u20ac par personne<\/p><\/div>\t\t\t\t\t\t\t<\/div>\n\t\t\t\t\t\t\t<div class=\"tb-image-part mobile\">\n\t\t\t\t\t\t\t\t<img src='https:\/\/tjt.travelblox.eu\/wp-content\/smush-webp\/sites\/78\/2025\/08\/Blog-verticale-fotos-9-1-768x1195.jpg.webp' width='768' height='1195' alt='The Jordan Trail Voyage en Jordanie' srcset='https:\/\/tjt.travelblox.eu\/wp-content\/smush-webp\/sites\/78\/2025\/08\/Blog-verticale-fotos-9-1-768x1195.jpg.webp 768w, https:\/\/tjt.travelblox.eu\/wp-content\/smush-webp\/sites\/78\/2025\/08\/Blog-verticale-fotos-9-1-193x300.jpg.webp 193w, https:\/\/tjt.travelblox.eu\/wp-content\/smush-webp\/sites\/78\/2025\/08\/Blog-verticale-fotos-9-1-658x1024.jpg.webp 658w, https:\/\/tjt.travelblox.eu\/wp-content\/smush-webp\/sites\/78\/2025\/08\/Blog-verticale-fotos-9-1-987x1536.jpg.webp 987w, https:\/\/tjt.travelblox.eu\/wp-content\/smush-webp\/sites\/78\/2025\/08\/Blog-verticale-fotos-9-1-8x12.jpg.webp 8w, https:\/\/tjt.travelblox.eu\/wp-content\/smush-webp\/sites\/78\/2025\/08\/Blog-verticale-fotos-9-1.jpg.webp 1080w' sizes=\"auto, (max-width: 768px) 100vw, 768px\" style='object-position:50% 50%' loading='lazy' decoding='async' data-smush-webp-fallback=\"{&quot;src&quot;:&quot;https:\\\/\\\/tjt.travelblox.eu\\\/wp-content\\\/uploads\\\/sites\\\/78\\\/2025\\\/08\\\/Blog-verticale-fotos-9-1-768x1195.jpg&quot;,&quot;srcset&quot;:&quot;https:\\\/\\\/tjt.travelblox.eu\\\/wp-content\\\/uploads\\\/sites\\\/78\\\/2025\\\/08\\\/Blog-verticale-fotos-9-1-768x1195.jpg 768w, https:\\\/\\\/tjt.travelblox.eu\\\/wp-content\\\/uploads\\\/sites\\\/78\\\/2025\\\/08\\\/Blog-verticale-fotos-9-1-193x300.jpg 193w, https:\\\/\\\/tjt.travelblox.eu\\\/wp-content\\\/uploads\\\/sites\\\/78\\\/2025\\\/08\\\/Blog-verticale-fotos-9-1-658x1024.jpg 658w, https:\\\/\\\/tjt.travelblox.eu\\\/wp-content\\\/uploads\\\/sites\\\/78\\\/2025\\\/08\\\/Blog-verticale-fotos-9-1-987x1536.jpg 987w, https:\\\/\\\/tjt.travelblox.eu\\\/wp-content\\\/uploads\\\/sites\\\/78\\\/2025\\\/08\\\/Blog-verticale-fotos-9-1-8x12.jpg 8w, https:\\\/\\\/tjt.travelblox.eu\\\/wp-content\\\/uploads\\\/sites\\\/78\\\/2025\\\/08\\\/Blog-verticale-fotos-9-1.jpg 1080w&quot;}\">\t\t\t\t\t\t\t\t\t\t\t\t\t\t\t<\/div>\n\t\t\t\t\t\t\t<div class=\"tb-card-content\">\n\t\t\t\t\t\t\t\t<h5>\n\t\t\t\t\t\t\t\t\t\t\t\t\t\t\t\t\t\t<span>B\u00e2tons de marche<\/span>\n\t\t\t\t\t\t\t\t<\/h5>\n\t\t\t\t\t\t\t\t\t\t\t\t\t\t\t\t\t<div class=\"price tiny-body-font mobile\"><p>12 \u20ac par personne<\/p><\/div>\t\t\t\t\t\t\t\t<div class=\"content readmore-content content--clamped\">\t<div class=\"translation-block\"><p>Nous vous recommandons fortement de louer ou d'apporter des b\u00e2tons de marche. Ils <strong>r\u00e9duisent la pression sur vos genoux et vous aident \u00e0 garder votre \u00e9quilibre<\/strong> sur les sections difficiles du parcours.<\/p><\/div>\n\t<\/div>\n\t\t\t\t\t\t\t\t\t\t\t\t\t\t\t\t<div class=\"readmore link js-readmore\">\n\t\t\t\t\t\t\t\t\t<span><i class=\"fa-solid fa-circle-plus\"><\/i><u>Lire la suite<\/u><\/span>\n\t\t\t\t\t\t\t\t\t<span><i class=\"fa-solid fa-circle-minus\"><\/i><u>Lire moins<\/u><\/span>\n\t\t\t\t\t\t\t\t<\/div>\n\t\t\t\t\t\t\t\t\t\t\t\t\t\t\t\t<dialog class=\"tb-popup\">\n\t\t\t\t\t\t\t\t\t<div class=\"tb-highlights-popup\">\n\t\t\t\t\t\t\t\t\t\t<div class=\"tb-image-part\">\n\t\t\t\t\t\t\t\t\t\t\t<img src='https:\/\/tjt.travelblox.eu\/wp-content\/smush-webp\/sites\/78\/2025\/08\/Blog-verticale-fotos-9-1-768x1195.jpg.webp' width='768' height='1195' alt='The Jordan Trail Voyage en Jordanie' srcset='https:\/\/tjt.travelblox.eu\/wp-content\/smush-webp\/sites\/78\/2025\/08\/Blog-verticale-fotos-9-1-768x1195.jpg.webp 768w, https:\/\/tjt.travelblox.eu\/wp-content\/smush-webp\/sites\/78\/2025\/08\/Blog-verticale-fotos-9-1-193x300.jpg.webp 193w, https:\/\/tjt.travelblox.eu\/wp-content\/smush-webp\/sites\/78\/2025\/08\/Blog-verticale-fotos-9-1-658x1024.jpg.webp 658w, https:\/\/tjt.travelblox.eu\/wp-content\/smush-webp\/sites\/78\/2025\/08\/Blog-verticale-fotos-9-1-987x1536.jpg.webp 987w, https:\/\/tjt.travelblox.eu\/wp-content\/smush-webp\/sites\/78\/2025\/08\/Blog-verticale-fotos-9-1-8x12.jpg.webp 8w, https:\/\/tjt.travelblox.eu\/wp-content\/smush-webp\/sites\/78\/2025\/08\/Blog-verticale-fotos-9-1.jpg.webp 1080w' sizes=\"auto, (max-width: 768px) 100vw, 768px\" style='object-position:50% 50%' loading='lazy' decoding='async' data-smush-webp-fallback=\"{&quot;src&quot;:&quot;https:\\\/\\\/tjt.travelblox.eu\\\/wp-content\\\/uploads\\\/sites\\\/78\\\/2025\\\/08\\\/Blog-verticale-fotos-9-1-768x1195.jpg&quot;,&quot;srcset&quot;:&quot;https:\\\/\\\/tjt.travelblox.eu\\\/wp-content\\\/uploads\\\/sites\\\/78\\\/2025\\\/08\\\/Blog-verticale-fotos-9-1-768x1195.jpg 768w, https:\\\/\\\/tjt.travelblox.eu\\\/wp-content\\\/uploads\\\/sites\\\/78\\\/2025\\\/08\\\/Blog-verticale-fotos-9-1-193x300.jpg 193w, https:\\\/\\\/tjt.travelblox.eu\\\/wp-content\\\/uploads\\\/sites\\\/78\\\/2025\\\/08\\\/Blog-verticale-fotos-9-1-658x1024.jpg 658w, https:\\\/\\\/tjt.travelblox.eu\\\/wp-content\\\/uploads\\\/sites\\\/78\\\/2025\\\/08\\\/Blog-verticale-fotos-9-1-987x1536.jpg 987w, https:\\\/\\\/tjt.travelblox.eu\\\/wp-content\\\/uploads\\\/sites\\\/78\\\/2025\\\/08\\\/Blog-verticale-fotos-9-1-8x12.jpg 8w, https:\\\/\\\/tjt.travelblox.eu\\\/wp-content\\\/uploads\\\/sites\\\/78\\\/2025\\\/08\\\/Blog-verticale-fotos-9-1.jpg 1080w&quot;}\">\t\t\t\t\t\t\t\t\t\t<\/div>\n\t\t\t\t\t\t\t\t\t\t<div class=\"tb-popup-content\">\n\t\t\t\t\t\t\t\t\t\t\t<h3>B\u00e2tons de marche<\/h3>\n\t\t\t\t\t\t\t\t\t\t\t<div class=\"content\">\t<div class=\"translation-block\"><p>Nous vous recommandons fortement de louer ou d'apporter des b\u00e2tons de marche. Ils <strong>r\u00e9duisent la pression sur vos genoux et vous aident \u00e0 garder votre \u00e9quilibre<\/strong> sur les sections difficiles du parcours.<\/p><\/div>\n\t<\/div>\n\t\t\t\t\t\t\t\t\t\t<\/div>\n\t\t\t\t\t\t\t\t\t<\/div>\n\t\t\t\t\t\t\t\t<\/dialog>\n\t\t\t\t\t\t\t<\/div>\n\t\t\t\t\t\t<\/div>\n\t\t\t\t\t\t\t\t\t\t\t\t\t<\/div>\n\t\t\t\t<div class=\"tb-carousel-nav\">\n\t\t<div class=\"dots\">\n\t\t\t<div class=\"dot active\"><\/div>\n\t\t\t<div class=\"dot\"><\/div>\n\t\t\t<div class=\"dot\"><\/div>\n\t\t<\/div>\n\t\t<div class=\"arrows\">\n\t\t\t<div class=\"prev disabled\">\n\t\t\t\t<span><i class=\"fa fa-chevron-left\"><\/i><\/span>\n\t\t\t<\/div>\n\t\t\t<div class=\"next\">\n\t\t\t\t<span><i class=\"fa fa-chevron-right\"><\/i><\/span>\n\t\t\t<\/div>\n\t\t<\/div>\n\t<\/div>\n\t\t\t<\/div>\n\t<\/div>\n\t\t\t\t\t\t\t\t\t\t\t\t\t\t\t\t\t\t<div class=\"inner-block-full-width has-tb-carousel tb-section\" id=\"options-section-1\"style=\"display:none;\">\n\t\t<div class=\"tb-carousel-container\">\n\t\t\t<div class=\"entries tb-cards\" data-slider-first=\"1\">\n\t\t\t\t\t\t\t\t\t\t\t\t\t\t\t<div class=\"tb-card entry tb-popup-trigger desktop-only-popup\">\n\t\t\t\t\t\t\t<div class=\"tb-image-part desktop\">\n\t\t\t\t\t\t\t\t<img src='https:\/\/tjt.travelblox.eu\/wp-content\/smush-webp\/sites\/78\/2024\/01\/theJordanTrail-7379-scaled-e1705668606295.jpg.webp' width='800' height='533' alt='Capitale Amman' loading='lazy' decoding='async' data-smush-webp-fallback='{&quot;src&quot;:&quot;https:\\\/\\\/tjt.travelblox.eu\\\/wp-content\\\/uploads\\\/sites\\\/78\\\/2024\\\/01\\\/theJordanTrail-7379-scaled-e1705668606295.jpg&quot;}'>\t\t\t\t\t\t\t\t\t\t\t\t\t\t\t\t\t\t\t\t\t\t\t\t\t<div class=\"price tiny-body-font desktop translation-block\"><p>30 \u20ac<\/p><\/div>\t\t\t\t\t\t\t<\/div>\n\t\t\t\t\t\t\t<div class=\"tb-image-part mobile\">\n\t\t\t\t\t\t\t\t<img src='https:\/\/tjt.travelblox.eu\/wp-content\/smush-webp\/sites\/78\/2024\/01\/theJordanTrail-7379-768x512.jpg.webp' width='768' height='512' alt='Capitale Amman' srcset='' sizes=\"auto, (max-width: 768px) 100vw, 768px\" loading='lazy' decoding='async' data-srcset=\"\" data-smush-webp-fallback=\"{&quot;src&quot;:&quot;https:\\\/\\\/tjt.travelblox.eu\\\/wp-content\\\/uploads\\\/sites\\\/78\\\/2024\\\/01\\\/theJordanTrail-7379-768x512.jpg&quot;}\">\t\t\t\t\t\t\t\t\t\t\t\t\t\t\t<\/div>\n\t\t\t\t\t\t\t<div class=\"tb-card-content\">\n\t\t\t\t\t\t\t\t<h5>\n\t\t\t\t\t\t\t\t\t\t\t\t\t\t\t\t\t\t<span>Chambre priv\u00e9e pour la premi\u00e8re nuit pr\u00e8s d'Amman<\/span>\n\t\t\t\t\t\t\t\t<\/h5>\n\t\t\t\t\t\t\t\t\t\t\t\t\t\t\t\t\t<div class=\"price tiny-body-font mobile\"><p>\u20ac30<\/p><\/div>\t\t\t\t\t\t\t\t<div class=\"content readmore-content content--clamped\">\t<div class=\"translation-block\"><p>La premi\u00e8re nuit \u00e0 Madaba est incluse dans le prix de base*. Si vous pr\u00e9f\u00e9rez avoir une chambre solo, c'est possible pour un suppl\u00e9ment de 30 \u20ac.<\/p><p><i>*Les voyageurs seuls seront plac\u00e9s dans une chambre partag\u00e9e avec d'autres participants, avec des lits s\u00e9par\u00e9s. Nous faisons de notre mieux pour regrouper les personnes du m\u00eame sexe.<\/i><\/p><\/div>\n\t<\/div>\n\t\t\t\t\t\t\t\t\t\t\t\t\t\t\t\t<div class=\"readmore link js-readmore\">\n\t\t\t\t\t\t\t\t\t<span><i class=\"fa-solid fa-circle-plus\"><\/i><u>Lire la suite<\/u><\/span>\n\t\t\t\t\t\t\t\t\t<span><i class=\"fa-solid fa-circle-minus\"><\/i><u>Lire moins<\/u><\/span>\n\t\t\t\t\t\t\t\t<\/div>\n\t\t\t\t\t\t\t\t\t\t\t\t\t\t\t\t<dialog class=\"tb-popup\">\n\t\t\t\t\t\t\t\t\t<div class=\"tb-highlights-popup\">\n\t\t\t\t\t\t\t\t\t\t<div class=\"tb-image-part\">\n\t\t\t\t\t\t\t\t\t\t\t<img src='https:\/\/tjt.travelblox.eu\/wp-content\/smush-webp\/sites\/78\/2024\/01\/theJordanTrail-7379-768x512.jpg.webp' width='768' height='512' alt='Capitale Amman' srcset='' sizes=\"auto, (max-width: 768px) 100vw, 768px\" loading='lazy' decoding='async' data-srcset=\"\" data-smush-webp-fallback=\"{&quot;src&quot;:&quot;https:\\\/\\\/tjt.travelblox.eu\\\/wp-content\\\/uploads\\\/sites\\\/78\\\/2024\\\/01\\\/theJordanTrail-7379-768x512.jpg&quot;}\">\t\t\t\t\t\t\t\t\t\t<\/div>\n\t\t\t\t\t\t\t\t\t\t<div class=\"tb-popup-content\">\n\t\t\t\t\t\t\t\t\t\t\t<h3>Chambre priv\u00e9e pour la premi\u00e8re nuit pr\u00e8s d'Amman<\/h3>\n\t\t\t\t\t\t\t\t\t\t\t<div class=\"content\">\t<div class=\"translation-block\"><p>La premi\u00e8re nuit \u00e0 Madaba est incluse dans le prix de base*. Si vous pr\u00e9f\u00e9rez avoir une chambre solo, c'est possible pour un suppl\u00e9ment de 30 \u20ac.<\/p><p><i>*Les voyageurs seuls seront plac\u00e9s dans une chambre partag\u00e9e avec d'autres participants, avec des lits s\u00e9par\u00e9s. Nous faisons de notre mieux pour regrouper les personnes du m\u00eame sexe.<\/i><\/p><\/div>\n\t<\/div>\n\t\t\t\t\t\t\t\t\t\t<\/div>\n\t\t\t\t\t\t\t\t\t<\/div>\n\t\t\t\t\t\t\t\t<\/dialog>\n\t\t\t\t\t\t\t<\/div>\n\t\t\t\t\t\t<\/div>\n\t\t\t\t\t\t\t\t\t\t\t<div class=\"tb-card entry tb-popup-trigger desktop-only-popup\">\n\t\t\t\t\t\t\t<div class=\"tb-image-part desktop\">\n\t\t\t\t\t\t\t\t<img src='https:\/\/tjt.travelblox.eu\/wp-content\/smush-webp\/sites\/78\/2024\/01\/theJordanTrail-7448-scaled-e1705666560909.jpg.webp' width='798' height='1037' alt='Amman, Jordanie' srcset='https:\/\/tjt.travelblox.eu\/wp-content\/smush-webp\/sites\/78\/2024\/01\/theJordanTrail-7448-scaled-e1705666560909.jpg.webp 798w, https:\/\/tjt.travelblox.eu\/wp-content\/smush-webp\/sites\/78\/2024\/01\/theJordanTrail-7448-scaled-e1705666560909-231x300.jpg.webp 231w, https:\/\/tjt.travelblox.eu\/wp-content\/smush-webp\/sites\/78\/2024\/01\/theJordanTrail-7448-scaled-e1705666560909-788x1024.jpg.webp 788w, https:\/\/tjt.travelblox.eu\/wp-content\/smush-webp\/sites\/78\/2024\/01\/theJordanTrail-7448-scaled-e1705666560909-768x998.jpg.webp 768w, https:\/\/tjt.travelblox.eu\/wp-content\/smush-webp\/sites\/78\/2024\/01\/theJordanTrail-7448-scaled-e1705666560909-9x12.jpg.webp 9w' sizes=\"auto, (max-width: 798px) 100vw, 798px\" loading='lazy' decoding='async' data-smush-webp-fallback=\"{&quot;src&quot;:&quot;https:\\\/\\\/tjt.travelblox.eu\\\/wp-content\\\/uploads\\\/sites\\\/78\\\/2024\\\/01\\\/theJordanTrail-7448-scaled-e1705666560909.jpg&quot;,&quot;srcset&quot;:&quot;https:\\\/\\\/tjt.travelblox.eu\\\/wp-content\\\/uploads\\\/sites\\\/78\\\/2024\\\/01\\\/theJordanTrail-7448-scaled-e1705666560909.jpg 798w, https:\\\/\\\/tjt.travelblox.eu\\\/wp-content\\\/uploads\\\/sites\\\/78\\\/2024\\\/01\\\/theJordanTrail-7448-scaled-e1705666560909-231x300.jpg 231w, https:\\\/\\\/tjt.travelblox.eu\\\/wp-content\\\/uploads\\\/sites\\\/78\\\/2024\\\/01\\\/theJordanTrail-7448-scaled-e1705666560909-788x1024.jpg 788w, https:\\\/\\\/tjt.travelblox.eu\\\/wp-content\\\/uploads\\\/sites\\\/78\\\/2024\\\/01\\\/theJordanTrail-7448-scaled-e1705666560909-768x998.jpg 768w, https:\\\/\\\/tjt.travelblox.eu\\\/wp-content\\\/uploads\\\/sites\\\/78\\\/2024\\\/01\\\/theJordanTrail-7448-scaled-e1705666560909-9x12.jpg 9w&quot;}\">\t\t\t\t\t\t\t\t\t\t\t\t\t\t\t\t\t\t\t\t\t\t\t\t\t<div class=\"price tiny-body-font desktop translation-block\"><p>\u00c0 partir de 30&nbsp;\u20ac par personne<\/p><\/div>\t\t\t\t\t\t\t<\/div>\n\t\t\t\t\t\t\t<div class=\"tb-image-part mobile\">\n\t\t\t\t\t\t\t\t<img src='https:\/\/tjt.travelblox.eu\/wp-content\/smush-webp\/sites\/78\/2024\/01\/theJordanTrail-7448-scaled-e1705666560909-768x998.jpg.webp' width='768' height='998' alt='Amman, Jordanie' srcset='' sizes=\"auto, (max-width: 768px) 100vw, 768px\" loading='lazy' decoding='async' data-srcset=\"\" data-smush-webp-fallback=\"{&quot;src&quot;:&quot;https:\\\/\\\/tjt.travelblox.eu\\\/wp-content\\\/uploads\\\/sites\\\/78\\\/2024\\\/01\\\/theJordanTrail-7448-scaled-e1705666560909-768x998.jpg&quot;}\">\t\t\t\t\t\t\t\t\t\t\t\t\t\t\t<\/div>\n\t\t\t\t\t\t\t<div class=\"tb-card-content\">\n\t\t\t\t\t\t\t\t<h5>\n\t\t\t\t\t\t\t\t\t\t\t\t\t\t\t\t\t\t<span>Derni\u00e8re nuit \u00e0 Amman<\/span>\n\t\t\t\t\t\t\t\t<\/h5>\n\t\t\t\t\t\t\t\t\t\t\t\t\t\t\t\t\t<div class=\"price tiny-body-font mobile\"><p>\u00c0 partir de 30 \u20ac par personne<\/p><\/div>\t\t\t\t\t\t\t\t<div class=\"content readmore-content content--clamped\">\t<div class=\"translation-block\"><p>Vous pouvez choisir de r\u00e9server avec nous la derni\u00e8re nuit \u00e0 Amman.<\/p><ul><li>Chambre partag\u00e9e : 30 \u20ac par personne*<\/li><li>Chambre priv\u00e9e : 60 \u20ac par personne<\/li><\/ul><p><i>*Les voyageurs solo sont plac\u00e9s dans une chambre partag\u00e9e avec un ou plusieurs autres participants, dans des lits s\u00e9par\u00e9s. Nous faisons de notre mieux pour regrouper les personnes du m\u00eame sexe.<\/i><\/p><\/div>\n\t<\/div>\n\t\t\t\t\t\t\t\t\t\t\t\t\t\t\t\t<div class=\"readmore link js-readmore\">\n\t\t\t\t\t\t\t\t\t<span><i class=\"fa-solid fa-circle-plus\"><\/i><u>Lire la suite<\/u><\/span>\n\t\t\t\t\t\t\t\t\t<span><i class=\"fa-solid fa-circle-minus\"><\/i><u>Lire moins<\/u><\/span>\n\t\t\t\t\t\t\t\t<\/div>\n\t\t\t\t\t\t\t\t\t\t\t\t\t\t\t\t<dialog class=\"tb-popup\">\n\t\t\t\t\t\t\t\t\t<div class=\"tb-highlights-popup\">\n\t\t\t\t\t\t\t\t\t\t<div class=\"tb-image-part\">\n\t\t\t\t\t\t\t\t\t\t\t<img src='https:\/\/tjt.travelblox.eu\/wp-content\/smush-webp\/sites\/78\/2024\/01\/theJordanTrail-7448-scaled-e1705666560909-768x998.jpg.webp' width='768' height='998' alt='Amman, Jordanie' srcset='' sizes=\"auto, (max-width: 768px) 100vw, 768px\" loading='lazy' decoding='async' data-srcset=\"\" data-smush-webp-fallback=\"{&quot;src&quot;:&quot;https:\\\/\\\/tjt.travelblox.eu\\\/wp-content\\\/uploads\\\/sites\\\/78\\\/2024\\\/01\\\/theJordanTrail-7448-scaled-e1705666560909-768x998.jpg&quot;}\">\t\t\t\t\t\t\t\t\t\t<\/div>\n\t\t\t\t\t\t\t\t\t\t<div class=\"tb-popup-content\">\n\t\t\t\t\t\t\t\t\t\t\t<h3>Derni\u00e8re nuit \u00e0 Amman<\/h3>\n\t\t\t\t\t\t\t\t\t\t\t<div class=\"content\">\t<div class=\"translation-block\"><p>Vous pouvez choisir de r\u00e9server avec nous la derni\u00e8re nuit \u00e0 Amman.<\/p><ul><li>Chambre partag\u00e9e : 30 \u20ac par personne*<\/li><li>Chambre priv\u00e9e : 60 \u20ac par personne<\/li><\/ul><p><i>*Les voyageurs solo sont plac\u00e9s dans une chambre partag\u00e9e avec un ou plusieurs autres participants, dans des lits s\u00e9par\u00e9s. Nous faisons de notre mieux pour regrouper les personnes du m\u00eame sexe.<\/i><\/p><\/div>\n\t<\/div>\n\t\t\t\t\t\t\t\t\t\t<\/div>\n\t\t\t\t\t\t\t\t\t<\/div>\n\t\t\t\t\t\t\t\t<\/dialog>\n\t\t\t\t\t\t\t<\/div>\n\t\t\t\t\t\t<\/div>\n\t\t\t\t\t\t\t\t\t\t\t\t\t<\/div>\n\t\t\t\t<div class=\"tb-carousel-nav\">\n\t\t<div class=\"dots\">\n\t\t\t<div class=\"dot active\"><\/div>\n\t\t\t<div class=\"dot\"><\/div>\n\t\t\t<div class=\"dot\"><\/div>\n\t\t<\/div>\n\t\t<div class=\"arrows\">\n\t\t\t<div class=\"prev disabled\">\n\t\t\t\t<span><i class=\"fa fa-chevron-left\"><\/i><\/span>\n\t\t\t<\/div>\n\t\t\t<div class=\"next\">\n\t\t\t\t<span><i class=\"fa fa-chevron-right\"><\/i><\/span>\n\t\t\t<\/div>\n\t\t<\/div>\n\t<\/div>\n\t\t\t<\/div>\n\t<\/div>\n\t\t\t\t\t\t\t\t\t\t\t\t\t\t\t\t\t\t<div class=\"inner-block-full-width has-tb-carousel tb-section\" id=\"options-section-2\"style=\"display:none;\">\n\t\t<div class=\"tb-carousel-container\">\n\t\t\t<div class=\"entries tb-cards\" data-slider-first=\"1\">\n\t\t\t\t\t\t\t\t\t\t\t\t\t\t\t<div class=\"tb-card entry tb-popup-trigger desktop-only-popup\">\n\t\t\t\t\t\t\t<div class=\"tb-image-part desktop\">\n\t\t\t\t\t\t\t\t<img src='https:\/\/tjt.travelblox.eu\/wp-content\/smush-webp\/sites\/78\/2026\/02\/TheJordanTrail_flight.jpg.webp' width='1000' height='667' alt='Le Jordan Trail, vol pour Amman' srcset='https:\/\/tjt.travelblox.eu\/wp-content\/smush-webp\/sites\/78\/2026\/02\/TheJordanTrail_flight.jpg.webp 1000w, https:\/\/tjt.travelblox.eu\/wp-content\/smush-webp\/sites\/78\/2026\/02\/TheJordanTrail_flight-300x200.jpg.webp 300w, https:\/\/tjt.travelblox.eu\/wp-content\/smush-webp\/sites\/78\/2026\/02\/TheJordanTrail_flight-768x512.jpg.webp 768w, https:\/\/tjt.travelblox.eu\/wp-content\/smush-webp\/sites\/78\/2026\/02\/TheJordanTrail_flight-18x12.jpg.webp 18w' sizes=\"auto, (max-width: 1000px) 100vw, 1000px\" loading='lazy' decoding='async' data-smush-webp-fallback=\"{&quot;src&quot;:&quot;https:\\\/\\\/tjt.travelblox.eu\\\/wp-content\\\/uploads\\\/sites\\\/78\\\/2026\\\/02\\\/TheJordanTrail_flight.jpg&quot;,&quot;srcset&quot;:&quot;https:\\\/\\\/tjt.travelblox.eu\\\/wp-content\\\/uploads\\\/sites\\\/78\\\/2026\\\/02\\\/TheJordanTrail_flight.jpg 1000w, https:\\\/\\\/tjt.travelblox.eu\\\/wp-content\\\/uploads\\\/sites\\\/78\\\/2026\\\/02\\\/TheJordanTrail_flight-300x200.jpg 300w, https:\\\/\\\/tjt.travelblox.eu\\\/wp-content\\\/uploads\\\/sites\\\/78\\\/2026\\\/02\\\/TheJordanTrail_flight-768x512.jpg 768w, https:\\\/\\\/tjt.travelblox.eu\\\/wp-content\\\/uploads\\\/sites\\\/78\\\/2026\\\/02\\\/TheJordanTrail_flight-18x12.jpg 18w&quot;}\">\t\t\t\t\t\t\t\t\t\t\t\t\t\t\t\t\t\t\t\t\t\t\t\t\t<div class=\"price tiny-body-font desktop translation-block\"><p>Prix variable selon le d\u00e9part<\/p><\/div>\t\t\t\t\t\t\t<\/div>\n\t\t\t\t\t\t\t<div class=\"tb-image-part mobile\">\n\t\t\t\t\t\t\t\t<img src='https:\/\/tjt.travelblox.eu\/wp-content\/smush-webp\/sites\/78\/2026\/02\/TheJordanTrail_flight-768x512.jpg.webp' width='768' height='512' alt='Le Jordan Trail, vol pour Amman' srcset='https:\/\/tjt.travelblox.eu\/wp-content\/smush-webp\/sites\/78\/2026\/02\/TheJordanTrail_flight-768x512.jpg.webp 768w, https:\/\/tjt.travelblox.eu\/wp-content\/smush-webp\/sites\/78\/2026\/02\/TheJordanTrail_flight-300x200.jpg.webp 300w, https:\/\/tjt.travelblox.eu\/wp-content\/smush-webp\/sites\/78\/2026\/02\/TheJordanTrail_flight-18x12.jpg.webp 18w, https:\/\/tjt.travelblox.eu\/wp-content\/smush-webp\/sites\/78\/2026\/02\/TheJordanTrail_flight.jpg.webp 1000w' sizes=\"auto, (max-width: 768px) 100vw, 768px\" loading='lazy' decoding='async' data-smush-webp-fallback=\"{&quot;src&quot;:&quot;https:\\\/\\\/tjt.travelblox.eu\\\/wp-content\\\/uploads\\\/sites\\\/78\\\/2026\\\/02\\\/TheJordanTrail_flight-768x512.jpg&quot;,&quot;srcset&quot;:&quot;https:\\\/\\\/tjt.travelblox.eu\\\/wp-content\\\/uploads\\\/sites\\\/78\\\/2026\\\/02\\\/TheJordanTrail_flight-768x512.jpg 768w, https:\\\/\\\/tjt.travelblox.eu\\\/wp-content\\\/uploads\\\/sites\\\/78\\\/2026\\\/02\\\/TheJordanTrail_flight-300x200.jpg 300w, https:\\\/\\\/tjt.travelblox.eu\\\/wp-content\\\/uploads\\\/sites\\\/78\\\/2026\\\/02\\\/TheJordanTrail_flight-18x12.jpg 18w, https:\\\/\\\/tjt.travelblox.eu\\\/wp-content\\\/uploads\\\/sites\\\/78\\\/2026\\\/02\\\/TheJordanTrail_flight.jpg 1000w&quot;}\">\t\t\t\t\t\t\t\t\t\t\t\t\t\t\t<\/div>\n\t\t\t\t\t\t\t<div class=\"tb-card-content\">\n\t\t\t\t\t\t\t\t<h5>\n\t\t\t\t\t\t\t\t\t\t\t\t\t\t\t\t\t\t<span>Vols (y compris la navette)<\/span>\n\t\t\t\t\t\t\t\t<\/h5>\n\t\t\t\t\t\t\t\t\t\t\t\t\t\t\t\t\t<div class=\"price tiny-body-font mobile\"><p>Prix variable selon le d\u00e9part.<\/p><\/div>\t\t\t\t\t\t\t\t<div class=\"content readmore-content content--clamped\">\t<div class=\"translation-block\"><p>Vous pouvez facilement r\u00e9server vos vols <strong>directement via notre interm\u00e9diaire<\/strong>. Ils comprennent \u00e9galement la <strong>navette aller-retour entre l\u2019a\u00e9roport d\u2019Amman et le point de d\u00e9part, ainsi que votre visa.<\/strong><\/p><p>Vous trouverez plus d\u2019informations sur les vols, les horaires de d\u00e9part et les bagages autoris\u00e9s dans la rubrique \u00ab <a href=\"#practical\">Infos pratiques<\/a> \u00bb.<\/p><p>Le prix des vols d\u00e9pend de vos dates et du moment de la r\u00e9servation. Consultez le calendrier pour voir le prix de base, vols compris.<\/p><p>Vous pouvez ajouter un <strong>bagage en soute<\/strong> pour <strong>55 \u20ac<\/strong>.<\/p><\/div>\n\t<\/div>\n\t\t\t\t\t\t\t\t\t\t\t\t\t\t\t\t<div class=\"readmore link js-readmore\">\n\t\t\t\t\t\t\t\t\t<span><i class=\"fa-solid fa-circle-plus\"><\/i><u>Lire la suite<\/u><\/span>\n\t\t\t\t\t\t\t\t\t<span><i class=\"fa-solid fa-circle-minus\"><\/i><u>Lire moins<\/u><\/span>\n\t\t\t\t\t\t\t\t<\/div>\n\t\t\t\t\t\t\t\t\t\t\t\t\t\t\t\t<dialog class=\"tb-popup\">\n\t\t\t\t\t\t\t\t\t<div class=\"tb-highlights-popup\">\n\t\t\t\t\t\t\t\t\t\t<div class=\"tb-image-part\">\n\t\t\t\t\t\t\t\t\t\t\t<img src='https:\/\/tjt.travelblox.eu\/wp-content\/smush-webp\/sites\/78\/2026\/02\/TheJordanTrail_flight-768x512.jpg.webp' width='768' height='512' alt='Le Jordan Trail, vol pour Amman' srcset='https:\/\/tjt.travelblox.eu\/wp-content\/smush-webp\/sites\/78\/2026\/02\/TheJordanTrail_flight-768x512.jpg.webp 768w, https:\/\/tjt.travelblox.eu\/wp-content\/smush-webp\/sites\/78\/2026\/02\/TheJordanTrail_flight-300x200.jpg.webp 300w, https:\/\/tjt.travelblox.eu\/wp-content\/smush-webp\/sites\/78\/2026\/02\/TheJordanTrail_flight-18x12.jpg.webp 18w, https:\/\/tjt.travelblox.eu\/wp-content\/smush-webp\/sites\/78\/2026\/02\/TheJordanTrail_flight.jpg.webp 1000w' sizes=\"auto, (max-width: 768px) 100vw, 768px\" loading='lazy' decoding='async' data-smush-webp-fallback=\"{&quot;src&quot;:&quot;https:\\\/\\\/tjt.travelblox.eu\\\/wp-content\\\/uploads\\\/sites\\\/78\\\/2026\\\/02\\\/TheJordanTrail_flight-768x512.jpg&quot;,&quot;srcset&quot;:&quot;https:\\\/\\\/tjt.travelblox.eu\\\/wp-content\\\/uploads\\\/sites\\\/78\\\/2026\\\/02\\\/TheJordanTrail_flight-768x512.jpg 768w, https:\\\/\\\/tjt.travelblox.eu\\\/wp-content\\\/uploads\\\/sites\\\/78\\\/2026\\\/02\\\/TheJordanTrail_flight-300x200.jpg 300w, https:\\\/\\\/tjt.travelblox.eu\\\/wp-content\\\/uploads\\\/sites\\\/78\\\/2026\\\/02\\\/TheJordanTrail_flight-18x12.jpg 18w, https:\\\/\\\/tjt.travelblox.eu\\\/wp-content\\\/uploads\\\/sites\\\/78\\\/2026\\\/02\\\/TheJordanTrail_flight.jpg 1000w&quot;}\">\t\t\t\t\t\t\t\t\t\t<\/div>\n\t\t\t\t\t\t\t\t\t\t<div class=\"tb-popup-content\">\n\t\t\t\t\t\t\t\t\t\t\t<h3>Vols (y compris la navette)<\/h3>\n\t\t\t\t\t\t\t\t\t\t\t<div class=\"content\">\t<div class=\"translation-block\"><p>Vous pouvez facilement r\u00e9server vos vols <strong>directement via notre interm\u00e9diaire<\/strong>. Ils comprennent \u00e9galement la <strong>navette aller-retour entre l\u2019a\u00e9roport d\u2019Amman et le point de d\u00e9part, ainsi que votre visa.<\/strong><\/p><p>Vous trouverez plus d\u2019informations sur les vols, les horaires de d\u00e9part et les bagages autoris\u00e9s dans la rubrique \u00ab <a href=\"#practical\">Infos pratiques<\/a> \u00bb.<\/p><p>Le prix des vols d\u00e9pend de vos dates et du moment de la r\u00e9servation. Consultez le calendrier pour voir le prix de base, vols compris.<\/p><p>Vous pouvez ajouter un <strong>bagage en soute<\/strong> pour <strong>55 \u20ac<\/strong>.<\/p><\/div>\n\t<\/div>\n\t\t\t\t\t\t\t\t\t\t<\/div>\n\t\t\t\t\t\t\t\t\t<\/div>\n\t\t\t\t\t\t\t\t<\/dialog>\n\t\t\t\t\t\t\t<\/div>\n\t\t\t\t\t\t<\/div>\n\t\t\t\t\t\t\t\t\t\t\t<div class=\"tb-card entry tb-popup-trigger desktop-only-popup\">\n\t\t\t\t\t\t\t<div class=\"tb-image-part desktop\">\n\t\t\t\t\t\t\t\t<img src='https:\/\/tjt.travelblox.eu\/wp-content\/smush-webp\/sites\/78\/2026\/02\/TheJordanTrail_airportshuttle.jpg.webp' width='800' height='1200' alt='TheJordanTrail_airportshuttle' srcset='https:\/\/tjt.travelblox.eu\/wp-content\/smush-webp\/sites\/78\/2026\/02\/TheJordanTrail_airportshuttle.jpg.webp 800w, https:\/\/tjt.travelblox.eu\/wp-content\/smush-webp\/sites\/78\/2026\/02\/TheJordanTrail_airportshuttle-200x300.jpg.webp 200w, https:\/\/tjt.travelblox.eu\/wp-content\/smush-webp\/sites\/78\/2026\/02\/TheJordanTrail_airportshuttle-683x1024.jpg.webp 683w, https:\/\/tjt.travelblox.eu\/wp-content\/smush-webp\/sites\/78\/2026\/02\/TheJordanTrail_airportshuttle-768x1152.jpg.webp 768w, https:\/\/tjt.travelblox.eu\/wp-content\/smush-webp\/sites\/78\/2026\/02\/TheJordanTrail_airportshuttle-8x12.jpg.webp 8w' sizes=\"auto, (max-width: 800px) 100vw, 800px\" loading='lazy' decoding='async' data-smush-webp-fallback=\"{&quot;src&quot;:&quot;https:\\\/\\\/tjt.travelblox.eu\\\/wp-content\\\/uploads\\\/sites\\\/78\\\/2026\\\/02\\\/TheJordanTrail_airportshuttle.jpg&quot;,&quot;srcset&quot;:&quot;https:\\\/\\\/tjt.travelblox.eu\\\/wp-content\\\/uploads\\\/sites\\\/78\\\/2026\\\/02\\\/TheJordanTrail_airportshuttle.jpg 800w, https:\\\/\\\/tjt.travelblox.eu\\\/wp-content\\\/uploads\\\/sites\\\/78\\\/2026\\\/02\\\/TheJordanTrail_airportshuttle-200x300.jpg 200w, https:\\\/\\\/tjt.travelblox.eu\\\/wp-content\\\/uploads\\\/sites\\\/78\\\/2026\\\/02\\\/TheJordanTrail_airportshuttle-683x1024.jpg 683w, https:\\\/\\\/tjt.travelblox.eu\\\/wp-content\\\/uploads\\\/sites\\\/78\\\/2026\\\/02\\\/TheJordanTrail_airportshuttle-768x1152.jpg 768w, https:\\\/\\\/tjt.travelblox.eu\\\/wp-content\\\/uploads\\\/sites\\\/78\\\/2026\\\/02\\\/TheJordanTrail_airportshuttle-8x12.jpg 8w&quot;}\">\t\t\t\t\t\t\t\t\t\t\t\t\t\t\t\t\t\t\t\t\t\t\t\t\t<div class=\"price tiny-body-font desktop translation-block\"><p>15 \u20ac par personne, par navette<\/p><\/div>\t\t\t\t\t\t\t<\/div>\n\t\t\t\t\t\t\t<div class=\"tb-image-part mobile\">\n\t\t\t\t\t\t\t\t<img src='https:\/\/tjt.travelblox.eu\/wp-content\/smush-webp\/sites\/78\/2026\/02\/TheJordanTrail_airportshuttle-768x1152.jpg.webp' width='768' height='1152' alt='TheJordanTrail_airportshuttle' srcset='https:\/\/tjt.travelblox.eu\/wp-content\/smush-webp\/sites\/78\/2026\/02\/TheJordanTrail_airportshuttle-768x1152.jpg.webp 768w, https:\/\/tjt.travelblox.eu\/wp-content\/smush-webp\/sites\/78\/2026\/02\/TheJordanTrail_airportshuttle-200x300.jpg.webp 200w, https:\/\/tjt.travelblox.eu\/wp-content\/smush-webp\/sites\/78\/2026\/02\/TheJordanTrail_airportshuttle-683x1024.jpg.webp 683w, https:\/\/tjt.travelblox.eu\/wp-content\/smush-webp\/sites\/78\/2026\/02\/TheJordanTrail_airportshuttle-8x12.jpg.webp 8w, https:\/\/tjt.travelblox.eu\/wp-content\/smush-webp\/sites\/78\/2026\/02\/TheJordanTrail_airportshuttle.jpg.webp 800w' sizes=\"auto, (max-width: 768px) 100vw, 768px\" loading='lazy' decoding='async' data-smush-webp-fallback=\"{&quot;src&quot;:&quot;https:\\\/\\\/tjt.travelblox.eu\\\/wp-content\\\/uploads\\\/sites\\\/78\\\/2026\\\/02\\\/TheJordanTrail_airportshuttle-768x1152.jpg&quot;,&quot;srcset&quot;:&quot;https:\\\/\\\/tjt.travelblox.eu\\\/wp-content\\\/uploads\\\/sites\\\/78\\\/2026\\\/02\\\/TheJordanTrail_airportshuttle-768x1152.jpg 768w, https:\\\/\\\/tjt.travelblox.eu\\\/wp-content\\\/uploads\\\/sites\\\/78\\\/2026\\\/02\\\/TheJordanTrail_airportshuttle-200x300.jpg 200w, https:\\\/\\\/tjt.travelblox.eu\\\/wp-content\\\/uploads\\\/sites\\\/78\\\/2026\\\/02\\\/TheJordanTrail_airportshuttle-683x1024.jpg 683w, https:\\\/\\\/tjt.travelblox.eu\\\/wp-content\\\/uploads\\\/sites\\\/78\\\/2026\\\/02\\\/TheJordanTrail_airportshuttle-8x12.jpg 8w, https:\\\/\\\/tjt.travelblox.eu\\\/wp-content\\\/uploads\\\/sites\\\/78\\\/2026\\\/02\\\/TheJordanTrail_airportshuttle.jpg 800w&quot;}\">\t\t\t\t\t\t\t\t\t\t\t\t\t\t\t<\/div>\n\t\t\t\t\t\t\t<div class=\"tb-card-content\">\n\t\t\t\t\t\t\t\t<h5>\n\t\t\t\t\t\t\t\t\t\t\t\t\t\t\t\t\t\t<span>Navette a\u00e9roport<\/span>\n\t\t\t\t\t\t\t\t<\/h5>\n\t\t\t\t\t\t\t\t\t\t\t\t\t\t\t\t\t<div class=\"price tiny-body-font mobile\"><p>15 \u20ac par personne, par navette<\/p><\/div>\t\t\t\t\t\t\t\t<div class=\"content readmore-content content--clamped\">\t<div class=\"translation-block\"><p>Si vous ne r\u00e9servez pas de vols avec nous, vous pouvez ajouter nos navettes aller-retour depuis l'a\u00e9roport d'Amman.<\/p><p><strong>Heures de navette* :<\/strong><\/p><ul><li>Jour 1 : d\u00e9part de l'a\u00e9roport vers l'h\u00f4tel vers 22h45<\/li><li>Jour 8 : d\u00e9part de l'h\u00f4tel d'Amman vers l'a\u00e9roport \u00e0 07h00<\/li><\/ul><p><i>*L'heure peut varier en fonction d'\u00e9ventuels retards de nos vols.<\/i><\/p><\/div>\n\t<\/div>\n\t\t\t\t\t\t\t\t\t\t\t\t\t\t\t\t<div class=\"readmore link js-readmore\">\n\t\t\t\t\t\t\t\t\t<span><i class=\"fa-solid fa-circle-plus\"><\/i><u>Lire la suite<\/u><\/span>\n\t\t\t\t\t\t\t\t\t<span><i class=\"fa-solid fa-circle-minus\"><\/i><u>Lire moins<\/u><\/span>\n\t\t\t\t\t\t\t\t<\/div>\n\t\t\t\t\t\t\t\t\t\t\t\t\t\t\t\t<dialog class=\"tb-popup\">\n\t\t\t\t\t\t\t\t\t<div class=\"tb-highlights-popup\">\n\t\t\t\t\t\t\t\t\t\t<div class=\"tb-image-part\">\n\t\t\t\t\t\t\t\t\t\t\t<img src='https:\/\/tjt.travelblox.eu\/wp-content\/smush-webp\/sites\/78\/2026\/02\/TheJordanTrail_airportshuttle-768x1152.jpg.webp' width='768' height='1152' alt='TheJordanTrail_airportshuttle' srcset='https:\/\/tjt.travelblox.eu\/wp-content\/smush-webp\/sites\/78\/2026\/02\/TheJordanTrail_airportshuttle-768x1152.jpg.webp 768w, https:\/\/tjt.travelblox.eu\/wp-content\/smush-webp\/sites\/78\/2026\/02\/TheJordanTrail_airportshuttle-200x300.jpg.webp 200w, https:\/\/tjt.travelblox.eu\/wp-content\/smush-webp\/sites\/78\/2026\/02\/TheJordanTrail_airportshuttle-683x1024.jpg.webp 683w, https:\/\/tjt.travelblox.eu\/wp-content\/smush-webp\/sites\/78\/2026\/02\/TheJordanTrail_airportshuttle-8x12.jpg.webp 8w, https:\/\/tjt.travelblox.eu\/wp-content\/smush-webp\/sites\/78\/2026\/02\/TheJordanTrail_airportshuttle.jpg.webp 800w' sizes=\"auto, (max-width: 768px) 100vw, 768px\" loading='lazy' decoding='async' data-smush-webp-fallback=\"{&quot;src&quot;:&quot;https:\\\/\\\/tjt.travelblox.eu\\\/wp-content\\\/uploads\\\/sites\\\/78\\\/2026\\\/02\\\/TheJordanTrail_airportshuttle-768x1152.jpg&quot;,&quot;srcset&quot;:&quot;https:\\\/\\\/tjt.travelblox.eu\\\/wp-content\\\/uploads\\\/sites\\\/78\\\/2026\\\/02\\\/TheJordanTrail_airportshuttle-768x1152.jpg 768w, https:\\\/\\\/tjt.travelblox.eu\\\/wp-content\\\/uploads\\\/sites\\\/78\\\/2026\\\/02\\\/TheJordanTrail_airportshuttle-200x300.jpg 200w, https:\\\/\\\/tjt.travelblox.eu\\\/wp-content\\\/uploads\\\/sites\\\/78\\\/2026\\\/02\\\/TheJordanTrail_airportshuttle-683x1024.jpg 683w, https:\\\/\\\/tjt.travelblox.eu\\\/wp-content\\\/uploads\\\/sites\\\/78\\\/2026\\\/02\\\/TheJordanTrail_airportshuttle-8x12.jpg 8w, https:\\\/\\\/tjt.travelblox.eu\\\/wp-content\\\/uploads\\\/sites\\\/78\\\/2026\\\/02\\\/TheJordanTrail_airportshuttle.jpg 800w&quot;}\">\t\t\t\t\t\t\t\t\t\t<\/div>\n\t\t\t\t\t\t\t\t\t\t<div class=\"tb-popup-content\">\n\t\t\t\t\t\t\t\t\t\t\t<h3>Navette a\u00e9roport<\/h3>\n\t\t\t\t\t\t\t\t\t\t\t<div class=\"content\">\t<div class=\"translation-block\"><p>Si vous ne r\u00e9servez pas de vols avec nous, vous pouvez ajouter nos navettes aller-retour depuis l'a\u00e9roport d'Amman.<\/p><p><strong>Heures de navette* :<\/strong><\/p><ul><li>Jour 1 : d\u00e9part de l'a\u00e9roport vers l'h\u00f4tel vers 22h45<\/li><li>Jour 8 : d\u00e9part de l'h\u00f4tel d'Amman vers l'a\u00e9roport \u00e0 07h00<\/li><\/ul><p><i>*L'heure peut varier en fonction d'\u00e9ventuels retards de nos vols.<\/i><\/p><\/div>\n\t<\/div>\n\t\t\t\t\t\t\t\t\t\t<\/div>\n\t\t\t\t\t\t\t\t\t<\/div>\n\t\t\t\t\t\t\t\t<\/dialog>\n\t\t\t\t\t\t\t<\/div>\n\t\t\t\t\t\t<\/div>\n\t\t\t\t\t\t\t\t\t\t\t<div class=\"tb-card entry tb-popup-trigger desktop-only-popup\">\n\t\t\t\t\t\t\t<div class=\"tb-image-part desktop\">\n\t\t\t\t\t\t\t\t<img src='https:\/\/tjt.travelblox.eu\/wp-content\/smush-webp\/sites\/78\/2026\/02\/TheJordanTrail_luggage_transport-scaled.jpg.webp' width='2560' height='1707' alt='Le Jordan Trail, transport des bagages' srcset='https:\/\/tjt.travelblox.eu\/wp-content\/smush-webp\/sites\/78\/2026\/02\/TheJordanTrail_luggage_transport-scaled.jpg.webp 2560w, https:\/\/tjt.travelblox.eu\/wp-content\/smush-webp\/sites\/78\/2026\/02\/TheJordanTrail_luggage_transport-300x200.jpg.webp 300w, https:\/\/tjt.travelblox.eu\/wp-content\/smush-webp\/sites\/78\/2026\/02\/TheJordanTrail_luggage_transport-1024x683.jpg.webp 1024w, https:\/\/tjt.travelblox.eu\/wp-content\/smush-webp\/sites\/78\/2026\/02\/TheJordanTrail_luggage_transport-768x512.jpg.webp 768w, https:\/\/tjt.travelblox.eu\/wp-content\/smush-webp\/sites\/78\/2026\/02\/TheJordanTrail_luggage_transport-1536x1024.jpg.webp 1536w, https:\/\/tjt.travelblox.eu\/wp-content\/smush-webp\/sites\/78\/2026\/02\/TheJordanTrail_luggage_transport-2048x1366.jpg.webp 2048w, https:\/\/tjt.travelblox.eu\/wp-content\/smush-webp\/sites\/78\/2026\/02\/TheJordanTrail_luggage_transport-18x12.jpg.webp 18w' sizes=\"auto, (max-width: 2560px) 100vw, 2560px\" loading='lazy' decoding='async' data-smush-webp-fallback=\"{&quot;src&quot;:&quot;https:\\\/\\\/tjt.travelblox.eu\\\/wp-content\\\/uploads\\\/sites\\\/78\\\/2026\\\/02\\\/TheJordanTrail_luggage_transport-scaled.jpg&quot;,&quot;srcset&quot;:&quot;https:\\\/\\\/tjt.travelblox.eu\\\/wp-content\\\/uploads\\\/sites\\\/78\\\/2026\\\/02\\\/TheJordanTrail_luggage_transport-scaled.jpg 2560w, https:\\\/\\\/tjt.travelblox.eu\\\/wp-content\\\/uploads\\\/sites\\\/78\\\/2026\\\/02\\\/TheJordanTrail_luggage_transport-300x200.jpg 300w, https:\\\/\\\/tjt.travelblox.eu\\\/wp-content\\\/uploads\\\/sites\\\/78\\\/2026\\\/02\\\/TheJordanTrail_luggage_transport-1024x683.jpg 1024w, https:\\\/\\\/tjt.travelblox.eu\\\/wp-content\\\/uploads\\\/sites\\\/78\\\/2026\\\/02\\\/TheJordanTrail_luggage_transport-768x512.jpg 768w, https:\\\/\\\/tjt.travelblox.eu\\\/wp-content\\\/uploads\\\/sites\\\/78\\\/2026\\\/02\\\/TheJordanTrail_luggage_transport-1536x1024.jpg 1536w, https:\\\/\\\/tjt.travelblox.eu\\\/wp-content\\\/uploads\\\/sites\\\/78\\\/2026\\\/02\\\/TheJordanTrail_luggage_transport-2048x1366.jpg 2048w, https:\\\/\\\/tjt.travelblox.eu\\\/wp-content\\\/uploads\\\/sites\\\/78\\\/2026\\\/02\\\/TheJordanTrail_luggage_transport-18x12.jpg 18w&quot;}\">\t\t\t\t\t\t\t\t\t\t\t\t\t\t\t\t\t\t\t\t\t\t\t\t\t<div class=\"price tiny-body-font desktop translation-block\"><p>95 \u20ac par personne<\/p><\/div>\t\t\t\t\t\t\t<\/div>\n\t\t\t\t\t\t\t<div class=\"tb-image-part mobile\">\n\t\t\t\t\t\t\t\t<img src='https:\/\/tjt.travelblox.eu\/wp-content\/smush-webp\/sites\/78\/2026\/02\/TheJordanTrail_luggage_transport-768x512.jpg.webp' width='768' height='512' alt='Le Jordan Trail, transport des bagages' srcset='https:\/\/tjt.travelblox.eu\/wp-content\/smush-webp\/sites\/78\/2026\/02\/TheJordanTrail_luggage_transport-768x512.jpg.webp 768w, https:\/\/tjt.travelblox.eu\/wp-content\/smush-webp\/sites\/78\/2026\/02\/TheJordanTrail_luggage_transport-300x200.jpg.webp 300w, https:\/\/tjt.travelblox.eu\/wp-content\/smush-webp\/sites\/78\/2026\/02\/TheJordanTrail_luggage_transport-1024x683.jpg.webp 1024w, https:\/\/tjt.travelblox.eu\/wp-content\/smush-webp\/sites\/78\/2026\/02\/TheJordanTrail_luggage_transport-1536x1024.jpg.webp 1536w, https:\/\/tjt.travelblox.eu\/wp-content\/smush-webp\/sites\/78\/2026\/02\/TheJordanTrail_luggage_transport-2048x1366.jpg.webp 2048w, https:\/\/tjt.travelblox.eu\/wp-content\/smush-webp\/sites\/78\/2026\/02\/TheJordanTrail_luggage_transport-18x12.jpg.webp 18w' sizes=\"auto, (max-width: 768px) 100vw, 768px\" loading='lazy' decoding='async' data-smush-webp-fallback=\"{&quot;src&quot;:&quot;https:\\\/\\\/tjt.travelblox.eu\\\/wp-content\\\/uploads\\\/sites\\\/78\\\/2026\\\/02\\\/TheJordanTrail_luggage_transport-768x512.jpg&quot;,&quot;srcset&quot;:&quot;https:\\\/\\\/tjt.travelblox.eu\\\/wp-content\\\/uploads\\\/sites\\\/78\\\/2026\\\/02\\\/TheJordanTrail_luggage_transport-768x512.jpg 768w, https:\\\/\\\/tjt.travelblox.eu\\\/wp-content\\\/uploads\\\/sites\\\/78\\\/2026\\\/02\\\/TheJordanTrail_luggage_transport-300x200.jpg 300w, https:\\\/\\\/tjt.travelblox.eu\\\/wp-content\\\/uploads\\\/sites\\\/78\\\/2026\\\/02\\\/TheJordanTrail_luggage_transport-1024x683.jpg 1024w, https:\\\/\\\/tjt.travelblox.eu\\\/wp-content\\\/uploads\\\/sites\\\/78\\\/2026\\\/02\\\/TheJordanTrail_luggage_transport-1536x1024.jpg 1536w, https:\\\/\\\/tjt.travelblox.eu\\\/wp-content\\\/uploads\\\/sites\\\/78\\\/2026\\\/02\\\/TheJordanTrail_luggage_transport-2048x1366.jpg 2048w, https:\\\/\\\/tjt.travelblox.eu\\\/wp-content\\\/uploads\\\/sites\\\/78\\\/2026\\\/02\\\/TheJordanTrail_luggage_transport-18x12.jpg 18w&quot;}\">\t\t\t\t\t\t\t\t\t\t\t\t\t\t\t<\/div>\n\t\t\t\t\t\t\t<div class=\"tb-card-content\">\n\t\t\t\t\t\t\t\t<h5>\n\t\t\t\t\t\t\t\t\t\t\t\t\t\t\t\t\t\t<span>Transport de bagages<\/span>\n\t\t\t\t\t\t\t\t<\/h5>\n\t\t\t\t\t\t\t\t\t\t\t\t\t\t\t\t\t<div class=\"price tiny-body-font mobile\"><p>95 \u20ac par personne<\/p><\/div>\t\t\t\t\t\t\t\t<div class=\"content readmore-content content--clamped\">\t<div class=\"translation-block\"><p>Vos <strong>bagages sont transport\u00e9s chaque jour<\/strong> en jeep vers le prochain lieu de nuit\u00e9e. Vous n'emportez que votre petit sac \u00e0 dos (avec de l'eau, des snacks, le d\u00e9jeuner, l'appareil photo...). Ainsi, vous pouvez profiter pleinement des paysages !<\/p><\/div>\n\t<\/div>\n\t\t\t\t\t\t\t\t\t\t\t\t\t\t\t\t<div class=\"readmore link js-readmore\">\n\t\t\t\t\t\t\t\t\t<span><i class=\"fa-solid fa-circle-plus\"><\/i><u>Lire la suite<\/u><\/span>\n\t\t\t\t\t\t\t\t\t<span><i class=\"fa-solid fa-circle-minus\"><\/i><u>Lire moins<\/u><\/span>\n\t\t\t\t\t\t\t\t<\/div>\n\t\t\t\t\t\t\t\t\t\t\t\t\t\t\t\t<dialog class=\"tb-popup\">\n\t\t\t\t\t\t\t\t\t<div class=\"tb-highlights-popup\">\n\t\t\t\t\t\t\t\t\t\t<div class=\"tb-image-part\">\n\t\t\t\t\t\t\t\t\t\t\t<img src='https:\/\/tjt.travelblox.eu\/wp-content\/smush-webp\/sites\/78\/2026\/02\/TheJordanTrail_luggage_transport-768x512.jpg.webp' width='768' height='512' alt='Le Jordan Trail, transport des bagages' srcset='https:\/\/tjt.travelblox.eu\/wp-content\/smush-webp\/sites\/78\/2026\/02\/TheJordanTrail_luggage_transport-768x512.jpg.webp 768w, https:\/\/tjt.travelblox.eu\/wp-content\/smush-webp\/sites\/78\/2026\/02\/TheJordanTrail_luggage_transport-300x200.jpg.webp 300w, https:\/\/tjt.travelblox.eu\/wp-content\/smush-webp\/sites\/78\/2026\/02\/TheJordanTrail_luggage_transport-1024x683.jpg.webp 1024w, https:\/\/tjt.travelblox.eu\/wp-content\/smush-webp\/sites\/78\/2026\/02\/TheJordanTrail_luggage_transport-1536x1024.jpg.webp 1536w, https:\/\/tjt.travelblox.eu\/wp-content\/smush-webp\/sites\/78\/2026\/02\/TheJordanTrail_luggage_transport-2048x1366.jpg.webp 2048w, https:\/\/tjt.travelblox.eu\/wp-content\/smush-webp\/sites\/78\/2026\/02\/TheJordanTrail_luggage_transport-18x12.jpg.webp 18w' sizes=\"auto, (max-width: 768px) 100vw, 768px\" loading='lazy' decoding='async' data-smush-webp-fallback=\"{&quot;src&quot;:&quot;https:\\\/\\\/tjt.travelblox.eu\\\/wp-content\\\/uploads\\\/sites\\\/78\\\/2026\\\/02\\\/TheJordanTrail_luggage_transport-768x512.jpg&quot;,&quot;srcset&quot;:&quot;https:\\\/\\\/tjt.travelblox.eu\\\/wp-content\\\/uploads\\\/sites\\\/78\\\/2026\\\/02\\\/TheJordanTrail_luggage_transport-768x512.jpg 768w, https:\\\/\\\/tjt.travelblox.eu\\\/wp-content\\\/uploads\\\/sites\\\/78\\\/2026\\\/02\\\/TheJordanTrail_luggage_transport-300x200.jpg 300w, https:\\\/\\\/tjt.travelblox.eu\\\/wp-content\\\/uploads\\\/sites\\\/78\\\/2026\\\/02\\\/TheJordanTrail_luggage_transport-1024x683.jpg 1024w, https:\\\/\\\/tjt.travelblox.eu\\\/wp-content\\\/uploads\\\/sites\\\/78\\\/2026\\\/02\\\/TheJordanTrail_luggage_transport-1536x1024.jpg 1536w, https:\\\/\\\/tjt.travelblox.eu\\\/wp-content\\\/uploads\\\/sites\\\/78\\\/2026\\\/02\\\/TheJordanTrail_luggage_transport-2048x1366.jpg 2048w, https:\\\/\\\/tjt.travelblox.eu\\\/wp-content\\\/uploads\\\/sites\\\/78\\\/2026\\\/02\\\/TheJordanTrail_luggage_transport-18x12.jpg 18w&quot;}\">\t\t\t\t\t\t\t\t\t\t<\/div>\n\t\t\t\t\t\t\t\t\t\t<div class=\"tb-popup-content\">\n\t\t\t\t\t\t\t\t\t\t\t<h3>Transport de bagages<\/h3>\n\t\t\t\t\t\t\t\t\t\t\t<div class=\"content\">\t<div class=\"translation-block\"><p>Vos <strong>bagages sont transport\u00e9s chaque jour<\/strong> en jeep vers le prochain lieu de nuit\u00e9e. Vous n'emportez que votre petit sac \u00e0 dos (avec de l'eau, des snacks, le d\u00e9jeuner, l'appareil photo...). Ainsi, vous pouvez profiter pleinement des paysages !<\/p><\/div>\n\t<\/div>\n\t\t\t\t\t\t\t\t\t\t<\/div>\n\t\t\t\t\t\t\t\t\t<\/div>\n\t\t\t\t\t\t\t\t<\/dialog>\n\t\t\t\t\t\t\t<\/div>\n\t\t\t\t\t\t<\/div>\n\t\t\t\t\t\t\t\t\t\t\t\t\t<\/div>\n\t\t\t\t<div class=\"tb-carousel-nav\">\n\t\t<div class=\"dots\">\n\t\t\t<div class=\"dot active\"><\/div>\n\t\t\t<div class=\"dot\"><\/div>\n\t\t\t<div class=\"dot\"><\/div>\n\t\t<\/div>\n\t\t<div class=\"arrows\">\n\t\t\t<div class=\"prev disabled\">\n\t\t\t\t<span><i class=\"fa fa-chevron-left\"><\/i><\/span>\n\t\t\t<\/div>\n\t\t\t<div class=\"next\">\n\t\t\t\t<span><i class=\"fa fa-chevron-right\"><\/i><\/span>\n\t\t\t<\/div>\n\t\t<\/div>\n\t<\/div>\n\t\t\t<\/div>\n\t<\/div>\n\t\t\t\t\t\t\t\t\t\t\t\t\t\t\t\t\t\t<div class=\"inner-block-full-width has-tb-carousel tb-section\" id=\"options-section-3\"style=\"display:none;\">\n\t\t<div class=\"tb-carousel-container\">\n\t\t\t<div class=\"entries tb-cards\" data-slider-first=\"1\">\n\t\t\t\t\t\t\t\t\t\t\t\t\t\t\t<div class=\"tb-card entry tb-popup-trigger desktop-only-popup\">\n\t\t\t\t\t\t\t<div class=\"tb-image-part desktop\">\n\t\t\t\t\t\t\t\t<img src='https:\/\/tjt.travelblox.eu\/wp-content\/smush-webp\/sites\/78\/2025\/08\/Blog-verticale-fotos-9.jpg.webp' width='1080' height='1680' alt='Randonn\u00e9e sur le Jordan Trail en Jordanie' srcset='https:\/\/tjt.travelblox.eu\/wp-content\/smush-webp\/sites\/78\/2025\/08\/Blog-verticale-fotos-9.jpg.webp 1080w, https:\/\/tjt.travelblox.eu\/wp-content\/smush-webp\/sites\/78\/2025\/08\/Blog-verticale-fotos-9-193x300.jpg.webp 193w, https:\/\/tjt.travelblox.eu\/wp-content\/smush-webp\/sites\/78\/2025\/08\/Blog-verticale-fotos-9-658x1024.jpg.webp 658w, https:\/\/tjt.travelblox.eu\/wp-content\/smush-webp\/sites\/78\/2025\/08\/Blog-verticale-fotos-9-768x1195.jpg.webp 768w, https:\/\/tjt.travelblox.eu\/wp-content\/smush-webp\/sites\/78\/2025\/08\/Blog-verticale-fotos-9-987x1536.jpg.webp 987w, https:\/\/tjt.travelblox.eu\/wp-content\/smush-webp\/sites\/78\/2025\/08\/Blog-verticale-fotos-9-8x12.jpg.webp 8w' sizes=\"auto, (max-width: 1080px) 100vw, 1080px\" style='object-position:50% 50%' loading='lazy' decoding='async' data-smush-webp-fallback=\"{&quot;src&quot;:&quot;https:\\\/\\\/tjt.travelblox.eu\\\/wp-content\\\/uploads\\\/sites\\\/78\\\/2025\\\/08\\\/Blog-verticale-fotos-9.jpg&quot;,&quot;srcset&quot;:&quot;https:\\\/\\\/tjt.travelblox.eu\\\/wp-content\\\/uploads\\\/sites\\\/78\\\/2025\\\/08\\\/Blog-verticale-fotos-9.jpg 1080w, https:\\\/\\\/tjt.travelblox.eu\\\/wp-content\\\/uploads\\\/sites\\\/78\\\/2025\\\/08\\\/Blog-verticale-fotos-9-193x300.jpg 193w, https:\\\/\\\/tjt.travelblox.eu\\\/wp-content\\\/uploads\\\/sites\\\/78\\\/2025\\\/08\\\/Blog-verticale-fotos-9-658x1024.jpg 658w, https:\\\/\\\/tjt.travelblox.eu\\\/wp-content\\\/uploads\\\/sites\\\/78\\\/2025\\\/08\\\/Blog-verticale-fotos-9-768x1195.jpg 768w, https:\\\/\\\/tjt.travelblox.eu\\\/wp-content\\\/uploads\\\/sites\\\/78\\\/2025\\\/08\\\/Blog-verticale-fotos-9-987x1536.jpg 987w, https:\\\/\\\/tjt.travelblox.eu\\\/wp-content\\\/uploads\\\/sites\\\/78\\\/2025\\\/08\\\/Blog-verticale-fotos-9-8x12.jpg 8w&quot;}\">\t\t\t\t\t\t\t\t\t\t\t\t\t\t\t\t\t\t\t\t\t\t\t\t\t<div class=\"price tiny-body-font desktop translation-block\"><p>160 \u20ac<\/p><\/div>\t\t\t\t\t\t\t<\/div>\n\t\t\t\t\t\t\t<div class=\"tb-image-part mobile\">\n\t\t\t\t\t\t\t\t<img src='https:\/\/tjt.travelblox.eu\/wp-content\/smush-webp\/sites\/78\/2025\/08\/Blog-verticale-fotos-9-768x1195.jpg.webp' width='768' height='1195' alt='Randonn\u00e9e sur le Jordan Trail en Jordanie' srcset='https:\/\/tjt.travelblox.eu\/wp-content\/smush-webp\/sites\/78\/2025\/08\/Blog-verticale-fotos-9-768x1195.jpg.webp 768w, https:\/\/tjt.travelblox.eu\/wp-content\/smush-webp\/sites\/78\/2025\/08\/Blog-verticale-fotos-9-193x300.jpg.webp 193w, https:\/\/tjt.travelblox.eu\/wp-content\/smush-webp\/sites\/78\/2025\/08\/Blog-verticale-fotos-9-658x1024.jpg.webp 658w, https:\/\/tjt.travelblox.eu\/wp-content\/smush-webp\/sites\/78\/2025\/08\/Blog-verticale-fotos-9-987x1536.jpg.webp 987w, https:\/\/tjt.travelblox.eu\/wp-content\/smush-webp\/sites\/78\/2025\/08\/Blog-verticale-fotos-9-8x12.jpg.webp 8w, https:\/\/tjt.travelblox.eu\/wp-content\/smush-webp\/sites\/78\/2025\/08\/Blog-verticale-fotos-9.jpg.webp 1080w' sizes=\"auto, (max-width: 768px) 100vw, 768px\" style='object-position:50% 50%' loading='lazy' decoding='async' data-smush-webp-fallback=\"{&quot;src&quot;:&quot;https:\\\/\\\/tjt.travelblox.eu\\\/wp-content\\\/uploads\\\/sites\\\/78\\\/2025\\\/08\\\/Blog-verticale-fotos-9-768x1195.jpg&quot;,&quot;srcset&quot;:&quot;https:\\\/\\\/tjt.travelblox.eu\\\/wp-content\\\/uploads\\\/sites\\\/78\\\/2025\\\/08\\\/Blog-verticale-fotos-9-768x1195.jpg 768w, https:\\\/\\\/tjt.travelblox.eu\\\/wp-content\\\/uploads\\\/sites\\\/78\\\/2025\\\/08\\\/Blog-verticale-fotos-9-193x300.jpg 193w, https:\\\/\\\/tjt.travelblox.eu\\\/wp-content\\\/uploads\\\/sites\\\/78\\\/2025\\\/08\\\/Blog-verticale-fotos-9-658x1024.jpg 658w, https:\\\/\\\/tjt.travelblox.eu\\\/wp-content\\\/uploads\\\/sites\\\/78\\\/2025\\\/08\\\/Blog-verticale-fotos-9-987x1536.jpg 987w, https:\\\/\\\/tjt.travelblox.eu\\\/wp-content\\\/uploads\\\/sites\\\/78\\\/2025\\\/08\\\/Blog-verticale-fotos-9-8x12.jpg 8w, https:\\\/\\\/tjt.travelblox.eu\\\/wp-content\\\/uploads\\\/sites\\\/78\\\/2025\\\/08\\\/Blog-verticale-fotos-9.jpg 1080w&quot;}\">\t\t\t\t\t\t\t\t\t\t\t\t\t\t\t<\/div>\n\t\t\t\t\t\t\t<div class=\"tb-card-content\">\n\t\t\t\t\t\t\t\t<h5>\n\t\t\t\t\t\t\t\t\t\t\t\t\t\t\t\t\t\t<span>Cuisine b\u00e9douine Viande<\/span>\n\t\t\t\t\t\t\t\t<\/h5>\n\t\t\t\t\t\t\t\t\t\t\t\t\t\t\t\t\t<div class=\"price tiny-body-font mobile\"><p>\u20ac160<\/p><\/div>\t\t\t\t\t\t\t\t<div class=\"content readmore-content content--clamped\">\t<div class=\"translation-block\"><p>Cette option vous permet de manger avec nous tous les jours* et de profiter de la <strong>cuisine locale b\u00e9douine.<\/strong><\/p><p><strong>Petit-d\u00e9jeuner<\/strong> avec pain naan, houmous, confiture, \u0153ufs, dattes, caf\u00e9 et th\u00e9. <strong>Panier-repas<\/strong> avec pain naan, thon, fromage, concombre ou tomate et fruits. Le repas du soir est un <strong>repas traditionnel b\u00e9douin<\/strong> pr\u00e9par\u00e9 par le chef local, avec beaucoup de l\u00e9gumes frais, du poulet, du riz, des salades et des sauces. Vous pouvez apporter votre propre nourriture, mais nous recommandons vivement de vous joindre aux d\u00eeners b\u00e9douins.<\/p><p><i>*Le repas du soir du jour 1 n'est pas inclus<\/i><\/p><\/div>\n\t<\/div>\n\t\t\t\t\t\t\t\t\t\t\t\t\t\t\t\t<div class=\"readmore link js-readmore\">\n\t\t\t\t\t\t\t\t\t<span><i class=\"fa-solid fa-circle-plus\"><\/i><u>Lire la suite<\/u><\/span>\n\t\t\t\t\t\t\t\t\t<span><i class=\"fa-solid fa-circle-minus\"><\/i><u>Lire moins<\/u><\/span>\n\t\t\t\t\t\t\t\t<\/div>\n\t\t\t\t\t\t\t\t\t\t\t\t\t\t\t\t<dialog class=\"tb-popup\">\n\t\t\t\t\t\t\t\t\t<div class=\"tb-highlights-popup\">\n\t\t\t\t\t\t\t\t\t\t<div class=\"tb-image-part\">\n\t\t\t\t\t\t\t\t\t\t\t<img src='https:\/\/tjt.travelblox.eu\/wp-content\/smush-webp\/sites\/78\/2025\/08\/Blog-verticale-fotos-9-768x1195.jpg.webp' width='768' height='1195' alt='Randonn\u00e9e sur le Jordan Trail en Jordanie' srcset='https:\/\/tjt.travelblox.eu\/wp-content\/smush-webp\/sites\/78\/2025\/08\/Blog-verticale-fotos-9-768x1195.jpg.webp 768w, https:\/\/tjt.travelblox.eu\/wp-content\/smush-webp\/sites\/78\/2025\/08\/Blog-verticale-fotos-9-193x300.jpg.webp 193w, https:\/\/tjt.travelblox.eu\/wp-content\/smush-webp\/sites\/78\/2025\/08\/Blog-verticale-fotos-9-658x1024.jpg.webp 658w, https:\/\/tjt.travelblox.eu\/wp-content\/smush-webp\/sites\/78\/2025\/08\/Blog-verticale-fotos-9-987x1536.jpg.webp 987w, https:\/\/tjt.travelblox.eu\/wp-content\/smush-webp\/sites\/78\/2025\/08\/Blog-verticale-fotos-9-8x12.jpg.webp 8w, https:\/\/tjt.travelblox.eu\/wp-content\/smush-webp\/sites\/78\/2025\/08\/Blog-verticale-fotos-9.jpg.webp 1080w' sizes=\"auto, (max-width: 768px) 100vw, 768px\" style='object-position:50% 50%' loading='lazy' decoding='async' data-smush-webp-fallback=\"{&quot;src&quot;:&quot;https:\\\/\\\/tjt.travelblox.eu\\\/wp-content\\\/uploads\\\/sites\\\/78\\\/2025\\\/08\\\/Blog-verticale-fotos-9-768x1195.jpg&quot;,&quot;srcset&quot;:&quot;https:\\\/\\\/tjt.travelblox.eu\\\/wp-content\\\/uploads\\\/sites\\\/78\\\/2025\\\/08\\\/Blog-verticale-fotos-9-768x1195.jpg 768w, https:\\\/\\\/tjt.travelblox.eu\\\/wp-content\\\/uploads\\\/sites\\\/78\\\/2025\\\/08\\\/Blog-verticale-fotos-9-193x300.jpg 193w, https:\\\/\\\/tjt.travelblox.eu\\\/wp-content\\\/uploads\\\/sites\\\/78\\\/2025\\\/08\\\/Blog-verticale-fotos-9-658x1024.jpg 658w, https:\\\/\\\/tjt.travelblox.eu\\\/wp-content\\\/uploads\\\/sites\\\/78\\\/2025\\\/08\\\/Blog-verticale-fotos-9-987x1536.jpg 987w, https:\\\/\\\/tjt.travelblox.eu\\\/wp-content\\\/uploads\\\/sites\\\/78\\\/2025\\\/08\\\/Blog-verticale-fotos-9-8x12.jpg 8w, https:\\\/\\\/tjt.travelblox.eu\\\/wp-content\\\/uploads\\\/sites\\\/78\\\/2025\\\/08\\\/Blog-verticale-fotos-9.jpg 1080w&quot;}\">\t\t\t\t\t\t\t\t\t\t<\/div>\n\t\t\t\t\t\t\t\t\t\t<div class=\"tb-popup-content\">\n\t\t\t\t\t\t\t\t\t\t\t<h3>Cuisine b\u00e9douine Viande<\/h3>\n\t\t\t\t\t\t\t\t\t\t\t<div class=\"content\">\t<div class=\"translation-block\"><p>Cette option vous permet de manger avec nous tous les jours* et de profiter de la <strong>cuisine locale b\u00e9douine.<\/strong><\/p><p><strong>Petit-d\u00e9jeuner<\/strong> avec pain naan, houmous, confiture, \u0153ufs, dattes, caf\u00e9 et th\u00e9. <strong>Panier-repas<\/strong> avec pain naan, thon, fromage, concombre ou tomate et fruits. Le repas du soir est un <strong>repas traditionnel b\u00e9douin<\/strong> pr\u00e9par\u00e9 par le chef local, avec beaucoup de l\u00e9gumes frais, du poulet, du riz, des salades et des sauces. Vous pouvez apporter votre propre nourriture, mais nous recommandons vivement de vous joindre aux d\u00eeners b\u00e9douins.<\/p><p><i>*Le repas du soir du jour 1 n'est pas inclus<\/i><\/p><\/div>\n\t<\/div>\n\t\t\t\t\t\t\t\t\t\t<\/div>\n\t\t\t\t\t\t\t\t\t<\/div>\n\t\t\t\t\t\t\t\t<\/dialog>\n\t\t\t\t\t\t\t<\/div>\n\t\t\t\t\t\t<\/div>\n\t\t\t\t\t\t\t\t\t\t\t<div class=\"tb-card entry tb-popup-trigger desktop-only-popup\">\n\t\t\t\t\t\t\t<div class=\"tb-image-part desktop\">\n\t\t\t\t\t\t\t\t<img src='https:\/\/tjt.travelblox.eu\/wp-content\/smush-webp\/sites\/78\/2026\/02\/TheJordanTrail_bedouin_cuisine_veggie.jpg.webp' width='800' height='1200' alt='TheJordanTrail_bedouin_cuisine_veggie' srcset='https:\/\/tjt.travelblox.eu\/wp-content\/smush-webp\/sites\/78\/2026\/02\/TheJordanTrail_bedouin_cuisine_veggie.jpg.webp 800w, https:\/\/tjt.travelblox.eu\/wp-content\/smush-webp\/sites\/78\/2026\/02\/TheJordanTrail_bedouin_cuisine_veggie-200x300.jpg.webp 200w, https:\/\/tjt.travelblox.eu\/wp-content\/smush-webp\/sites\/78\/2026\/02\/TheJordanTrail_bedouin_cuisine_veggie-683x1024.jpg.webp 683w, https:\/\/tjt.travelblox.eu\/wp-content\/smush-webp\/sites\/78\/2026\/02\/TheJordanTrail_bedouin_cuisine_veggie-768x1152.jpg.webp 768w, https:\/\/tjt.travelblox.eu\/wp-content\/smush-webp\/sites\/78\/2026\/02\/TheJordanTrail_bedouin_cuisine_veggie-8x12.jpg.webp 8w' sizes=\"auto, (max-width: 800px) 100vw, 800px\" loading='lazy' decoding='async' data-smush-webp-fallback=\"{&quot;src&quot;:&quot;https:\\\/\\\/tjt.travelblox.eu\\\/wp-content\\\/uploads\\\/sites\\\/78\\\/2026\\\/02\\\/TheJordanTrail_bedouin_cuisine_veggie.jpg&quot;,&quot;srcset&quot;:&quot;https:\\\/\\\/tjt.travelblox.eu\\\/wp-content\\\/uploads\\\/sites\\\/78\\\/2026\\\/02\\\/TheJordanTrail_bedouin_cuisine_veggie.jpg 800w, https:\\\/\\\/tjt.travelblox.eu\\\/wp-content\\\/uploads\\\/sites\\\/78\\\/2026\\\/02\\\/TheJordanTrail_bedouin_cuisine_veggie-200x300.jpg 200w, https:\\\/\\\/tjt.travelblox.eu\\\/wp-content\\\/uploads\\\/sites\\\/78\\\/2026\\\/02\\\/TheJordanTrail_bedouin_cuisine_veggie-683x1024.jpg 683w, https:\\\/\\\/tjt.travelblox.eu\\\/wp-content\\\/uploads\\\/sites\\\/78\\\/2026\\\/02\\\/TheJordanTrail_bedouin_cuisine_veggie-768x1152.jpg 768w, https:\\\/\\\/tjt.travelblox.eu\\\/wp-content\\\/uploads\\\/sites\\\/78\\\/2026\\\/02\\\/TheJordanTrail_bedouin_cuisine_veggie-8x12.jpg 8w&quot;}\">\t\t\t\t\t\t\t\t\t\t\t\t\t\t\t\t\t\t\t\t\t\t\t\t\t<div class=\"price tiny-body-font desktop translation-block\"><p>156 \u20ac<\/p><\/div>\t\t\t\t\t\t\t<\/div>\n\t\t\t\t\t\t\t<div class=\"tb-image-part mobile\">\n\t\t\t\t\t\t\t\t<img src='https:\/\/tjt.travelblox.eu\/wp-content\/smush-webp\/sites\/78\/2026\/02\/TheJordanTrail_bedouin_cuisine_veggie-768x1152.jpg.webp' width='768' height='1152' alt='TheJordanTrail_bedouin_cuisine_veggie' srcset='https:\/\/tjt.travelblox.eu\/wp-content\/smush-webp\/sites\/78\/2026\/02\/TheJordanTrail_bedouin_cuisine_veggie-768x1152.jpg.webp 768w, https:\/\/tjt.travelblox.eu\/wp-content\/smush-webp\/sites\/78\/2026\/02\/TheJordanTrail_bedouin_cuisine_veggie-200x300.jpg.webp 200w, https:\/\/tjt.travelblox.eu\/wp-content\/smush-webp\/sites\/78\/2026\/02\/TheJordanTrail_bedouin_cuisine_veggie-683x1024.jpg.webp 683w, https:\/\/tjt.travelblox.eu\/wp-content\/smush-webp\/sites\/78\/2026\/02\/TheJordanTrail_bedouin_cuisine_veggie-8x12.jpg.webp 8w, https:\/\/tjt.travelblox.eu\/wp-content\/smush-webp\/sites\/78\/2026\/02\/TheJordanTrail_bedouin_cuisine_veggie.jpg.webp 800w' sizes=\"auto, (max-width: 768px) 100vw, 768px\" loading='lazy' decoding='async' data-smush-webp-fallback=\"{&quot;src&quot;:&quot;https:\\\/\\\/tjt.travelblox.eu\\\/wp-content\\\/uploads\\\/sites\\\/78\\\/2026\\\/02\\\/TheJordanTrail_bedouin_cuisine_veggie-768x1152.jpg&quot;,&quot;srcset&quot;:&quot;https:\\\/\\\/tjt.travelblox.eu\\\/wp-content\\\/uploads\\\/sites\\\/78\\\/2026\\\/02\\\/TheJordanTrail_bedouin_cuisine_veggie-768x1152.jpg 768w, https:\\\/\\\/tjt.travelblox.eu\\\/wp-content\\\/uploads\\\/sites\\\/78\\\/2026\\\/02\\\/TheJordanTrail_bedouin_cuisine_veggie-200x300.jpg 200w, https:\\\/\\\/tjt.travelblox.eu\\\/wp-content\\\/uploads\\\/sites\\\/78\\\/2026\\\/02\\\/TheJordanTrail_bedouin_cuisine_veggie-683x1024.jpg 683w, https:\\\/\\\/tjt.travelblox.eu\\\/wp-content\\\/uploads\\\/sites\\\/78\\\/2026\\\/02\\\/TheJordanTrail_bedouin_cuisine_veggie-8x12.jpg 8w, https:\\\/\\\/tjt.travelblox.eu\\\/wp-content\\\/uploads\\\/sites\\\/78\\\/2026\\\/02\\\/TheJordanTrail_bedouin_cuisine_veggie.jpg 800w&quot;}\">\t\t\t\t\t\t\t\t\t\t\t\t\t\t\t<\/div>\n\t\t\t\t\t\t\t<div class=\"tb-card-content\">\n\t\t\t\t\t\t\t\t<h5>\n\t\t\t\t\t\t\t\t\t\t\t\t\t\t\t\t\t\t<span>Cuisine b\u00e9douine v\u00e9g\u00e9tarienne<\/span>\n\t\t\t\t\t\t\t\t<\/h5>\n\t\t\t\t\t\t\t\t\t\t\t\t\t\t\t\t\t<div class=\"price tiny-body-font mobile\"><p>\u20ac156<\/p><\/div>\t\t\t\t\t\t\t\t<div class=\"content readmore-content content--clamped\">\t<div class=\"translation-block\"><p>Cette option vous permet de manger avec nous tous les jours* et de profiter de la <strong>cuisine locale b\u00e9douine.<\/strong><\/p><p><strong>Petit-d\u00e9jeuner<\/strong> avec du pain naan, du houmous, de la confiture, des \u0153ufs, des dattes, du caf\u00e9 et du th\u00e9. <strong>Panier-repas<\/strong> avec du pain naan, du fromage, du concombre ou de la tomate et des fruits. Le repas du soir est un <strong>repas traditionnel b\u00e9douin<\/strong> pr\u00e9par\u00e9 par le chef local, avec beaucoup de l\u00e9gumes frais, du riz, des salades et des sauces. Vous pouvez apporter votre propre nourriture, mais nous vous conseillons vivement de vous joindre aux repas b\u00e9douins.<\/p><p><i>*Le d\u00eener du jour 1 n'est pas inclus<\/i><\/p><\/div>\n\t<\/div>\n\t\t\t\t\t\t\t\t\t\t\t\t\t\t\t\t<div class=\"readmore link js-readmore\">\n\t\t\t\t\t\t\t\t\t<span><i class=\"fa-solid fa-circle-plus\"><\/i><u>Lire la suite<\/u><\/span>\n\t\t\t\t\t\t\t\t\t<span><i class=\"fa-solid fa-circle-minus\"><\/i><u>Lire moins<\/u><\/span>\n\t\t\t\t\t\t\t\t<\/div>\n\t\t\t\t\t\t\t\t\t\t\t\t\t\t\t\t<dialog class=\"tb-popup\">\n\t\t\t\t\t\t\t\t\t<div class=\"tb-highlights-popup\">\n\t\t\t\t\t\t\t\t\t\t<div class=\"tb-image-part\">\n\t\t\t\t\t\t\t\t\t\t\t<img src='https:\/\/tjt.travelblox.eu\/wp-content\/smush-webp\/sites\/78\/2026\/02\/TheJordanTrail_bedouin_cuisine_veggie-768x1152.jpg.webp' width='768' height='1152' alt='TheJordanTrail_bedouin_cuisine_veggie' srcset='https:\/\/tjt.travelblox.eu\/wp-content\/smush-webp\/sites\/78\/2026\/02\/TheJordanTrail_bedouin_cuisine_veggie-768x1152.jpg.webp 768w, https:\/\/tjt.travelblox.eu\/wp-content\/smush-webp\/sites\/78\/2026\/02\/TheJordanTrail_bedouin_cuisine_veggie-200x300.jpg.webp 200w, https:\/\/tjt.travelblox.eu\/wp-content\/smush-webp\/sites\/78\/2026\/02\/TheJordanTrail_bedouin_cuisine_veggie-683x1024.jpg.webp 683w, https:\/\/tjt.travelblox.eu\/wp-content\/smush-webp\/sites\/78\/2026\/02\/TheJordanTrail_bedouin_cuisine_veggie-8x12.jpg.webp 8w, https:\/\/tjt.travelblox.eu\/wp-content\/smush-webp\/sites\/78\/2026\/02\/TheJordanTrail_bedouin_cuisine_veggie.jpg.webp 800w' sizes=\"auto, (max-width: 768px) 100vw, 768px\" loading='lazy' decoding='async' data-smush-webp-fallback=\"{&quot;src&quot;:&quot;https:\\\/\\\/tjt.travelblox.eu\\\/wp-content\\\/uploads\\\/sites\\\/78\\\/2026\\\/02\\\/TheJordanTrail_bedouin_cuisine_veggie-768x1152.jpg&quot;,&quot;srcset&quot;:&quot;https:\\\/\\\/tjt.travelblox.eu\\\/wp-content\\\/uploads\\\/sites\\\/78\\\/2026\\\/02\\\/TheJordanTrail_bedouin_cuisine_veggie-768x1152.jpg 768w, https:\\\/\\\/tjt.travelblox.eu\\\/wp-content\\\/uploads\\\/sites\\\/78\\\/2026\\\/02\\\/TheJordanTrail_bedouin_cuisine_veggie-200x300.jpg 200w, https:\\\/\\\/tjt.travelblox.eu\\\/wp-content\\\/uploads\\\/sites\\\/78\\\/2026\\\/02\\\/TheJordanTrail_bedouin_cuisine_veggie-683x1024.jpg 683w, https:\\\/\\\/tjt.travelblox.eu\\\/wp-content\\\/uploads\\\/sites\\\/78\\\/2026\\\/02\\\/TheJordanTrail_bedouin_cuisine_veggie-8x12.jpg 8w, https:\\\/\\\/tjt.travelblox.eu\\\/wp-content\\\/uploads\\\/sites\\\/78\\\/2026\\\/02\\\/TheJordanTrail_bedouin_cuisine_veggie.jpg 800w&quot;}\">\t\t\t\t\t\t\t\t\t\t<\/div>\n\t\t\t\t\t\t\t\t\t\t<div class=\"tb-popup-content\">\n\t\t\t\t\t\t\t\t\t\t\t<h3>Cuisine b\u00e9douine v\u00e9g\u00e9tarienne<\/h3>\n\t\t\t\t\t\t\t\t\t\t\t<div class=\"content\">\t<div class=\"translation-block\"><p>Cette option vous permet de manger avec nous tous les jours* et de profiter de la <strong>cuisine locale b\u00e9douine.<\/strong><\/p><p><strong>Petit-d\u00e9jeuner<\/strong> avec du pain naan, du houmous, de la confiture, des \u0153ufs, des dattes, du caf\u00e9 et du th\u00e9. <strong>Panier-repas<\/strong> avec du pain naan, du fromage, du concombre ou de la tomate et des fruits. Le repas du soir est un <strong>repas traditionnel b\u00e9douin<\/strong> pr\u00e9par\u00e9 par le chef local, avec beaucoup de l\u00e9gumes frais, du riz, des salades et des sauces. Vous pouvez apporter votre propre nourriture, mais nous vous conseillons vivement de vous joindre aux repas b\u00e9douins.<\/p><p><i>*Le d\u00eener du jour 1 n'est pas inclus<\/i><\/p><\/div>\n\t<\/div>\n\t\t\t\t\t\t\t\t\t\t<\/div>\n\t\t\t\t\t\t\t\t\t<\/div>\n\t\t\t\t\t\t\t\t<\/dialog>\n\t\t\t\t\t\t\t<\/div>\n\t\t\t\t\t\t<\/div>\n\t\t\t\t\t\t\t\t\t\t\t\t\t<\/div>\n\t\t\t\t<div class=\"tb-carousel-nav\">\n\t\t<div class=\"dots\">\n\t\t\t<div class=\"dot active\"><\/div>\n\t\t\t<div class=\"dot\"><\/div>\n\t\t\t<div class=\"dot\"><\/div>\n\t\t<\/div>\n\t\t<div class=\"arrows\">\n\t\t\t<div class=\"prev disabled\">\n\t\t\t\t<span><i class=\"fa fa-chevron-left\"><\/i><\/span>\n\t\t\t<\/div>\n\t\t\t<div class=\"next\">\n\t\t\t\t<span><i class=\"fa fa-chevron-right\"><\/i><\/span>\n\t\t\t<\/div>\n\t\t<\/div>\n\t<\/div>\n\t\t\t<\/div>\n\t<\/div>\n\t\t\t\t\t\t\t\t\t\t\t\t\t\t\t\t\t\t<div class=\"inner-block-full-width has-tb-carousel tb-section\" id=\"options-section-4\"style=\"display:none;\">\n\t\t<div class=\"tb-carousel-container\">\n\t\t\t<div class=\"entries tb-cards\" data-slider-first=\"1\">\n\t\t\t\t\t\t\t\t\t\t\t\t\t\t\t<div class=\"tb-card entry tb-popup-trigger desktop-only-popup\">\n\t\t\t\t\t\t\t<div class=\"tb-image-part desktop\">\n\t\t\t\t\t\t\t\t<img src='https:\/\/tjt.travelblox.eu\/wp-content\/smush-webp\/sites\/78\/2025\/10\/2024_0402_06584800-Large.jpeg.webp' width='720' height='1280' alt='Jordanie Petra' srcset='https:\/\/tjt.travelblox.eu\/wp-content\/smush-webp\/sites\/78\/2025\/10\/2024_0402_06584800-Large.jpeg.webp 720w, https:\/\/tjt.travelblox.eu\/wp-content\/smush-webp\/sites\/78\/2025\/10\/2024_0402_06584800-Large-169x300.jpeg.webp 169w, https:\/\/tjt.travelblox.eu\/wp-content\/smush-webp\/sites\/78\/2025\/10\/2024_0402_06584800-Large-576x1024.jpeg.webp 576w, https:\/\/tjt.travelblox.eu\/wp-content\/smush-webp\/sites\/78\/2025\/10\/2024_0402_06584800-Large-7x12.jpeg.webp 7w' sizes=\"auto, (max-width: 720px) 100vw, 720px\" loading='lazy' decoding='async' data-smush-webp-fallback=\"{&quot;src&quot;:&quot;https:\\\/\\\/tjt.travelblox.eu\\\/wp-content\\\/uploads\\\/sites\\\/78\\\/2025\\\/10\\\/2024_0402_06584800-Large.jpeg&quot;,&quot;srcset&quot;:&quot;https:\\\/\\\/tjt.travelblox.eu\\\/wp-content\\\/uploads\\\/sites\\\/78\\\/2025\\\/10\\\/2024_0402_06584800-Large.jpeg 720w, https:\\\/\\\/tjt.travelblox.eu\\\/wp-content\\\/uploads\\\/sites\\\/78\\\/2025\\\/10\\\/2024_0402_06584800-Large-169x300.jpeg 169w, https:\\\/\\\/tjt.travelblox.eu\\\/wp-content\\\/uploads\\\/sites\\\/78\\\/2025\\\/10\\\/2024_0402_06584800-Large-576x1024.jpeg 576w, https:\\\/\\\/tjt.travelblox.eu\\\/wp-content\\\/uploads\\\/sites\\\/78\\\/2025\\\/10\\\/2024_0402_06584800-Large-7x12.jpeg 7w&quot;}\">\t\t\t\t\t\t\t\t\t\t\t\t\t\t\t\t\t\t\t\t\t\t\t\t\t<div class=\"price tiny-body-font desktop translation-block\"><p>82 \u20ac par personne<\/p><\/div>\t\t\t\t\t\t\t<\/div>\n\t\t\t\t\t\t\t<div class=\"tb-image-part mobile\">\n\t\t\t\t\t\t\t\t<img src='https:\/\/tjt.travelblox.eu\/wp-content\/smush-webp\/sites\/78\/2025\/10\/2024_0402_06584800-Large.jpeg.webp' width='720' height='1280' alt='Jordanie Petra' srcset='https:\/\/tjt.travelblox.eu\/wp-content\/smush-webp\/sites\/78\/2025\/10\/2024_0402_06584800-Large.jpeg.webp 720w, https:\/\/tjt.travelblox.eu\/wp-content\/smush-webp\/sites\/78\/2025\/10\/2024_0402_06584800-Large-169x300.jpeg.webp 169w, https:\/\/tjt.travelblox.eu\/wp-content\/smush-webp\/sites\/78\/2025\/10\/2024_0402_06584800-Large-576x1024.jpeg.webp 576w, https:\/\/tjt.travelblox.eu\/wp-content\/smush-webp\/sites\/78\/2025\/10\/2024_0402_06584800-Large-7x12.jpeg.webp 7w' sizes=\"auto, (max-width: 720px) 100vw, 720px\" loading='lazy' decoding='async' data-smush-webp-fallback=\"{&quot;src&quot;:&quot;https:\\\/\\\/tjt.travelblox.eu\\\/wp-content\\\/uploads\\\/sites\\\/78\\\/2025\\\/10\\\/2024_0402_06584800-Large.jpeg&quot;,&quot;srcset&quot;:&quot;https:\\\/\\\/tjt.travelblox.eu\\\/wp-content\\\/uploads\\\/sites\\\/78\\\/2025\\\/10\\\/2024_0402_06584800-Large.jpeg 720w, https:\\\/\\\/tjt.travelblox.eu\\\/wp-content\\\/uploads\\\/sites\\\/78\\\/2025\\\/10\\\/2024_0402_06584800-Large-169x300.jpeg 169w, https:\\\/\\\/tjt.travelblox.eu\\\/wp-content\\\/uploads\\\/sites\\\/78\\\/2025\\\/10\\\/2024_0402_06584800-Large-576x1024.jpeg 576w, https:\\\/\\\/tjt.travelblox.eu\\\/wp-content\\\/uploads\\\/sites\\\/78\\\/2025\\\/10\\\/2024_0402_06584800-Large-7x12.jpeg 7w&quot;}\">\t\t\t\t\t\t\t\t\t\t\t\t\t\t\t<\/div>\n\t\t\t\t\t\t\t<div class=\"tb-card-content\">\n\t\t\t\t\t\t\t\t<h5>\n\t\t\t\t\t\t\t\t\t\t\t\t\t\t\t\t\t\t<span>Entr\u00e9e \u00e0 P\u00e9tra<\/span>\n\t\t\t\t\t\t\t\t<\/h5>\n\t\t\t\t\t\t\t\t\t\t\t\t\t\t\t\t\t<div class=\"price tiny-body-font mobile\"><p>82 \u20ac par personne<\/p><\/div>\t\t\t\t\t\t\t\t<div class=\"content readmore-content content--clamped\">\t<div class=\"translation-block\"><p>Si vous avez r\u00e9serv\u00e9 vos <strong>vols avec nous<\/strong>, choisissez cette option pour avoir acc\u00e8s \u00e0 Petra pendant deux jours.<\/p><p>Si vous pr\u00e9f\u00e9rez <strong>r\u00e9server vos vols vous-m\u00eame<\/strong> (et que votre visa n\u2019est donc pas inclus), nous vous recommandons vivement d\u2019acheter vous-m\u00eame un <a href=\"https:\/\/www.jordanpass.jo\/\"><strong>Jordan Pass<\/strong><\/a>. Il comprend l\u2019entr\u00e9e \u00e0 Petra ainsi que votre visa. C\u2019est moins cher que d\u2019acheter s\u00e9par\u00e9ment le visa et l'entr\u00e9e \u00e0 Petra (Jordan Pass : environ 99 \u20ac). Avec le Jordan Pass, choisissez l\u2019option donnant acc\u00e8s \u00e0 Petra pendant deux jours.<\/p><\/div>\n\t<\/div>\n\t\t\t\t\t\t\t\t\t\t\t\t\t\t\t\t<div class=\"readmore link js-readmore\">\n\t\t\t\t\t\t\t\t\t<span><i class=\"fa-solid fa-circle-plus\"><\/i><u>Lire la suite<\/u><\/span>\n\t\t\t\t\t\t\t\t\t<span><i class=\"fa-solid fa-circle-minus\"><\/i><u>Lire moins<\/u><\/span>\n\t\t\t\t\t\t\t\t<\/div>\n\t\t\t\t\t\t\t\t\t\t\t\t\t\t\t\t<dialog class=\"tb-popup\">\n\t\t\t\t\t\t\t\t\t<div class=\"tb-highlights-popup\">\n\t\t\t\t\t\t\t\t\t\t<div class=\"tb-image-part\">\n\t\t\t\t\t\t\t\t\t\t\t<img src='https:\/\/tjt.travelblox.eu\/wp-content\/smush-webp\/sites\/78\/2025\/10\/2024_0402_06584800-Large.jpeg.webp' width='720' height='1280' alt='Jordanie Petra' srcset='https:\/\/tjt.travelblox.eu\/wp-content\/smush-webp\/sites\/78\/2025\/10\/2024_0402_06584800-Large.jpeg.webp 720w, https:\/\/tjt.travelblox.eu\/wp-content\/smush-webp\/sites\/78\/2025\/10\/2024_0402_06584800-Large-169x300.jpeg.webp 169w, https:\/\/tjt.travelblox.eu\/wp-content\/smush-webp\/sites\/78\/2025\/10\/2024_0402_06584800-Large-576x1024.jpeg.webp 576w, https:\/\/tjt.travelblox.eu\/wp-content\/smush-webp\/sites\/78\/2025\/10\/2024_0402_06584800-Large-7x12.jpeg.webp 7w' sizes=\"auto, (max-width: 720px) 100vw, 720px\" loading='lazy' decoding='async' data-smush-webp-fallback=\"{&quot;src&quot;:&quot;https:\\\/\\\/tjt.travelblox.eu\\\/wp-content\\\/uploads\\\/sites\\\/78\\\/2025\\\/10\\\/2024_0402_06584800-Large.jpeg&quot;,&quot;srcset&quot;:&quot;https:\\\/\\\/tjt.travelblox.eu\\\/wp-content\\\/uploads\\\/sites\\\/78\\\/2025\\\/10\\\/2024_0402_06584800-Large.jpeg 720w, https:\\\/\\\/tjt.travelblox.eu\\\/wp-content\\\/uploads\\\/sites\\\/78\\\/2025\\\/10\\\/2024_0402_06584800-Large-169x300.jpeg 169w, https:\\\/\\\/tjt.travelblox.eu\\\/wp-content\\\/uploads\\\/sites\\\/78\\\/2025\\\/10\\\/2024_0402_06584800-Large-576x1024.jpeg 576w, https:\\\/\\\/tjt.travelblox.eu\\\/wp-content\\\/uploads\\\/sites\\\/78\\\/2025\\\/10\\\/2024_0402_06584800-Large-7x12.jpeg 7w&quot;}\">\t\t\t\t\t\t\t\t\t\t<\/div>\n\t\t\t\t\t\t\t\t\t\t<div class=\"tb-popup-content\">\n\t\t\t\t\t\t\t\t\t\t\t<h3>Entr\u00e9e \u00e0 P\u00e9tra<\/h3>\n\t\t\t\t\t\t\t\t\t\t\t<div class=\"content\">\t<div class=\"translation-block\"><p>Si vous avez r\u00e9serv\u00e9 vos <strong>vols avec nous<\/strong>, choisissez cette option pour avoir acc\u00e8s \u00e0 Petra pendant deux jours.<\/p><p>Si vous pr\u00e9f\u00e9rez <strong>r\u00e9server vos vols vous-m\u00eame<\/strong> (et que votre visa n\u2019est donc pas inclus), nous vous recommandons vivement d\u2019acheter vous-m\u00eame un <a href=\"https:\/\/www.jordanpass.jo\/\"><strong>Jordan Pass<\/strong><\/a>. Il comprend l\u2019entr\u00e9e \u00e0 Petra ainsi que votre visa. C\u2019est moins cher que d\u2019acheter s\u00e9par\u00e9ment le visa et l'entr\u00e9e \u00e0 Petra (Jordan Pass : environ 99 \u20ac). Avec le Jordan Pass, choisissez l\u2019option donnant acc\u00e8s \u00e0 Petra pendant deux jours.<\/p><\/div>\n\t<\/div>\n\t\t\t\t\t\t\t\t\t\t<\/div>\n\t\t\t\t\t\t\t\t\t<\/div>\n\t\t\t\t\t\t\t\t<\/dialog>\n\t\t\t\t\t\t\t<\/div>\n\t\t\t\t\t\t<\/div>\n\t\t\t\t\t\t\t\t\t\t\t\t\t<\/div>\n\t\t\t\t<div class=\"tb-carousel-nav\">\n\t\t<div class=\"dots\">\n\t\t\t<div class=\"dot active\"><\/div>\n\t\t\t<div class=\"dot\"><\/div>\n\t\t\t<div class=\"dot\"><\/div>\n\t\t<\/div>\n\t\t<div class=\"arrows\">\n\t\t\t<div class=\"prev disabled\">\n\t\t\t\t<span><i class=\"fa fa-chevron-left\"><\/i><\/span>\n\t\t\t<\/div>\n\t\t\t<div class=\"next\">\n\t\t\t\t<span><i class=\"fa fa-chevron-right\"><\/i><\/span>\n\t\t\t<\/div>\n\t\t<\/div>\n\t<\/div>\n\t\t\t<\/div>\n\t<\/div>\n\t\t\t\t\t\t\t\t\t\t\t\t\t\t\t\t\t\t<div class=\"inner-block-full-width has-tb-carousel tb-section\" id=\"options-section-5\"style=\"display:none;\">\n\t\t<div class=\"tb-carousel-container\">\n\t\t\t<div class=\"entries tb-cards\" data-slider-first=\"1\">\n\t\t\t\t\t\t\t\t\t\t\t\t\t\t\t<div class=\"tb-card entry tb-popup-trigger desktop-only-popup\">\n\t\t\t\t\t\t\t<div class=\"tb-image-part desktop\">\n\t\t\t\t\t\t\t\t<img src='https:\/\/tjt.travelblox.eu\/wp-content\/smush-webp\/sites\/78\/2026\/02\/TheJordanTrail_sunset.jpg.webp' width='1200' height='800' alt='TheJordanTrail_sunset' srcset='https:\/\/tjt.travelblox.eu\/wp-content\/smush-webp\/sites\/78\/2026\/02\/TheJordanTrail_sunset.jpg.webp 1200w, https:\/\/tjt.travelblox.eu\/wp-content\/smush-webp\/sites\/78\/2026\/02\/TheJordanTrail_sunset-300x200.jpg.webp 300w, https:\/\/tjt.travelblox.eu\/wp-content\/smush-webp\/sites\/78\/2026\/02\/TheJordanTrail_sunset-1024x683.jpg.webp 1024w, https:\/\/tjt.travelblox.eu\/wp-content\/smush-webp\/sites\/78\/2026\/02\/TheJordanTrail_sunset-768x512.jpg.webp 768w, https:\/\/tjt.travelblox.eu\/wp-content\/smush-webp\/sites\/78\/2026\/02\/TheJordanTrail_sunset-18x12.jpg.webp 18w' sizes=\"auto, (max-width: 1200px) 100vw, 1200px\" loading='lazy' decoding='async' data-smush-webp-fallback=\"{&quot;src&quot;:&quot;https:\\\/\\\/tjt.travelblox.eu\\\/wp-content\\\/uploads\\\/sites\\\/78\\\/2026\\\/02\\\/TheJordanTrail_sunset.jpg&quot;,&quot;srcset&quot;:&quot;https:\\\/\\\/tjt.travelblox.eu\\\/wp-content\\\/uploads\\\/sites\\\/78\\\/2026\\\/02\\\/TheJordanTrail_sunset.jpg 1200w, https:\\\/\\\/tjt.travelblox.eu\\\/wp-content\\\/uploads\\\/sites\\\/78\\\/2026\\\/02\\\/TheJordanTrail_sunset-300x200.jpg 300w, https:\\\/\\\/tjt.travelblox.eu\\\/wp-content\\\/uploads\\\/sites\\\/78\\\/2026\\\/02\\\/TheJordanTrail_sunset-1024x683.jpg 1024w, https:\\\/\\\/tjt.travelblox.eu\\\/wp-content\\\/uploads\\\/sites\\\/78\\\/2026\\\/02\\\/TheJordanTrail_sunset-768x512.jpg 768w, https:\\\/\\\/tjt.travelblox.eu\\\/wp-content\\\/uploads\\\/sites\\\/78\\\/2026\\\/02\\\/TheJordanTrail_sunset-18x12.jpg 18w&quot;}\">\t\t\t\t\t\t\t\t\t\t\t\t\t\t\t\t\t\t\t\t\t\t\t\t\t<div class=\"price tiny-body-font desktop translation-block\"><p>59 \u20ac<\/p><\/div>\t\t\t\t\t\t\t<\/div>\n\t\t\t\t\t\t\t<div class=\"tb-image-part mobile\">\n\t\t\t\t\t\t\t\t<img src='https:\/\/tjt.travelblox.eu\/wp-content\/smush-webp\/sites\/78\/2026\/02\/TheJordanTrail_sunset-768x512.jpg.webp' width='768' height='512' alt='TheJordanTrail_sunset' srcset='https:\/\/tjt.travelblox.eu\/wp-content\/smush-webp\/sites\/78\/2026\/02\/TheJordanTrail_sunset-768x512.jpg.webp 768w, https:\/\/tjt.travelblox.eu\/wp-content\/smush-webp\/sites\/78\/2026\/02\/TheJordanTrail_sunset-300x200.jpg.webp 300w, https:\/\/tjt.travelblox.eu\/wp-content\/smush-webp\/sites\/78\/2026\/02\/TheJordanTrail_sunset-1024x683.jpg.webp 1024w, https:\/\/tjt.travelblox.eu\/wp-content\/smush-webp\/sites\/78\/2026\/02\/TheJordanTrail_sunset-18x12.jpg.webp 18w, https:\/\/tjt.travelblox.eu\/wp-content\/smush-webp\/sites\/78\/2026\/02\/TheJordanTrail_sunset.jpg.webp 1200w' sizes=\"auto, (max-width: 768px) 100vw, 768px\" loading='lazy' decoding='async' data-smush-webp-fallback=\"{&quot;src&quot;:&quot;https:\\\/\\\/tjt.travelblox.eu\\\/wp-content\\\/uploads\\\/sites\\\/78\\\/2026\\\/02\\\/TheJordanTrail_sunset-768x512.jpg&quot;,&quot;srcset&quot;:&quot;https:\\\/\\\/tjt.travelblox.eu\\\/wp-content\\\/uploads\\\/sites\\\/78\\\/2026\\\/02\\\/TheJordanTrail_sunset-768x512.jpg 768w, https:\\\/\\\/tjt.travelblox.eu\\\/wp-content\\\/uploads\\\/sites\\\/78\\\/2026\\\/02\\\/TheJordanTrail_sunset-300x200.jpg 300w, https:\\\/\\\/tjt.travelblox.eu\\\/wp-content\\\/uploads\\\/sites\\\/78\\\/2026\\\/02\\\/TheJordanTrail_sunset-1024x683.jpg 1024w, https:\\\/\\\/tjt.travelblox.eu\\\/wp-content\\\/uploads\\\/sites\\\/78\\\/2026\\\/02\\\/TheJordanTrail_sunset-18x12.jpg 18w, https:\\\/\\\/tjt.travelblox.eu\\\/wp-content\\\/uploads\\\/sites\\\/78\\\/2026\\\/02\\\/TheJordanTrail_sunset.jpg 1200w&quot;}\">\t\t\t\t\t\t\t\t\t\t\t\t\t\t\t<\/div>\n\t\t\t\t\t\t\t<div class=\"tb-card-content\">\n\t\t\t\t\t\t\t\t<h5>\n\t\t\t\t\t\t\t\t\t\t\t\t\t\t\t\t\t\t<span>Assurance voyage<\/span>\n\t\t\t\t\t\t\t\t<\/h5>\n\t\t\t\t\t\t\t\t\t\t\t\t\t\t\t\t\t<div class=\"price tiny-body-font mobile\"><p>\u20ac59<\/p><\/div>\t\t\t\t\t\t\t\t<div class=\"content readmore-content content--clamped\">\t<div class=\"translation-block\"><p>Vous voulez voyager l'esprit tranquille ? N'oubliez pas d'ajouter l'<a href=\"https:\/\/static.travelbase.eu\/u\/source\/assistance\/europassistance\/conditions-fr.pdf\" target=\"_blank\"><strong>assurance voyage<\/strong><\/a> \u00e0 votre r\u00e9servation. En cas de maladie, de p\u00e9pin ou de vol, notre assurance voyage est l\u00e0 pour vous aider.<\/p><\/div>\n\t<\/div>\n\t\t\t\t\t\t\t\t\t\t\t\t\t\t\t\t<div class=\"readmore link js-readmore\">\n\t\t\t\t\t\t\t\t\t<span><i class=\"fa-solid fa-circle-plus\"><\/i><u>Lire la suite<\/u><\/span>\n\t\t\t\t\t\t\t\t\t<span><i class=\"fa-solid fa-circle-minus\"><\/i><u>Lire moins<\/u><\/span>\n\t\t\t\t\t\t\t\t<\/div>\n\t\t\t\t\t\t\t\t\t\t\t\t\t\t\t\t<dialog class=\"tb-popup\">\n\t\t\t\t\t\t\t\t\t<div class=\"tb-highlights-popup\">\n\t\t\t\t\t\t\t\t\t\t<div class=\"tb-image-part\">\n\t\t\t\t\t\t\t\t\t\t\t<img src='https:\/\/tjt.travelblox.eu\/wp-content\/smush-webp\/sites\/78\/2026\/02\/TheJordanTrail_sunset-768x512.jpg.webp' width='768' height='512' alt='TheJordanTrail_sunset' srcset='https:\/\/tjt.travelblox.eu\/wp-content\/smush-webp\/sites\/78\/2026\/02\/TheJordanTrail_sunset-768x512.jpg.webp 768w, https:\/\/tjt.travelblox.eu\/wp-content\/smush-webp\/sites\/78\/2026\/02\/TheJordanTrail_sunset-300x200.jpg.webp 300w, https:\/\/tjt.travelblox.eu\/wp-content\/smush-webp\/sites\/78\/2026\/02\/TheJordanTrail_sunset-1024x683.jpg.webp 1024w, https:\/\/tjt.travelblox.eu\/wp-content\/smush-webp\/sites\/78\/2026\/02\/TheJordanTrail_sunset-18x12.jpg.webp 18w, https:\/\/tjt.travelblox.eu\/wp-content\/smush-webp\/sites\/78\/2026\/02\/TheJordanTrail_sunset.jpg.webp 1200w' sizes=\"auto, (max-width: 768px) 100vw, 768px\" loading='lazy' decoding='async' data-smush-webp-fallback=\"{&quot;src&quot;:&quot;https:\\\/\\\/tjt.travelblox.eu\\\/wp-content\\\/uploads\\\/sites\\\/78\\\/2026\\\/02\\\/TheJordanTrail_sunset-768x512.jpg&quot;,&quot;srcset&quot;:&quot;https:\\\/\\\/tjt.travelblox.eu\\\/wp-content\\\/uploads\\\/sites\\\/78\\\/2026\\\/02\\\/TheJordanTrail_sunset-768x512.jpg 768w, https:\\\/\\\/tjt.travelblox.eu\\\/wp-content\\\/uploads\\\/sites\\\/78\\\/2026\\\/02\\\/TheJordanTrail_sunset-300x200.jpg 300w, https:\\\/\\\/tjt.travelblox.eu\\\/wp-content\\\/uploads\\\/sites\\\/78\\\/2026\\\/02\\\/TheJordanTrail_sunset-1024x683.jpg 1024w, https:\\\/\\\/tjt.travelblox.eu\\\/wp-content\\\/uploads\\\/sites\\\/78\\\/2026\\\/02\\\/TheJordanTrail_sunset-18x12.jpg 18w, https:\\\/\\\/tjt.travelblox.eu\\\/wp-content\\\/uploads\\\/sites\\\/78\\\/2026\\\/02\\\/TheJordanTrail_sunset.jpg 1200w&quot;}\">\t\t\t\t\t\t\t\t\t\t<\/div>\n\t\t\t\t\t\t\t\t\t\t<div class=\"tb-popup-content\">\n\t\t\t\t\t\t\t\t\t\t\t<h3>Assurance voyage<\/h3>\n\t\t\t\t\t\t\t\t\t\t\t<div class=\"content\">\t<div class=\"translation-block\"><p>Vous voulez voyager l'esprit tranquille ? N'oubliez pas d'ajouter l'<a href=\"https:\/\/static.travelbase.eu\/u\/source\/assistance\/europassistance\/conditions-fr.pdf\" target=\"_blank\"><strong>assurance voyage<\/strong><\/a> \u00e0 votre r\u00e9servation. En cas de maladie, de p\u00e9pin ou de vol, notre assurance voyage est l\u00e0 pour vous aider.<\/p><\/div>\n\t<\/div>\n\t\t\t\t\t\t\t\t\t\t<\/div>\n\t\t\t\t\t\t\t\t\t<\/div>\n\t\t\t\t\t\t\t\t<\/dialog>\n\t\t\t\t\t\t\t<\/div>\n\t\t\t\t\t\t<\/div>\n\t\t\t\t\t\t\t\t\t\t\t\t\t<\/div>\n\t\t\t\t<div class=\"tb-carousel-nav\">\n\t\t<div class=\"dots\">\n\t\t\t<div class=\"dot active\"><\/div>\n\t\t\t<div class=\"dot\"><\/div>\n\t\t\t<div class=\"dot\"><\/div>\n\t\t<\/div>\n\t\t<div class=\"arrows\">\n\t\t\t<div class=\"prev disabled\">\n\t\t\t\t<span><i class=\"fa fa-chevron-left\"><\/i><\/span>\n\t\t\t<\/div>\n\t\t\t<div class=\"next\">\n\t\t\t\t<span><i class=\"fa fa-chevron-right\"><\/i><\/span>\n\t\t\t<\/div>\n\t\t<\/div>\n\t<\/div>\n\t\t\t<\/div>\n\t<\/div>\n\t\t\t\t\t\t\t\t\t\t<\/div>\n\t\t<\/div>\n\n\n\n\n\n\n\n\n<div class=\"tb-colcompare tb-block align-center background-light pattern-none variant-cards tb-collapsible-margins\" id=\"colcompare\">\n\t<div class=\"inner-block tb-fade-in tb-fade-in--subtle\">\n\t\t<div class=\"text-part\">\n\t\t\t<h2>Ce parcours est-il adapt\u00e9 pour moi?<\/h2>\n\t\t\t\t<div class=\"translation-block\"><p>La <strong>difficult\u00e9 d'un trek d\u00e9pend de nombreux facteurs<\/strong>. En vous basant sur les facteurs ci-dessous, vous pouvez \u00e9valuer si ce trek est adapt\u00e9 pour vous. Avec certaines options, comme le transport de bagages, vous pouvez \u00e9galement rendre le trek plus facile pour vous.<\/p><\/div>\n\t\t\t<\/div>\n\t<\/div>\n\t\t\t\t<div class=\"inner-block-full-width has-tb-carousel tb-justified\" >\n\t\t<div class=\"tb-carousel-container\">\n\t\t\t<div class=\"entries tb-cards\" data-slider-first=\"1\">\n\t\t\t\t\t\t\t\t\t<div class=\"tb-card entry tb-fade-in tb-fade-in--subtle\">\n\t\t\t\t<div class=\"tb-image-part\">\n\t\t\t\t\t<img src='https:\/\/tjt.travelblox.eu\/wp-content\/smush-webp\/sites\/78\/2025\/02\/TJT23_EvyVanNispen_LR-247-2-768x512.jpg.webp' width='768' height='512' alt='Le Jordan Trail, Petra' srcset='https:\/\/tjt.travelblox.eu\/wp-content\/smush-webp\/sites\/78\/2025\/02\/TJT23_EvyVanNispen_LR-247-2-768x512.jpg.webp 768w, https:\/\/tjt.travelblox.eu\/wp-content\/smush-webp\/sites\/78\/2025\/02\/TJT23_EvyVanNispen_LR-247-2-300x200.jpg.webp 300w, https:\/\/tjt.travelblox.eu\/wp-content\/smush-webp\/sites\/78\/2025\/02\/TJT23_EvyVanNispen_LR-247-2-1024x683.jpg.webp 1024w, https:\/\/tjt.travelblox.eu\/wp-content\/smush-webp\/sites\/78\/2025\/02\/TJT23_EvyVanNispen_LR-247-2-1536x1024.jpg.webp 1536w, https:\/\/tjt.travelblox.eu\/wp-content\/smush-webp\/sites\/78\/2025\/02\/TJT23_EvyVanNispen_LR-247-2-2048x1366.jpg.webp 2048w, https:\/\/tjt.travelblox.eu\/wp-content\/smush-webp\/sites\/78\/2025\/02\/TJT23_EvyVanNispen_LR-247-2-18x12.jpg.webp 18w' sizes=\"auto, (max-width: 768px) 100vw, 768px\" loading='lazy' decoding='async' data-smush-webp-fallback=\"{&quot;src&quot;:&quot;https:\\\/\\\/tjt.travelblox.eu\\\/wp-content\\\/uploads\\\/sites\\\/78\\\/2025\\\/02\\\/TJT23_EvyVanNispen_LR-247-2-768x512.jpg&quot;,&quot;srcset&quot;:&quot;https:\\\/\\\/tjt.travelblox.eu\\\/wp-content\\\/uploads\\\/sites\\\/78\\\/2025\\\/02\\\/TJT23_EvyVanNispen_LR-247-2-768x512.jpg 768w, https:\\\/\\\/tjt.travelblox.eu\\\/wp-content\\\/uploads\\\/sites\\\/78\\\/2025\\\/02\\\/TJT23_EvyVanNispen_LR-247-2-300x200.jpg 300w, https:\\\/\\\/tjt.travelblox.eu\\\/wp-content\\\/uploads\\\/sites\\\/78\\\/2025\\\/02\\\/TJT23_EvyVanNispen_LR-247-2-1024x683.jpg 1024w, https:\\\/\\\/tjt.travelblox.eu\\\/wp-content\\\/uploads\\\/sites\\\/78\\\/2025\\\/02\\\/TJT23_EvyVanNispen_LR-247-2-1536x1024.jpg 1536w, https:\\\/\\\/tjt.travelblox.eu\\\/wp-content\\\/uploads\\\/sites\\\/78\\\/2025\\\/02\\\/TJT23_EvyVanNispen_LR-247-2-2048x1366.jpg 2048w, https:\\\/\\\/tjt.travelblox.eu\\\/wp-content\\\/uploads\\\/sites\\\/78\\\/2025\\\/02\\\/TJT23_EvyVanNispen_LR-247-2-18x12.jpg 18w&quot;}\">\t\t\t\t<\/div>\n\t\t\t\t<div class=\"tb-card-content text-part\">\n\t\t\t\t\t\t\t\t\t\t\t<h5>\t\t\t\t<i class=\"icon fa-solid fa-chart-line fa-fw\" aria-hidden=\"true\"><\/i>\n\t\t\t Distance et d\u00e9nivel\u00e9<\/h5>\n\t\t\t\t\t\t\t\t\t\t\t\t\t\t\t\t\t<div class=\"translation-block\"><ul><li>Le parcours en kilom\u00e8tres et en d\u00e9nivel\u00e9 est <strong>facilement accessible<\/strong> pour tous ceux qui ont une bonne condition physique de base.<\/li><li>Vous marcherez entre <strong>16 et 17 km<\/strong> par jour.<\/li><li>Lors des <strong>jours 3 et 4<\/strong>, vous allez parcourir le <strong>plus de d\u00e9nivel\u00e9<\/strong>, avec quelques pentes raides \u00e0 travers de magnifiques vall\u00e9es et canyons. Les autres jours sont plus faciles.<\/li><\/ul><p><strong>Quelques conseils<\/strong><\/p><ul><li>R\u00e9servez un <strong>transport de bagages<\/strong> si vous souhaitez marcher plus l\u00e9ger.<\/li><li>Pr\u00e9parez-vous au mieux avec notre <strong>programme d'entra\u00eenement<\/strong> adapt\u00e9.<\/li><\/ul><\/div>\n\t\t\t\t\t\t\t\t\t\t\t\t\t\t\t<\/div>\n\t\t\t<\/div>\n\t\t\t\t\t<div class=\"tb-card entry tb-fade-in tb-fade-in--subtle\">\n\t\t\t\t<div class=\"tb-image-part\">\n\t\t\t\t\t<img src='https:\/\/tjt.travelblox.eu\/wp-content\/smush-webp\/sites\/78\/2025\/08\/Blogs_featured_images-1-1-768x473.jpg.webp' width='768' height='473' alt='Jordan Trail' srcset='https:\/\/tjt.travelblox.eu\/wp-content\/smush-webp\/sites\/78\/2025\/08\/Blogs_featured_images-1-1-768x473.jpg.webp 768w, https:\/\/tjt.travelblox.eu\/wp-content\/smush-webp\/sites\/78\/2025\/08\/Blogs_featured_images-1-1-300x185.jpg.webp 300w, https:\/\/tjt.travelblox.eu\/wp-content\/smush-webp\/sites\/78\/2025\/08\/Blogs_featured_images-1-1-1024x630.jpg.webp 1024w, https:\/\/tjt.travelblox.eu\/wp-content\/smush-webp\/sites\/78\/2025\/08\/Blogs_featured_images-1-1-18x12.jpg.webp 18w, https:\/\/tjt.travelblox.eu\/wp-content\/smush-webp\/sites\/78\/2025\/08\/Blogs_featured_images-1-1.jpg.webp 1300w' sizes=\"auto, (max-width: 768px) 100vw, 768px\" loading='lazy' decoding='async' data-smush-webp-fallback=\"{&quot;src&quot;:&quot;https:\\\/\\\/tjt.travelblox.eu\\\/wp-content\\\/uploads\\\/sites\\\/78\\\/2025\\\/08\\\/Blogs_featured_images-1-1-768x473.jpg&quot;,&quot;srcset&quot;:&quot;https:\\\/\\\/tjt.travelblox.eu\\\/wp-content\\\/uploads\\\/sites\\\/78\\\/2025\\\/08\\\/Blogs_featured_images-1-1-768x473.jpg 768w, https:\\\/\\\/tjt.travelblox.eu\\\/wp-content\\\/uploads\\\/sites\\\/78\\\/2025\\\/08\\\/Blogs_featured_images-1-1-300x185.jpg 300w, https:\\\/\\\/tjt.travelblox.eu\\\/wp-content\\\/uploads\\\/sites\\\/78\\\/2025\\\/08\\\/Blogs_featured_images-1-1-1024x630.jpg 1024w, https:\\\/\\\/tjt.travelblox.eu\\\/wp-content\\\/uploads\\\/sites\\\/78\\\/2025\\\/08\\\/Blogs_featured_images-1-1-18x12.jpg 18w, https:\\\/\\\/tjt.travelblox.eu\\\/wp-content\\\/uploads\\\/sites\\\/78\\\/2025\\\/08\\\/Blogs_featured_images-1-1.jpg 1300w&quot;}\">\t\t\t\t<\/div>\n\t\t\t\t<div class=\"tb-card-content text-part\">\n\t\t\t\t\t\t\t\t\t\t\t<h5>\t\t\t\t<i class=\"icon fa-solid fa-temperature-three-quarters fa-fw\" aria-hidden=\"true\"><\/i>\n\t\t\t Conditions m\u00e9t\u00e9orologiques<\/h5>\n\t\t\t\t\t\t\t\t\t\t\t\t\t\t\t\t\t<div class=\"translation-block\"><ul><li>Attendez-vous \u00e0 <strong>beaucoup de soleil et des temp\u00e9ratures chaudes<\/strong> pendant la randonn\u00e9e en journ\u00e9e.<\/li><li><strong>Le soir<\/strong>, il peut <strong>faire beaucoup plus frais<\/strong> et le vent peut se lever.<\/li><\/ul><p><strong>Quelques conseils<\/strong><\/p><ul><li>Une bonne protection (cr\u00e8me solaire, chapeau, lunettes de soleil) est essentielle.<\/li><li>Restez hydrat\u00e9 et emportez toujours <strong>assez d'eau et de collations<\/strong> pendant la journ\u00e9e. Nos guides veilleront \u00e0 ce qu'il y ait toujours suffisamment de pauses.<\/li><\/ul><\/div>\n\t\t\t\t\t\t\t\t\t\t\t\t\t\t\t<\/div>\n\t\t\t<\/div>\n\t\t\t\t\t<div class=\"tb-card entry tb-fade-in tb-fade-in--subtle\">\n\t\t\t\t<div class=\"tb-image-part\">\n\t\t\t\t\t<img src='https:\/\/tjt.travelblox.eu\/wp-content\/smush-webp\/sites\/78\/2026\/02\/TheJordanTrail_terrain-768x512.jpg.webp' width='768' height='512' alt='Le Jordan Trail, randonn\u00e9e' srcset='https:\/\/tjt.travelblox.eu\/wp-content\/smush-webp\/sites\/78\/2026\/02\/TheJordanTrail_terrain-768x512.jpg.webp 768w, https:\/\/tjt.travelblox.eu\/wp-content\/smush-webp\/sites\/78\/2026\/02\/TheJordanTrail_terrain-300x200.jpg.webp 300w, https:\/\/tjt.travelblox.eu\/wp-content\/smush-webp\/sites\/78\/2026\/02\/TheJordanTrail_terrain-18x12.jpg.webp 18w, https:\/\/tjt.travelblox.eu\/wp-content\/smush-webp\/sites\/78\/2026\/02\/TheJordanTrail_terrain.jpg.webp 800w' sizes=\"auto, (max-width: 768px) 100vw, 768px\" loading='lazy' decoding='async' data-smush-webp-fallback=\"{&quot;src&quot;:&quot;https:\\\/\\\/tjt.travelblox.eu\\\/wp-content\\\/uploads\\\/sites\\\/78\\\/2026\\\/02\\\/TheJordanTrail_terrain-768x512.jpg&quot;,&quot;srcset&quot;:&quot;https:\\\/\\\/tjt.travelblox.eu\\\/wp-content\\\/uploads\\\/sites\\\/78\\\/2026\\\/02\\\/TheJordanTrail_terrain-768x512.jpg 768w, https:\\\/\\\/tjt.travelblox.eu\\\/wp-content\\\/uploads\\\/sites\\\/78\\\/2026\\\/02\\\/TheJordanTrail_terrain-300x200.jpg 300w, https:\\\/\\\/tjt.travelblox.eu\\\/wp-content\\\/uploads\\\/sites\\\/78\\\/2026\\\/02\\\/TheJordanTrail_terrain-18x12.jpg 18w, https:\\\/\\\/tjt.travelblox.eu\\\/wp-content\\\/uploads\\\/sites\\\/78\\\/2026\\\/02\\\/TheJordanTrail_terrain.jpg 800w&quot;}\">\t\t\t\t<\/div>\n\t\t\t\t<div class=\"tb-card-content text-part\">\n\t\t\t\t\t\t\t\t\t\t\t<h5>\t\t\t\t<i class=\"icon fa-solid fa-shoe-prints fa-fw\" aria-hidden=\"true\"><\/i>\n\t\t\t Terrain<\/h5>\n\t\t\t\t\t\t\t\t\t\t\t\t\t\t\t\t\t<div class=\"translation-block\"><ul><li>Le premier jour de randonn\u00e9e, vous marcherez \u00e0 travers un <strong>canyon<\/strong>, o\u00f9 vous devrez traverser une partie <strong>dans l'eau<\/strong>. Vous devrez parfois grimper sur des rochers, ce qui rendra le d\u00e9but de la semaine bien sportif !<\/li><li>Vous marcherez principalement sur <strong>des rochers et un terrain irr\u00e9gulier<\/strong>.<\/li><\/ul><p><strong>Quelques conseils<\/strong><\/p><ul><li>Assurez-vous d'avoir <strong>des chaussures de randonn\u00e9e ou de sport robustes<\/strong> avec une bonne adh\u00e9rence pour le premier jour de randonn\u00e9e.<\/li><li>Portez des <strong>chaussures de randonn\u00e9e A\/B<\/strong> qui prot\u00e8gent vos chevilles et qui sont d\u00e9j\u00e0 rod\u00e9es.<\/li><\/ul><\/div>\n\t\t\t\t\t\t\t\t\t\t\t\t\t\t\t<\/div>\n\t\t\t<\/div>\n\t\t\t\t\t\t\t<\/div>\n\t\t\t\t<div class=\"tb-carousel-nav\">\n\t\t<div class=\"dots\">\n\t\t\t<div class=\"dot active\"><\/div>\n\t\t\t<div class=\"dot\"><\/div>\n\t\t\t<div class=\"dot\"><\/div>\n\t\t<\/div>\n\t\t<div class=\"arrows\">\n\t\t\t<div class=\"prev disabled\">\n\t\t\t\t<span><i class=\"fa fa-chevron-left\"><\/i><\/span>\n\t\t\t<\/div>\n\t\t\t<div class=\"next\">\n\t\t\t\t<span><i class=\"fa fa-chevron-right\"><\/i><\/span>\n\t\t\t<\/div>\n\t\t<\/div>\n\t<\/div>\n\t\t\t<\/div>\n\t<\/div>\n\t\t\t<\/div>\n\n\n\n    <div class=\"tb-calendarv2 tb-block align-center background-light pattern-none variant-none tb-collapsible-margins\" id=\"join\" data-field-packages='[{&quot;package_id&quot;:&quot;TJT-TJT&quot;,&quot;prereg_url&quot;:&quot;https:\\\/\\\/travelbase.pro.typeform.com\\\/TJT26FNLPrereg&quot;,&quot;package_summary_content&quot;:&quot;Om je inschrijving te bevestigen, vragen we je binnen de 5 dagen een voorschot van 30% te betalen. De rest betaal je ten laatste 2 maanden voor vertrek.&quot;,&quot;package_summary_inclusive&quot;:[{&quot;sub_remark&quot;:&quot;&quot;,&quot;rowid&quot;:&quot;69a05021b88e3&quot;}],&quot;rowid&quot;:&quot;68b2df3d36c07&quot;}]' data-package-ids='[\"TJT-TJT\"]' data-brands='[{&quot;type&quot;:&quot;brands&quot;,&quot;id&quot;:&quot;TJT&quot;,&quot;attributes&quot;:{&quot;name&quot;:&quot;Jordan Trail&quot;,&quot;translatableName&quot;:{&quot;de&quot;:&quot;Jordan Trail&quot;,&quot;en&quot;:&quot;The Jordan Trail&quot;,&quot;fr&quot;:&quot;Jordan Trail&quot;,&quot;nl&quot;:&quot;The Jordan Trail&quot;}}}]' data-language='fr' data-allow-collapse-consecutive-sold-out-items='0' data-show-prereg-items='1' data-show-participants='0' data-show-departure-hours='0' data-no-participants-title=\"0 participants\" data-no-participants-text=\"Il n'y a pas encore de participants\" data-sold-out-cta=\"\" data-default-group-size=\"\" data-show-months-toggle=\"1\" data-show-waiting-list-buttons=\"1\" data-show-price-toggle=\"1\" data-show-quote-request=\"0\" data-sort-filter-options-by-az-order='0' data-merge-duplicate-filters='0'>\n        <div class=\"inner-block tb-fade-in tb-fade-in--subtle\">\n            <div class=\"text-part tb-fade-in tb-fade-in--subtle\">\n                                    <h2>Rejoignez l'aventure !<\/h2>\n                                                    \t<div class=\"translation-block\"><p>Pr\u00eat\u00b7e pour une nouvelle aventure en Jordanie ?<\/p><p><strong>Pr\u00e9inscrivez-vous<\/strong> d\u00e8s maintenant pour la nouvelle saison du <strong>printemps 2027<\/strong> et profitez des avantages suivants :<\/p><ul><li>Inscrivez-vous <strong>24 heures avant l\u2019ouverture officielle<\/strong> des r\u00e9servations, le 16 septembre \u00e0 16 h<\/li><li>Profitez de notre <strong>tarif Early Bird<\/strong><\/li><li>R\u00e9servez avec nos <strong>conditions de r\u00e9servation ultra-flexibles<\/strong><\/li><\/ul><\/div>\n\t                                                    <div class=\"tb-buttons-part\">\n                                                                            \t\t<a href=\"https:\/\/travelbase.pro.typeform.com\/TJT27SFRPrereg\"  target=\"_blank\" data-mode=\"popup\" data-url=\"https:\/\/travelbase.pro.typeform.com\/tjt27snlprereg\" class=\"tb-button typeform-share\">\n\t\t\tSe pr\u00e9inscrire | Printemps 2027\t\t<\/a>\n\t\t\t\t\t<script>\n\t\t\t\t(function() {\n\t\t\t\t\tvar qs, js, q, s, d = document,\n\t\t\t\t\t\tgi = d.getElementById,\n\t\t\t\t\t\tce = d.createElement,\n\t\t\t\t\t\tgt = d.getElementsByTagName,\n\t\t\t\t\t\tid = \"typef_orm_share\",\n\t\t\t\t\t\tb = \"https:\/\/embed.typeform.com\/\";\n\t\t\t\t\tif (!gi.call(d, id)) {\n\t\t\t\t\t\tjs = ce.call(d, \"script\");\n\t\t\t\t\t\tjs.id = id;\n\t\t\t\t\t\tjs.src = b + \"embed.js\";\n\t\t\t\t\t\tq = gt.call(d, \"script\")[0];\n\t\t\t\t\t\tq.parentNode.insertBefore(js, q);\n\t\t\t\t\t}\n\t\t\t\t})();\n\t\t\t<\/script>\n\t\t                                                                                                                                                        \t\t<a href=\"https:\/\/thejordantrail.org\/nl\/jordan-trail-2026\/\"  target=\"_blank\" class=\"tb-buttonlink\">\n\t\t\tOffre automne 2026\t\t<\/a>\n\t\t                                            <\/div>\n                            <\/div>\n\n            \n            \n<div class=\"tb-skeleton tb-skeleton--calendar-v2 tb-skeleton--inactive\">\n    <!-- <div class=\"section-toggler section-toggler--small tb-skeleton__border tb-skeleton__disabled\">\n        <div class=\"section-toggler__inner\">\n            <div class=\"section-toggler__toggle-wrapper\">\n                <div class=\"section-toggler__toggles\">\n                    <input type=\"radio\" name=\"2025\" checked>\n                    <label class=\"tb-skeleton__background tb-skeleton__border\" for=\"\"><span class=\"tb-skeleton__bone\"><span class=\"tb-skeleton__invisible-text\">2025<\/span><\/span><\/label>\n                    <input type=\"radio\" name=\"2026\">\n                    <label class=\"tb-skeleton__border\" for=\"\"><span class=\"tb-skeleton__bone\"><span class=\"tb-skeleton__invisible-text\">2026<\/span><\/span><\/label>\n                <\/div>\n            <\/div>\n        <\/div>\n    <\/div> -->\n    <div class=\"tb-calendar-v2__year\" id=\"year-section-0\">\n        <div class=\"tb-block\">\n            <div class=\"section-toggler section-toggler--fake section-toggler--blocks tb-skeleton__border tb-skeleton__disabled\">\n                <div class=\"section-toggler__inner\">\n                    <div class=\"section-toggler__toggle-wrapper\">\n                        <div class=\"section-toggler__toggles\">\n                            <input type=\"radio\" name=\"Jan\" checked>\n                            <label class=\"tb-skeleton__background tb-skeleton__border\" for=\"\"><span class=\"tb-skeleton__bone\"><span class=\"tb-skeleton__invisible-text\">Jan<\/span><\/span><\/label>\n                            <input type=\"radio\" name=\"Feb\">\n                            <label class=\"tb-skeleton__border\" for=\"\"><span class=\"tb-skeleton__bone\"><span class=\"tb-skeleton__invisible-text\">Feb<\/span><\/span><\/label>\n                            <input type=\"radio\" name=\"Mar\">\n                            <label class=\"tb-skeleton__border\" for=\"\"><span class=\"tb-skeleton__bone\"><span class=\"tb-skeleton__invisible-text\">Mar<\/span><\/span><\/label>\n                            <input type=\"radio\" name=\"Apr\">\n                            <label class=\"tb-skeleton__border\" for=\"\"><span class=\"tb-skeleton__bone\"><span class=\"tb-skeleton__invisible-text\">Apr<\/span><\/span><\/label>\n                            <input type=\"radio\" name=\"May\">\n                            <label class=\"tb-skeleton__border\" for=\"\"><span class=\"tb-skeleton__bone\"><span class=\"tb-skeleton__invisible-text\">May<\/span><\/span><\/label>\n                        <\/div>\n                    <\/div>\n                <\/div>\n            <\/div>\n            <div class=\"tb-calendar-v2__month\" id=\"year-0-month-section-0\">\n                <ul class=\"tb-calendar-v2__departures\">\n                                            <li class=\"tb-calendar-v2__departure tb-calendar-v2-departure tb-skeleton__border\" data-availability=\"free\">\n                            <div class=\"tb-calendar-v2-departure__essential\">\n                                <div class=\"tb-calendar-v2-departure__first-part\">\n                                    <div class=\"tb-calendar-v2-departure__destination desktop-only\">\n                                        <span class=\"tb-skeleton__bone\"><span class=\"tb-skeleton__invisible-text\"><strong>Exemple de voyage<\/strong><\/span><\/span>\n                                    <\/div>\n                                    <div class=\"tb-calendar-v2-departure__dates\">\n                                        <div class=\"tb-calendar-v2-departure__startdate\">\n                                            <span class=\"tb-skeleton__bone\"><span class=\"tb-skeleton__invisible-text\">Lundi<\/span><\/span>\n                                            <span class=\"tb-skeleton__bone\"><span class=\"tb-skeleton__invisible-text\"><strong>20 janv. 2025<\/strong><\/span><\/span>\n                                        <\/div>\n                                        <span class=\"tb-skeleton__bone\"><span class=\"tb-skeleton__invisible-text\"><i class=\"fa-solid fa-arrow-right\"><\/i><\/span><\/span>\n                                        <div class=\"tb-calendar-v2-departure__enddate\">\n                                            <span class=\"tb-skeleton__bone\"><span class=\"tb-skeleton__invisible-text\">Dimanche<\/span><\/span>\n                                            <span class=\"tb-skeleton__bone\"><span class=\"tb-skeleton__invisible-text\"><strong>26 janv. 2025<\/strong><\/span><\/span>\n                                        <\/div>\n                                    <\/div>\n                                    <div class=\"tb-calendar-v2-departure__divider desktop-only tb-skeleton__bone\"><\/div>\n                                    <div class=\"tb-calendar-v2-departure__availability desktop-only\" data-availability=\"free\"><strong>\n                                            <span class=\"tb-skeleton__bone\"><span class=\"tb-skeleton__invisible-text\">Disponible<\/span><\/span>\n                                        <\/strong><\/div>\n                                    <div class=\"tb-calendar-v2-departure__spots desktop-only\">\n                                        <span class=\"tb-skeleton__bone\"><span class=\"tb-skeleton__invisible-text\">\n                                                                                             <\/span><\/span>\n                                    <\/div>\n                                <\/div>\n                                <div class=\"tb-calendar-v2-departure__last-part\">\n                                    <div class=\"tb-calendar-v2-departure__price\"><span class=\"tb-skeleton__bone\"><span class=\"tb-skeleton__invisible-text\"><strong>\u20ac 1450<\/strong><\/span><\/span><\/div>\n                                    <div class=\"tb-calendar-v2-departure__availability mobile-only\" data-availability=\"free\">\n                                        <strong>\n                                            <span class=\"tb-skeleton__bone\"><span class=\"tb-skeleton__invisible-text\">Disponible<\/span><\/span>\n                                        <\/strong>\n                                    <\/div>\n                                    <div class=\"tb-calendar-v2-departure__expand-button tb-skeleton__disabled desktop-only\" disabled>\n                                        <span class=\"tb-skeleton__bone\"><span class=\"tb-skeleton__invisible-text\"><i class=\"fa-solid fa-chevron-down\"><\/i><\/span><\/span>\n                                    <\/div>\n                                <\/div>\n                            <\/div>\n                            <div class=\"tb-calendar-v2-departure__divider mobile-only tb-skeleton__bone\"><\/div>\n                            <div class=\"tb-calendar-v2-departure__expand-button mobile-only tb-skeleton__disabled\" disabled>\n                                <span class=\"tb-skeleton__bone\"><span class=\"tb-skeleton__invisible-text\"><span class=\"more-info\">Plus d'infos<\/span> <span class=\"less-info\">Voir moins<\/span> <i class=\"fa-solid fa-chevron-down\"><\/i><\/span><\/span>\n                            <\/div>\n                        <\/li>\n                                            <li class=\"tb-calendar-v2__departure tb-calendar-v2-departure tb-skeleton__border\" data-availability=\"free\">\n                            <div class=\"tb-calendar-v2-departure__essential\">\n                                <div class=\"tb-calendar-v2-departure__first-part\">\n                                    <div class=\"tb-calendar-v2-departure__destination desktop-only\">\n                                        <span class=\"tb-skeleton__bone\"><span class=\"tb-skeleton__invisible-text\"><strong>Exemple de voyage<\/strong><\/span><\/span>\n                                    <\/div>\n                                    <div class=\"tb-calendar-v2-departure__dates\">\n                                        <div class=\"tb-calendar-v2-departure__startdate\">\n                                            <span class=\"tb-skeleton__bone\"><span class=\"tb-skeleton__invisible-text\">Lundi<\/span><\/span>\n                                            <span class=\"tb-skeleton__bone\"><span class=\"tb-skeleton__invisible-text\"><strong>20 janv. 2025<\/strong><\/span><\/span>\n                                        <\/div>\n                                        <span class=\"tb-skeleton__bone\"><span class=\"tb-skeleton__invisible-text\"><i class=\"fa-solid fa-arrow-right\"><\/i><\/span><\/span>\n                                        <div class=\"tb-calendar-v2-departure__enddate\">\n                                            <span class=\"tb-skeleton__bone\"><span class=\"tb-skeleton__invisible-text\">Dimanche<\/span><\/span>\n                                            <span class=\"tb-skeleton__bone\"><span class=\"tb-skeleton__invisible-text\"><strong>26 janv. 2025<\/strong><\/span><\/span>\n                                        <\/div>\n                                    <\/div>\n                                    <div class=\"tb-calendar-v2-departure__divider desktop-only tb-skeleton__bone\"><\/div>\n                                    <div class=\"tb-calendar-v2-departure__availability desktop-only\" data-availability=\"free\"><strong>\n                                            <span class=\"tb-skeleton__bone\"><span class=\"tb-skeleton__invisible-text\">Disponible<\/span><\/span>\n                                        <\/strong><\/div>\n                                    <div class=\"tb-calendar-v2-departure__spots desktop-only\">\n                                        <span class=\"tb-skeleton__bone\"><span class=\"tb-skeleton__invisible-text\">\n                                                                                             <\/span><\/span>\n                                    <\/div>\n                                <\/div>\n                                <div class=\"tb-calendar-v2-departure__last-part\">\n                                    <div class=\"tb-calendar-v2-departure__price\"><span class=\"tb-skeleton__bone\"><span class=\"tb-skeleton__invisible-text\"><strong>\u20ac 1450<\/strong><\/span><\/span><\/div>\n                                    <div class=\"tb-calendar-v2-departure__availability mobile-only\" data-availability=\"free\">\n                                        <strong>\n                                            <span class=\"tb-skeleton__bone\"><span class=\"tb-skeleton__invisible-text\">Disponible<\/span><\/span>\n                                        <\/strong>\n                                    <\/div>\n                                    <div class=\"tb-calendar-v2-departure__expand-button tb-skeleton__disabled desktop-only\" disabled>\n                                        <span class=\"tb-skeleton__bone\"><span class=\"tb-skeleton__invisible-text\"><i class=\"fa-solid fa-chevron-down\"><\/i><\/span><\/span>\n                                    <\/div>\n                                <\/div>\n                            <\/div>\n                            <div class=\"tb-calendar-v2-departure__divider mobile-only tb-skeleton__bone\"><\/div>\n                            <div class=\"tb-calendar-v2-departure__expand-button mobile-only tb-skeleton__disabled\" disabled>\n                                <span class=\"tb-skeleton__bone\"><span class=\"tb-skeleton__invisible-text\"><span class=\"more-info\">Plus d'infos<\/span> <span class=\"less-info\">Voir moins<\/span> <i class=\"fa-solid fa-chevron-down\"><\/i><\/span><\/span>\n                            <\/div>\n                        <\/li>\n                                            <li class=\"tb-calendar-v2__departure tb-calendar-v2-departure tb-skeleton__border\" data-availability=\"free\">\n                            <div class=\"tb-calendar-v2-departure__essential\">\n                                <div class=\"tb-calendar-v2-departure__first-part\">\n                                    <div class=\"tb-calendar-v2-departure__destination desktop-only\">\n                                        <span class=\"tb-skeleton__bone\"><span class=\"tb-skeleton__invisible-text\"><strong>Exemple de voyage<\/strong><\/span><\/span>\n                                    <\/div>\n                                    <div class=\"tb-calendar-v2-departure__dates\">\n                                        <div class=\"tb-calendar-v2-departure__startdate\">\n                                            <span class=\"tb-skeleton__bone\"><span class=\"tb-skeleton__invisible-text\">Lundi<\/span><\/span>\n                                            <span class=\"tb-skeleton__bone\"><span class=\"tb-skeleton__invisible-text\"><strong>20 janv. 2025<\/strong><\/span><\/span>\n                                        <\/div>\n                                        <span class=\"tb-skeleton__bone\"><span class=\"tb-skeleton__invisible-text\"><i class=\"fa-solid fa-arrow-right\"><\/i><\/span><\/span>\n                                        <div class=\"tb-calendar-v2-departure__enddate\">\n                                            <span class=\"tb-skeleton__bone\"><span class=\"tb-skeleton__invisible-text\">Dimanche<\/span><\/span>\n                                            <span class=\"tb-skeleton__bone\"><span class=\"tb-skeleton__invisible-text\"><strong>26 janv. 2025<\/strong><\/span><\/span>\n                                        <\/div>\n                                    <\/div>\n                                    <div class=\"tb-calendar-v2-departure__divider desktop-only tb-skeleton__bone\"><\/div>\n                                    <div class=\"tb-calendar-v2-departure__availability desktop-only\" data-availability=\"free\"><strong>\n                                            <span class=\"tb-skeleton__bone\"><span class=\"tb-skeleton__invisible-text\">Disponible<\/span><\/span>\n                                        <\/strong><\/div>\n                                    <div class=\"tb-calendar-v2-departure__spots desktop-only\">\n                                        <span class=\"tb-skeleton__bone\"><span class=\"tb-skeleton__invisible-text\">\n                                                                                             <\/span><\/span>\n                                    <\/div>\n                                <\/div>\n                                <div class=\"tb-calendar-v2-departure__last-part\">\n                                    <div class=\"tb-calendar-v2-departure__price\"><span class=\"tb-skeleton__bone\"><span class=\"tb-skeleton__invisible-text\"><strong>\u20ac 1450<\/strong><\/span><\/span><\/div>\n                                    <div class=\"tb-calendar-v2-departure__availability mobile-only\" data-availability=\"free\">\n                                        <strong>\n                                            <span class=\"tb-skeleton__bone\"><span class=\"tb-skeleton__invisible-text\">Disponible<\/span><\/span>\n                                        <\/strong>\n                                    <\/div>\n                                    <div class=\"tb-calendar-v2-departure__expand-button tb-skeleton__disabled desktop-only\" disabled>\n                                        <span class=\"tb-skeleton__bone\"><span class=\"tb-skeleton__invisible-text\"><i class=\"fa-solid fa-chevron-down\"><\/i><\/span><\/span>\n                                    <\/div>\n                                <\/div>\n                            <\/div>\n                            <div class=\"tb-calendar-v2-departure__divider mobile-only tb-skeleton__bone\"><\/div>\n                            <div class=\"tb-calendar-v2-departure__expand-button mobile-only tb-skeleton__disabled\" disabled>\n                                <span class=\"tb-skeleton__bone\"><span class=\"tb-skeleton__invisible-text\"><span class=\"more-info\">Plus d'infos<\/span> <span class=\"less-info\">Voir moins<\/span> <i class=\"fa-solid fa-chevron-down\"><\/i><\/span><\/span>\n                            <\/div>\n                        <\/li>\n                                            <li class=\"tb-calendar-v2__departure tb-calendar-v2-departure tb-skeleton__border\" data-availability=\"free\">\n                            <div class=\"tb-calendar-v2-departure__essential\">\n                                <div class=\"tb-calendar-v2-departure__first-part\">\n                                    <div class=\"tb-calendar-v2-departure__destination desktop-only\">\n                                        <span class=\"tb-skeleton__bone\"><span class=\"tb-skeleton__invisible-text\"><strong>Exemple de voyage<\/strong><\/span><\/span>\n                                    <\/div>\n                                    <div class=\"tb-calendar-v2-departure__dates\">\n                                        <div class=\"tb-calendar-v2-departure__startdate\">\n                                            <span class=\"tb-skeleton__bone\"><span class=\"tb-skeleton__invisible-text\">Lundi<\/span><\/span>\n                                            <span class=\"tb-skeleton__bone\"><span class=\"tb-skeleton__invisible-text\"><strong>20 janv. 2025<\/strong><\/span><\/span>\n                                        <\/div>\n                                        <span class=\"tb-skeleton__bone\"><span class=\"tb-skeleton__invisible-text\"><i class=\"fa-solid fa-arrow-right\"><\/i><\/span><\/span>\n                                        <div class=\"tb-calendar-v2-departure__enddate\">\n                                            <span class=\"tb-skeleton__bone\"><span class=\"tb-skeleton__invisible-text\">Dimanche<\/span><\/span>\n                                            <span class=\"tb-skeleton__bone\"><span class=\"tb-skeleton__invisible-text\"><strong>26 janv. 2025<\/strong><\/span><\/span>\n                                        <\/div>\n                                    <\/div>\n                                    <div class=\"tb-calendar-v2-departure__divider desktop-only tb-skeleton__bone\"><\/div>\n                                    <div class=\"tb-calendar-v2-departure__availability desktop-only\" data-availability=\"free\"><strong>\n                                            <span class=\"tb-skeleton__bone\"><span class=\"tb-skeleton__invisible-text\">Disponible<\/span><\/span>\n                                        <\/strong><\/div>\n                                    <div class=\"tb-calendar-v2-departure__spots desktop-only\">\n                                        <span class=\"tb-skeleton__bone\"><span class=\"tb-skeleton__invisible-text\">\n                                                                                             <\/span><\/span>\n                                    <\/div>\n                                <\/div>\n                                <div class=\"tb-calendar-v2-departure__last-part\">\n                                    <div class=\"tb-calendar-v2-departure__price\"><span class=\"tb-skeleton__bone\"><span class=\"tb-skeleton__invisible-text\"><strong>\u20ac 1450<\/strong><\/span><\/span><\/div>\n                                    <div class=\"tb-calendar-v2-departure__availability mobile-only\" data-availability=\"free\">\n                                        <strong>\n                                            <span class=\"tb-skeleton__bone\"><span class=\"tb-skeleton__invisible-text\">Disponible<\/span><\/span>\n                                        <\/strong>\n                                    <\/div>\n                                    <div class=\"tb-calendar-v2-departure__expand-button tb-skeleton__disabled desktop-only\" disabled>\n                                        <span class=\"tb-skeleton__bone\"><span class=\"tb-skeleton__invisible-text\"><i class=\"fa-solid fa-chevron-down\"><\/i><\/span><\/span>\n                                    <\/div>\n                                <\/div>\n                            <\/div>\n                            <div class=\"tb-calendar-v2-departure__divider mobile-only tb-skeleton__bone\"><\/div>\n                            <div class=\"tb-calendar-v2-departure__expand-button mobile-only tb-skeleton__disabled\" disabled>\n                                <span class=\"tb-skeleton__bone\"><span class=\"tb-skeleton__invisible-text\"><span class=\"more-info\">Plus d'infos<\/span> <span class=\"less-info\">Voir moins<\/span> <i class=\"fa-solid fa-chevron-down\"><\/i><\/span><\/span>\n                            <\/div>\n                        <\/li>\n                                            <li class=\"tb-calendar-v2__departure tb-calendar-v2-departure tb-skeleton__border\" data-availability=\"free\">\n                            <div class=\"tb-calendar-v2-departure__essential\">\n                                <div class=\"tb-calendar-v2-departure__first-part\">\n                                    <div class=\"tb-calendar-v2-departure__destination desktop-only\">\n                                        <span class=\"tb-skeleton__bone\"><span class=\"tb-skeleton__invisible-text\"><strong>Exemple de voyage<\/strong><\/span><\/span>\n                                    <\/div>\n                                    <div class=\"tb-calendar-v2-departure__dates\">\n                                        <div class=\"tb-calendar-v2-departure__startdate\">\n                                            <span class=\"tb-skeleton__bone\"><span class=\"tb-skeleton__invisible-text\">Lundi<\/span><\/span>\n                                            <span class=\"tb-skeleton__bone\"><span class=\"tb-skeleton__invisible-text\"><strong>20 janv. 2025<\/strong><\/span><\/span>\n                                        <\/div>\n                                        <span class=\"tb-skeleton__bone\"><span class=\"tb-skeleton__invisible-text\"><i class=\"fa-solid fa-arrow-right\"><\/i><\/span><\/span>\n                                        <div class=\"tb-calendar-v2-departure__enddate\">\n                                            <span class=\"tb-skeleton__bone\"><span class=\"tb-skeleton__invisible-text\">Dimanche<\/span><\/span>\n                                            <span class=\"tb-skeleton__bone\"><span class=\"tb-skeleton__invisible-text\"><strong>26 janv. 2025<\/strong><\/span><\/span>\n                                        <\/div>\n                                    <\/div>\n                                    <div class=\"tb-calendar-v2-departure__divider desktop-only tb-skeleton__bone\"><\/div>\n                                    <div class=\"tb-calendar-v2-departure__availability desktop-only\" data-availability=\"free\"><strong>\n                                            <span class=\"tb-skeleton__bone\"><span class=\"tb-skeleton__invisible-text\">Disponible<\/span><\/span>\n                                        <\/strong><\/div>\n                                    <div class=\"tb-calendar-v2-departure__spots desktop-only\">\n                                        <span class=\"tb-skeleton__bone\"><span class=\"tb-skeleton__invisible-text\">\n                                                                                             <\/span><\/span>\n                                    <\/div>\n                                <\/div>\n                                <div class=\"tb-calendar-v2-departure__last-part\">\n                                    <div class=\"tb-calendar-v2-departure__price\"><span class=\"tb-skeleton__bone\"><span class=\"tb-skeleton__invisible-text\"><strong>\u20ac 1450<\/strong><\/span><\/span><\/div>\n                                    <div class=\"tb-calendar-v2-departure__availability mobile-only\" data-availability=\"free\">\n                                        <strong>\n                                            <span class=\"tb-skeleton__bone\"><span class=\"tb-skeleton__invisible-text\">Disponible<\/span><\/span>\n                                        <\/strong>\n                                    <\/div>\n                                    <div class=\"tb-calendar-v2-departure__expand-button tb-skeleton__disabled desktop-only\" disabled>\n                                        <span class=\"tb-skeleton__bone\"><span class=\"tb-skeleton__invisible-text\"><i class=\"fa-solid fa-chevron-down\"><\/i><\/span><\/span>\n                                    <\/div>\n                                <\/div>\n                            <\/div>\n                            <div class=\"tb-calendar-v2-departure__divider mobile-only tb-skeleton__bone\"><\/div>\n                            <div class=\"tb-calendar-v2-departure__expand-button mobile-only tb-skeleton__disabled\" disabled>\n                                <span class=\"tb-skeleton__bone\"><span class=\"tb-skeleton__invisible-text\"><span class=\"more-info\">Plus d'infos<\/span> <span class=\"less-info\">Voir moins<\/span> <i class=\"fa-solid fa-chevron-down\"><\/i><\/span><\/span>\n                            <\/div>\n                        <\/li>\n                                            <li class=\"tb-calendar-v2__departure tb-calendar-v2-departure tb-skeleton__border\" data-availability=\"free\">\n                            <div class=\"tb-calendar-v2-departure__essential\">\n                                <div class=\"tb-calendar-v2-departure__first-part\">\n                                    <div class=\"tb-calendar-v2-departure__destination desktop-only\">\n                                        <span class=\"tb-skeleton__bone\"><span class=\"tb-skeleton__invisible-text\"><strong>Exemple de voyage<\/strong><\/span><\/span>\n                                    <\/div>\n                                    <div class=\"tb-calendar-v2-departure__dates\">\n                                        <div class=\"tb-calendar-v2-departure__startdate\">\n                                            <span class=\"tb-skeleton__bone\"><span class=\"tb-skeleton__invisible-text\">Lundi<\/span><\/span>\n                                            <span class=\"tb-skeleton__bone\"><span class=\"tb-skeleton__invisible-text\"><strong>20 janv. 2025<\/strong><\/span><\/span>\n                                        <\/div>\n                                        <span class=\"tb-skeleton__bone\"><span class=\"tb-skeleton__invisible-text\"><i class=\"fa-solid fa-arrow-right\"><\/i><\/span><\/span>\n                                        <div class=\"tb-calendar-v2-departure__enddate\">\n                                            <span class=\"tb-skeleton__bone\"><span class=\"tb-skeleton__invisible-text\">Dimanche<\/span><\/span>\n                                            <span class=\"tb-skeleton__bone\"><span class=\"tb-skeleton__invisible-text\"><strong>26 janv. 2025<\/strong><\/span><\/span>\n                                        <\/div>\n                                    <\/div>\n                                    <div class=\"tb-calendar-v2-departure__divider desktop-only tb-skeleton__bone\"><\/div>\n                                    <div class=\"tb-calendar-v2-departure__availability desktop-only\" data-availability=\"free\"><strong>\n                                            <span class=\"tb-skeleton__bone\"><span class=\"tb-skeleton__invisible-text\">Disponible<\/span><\/span>\n                                        <\/strong><\/div>\n                                    <div class=\"tb-calendar-v2-departure__spots desktop-only\">\n                                        <span class=\"tb-skeleton__bone\"><span class=\"tb-skeleton__invisible-text\">\n                                                                                             <\/span><\/span>\n                                    <\/div>\n                                <\/div>\n                                <div class=\"tb-calendar-v2-departure__last-part\">\n                                    <div class=\"tb-calendar-v2-departure__price\"><span class=\"tb-skeleton__bone\"><span class=\"tb-skeleton__invisible-text\"><strong>\u20ac 1450<\/strong><\/span><\/span><\/div>\n                                    <div class=\"tb-calendar-v2-departure__availability mobile-only\" data-availability=\"free\">\n                                        <strong>\n                                            <span class=\"tb-skeleton__bone\"><span class=\"tb-skeleton__invisible-text\">Disponible<\/span><\/span>\n                                        <\/strong>\n                                    <\/div>\n                                    <div class=\"tb-calendar-v2-departure__expand-button tb-skeleton__disabled desktop-only\" disabled>\n                                        <span class=\"tb-skeleton__bone\"><span class=\"tb-skeleton__invisible-text\"><i class=\"fa-solid fa-chevron-down\"><\/i><\/span><\/span>\n                                    <\/div>\n                                <\/div>\n                            <\/div>\n                            <div class=\"tb-calendar-v2-departure__divider mobile-only tb-skeleton__bone\"><\/div>\n                            <div class=\"tb-calendar-v2-departure__expand-button mobile-only tb-skeleton__disabled\" disabled>\n                                <span class=\"tb-skeleton__bone\"><span class=\"tb-skeleton__invisible-text\"><span class=\"more-info\">Plus d'infos<\/span> <span class=\"less-info\">Voir moins<\/span> <i class=\"fa-solid fa-chevron-down\"><\/i><\/span><\/span>\n                            <\/div>\n                        <\/li>\n                                    <\/ul>\n            <\/div>\n        <\/div>\n    <\/div>\n<\/div>            <div class=\"tb-calendar-v2 tb-sections\" data-calendar-data=\"{&quot;packages&quot;:[{&quot;type&quot;:&quot;packages&quot;,&quot;id&quot;:&quot;TJT-TJT&quot;,&quot;attributes&quot;:{&quot;name&quot;:&quot;The Jordan Trail&quot;,&quot;destinationName&quot;:&quot;Jordan&quot;,&quot;destinationTitle&quot;:{&quot;de&quot;:&quot;Jordan&quot;,&quot;en&quot;:&quot;Jordan&quot;,&quot;fr&quot;:&quot;Jordan&quot;,&quot;nl&quot;:&quot;Jordan&quot;},&quot;destinationCountry&quot;:&quot;JO&quot;,&quot;status&quot;:&quot;active&quot;,&quot;sortOrder&quot;:null,&quot;updatedAt&quot;:&quot;2026-08-31T17:16:20.000000Z&quot;,&quot;inclusives&quot;:[&quot;4 nuits de camping en pleine nature&quot;,&quot;2 nuits d\\u2019h\\u00f4tel \\u00e0 Madaba et \\u00e0 Petra&quot;,&quot;Tous les transferts en navette pendant le trek&quot;,&quot;Des guides Travelbase et locaux exp\\u00e9riment\\u00e9s&quot;,&quot;L\\u2019appli Travelbase Trail avec itin\\u00e9raire, conseils et infos pratiques&quot;,&quot;5 jours de randonn\\u00e9e sur le l\\u00e9gendaire Jordan Trail&quot;]},&quot;relationships&quot;:{&quot;brand&quot;:{&quot;data&quot;:{&quot;type&quot;:&quot;brands&quot;,&quot;id&quot;:&quot;TJT&quot;}}}}],&quot;brands&quot;:[{&quot;type&quot;:&quot;brands&quot;,&quot;id&quot;:&quot;TJT&quot;,&quot;attributes&quot;:{&quot;name&quot;:&quot;Jordan Trail&quot;,&quot;translatableName&quot;:{&quot;de&quot;:&quot;Jordan Trail&quot;,&quot;en&quot;:&quot;The Jordan Trail&quot;,&quot;fr&quot;:&quot;Jordan Trail&quot;,&quot;nl&quot;:&quot;The Jordan Trail&quot;}}}],&quot;departures&quot;:[{&quot;type&quot;:&quot;departures&quot;,&quot;id&quot;:&quot;t11690&quot;,&quot;attributes&quot;:{&quot;name&quot;:&quot;TJT26A-W42-WED&quot;,&quot;start&quot;:&quot;2026-10-14T10:00:00.000000Z&quot;,&quot;end&quot;:&quot;2026-10-21T12:00:00.000000Z&quot;,&quot;cheapestPrice&quot;:605,&quot;languages&quot;:[&quot;nl&quot;,&quot;fr&quot;,&quot;en&quot;,&quot;de&quot;],&quot;availableSpots&quot;:0,&quot;bookedSpots&quot;:20,&quot;fakeLabel&quot;:&quot;sold out&quot;,&quot;availabilityLabel&quot;:&quot;sold out&quot;,&quot;promoLabel&quot;:&quot;&quot;,&quot;status&quot;:&quot;active&quot;,&quot;calendarToggles&quot;:[{&quot;value&quot;:&quot;Amsterdam&quot;,&quot;label&quot;:{&quot;en&quot;:&quot;Flights from Amsterdam + shuttle&quot;,&quot;nl&quot;:&quot;Heen- en retourvlucht Amsterdam&quot;,&quot;fr&quot;:&quot;Vols + navette depuis Amsterdam&quot;,&quot;de&quot;:&quot;Fl\\u00fcge ab Amsterdam &quot;},&quot;price&quot;:false,&quot;status&quot;:&quot;sold_out&quot;,&quot;language_hidden&quot;:[&quot;fr&quot;,&quot;de&quot;],&quot;startIncrement&quot;:0,&quot;endIncrement&quot;:0,&quot;var_name&quot;:&quot;flight_copy&quot;,&quot;category_label&quot;:{&quot;en&quot;:&quot;Flights&quot;,&quot;nl&quot;:&quot;Vluchten&quot;,&quot;fr&quot;:&quot;Vols&quot;,&quot;de&quot;:&quot;Fl\\u00fcge&quot;}},{&quot;value&quot;:&quot;Brussels&quot;,&quot;label&quot;:{&quot;en&quot;:&quot;Flights from Brussels + shuttles&quot;,&quot;nl&quot;:&quot;Heen- en retourvlucht Brussel&quot;,&quot;fr&quot;:&quot;Vols + navette depuis Bruxelles&quot;,&quot;de&quot;:&quot;Fl\\u00fcge ab Br\\u00fcssel &quot;},&quot;price&quot;:false,&quot;status&quot;:&quot;disabled&quot;,&quot;language_hidden&quot;:[&quot;de&quot;],&quot;startIncrement&quot;:0,&quot;endIncrement&quot;:0,&quot;var_name&quot;:&quot;flight_copy&quot;,&quot;category_label&quot;:{&quot;en&quot;:&quot;Flights&quot;,&quot;nl&quot;:&quot;Vluchten&quot;,&quot;fr&quot;:&quot;Vols&quot;,&quot;de&quot;:&quot;Fl\\u00fcge&quot;}},{&quot;value&quot;:&quot;Paris&quot;,&quot;label&quot;:{&quot;en&quot;:&quot;Flights from Paris + airport transfer&quot;,&quot;nl&quot;:&quot;Heen- en retourvlucht Parijs&quot;,&quot;fr&quot;:&quot;Vols + navette depuis Paris&quot;,&quot;de&quot;:&quot;Fl\\u00fcge ab Paris &quot;},&quot;price&quot;:560,&quot;status&quot;:&quot;available&quot;,&quot;language_hidden&quot;:[&quot;nl&quot;,&quot;de&quot;],&quot;startIncrement&quot;:0,&quot;endIncrement&quot;:0,&quot;var_name&quot;:&quot;flight_copy&quot;,&quot;category_label&quot;:{&quot;en&quot;:&quot;Flights&quot;,&quot;nl&quot;:&quot;Vluchten&quot;,&quot;fr&quot;:&quot;Vols&quot;,&quot;de&quot;:&quot;Fl\\u00fcge&quot;}},{&quot;value&quot;:&quot;D\\u00fcsseldorf&quot;,&quot;label&quot;:{&quot;en&quot;:&quot;Flights from D\\u00fcsseldorf + airport shuttle&quot;,&quot;nl&quot;:&quot;Heen- en retourvlucht D\\u00fcsseldorf&quot;,&quot;fr&quot;:&quot;Vols + navette depuis Dusseldorf&quot;,&quot;de&quot;:&quot;Fl\\u00fcge ab D\\u00fcsseldorf &quot;},&quot;price&quot;:550,&quot;status&quot;:&quot;available&quot;,&quot;language_hidden&quot;:[&quot;fr&quot;],&quot;startIncrement&quot;:0,&quot;endIncrement&quot;:0,&quot;var_name&quot;:&quot;flight_copy&quot;,&quot;category_label&quot;:{&quot;en&quot;:&quot;Flights&quot;,&quot;nl&quot;:&quot;Vluchten&quot;,&quot;fr&quot;:&quot;Vols&quot;,&quot;de&quot;:&quot;Fl\\u00fcge&quot;}},{&quot;value&quot;:&quot;Berlin&quot;,&quot;label&quot;:{&quot;en&quot;:&quot;Flights from Berlin + airport shuttles&quot;,&quot;nl&quot;:&quot;Heen- en retourvlucht Berlijn&quot;,&quot;fr&quot;:&quot;Vols + navettes depuis Berlin&quot;,&quot;de&quot;:&quot;Fl\\u00fcge ab Berlin &quot;},&quot;price&quot;:444,&quot;status&quot;:&quot;available&quot;,&quot;language_hidden&quot;:[&quot;nl&quot;,&quot;fr&quot;,&quot;en&quot;],&quot;startIncrement&quot;:0,&quot;endIncrement&quot;:0,&quot;var_name&quot;:&quot;flight_copy&quot;,&quot;category_label&quot;:{&quot;en&quot;:&quot;Flights&quot;,&quot;nl&quot;:&quot;Vluchten&quot;,&quot;fr&quot;:&quot;Vols&quot;,&quot;de&quot;:&quot;Fl\\u00fcge&quot;}},{&quot;value&quot;:&quot;Frankfurt&quot;,&quot;label&quot;:{&quot;en&quot;:&quot;Flights from Frankfurt + airport shuttles&quot;,&quot;nl&quot;:&quot;Heen- en retourvlucht Frankfurt&quot;,&quot;fr&quot;:&quot;Vols + navettes depuis Francfort&quot;,&quot;de&quot;:&quot;Fl\\u00fcge ab Frankfurt &quot;},&quot;price&quot;:550,&quot;status&quot;:&quot;available&quot;,&quot;language_hidden&quot;:[&quot;nl&quot;,&quot;fr&quot;,&quot;en&quot;],&quot;startIncrement&quot;:0,&quot;endIncrement&quot;:0,&quot;var_name&quot;:&quot;flight_copy&quot;,&quot;category_label&quot;:{&quot;en&quot;:&quot;Flights&quot;,&quot;nl&quot;:&quot;Vluchten&quot;,&quot;fr&quot;:&quot;Vols&quot;,&quot;de&quot;:&quot;Fl\\u00fcge&quot;}},{&quot;value&quot;:&quot;Hamburg&quot;,&quot;label&quot;:{&quot;en&quot;:&quot;Round trip flight to Hamburg&quot;,&quot;nl&quot;:&quot;Heen- en retourvlucht Hamburg&quot;,&quot;fr&quot;:&quot;Vols + navettes depuis Hambourg&quot;,&quot;de&quot;:&quot;Fl\\u00fcge ab Hamburg&quot;},&quot;price&quot;:836,&quot;status&quot;:&quot;available&quot;,&quot;language_hidden&quot;:[&quot;nl&quot;,&quot;fr&quot;,&quot;en&quot;],&quot;startIncrement&quot;:0,&quot;endIncrement&quot;:0,&quot;var_name&quot;:&quot;flight_copy&quot;,&quot;category_label&quot;:{&quot;en&quot;:&quot;Flights&quot;,&quot;nl&quot;:&quot;Vluchten&quot;,&quot;fr&quot;:&quot;Vols&quot;,&quot;de&quot;:&quot;Fl\\u00fcge&quot;}},{&quot;value&quot;:&quot;M\\u00fcnchen&quot;,&quot;label&quot;:{&quot;en&quot;:&quot;Round-trip flight to Munich&quot;,&quot;nl&quot;:&quot;Heen- en retourvlucht M\\u00fcnchen&quot;,&quot;fr&quot;:&quot;Vols + navettes depuisMunich&quot;,&quot;de&quot;:&quot;Fl\\u00fcge ab M\\u00fcnchen&quot;},&quot;price&quot;:687,&quot;status&quot;:&quot;available&quot;,&quot;language_hidden&quot;:[&quot;nl&quot;,&quot;fr&quot;,&quot;en&quot;],&quot;startIncrement&quot;:0,&quot;endIncrement&quot;:0,&quot;var_name&quot;:&quot;flight_copy&quot;,&quot;category_label&quot;:{&quot;en&quot;:&quot;Flights&quot;,&quot;nl&quot;:&quot;Vluchten&quot;,&quot;fr&quot;:&quot;Vols&quot;,&quot;de&quot;:&quot;Fl\\u00fcge&quot;}},{&quot;value&quot;:&quot;No flights&quot;,&quot;label&quot;:{&quot;en&quot;:&quot;No flights&quot;,&quot;nl&quot;:&quot;Zonder vluchten&quot;,&quot;fr&quot;:&quot;Pas de vol&quot;,&quot;de&quot;:&quot;Keine Fl\\u00fcge&quot;},&quot;price&quot;:0,&quot;status&quot;:&quot;available&quot;,&quot;language_hidden&quot;:[],&quot;startIncrement&quot;:0,&quot;endIncrement&quot;:0,&quot;var_name&quot;:&quot;flight_copy&quot;,&quot;category_label&quot;:{&quot;en&quot;:&quot;Flights&quot;,&quot;nl&quot;:&quot;Vluchten&quot;,&quot;fr&quot;:&quot;Vols&quot;,&quot;de&quot;:&quot;Fl\\u00fcge&quot;}}],&quot;bookable&quot;:false,&quot;bookingUrl&quot;:&quot;https:\\\/\\\/booking.travelbase.eu\\\/tjt26a\\\/book?trip=11690&quot;,&quot;packageId&quot;:&quot;TJT-TJT&quot;,&quot;sourceOfTruth&quot;:&quot;legacy&quot;,&quot;hasTime&quot;:true,&quot;quoteUrl&quot;:&quot;https:\\\/\\\/booking.travelbase.eu\\\/tjt26a\\\/offer?trip=11690&quot;}},{&quot;type&quot;:&quot;departures&quot;,&quot;id&quot;:&quot;t11691&quot;,&quot;attributes&quot;:{&quot;name&quot;:&quot;TJT26A-W43-WED&quot;,&quot;start&quot;:&quot;2026-10-21T10:00:00.000000Z&quot;,&quot;end&quot;:&quot;2026-10-28T13:00:00.000000Z&quot;,&quot;cheapestPrice&quot;:605,&quot;languages&quot;:[&quot;nl&quot;,&quot;fr&quot;,&quot;en&quot;,&quot;de&quot;],&quot;availableSpots&quot;:7,&quot;bookedSpots&quot;:13,&quot;fakeLabel&quot;:&quot;last stock&quot;,&quot;availabilityLabel&quot;:&quot;last spots&quot;,&quot;promoLabel&quot;:&quot;&quot;,&quot;status&quot;:&quot;active&quot;,&quot;calendarToggles&quot;:[{&quot;value&quot;:&quot;Amsterdam&quot;,&quot;label&quot;:{&quot;en&quot;:&quot;Flights from Amsterdam + shuttle&quot;,&quot;nl&quot;:&quot;Heen- en retourvlucht Amsterdam&quot;,&quot;fr&quot;:&quot;Vols + navette depuis Amsterdam&quot;,&quot;de&quot;:&quot;Fl\\u00fcge ab Amsterdam &quot;},&quot;price&quot;:560,&quot;status&quot;:&quot;available&quot;,&quot;language_hidden&quot;:[&quot;fr&quot;,&quot;de&quot;],&quot;startIncrement&quot;:0,&quot;endIncrement&quot;:0,&quot;var_name&quot;:&quot;flight_copy&quot;,&quot;category_label&quot;:{&quot;en&quot;:&quot;Flights&quot;,&quot;nl&quot;:&quot;Vluchten&quot;,&quot;fr&quot;:&quot;Vols&quot;,&quot;de&quot;:&quot;Fl\\u00fcge&quot;}},{&quot;value&quot;:&quot;Brussels&quot;,&quot;label&quot;:{&quot;en&quot;:&quot;Flights from Brussels + shuttles&quot;,&quot;nl&quot;:&quot;Heen- en retourvlucht Brussel&quot;,&quot;fr&quot;:&quot;Vols + navette depuis Bruxelles&quot;,&quot;de&quot;:&quot;Fl\\u00fcge ab Br\\u00fcssel &quot;},&quot;price&quot;:false,&quot;status&quot;:&quot;disabled&quot;,&quot;language_hidden&quot;:[&quot;de&quot;],&quot;startIncrement&quot;:0,&quot;endIncrement&quot;:0,&quot;var_name&quot;:&quot;flight_copy&quot;,&quot;category_label&quot;:{&quot;en&quot;:&quot;Flights&quot;,&quot;nl&quot;:&quot;Vluchten&quot;,&quot;fr&quot;:&quot;Vols&quot;,&quot;de&quot;:&quot;Fl\\u00fcge&quot;}},{&quot;value&quot;:&quot;Paris&quot;,&quot;label&quot;:{&quot;en&quot;:&quot;Flights from Paris + airport transfer&quot;,&quot;nl&quot;:&quot;Heen- en retourvlucht Parijs&quot;,&quot;fr&quot;:&quot;Vols + navette depuis Paris&quot;,&quot;de&quot;:&quot;Fl\\u00fcge ab Paris &quot;},&quot;price&quot;:false,&quot;status&quot;:&quot;sold_out&quot;,&quot;language_hidden&quot;:[&quot;nl&quot;,&quot;de&quot;],&quot;startIncrement&quot;:0,&quot;endIncrement&quot;:0,&quot;var_name&quot;:&quot;flight_copy&quot;,&quot;category_label&quot;:{&quot;en&quot;:&quot;Flights&quot;,&quot;nl&quot;:&quot;Vluchten&quot;,&quot;fr&quot;:&quot;Vols&quot;,&quot;de&quot;:&quot;Fl\\u00fcge&quot;}},{&quot;value&quot;:&quot;D\\u00fcsseldorf&quot;,&quot;label&quot;:{&quot;en&quot;:&quot;Flights from D\\u00fcsseldorf + airport shuttle&quot;,&quot;nl&quot;:&quot;Heen- en retourvlucht D\\u00fcsseldorf&quot;,&quot;fr&quot;:&quot;Vols + navette depuis Dusseldorf&quot;,&quot;de&quot;:&quot;Fl\\u00fcge ab D\\u00fcsseldorf &quot;},&quot;price&quot;:550,&quot;status&quot;:&quot;available&quot;,&quot;language_hidden&quot;:[&quot;fr&quot;],&quot;startIncrement&quot;:0,&quot;endIncrement&quot;:0,&quot;var_name&quot;:&quot;flight_copy&quot;,&quot;category_label&quot;:{&quot;en&quot;:&quot;Flights&quot;,&quot;nl&quot;:&quot;Vluchten&quot;,&quot;fr&quot;:&quot;Vols&quot;,&quot;de&quot;:&quot;Fl\\u00fcge&quot;}},{&quot;value&quot;:&quot;Berlin&quot;,&quot;label&quot;:{&quot;en&quot;:&quot;Flights from Berlin + airport shuttles&quot;,&quot;nl&quot;:&quot;Heen- en retourvlucht Berlijn&quot;,&quot;fr&quot;:&quot;Vols + navettes depuis Berlin&quot;,&quot;de&quot;:&quot;Fl\\u00fcge ab Berlin &quot;},&quot;price&quot;:550,&quot;status&quot;:&quot;available&quot;,&quot;language_hidden&quot;:[&quot;nl&quot;,&quot;fr&quot;,&quot;en&quot;],&quot;startIncrement&quot;:0,&quot;endIncrement&quot;:0,&quot;var_name&quot;:&quot;flight_copy&quot;,&quot;category_label&quot;:{&quot;en&quot;:&quot;Flights&quot;,&quot;nl&quot;:&quot;Vluchten&quot;,&quot;fr&quot;:&quot;Vols&quot;,&quot;de&quot;:&quot;Fl\\u00fcge&quot;}},{&quot;value&quot;:&quot;Frankfurt&quot;,&quot;label&quot;:{&quot;en&quot;:&quot;Flights from Frankfurt + airport shuttles&quot;,&quot;nl&quot;:&quot;Heen- en retourvlucht Frankfurt&quot;,&quot;fr&quot;:&quot;Vols + navettes depuis Francfort&quot;,&quot;de&quot;:&quot;Fl\\u00fcge ab Frankfurt &quot;},&quot;price&quot;:550,&quot;status&quot;:&quot;available&quot;,&quot;language_hidden&quot;:[&quot;nl&quot;,&quot;fr&quot;,&quot;en&quot;],&quot;startIncrement&quot;:0,&quot;endIncrement&quot;:0,&quot;var_name&quot;:&quot;flight_copy&quot;,&quot;category_label&quot;:{&quot;en&quot;:&quot;Flights&quot;,&quot;nl&quot;:&quot;Vluchten&quot;,&quot;fr&quot;:&quot;Vols&quot;,&quot;de&quot;:&quot;Fl\\u00fcge&quot;}},{&quot;value&quot;:&quot;Hamburg&quot;,&quot;label&quot;:{&quot;en&quot;:&quot;Round trip flight to Hamburg&quot;,&quot;nl&quot;:&quot;Heen- en retourvlucht Hamburg&quot;,&quot;fr&quot;:&quot;Vols + navettes depuis Hambourg&quot;,&quot;de&quot;:&quot;Fl\\u00fcge ab Hamburg&quot;},&quot;price&quot;:1021,&quot;status&quot;:&quot;available&quot;,&quot;language_hidden&quot;:[&quot;nl&quot;,&quot;fr&quot;,&quot;en&quot;],&quot;startIncrement&quot;:0,&quot;endIncrement&quot;:0,&quot;var_name&quot;:&quot;flight_copy&quot;,&quot;category_label&quot;:{&quot;en&quot;:&quot;Flights&quot;,&quot;nl&quot;:&quot;Vluchten&quot;,&quot;fr&quot;:&quot;Vols&quot;,&quot;de&quot;:&quot;Fl\\u00fcge&quot;}},{&quot;value&quot;:&quot;M\\u00fcnchen&quot;,&quot;label&quot;:{&quot;en&quot;:&quot;Round-trip flight to Munich&quot;,&quot;nl&quot;:&quot;Heen- en retourvlucht M\\u00fcnchen&quot;,&quot;fr&quot;:&quot;Vols + navettes depuisMunich&quot;,&quot;de&quot;:&quot;Fl\\u00fcge ab M\\u00fcnchen&quot;},&quot;price&quot;:687,&quot;status&quot;:&quot;available&quot;,&quot;language_hidden&quot;:[&quot;nl&quot;,&quot;fr&quot;,&quot;en&quot;],&quot;startIncrement&quot;:0,&quot;endIncrement&quot;:0,&quot;var_name&quot;:&quot;flight_copy&quot;,&quot;category_label&quot;:{&quot;en&quot;:&quot;Flights&quot;,&quot;nl&quot;:&quot;Vluchten&quot;,&quot;fr&quot;:&quot;Vols&quot;,&quot;de&quot;:&quot;Fl\\u00fcge&quot;}},{&quot;value&quot;:&quot;No flights&quot;,&quot;label&quot;:{&quot;en&quot;:&quot;No flights&quot;,&quot;nl&quot;:&quot;Zonder vluchten&quot;,&quot;fr&quot;:&quot;Pas de vol&quot;,&quot;de&quot;:&quot;Keine Fl\\u00fcge&quot;},&quot;price&quot;:0,&quot;status&quot;:&quot;available&quot;,&quot;language_hidden&quot;:[],&quot;startIncrement&quot;:0,&quot;endIncrement&quot;:0,&quot;var_name&quot;:&quot;flight_copy&quot;,&quot;category_label&quot;:{&quot;en&quot;:&quot;Flights&quot;,&quot;nl&quot;:&quot;Vluchten&quot;,&quot;fr&quot;:&quot;Vols&quot;,&quot;de&quot;:&quot;Fl\\u00fcge&quot;}}],&quot;bookable&quot;:true,&quot;bookingUrl&quot;:&quot;https:\\\/\\\/booking.travelbase.eu\\\/tjt26a\\\/book?trip=11691&quot;,&quot;packageId&quot;:&quot;TJT-TJT&quot;,&quot;sourceOfTruth&quot;:&quot;legacy&quot;,&quot;hasTime&quot;:true,&quot;quoteUrl&quot;:&quot;https:\\\/\\\/booking.travelbase.eu\\\/tjt26a\\\/offer?trip=11691&quot;}},{&quot;type&quot;:&quot;departures&quot;,&quot;id&quot;:&quot;t11692&quot;,&quot;attributes&quot;:{&quot;name&quot;:&quot;TJT26A-W44-WED&quot;,&quot;start&quot;:&quot;2026-10-28T11:00:00.000000Z&quot;,&quot;end&quot;:&quot;2026-11-04T13:00:00.000000Z&quot;,&quot;cheapestPrice&quot;:605,&quot;languages&quot;:[&quot;nl&quot;,&quot;fr&quot;,&quot;en&quot;,&quot;de&quot;],&quot;availableSpots&quot;:8,&quot;bookedSpots&quot;:12,&quot;fakeLabel&quot;:&quot;last stock&quot;,&quot;availabilityLabel&quot;:&quot;last spots&quot;,&quot;promoLabel&quot;:&quot;&quot;,&quot;status&quot;:&quot;active&quot;,&quot;calendarToggles&quot;:[{&quot;value&quot;:&quot;Amsterdam&quot;,&quot;label&quot;:{&quot;en&quot;:&quot;Flights from Amsterdam + shuttle&quot;,&quot;nl&quot;:&quot;Heen- en retourvlucht Amsterdam&quot;,&quot;fr&quot;:&quot;Vols + navette depuis Amsterdam&quot;,&quot;de&quot;:&quot;Fl\\u00fcge ab Amsterdam &quot;},&quot;price&quot;:560,&quot;status&quot;:&quot;available&quot;,&quot;language_hidden&quot;:[&quot;fr&quot;,&quot;de&quot;],&quot;startIncrement&quot;:0,&quot;endIncrement&quot;:0,&quot;var_name&quot;:&quot;flight_copy&quot;,&quot;category_label&quot;:{&quot;en&quot;:&quot;Flights&quot;,&quot;nl&quot;:&quot;Vluchten&quot;,&quot;fr&quot;:&quot;Vols&quot;,&quot;de&quot;:&quot;Fl\\u00fcge&quot;}},{&quot;value&quot;:&quot;Brussels&quot;,&quot;label&quot;:{&quot;en&quot;:&quot;Flights from Brussels + shuttles&quot;,&quot;nl&quot;:&quot;Heen- en retourvlucht Brussel&quot;,&quot;fr&quot;:&quot;Vols + navette depuis Bruxelles&quot;,&quot;de&quot;:&quot;Fl\\u00fcge ab Br\\u00fcssel &quot;},&quot;price&quot;:false,&quot;status&quot;:&quot;disabled&quot;,&quot;language_hidden&quot;:[&quot;de&quot;],&quot;startIncrement&quot;:0,&quot;endIncrement&quot;:0,&quot;var_name&quot;:&quot;flight_copy&quot;,&quot;category_label&quot;:{&quot;en&quot;:&quot;Flights&quot;,&quot;nl&quot;:&quot;Vluchten&quot;,&quot;fr&quot;:&quot;Vols&quot;,&quot;de&quot;:&quot;Fl\\u00fcge&quot;}},{&quot;value&quot;:&quot;Paris&quot;,&quot;label&quot;:{&quot;en&quot;:&quot;Flights from Paris + airport transfer&quot;,&quot;nl&quot;:&quot;Heen- en retourvlucht Parijs&quot;,&quot;fr&quot;:&quot;Vols + navette depuis Paris&quot;,&quot;de&quot;:&quot;Fl\\u00fcge ab Paris &quot;},&quot;price&quot;:560,&quot;status&quot;:&quot;available&quot;,&quot;language_hidden&quot;:[&quot;nl&quot;,&quot;de&quot;],&quot;startIncrement&quot;:0,&quot;endIncrement&quot;:0,&quot;var_name&quot;:&quot;flight_copy&quot;,&quot;category_label&quot;:{&quot;en&quot;:&quot;Flights&quot;,&quot;nl&quot;:&quot;Vluchten&quot;,&quot;fr&quot;:&quot;Vols&quot;,&quot;de&quot;:&quot;Fl\\u00fcge&quot;}},{&quot;value&quot;:&quot;D\\u00fcsseldorf&quot;,&quot;label&quot;:{&quot;en&quot;:&quot;Flights from D\\u00fcsseldorf + airport shuttle&quot;,&quot;nl&quot;:&quot;Heen- en retourvlucht D\\u00fcsseldorf&quot;,&quot;fr&quot;:&quot;Vols + navette depuis Dusseldorf&quot;,&quot;de&quot;:&quot;Fl\\u00fcge ab D\\u00fcsseldorf &quot;},&quot;price&quot;:638,&quot;status&quot;:&quot;available&quot;,&quot;language_hidden&quot;:[&quot;fr&quot;],&quot;startIncrement&quot;:0,&quot;endIncrement&quot;:0,&quot;var_name&quot;:&quot;flight_copy&quot;,&quot;category_label&quot;:{&quot;en&quot;:&quot;Flights&quot;,&quot;nl&quot;:&quot;Vluchten&quot;,&quot;fr&quot;:&quot;Vols&quot;,&quot;de&quot;:&quot;Fl\\u00fcge&quot;}},{&quot;value&quot;:&quot;Berlin&quot;,&quot;label&quot;:{&quot;en&quot;:&quot;Flights from Berlin + airport shuttles&quot;,&quot;nl&quot;:&quot;Heen- en retourvlucht Berlijn&quot;,&quot;fr&quot;:&quot;Vols + navettes depuis Berlin&quot;,&quot;de&quot;:&quot;Fl\\u00fcge ab Berlin &quot;},&quot;price&quot;:564,&quot;status&quot;:&quot;available&quot;,&quot;language_hidden&quot;:[&quot;nl&quot;,&quot;fr&quot;,&quot;en&quot;],&quot;startIncrement&quot;:0,&quot;endIncrement&quot;:0,&quot;var_name&quot;:&quot;flight_copy&quot;,&quot;category_label&quot;:{&quot;en&quot;:&quot;Flights&quot;,&quot;nl&quot;:&quot;Vluchten&quot;,&quot;fr&quot;:&quot;Vols&quot;,&quot;de&quot;:&quot;Fl\\u00fcge&quot;}},{&quot;value&quot;:&quot;Frankfurt&quot;,&quot;label&quot;:{&quot;en&quot;:&quot;Flights from Frankfurt + airport shuttles&quot;,&quot;nl&quot;:&quot;Heen- en retourvlucht Frankfurt&quot;,&quot;fr&quot;:&quot;Vols + navettes depuis Francfort&quot;,&quot;de&quot;:&quot;Fl\\u00fcge ab Frankfurt &quot;},&quot;price&quot;:709,&quot;status&quot;:&quot;available&quot;,&quot;language_hidden&quot;:[&quot;nl&quot;,&quot;fr&quot;,&quot;en&quot;],&quot;startIncrement&quot;:0,&quot;endIncrement&quot;:0,&quot;var_name&quot;:&quot;flight_copy&quot;,&quot;category_label&quot;:{&quot;en&quot;:&quot;Flights&quot;,&quot;nl&quot;:&quot;Vluchten&quot;,&quot;fr&quot;:&quot;Vols&quot;,&quot;de&quot;:&quot;Fl\\u00fcge&quot;}},{&quot;value&quot;:&quot;Hamburg&quot;,&quot;label&quot;:{&quot;en&quot;:&quot;Round trip flight to Hamburg&quot;,&quot;nl&quot;:&quot;Heen- en retourvlucht Hamburg&quot;,&quot;fr&quot;:&quot;Vols + navettes depuis Hambourg&quot;,&quot;de&quot;:&quot;Fl\\u00fcge ab Hamburg&quot;},&quot;price&quot;:631,&quot;status&quot;:&quot;available&quot;,&quot;language_hidden&quot;:[&quot;nl&quot;,&quot;fr&quot;,&quot;en&quot;],&quot;startIncrement&quot;:0,&quot;endIncrement&quot;:0,&quot;var_name&quot;:&quot;flight_copy&quot;,&quot;category_label&quot;:{&quot;en&quot;:&quot;Flights&quot;,&quot;nl&quot;:&quot;Vluchten&quot;,&quot;fr&quot;:&quot;Vols&quot;,&quot;de&quot;:&quot;Fl\\u00fcge&quot;}},{&quot;value&quot;:&quot;M\\u00fcnchen&quot;,&quot;label&quot;:{&quot;en&quot;:&quot;Round-trip flight to Munich&quot;,&quot;nl&quot;:&quot;Heen- en retourvlucht M\\u00fcnchen&quot;,&quot;fr&quot;:&quot;Vols + navettes depuisMunich&quot;,&quot;de&quot;:&quot;Fl\\u00fcge ab M\\u00fcnchen&quot;},&quot;price&quot;:860,&quot;status&quot;:&quot;available&quot;,&quot;language_hidden&quot;:[&quot;nl&quot;,&quot;fr&quot;,&quot;en&quot;],&quot;startIncrement&quot;:0,&quot;endIncrement&quot;:0,&quot;var_name&quot;:&quot;flight_copy&quot;,&quot;category_label&quot;:{&quot;en&quot;:&quot;Flights&quot;,&quot;nl&quot;:&quot;Vluchten&quot;,&quot;fr&quot;:&quot;Vols&quot;,&quot;de&quot;:&quot;Fl\\u00fcge&quot;}},{&quot;value&quot;:&quot;No flights&quot;,&quot;label&quot;:{&quot;en&quot;:&quot;No flights&quot;,&quot;nl&quot;:&quot;Zonder vluchten&quot;,&quot;fr&quot;:&quot;Pas de vol&quot;,&quot;de&quot;:&quot;Keine Fl\\u00fcge&quot;},&quot;price&quot;:0,&quot;status&quot;:&quot;available&quot;,&quot;language_hidden&quot;:[],&quot;startIncrement&quot;:0,&quot;endIncrement&quot;:0,&quot;var_name&quot;:&quot;flight_copy&quot;,&quot;category_label&quot;:{&quot;en&quot;:&quot;Flights&quot;,&quot;nl&quot;:&quot;Vluchten&quot;,&quot;fr&quot;:&quot;Vols&quot;,&quot;de&quot;:&quot;Fl\\u00fcge&quot;}}],&quot;bookable&quot;:true,&quot;bookingUrl&quot;:&quot;https:\\\/\\\/booking.travelbase.eu\\\/tjt26a\\\/book?trip=11692&quot;,&quot;packageId&quot;:&quot;TJT-TJT&quot;,&quot;sourceOfTruth&quot;:&quot;legacy&quot;,&quot;hasTime&quot;:true,&quot;quoteUrl&quot;:&quot;https:\\\/\\\/booking.travelbase.eu\\\/tjt26a\\\/offer?trip=11692&quot;}},{&quot;type&quot;:&quot;departures&quot;,&quot;id&quot;:&quot;TJT-TJT-20270331&quot;,&quot;attributes&quot;:{&quot;name&quot;:&quot;TJT-TJT-20270331&quot;,&quot;packageId&quot;:&quot;TJT-TJT&quot;,&quot;start&quot;:&quot;2027-03-31&quot;,&quot;end&quot;:&quot;2027-04-07&quot;,&quot;hasTime&quot;:false,&quot;cheapestPrice&quot;:630,&quot;languages&quot;:[&quot;nl&quot;,&quot;fr&quot;,&quot;de&quot;,&quot;en&quot;],&quot;availableSpots&quot;:null,&quot;bookedSpots&quot;:0,&quot;availabilityLabel&quot;:&quot;coming soon&quot;,&quot;promoLabel&quot;:null,&quot;status&quot;:&quot;active&quot;,&quot;calendarToggles&quot;:[],&quot;bookable&quot;:false,&quot;bookingUrl&quot;:&quot;https:\\\/\\\/my.travelbase.eu\\\/book\\\/trip\\\/TJT-TJT-20270331&quot;,&quot;quoteUrl&quot;:&quot;https:\\\/\\\/my.travelbase.eu\\\/quote\\\/trip\\\/TJT-TJT-20270331&quot;,&quot;sourceOfTruth&quot;:&quot;core&quot;}},{&quot;type&quot;:&quot;departures&quot;,&quot;id&quot;:&quot;TJT-TJT-20270407&quot;,&quot;attributes&quot;:{&quot;name&quot;:&quot;TJT-TJT-20270407&quot;,&quot;packageId&quot;:&quot;TJT-TJT&quot;,&quot;start&quot;:&quot;2027-04-07&quot;,&quot;end&quot;:&quot;2027-04-14&quot;,&quot;hasTime&quot;:false,&quot;cheapestPrice&quot;:630,&quot;languages&quot;:[&quot;nl&quot;,&quot;fr&quot;,&quot;de&quot;,&quot;en&quot;],&quot;availableSpots&quot;:null,&quot;bookedSpots&quot;:0,&quot;availabilityLabel&quot;:&quot;coming soon&quot;,&quot;promoLabel&quot;:null,&quot;status&quot;:&quot;active&quot;,&quot;calendarToggles&quot;:[],&quot;bookable&quot;:false,&quot;bookingUrl&quot;:&quot;https:\\\/\\\/my.travelbase.eu\\\/book\\\/trip\\\/TJT-TJT-20270407&quot;,&quot;quoteUrl&quot;:&quot;https:\\\/\\\/my.travelbase.eu\\\/quote\\\/trip\\\/TJT-TJT-20270407&quot;,&quot;sourceOfTruth&quot;:&quot;core&quot;}},{&quot;type&quot;:&quot;departures&quot;,&quot;id&quot;:&quot;TJT-TJT-20270414&quot;,&quot;attributes&quot;:{&quot;name&quot;:&quot;TJT-TJT-20270414&quot;,&quot;packageId&quot;:&quot;TJT-TJT&quot;,&quot;start&quot;:&quot;2027-04-14&quot;,&quot;end&quot;:&quot;2027-04-21&quot;,&quot;hasTime&quot;:false,&quot;cheapestPrice&quot;:630,&quot;languages&quot;:[&quot;nl&quot;,&quot;fr&quot;,&quot;de&quot;,&quot;en&quot;],&quot;availableSpots&quot;:null,&quot;bookedSpots&quot;:0,&quot;availabilityLabel&quot;:&quot;coming soon&quot;,&quot;promoLabel&quot;:null,&quot;status&quot;:&quot;active&quot;,&quot;calendarToggles&quot;:[],&quot;bookable&quot;:false,&quot;bookingUrl&quot;:&quot;https:\\\/\\\/my.travelbase.eu\\\/book\\\/trip\\\/TJT-TJT-20270414&quot;,&quot;quoteUrl&quot;:&quot;https:\\\/\\\/my.travelbase.eu\\\/quote\\\/trip\\\/TJT-TJT-20270414&quot;,&quot;sourceOfTruth&quot;:&quot;core&quot;}},{&quot;type&quot;:&quot;departures&quot;,&quot;id&quot;:&quot;TJT-TJT-20270421&quot;,&quot;attributes&quot;:{&quot;name&quot;:&quot;TJT-TJT-20270421&quot;,&quot;packageId&quot;:&quot;TJT-TJT&quot;,&quot;start&quot;:&quot;2027-04-21&quot;,&quot;end&quot;:&quot;2027-04-28&quot;,&quot;hasTime&quot;:false,&quot;cheapestPrice&quot;:630,&quot;languages&quot;:[&quot;nl&quot;,&quot;fr&quot;,&quot;de&quot;,&quot;en&quot;],&quot;availableSpots&quot;:null,&quot;bookedSpots&quot;:0,&quot;availabilityLabel&quot;:&quot;coming soon&quot;,&quot;promoLabel&quot;:null,&quot;status&quot;:&quot;active&quot;,&quot;calendarToggles&quot;:[],&quot;bookable&quot;:false,&quot;bookingUrl&quot;:&quot;https:\\\/\\\/my.travelbase.eu\\\/book\\\/trip\\\/TJT-TJT-20270421&quot;,&quot;quoteUrl&quot;:&quot;https:\\\/\\\/my.travelbase.eu\\\/quote\\\/trip\\\/TJT-TJT-20270421&quot;,&quot;sourceOfTruth&quot;:&quot;core&quot;}},{&quot;type&quot;:&quot;departures&quot;,&quot;id&quot;:&quot;TJT-TJT-20270428&quot;,&quot;attributes&quot;:{&quot;name&quot;:&quot;TJT-TJT-20270428&quot;,&quot;packageId&quot;:&quot;TJT-TJT&quot;,&quot;start&quot;:&quot;2027-04-28&quot;,&quot;end&quot;:&quot;2027-05-05&quot;,&quot;hasTime&quot;:false,&quot;cheapestPrice&quot;:630,&quot;languages&quot;:[&quot;nl&quot;,&quot;fr&quot;,&quot;de&quot;,&quot;en&quot;],&quot;availableSpots&quot;:null,&quot;bookedSpots&quot;:0,&quot;availabilityLabel&quot;:&quot;coming soon&quot;,&quot;promoLabel&quot;:null,&quot;status&quot;:&quot;active&quot;,&quot;calendarToggles&quot;:[],&quot;bookable&quot;:false,&quot;bookingUrl&quot;:&quot;https:\\\/\\\/my.travelbase.eu\\\/book\\\/trip\\\/TJT-TJT-20270428&quot;,&quot;quoteUrl&quot;:&quot;https:\\\/\\\/my.travelbase.eu\\\/quote\\\/trip\\\/TJT-TJT-20270428&quot;,&quot;sourceOfTruth&quot;:&quot;core&quot;}},{&quot;type&quot;:&quot;departures&quot;,&quot;id&quot;:&quot;TJT-TJT-20270505&quot;,&quot;attributes&quot;:{&quot;name&quot;:&quot;TJT-TJT-20270505&quot;,&quot;packageId&quot;:&quot;TJT-TJT&quot;,&quot;start&quot;:&quot;2027-05-05&quot;,&quot;end&quot;:&quot;2027-05-12&quot;,&quot;hasTime&quot;:false,&quot;cheapestPrice&quot;:630,&quot;languages&quot;:[&quot;nl&quot;,&quot;fr&quot;,&quot;de&quot;,&quot;en&quot;],&quot;availableSpots&quot;:null,&quot;bookedSpots&quot;:0,&quot;availabilityLabel&quot;:&quot;coming soon&quot;,&quot;promoLabel&quot;:null,&quot;status&quot;:&quot;active&quot;,&quot;calendarToggles&quot;:[],&quot;bookable&quot;:false,&quot;bookingUrl&quot;:&quot;https:\\\/\\\/my.travelbase.eu\\\/book\\\/trip\\\/TJT-TJT-20270505&quot;,&quot;quoteUrl&quot;:&quot;https:\\\/\\\/my.travelbase.eu\\\/quote\\\/trip\\\/TJT-TJT-20270505&quot;,&quot;sourceOfTruth&quot;:&quot;core&quot;}}]}\" data-summary-content=\"\" data-summary-inclusive='[]'><\/div>\n        <\/div>\n    <\/div>\n\n\n\n<div class=\"tb-faq tb-block align-center background-light pattern-custom variant-none tb-collapsible-margins\" id=\"faq\" style=\"background-image: url(http:\/\/tjt.travelblox.eu\/wp-content\/uploads\/sites\/78\/2024\/01\/TJT-bg-2-1.jpg)\">\n\t<div class=\"inner-block tb-fade-in tb-fade-in--subtle\">\n\t\t<div class=\"text-part\">\n\t\t\t<h2>FAQ<\/h2>\n\t\t\t\t<div class=\"translation-block\"><p>Nous vous invitons \u00e0 consulter la FAQ ci-dessous avant de nous envoyer un e-mail. La FAQ fournit des r\u00e9ponses compl\u00e8tes aux questions les plus fr\u00e9quemment pos\u00e9es !<\/p><\/div>\n\t\t\t<\/div>\n\t<\/div>\n\t<div class=\"inner-block\">\n\n\t\t\t\t\t<div\n\t\t\t\tclass=\"faq-list tb-accordion tb-accordion--animation two-col\"\n\t\t\t\t>\n\t\t\t\t\t\t\t\t\t<details class=\"details\">\n\t\t\t\t\t\t<summary class=\"summary\">\n\t\t\t\t\t\t\t<div data-no-translation>Y a-t-il une assistance sur place ?\t\t\t<\/div>\n\t\t\t<\/summary>\n\t\t\t<div class=\"content text-part\"  data-no-translation>\n\t\t\t\t\t<div class=\"translation-block\"><p>Lors de la randonn\u00e9e, vous marcherez\u00a0<strong>toujours avec des guides exp\u00e9riment\u00e9s francophones et des locaux<\/strong>. Ils fourniront un soutien appropri\u00e9, des explications claires et des conseils suppl\u00e9mentaires en cours de route. De plus, chaque matin, vous recevrez un\u00a0<strong>briefing<\/strong>\u00a0avec des informations pratiques et des points importants pour la journ\u00e9e \u00e0 venir.<\/p>\n<p>Vous marcherez toujours en groupe. Celui-ci s&#8217;\u00e9tendra au fil de la journ\u00e9e, et les guides se r\u00e9partiront parmi vous en cas de besoin. Vous marcherez toujours entre les guides et il est pr\u00e9f\u00e9rable de ne pas trop s&#8217;\u00e9loigner d&#8217;eux, car il n&#8217;y a\u00a0<strong>pas de fl\u00e8ches ou de marquages au sol<\/strong>.<\/p>\n<p>Juste avant votre d\u00e9part, vous aurez \u00e9galement acc\u00e8s \u00e0 <strong>un chat avec tous les participants<\/strong> qui partent \u00e0 la m\u00eame date. Vous pourrez ainsi communiquer entre vous ou avec notre \u00e9quipe.<\/p><\/div>\n\t\t\t\t<\/div>\n\t\t\t<\/details>\n\t\t\t\t\t\t\t<details class=\"details\">\n\t\t\t\t\t\t<summary class=\"summary\">\n\t\t\t\t\t\t\t<div data-no-translation>Puis-je personnaliser le voyage \u00e0 ma guise ?\t\t\t<\/div>\n\t\t\t<\/summary>\n\t\t\t<div class=\"content text-part\"  data-no-translation>\n\t\t\t\t\t<div class=\"translation-block\"><p>Nous proposons un voyage enti\u00e8rement cartographi\u00e9, il n&#8217;est donc pas possible d&#8217;ajuster la dur\u00e9e et le planning. Vous \u00eates bien s\u00fbr libre de prolonger votre voyage de votre propre initiative en restant, par exemple, quelques jours sur place&nbsp;par la suite ou en vous rendant dans un autre pays.<\/p><\/div>\n\t\t\t\t<\/div>\n\t\t\t<\/details>\n\t\t\t\t\t\t\t<details class=\"details\">\n\t\t\t\t\t\t<summary class=\"summary\">\n\t\t\t\t\t\t\t<div data-no-translation>\u00c0 qui s&#8217;adresse ce voyage ?\t\t\t<\/div>\n\t\t\t<\/summary>\n\t\t\t<div class=\"content text-part\"  data-no-translation>\n\t\t\t\t\t<div class=\"translation-block\"><p>Toutes les personnes entre\u00a0<strong>16 et 65 ans, avec une bonne condition physique et l&#8217;envie d&#8217;aventure<\/strong>, peuvent participer \u00e0 ce trek. Attention, les personnes \u00e2g\u00e9es de moins de 18 ans doivent \u00eatre accompagn\u00e9es d\u2019un adulte. Le voyage inclut une bonne dose d&#8217;activit\u00e9 physique, donc une bonne sant\u00e9 est indispensable. Pensez \u00e9galement aux temp\u00e9ratures potentiellement \u00e9lev\u00e9es.<\/p>\n<p><strong>Vous voulez essayer une randonn\u00e9e de plusieurs jours pour la premi\u00e8re fois, mais vous doutez de votre condition physique ?<\/strong><\/p>\n<p>Posez-vous ces questions :<\/p>\n<ul>\n<li>Quels types d&#8217;activit\u00e9s physiques pratiquez-vous r\u00e9guli\u00e8rement et depuis combien de temps ?<\/li>\n<li>Avez-vous r\u00e9cemment eu des blessures qui affectent votre capacit\u00e9 \u00e0 marcher ?<\/li>\n<li>Pouvez-vous facilement marcher 15 kilom\u00e8tres sur un terrain vallonn\u00e9 ?<\/li>\n<li>Pouvez-vous vous entra\u00eener efficacement dans les mois \u00e0 venir pour vous pr\u00e9parer ?<\/li>\n<\/ul>\n<p>Si vos r\u00e9ponses vous donnent confiance pour partir \u00e0 l&#8217;aventure, ce trek est certainement fait pour vous ! Vous recevrez un plan d&#8217;entra\u00eenement une semaine apr\u00e8s votre r\u00e9servation, qui vous pr\u00e9parera \u00e0 parcourir le chemin confortablement.<\/p>\n<p><strong>Vous avez encore des doutes et souhaitez vous tester avant de partir en trek ?<\/strong><\/p>\n<p>Essayez l&#8217;une de nos microaventures comme\u00a0<a href=\"https:\/\/thepackrafttrail.com\/?tb_vid=3b63da1b-feb9-4d51-9c66-14c885859ee0\" target=\"_blank\" rel=\"noopener\">The Packraft Trail.<\/a><\/p><\/div>\n\t\t\t\t<\/div>\n\t\t\t<\/details>\n\t\t\t\t\t\t\t<details class=\"details\">\n\t\t\t\t\t\t<summary class=\"summary\">\n\t\t\t\t\t\t\t<div data-no-translation>Que dois-je emporter ?\r\n\t\t\t<\/div>\n\t\t\t<\/summary>\n\t\t\t<div class=\"content text-part\"  data-no-translation>\n\t\t\t\t\t<div class=\"translation-block\"><p>Vous recevrez \u00e0 temps une\u00a0<strong>liste d&#8217;\u00e9quipement d\u00e9taill\u00e9e<\/strong>\u00a0avec un aper\u00e7u de tout le mat\u00e9riel n\u00e9cessaire.<\/p>\n<p>Les \u00e9l\u00e9ments de base comprennent de bonnes\u00a0<strong>chaussures de randonn\u00e9e qui prot\u00e8gent les chevilles<\/strong>\u00a0(cat\u00e9gorie A\/B), un\u00a0<strong>sac \u00e0 dos\/sac de voyage<\/strong>\u00a0(environ 65\u201380L), un\u00a0<strong>sac \u00e0 dos de jour<\/strong>\u00a0(environ 25-35L), un bon\u00a0<strong>mat\u00e9riel de camping<\/strong>\u00a0et des\u00a0<strong>v\u00eatements de protection (pluie)<\/strong>.<\/p><\/div>\n\t\t\t\t<\/div>\n\t\t\t<\/details>\n\t\t\t\t\t\t\t<details class=\"details\">\n\t\t\t\t\t\t<summary class=\"summary\">\n\t\t\t\t\t\t\t<div data-no-translation>Quand puis-je faire ce voyage ?\t\t\t<\/div>\n\t\t\t<\/summary>\n\t\t\t<div class=\"content text-part\"  data-no-translation>\n\t\t\t\t\t<div class=\"translation-block\"><p>Le <a href=\"\/#join\">calendrier<\/a>, disponible sur le site web, vous permet de consulter toutes les dates de d\u00e9part actuelles, les places disponibles et les tarifs.<\/p>\n<p>Vous serez inform\u00e9\u00b7e personnellement d\u00e8s que de nouvelles dates de d\u00e9part sont mises en ligne ? Alors, laissez-nous vos coordonn\u00e9es via <a href=\"#tb-interest-form\">ce formulaire<\/a>, sans engagement.<\/p><\/div>\n\t\t\t\t<\/div>\n\t\t\t<\/details>\n\t\t\t\t\t\t\t<details class=\"details\">\n\t\t\t\t\t\t<summary class=\"summary\">\n\t\t\t\t\t\t\t<div data-no-translation>Puis-je encore modifier mon inscription ?\t\t\t<\/div>\n\t\t\t<\/summary>\n\t\t\t<div class=\"content text-part\"  data-no-translation>\n\t\t\t\t\t<div class=\"translation-block\"><p>Selon les disponibilit\u00e9s, vous pouvez ajouter ou supprimer la plupart des options jusqu\u2019\u00e0 quelques semaines avant le d\u00e9part. En g\u00e9n\u00e9ral, nous appliquons le principe du premier\u00b7\u00e8re arriv\u00e9\u00b7e, premier\u00b7\u00e8re servi\u00b7e, donc les d\u00e9cisions rapides sont toujours avantageuses.<\/p><\/div>\n\t\t\t\t<\/div>\n\t\t\t<\/details>\n\t\t\t<\/div>\n\t<\/div>\n\t<div class=\"inner-block tb-fade-in tb-fade-in--subtle\">\n\t\t<div class=\"faq-footer text-part\">\n\t\t\t<h3>D'autres questions ?<\/h3>\t\t\t\n\t\t\t\t<div class=\"contact-team\">\n\t\t\t\t\t\t\t\t\t\t\t<span style=\"background-image:url('https:\/\/tjt.travelblox.eu\/wp-content\/smush-webp\/sites\/78\/2024\/11\/Team-150x150.jpg.webp');\" data-smush-webp-fallback=\"{&quot;bg-image&quot;:&quot;url(&#039;https:\\\/\\\/tjt.travelblox.eu\\\/wp-content\\\/uploads\\\/sites\\\/78\\\/2024\\\/11\\\/Team-150x150.jpg&#039;)&quot;}\"><\/span>\n\t\t\t\t\t\t\t\t\t<\/div>\n\t\t\t\t\t\t<p><a href=\"https:\/\/thejordantrail.org\/fr\/contact\/\" target=\"_blank\" rel=\"noopener\"><strong>Contactez-nous \u2192<\/strong><\/a><\/p>\n\t\t\t\t\t<\/div>\n\t<\/div>\n<\/div>\n\n\n\n\n\n\n\n\n<div class=\"tb-quoteparallax tb-block align-center background-dark pattern-none variant-text_on_image\" id=\"quoteparallax-1\" style=\"background-image: url('https:\/\/tjt.travelblox.eu\/wp-content\/smush-webp\/sites\/78\/2024\/01\/theJordanTrail-2120-scaled-e1705659984604.jpg.webp');\" data-smush-webp-fallback=\"{&quot;bg-image&quot;:&quot; url(&#039;https:\\\/\\\/tjt.travelblox.eu\\\/wp-content\\\/uploads\\\/sites\\\/78\\\/2024\\\/01\\\/theJordanTrail-2120-scaled-e1705659984604.jpg&#039;)&quot;}\">\n\t\t<div class=\"inner-block tb-fade-in tb-fade-in--subtle\">\n\t\t\t\t\t<div class=\"text-part\">\n\t\t\t\t<h2>Restez inform\u00e9 sur nos treks !<\/h2>\n\t\t\t\t\t<div class=\"translation-block\"><p>Vous souhaitez \u00eatre inform\u00e9 des nouveaut\u00e9s de nos treks ? Remplissez ce formulaire pour ne rien rater !<\/p><\/div>\n\t\t\t\t\t\t\t\t\t\t<div class=\"tb-buttons-part\">\n\t\t\t\t\t\t\t\t<a href=\"https:\/\/travelbase.typeform.com\/TJT25FRInterest\"  target=\"_blank\" data-mode=\"popup\" data-url=\"https:\/\/travelbase.typeform.com\/TJT25FRInterest\" class=\"tb-button typeform-share\">\n\t\t\tTenez-moi au courant\t\t<\/a>\n\t\t\t\t\t<script>\n\t\t\t\t(function() {\n\t\t\t\t\tvar qs, js, q, s, d = document,\n\t\t\t\t\t\tgi = d.getElementById,\n\t\t\t\t\t\tce = d.createElement,\n\t\t\t\t\t\tgt = d.getElementsByTagName,\n\t\t\t\t\t\tid = \"typef_orm_share\",\n\t\t\t\t\t\tb = \"https:\/\/embed.typeform.com\/\";\n\t\t\t\t\tif (!gi.call(d, id)) {\n\t\t\t\t\t\tjs = ce.call(d, \"script\");\n\t\t\t\t\t\tjs.id = id;\n\t\t\t\t\t\tjs.src = b + \"embed.js\";\n\t\t\t\t\t\tq = gt.call(d, \"script\")[0];\n\t\t\t\t\t\tq.parentNode.insertBefore(js, q);\n\t\t\t\t\t}\n\t\t\t\t})();\n\t\t\t<\/script>\n\t\t\t\t\t\t\t\t\t\t<a href=\"https:\/\/travelbase.fr\/theme-de-voyage\/randonnees\/\"  target=\"_blank\" class=\"tb-buttonlink\">\n\t\t\tD\u00e9couvrez Travelbase Treks \u2192\t\t<\/a>\n\t\t\t\t\t\t\t<\/div>\n\t\t\t\t\t\t\t<\/div>\n\t\t\t\t\t<\/div>\n<\/div>\n\n\n\n\n\n\n\n\n\n\n\n\n<div class=\"tb-similartrips tb-block align-center background-light pattern-none variant-none tb-collapsible-margins\" id=\"similartrips-1\">\n\t\t\t<div class=\"inner-block tb-fade-in tb-fade-in--subtle\">\n\t\t\t<div class=\"text-part\">\n\t\t\t\t\t\t\t\t\t<h2> D\u00e9couvrez nos autres treks<\/h2>\n\t\t\t\t\t\t\t\t\t\t\t<\/div>\n\t\t<\/div>\n\t\t\t<div class=\"inner-block-full-width has-tb-carousel\" >\n\t\t<div class=\"tb-carousel-container\">\n\t\t\t<div class=\"entries tb-cards\" data-slider-first=\"1\">\n\t\t\t\t\t\t\t\t\t<a href=\"https:\/\/thecappadociatrail.com\/\"  target=\"\" class=\"tb-card entry\">\n\t\t\t\t<div class=\"tb-image-part\">\n\t\t\t\t\t\t\t\t\t\t\t<img src='https:\/\/tjt.travelblox.eu\/wp-content\/smush-webp\/sites\/78\/2025\/02\/Trek-en-Cappadoce.jpg.webp' width='633' height='418' alt='Kappadokien Turquie' srcset='https:\/\/tjt.travelblox.eu\/wp-content\/smush-webp\/sites\/78\/2025\/02\/Trek-en-Cappadoce.jpg.webp 633w, https:\/\/tjt.travelblox.eu\/wp-content\/smush-webp\/sites\/78\/2025\/02\/Trek-en-Cappadoce-300x198.jpg.webp 300w, https:\/\/tjt.travelblox.eu\/wp-content\/smush-webp\/sites\/78\/2025\/02\/Trek-en-Cappadoce-18x12.jpg.webp 18w' sizes=\"auto, (max-width: 633px) 100vw, 633px\" loading='lazy' decoding='async' data-smush-webp-fallback=\"{&quot;src&quot;:&quot;https:\\\/\\\/tjt.travelblox.eu\\\/wp-content\\\/uploads\\\/sites\\\/78\\\/2025\\\/02\\\/Trek-en-Cappadoce.jpg&quot;,&quot;srcset&quot;:&quot;https:\\\/\\\/tjt.travelblox.eu\\\/wp-content\\\/uploads\\\/sites\\\/78\\\/2025\\\/02\\\/Trek-en-Cappadoce.jpg 633w, https:\\\/\\\/tjt.travelblox.eu\\\/wp-content\\\/uploads\\\/sites\\\/78\\\/2025\\\/02\\\/Trek-en-Cappadoce-300x198.jpg 300w, https:\\\/\\\/tjt.travelblox.eu\\\/wp-content\\\/uploads\\\/sites\\\/78\\\/2025\\\/02\\\/Trek-en-Cappadoce-18x12.jpg 18w&quot;}\">\t\t\t\t\t\t\t\t\t\t\t\t\t\t\t\t\t\t\t\t\t\t\t\t<\/div>\n\t\t\t\t<div class=\"tb-card-content\">\n\t\t\t\t\t<h4>\n\t\t\t\t\t\t<span>Cappadocia Trail<\/span>\n\t\t\t\t\t\t\t\t\t\t\t<\/h4>\n\t\t\t\t\t\t\t\t\t\t\t<div class=\"line\">\n\t\t\t\t\t\t\t\t\t\t\t\t\t\t\t<span class=\"location tb-text-with-icon icon-first\">\n\t\t\t\t\t\t\t\t\t<i class=\"icon fa fa-map-marker\"><\/i>\n\t\t\t\t\t\t\t\t\t<span>Turquie<\/span>\n\t\t\t\t\t\t\t\t<\/span>\n\t\t\t\t\t\t\t\t\t\t\t\t\t\t\t\t\t\t\t\t\t\t<span class=\"duration tb-text-with-icon icon-first\">\n\t\t\t\t\t\t\t\t\t<i class=\"icon fa fa-clock\"><\/i>\n\t\t\t\t\t\t\t\t\t<span>7 jours<\/span>\n\t\t\t\t\t\t\t\t<\/span>\n\t\t\t\t\t\t\t\t\t\t\t\t\t\t\t\t\t\t\t\t<\/div>\n\t\t\t\t\t\t\t\t\t\t\t\t\t\t\t\t\t\t\t<\/div>\n\t\t\t<\/a>\n\t\t\t\t\t<a href=\"https:\/\/madeiratrail.eu\/nl\/\"  target=\"\" class=\"tb-card entry\">\n\t\t\t\t<div class=\"tb-image-part\">\n\t\t\t\t\t\t\t\t\t\t\t<img src='https:\/\/tjt.travelblox.eu\/wp-content\/smush-webp\/sites\/78\/2025\/09\/Siliquini-TheMadeiraTrail-240317-6240-768x512.jpg.webp' width='768' height='512' srcset='https:\/\/tjt.travelblox.eu\/wp-content\/smush-webp\/sites\/78\/2025\/09\/Siliquini-TheMadeiraTrail-240317-6240-768x512.jpg.webp 768w, https:\/\/tjt.travelblox.eu\/wp-content\/smush-webp\/sites\/78\/2025\/09\/Siliquini-TheMadeiraTrail-240317-6240-300x200.jpg.webp 300w, https:\/\/tjt.travelblox.eu\/wp-content\/smush-webp\/sites\/78\/2025\/09\/Siliquini-TheMadeiraTrail-240317-6240-18x12.jpg.webp 18w, https:\/\/tjt.travelblox.eu\/wp-content\/smush-webp\/sites\/78\/2025\/09\/Siliquini-TheMadeiraTrail-240317-6240.jpg.webp 1024w' sizes=\"auto, (max-width: 768px) 100vw, 768px\" loading='lazy' decoding='async' data-smush-webp-fallback=\"{&quot;src&quot;:&quot;https:\\\/\\\/tjt.travelblox.eu\\\/wp-content\\\/uploads\\\/sites\\\/78\\\/2025\\\/09\\\/Siliquini-TheMadeiraTrail-240317-6240-768x512.jpg&quot;,&quot;srcset&quot;:&quot;https:\\\/\\\/tjt.travelblox.eu\\\/wp-content\\\/uploads\\\/sites\\\/78\\\/2025\\\/09\\\/Siliquini-TheMadeiraTrail-240317-6240-768x512.jpg 768w, https:\\\/\\\/tjt.travelblox.eu\\\/wp-content\\\/uploads\\\/sites\\\/78\\\/2025\\\/09\\\/Siliquini-TheMadeiraTrail-240317-6240-300x200.jpg 300w, https:\\\/\\\/tjt.travelblox.eu\\\/wp-content\\\/uploads\\\/sites\\\/78\\\/2025\\\/09\\\/Siliquini-TheMadeiraTrail-240317-6240-18x12.jpg 18w, https:\\\/\\\/tjt.travelblox.eu\\\/wp-content\\\/uploads\\\/sites\\\/78\\\/2025\\\/09\\\/Siliquini-TheMadeiraTrail-240317-6240.jpg 1024w&quot;}\">\t\t\t\t\t\t\t\t\t\t\t\t\t\t\t\t\t\t\t\t\t\t\t\t<\/div>\n\t\t\t\t<div class=\"tb-card-content\">\n\t\t\t\t\t<h4>\n\t\t\t\t\t\t<span>Madeira trail<\/span>\n\t\t\t\t\t\t\t\t\t\t\t<\/h4>\n\t\t\t\t\t\t\t\t\t\t\t<div class=\"line\">\n\t\t\t\t\t\t\t\t\t\t\t\t\t\t\t<span class=\"location tb-text-with-icon icon-first\">\n\t\t\t\t\t\t\t\t\t<i class=\"icon fa fa-map-marker\"><\/i>\n\t\t\t\t\t\t\t\t\t<span>Madeira<\/span>\n\t\t\t\t\t\t\t\t<\/span>\n\t\t\t\t\t\t\t\t\t\t\t\t\t\t\t\t\t\t\t\t\t\t<span class=\"duration tb-text-with-icon icon-first\">\n\t\t\t\t\t\t\t\t\t<i class=\"icon fa fa-clock\"><\/i>\n\t\t\t\t\t\t\t\t\t<span>7 jours<\/span>\n\t\t\t\t\t\t\t\t<\/span>\n\t\t\t\t\t\t\t\t\t\t\t\t\t\t\t\t\t\t\t\t<\/div>\n\t\t\t\t\t\t\t\t\t\t\t\t\t\t\t\t\t\t\t<\/div>\n\t\t\t<\/a>\n\t\t\t\t\t<a href=\"https:\/\/theatlastrail.com\/\"  target=\"\" class=\"tb-card entry\">\n\t\t\t\t<div class=\"tb-image-part\">\n\t\t\t\t\t\t\t\t\t\t\t<img src='https:\/\/tjt.travelblox.eu\/wp-content\/smush-webp\/sites\/78\/2024\/12\/Kopie-van-Siliquini_Travelbase_TheAtlasTrail_Pilot_102022-7879-Large-768x512.jpeg.webp' width='768' height='512' alt='Atlas Trail' srcset='https:\/\/tjt.travelblox.eu\/wp-content\/smush-webp\/sites\/78\/2024\/12\/Kopie-van-Siliquini_Travelbase_TheAtlasTrail_Pilot_102022-7879-Large-768x512.jpeg.webp 768w, https:\/\/tjt.travelblox.eu\/wp-content\/smush-webp\/sites\/78\/2024\/12\/Kopie-van-Siliquini_Travelbase_TheAtlasTrail_Pilot_102022-7879-Large-300x200.jpeg.webp 300w, https:\/\/tjt.travelblox.eu\/wp-content\/smush-webp\/sites\/78\/2024\/12\/Kopie-van-Siliquini_Travelbase_TheAtlasTrail_Pilot_102022-7879-Large-1024x682.jpeg.webp 1024w, https:\/\/tjt.travelblox.eu\/wp-content\/smush-webp\/sites\/78\/2024\/12\/Kopie-van-Siliquini_Travelbase_TheAtlasTrail_Pilot_102022-7879-Large-18x12.jpeg.webp 18w, https:\/\/tjt.travelblox.eu\/wp-content\/smush-webp\/sites\/78\/2024\/12\/Kopie-van-Siliquini_Travelbase_TheAtlasTrail_Pilot_102022-7879-Large.jpeg.webp 1280w' sizes=\"auto, (max-width: 768px) 100vw, 768px\" loading='lazy' decoding='async' data-smush-webp-fallback=\"{&quot;src&quot;:&quot;https:\\\/\\\/tjt.travelblox.eu\\\/wp-content\\\/uploads\\\/sites\\\/78\\\/2024\\\/12\\\/Kopie-van-Siliquini_Travelbase_TheAtlasTrail_Pilot_102022-7879-Large-768x512.jpeg&quot;,&quot;srcset&quot;:&quot;https:\\\/\\\/tjt.travelblox.eu\\\/wp-content\\\/uploads\\\/sites\\\/78\\\/2024\\\/12\\\/Kopie-van-Siliquini_Travelbase_TheAtlasTrail_Pilot_102022-7879-Large-768x512.jpeg 768w, https:\\\/\\\/tjt.travelblox.eu\\\/wp-content\\\/uploads\\\/sites\\\/78\\\/2024\\\/12\\\/Kopie-van-Siliquini_Travelbase_TheAtlasTrail_Pilot_102022-7879-Large-300x200.jpeg 300w, https:\\\/\\\/tjt.travelblox.eu\\\/wp-content\\\/uploads\\\/sites\\\/78\\\/2024\\\/12\\\/Kopie-van-Siliquini_Travelbase_TheAtlasTrail_Pilot_102022-7879-Large-1024x682.jpeg 1024w, https:\\\/\\\/tjt.travelblox.eu\\\/wp-content\\\/uploads\\\/sites\\\/78\\\/2024\\\/12\\\/Kopie-van-Siliquini_Travelbase_TheAtlasTrail_Pilot_102022-7879-Large-18x12.jpeg 18w, https:\\\/\\\/tjt.travelblox.eu\\\/wp-content\\\/uploads\\\/sites\\\/78\\\/2024\\\/12\\\/Kopie-van-Siliquini_Travelbase_TheAtlasTrail_Pilot_102022-7879-Large.jpeg 1280w&quot;}\">\t\t\t\t\t\t\t\t\t\t\t\t\t\t\t\t\t\t\t\t\t\t\t\t<\/div>\n\t\t\t\t<div class=\"tb-card-content\">\n\t\t\t\t\t<h4>\n\t\t\t\t\t\t<span>Atlas Trail<\/span>\n\t\t\t\t\t\t\t\t\t\t\t<\/h4>\n\t\t\t\t\t\t\t\t\t\t\t<div class=\"line\">\n\t\t\t\t\t\t\t\t\t\t\t\t\t\t\t<span class=\"location tb-text-with-icon icon-first\">\n\t\t\t\t\t\t\t\t\t<i class=\"icon fa fa-map-marker\"><\/i>\n\t\t\t\t\t\t\t\t\t<span>Maroc<\/span>\n\t\t\t\t\t\t\t\t<\/span>\n\t\t\t\t\t\t\t\t\t\t\t\t\t\t\t\t\t\t\t\t\t\t<span class=\"duration tb-text-with-icon icon-first\">\n\t\t\t\t\t\t\t\t\t<i class=\"icon fa fa-clock\"><\/i>\n\t\t\t\t\t\t\t\t\t<span>7 jours<\/span>\n\t\t\t\t\t\t\t\t<\/span>\n\t\t\t\t\t\t\t\t\t\t\t\t\t\t\t\t\t\t\t\t<\/div>\n\t\t\t\t\t\t\t\t\t\t\t\t\t\t\t\t\t\t\t<\/div>\n\t\t\t<\/a>\n\t\t\t\t\t<\/div>\n\t\t\t\t<div class=\"tb-carousel-nav\">\n\t\t<div class=\"dots\">\n\t\t\t<div class=\"dot active\"><\/div>\n\t\t\t<div class=\"dot\"><\/div>\n\t\t\t<div class=\"dot\"><\/div>\n\t\t<\/div>\n\t\t<div class=\"arrows\">\n\t\t\t<div class=\"prev disabled\">\n\t\t\t\t<span><i class=\"fa fa-chevron-left\"><\/i><\/span>\n\t\t\t<\/div>\n\t\t\t<div class=\"next\">\n\t\t\t\t<span><i class=\"fa fa-chevron-right\"><\/i><\/span>\n\t\t\t<\/div>\n\t\t<\/div>\n\t<\/div>\n\t\t\t<\/div>\n\t<\/div>\n\t\t\t<\/div>","protected":false},"excerpt":{"rendered":"","protected":false},"author":87,"featured_media":436,"parent":0,"menu_order":0,"comment_status":"closed","ping_status":"closed","template":"","meta":{"_acf_changed":false,"inline_featured_image":false,"footnotes":""},"class_list":["post-1669","page","type-page","status-publish","has-post-thumbnail","hentry"],"acf":{"page_package_ids":"TJT-TJT","is_main_package_page":true,"additional_linked_packages":[],"feed_page_to_atlas":true},"_links":{"self":[{"href":"https:\/\/tjt.travelblox.eu\/fr\/wp-json\/wp\/v2\/pages\/1669","targetHints":{"allow":["GET"]}}],"collection":[{"href":"https:\/\/tjt.travelblox.eu\/fr\/wp-json\/wp\/v2\/pages"}],"about":[{"href":"https:\/\/tjt.travelblox.eu\/fr\/wp-json\/wp\/v2\/types\/page"}],"author":[{"embeddable":true,"href":"https:\/\/tjt.travelblox.eu\/fr\/wp-json\/wp\/v2\/users\/87"}],"replies":[{"embeddable":true,"href":"https:\/\/tjt.travelblox.eu\/fr\/wp-json\/wp\/v2\/comments?post=1669"}],"version-history":[{"count":34,"href":"https:\/\/tjt.travelblox.eu\/fr\/wp-json\/wp\/v2\/pages\/1669\/revisions"}],"predecessor-version":[{"id":1728,"href":"https:\/\/tjt.travelblox.eu\/fr\/wp-json\/wp\/v2\/pages\/1669\/revisions\/1728"}],"wp:featuredmedia":[{"embeddable":true,"href":"https:\/\/tjt.travelblox.eu\/fr\/wp-json\/wp\/v2\/media\/436"}],"wp:attachment":[{"href":"https:\/\/tjt.travelblox.eu\/fr\/wp-json\/wp\/v2\/media?parent=1669"}],"curies":[{"name":"wp","href":"https:\/\/api.w.org\/{rel}","templated":true}]}}