{"id":1669,"date":"2026-09-02T13:01:26","date_gmt":"2026-09-02T13:01:26","guid":{"rendered":"https:\/\/tjt.travelblox.eu\/?page_id=1669"},"modified":"2026-09-02T13:22:07","modified_gmt":"2026-09-02T13:22:07","slug":"aanbod-voorjaar-2027","status":"publish","type":"page","link":"https:\/\/tjt.travelblox.eu\/de\/","title":{"rendered":"Aanbod voorjaar 2027"},"content":{"rendered":"<div class=\"tb-header tb-block align-center background-dark pattern-none variant-none\" id=\"header\" data-fallback-background=\"https:\/\/vz-2d98b19f-729.b-cdn.net\/37a4f2e9-3688-43fa-a713-eeae62588cc7\/thumbnail.jpg\" style=\"background-image: linear-gradient(rgba(0, 0, 0, 0.4), rgba(0, 0, 0, 0.4)), url('https:\/\/vz-2d98b19f-729.b-cdn.net\/37a4f2e9-3688-43fa-a713-eeae62588cc7\/thumbnail.jpg'); background-position:center;\">\n        \n    <div class=\"tb-header-foreground\">\n        <div class=\"inner-block\">\n\n            <div class=\"main-part\">\n                <div class=\"text-part\">\n                                                                                            <h1>\t<span class=\"tb-logo\"  style=\"-webkit-mask-image: url(https:\/\/tjt.travelblox.eu\/wp-content\/uploads\/sites\/78\/2025\/06\/TJT_Logo-Remake2021-WIT.svg); mask-image: url(https:\/\/tjt.travelblox.eu\/wp-content\/uploads\/sites\/78\/2025\/06\/TJT_Logo-Remake2021-WIT.svg)\">\n\t\t<img src='https:\/\/tjt.travelblox.eu\/wp-content\/uploads\/sites\/78\/2025\/06\/TJT_Logo-Remake2021-WIT.svg' width='1024' height='1024' alt='Das Jordan Trail-Logo' title='Der Jordan Trail' loading='lazy'>\n\t<\/span>\n<\/h1>\n                                                                                        <h2 class=\"tb-subtitle\">\t<div class=\"translation-block\"><p>5 Tage durch Jordanien. Mit Petra als Ziel.&nbsp;<\/p><\/div>\n\t<\/h2>\n                                                                                    <div class=\"tb-properties\">\n                                                            <div class=\"tb-property\">\n                                                                            <div class=\"tb-property__icon\">\n                                            \t\t\t\t<i class=\"icon fa-solid fa-calendar-days fa-fw\" aria-hidden=\"true\"><\/i>\n\t\t\t                                        <\/div>\n                                                                        <div class=\"tb-property__label\">\n                                        5 Wandertage                                    <\/div>\n                                <\/div>\n                                                                    <div class=\"tb-properties__divider\"><\/div>\n                                                                                            <div class=\"tb-property\">\n                                                                            <div class=\"tb-property__icon\">\n                                            \t\t\t\t<i class=\"icon fa-kit fa-tb-icon-tipi fa-fw\" aria-hidden=\"true\"><\/i>\n\t\t\t                                        <\/div>\n                                                                        <div class=\"tb-property__label\">\n                                        Zelten                                    <\/div>\n                                <\/div>\n                                                                    <div class=\"tb-properties__divider\"><\/div>\n                                                                                            <div class=\"tb-property\">\n                                                                            <div class=\"tb-property__icon\">\n                                            \t\t\t\t<i class=\"icon fa-solid fa-person-hiking fa-fw\" aria-hidden=\"true\"><\/i>\n\t\t\t                                        <\/div>\n                                                                        <div class=\"tb-property__label\">\n                                        Gef\u00fchrte Tour                                    <\/div>\n                                <\/div>\n                                                                                    <\/div>\n                                                                <div class=\"tb-buttons-part\">\n                                                            \t\t<a href=\"https:\/\/travelbase.typeform.com\/TJT27SDEPrereg\"  target=\"_blank\" data-mode=\"popup\" data-url=\"https:\/\/travelbase.pro.typeform.com\/tjt27snlprereg\" class=\"tb-button typeform-share\">\n\t\t\tF\u00fcr Fr\u00fchjahr 2027 vorregistrieren\t\t<\/a>\n\t\t\t\t\t<script>\n\t\t\t\t(function() {\n\t\t\t\t\tvar qs, js, q, s, d = document,\n\t\t\t\t\t\tgi = d.getElementById,\n\t\t\t\t\t\tce = d.createElement,\n\t\t\t\t\t\tgt = d.getElementsByTagName,\n\t\t\t\t\t\tid = \"typef_orm_share\",\n\t\t\t\t\t\tb = \"https:\/\/embed.typeform.com\/\";\n\t\t\t\t\tif (!gi.call(d, id)) {\n\t\t\t\t\t\tjs = ce.call(d, \"script\");\n\t\t\t\t\t\tjs.id = id;\n\t\t\t\t\t\tjs.src = b + \"embed.js\";\n\t\t\t\t\t\tq = gt.call(d, \"script\")[0];\n\t\t\t\t\t\tq.parentNode.insertBefore(js, q);\n\t\t\t\t\t}\n\t\t\t\t})();\n\t\t\t<\/script>\n\t\t                                                                                        \t\t<a href=\"#join\"  target=\"\" class=\"tb-buttonlink\">\n\t\t\tPreise &amp; Daten\t\t<\/a>\n\t\t                                                    <\/div>\n                                                                <div class=\"average-reviews-wrapper\" data-reviews-redirect-url=\"https:\/\/www.google.com\/maps\/place\/\/data=!4m4!3m3!1s0x116324b4ba9d92d:0x92789fa5da22923e!9m1!1b1\" data-embed-social-id=\"bcf5c605b6e8c2d09e261ae54007ca4253946594\"><\/div>\n                                    <\/div>\n            <\/div>\n\n                    <\/div>\n    <\/div>\n\n    \n                        <div class=\"tb-header-background tb-header-background--has-iframe\">\n                        <iframe src=\"https:\/\/iframe.mediadelivery.net\/embed\/306445\/37a4f2e9-3688-43fa-a713-eeae62588cc7?autoplay=true&#038;preload=true&#038;loop=true&#038;responsive=true&#038;muted=true\" allow=\"accelerometer;gyroscope;encrypted-media;picture-in-picture;autoplay;muted;\" allowfullscreen=\"true\" style=\"border: none;\" loading=\"lazy\"><\/iframe>                    <\/div>\n                \n    \n                <nav class=\"tb-header__subnav\">\n            <div class=\"inner-block\">\n                <div class=\"tb-header__pagename tb-header__pagename--visible\">\n                                            \t<span class=\"tb-logo\"  style=\"-webkit-mask-image: url(https:\/\/tjt.travelblox.eu\/wp-content\/uploads\/sites\/78\/2025\/08\/TJT_Logo-Remake2021-ROOD.svg); mask-image: url(https:\/\/tjt.travelblox.eu\/wp-content\/uploads\/sites\/78\/2025\/08\/TJT_Logo-Remake2021-ROOD.svg)\">\n\t\t<img src='https:\/\/tjt.travelblox.eu\/wp-content\/uploads\/sites\/78\/2025\/08\/TJT_Logo-Remake2021-ROOD.svg' width='1024' height='1024' alt='Das Jordan Trail-Logo' title='Der Jordan Trail' loading='lazy'>\n\t<\/span>\n                                    <\/div>\n\n                <ul>\n                                            <li>\n                            <a href=\"#Concept\">Konzept<\/a>\n                        <\/li>\n\n                                            <li>\n                            <a href=\"#route\">Route<\/a>\n                        <\/li>\n\n                                            <li>\n                            <a href=\"#practical\">Praktische Informationen<\/a>\n                        <\/li>\n\n                                            <li>\n                            <a href=\"#options\">Optionen<\/a>\n                        <\/li>\n\n                                            <li>\n                            <a href=\"#options\">Optionen<\/a>\n                        <\/li>\n\n                                            <li>\n                            <a href=\"#howtogetthere-1\">Anreise<\/a>\n                        <\/li>\n\n                                            <li>\n                            <a href=\"#howtogetthere-2\">Anreise<\/a>\n                        <\/li>\n\n                                            <li>\n                            <a href=\"#faq\">Noch Fragen?<\/a>\n                        <\/li>\n\n                    \n                                                <li class=\"tb-header__subnav_cta\">\n                                <a href=\"#join\" class=\"tb-button\" >Verf\u00fcgbarkeiten<\/a>\n                            <\/li>\n                                    <\/ul>\n            <\/div>\n        <\/nav>\n\n    \n<\/div>\n\n\n\n\n\t<div class=\"tb-topbar tb-block align-center background-dark pattern-none variant-none\" id=\"topbar\" data-subnav=\"false\">\n\t\t<div class=\"inner-block\">\n\t\t\t<div class=\"text-part\">\n\t\t\t\t\t\t\t\t\t\t\t\t\t<i class=\"icon fa-regular fa-alarm-clock fa-fw\" aria-hidden=\"true\"><\/i>\n\t\t\t\t\t\t\t\t\t\t\t\t<div class=\"translation-block\"><p>Buchungser\u00f6ffnung Fr\u00fchling 2027<\/p><\/div>\n\t\t\t\t<\/div>\n\n\t\t\t\n\t\t\t\t<div class=\"tb-countdown__container\" data-countdown-date=\"16\/09\/2026 4:00 p.m.\">\n\n\t\t\t\t\t<div class=\"tb-countdown__block\" data-countdown-name=\"days\">\n\t\t\t\t\t\t<div class=\"tb-countdown__numbers\"><\/div>\n\t\t\t\t\t\t<div class=\"tb-countdown__text\">Tage<\/div>\n\t\t\t\t\t<\/div>\n\n\t\t\t\t\t<div class=\"tb-countdown__block\" data-countdown-name=\"hours\">\n\t\t\t\t\t\t<div class=\"tb-countdown__numbers\"><\/div>\n\t\t\t\t\t\t<div class=\"tb-countdown__text\">Stunden<\/div>\n\t\t\t\t\t<\/div>\n\n\t\t\t\t\t<div class=\"tb-countdown__block\" data-countdown-name=\"minutes\">\n\t\t\t\t\t\t<div class=\"tb-countdown__numbers\"><\/div>\n\t\t\t\t\t\t<div class=\"tb-countdown__text\">Min<\/div>\n\t\t\t\t\t<\/div>\n\n\t\t\t\t\t<div class=\"tb-countdown__block\" data-countdown-name=\"seconds\">\n\t\t\t\t\t\t<div class=\"tb-countdown__numbers\"><\/div>\n\t\t\t\t\t\t<div class=\"tb-countdown__text\">Sek<\/div>\n\t\t\t\t\t<\/div>\n\n\t\t\t\t<\/div>\n\n\t\t\t\n\t\t\t\t\t<\/div>\n\t<\/div>\n\t\n\n\n\n\n<div class=\"tb-intro tb-block align-none background-middle pattern-custom variant-none tb-collapsible-margins\" id=\"intro\" style=\"background-image: url(http:\/\/tjt.travelblox.eu\/wp-content\/uploads\/sites\/78\/2024\/01\/Jordan_Slightly-White-texture.jpeg)\">\n    <div class=\"inner-block tb-fade-in tb-fade-in--subtle\">\n\n        \n\n        <div class=\"text-part content-part\">\n            <div class=\"title-meta-inclusive\">\n                <div class=\"title-and-meta\">\n                                            <div class=\"title-part\">\n                                                            <h3>Der Jordan Trail<\/h3>\n                                                                                                                            <h5>\t<div class=\"translation-block\">W\u00fcsten, Schluchten, Beduinen \u2013 und am Ende Petra. In 5 Tagen wanderst du durch das Herz Jordaniens und erlebst das Land so, wie es die meisten nie sehen werden.<\/div>\n\t<\/h5>\n                                                                                    <\/div>\n                                        <ul class=\"meta-data\">\n                                                    <li>\n                                <i class=\"fa fa-regular fa-tag\"><\/i>\n                                <span>Ab 620 \u20ac<\/span>\n                            <\/li>\n                                                                            <li>\n                                <i class=\"fa fa-regular fa-calendar\"><\/i>\n                                <span><p><a href=\"#join\">Ende M\u00e4rz - Anfang Mai '27<\/a><\/p>\n<\/span>\n                            <\/li>\n                                            <\/ul>\n                <\/div>\n                                    <div class=\"inclusive\">\n                                                    <h6>Highlights<\/h6>\n                                                <ul class=\"\">\n                                                            <li class=\"visible\">\n                                                                            \t\t\t\t<i class=\"icon fa-solid fa-person-hiking fa-fw\" aria-hidden=\"true\"><\/i>\n\t\t\t                                                                                                                <span>Wandere durch Wadis, Schluchten und W\u00fcste<\/span>\n                                                                    <\/li>\n                                                            <li class=\"visible\">\n                                                                            \t\t\t\t<i class=\"icon fa-kit fa-tb-icon-tipi fa-fw\" aria-hidden=\"true\"><\/i>\n\t\t\t                                                                                                                <span>Zelte unter den Sternenhimmel<\/span>\n                                                                    <\/li>\n                                                            <li class=\"visible\">\n                                                                            \t\t\t\t<i class=\"icon fa-solid fa-hand-holding-heart fa-fw\" aria-hidden=\"true\"><\/i>\n\t\t\t                                                                                                                <span>Triff Beduinen und erlebe echte jordanische Gastfreundschaft<\/span>\n                                                                    <\/li>\n                                                            <li class=\"visible\">\n                                                                            \t\t\t\t<i class=\"icon fa-regular fa-plate-utensils fa-fw\" aria-hidden=\"true\"><\/i>\n\t\t\t                                                                                                                <span>Iss dich durch die jordanische K\u00fcche \u2013 von Hummus bis zum Beduinen-Festmahl<\/span>\n                                                                    <\/li>\n                                                            <li class=\"visible\">\n                                                                            \t\t\t\t<i class=\"icon fa-solid fa-earth-asia fa-fw\" aria-hidden=\"true\"><\/i>\n\t\t\t                                                                                                                <span>Steh vor Petra \u2013 und versteh, warum es ein Weltwunder ist<\/span>\n                                                                    <\/li>\n                                                    <\/ul>\n                                            <\/div>\n                            <\/div>\n\n                            <div class=\"tb-buttons desktop-only\">\n                                            <a href=\"https:\/\/travelbase.typeform.com\/TJT27SDEPrereg\" class=\"tb-button\">\n                                                            F\u00fcr Fr\u00fchjahr 2027 vorregistrieren                                                    <\/a>\n                                                                <a href=\"#practical\" class=\"tb-buttonlink\">\n                                                            Mehr Informationen                                                    <\/a>\n                                    <\/div>\n                    <\/div>\n                                    <div class=\"tb-video-part\">\n                    <iframe src=\"https:\/\/iframe.mediadelivery.net\/embed\/306529\/430431ef-9667-495f-8219-da6235f38c80?autoplay=false&#038;preload=true&#038;loop=true&#038;responsive=true\" allow=\"accelerometer;gyroscope;encrypted-media;picture-in-picture;\" allowfullscreen=\"true\" style=\"border: none;\" loading=\"lazy\"><\/iframe>                <\/div>\n                                        <div class=\"tb-buttons mobile-only\">\n                                    <a href=\"https:\/\/travelbase.typeform.com\/TJT27SDEPrereg\" class=\"tb-button\">\n                                                    F\u00fcr Fr\u00fchjahr 2027 vorregistrieren                                            <\/a>\n                                                    <a href=\"#practical\" class=\"tb-buttonlink\">\n                                                    Mehr Informationen                                            <\/a>\n                            <\/div>\n            <\/div>\n<\/div>\n\n\n<div class=\"tb-gallery tb-block align-center background-light pattern-none variant-grid\" id=\"gallery\">\n\t<div class=\"tb-gallery__inner\">\n\t\t<div class=\"desktop tb-has-popup-content\">\n\t\t\t\t\t\t\t<ul class=\"tb-gallery-grid\">\n\t\t\t\t\t\t\t\t\t\t\t\t\t\t\t\t\t\t<li class=\"slide\">\n\t\t\t\t\t\t\t\t<div class=\"tb-popup-trigger\">\n\t\t\t\t\t\t\t\t\t<img src='https:\/\/tjt.travelblox.eu\/wp-content\/smush-webp\/sites\/78\/2025\/08\/Blogs_featured_images-1.jpg.webp' width='1300' height='800' alt='Gruppenreise nach Jordanien' srcset='https:\/\/tjt.travelblox.eu\/wp-content\/smush-webp\/sites\/78\/2025\/08\/Blogs_featured_images-1.jpg.webp 1300w, https:\/\/tjt.travelblox.eu\/wp-content\/smush-webp\/sites\/78\/2025\/08\/Blogs_featured_images-1-300x185.jpg.webp 300w, https:\/\/tjt.travelblox.eu\/wp-content\/smush-webp\/sites\/78\/2025\/08\/Blogs_featured_images-1-1024x630.jpg.webp 1024w, https:\/\/tjt.travelblox.eu\/wp-content\/smush-webp\/sites\/78\/2025\/08\/Blogs_featured_images-1-768x473.jpg.webp 768w, https:\/\/tjt.travelblox.eu\/wp-content\/smush-webp\/sites\/78\/2025\/08\/Blogs_featured_images-1-18x12.jpg.webp 18w' sizes=\"auto, (max-width: 1300px) 100vw, 1300px\" loading='lazy' decoding='async' data-smush-webp-fallback=\"{&quot;src&quot;:&quot;https:\\\/\\\/tjt.travelblox.eu\\\/wp-content\\\/uploads\\\/sites\\\/78\\\/2025\\\/08\\\/Blogs_featured_images-1.jpg&quot;,&quot;srcset&quot;:&quot;https:\\\/\\\/tjt.travelblox.eu\\\/wp-content\\\/uploads\\\/sites\\\/78\\\/2025\\\/08\\\/Blogs_featured_images-1.jpg 1300w, https:\\\/\\\/tjt.travelblox.eu\\\/wp-content\\\/uploads\\\/sites\\\/78\\\/2025\\\/08\\\/Blogs_featured_images-1-300x185.jpg 300w, https:\\\/\\\/tjt.travelblox.eu\\\/wp-content\\\/uploads\\\/sites\\\/78\\\/2025\\\/08\\\/Blogs_featured_images-1-1024x630.jpg 1024w, https:\\\/\\\/tjt.travelblox.eu\\\/wp-content\\\/uploads\\\/sites\\\/78\\\/2025\\\/08\\\/Blogs_featured_images-1-768x473.jpg 768w, https:\\\/\\\/tjt.travelblox.eu\\\/wp-content\\\/uploads\\\/sites\\\/78\\\/2025\\\/08\\\/Blogs_featured_images-1-18x12.jpg 18w&quot;}\">\t\t\t\t\t\t\t\t<\/div>\n\t\t\t\t\t\t\t<\/li>\n\t\t\t\t\t\t\t\t\t\t\t\t\t<li class=\"slide\">\n\t\t\t\t\t\t\t\t<div class=\"tb-popup-trigger\">\n\t\t\t\t\t\t\t\t\t<img src='https:\/\/tjt.travelblox.eu\/wp-content\/smush-webp\/sites\/78\/2024\/01\/JT23_RoyMosterd_LR_4100343-scaled-e1705659830617.jpg.webp' width='800' height='1067' alt='Beduinenessen - Der Jordan Trail' loading='lazy' decoding='async' data-smush-webp-fallback='{&quot;src&quot;:&quot;https:\\\/\\\/tjt.travelblox.eu\\\/wp-content\\\/uploads\\\/sites\\\/78\\\/2024\\\/01\\\/JT23_RoyMosterd_LR_4100343-scaled-e1705659830617.jpg&quot;}'>\t\t\t\t\t\t\t\t<\/div>\n\t\t\t\t\t\t\t<\/li>\n\t\t\t\t\t\t\t\t\t\t\t\t\t<li class=\"slide\">\n\t\t\t\t\t\t\t\t<div class=\"tb-popup-trigger\">\n\t\t\t\t\t\t\t\t\t<img src='https:\/\/tjt.travelblox.eu\/wp-content\/smush-webp\/sites\/78\/2025\/02\/TJT23_EvyVanNispen_LR-383.jpg.webp' width='2500' height='1667' alt='Der Jordan Trail, Petra' srcset='https:\/\/tjt.travelblox.eu\/wp-content\/smush-webp\/sites\/78\/2025\/02\/TJT23_EvyVanNispen_LR-383.jpg.webp 2500w, https:\/\/tjt.travelblox.eu\/wp-content\/smush-webp\/sites\/78\/2025\/02\/TJT23_EvyVanNispen_LR-383-300x200.jpg.webp 300w, https:\/\/tjt.travelblox.eu\/wp-content\/smush-webp\/sites\/78\/2025\/02\/TJT23_EvyVanNispen_LR-383-1024x683.jpg.webp 1024w, https:\/\/tjt.travelblox.eu\/wp-content\/smush-webp\/sites\/78\/2025\/02\/TJT23_EvyVanNispen_LR-383-768x512.jpg.webp 768w, https:\/\/tjt.travelblox.eu\/wp-content\/smush-webp\/sites\/78\/2025\/02\/TJT23_EvyVanNispen_LR-383-1536x1024.jpg.webp 1536w, https:\/\/tjt.travelblox.eu\/wp-content\/smush-webp\/sites\/78\/2025\/02\/TJT23_EvyVanNispen_LR-383-2048x1366.jpg.webp 2048w, https:\/\/tjt.travelblox.eu\/wp-content\/smush-webp\/sites\/78\/2025\/02\/TJT23_EvyVanNispen_LR-383-18x12.jpg.webp 18w' sizes=\"auto, (max-width: 2500px) 100vw, 2500px\" loading='lazy' decoding='async' data-smush-webp-fallback=\"{&quot;src&quot;:&quot;https:\\\/\\\/tjt.travelblox.eu\\\/wp-content\\\/uploads\\\/sites\\\/78\\\/2025\\\/02\\\/TJT23_EvyVanNispen_LR-383.jpg&quot;,&quot;srcset&quot;:&quot;https:\\\/\\\/tjt.travelblox.eu\\\/wp-content\\\/uploads\\\/sites\\\/78\\\/2025\\\/02\\\/TJT23_EvyVanNispen_LR-383.jpg 2500w, https:\\\/\\\/tjt.travelblox.eu\\\/wp-content\\\/uploads\\\/sites\\\/78\\\/2025\\\/02\\\/TJT23_EvyVanNispen_LR-383-300x200.jpg 300w, https:\\\/\\\/tjt.travelblox.eu\\\/wp-content\\\/uploads\\\/sites\\\/78\\\/2025\\\/02\\\/TJT23_EvyVanNispen_LR-383-1024x683.jpg 1024w, https:\\\/\\\/tjt.travelblox.eu\\\/wp-content\\\/uploads\\\/sites\\\/78\\\/2025\\\/02\\\/TJT23_EvyVanNispen_LR-383-768x512.jpg 768w, https:\\\/\\\/tjt.travelblox.eu\\\/wp-content\\\/uploads\\\/sites\\\/78\\\/2025\\\/02\\\/TJT23_EvyVanNispen_LR-383-1536x1024.jpg 1536w, https:\\\/\\\/tjt.travelblox.eu\\\/wp-content\\\/uploads\\\/sites\\\/78\\\/2025\\\/02\\\/TJT23_EvyVanNispen_LR-383-2048x1366.jpg 2048w, https:\\\/\\\/tjt.travelblox.eu\\\/wp-content\\\/uploads\\\/sites\\\/78\\\/2025\\\/02\\\/TJT23_EvyVanNispen_LR-383-18x12.jpg 18w&quot;}\">\t\t\t\t\t\t\t\t<\/div>\n\t\t\t\t\t\t\t<\/li>\n\t\t\t\t\t\t\t\t\t\t\t\t\t\t\t<\/ul>\n\t\t\t\t\t\t<div class=\"tb-popup tb-popup--open-clicked-image\">\n\t\t\t\t<div class=\"tb-gallery-popup\">\n\t\t\t\t\t<div class=\"tb-image-part\">\n\t\t\t\t\t\t\t\t<div class=\"inner-block-full-width has-tb-carousel tb-carousel-slider\" >\n\t\t<div class=\"tb-carousel-container\">\n\t\t\t<div class=\"entries tb-cards\" data-slider-first=\"2\">\n\t\t\t\t\t\t\t<div class=\"entry\">\n\t\t\t<div class=\"tb-image-part\">\n\t\t\t\t<figure>\n\t\t\t\t\t<img src='https:\/\/tjt.travelblox.eu\/wp-content\/smush-webp\/sites\/78\/2025\/08\/Blogs_featured_images-1.jpg.webp' width='1300' height='800' alt='Gruppenreise nach Jordanien' srcset='https:\/\/tjt.travelblox.eu\/wp-content\/smush-webp\/sites\/78\/2025\/08\/Blogs_featured_images-1.jpg.webp 1300w, https:\/\/tjt.travelblox.eu\/wp-content\/smush-webp\/sites\/78\/2025\/08\/Blogs_featured_images-1-300x185.jpg.webp 300w, https:\/\/tjt.travelblox.eu\/wp-content\/smush-webp\/sites\/78\/2025\/08\/Blogs_featured_images-1-1024x630.jpg.webp 1024w, https:\/\/tjt.travelblox.eu\/wp-content\/smush-webp\/sites\/78\/2025\/08\/Blogs_featured_images-1-768x473.jpg.webp 768w, https:\/\/tjt.travelblox.eu\/wp-content\/smush-webp\/sites\/78\/2025\/08\/Blogs_featured_images-1-18x12.jpg.webp 18w' sizes=\"auto, (max-width: 1300px) 100vw, 1300px\" loading='lazy' decoding='async' data-smush-webp-fallback=\"{&quot;src&quot;:&quot;https:\\\/\\\/tjt.travelblox.eu\\\/wp-content\\\/uploads\\\/sites\\\/78\\\/2025\\\/08\\\/Blogs_featured_images-1.jpg&quot;,&quot;srcset&quot;:&quot;https:\\\/\\\/tjt.travelblox.eu\\\/wp-content\\\/uploads\\\/sites\\\/78\\\/2025\\\/08\\\/Blogs_featured_images-1.jpg 1300w, https:\\\/\\\/tjt.travelblox.eu\\\/wp-content\\\/uploads\\\/sites\\\/78\\\/2025\\\/08\\\/Blogs_featured_images-1-300x185.jpg 300w, https:\\\/\\\/tjt.travelblox.eu\\\/wp-content\\\/uploads\\\/sites\\\/78\\\/2025\\\/08\\\/Blogs_featured_images-1-1024x630.jpg 1024w, https:\\\/\\\/tjt.travelblox.eu\\\/wp-content\\\/uploads\\\/sites\\\/78\\\/2025\\\/08\\\/Blogs_featured_images-1-768x473.jpg 768w, https:\\\/\\\/tjt.travelblox.eu\\\/wp-content\\\/uploads\\\/sites\\\/78\\\/2025\\\/08\\\/Blogs_featured_images-1-18x12.jpg 18w&quot;}\">\t\t\t\t\t\t\t\t\t<\/figure>\n\t\t\t<\/div>\n\t\t<\/div>\n\t\t\t<div class=\"entry\">\n\t\t\t<div class=\"tb-image-part\">\n\t\t\t\t<figure>\n\t\t\t\t\t<img src='https:\/\/tjt.travelblox.eu\/wp-content\/smush-webp\/sites\/78\/2024\/01\/JT23_RoyMosterd_LR_4100343-scaled-e1705659830617.jpg.webp' width='800' height='1067' alt='Beduinenessen - Der Jordan Trail' loading='lazy' decoding='async' data-smush-webp-fallback='{&quot;src&quot;:&quot;https:\\\/\\\/tjt.travelblox.eu\\\/wp-content\\\/uploads\\\/sites\\\/78\\\/2024\\\/01\\\/JT23_RoyMosterd_LR_4100343-scaled-e1705659830617.jpg&quot;}'>\t\t\t\t\t\t\t\t\t<\/figure>\n\t\t\t<\/div>\n\t\t<\/div>\n\t\t\t<div class=\"entry\">\n\t\t\t<div class=\"tb-image-part\">\n\t\t\t\t<figure>\n\t\t\t\t\t<img src='https:\/\/tjt.travelblox.eu\/wp-content\/smush-webp\/sites\/78\/2025\/02\/TJT23_EvyVanNispen_LR-383.jpg.webp' width='2500' height='1667' alt='Der Jordan Trail, Petra' srcset='https:\/\/tjt.travelblox.eu\/wp-content\/smush-webp\/sites\/78\/2025\/02\/TJT23_EvyVanNispen_LR-383.jpg.webp 2500w, https:\/\/tjt.travelblox.eu\/wp-content\/smush-webp\/sites\/78\/2025\/02\/TJT23_EvyVanNispen_LR-383-300x200.jpg.webp 300w, https:\/\/tjt.travelblox.eu\/wp-content\/smush-webp\/sites\/78\/2025\/02\/TJT23_EvyVanNispen_LR-383-1024x683.jpg.webp 1024w, https:\/\/tjt.travelblox.eu\/wp-content\/smush-webp\/sites\/78\/2025\/02\/TJT23_EvyVanNispen_LR-383-768x512.jpg.webp 768w, https:\/\/tjt.travelblox.eu\/wp-content\/smush-webp\/sites\/78\/2025\/02\/TJT23_EvyVanNispen_LR-383-1536x1024.jpg.webp 1536w, https:\/\/tjt.travelblox.eu\/wp-content\/smush-webp\/sites\/78\/2025\/02\/TJT23_EvyVanNispen_LR-383-2048x1366.jpg.webp 2048w, https:\/\/tjt.travelblox.eu\/wp-content\/smush-webp\/sites\/78\/2025\/02\/TJT23_EvyVanNispen_LR-383-18x12.jpg.webp 18w' sizes=\"auto, (max-width: 2500px) 100vw, 2500px\" loading='lazy' decoding='async' data-smush-webp-fallback=\"{&quot;src&quot;:&quot;https:\\\/\\\/tjt.travelblox.eu\\\/wp-content\\\/uploads\\\/sites\\\/78\\\/2025\\\/02\\\/TJT23_EvyVanNispen_LR-383.jpg&quot;,&quot;srcset&quot;:&quot;https:\\\/\\\/tjt.travelblox.eu\\\/wp-content\\\/uploads\\\/sites\\\/78\\\/2025\\\/02\\\/TJT23_EvyVanNispen_LR-383.jpg 2500w, https:\\\/\\\/tjt.travelblox.eu\\\/wp-content\\\/uploads\\\/sites\\\/78\\\/2025\\\/02\\\/TJT23_EvyVanNispen_LR-383-300x200.jpg 300w, https:\\\/\\\/tjt.travelblox.eu\\\/wp-content\\\/uploads\\\/sites\\\/78\\\/2025\\\/02\\\/TJT23_EvyVanNispen_LR-383-1024x683.jpg 1024w, https:\\\/\\\/tjt.travelblox.eu\\\/wp-content\\\/uploads\\\/sites\\\/78\\\/2025\\\/02\\\/TJT23_EvyVanNispen_LR-383-768x512.jpg 768w, https:\\\/\\\/tjt.travelblox.eu\\\/wp-content\\\/uploads\\\/sites\\\/78\\\/2025\\\/02\\\/TJT23_EvyVanNispen_LR-383-1536x1024.jpg 1536w, https:\\\/\\\/tjt.travelblox.eu\\\/wp-content\\\/uploads\\\/sites\\\/78\\\/2025\\\/02\\\/TJT23_EvyVanNispen_LR-383-2048x1366.jpg 2048w, https:\\\/\\\/tjt.travelblox.eu\\\/wp-content\\\/uploads\\\/sites\\\/78\\\/2025\\\/02\\\/TJT23_EvyVanNispen_LR-383-18x12.jpg 18w&quot;}\">\t\t\t\t\t\t\t\t\t<\/figure>\n\t\t\t<\/div>\n\t\t<\/div>\n\t\t\t\t\t<\/div>\n\t\t\t\t<div class=\"tb-carousel-nav\">\n\t\t<div class=\"dots\">\n\t\t\t<div class=\"dot active\"><\/div>\n\t\t\t<div class=\"dot\"><\/div>\n\t\t\t<div class=\"dot\"><\/div>\n\t\t<\/div>\n\t\t<div class=\"arrows\">\n\t\t\t<div class=\"prev disabled\">\n\t\t\t\t<span><i class=\"fa fa-chevron-left\"><\/i><\/span>\n\t\t\t<\/div>\n\t\t\t<div class=\"next\">\n\t\t\t\t<span><i class=\"fa fa-chevron-right\"><\/i><\/span>\n\t\t\t<\/div>\n\t\t<\/div>\n\t<\/div>\n\t\t\t<\/div>\n\t<\/div>\n\t\t\t\t\t\t\t<\/div>\n\t\t\t\t<\/div>\n\t\t\t<\/div>\n\t\t<\/div>\n\t\t<div class=\"mobile\">\n\t\t\t<div class=\"tb-image-part\">\n\t\t\t\t\t\t<div class=\"inner-block-full-width has-tb-carousel tb-carousel-slider\" >\n\t\t<div class=\"tb-carousel-container\">\n\t\t\t<div class=\"entries tb-cards\" data-slider-first=\"0\">\n\t\t\t\t\t\t\t<div class=\"entry\">\n\t\t\t<div class=\"tb-image-part\">\n\t\t\t\t<figure>\n\t\t\t\t\t<img src='https:\/\/tjt.travelblox.eu\/wp-content\/smush-webp\/sites\/78\/2025\/08\/Blogs_featured_images-1-768x473.jpg.webp' width='768' height='473' alt='Gruppenreise nach Jordanien' srcset='https:\/\/tjt.travelblox.eu\/wp-content\/smush-webp\/sites\/78\/2025\/08\/Blogs_featured_images-1-768x473.jpg.webp 768w, https:\/\/tjt.travelblox.eu\/wp-content\/smush-webp\/sites\/78\/2025\/08\/Blogs_featured_images-1-300x185.jpg.webp 300w, https:\/\/tjt.travelblox.eu\/wp-content\/smush-webp\/sites\/78\/2025\/08\/Blogs_featured_images-1-1024x630.jpg.webp 1024w, https:\/\/tjt.travelblox.eu\/wp-content\/smush-webp\/sites\/78\/2025\/08\/Blogs_featured_images-1-18x12.jpg.webp 18w, https:\/\/tjt.travelblox.eu\/wp-content\/smush-webp\/sites\/78\/2025\/08\/Blogs_featured_images-1.jpg.webp 1300w' sizes=\"auto, (max-width: 768px) 100vw, 768px\" loading='lazy' decoding='async' data-smush-webp-fallback=\"{&quot;src&quot;:&quot;https:\\\/\\\/tjt.travelblox.eu\\\/wp-content\\\/uploads\\\/sites\\\/78\\\/2025\\\/08\\\/Blogs_featured_images-1-768x473.jpg&quot;,&quot;srcset&quot;:&quot;https:\\\/\\\/tjt.travelblox.eu\\\/wp-content\\\/uploads\\\/sites\\\/78\\\/2025\\\/08\\\/Blogs_featured_images-1-768x473.jpg 768w, https:\\\/\\\/tjt.travelblox.eu\\\/wp-content\\\/uploads\\\/sites\\\/78\\\/2025\\\/08\\\/Blogs_featured_images-1-300x185.jpg 300w, https:\\\/\\\/tjt.travelblox.eu\\\/wp-content\\\/uploads\\\/sites\\\/78\\\/2025\\\/08\\\/Blogs_featured_images-1-1024x630.jpg 1024w, https:\\\/\\\/tjt.travelblox.eu\\\/wp-content\\\/uploads\\\/sites\\\/78\\\/2025\\\/08\\\/Blogs_featured_images-1-18x12.jpg 18w, https:\\\/\\\/tjt.travelblox.eu\\\/wp-content\\\/uploads\\\/sites\\\/78\\\/2025\\\/08\\\/Blogs_featured_images-1.jpg 1300w&quot;}\">\t\t\t\t\t\t\t\t\t<\/figure>\n\t\t\t<\/div>\n\t\t<\/div>\n\t\t\t<div class=\"entry\">\n\t\t\t<div class=\"tb-image-part\">\n\t\t\t\t<figure>\n\t\t\t\t\t<img src='https:\/\/tjt.travelblox.eu\/wp-content\/smush-webp\/sites\/78\/2024\/01\/JT23_RoyMosterd_LR_4100343-768x1024.jpg.webp' width='768' height='1024' alt='Beduinenessen - Der Jordan Trail' srcset='https:\/\/tjt.travelblox.eu\/wp-content\/smush-webp\/sites\/78\/2024\/01\/JT23_RoyMosterd_LR_4100343-768x1024.jpg.webp 768w, https:\/\/tjt.travelblox.eu\/wp-content\/smush-webp\/sites\/78\/2024\/01\/JT23_RoyMosterd_LR_4100343-225x300.jpg.webp 225w, https:\/\/tjt.travelblox.eu\/wp-content\/smush-webp\/sites\/78\/2024\/01\/JT23_RoyMosterd_LR_4100343-1152x1536.jpg.webp 1152w, https:\/\/tjt.travelblox.eu\/wp-content\/smush-webp\/sites\/78\/2024\/01\/JT23_RoyMosterd_LR_4100343-1536x2048.jpg.webp 1536w, https:\/\/tjt.travelblox.eu\/wp-content\/smush-webp\/sites\/78\/2024\/01\/JT23_RoyMosterd_LR_4100343-9x12.jpg.webp 9w, https:\/\/tjt.travelblox.eu\/wp-content\/smush-webp\/sites\/78\/2024\/01\/JT23_RoyMosterd_LR_4100343-scaled-e1705659830617.jpg.webp 800w' sizes=\"auto, (max-width: 768px) 100vw, 768px\" loading='lazy' decoding='async' data-smush-webp-fallback=\"{&quot;src&quot;:&quot;https:\\\/\\\/tjt.travelblox.eu\\\/wp-content\\\/uploads\\\/sites\\\/78\\\/2024\\\/01\\\/JT23_RoyMosterd_LR_4100343-768x1024.jpg&quot;,&quot;srcset&quot;:&quot;https:\\\/\\\/tjt.travelblox.eu\\\/wp-content\\\/uploads\\\/sites\\\/78\\\/2024\\\/01\\\/JT23_RoyMosterd_LR_4100343-768x1024.jpg 768w, https:\\\/\\\/tjt.travelblox.eu\\\/wp-content\\\/uploads\\\/sites\\\/78\\\/2024\\\/01\\\/JT23_RoyMosterd_LR_4100343-225x300.jpg 225w, https:\\\/\\\/tjt.travelblox.eu\\\/wp-content\\\/uploads\\\/sites\\\/78\\\/2024\\\/01\\\/JT23_RoyMosterd_LR_4100343-1152x1536.jpg 1152w, https:\\\/\\\/tjt.travelblox.eu\\\/wp-content\\\/uploads\\\/sites\\\/78\\\/2024\\\/01\\\/JT23_RoyMosterd_LR_4100343-1536x2048.jpg 1536w, https:\\\/\\\/tjt.travelblox.eu\\\/wp-content\\\/uploads\\\/sites\\\/78\\\/2024\\\/01\\\/JT23_RoyMosterd_LR_4100343-9x12.jpg 9w, https:\\\/\\\/tjt.travelblox.eu\\\/wp-content\\\/uploads\\\/sites\\\/78\\\/2024\\\/01\\\/JT23_RoyMosterd_LR_4100343-scaled-e1705659830617.jpg 800w&quot;}\">\t\t\t\t\t\t\t\t\t<\/figure>\n\t\t\t<\/div>\n\t\t<\/div>\n\t\t\t<div class=\"entry\">\n\t\t\t<div class=\"tb-image-part\">\n\t\t\t\t<figure>\n\t\t\t\t\t<img src='https:\/\/tjt.travelblox.eu\/wp-content\/smush-webp\/sites\/78\/2025\/02\/TJT23_EvyVanNispen_LR-383-768x512.jpg.webp' width='768' height='512' alt='Der Jordan Trail, Petra' srcset='https:\/\/tjt.travelblox.eu\/wp-content\/smush-webp\/sites\/78\/2025\/02\/TJT23_EvyVanNispen_LR-383-768x512.jpg.webp 768w, https:\/\/tjt.travelblox.eu\/wp-content\/smush-webp\/sites\/78\/2025\/02\/TJT23_EvyVanNispen_LR-383-300x200.jpg.webp 300w, https:\/\/tjt.travelblox.eu\/wp-content\/smush-webp\/sites\/78\/2025\/02\/TJT23_EvyVanNispen_LR-383-1024x683.jpg.webp 1024w, https:\/\/tjt.travelblox.eu\/wp-content\/smush-webp\/sites\/78\/2025\/02\/TJT23_EvyVanNispen_LR-383-1536x1024.jpg.webp 1536w, https:\/\/tjt.travelblox.eu\/wp-content\/smush-webp\/sites\/78\/2025\/02\/TJT23_EvyVanNispen_LR-383-2048x1366.jpg.webp 2048w, https:\/\/tjt.travelblox.eu\/wp-content\/smush-webp\/sites\/78\/2025\/02\/TJT23_EvyVanNispen_LR-383-18x12.jpg.webp 18w' sizes=\"auto, (max-width: 768px) 100vw, 768px\" loading='lazy' decoding='async' data-smush-webp-fallback=\"{&quot;src&quot;:&quot;https:\\\/\\\/tjt.travelblox.eu\\\/wp-content\\\/uploads\\\/sites\\\/78\\\/2025\\\/02\\\/TJT23_EvyVanNispen_LR-383-768x512.jpg&quot;,&quot;srcset&quot;:&quot;https:\\\/\\\/tjt.travelblox.eu\\\/wp-content\\\/uploads\\\/sites\\\/78\\\/2025\\\/02\\\/TJT23_EvyVanNispen_LR-383-768x512.jpg 768w, https:\\\/\\\/tjt.travelblox.eu\\\/wp-content\\\/uploads\\\/sites\\\/78\\\/2025\\\/02\\\/TJT23_EvyVanNispen_LR-383-300x200.jpg 300w, https:\\\/\\\/tjt.travelblox.eu\\\/wp-content\\\/uploads\\\/sites\\\/78\\\/2025\\\/02\\\/TJT23_EvyVanNispen_LR-383-1024x683.jpg 1024w, https:\\\/\\\/tjt.travelblox.eu\\\/wp-content\\\/uploads\\\/sites\\\/78\\\/2025\\\/02\\\/TJT23_EvyVanNispen_LR-383-1536x1024.jpg 1536w, https:\\\/\\\/tjt.travelblox.eu\\\/wp-content\\\/uploads\\\/sites\\\/78\\\/2025\\\/02\\\/TJT23_EvyVanNispen_LR-383-2048x1366.jpg 2048w, https:\\\/\\\/tjt.travelblox.eu\\\/wp-content\\\/uploads\\\/sites\\\/78\\\/2025\\\/02\\\/TJT23_EvyVanNispen_LR-383-18x12.jpg 18w&quot;}\">\t\t\t\t\t\t\t\t\t<\/figure>\n\t\t\t<\/div>\n\t\t<\/div>\n\t\t\t\t\t<\/div>\n\t\t\t\t<div class=\"tb-carousel-nav\">\n\t\t<div class=\"dots\">\n\t\t\t<div class=\"dot active\"><\/div>\n\t\t\t<div class=\"dot\"><\/div>\n\t\t\t<div class=\"dot\"><\/div>\n\t\t<\/div>\n\t\t<div class=\"arrows\">\n\t\t\t<div class=\"prev disabled\">\n\t\t\t\t<span><i class=\"fa fa-chevron-left\"><\/i><\/span>\n\t\t\t<\/div>\n\t\t\t<div class=\"next\">\n\t\t\t\t<span><i class=\"fa fa-chevron-right\"><\/i><\/span>\n\t\t\t<\/div>\n\t\t<\/div>\n\t<\/div>\n\t\t\t<\/div>\n\t<\/div>\n\t\t\t\t\t<\/div>\n\t\t<\/div>\n\t<\/div>\n<\/div>\n\n\n\n<div class=\"tb-textimage2 tb-block align-left background-light pattern-none variant-image_first tb-collapsible-margins\" id=\"Concept\">\n\t<div class=\"inner-block tb-fade-in\">\n\n\t\t\n\t\t\t\t<div class=\"tb-columns\">\n\t\t\t<div class=\"tb-column\">\n\t\t\t\t<div class=\"tb-text-part\">\n\t\t\t\t\t<h2>Land und Kultur entdecken auf dem Jordan Trail<\/h2>\n\t\t\t\t\t\t<div class=\"translation-block tb-wysiwyg-part\"><p>Das Herz des Nahen Ostens: ein Land, in dem Berge, T\u00e4ler und W\u00fcsten seit Jahrhunderten Geschichten erz\u00e4hlen. Die <strong>W\u00fcste scheint endlos<\/strong> \u2013 und der <strong>Sternenhimmel<\/strong> auch.<\/p><p>Der Jordan Trail wurde von <strong>National Geographic<\/strong> als eine der absoluten <strong>Must-Do-Wanderungen der Welt<\/strong> ausgezeichnet. Er folgt einem Abschnitt der legend\u00e4ren <strong>Handelsroute<\/strong>, die sich \u00fcber mehr als <strong>800 km<\/strong> quer durch Jordanien erstreckt. Auf unseren <strong>7 t\u00e4gigen Tour<\/strong> wanderst du von <strong>Shobak nach Petra<\/strong> \u2013 durch Canyons, W\u00fcsten und weite T\u00e4ler. Unterwegs lernst du <strong>Beduinenfamilien<\/strong> kennen und \u00fcbernachtest in <strong>Beduinencamps<\/strong> auf historisch nabat\u00e4ischem Boden. Unser <strong>lokaler Guide<\/strong> <strong>Ghassab<\/strong> kennt jeden Stein auf dem Weg \u2013 und manchmal begleitet euch auch <strong>Esel Shabby<\/strong>.<\/p><\/div>\n\t\t\t\t\t\t\t\t\t\t\t<div class=\"tb-buttons-part\">\n\t\t\t\t\t\t\t\t<a href=\"#join\"  target=\"\" class=\"tb-button\">\n\t\t\tTermine und Preise\t\t<\/a>\n\t\t\t\t\t\t\t\t\t\t<a href=\"#route\"  target=\"\" class=\"tb-buttonlink\">\n\t\t\tEntdecke die Route\t\t<\/a>\n\t\t\t\t\t\t\t<\/div>\n\t\t\t\t<\/div>\n\t\t\t<\/div>\n\t\t\t<div class=\"tb-column\">\n\t\t\t\t\t\t\t\t\t\t\t\t\t\t\t<div class=\"tb-image-part\">\n\t\t\t\t\t\t\t\t\t<div class=\"inner-block-full-width has-tb-carousel tb-carousel-slider\" >\n\t\t<div class=\"tb-carousel-container\">\n\t\t\t<div class=\"entries tb-cards\" data-slider-first=\"0\">\n\t\t\t\t\t\t\t<div class=\"entry\">\n\t\t\t<div class=\"tb-image-part\">\n\t\t\t\t<figure>\n\t\t\t\t\t<img src='https:\/\/tjt.travelblox.eu\/wp-content\/smush-webp\/sites\/78\/2024\/09\/TJT23_EvyVanNispen_LR-172-768x512.jpg.webp' width='768' height='512' alt='Jordan Trail, Petra' srcset='https:\/\/tjt.travelblox.eu\/wp-content\/smush-webp\/sites\/78\/2024\/09\/TJT23_EvyVanNispen_LR-172-768x512.jpg.webp 768w, https:\/\/tjt.travelblox.eu\/wp-content\/smush-webp\/sites\/78\/2024\/09\/TJT23_EvyVanNispen_LR-172-300x200.jpg.webp 300w, https:\/\/tjt.travelblox.eu\/wp-content\/smush-webp\/sites\/78\/2024\/09\/TJT23_EvyVanNispen_LR-172-1024x683.jpg.webp 1024w, https:\/\/tjt.travelblox.eu\/wp-content\/smush-webp\/sites\/78\/2024\/09\/TJT23_EvyVanNispen_LR-172-1536x1024.jpg.webp 1536w, https:\/\/tjt.travelblox.eu\/wp-content\/smush-webp\/sites\/78\/2024\/09\/TJT23_EvyVanNispen_LR-172-2048x1366.jpg.webp 2048w, https:\/\/tjt.travelblox.eu\/wp-content\/smush-webp\/sites\/78\/2024\/09\/TJT23_EvyVanNispen_LR-172-18x12.jpg.webp 18w' sizes=\"auto, (max-width: 768px) 100vw, 768px\" loading='lazy' decoding='async' data-smush-webp-fallback=\"{&quot;src&quot;:&quot;https:\\\/\\\/tjt.travelblox.eu\\\/wp-content\\\/uploads\\\/sites\\\/78\\\/2024\\\/09\\\/TJT23_EvyVanNispen_LR-172-768x512.jpg&quot;,&quot;srcset&quot;:&quot;https:\\\/\\\/tjt.travelblox.eu\\\/wp-content\\\/uploads\\\/sites\\\/78\\\/2024\\\/09\\\/TJT23_EvyVanNispen_LR-172-768x512.jpg 768w, https:\\\/\\\/tjt.travelblox.eu\\\/wp-content\\\/uploads\\\/sites\\\/78\\\/2024\\\/09\\\/TJT23_EvyVanNispen_LR-172-300x200.jpg 300w, https:\\\/\\\/tjt.travelblox.eu\\\/wp-content\\\/uploads\\\/sites\\\/78\\\/2024\\\/09\\\/TJT23_EvyVanNispen_LR-172-1024x683.jpg 1024w, https:\\\/\\\/tjt.travelblox.eu\\\/wp-content\\\/uploads\\\/sites\\\/78\\\/2024\\\/09\\\/TJT23_EvyVanNispen_LR-172-1536x1024.jpg 1536w, https:\\\/\\\/tjt.travelblox.eu\\\/wp-content\\\/uploads\\\/sites\\\/78\\\/2024\\\/09\\\/TJT23_EvyVanNispen_LR-172-2048x1366.jpg 2048w, https:\\\/\\\/tjt.travelblox.eu\\\/wp-content\\\/uploads\\\/sites\\\/78\\\/2024\\\/09\\\/TJT23_EvyVanNispen_LR-172-18x12.jpg 18w&quot;}\">\t\t\t\t\t\t\t\t\t\t\t\t\t\t\t\t\t\t\t\t\t\t\t\t\t\t<\/figure>\n\t\t\t<\/div>\n\t\t<\/div>\n\t\t\t<div class=\"entry\">\n\t\t\t<div class=\"tb-image-part\">\n\t\t\t\t<figure>\n\t\t\t\t\t<img src='https:\/\/tjt.travelblox.eu\/wp-content\/smush-webp\/sites\/78\/2025\/08\/Blog-verticale-fotos-5-1-768x1195.jpg.webp' width='768' height='1195' alt='Gruppenreise nach Jordanien' srcset='https:\/\/tjt.travelblox.eu\/wp-content\/smush-webp\/sites\/78\/2025\/08\/Blog-verticale-fotos-5-1-768x1195.jpg.webp 768w, https:\/\/tjt.travelblox.eu\/wp-content\/smush-webp\/sites\/78\/2025\/08\/Blog-verticale-fotos-5-1-193x300.jpg.webp 193w, https:\/\/tjt.travelblox.eu\/wp-content\/smush-webp\/sites\/78\/2025\/08\/Blog-verticale-fotos-5-1-658x1024.jpg.webp 658w, https:\/\/tjt.travelblox.eu\/wp-content\/smush-webp\/sites\/78\/2025\/08\/Blog-verticale-fotos-5-1-987x1536.jpg.webp 987w, https:\/\/tjt.travelblox.eu\/wp-content\/smush-webp\/sites\/78\/2025\/08\/Blog-verticale-fotos-5-1-8x12.jpg.webp 8w, https:\/\/tjt.travelblox.eu\/wp-content\/smush-webp\/sites\/78\/2025\/08\/Blog-verticale-fotos-5-1.jpg.webp 1080w' sizes=\"auto, (max-width: 768px) 100vw, 768px\" style='object-position:50% 50%' loading='lazy' decoding='async' data-smush-webp-fallback=\"{&quot;src&quot;:&quot;https:\\\/\\\/tjt.travelblox.eu\\\/wp-content\\\/uploads\\\/sites\\\/78\\\/2025\\\/08\\\/Blog-verticale-fotos-5-1-768x1195.jpg&quot;,&quot;srcset&quot;:&quot;https:\\\/\\\/tjt.travelblox.eu\\\/wp-content\\\/uploads\\\/sites\\\/78\\\/2025\\\/08\\\/Blog-verticale-fotos-5-1-768x1195.jpg 768w, https:\\\/\\\/tjt.travelblox.eu\\\/wp-content\\\/uploads\\\/sites\\\/78\\\/2025\\\/08\\\/Blog-verticale-fotos-5-1-193x300.jpg 193w, https:\\\/\\\/tjt.travelblox.eu\\\/wp-content\\\/uploads\\\/sites\\\/78\\\/2025\\\/08\\\/Blog-verticale-fotos-5-1-658x1024.jpg 658w, https:\\\/\\\/tjt.travelblox.eu\\\/wp-content\\\/uploads\\\/sites\\\/78\\\/2025\\\/08\\\/Blog-verticale-fotos-5-1-987x1536.jpg 987w, https:\\\/\\\/tjt.travelblox.eu\\\/wp-content\\\/uploads\\\/sites\\\/78\\\/2025\\\/08\\\/Blog-verticale-fotos-5-1-8x12.jpg 8w, https:\\\/\\\/tjt.travelblox.eu\\\/wp-content\\\/uploads\\\/sites\\\/78\\\/2025\\\/08\\\/Blog-verticale-fotos-5-1.jpg 1080w&quot;}\">\t\t\t\t\t\t\t\t\t\t\t\t\t\t\t\t\t\t\t\t\t\t\t\t\t\t<\/figure>\n\t\t\t<\/div>\n\t\t<\/div>\n\t\t\t<div class=\"entry\">\n\t\t\t<div class=\"tb-image-part\">\n\t\t\t\t<figure>\n\t\t\t\t\t<img src='https:\/\/tjt.travelblox.eu\/wp-content\/smush-webp\/sites\/78\/2024\/01\/JORDANTRAIL-209-768x513.jpg.webp' width='768' height='513' alt='Jordan Trail, Petra' srcset='https:\/\/tjt.travelblox.eu\/wp-content\/smush-webp\/sites\/78\/2024\/01\/JORDANTRAIL-209-768x513.jpg.webp 768w, https:\/\/tjt.travelblox.eu\/wp-content\/smush-webp\/sites\/78\/2024\/01\/JORDANTRAIL-209-300x200.jpg.webp 300w, https:\/\/tjt.travelblox.eu\/wp-content\/smush-webp\/sites\/78\/2024\/01\/JORDANTRAIL-209-1024x684.jpg.webp 1024w, https:\/\/tjt.travelblox.eu\/wp-content\/smush-webp\/sites\/78\/2024\/01\/JORDANTRAIL-209-1536x1025.jpg.webp 1536w, https:\/\/tjt.travelblox.eu\/wp-content\/smush-webp\/sites\/78\/2024\/01\/JORDANTRAIL-209-2048x1367.jpg.webp 2048w, https:\/\/tjt.travelblox.eu\/wp-content\/smush-webp\/sites\/78\/2024\/01\/JORDANTRAIL-209-18x12.jpg.webp 18w, https:\/\/tjt.travelblox.eu\/wp-content\/smush-webp\/sites\/78\/2024\/01\/JORDANTRAIL-209-scaled-e1705659460731.jpg.webp 800w' sizes=\"auto, (max-width: 768px) 100vw, 768px\" loading='lazy' decoding='async' data-smush-webp-fallback=\"{&quot;src&quot;:&quot;https:\\\/\\\/tjt.travelblox.eu\\\/wp-content\\\/uploads\\\/sites\\\/78\\\/2024\\\/01\\\/JORDANTRAIL-209-768x513.jpg&quot;,&quot;srcset&quot;:&quot;https:\\\/\\\/tjt.travelblox.eu\\\/wp-content\\\/uploads\\\/sites\\\/78\\\/2024\\\/01\\\/JORDANTRAIL-209-768x513.jpg 768w, https:\\\/\\\/tjt.travelblox.eu\\\/wp-content\\\/uploads\\\/sites\\\/78\\\/2024\\\/01\\\/JORDANTRAIL-209-300x200.jpg 300w, https:\\\/\\\/tjt.travelblox.eu\\\/wp-content\\\/uploads\\\/sites\\\/78\\\/2024\\\/01\\\/JORDANTRAIL-209-1024x684.jpg 1024w, https:\\\/\\\/tjt.travelblox.eu\\\/wp-content\\\/uploads\\\/sites\\\/78\\\/2024\\\/01\\\/JORDANTRAIL-209-1536x1025.jpg 1536w, https:\\\/\\\/tjt.travelblox.eu\\\/wp-content\\\/uploads\\\/sites\\\/78\\\/2024\\\/01\\\/JORDANTRAIL-209-2048x1367.jpg 2048w, https:\\\/\\\/tjt.travelblox.eu\\\/wp-content\\\/uploads\\\/sites\\\/78\\\/2024\\\/01\\\/JORDANTRAIL-209-18x12.jpg 18w, https:\\\/\\\/tjt.travelblox.eu\\\/wp-content\\\/uploads\\\/sites\\\/78\\\/2024\\\/01\\\/JORDANTRAIL-209-scaled-e1705659460731.jpg 800w&quot;}\">\t\t\t\t\t\t\t\t\t\t\t\t\t\t\t\t\t\t\t\t\t\t\t\t\t\t<\/figure>\n\t\t\t<\/div>\n\t\t<\/div>\n\t\t\t\t\t<\/div>\n\t\t\t\t<div class=\"tb-carousel-nav\">\n\t\t<div class=\"dots\">\n\t\t\t<div class=\"dot active\"><\/div>\n\t\t\t<div class=\"dot\"><\/div>\n\t\t\t<div class=\"dot\"><\/div>\n\t\t<\/div>\n\t\t<div class=\"arrows\">\n\t\t\t<div class=\"prev disabled\">\n\t\t\t\t<span><i class=\"fa fa-chevron-left\"><\/i><\/span>\n\t\t\t<\/div>\n\t\t\t<div class=\"next\">\n\t\t\t\t<span><i class=\"fa fa-chevron-right\"><\/i><\/span>\n\t\t\t<\/div>\n\t\t<\/div>\n\t<\/div>\n\t\t\t<\/div>\n\t<\/div>\n\t\t\t\t\t\t\t\t<\/div>\n\t\t\t\t\t\t\t\t\t\t\t\t<\/div>\n\t\t<\/div>\n\t<\/div>\n<\/div>\n\n\n<div class=\"tb-dayschedule tb-block align-center background-dark pattern-none variant-none tb-collapsible-margins\" id=\"route\">\n\n\t<div class=\"inner-block tb-fade-in tb-fade-in--subtle\">\n\t\t<div class=\"text-part\">\n\t\t\t<h2>Die Route: Shobak nach Petra<\/h2>\n\t\t\t\t<div class=\"translation-block\"><p>Auf dem Weg nach Petra erwarten dich <strong>5 Tagesetappen<\/strong> mit durchschnittlich <strong>15\u201316 km pro Tag<\/strong>. Du wanderst auf historischen Handelswegen, begegnest Beduinen und erkundest eine der bekanntesten Regionen Jordaniens. Die genauen Routen werden von unseren Guides je nach Wetterbedingungen angepasst.<\/p><\/div>\n\t\t\t\t\t\t\t\t\t\t\t\t\t<\/div>\n\t<\/div>\n\t\t\t<div class=\"tb-sections\">\n\t\t\t\t\t\t\t\t\t\t\t\t\t<div class=\"inner-block-full-width has-tb-carousel tb-section\" id=\"route-section-0\">\n\t\t<div class=\"tb-carousel-container\">\n\t\t\t<div class=\"entries tb-cards\" data-slider-first=\"1\">\n\t\t\t\t\t\t\t\t\t\t\t\t\t\t\t<div class=\"tb-card entry tb-popup-trigger tb-unfold-on-hover\">\n\t\t\t\t\t\t\t<div class=\"tb-image-part\">\n\t\t\t\t\t\t\t\t<div class=\"tag\">\n\t\t\t\t\t\t\t\t\t<div>Tag 1<\/div>\n\t\t\t\t\t\t\t\t<\/div>\n\n\t\t\t\t\t\t\t\t<img src='https:\/\/tjt.travelblox.eu\/wp-content\/smush-webp\/sites\/78\/2024\/01\/theJordanTrail-7448-scaled-e1705666560909-768x998.jpg.webp' width='768' height='998' alt='Amman Jordanien' srcset='' sizes=\"auto, (max-width: 768px) 100vw, 768px\" loading='lazy' decoding='async' data-srcset=\"\" data-smush-webp-fallback=\"{&quot;src&quot;:&quot;https:\\\/\\\/tjt.travelblox.eu\\\/wp-content\\\/uploads\\\/sites\\\/78\\\/2024\\\/01\\\/theJordanTrail-7448-scaled-e1705666560909-768x998.jpg&quot;}\">\t\t\t\t\t\t\t<\/div>\n\t\t\t\t\t\t\t<div class=\"tb-card-bottom-wrapper\">\n\t\t\t\t\t\t\t\t<div class=\"tb-card-bottom\">\n\n\t\t\t\t\t\t\t\t\t<span class=\"tb-card-bottom__title\">\n\t\t\t\t\t\t\t\t\t\t<span class=\"tb-card-bottom__place\">\n\t\t\t\t\t\t\t\t\t\t\tAnkunft in Amman\t\t\t\t\t\t\t\t\t\t\t\t\t\t\t\t\t\t\t\t\t<\/span>\n\n\t\t\t\t\t\t\t\t\t<\/span>\n\t\t\t\t\t\t\t\t\t<div class=\"tb-card-bottom__content\">\n\t\t\t\t\t\t\t\t\t\t<div>\n\t\t\t\t\t\t\t\t\t\t\t\t\t\t\t\t\t\t\t\t\t\t\t\t\t\t\t<i class=\"icon fa-solid fa-bed fa-fw\" aria-hidden=\"true\"><\/i>\n\t\t\t  \t\t\t\t\t\t\t\t\t\t\t\t\t\t\t\t\t\t\t\t\t<\/div>\n\t\t\t\t\t\t\t\t\t<\/div>\n\t\t\t\t\t\t\t\t\t<div class=\"tb-card-bottom__teaser tb-unfold-on-hover__content\" data-no-translation>\n\t\t\t\t\t\t\t\t\t\t\t\t\t\t\t\t\t\t\t\t\t\t\t\t\t\t\t\t\t\tDu kommst am Flughafen Amman an. Hast du den Shuttle gebucht? Dann warten unsere Guides bereits in d&#8230; <span class=\"link\">Mehr lesen<\/span>\t\t\t\t\t\t\t\t\t<\/div>\n\t\t\t\t\t\t\t\t<\/div>\n\n\t\t\t\t\t\t\t<\/div>\n\t\t\t\t\t\t\t<dialog class=\"tb-popup tb-popup-with-padding tb-dayschedule-popup-wrapper\">\n\t\t\t\t\t\t\t\t<div class=\"tb-dayschedule-popup\">\n\t\t\t\t\t\t\t\t\t<h4>\n\t\t\t\t\t\t\t\t\t\t\t\t\t\t\t\t\t\t\t\t\t\t\t\t\t\t\t\t\t\t\t<div>\n\t\t\t\t\t\t\t\t\t\t\t\t\t\t\t\t\t\t\t\t\t\t\t\t\tAnkunft\t\t\t\t\t\t\t\t\t\t\t\t\t\t\t\t\t\t\t\t\t\t\t\t\t\t\t\t\t\t\t\t\t\t\t\t\t\t\t\t\t\t\t\t\t\t\t\t\t\t\t<i class=\"icon fa-solid fa-arrow-right\"><\/i> Amman\t\t\t\t\t\t\t\t\t\t\t\t\t\t\t\t\t\t\t\t\t\t\t\t\t\t\t\t\t\t\t\t\t\t\t\t<\/div>\n\t\t\t\t\t\t\t\t\t\t\t\t\t\t\t\t\t\t\t<\/h4>\n\t\t\t\t\t\t\t\t\t<div class=\"tb-columns\">\n\t\t\t\t\t\t\t\t\t\t<div class=\"tb-column tb-column--text\">\n\t\t\t\t\t\t\t\t\t\t\t<div class=\"text-part\">\n\t\t\t\t\t\t\t\t\t\t\t\t\t\t\t\t\t\t\t\t\t\t\t\t\t<div class=\"tb-dayschedule-popup__icons\">\n\t\t\t\t\t\t\t\t\t\t\t\t\t\t\t\t\t\t\t\t\t\t\t\t\t\t\t\t\t\t\t\t\t\t\t\t\t\t\t\t\t\t\t<div class=\"tb-dayschedule-popup__icon\">\n\t\t\t\t\t\t\t\t\t\t\t\t\t\t\t\t\t\t\t\t<i class=\"icon fa-solid fa-bed fa-fw\" aria-hidden=\"true\"><\/i>\n\t\t\t\t\t\t\t\t\t\t\t\t\t\t\t\t\t\t\t<span>\n\t\t\t\t\t\t\t\t\t\t\t\t\t\t\t\t\t \t\t\t\t\t\t\t\t\t\t\t\t\t\t\t\t<\/span>\n\t\t\t\t\t\t\t\t\t\t\t\t\t\t\t<\/div>\n\t\t\t\t\t\t\t\t\t\t\t\t\t\t\t\t\t\t\t\t\t\t\t\t\t\t\t<\/div>\n\t\t\t\t\t\t\t\t\t\t\t\t\n\t\t\t\t\t\t\t\t\t\t\t\t\n\t\t\t\t\t\t\t\t\t\t\t\t<div>\n\t\t\t\t\t\t\t\t\t\t\t\t\t<strong>Tag 1<\/strong>\n\t\t\t\t\t\t\t\t\t\t\t\t\t\t<div class=\"translation-block\"><p>Du kommst am Flughafen Amman an. Hast du den <strong>Shuttle gebucht<\/strong>? Dann warten unsere Guides bereits in der Ankunftshalle auf dich und bringen dich direkt zum <strong>Hotel in<\/strong> <strong>Madaba<\/strong>. Zeit zum Ankommen und Ausruhen \u2013 denn am n\u00e4chsten Morgen brechen wir fr\u00fch zum Startpunkt des Trails auf!<\/p><\/div>\n\t\t\t\t\t\t\t\t\t\t\t\t\t<\/div>\n\n\n\t\t\t\t\t\t\t\t\t\t\t<\/div>\n\t\t\t\t\t\t\t\t\t\t<\/div>\n\t\t\t\t\t\t\t\t\t\t<div class=\"tb-column tb-column--image\">\n\n\t\t\t\t\t\t\t\t\t\t\t<div class=\"tb-image-part\">\n\t\t\t\t\t\t\t\t\t\t\t\t<img src='https:\/\/tjt.travelblox.eu\/wp-content\/smush-webp\/sites\/78\/2024\/01\/theJordanTrail-7448-scaled-e1705666560909-788x1024.jpg.webp' width='788' height='1024' alt='Amman Jordanien' srcset='' sizes=\"auto, (max-width: 788px) 100vw, 788px\" loading='lazy' decoding='async' data-srcset=\"\" data-smush-webp-fallback=\"{&quot;src&quot;:&quot;https:\\\/\\\/tjt.travelblox.eu\\\/wp-content\\\/uploads\\\/sites\\\/78\\\/2024\\\/01\\\/theJordanTrail-7448-scaled-e1705666560909-788x1024.jpg&quot;}\">\t\t\t\t\t\t\t\t\t\t\t<\/div>\n\t\t\t\t\t\t\t\t\t\t<\/div>\n\t\t\t\t\t\t\t\t\t<\/div>\n\t\t\t\t\t\t\t\t\t\t<div class=\"tb-popup-nav\">\n\t\t<a href=\"#\" class=\"tb-buttonlink-with-icon tb-buttonlink-with-arrow icon-first tb-popup-previous\">\n\t\t\t<i class=\"icon fa fa-chevron-left\"><\/i>\n\t\t\t<span>Vorheriger Tag<\/span>\n\t\t<\/a>\n\t\t<a href=\"#\" class=\"tb-buttonlink-with-icon tb-buttonlink-with-arrow tb-popup-next\">\n\t\t\t<span>N\u00e4chster Tag<\/span>\n\t\t\t<i class=\"icon fa fa-chevron-right\"><\/i>\n\t\t<\/a>\n\t<\/div>\n\t\n\t\t\t\t\t\t\t\t<\/div>\n\t\t\t\t\t\t\t<\/dialog>\n\t\t\t\t\t\t<\/div>\n\t\t\t\t\t\t\t\t\t\t\t<div class=\"tb-card entry tb-popup-trigger tb-unfold-on-hover\">\n\t\t\t\t\t\t\t<div class=\"tb-image-part\">\n\t\t\t\t\t\t\t\t<div class=\"tag\">\n\t\t\t\t\t\t\t\t\t<div>Tag 2<\/div>\n\t\t\t\t\t\t\t\t<\/div>\n\n\t\t\t\t\t\t\t\t<img src='https:\/\/tjt.travelblox.eu\/wp-content\/smush-webp\/sites\/78\/2024\/09\/TJT23_EvyVanNispen_LR-89-min-768x512.jpg.webp' width='768' height='512' alt='Jordan Trail, Petra' srcset='https:\/\/tjt.travelblox.eu\/wp-content\/smush-webp\/sites\/78\/2024\/09\/TJT23_EvyVanNispen_LR-89-min-768x512.jpg.webp 768w, https:\/\/tjt.travelblox.eu\/wp-content\/smush-webp\/sites\/78\/2024\/09\/TJT23_EvyVanNispen_LR-89-min-300x200.jpg.webp 300w, https:\/\/tjt.travelblox.eu\/wp-content\/smush-webp\/sites\/78\/2024\/09\/TJT23_EvyVanNispen_LR-89-min-1024x683.jpg.webp 1024w, https:\/\/tjt.travelblox.eu\/wp-content\/smush-webp\/sites\/78\/2024\/09\/TJT23_EvyVanNispen_LR-89-min-1536x1024.jpg.webp 1536w, https:\/\/tjt.travelblox.eu\/wp-content\/smush-webp\/sites\/78\/2024\/09\/TJT23_EvyVanNispen_LR-89-min-2048x1366.jpg.webp 2048w, https:\/\/tjt.travelblox.eu\/wp-content\/smush-webp\/sites\/78\/2024\/09\/TJT23_EvyVanNispen_LR-89-min-18x12.jpg.webp 18w' sizes=\"auto, (max-width: 768px) 100vw, 768px\" loading='lazy' decoding='async' data-smush-webp-fallback=\"{&quot;src&quot;:&quot;https:\\\/\\\/tjt.travelblox.eu\\\/wp-content\\\/uploads\\\/sites\\\/78\\\/2024\\\/09\\\/TJT23_EvyVanNispen_LR-89-min-768x512.jpg&quot;,&quot;srcset&quot;:&quot;https:\\\/\\\/tjt.travelblox.eu\\\/wp-content\\\/uploads\\\/sites\\\/78\\\/2024\\\/09\\\/TJT23_EvyVanNispen_LR-89-min-768x512.jpg 768w, https:\\\/\\\/tjt.travelblox.eu\\\/wp-content\\\/uploads\\\/sites\\\/78\\\/2024\\\/09\\\/TJT23_EvyVanNispen_LR-89-min-300x200.jpg 300w, https:\\\/\\\/tjt.travelblox.eu\\\/wp-content\\\/uploads\\\/sites\\\/78\\\/2024\\\/09\\\/TJT23_EvyVanNispen_LR-89-min-1024x683.jpg 1024w, https:\\\/\\\/tjt.travelblox.eu\\\/wp-content\\\/uploads\\\/sites\\\/78\\\/2024\\\/09\\\/TJT23_EvyVanNispen_LR-89-min-1536x1024.jpg 1536w, https:\\\/\\\/tjt.travelblox.eu\\\/wp-content\\\/uploads\\\/sites\\\/78\\\/2024\\\/09\\\/TJT23_EvyVanNispen_LR-89-min-2048x1366.jpg 2048w, https:\\\/\\\/tjt.travelblox.eu\\\/wp-content\\\/uploads\\\/sites\\\/78\\\/2024\\\/09\\\/TJT23_EvyVanNispen_LR-89-min-18x12.jpg 18w&quot;}\">\t\t\t\t\t\t\t<\/div>\n\t\t\t\t\t\t\t<div class=\"tb-card-bottom-wrapper\">\n\t\t\t\t\t\t\t\t<div class=\"tb-card-bottom\">\n\n\t\t\t\t\t\t\t\t\t<span class=\"tb-card-bottom__title\">\n\t\t\t\t\t\t\t\t\t\t<span class=\"tb-card-bottom__place\">\n\t\t\t\t\t\t\t\t\t\t\tAmman\t\t\t\t\t\t\t\t\t\t\t\t\t\t\t\t\t\t\t\t\t\t\t&#8211; Wadi Feynan\t\t\t\t\t\t\t\t\t\t\t\t\t\t\t\t\t\t\t\t\t<\/span>\n\n\t\t\t\t\t\t\t\t\t<\/span>\n\t\t\t\t\t\t\t\t\t<div class=\"tb-card-bottom__content\">\n\t\t\t\t\t\t\t\t\t\t<div>\n\t\t\t\t\t\t\t\t\t\t\t\t\t\t\t\t\t\t\t\t\t\t\t\t\t\t\t<i class=\"icon fa-solid fa-tent fa-fw\" aria-hidden=\"true\"><\/i>\n\t\t\t 17 km\t\t\t\t\t\t\t\t\t\t\t\t\t\t\t\t\t\t\t\t\t<\/div>\n\t\t\t\t\t\t\t\t\t<\/div>\n\t\t\t\t\t\t\t\t\t<div class=\"tb-card-bottom__teaser tb-unfold-on-hover__content\" data-no-translation>\n\t\t\t\t\t\t\t\t\t\t\t\t\t\t\t\t\t\t\t\t\t\t\t\t\t\t\t\t\t\tHeute Morgen bringt dich der Bus vom Hotel zum Startpunkt in Shobak. Von dort steigen wir hinab in d&#8230; <span class=\"link\">Mehr lesen<\/span>\t\t\t\t\t\t\t\t\t<\/div>\n\t\t\t\t\t\t\t\t<\/div>\n\n\t\t\t\t\t\t\t<\/div>\n\t\t\t\t\t\t\t<dialog class=\"tb-popup tb-popup-with-padding tb-dayschedule-popup-wrapper\">\n\t\t\t\t\t\t\t\t<div class=\"tb-dayschedule-popup\">\n\t\t\t\t\t\t\t\t\t<h4>\n\t\t\t\t\t\t\t\t\t\t\t\t\t\t\t\t\t\t\t\t\t\t\t\t\t\t\t\t\t\t\t<div>\n\t\t\t\t\t\t\t\t\t\t\t\t\t\t\t\t\t\t\t\t\t\t\t\t\tAmman\t\t\t\t\t\t\t\t\t\t\t\t\t\t\t\t\t\t\t\t\t\t\t\t\t\t\t\t\t\t\t\t\t\t\t\t\t\t\t\t\t\t\t\t\t\t\t\t\t\t\t<i class=\"icon fa-solid fa-arrow-right\"><\/i> Wadi Feynan\t\t\t\t\t\t\t\t\t\t\t\t\t\t\t\t\t\t\t\t\t\t\t\t\t\t\t\t\t\t\t\t\t\t\t\t<\/div>\n\t\t\t\t\t\t\t\t\t\t\t\t\t\t\t\t\t\t\t<\/h4>\n\t\t\t\t\t\t\t\t\t<div class=\"tb-columns\">\n\t\t\t\t\t\t\t\t\t\t<div class=\"tb-column tb-column--text\">\n\t\t\t\t\t\t\t\t\t\t\t<div class=\"text-part\">\n\t\t\t\t\t\t\t\t\t\t\t\t\t\t\t\t\t\t\t\t\t\t\t\t\t<div class=\"tb-dayschedule-popup__icons\">\n\t\t\t\t\t\t\t\t\t\t\t\t\t\t\t\t\t\t\t\t\t\t\t\t\t\t\t\t\t\t\t\t\t\t\t\t\t\t\t\t\t\t\t<div class=\"tb-dayschedule-popup__icon\">\n\t\t\t\t\t\t\t\t\t\t\t\t\t\t\t\t\t\t\t\t<i class=\"icon fa-solid fa-tent fa-fw\" aria-hidden=\"true\"><\/i>\n\t\t\t\t\t\t\t\t\t\t\t\t\t\t\t\t\t\t\t<span>\n\t\t\t\t\t\t\t\t\t\t\t\t\t\t\t\t\t17 km\t\t\t\t\t\t\t\t\t\t\t\t\t\t\t\t<\/span>\n\t\t\t\t\t\t\t\t\t\t\t\t\t\t\t<\/div>\n\t\t\t\t\t\t\t\t\t\t\t\t\t\t\t\t\t\t\t\t\t\t\t\t\t\t\t<\/div>\n\t\t\t\t\t\t\t\t\t\t\t\t\n\t\t\t\t\t\t\t\t\t\t\t\t\n\t\t\t\t\t\t\t\t\t\t\t\t<div>\n\t\t\t\t\t\t\t\t\t\t\t\t\t<strong>Tag 2<\/strong>\n\t\t\t\t\t\t\t\t\t\t\t\t\t\t<div class=\"translation-block\"><p>Heute Morgen bringt dich der Bus vom Hotel zum Startpunkt in <strong>Shobak<\/strong>. Von dort steigen wir hinab in die <strong>Wadi Ghuweir<\/strong> \u2013 eine Schlucht mit farbigen Sandsteinfelsen, wo du \u00fcber Felsen kletterst und durch Wasser watest. Pack robuste Wassersandalen oder alte Sportschuhe ein \u2013 die brauchst du hier.<\/p><p>Weiter unten \u00f6ffnet sich das Tal: Olivenb\u00e4ume, wilde Kr\u00e4uter, gr\u00fcne Vegetation. Und dann, fast unvermittelt, stehst du am Rand der W\u00fcste. Hier schlagen wir unser erstes Camp auf.<\/p><p><strong>17 km | \u2193 800 m<\/strong><\/p><\/div>\n\t\t\t\t\t\t\t\t\t\t\t\t\t<\/div>\n\n\n\t\t\t\t\t\t\t\t\t\t\t<\/div>\n\t\t\t\t\t\t\t\t\t\t<\/div>\n\t\t\t\t\t\t\t\t\t\t<div class=\"tb-column tb-column--image\">\n\n\t\t\t\t\t\t\t\t\t\t\t<div class=\"tb-image-part\">\n\t\t\t\t\t\t\t\t\t\t\t\t\t\t<div class=\"inner-block-full-width has-tb-carousel tb-carousel-slider\" >\n\t\t<div class=\"tb-carousel-container\">\n\t\t\t<div class=\"entries tb-cards\" data-slider-first=\"0\">\n\t\t\t\t\t\t\t<div class=\"entry\">\n\t\t\t<div class=\"tb-image-part\">\n\t\t\t\t<figure>\n\t\t\t\t\t<img src='https:\/\/tjt.travelblox.eu\/wp-content\/smush-webp\/sites\/78\/2024\/09\/TJT23_EvyVanNispen_LR-89-min-1024x683.jpg.webp' width='1024' height='683' alt='Jordan Trail, Petra' srcset='https:\/\/tjt.travelblox.eu\/wp-content\/smush-webp\/sites\/78\/2024\/09\/TJT23_EvyVanNispen_LR-89-min-1024x683.jpg.webp 1024w, https:\/\/tjt.travelblox.eu\/wp-content\/smush-webp\/sites\/78\/2024\/09\/TJT23_EvyVanNispen_LR-89-min-300x200.jpg.webp 300w, https:\/\/tjt.travelblox.eu\/wp-content\/smush-webp\/sites\/78\/2024\/09\/TJT23_EvyVanNispen_LR-89-min-768x512.jpg.webp 768w, https:\/\/tjt.travelblox.eu\/wp-content\/smush-webp\/sites\/78\/2024\/09\/TJT23_EvyVanNispen_LR-89-min-1536x1024.jpg.webp 1536w, https:\/\/tjt.travelblox.eu\/wp-content\/smush-webp\/sites\/78\/2024\/09\/TJT23_EvyVanNispen_LR-89-min-2048x1366.jpg.webp 2048w, https:\/\/tjt.travelblox.eu\/wp-content\/smush-webp\/sites\/78\/2024\/09\/TJT23_EvyVanNispen_LR-89-min-18x12.jpg.webp 18w' sizes=\"auto, (max-width: 1024px) 100vw, 1024px\" loading='lazy' decoding='async' data-smush-webp-fallback=\"{&quot;src&quot;:&quot;https:\\\/\\\/tjt.travelblox.eu\\\/wp-content\\\/uploads\\\/sites\\\/78\\\/2024\\\/09\\\/TJT23_EvyVanNispen_LR-89-min-1024x683.jpg&quot;,&quot;srcset&quot;:&quot;https:\\\/\\\/tjt.travelblox.eu\\\/wp-content\\\/uploads\\\/sites\\\/78\\\/2024\\\/09\\\/TJT23_EvyVanNispen_LR-89-min-1024x683.jpg 1024w, https:\\\/\\\/tjt.travelblox.eu\\\/wp-content\\\/uploads\\\/sites\\\/78\\\/2024\\\/09\\\/TJT23_EvyVanNispen_LR-89-min-300x200.jpg 300w, https:\\\/\\\/tjt.travelblox.eu\\\/wp-content\\\/uploads\\\/sites\\\/78\\\/2024\\\/09\\\/TJT23_EvyVanNispen_LR-89-min-768x512.jpg 768w, https:\\\/\\\/tjt.travelblox.eu\\\/wp-content\\\/uploads\\\/sites\\\/78\\\/2024\\\/09\\\/TJT23_EvyVanNispen_LR-89-min-1536x1024.jpg 1536w, https:\\\/\\\/tjt.travelblox.eu\\\/wp-content\\\/uploads\\\/sites\\\/78\\\/2024\\\/09\\\/TJT23_EvyVanNispen_LR-89-min-2048x1366.jpg 2048w, https:\\\/\\\/tjt.travelblox.eu\\\/wp-content\\\/uploads\\\/sites\\\/78\\\/2024\\\/09\\\/TJT23_EvyVanNispen_LR-89-min-18x12.jpg 18w&quot;}\">\t\t\t\t\t\t\t\t\t<\/figure>\n\t\t\t<\/div>\n\t\t<\/div>\n\t\t\t<div class=\"entry\">\n\t\t\t<div class=\"tb-image-part\">\n\t\t\t\t<figure>\n\t\t\t\t\t<img src='https:\/\/tjt.travelblox.eu\/wp-content\/smush-webp\/sites\/78\/2024\/01\/TJT23_EvyVanNispen_LR-112-683x1024.jpg.webp' width='683' height='1024' alt='Jordan Trail, Petra, Wadi Feynan' srcset='' sizes=\"auto, (max-width: 683px) 100vw, 683px\" loading='lazy' decoding='async' data-srcset=\"\" data-smush-webp-fallback=\"{&quot;src&quot;:&quot;https:\\\/\\\/tjt.travelblox.eu\\\/wp-content\\\/uploads\\\/sites\\\/78\\\/2024\\\/01\\\/TJT23_EvyVanNispen_LR-112-683x1024.jpg&quot;}\">\t\t\t\t\t\t\t\t\t<\/figure>\n\t\t\t<\/div>\n\t\t<\/div>\n\t\t\t<div class=\"entry\">\n\t\t\t<div class=\"tb-image-part\">\n\t\t\t\t<figure>\n\t\t\t\t\t<img src='https:\/\/tjt.travelblox.eu\/wp-content\/smush-webp\/sites\/78\/2024\/09\/TJT23_EvyVanNispen_LR-114-min-1024x683.jpg.webp' width='1024' height='683' alt='Jordan Trail, Petra, Wadi Feynan' srcset='https:\/\/tjt.travelblox.eu\/wp-content\/smush-webp\/sites\/78\/2024\/09\/TJT23_EvyVanNispen_LR-114-min-1024x683.jpg.webp 1024w, https:\/\/tjt.travelblox.eu\/wp-content\/smush-webp\/sites\/78\/2024\/09\/TJT23_EvyVanNispen_LR-114-min-300x200.jpg.webp 300w, https:\/\/tjt.travelblox.eu\/wp-content\/smush-webp\/sites\/78\/2024\/09\/TJT23_EvyVanNispen_LR-114-min-768x512.jpg.webp 768w, https:\/\/tjt.travelblox.eu\/wp-content\/smush-webp\/sites\/78\/2024\/09\/TJT23_EvyVanNispen_LR-114-min-1536x1024.jpg.webp 1536w, https:\/\/tjt.travelblox.eu\/wp-content\/smush-webp\/sites\/78\/2024\/09\/TJT23_EvyVanNispen_LR-114-min-2048x1366.jpg.webp 2048w, https:\/\/tjt.travelblox.eu\/wp-content\/smush-webp\/sites\/78\/2024\/09\/TJT23_EvyVanNispen_LR-114-min-18x12.jpg.webp 18w' sizes=\"auto, (max-width: 1024px) 100vw, 1024px\" loading='lazy' decoding='async' data-smush-webp-fallback=\"{&quot;src&quot;:&quot;https:\\\/\\\/tjt.travelblox.eu\\\/wp-content\\\/uploads\\\/sites\\\/78\\\/2024\\\/09\\\/TJT23_EvyVanNispen_LR-114-min-1024x683.jpg&quot;,&quot;srcset&quot;:&quot;https:\\\/\\\/tjt.travelblox.eu\\\/wp-content\\\/uploads\\\/sites\\\/78\\\/2024\\\/09\\\/TJT23_EvyVanNispen_LR-114-min-1024x683.jpg 1024w, https:\\\/\\\/tjt.travelblox.eu\\\/wp-content\\\/uploads\\\/sites\\\/78\\\/2024\\\/09\\\/TJT23_EvyVanNispen_LR-114-min-300x200.jpg 300w, https:\\\/\\\/tjt.travelblox.eu\\\/wp-content\\\/uploads\\\/sites\\\/78\\\/2024\\\/09\\\/TJT23_EvyVanNispen_LR-114-min-768x512.jpg 768w, https:\\\/\\\/tjt.travelblox.eu\\\/wp-content\\\/uploads\\\/sites\\\/78\\\/2024\\\/09\\\/TJT23_EvyVanNispen_LR-114-min-1536x1024.jpg 1536w, https:\\\/\\\/tjt.travelblox.eu\\\/wp-content\\\/uploads\\\/sites\\\/78\\\/2024\\\/09\\\/TJT23_EvyVanNispen_LR-114-min-2048x1366.jpg 2048w, https:\\\/\\\/tjt.travelblox.eu\\\/wp-content\\\/uploads\\\/sites\\\/78\\\/2024\\\/09\\\/TJT23_EvyVanNispen_LR-114-min-18x12.jpg 18w&quot;}\">\t\t\t\t\t\t\t\t\t<\/figure>\n\t\t\t<\/div>\n\t\t<\/div>\n\t\t\t<div class=\"entry\">\n\t\t\t<div class=\"tb-image-part\">\n\t\t\t\t<figure>\n\t\t\t\t\t<img src='https:\/\/tjt.travelblox.eu\/wp-content\/smush-webp\/sites\/78\/2024\/01\/theJordanTrail-2349-1024x683.jpg.webp' width='1024' height='683' alt='Jordan Trail, Petra' srcset='' sizes=\"auto, (max-width: 1024px) 100vw, 1024px\" loading='lazy' decoding='async' data-srcset=\"\" data-smush-webp-fallback=\"{&quot;src&quot;:&quot;https:\\\/\\\/tjt.travelblox.eu\\\/wp-content\\\/uploads\\\/sites\\\/78\\\/2024\\\/01\\\/theJordanTrail-2349-1024x683.jpg&quot;}\">\t\t\t\t\t\t\t\t\t<\/figure>\n\t\t\t<\/div>\n\t\t<\/div>\n\t\t\t\t\t<\/div>\n\t\t\t\t<div class=\"tb-carousel-nav\">\n\t\t<div class=\"dots\">\n\t\t\t<div class=\"dot active\"><\/div>\n\t\t\t<div class=\"dot\"><\/div>\n\t\t\t<div class=\"dot\"><\/div>\n\t\t<\/div>\n\t\t<div class=\"arrows\">\n\t\t\t<div class=\"prev disabled\">\n\t\t\t\t<span><i class=\"fa fa-chevron-left\"><\/i><\/span>\n\t\t\t<\/div>\n\t\t\t<div class=\"next\">\n\t\t\t\t<span><i class=\"fa fa-chevron-right\"><\/i><\/span>\n\t\t\t<\/div>\n\t\t<\/div>\n\t<\/div>\n\t\t\t<\/div>\n\t<\/div>\n\t\t\t\t\t\t\t\t\t\t\t\t\t<\/div>\n\t\t\t\t\t\t\t\t\t\t<\/div>\n\t\t\t\t\t\t\t\t\t<\/div>\n\t\t\t\t\t\t\t\t\t\t<div class=\"tb-popup-nav\">\n\t\t<a href=\"#\" class=\"tb-buttonlink-with-icon tb-buttonlink-with-arrow icon-first tb-popup-previous\">\n\t\t\t<i class=\"icon fa fa-chevron-left\"><\/i>\n\t\t\t<span>Vorheriger Tag<\/span>\n\t\t<\/a>\n\t\t<a href=\"#\" class=\"tb-buttonlink-with-icon tb-buttonlink-with-arrow tb-popup-next\">\n\t\t\t<span>N\u00e4chster Tag<\/span>\n\t\t\t<i class=\"icon fa fa-chevron-right\"><\/i>\n\t\t<\/a>\n\t<\/div>\n\t\n\t\t\t\t\t\t\t\t<\/div>\n\t\t\t\t\t\t\t<\/dialog>\n\t\t\t\t\t\t<\/div>\n\t\t\t\t\t\t\t\t\t\t\t<div class=\"tb-card entry tb-popup-trigger tb-unfold-on-hover\">\n\t\t\t\t\t\t\t<div class=\"tb-image-part\">\n\t\t\t\t\t\t\t\t<div class=\"tag\">\n\t\t\t\t\t\t\t\t\t<div>Tag 3<\/div>\n\t\t\t\t\t\t\t\t<\/div>\n\n\t\t\t\t\t\t\t\t<img src='https:\/\/tjt.travelblox.eu\/wp-content\/smush-webp\/sites\/78\/2024\/01\/DSC03596-768x512.jpg.webp' width='768' height='512' alt='Jordan Trail, Petra, Teletat Al-Sofor' srcset='https:\/\/tjt.travelblox.eu\/wp-content\/smush-webp\/sites\/78\/2024\/01\/DSC03596-768x512.jpg.webp 768w, https:\/\/tjt.travelblox.eu\/wp-content\/smush-webp\/sites\/78\/2024\/01\/DSC03596-300x200.jpg.webp 300w, https:\/\/tjt.travelblox.eu\/wp-content\/smush-webp\/sites\/78\/2024\/01\/DSC03596-18x12.jpg.webp 18w, https:\/\/tjt.travelblox.eu\/wp-content\/smush-webp\/sites\/78\/2024\/01\/DSC03596-e1705667146488.jpg.webp 800w' sizes=\"auto, (max-width: 768px) 100vw, 768px\" loading='lazy' decoding='async' data-smush-webp-fallback=\"{&quot;src&quot;:&quot;https:\\\/\\\/tjt.travelblox.eu\\\/wp-content\\\/uploads\\\/sites\\\/78\\\/2024\\\/01\\\/DSC03596-768x512.jpg&quot;,&quot;srcset&quot;:&quot;https:\\\/\\\/tjt.travelblox.eu\\\/wp-content\\\/uploads\\\/sites\\\/78\\\/2024\\\/01\\\/DSC03596-768x512.jpg 768w, https:\\\/\\\/tjt.travelblox.eu\\\/wp-content\\\/uploads\\\/sites\\\/78\\\/2024\\\/01\\\/DSC03596-300x200.jpg 300w, https:\\\/\\\/tjt.travelblox.eu\\\/wp-content\\\/uploads\\\/sites\\\/78\\\/2024\\\/01\\\/DSC03596-18x12.jpg 18w, https:\\\/\\\/tjt.travelblox.eu\\\/wp-content\\\/uploads\\\/sites\\\/78\\\/2024\\\/01\\\/DSC03596-e1705667146488.jpg 800w&quot;}\">\t\t\t\t\t\t\t<\/div>\n\t\t\t\t\t\t\t<div class=\"tb-card-bottom-wrapper\">\n\t\t\t\t\t\t\t\t<div class=\"tb-card-bottom\">\n\n\t\t\t\t\t\t\t\t\t<span class=\"tb-card-bottom__title\">\n\t\t\t\t\t\t\t\t\t\t<span class=\"tb-card-bottom__place\">\n\t\t\t\t\t\t\t\t\t\t\tWadi Feynan\t\t\t\t\t\t\t\t\t\t\t\t\t\t\t\t\t\t\t\t\t\t\t&#8211; Teletat Al-Sofor\t\t\t\t\t\t\t\t\t\t\t\t\t\t\t\t\t\t\t\t\t<\/span>\n\n\t\t\t\t\t\t\t\t\t<\/span>\n\t\t\t\t\t\t\t\t\t<div class=\"tb-card-bottom__content\">\n\t\t\t\t\t\t\t\t\t\t<div>\n\t\t\t\t\t\t\t\t\t\t\t\t\t\t\t\t\t\t\t\t\t\t\t\t\t\t\t<i class=\"icon fa-solid fa-tent fa-fw\" aria-hidden=\"true\"><\/i>\n\t\t\t 17 km\t\t\t\t\t\t\t\t\t\t\t\t\t\t\t\t\t\t\t\t\t<\/div>\n\t\t\t\t\t\t\t\t\t<\/div>\n\t\t\t\t\t\t\t\t\t<div class=\"tb-card-bottom__teaser tb-unfold-on-hover__content\" data-no-translation>\n\t\t\t\t\t\t\t\t\t\t\t\t\t\t\t\t\t\t\t\t\t\t\t\t\t\t\t\t\t\tHeute wanderst du durch die schwarze W\u00fcste \u2013 eine Landschaft aus dunklem Vulkangestein, die sich deu&#8230; <span class=\"link\">Mehr lesen<\/span>\t\t\t\t\t\t\t\t\t<\/div>\n\t\t\t\t\t\t\t\t<\/div>\n\n\t\t\t\t\t\t\t<\/div>\n\t\t\t\t\t\t\t<dialog class=\"tb-popup tb-popup-with-padding tb-dayschedule-popup-wrapper\">\n\t\t\t\t\t\t\t\t<div class=\"tb-dayschedule-popup\">\n\t\t\t\t\t\t\t\t\t<h4>\n\t\t\t\t\t\t\t\t\t\t\t\t\t\t\t\t\t\t\t\t\t\t\t\t\t\t\t\t\t\t\t<div>\n\t\t\t\t\t\t\t\t\t\t\t\t\t\t\t\t\t\t\t\t\t\t\t\t\tWadi Feynan\t\t\t\t\t\t\t\t\t\t\t\t\t\t\t\t\t\t\t\t\t\t\t\t\t\t\t\t\t\t\t\t\t\t\t\t\t\t\t\t\t\t\t\t\t\t\t\t\t\t\t<i class=\"icon fa-solid fa-arrow-right\"><\/i> Teletat Al-Sofor\t\t\t\t\t\t\t\t\t\t\t\t\t\t\t\t\t\t\t\t\t\t\t\t\t\t\t\t\t\t\t\t\t\t\t\t<\/div>\n\t\t\t\t\t\t\t\t\t\t\t\t\t\t\t\t\t\t\t<\/h4>\n\t\t\t\t\t\t\t\t\t<div class=\"tb-columns\">\n\t\t\t\t\t\t\t\t\t\t<div class=\"tb-column tb-column--text\">\n\t\t\t\t\t\t\t\t\t\t\t<div class=\"text-part\">\n\t\t\t\t\t\t\t\t\t\t\t\t\t\t\t\t\t\t\t\t\t\t\t\t\t<div class=\"tb-dayschedule-popup__icons\">\n\t\t\t\t\t\t\t\t\t\t\t\t\t\t\t\t\t\t\t\t\t\t\t\t\t\t\t\t\t\t\t\t\t\t\t\t\t\t\t\t\t\t\t<div class=\"tb-dayschedule-popup__icon\">\n\t\t\t\t\t\t\t\t\t\t\t\t\t\t\t\t\t\t\t\t<i class=\"icon fa-solid fa-tent fa-fw\" aria-hidden=\"true\"><\/i>\n\t\t\t\t\t\t\t\t\t\t\t\t\t\t\t\t\t\t\t<span>\n\t\t\t\t\t\t\t\t\t\t\t\t\t\t\t\t\t17 km\t\t\t\t\t\t\t\t\t\t\t\t\t\t\t\t<\/span>\n\t\t\t\t\t\t\t\t\t\t\t\t\t\t\t<\/div>\n\t\t\t\t\t\t\t\t\t\t\t\t\t\t\t\t\t\t\t\t\t\t\t\t\t\t\t<\/div>\n\t\t\t\t\t\t\t\t\t\t\t\t\n\t\t\t\t\t\t\t\t\t\t\t\t\n\t\t\t\t\t\t\t\t\t\t\t\t<div>\n\t\t\t\t\t\t\t\t\t\t\t\t\t<strong>Tag 3<\/strong>\n\t\t\t\t\t\t\t\t\t\t\t\t\t\t<div class=\"translation-block\"><p>Heute wanderst du durch die <strong>schwarze W\u00fcste<\/strong> \u2013 eine Landschaft aus dunklem Vulkangestein, die sich deutlich von gestern unterscheidet. Von <strong>Wadi Feynan<\/strong> geht es \u00fcber wellige H\u00fcgel zum <strong>Wadi Abu Sakakeen Canyon<\/strong>, bevor das Tal sich \u00f6ffnet und die Vegetation pl\u00f6tzlich gr\u00fcner wird.<\/p><p>Im letzten Teil des Tages wirst du mit weiten Aussichten \u00fcber die W\u00fcste belohnt. Du erreichst das Plateau von <strong>Teletat Al-Sofor<\/strong> \u2013 genau zur richtigen Zeit f\u00fcr den Sonnenuntergang. Hier schlagen wir das Camp auf.<\/p><p><strong>17 km | \u2191 1.000 m | \u2193 300 m<\/strong><\/p><\/div>\n\t\t\t\t\t\t\t\t\t\t\t\t\t<\/div>\n\n\n\t\t\t\t\t\t\t\t\t\t\t<\/div>\n\t\t\t\t\t\t\t\t\t\t<\/div>\n\t\t\t\t\t\t\t\t\t\t<div class=\"tb-column tb-column--image\">\n\n\t\t\t\t\t\t\t\t\t\t\t<div class=\"tb-image-part\">\n\t\t\t\t\t\t\t\t\t\t\t\t\t\t<div class=\"inner-block-full-width has-tb-carousel tb-carousel-slider\" >\n\t\t<div class=\"tb-carousel-container\">\n\t\t\t<div class=\"entries tb-cards\" data-slider-first=\"0\">\n\t\t\t\t\t\t\t<div class=\"entry\">\n\t\t\t<div class=\"tb-image-part\">\n\t\t\t\t<figure>\n\t\t\t\t\t<img src='https:\/\/tjt.travelblox.eu\/wp-content\/smush-webp\/sites\/78\/2024\/01\/DSC03596-e1705667146488.jpg.webp' width='800' height='534' alt='Jordan Trail, Petra, Teletat Al-Sofor' loading='lazy' decoding='async' data-smush-webp-fallback='{&quot;src&quot;:&quot;https:\\\/\\\/tjt.travelblox.eu\\\/wp-content\\\/uploads\\\/sites\\\/78\\\/2024\\\/01\\\/DSC03596-e1705667146488.jpg&quot;}'>\t\t\t\t\t\t\t\t\t<\/figure>\n\t\t\t<\/div>\n\t\t<\/div>\n\t\t\t<div class=\"entry\">\n\t\t\t<div class=\"tb-image-part\">\n\t\t\t\t<figure>\n\t\t\t\t\t<img src='https:\/\/tjt.travelblox.eu\/wp-content\/smush-webp\/sites\/78\/2024\/01\/theJordanTrail-3117-1024x683.jpg.webp' width='1024' height='683' alt='Jordan Trail, Petra, Teletat Al-Sofor' srcset='' sizes=\"auto, (max-width: 1024px) 100vw, 1024px\" loading='lazy' decoding='async' data-srcset=\"\" data-smush-webp-fallback=\"{&quot;src&quot;:&quot;https:\\\/\\\/tjt.travelblox.eu\\\/wp-content\\\/uploads\\\/sites\\\/78\\\/2024\\\/01\\\/theJordanTrail-3117-1024x683.jpg&quot;}\">\t\t\t\t\t\t\t\t\t<\/figure>\n\t\t\t<\/div>\n\t\t<\/div>\n\t\t\t<div class=\"entry\">\n\t\t\t<div class=\"tb-image-part\">\n\t\t\t\t<figure>\n\t\t\t\t\t<img src='https:\/\/tjt.travelblox.eu\/wp-content\/smush-webp\/sites\/78\/2024\/09\/2024_0329_17022700-1-1024x683.jpg.webp' width='1024' height='683' alt='Jordan Trail, Petra, Teletat Al-Sofor' srcset='https:\/\/tjt.travelblox.eu\/wp-content\/smush-webp\/sites\/78\/2024\/09\/2024_0329_17022700-1-1024x683.jpg.webp 1024w, https:\/\/tjt.travelblox.eu\/wp-content\/smush-webp\/sites\/78\/2024\/09\/2024_0329_17022700-1-300x200.jpg.webp 300w, https:\/\/tjt.travelblox.eu\/wp-content\/smush-webp\/sites\/78\/2024\/09\/2024_0329_17022700-1-768x512.jpg.webp 768w, https:\/\/tjt.travelblox.eu\/wp-content\/smush-webp\/sites\/78\/2024\/09\/2024_0329_17022700-1-1536x1024.jpg.webp 1536w, https:\/\/tjt.travelblox.eu\/wp-content\/smush-webp\/sites\/78\/2024\/09\/2024_0329_17022700-1-18x12.jpg.webp 18w, https:\/\/tjt.travelblox.eu\/wp-content\/smush-webp\/sites\/78\/2024\/09\/2024_0329_17022700-1.jpg.webp 1776w' sizes=\"auto, (max-width: 1024px) 100vw, 1024px\" loading='lazy' decoding='async' data-smush-webp-fallback=\"{&quot;src&quot;:&quot;https:\\\/\\\/tjt.travelblox.eu\\\/wp-content\\\/uploads\\\/sites\\\/78\\\/2024\\\/09\\\/2024_0329_17022700-1-1024x683.jpg&quot;,&quot;srcset&quot;:&quot;https:\\\/\\\/tjt.travelblox.eu\\\/wp-content\\\/uploads\\\/sites\\\/78\\\/2024\\\/09\\\/2024_0329_17022700-1-1024x683.jpg 1024w, https:\\\/\\\/tjt.travelblox.eu\\\/wp-content\\\/uploads\\\/sites\\\/78\\\/2024\\\/09\\\/2024_0329_17022700-1-300x200.jpg 300w, https:\\\/\\\/tjt.travelblox.eu\\\/wp-content\\\/uploads\\\/sites\\\/78\\\/2024\\\/09\\\/2024_0329_17022700-1-768x512.jpg 768w, https:\\\/\\\/tjt.travelblox.eu\\\/wp-content\\\/uploads\\\/sites\\\/78\\\/2024\\\/09\\\/2024_0329_17022700-1-1536x1024.jpg 1536w, https:\\\/\\\/tjt.travelblox.eu\\\/wp-content\\\/uploads\\\/sites\\\/78\\\/2024\\\/09\\\/2024_0329_17022700-1-18x12.jpg 18w, https:\\\/\\\/tjt.travelblox.eu\\\/wp-content\\\/uploads\\\/sites\\\/78\\\/2024\\\/09\\\/2024_0329_17022700-1.jpg 1776w&quot;}\">\t\t\t\t\t\t\t\t\t<\/figure>\n\t\t\t<\/div>\n\t\t<\/div>\n\t\t\t\t\t<\/div>\n\t\t\t\t<div class=\"tb-carousel-nav\">\n\t\t<div class=\"dots\">\n\t\t\t<div class=\"dot active\"><\/div>\n\t\t\t<div class=\"dot\"><\/div>\n\t\t\t<div class=\"dot\"><\/div>\n\t\t<\/div>\n\t\t<div class=\"arrows\">\n\t\t\t<div class=\"prev disabled\">\n\t\t\t\t<span><i class=\"fa fa-chevron-left\"><\/i><\/span>\n\t\t\t<\/div>\n\t\t\t<div class=\"next\">\n\t\t\t\t<span><i class=\"fa fa-chevron-right\"><\/i><\/span>\n\t\t\t<\/div>\n\t\t<\/div>\n\t<\/div>\n\t\t\t<\/div>\n\t<\/div>\n\t\t\t\t\t\t\t\t\t\t\t\t\t<\/div>\n\t\t\t\t\t\t\t\t\t\t<\/div>\n\t\t\t\t\t\t\t\t\t<\/div>\n\t\t\t\t\t\t\t\t\t\t<div class=\"tb-popup-nav\">\n\t\t<a href=\"#\" class=\"tb-buttonlink-with-icon tb-buttonlink-with-arrow icon-first tb-popup-previous\">\n\t\t\t<i class=\"icon fa fa-chevron-left\"><\/i>\n\t\t\t<span>Vorheriger Tag<\/span>\n\t\t<\/a>\n\t\t<a href=\"#\" class=\"tb-buttonlink-with-icon tb-buttonlink-with-arrow tb-popup-next\">\n\t\t\t<span>N\u00e4chster Tag<\/span>\n\t\t\t<i class=\"icon fa fa-chevron-right\"><\/i>\n\t\t<\/a>\n\t<\/div>\n\t\n\t\t\t\t\t\t\t\t<\/div>\n\t\t\t\t\t\t\t<\/dialog>\n\t\t\t\t\t\t<\/div>\n\t\t\t\t\t\t\t\t\t\t\t<div class=\"tb-card entry tb-popup-trigger tb-unfold-on-hover\">\n\t\t\t\t\t\t\t<div class=\"tb-image-part\">\n\t\t\t\t\t\t\t\t<div class=\"tag\">\n\t\t\t\t\t\t\t\t\t<div>Tag 4<\/div>\n\t\t\t\t\t\t\t\t<\/div>\n\n\t\t\t\t\t\t\t\t<img src='https:\/\/tjt.travelblox.eu\/wp-content\/smush-webp\/sites\/78\/2024\/01\/theJordanTrail-4734-768x512.jpg.webp' width='768' height='512' alt='Jordan Trail, Petra, Um Ratam' srcset='https:\/\/tjt.travelblox.eu\/wp-content\/smush-webp\/sites\/78\/2024\/01\/theJordanTrail-4734-768x512.jpg.webp 768w, https:\/\/tjt.travelblox.eu\/wp-content\/smush-webp\/sites\/78\/2024\/01\/theJordanTrail-4734-300x200.jpg.webp 300w, https:\/\/tjt.travelblox.eu\/wp-content\/smush-webp\/sites\/78\/2024\/01\/theJordanTrail-4734-1024x683.jpg.webp 1024w, https:\/\/tjt.travelblox.eu\/wp-content\/smush-webp\/sites\/78\/2024\/01\/theJordanTrail-4734-1536x1024.jpg.webp 1536w, https:\/\/tjt.travelblox.eu\/wp-content\/smush-webp\/sites\/78\/2024\/01\/theJordanTrail-4734-2048x1365.jpg.webp 2048w, https:\/\/tjt.travelblox.eu\/wp-content\/smush-webp\/sites\/78\/2024\/01\/theJordanTrail-4734-18x12.jpg.webp 18w, https:\/\/tjt.travelblox.eu\/wp-content\/smush-webp\/sites\/78\/2024\/01\/theJordanTrail-4734-scaled-e1705667610942.jpg.webp 800w' sizes=\"auto, (max-width: 768px) 100vw, 768px\" loading='lazy' decoding='async' data-smush-webp-fallback=\"{&quot;src&quot;:&quot;https:\\\/\\\/tjt.travelblox.eu\\\/wp-content\\\/uploads\\\/sites\\\/78\\\/2024\\\/01\\\/theJordanTrail-4734-768x512.jpg&quot;,&quot;srcset&quot;:&quot;https:\\\/\\\/tjt.travelblox.eu\\\/wp-content\\\/uploads\\\/sites\\\/78\\\/2024\\\/01\\\/theJordanTrail-4734-768x512.jpg 768w, https:\\\/\\\/tjt.travelblox.eu\\\/wp-content\\\/uploads\\\/sites\\\/78\\\/2024\\\/01\\\/theJordanTrail-4734-300x200.jpg 300w, https:\\\/\\\/tjt.travelblox.eu\\\/wp-content\\\/uploads\\\/sites\\\/78\\\/2024\\\/01\\\/theJordanTrail-4734-1024x683.jpg 1024w, https:\\\/\\\/tjt.travelblox.eu\\\/wp-content\\\/uploads\\\/sites\\\/78\\\/2024\\\/01\\\/theJordanTrail-4734-1536x1024.jpg 1536w, https:\\\/\\\/tjt.travelblox.eu\\\/wp-content\\\/uploads\\\/sites\\\/78\\\/2024\\\/01\\\/theJordanTrail-4734-2048x1365.jpg 2048w, https:\\\/\\\/tjt.travelblox.eu\\\/wp-content\\\/uploads\\\/sites\\\/78\\\/2024\\\/01\\\/theJordanTrail-4734-18x12.jpg 18w, https:\\\/\\\/tjt.travelblox.eu\\\/wp-content\\\/uploads\\\/sites\\\/78\\\/2024\\\/01\\\/theJordanTrail-4734-scaled-e1705667610942.jpg 800w&quot;}\">\t\t\t\t\t\t\t<\/div>\n\t\t\t\t\t\t\t<div class=\"tb-card-bottom-wrapper\">\n\t\t\t\t\t\t\t\t<div class=\"tb-card-bottom\">\n\n\t\t\t\t\t\t\t\t\t<span class=\"tb-card-bottom__title\">\n\t\t\t\t\t\t\t\t\t\t<span class=\"tb-card-bottom__place\">\n\t\t\t\t\t\t\t\t\t\t\tTeletat Al-Sofor &#8211; Um Ratam\t\t\t\t\t\t\t\t\t\t\t\t\t\t\t\t\t\t\t\t\t<\/span>\n\n\t\t\t\t\t\t\t\t\t<\/span>\n\t\t\t\t\t\t\t\t\t<div class=\"tb-card-bottom__content\">\n\t\t\t\t\t\t\t\t\t\t<div>\n\t\t\t\t\t\t\t\t\t\t\t\t\t\t\t\t\t\t\t\t\t\t\t\t\t\t\t<i class=\"icon fa-solid fa-tent fa-fw\" aria-hidden=\"true\"><\/i>\n\t\t\t 16 km\t\t\t\t\t\t\t\t\t\t\t\t\t\t\t\t\t\t\t\t\t<\/div>\n\t\t\t\t\t\t\t\t\t<\/div>\n\t\t\t\t\t\t\t\t\t<div class=\"tb-card-bottom__teaser tb-unfold-on-hover__content\" data-no-translation>\n\t\t\t\t\t\t\t\t\t\t\t\t\t\t\t\t\t\t\t\t\t\t\t\t\t\t\t\t\t\tHeute wanderst du durch das Wadi Musa \u2013 das \u201eTal des Moses&#8221;. Der Legende nach schlug Moses hier Wass&#8230; <span class=\"link\">Mehr lesen<\/span>\t\t\t\t\t\t\t\t\t<\/div>\n\t\t\t\t\t\t\t\t<\/div>\n\n\t\t\t\t\t\t\t<\/div>\n\t\t\t\t\t\t\t<dialog class=\"tb-popup tb-popup-with-padding tb-dayschedule-popup-wrapper\">\n\t\t\t\t\t\t\t\t<div class=\"tb-dayschedule-popup\">\n\t\t\t\t\t\t\t\t\t<h4>\n\t\t\t\t\t\t\t\t\t\t\t\t\t\t\t\t\t\t\t\t\t\t\t\t\t\t\t\t\t\t\t<div>\n\t\t\t\t\t\t\t\t\t\t\t\t\t\t\t\t\t\t\t\t\t\t\t\t\tTeletat Al-Sofor\t\t\t\t\t\t\t\t\t\t\t\t\t\t\t\t\t\t\t\t\t\t\t\t\t\t\t\t\t\t\t\t\t\t\t\t\t\t\t\t\t\t\t\t\t\t\t\t\t\t\t<i class=\"icon fa-solid fa-arrow-right\"><\/i> Um Ratam\t\t\t\t\t\t\t\t\t\t\t\t\t\t\t\t\t\t\t\t\t\t\t\t\t\t\t\t\t\t\t\t\t\t\t\t<\/div>\n\t\t\t\t\t\t\t\t\t\t\t\t\t\t\t\t\t\t\t<\/h4>\n\t\t\t\t\t\t\t\t\t<div class=\"tb-columns\">\n\t\t\t\t\t\t\t\t\t\t<div class=\"tb-column tb-column--text\">\n\t\t\t\t\t\t\t\t\t\t\t<div class=\"text-part\">\n\t\t\t\t\t\t\t\t\t\t\t\t\t\t\t\t\t\t\t\t\t\t\t\t\t<div class=\"tb-dayschedule-popup__icons\">\n\t\t\t\t\t\t\t\t\t\t\t\t\t\t\t\t\t\t\t\t\t\t\t\t\t\t\t\t\t\t\t\t\t\t\t\t\t\t\t\t\t\t\t<div class=\"tb-dayschedule-popup__icon\">\n\t\t\t\t\t\t\t\t\t\t\t\t\t\t\t\t\t\t\t\t<i class=\"icon fa-solid fa-tent fa-fw\" aria-hidden=\"true\"><\/i>\n\t\t\t\t\t\t\t\t\t\t\t\t\t\t\t\t\t\t\t<span>\n\t\t\t\t\t\t\t\t\t\t\t\t\t\t\t\t\t16 km\t\t\t\t\t\t\t\t\t\t\t\t\t\t\t\t<\/span>\n\t\t\t\t\t\t\t\t\t\t\t\t\t\t\t<\/div>\n\t\t\t\t\t\t\t\t\t\t\t\t\t\t\t\t\t\t\t\t\t\t\t\t\t\t\t<\/div>\n\t\t\t\t\t\t\t\t\t\t\t\t\n\t\t\t\t\t\t\t\t\t\t\t\t\n\t\t\t\t\t\t\t\t\t\t\t\t<div>\n\t\t\t\t\t\t\t\t\t\t\t\t\t<strong>Tag 4<\/strong>\n\t\t\t\t\t\t\t\t\t\t\t\t\t\t<div class=\"translation-block\"><p>Heute wanderst du durch das <strong>Wadi Musa<\/strong> \u2013 das \u201eTal des Moses\". Der Legende nach schlug Moses hier Wasser aus den Felsen f\u00fcr sein Volk. Der Weg wechselt zwischen T\u00e4lern und Schluchten, immer wieder mit Blick auf \u00dcberreste aus der <strong>r\u00f6mischen Zeit<\/strong>: Bew\u00e4sserungskan\u00e4le und Aqu\u00e4dukte, die das trockene Land einst fruchtbar machten.<\/p><p>Die Etappe endet bei den \u00dcberresten einer alten <strong>nabat\u00e4ischen Siedlung<\/strong> \u2013 unser Camp f\u00fcr die Nacht.<\/p><p><strong>16 km | \u2191 700 m | \u2193 500 m<\/strong><\/p><\/div>\n\t\t\t\t\t\t\t\t\t\t\t\t\t<\/div>\n\n\n\t\t\t\t\t\t\t\t\t\t\t<\/div>\n\t\t\t\t\t\t\t\t\t\t<\/div>\n\t\t\t\t\t\t\t\t\t\t<div class=\"tb-column tb-column--image\">\n\n\t\t\t\t\t\t\t\t\t\t\t<div class=\"tb-image-part\">\n\t\t\t\t\t\t\t\t\t\t\t\t\t\t<div class=\"inner-block-full-width has-tb-carousel tb-carousel-slider\" >\n\t\t<div class=\"tb-carousel-container\">\n\t\t\t<div class=\"entries tb-cards\" data-slider-first=\"0\">\n\t\t\t\t\t\t\t<div class=\"entry\">\n\t\t\t<div class=\"tb-image-part\">\n\t\t\t\t<figure>\n\t\t\t\t\t<img src='https:\/\/tjt.travelblox.eu\/wp-content\/smush-webp\/sites\/78\/2024\/01\/theJordanTrail-4734-1024x683.jpg.webp' width='1024' height='683' alt='Jordan Trail, Petra, Um Ratam' srcset='' sizes=\"auto, (max-width: 1024px) 100vw, 1024px\" loading='lazy' decoding='async' data-srcset=\"\" data-smush-webp-fallback=\"{&quot;src&quot;:&quot;https:\\\/\\\/tjt.travelblox.eu\\\/wp-content\\\/uploads\\\/sites\\\/78\\\/2024\\\/01\\\/theJordanTrail-4734-1024x683.jpg&quot;}\">\t\t\t\t\t\t\t\t\t<\/figure>\n\t\t\t<\/div>\n\t\t<\/div>\n\t\t\t<div class=\"entry\">\n\t\t\t<div class=\"tb-image-part\">\n\t\t\t\t<figure>\n\t\t\t\t\t<img src='https:\/\/tjt.travelblox.eu\/wp-content\/smush-webp\/sites\/78\/2024\/09\/TJT23_EvyVanNispen_LR-256-min-1024x683.jpg.webp' width='1024' height='683' alt='Jordan Trail, Petra, Um Ratam' srcset='https:\/\/tjt.travelblox.eu\/wp-content\/smush-webp\/sites\/78\/2024\/09\/TJT23_EvyVanNispen_LR-256-min-1024x683.jpg.webp 1024w, https:\/\/tjt.travelblox.eu\/wp-content\/smush-webp\/sites\/78\/2024\/09\/TJT23_EvyVanNispen_LR-256-min-300x200.jpg.webp 300w, https:\/\/tjt.travelblox.eu\/wp-content\/smush-webp\/sites\/78\/2024\/09\/TJT23_EvyVanNispen_LR-256-min-768x512.jpg.webp 768w, https:\/\/tjt.travelblox.eu\/wp-content\/smush-webp\/sites\/78\/2024\/09\/TJT23_EvyVanNispen_LR-256-min-1536x1024.jpg.webp 1536w, https:\/\/tjt.travelblox.eu\/wp-content\/smush-webp\/sites\/78\/2024\/09\/TJT23_EvyVanNispen_LR-256-min-2048x1366.jpg.webp 2048w, https:\/\/tjt.travelblox.eu\/wp-content\/smush-webp\/sites\/78\/2024\/09\/TJT23_EvyVanNispen_LR-256-min-18x12.jpg.webp 18w' sizes=\"auto, (max-width: 1024px) 100vw, 1024px\" loading='lazy' decoding='async' data-smush-webp-fallback=\"{&quot;src&quot;:&quot;https:\\\/\\\/tjt.travelblox.eu\\\/wp-content\\\/uploads\\\/sites\\\/78\\\/2024\\\/09\\\/TJT23_EvyVanNispen_LR-256-min-1024x683.jpg&quot;,&quot;srcset&quot;:&quot;https:\\\/\\\/tjt.travelblox.eu\\\/wp-content\\\/uploads\\\/sites\\\/78\\\/2024\\\/09\\\/TJT23_EvyVanNispen_LR-256-min-1024x683.jpg 1024w, https:\\\/\\\/tjt.travelblox.eu\\\/wp-content\\\/uploads\\\/sites\\\/78\\\/2024\\\/09\\\/TJT23_EvyVanNispen_LR-256-min-300x200.jpg 300w, https:\\\/\\\/tjt.travelblox.eu\\\/wp-content\\\/uploads\\\/sites\\\/78\\\/2024\\\/09\\\/TJT23_EvyVanNispen_LR-256-min-768x512.jpg 768w, https:\\\/\\\/tjt.travelblox.eu\\\/wp-content\\\/uploads\\\/sites\\\/78\\\/2024\\\/09\\\/TJT23_EvyVanNispen_LR-256-min-1536x1024.jpg 1536w, https:\\\/\\\/tjt.travelblox.eu\\\/wp-content\\\/uploads\\\/sites\\\/78\\\/2024\\\/09\\\/TJT23_EvyVanNispen_LR-256-min-2048x1366.jpg 2048w, https:\\\/\\\/tjt.travelblox.eu\\\/wp-content\\\/uploads\\\/sites\\\/78\\\/2024\\\/09\\\/TJT23_EvyVanNispen_LR-256-min-18x12.jpg 18w&quot;}\">\t\t\t\t\t\t\t\t\t<\/figure>\n\t\t\t<\/div>\n\t\t<\/div>\n\t\t\t<div class=\"entry\">\n\t\t\t<div class=\"tb-image-part\">\n\t\t\t\t<figure>\n\t\t\t\t\t<img src='https:\/\/tjt.travelblox.eu\/wp-content\/smush-webp\/sites\/78\/2024\/01\/theJordanTrail-2776-1024x683.jpg.webp' width='1024' height='683' alt='Jordan Trail, Petra, Um Ratam' srcset='' sizes=\"auto, (max-width: 1024px) 100vw, 1024px\" loading='lazy' decoding='async' data-srcset=\"\" data-smush-webp-fallback=\"{&quot;src&quot;:&quot;https:\\\/\\\/tjt.travelblox.eu\\\/wp-content\\\/uploads\\\/sites\\\/78\\\/2024\\\/01\\\/theJordanTrail-2776-1024x683.jpg&quot;}\">\t\t\t\t\t\t\t\t\t<\/figure>\n\t\t\t<\/div>\n\t\t<\/div>\n\t\t\t\t\t<\/div>\n\t\t\t\t<div class=\"tb-carousel-nav\">\n\t\t<div class=\"dots\">\n\t\t\t<div class=\"dot active\"><\/div>\n\t\t\t<div class=\"dot\"><\/div>\n\t\t\t<div class=\"dot\"><\/div>\n\t\t<\/div>\n\t\t<div class=\"arrows\">\n\t\t\t<div class=\"prev disabled\">\n\t\t\t\t<span><i class=\"fa fa-chevron-left\"><\/i><\/span>\n\t\t\t<\/div>\n\t\t\t<div class=\"next\">\n\t\t\t\t<span><i class=\"fa fa-chevron-right\"><\/i><\/span>\n\t\t\t<\/div>\n\t\t<\/div>\n\t<\/div>\n\t\t\t<\/div>\n\t<\/div>\n\t\t\t\t\t\t\t\t\t\t\t\t\t<\/div>\n\t\t\t\t\t\t\t\t\t\t<\/div>\n\t\t\t\t\t\t\t\t\t<\/div>\n\t\t\t\t\t\t\t\t\t\t<div class=\"tb-popup-nav\">\n\t\t<a href=\"#\" class=\"tb-buttonlink-with-icon tb-buttonlink-with-arrow icon-first tb-popup-previous\">\n\t\t\t<i class=\"icon fa fa-chevron-left\"><\/i>\n\t\t\t<span>Vorheriger Tag<\/span>\n\t\t<\/a>\n\t\t<a href=\"#\" class=\"tb-buttonlink-with-icon tb-buttonlink-with-arrow tb-popup-next\">\n\t\t\t<span>N\u00e4chster Tag<\/span>\n\t\t\t<i class=\"icon fa fa-chevron-right\"><\/i>\n\t\t<\/a>\n\t<\/div>\n\t\n\t\t\t\t\t\t\t\t<\/div>\n\t\t\t\t\t\t\t<\/dialog>\n\t\t\t\t\t\t<\/div>\n\t\t\t\t\t\t\t\t\t\t\t<div class=\"tb-card entry tb-popup-trigger tb-unfold-on-hover\">\n\t\t\t\t\t\t\t<div class=\"tb-image-part\">\n\t\t\t\t\t\t\t\t<div class=\"tag\">\n\t\t\t\t\t\t\t\t\t<div>Tag 5<\/div>\n\t\t\t\t\t\t\t\t<\/div>\n\n\t\t\t\t\t\t\t\t<img src='https:\/\/tjt.travelblox.eu\/wp-content\/smush-webp\/sites\/78\/2024\/09\/JORDANTRAIL-105-1-768x1150.jpg.webp' width='768' height='1150' alt='Jordan Trail, Petra, Wadi Musa' srcset='https:\/\/tjt.travelblox.eu\/wp-content\/smush-webp\/sites\/78\/2024\/09\/JORDANTRAIL-105-1-768x1150.jpg.webp 768w, https:\/\/tjt.travelblox.eu\/wp-content\/smush-webp\/sites\/78\/2024\/09\/JORDANTRAIL-105-1-200x300.jpg.webp 200w, https:\/\/tjt.travelblox.eu\/wp-content\/smush-webp\/sites\/78\/2024\/09\/JORDANTRAIL-105-1-684x1024.jpg.webp 684w, https:\/\/tjt.travelblox.eu\/wp-content\/smush-webp\/sites\/78\/2024\/09\/JORDANTRAIL-105-1-1026x1536.jpg.webp 1026w, https:\/\/tjt.travelblox.eu\/wp-content\/smush-webp\/sites\/78\/2024\/09\/JORDANTRAIL-105-1-1368x2048.jpg.webp 1368w, https:\/\/tjt.travelblox.eu\/wp-content\/smush-webp\/sites\/78\/2024\/09\/JORDANTRAIL-105-1-8x12.jpg.webp 8w, https:\/\/tjt.travelblox.eu\/wp-content\/smush-webp\/sites\/78\/2024\/09\/JORDANTRAIL-105-1-scaled.jpg.webp 1710w' sizes=\"auto, (max-width: 768px) 100vw, 768px\" loading='lazy' decoding='async' data-smush-webp-fallback=\"{&quot;src&quot;:&quot;https:\\\/\\\/tjt.travelblox.eu\\\/wp-content\\\/uploads\\\/sites\\\/78\\\/2024\\\/09\\\/JORDANTRAIL-105-1-768x1150.jpg&quot;,&quot;srcset&quot;:&quot;https:\\\/\\\/tjt.travelblox.eu\\\/wp-content\\\/uploads\\\/sites\\\/78\\\/2024\\\/09\\\/JORDANTRAIL-105-1-768x1150.jpg 768w, https:\\\/\\\/tjt.travelblox.eu\\\/wp-content\\\/uploads\\\/sites\\\/78\\\/2024\\\/09\\\/JORDANTRAIL-105-1-200x300.jpg 200w, https:\\\/\\\/tjt.travelblox.eu\\\/wp-content\\\/uploads\\\/sites\\\/78\\\/2024\\\/09\\\/JORDANTRAIL-105-1-684x1024.jpg 684w, https:\\\/\\\/tjt.travelblox.eu\\\/wp-content\\\/uploads\\\/sites\\\/78\\\/2024\\\/09\\\/JORDANTRAIL-105-1-1026x1536.jpg 1026w, https:\\\/\\\/tjt.travelblox.eu\\\/wp-content\\\/uploads\\\/sites\\\/78\\\/2024\\\/09\\\/JORDANTRAIL-105-1-1368x2048.jpg 1368w, https:\\\/\\\/tjt.travelblox.eu\\\/wp-content\\\/uploads\\\/sites\\\/78\\\/2024\\\/09\\\/JORDANTRAIL-105-1-8x12.jpg 8w, https:\\\/\\\/tjt.travelblox.eu\\\/wp-content\\\/uploads\\\/sites\\\/78\\\/2024\\\/09\\\/JORDANTRAIL-105-1-scaled.jpg 1710w&quot;}\">\t\t\t\t\t\t\t<\/div>\n\t\t\t\t\t\t\t<div class=\"tb-card-bottom-wrapper\">\n\t\t\t\t\t\t\t\t<div class=\"tb-card-bottom\">\n\n\t\t\t\t\t\t\t\t\t<span class=\"tb-card-bottom__title\">\n\t\t\t\t\t\t\t\t\t\t<span class=\"tb-card-bottom__place\">\n\t\t\t\t\t\t\t\t\t\t\tUm Ratam &#8211; Al Baydha\t\t\t\t\t\t\t\t\t\t\t\t\t\t\t\t\t\t\t\t\t<\/span>\n\n\t\t\t\t\t\t\t\t\t<\/span>\n\t\t\t\t\t\t\t\t\t<div class=\"tb-card-bottom__content\">\n\t\t\t\t\t\t\t\t\t\t<div>\n\t\t\t\t\t\t\t\t\t\t\t\t\t\t\t\t\t\t\t\t\t\t\t\t\t\t\t<i class=\"icon fa-solid fa-tent fa-fw\" aria-hidden=\"true\"><\/i>\n\t\t\t 16 km\t\t\t\t\t\t\t\t\t\t\t\t\t\t\t\t\t\t\t\t\t<\/div>\n\t\t\t\t\t\t\t\t\t<\/div>\n\t\t\t\t\t\t\t\t\t<div class=\"tb-card-bottom__teaser tb-unfold-on-hover__content\" data-no-translation>\n\t\t\t\t\t\t\t\t\t\t\t\t\t\t\t\t\t\t\t\t\t\t\t\t\t\t\t\t\t\tVon Um Ratam steigen wir hinauf zur alten Karawanenroute Naqeb Slasel. Die Landschaft wechselt noch &#8230; <span class=\"link\">Mehr lesen<\/span>\t\t\t\t\t\t\t\t\t<\/div>\n\t\t\t\t\t\t\t\t<\/div>\n\n\t\t\t\t\t\t\t<\/div>\n\t\t\t\t\t\t\t<dialog class=\"tb-popup tb-popup-with-padding tb-dayschedule-popup-wrapper\">\n\t\t\t\t\t\t\t\t<div class=\"tb-dayschedule-popup\">\n\t\t\t\t\t\t\t\t\t<h4>\n\t\t\t\t\t\t\t\t\t\t\t\t\t\t\t\t\t\t\t\t\t\t\t\t\t\t\t\t\t\t\t<div>\n\t\t\t\t\t\t\t\t\t\t\t\t\t\t\t\t\t\t\t\t\t\t\t\t\tUm Ratam\t\t\t\t\t\t\t\t\t\t\t\t\t\t\t\t\t\t\t\t\t\t\t\t\t\t\t\t\t\t\t\t\t\t\t\t\t\t\t\t\t\t\t\t\t\t\t\t\t\t\t<i class=\"icon fa-solid fa-arrow-right\"><\/i> Al Baydha\t\t\t\t\t\t\t\t\t\t\t\t\t\t\t\t\t\t\t\t\t\t\t\t\t\t\t\t\t\t\t\t\t\t\t\t<\/div>\n\t\t\t\t\t\t\t\t\t\t\t\t\t\t\t\t\t\t\t<\/h4>\n\t\t\t\t\t\t\t\t\t<div class=\"tb-columns\">\n\t\t\t\t\t\t\t\t\t\t<div class=\"tb-column tb-column--text\">\n\t\t\t\t\t\t\t\t\t\t\t<div class=\"text-part\">\n\t\t\t\t\t\t\t\t\t\t\t\t\t\t\t\t\t\t\t\t\t\t\t\t\t<div class=\"tb-dayschedule-popup__icons\">\n\t\t\t\t\t\t\t\t\t\t\t\t\t\t\t\t\t\t\t\t\t\t\t\t\t\t\t\t\t\t\t\t\t\t\t\t\t\t\t\t\t\t\t<div class=\"tb-dayschedule-popup__icon\">\n\t\t\t\t\t\t\t\t\t\t\t\t\t\t\t\t\t\t\t\t<i class=\"icon fa-solid fa-tent fa-fw\" aria-hidden=\"true\"><\/i>\n\t\t\t\t\t\t\t\t\t\t\t\t\t\t\t\t\t\t\t<span>\n\t\t\t\t\t\t\t\t\t\t\t\t\t\t\t\t\t16 km\t\t\t\t\t\t\t\t\t\t\t\t\t\t\t\t<\/span>\n\t\t\t\t\t\t\t\t\t\t\t\t\t\t\t<\/div>\n\t\t\t\t\t\t\t\t\t\t\t\t\t\t\t\t\t\t\t\t\t\t\t\t\t\t\t<\/div>\n\t\t\t\t\t\t\t\t\t\t\t\t\n\t\t\t\t\t\t\t\t\t\t\t\t\n\t\t\t\t\t\t\t\t\t\t\t\t<div>\n\t\t\t\t\t\t\t\t\t\t\t\t\t<strong>Tag 5<\/strong>\n\t\t\t\t\t\t\t\t\t\t\t\t\t\t<div class=\"translation-block\"><p>Von <strong>Um Ratam<\/strong> steigen wir hinauf zur alten Karawanenroute <strong>Naqeb Slasel<\/strong>. Die Landschaft wechselt noch einmal \u2013 Aussichtspunkte inklusive. Am Ende der Etappe siehst du <strong>Wadi Musa<\/strong> in der Ferne. Die bewohnte Welt kommt langsam n\u00e4her \u2013 und morgen wartet Petra.<\/p><p><strong>16 km | \u2191 400 m | \u2193 300 m<\/strong><\/p><\/div>\n\t\t\t\t\t\t\t\t\t\t\t\t\t<\/div>\n\n\n\t\t\t\t\t\t\t\t\t\t\t<\/div>\n\t\t\t\t\t\t\t\t\t\t<\/div>\n\t\t\t\t\t\t\t\t\t\t<div class=\"tb-column tb-column--image\">\n\n\t\t\t\t\t\t\t\t\t\t\t<div class=\"tb-image-part\">\n\t\t\t\t\t\t\t\t\t\t\t\t\t\t<div class=\"inner-block-full-width has-tb-carousel tb-carousel-slider\" >\n\t\t<div class=\"tb-carousel-container\">\n\t\t\t<div class=\"entries tb-cards\" data-slider-first=\"0\">\n\t\t\t\t\t\t\t<div class=\"entry\">\n\t\t\t<div class=\"tb-image-part\">\n\t\t\t\t<figure>\n\t\t\t\t\t<img src='https:\/\/tjt.travelblox.eu\/wp-content\/smush-webp\/sites\/78\/2024\/09\/JORDANTRAIL-105-1-684x1024.jpg.webp' width='684' height='1024' alt='Jordan Trail, Petra, Wadi Musa' srcset='https:\/\/tjt.travelblox.eu\/wp-content\/smush-webp\/sites\/78\/2024\/09\/JORDANTRAIL-105-1-684x1024.jpg.webp 684w, https:\/\/tjt.travelblox.eu\/wp-content\/smush-webp\/sites\/78\/2024\/09\/JORDANTRAIL-105-1-200x300.jpg.webp 200w, https:\/\/tjt.travelblox.eu\/wp-content\/smush-webp\/sites\/78\/2024\/09\/JORDANTRAIL-105-1-768x1150.jpg.webp 768w, https:\/\/tjt.travelblox.eu\/wp-content\/smush-webp\/sites\/78\/2024\/09\/JORDANTRAIL-105-1-1026x1536.jpg.webp 1026w, https:\/\/tjt.travelblox.eu\/wp-content\/smush-webp\/sites\/78\/2024\/09\/JORDANTRAIL-105-1-1368x2048.jpg.webp 1368w, https:\/\/tjt.travelblox.eu\/wp-content\/smush-webp\/sites\/78\/2024\/09\/JORDANTRAIL-105-1-8x12.jpg.webp 8w, https:\/\/tjt.travelblox.eu\/wp-content\/smush-webp\/sites\/78\/2024\/09\/JORDANTRAIL-105-1-scaled.jpg.webp 1710w' sizes=\"auto, (max-width: 684px) 100vw, 684px\" loading='lazy' decoding='async' data-smush-webp-fallback=\"{&quot;src&quot;:&quot;https:\\\/\\\/tjt.travelblox.eu\\\/wp-content\\\/uploads\\\/sites\\\/78\\\/2024\\\/09\\\/JORDANTRAIL-105-1-684x1024.jpg&quot;,&quot;srcset&quot;:&quot;https:\\\/\\\/tjt.travelblox.eu\\\/wp-content\\\/uploads\\\/sites\\\/78\\\/2024\\\/09\\\/JORDANTRAIL-105-1-684x1024.jpg 684w, https:\\\/\\\/tjt.travelblox.eu\\\/wp-content\\\/uploads\\\/sites\\\/78\\\/2024\\\/09\\\/JORDANTRAIL-105-1-200x300.jpg 200w, https:\\\/\\\/tjt.travelblox.eu\\\/wp-content\\\/uploads\\\/sites\\\/78\\\/2024\\\/09\\\/JORDANTRAIL-105-1-768x1150.jpg 768w, https:\\\/\\\/tjt.travelblox.eu\\\/wp-content\\\/uploads\\\/sites\\\/78\\\/2024\\\/09\\\/JORDANTRAIL-105-1-1026x1536.jpg 1026w, https:\\\/\\\/tjt.travelblox.eu\\\/wp-content\\\/uploads\\\/sites\\\/78\\\/2024\\\/09\\\/JORDANTRAIL-105-1-1368x2048.jpg 1368w, https:\\\/\\\/tjt.travelblox.eu\\\/wp-content\\\/uploads\\\/sites\\\/78\\\/2024\\\/09\\\/JORDANTRAIL-105-1-8x12.jpg 8w, https:\\\/\\\/tjt.travelblox.eu\\\/wp-content\\\/uploads\\\/sites\\\/78\\\/2024\\\/09\\\/JORDANTRAIL-105-1-scaled.jpg 1710w&quot;}\">\t\t\t\t\t\t\t\t\t<\/figure>\n\t\t\t<\/div>\n\t\t<\/div>\n\t\t\t<div class=\"entry\">\n\t\t\t<div class=\"tb-image-part\">\n\t\t\t\t<figure>\n\t\t\t\t\t<img src='https:\/\/tjt.travelblox.eu\/wp-content\/smush-webp\/sites\/78\/2024\/01\/Jordanie-Jordan-Trail-Travelbase-\u00a9-Trekking-et-Voyage-175625-1024x768.jpg.webp' width='1024' height='768' alt='Jordan Trail, Petra, Wadi Musa' srcset='' sizes=\"auto, (max-width: 1024px) 100vw, 1024px\" loading='lazy' decoding='async' data-srcset=\"\" data-smush-webp-fallback=\"{&quot;src&quot;:&quot;https:\\\/\\\/tjt.travelblox.eu\\\/wp-content\\\/uploads\\\/sites\\\/78\\\/2024\\\/01\\\/Jordanie-Jordan-Trail-Travelbase-\\u00a9-Trekking-et-Voyage-175625-1024x768.jpg&quot;}\">\t\t\t\t\t\t\t\t\t<\/figure>\n\t\t\t<\/div>\n\t\t<\/div>\n\t\t\t<div class=\"entry\">\n\t\t\t<div class=\"tb-image-part\">\n\t\t\t\t<figure>\n\t\t\t\t\t<img src='https:\/\/tjt.travelblox.eu\/wp-content\/smush-webp\/sites\/78\/2024\/01\/theJordanTrail-6128-683x1024.jpg.webp' width='683' height='1024' alt='Jordan Trail, Petra, Wadi Musa' srcset='' sizes=\"auto, (max-width: 683px) 100vw, 683px\" loading='lazy' decoding='async' data-srcset=\"\" data-smush-webp-fallback=\"{&quot;src&quot;:&quot;https:\\\/\\\/tjt.travelblox.eu\\\/wp-content\\\/uploads\\\/sites\\\/78\\\/2024\\\/01\\\/theJordanTrail-6128-683x1024.jpg&quot;}\">\t\t\t\t\t\t\t\t\t<\/figure>\n\t\t\t<\/div>\n\t\t<\/div>\n\t\t\t\t\t<\/div>\n\t\t\t\t<div class=\"tb-carousel-nav\">\n\t\t<div class=\"dots\">\n\t\t\t<div class=\"dot active\"><\/div>\n\t\t\t<div class=\"dot\"><\/div>\n\t\t\t<div class=\"dot\"><\/div>\n\t\t<\/div>\n\t\t<div class=\"arrows\">\n\t\t\t<div class=\"prev disabled\">\n\t\t\t\t<span><i class=\"fa fa-chevron-left\"><\/i><\/span>\n\t\t\t<\/div>\n\t\t\t<div class=\"next\">\n\t\t\t\t<span><i class=\"fa fa-chevron-right\"><\/i><\/span>\n\t\t\t<\/div>\n\t\t<\/div>\n\t<\/div>\n\t\t\t<\/div>\n\t<\/div>\n\t\t\t\t\t\t\t\t\t\t\t\t\t<\/div>\n\t\t\t\t\t\t\t\t\t\t<\/div>\n\t\t\t\t\t\t\t\t\t<\/div>\n\t\t\t\t\t\t\t\t\t\t<div class=\"tb-popup-nav\">\n\t\t<a href=\"#\" class=\"tb-buttonlink-with-icon tb-buttonlink-with-arrow icon-first tb-popup-previous\">\n\t\t\t<i class=\"icon fa fa-chevron-left\"><\/i>\n\t\t\t<span>Vorheriger Tag<\/span>\n\t\t<\/a>\n\t\t<a href=\"#\" class=\"tb-buttonlink-with-icon tb-buttonlink-with-arrow tb-popup-next\">\n\t\t\t<span>N\u00e4chster Tag<\/span>\n\t\t\t<i class=\"icon fa fa-chevron-right\"><\/i>\n\t\t<\/a>\n\t<\/div>\n\t\n\t\t\t\t\t\t\t\t<\/div>\n\t\t\t\t\t\t\t<\/dialog>\n\t\t\t\t\t\t<\/div>\n\t\t\t\t\t\t\t\t\t\t\t<div class=\"tb-card entry tb-popup-trigger tb-unfold-on-hover\">\n\t\t\t\t\t\t\t<div class=\"tb-image-part\">\n\t\t\t\t\t\t\t\t<div class=\"tag\">\n\t\t\t\t\t\t\t\t\t<div>Tag 6<\/div>\n\t\t\t\t\t\t\t\t<\/div>\n\n\t\t\t\t\t\t\t\t<img src='https:\/\/tjt.travelblox.eu\/wp-content\/smush-webp\/sites\/78\/2024\/09\/theJordanTrail-6469-768x512.jpg.webp' width='768' height='512' alt='Jordan Trail, Petra, Wadi Musa, das Kloster' srcset='https:\/\/tjt.travelblox.eu\/wp-content\/smush-webp\/sites\/78\/2024\/09\/theJordanTrail-6469-768x512.jpg.webp 768w, https:\/\/tjt.travelblox.eu\/wp-content\/smush-webp\/sites\/78\/2024\/09\/theJordanTrail-6469-300x200.jpg.webp 300w, https:\/\/tjt.travelblox.eu\/wp-content\/smush-webp\/sites\/78\/2024\/09\/theJordanTrail-6469-1024x683.jpg.webp 1024w, https:\/\/tjt.travelblox.eu\/wp-content\/smush-webp\/sites\/78\/2024\/09\/theJordanTrail-6469-1536x1024.jpg.webp 1536w, https:\/\/tjt.travelblox.eu\/wp-content\/smush-webp\/sites\/78\/2024\/09\/theJordanTrail-6469-2048x1365.jpg.webp 2048w, https:\/\/tjt.travelblox.eu\/wp-content\/smush-webp\/sites\/78\/2024\/09\/theJordanTrail-6469-18x12.jpg.webp 18w' sizes=\"auto, (max-width: 768px) 100vw, 768px\" loading='lazy' decoding='async' data-smush-webp-fallback=\"{&quot;src&quot;:&quot;https:\\\/\\\/tjt.travelblox.eu\\\/wp-content\\\/uploads\\\/sites\\\/78\\\/2024\\\/09\\\/theJordanTrail-6469-768x512.jpg&quot;,&quot;srcset&quot;:&quot;https:\\\/\\\/tjt.travelblox.eu\\\/wp-content\\\/uploads\\\/sites\\\/78\\\/2024\\\/09\\\/theJordanTrail-6469-768x512.jpg 768w, https:\\\/\\\/tjt.travelblox.eu\\\/wp-content\\\/uploads\\\/sites\\\/78\\\/2024\\\/09\\\/theJordanTrail-6469-300x200.jpg 300w, https:\\\/\\\/tjt.travelblox.eu\\\/wp-content\\\/uploads\\\/sites\\\/78\\\/2024\\\/09\\\/theJordanTrail-6469-1024x683.jpg 1024w, https:\\\/\\\/tjt.travelblox.eu\\\/wp-content\\\/uploads\\\/sites\\\/78\\\/2024\\\/09\\\/theJordanTrail-6469-1536x1024.jpg 1536w, https:\\\/\\\/tjt.travelblox.eu\\\/wp-content\\\/uploads\\\/sites\\\/78\\\/2024\\\/09\\\/theJordanTrail-6469-2048x1365.jpg 2048w, https:\\\/\\\/tjt.travelblox.eu\\\/wp-content\\\/uploads\\\/sites\\\/78\\\/2024\\\/09\\\/theJordanTrail-6469-18x12.jpg 18w&quot;}\">\t\t\t\t\t\t\t<\/div>\n\t\t\t\t\t\t\t<div class=\"tb-card-bottom-wrapper\">\n\t\t\t\t\t\t\t\t<div class=\"tb-card-bottom\">\n\n\t\t\t\t\t\t\t\t\t<span class=\"tb-card-bottom__title\">\n\t\t\t\t\t\t\t\t\t\t<span class=\"tb-card-bottom__place\">\n\t\t\t\t\t\t\t\t\t\t\tAl Baydha - Petra\t\t\t\t\t\t\t\t\t\t\t\t\t\t\t\t\t\t\t\t\t<\/span>\n\n\t\t\t\t\t\t\t\t\t<\/span>\n\t\t\t\t\t\t\t\t\t<div class=\"tb-card-bottom__content\">\n\t\t\t\t\t\t\t\t\t\t<div>\n\t\t\t\t\t\t\t\t\t\t\t\t\t\t\t\t\t\t\t\t\t\t\t\t\t\t\t<i class=\"icon fa-solid fa-bed fa-fw\" aria-hidden=\"true\"><\/i>\n\t\t\t 16 km\t\t\t\t\t\t\t\t\t\t\t\t\t\t\t\t\t\t\t\t\t<\/div>\n\t\t\t\t\t\t\t\t\t<\/div>\n\t\t\t\t\t\t\t\t\t<div class=\"tb-card-bottom__teaser tb-unfold-on-hover__content\" data-no-translation>\n\t\t\t\t\t\t\t\t\t\t\t\t\t\t\t\t\t\t\t\t\t\t\t\t\t\t\t\t\t\tNach f\u00fcnf Wandertagen betrittst du heute durch die \u201eHintert\u00fcr&#8221; eines der sieben Weltwunder: Petra. W&#8230; <span class=\"link\">Mehr lesen<\/span>\t\t\t\t\t\t\t\t\t<\/div>\n\t\t\t\t\t\t\t\t<\/div>\n\n\t\t\t\t\t\t\t<\/div>\n\t\t\t\t\t\t\t<dialog class=\"tb-popup tb-popup-with-padding tb-dayschedule-popup-wrapper\">\n\t\t\t\t\t\t\t\t<div class=\"tb-dayschedule-popup\">\n\t\t\t\t\t\t\t\t\t<h4>\n\t\t\t\t\t\t\t\t\t\t\t\t\t\t\t\t\t\t\t\t\t\t\t\t\t\t\t\t\t\t\t<div>\n\t\t\t\t\t\t\t\t\t\t\t\t\t\t\t\t\t\t\t\t\t\t\t\t\tAl Baydha\t\t\t\t\t\t\t\t\t\t\t\t\t\t\t\t\t\t\t\t\t\t\t\t\t\t\t\t\t\t\t\t\t\t\t\t\t\t\t\t\t\t\t\t\t\t\t\t\t\t\t<i class=\"icon fa-solid fa-arrow-right\"><\/i> Petra\t\t\t\t\t\t\t\t\t\t\t\t\t\t\t\t\t\t\t\t\t\t\t\t\t\t\t\t\t\t\t\t\t\t\t\t<\/div>\n\t\t\t\t\t\t\t\t\t\t\t\t\t\t\t\t\t\t\t<\/h4>\n\t\t\t\t\t\t\t\t\t<div class=\"tb-columns\">\n\t\t\t\t\t\t\t\t\t\t<div class=\"tb-column tb-column--text\">\n\t\t\t\t\t\t\t\t\t\t\t<div class=\"text-part\">\n\t\t\t\t\t\t\t\t\t\t\t\t\t\t\t\t\t\t\t\t\t\t\t\t\t<div class=\"tb-dayschedule-popup__icons\">\n\t\t\t\t\t\t\t\t\t\t\t\t\t\t\t\t\t\t\t\t\t\t\t\t\t\t\t\t\t\t\t\t\t\t\t\t\t\t\t\t\t\t\t<div class=\"tb-dayschedule-popup__icon\">\n\t\t\t\t\t\t\t\t\t\t\t\t\t\t\t\t\t\t\t\t<i class=\"icon fa-solid fa-bed fa-fw\" aria-hidden=\"true\"><\/i>\n\t\t\t\t\t\t\t\t\t\t\t\t\t\t\t\t\t\t\t<span>\n\t\t\t\t\t\t\t\t\t\t\t\t\t\t\t\t\t16 km\t\t\t\t\t\t\t\t\t\t\t\t\t\t\t\t<\/span>\n\t\t\t\t\t\t\t\t\t\t\t\t\t\t\t<\/div>\n\t\t\t\t\t\t\t\t\t\t\t\t\t\t\t\t\t\t\t\t\t\t\t\t\t\t\t<\/div>\n\t\t\t\t\t\t\t\t\t\t\t\t\n\t\t\t\t\t\t\t\t\t\t\t\t\n\t\t\t\t\t\t\t\t\t\t\t\t<div>\n\t\t\t\t\t\t\t\t\t\t\t\t\t<strong>Tag 6<\/strong>\n\t\t\t\t\t\t\t\t\t\t\t\t\t\t<div class=\"translation-block\"><p>Nach f\u00fcnf Wandertagen betrittst du heute durch die <strong>\u201eHintert\u00fcr\"<\/strong> eines der sieben Weltwunder: <strong>Petra<\/strong>. Wer von vorne kommt, sieht zuerst The Treasury \u2013 du siehst zuerst <strong>The Monastery<\/strong>. \u00dcber alte Treppen steigen wir hinab, bevor der Trail dich durch den <strong>Rainbow Canyon<\/strong> f\u00fchrt.<\/p><p><strong>The Treasury<\/strong> sparst du dir f\u00fcr morgen fr\u00fch auf. Kein Gedr\u00e4nge, keine Touristengruppen \u2013 nur du und eine der bekanntesten Ruinen der Welt.<\/p><p>Nach der Ankunft im Hotel in <strong>Wadi Musa<\/strong> hast du den Rest des Tages frei. Viele entspannen im traditionellen <strong>Hammam<\/strong>, andere besuchen The Treasury bereits heute \u2013 dein <strong>Ticket gilt an beiden Tagen<\/strong>.<\/p><p><strong>16 km | \u2191 400 m | \u2193 400 m<\/strong><\/p><\/div>\n\t\t\t\t\t\t\t\t\t\t\t\t\t<\/div>\n\n\n\t\t\t\t\t\t\t\t\t\t\t<\/div>\n\t\t\t\t\t\t\t\t\t\t<\/div>\n\t\t\t\t\t\t\t\t\t\t<div class=\"tb-column tb-column--image\">\n\n\t\t\t\t\t\t\t\t\t\t\t<div class=\"tb-image-part\">\n\t\t\t\t\t\t\t\t\t\t\t\t\t\t<div class=\"inner-block-full-width has-tb-carousel tb-carousel-slider\" >\n\t\t<div class=\"tb-carousel-container\">\n\t\t\t<div class=\"entries tb-cards\" data-slider-first=\"0\">\n\t\t\t\t\t\t\t<div class=\"entry\">\n\t\t\t<div class=\"tb-image-part\">\n\t\t\t\t<figure>\n\t\t\t\t\t<img src='https:\/\/tjt.travelblox.eu\/wp-content\/smush-webp\/sites\/78\/2024\/09\/theJordanTrail-6469-1024x683.jpg.webp' width='1024' height='683' alt='Jordan Trail, Petra, Wadi Musa, das Kloster' srcset='https:\/\/tjt.travelblox.eu\/wp-content\/smush-webp\/sites\/78\/2024\/09\/theJordanTrail-6469-1024x683.jpg.webp 1024w, https:\/\/tjt.travelblox.eu\/wp-content\/smush-webp\/sites\/78\/2024\/09\/theJordanTrail-6469-300x200.jpg.webp 300w, https:\/\/tjt.travelblox.eu\/wp-content\/smush-webp\/sites\/78\/2024\/09\/theJordanTrail-6469-768x512.jpg.webp 768w, https:\/\/tjt.travelblox.eu\/wp-content\/smush-webp\/sites\/78\/2024\/09\/theJordanTrail-6469-1536x1024.jpg.webp 1536w, https:\/\/tjt.travelblox.eu\/wp-content\/smush-webp\/sites\/78\/2024\/09\/theJordanTrail-6469-2048x1365.jpg.webp 2048w, https:\/\/tjt.travelblox.eu\/wp-content\/smush-webp\/sites\/78\/2024\/09\/theJordanTrail-6469-18x12.jpg.webp 18w' sizes=\"auto, (max-width: 1024px) 100vw, 1024px\" loading='lazy' decoding='async' data-smush-webp-fallback=\"{&quot;src&quot;:&quot;https:\\\/\\\/tjt.travelblox.eu\\\/wp-content\\\/uploads\\\/sites\\\/78\\\/2024\\\/09\\\/theJordanTrail-6469-1024x683.jpg&quot;,&quot;srcset&quot;:&quot;https:\\\/\\\/tjt.travelblox.eu\\\/wp-content\\\/uploads\\\/sites\\\/78\\\/2024\\\/09\\\/theJordanTrail-6469-1024x683.jpg 1024w, https:\\\/\\\/tjt.travelblox.eu\\\/wp-content\\\/uploads\\\/sites\\\/78\\\/2024\\\/09\\\/theJordanTrail-6469-300x200.jpg 300w, https:\\\/\\\/tjt.travelblox.eu\\\/wp-content\\\/uploads\\\/sites\\\/78\\\/2024\\\/09\\\/theJordanTrail-6469-768x512.jpg 768w, https:\\\/\\\/tjt.travelblox.eu\\\/wp-content\\\/uploads\\\/sites\\\/78\\\/2024\\\/09\\\/theJordanTrail-6469-1536x1024.jpg 1536w, https:\\\/\\\/tjt.travelblox.eu\\\/wp-content\\\/uploads\\\/sites\\\/78\\\/2024\\\/09\\\/theJordanTrail-6469-2048x1365.jpg 2048w, https:\\\/\\\/tjt.travelblox.eu\\\/wp-content\\\/uploads\\\/sites\\\/78\\\/2024\\\/09\\\/theJordanTrail-6469-18x12.jpg 18w&quot;}\">\t\t\t\t\t\t\t\t\t<\/figure>\n\t\t\t<\/div>\n\t\t<\/div>\n\t\t\t<div class=\"entry\">\n\t\t\t<div class=\"tb-image-part\">\n\t\t\t\t<figure>\n\t\t\t\t\t<img src='https:\/\/tjt.travelblox.eu\/wp-content\/smush-webp\/sites\/78\/2024\/09\/IMG_0358-1-1024x683.jpg.webp' width='1024' height='683' alt='Jordan Trail, Petra, Wadi Musa, das Kloster' srcset='https:\/\/tjt.travelblox.eu\/wp-content\/smush-webp\/sites\/78\/2024\/09\/IMG_0358-1-1024x683.jpg.webp 1024w, https:\/\/tjt.travelblox.eu\/wp-content\/smush-webp\/sites\/78\/2024\/09\/IMG_0358-1-300x200.jpg.webp 300w, https:\/\/tjt.travelblox.eu\/wp-content\/smush-webp\/sites\/78\/2024\/09\/IMG_0358-1-768x512.jpg.webp 768w, https:\/\/tjt.travelblox.eu\/wp-content\/smush-webp\/sites\/78\/2024\/09\/IMG_0358-1-1536x1024.jpg.webp 1536w, https:\/\/tjt.travelblox.eu\/wp-content\/smush-webp\/sites\/78\/2024\/09\/IMG_0358-1-2048x1366.jpg.webp 2048w, https:\/\/tjt.travelblox.eu\/wp-content\/smush-webp\/sites\/78\/2024\/09\/IMG_0358-1-18x12.jpg.webp 18w' sizes=\"auto, (max-width: 1024px) 100vw, 1024px\" loading='lazy' decoding='async' data-smush-webp-fallback=\"{&quot;src&quot;:&quot;https:\\\/\\\/tjt.travelblox.eu\\\/wp-content\\\/uploads\\\/sites\\\/78\\\/2024\\\/09\\\/IMG_0358-1-1024x683.jpg&quot;,&quot;srcset&quot;:&quot;https:\\\/\\\/tjt.travelblox.eu\\\/wp-content\\\/uploads\\\/sites\\\/78\\\/2024\\\/09\\\/IMG_0358-1-1024x683.jpg 1024w, https:\\\/\\\/tjt.travelblox.eu\\\/wp-content\\\/uploads\\\/sites\\\/78\\\/2024\\\/09\\\/IMG_0358-1-300x200.jpg 300w, https:\\\/\\\/tjt.travelblox.eu\\\/wp-content\\\/uploads\\\/sites\\\/78\\\/2024\\\/09\\\/IMG_0358-1-768x512.jpg 768w, https:\\\/\\\/tjt.travelblox.eu\\\/wp-content\\\/uploads\\\/sites\\\/78\\\/2024\\\/09\\\/IMG_0358-1-1536x1024.jpg 1536w, https:\\\/\\\/tjt.travelblox.eu\\\/wp-content\\\/uploads\\\/sites\\\/78\\\/2024\\\/09\\\/IMG_0358-1-2048x1366.jpg 2048w, https:\\\/\\\/tjt.travelblox.eu\\\/wp-content\\\/uploads\\\/sites\\\/78\\\/2024\\\/09\\\/IMG_0358-1-18x12.jpg 18w&quot;}\">\t\t\t\t\t\t\t\t\t<\/figure>\n\t\t\t<\/div>\n\t\t<\/div>\n\t\t\t<div class=\"entry\">\n\t\t\t<div class=\"tb-image-part\">\n\t\t\t\t<figure>\n\t\t\t\t\t<img src='https:\/\/tjt.travelblox.eu\/wp-content\/smush-webp\/sites\/78\/2024\/01\/JT23_RoyMosterd_LR_4151937-768x1024.jpg.webp' width='768' height='1024' alt='Jordan Trail, Petra, Wadi Musa, das Kloster' srcset='' sizes=\"auto, (max-width: 768px) 100vw, 768px\" loading='lazy' decoding='async' data-srcset=\"\" data-smush-webp-fallback=\"{&quot;src&quot;:&quot;https:\\\/\\\/tjt.travelblox.eu\\\/wp-content\\\/uploads\\\/sites\\\/78\\\/2024\\\/01\\\/JT23_RoyMosterd_LR_4151937-768x1024.jpg&quot;}\">\t\t\t\t\t\t\t\t\t<\/figure>\n\t\t\t<\/div>\n\t\t<\/div>\n\t\t\t\t\t<\/div>\n\t\t\t\t<div class=\"tb-carousel-nav\">\n\t\t<div class=\"dots\">\n\t\t\t<div class=\"dot active\"><\/div>\n\t\t\t<div class=\"dot\"><\/div>\n\t\t\t<div class=\"dot\"><\/div>\n\t\t<\/div>\n\t\t<div class=\"arrows\">\n\t\t\t<div class=\"prev disabled\">\n\t\t\t\t<span><i class=\"fa fa-chevron-left\"><\/i><\/span>\n\t\t\t<\/div>\n\t\t\t<div class=\"next\">\n\t\t\t\t<span><i class=\"fa fa-chevron-right\"><\/i><\/span>\n\t\t\t<\/div>\n\t\t<\/div>\n\t<\/div>\n\t\t\t<\/div>\n\t<\/div>\n\t\t\t\t\t\t\t\t\t\t\t\t\t<\/div>\n\t\t\t\t\t\t\t\t\t\t<\/div>\n\t\t\t\t\t\t\t\t\t<\/div>\n\t\t\t\t\t\t\t\t\t\t<div class=\"tb-popup-nav\">\n\t\t<a href=\"#\" class=\"tb-buttonlink-with-icon tb-buttonlink-with-arrow icon-first tb-popup-previous\">\n\t\t\t<i class=\"icon fa fa-chevron-left\"><\/i>\n\t\t\t<span>Vorheriger Tag<\/span>\n\t\t<\/a>\n\t\t<a href=\"#\" class=\"tb-buttonlink-with-icon tb-buttonlink-with-arrow tb-popup-next\">\n\t\t\t<span>N\u00e4chster Tag<\/span>\n\t\t\t<i class=\"icon fa fa-chevron-right\"><\/i>\n\t\t<\/a>\n\t<\/div>\n\t\n\t\t\t\t\t\t\t\t<\/div>\n\t\t\t\t\t\t\t<\/dialog>\n\t\t\t\t\t\t<\/div>\n\t\t\t\t\t\t\t\t\t\t\t<div class=\"tb-card entry tb-popup-trigger tb-unfold-on-hover\">\n\t\t\t\t\t\t\t<div class=\"tb-image-part\">\n\t\t\t\t\t\t\t\t<div class=\"tag\">\n\t\t\t\t\t\t\t\t\t<div>Tag 7<\/div>\n\t\t\t\t\t\t\t\t<\/div>\n\n\t\t\t\t\t\t\t\t<img src='https:\/\/tjt.travelblox.eu\/wp-content\/smush-webp\/sites\/78\/2024\/09\/TJT23_EvyVanNispen_LR-377-768x1152.jpg.webp' width='768' height='1152' alt='Jordan Trail, Petra, das Schatzhaus' srcset='https:\/\/tjt.travelblox.eu\/wp-content\/smush-webp\/sites\/78\/2024\/09\/TJT23_EvyVanNispen_LR-377-768x1152.jpg.webp 768w, https:\/\/tjt.travelblox.eu\/wp-content\/smush-webp\/sites\/78\/2024\/09\/TJT23_EvyVanNispen_LR-377-200x300.jpg.webp 200w, https:\/\/tjt.travelblox.eu\/wp-content\/smush-webp\/sites\/78\/2024\/09\/TJT23_EvyVanNispen_LR-377-683x1024.jpg.webp 683w, https:\/\/tjt.travelblox.eu\/wp-content\/smush-webp\/sites\/78\/2024\/09\/TJT23_EvyVanNispen_LR-377-1024x1536.jpg.webp 1024w, https:\/\/tjt.travelblox.eu\/wp-content\/smush-webp\/sites\/78\/2024\/09\/TJT23_EvyVanNispen_LR-377-1366x2048.jpg.webp 1366w, https:\/\/tjt.travelblox.eu\/wp-content\/smush-webp\/sites\/78\/2024\/09\/TJT23_EvyVanNispen_LR-377-8x12.jpg.webp 8w, https:\/\/tjt.travelblox.eu\/wp-content\/smush-webp\/sites\/78\/2024\/09\/TJT23_EvyVanNispen_LR-377.jpg.webp 1667w' sizes=\"auto, (max-width: 768px) 100vw, 768px\" loading='lazy' decoding='async' data-smush-webp-fallback=\"{&quot;src&quot;:&quot;https:\\\/\\\/tjt.travelblox.eu\\\/wp-content\\\/uploads\\\/sites\\\/78\\\/2024\\\/09\\\/TJT23_EvyVanNispen_LR-377-768x1152.jpg&quot;,&quot;srcset&quot;:&quot;https:\\\/\\\/tjt.travelblox.eu\\\/wp-content\\\/uploads\\\/sites\\\/78\\\/2024\\\/09\\\/TJT23_EvyVanNispen_LR-377-768x1152.jpg 768w, https:\\\/\\\/tjt.travelblox.eu\\\/wp-content\\\/uploads\\\/sites\\\/78\\\/2024\\\/09\\\/TJT23_EvyVanNispen_LR-377-200x300.jpg 200w, https:\\\/\\\/tjt.travelblox.eu\\\/wp-content\\\/uploads\\\/sites\\\/78\\\/2024\\\/09\\\/TJT23_EvyVanNispen_LR-377-683x1024.jpg 683w, https:\\\/\\\/tjt.travelblox.eu\\\/wp-content\\\/uploads\\\/sites\\\/78\\\/2024\\\/09\\\/TJT23_EvyVanNispen_LR-377-1024x1536.jpg 1024w, https:\\\/\\\/tjt.travelblox.eu\\\/wp-content\\\/uploads\\\/sites\\\/78\\\/2024\\\/09\\\/TJT23_EvyVanNispen_LR-377-1366x2048.jpg 1366w, https:\\\/\\\/tjt.travelblox.eu\\\/wp-content\\\/uploads\\\/sites\\\/78\\\/2024\\\/09\\\/TJT23_EvyVanNispen_LR-377-8x12.jpg 8w, https:\\\/\\\/tjt.travelblox.eu\\\/wp-content\\\/uploads\\\/sites\\\/78\\\/2024\\\/09\\\/TJT23_EvyVanNispen_LR-377.jpg 1667w&quot;}\">\t\t\t\t\t\t\t<\/div>\n\t\t\t\t\t\t\t<div class=\"tb-card-bottom-wrapper\">\n\t\t\t\t\t\t\t\t<div class=\"tb-card-bottom\">\n\n\t\t\t\t\t\t\t\t\t<span class=\"tb-card-bottom__title\">\n\t\t\t\t\t\t\t\t\t\t<span class=\"tb-card-bottom__place\">\n\t\t\t\t\t\t\t\t\t\t\tPetra \u2013 Amman\t\t\t\t\t\t\t\t\t\t\t\t\t\t\t\t\t\t\t\t\t<\/span>\n\n\t\t\t\t\t\t\t\t\t<\/span>\n\t\t\t\t\t\t\t\t\t<div class=\"tb-card-bottom__content\">\n\t\t\t\t\t\t\t\t\t\t<div>\n\t\t\t\t\t\t\t\t\t\t\t\t\t\t\t\t\t\t\t\t\t\t\t\t\t\t\t<i class=\"icon fa-solid fa-bed fa-fw\" aria-hidden=\"true\"><\/i>\n\t\t\t 10 \u2013 13 km\t\t\t\t\t\t\t\t\t\t\t\t\t\t\t\t\t\t\t\t\t<\/div>\n\t\t\t\t\t\t\t\t\t<\/div>\n\t\t\t\t\t\t\t\t\t<div class=\"tb-card-bottom__teaser tb-unfold-on-hover__content\" data-no-translation>\n\t\t\t\t\t\t\t\t\t\t\t\t\t\t\t\t\t\t\t\t\t\t\t\t\t\t\t\t\t\tUm 07:00 Uhr stehst du am Eingang von Petra \u2013 bevor die Touristengruppen ankommen. Du betrittst die &#8230; <span class=\"link\">Mehr lesen<\/span>\t\t\t\t\t\t\t\t\t<\/div>\n\t\t\t\t\t\t\t\t<\/div>\n\n\t\t\t\t\t\t\t<\/div>\n\t\t\t\t\t\t\t<dialog class=\"tb-popup tb-popup-with-padding tb-dayschedule-popup-wrapper\">\n\t\t\t\t\t\t\t\t<div class=\"tb-dayschedule-popup\">\n\t\t\t\t\t\t\t\t\t<h4>\n\t\t\t\t\t\t\t\t\t\t\t\t\t\t\t\t\t\t\t\t\t\t\t\t\t\t\t\t\t\t\t<div>\n\t\t\t\t\t\t\t\t\t\t\t\t\t\t\t\t\t\t\t\t\t\t\t\t\tPetra\t\t\t\t\t\t\t\t\t\t\t\t\t\t\t\t\t\t\t\t\t\t\t\t\t\t\t\t\t\t\t\t\t\t\t\t\t\t\t\t\t\t\t\t\t\t\t\t\t\t\t<i class=\"icon fa-solid fa-arrow-right\"><\/i> Amman\t\t\t\t\t\t\t\t\t\t\t\t\t\t\t\t\t\t\t\t\t\t\t\t\t\t\t\t\t\t\t\t\t\t\t\t<\/div>\n\t\t\t\t\t\t\t\t\t\t\t\t\t\t\t\t\t\t\t<\/h4>\n\t\t\t\t\t\t\t\t\t<div class=\"tb-columns\">\n\t\t\t\t\t\t\t\t\t\t<div class=\"tb-column tb-column--text\">\n\t\t\t\t\t\t\t\t\t\t\t<div class=\"text-part\">\n\t\t\t\t\t\t\t\t\t\t\t\t\t\t\t\t\t\t\t\t\t\t\t\t\t<div class=\"tb-dayschedule-popup__icons\">\n\t\t\t\t\t\t\t\t\t\t\t\t\t\t\t\t\t\t\t\t\t\t\t\t\t\t\t\t\t\t\t\t\t\t\t\t\t\t\t\t\t\t\t<div class=\"tb-dayschedule-popup__icon\">\n\t\t\t\t\t\t\t\t\t\t\t\t\t\t\t\t\t\t\t\t<i class=\"icon fa-solid fa-bed fa-fw\" aria-hidden=\"true\"><\/i>\n\t\t\t\t\t\t\t\t\t\t\t\t\t\t\t\t\t\t\t<span>\n\t\t\t\t\t\t\t\t\t\t\t\t\t\t\t\t\t10 \u2013 13 km\t\t\t\t\t\t\t\t\t\t\t\t\t\t\t\t<\/span>\n\t\t\t\t\t\t\t\t\t\t\t\t\t\t\t<\/div>\n\t\t\t\t\t\t\t\t\t\t\t\t\t\t\t\t\t\t\t\t\t\t\t\t\t\t\t<\/div>\n\t\t\t\t\t\t\t\t\t\t\t\t\n\t\t\t\t\t\t\t\t\t\t\t\t\n\t\t\t\t\t\t\t\t\t\t\t\t<div>\n\t\t\t\t\t\t\t\t\t\t\t\t\t<strong>Tag 7<\/strong>\n\t\t\t\t\t\t\t\t\t\t\t\t\t\t<div class=\"translation-block\"><p>Um <strong>07:00 Uhr<\/strong> stehst du am Eingang von Petra \u2013 bevor die Touristengruppen ankommen. Du betrittst die gro\u00dfe Schlucht und siehst die <strong>Schatzkammer (The Treasury)<\/strong> zum ersten Mal durch die schmalen Felsen auftauchen. 80 Meter hohe W\u00e4nde links und rechts, und dann pl\u00f6tzlich: Petra.<\/p><p>Danach erkundest du auf eigene Faust \u2013 Tempel, Amphitheater, Siq \u2013 oder wagst den Aufstieg f\u00fcr den Panoramablick.<\/p><p>Gestern schon in Petra gewesen oder lieber ausschlafen? Kein Problem \u2013 der Tag geh\u00f6rt dir.<\/p><p>Der <strong>Shuttle nach Amman<\/strong> f\u00e4hrt zwischen <strong>14:00 und 16:00 Uhr<\/strong> vom Hotel ab. Gegen <strong>18:00\u201320:00 Uhr<\/strong> bist du zur\u00fcck in Amman \u2013 mit noch etwas Zeit f\u00fcr die Stadt.<\/p><\/div>\n\t\t\t\t\t\t\t\t\t\t\t\t\t<\/div>\n\n\n\t\t\t\t\t\t\t\t\t\t\t<\/div>\n\t\t\t\t\t\t\t\t\t\t<\/div>\n\t\t\t\t\t\t\t\t\t\t<div class=\"tb-column tb-column--image\">\n\n\t\t\t\t\t\t\t\t\t\t\t<div class=\"tb-image-part\">\n\t\t\t\t\t\t\t\t\t\t\t\t\t\t<div class=\"inner-block-full-width has-tb-carousel tb-carousel-slider\" >\n\t\t<div class=\"tb-carousel-container\">\n\t\t\t<div class=\"entries tb-cards\" data-slider-first=\"0\">\n\t\t\t\t\t\t\t<div class=\"entry\">\n\t\t\t<div class=\"tb-image-part\">\n\t\t\t\t<figure>\n\t\t\t\t\t<img src='https:\/\/tjt.travelblox.eu\/wp-content\/smush-webp\/sites\/78\/2024\/09\/TJT23_EvyVanNispen_LR-377-683x1024.jpg.webp' width='683' height='1024' alt='Jordan Trail, Petra, das Schatzhaus' srcset='https:\/\/tjt.travelblox.eu\/wp-content\/smush-webp\/sites\/78\/2024\/09\/TJT23_EvyVanNispen_LR-377-683x1024.jpg.webp 683w, https:\/\/tjt.travelblox.eu\/wp-content\/smush-webp\/sites\/78\/2024\/09\/TJT23_EvyVanNispen_LR-377-200x300.jpg.webp 200w, https:\/\/tjt.travelblox.eu\/wp-content\/smush-webp\/sites\/78\/2024\/09\/TJT23_EvyVanNispen_LR-377-768x1152.jpg.webp 768w, https:\/\/tjt.travelblox.eu\/wp-content\/smush-webp\/sites\/78\/2024\/09\/TJT23_EvyVanNispen_LR-377-1024x1536.jpg.webp 1024w, https:\/\/tjt.travelblox.eu\/wp-content\/smush-webp\/sites\/78\/2024\/09\/TJT23_EvyVanNispen_LR-377-1366x2048.jpg.webp 1366w, https:\/\/tjt.travelblox.eu\/wp-content\/smush-webp\/sites\/78\/2024\/09\/TJT23_EvyVanNispen_LR-377-8x12.jpg.webp 8w, https:\/\/tjt.travelblox.eu\/wp-content\/smush-webp\/sites\/78\/2024\/09\/TJT23_EvyVanNispen_LR-377.jpg.webp 1667w' sizes=\"auto, (max-width: 683px) 100vw, 683px\" loading='lazy' decoding='async' data-smush-webp-fallback=\"{&quot;src&quot;:&quot;https:\\\/\\\/tjt.travelblox.eu\\\/wp-content\\\/uploads\\\/sites\\\/78\\\/2024\\\/09\\\/TJT23_EvyVanNispen_LR-377-683x1024.jpg&quot;,&quot;srcset&quot;:&quot;https:\\\/\\\/tjt.travelblox.eu\\\/wp-content\\\/uploads\\\/sites\\\/78\\\/2024\\\/09\\\/TJT23_EvyVanNispen_LR-377-683x1024.jpg 683w, https:\\\/\\\/tjt.travelblox.eu\\\/wp-content\\\/uploads\\\/sites\\\/78\\\/2024\\\/09\\\/TJT23_EvyVanNispen_LR-377-200x300.jpg 200w, https:\\\/\\\/tjt.travelblox.eu\\\/wp-content\\\/uploads\\\/sites\\\/78\\\/2024\\\/09\\\/TJT23_EvyVanNispen_LR-377-768x1152.jpg 768w, https:\\\/\\\/tjt.travelblox.eu\\\/wp-content\\\/uploads\\\/sites\\\/78\\\/2024\\\/09\\\/TJT23_EvyVanNispen_LR-377-1024x1536.jpg 1024w, https:\\\/\\\/tjt.travelblox.eu\\\/wp-content\\\/uploads\\\/sites\\\/78\\\/2024\\\/09\\\/TJT23_EvyVanNispen_LR-377-1366x2048.jpg 1366w, https:\\\/\\\/tjt.travelblox.eu\\\/wp-content\\\/uploads\\\/sites\\\/78\\\/2024\\\/09\\\/TJT23_EvyVanNispen_LR-377-8x12.jpg 8w, https:\\\/\\\/tjt.travelblox.eu\\\/wp-content\\\/uploads\\\/sites\\\/78\\\/2024\\\/09\\\/TJT23_EvyVanNispen_LR-377.jpg 1667w&quot;}\">\t\t\t\t\t\t\t\t\t<\/figure>\n\t\t\t<\/div>\n\t\t<\/div>\n\t\t\t<div class=\"entry\">\n\t\t\t<div class=\"tb-image-part\">\n\t\t\t\t<figure>\n\t\t\t\t\t<img src='https:\/\/tjt.travelblox.eu\/wp-content\/smush-webp\/sites\/78\/2024\/09\/TJT23_EvyVanNispen_LR-384-1024x819.jpg.webp' width='1024' height='819' alt='Jordan Trail, Petra, das Schatzhaus' srcset='https:\/\/tjt.travelblox.eu\/wp-content\/smush-webp\/sites\/78\/2024\/09\/TJT23_EvyVanNispen_LR-384-1024x819.jpg.webp 1024w, https:\/\/tjt.travelblox.eu\/wp-content\/smush-webp\/sites\/78\/2024\/09\/TJT23_EvyVanNispen_LR-384-300x240.jpg.webp 300w, https:\/\/tjt.travelblox.eu\/wp-content\/smush-webp\/sites\/78\/2024\/09\/TJT23_EvyVanNispen_LR-384-768x614.jpg.webp 768w, https:\/\/tjt.travelblox.eu\/wp-content\/smush-webp\/sites\/78\/2024\/09\/TJT23_EvyVanNispen_LR-384-1536x1229.jpg.webp 1536w, https:\/\/tjt.travelblox.eu\/wp-content\/smush-webp\/sites\/78\/2024\/09\/TJT23_EvyVanNispen_LR-384-2048x1638.jpg.webp 2048w, https:\/\/tjt.travelblox.eu\/wp-content\/smush-webp\/sites\/78\/2024\/09\/TJT23_EvyVanNispen_LR-384-15x12.jpg.webp 15w' sizes=\"auto, (max-width: 1024px) 100vw, 1024px\" loading='lazy' decoding='async' data-smush-webp-fallback=\"{&quot;src&quot;:&quot;https:\\\/\\\/tjt.travelblox.eu\\\/wp-content\\\/uploads\\\/sites\\\/78\\\/2024\\\/09\\\/TJT23_EvyVanNispen_LR-384-1024x819.jpg&quot;,&quot;srcset&quot;:&quot;https:\\\/\\\/tjt.travelblox.eu\\\/wp-content\\\/uploads\\\/sites\\\/78\\\/2024\\\/09\\\/TJT23_EvyVanNispen_LR-384-1024x819.jpg 1024w, https:\\\/\\\/tjt.travelblox.eu\\\/wp-content\\\/uploads\\\/sites\\\/78\\\/2024\\\/09\\\/TJT23_EvyVanNispen_LR-384-300x240.jpg 300w, https:\\\/\\\/tjt.travelblox.eu\\\/wp-content\\\/uploads\\\/sites\\\/78\\\/2024\\\/09\\\/TJT23_EvyVanNispen_LR-384-768x614.jpg 768w, https:\\\/\\\/tjt.travelblox.eu\\\/wp-content\\\/uploads\\\/sites\\\/78\\\/2024\\\/09\\\/TJT23_EvyVanNispen_LR-384-1536x1229.jpg 1536w, https:\\\/\\\/tjt.travelblox.eu\\\/wp-content\\\/uploads\\\/sites\\\/78\\\/2024\\\/09\\\/TJT23_EvyVanNispen_LR-384-2048x1638.jpg 2048w, https:\\\/\\\/tjt.travelblox.eu\\\/wp-content\\\/uploads\\\/sites\\\/78\\\/2024\\\/09\\\/TJT23_EvyVanNispen_LR-384-15x12.jpg 15w&quot;}\">\t\t\t\t\t\t\t\t\t<\/figure>\n\t\t\t<\/div>\n\t\t<\/div>\n\t\t\t<div class=\"entry\">\n\t\t\t<div class=\"tb-image-part\">\n\t\t\t\t<figure>\n\t\t\t\t\t<img src='https:\/\/tjt.travelblox.eu\/wp-content\/smush-webp\/sites\/78\/2024\/09\/theJordanTrail-6631-1024x683.jpg.webp' width='1024' height='683' alt='Jordan Trail, Petra, das Schatzhaus' srcset='https:\/\/tjt.travelblox.eu\/wp-content\/smush-webp\/sites\/78\/2024\/09\/theJordanTrail-6631-1024x683.jpg.webp 1024w, https:\/\/tjt.travelblox.eu\/wp-content\/smush-webp\/sites\/78\/2024\/09\/theJordanTrail-6631-300x200.jpg.webp 300w, https:\/\/tjt.travelblox.eu\/wp-content\/smush-webp\/sites\/78\/2024\/09\/theJordanTrail-6631-768x512.jpg.webp 768w, https:\/\/tjt.travelblox.eu\/wp-content\/smush-webp\/sites\/78\/2024\/09\/theJordanTrail-6631-1536x1024.jpg.webp 1536w, https:\/\/tjt.travelblox.eu\/wp-content\/smush-webp\/sites\/78\/2024\/09\/theJordanTrail-6631-2048x1366.jpg.webp 2048w, https:\/\/tjt.travelblox.eu\/wp-content\/smush-webp\/sites\/78\/2024\/09\/theJordanTrail-6631-18x12.jpg.webp 18w' sizes=\"auto, (max-width: 1024px) 100vw, 1024px\" loading='lazy' decoding='async' data-smush-webp-fallback=\"{&quot;src&quot;:&quot;https:\\\/\\\/tjt.travelblox.eu\\\/wp-content\\\/uploads\\\/sites\\\/78\\\/2024\\\/09\\\/theJordanTrail-6631-1024x683.jpg&quot;,&quot;srcset&quot;:&quot;https:\\\/\\\/tjt.travelblox.eu\\\/wp-content\\\/uploads\\\/sites\\\/78\\\/2024\\\/09\\\/theJordanTrail-6631-1024x683.jpg 1024w, https:\\\/\\\/tjt.travelblox.eu\\\/wp-content\\\/uploads\\\/sites\\\/78\\\/2024\\\/09\\\/theJordanTrail-6631-300x200.jpg 300w, https:\\\/\\\/tjt.travelblox.eu\\\/wp-content\\\/uploads\\\/sites\\\/78\\\/2024\\\/09\\\/theJordanTrail-6631-768x512.jpg 768w, https:\\\/\\\/tjt.travelblox.eu\\\/wp-content\\\/uploads\\\/sites\\\/78\\\/2024\\\/09\\\/theJordanTrail-6631-1536x1024.jpg 1536w, https:\\\/\\\/tjt.travelblox.eu\\\/wp-content\\\/uploads\\\/sites\\\/78\\\/2024\\\/09\\\/theJordanTrail-6631-2048x1366.jpg 2048w, https:\\\/\\\/tjt.travelblox.eu\\\/wp-content\\\/uploads\\\/sites\\\/78\\\/2024\\\/09\\\/theJordanTrail-6631-18x12.jpg 18w&quot;}\">\t\t\t\t\t\t\t\t\t<\/figure>\n\t\t\t<\/div>\n\t\t<\/div>\n\t\t\t\t\t<\/div>\n\t\t\t\t<div class=\"tb-carousel-nav\">\n\t\t<div class=\"dots\">\n\t\t\t<div class=\"dot active\"><\/div>\n\t\t\t<div class=\"dot\"><\/div>\n\t\t\t<div class=\"dot\"><\/div>\n\t\t<\/div>\n\t\t<div class=\"arrows\">\n\t\t\t<div class=\"prev disabled\">\n\t\t\t\t<span><i class=\"fa fa-chevron-left\"><\/i><\/span>\n\t\t\t<\/div>\n\t\t\t<div class=\"next\">\n\t\t\t\t<span><i class=\"fa fa-chevron-right\"><\/i><\/span>\n\t\t\t<\/div>\n\t\t<\/div>\n\t<\/div>\n\t\t\t<\/div>\n\t<\/div>\n\t\t\t\t\t\t\t\t\t\t\t\t\t<\/div>\n\t\t\t\t\t\t\t\t\t\t<\/div>\n\t\t\t\t\t\t\t\t\t<\/div>\n\t\t\t\t\t\t\t\t\t\t<div class=\"tb-popup-nav\">\n\t\t<a href=\"#\" class=\"tb-buttonlink-with-icon tb-buttonlink-with-arrow icon-first tb-popup-previous\">\n\t\t\t<i class=\"icon fa fa-chevron-left\"><\/i>\n\t\t\t<span>Vorheriger Tag<\/span>\n\t\t<\/a>\n\t\t<a href=\"#\" class=\"tb-buttonlink-with-icon tb-buttonlink-with-arrow tb-popup-next\">\n\t\t\t<span>N\u00e4chster Tag<\/span>\n\t\t\t<i class=\"icon fa fa-chevron-right\"><\/i>\n\t\t<\/a>\n\t<\/div>\n\t\n\t\t\t\t\t\t\t\t<\/div>\n\t\t\t\t\t\t\t<\/dialog>\n\t\t\t\t\t\t<\/div>\n\t\t\t\t\t\t\t\t\t\t\t<div class=\"tb-card entry tb-popup-trigger tb-unfold-on-hover\">\n\t\t\t\t\t\t\t<div class=\"tb-image-part\">\n\t\t\t\t\t\t\t\t<div class=\"tag\">\n\t\t\t\t\t\t\t\t\t<div>Tag 8<\/div>\n\t\t\t\t\t\t\t\t<\/div>\n\n\t\t\t\t\t\t\t\t<img src='https:\/\/tjt.travelblox.eu\/wp-content\/smush-webp\/sites\/78\/2024\/01\/theJordanTrail-7379-768x512.jpg.webp' width='768' height='512' alt='Hauptstadt Amman' srcset='' sizes=\"auto, (max-width: 768px) 100vw, 768px\" loading='lazy' decoding='async' data-srcset=\"\" data-smush-webp-fallback=\"{&quot;src&quot;:&quot;https:\\\/\\\/tjt.travelblox.eu\\\/wp-content\\\/uploads\\\/sites\\\/78\\\/2024\\\/01\\\/theJordanTrail-7379-768x512.jpg&quot;}\">\t\t\t\t\t\t\t<\/div>\n\t\t\t\t\t\t\t<div class=\"tb-card-bottom-wrapper\">\n\t\t\t\t\t\t\t\t<div class=\"tb-card-bottom\">\n\n\t\t\t\t\t\t\t\t\t<span class=\"tb-card-bottom__title\">\n\t\t\t\t\t\t\t\t\t\t<span class=\"tb-card-bottom__place\">\n\t\t\t\t\t\t\t\t\t\t\tAmman \u2013 Abreise\t\t\t\t\t\t\t\t\t\t\t\t\t\t\t\t\t\t\t\t\t<\/span>\n\n\t\t\t\t\t\t\t\t\t<\/span>\n\t\t\t\t\t\t\t\t\t<div class=\"tb-card-bottom__content\">\n\t\t\t\t\t\t\t\t\t\t<div>\n\t\t\t\t\t\t\t\t\t\t\t\t\t\t\t\t\t\t\t\t\t<\/div>\n\t\t\t\t\t\t\t\t\t<\/div>\n\t\t\t\t\t\t\t\t\t<div class=\"tb-card-bottom__teaser tb-unfold-on-hover__content\" data-no-translation>\n\t\t\t\t\t\t\t\t\t\t\t\t\t\t\t\t\t\t\t\t\t\t\t\t\t\t\t\t\t\tDer letzte Morgen in Jordanien. Hast du deinen Flug \u00fcber uns gebucht oder den Shuttle dazugebucht? D&#8230; <span class=\"link\">Mehr lesen<\/span>\t\t\t\t\t\t\t\t\t<\/div>\n\t\t\t\t\t\t\t\t<\/div>\n\n\t\t\t\t\t\t\t<\/div>\n\t\t\t\t\t\t\t<dialog class=\"tb-popup tb-popup-with-padding tb-dayschedule-popup-wrapper\">\n\t\t\t\t\t\t\t\t<div class=\"tb-dayschedule-popup\">\n\t\t\t\t\t\t\t\t\t<h4>\n\t\t\t\t\t\t\t\t\t\t\t\t\t\t\t\t\t\t\t\t\t\t\t\t\t\t\t\t\t\t\t<div>\n\t\t\t\t\t\t\t\t\t\t\t\t\t\t\t\t\t\t\t\t\t\t\t\t\tAmman\t\t\t\t\t\t\t\t\t\t\t\t\t\t\t\t\t\t\t\t\t\t\t\t\t\t\t\t\t\t\t\t\t\t\t\t\t\t\t\t\t\t\t\t\t\t\t\t\t\t\t<i class=\"icon fa-solid fa-arrow-right\"><\/i> Abreise\t\t\t\t\t\t\t\t\t\t\t\t\t\t\t\t\t\t\t\t\t\t\t\t\t\t\t\t\t\t\t\t\t\t\t\t<\/div>\n\t\t\t\t\t\t\t\t\t\t\t\t\t\t\t\t\t\t\t<\/h4>\n\t\t\t\t\t\t\t\t\t<div class=\"tb-columns\">\n\t\t\t\t\t\t\t\t\t\t<div class=\"tb-column tb-column--text\">\n\t\t\t\t\t\t\t\t\t\t\t<div class=\"text-part\">\n\t\t\t\t\t\t\t\t\t\t\t\t\n\t\t\t\t\t\t\t\t\t\t\t\t\n\t\t\t\t\t\t\t\t\t\t\t\t<div>\n\t\t\t\t\t\t\t\t\t\t\t\t\t<strong>Tag 8<\/strong>\n\t\t\t\t\t\t\t\t\t\t\t\t\t\t<div class=\"translation-block\"><p>Der letzte Morgen in Jordanien. Hast du deinen <strong>Flug \u00fcber uns gebucht<\/strong> oder den <strong>Shuttle dazugebucht<\/strong>? Dann bringen wir dich vom Hotel direkt zum <strong>Flughafen Amman<\/strong>.<\/p><\/div>\n\t\t\t\t\t\t\t\t\t\t\t\t\t<\/div>\n\n\n\t\t\t\t\t\t\t\t\t\t\t<\/div>\n\t\t\t\t\t\t\t\t\t\t<\/div>\n\t\t\t\t\t\t\t\t\t\t<div class=\"tb-column tb-column--image\">\n\n\t\t\t\t\t\t\t\t\t\t\t<div class=\"tb-image-part\">\n\t\t\t\t\t\t\t\t\t\t\t\t<img src='https:\/\/tjt.travelblox.eu\/wp-content\/smush-webp\/sites\/78\/2024\/01\/theJordanTrail-7379-1024x683.jpg.webp' width='1024' height='683' alt='Hauptstadt Amman' srcset='' sizes=\"auto, (max-width: 1024px) 100vw, 1024px\" loading='lazy' decoding='async' data-srcset=\"\" data-smush-webp-fallback=\"{&quot;src&quot;:&quot;https:\\\/\\\/tjt.travelblox.eu\\\/wp-content\\\/uploads\\\/sites\\\/78\\\/2024\\\/01\\\/theJordanTrail-7379-1024x683.jpg&quot;}\">\t\t\t\t\t\t\t\t\t\t\t<\/div>\n\t\t\t\t\t\t\t\t\t\t<\/div>\n\t\t\t\t\t\t\t\t\t<\/div>\n\t\t\t\t\t\t\t\t\t\t<div class=\"tb-popup-nav\">\n\t\t<a href=\"#\" class=\"tb-buttonlink-with-icon tb-buttonlink-with-arrow icon-first tb-popup-previous\">\n\t\t\t<i class=\"icon fa fa-chevron-left\"><\/i>\n\t\t\t<span>Vorheriger Tag<\/span>\n\t\t<\/a>\n\t\t<a href=\"#\" class=\"tb-buttonlink-with-icon tb-buttonlink-with-arrow tb-popup-next\">\n\t\t\t<span>N\u00e4chster Tag<\/span>\n\t\t\t<i class=\"icon fa fa-chevron-right\"><\/i>\n\t\t<\/a>\n\t<\/div>\n\t\n\t\t\t\t\t\t\t\t<\/div>\n\t\t\t\t\t\t\t<\/dialog>\n\t\t\t\t\t\t<\/div>\n\t\t\t\t\t\t\t\t\t\t\t\t\t<\/div>\n\t\t\t\t<div class=\"tb-carousel-nav\">\n\t\t<div class=\"dots\">\n\t\t\t<div class=\"dot active\"><\/div>\n\t\t\t<div class=\"dot\"><\/div>\n\t\t\t<div class=\"dot\"><\/div>\n\t\t<\/div>\n\t\t<div class=\"arrows\">\n\t\t\t<div class=\"prev disabled\">\n\t\t\t\t<span><i class=\"fa fa-chevron-left\"><\/i><\/span>\n\t\t\t<\/div>\n\t\t\t<div class=\"next\">\n\t\t\t\t<span><i class=\"fa fa-chevron-right\"><\/i><\/span>\n\t\t\t<\/div>\n\t\t<\/div>\n\t<\/div>\n\t\t\t<\/div>\n\t<\/div>\n\t\t\t\t\t\t\t\t\t\t<\/div>\n\t\n<\/div>\n\n\n\n\n\n\n\n\n<div class=\"tb-hikingdays tb-block align-center background-light pattern-none variant-none tb-collapsible-margins\" id=\"hikingdays\">\n\t<div class=\"inner-block tb-fade-in tb-fade-in--subtle\">\n\t\t<div class=\"text-part\">\n\t\t\t<h1>Tagesetappen<\/h1>\n\t\t<\/div>\n\n\t\t<div class=\"tb-hikingdays__topcontainer\">\n\t\t\t\n\t\t\t\t\t\t\t<div class=\"tb-hikingdays__map\">\n\t\t\t\t\t<img src='https:\/\/tjt.travelblox.eu\/wp-content\/uploads\/sites\/78\/2026\/02\/JT-TravelbloxDE.svg' width='768' height='1' alt='JT-TravelbloxFR' loading='lazy' decoding='async'>\t\t\t\t<\/div>\n\t\t\t\n\t\t\t<div class=\"tb-hikingdays__list\">\n\t\t\t\t\t\t\t\t\t\t<div class=\"tb-hikingdays__list-item\">\n\t\t\t\t\t\t\t<div class=\"tb-hikingdays__day\">\n\t\t\t\t\t\t\t\tTag 2\t\t\t\t\t\t\t<\/div>\n\t\t\t\t\t\t\t<div class=\"tb-hikingdays__info\">\n\t\t\t\t\t\t\t\t\t\t\t\t\t\t\t\t\t<span>Amman<\/span>\n\t\t\t\t\t\t\t\t\t\t\t\t\t\t\t\t\t\t\t\t\t\t\t\t\t<i class=\"fa-regular fa-arrow-right\"><\/i>\n\t\t\t\t\t\t\t\t\t<span>Wadi Feynan<\/span>\n\t\t\t\t\t\t\t\t\t\t\t\t\t\t\t<\/div>\n\t\t\t\t\t\t\t<div class=\"tb-hikingdays__ciphers\">\n\t\t\t\t\t\t\t\t\t\t\t\t\t\t\t\t\t<span><i class=\"fa-regular fa-arrows-left-right\"><\/i>17 km<\/span>\n\t\t\t\t\t\t\t\t\t\t\t\t\t\t\t\t\t\t\t\t\t\t\t\t\t\t\t\t\t\t\t\t\t<span><i class=\"fa-regular fa-arrow-up-right\"><\/i>\/<\/span>\n\t\t\t\t\t\t\t\t\t\t\t\t\t\t\t\t\t\t\t\t\t\t\t\t\t<span><i class=\"fa-regular fa-arrow-down-right fa-fw\"><\/i>800 m<\/span>\n\t\t\t\t\t\t\t\t\t\t\t\t\t\t\t\t\t\t\t\t\t\t\t<\/div>\n\t\t\t\t\t\t<\/div>\n\n\t\t\t\t\t\t\t\t\t\t<div class=\"tb-hikingdays__list-item\">\n\t\t\t\t\t\t\t<div class=\"tb-hikingdays__day\">\n\t\t\t\t\t\t\t\tTag 3 \t\t\t\t\t\t\t<\/div>\n\t\t\t\t\t\t\t<div class=\"tb-hikingdays__info\">\n\t\t\t\t\t\t\t\t\t\t\t\t\t\t\t\t\t<span>Wadi Feynan<\/span>\n\t\t\t\t\t\t\t\t\t\t\t\t\t\t\t\t\t\t\t\t\t\t\t\t\t<i class=\"fa-regular fa-arrow-right\"><\/i>\n\t\t\t\t\t\t\t\t\t<span>Teletat Al-Sofor<\/span>\n\t\t\t\t\t\t\t\t\t\t\t\t\t\t\t<\/div>\n\t\t\t\t\t\t\t<div class=\"tb-hikingdays__ciphers\">\n\t\t\t\t\t\t\t\t\t\t\t\t\t\t\t\t\t<span><i class=\"fa-regular fa-arrows-left-right\"><\/i>17 km<\/span>\n\t\t\t\t\t\t\t\t\t\t\t\t\t\t\t\t\t\t\t\t\t\t\t\t\t\t\t\t\t\t\t\t\t<span><i class=\"fa-regular fa-arrow-up-right\"><\/i>1000 m<\/span>\n\t\t\t\t\t\t\t\t\t\t\t\t\t\t\t\t\t\t\t\t\t\t\t\t\t<span><i class=\"fa-regular fa-arrow-down-right fa-fw\"><\/i>\/<\/span>\n\t\t\t\t\t\t\t\t\t\t\t\t\t\t\t\t\t\t\t\t\t\t\t<\/div>\n\t\t\t\t\t\t<\/div>\n\n\t\t\t\t\t\t\t\t\t\t<div class=\"tb-hikingdays__list-item\">\n\t\t\t\t\t\t\t<div class=\"tb-hikingdays__day\">\n\t\t\t\t\t\t\t\tTag 4\t\t\t\t\t\t\t<\/div>\n\t\t\t\t\t\t\t<div class=\"tb-hikingdays__info\">\n\t\t\t\t\t\t\t\t\t\t\t\t\t\t\t\t\t<span>Teletat Al-Sofor<\/span>\n\t\t\t\t\t\t\t\t\t\t\t\t\t\t\t\t\t\t\t\t\t\t\t\t\t<i class=\"fa-regular fa-arrow-right\"><\/i>\n\t\t\t\t\t\t\t\t\t<span>Um Ratam<\/span>\n\t\t\t\t\t\t\t\t\t\t\t\t\t\t\t<\/div>\n\t\t\t\t\t\t\t<div class=\"tb-hikingdays__ciphers\">\n\t\t\t\t\t\t\t\t\t\t\t\t\t\t\t\t\t<span><i class=\"fa-regular fa-arrows-left-right\"><\/i>16 km<\/span>\n\t\t\t\t\t\t\t\t\t\t\t\t\t\t\t\t\t\t\t\t\t\t\t\t\t\t\t\t\t\t\t\t\t<span><i class=\"fa-regular fa-arrow-up-right\"><\/i>700 m<\/span>\n\t\t\t\t\t\t\t\t\t\t\t\t\t\t\t\t\t\t\t\t\t\t\t\t\t<span><i class=\"fa-regular fa-arrow-down-right fa-fw\"><\/i>500 m<\/span>\n\t\t\t\t\t\t\t\t\t\t\t\t\t\t\t\t\t\t\t\t\t\t\t<\/div>\n\t\t\t\t\t\t<\/div>\n\n\t\t\t\t\t\t\t\t\t\t<div class=\"tb-hikingdays__list-item\">\n\t\t\t\t\t\t\t<div class=\"tb-hikingdays__day\">\n\t\t\t\t\t\t\t\tTag 5\t\t\t\t\t\t\t<\/div>\n\t\t\t\t\t\t\t<div class=\"tb-hikingdays__info\">\n\t\t\t\t\t\t\t\t\t\t\t\t\t\t\t\t\t<span>Um Ratam<\/span>\n\t\t\t\t\t\t\t\t\t\t\t\t\t\t\t\t\t\t\t\t\t\t\t\t\t<i class=\"fa-regular fa-arrow-right\"><\/i>\n\t\t\t\t\t\t\t\t\t<span>Al Baydha<\/span>\n\t\t\t\t\t\t\t\t\t\t\t\t\t\t\t<\/div>\n\t\t\t\t\t\t\t<div class=\"tb-hikingdays__ciphers\">\n\t\t\t\t\t\t\t\t\t\t\t\t\t\t\t\t\t<span><i class=\"fa-regular fa-arrows-left-right\"><\/i>16 km<\/span>\n\t\t\t\t\t\t\t\t\t\t\t\t\t\t\t\t\t\t\t\t\t\t\t\t\t\t\t\t\t\t\t\t\t<span><i class=\"fa-regular fa-arrow-up-right\"><\/i>400 m<\/span>\n\t\t\t\t\t\t\t\t\t\t\t\t\t\t\t\t\t\t\t\t\t\t\t\t\t<span><i class=\"fa-regular fa-arrow-down-right fa-fw\"><\/i>300 m<\/span>\n\t\t\t\t\t\t\t\t\t\t\t\t\t\t\t\t\t\t\t\t\t\t\t<\/div>\n\t\t\t\t\t\t<\/div>\n\n\t\t\t\t\t\t\t\t\t\t<div class=\"tb-hikingdays__list-item\">\n\t\t\t\t\t\t\t<div class=\"tb-hikingdays__day\">\n\t\t\t\t\t\t\t\tTag 6\t\t\t\t\t\t\t<\/div>\n\t\t\t\t\t\t\t<div class=\"tb-hikingdays__info\">\n\t\t\t\t\t\t\t\t\t\t\t\t\t\t\t\t\t<span>Al Baydha <\/span>\n\t\t\t\t\t\t\t\t\t\t\t\t\t\t\t\t\t\t\t\t\t\t\t\t\t<i class=\"fa-regular fa-arrow-right\"><\/i>\n\t\t\t\t\t\t\t\t\t<span>Petra: The Monastery<\/span>\n\t\t\t\t\t\t\t\t\t\t\t\t\t\t\t<\/div>\n\t\t\t\t\t\t\t<div class=\"tb-hikingdays__ciphers\">\n\t\t\t\t\t\t\t\t\t\t\t\t\t\t\t\t\t<span><i class=\"fa-regular fa-arrows-left-right\"><\/i>16 km<\/span>\n\t\t\t\t\t\t\t\t\t\t\t\t\t\t\t\t\t\t\t\t\t\t\t\t\t\t\t\t\t\t\t\t\t<span><i class=\"fa-regular fa-arrow-up-right\"><\/i>400 m<\/span>\n\t\t\t\t\t\t\t\t\t\t\t\t\t\t\t\t\t\t\t\t\t\t\t\t\t<span><i class=\"fa-regular fa-arrow-down-right fa-fw\"><\/i>400 m<\/span>\n\t\t\t\t\t\t\t\t\t\t\t\t\t\t\t\t\t\t\t\t\t\t\t<\/div>\n\t\t\t\t\t\t<\/div>\n\n\t\t\t\t\t\t\t\t\t\t<div class=\"tb-hikingdays__list-item\">\n\t\t\t\t\t\t\t<div class=\"tb-hikingdays__day\">\n\t\t\t\t\t\t\t\tTag 7\t\t\t\t\t\t\t<\/div>\n\t\t\t\t\t\t\t<div class=\"tb-hikingdays__info\">\n\t\t\t\t\t\t\t\t\t\t\t\t\t\t\t\t\t<span>Petra<\/span>\n\t\t\t\t\t\t\t\t\t\t\t\t\t\t\t\t\t\t\t\t\t\t\t\t\t<i class=\"fa-regular fa-arrow-right\"><\/i>\n\t\t\t\t\t\t\t\t\t<span>Petra<\/span>\n\t\t\t\t\t\t\t\t\t\t\t\t\t\t\t<\/div>\n\t\t\t\t\t\t\t<div class=\"tb-hikingdays__ciphers\">\n\t\t\t\t\t\t\t\t\t\t\t\t\t\t\t\t\t<span><i class=\"fa-regular fa-arrows-left-right\"><\/i>10 bis 13 km<\/span>\n\t\t\t\t\t\t\t\t\t\t\t\t\t\t\t\t\t\t\t\t\t\t\t\t\t\t\t\t\t\t\t\t\t\t\t\t\t\t\t\t\t\t\t\t\t\t\t<\/div>\n\t\t\t\t\t\t<\/div>\n\n\t\t\t\t\n\t\t\t<\/div>\n\n\t\t<\/div>\n\n\t\t\t<\/div>\n<\/div>\n\n\n\n\n<div class=\"tb-practicalv2 tb-block align-none background-light pattern-none variant-none tb-collapsible-margins\" id=\"practical\">\n\t<div class=\"inner-block tb-fade-in\">\n\t\t<div class=\"tb-practicalv2__intro\">\n\t\t\t<h2 class=\"tb-practicalv2__title\">Praktische Informationen zum Jordan Trail<\/h2>\n\t\t\t\t<div class=\"translation-block\"><p>Hier findest du alle wichtigen praktischen Informationen f\u00fcr deine <strong>Reise nach Jordanien.<\/strong> Hast du noch Fragen? Dann schau gerne in unsere <a href=\"#faq\">FAQ<\/a> oder kontaktiere uns gerne!<\/p><\/div>\n\t\t\t<\/div>\n\t<\/div>\n\t<div class=\"tb-practicalv2__container inner-block tb-fade-in\">\n\t\t<ul class=\"tb-practicalv2__nav\">\n\t\t\t\t\t\t\t<li class=\"tb-practicalv2__nav-item\">\n\t\t\t\t\t\t\t\t\t\t\t\t\t\t\t<i class=\"icon fa-solid fa-check fa-fw\" aria-hidden=\"true\"><\/i>\n\t\t\t\t\t\t\t\t\t\t\t\t\t<a class=\"tb-practicalv2__nav-link\" href=\"#included\">\n\t\t\t\t\t\tInbegriffen\t\t\t\t\t<\/a>\n\t\t\t\t<\/li>\n\t\t\t\t\t\t\t<li class=\"tb-practicalv2__nav-item\">\n\t\t\t\t\t\t\t\t\t\t\t\t\t\t\t<i class=\"icon fa-solid fa-plane fa-fw\" aria-hidden=\"true\"><\/i>\n\t\t\t\t\t\t\t\t\t\t\t\t\t<a class=\"tb-practicalv2__nav-link\" href=\"#flights\">\n\t\t\t\t\t\tFl\u00fcge\t\t\t\t\t<\/a>\n\t\t\t\t<\/li>\n\t\t\t\t\t\t\t<li class=\"tb-practicalv2__nav-item\">\n\t\t\t\t\t\t\t\t\t\t\t\t\t\t\t<i class=\"icon fa-solid fa-bus fa-fw\" aria-hidden=\"true\"><\/i>\n\t\t\t\t\t\t\t\t\t\t\t\t\t<a class=\"tb-practicalv2__nav-link\" href=\"#luchthaventransport\">\n\t\t\t\t\t\tFlughafentransfer\t\t\t\t\t<\/a>\n\t\t\t\t<\/li>\n\t\t\t\t\t\t\t<li class=\"tb-practicalv2__nav-item\">\n\t\t\t\t\t\t\t\t\t\t\t\t\t\t\t<i class=\"icon fa-solid fa-bed fa-fw\" aria-hidden=\"true\"><\/i>\n\t\t\t\t\t\t\t\t\t\t\t\t\t<a class=\"tb-practicalv2__nav-link\" href=\"#stays\">\n\t\t\t\t\t\tUnterkunft\t\t\t\t\t<\/a>\n\t\t\t\t<\/li>\n\t\t\t\t\t\t\t<li class=\"tb-practicalv2__nav-item\">\n\t\t\t\t\t\t\t\t\t\t\t\t\t\t\t<i class=\"icon fa-solid fa-utensils fa-fw\" aria-hidden=\"true\"><\/i>\n\t\t\t\t\t\t\t\t\t\t\t\t\t<a class=\"tb-practicalv2__nav-link\" href=\"#food_drinks\">\n\t\t\t\t\t\tVerpflegung\t\t\t\t\t<\/a>\n\t\t\t\t<\/li>\n\t\t\t\t\t\t\t<li class=\"tb-practicalv2__nav-item\">\n\t\t\t\t\t\t\t\t\t\t\t\t\t\t\t<i class=\"icon fa-solid fa-person-hiking fa-fw\" aria-hidden=\"true\"><\/i>\n\t\t\t\t\t\t\t\t\t\t\t\t\t<a class=\"tb-practicalv2__nav-link\" href=\"#onze-gidsen\">\n\t\t\t\t\t\tUnsere Guides\t\t\t\t\t<\/a>\n\t\t\t\t<\/li>\n\t\t\t\t\t\t\t<li class=\"tb-practicalv2__nav-item\">\n\t\t\t\t\t\t\t\t\t\t\t\t\t\t\t<i class=\"icon fa-solid fa-passport fa-fw\" aria-hidden=\"true\"><\/i>\n\t\t\t\t\t\t\t\t\t\t\t\t\t<a class=\"tb-practicalv2__nav-link\" href=\"#reisdocumenten\">\n\t\t\t\t\t\tReisedokumente\t\t\t\t\t<\/a>\n\t\t\t\t<\/li>\n\t\t\t\t\t\t\t<li class=\"tb-practicalv2__nav-item\">\n\t\t\t\t\t\t\t\t\t\t\t\t\t\t\t<i class=\"icon fa-solid fa-circle-info fa-fw\" aria-hidden=\"true\"><\/i>\n\t\t\t\t\t\t\t\t\t\t\t\t\t<a class=\"tb-practicalv2__nav-link\" href=\"#travelbase-app\">\n\t\t\t\t\t\tTravelbase-App\t\t\t\t\t<\/a>\n\t\t\t\t<\/li>\n\t\t\t\t\t<\/ul>\n\t\t<div class=\"tb-practicalv2__categories\">\n\t\t\t\t\t\t\t<details class=\"tb-practicalv2__category tb-practicalv2__category--included\" id=\"included\" open-on-mobile open>\n\t\t\t\t\t<summary class=\"tb-practicalv2__category-toggle\">\n\t\t\t\t\t\t\t\t\t\t\t\t\t\t\t\t\t<i class=\"icon fa-solid fa-check tb-style-block fa-fw\" aria-hidden=\"true\"><\/i>\n\t\t\t\t\t\t\t\t\t\t\t\t\t\t\t<span class=\"tb-practicalv2__category-name\">\n\t\t\t\t\t\t\tInbegriffen\t\t\t\t\t\t<\/span>\n\t\t\t\t\t<\/summary>\n\t\t\t\t\t<div class=\"tb-practicalv2__category-content\">\n\t\t\t\t\t\t\t\t\t\t\t\t\t<div class=\"tb-practicalv2__category-default-content\">\n\t\t\t\t\t\t\t\t\t\t\t\t\t\t\t\t\t<ul class=\"tb-practicalv2__meta\">\n\t\t\t\t\t\t\t\t\t\t\t\t\t\t\t\t\t\t\t\t\t<li class=\"tb-practicalv2__meta-item\">\n\t\t\t\t\t\t\t\t\t\t\t\t<i class=\"fa fa-regular fa-tag\"><\/i>\n\t\t\t\t\t\t\t\t\t\t\t\t<span>Early-Bird-Basispreis ab 620&nbsp;\u20ac<\/span>\n\t\t\t\t\t\t\t\t\t\t\t<\/li>\n\t\t\t\t\t\t\t\t\t\t\t\t\t\t\t\t\t\t\t\t\t\t\t\t\t\t\t\t\t\t\t<li class=\"tb-practicalv2__meta-item\">\n\t\t\t\t\t\t\t\t\t\t\t\t<i class=\"fa fa-regular fa-calendar\"><\/i>\n\t\t\t\t\t\t\t\t\t\t\t\t<span><p><a href=\"#join\">Okt.-Nov. '26 &amp; Apr.-Mai '27<\/a><\/p>\n<\/span>\n\t\t\t\t\t\t\t\t\t\t\t<\/li>\n\t\t\t\t\t\t\t\t\t\t\t\t\t\t\t\t\t\t\t<\/ul>\n\t\t\t\t\t\t\t\t\t\t\n\t\t\t\t\t\t\t\t\t\t\t\t\t\t\t\t\t<ul class=\"tb-practicalv2__icon-list\">\n\t\t\t\t\t\t\t\t\t\t\t\t\t\t\t\t\t\t\t\t\t<li class=\"tb-practicalv2__icon-item\">\n\t\t\t\t\t\t\t\t\t\t\t\t\t\t\t\t\t\t\t\t\t\t\t\t\t<div>\n\t\t\t\t\t\t\t\t\t\t\t\t\t\t\t\t\t\t<i class=\"icon fa-solid fa-route fa-fw\" aria-hidden=\"true\"><\/i>\n\t\t\t\t\t\t\t\t\t\t\t\t\t\t\t\t<\/div>\n\t\t\t\t\t\t\t\t\t\t\t\t\t\t\t\t\t\t\t\t\t\t\t\t\t<div class=\"translation-block\"><p>Ausgearbeitete Route und vollst\u00e4ndige Reiseorganisation<\/p><\/div>\n\t\t\t\t\t\t\t\t\t\t\t\t<\/li>\n\t\t\t\t\t\t\t\t\t\t\t\t\t\t\t\t\t\t\t\t\t<li class=\"tb-practicalv2__icon-item\">\n\t\t\t\t\t\t\t\t\t\t\t\t\t\t\t\t\t\t\t\t\t\t\t\t\t<div>\n\t\t\t\t\t\t\t\t\t\t\t\t\t\t\t\t\t\t<i class=\"icon fa-solid fa-tent fa-fw\" aria-hidden=\"true\"><\/i>\n\t\t\t\t\t\t\t\t\t\t\t\t\t\t\t\t<\/div>\n\t\t\t\t\t\t\t\t\t\t\t\t\t\t\t\t\t\t\t\t\t\t\t\t\t<div class=\"translation-block\"><p>4 Camping\u00fcbernachtungen an besonderen Orten<\/p><\/div>\n\t\t\t\t\t\t\t\t\t\t\t\t<\/li>\n\t\t\t\t\t\t\t\t\t\t\t\t\t\t\t\t\t\t\t\t\t<li class=\"tb-practicalv2__icon-item\">\n\t\t\t\t\t\t\t\t\t\t\t\t\t\t\t\t\t\t\t\t\t\t\t\t\t<div>\n\t\t\t\t\t\t\t\t\t\t\t\t\t\t\t\t\t\t<i class=\"icon fa-kit fa-tb-icon-hotel fa-fw\" aria-hidden=\"true\"><\/i>\n\t\t\t\t\t\t\t\t\t\t\t\t\t\t\t\t<\/div>\n\t\t\t\t\t\t\t\t\t\t\t\t\t\t\t\t\t\t\t\t\t\t\t\t\t<div class=\"translation-block\"><p>2 Hotel\u00fcbernachtungen (Tag 1 und Tag 7)<\/p><\/div>\n\t\t\t\t\t\t\t\t\t\t\t\t<\/li>\n\t\t\t\t\t\t\t\t\t\t\t\t\t\t\t\t\t\t\t\t\t<li class=\"tb-practicalv2__icon-item\">\n\t\t\t\t\t\t\t\t\t\t\t\t\t\t\t\t\t\t\t\t\t\t\t\t\t<div>\n\t\t\t\t\t\t\t\t\t\t\t\t\t\t\t\t\t\t<i class=\"icon fa-solid fa-person-hiking fa-fw\" aria-hidden=\"true\"><\/i>\n\t\t\t\t\t\t\t\t\t\t\t\t\t\t\t\t<\/div>\n\t\t\t\t\t\t\t\t\t\t\t\t\t\t\t\t\t\t\t\t\t\t\t\t\t<div class=\"translation-block\"><p>Begleitung durch erfahrene Travelbase-Guides und lokale Guides<\/p><\/div>\n\t\t\t\t\t\t\t\t\t\t\t\t<\/li>\n\t\t\t\t\t\t\t\t\t\t\t\t\t\t\t\t\t\t\t\t\t<li class=\"tb-practicalv2__icon-item\">\n\t\t\t\t\t\t\t\t\t\t\t\t\t\t\t\t\t\t\t\t\t\t\t\t\t<div>\n\t\t\t\t\t\t\t\t\t\t\t\t\t\t\t\t\t\t<i class=\"icon fa-solid fa-van-shuttle fa-fw\" aria-hidden=\"true\"><\/i>\n\t\t\t\t\t\t\t\t\t\t\t\t\t\t\t\t<\/div>\n\t\t\t\t\t\t\t\t\t\t\t\t\t\t\t\t\t\t\t\t\t\t\t\t\t<div class=\"translation-block\"><p>Shuttle zum Start- und vom Endpunkt des Trails<\/p><\/div>\n\t\t\t\t\t\t\t\t\t\t\t\t<\/li>\n\t\t\t\t\t\t\t\t\t\t\t\t\t\t\t\t\t\t\t\t\t<li class=\"tb-practicalv2__icon-item\">\n\t\t\t\t\t\t\t\t\t\t\t\t\t\t\t\t\t\t\t\t\t\t\t\t\t<div>\n\t\t\t\t\t\t\t\t\t\t\t\t\t\t\t\t\t\t<i class=\"icon fa-solid fa-circle-info fa-fw\" aria-hidden=\"true\"><\/i>\n\t\t\t\t\t\t\t\t\t\t\t\t\t\t\t\t<\/div>\n\t\t\t\t\t\t\t\t\t\t\t\t\t\t\t\t\t\t\t\t\t\t\t\t\t<div class=\"translation-block\"><p>Travelbase-App mit allen wichtigen Informationen zum Jordan Trail<\/p><\/div>\n\t\t\t\t\t\t\t\t\t\t\t\t<\/li>\n\t\t\t\t\t\t\t\t\t\t\t\t\t\t\t\t\t\t\t<\/ul>\n\t\t\t\t\t\t\t\t\n\t\t\t\t\t\t\t\t\n\t\t\t\t\t\t\t\t\t\t\t\t\t\t\t\t\t\t\t<a href=\"https:\/\/travelbase.typeform.com\/TJT27SDEPrereg\"  target=\"_blank\" data-mode=\"popup\" data-url=\"https:\/\/travelbase.pro.typeform.com\/tjt27snlprereg\" class=\"tb-button typeform-share\">\n\t\t\tF\u00fcr Fr\u00fchjahr 2027 vorregistrieren\t\t<\/a>\n\t\t\t\t\t<script>\n\t\t\t\t(function() {\n\t\t\t\t\tvar qs, js, q, s, d = document,\n\t\t\t\t\t\tgi = d.getElementById,\n\t\t\t\t\t\tce = d.createElement,\n\t\t\t\t\t\tgt = d.getElementsByTagName,\n\t\t\t\t\t\tid = \"typef_orm_share\",\n\t\t\t\t\t\tb = \"https:\/\/embed.typeform.com\/\";\n\t\t\t\t\tif (!gi.call(d, id)) {\n\t\t\t\t\t\tjs = ce.call(d, \"script\");\n\t\t\t\t\t\tjs.id = id;\n\t\t\t\t\t\tjs.src = b + \"embed.js\";\n\t\t\t\t\t\tq = gt.call(d, \"script\")[0];\n\t\t\t\t\t\tq.parentNode.insertBefore(js, q);\n\t\t\t\t\t}\n\t\t\t\t})();\n\t\t\t<\/script>\n\t\t\t\t\t\t\t\t\t\t\t\t\t\t\t\t\t<\/div>\n\t\t\t\t\t\t\t\n\t\t\t\t\t\t\t\t\t\t\t\t\t\t\t<div class=\"tb-practicalv2__info-extra\">\n\t\t\t\t\t\t\t\t\t\t\t\t\t\t\t\t\t\t\t\t<div class=\"translation-block\"><p>Zusatzoptionen kannst du bei der Buchung dazuw\u00e4hlen \u2013 <a href=\"#options\">hier entdecken<\/a>.<\/p><\/div>\n\t\t\t\t\t\t\t\t\t\t\t\t\t\n\t\t\t\t\t\t\t\t\t\t\t\t\t\t\t\t\t<\/div>\n\t\t\t\t\t\t\t\t\t\t\t\t\t\t\t\t\t\t<\/div>\n\t\t\t\t<\/details>\n\t\t\t\t\t\t\t<details class=\"tb-practicalv2__category tb-practicalv2__category--flights_popup\" id=\"flights\"  open>\n\t\t\t\t\t<summary class=\"tb-practicalv2__category-toggle\">\n\t\t\t\t\t\t\t\t\t\t\t\t\t\t\t\t\t<i class=\"icon fa-solid fa-plane tb-style-block fa-fw\" aria-hidden=\"true\"><\/i>\n\t\t\t\t\t\t\t\t\t\t\t\t\t\t\t<span class=\"tb-practicalv2__category-name\">\n\t\t\t\t\t\t\tFl\u00fcge\t\t\t\t\t\t<\/span>\n\t\t\t\t\t<\/summary>\n\t\t\t\t\t<div class=\"tb-practicalv2__category-content\">\n\t\t\t\t\t\t\t\t\t\t\t\t\t<div class=\"tb-practicalv2__category-default-content\">\n\t\t\t\t\t\t\t\t\t\t\n\t\t\t\t\t\t\t\t\t\t\t\t\t\t\t\t\t<ul class=\"tb-practicalv2__icon-list\">\n\t\t\t\t\t\t\t\t\t\t\t\t\t\t\t\t\t\t\t\t\t<li class=\"tb-practicalv2__icon-item\">\n\t\t\t\t\t\t\t\t\t\t\t\t\t\t\t\t\t\t\t\t\t\t\t\t\t<div>\n\t\t\t\t\t\t\t\t\t\t\t\t\t\t\t\t\t\t<i class=\"icon fa-solid fa-plane-departure fa-fw\" aria-hidden=\"true\"><\/i>\n\t\t\t\t\t\t\t\t\t\t\t\t\t\t\t\t<\/div>\n\t\t\t\t\t\t\t\t\t\t\t\t\t\t\t\t\t\t\t\t\t\t\t\t\t<div class=\"translation-block\"><p>Wir bieten verschiedene Direktfl\u00fcge nach Amman an.<\/p><\/div>\n\t\t\t\t\t\t\t\t\t\t\t\t<\/li>\n\t\t\t\t\t\t\t\t\t\t\t\t\t\t\t\t\t\t\t\t\t<li class=\"tb-practicalv2__icon-item\">\n\t\t\t\t\t\t\t\t\t\t\t\t\t\t\t\t\t\t\t\t\t\t\t\t\t<div>\n\t\t\t\t\t\t\t\t\t\t\t\t\t\t\t\t\t\t<i class=\"icon fa-solid fa-passport fa-fw\" aria-hidden=\"true\"><\/i>\n\t\t\t\t\t\t\t\t\t\t\t\t\t\t\t\t<\/div>\n\t\t\t\t\t\t\t\t\t\t\t\t\t\t\t\t\t\t\t\t\t\t\t\t\t<div class=\"translation-block\"><p>Wenn du deine Fl\u00fcge \u00fcber The Jordan Trail buchst, sind dein Visum f\u00fcr Jordanien und der <strong>Flughafentransfer<\/strong> zum und vom Flughafen <strong>bereits inbegriffen<\/strong>.<\/p><\/div>\n\t\t\t\t\t\t\t\t\t\t\t\t<\/li>\n\t\t\t\t\t\t\t\t\t\t\t\t\t\t\t\t\t\t\t<\/ul>\n\t\t\t\t\t\t\t\t\n\t\t\t\t\t\t\t\t\t\t\t\t\t\t\t\t\t    <div class=\"tb-popup-trigger\" data-flights-popup data-package-code=\"TJT-TJT\">\n        <button class=\"tb-button\" type=\"button\">Verf\u00fcgbare Fl\u00fcge anzeigen<\/button>\n        <dialog class=\"tb-popup tb-popup-with-padding\">\n            <div class=\"tb-popup-content flights\" data-lang=\"de\" data-incl-package=\"TJT-TJT\">\n\t\t\t\t<span tabindex=\"-1\" autofocus style=\"position:absolute;pointer-events:none;\"><\/span>\n\t\t\t\t<div class=\"flights__container\">\n\t\t\t\t\t<header class=\"flights__head\">\n\t\t\t\t\t\t<h2 class=\"flights__title\">Flugoptionen<\/h2>\n\t\t\t\t\t\t<p class=\"flights__subtitle\">W\u00e4hlen Sie eine Reise, einen Abflugort und ein Datum, um verf\u00fcgbare Fl\u00fcge anzuzeigen.<\/p>\n\t\t\t\t\t<\/header>\n\t\t\t\t\t<div class=\"flights__body\">\n\t\t\t\t\t\t<form class=\"flights__filters\" action=\"\">\n\t\t\t\t\t\t\t<div class=\"flights__filter-field\">\n\t\t\t\t\t\t\t\t<label class=\"flights__filter-label\" for=\"flights-package-TJT-TJT\">Reisen<\/label>\n\t\t\t\t\t\t\t\t<div class=\"flights__select-wrap is-locked\">\n\t\t\t\t\t\t\t\t\t<select name=\"package-code\" id=\"flights-package-TJT-TJT\" disabled>\n\t\t\t\t\t\t\t\t\t\t<option value=\"TJT-TJT\">Der Jordan Trail<\/option>\n\t\t\t\t\t\t\t\t\t\t\t\t\t\t\t\t\t\t\t<\/select>\n\t\t\t\t\t\t\t\t<\/div>\n\t\t\t\t\t\t\t\t\t\t\t\t\t\t\t\t\t\t\t\t\t\t\t\t\t\t<input type=\"hidden\" name=\"package-code\" value=\"TJT-TJT\">\n\t\t\t\t\t\t\t\t\t\t\t\t\t\t\t<\/div>\n\t\t\t\t\t\t\t<div class=\"flights__filter-field\">\n\t\t\t\t\t\t\t\t<label class=\"flights__filter-label\" for=\"flights-airport-TJT-TJT\">Abflugort<\/label>\n\t\t\t\t\t\t\t\t<div class=\"flights__select-wrap\">\n\t\t\t\t\t\t\t\t\t<select name=\"home-airports\" id=\"flights-airport-TJT-TJT\" class=\"is-placeholder\">\n\t\t\t\t\t\t\t\t\t\t<option value=\"\">Alle Abflugh\u00e4fen<\/option>\n\t\t\t\t\t\t\t\t\t<\/select>\n\t\t\t\t\t\t\t\t<\/div>\n\t\t\t\t\t\t\t<\/div>\n\t\t\t\t\t\t\t<div class=\"flights__filter-field\">\n\t\t\t\t\t\t\t\t<label class=\"flights__filter-label\" for=\"flights-date-TJT-TJT\">Abflugdatum<\/label>\n\t\t\t\t\t\t\t\t    <div class=\"tb-datepicker flights__datepicker is-empty\" data-tb-datepicker>\n        <button type=\"button\" class=\"tb-datepicker__btn\" id=\"flights-date-TJT-TJT\" popovertarget=\"flights-date-TJT-TJT-pop\">\n            <svg class=\"tb-datepicker__icon\" viewbox=\"0 0 24 24\" fill=\"none\" stroke=\"currentColor\" stroke-width=\"1.6\" stroke-linecap=\"round\" stroke-linejoin=\"round\">\n                <rect x=\"3\" y=\"4.5\" width=\"18\" height=\"16\" rx=\"2.5\"\/>\n                <path d=\"M3 9h18M8 2.5v4M16 2.5v4\"\/>\n            <\/svg>\n            <span class=\"tb-datepicker__btn-label\">Abflugdatum w\u00e4hlen<\/span>\n        <\/button>\n        <input type=\"hidden\" name=\"departure-date\">\n        <div popover class=\"tb-datepicker__pop\" id=\"flights-date-TJT-TJT-pop\">\n            <div class=\"tb-datepicker__head\">\n                <button type=\"button\" class=\"tb-datepicker__nav\" data-nav=\"-1\"><svg viewbox=\"0 0 24 24\" fill=\"none\" stroke=\"currentColor\" stroke-width=\"2\" stroke-linecap=\"round\" stroke-linejoin=\"round\"><path d=\"m15 6-6 6 6 6\"\/><\/svg><\/button>\n                <span class=\"tb-datepicker__month\"><\/span>\n                <button type=\"button\" class=\"tb-datepicker__nav\" data-nav=\"1\"><svg viewbox=\"0 0 24 24\" fill=\"none\" stroke=\"currentColor\" stroke-width=\"2\" stroke-linecap=\"round\" stroke-linejoin=\"round\"><path d=\"m9 6 6 6-6 6\"\/><\/svg><\/button>\n            <\/div>\n            <div class=\"tb-datepicker__weekdays\"><\/div>\n            <div class=\"tb-datepicker__grid\"><\/div>\n            <div class=\"tb-datepicker__foot\">\n                <span class=\"tb-datepicker__legend\">\n                    <span class=\"tb-datepicker__legend-itm\"><i class=\"tb-datepicker__dot is-available\"><\/i>Verf\u00fcgbar<\/span>\n                    <span class=\"tb-datepicker__legend-itm\"><i class=\"tb-datepicker__dot is-selected\"><\/i>Ausgew\u00e4hlt<\/span>\n                <\/span>\n                <button type=\"button\" class=\"tb-datepicker__clear\">Datum l\u00f6schen<\/button>\n            <\/div>\n        <\/div>\n    <\/div>\n    \t\t\t\t\t\t\t<\/div>\n\t\t\t\t\t\t\t<button type=\"submit\" class=\"flights__filter-submit\">Filter anwenden<\/button>\n\t\t\t\t\t\t<input type=\"hidden\" name=\"trp-form-language\" value=\"de\"\/><\/form>\n\t\t\t\t\t\t<section class=\"flights__results\">\n\t\t\t\t\t\t\t<div class=\"flights__pairs\"><\/div>\n\t\t\t\t\t\t\t<div class=\"flights__loading-overlay\">\n\t\t\t\t\t\t\t\t<div class=\"flights__loading-card\">\n\t\t\t\t\t\t\t\t\t<span class=\"flights__spinner\">\n\t\t\t\t\t\t\t\t\t\t<svg viewbox=\"0 0 32 32\" fill=\"none\">\n\t\t\t\t\t\t\t\t\t\t\t<circle class=\"flights__spinner-track\" cx=\"16\" cy=\"16\" r=\"12\" stroke-width=\"2.6\"><\/circle>\n\t\t\t\t\t\t\t\t\t\t\t<path class=\"flights__spinner-arc\" d=\"M16 4 a12 12 0 0 1 12 12\" stroke-width=\"2.6\"><\/path>\n\t\t\t\t\t\t\t\t\t\t<\/svg>\n\t\t\t\t\t\t\t\t\t<\/span>\n\t\t\t\t\t\t\t\t\t<div class=\"flights__loading-title\">Fl\u00fcge suchen\u2026<\/div>\n\t\t\t\t\t\t\t\t\t<div class=\"flights__loading-sub\">Wir rufen die verf\u00fcgbaren Optionen von unseren Partnern ab.<\/div>\n\t\t\t\t\t\t\t\t<\/div>\n\t\t\t\t\t\t\t<\/div>\n\t\t\t\t\t\t\t<div class=\"flights__empty-state\">\n\t\t\t\t\t\t\t\t<span class=\"flights__empty-icon\">\n\t\t\t\t\t\t\t\t\t<svg viewbox=\"0 0 24 24\" fill=\"none\" stroke=\"currentColor\" stroke-width=\"1.5\" stroke-linecap=\"round\" stroke-linejoin=\"round\">\n\t\t\t\t\t\t\t\t\t\t<path d=\"M17.8 19.2 16 11l3.5-3.5C21 6 21.5 4 21 3c-1-.5-3 0-4.5 1.5L13 8 4.8 6.2c-.5-.1-.9.1-1.1.5l-.3.5c-.2.5-.1 1 .3 1.3L9 12l-2 3H4l-1 1 3 2 2 3 1-1v-3l3-2 3.5 5.3c.3.4.8.5 1.3.3l.5-.2c.4-.3.6-.7.5-1.2z\"\/>\n\t\t\t\t\t\t\t\t\t\t<path d=\"m2 2 20 20\"\/>\n\t\t\t\t\t\t\t\t\t<\/svg>\n\t\t\t\t\t\t\t\t<\/span>\n\t\t\t\t\t\t\t\t<div class=\"flights__empty-title\">Keine Fl\u00fcge gefunden<\/div>\n\t\t\t\t\t\t\t\t<p class=\"flights__empty-sub\">F\u00fcr diese Kombination aus Reise, Abflugort und Datum wurden keine verf\u00fcgbaren Fl\u00fcge gefunden. Versuchen Sie ein anderes Abflugdatum oder einen anderen Ort.<\/p>\n\t\t\t\t\t\t\t<\/div>\n\t\t\t\t\t\t<\/section>\n\t\t\t\t\t<\/div>\n\t\t\t\t<\/div>\n\t\t\t<template class=\"tpl-flights-card\">\n\t\t\t\t<article class=\"flights__card\">\n\t\t\t\t\t<div class=\"flights__card-legs\">\n\t\t\t\t\t\t<div class=\"flights__leg flights__leg--to\">\n\t\t\t\t\t\t\t<span class=\"flights__leg-badge\"><svg viewbox=\"0 0 24 24\" fill=\"none\" stroke=\"currentColor\" stroke-width=\"1.5\" stroke-linecap=\"round\" stroke-linejoin=\"round\"><path d=\"M17.8 19.2 16 11l3.5-3.5C21 6 21.5 4 21 3c-1-.5-3 0-4.5 1.5L13 8 4.8 6.2c-.5-.1-.9.1-1.1.5l-.3.5c-.2.5-.1 1 .3 1.3L9 12l-2 3H4l-1 1 3 2 2 3 1-1v-3l3-2 3.5 5.3c.3.4.8.5 1.3.3l.5-.2c.4-.3.6-.7.5-1.2z\"\/><\/svg><\/span>\n\t\t\t\t\t\t\t<div class=\"flights__date-row\"><\/div>\n\t\t\t\t\t\t\t<div class=\"flights__leg-col\">\n\t\t\t\t\t\t\t\t<span class=\"flights__leg-time\"><\/span>\n\t\t\t\t\t\t\t\t<span class=\"flights__leg-loc\"><\/span>\n\t\t\t\t\t\t\t<\/div>\n\t\t\t\t\t\t\t<span class=\"flights__leg-arrow\"><svg viewbox=\"0 0 24 24\" fill=\"none\" stroke=\"currentColor\" stroke-width=\"1.5\" stroke-linecap=\"round\" stroke-linejoin=\"round\"><path d=\"M5 12h14M13 5l7 7-7 7\"\/><\/svg><\/span>\n\t\t\t\t\t\t\t<div class=\"flights__leg-col\">\n\t\t\t\t\t\t\t\t<span class=\"flights__leg-time\"><\/span>\n\t\t\t\t\t\t\t\t<span class=\"flights__leg-loc\"><\/span>\n\t\t\t\t\t\t\t<\/div>\n\t\t\t\t\t\t\t<div class=\"flights__leg-meta\">\n\t\t\t\t\t\t\t\t<span class=\"flights__leg-meta-label\">Reisedauer<\/span>\n\t\t\t\t\t\t\t\t<span class=\"flights__leg-meta-duration\"><span class=\"flights__duration-hours\"><\/span>h<span class=\"flights__duration-minutes\"><\/span><\/span>\n\t\t\t\t\t\t\t<\/div>\n\t\t\t\t\t\t<\/div>\n\t\t\t\t\t\t<div class=\"flights__leg flights__leg--back\">\n\t\t\t\t\t\t\t<span class=\"flights__leg-badge is-return\"><svg viewbox=\"0 0 24 24\" fill=\"none\" stroke=\"currentColor\" stroke-width=\"1.5\" stroke-linecap=\"round\" stroke-linejoin=\"round\"><path d=\"M17.8 19.2 16 11l3.5-3.5C21 6 21.5 4 21 3c-1-.5-3 0-4.5 1.5L13 8 4.8 6.2c-.5-.1-.9.1-1.1.5l-.3.5c-.2.5-.1 1 .3 1.3L9 12l-2 3H4l-1 1 3 2 2 3 1-1v-3l3-2 3.5 5.3c.3.4.8.5 1.3.3l.5-.2c.4-.3.6-.7.5-1.2z\"\/><\/svg><\/span>\n\t\t\t\t\t\t\t<div class=\"flights__date-row\"><\/div>\n\t\t\t\t\t\t\t<div class=\"flights__leg-col\">\n\t\t\t\t\t\t\t\t<span class=\"flights__leg-time\"><\/span>\n\t\t\t\t\t\t\t\t<span class=\"flights__leg-loc\"><\/span>\n\t\t\t\t\t\t\t<\/div>\n\t\t\t\t\t\t\t<span class=\"flights__leg-arrow\"><svg viewbox=\"0 0 24 24\" fill=\"none\" stroke=\"currentColor\" stroke-width=\"1.5\" stroke-linecap=\"round\" stroke-linejoin=\"round\"><path d=\"M5 12h14M13 5l7 7-7 7\"\/><\/svg><\/span>\n\t\t\t\t\t\t\t<div class=\"flights__leg-col\">\n\t\t\t\t\t\t\t\t<span class=\"flights__leg-time\"><\/span>\n\t\t\t\t\t\t\t\t<span class=\"flights__leg-loc\"><\/span>\n\t\t\t\t\t\t\t<\/div>\n\t\t\t\t\t\t\t<div class=\"flights__leg-meta\">\n\t\t\t\t\t\t\t\t<span class=\"flights__leg-meta-label\">Reisedauer<\/span>\n\t\t\t\t\t\t\t\t<span class=\"flights__leg-meta-duration\"><span class=\"flights__duration-hours\"><\/span>h<span class=\"flights__duration-minutes\"><\/span><\/span>\n\t\t\t\t\t\t\t<\/div>\n\t\t\t\t\t\t<\/div>\n\t\t\t\t\t<\/div>\n\t\t\t\t\t<div class=\"flights__card-price\">\n\t\t\t\t\t\t<span class=\"flights__card-price-status\">\n\t\t\t\t\t\t\t<span class=\"flights__card-price-status-direct\">\n\t\t\t\t\t\t\t\t<svg viewbox=\"0 0 24 24\" fill=\"none\" stroke=\"currentColor\" stroke-width=\"1.6\" stroke-linecap=\"round\" stroke-linejoin=\"round\"><path d=\"M3 12h16l-4-4M19 12l-4 4\"\/><\/svg>\n\t\t\t\t\t\t\t\t<span>Direktfl\u00fcge<\/span>\n\t\t\t\t\t\t\t<\/span>\n\t\t\t\t\t\t\t<span class=\"flights__card-price-status-via\">\n\t\t\t\t\t\t\t\t<svg viewbox=\"0 0 24 24\" fill=\"none\" stroke=\"currentColor\" stroke-width=\"1.6\" stroke-linecap=\"round\" stroke-linejoin=\"round\"><path d=\"M4 8h13l-3-3M20 16H7l3 3\"\/><\/svg>\n\t\t\t\t\t\t\t\t<span>Mit Zwischenstopp<\/span>\n\t\t\t\t\t\t\t<\/span>\n\t\t\t\t\t\t<\/span>\n\t\t\t\t\t\t<span class=\"flights__card-price-amount\">\n\t\t\t\t\t\t\t<span class=\"flights__card-price-value\"><\/span>\n\t\t\t\t\t\t\t<span class=\"flights__card-price-label\">p.P.<\/span>\n\t\t\t\t\t\t<\/span>\n\t\t\t\t\t\t<div class=\"flights__incl\">\n\t\t\t\t\t\t\t\t\t\t\t\t\t\t<button class=\"flights__incl-bar\" type=\"button\" popovertarget=\"flights-incl-pop\" data-incl=\"ruim:0,hand:1,transfer:1\">\n\t\t\t\t\t\t\t\t<span class=\"flights__incl-bar-i\">i<\/span>\n\t\t\t\t\t\t\t\t<span class=\"flights__incl-bar-items\">\n\t\t\t\t\t\t\t\t\t\t\t\t\t\t\t\t\t\t\t<span class=\"flights__incl-itm is-off\">\n\t\t\t\t\t\t\t\t\t\t\t<svg viewbox=\"0 0 24 24\" fill=\"none\" stroke=\"currentColor\" stroke-width=\"1.7\" stroke-linecap=\"round\" stroke-linejoin=\"round\"><rect x=\"2\" y=\"6\" width=\"20\" height=\"14\" rx=\"2\"\/><path d=\"M16 20V4a2 2 0 0 0-2-2h-4a2 2 0 0 0-2 2v16\"\/><\/svg>\n\t\t\t\t\t\t\t\t\t\t\t<span class=\"flights__incl-itm-badge\"><svg viewbox=\"0 0 24 24\" fill=\"none\" stroke=\"currentColor\" stroke-width=\"2.6\" stroke-linecap=\"round\" stroke-linejoin=\"round\"><path d=\"M18 6 6 18M6 6l12 12\"\/><\/svg><\/span>\n\t\t\t\t\t\t\t\t\t\t<\/span>\n\t\t\t\t\t\t\t\t\t\t\t\t\t\t\t\t\t\t\t<span class=\"flights__incl-itm\">\n\t\t\t\t\t\t\t\t\t\t\t<svg viewbox=\"0 0 24 24\" fill=\"none\" stroke=\"currentColor\" stroke-width=\"1.7\" stroke-linecap=\"round\" stroke-linejoin=\"round\"><rect x=\"4\" y=\"8\" width=\"16\" height=\"12.5\" rx=\"5\"\/><path d=\"M9 8V6a3 3 0 0 1 6 0v2\"\/><path d=\"M8.5 13.5h7\"\/><\/svg>\n\t\t\t\t\t\t\t\t\t\t\t<span class=\"flights__incl-itm-badge\"><svg viewbox=\"0 0 24 24\" fill=\"none\" stroke=\"currentColor\" stroke-width=\"2.6\" stroke-linecap=\"round\" stroke-linejoin=\"round\"><path d=\"M20 6 9 17l-5-5\"\/><\/svg><\/span>\n\t\t\t\t\t\t\t\t\t\t<\/span>\n\t\t\t\t\t\t\t\t\t\t\t\t\t\t\t\t\t\t\t<span class=\"flights__incl-itm\">\n\t\t\t\t\t\t\t\t\t\t\t<svg viewbox=\"0 0 24 24\" fill=\"none\" stroke=\"currentColor\" stroke-width=\"1.7\" stroke-linecap=\"round\" stroke-linejoin=\"round\"><path d=\"M19 17h2c.6 0 1-.4 1-1v-3c0-.9-.7-1.7-1.5-1.9C18.7 10.6 16 10 16 10s-1.3-1.4-2.2-2.3c-.5-.4-1.1-.7-1.8-.7H5c-.6 0-1.1.4-1.4.9l-1.6 2.8C1.4 11.3 1 12.1 1 13v3c0 .6.4 1 1 1h2\"\/><circle cx=\"7\" cy=\"17\" r=\"2\"\/><path d=\"M9 17h6\"\/><circle cx=\"17\" cy=\"17\" r=\"2\"\/><\/svg>\n\t\t\t\t\t\t\t\t\t\t\t<span class=\"flights__incl-itm-badge\"><svg viewbox=\"0 0 24 24\" fill=\"none\" stroke=\"currentColor\" stroke-width=\"2.6\" stroke-linecap=\"round\" stroke-linejoin=\"round\"><path d=\"M20 6 9 17l-5-5\"\/><\/svg><\/span>\n\t\t\t\t\t\t\t\t\t\t<\/span>\n\t\t\t\t\t\t\t\t\t\t\t\t\t\t\t\t\t<\/span>\n\t\t\t\t\t\t\t<\/button>\n\t\t\t\t\t\t\t<div class=\"flights__incl-pop\" popover id=\"flights-incl-pop\">\n\t\t\t\t\t\t\t\t\t\t\t\t\t\t\t\t\t<div class=\"flights__incl-pop-row is-off\">\n\t\t\t\t\t\t\t\t\t\t<span class=\"flights__incl-pop-ic\"><svg viewbox=\"0 0 24 24\" fill=\"none\" stroke=\"currentColor\" stroke-width=\"1.6\" stroke-linecap=\"round\" stroke-linejoin=\"round\"><rect x=\"2\" y=\"6\" width=\"20\" height=\"14\" rx=\"2\"\/><path d=\"M16 20V4a2 2 0 0 0-2-2h-4a2 2 0 0 0-2 2v16\"\/><\/svg><\/span>\n\t\t\t\t\t\t\t\t\t\t<span class=\"flights__incl-pop-txt\">\n\t\t\t\t\t\t\t\t\t\t\t<span class=\"flights__incl-pop-label\">Aufgabegep\u00e4ck<\/span>\n\t\t\t\t\t\t\t\t\t\t\t<span class=\"flights__incl-pop-desc\">Nicht inbegriffen, zubuchbar.<\/span>\n\t\t\t\t\t\t\t\t\t\t<\/span>\n\t\t\t\t\t\t\t\t\t\t<span class=\"flights__incl-pop-mark\"><svg viewbox=\"0 0 24 24\" fill=\"none\" stroke=\"currentColor\" stroke-width=\"2.4\" stroke-linecap=\"round\" stroke-linejoin=\"round\"><path d=\"M18 6 6 18M6 6l12 12\"\/><\/svg><\/span>\n\t\t\t\t\t\t\t\t\t<\/div>\n\t\t\t\t\t\t\t\t\t\t\t\t\t\t\t\t\t<div class=\"flights__incl-pop-row\">\n\t\t\t\t\t\t\t\t\t\t<span class=\"flights__incl-pop-ic\"><svg viewbox=\"0 0 24 24\" fill=\"none\" stroke=\"currentColor\" stroke-width=\"1.6\" stroke-linecap=\"round\" stroke-linejoin=\"round\"><rect x=\"4\" y=\"8\" width=\"16\" height=\"12.5\" rx=\"5\"\/><path d=\"M9 8V6a3 3 0 0 1 6 0v2\"\/><path d=\"M8.5 13.5h7\"\/><\/svg><\/span>\n\t\t\t\t\t\t\t\t\t\t<span class=\"flights__incl-pop-txt\">\n\t\t\t\t\t\t\t\t\t\t\t<span class=\"flights__incl-pop-label\">Handgep\u00e4ck<\/span>\n\t\t\t\t\t\t\t\t\t\t\t<span class=\"flights__incl-pop-desc\">Ein Handgep\u00e4ckst\u00fcck an Bord.<\/span>\n\t\t\t\t\t\t\t\t\t\t<\/span>\n\t\t\t\t\t\t\t\t\t\t<span class=\"flights__incl-pop-mark\"><svg viewbox=\"0 0 24 24\" fill=\"none\" stroke=\"currentColor\" stroke-width=\"2.4\" stroke-linecap=\"round\" stroke-linejoin=\"round\"><path d=\"M20 6 9 17l-5-5\"\/><\/svg><\/span>\n\t\t\t\t\t\t\t\t\t<\/div>\n\t\t\t\t\t\t\t\t\t\t\t\t\t\t\t\t\t<div class=\"flights__incl-pop-row\">\n\t\t\t\t\t\t\t\t\t\t<span class=\"flights__incl-pop-ic\"><svg viewbox=\"0 0 24 24\" fill=\"none\" stroke=\"currentColor\" stroke-width=\"1.6\" stroke-linecap=\"round\" stroke-linejoin=\"round\"><path d=\"M19 17h2c.6 0 1-.4 1-1v-3c0-.9-.7-1.7-1.5-1.9C18.7 10.6 16 10 16 10s-1.3-1.4-2.2-2.3c-.5-.4-1.1-.7-1.8-.7H5c-.6 0-1.1.4-1.4.9l-1.6 2.8C1.4 11.3 1 12.1 1 13v3c0 .6.4 1 1 1h2\"\/><circle cx=\"7\" cy=\"17\" r=\"2\"\/><path d=\"M9 17h6\"\/><circle cx=\"17\" cy=\"17\" r=\"2\"\/><\/svg><\/span>\n\t\t\t\t\t\t\t\t\t\t<span class=\"flights__incl-pop-txt\">\n\t\t\t\t\t\t\t\t\t\t\t<span class=\"flights__incl-pop-label\">Transfer<\/span>\n\t\t\t\t\t\t\t\t\t\t\t<span class=\"flights__incl-pop-desc\">Flughafen zur Unterkunft, hin und zur\u00fcck.<\/span>\n\t\t\t\t\t\t\t\t\t\t<\/span>\n\t\t\t\t\t\t\t\t\t\t<span class=\"flights__incl-pop-mark\"><svg viewbox=\"0 0 24 24\" fill=\"none\" stroke=\"currentColor\" stroke-width=\"2.4\" stroke-linecap=\"round\" stroke-linejoin=\"round\"><path d=\"M20 6 9 17l-5-5\"\/><\/svg><\/span>\n\t\t\t\t\t\t\t\t\t<\/div>\n\t\t\t\t\t\t\t\t\t\t\t\t\t\t\t<\/div>\n\t\t\t\t\t\t<\/div>\n\t\t\t\t\t<\/div>\n\t\t\t\t<\/article>\n\t\t\t<\/template>\n            <\/div>\n        <\/dialog>\n    <\/div>\n    \t\t\t\t\t\t\t\t\n\t\t\t\t\t\t\t\t\t\t\t\t\t\t\t<\/div>\n\t\t\t\t\t\t\t\n\t\t\t\t\t\t\t\t\t\t\t\t\t\t\t\t\t\t<\/div>\n\t\t\t\t<\/details>\n\t\t\t\t\t\t\t<details class=\"tb-practicalv2__category tb-practicalv2__category--custom\" id=\"luchthaventransport\"  open>\n\t\t\t\t\t<summary class=\"tb-practicalv2__category-toggle\">\n\t\t\t\t\t\t\t\t\t\t\t\t\t\t\t\t\t<i class=\"icon fa-solid fa-bus tb-style-block fa-fw\" aria-hidden=\"true\"><\/i>\n\t\t\t\t\t\t\t\t\t\t\t\t\t\t\t<span class=\"tb-practicalv2__category-name\">\n\t\t\t\t\t\t\tFlughafentransfer\t\t\t\t\t\t<\/span>\n\t\t\t\t\t<\/summary>\n\t\t\t\t\t<div class=\"tb-practicalv2__category-content\">\n\t\t\t\t\t\t\t\t\t\t\t\t\t<div class=\"tb-practicalv2__category-default-content\">\n\t\t\t\t\t\t\t\t\t\t\n\t\t\t\t\t\t\t\t\t\t\t\t\t\t\t\t\t<ul class=\"tb-practicalv2__icon-list\">\n\t\t\t\t\t\t\t\t\t\t\t\t\t\t\t\t\t\t\t\t\t<li class=\"tb-practicalv2__icon-item\">\n\t\t\t\t\t\t\t\t\t\t\t\t\t\t\t\t\t\t\t\t\t\t\t\t\t<div>\n\t\t\t\t\t\t\t\t\t\t\t\t\t\t\t\t\t\t<i class=\"icon fa-solid fa-bus fa-fw\" aria-hidden=\"true\"><\/i>\n\t\t\t\t\t\t\t\t\t\t\t\t\t\t\t\t<\/div>\n\t\t\t\t\t\t\t\t\t\t\t\t\t\t\t\t\t\t\t\t\t\t\t\t\t<div class=\"translation-block\"><p>Wenn du deine Fl\u00fcge \u00fcber uns buchst, ist der Flughafentransfer vom und zum Flughafen Amman inklusive.<\/p><p>&nbsp;<\/p><p>Du buchst deine eigenen Fl\u00fcge und m\u00f6chtest unseren Shuttle nutzen? Dann beachte bitte die folgenden <strong>Shuttle-Zeiten:<\/strong><\/p><p>&nbsp;<\/p><ul><li>Shuttle vom Flughafen nach Madaba <strong>(Tag 1): 22:45 Uhr<\/strong><\/li><li>Shuttle vom Hotel in Amman zum Flughafen <strong>(Tag 8): 7:00 Uhr<\/strong><\/li><\/ul><\/div>\n\t\t\t\t\t\t\t\t\t\t\t\t<\/li>\n\t\t\t\t\t\t\t\t\t\t\t\t\t\t\t\t\t\t\t\t\t<li class=\"tb-practicalv2__icon-item\">\n\t\t\t\t\t\t\t\t\t\t\t\t\t\t\t\t\t\t\t\t\t\t\t\t\t<div>\n\t\t\t\t\t\t\t\t\t\t\t\t\t\t\t\t\t\t<i class=\"icon fa-solid fa-taxi fa-fw\" aria-hidden=\"true\"><\/i>\n\t\t\t\t\t\t\t\t\t\t\t\t\t\t\t\t<\/div>\n\t\t\t\t\t\t\t\t\t\t\t\t\t\t\t\t\t\t\t\t\t\t\t\t\t<div class=\"translation-block\"><p>Passen deine Flugzeiten oder deine Reiseplanung nicht zu unserem Shuttle? Dann kannst du dich ganz einfach mit einem <strong>Taxi<\/strong> zwischen dem Flughafen, dem Hotel in Madaba und dem Zentrum von Amman fortbewegen.<\/p><\/div>\n\t\t\t\t\t\t\t\t\t\t\t\t<\/li>\n\t\t\t\t\t\t\t\t\t\t\t\t\t\t\t\t\t\t\t<\/ul>\n\t\t\t\t\t\t\t\t\n\t\t\t\t\t\t\t\t\n\t\t\t\t\t\t\t\t\t\t\t\t\t\t\t<\/div>\n\t\t\t\t\t\t\t\n\t\t\t\t\t\t\t\t\t\t\t\t\t\t\t\t\t\t<\/div>\n\t\t\t\t<\/details>\n\t\t\t\t\t\t\t<details class=\"tb-practicalv2__category tb-practicalv2__category--stays\" id=\"stays\"  open>\n\t\t\t\t\t<summary class=\"tb-practicalv2__category-toggle\">\n\t\t\t\t\t\t\t\t\t\t\t\t\t\t\t\t\t<i class=\"icon fa-solid fa-bed tb-style-block fa-fw\" aria-hidden=\"true\"><\/i>\n\t\t\t\t\t\t\t\t\t\t\t\t\t\t\t<span class=\"tb-practicalv2__category-name\">\n\t\t\t\t\t\t\tUnterkunft\t\t\t\t\t\t<\/span>\n\t\t\t\t\t<\/summary>\n\t\t\t\t\t<div class=\"tb-practicalv2__category-content\">\n\t\t\t\t\t\t\t\t\t\t\t\t\t<div class=\"tb-practicalv2__category-default-content\">\n\t\t\t\t\t\t\t\t\t\t\n\t\t\t\t\t\t\t\t\t\t\t\t\t\t\t\t\t<ul class=\"tb-practicalv2__icon-list\">\n\t\t\t\t\t\t\t\t\t\t\t\t\t\t\t\t\t\t\t\t\t<li class=\"tb-practicalv2__icon-item\">\n\t\t\t\t\t\t\t\t\t\t\t\t\t\t\t\t\t\t\t\t\t\t\t\t\t<div>\n\t\t\t\t\t\t\t\t\t\t\t\t\t\t\t\t\t\t<i class=\"icon fa-kit fa-tb-icon-tipi fa-fw\" aria-hidden=\"true\"><\/i>\n\t\t\t\t\t\t\t\t\t\t\t\t\t\t\t\t<\/div>\n\t\t\t\t\t\t\t\t\t\t\t\t\t\t\t\t\t\t\t\t\t\t\t\t\t<div class=\"translation-block\"><p>W\u00e4hrend des Jordan Trail schl\u00e4fst du <strong>meistens im Zelt<\/strong>. Die Campingpl\u00e4tze liegen <strong>mitten in der Natur<\/strong>, ohne sanit\u00e4re Anlagen oder flie\u00dfendes Wasser. Mit dem mitgef\u00fchrten Wasser kannst du dich an den Lagerpl\u00e4tzen trotzdem frisch machen.<\/p><\/div>\n\t\t\t\t\t\t\t\t\t\t\t\t<\/li>\n\t\t\t\t\t\t\t\t\t\t\t\t\t\t\t\t\t\t\t\t\t<li class=\"tb-practicalv2__icon-item\">\n\t\t\t\t\t\t\t\t\t\t\t\t\t\t\t\t\t\t\t\t\t\t\t\t\t<div>\n\t\t\t\t\t\t\t\t\t\t\t\t\t\t\t\t\t\t<i class=\"icon fa-kit fa-tb-icon-hotel fa-fw\" aria-hidden=\"true\"><\/i>\n\t\t\t\t\t\t\t\t\t\t\t\t\t\t\t\t<\/div>\n\t\t\t\t\t\t\t\t\t\t\t\t\t\t\t\t\t\t\t\t\t\t\t\t\t<div class=\"translation-block\"><p>In der <strong>ersten Nacht in Madaba<\/strong> (Black Iris Hotel) und in <strong>Petra<\/strong> (Sunset Hotel) \u00fcbernachtest du in einem <strong>Hotel<\/strong>. F\u00fcr den <strong>letzten Abend im Zentrum von Amman<\/strong> kannst du <strong>optional eine \u00dcbernachtung im Hotel<\/strong> buchen (MISK Hotel).*<\/p><\/div>\n\t\t\t\t\t\t\t\t\t\t\t\t<\/li>\n\t\t\t\t\t\t\t\t\t\t\t\t\t\t\t\t\t\t\t<\/ul>\n\t\t\t\t\t\t\t\t\n\t\t\t\t\t\t\t\t\n\t\t\t\t\t\t\t\t\t\t\t\t\t\t\t<\/div>\n\t\t\t\t\t\t\t\n\t\t\t\t\t\t\t\t\t\t\t\t\t\t\t<div class=\"tb-practicalv2__info-extra\">\n\t\t\t\t\t\t\t\t\t\t\t\t\t\t\t\t\t\t\t\t<div class=\"translation-block\"><p>*Alleinreisende (oder Teilnehmende in einer Gruppe mit ungerader Personenzahl) teilen sich ein Zimmer mit einem anderen Teilnehmenden. Wir versuchen stets, Teilnehmende desselben Geschlechts zusammen unterzubringen.<\/p><\/div>\n\t\t\t\t\t\t\t\t\t\t\t\t\t\n\t\t\t\t\t\t\t\t\t\t\t\t\t\t\t\t\t<\/div>\n\t\t\t\t\t\t\t\t\t\t\t\t\t\t\t\t\t\t<\/div>\n\t\t\t\t<\/details>\n\t\t\t\t\t\t\t<details class=\"tb-practicalv2__category tb-practicalv2__category--food_drinks\" id=\"food_drinks\"  open>\n\t\t\t\t\t<summary class=\"tb-practicalv2__category-toggle\">\n\t\t\t\t\t\t\t\t\t\t\t\t\t\t\t\t\t<i class=\"icon fa-solid fa-utensils tb-style-block fa-fw\" aria-hidden=\"true\"><\/i>\n\t\t\t\t\t\t\t\t\t\t\t\t\t\t\t<span class=\"tb-practicalv2__category-name\">\n\t\t\t\t\t\t\tVerpflegung\t\t\t\t\t\t<\/span>\n\t\t\t\t\t<\/summary>\n\t\t\t\t\t<div class=\"tb-practicalv2__category-content\">\n\t\t\t\t\t\t\t\t\t\t\t\t\t<div class=\"tb-practicalv2__category-default-content\">\n\t\t\t\t\t\t\t\t\t\t\n\t\t\t\t\t\t\t\t\t\t\t\t\t\t\t\t\t<ul class=\"tb-practicalv2__icon-list\">\n\t\t\t\t\t\t\t\t\t\t\t\t\t\t\t\t\t\t\t\t\t<li class=\"tb-practicalv2__icon-item\">\n\t\t\t\t\t\t\t\t\t\t\t\t\t\t\t\t\t\t\t\t\t\t\t\t\t<div class=\"translation-block\"><p>Du kannst jeden Tag mit uns essen und die <strong>lokale Beduinenk\u00fcche<\/strong> probieren (\u20ac156 vegetarisch, \u20ac160 mit Fleisch). Eigenes Essen darfst du gerne mitbringen, wir empfehlen dir aber besonders, bei den geselligen Beduinen-Dinnern mitzumachen!<\/p><p>&nbsp;<\/p><p>W\u00e4hrend der Wanderung kommst du an <strong>keinen Restaurants oder Superm\u00e4rkten<\/strong> vorbei. Nur in <strong>Petra<\/strong> kannst du am letzten Tag noch etwas kaufen. Nimm deshalb <strong>genug Snacks<\/strong> f\u00fcr die gesamte Strecke mit, zum Beispiel M\u00fcsliriegel, Energieriegel oder Traubenzucker.<\/p><\/div>\n\t\t\t\t\t\t\t\t\t\t\t\t<\/li>\n\t\t\t\t\t\t\t\t\t\t\t\t\t\t\t\t\t\t\t<\/ul>\n\t\t\t\t\t\t\t\t\n\t\t\t\t\t\t\t\t\n\t\t\t\t\t\t\t\t\t\t\t\t\t\t\t<\/div>\n\t\t\t\t\t\t\t\n\t\t\t\t\t\t\t\t\t\t\t\t\t\t\t\t\t\t<\/div>\n\t\t\t\t<\/details>\n\t\t\t\t\t\t\t<details class=\"tb-practicalv2__category tb-practicalv2__category--custom\" id=\"onze-gidsen\"  open>\n\t\t\t\t\t<summary class=\"tb-practicalv2__category-toggle\">\n\t\t\t\t\t\t\t\t\t\t\t\t\t\t\t\t\t<i class=\"icon fa-solid fa-person-hiking tb-style-block fa-fw\" aria-hidden=\"true\"><\/i>\n\t\t\t\t\t\t\t\t\t\t\t\t\t\t\t<span class=\"tb-practicalv2__category-name\">\n\t\t\t\t\t\t\tUnsere Guides\t\t\t\t\t\t<\/span>\n\t\t\t\t\t<\/summary>\n\t\t\t\t\t<div class=\"tb-practicalv2__category-content\">\n\t\t\t\t\t\t\t\t\t\t\t\t\t<div class=\"tb-practicalv2__category-default-content\">\n\t\t\t\t\t\t\t\t\t\t\n\t\t\t\t\t\t\t\t\t\t\t\t\t\t\t\t\t<ul class=\"tb-practicalv2__icon-list\">\n\t\t\t\t\t\t\t\t\t\t\t\t\t\t\t\t\t\t\t\t\t<li class=\"tb-practicalv2__icon-item\">\n\t\t\t\t\t\t\t\t\t\t\t\t\t\t\t\t\t\t\t\t\t\t\t\t\t<div class=\"translation-block\"><p>W\u00e4hrend der Wanderung wirst du von <strong>erfahrenen Travelbase-Guides und Einheimischen<\/strong> begleitet, die die Route in- und auswendig kennen. Sie geben dir t\u00e4glich ein Briefing, haben unterwegs Tipps parat und sind jederzeit f\u00fcr dich da, wenn du Hilfe brauchst oder einfach Lust auf ein nettes Gespr\u00e4ch hast. Bei den Wanderungen sind immer Guides in der N\u00e4he, um Wandernde bei Bedarf zu unterst\u00fctzen, falls sie unterwegs Probleme bekommen.<\/p><p>&nbsp;<\/p><p>Da die Route <strong>nicht ausgeschildert<\/strong> ist, raten wir davon ab, die Tour allein zu unternehmen. Dank unserer <strong>engen Zusammenarbeit mit den lokalen Guides<\/strong> folgst du einer sorgf\u00e4ltig geplanten Route und erlebst Jordanien von seiner authentischen Seite.<\/p><\/div>\n\t\t\t\t\t\t\t\t\t\t\t\t<\/li>\n\t\t\t\t\t\t\t\t\t\t\t\t\t\t\t\t\t\t\t<\/ul>\n\t\t\t\t\t\t\t\t\n\t\t\t\t\t\t\t\t\n\t\t\t\t\t\t\t\t\t\t\t\t\t\t\t<\/div>\n\t\t\t\t\t\t\t\n\t\t\t\t\t\t\t\t\t\t\t\t\t\t\t\t\t\t<\/div>\n\t\t\t\t<\/details>\n\t\t\t\t\t\t\t<details class=\"tb-practicalv2__category tb-practicalv2__category--custom\" id=\"reisdocumenten\"  open>\n\t\t\t\t\t<summary class=\"tb-practicalv2__category-toggle\">\n\t\t\t\t\t\t\t\t\t\t\t\t\t\t\t\t\t<i class=\"icon fa-solid fa-passport tb-style-block fa-fw\" aria-hidden=\"true\"><\/i>\n\t\t\t\t\t\t\t\t\t\t\t\t\t\t\t<span class=\"tb-practicalv2__category-name\">\n\t\t\t\t\t\t\tReisedokumente\t\t\t\t\t\t<\/span>\n\t\t\t\t\t<\/summary>\n\t\t\t\t\t<div class=\"tb-practicalv2__category-content\">\n\t\t\t\t\t\t\t\t\t\t\t\t\t<div class=\"tb-practicalv2__category-default-content\">\n\t\t\t\t\t\t\t\t\t\t\n\t\t\t\t\t\t\t\t\t\t\t\t\t\t\t\t\t<ul class=\"tb-practicalv2__icon-list\">\n\t\t\t\t\t\t\t\t\t\t\t\t\t\t\t\t\t\t\t\t\t<li class=\"tb-practicalv2__icon-item\">\n\t\t\t\t\t\t\t\t\t\t\t\t\t\t\t\t\t\t\t\t\t\t\t\t\t<div class=\"translation-block\"><ul><li><strong>Internationaler Reisepass<\/strong>, der bei deiner Ankunft noch mindestens 6 Monate g\u00fcltig sein muss.<\/li><li><strong>Visum<\/strong>: Wenn du deine Fl\u00fcge \u00fcber uns buchst, ist es bereits im Preis enthalten. Organisierst du deinen Flug selbst, empfehlen wir dir, einen <a href=\"https:\/\/www.jordanpass.jo\/\" target=\"_blank\">Jordan Pass<\/a> zu kaufen (3 Monate ab dem Kauf g\u00fcltig). Damit erh\u00e4ltst du Zugang zu Petra und dein Visum ist ebenfalls geregelt.<\/li><\/ul><\/div>\n\t\t\t\t\t\t\t\t\t\t\t\t<\/li>\n\t\t\t\t\t\t\t\t\t\t\t\t\t\t\t\t\t\t\t<\/ul>\n\t\t\t\t\t\t\t\t\n\t\t\t\t\t\t\t\t\n\t\t\t\t\t\t\t\t\t\t\t\t\t\t\t<\/div>\n\t\t\t\t\t\t\t\n\t\t\t\t\t\t\t\t\t\t\t\t\t\t\t\t\t\t<\/div>\n\t\t\t\t<\/details>\n\t\t\t\t\t\t\t<details class=\"tb-practicalv2__category tb-practicalv2__category--custom\" id=\"travelbase-app\"  open>\n\t\t\t\t\t<summary class=\"tb-practicalv2__category-toggle\">\n\t\t\t\t\t\t\t\t\t\t\t\t\t\t\t\t\t<i class=\"icon fa-solid fa-circle-info tb-style-block fa-fw\" aria-hidden=\"true\"><\/i>\n\t\t\t\t\t\t\t\t\t\t\t\t\t\t\t<span class=\"tb-practicalv2__category-name\">\n\t\t\t\t\t\t\tTravelbase-App\t\t\t\t\t\t<\/span>\n\t\t\t\t\t<\/summary>\n\t\t\t\t\t<div class=\"tb-practicalv2__category-content\">\n\t\t\t\t\t\t\t\t\t\t\t\t\t<div class=\"tb-practicalv2__category-default-content\">\n\t\t\t\t\t\t\t\t\t\t\n\t\t\t\t\t\t\t\t\t\t\t\t\t\t\t\t\t<ul class=\"tb-practicalv2__icon-list\">\n\t\t\t\t\t\t\t\t\t\t\t\t\t\t\t\t\t\t\t\t\t<li class=\"tb-practicalv2__icon-item\">\n\t\t\t\t\t\t\t\t\t\t\t\t\t\t\t\t\t\t\t\t\t\t\t\t\t<div class=\"translation-block\"><p>Nach deiner Buchung erh\u00e4ltst du Zugang zur <a href=\"https:\/\/thejordantrail.org\/nl\/app\/\">Travelbase-App<\/a>. Installiere sie vor der Abreise, damit du alle Informationen jederzeit griffbereit hast. Dort findest du <strong>alle praktischen Informationen<\/strong> f\u00fcr vor, w\u00e4hrend und nach deiner Reise:<\/p><ul><li>Tipps &amp; Tricks<\/li><li>Wochenplan<\/li><li>Fluginformationen<\/li><li>Chat mit den anderen Teilnehmenden und Guides ab 2 Wochen vor der Abreise<\/li><\/ul><\/div>\n\t\t\t\t\t\t\t\t\t\t\t\t<\/li>\n\t\t\t\t\t\t\t\t\t\t\t\t\t\t\t\t\t\t\t<\/ul>\n\t\t\t\t\t\t\t\t\n\t\t\t\t\t\t\t\t\n\t\t\t\t\t\t\t\t\t\t\t\t\t\t\t<\/div>\n\t\t\t\t\t\t\t\n\t\t\t\t\t\t\t\t\t\t\t\t\t\t\t\t\t\t<\/div>\n\t\t\t\t<\/details>\n\t\t\t\t\t<\/div>\n\t<\/div>\n<\/div>\n\n\n<div class=\"tb-gallery tb-block align-center background-light pattern-none variant-grid\" id=\"gallery-1\">\n\t<div class=\"tb-gallery__inner\">\n\t\t<div class=\"desktop tb-has-popup-content\">\n\t\t\t\t\t\t\t<ul class=\"tb-gallery-grid\">\n\t\t\t\t\t\t\t\t\t\t\t\t\t\t\t\t\t\t<li class=\"slide\">\n\t\t\t\t\t\t\t\t<div class=\"tb-popup-trigger\">\n\t\t\t\t\t\t\t\t\t<img src='https:\/\/tjt.travelblox.eu\/wp-content\/smush-webp\/sites\/78\/2024\/09\/DSC05104.jpg.webp' width='1024' height='683' alt='Jordan Trail, Petra, Wadi Musa Jordanien' srcset='https:\/\/tjt.travelblox.eu\/wp-content\/smush-webp\/sites\/78\/2024\/09\/DSC05104.jpg.webp 1024w, https:\/\/tjt.travelblox.eu\/wp-content\/smush-webp\/sites\/78\/2024\/09\/DSC05104-300x200.jpg.webp 300w, https:\/\/tjt.travelblox.eu\/wp-content\/smush-webp\/sites\/78\/2024\/09\/DSC05104-768x512.jpg.webp 768w, https:\/\/tjt.travelblox.eu\/wp-content\/smush-webp\/sites\/78\/2024\/09\/DSC05104-18x12.jpg.webp 18w' sizes=\"auto, (max-width: 1024px) 100vw, 1024px\" loading='lazy' decoding='async' data-smush-webp-fallback=\"{&quot;src&quot;:&quot;https:\\\/\\\/tjt.travelblox.eu\\\/wp-content\\\/uploads\\\/sites\\\/78\\\/2024\\\/09\\\/DSC05104.jpg&quot;,&quot;srcset&quot;:&quot;https:\\\/\\\/tjt.travelblox.eu\\\/wp-content\\\/uploads\\\/sites\\\/78\\\/2024\\\/09\\\/DSC05104.jpg 1024w, https:\\\/\\\/tjt.travelblox.eu\\\/wp-content\\\/uploads\\\/sites\\\/78\\\/2024\\\/09\\\/DSC05104-300x200.jpg 300w, https:\\\/\\\/tjt.travelblox.eu\\\/wp-content\\\/uploads\\\/sites\\\/78\\\/2024\\\/09\\\/DSC05104-768x512.jpg 768w, https:\\\/\\\/tjt.travelblox.eu\\\/wp-content\\\/uploads\\\/sites\\\/78\\\/2024\\\/09\\\/DSC05104-18x12.jpg 18w&quot;}\">\t\t\t\t\t\t\t\t<\/div>\n\t\t\t\t\t\t\t<\/li>\n\t\t\t\t\t\t\t\t\t\t\t\t\t<li class=\"slide\">\n\t\t\t\t\t\t\t\t<div class=\"tb-popup-trigger\">\n\t\t\t\t\t\t\t\t\t<img src='https:\/\/tjt.travelblox.eu\/wp-content\/smush-webp\/sites\/78\/2024\/09\/JT23_RoyMosterd_LR_4152038-min-scaled.jpg.webp' width='2560' height='1920' alt='Der Jordan Trail' srcset='https:\/\/tjt.travelblox.eu\/wp-content\/smush-webp\/sites\/78\/2024\/09\/JT23_RoyMosterd_LR_4152038-min-scaled.jpg.webp 2560w, https:\/\/tjt.travelblox.eu\/wp-content\/smush-webp\/sites\/78\/2024\/09\/JT23_RoyMosterd_LR_4152038-min-300x225.jpg.webp 300w, https:\/\/tjt.travelblox.eu\/wp-content\/smush-webp\/sites\/78\/2024\/09\/JT23_RoyMosterd_LR_4152038-min-1024x768.jpg.webp 1024w, https:\/\/tjt.travelblox.eu\/wp-content\/smush-webp\/sites\/78\/2024\/09\/JT23_RoyMosterd_LR_4152038-min-768x576.jpg.webp 768w, https:\/\/tjt.travelblox.eu\/wp-content\/smush-webp\/sites\/78\/2024\/09\/JT23_RoyMosterd_LR_4152038-min-1536x1152.jpg.webp 1536w, https:\/\/tjt.travelblox.eu\/wp-content\/smush-webp\/sites\/78\/2024\/09\/JT23_RoyMosterd_LR_4152038-min-2048x1536.jpg.webp 2048w, https:\/\/tjt.travelblox.eu\/wp-content\/smush-webp\/sites\/78\/2024\/09\/JT23_RoyMosterd_LR_4152038-min-16x12.jpg.webp 16w' sizes=\"auto, (max-width: 2560px) 100vw, 2560px\" loading='lazy' decoding='async' data-smush-webp-fallback=\"{&quot;src&quot;:&quot;https:\\\/\\\/tjt.travelblox.eu\\\/wp-content\\\/uploads\\\/sites\\\/78\\\/2024\\\/09\\\/JT23_RoyMosterd_LR_4152038-min-scaled.jpg&quot;,&quot;srcset&quot;:&quot;https:\\\/\\\/tjt.travelblox.eu\\\/wp-content\\\/uploads\\\/sites\\\/78\\\/2024\\\/09\\\/JT23_RoyMosterd_LR_4152038-min-scaled.jpg 2560w, https:\\\/\\\/tjt.travelblox.eu\\\/wp-content\\\/uploads\\\/sites\\\/78\\\/2024\\\/09\\\/JT23_RoyMosterd_LR_4152038-min-300x225.jpg 300w, https:\\\/\\\/tjt.travelblox.eu\\\/wp-content\\\/uploads\\\/sites\\\/78\\\/2024\\\/09\\\/JT23_RoyMosterd_LR_4152038-min-1024x768.jpg 1024w, https:\\\/\\\/tjt.travelblox.eu\\\/wp-content\\\/uploads\\\/sites\\\/78\\\/2024\\\/09\\\/JT23_RoyMosterd_LR_4152038-min-768x576.jpg 768w, https:\\\/\\\/tjt.travelblox.eu\\\/wp-content\\\/uploads\\\/sites\\\/78\\\/2024\\\/09\\\/JT23_RoyMosterd_LR_4152038-min-1536x1152.jpg 1536w, https:\\\/\\\/tjt.travelblox.eu\\\/wp-content\\\/uploads\\\/sites\\\/78\\\/2024\\\/09\\\/JT23_RoyMosterd_LR_4152038-min-2048x1536.jpg 2048w, https:\\\/\\\/tjt.travelblox.eu\\\/wp-content\\\/uploads\\\/sites\\\/78\\\/2024\\\/09\\\/JT23_RoyMosterd_LR_4152038-min-16x12.jpg 16w&quot;}\">\t\t\t\t\t\t\t\t<\/div>\n\t\t\t\t\t\t\t<\/li>\n\t\t\t\t\t\t\t\t\t\t\t\t\t<li class=\"slide\">\n\t\t\t\t\t\t\t\t<div class=\"tb-popup-trigger\">\n\t\t\t\t\t\t\t\t\t<img src='https:\/\/tjt.travelblox.eu\/wp-content\/smush-webp\/sites\/78\/2024\/09\/TJT23_EvyVanNispen_LR-89-min.jpg.webp' width='2500' height='1667' alt='Jordan Trail, Petra' srcset='https:\/\/tjt.travelblox.eu\/wp-content\/smush-webp\/sites\/78\/2024\/09\/TJT23_EvyVanNispen_LR-89-min.jpg.webp 2500w, https:\/\/tjt.travelblox.eu\/wp-content\/smush-webp\/sites\/78\/2024\/09\/TJT23_EvyVanNispen_LR-89-min-300x200.jpg.webp 300w, https:\/\/tjt.travelblox.eu\/wp-content\/smush-webp\/sites\/78\/2024\/09\/TJT23_EvyVanNispen_LR-89-min-1024x683.jpg.webp 1024w, https:\/\/tjt.travelblox.eu\/wp-content\/smush-webp\/sites\/78\/2024\/09\/TJT23_EvyVanNispen_LR-89-min-768x512.jpg.webp 768w, https:\/\/tjt.travelblox.eu\/wp-content\/smush-webp\/sites\/78\/2024\/09\/TJT23_EvyVanNispen_LR-89-min-1536x1024.jpg.webp 1536w, https:\/\/tjt.travelblox.eu\/wp-content\/smush-webp\/sites\/78\/2024\/09\/TJT23_EvyVanNispen_LR-89-min-2048x1366.jpg.webp 2048w, https:\/\/tjt.travelblox.eu\/wp-content\/smush-webp\/sites\/78\/2024\/09\/TJT23_EvyVanNispen_LR-89-min-18x12.jpg.webp 18w' sizes=\"auto, (max-width: 2500px) 100vw, 2500px\" loading='lazy' decoding='async' data-smush-webp-fallback=\"{&quot;src&quot;:&quot;https:\\\/\\\/tjt.travelblox.eu\\\/wp-content\\\/uploads\\\/sites\\\/78\\\/2024\\\/09\\\/TJT23_EvyVanNispen_LR-89-min.jpg&quot;,&quot;srcset&quot;:&quot;https:\\\/\\\/tjt.travelblox.eu\\\/wp-content\\\/uploads\\\/sites\\\/78\\\/2024\\\/09\\\/TJT23_EvyVanNispen_LR-89-min.jpg 2500w, https:\\\/\\\/tjt.travelblox.eu\\\/wp-content\\\/uploads\\\/sites\\\/78\\\/2024\\\/09\\\/TJT23_EvyVanNispen_LR-89-min-300x200.jpg 300w, https:\\\/\\\/tjt.travelblox.eu\\\/wp-content\\\/uploads\\\/sites\\\/78\\\/2024\\\/09\\\/TJT23_EvyVanNispen_LR-89-min-1024x683.jpg 1024w, https:\\\/\\\/tjt.travelblox.eu\\\/wp-content\\\/uploads\\\/sites\\\/78\\\/2024\\\/09\\\/TJT23_EvyVanNispen_LR-89-min-768x512.jpg 768w, https:\\\/\\\/tjt.travelblox.eu\\\/wp-content\\\/uploads\\\/sites\\\/78\\\/2024\\\/09\\\/TJT23_EvyVanNispen_LR-89-min-1536x1024.jpg 1536w, https:\\\/\\\/tjt.travelblox.eu\\\/wp-content\\\/uploads\\\/sites\\\/78\\\/2024\\\/09\\\/TJT23_EvyVanNispen_LR-89-min-2048x1366.jpg 2048w, https:\\\/\\\/tjt.travelblox.eu\\\/wp-content\\\/uploads\\\/sites\\\/78\\\/2024\\\/09\\\/TJT23_EvyVanNispen_LR-89-min-18x12.jpg 18w&quot;}\">\t\t\t\t\t\t\t\t<\/div>\n\t\t\t\t\t\t\t<\/li>\n\t\t\t\t\t\t\t\t\t\t\t\t\t\t\t<\/ul>\n\t\t\t\t\t\t<div class=\"tb-popup tb-popup--open-clicked-image\">\n\t\t\t\t<div class=\"tb-gallery-popup\">\n\t\t\t\t\t<div class=\"tb-image-part\">\n\t\t\t\t\t\t\t\t<div class=\"inner-block-full-width has-tb-carousel tb-carousel-slider\" >\n\t\t<div class=\"tb-carousel-container\">\n\t\t\t<div class=\"entries tb-cards\" data-slider-first=\"2\">\n\t\t\t\t\t\t\t<div class=\"entry\">\n\t\t\t<div class=\"tb-image-part\">\n\t\t\t\t<figure>\n\t\t\t\t\t<img src='https:\/\/tjt.travelblox.eu\/wp-content\/smush-webp\/sites\/78\/2024\/09\/DSC05104.jpg.webp' width='1024' height='683' alt='Jordan Trail, Petra, Wadi Musa Jordanien' srcset='https:\/\/tjt.travelblox.eu\/wp-content\/smush-webp\/sites\/78\/2024\/09\/DSC05104.jpg.webp 1024w, https:\/\/tjt.travelblox.eu\/wp-content\/smush-webp\/sites\/78\/2024\/09\/DSC05104-300x200.jpg.webp 300w, https:\/\/tjt.travelblox.eu\/wp-content\/smush-webp\/sites\/78\/2024\/09\/DSC05104-768x512.jpg.webp 768w, https:\/\/tjt.travelblox.eu\/wp-content\/smush-webp\/sites\/78\/2024\/09\/DSC05104-18x12.jpg.webp 18w' sizes=\"auto, (max-width: 1024px) 100vw, 1024px\" loading='lazy' decoding='async' data-smush-webp-fallback=\"{&quot;src&quot;:&quot;https:\\\/\\\/tjt.travelblox.eu\\\/wp-content\\\/uploads\\\/sites\\\/78\\\/2024\\\/09\\\/DSC05104.jpg&quot;,&quot;srcset&quot;:&quot;https:\\\/\\\/tjt.travelblox.eu\\\/wp-content\\\/uploads\\\/sites\\\/78\\\/2024\\\/09\\\/DSC05104.jpg 1024w, https:\\\/\\\/tjt.travelblox.eu\\\/wp-content\\\/uploads\\\/sites\\\/78\\\/2024\\\/09\\\/DSC05104-300x200.jpg 300w, https:\\\/\\\/tjt.travelblox.eu\\\/wp-content\\\/uploads\\\/sites\\\/78\\\/2024\\\/09\\\/DSC05104-768x512.jpg 768w, https:\\\/\\\/tjt.travelblox.eu\\\/wp-content\\\/uploads\\\/sites\\\/78\\\/2024\\\/09\\\/DSC05104-18x12.jpg 18w&quot;}\">\t\t\t\t\t\t\t\t\t<\/figure>\n\t\t\t<\/div>\n\t\t<\/div>\n\t\t\t<div class=\"entry\">\n\t\t\t<div class=\"tb-image-part\">\n\t\t\t\t<figure>\n\t\t\t\t\t<img src='https:\/\/tjt.travelblox.eu\/wp-content\/smush-webp\/sites\/78\/2024\/09\/JT23_RoyMosterd_LR_4152038-min-scaled.jpg.webp' width='2560' height='1920' alt='Der Jordan Trail' srcset='https:\/\/tjt.travelblox.eu\/wp-content\/smush-webp\/sites\/78\/2024\/09\/JT23_RoyMosterd_LR_4152038-min-scaled.jpg.webp 2560w, https:\/\/tjt.travelblox.eu\/wp-content\/smush-webp\/sites\/78\/2024\/09\/JT23_RoyMosterd_LR_4152038-min-300x225.jpg.webp 300w, https:\/\/tjt.travelblox.eu\/wp-content\/smush-webp\/sites\/78\/2024\/09\/JT23_RoyMosterd_LR_4152038-min-1024x768.jpg.webp 1024w, https:\/\/tjt.travelblox.eu\/wp-content\/smush-webp\/sites\/78\/2024\/09\/JT23_RoyMosterd_LR_4152038-min-768x576.jpg.webp 768w, https:\/\/tjt.travelblox.eu\/wp-content\/smush-webp\/sites\/78\/2024\/09\/JT23_RoyMosterd_LR_4152038-min-1536x1152.jpg.webp 1536w, https:\/\/tjt.travelblox.eu\/wp-content\/smush-webp\/sites\/78\/2024\/09\/JT23_RoyMosterd_LR_4152038-min-2048x1536.jpg.webp 2048w, https:\/\/tjt.travelblox.eu\/wp-content\/smush-webp\/sites\/78\/2024\/09\/JT23_RoyMosterd_LR_4152038-min-16x12.jpg.webp 16w' sizes=\"auto, (max-width: 2560px) 100vw, 2560px\" loading='lazy' decoding='async' data-smush-webp-fallback=\"{&quot;src&quot;:&quot;https:\\\/\\\/tjt.travelblox.eu\\\/wp-content\\\/uploads\\\/sites\\\/78\\\/2024\\\/09\\\/JT23_RoyMosterd_LR_4152038-min-scaled.jpg&quot;,&quot;srcset&quot;:&quot;https:\\\/\\\/tjt.travelblox.eu\\\/wp-content\\\/uploads\\\/sites\\\/78\\\/2024\\\/09\\\/JT23_RoyMosterd_LR_4152038-min-scaled.jpg 2560w, https:\\\/\\\/tjt.travelblox.eu\\\/wp-content\\\/uploads\\\/sites\\\/78\\\/2024\\\/09\\\/JT23_RoyMosterd_LR_4152038-min-300x225.jpg 300w, https:\\\/\\\/tjt.travelblox.eu\\\/wp-content\\\/uploads\\\/sites\\\/78\\\/2024\\\/09\\\/JT23_RoyMosterd_LR_4152038-min-1024x768.jpg 1024w, https:\\\/\\\/tjt.travelblox.eu\\\/wp-content\\\/uploads\\\/sites\\\/78\\\/2024\\\/09\\\/JT23_RoyMosterd_LR_4152038-min-768x576.jpg 768w, https:\\\/\\\/tjt.travelblox.eu\\\/wp-content\\\/uploads\\\/sites\\\/78\\\/2024\\\/09\\\/JT23_RoyMosterd_LR_4152038-min-1536x1152.jpg 1536w, https:\\\/\\\/tjt.travelblox.eu\\\/wp-content\\\/uploads\\\/sites\\\/78\\\/2024\\\/09\\\/JT23_RoyMosterd_LR_4152038-min-2048x1536.jpg 2048w, https:\\\/\\\/tjt.travelblox.eu\\\/wp-content\\\/uploads\\\/sites\\\/78\\\/2024\\\/09\\\/JT23_RoyMosterd_LR_4152038-min-16x12.jpg 16w&quot;}\">\t\t\t\t\t\t\t\t\t<\/figure>\n\t\t\t<\/div>\n\t\t<\/div>\n\t\t\t<div class=\"entry\">\n\t\t\t<div class=\"tb-image-part\">\n\t\t\t\t<figure>\n\t\t\t\t\t<img src='https:\/\/tjt.travelblox.eu\/wp-content\/smush-webp\/sites\/78\/2024\/09\/TJT23_EvyVanNispen_LR-89-min.jpg.webp' width='2500' height='1667' alt='Jordan Trail, Petra' srcset='https:\/\/tjt.travelblox.eu\/wp-content\/smush-webp\/sites\/78\/2024\/09\/TJT23_EvyVanNispen_LR-89-min.jpg.webp 2500w, https:\/\/tjt.travelblox.eu\/wp-content\/smush-webp\/sites\/78\/2024\/09\/TJT23_EvyVanNispen_LR-89-min-300x200.jpg.webp 300w, https:\/\/tjt.travelblox.eu\/wp-content\/smush-webp\/sites\/78\/2024\/09\/TJT23_EvyVanNispen_LR-89-min-1024x683.jpg.webp 1024w, https:\/\/tjt.travelblox.eu\/wp-content\/smush-webp\/sites\/78\/2024\/09\/TJT23_EvyVanNispen_LR-89-min-768x512.jpg.webp 768w, https:\/\/tjt.travelblox.eu\/wp-content\/smush-webp\/sites\/78\/2024\/09\/TJT23_EvyVanNispen_LR-89-min-1536x1024.jpg.webp 1536w, https:\/\/tjt.travelblox.eu\/wp-content\/smush-webp\/sites\/78\/2024\/09\/TJT23_EvyVanNispen_LR-89-min-2048x1366.jpg.webp 2048w, https:\/\/tjt.travelblox.eu\/wp-content\/smush-webp\/sites\/78\/2024\/09\/TJT23_EvyVanNispen_LR-89-min-18x12.jpg.webp 18w' sizes=\"auto, (max-width: 2500px) 100vw, 2500px\" loading='lazy' decoding='async' data-smush-webp-fallback=\"{&quot;src&quot;:&quot;https:\\\/\\\/tjt.travelblox.eu\\\/wp-content\\\/uploads\\\/sites\\\/78\\\/2024\\\/09\\\/TJT23_EvyVanNispen_LR-89-min.jpg&quot;,&quot;srcset&quot;:&quot;https:\\\/\\\/tjt.travelblox.eu\\\/wp-content\\\/uploads\\\/sites\\\/78\\\/2024\\\/09\\\/TJT23_EvyVanNispen_LR-89-min.jpg 2500w, https:\\\/\\\/tjt.travelblox.eu\\\/wp-content\\\/uploads\\\/sites\\\/78\\\/2024\\\/09\\\/TJT23_EvyVanNispen_LR-89-min-300x200.jpg 300w, https:\\\/\\\/tjt.travelblox.eu\\\/wp-content\\\/uploads\\\/sites\\\/78\\\/2024\\\/09\\\/TJT23_EvyVanNispen_LR-89-min-1024x683.jpg 1024w, https:\\\/\\\/tjt.travelblox.eu\\\/wp-content\\\/uploads\\\/sites\\\/78\\\/2024\\\/09\\\/TJT23_EvyVanNispen_LR-89-min-768x512.jpg 768w, https:\\\/\\\/tjt.travelblox.eu\\\/wp-content\\\/uploads\\\/sites\\\/78\\\/2024\\\/09\\\/TJT23_EvyVanNispen_LR-89-min-1536x1024.jpg 1536w, https:\\\/\\\/tjt.travelblox.eu\\\/wp-content\\\/uploads\\\/sites\\\/78\\\/2024\\\/09\\\/TJT23_EvyVanNispen_LR-89-min-2048x1366.jpg 2048w, https:\\\/\\\/tjt.travelblox.eu\\\/wp-content\\\/uploads\\\/sites\\\/78\\\/2024\\\/09\\\/TJT23_EvyVanNispen_LR-89-min-18x12.jpg 18w&quot;}\">\t\t\t\t\t\t\t\t\t<\/figure>\n\t\t\t<\/div>\n\t\t<\/div>\n\t\t\t\t\t<\/div>\n\t\t\t\t<div class=\"tb-carousel-nav\">\n\t\t<div class=\"dots\">\n\t\t\t<div class=\"dot active\"><\/div>\n\t\t\t<div class=\"dot\"><\/div>\n\t\t\t<div class=\"dot\"><\/div>\n\t\t<\/div>\n\t\t<div class=\"arrows\">\n\t\t\t<div class=\"prev disabled\">\n\t\t\t\t<span><i class=\"fa fa-chevron-left\"><\/i><\/span>\n\t\t\t<\/div>\n\t\t\t<div class=\"next\">\n\t\t\t\t<span><i class=\"fa fa-chevron-right\"><\/i><\/span>\n\t\t\t<\/div>\n\t\t<\/div>\n\t<\/div>\n\t\t\t<\/div>\n\t<\/div>\n\t\t\t\t\t\t\t<\/div>\n\t\t\t\t<\/div>\n\t\t\t<\/div>\n\t\t<\/div>\n\t\t<div class=\"mobile\">\n\t\t\t<div class=\"tb-image-part\">\n\t\t\t\t\t\t<div class=\"inner-block-full-width has-tb-carousel tb-carousel-slider\" >\n\t\t<div class=\"tb-carousel-container\">\n\t\t\t<div class=\"entries tb-cards\" data-slider-first=\"0\">\n\t\t\t\t\t\t\t<div class=\"entry\">\n\t\t\t<div class=\"tb-image-part\">\n\t\t\t\t<figure>\n\t\t\t\t\t<img src='https:\/\/tjt.travelblox.eu\/wp-content\/smush-webp\/sites\/78\/2024\/09\/DSC05104-768x512.jpg.webp' width='768' height='512' alt='Jordan Trail, Petra, Wadi Musa Jordanien' srcset='https:\/\/tjt.travelblox.eu\/wp-content\/smush-webp\/sites\/78\/2024\/09\/DSC05104-768x512.jpg.webp 768w, https:\/\/tjt.travelblox.eu\/wp-content\/smush-webp\/sites\/78\/2024\/09\/DSC05104-300x200.jpg.webp 300w, https:\/\/tjt.travelblox.eu\/wp-content\/smush-webp\/sites\/78\/2024\/09\/DSC05104-18x12.jpg.webp 18w, https:\/\/tjt.travelblox.eu\/wp-content\/smush-webp\/sites\/78\/2024\/09\/DSC05104.jpg.webp 1024w' sizes=\"auto, (max-width: 768px) 100vw, 768px\" loading='lazy' decoding='async' data-smush-webp-fallback=\"{&quot;src&quot;:&quot;https:\\\/\\\/tjt.travelblox.eu\\\/wp-content\\\/uploads\\\/sites\\\/78\\\/2024\\\/09\\\/DSC05104-768x512.jpg&quot;,&quot;srcset&quot;:&quot;https:\\\/\\\/tjt.travelblox.eu\\\/wp-content\\\/uploads\\\/sites\\\/78\\\/2024\\\/09\\\/DSC05104-768x512.jpg 768w, https:\\\/\\\/tjt.travelblox.eu\\\/wp-content\\\/uploads\\\/sites\\\/78\\\/2024\\\/09\\\/DSC05104-300x200.jpg 300w, https:\\\/\\\/tjt.travelblox.eu\\\/wp-content\\\/uploads\\\/sites\\\/78\\\/2024\\\/09\\\/DSC05104-18x12.jpg 18w, https:\\\/\\\/tjt.travelblox.eu\\\/wp-content\\\/uploads\\\/sites\\\/78\\\/2024\\\/09\\\/DSC05104.jpg 1024w&quot;}\">\t\t\t\t\t\t\t\t\t<\/figure>\n\t\t\t<\/div>\n\t\t<\/div>\n\t\t\t<div class=\"entry\">\n\t\t\t<div class=\"tb-image-part\">\n\t\t\t\t<figure>\n\t\t\t\t\t<img src='https:\/\/tjt.travelblox.eu\/wp-content\/smush-webp\/sites\/78\/2024\/09\/JT23_RoyMosterd_LR_4152038-min-768x576.jpg.webp' width='768' height='576' alt='Der Jordan Trail' srcset='https:\/\/tjt.travelblox.eu\/wp-content\/smush-webp\/sites\/78\/2024\/09\/JT23_RoyMosterd_LR_4152038-min-768x576.jpg.webp 768w, https:\/\/tjt.travelblox.eu\/wp-content\/smush-webp\/sites\/78\/2024\/09\/JT23_RoyMosterd_LR_4152038-min-300x225.jpg.webp 300w, https:\/\/tjt.travelblox.eu\/wp-content\/smush-webp\/sites\/78\/2024\/09\/JT23_RoyMosterd_LR_4152038-min-1024x768.jpg.webp 1024w, https:\/\/tjt.travelblox.eu\/wp-content\/smush-webp\/sites\/78\/2024\/09\/JT23_RoyMosterd_LR_4152038-min-1536x1152.jpg.webp 1536w, https:\/\/tjt.travelblox.eu\/wp-content\/smush-webp\/sites\/78\/2024\/09\/JT23_RoyMosterd_LR_4152038-min-2048x1536.jpg.webp 2048w, https:\/\/tjt.travelblox.eu\/wp-content\/smush-webp\/sites\/78\/2024\/09\/JT23_RoyMosterd_LR_4152038-min-16x12.jpg.webp 16w' sizes=\"auto, (max-width: 768px) 100vw, 768px\" loading='lazy' decoding='async' data-smush-webp-fallback=\"{&quot;src&quot;:&quot;https:\\\/\\\/tjt.travelblox.eu\\\/wp-content\\\/uploads\\\/sites\\\/78\\\/2024\\\/09\\\/JT23_RoyMosterd_LR_4152038-min-768x576.jpg&quot;,&quot;srcset&quot;:&quot;https:\\\/\\\/tjt.travelblox.eu\\\/wp-content\\\/uploads\\\/sites\\\/78\\\/2024\\\/09\\\/JT23_RoyMosterd_LR_4152038-min-768x576.jpg 768w, https:\\\/\\\/tjt.travelblox.eu\\\/wp-content\\\/uploads\\\/sites\\\/78\\\/2024\\\/09\\\/JT23_RoyMosterd_LR_4152038-min-300x225.jpg 300w, https:\\\/\\\/tjt.travelblox.eu\\\/wp-content\\\/uploads\\\/sites\\\/78\\\/2024\\\/09\\\/JT23_RoyMosterd_LR_4152038-min-1024x768.jpg 1024w, https:\\\/\\\/tjt.travelblox.eu\\\/wp-content\\\/uploads\\\/sites\\\/78\\\/2024\\\/09\\\/JT23_RoyMosterd_LR_4152038-min-1536x1152.jpg 1536w, https:\\\/\\\/tjt.travelblox.eu\\\/wp-content\\\/uploads\\\/sites\\\/78\\\/2024\\\/09\\\/JT23_RoyMosterd_LR_4152038-min-2048x1536.jpg 2048w, https:\\\/\\\/tjt.travelblox.eu\\\/wp-content\\\/uploads\\\/sites\\\/78\\\/2024\\\/09\\\/JT23_RoyMosterd_LR_4152038-min-16x12.jpg 16w&quot;}\">\t\t\t\t\t\t\t\t\t<\/figure>\n\t\t\t<\/div>\n\t\t<\/div>\n\t\t\t<div class=\"entry\">\n\t\t\t<div class=\"tb-image-part\">\n\t\t\t\t<figure>\n\t\t\t\t\t<img src='https:\/\/tjt.travelblox.eu\/wp-content\/smush-webp\/sites\/78\/2024\/09\/TJT23_EvyVanNispen_LR-89-min-768x512.jpg.webp' width='768' height='512' alt='Jordan Trail, Petra' srcset='https:\/\/tjt.travelblox.eu\/wp-content\/smush-webp\/sites\/78\/2024\/09\/TJT23_EvyVanNispen_LR-89-min-768x512.jpg.webp 768w, https:\/\/tjt.travelblox.eu\/wp-content\/smush-webp\/sites\/78\/2024\/09\/TJT23_EvyVanNispen_LR-89-min-300x200.jpg.webp 300w, https:\/\/tjt.travelblox.eu\/wp-content\/smush-webp\/sites\/78\/2024\/09\/TJT23_EvyVanNispen_LR-89-min-1024x683.jpg.webp 1024w, https:\/\/tjt.travelblox.eu\/wp-content\/smush-webp\/sites\/78\/2024\/09\/TJT23_EvyVanNispen_LR-89-min-1536x1024.jpg.webp 1536w, https:\/\/tjt.travelblox.eu\/wp-content\/smush-webp\/sites\/78\/2024\/09\/TJT23_EvyVanNispen_LR-89-min-2048x1366.jpg.webp 2048w, https:\/\/tjt.travelblox.eu\/wp-content\/smush-webp\/sites\/78\/2024\/09\/TJT23_EvyVanNispen_LR-89-min-18x12.jpg.webp 18w' sizes=\"auto, (max-width: 768px) 100vw, 768px\" loading='lazy' decoding='async' data-smush-webp-fallback=\"{&quot;src&quot;:&quot;https:\\\/\\\/tjt.travelblox.eu\\\/wp-content\\\/uploads\\\/sites\\\/78\\\/2024\\\/09\\\/TJT23_EvyVanNispen_LR-89-min-768x512.jpg&quot;,&quot;srcset&quot;:&quot;https:\\\/\\\/tjt.travelblox.eu\\\/wp-content\\\/uploads\\\/sites\\\/78\\\/2024\\\/09\\\/TJT23_EvyVanNispen_LR-89-min-768x512.jpg 768w, https:\\\/\\\/tjt.travelblox.eu\\\/wp-content\\\/uploads\\\/sites\\\/78\\\/2024\\\/09\\\/TJT23_EvyVanNispen_LR-89-min-300x200.jpg 300w, https:\\\/\\\/tjt.travelblox.eu\\\/wp-content\\\/uploads\\\/sites\\\/78\\\/2024\\\/09\\\/TJT23_EvyVanNispen_LR-89-min-1024x683.jpg 1024w, https:\\\/\\\/tjt.travelblox.eu\\\/wp-content\\\/uploads\\\/sites\\\/78\\\/2024\\\/09\\\/TJT23_EvyVanNispen_LR-89-min-1536x1024.jpg 1536w, https:\\\/\\\/tjt.travelblox.eu\\\/wp-content\\\/uploads\\\/sites\\\/78\\\/2024\\\/09\\\/TJT23_EvyVanNispen_LR-89-min-2048x1366.jpg 2048w, https:\\\/\\\/tjt.travelblox.eu\\\/wp-content\\\/uploads\\\/sites\\\/78\\\/2024\\\/09\\\/TJT23_EvyVanNispen_LR-89-min-18x12.jpg 18w&quot;}\">\t\t\t\t\t\t\t\t\t<\/figure>\n\t\t\t<\/div>\n\t\t<\/div>\n\t\t\t\t\t<\/div>\n\t\t\t\t<div class=\"tb-carousel-nav\">\n\t\t<div class=\"dots\">\n\t\t\t<div class=\"dot active\"><\/div>\n\t\t\t<div class=\"dot\"><\/div>\n\t\t\t<div class=\"dot\"><\/div>\n\t\t<\/div>\n\t\t<div class=\"arrows\">\n\t\t\t<div class=\"prev disabled\">\n\t\t\t\t<span><i class=\"fa fa-chevron-left\"><\/i><\/span>\n\t\t\t<\/div>\n\t\t\t<div class=\"next\">\n\t\t\t\t<span><i class=\"fa fa-chevron-right\"><\/i><\/span>\n\t\t\t<\/div>\n\t\t<\/div>\n\t<\/div>\n\t\t\t<\/div>\n\t<\/div>\n\t\t\t\t\t<\/div>\n\t\t<\/div>\n\t<\/div>\n<\/div>\n\n\n\n\n\n<div class=\"tb-highlights tb-block align-center background-light pattern-none variant-none tb-collapsible-margins\" id=\"options\">\n\t<div class=\"inner-block tb-fade-in tb-fade-in--subtle\">\n\t\t<div class=\"text-part\">\n\t\t\t<h2>Zusatzoptionen<\/h2>\n\t\t\t\t<div class=\"translation-block\"><p>Bei der Buchung des Jordan Trails kannst du folgende Optionen zu deiner Reise hinzuf\u00fcgen.<\/p><\/div>\n\t\t\t\t\t<div class=\"section-toggler\">\n\t\t<div class=\"section-toggler__inner\">\n\t\t\t<div class=\"section-toggler__toggles-wrapper\">\n\t\t\t\t<div class=\"section-toggler__toggles\">\n\t\t\t\t\t\t\t\t\t\t\t<input type=\"radio\" name=\"options-section\" value=\"options-section-0\" id=\"options-section-0-label\" checked class=\"\" \/>\n\t\t\t\t\t\t<label for=\"options-section-0-label\" data-target-id=\"options-section-0\" class=\"\">\n\t\t\t\t\t\t\tMaterial\t\t\t\t\t\t\t\t\t\t\t\t\t<\/label>\n\t\t\t\t\t\t\t\t\t\t\t<input type=\"radio\" name=\"options-section\" value=\"options-section-1\" id=\"options-section-1-label\"  class=\"\" \/>\n\t\t\t\t\t\t<label for=\"options-section-1-label\" data-target-id=\"options-section-1\" class=\"\">\n\t\t\t\t\t\t\tUnterkunft\t\t\t\t\t\t\t\t\t\t\t\t\t<\/label>\n\t\t\t\t\t\t\t\t\t\t\t<input type=\"radio\" name=\"options-section\" value=\"options-section-2\" id=\"options-section-2-label\"  class=\"\" \/>\n\t\t\t\t\t\t<label for=\"options-section-2-label\" data-target-id=\"options-section-2\" class=\"\">\n\t\t\t\t\t\t\tTransport\t\t\t\t\t\t\t\t\t\t\t\t\t<\/label>\n\t\t\t\t\t\t\t\t\t\t\t<input type=\"radio\" name=\"options-section\" value=\"options-section-3\" id=\"options-section-3-label\"  class=\"\" \/>\n\t\t\t\t\t\t<label for=\"options-section-3-label\" data-target-id=\"options-section-3\" class=\"\">\n\t\t\t\t\t\t\tVerpflegung\t\t\t\t\t\t\t\t\t\t\t\t\t<\/label>\n\t\t\t\t\t\t\t\t\t\t\t<input type=\"radio\" name=\"options-section\" value=\"options-section-4\" id=\"options-section-4-label\"  class=\"\" \/>\n\t\t\t\t\t\t<label for=\"options-section-4-label\" data-target-id=\"options-section-4\" class=\"\">\n\t\t\t\t\t\t\tPetra\t\t\t\t\t\t\t\t\t\t\t\t\t<\/label>\n\t\t\t\t\t\t\t\t\t\t\t<input type=\"radio\" name=\"options-section\" value=\"options-section-5\" id=\"options-section-5-label\"  class=\"\" \/>\n\t\t\t\t\t\t<label for=\"options-section-5-label\" data-target-id=\"options-section-5\" class=\"\">\n\t\t\t\t\t\t\tVersicherungen\t\t\t\t\t\t\t\t\t\t\t\t\t<\/label>\n\t\t\t\t\t\t\t\t\t<\/div>\n\t\t\t<\/div>\n\t\t<\/div>\n\t<\/div>\n\t\t\t<\/div>\n\t<\/div>\n\t\t\t<div class=\"tb-sections tb-fade-in tb-fade-in--subtle\">\n\t\t\t\t\t\t\t\t\t\t\t\t\t<div class=\"inner-block-full-width has-tb-carousel tb-section\" id=\"options-section-0\">\n\t\t<div class=\"tb-carousel-container\">\n\t\t\t<div class=\"entries tb-cards\" data-slider-first=\"1\">\n\t\t\t\t\t\t\t\t\t\t\t\t\t\t\t<div class=\"tb-card entry tb-popup-trigger desktop-only-popup\">\n\t\t\t\t\t\t\t<div class=\"tb-image-part desktop\">\n\t\t\t\t\t\t\t\t<img src='https:\/\/tjt.travelblox.eu\/wp-content\/smush-webp\/sites\/78\/2024\/01\/TJT22_TamaraBalvers_-060-e1705657707400.jpg.webp' width='800' height='600' alt='Jordan Trail, Petra' loading='lazy' decoding='async' data-smush-webp-fallback='{&quot;src&quot;:&quot;https:\\\/\\\/tjt.travelblox.eu\\\/wp-content\\\/uploads\\\/sites\\\/78\\\/2024\\\/01\\\/TJT22_TamaraBalvers_-060-e1705657707400.jpg&quot;}'>\t\t\t\t\t\t\t\t\t\t\t\t\t\t\t\t\t\t\t\t\t\t\t\t\t<div class=\"price tiny-body-font desktop translation-block\"><p>Ab 49&nbsp;\u20ac<\/p><\/div>\t\t\t\t\t\t\t<\/div>\n\t\t\t\t\t\t\t<div class=\"tb-image-part mobile\">\n\t\t\t\t\t\t\t\t<img src='https:\/\/tjt.travelblox.eu\/wp-content\/smush-webp\/sites\/78\/2024\/01\/TJT22_TamaraBalvers_-060-e1705657693750-768x576.jpg.webp' width='768' height='576' alt='Jordan Trail, Petra' srcset='https:\/\/tjt.travelblox.eu\/wp-content\/smush-webp\/sites\/78\/2024\/01\/TJT22_TamaraBalvers_-060-e1705657693750-768x576.jpg.webp 768w, https:\/\/tjt.travelblox.eu\/wp-content\/smush-webp\/sites\/78\/2024\/01\/TJT22_TamaraBalvers_-060-e1705657693750-300x225.jpg.webp 300w, https:\/\/tjt.travelblox.eu\/wp-content\/smush-webp\/sites\/78\/2024\/01\/TJT22_TamaraBalvers_-060-e1705657693750-1024x768.jpg.webp 1024w, https:\/\/tjt.travelblox.eu\/wp-content\/smush-webp\/sites\/78\/2024\/01\/TJT22_TamaraBalvers_-060-e1705657693750-16x12.jpg.webp 16w' sizes=\"auto, (max-width: 768px) 100vw, 768px\" loading='lazy' decoding='async' data-smush-webp-fallback=\"{&quot;src&quot;:&quot;https:\\\/\\\/tjt.travelblox.eu\\\/wp-content\\\/uploads\\\/sites\\\/78\\\/2024\\\/01\\\/TJT22_TamaraBalvers_-060-e1705657693750-768x576.jpg&quot;,&quot;srcset&quot;:&quot;https:\\\/\\\/tjt.travelblox.eu\\\/wp-content\\\/uploads\\\/sites\\\/78\\\/2024\\\/01\\\/TJT22_TamaraBalvers_-060-e1705657693750-768x576.jpg 768w, https:\\\/\\\/tjt.travelblox.eu\\\/wp-content\\\/uploads\\\/sites\\\/78\\\/2024\\\/01\\\/TJT22_TamaraBalvers_-060-e1705657693750-300x225.jpg 300w, https:\\\/\\\/tjt.travelblox.eu\\\/wp-content\\\/uploads\\\/sites\\\/78\\\/2024\\\/01\\\/TJT22_TamaraBalvers_-060-e1705657693750-1024x768.jpg 1024w, https:\\\/\\\/tjt.travelblox.eu\\\/wp-content\\\/uploads\\\/sites\\\/78\\\/2024\\\/01\\\/TJT22_TamaraBalvers_-060-e1705657693750-16x12.jpg 16w&quot;}\">\t\t\t\t\t\t\t\t\t\t\t\t\t\t\t<\/div>\n\t\t\t\t\t\t\t<div class=\"tb-card-content\">\n\t\t\t\t\t\t\t\t<h5>\n\t\t\t\t\t\t\t\t\t\t\t\t\t\t\t\t\t\t<span>Zelt<\/span>\n\t\t\t\t\t\t\t\t<\/h5>\n\t\t\t\t\t\t\t\t\t\t\t\t\t\t\t\t\t<div class=\"price tiny-body-font mobile\"><p>Ab 49\u00a0\u20ac<\/p><\/div>\t\t\t\t\t\t\t\t<div class=\"content readmore-content content--clamped\">\t<div class=\"translation-block\"><p>Du kannst zwischen einem 3-Jahreszeiten-Zelt f\u00fcr 1 Person (49 \u20ac) oder f\u00fcr 2 Personen (69 \u20ac) w\u00e4hlen.<\/p><\/div>\n\t<\/div>\n\t\t\t\t\t\t\t\t\t\t\t\t\t\t\t\t<div class=\"readmore link js-readmore\">\n\t\t\t\t\t\t\t\t\t<span><i class=\"fa-solid fa-circle-plus\"><\/i><u>Mehr lesen<\/u><\/span>\n\t\t\t\t\t\t\t\t\t<span><i class=\"fa-solid fa-circle-minus\"><\/i><u>Weniger lesen<\/u><\/span>\n\t\t\t\t\t\t\t\t<\/div>\n\t\t\t\t\t\t\t\t\t\t\t\t\t\t\t\t<dialog class=\"tb-popup\">\n\t\t\t\t\t\t\t\t\t<div class=\"tb-highlights-popup\">\n\t\t\t\t\t\t\t\t\t\t<div class=\"tb-image-part\">\n\t\t\t\t\t\t\t\t\t\t\t<img src='https:\/\/tjt.travelblox.eu\/wp-content\/smush-webp\/sites\/78\/2024\/01\/TJT22_TamaraBalvers_-060-e1705657693750-768x576.jpg.webp' width='768' height='576' alt='Jordan Trail, Petra' srcset='https:\/\/tjt.travelblox.eu\/wp-content\/smush-webp\/sites\/78\/2024\/01\/TJT22_TamaraBalvers_-060-e1705657693750-768x576.jpg.webp 768w, https:\/\/tjt.travelblox.eu\/wp-content\/smush-webp\/sites\/78\/2024\/01\/TJT22_TamaraBalvers_-060-e1705657693750-300x225.jpg.webp 300w, https:\/\/tjt.travelblox.eu\/wp-content\/smush-webp\/sites\/78\/2024\/01\/TJT22_TamaraBalvers_-060-e1705657693750-1024x768.jpg.webp 1024w, https:\/\/tjt.travelblox.eu\/wp-content\/smush-webp\/sites\/78\/2024\/01\/TJT22_TamaraBalvers_-060-e1705657693750-16x12.jpg.webp 16w' sizes=\"auto, (max-width: 768px) 100vw, 768px\" loading='lazy' decoding='async' data-smush-webp-fallback=\"{&quot;src&quot;:&quot;https:\\\/\\\/tjt.travelblox.eu\\\/wp-content\\\/uploads\\\/sites\\\/78\\\/2024\\\/01\\\/TJT22_TamaraBalvers_-060-e1705657693750-768x576.jpg&quot;,&quot;srcset&quot;:&quot;https:\\\/\\\/tjt.travelblox.eu\\\/wp-content\\\/uploads\\\/sites\\\/78\\\/2024\\\/01\\\/TJT22_TamaraBalvers_-060-e1705657693750-768x576.jpg 768w, https:\\\/\\\/tjt.travelblox.eu\\\/wp-content\\\/uploads\\\/sites\\\/78\\\/2024\\\/01\\\/TJT22_TamaraBalvers_-060-e1705657693750-300x225.jpg 300w, https:\\\/\\\/tjt.travelblox.eu\\\/wp-content\\\/uploads\\\/sites\\\/78\\\/2024\\\/01\\\/TJT22_TamaraBalvers_-060-e1705657693750-1024x768.jpg 1024w, https:\\\/\\\/tjt.travelblox.eu\\\/wp-content\\\/uploads\\\/sites\\\/78\\\/2024\\\/01\\\/TJT22_TamaraBalvers_-060-e1705657693750-16x12.jpg 16w&quot;}\">\t\t\t\t\t\t\t\t\t\t<\/div>\n\t\t\t\t\t\t\t\t\t\t<div class=\"tb-popup-content\">\n\t\t\t\t\t\t\t\t\t\t\t<h3>Zelt<\/h3>\n\t\t\t\t\t\t\t\t\t\t\t<div class=\"content\">\t<div class=\"translation-block\"><p>Du kannst zwischen einem 3-Jahreszeiten-Zelt f\u00fcr 1 Person (49 \u20ac) oder f\u00fcr 2 Personen (69 \u20ac) w\u00e4hlen.<\/p><\/div>\n\t<\/div>\n\t\t\t\t\t\t\t\t\t\t<\/div>\n\t\t\t\t\t\t\t\t\t<\/div>\n\t\t\t\t\t\t\t\t<\/dialog>\n\t\t\t\t\t\t\t<\/div>\n\t\t\t\t\t\t<\/div>\n\t\t\t\t\t\t\t\t\t\t\t<div class=\"tb-card entry tb-popup-trigger desktop-only-popup\">\n\t\t\t\t\t\t\t<div class=\"tb-image-part desktop\">\n\t\t\t\t\t\t\t\t<img src='https:\/\/tjt.travelblox.eu\/wp-content\/smush-webp\/sites\/78\/2024\/01\/Jordanie-Jordan-Trail-Travelbase-\u00a9-Trekking-et-Voyage-175625-scaled-e1705667933827.jpg.webp' width='800' height='600' alt='Jordan Trail, Petra, Wadi Musa' loading='lazy' decoding='async' data-smush-webp-fallback='{&quot;src&quot;:&quot;https:\\\/\\\/tjt.travelblox.eu\\\/wp-content\\\/uploads\\\/sites\\\/78\\\/2024\\\/01\\\/Jordanie-Jordan-Trail-Travelbase-\\u00a9-Trekking-et-Voyage-175625-scaled-e1705667933827.jpg&quot;}'>\t\t\t\t\t\t\t\t\t\t\t\t\t\t\t\t\t\t\t\t\t\t\t\t\t<div class=\"price tiny-body-font desktop translation-block\"><p>40&nbsp;\u20ac pro Person<\/p><\/div>\t\t\t\t\t\t\t<\/div>\n\t\t\t\t\t\t\t<div class=\"tb-image-part mobile\">\n\t\t\t\t\t\t\t\t<img src='https:\/\/tjt.travelblox.eu\/wp-content\/smush-webp\/sites\/78\/2024\/01\/Jordanie-Jordan-Trail-Travelbase-\u00a9-Trekking-et-Voyage-175625-768x576.jpg.webp' width='768' height='576' alt='Jordan Trail, Petra, Wadi Musa' srcset='https:\/\/tjt.travelblox.eu\/wp-content\/smush-webp\/sites\/78\/2024\/01\/Jordanie-Jordan-Trail-Travelbase-\u00a9-Trekking-et-Voyage-175625-768x576.jpg.webp 768w, https:\/\/tjt.travelblox.eu\/wp-content\/smush-webp\/sites\/78\/2024\/01\/Jordanie-Jordan-Trail-Travelbase-\u00a9-Trekking-et-Voyage-175625-300x225.jpg.webp 300w, https:\/\/tjt.travelblox.eu\/wp-content\/smush-webp\/sites\/78\/2024\/01\/Jordanie-Jordan-Trail-Travelbase-\u00a9-Trekking-et-Voyage-175625-1024x768.jpg.webp 1024w, https:\/\/tjt.travelblox.eu\/wp-content\/smush-webp\/sites\/78\/2024\/01\/Jordanie-Jordan-Trail-Travelbase-\u00a9-Trekking-et-Voyage-175625-1536x1152.jpg.webp 1536w, https:\/\/tjt.travelblox.eu\/wp-content\/smush-webp\/sites\/78\/2024\/01\/Jordanie-Jordan-Trail-Travelbase-\u00a9-Trekking-et-Voyage-175625-2048x1536.jpg.webp 2048w, https:\/\/tjt.travelblox.eu\/wp-content\/smush-webp\/sites\/78\/2024\/01\/Jordanie-Jordan-Trail-Travelbase-\u00a9-Trekking-et-Voyage-175625-16x12.jpg.webp 16w, https:\/\/tjt.travelblox.eu\/wp-content\/smush-webp\/sites\/78\/2024\/01\/Jordanie-Jordan-Trail-Travelbase-\u00a9-Trekking-et-Voyage-175625-scaled-e1705667933827.jpg.webp 800w' sizes=\"auto, (max-width: 768px) 100vw, 768px\" loading='lazy' decoding='async' data-smush-webp-fallback=\"{&quot;src&quot;:&quot;https:\\\/\\\/tjt.travelblox.eu\\\/wp-content\\\/uploads\\\/sites\\\/78\\\/2024\\\/01\\\/Jordanie-Jordan-Trail-Travelbase-\\u00a9-Trekking-et-Voyage-175625-768x576.jpg&quot;,&quot;srcset&quot;:&quot;https:\\\/\\\/tjt.travelblox.eu\\\/wp-content\\\/uploads\\\/sites\\\/78\\\/2024\\\/01\\\/Jordanie-Jordan-Trail-Travelbase-\\u00a9-Trekking-et-Voyage-175625-768x576.jpg 768w, https:\\\/\\\/tjt.travelblox.eu\\\/wp-content\\\/uploads\\\/sites\\\/78\\\/2024\\\/01\\\/Jordanie-Jordan-Trail-Travelbase-\\u00a9-Trekking-et-Voyage-175625-300x225.jpg 300w, https:\\\/\\\/tjt.travelblox.eu\\\/wp-content\\\/uploads\\\/sites\\\/78\\\/2024\\\/01\\\/Jordanie-Jordan-Trail-Travelbase-\\u00a9-Trekking-et-Voyage-175625-1024x768.jpg 1024w, https:\\\/\\\/tjt.travelblox.eu\\\/wp-content\\\/uploads\\\/sites\\\/78\\\/2024\\\/01\\\/Jordanie-Jordan-Trail-Travelbase-\\u00a9-Trekking-et-Voyage-175625-1536x1152.jpg 1536w, https:\\\/\\\/tjt.travelblox.eu\\\/wp-content\\\/uploads\\\/sites\\\/78\\\/2024\\\/01\\\/Jordanie-Jordan-Trail-Travelbase-\\u00a9-Trekking-et-Voyage-175625-2048x1536.jpg 2048w, https:\\\/\\\/tjt.travelblox.eu\\\/wp-content\\\/uploads\\\/sites\\\/78\\\/2024\\\/01\\\/Jordanie-Jordan-Trail-Travelbase-\\u00a9-Trekking-et-Voyage-175625-16x12.jpg 16w, https:\\\/\\\/tjt.travelblox.eu\\\/wp-content\\\/uploads\\\/sites\\\/78\\\/2024\\\/01\\\/Jordanie-Jordan-Trail-Travelbase-\\u00a9-Trekking-et-Voyage-175625-scaled-e1705667933827.jpg 800w&quot;}\">\t\t\t\t\t\t\t\t\t\t\t\t\t\t\t<\/div>\n\t\t\t\t\t\t\t<div class=\"tb-card-content\">\n\t\t\t\t\t\t\t\t<h5>\n\t\t\t\t\t\t\t\t\t\t\t\t\t\t\t\t\t\t<span>Schlafsack + Schlafmatte<\/span>\n\t\t\t\t\t\t\t\t<\/h5>\n\t\t\t\t\t\t\t\t\t\t\t\t\t\t\t\t\t<div class=\"price tiny-body-font mobile\"><p>\u20ac40 pro Person<\/p><\/div>\t\t\t\t\t\t\t\t<div class=\"content readmore-content content--clamped\">\t<div class=\"translation-block\"><p>Du erh\u00e4ltst von uns einen Schlafsack mit Komforttemperatur 5\u00b0, zusammen mit einem Liner und einer bequemen Schlafmatte.<\/p><\/div>\n\t<\/div>\n\t\t\t\t\t\t\t\t\t\t\t\t\t\t\t\t<div class=\"readmore link js-readmore\">\n\t\t\t\t\t\t\t\t\t<span><i class=\"fa-solid fa-circle-plus\"><\/i><u>Mehr lesen<\/u><\/span>\n\t\t\t\t\t\t\t\t\t<span><i class=\"fa-solid fa-circle-minus\"><\/i><u>Weniger lesen<\/u><\/span>\n\t\t\t\t\t\t\t\t<\/div>\n\t\t\t\t\t\t\t\t\t\t\t\t\t\t\t\t<dialog class=\"tb-popup\">\n\t\t\t\t\t\t\t\t\t<div class=\"tb-highlights-popup\">\n\t\t\t\t\t\t\t\t\t\t<div class=\"tb-image-part\">\n\t\t\t\t\t\t\t\t\t\t\t<img src='https:\/\/tjt.travelblox.eu\/wp-content\/smush-webp\/sites\/78\/2024\/01\/Jordanie-Jordan-Trail-Travelbase-\u00a9-Trekking-et-Voyage-175625-768x576.jpg.webp' width='768' height='576' alt='Jordan Trail, Petra, Wadi Musa' srcset='https:\/\/tjt.travelblox.eu\/wp-content\/smush-webp\/sites\/78\/2024\/01\/Jordanie-Jordan-Trail-Travelbase-\u00a9-Trekking-et-Voyage-175625-768x576.jpg.webp 768w, https:\/\/tjt.travelblox.eu\/wp-content\/smush-webp\/sites\/78\/2024\/01\/Jordanie-Jordan-Trail-Travelbase-\u00a9-Trekking-et-Voyage-175625-300x225.jpg.webp 300w, https:\/\/tjt.travelblox.eu\/wp-content\/smush-webp\/sites\/78\/2024\/01\/Jordanie-Jordan-Trail-Travelbase-\u00a9-Trekking-et-Voyage-175625-1024x768.jpg.webp 1024w, https:\/\/tjt.travelblox.eu\/wp-content\/smush-webp\/sites\/78\/2024\/01\/Jordanie-Jordan-Trail-Travelbase-\u00a9-Trekking-et-Voyage-175625-1536x1152.jpg.webp 1536w, https:\/\/tjt.travelblox.eu\/wp-content\/smush-webp\/sites\/78\/2024\/01\/Jordanie-Jordan-Trail-Travelbase-\u00a9-Trekking-et-Voyage-175625-2048x1536.jpg.webp 2048w, https:\/\/tjt.travelblox.eu\/wp-content\/smush-webp\/sites\/78\/2024\/01\/Jordanie-Jordan-Trail-Travelbase-\u00a9-Trekking-et-Voyage-175625-16x12.jpg.webp 16w, https:\/\/tjt.travelblox.eu\/wp-content\/smush-webp\/sites\/78\/2024\/01\/Jordanie-Jordan-Trail-Travelbase-\u00a9-Trekking-et-Voyage-175625-scaled-e1705667933827.jpg.webp 800w' sizes=\"auto, (max-width: 768px) 100vw, 768px\" loading='lazy' decoding='async' data-smush-webp-fallback=\"{&quot;src&quot;:&quot;https:\\\/\\\/tjt.travelblox.eu\\\/wp-content\\\/uploads\\\/sites\\\/78\\\/2024\\\/01\\\/Jordanie-Jordan-Trail-Travelbase-\\u00a9-Trekking-et-Voyage-175625-768x576.jpg&quot;,&quot;srcset&quot;:&quot;https:\\\/\\\/tjt.travelblox.eu\\\/wp-content\\\/uploads\\\/sites\\\/78\\\/2024\\\/01\\\/Jordanie-Jordan-Trail-Travelbase-\\u00a9-Trekking-et-Voyage-175625-768x576.jpg 768w, https:\\\/\\\/tjt.travelblox.eu\\\/wp-content\\\/uploads\\\/sites\\\/78\\\/2024\\\/01\\\/Jordanie-Jordan-Trail-Travelbase-\\u00a9-Trekking-et-Voyage-175625-300x225.jpg 300w, https:\\\/\\\/tjt.travelblox.eu\\\/wp-content\\\/uploads\\\/sites\\\/78\\\/2024\\\/01\\\/Jordanie-Jordan-Trail-Travelbase-\\u00a9-Trekking-et-Voyage-175625-1024x768.jpg 1024w, https:\\\/\\\/tjt.travelblox.eu\\\/wp-content\\\/uploads\\\/sites\\\/78\\\/2024\\\/01\\\/Jordanie-Jordan-Trail-Travelbase-\\u00a9-Trekking-et-Voyage-175625-1536x1152.jpg 1536w, https:\\\/\\\/tjt.travelblox.eu\\\/wp-content\\\/uploads\\\/sites\\\/78\\\/2024\\\/01\\\/Jordanie-Jordan-Trail-Travelbase-\\u00a9-Trekking-et-Voyage-175625-2048x1536.jpg 2048w, https:\\\/\\\/tjt.travelblox.eu\\\/wp-content\\\/uploads\\\/sites\\\/78\\\/2024\\\/01\\\/Jordanie-Jordan-Trail-Travelbase-\\u00a9-Trekking-et-Voyage-175625-16x12.jpg 16w, https:\\\/\\\/tjt.travelblox.eu\\\/wp-content\\\/uploads\\\/sites\\\/78\\\/2024\\\/01\\\/Jordanie-Jordan-Trail-Travelbase-\\u00a9-Trekking-et-Voyage-175625-scaled-e1705667933827.jpg 800w&quot;}\">\t\t\t\t\t\t\t\t\t\t<\/div>\n\t\t\t\t\t\t\t\t\t\t<div class=\"tb-popup-content\">\n\t\t\t\t\t\t\t\t\t\t\t<h3>Schlafsack + Schlafmatte<\/h3>\n\t\t\t\t\t\t\t\t\t\t\t<div class=\"content\">\t<div class=\"translation-block\"><p>Du erh\u00e4ltst von uns einen Schlafsack mit Komforttemperatur 5\u00b0, zusammen mit einem Liner und einer bequemen Schlafmatte.<\/p><\/div>\n\t<\/div>\n\t\t\t\t\t\t\t\t\t\t<\/div>\n\t\t\t\t\t\t\t\t\t<\/div>\n\t\t\t\t\t\t\t\t<\/dialog>\n\t\t\t\t\t\t\t<\/div>\n\t\t\t\t\t\t<\/div>\n\t\t\t\t\t\t\t\t\t\t\t<div class=\"tb-card entry tb-popup-trigger desktop-only-popup\">\n\t\t\t\t\t\t\t<div class=\"tb-image-part desktop\">\n\t\t\t\t\t\t\t\t<img src='https:\/\/tjt.travelblox.eu\/wp-content\/smush-webp\/sites\/78\/2025\/08\/Blog-verticale-fotos-9-1.jpg.webp' width='1080' height='1680' alt='The Jordan Trail Jordanienreise' srcset='https:\/\/tjt.travelblox.eu\/wp-content\/smush-webp\/sites\/78\/2025\/08\/Blog-verticale-fotos-9-1.jpg.webp 1080w, https:\/\/tjt.travelblox.eu\/wp-content\/smush-webp\/sites\/78\/2025\/08\/Blog-verticale-fotos-9-1-193x300.jpg.webp 193w, https:\/\/tjt.travelblox.eu\/wp-content\/smush-webp\/sites\/78\/2025\/08\/Blog-verticale-fotos-9-1-658x1024.jpg.webp 658w, https:\/\/tjt.travelblox.eu\/wp-content\/smush-webp\/sites\/78\/2025\/08\/Blog-verticale-fotos-9-1-768x1195.jpg.webp 768w, https:\/\/tjt.travelblox.eu\/wp-content\/smush-webp\/sites\/78\/2025\/08\/Blog-verticale-fotos-9-1-987x1536.jpg.webp 987w, https:\/\/tjt.travelblox.eu\/wp-content\/smush-webp\/sites\/78\/2025\/08\/Blog-verticale-fotos-9-1-8x12.jpg.webp 8w' sizes=\"auto, (max-width: 1080px) 100vw, 1080px\" style='object-position:50% 50%' loading='lazy' decoding='async' data-smush-webp-fallback=\"{&quot;src&quot;:&quot;https:\\\/\\\/tjt.travelblox.eu\\\/wp-content\\\/uploads\\\/sites\\\/78\\\/2025\\\/08\\\/Blog-verticale-fotos-9-1.jpg&quot;,&quot;srcset&quot;:&quot;https:\\\/\\\/tjt.travelblox.eu\\\/wp-content\\\/uploads\\\/sites\\\/78\\\/2025\\\/08\\\/Blog-verticale-fotos-9-1.jpg 1080w, https:\\\/\\\/tjt.travelblox.eu\\\/wp-content\\\/uploads\\\/sites\\\/78\\\/2025\\\/08\\\/Blog-verticale-fotos-9-1-193x300.jpg 193w, https:\\\/\\\/tjt.travelblox.eu\\\/wp-content\\\/uploads\\\/sites\\\/78\\\/2025\\\/08\\\/Blog-verticale-fotos-9-1-658x1024.jpg 658w, https:\\\/\\\/tjt.travelblox.eu\\\/wp-content\\\/uploads\\\/sites\\\/78\\\/2025\\\/08\\\/Blog-verticale-fotos-9-1-768x1195.jpg 768w, https:\\\/\\\/tjt.travelblox.eu\\\/wp-content\\\/uploads\\\/sites\\\/78\\\/2025\\\/08\\\/Blog-verticale-fotos-9-1-987x1536.jpg 987w, https:\\\/\\\/tjt.travelblox.eu\\\/wp-content\\\/uploads\\\/sites\\\/78\\\/2025\\\/08\\\/Blog-verticale-fotos-9-1-8x12.jpg 8w&quot;}\">\t\t\t\t\t\t\t\t\t\t\t\t\t\t\t\t\t\t\t\t\t\t\t\t\t<div class=\"price tiny-body-font desktop translation-block\"><p>12 \u20ac pro Person<\/p><\/div>\t\t\t\t\t\t\t<\/div>\n\t\t\t\t\t\t\t<div class=\"tb-image-part mobile\">\n\t\t\t\t\t\t\t\t<img src='https:\/\/tjt.travelblox.eu\/wp-content\/smush-webp\/sites\/78\/2025\/08\/Blog-verticale-fotos-9-1-768x1195.jpg.webp' width='768' height='1195' alt='The Jordan Trail Jordanienreise' srcset='https:\/\/tjt.travelblox.eu\/wp-content\/smush-webp\/sites\/78\/2025\/08\/Blog-verticale-fotos-9-1-768x1195.jpg.webp 768w, https:\/\/tjt.travelblox.eu\/wp-content\/smush-webp\/sites\/78\/2025\/08\/Blog-verticale-fotos-9-1-193x300.jpg.webp 193w, https:\/\/tjt.travelblox.eu\/wp-content\/smush-webp\/sites\/78\/2025\/08\/Blog-verticale-fotos-9-1-658x1024.jpg.webp 658w, https:\/\/tjt.travelblox.eu\/wp-content\/smush-webp\/sites\/78\/2025\/08\/Blog-verticale-fotos-9-1-987x1536.jpg.webp 987w, https:\/\/tjt.travelblox.eu\/wp-content\/smush-webp\/sites\/78\/2025\/08\/Blog-verticale-fotos-9-1-8x12.jpg.webp 8w, https:\/\/tjt.travelblox.eu\/wp-content\/smush-webp\/sites\/78\/2025\/08\/Blog-verticale-fotos-9-1.jpg.webp 1080w' sizes=\"auto, (max-width: 768px) 100vw, 768px\" style='object-position:50% 50%' loading='lazy' decoding='async' data-smush-webp-fallback=\"{&quot;src&quot;:&quot;https:\\\/\\\/tjt.travelblox.eu\\\/wp-content\\\/uploads\\\/sites\\\/78\\\/2025\\\/08\\\/Blog-verticale-fotos-9-1-768x1195.jpg&quot;,&quot;srcset&quot;:&quot;https:\\\/\\\/tjt.travelblox.eu\\\/wp-content\\\/uploads\\\/sites\\\/78\\\/2025\\\/08\\\/Blog-verticale-fotos-9-1-768x1195.jpg 768w, https:\\\/\\\/tjt.travelblox.eu\\\/wp-content\\\/uploads\\\/sites\\\/78\\\/2025\\\/08\\\/Blog-verticale-fotos-9-1-193x300.jpg 193w, https:\\\/\\\/tjt.travelblox.eu\\\/wp-content\\\/uploads\\\/sites\\\/78\\\/2025\\\/08\\\/Blog-verticale-fotos-9-1-658x1024.jpg 658w, https:\\\/\\\/tjt.travelblox.eu\\\/wp-content\\\/uploads\\\/sites\\\/78\\\/2025\\\/08\\\/Blog-verticale-fotos-9-1-987x1536.jpg 987w, https:\\\/\\\/tjt.travelblox.eu\\\/wp-content\\\/uploads\\\/sites\\\/78\\\/2025\\\/08\\\/Blog-verticale-fotos-9-1-8x12.jpg 8w, https:\\\/\\\/tjt.travelblox.eu\\\/wp-content\\\/uploads\\\/sites\\\/78\\\/2025\\\/08\\\/Blog-verticale-fotos-9-1.jpg 1080w&quot;}\">\t\t\t\t\t\t\t\t\t\t\t\t\t\t\t<\/div>\n\t\t\t\t\t\t\t<div class=\"tb-card-content\">\n\t\t\t\t\t\t\t\t<h5>\n\t\t\t\t\t\t\t\t\t\t\t\t\t\t\t\t\t\t<span>Wanderst\u00f6cke<\/span>\n\t\t\t\t\t\t\t\t<\/h5>\n\t\t\t\t\t\t\t\t\t\t\t\t\t\t\t\t\t<div class=\"price tiny-body-font mobile\"><p>\u20ac12 pro Person<\/p><\/div>\t\t\t\t\t\t\t\t<div class=\"content readmore-content content--clamped\">\t<div class=\"translation-block\"><p>Wanderst\u00f6cke sind auf diesem Trail eine echte Hilfe \u2013 sie entlasten die Knie und helfen beim Gleichgewicht. Du kannst sie bei uns mieten oder eigene mitbringen.<\/p><\/div>\n\t<\/div>\n\t\t\t\t\t\t\t\t\t\t\t\t\t\t\t\t<div class=\"readmore link js-readmore\">\n\t\t\t\t\t\t\t\t\t<span><i class=\"fa-solid fa-circle-plus\"><\/i><u>Mehr lesen<\/u><\/span>\n\t\t\t\t\t\t\t\t\t<span><i class=\"fa-solid fa-circle-minus\"><\/i><u>Weniger lesen<\/u><\/span>\n\t\t\t\t\t\t\t\t<\/div>\n\t\t\t\t\t\t\t\t\t\t\t\t\t\t\t\t<dialog class=\"tb-popup\">\n\t\t\t\t\t\t\t\t\t<div class=\"tb-highlights-popup\">\n\t\t\t\t\t\t\t\t\t\t<div class=\"tb-image-part\">\n\t\t\t\t\t\t\t\t\t\t\t<img src='https:\/\/tjt.travelblox.eu\/wp-content\/smush-webp\/sites\/78\/2025\/08\/Blog-verticale-fotos-9-1-768x1195.jpg.webp' width='768' height='1195' alt='The Jordan Trail Jordanienreise' srcset='https:\/\/tjt.travelblox.eu\/wp-content\/smush-webp\/sites\/78\/2025\/08\/Blog-verticale-fotos-9-1-768x1195.jpg.webp 768w, https:\/\/tjt.travelblox.eu\/wp-content\/smush-webp\/sites\/78\/2025\/08\/Blog-verticale-fotos-9-1-193x300.jpg.webp 193w, https:\/\/tjt.travelblox.eu\/wp-content\/smush-webp\/sites\/78\/2025\/08\/Blog-verticale-fotos-9-1-658x1024.jpg.webp 658w, https:\/\/tjt.travelblox.eu\/wp-content\/smush-webp\/sites\/78\/2025\/08\/Blog-verticale-fotos-9-1-987x1536.jpg.webp 987w, https:\/\/tjt.travelblox.eu\/wp-content\/smush-webp\/sites\/78\/2025\/08\/Blog-verticale-fotos-9-1-8x12.jpg.webp 8w, https:\/\/tjt.travelblox.eu\/wp-content\/smush-webp\/sites\/78\/2025\/08\/Blog-verticale-fotos-9-1.jpg.webp 1080w' sizes=\"auto, (max-width: 768px) 100vw, 768px\" style='object-position:50% 50%' loading='lazy' decoding='async' data-smush-webp-fallback=\"{&quot;src&quot;:&quot;https:\\\/\\\/tjt.travelblox.eu\\\/wp-content\\\/uploads\\\/sites\\\/78\\\/2025\\\/08\\\/Blog-verticale-fotos-9-1-768x1195.jpg&quot;,&quot;srcset&quot;:&quot;https:\\\/\\\/tjt.travelblox.eu\\\/wp-content\\\/uploads\\\/sites\\\/78\\\/2025\\\/08\\\/Blog-verticale-fotos-9-1-768x1195.jpg 768w, https:\\\/\\\/tjt.travelblox.eu\\\/wp-content\\\/uploads\\\/sites\\\/78\\\/2025\\\/08\\\/Blog-verticale-fotos-9-1-193x300.jpg 193w, https:\\\/\\\/tjt.travelblox.eu\\\/wp-content\\\/uploads\\\/sites\\\/78\\\/2025\\\/08\\\/Blog-verticale-fotos-9-1-658x1024.jpg 658w, https:\\\/\\\/tjt.travelblox.eu\\\/wp-content\\\/uploads\\\/sites\\\/78\\\/2025\\\/08\\\/Blog-verticale-fotos-9-1-987x1536.jpg 987w, https:\\\/\\\/tjt.travelblox.eu\\\/wp-content\\\/uploads\\\/sites\\\/78\\\/2025\\\/08\\\/Blog-verticale-fotos-9-1-8x12.jpg 8w, https:\\\/\\\/tjt.travelblox.eu\\\/wp-content\\\/uploads\\\/sites\\\/78\\\/2025\\\/08\\\/Blog-verticale-fotos-9-1.jpg 1080w&quot;}\">\t\t\t\t\t\t\t\t\t\t<\/div>\n\t\t\t\t\t\t\t\t\t\t<div class=\"tb-popup-content\">\n\t\t\t\t\t\t\t\t\t\t\t<h3>Wanderst\u00f6cke<\/h3>\n\t\t\t\t\t\t\t\t\t\t\t<div class=\"content\">\t<div class=\"translation-block\"><p>Wanderst\u00f6cke sind auf diesem Trail eine echte Hilfe \u2013 sie entlasten die Knie und helfen beim Gleichgewicht. Du kannst sie bei uns mieten oder eigene mitbringen.<\/p><\/div>\n\t<\/div>\n\t\t\t\t\t\t\t\t\t\t<\/div>\n\t\t\t\t\t\t\t\t\t<\/div>\n\t\t\t\t\t\t\t\t<\/dialog>\n\t\t\t\t\t\t\t<\/div>\n\t\t\t\t\t\t<\/div>\n\t\t\t\t\t\t\t\t\t\t\t\t\t<\/div>\n\t\t\t\t<div class=\"tb-carousel-nav\">\n\t\t<div class=\"dots\">\n\t\t\t<div class=\"dot active\"><\/div>\n\t\t\t<div class=\"dot\"><\/div>\n\t\t\t<div class=\"dot\"><\/div>\n\t\t<\/div>\n\t\t<div class=\"arrows\">\n\t\t\t<div class=\"prev disabled\">\n\t\t\t\t<span><i class=\"fa fa-chevron-left\"><\/i><\/span>\n\t\t\t<\/div>\n\t\t\t<div class=\"next\">\n\t\t\t\t<span><i class=\"fa fa-chevron-right\"><\/i><\/span>\n\t\t\t<\/div>\n\t\t<\/div>\n\t<\/div>\n\t\t\t<\/div>\n\t<\/div>\n\t\t\t\t\t\t\t\t\t\t\t\t\t\t\t\t\t\t<div class=\"inner-block-full-width has-tb-carousel tb-section\" id=\"options-section-1\"style=\"display:none;\">\n\t\t<div class=\"tb-carousel-container\">\n\t\t\t<div class=\"entries tb-cards\" data-slider-first=\"1\">\n\t\t\t\t\t\t\t\t\t\t\t\t\t\t\t<div class=\"tb-card entry tb-popup-trigger desktop-only-popup\">\n\t\t\t\t\t\t\t<div class=\"tb-image-part desktop\">\n\t\t\t\t\t\t\t\t<img src='https:\/\/tjt.travelblox.eu\/wp-content\/smush-webp\/sites\/78\/2024\/01\/theJordanTrail-7379-scaled-e1705668606295.jpg.webp' width='800' height='533' alt='Hauptstadt Amman' loading='lazy' decoding='async' data-smush-webp-fallback='{&quot;src&quot;:&quot;https:\\\/\\\/tjt.travelblox.eu\\\/wp-content\\\/uploads\\\/sites\\\/78\\\/2024\\\/01\\\/theJordanTrail-7379-scaled-e1705668606295.jpg&quot;}'>\t\t\t\t\t\t\t\t\t\t\t\t\t\t\t\t\t\t\t\t\t\t\t\t\t<div class=\"price tiny-body-font desktop translation-block\"><p>30 \u20ac<\/p><\/div>\t\t\t\t\t\t\t<\/div>\n\t\t\t\t\t\t\t<div class=\"tb-image-part mobile\">\n\t\t\t\t\t\t\t\t<img src='https:\/\/tjt.travelblox.eu\/wp-content\/smush-webp\/sites\/78\/2024\/01\/theJordanTrail-7379-768x512.jpg.webp' width='768' height='512' alt='Hauptstadt Amman' srcset='' sizes=\"auto, (max-width: 768px) 100vw, 768px\" loading='lazy' decoding='async' data-srcset=\"\" data-smush-webp-fallback=\"{&quot;src&quot;:&quot;https:\\\/\\\/tjt.travelblox.eu\\\/wp-content\\\/uploads\\\/sites\\\/78\\\/2024\\\/01\\\/theJordanTrail-7379-768x512.jpg&quot;}\">\t\t\t\t\t\t\t\t\t\t\t\t\t\t\t<\/div>\n\t\t\t\t\t\t\t<div class=\"tb-card-content\">\n\t\t\t\t\t\t\t\t<h5>\n\t\t\t\t\t\t\t\t\t\t\t\t\t\t\t\t\t\t<span>Privatzimmer erste Nacht in Madaba<\/span>\n\t\t\t\t\t\t\t\t<\/h5>\n\t\t\t\t\t\t\t\t\t\t\t\t\t\t\t\t\t<div class=\"price tiny-body-font mobile\"><p>\u20ac30<\/p><\/div>\t\t\t\t\t\t\t\t<div class=\"content readmore-content content--clamped\">\t<div class=\"translation-block\"><p>Die erste Nacht in <strong>Madaba<\/strong> ist im Basispreis enthalten \u2013 im geteilten Zimmer mit separaten Betten. Wir versuchen, Personen gleichen Geschlechts zusammenzulegen. M\u00f6chtest du lieber allein schlafen? Ein <strong>Privatzimmer<\/strong> ist f\u00fcr <strong>30 \u20ac<\/strong> Aufpreis buchbar.<\/p><\/div>\n\t<\/div>\n\t\t\t\t\t\t\t\t\t\t\t\t\t\t\t\t<div class=\"readmore link js-readmore\">\n\t\t\t\t\t\t\t\t\t<span><i class=\"fa-solid fa-circle-plus\"><\/i><u>Mehr lesen<\/u><\/span>\n\t\t\t\t\t\t\t\t\t<span><i class=\"fa-solid fa-circle-minus\"><\/i><u>Weniger lesen<\/u><\/span>\n\t\t\t\t\t\t\t\t<\/div>\n\t\t\t\t\t\t\t\t\t\t\t\t\t\t\t\t<dialog class=\"tb-popup\">\n\t\t\t\t\t\t\t\t\t<div class=\"tb-highlights-popup\">\n\t\t\t\t\t\t\t\t\t\t<div class=\"tb-image-part\">\n\t\t\t\t\t\t\t\t\t\t\t<img src='https:\/\/tjt.travelblox.eu\/wp-content\/smush-webp\/sites\/78\/2024\/01\/theJordanTrail-7379-768x512.jpg.webp' width='768' height='512' alt='Hauptstadt Amman' srcset='' sizes=\"auto, (max-width: 768px) 100vw, 768px\" loading='lazy' decoding='async' data-srcset=\"\" data-smush-webp-fallback=\"{&quot;src&quot;:&quot;https:\\\/\\\/tjt.travelblox.eu\\\/wp-content\\\/uploads\\\/sites\\\/78\\\/2024\\\/01\\\/theJordanTrail-7379-768x512.jpg&quot;}\">\t\t\t\t\t\t\t\t\t\t<\/div>\n\t\t\t\t\t\t\t\t\t\t<div class=\"tb-popup-content\">\n\t\t\t\t\t\t\t\t\t\t\t<h3>Privatzimmer erste Nacht in Madaba<\/h3>\n\t\t\t\t\t\t\t\t\t\t\t<div class=\"content\">\t<div class=\"translation-block\"><p>Die erste Nacht in <strong>Madaba<\/strong> ist im Basispreis enthalten \u2013 im geteilten Zimmer mit separaten Betten. Wir versuchen, Personen gleichen Geschlechts zusammenzulegen. M\u00f6chtest du lieber allein schlafen? Ein <strong>Privatzimmer<\/strong> ist f\u00fcr <strong>30 \u20ac<\/strong> Aufpreis buchbar.<\/p><\/div>\n\t<\/div>\n\t\t\t\t\t\t\t\t\t\t<\/div>\n\t\t\t\t\t\t\t\t\t<\/div>\n\t\t\t\t\t\t\t\t<\/dialog>\n\t\t\t\t\t\t\t<\/div>\n\t\t\t\t\t\t<\/div>\n\t\t\t\t\t\t\t\t\t\t\t<div class=\"tb-card entry tb-popup-trigger desktop-only-popup\">\n\t\t\t\t\t\t\t<div class=\"tb-image-part desktop\">\n\t\t\t\t\t\t\t\t<img src='https:\/\/tjt.travelblox.eu\/wp-content\/smush-webp\/sites\/78\/2024\/01\/theJordanTrail-7448-scaled-e1705666560909.jpg.webp' width='798' height='1037' alt='Amman Jordanien' srcset='https:\/\/tjt.travelblox.eu\/wp-content\/smush-webp\/sites\/78\/2024\/01\/theJordanTrail-7448-scaled-e1705666560909.jpg.webp 798w, https:\/\/tjt.travelblox.eu\/wp-content\/smush-webp\/sites\/78\/2024\/01\/theJordanTrail-7448-scaled-e1705666560909-231x300.jpg.webp 231w, https:\/\/tjt.travelblox.eu\/wp-content\/smush-webp\/sites\/78\/2024\/01\/theJordanTrail-7448-scaled-e1705666560909-788x1024.jpg.webp 788w, https:\/\/tjt.travelblox.eu\/wp-content\/smush-webp\/sites\/78\/2024\/01\/theJordanTrail-7448-scaled-e1705666560909-768x998.jpg.webp 768w, https:\/\/tjt.travelblox.eu\/wp-content\/smush-webp\/sites\/78\/2024\/01\/theJordanTrail-7448-scaled-e1705666560909-9x12.jpg.webp 9w' sizes=\"auto, (max-width: 798px) 100vw, 798px\" loading='lazy' decoding='async' data-smush-webp-fallback=\"{&quot;src&quot;:&quot;https:\\\/\\\/tjt.travelblox.eu\\\/wp-content\\\/uploads\\\/sites\\\/78\\\/2024\\\/01\\\/theJordanTrail-7448-scaled-e1705666560909.jpg&quot;,&quot;srcset&quot;:&quot;https:\\\/\\\/tjt.travelblox.eu\\\/wp-content\\\/uploads\\\/sites\\\/78\\\/2024\\\/01\\\/theJordanTrail-7448-scaled-e1705666560909.jpg 798w, https:\\\/\\\/tjt.travelblox.eu\\\/wp-content\\\/uploads\\\/sites\\\/78\\\/2024\\\/01\\\/theJordanTrail-7448-scaled-e1705666560909-231x300.jpg 231w, https:\\\/\\\/tjt.travelblox.eu\\\/wp-content\\\/uploads\\\/sites\\\/78\\\/2024\\\/01\\\/theJordanTrail-7448-scaled-e1705666560909-788x1024.jpg 788w, https:\\\/\\\/tjt.travelblox.eu\\\/wp-content\\\/uploads\\\/sites\\\/78\\\/2024\\\/01\\\/theJordanTrail-7448-scaled-e1705666560909-768x998.jpg 768w, https:\\\/\\\/tjt.travelblox.eu\\\/wp-content\\\/uploads\\\/sites\\\/78\\\/2024\\\/01\\\/theJordanTrail-7448-scaled-e1705666560909-9x12.jpg 9w&quot;}\">\t\t\t\t\t\t\t\t\t\t\t\t\t\t\t\t\t\t\t\t\t\t\t\t\t<div class=\"price tiny-body-font desktop translation-block\"><p>Ab 30&nbsp;\u20ac pro Person<\/p><\/div>\t\t\t\t\t\t\t<\/div>\n\t\t\t\t\t\t\t<div class=\"tb-image-part mobile\">\n\t\t\t\t\t\t\t\t<img src='https:\/\/tjt.travelblox.eu\/wp-content\/smush-webp\/sites\/78\/2024\/01\/theJordanTrail-7448-scaled-e1705666560909-768x998.jpg.webp' width='768' height='998' alt='Amman Jordanien' srcset='' sizes=\"auto, (max-width: 768px) 100vw, 768px\" loading='lazy' decoding='async' data-srcset=\"\" data-smush-webp-fallback=\"{&quot;src&quot;:&quot;https:\\\/\\\/tjt.travelblox.eu\\\/wp-content\\\/uploads\\\/sites\\\/78\\\/2024\\\/01\\\/theJordanTrail-7448-scaled-e1705666560909-768x998.jpg&quot;}\">\t\t\t\t\t\t\t\t\t\t\t\t\t\t\t<\/div>\n\t\t\t\t\t\t\t<div class=\"tb-card-content\">\n\t\t\t\t\t\t\t\t<h5>\n\t\t\t\t\t\t\t\t\t\t\t\t\t\t\t\t\t\t<span>Letzte Nacht in Amman<\/span>\n\t\t\t\t\t\t\t\t<\/h5>\n\t\t\t\t\t\t\t\t\t\t\t\t\t\t\t\t\t<div class=\"price tiny-body-font mobile\"><p>Ab \u20ac30 pro Person<\/p><\/div>\t\t\t\t\t\t\t\t<div class=\"content readmore-content content--clamped\">\t<div class=\"translation-block\"><p>Du kannst w\u00e4hlen, ob du die \u00dcbernachtung in Amman f\u00fcr die letzte Nacht \u00fcber uns buchen m\u00f6chtest.<\/p><ul><li>Mehrbettzimmer: 30 \u20ac pro Person*<\/li><li>Privatzimmer: 60 \u20ac pro Person<\/li><\/ul><p><i>*Alleinreisende werden mit anderen Teilnehmenden in einem Mehrbettzimmer untergebracht, jeweils in getrennten Betten. Wir bem\u00fchen uns, Personen desselben Geschlechts zusammenzulegen.<\/i><\/p><\/div>\n\t<\/div>\n\t\t\t\t\t\t\t\t\t\t\t\t\t\t\t\t<div class=\"readmore link js-readmore\">\n\t\t\t\t\t\t\t\t\t<span><i class=\"fa-solid fa-circle-plus\"><\/i><u>Mehr lesen<\/u><\/span>\n\t\t\t\t\t\t\t\t\t<span><i class=\"fa-solid fa-circle-minus\"><\/i><u>Weniger lesen<\/u><\/span>\n\t\t\t\t\t\t\t\t<\/div>\n\t\t\t\t\t\t\t\t\t\t\t\t\t\t\t\t<dialog class=\"tb-popup\">\n\t\t\t\t\t\t\t\t\t<div class=\"tb-highlights-popup\">\n\t\t\t\t\t\t\t\t\t\t<div class=\"tb-image-part\">\n\t\t\t\t\t\t\t\t\t\t\t<img src='https:\/\/tjt.travelblox.eu\/wp-content\/smush-webp\/sites\/78\/2024\/01\/theJordanTrail-7448-scaled-e1705666560909-768x998.jpg.webp' width='768' height='998' alt='Amman Jordanien' srcset='' sizes=\"auto, (max-width: 768px) 100vw, 768px\" loading='lazy' decoding='async' data-srcset=\"\" data-smush-webp-fallback=\"{&quot;src&quot;:&quot;https:\\\/\\\/tjt.travelblox.eu\\\/wp-content\\\/uploads\\\/sites\\\/78\\\/2024\\\/01\\\/theJordanTrail-7448-scaled-e1705666560909-768x998.jpg&quot;}\">\t\t\t\t\t\t\t\t\t\t<\/div>\n\t\t\t\t\t\t\t\t\t\t<div class=\"tb-popup-content\">\n\t\t\t\t\t\t\t\t\t\t\t<h3>Letzte Nacht in Amman<\/h3>\n\t\t\t\t\t\t\t\t\t\t\t<div class=\"content\">\t<div class=\"translation-block\"><p>Du kannst w\u00e4hlen, ob du die \u00dcbernachtung in Amman f\u00fcr die letzte Nacht \u00fcber uns buchen m\u00f6chtest.<\/p><ul><li>Mehrbettzimmer: 30 \u20ac pro Person*<\/li><li>Privatzimmer: 60 \u20ac pro Person<\/li><\/ul><p><i>*Alleinreisende werden mit anderen Teilnehmenden in einem Mehrbettzimmer untergebracht, jeweils in getrennten Betten. Wir bem\u00fchen uns, Personen desselben Geschlechts zusammenzulegen.<\/i><\/p><\/div>\n\t<\/div>\n\t\t\t\t\t\t\t\t\t\t<\/div>\n\t\t\t\t\t\t\t\t\t<\/div>\n\t\t\t\t\t\t\t\t<\/dialog>\n\t\t\t\t\t\t\t<\/div>\n\t\t\t\t\t\t<\/div>\n\t\t\t\t\t\t\t\t\t\t\t\t\t<\/div>\n\t\t\t\t<div class=\"tb-carousel-nav\">\n\t\t<div class=\"dots\">\n\t\t\t<div class=\"dot active\"><\/div>\n\t\t\t<div class=\"dot\"><\/div>\n\t\t\t<div class=\"dot\"><\/div>\n\t\t<\/div>\n\t\t<div class=\"arrows\">\n\t\t\t<div class=\"prev disabled\">\n\t\t\t\t<span><i class=\"fa fa-chevron-left\"><\/i><\/span>\n\t\t\t<\/div>\n\t\t\t<div class=\"next\">\n\t\t\t\t<span><i class=\"fa fa-chevron-right\"><\/i><\/span>\n\t\t\t<\/div>\n\t\t<\/div>\n\t<\/div>\n\t\t\t<\/div>\n\t<\/div>\n\t\t\t\t\t\t\t\t\t\t\t\t\t\t\t\t\t\t<div class=\"inner-block-full-width has-tb-carousel tb-section\" id=\"options-section-2\"style=\"display:none;\">\n\t\t<div class=\"tb-carousel-container\">\n\t\t\t<div class=\"entries tb-cards\" data-slider-first=\"1\">\n\t\t\t\t\t\t\t\t\t\t\t\t\t\t\t<div class=\"tb-card entry tb-popup-trigger desktop-only-popup\">\n\t\t\t\t\t\t\t<div class=\"tb-image-part desktop\">\n\t\t\t\t\t\t\t\t<img src='https:\/\/tjt.travelblox.eu\/wp-content\/smush-webp\/sites\/78\/2026\/02\/TheJordanTrail_flight.jpg.webp' width='1000' height='667' alt='Der Jordan Trail, Flug nach Amman' srcset='https:\/\/tjt.travelblox.eu\/wp-content\/smush-webp\/sites\/78\/2026\/02\/TheJordanTrail_flight.jpg.webp 1000w, https:\/\/tjt.travelblox.eu\/wp-content\/smush-webp\/sites\/78\/2026\/02\/TheJordanTrail_flight-300x200.jpg.webp 300w, https:\/\/tjt.travelblox.eu\/wp-content\/smush-webp\/sites\/78\/2026\/02\/TheJordanTrail_flight-768x512.jpg.webp 768w, https:\/\/tjt.travelblox.eu\/wp-content\/smush-webp\/sites\/78\/2026\/02\/TheJordanTrail_flight-18x12.jpg.webp 18w' sizes=\"auto, (max-width: 1000px) 100vw, 1000px\" loading='lazy' decoding='async' data-smush-webp-fallback=\"{&quot;src&quot;:&quot;https:\\\/\\\/tjt.travelblox.eu\\\/wp-content\\\/uploads\\\/sites\\\/78\\\/2026\\\/02\\\/TheJordanTrail_flight.jpg&quot;,&quot;srcset&quot;:&quot;https:\\\/\\\/tjt.travelblox.eu\\\/wp-content\\\/uploads\\\/sites\\\/78\\\/2026\\\/02\\\/TheJordanTrail_flight.jpg 1000w, https:\\\/\\\/tjt.travelblox.eu\\\/wp-content\\\/uploads\\\/sites\\\/78\\\/2026\\\/02\\\/TheJordanTrail_flight-300x200.jpg 300w, https:\\\/\\\/tjt.travelblox.eu\\\/wp-content\\\/uploads\\\/sites\\\/78\\\/2026\\\/02\\\/TheJordanTrail_flight-768x512.jpg 768w, https:\\\/\\\/tjt.travelblox.eu\\\/wp-content\\\/uploads\\\/sites\\\/78\\\/2026\\\/02\\\/TheJordanTrail_flight-18x12.jpg 18w&quot;}\">\t\t\t\t\t\t\t\t\t\t\t\t\t\t\t\t\t\t\t\t\t\t\t\t\t<div class=\"price tiny-body-font desktop translation-block\"><p>Siehe Kalender<\/p><\/div>\t\t\t\t\t\t\t<\/div>\n\t\t\t\t\t\t\t<div class=\"tb-image-part mobile\">\n\t\t\t\t\t\t\t\t<img src='https:\/\/tjt.travelblox.eu\/wp-content\/smush-webp\/sites\/78\/2026\/02\/TheJordanTrail_flight-768x512.jpg.webp' width='768' height='512' alt='Der Jordan Trail, Flug nach Amman' srcset='https:\/\/tjt.travelblox.eu\/wp-content\/smush-webp\/sites\/78\/2026\/02\/TheJordanTrail_flight-768x512.jpg.webp 768w, https:\/\/tjt.travelblox.eu\/wp-content\/smush-webp\/sites\/78\/2026\/02\/TheJordanTrail_flight-300x200.jpg.webp 300w, https:\/\/tjt.travelblox.eu\/wp-content\/smush-webp\/sites\/78\/2026\/02\/TheJordanTrail_flight-18x12.jpg.webp 18w, https:\/\/tjt.travelblox.eu\/wp-content\/smush-webp\/sites\/78\/2026\/02\/TheJordanTrail_flight.jpg.webp 1000w' sizes=\"auto, (max-width: 768px) 100vw, 768px\" loading='lazy' decoding='async' data-smush-webp-fallback=\"{&quot;src&quot;:&quot;https:\\\/\\\/tjt.travelblox.eu\\\/wp-content\\\/uploads\\\/sites\\\/78\\\/2026\\\/02\\\/TheJordanTrail_flight-768x512.jpg&quot;,&quot;srcset&quot;:&quot;https:\\\/\\\/tjt.travelblox.eu\\\/wp-content\\\/uploads\\\/sites\\\/78\\\/2026\\\/02\\\/TheJordanTrail_flight-768x512.jpg 768w, https:\\\/\\\/tjt.travelblox.eu\\\/wp-content\\\/uploads\\\/sites\\\/78\\\/2026\\\/02\\\/TheJordanTrail_flight-300x200.jpg 300w, https:\\\/\\\/tjt.travelblox.eu\\\/wp-content\\\/uploads\\\/sites\\\/78\\\/2026\\\/02\\\/TheJordanTrail_flight-18x12.jpg 18w, https:\\\/\\\/tjt.travelblox.eu\\\/wp-content\\\/uploads\\\/sites\\\/78\\\/2026\\\/02\\\/TheJordanTrail_flight.jpg 1000w&quot;}\">\t\t\t\t\t\t\t\t\t\t\t\t\t\t\t<\/div>\n\t\t\t\t\t\t\t<div class=\"tb-card-content\">\n\t\t\t\t\t\t\t\t<h5>\n\t\t\t\t\t\t\t\t\t\t\t\t\t\t\t\t\t\t<span>Fl\u00fcge (inkl. Shuttle)<\/span>\n\t\t\t\t\t\t\t\t<\/h5>\n\t\t\t\t\t\t\t\t\t\t\t\t\t\t\t\t\t<div class=\"price tiny-body-font mobile\"><p>Siehe Kalender<\/p><\/div>\t\t\t\t\t\t\t\t<div class=\"content readmore-content content--clamped\">\t<div class=\"translation-block\"><p>Deine Fl\u00fcge kannst du ganz einfach <strong>direkt \u00fcber den Jordan Trail<\/strong> buchen. Im Flugpreis sind auch der <strong>Shuttle zum und vom Flughafen Amman sowie dein Visum<\/strong> enthalten.<\/p><p>Weitere Informationen zu Fl\u00fcgen, Abflugzeiten und erlaubtem Gep\u00e4ck findest du unter \u201e<a href=\"#practical\">Praktische Infos<\/a>\u201c.<\/p><p>Der Flugpreis h\u00e4ngt von deinen Reisedaten und dem Buchungszeitpunkt ab. Im Kalender siehst du den Grundpreis inklusive Fl\u00fcgen.<\/p><p><strong>Aufgabegep\u00e4ck<\/strong> kannst du f\u00fcr <strong>55 \u20ac<\/strong> dazubuchen.<\/p><\/div>\n\t<\/div>\n\t\t\t\t\t\t\t\t\t\t\t\t\t\t\t\t<div class=\"readmore link js-readmore\">\n\t\t\t\t\t\t\t\t\t<span><i class=\"fa-solid fa-circle-plus\"><\/i><u>Mehr lesen<\/u><\/span>\n\t\t\t\t\t\t\t\t\t<span><i class=\"fa-solid fa-circle-minus\"><\/i><u>Weniger lesen<\/u><\/span>\n\t\t\t\t\t\t\t\t<\/div>\n\t\t\t\t\t\t\t\t\t\t\t\t\t\t\t\t<dialog class=\"tb-popup\">\n\t\t\t\t\t\t\t\t\t<div class=\"tb-highlights-popup\">\n\t\t\t\t\t\t\t\t\t\t<div class=\"tb-image-part\">\n\t\t\t\t\t\t\t\t\t\t\t<img src='https:\/\/tjt.travelblox.eu\/wp-content\/smush-webp\/sites\/78\/2026\/02\/TheJordanTrail_flight-768x512.jpg.webp' width='768' height='512' alt='Der Jordan Trail, Flug nach Amman' srcset='https:\/\/tjt.travelblox.eu\/wp-content\/smush-webp\/sites\/78\/2026\/02\/TheJordanTrail_flight-768x512.jpg.webp 768w, https:\/\/tjt.travelblox.eu\/wp-content\/smush-webp\/sites\/78\/2026\/02\/TheJordanTrail_flight-300x200.jpg.webp 300w, https:\/\/tjt.travelblox.eu\/wp-content\/smush-webp\/sites\/78\/2026\/02\/TheJordanTrail_flight-18x12.jpg.webp 18w, https:\/\/tjt.travelblox.eu\/wp-content\/smush-webp\/sites\/78\/2026\/02\/TheJordanTrail_flight.jpg.webp 1000w' sizes=\"auto, (max-width: 768px) 100vw, 768px\" loading='lazy' decoding='async' data-smush-webp-fallback=\"{&quot;src&quot;:&quot;https:\\\/\\\/tjt.travelblox.eu\\\/wp-content\\\/uploads\\\/sites\\\/78\\\/2026\\\/02\\\/TheJordanTrail_flight-768x512.jpg&quot;,&quot;srcset&quot;:&quot;https:\\\/\\\/tjt.travelblox.eu\\\/wp-content\\\/uploads\\\/sites\\\/78\\\/2026\\\/02\\\/TheJordanTrail_flight-768x512.jpg 768w, https:\\\/\\\/tjt.travelblox.eu\\\/wp-content\\\/uploads\\\/sites\\\/78\\\/2026\\\/02\\\/TheJordanTrail_flight-300x200.jpg 300w, https:\\\/\\\/tjt.travelblox.eu\\\/wp-content\\\/uploads\\\/sites\\\/78\\\/2026\\\/02\\\/TheJordanTrail_flight-18x12.jpg 18w, https:\\\/\\\/tjt.travelblox.eu\\\/wp-content\\\/uploads\\\/sites\\\/78\\\/2026\\\/02\\\/TheJordanTrail_flight.jpg 1000w&quot;}\">\t\t\t\t\t\t\t\t\t\t<\/div>\n\t\t\t\t\t\t\t\t\t\t<div class=\"tb-popup-content\">\n\t\t\t\t\t\t\t\t\t\t\t<h3>Fl\u00fcge (inkl. Shuttle)<\/h3>\n\t\t\t\t\t\t\t\t\t\t\t<div class=\"content\">\t<div class=\"translation-block\"><p>Deine Fl\u00fcge kannst du ganz einfach <strong>direkt \u00fcber den Jordan Trail<\/strong> buchen. Im Flugpreis sind auch der <strong>Shuttle zum und vom Flughafen Amman sowie dein Visum<\/strong> enthalten.<\/p><p>Weitere Informationen zu Fl\u00fcgen, Abflugzeiten und erlaubtem Gep\u00e4ck findest du unter \u201e<a href=\"#practical\">Praktische Infos<\/a>\u201c.<\/p><p>Der Flugpreis h\u00e4ngt von deinen Reisedaten und dem Buchungszeitpunkt ab. Im Kalender siehst du den Grundpreis inklusive Fl\u00fcgen.<\/p><p><strong>Aufgabegep\u00e4ck<\/strong> kannst du f\u00fcr <strong>55 \u20ac<\/strong> dazubuchen.<\/p><\/div>\n\t<\/div>\n\t\t\t\t\t\t\t\t\t\t<\/div>\n\t\t\t\t\t\t\t\t\t<\/div>\n\t\t\t\t\t\t\t\t<\/dialog>\n\t\t\t\t\t\t\t<\/div>\n\t\t\t\t\t\t<\/div>\n\t\t\t\t\t\t\t\t\t\t\t<div class=\"tb-card entry tb-popup-trigger desktop-only-popup\">\n\t\t\t\t\t\t\t<div class=\"tb-image-part desktop\">\n\t\t\t\t\t\t\t\t<img src='https:\/\/tjt.travelblox.eu\/wp-content\/smush-webp\/sites\/78\/2026\/02\/TheJordanTrail_airportshuttle.jpg.webp' width='800' height='1200' alt='TheJordanTrail_airportshuttle' srcset='https:\/\/tjt.travelblox.eu\/wp-content\/smush-webp\/sites\/78\/2026\/02\/TheJordanTrail_airportshuttle.jpg.webp 800w, https:\/\/tjt.travelblox.eu\/wp-content\/smush-webp\/sites\/78\/2026\/02\/TheJordanTrail_airportshuttle-200x300.jpg.webp 200w, https:\/\/tjt.travelblox.eu\/wp-content\/smush-webp\/sites\/78\/2026\/02\/TheJordanTrail_airportshuttle-683x1024.jpg.webp 683w, https:\/\/tjt.travelblox.eu\/wp-content\/smush-webp\/sites\/78\/2026\/02\/TheJordanTrail_airportshuttle-768x1152.jpg.webp 768w, https:\/\/tjt.travelblox.eu\/wp-content\/smush-webp\/sites\/78\/2026\/02\/TheJordanTrail_airportshuttle-8x12.jpg.webp 8w' sizes=\"auto, (max-width: 800px) 100vw, 800px\" loading='lazy' decoding='async' data-smush-webp-fallback=\"{&quot;src&quot;:&quot;https:\\\/\\\/tjt.travelblox.eu\\\/wp-content\\\/uploads\\\/sites\\\/78\\\/2026\\\/02\\\/TheJordanTrail_airportshuttle.jpg&quot;,&quot;srcset&quot;:&quot;https:\\\/\\\/tjt.travelblox.eu\\\/wp-content\\\/uploads\\\/sites\\\/78\\\/2026\\\/02\\\/TheJordanTrail_airportshuttle.jpg 800w, https:\\\/\\\/tjt.travelblox.eu\\\/wp-content\\\/uploads\\\/sites\\\/78\\\/2026\\\/02\\\/TheJordanTrail_airportshuttle-200x300.jpg 200w, https:\\\/\\\/tjt.travelblox.eu\\\/wp-content\\\/uploads\\\/sites\\\/78\\\/2026\\\/02\\\/TheJordanTrail_airportshuttle-683x1024.jpg 683w, https:\\\/\\\/tjt.travelblox.eu\\\/wp-content\\\/uploads\\\/sites\\\/78\\\/2026\\\/02\\\/TheJordanTrail_airportshuttle-768x1152.jpg 768w, https:\\\/\\\/tjt.travelblox.eu\\\/wp-content\\\/uploads\\\/sites\\\/78\\\/2026\\\/02\\\/TheJordanTrail_airportshuttle-8x12.jpg 8w&quot;}\">\t\t\t\t\t\t\t\t\t\t\t\t\t\t\t\t\t\t\t\t\t\t\t\t\t<div class=\"price tiny-body-font desktop translation-block\"><p>15 \u20ac pro Person, pro Shuttle<\/p><\/div>\t\t\t\t\t\t\t<\/div>\n\t\t\t\t\t\t\t<div class=\"tb-image-part mobile\">\n\t\t\t\t\t\t\t\t<img src='https:\/\/tjt.travelblox.eu\/wp-content\/smush-webp\/sites\/78\/2026\/02\/TheJordanTrail_airportshuttle-768x1152.jpg.webp' width='768' height='1152' alt='TheJordanTrail_airportshuttle' srcset='https:\/\/tjt.travelblox.eu\/wp-content\/smush-webp\/sites\/78\/2026\/02\/TheJordanTrail_airportshuttle-768x1152.jpg.webp 768w, https:\/\/tjt.travelblox.eu\/wp-content\/smush-webp\/sites\/78\/2026\/02\/TheJordanTrail_airportshuttle-200x300.jpg.webp 200w, https:\/\/tjt.travelblox.eu\/wp-content\/smush-webp\/sites\/78\/2026\/02\/TheJordanTrail_airportshuttle-683x1024.jpg.webp 683w, https:\/\/tjt.travelblox.eu\/wp-content\/smush-webp\/sites\/78\/2026\/02\/TheJordanTrail_airportshuttle-8x12.jpg.webp 8w, https:\/\/tjt.travelblox.eu\/wp-content\/smush-webp\/sites\/78\/2026\/02\/TheJordanTrail_airportshuttle.jpg.webp 800w' sizes=\"auto, (max-width: 768px) 100vw, 768px\" loading='lazy' decoding='async' data-smush-webp-fallback=\"{&quot;src&quot;:&quot;https:\\\/\\\/tjt.travelblox.eu\\\/wp-content\\\/uploads\\\/sites\\\/78\\\/2026\\\/02\\\/TheJordanTrail_airportshuttle-768x1152.jpg&quot;,&quot;srcset&quot;:&quot;https:\\\/\\\/tjt.travelblox.eu\\\/wp-content\\\/uploads\\\/sites\\\/78\\\/2026\\\/02\\\/TheJordanTrail_airportshuttle-768x1152.jpg 768w, https:\\\/\\\/tjt.travelblox.eu\\\/wp-content\\\/uploads\\\/sites\\\/78\\\/2026\\\/02\\\/TheJordanTrail_airportshuttle-200x300.jpg 200w, https:\\\/\\\/tjt.travelblox.eu\\\/wp-content\\\/uploads\\\/sites\\\/78\\\/2026\\\/02\\\/TheJordanTrail_airportshuttle-683x1024.jpg 683w, https:\\\/\\\/tjt.travelblox.eu\\\/wp-content\\\/uploads\\\/sites\\\/78\\\/2026\\\/02\\\/TheJordanTrail_airportshuttle-8x12.jpg 8w, https:\\\/\\\/tjt.travelblox.eu\\\/wp-content\\\/uploads\\\/sites\\\/78\\\/2026\\\/02\\\/TheJordanTrail_airportshuttle.jpg 800w&quot;}\">\t\t\t\t\t\t\t\t\t\t\t\t\t\t\t<\/div>\n\t\t\t\t\t\t\t<div class=\"tb-card-content\">\n\t\t\t\t\t\t\t\t<h5>\n\t\t\t\t\t\t\t\t\t\t\t\t\t\t\t\t\t\t<span>Flughafentransfer<\/span>\n\t\t\t\t\t\t\t\t<\/h5>\n\t\t\t\t\t\t\t\t\t\t\t\t\t\t\t\t\t<div class=\"price tiny-body-font mobile\"><p>\u20ac15 pro Person, pro Shuttle<\/p><\/div>\t\t\t\t\t\t\t\t<div class=\"content readmore-content content--clamped\">\t<div class=\"translation-block\"><p><strong>Buchst du deine Fl\u00fcge selbst?<\/strong> Du kannst den <strong>Shuttle-Service<\/strong> von und zum Flughafen Amman dazubuchen.<\/p><p><strong>Shuttle-Zeiten:<\/strong><\/p><ul><li><strong>Tag 1:<\/strong> Flughafen \u2192 Hotel Madaba, Abfahrt ca. 22:45 Uhr<\/li><li><strong>Tag 8:<\/strong> Hotel Amman \u2192 Flughafen, Abfahrt 07:00 Uhr<\/li><\/ul><p><i>Zeiten k\u00f6nnen sich je nach Flugversp\u00e4tungen verschieben.<\/i><\/p><\/div>\n\t<\/div>\n\t\t\t\t\t\t\t\t\t\t\t\t\t\t\t\t<div class=\"readmore link js-readmore\">\n\t\t\t\t\t\t\t\t\t<span><i class=\"fa-solid fa-circle-plus\"><\/i><u>Mehr lesen<\/u><\/span>\n\t\t\t\t\t\t\t\t\t<span><i class=\"fa-solid fa-circle-minus\"><\/i><u>Weniger lesen<\/u><\/span>\n\t\t\t\t\t\t\t\t<\/div>\n\t\t\t\t\t\t\t\t\t\t\t\t\t\t\t\t<dialog class=\"tb-popup\">\n\t\t\t\t\t\t\t\t\t<div class=\"tb-highlights-popup\">\n\t\t\t\t\t\t\t\t\t\t<div class=\"tb-image-part\">\n\t\t\t\t\t\t\t\t\t\t\t<img src='https:\/\/tjt.travelblox.eu\/wp-content\/smush-webp\/sites\/78\/2026\/02\/TheJordanTrail_airportshuttle-768x1152.jpg.webp' width='768' height='1152' alt='TheJordanTrail_airportshuttle' srcset='https:\/\/tjt.travelblox.eu\/wp-content\/smush-webp\/sites\/78\/2026\/02\/TheJordanTrail_airportshuttle-768x1152.jpg.webp 768w, https:\/\/tjt.travelblox.eu\/wp-content\/smush-webp\/sites\/78\/2026\/02\/TheJordanTrail_airportshuttle-200x300.jpg.webp 200w, https:\/\/tjt.travelblox.eu\/wp-content\/smush-webp\/sites\/78\/2026\/02\/TheJordanTrail_airportshuttle-683x1024.jpg.webp 683w, https:\/\/tjt.travelblox.eu\/wp-content\/smush-webp\/sites\/78\/2026\/02\/TheJordanTrail_airportshuttle-8x12.jpg.webp 8w, https:\/\/tjt.travelblox.eu\/wp-content\/smush-webp\/sites\/78\/2026\/02\/TheJordanTrail_airportshuttle.jpg.webp 800w' sizes=\"auto, (max-width: 768px) 100vw, 768px\" loading='lazy' decoding='async' data-smush-webp-fallback=\"{&quot;src&quot;:&quot;https:\\\/\\\/tjt.travelblox.eu\\\/wp-content\\\/uploads\\\/sites\\\/78\\\/2026\\\/02\\\/TheJordanTrail_airportshuttle-768x1152.jpg&quot;,&quot;srcset&quot;:&quot;https:\\\/\\\/tjt.travelblox.eu\\\/wp-content\\\/uploads\\\/sites\\\/78\\\/2026\\\/02\\\/TheJordanTrail_airportshuttle-768x1152.jpg 768w, https:\\\/\\\/tjt.travelblox.eu\\\/wp-content\\\/uploads\\\/sites\\\/78\\\/2026\\\/02\\\/TheJordanTrail_airportshuttle-200x300.jpg 200w, https:\\\/\\\/tjt.travelblox.eu\\\/wp-content\\\/uploads\\\/sites\\\/78\\\/2026\\\/02\\\/TheJordanTrail_airportshuttle-683x1024.jpg 683w, https:\\\/\\\/tjt.travelblox.eu\\\/wp-content\\\/uploads\\\/sites\\\/78\\\/2026\\\/02\\\/TheJordanTrail_airportshuttle-8x12.jpg 8w, https:\\\/\\\/tjt.travelblox.eu\\\/wp-content\\\/uploads\\\/sites\\\/78\\\/2026\\\/02\\\/TheJordanTrail_airportshuttle.jpg 800w&quot;}\">\t\t\t\t\t\t\t\t\t\t<\/div>\n\t\t\t\t\t\t\t\t\t\t<div class=\"tb-popup-content\">\n\t\t\t\t\t\t\t\t\t\t\t<h3>Flughafentransfer<\/h3>\n\t\t\t\t\t\t\t\t\t\t\t<div class=\"content\">\t<div class=\"translation-block\"><p><strong>Buchst du deine Fl\u00fcge selbst?<\/strong> Du kannst den <strong>Shuttle-Service<\/strong> von und zum Flughafen Amman dazubuchen.<\/p><p><strong>Shuttle-Zeiten:<\/strong><\/p><ul><li><strong>Tag 1:<\/strong> Flughafen \u2192 Hotel Madaba, Abfahrt ca. 22:45 Uhr<\/li><li><strong>Tag 8:<\/strong> Hotel Amman \u2192 Flughafen, Abfahrt 07:00 Uhr<\/li><\/ul><p><i>Zeiten k\u00f6nnen sich je nach Flugversp\u00e4tungen verschieben.<\/i><\/p><\/div>\n\t<\/div>\n\t\t\t\t\t\t\t\t\t\t<\/div>\n\t\t\t\t\t\t\t\t\t<\/div>\n\t\t\t\t\t\t\t\t<\/dialog>\n\t\t\t\t\t\t\t<\/div>\n\t\t\t\t\t\t<\/div>\n\t\t\t\t\t\t\t\t\t\t\t<div class=\"tb-card entry tb-popup-trigger desktop-only-popup\">\n\t\t\t\t\t\t\t<div class=\"tb-image-part desktop\">\n\t\t\t\t\t\t\t\t<img src='https:\/\/tjt.travelblox.eu\/wp-content\/smush-webp\/sites\/78\/2026\/02\/TheJordanTrail_luggage_transport-scaled.jpg.webp' width='2560' height='1707' alt='Der Jordan Trail, Gep\u00e4cktransport' srcset='https:\/\/tjt.travelblox.eu\/wp-content\/smush-webp\/sites\/78\/2026\/02\/TheJordanTrail_luggage_transport-scaled.jpg.webp 2560w, https:\/\/tjt.travelblox.eu\/wp-content\/smush-webp\/sites\/78\/2026\/02\/TheJordanTrail_luggage_transport-300x200.jpg.webp 300w, https:\/\/tjt.travelblox.eu\/wp-content\/smush-webp\/sites\/78\/2026\/02\/TheJordanTrail_luggage_transport-1024x683.jpg.webp 1024w, https:\/\/tjt.travelblox.eu\/wp-content\/smush-webp\/sites\/78\/2026\/02\/TheJordanTrail_luggage_transport-768x512.jpg.webp 768w, https:\/\/tjt.travelblox.eu\/wp-content\/smush-webp\/sites\/78\/2026\/02\/TheJordanTrail_luggage_transport-1536x1024.jpg.webp 1536w, https:\/\/tjt.travelblox.eu\/wp-content\/smush-webp\/sites\/78\/2026\/02\/TheJordanTrail_luggage_transport-2048x1366.jpg.webp 2048w, https:\/\/tjt.travelblox.eu\/wp-content\/smush-webp\/sites\/78\/2026\/02\/TheJordanTrail_luggage_transport-18x12.jpg.webp 18w' sizes=\"auto, (max-width: 2560px) 100vw, 2560px\" loading='lazy' decoding='async' data-smush-webp-fallback=\"{&quot;src&quot;:&quot;https:\\\/\\\/tjt.travelblox.eu\\\/wp-content\\\/uploads\\\/sites\\\/78\\\/2026\\\/02\\\/TheJordanTrail_luggage_transport-scaled.jpg&quot;,&quot;srcset&quot;:&quot;https:\\\/\\\/tjt.travelblox.eu\\\/wp-content\\\/uploads\\\/sites\\\/78\\\/2026\\\/02\\\/TheJordanTrail_luggage_transport-scaled.jpg 2560w, https:\\\/\\\/tjt.travelblox.eu\\\/wp-content\\\/uploads\\\/sites\\\/78\\\/2026\\\/02\\\/TheJordanTrail_luggage_transport-300x200.jpg 300w, https:\\\/\\\/tjt.travelblox.eu\\\/wp-content\\\/uploads\\\/sites\\\/78\\\/2026\\\/02\\\/TheJordanTrail_luggage_transport-1024x683.jpg 1024w, https:\\\/\\\/tjt.travelblox.eu\\\/wp-content\\\/uploads\\\/sites\\\/78\\\/2026\\\/02\\\/TheJordanTrail_luggage_transport-768x512.jpg 768w, https:\\\/\\\/tjt.travelblox.eu\\\/wp-content\\\/uploads\\\/sites\\\/78\\\/2026\\\/02\\\/TheJordanTrail_luggage_transport-1536x1024.jpg 1536w, https:\\\/\\\/tjt.travelblox.eu\\\/wp-content\\\/uploads\\\/sites\\\/78\\\/2026\\\/02\\\/TheJordanTrail_luggage_transport-2048x1366.jpg 2048w, https:\\\/\\\/tjt.travelblox.eu\\\/wp-content\\\/uploads\\\/sites\\\/78\\\/2026\\\/02\\\/TheJordanTrail_luggage_transport-18x12.jpg 18w&quot;}\">\t\t\t\t\t\t\t\t\t\t\t\t\t\t\t\t\t\t\t\t\t\t\t\t\t<div class=\"price tiny-body-font desktop translation-block\"><p>95 \u20ac pro Person<\/p><\/div>\t\t\t\t\t\t\t<\/div>\n\t\t\t\t\t\t\t<div class=\"tb-image-part mobile\">\n\t\t\t\t\t\t\t\t<img src='https:\/\/tjt.travelblox.eu\/wp-content\/smush-webp\/sites\/78\/2026\/02\/TheJordanTrail_luggage_transport-768x512.jpg.webp' width='768' height='512' alt='Der Jordan Trail, Gep\u00e4cktransport' srcset='https:\/\/tjt.travelblox.eu\/wp-content\/smush-webp\/sites\/78\/2026\/02\/TheJordanTrail_luggage_transport-768x512.jpg.webp 768w, https:\/\/tjt.travelblox.eu\/wp-content\/smush-webp\/sites\/78\/2026\/02\/TheJordanTrail_luggage_transport-300x200.jpg.webp 300w, https:\/\/tjt.travelblox.eu\/wp-content\/smush-webp\/sites\/78\/2026\/02\/TheJordanTrail_luggage_transport-1024x683.jpg.webp 1024w, https:\/\/tjt.travelblox.eu\/wp-content\/smush-webp\/sites\/78\/2026\/02\/TheJordanTrail_luggage_transport-1536x1024.jpg.webp 1536w, https:\/\/tjt.travelblox.eu\/wp-content\/smush-webp\/sites\/78\/2026\/02\/TheJordanTrail_luggage_transport-2048x1366.jpg.webp 2048w, https:\/\/tjt.travelblox.eu\/wp-content\/smush-webp\/sites\/78\/2026\/02\/TheJordanTrail_luggage_transport-18x12.jpg.webp 18w' sizes=\"auto, (max-width: 768px) 100vw, 768px\" loading='lazy' decoding='async' data-smush-webp-fallback=\"{&quot;src&quot;:&quot;https:\\\/\\\/tjt.travelblox.eu\\\/wp-content\\\/uploads\\\/sites\\\/78\\\/2026\\\/02\\\/TheJordanTrail_luggage_transport-768x512.jpg&quot;,&quot;srcset&quot;:&quot;https:\\\/\\\/tjt.travelblox.eu\\\/wp-content\\\/uploads\\\/sites\\\/78\\\/2026\\\/02\\\/TheJordanTrail_luggage_transport-768x512.jpg 768w, https:\\\/\\\/tjt.travelblox.eu\\\/wp-content\\\/uploads\\\/sites\\\/78\\\/2026\\\/02\\\/TheJordanTrail_luggage_transport-300x200.jpg 300w, https:\\\/\\\/tjt.travelblox.eu\\\/wp-content\\\/uploads\\\/sites\\\/78\\\/2026\\\/02\\\/TheJordanTrail_luggage_transport-1024x683.jpg 1024w, https:\\\/\\\/tjt.travelblox.eu\\\/wp-content\\\/uploads\\\/sites\\\/78\\\/2026\\\/02\\\/TheJordanTrail_luggage_transport-1536x1024.jpg 1536w, https:\\\/\\\/tjt.travelblox.eu\\\/wp-content\\\/uploads\\\/sites\\\/78\\\/2026\\\/02\\\/TheJordanTrail_luggage_transport-2048x1366.jpg 2048w, https:\\\/\\\/tjt.travelblox.eu\\\/wp-content\\\/uploads\\\/sites\\\/78\\\/2026\\\/02\\\/TheJordanTrail_luggage_transport-18x12.jpg 18w&quot;}\">\t\t\t\t\t\t\t\t\t\t\t\t\t\t\t<\/div>\n\t\t\t\t\t\t\t<div class=\"tb-card-content\">\n\t\t\t\t\t\t\t\t<h5>\n\t\t\t\t\t\t\t\t\t\t\t\t\t\t\t\t\t\t<span>Gep\u00e4cktransport<\/span>\n\t\t\t\t\t\t\t\t<\/h5>\n\t\t\t\t\t\t\t\t\t\t\t\t\t\t\t\t\t<div class=\"price tiny-body-font mobile\"><p>95 \u20ac pro Person<\/p><\/div>\t\t\t\t\t\t\t\t<div class=\"content readmore-content content--clamped\">\t<div class=\"translation-block\"><p>Dein Gep\u00e4ck f\u00e4hrt jeden Tag per <strong>Jeep<\/strong> zur n\u00e4chsten \u00dcbernachtungsstelle. Du tr\u00e4gst nur deinen <strong>Tagesrucksack<\/strong> \u2013 Wasser, Snacks, Mittagessen, Kamera.&nbsp;<\/p><\/div>\n\t<\/div>\n\t\t\t\t\t\t\t\t\t\t\t\t\t\t\t\t<div class=\"readmore link js-readmore\">\n\t\t\t\t\t\t\t\t\t<span><i class=\"fa-solid fa-circle-plus\"><\/i><u>Mehr lesen<\/u><\/span>\n\t\t\t\t\t\t\t\t\t<span><i class=\"fa-solid fa-circle-minus\"><\/i><u>Weniger lesen<\/u><\/span>\n\t\t\t\t\t\t\t\t<\/div>\n\t\t\t\t\t\t\t\t\t\t\t\t\t\t\t\t<dialog class=\"tb-popup\">\n\t\t\t\t\t\t\t\t\t<div class=\"tb-highlights-popup\">\n\t\t\t\t\t\t\t\t\t\t<div class=\"tb-image-part\">\n\t\t\t\t\t\t\t\t\t\t\t<img src='https:\/\/tjt.travelblox.eu\/wp-content\/smush-webp\/sites\/78\/2026\/02\/TheJordanTrail_luggage_transport-768x512.jpg.webp' width='768' height='512' alt='Der Jordan Trail, Gep\u00e4cktransport' srcset='https:\/\/tjt.travelblox.eu\/wp-content\/smush-webp\/sites\/78\/2026\/02\/TheJordanTrail_luggage_transport-768x512.jpg.webp 768w, https:\/\/tjt.travelblox.eu\/wp-content\/smush-webp\/sites\/78\/2026\/02\/TheJordanTrail_luggage_transport-300x200.jpg.webp 300w, https:\/\/tjt.travelblox.eu\/wp-content\/smush-webp\/sites\/78\/2026\/02\/TheJordanTrail_luggage_transport-1024x683.jpg.webp 1024w, https:\/\/tjt.travelblox.eu\/wp-content\/smush-webp\/sites\/78\/2026\/02\/TheJordanTrail_luggage_transport-1536x1024.jpg.webp 1536w, https:\/\/tjt.travelblox.eu\/wp-content\/smush-webp\/sites\/78\/2026\/02\/TheJordanTrail_luggage_transport-2048x1366.jpg.webp 2048w, https:\/\/tjt.travelblox.eu\/wp-content\/smush-webp\/sites\/78\/2026\/02\/TheJordanTrail_luggage_transport-18x12.jpg.webp 18w' sizes=\"auto, (max-width: 768px) 100vw, 768px\" loading='lazy' decoding='async' data-smush-webp-fallback=\"{&quot;src&quot;:&quot;https:\\\/\\\/tjt.travelblox.eu\\\/wp-content\\\/uploads\\\/sites\\\/78\\\/2026\\\/02\\\/TheJordanTrail_luggage_transport-768x512.jpg&quot;,&quot;srcset&quot;:&quot;https:\\\/\\\/tjt.travelblox.eu\\\/wp-content\\\/uploads\\\/sites\\\/78\\\/2026\\\/02\\\/TheJordanTrail_luggage_transport-768x512.jpg 768w, https:\\\/\\\/tjt.travelblox.eu\\\/wp-content\\\/uploads\\\/sites\\\/78\\\/2026\\\/02\\\/TheJordanTrail_luggage_transport-300x200.jpg 300w, https:\\\/\\\/tjt.travelblox.eu\\\/wp-content\\\/uploads\\\/sites\\\/78\\\/2026\\\/02\\\/TheJordanTrail_luggage_transport-1024x683.jpg 1024w, https:\\\/\\\/tjt.travelblox.eu\\\/wp-content\\\/uploads\\\/sites\\\/78\\\/2026\\\/02\\\/TheJordanTrail_luggage_transport-1536x1024.jpg 1536w, https:\\\/\\\/tjt.travelblox.eu\\\/wp-content\\\/uploads\\\/sites\\\/78\\\/2026\\\/02\\\/TheJordanTrail_luggage_transport-2048x1366.jpg 2048w, https:\\\/\\\/tjt.travelblox.eu\\\/wp-content\\\/uploads\\\/sites\\\/78\\\/2026\\\/02\\\/TheJordanTrail_luggage_transport-18x12.jpg 18w&quot;}\">\t\t\t\t\t\t\t\t\t\t<\/div>\n\t\t\t\t\t\t\t\t\t\t<div class=\"tb-popup-content\">\n\t\t\t\t\t\t\t\t\t\t\t<h3>Gep\u00e4cktransport<\/h3>\n\t\t\t\t\t\t\t\t\t\t\t<div class=\"content\">\t<div class=\"translation-block\"><p>Dein Gep\u00e4ck f\u00e4hrt jeden Tag per <strong>Jeep<\/strong> zur n\u00e4chsten \u00dcbernachtungsstelle. Du tr\u00e4gst nur deinen <strong>Tagesrucksack<\/strong> \u2013 Wasser, Snacks, Mittagessen, Kamera.&nbsp;<\/p><\/div>\n\t<\/div>\n\t\t\t\t\t\t\t\t\t\t<\/div>\n\t\t\t\t\t\t\t\t\t<\/div>\n\t\t\t\t\t\t\t\t<\/dialog>\n\t\t\t\t\t\t\t<\/div>\n\t\t\t\t\t\t<\/div>\n\t\t\t\t\t\t\t\t\t\t\t\t\t<\/div>\n\t\t\t\t<div class=\"tb-carousel-nav\">\n\t\t<div class=\"dots\">\n\t\t\t<div class=\"dot active\"><\/div>\n\t\t\t<div class=\"dot\"><\/div>\n\t\t\t<div class=\"dot\"><\/div>\n\t\t<\/div>\n\t\t<div class=\"arrows\">\n\t\t\t<div class=\"prev disabled\">\n\t\t\t\t<span><i class=\"fa fa-chevron-left\"><\/i><\/span>\n\t\t\t<\/div>\n\t\t\t<div class=\"next\">\n\t\t\t\t<span><i class=\"fa fa-chevron-right\"><\/i><\/span>\n\t\t\t<\/div>\n\t\t<\/div>\n\t<\/div>\n\t\t\t<\/div>\n\t<\/div>\n\t\t\t\t\t\t\t\t\t\t\t\t\t\t\t\t\t\t<div class=\"inner-block-full-width has-tb-carousel tb-section\" id=\"options-section-3\"style=\"display:none;\">\n\t\t<div class=\"tb-carousel-container\">\n\t\t\t<div class=\"entries tb-cards\" data-slider-first=\"1\">\n\t\t\t\t\t\t\t\t\t\t\t\t\t\t\t<div class=\"tb-card entry tb-popup-trigger desktop-only-popup\">\n\t\t\t\t\t\t\t<div class=\"tb-image-part desktop\">\n\t\t\t\t\t\t\t\t<img src='https:\/\/tjt.travelblox.eu\/wp-content\/smush-webp\/sites\/78\/2025\/08\/Blog-verticale-fotos-9.jpg.webp' width='1080' height='1680' alt='Jordan Trail wandern in Jordanien' srcset='https:\/\/tjt.travelblox.eu\/wp-content\/smush-webp\/sites\/78\/2025\/08\/Blog-verticale-fotos-9.jpg.webp 1080w, https:\/\/tjt.travelblox.eu\/wp-content\/smush-webp\/sites\/78\/2025\/08\/Blog-verticale-fotos-9-193x300.jpg.webp 193w, https:\/\/tjt.travelblox.eu\/wp-content\/smush-webp\/sites\/78\/2025\/08\/Blog-verticale-fotos-9-658x1024.jpg.webp 658w, https:\/\/tjt.travelblox.eu\/wp-content\/smush-webp\/sites\/78\/2025\/08\/Blog-verticale-fotos-9-768x1195.jpg.webp 768w, https:\/\/tjt.travelblox.eu\/wp-content\/smush-webp\/sites\/78\/2025\/08\/Blog-verticale-fotos-9-987x1536.jpg.webp 987w, https:\/\/tjt.travelblox.eu\/wp-content\/smush-webp\/sites\/78\/2025\/08\/Blog-verticale-fotos-9-8x12.jpg.webp 8w' sizes=\"auto, (max-width: 1080px) 100vw, 1080px\" style='object-position:50% 50%' loading='lazy' decoding='async' data-smush-webp-fallback=\"{&quot;src&quot;:&quot;https:\\\/\\\/tjt.travelblox.eu\\\/wp-content\\\/uploads\\\/sites\\\/78\\\/2025\\\/08\\\/Blog-verticale-fotos-9.jpg&quot;,&quot;srcset&quot;:&quot;https:\\\/\\\/tjt.travelblox.eu\\\/wp-content\\\/uploads\\\/sites\\\/78\\\/2025\\\/08\\\/Blog-verticale-fotos-9.jpg 1080w, https:\\\/\\\/tjt.travelblox.eu\\\/wp-content\\\/uploads\\\/sites\\\/78\\\/2025\\\/08\\\/Blog-verticale-fotos-9-193x300.jpg 193w, https:\\\/\\\/tjt.travelblox.eu\\\/wp-content\\\/uploads\\\/sites\\\/78\\\/2025\\\/08\\\/Blog-verticale-fotos-9-658x1024.jpg 658w, https:\\\/\\\/tjt.travelblox.eu\\\/wp-content\\\/uploads\\\/sites\\\/78\\\/2025\\\/08\\\/Blog-verticale-fotos-9-768x1195.jpg 768w, https:\\\/\\\/tjt.travelblox.eu\\\/wp-content\\\/uploads\\\/sites\\\/78\\\/2025\\\/08\\\/Blog-verticale-fotos-9-987x1536.jpg 987w, https:\\\/\\\/tjt.travelblox.eu\\\/wp-content\\\/uploads\\\/sites\\\/78\\\/2025\\\/08\\\/Blog-verticale-fotos-9-8x12.jpg 8w&quot;}\">\t\t\t\t\t\t\t\t\t\t\t\t\t\t\t\t\t\t\t\t\t\t\t\t\t<div class=\"price tiny-body-font desktop translation-block\"><p>160 \u20ac<\/p><\/div>\t\t\t\t\t\t\t<\/div>\n\t\t\t\t\t\t\t<div class=\"tb-image-part mobile\">\n\t\t\t\t\t\t\t\t<img src='https:\/\/tjt.travelblox.eu\/wp-content\/smush-webp\/sites\/78\/2025\/08\/Blog-verticale-fotos-9-768x1195.jpg.webp' width='768' height='1195' alt='Jordan Trail wandern in Jordanien' srcset='https:\/\/tjt.travelblox.eu\/wp-content\/smush-webp\/sites\/78\/2025\/08\/Blog-verticale-fotos-9-768x1195.jpg.webp 768w, https:\/\/tjt.travelblox.eu\/wp-content\/smush-webp\/sites\/78\/2025\/08\/Blog-verticale-fotos-9-193x300.jpg.webp 193w, https:\/\/tjt.travelblox.eu\/wp-content\/smush-webp\/sites\/78\/2025\/08\/Blog-verticale-fotos-9-658x1024.jpg.webp 658w, https:\/\/tjt.travelblox.eu\/wp-content\/smush-webp\/sites\/78\/2025\/08\/Blog-verticale-fotos-9-987x1536.jpg.webp 987w, https:\/\/tjt.travelblox.eu\/wp-content\/smush-webp\/sites\/78\/2025\/08\/Blog-verticale-fotos-9-8x12.jpg.webp 8w, https:\/\/tjt.travelblox.eu\/wp-content\/smush-webp\/sites\/78\/2025\/08\/Blog-verticale-fotos-9.jpg.webp 1080w' sizes=\"auto, (max-width: 768px) 100vw, 768px\" style='object-position:50% 50%' loading='lazy' decoding='async' data-smush-webp-fallback=\"{&quot;src&quot;:&quot;https:\\\/\\\/tjt.travelblox.eu\\\/wp-content\\\/uploads\\\/sites\\\/78\\\/2025\\\/08\\\/Blog-verticale-fotos-9-768x1195.jpg&quot;,&quot;srcset&quot;:&quot;https:\\\/\\\/tjt.travelblox.eu\\\/wp-content\\\/uploads\\\/sites\\\/78\\\/2025\\\/08\\\/Blog-verticale-fotos-9-768x1195.jpg 768w, https:\\\/\\\/tjt.travelblox.eu\\\/wp-content\\\/uploads\\\/sites\\\/78\\\/2025\\\/08\\\/Blog-verticale-fotos-9-193x300.jpg 193w, https:\\\/\\\/tjt.travelblox.eu\\\/wp-content\\\/uploads\\\/sites\\\/78\\\/2025\\\/08\\\/Blog-verticale-fotos-9-658x1024.jpg 658w, https:\\\/\\\/tjt.travelblox.eu\\\/wp-content\\\/uploads\\\/sites\\\/78\\\/2025\\\/08\\\/Blog-verticale-fotos-9-987x1536.jpg 987w, https:\\\/\\\/tjt.travelblox.eu\\\/wp-content\\\/uploads\\\/sites\\\/78\\\/2025\\\/08\\\/Blog-verticale-fotos-9-8x12.jpg 8w, https:\\\/\\\/tjt.travelblox.eu\\\/wp-content\\\/uploads\\\/sites\\\/78\\\/2025\\\/08\\\/Blog-verticale-fotos-9.jpg 1080w&quot;}\">\t\t\t\t\t\t\t\t\t\t\t\t\t\t\t<\/div>\n\t\t\t\t\t\t\t<div class=\"tb-card-content\">\n\t\t\t\t\t\t\t\t<h5>\n\t\t\t\t\t\t\t\t\t\t\t\t\t\t\t\t\t\t<span>Beduinenk\u00fcche mit Fleisch<\/span>\n\t\t\t\t\t\t\t\t<\/h5>\n\t\t\t\t\t\t\t\t\t\t\t\t\t\t\t\t\t<div class=\"price tiny-body-font mobile\"><p>\u20ac160<\/p><\/div>\t\t\t\t\t\t\t\t<div class=\"content readmore-content content--clamped\">\t<div class=\"translation-block\"><p>Du isst t\u00e4glich mit uns und probierst die lokale Beduinenk\u00fcche.<\/p><p><strong>Fr\u00fchst\u00fcck:<\/strong> Naanbrot, Hummus, Marmelade, Eier, Datteln, Kaffee und Tee.<br><strong>Mittagspaket:<\/strong> Naanbrot, Thunfisch, K\u00e4se, Gurke oder Tomate und Obst.<br><strong>Abendessen:<\/strong> Eine traditionelle Beduinenmahlzeit \u2013 frisches Gem\u00fcse, H\u00fchnchen, Reis, Salate und Salsas, gekocht vom lokalen Koch.<\/p><p>Eigenes Essen darfst du mitbringen \u2013 aber die Beduinen-Dinner abends sind ein <strong>Highlight der Tour<\/strong>.<\/p><p><i>Das Abendessen an Tag 1 ist nicht enthalten.<\/i><\/p><\/div>\n\t<\/div>\n\t\t\t\t\t\t\t\t\t\t\t\t\t\t\t\t<div class=\"readmore link js-readmore\">\n\t\t\t\t\t\t\t\t\t<span><i class=\"fa-solid fa-circle-plus\"><\/i><u>Mehr lesen<\/u><\/span>\n\t\t\t\t\t\t\t\t\t<span><i class=\"fa-solid fa-circle-minus\"><\/i><u>Weniger lesen<\/u><\/span>\n\t\t\t\t\t\t\t\t<\/div>\n\t\t\t\t\t\t\t\t\t\t\t\t\t\t\t\t<dialog class=\"tb-popup\">\n\t\t\t\t\t\t\t\t\t<div class=\"tb-highlights-popup\">\n\t\t\t\t\t\t\t\t\t\t<div class=\"tb-image-part\">\n\t\t\t\t\t\t\t\t\t\t\t<img src='https:\/\/tjt.travelblox.eu\/wp-content\/smush-webp\/sites\/78\/2025\/08\/Blog-verticale-fotos-9-768x1195.jpg.webp' width='768' height='1195' alt='Jordan Trail wandern in Jordanien' srcset='https:\/\/tjt.travelblox.eu\/wp-content\/smush-webp\/sites\/78\/2025\/08\/Blog-verticale-fotos-9-768x1195.jpg.webp 768w, https:\/\/tjt.travelblox.eu\/wp-content\/smush-webp\/sites\/78\/2025\/08\/Blog-verticale-fotos-9-193x300.jpg.webp 193w, https:\/\/tjt.travelblox.eu\/wp-content\/smush-webp\/sites\/78\/2025\/08\/Blog-verticale-fotos-9-658x1024.jpg.webp 658w, https:\/\/tjt.travelblox.eu\/wp-content\/smush-webp\/sites\/78\/2025\/08\/Blog-verticale-fotos-9-987x1536.jpg.webp 987w, https:\/\/tjt.travelblox.eu\/wp-content\/smush-webp\/sites\/78\/2025\/08\/Blog-verticale-fotos-9-8x12.jpg.webp 8w, https:\/\/tjt.travelblox.eu\/wp-content\/smush-webp\/sites\/78\/2025\/08\/Blog-verticale-fotos-9.jpg.webp 1080w' sizes=\"auto, (max-width: 768px) 100vw, 768px\" style='object-position:50% 50%' loading='lazy' decoding='async' data-smush-webp-fallback=\"{&quot;src&quot;:&quot;https:\\\/\\\/tjt.travelblox.eu\\\/wp-content\\\/uploads\\\/sites\\\/78\\\/2025\\\/08\\\/Blog-verticale-fotos-9-768x1195.jpg&quot;,&quot;srcset&quot;:&quot;https:\\\/\\\/tjt.travelblox.eu\\\/wp-content\\\/uploads\\\/sites\\\/78\\\/2025\\\/08\\\/Blog-verticale-fotos-9-768x1195.jpg 768w, https:\\\/\\\/tjt.travelblox.eu\\\/wp-content\\\/uploads\\\/sites\\\/78\\\/2025\\\/08\\\/Blog-verticale-fotos-9-193x300.jpg 193w, https:\\\/\\\/tjt.travelblox.eu\\\/wp-content\\\/uploads\\\/sites\\\/78\\\/2025\\\/08\\\/Blog-verticale-fotos-9-658x1024.jpg 658w, https:\\\/\\\/tjt.travelblox.eu\\\/wp-content\\\/uploads\\\/sites\\\/78\\\/2025\\\/08\\\/Blog-verticale-fotos-9-987x1536.jpg 987w, https:\\\/\\\/tjt.travelblox.eu\\\/wp-content\\\/uploads\\\/sites\\\/78\\\/2025\\\/08\\\/Blog-verticale-fotos-9-8x12.jpg 8w, https:\\\/\\\/tjt.travelblox.eu\\\/wp-content\\\/uploads\\\/sites\\\/78\\\/2025\\\/08\\\/Blog-verticale-fotos-9.jpg 1080w&quot;}\">\t\t\t\t\t\t\t\t\t\t<\/div>\n\t\t\t\t\t\t\t\t\t\t<div class=\"tb-popup-content\">\n\t\t\t\t\t\t\t\t\t\t\t<h3>Beduinenk\u00fcche mit Fleisch<\/h3>\n\t\t\t\t\t\t\t\t\t\t\t<div class=\"content\">\t<div class=\"translation-block\"><p>Du isst t\u00e4glich mit uns und probierst die lokale Beduinenk\u00fcche.<\/p><p><strong>Fr\u00fchst\u00fcck:<\/strong> Naanbrot, Hummus, Marmelade, Eier, Datteln, Kaffee und Tee.<br><strong>Mittagspaket:<\/strong> Naanbrot, Thunfisch, K\u00e4se, Gurke oder Tomate und Obst.<br><strong>Abendessen:<\/strong> Eine traditionelle Beduinenmahlzeit \u2013 frisches Gem\u00fcse, H\u00fchnchen, Reis, Salate und Salsas, gekocht vom lokalen Koch.<\/p><p>Eigenes Essen darfst du mitbringen \u2013 aber die Beduinen-Dinner abends sind ein <strong>Highlight der Tour<\/strong>.<\/p><p><i>Das Abendessen an Tag 1 ist nicht enthalten.<\/i><\/p><\/div>\n\t<\/div>\n\t\t\t\t\t\t\t\t\t\t<\/div>\n\t\t\t\t\t\t\t\t\t<\/div>\n\t\t\t\t\t\t\t\t<\/dialog>\n\t\t\t\t\t\t\t<\/div>\n\t\t\t\t\t\t<\/div>\n\t\t\t\t\t\t\t\t\t\t\t<div class=\"tb-card entry tb-popup-trigger desktop-only-popup\">\n\t\t\t\t\t\t\t<div class=\"tb-image-part desktop\">\n\t\t\t\t\t\t\t\t<img src='https:\/\/tjt.travelblox.eu\/wp-content\/smush-webp\/sites\/78\/2026\/02\/TheJordanTrail_bedouin_cuisine_veggie.jpg.webp' width='800' height='1200' alt='TheJordanTrail_bedouin_cuisine_veggie' srcset='https:\/\/tjt.travelblox.eu\/wp-content\/smush-webp\/sites\/78\/2026\/02\/TheJordanTrail_bedouin_cuisine_veggie.jpg.webp 800w, https:\/\/tjt.travelblox.eu\/wp-content\/smush-webp\/sites\/78\/2026\/02\/TheJordanTrail_bedouin_cuisine_veggie-200x300.jpg.webp 200w, https:\/\/tjt.travelblox.eu\/wp-content\/smush-webp\/sites\/78\/2026\/02\/TheJordanTrail_bedouin_cuisine_veggie-683x1024.jpg.webp 683w, https:\/\/tjt.travelblox.eu\/wp-content\/smush-webp\/sites\/78\/2026\/02\/TheJordanTrail_bedouin_cuisine_veggie-768x1152.jpg.webp 768w, https:\/\/tjt.travelblox.eu\/wp-content\/smush-webp\/sites\/78\/2026\/02\/TheJordanTrail_bedouin_cuisine_veggie-8x12.jpg.webp 8w' sizes=\"auto, (max-width: 800px) 100vw, 800px\" loading='lazy' decoding='async' data-smush-webp-fallback=\"{&quot;src&quot;:&quot;https:\\\/\\\/tjt.travelblox.eu\\\/wp-content\\\/uploads\\\/sites\\\/78\\\/2026\\\/02\\\/TheJordanTrail_bedouin_cuisine_veggie.jpg&quot;,&quot;srcset&quot;:&quot;https:\\\/\\\/tjt.travelblox.eu\\\/wp-content\\\/uploads\\\/sites\\\/78\\\/2026\\\/02\\\/TheJordanTrail_bedouin_cuisine_veggie.jpg 800w, https:\\\/\\\/tjt.travelblox.eu\\\/wp-content\\\/uploads\\\/sites\\\/78\\\/2026\\\/02\\\/TheJordanTrail_bedouin_cuisine_veggie-200x300.jpg 200w, https:\\\/\\\/tjt.travelblox.eu\\\/wp-content\\\/uploads\\\/sites\\\/78\\\/2026\\\/02\\\/TheJordanTrail_bedouin_cuisine_veggie-683x1024.jpg 683w, https:\\\/\\\/tjt.travelblox.eu\\\/wp-content\\\/uploads\\\/sites\\\/78\\\/2026\\\/02\\\/TheJordanTrail_bedouin_cuisine_veggie-768x1152.jpg 768w, https:\\\/\\\/tjt.travelblox.eu\\\/wp-content\\\/uploads\\\/sites\\\/78\\\/2026\\\/02\\\/TheJordanTrail_bedouin_cuisine_veggie-8x12.jpg 8w&quot;}\">\t\t\t\t\t\t\t\t\t\t\t\t\t\t\t\t\t\t\t\t\t\t\t\t\t<div class=\"price tiny-body-font desktop translation-block\"><p>156 \u20ac<\/p><\/div>\t\t\t\t\t\t\t<\/div>\n\t\t\t\t\t\t\t<div class=\"tb-image-part mobile\">\n\t\t\t\t\t\t\t\t<img src='https:\/\/tjt.travelblox.eu\/wp-content\/smush-webp\/sites\/78\/2026\/02\/TheJordanTrail_bedouin_cuisine_veggie-768x1152.jpg.webp' width='768' height='1152' alt='TheJordanTrail_bedouin_cuisine_veggie' srcset='https:\/\/tjt.travelblox.eu\/wp-content\/smush-webp\/sites\/78\/2026\/02\/TheJordanTrail_bedouin_cuisine_veggie-768x1152.jpg.webp 768w, https:\/\/tjt.travelblox.eu\/wp-content\/smush-webp\/sites\/78\/2026\/02\/TheJordanTrail_bedouin_cuisine_veggie-200x300.jpg.webp 200w, https:\/\/tjt.travelblox.eu\/wp-content\/smush-webp\/sites\/78\/2026\/02\/TheJordanTrail_bedouin_cuisine_veggie-683x1024.jpg.webp 683w, https:\/\/tjt.travelblox.eu\/wp-content\/smush-webp\/sites\/78\/2026\/02\/TheJordanTrail_bedouin_cuisine_veggie-8x12.jpg.webp 8w, https:\/\/tjt.travelblox.eu\/wp-content\/smush-webp\/sites\/78\/2026\/02\/TheJordanTrail_bedouin_cuisine_veggie.jpg.webp 800w' sizes=\"auto, (max-width: 768px) 100vw, 768px\" loading='lazy' decoding='async' data-smush-webp-fallback=\"{&quot;src&quot;:&quot;https:\\\/\\\/tjt.travelblox.eu\\\/wp-content\\\/uploads\\\/sites\\\/78\\\/2026\\\/02\\\/TheJordanTrail_bedouin_cuisine_veggie-768x1152.jpg&quot;,&quot;srcset&quot;:&quot;https:\\\/\\\/tjt.travelblox.eu\\\/wp-content\\\/uploads\\\/sites\\\/78\\\/2026\\\/02\\\/TheJordanTrail_bedouin_cuisine_veggie-768x1152.jpg 768w, https:\\\/\\\/tjt.travelblox.eu\\\/wp-content\\\/uploads\\\/sites\\\/78\\\/2026\\\/02\\\/TheJordanTrail_bedouin_cuisine_veggie-200x300.jpg 200w, https:\\\/\\\/tjt.travelblox.eu\\\/wp-content\\\/uploads\\\/sites\\\/78\\\/2026\\\/02\\\/TheJordanTrail_bedouin_cuisine_veggie-683x1024.jpg 683w, https:\\\/\\\/tjt.travelblox.eu\\\/wp-content\\\/uploads\\\/sites\\\/78\\\/2026\\\/02\\\/TheJordanTrail_bedouin_cuisine_veggie-8x12.jpg 8w, https:\\\/\\\/tjt.travelblox.eu\\\/wp-content\\\/uploads\\\/sites\\\/78\\\/2026\\\/02\\\/TheJordanTrail_bedouin_cuisine_veggie.jpg 800w&quot;}\">\t\t\t\t\t\t\t\t\t\t\t\t\t\t\t<\/div>\n\t\t\t\t\t\t\t<div class=\"tb-card-content\">\n\t\t\t\t\t\t\t\t<h5>\n\t\t\t\t\t\t\t\t\t\t\t\t\t\t\t\t\t\t<span>Beduinenk\u00fcche Vegetarisch<\/span>\n\t\t\t\t\t\t\t\t<\/h5>\n\t\t\t\t\t\t\t\t\t\t\t\t\t\t\t\t\t<div class=\"price tiny-body-font mobile\"><p>\u20ac156<\/p><\/div>\t\t\t\t\t\t\t\t<div class=\"content readmore-content content--clamped\">\t<div class=\"translation-block\"><p>Du isst t\u00e4glich mit uns und probierst die lokale Beduinenk\u00fcche.<\/p><p><strong>Fr\u00fchst\u00fcck:<\/strong> Naanbrot, Hummus, Marmelade, Eier, Datteln, Kaffee und Tee.<br><strong>Mittagspaket:<\/strong> Naanbrot, K\u00e4se, Gurke oder Tomate und Obst.&nbsp;<br><strong>Abendessen:<\/strong> Eine traditionelle Beduinenmahlzeit \u2013 frisches Gem\u00fcse, Reis, Salate und Salsas, gekocht vom lokalen Koch.<\/p><p>Eigenes Essen darfst du mitbringen \u2013 aber die Beduinen-Dinner abends sind ein <strong>Highlight der Tour<\/strong>.<\/p><p><i>Das Abendessen an Tag 1 ist nicht enthalten.<\/i><\/p><\/div>\n\t<\/div>\n\t\t\t\t\t\t\t\t\t\t\t\t\t\t\t\t<div class=\"readmore link js-readmore\">\n\t\t\t\t\t\t\t\t\t<span><i class=\"fa-solid fa-circle-plus\"><\/i><u>Mehr lesen<\/u><\/span>\n\t\t\t\t\t\t\t\t\t<span><i class=\"fa-solid fa-circle-minus\"><\/i><u>Weniger lesen<\/u><\/span>\n\t\t\t\t\t\t\t\t<\/div>\n\t\t\t\t\t\t\t\t\t\t\t\t\t\t\t\t<dialog class=\"tb-popup\">\n\t\t\t\t\t\t\t\t\t<div class=\"tb-highlights-popup\">\n\t\t\t\t\t\t\t\t\t\t<div class=\"tb-image-part\">\n\t\t\t\t\t\t\t\t\t\t\t<img src='https:\/\/tjt.travelblox.eu\/wp-content\/smush-webp\/sites\/78\/2026\/02\/TheJordanTrail_bedouin_cuisine_veggie-768x1152.jpg.webp' width='768' height='1152' alt='TheJordanTrail_bedouin_cuisine_veggie' srcset='https:\/\/tjt.travelblox.eu\/wp-content\/smush-webp\/sites\/78\/2026\/02\/TheJordanTrail_bedouin_cuisine_veggie-768x1152.jpg.webp 768w, https:\/\/tjt.travelblox.eu\/wp-content\/smush-webp\/sites\/78\/2026\/02\/TheJordanTrail_bedouin_cuisine_veggie-200x300.jpg.webp 200w, https:\/\/tjt.travelblox.eu\/wp-content\/smush-webp\/sites\/78\/2026\/02\/TheJordanTrail_bedouin_cuisine_veggie-683x1024.jpg.webp 683w, https:\/\/tjt.travelblox.eu\/wp-content\/smush-webp\/sites\/78\/2026\/02\/TheJordanTrail_bedouin_cuisine_veggie-8x12.jpg.webp 8w, https:\/\/tjt.travelblox.eu\/wp-content\/smush-webp\/sites\/78\/2026\/02\/TheJordanTrail_bedouin_cuisine_veggie.jpg.webp 800w' sizes=\"auto, (max-width: 768px) 100vw, 768px\" loading='lazy' decoding='async' data-smush-webp-fallback=\"{&quot;src&quot;:&quot;https:\\\/\\\/tjt.travelblox.eu\\\/wp-content\\\/uploads\\\/sites\\\/78\\\/2026\\\/02\\\/TheJordanTrail_bedouin_cuisine_veggie-768x1152.jpg&quot;,&quot;srcset&quot;:&quot;https:\\\/\\\/tjt.travelblox.eu\\\/wp-content\\\/uploads\\\/sites\\\/78\\\/2026\\\/02\\\/TheJordanTrail_bedouin_cuisine_veggie-768x1152.jpg 768w, https:\\\/\\\/tjt.travelblox.eu\\\/wp-content\\\/uploads\\\/sites\\\/78\\\/2026\\\/02\\\/TheJordanTrail_bedouin_cuisine_veggie-200x300.jpg 200w, https:\\\/\\\/tjt.travelblox.eu\\\/wp-content\\\/uploads\\\/sites\\\/78\\\/2026\\\/02\\\/TheJordanTrail_bedouin_cuisine_veggie-683x1024.jpg 683w, https:\\\/\\\/tjt.travelblox.eu\\\/wp-content\\\/uploads\\\/sites\\\/78\\\/2026\\\/02\\\/TheJordanTrail_bedouin_cuisine_veggie-8x12.jpg 8w, https:\\\/\\\/tjt.travelblox.eu\\\/wp-content\\\/uploads\\\/sites\\\/78\\\/2026\\\/02\\\/TheJordanTrail_bedouin_cuisine_veggie.jpg 800w&quot;}\">\t\t\t\t\t\t\t\t\t\t<\/div>\n\t\t\t\t\t\t\t\t\t\t<div class=\"tb-popup-content\">\n\t\t\t\t\t\t\t\t\t\t\t<h3>Beduinenk\u00fcche Vegetarisch<\/h3>\n\t\t\t\t\t\t\t\t\t\t\t<div class=\"content\">\t<div class=\"translation-block\"><p>Du isst t\u00e4glich mit uns und probierst die lokale Beduinenk\u00fcche.<\/p><p><strong>Fr\u00fchst\u00fcck:<\/strong> Naanbrot, Hummus, Marmelade, Eier, Datteln, Kaffee und Tee.<br><strong>Mittagspaket:<\/strong> Naanbrot, K\u00e4se, Gurke oder Tomate und Obst.&nbsp;<br><strong>Abendessen:<\/strong> Eine traditionelle Beduinenmahlzeit \u2013 frisches Gem\u00fcse, Reis, Salate und Salsas, gekocht vom lokalen Koch.<\/p><p>Eigenes Essen darfst du mitbringen \u2013 aber die Beduinen-Dinner abends sind ein <strong>Highlight der Tour<\/strong>.<\/p><p><i>Das Abendessen an Tag 1 ist nicht enthalten.<\/i><\/p><\/div>\n\t<\/div>\n\t\t\t\t\t\t\t\t\t\t<\/div>\n\t\t\t\t\t\t\t\t\t<\/div>\n\t\t\t\t\t\t\t\t<\/dialog>\n\t\t\t\t\t\t\t<\/div>\n\t\t\t\t\t\t<\/div>\n\t\t\t\t\t\t\t\t\t\t\t\t\t<\/div>\n\t\t\t\t<div class=\"tb-carousel-nav\">\n\t\t<div class=\"dots\">\n\t\t\t<div class=\"dot active\"><\/div>\n\t\t\t<div class=\"dot\"><\/div>\n\t\t\t<div class=\"dot\"><\/div>\n\t\t<\/div>\n\t\t<div class=\"arrows\">\n\t\t\t<div class=\"prev disabled\">\n\t\t\t\t<span><i class=\"fa fa-chevron-left\"><\/i><\/span>\n\t\t\t<\/div>\n\t\t\t<div class=\"next\">\n\t\t\t\t<span><i class=\"fa fa-chevron-right\"><\/i><\/span>\n\t\t\t<\/div>\n\t\t<\/div>\n\t<\/div>\n\t\t\t<\/div>\n\t<\/div>\n\t\t\t\t\t\t\t\t\t\t\t\t\t\t\t\t\t\t<div class=\"inner-block-full-width has-tb-carousel tb-section\" id=\"options-section-4\"style=\"display:none;\">\n\t\t<div class=\"tb-carousel-container\">\n\t\t\t<div class=\"entries tb-cards\" data-slider-first=\"1\">\n\t\t\t\t\t\t\t\t\t\t\t\t\t\t\t<div class=\"tb-card entry tb-popup-trigger desktop-only-popup\">\n\t\t\t\t\t\t\t<div class=\"tb-image-part desktop\">\n\t\t\t\t\t\t\t\t<img src='https:\/\/tjt.travelblox.eu\/wp-content\/smush-webp\/sites\/78\/2025\/10\/2024_0402_06584800-Large.jpeg.webp' width='720' height='1280' alt='Jordanien Petra' srcset='https:\/\/tjt.travelblox.eu\/wp-content\/smush-webp\/sites\/78\/2025\/10\/2024_0402_06584800-Large.jpeg.webp 720w, https:\/\/tjt.travelblox.eu\/wp-content\/smush-webp\/sites\/78\/2025\/10\/2024_0402_06584800-Large-169x300.jpeg.webp 169w, https:\/\/tjt.travelblox.eu\/wp-content\/smush-webp\/sites\/78\/2025\/10\/2024_0402_06584800-Large-576x1024.jpeg.webp 576w, https:\/\/tjt.travelblox.eu\/wp-content\/smush-webp\/sites\/78\/2025\/10\/2024_0402_06584800-Large-7x12.jpeg.webp 7w' sizes=\"auto, (max-width: 720px) 100vw, 720px\" loading='lazy' decoding='async' data-smush-webp-fallback=\"{&quot;src&quot;:&quot;https:\\\/\\\/tjt.travelblox.eu\\\/wp-content\\\/uploads\\\/sites\\\/78\\\/2025\\\/10\\\/2024_0402_06584800-Large.jpeg&quot;,&quot;srcset&quot;:&quot;https:\\\/\\\/tjt.travelblox.eu\\\/wp-content\\\/uploads\\\/sites\\\/78\\\/2025\\\/10\\\/2024_0402_06584800-Large.jpeg 720w, https:\\\/\\\/tjt.travelblox.eu\\\/wp-content\\\/uploads\\\/sites\\\/78\\\/2025\\\/10\\\/2024_0402_06584800-Large-169x300.jpeg 169w, https:\\\/\\\/tjt.travelblox.eu\\\/wp-content\\\/uploads\\\/sites\\\/78\\\/2025\\\/10\\\/2024_0402_06584800-Large-576x1024.jpeg 576w, https:\\\/\\\/tjt.travelblox.eu\\\/wp-content\\\/uploads\\\/sites\\\/78\\\/2025\\\/10\\\/2024_0402_06584800-Large-7x12.jpeg 7w&quot;}\">\t\t\t\t\t\t\t\t\t\t\t\t\t\t\t\t\t\t\t\t\t\t\t\t\t<div class=\"price tiny-body-font desktop translation-block\"><p>82 \u20ac pro Person<\/p><\/div>\t\t\t\t\t\t\t<\/div>\n\t\t\t\t\t\t\t<div class=\"tb-image-part mobile\">\n\t\t\t\t\t\t\t\t<img src='https:\/\/tjt.travelblox.eu\/wp-content\/smush-webp\/sites\/78\/2025\/10\/2024_0402_06584800-Large.jpeg.webp' width='720' height='1280' alt='Jordanien Petra' srcset='https:\/\/tjt.travelblox.eu\/wp-content\/smush-webp\/sites\/78\/2025\/10\/2024_0402_06584800-Large.jpeg.webp 720w, https:\/\/tjt.travelblox.eu\/wp-content\/smush-webp\/sites\/78\/2025\/10\/2024_0402_06584800-Large-169x300.jpeg.webp 169w, https:\/\/tjt.travelblox.eu\/wp-content\/smush-webp\/sites\/78\/2025\/10\/2024_0402_06584800-Large-576x1024.jpeg.webp 576w, https:\/\/tjt.travelblox.eu\/wp-content\/smush-webp\/sites\/78\/2025\/10\/2024_0402_06584800-Large-7x12.jpeg.webp 7w' sizes=\"auto, (max-width: 720px) 100vw, 720px\" loading='lazy' decoding='async' data-smush-webp-fallback=\"{&quot;src&quot;:&quot;https:\\\/\\\/tjt.travelblox.eu\\\/wp-content\\\/uploads\\\/sites\\\/78\\\/2025\\\/10\\\/2024_0402_06584800-Large.jpeg&quot;,&quot;srcset&quot;:&quot;https:\\\/\\\/tjt.travelblox.eu\\\/wp-content\\\/uploads\\\/sites\\\/78\\\/2025\\\/10\\\/2024_0402_06584800-Large.jpeg 720w, https:\\\/\\\/tjt.travelblox.eu\\\/wp-content\\\/uploads\\\/sites\\\/78\\\/2025\\\/10\\\/2024_0402_06584800-Large-169x300.jpeg 169w, https:\\\/\\\/tjt.travelblox.eu\\\/wp-content\\\/uploads\\\/sites\\\/78\\\/2025\\\/10\\\/2024_0402_06584800-Large-576x1024.jpeg 576w, https:\\\/\\\/tjt.travelblox.eu\\\/wp-content\\\/uploads\\\/sites\\\/78\\\/2025\\\/10\\\/2024_0402_06584800-Large-7x12.jpeg 7w&quot;}\">\t\t\t\t\t\t\t\t\t\t\t\t\t\t\t<\/div>\n\t\t\t\t\t\t\t<div class=\"tb-card-content\">\n\t\t\t\t\t\t\t\t<h5>\n\t\t\t\t\t\t\t\t\t\t\t\t\t\t\t\t\t\t<span>Eintritt Petra<\/span>\n\t\t\t\t\t\t\t\t<\/h5>\n\t\t\t\t\t\t\t\t\t\t\t\t\t\t\t\t\t<div class=\"price tiny-body-font mobile\"><p>82 \u20ac pro Person<\/p><\/div>\t\t\t\t\t\t\t\t<div class=\"content readmore-content content--clamped\">\t<div class=\"translation-block\"><p>Wenn du <strong>deine Fl\u00fcge \u00fcber uns<\/strong> gebucht hast, musst du diese Option ausw\u00e4hlen, um zwei Tage lang Zugang zu Petra zu haben.<\/p><p>Wenn du dich daf\u00fcr entscheidest, <strong>deine Fl\u00fcge selbst<\/strong> zu buchen (dein Visum ist dann also nicht inbegriffen), empfehlen wir dir dringend, selbst einen <a href=\"https:\/\/www.jordanpass.jo\/\"><strong>Jordan Pass<\/strong><\/a> zu kaufen. Der Eintritt nach Petra und dein Reisevisum sind darin bereits enthalten. Das ist g\u00fcnstiger, als Visum und Eintritt nach Petra separat zu kaufen (Jordan Pass ca. 99 \u20ac). W\u00e4hle beim Jordan Pass die Option mit zwei Tagen Zugang zu Petra.<\/p><\/div>\n\t<\/div>\n\t\t\t\t\t\t\t\t\t\t\t\t\t\t\t\t<div class=\"readmore link js-readmore\">\n\t\t\t\t\t\t\t\t\t<span><i class=\"fa-solid fa-circle-plus\"><\/i><u>Mehr lesen<\/u><\/span>\n\t\t\t\t\t\t\t\t\t<span><i class=\"fa-solid fa-circle-minus\"><\/i><u>Weniger lesen<\/u><\/span>\n\t\t\t\t\t\t\t\t<\/div>\n\t\t\t\t\t\t\t\t\t\t\t\t\t\t\t\t<dialog class=\"tb-popup\">\n\t\t\t\t\t\t\t\t\t<div class=\"tb-highlights-popup\">\n\t\t\t\t\t\t\t\t\t\t<div class=\"tb-image-part\">\n\t\t\t\t\t\t\t\t\t\t\t<img src='https:\/\/tjt.travelblox.eu\/wp-content\/smush-webp\/sites\/78\/2025\/10\/2024_0402_06584800-Large.jpeg.webp' width='720' height='1280' alt='Jordanien Petra' srcset='https:\/\/tjt.travelblox.eu\/wp-content\/smush-webp\/sites\/78\/2025\/10\/2024_0402_06584800-Large.jpeg.webp 720w, https:\/\/tjt.travelblox.eu\/wp-content\/smush-webp\/sites\/78\/2025\/10\/2024_0402_06584800-Large-169x300.jpeg.webp 169w, https:\/\/tjt.travelblox.eu\/wp-content\/smush-webp\/sites\/78\/2025\/10\/2024_0402_06584800-Large-576x1024.jpeg.webp 576w, https:\/\/tjt.travelblox.eu\/wp-content\/smush-webp\/sites\/78\/2025\/10\/2024_0402_06584800-Large-7x12.jpeg.webp 7w' sizes=\"auto, (max-width: 720px) 100vw, 720px\" loading='lazy' decoding='async' data-smush-webp-fallback=\"{&quot;src&quot;:&quot;https:\\\/\\\/tjt.travelblox.eu\\\/wp-content\\\/uploads\\\/sites\\\/78\\\/2025\\\/10\\\/2024_0402_06584800-Large.jpeg&quot;,&quot;srcset&quot;:&quot;https:\\\/\\\/tjt.travelblox.eu\\\/wp-content\\\/uploads\\\/sites\\\/78\\\/2025\\\/10\\\/2024_0402_06584800-Large.jpeg 720w, https:\\\/\\\/tjt.travelblox.eu\\\/wp-content\\\/uploads\\\/sites\\\/78\\\/2025\\\/10\\\/2024_0402_06584800-Large-169x300.jpeg 169w, https:\\\/\\\/tjt.travelblox.eu\\\/wp-content\\\/uploads\\\/sites\\\/78\\\/2025\\\/10\\\/2024_0402_06584800-Large-576x1024.jpeg 576w, https:\\\/\\\/tjt.travelblox.eu\\\/wp-content\\\/uploads\\\/sites\\\/78\\\/2025\\\/10\\\/2024_0402_06584800-Large-7x12.jpeg 7w&quot;}\">\t\t\t\t\t\t\t\t\t\t<\/div>\n\t\t\t\t\t\t\t\t\t\t<div class=\"tb-popup-content\">\n\t\t\t\t\t\t\t\t\t\t\t<h3>Eintritt Petra<\/h3>\n\t\t\t\t\t\t\t\t\t\t\t<div class=\"content\">\t<div class=\"translation-block\"><p>Wenn du <strong>deine Fl\u00fcge \u00fcber uns<\/strong> gebucht hast, musst du diese Option ausw\u00e4hlen, um zwei Tage lang Zugang zu Petra zu haben.<\/p><p>Wenn du dich daf\u00fcr entscheidest, <strong>deine Fl\u00fcge selbst<\/strong> zu buchen (dein Visum ist dann also nicht inbegriffen), empfehlen wir dir dringend, selbst einen <a href=\"https:\/\/www.jordanpass.jo\/\"><strong>Jordan Pass<\/strong><\/a> zu kaufen. Der Eintritt nach Petra und dein Reisevisum sind darin bereits enthalten. Das ist g\u00fcnstiger, als Visum und Eintritt nach Petra separat zu kaufen (Jordan Pass ca. 99 \u20ac). W\u00e4hle beim Jordan Pass die Option mit zwei Tagen Zugang zu Petra.<\/p><\/div>\n\t<\/div>\n\t\t\t\t\t\t\t\t\t\t<\/div>\n\t\t\t\t\t\t\t\t\t<\/div>\n\t\t\t\t\t\t\t\t<\/dialog>\n\t\t\t\t\t\t\t<\/div>\n\t\t\t\t\t\t<\/div>\n\t\t\t\t\t\t\t\t\t\t\t\t\t<\/div>\n\t\t\t\t<div class=\"tb-carousel-nav\">\n\t\t<div class=\"dots\">\n\t\t\t<div class=\"dot active\"><\/div>\n\t\t\t<div class=\"dot\"><\/div>\n\t\t\t<div class=\"dot\"><\/div>\n\t\t<\/div>\n\t\t<div class=\"arrows\">\n\t\t\t<div class=\"prev disabled\">\n\t\t\t\t<span><i class=\"fa fa-chevron-left\"><\/i><\/span>\n\t\t\t<\/div>\n\t\t\t<div class=\"next\">\n\t\t\t\t<span><i class=\"fa fa-chevron-right\"><\/i><\/span>\n\t\t\t<\/div>\n\t\t<\/div>\n\t<\/div>\n\t\t\t<\/div>\n\t<\/div>\n\t\t\t\t\t\t\t\t\t\t\t\t\t\t\t\t\t\t<div class=\"inner-block-full-width has-tb-carousel tb-section\" id=\"options-section-5\"style=\"display:none;\">\n\t\t<div class=\"tb-carousel-container\">\n\t\t\t<div class=\"entries tb-cards\" data-slider-first=\"1\">\n\t\t\t\t\t\t\t\t\t\t\t\t\t\t\t<div class=\"tb-card entry tb-popup-trigger desktop-only-popup\">\n\t\t\t\t\t\t\t<div class=\"tb-image-part desktop\">\n\t\t\t\t\t\t\t\t<img src='https:\/\/tjt.travelblox.eu\/wp-content\/smush-webp\/sites\/78\/2026\/02\/TheJordanTrail_sunset.jpg.webp' width='1200' height='800' alt='TheJordanTrail_sunset' srcset='https:\/\/tjt.travelblox.eu\/wp-content\/smush-webp\/sites\/78\/2026\/02\/TheJordanTrail_sunset.jpg.webp 1200w, https:\/\/tjt.travelblox.eu\/wp-content\/smush-webp\/sites\/78\/2026\/02\/TheJordanTrail_sunset-300x200.jpg.webp 300w, https:\/\/tjt.travelblox.eu\/wp-content\/smush-webp\/sites\/78\/2026\/02\/TheJordanTrail_sunset-1024x683.jpg.webp 1024w, https:\/\/tjt.travelblox.eu\/wp-content\/smush-webp\/sites\/78\/2026\/02\/TheJordanTrail_sunset-768x512.jpg.webp 768w, https:\/\/tjt.travelblox.eu\/wp-content\/smush-webp\/sites\/78\/2026\/02\/TheJordanTrail_sunset-18x12.jpg.webp 18w' sizes=\"auto, (max-width: 1200px) 100vw, 1200px\" loading='lazy' decoding='async' data-smush-webp-fallback=\"{&quot;src&quot;:&quot;https:\\\/\\\/tjt.travelblox.eu\\\/wp-content\\\/uploads\\\/sites\\\/78\\\/2026\\\/02\\\/TheJordanTrail_sunset.jpg&quot;,&quot;srcset&quot;:&quot;https:\\\/\\\/tjt.travelblox.eu\\\/wp-content\\\/uploads\\\/sites\\\/78\\\/2026\\\/02\\\/TheJordanTrail_sunset.jpg 1200w, https:\\\/\\\/tjt.travelblox.eu\\\/wp-content\\\/uploads\\\/sites\\\/78\\\/2026\\\/02\\\/TheJordanTrail_sunset-300x200.jpg 300w, https:\\\/\\\/tjt.travelblox.eu\\\/wp-content\\\/uploads\\\/sites\\\/78\\\/2026\\\/02\\\/TheJordanTrail_sunset-1024x683.jpg 1024w, https:\\\/\\\/tjt.travelblox.eu\\\/wp-content\\\/uploads\\\/sites\\\/78\\\/2026\\\/02\\\/TheJordanTrail_sunset-768x512.jpg 768w, https:\\\/\\\/tjt.travelblox.eu\\\/wp-content\\\/uploads\\\/sites\\\/78\\\/2026\\\/02\\\/TheJordanTrail_sunset-18x12.jpg 18w&quot;}\">\t\t\t\t\t\t\t\t\t\t\t\t\t\t\t\t\t\t\t\t\t\t\t\t\t<div class=\"price tiny-body-font desktop translation-block\"><p>59 \u20ac<\/p><\/div>\t\t\t\t\t\t\t<\/div>\n\t\t\t\t\t\t\t<div class=\"tb-image-part mobile\">\n\t\t\t\t\t\t\t\t<img src='https:\/\/tjt.travelblox.eu\/wp-content\/smush-webp\/sites\/78\/2026\/02\/TheJordanTrail_sunset-768x512.jpg.webp' width='768' height='512' alt='TheJordanTrail_sunset' srcset='https:\/\/tjt.travelblox.eu\/wp-content\/smush-webp\/sites\/78\/2026\/02\/TheJordanTrail_sunset-768x512.jpg.webp 768w, https:\/\/tjt.travelblox.eu\/wp-content\/smush-webp\/sites\/78\/2026\/02\/TheJordanTrail_sunset-300x200.jpg.webp 300w, https:\/\/tjt.travelblox.eu\/wp-content\/smush-webp\/sites\/78\/2026\/02\/TheJordanTrail_sunset-1024x683.jpg.webp 1024w, https:\/\/tjt.travelblox.eu\/wp-content\/smush-webp\/sites\/78\/2026\/02\/TheJordanTrail_sunset-18x12.jpg.webp 18w, https:\/\/tjt.travelblox.eu\/wp-content\/smush-webp\/sites\/78\/2026\/02\/TheJordanTrail_sunset.jpg.webp 1200w' sizes=\"auto, (max-width: 768px) 100vw, 768px\" loading='lazy' decoding='async' data-smush-webp-fallback=\"{&quot;src&quot;:&quot;https:\\\/\\\/tjt.travelblox.eu\\\/wp-content\\\/uploads\\\/sites\\\/78\\\/2026\\\/02\\\/TheJordanTrail_sunset-768x512.jpg&quot;,&quot;srcset&quot;:&quot;https:\\\/\\\/tjt.travelblox.eu\\\/wp-content\\\/uploads\\\/sites\\\/78\\\/2026\\\/02\\\/TheJordanTrail_sunset-768x512.jpg 768w, https:\\\/\\\/tjt.travelblox.eu\\\/wp-content\\\/uploads\\\/sites\\\/78\\\/2026\\\/02\\\/TheJordanTrail_sunset-300x200.jpg 300w, https:\\\/\\\/tjt.travelblox.eu\\\/wp-content\\\/uploads\\\/sites\\\/78\\\/2026\\\/02\\\/TheJordanTrail_sunset-1024x683.jpg 1024w, https:\\\/\\\/tjt.travelblox.eu\\\/wp-content\\\/uploads\\\/sites\\\/78\\\/2026\\\/02\\\/TheJordanTrail_sunset-18x12.jpg 18w, https:\\\/\\\/tjt.travelblox.eu\\\/wp-content\\\/uploads\\\/sites\\\/78\\\/2026\\\/02\\\/TheJordanTrail_sunset.jpg 1200w&quot;}\">\t\t\t\t\t\t\t\t\t\t\t\t\t\t\t<\/div>\n\t\t\t\t\t\t\t<div class=\"tb-card-content\">\n\t\t\t\t\t\t\t\t<h5>\n\t\t\t\t\t\t\t\t\t\t\t\t\t\t\t\t\t\t<span>Reiseversicherung<\/span>\n\t\t\t\t\t\t\t\t<\/h5>\n\t\t\t\t\t\t\t\t\t\t\t\t\t\t\t\t\t<div class=\"price tiny-body-font mobile\"><p>\u20ac59<\/p><\/div>\t\t\t\t\t\t\t\t<div class=\"content readmore-content content--clamped\">\t<div class=\"translation-block\"><p>M\u00f6chtest du unbeschwert reisen? Die <a href=\"https:\/\/thejordantrail.org\/de\/travelinsurance\/\"><strong>Reiseversicherung<\/strong><\/a> sch\u00fctzt dich bei Krankheit, Unf\u00e4llen oder Diebstahl.<\/p><\/div>\n\t<\/div>\n\t\t\t\t\t\t\t\t\t\t\t\t\t\t\t\t<div class=\"readmore link js-readmore\">\n\t\t\t\t\t\t\t\t\t<span><i class=\"fa-solid fa-circle-plus\"><\/i><u>Mehr lesen<\/u><\/span>\n\t\t\t\t\t\t\t\t\t<span><i class=\"fa-solid fa-circle-minus\"><\/i><u>Weniger lesen<\/u><\/span>\n\t\t\t\t\t\t\t\t<\/div>\n\t\t\t\t\t\t\t\t\t\t\t\t\t\t\t\t<dialog class=\"tb-popup\">\n\t\t\t\t\t\t\t\t\t<div class=\"tb-highlights-popup\">\n\t\t\t\t\t\t\t\t\t\t<div class=\"tb-image-part\">\n\t\t\t\t\t\t\t\t\t\t\t<img src='https:\/\/tjt.travelblox.eu\/wp-content\/smush-webp\/sites\/78\/2026\/02\/TheJordanTrail_sunset-768x512.jpg.webp' width='768' height='512' alt='TheJordanTrail_sunset' srcset='https:\/\/tjt.travelblox.eu\/wp-content\/smush-webp\/sites\/78\/2026\/02\/TheJordanTrail_sunset-768x512.jpg.webp 768w, https:\/\/tjt.travelblox.eu\/wp-content\/smush-webp\/sites\/78\/2026\/02\/TheJordanTrail_sunset-300x200.jpg.webp 300w, https:\/\/tjt.travelblox.eu\/wp-content\/smush-webp\/sites\/78\/2026\/02\/TheJordanTrail_sunset-1024x683.jpg.webp 1024w, https:\/\/tjt.travelblox.eu\/wp-content\/smush-webp\/sites\/78\/2026\/02\/TheJordanTrail_sunset-18x12.jpg.webp 18w, https:\/\/tjt.travelblox.eu\/wp-content\/smush-webp\/sites\/78\/2026\/02\/TheJordanTrail_sunset.jpg.webp 1200w' sizes=\"auto, (max-width: 768px) 100vw, 768px\" loading='lazy' decoding='async' data-smush-webp-fallback=\"{&quot;src&quot;:&quot;https:\\\/\\\/tjt.travelblox.eu\\\/wp-content\\\/uploads\\\/sites\\\/78\\\/2026\\\/02\\\/TheJordanTrail_sunset-768x512.jpg&quot;,&quot;srcset&quot;:&quot;https:\\\/\\\/tjt.travelblox.eu\\\/wp-content\\\/uploads\\\/sites\\\/78\\\/2026\\\/02\\\/TheJordanTrail_sunset-768x512.jpg 768w, https:\\\/\\\/tjt.travelblox.eu\\\/wp-content\\\/uploads\\\/sites\\\/78\\\/2026\\\/02\\\/TheJordanTrail_sunset-300x200.jpg 300w, https:\\\/\\\/tjt.travelblox.eu\\\/wp-content\\\/uploads\\\/sites\\\/78\\\/2026\\\/02\\\/TheJordanTrail_sunset-1024x683.jpg 1024w, https:\\\/\\\/tjt.travelblox.eu\\\/wp-content\\\/uploads\\\/sites\\\/78\\\/2026\\\/02\\\/TheJordanTrail_sunset-18x12.jpg 18w, https:\\\/\\\/tjt.travelblox.eu\\\/wp-content\\\/uploads\\\/sites\\\/78\\\/2026\\\/02\\\/TheJordanTrail_sunset.jpg 1200w&quot;}\">\t\t\t\t\t\t\t\t\t\t<\/div>\n\t\t\t\t\t\t\t\t\t\t<div class=\"tb-popup-content\">\n\t\t\t\t\t\t\t\t\t\t\t<h3>Reiseversicherung<\/h3>\n\t\t\t\t\t\t\t\t\t\t\t<div class=\"content\">\t<div class=\"translation-block\"><p>M\u00f6chtest du unbeschwert reisen? Die <a href=\"https:\/\/thejordantrail.org\/de\/travelinsurance\/\"><strong>Reiseversicherung<\/strong><\/a> sch\u00fctzt dich bei Krankheit, Unf\u00e4llen oder Diebstahl.<\/p><\/div>\n\t<\/div>\n\t\t\t\t\t\t\t\t\t\t<\/div>\n\t\t\t\t\t\t\t\t\t<\/div>\n\t\t\t\t\t\t\t\t<\/dialog>\n\t\t\t\t\t\t\t<\/div>\n\t\t\t\t\t\t<\/div>\n\t\t\t\t\t\t\t\t\t\t\t\t\t<\/div>\n\t\t\t\t<div class=\"tb-carousel-nav\">\n\t\t<div class=\"dots\">\n\t\t\t<div class=\"dot active\"><\/div>\n\t\t\t<div class=\"dot\"><\/div>\n\t\t\t<div class=\"dot\"><\/div>\n\t\t<\/div>\n\t\t<div class=\"arrows\">\n\t\t\t<div class=\"prev disabled\">\n\t\t\t\t<span><i class=\"fa fa-chevron-left\"><\/i><\/span>\n\t\t\t<\/div>\n\t\t\t<div class=\"next\">\n\t\t\t\t<span><i class=\"fa fa-chevron-right\"><\/i><\/span>\n\t\t\t<\/div>\n\t\t<\/div>\n\t<\/div>\n\t\t\t<\/div>\n\t<\/div>\n\t\t\t\t\t\t\t\t\t\t<\/div>\n\t\t<\/div>\n\n\n\n\n<div class=\"tb-howtogetthere tb-block align-none background-light pattern-custom variant-none tb-collapsible-margins\" id=\"howtogetthere-1\" style=\"background-image: url(http:\/\/tjt.travelblox.eu\/wp-content\/uploads\/sites\/78\/2024\/01\/Jordan_Slightly-White-texture.jpeg)\">\n\t<div class=\"inner-block tb-fade-in tb-fade-in--subtle\">\n\t\t<div class=\"text-part\">\n\t\t\t<h2>Wie komme ich nach Jordanien?<\/h2>\n\t\t\t\t<div class=\"translation-block\"><p>Du hast zwei M\u00f6glichkeiten: <strong>Fl\u00fcge direkt \u00fcber uns buchen<\/strong> \u2013 dann sind Shuttle und Visum bereits enthalten. Oder du organisierst deine Anreise selbst und buchst den <strong>Shuttle-Service<\/strong> optional dazu.<\/p><\/div>\n\t\t\t\t\t\t<\/div>\n\t<\/div>\n\t\t\t<div class=\"inner-block tb-fade-in tb-fade-in--subtle\">\n\t\t\t\t\t\t\t<div class=\"tb-sections\">\n\t\t\t\t\t\t\t\t\t\t\t\t\t\t\t\t\t\t<div class=\"tb-section entries\" id=\"howtogetthere-1-section-0\">\n\t\t\t\t\t\t\t\t\t\t\t\t\t\t\t\t\t<div class=\"entry\">\n\t\t\t\t\t\t\t\t\t\t\t\t\t\t<i class=\"icon fa-solid fa-plane fa-fw\" aria-hidden=\"true\"><\/i>\n\t\t\t\t\t\t\t\t\t\t\t\t\t<div class=\"text-part\">\n\t\t\t\t\t\t\t\t\t\t\t<h4>Buche deinen Flug mit uns<\/h4>\n\t\t\t\t\t\t\t\t\t\t\t\t<div class=\"translation-block\"><p>Wir bieten <strong>Direktfl\u00fcge nach Amman<\/strong> von <strong>D\u00fcsseldorf, Frankfurt, Hamburg<\/strong> und <strong>M\u00fcnchen<\/strong> an.<\/p><p>Wenn du deinen Flug \u00fcber uns buchst, sind <strong>Visum<\/strong> und <strong>Flughafentransfer<\/strong> bereits enthalten. Alle Flugpreise nach Abreisedatum findest du <a href=\"#join\"><strong>im Kalender<\/strong><\/a> am Ende der Seite.<\/p><p><i>Flugzeiten basieren auf aktuell verf\u00fcgbaren Informationen und k\u00f6nnen sich \u00e4ndern.<\/i><\/p><\/div>\n\t\t\t\t\t\t\t\t\t\t\t<\/div>\n\t\t\t\t\t\t\t\t\t<\/div>\n\t\t\t\t\t\t\t\t\t\t\t\t\t\t\t\t\t<div class=\"entry\">\n\t\t\t\t\t\t\t\t\t\t\t\t\t\t<i class=\"icon fa-solid fa-plane-up fa-fw\" aria-hidden=\"true\"><\/i>\n\t\t\t\t\t\t\t\t\t\t\t\t\t<div class=\"text-part\">\n\t\t\t\t\t\t\t\t\t\t\t<h4>Buche deine eigenen Fl\u00fcge<\/h4>\n\t\t\t\t\t\t\t\t\t\t\t\t<div class=\"translation-block\"><p>Du m\u00f6chtest lieber selbst buchen oder an anderen Daten fliegen? Kein Problem \u2013 achte nur darauf, dass deine Ankunfts- und Abflugzeiten mit dem Programmplan \u00fcbereinstimmen.<\/p><p>Wir empfehlen <a href=\"https:\/\/flights.google.com\/\"><strong>Google Flights<\/strong><\/a> zum Vergleichen. Bei Fragen kannst du uns gerne kontaktieren.<\/p><\/div>\n\t\t\t\t\t\t\t\t\t\t\t<\/div>\n\t\t\t\t\t\t\t\t\t<\/div>\n\t\t\t\t\t\t\t\t\t\t\t\t\t\t\t\t\t<div class=\"entry\">\n\t\t\t\t\t\t\t\t\t\t\t\t\t\t<i class=\"icon fa-solid fa-bus fa-fw\" aria-hidden=\"true\"><\/i>\n\t\t\t\t\t\t\t\t\t\t\t\t\t<div class=\"text-part\">\n\t\t\t\t\t\t\t\t\t\t\t<h4>Flughafentransfer<\/h4>\n\t\t\t\t\t\t\t\t\t\t\t\t<div class=\"translation-block\"><p>Buchst du deinen Flug \u00fcber uns? Dann ist der Transfer von und zum <strong>Flughafen Amman<\/strong> bereits enthalten.<\/p><p>Buchst du selbst und m\u00f6chtest unseren Shuttle nutzen? Beachte die <strong>festen Abfahrtszeiten:<\/strong><\/p><ul><li><strong>Tag 1:<\/strong> Flughafen \u2192 Madaba, 22:45 Uhr<\/li><li><strong>Tag 8:<\/strong> Hotel Amman \u2192 Flughafen, 07:00 Uhr<\/li><\/ul><\/div>\n\t\t\t\t\t\t\t\t\t\t\t<\/div>\n\t\t\t\t\t\t\t\t\t<\/div>\n\t\t\t\t\t\t\t\t\t\t\t\t\t\t\t\t\t<div class=\"entry\">\n\t\t\t\t\t\t\t\t\t\t\t\t\t\t<i class=\"icon fa-regular fa-car fa-fw\" aria-hidden=\"true\"><\/i>\n\t\t\t\t\t\t\t\t\t\t\t\t\t<div class=\"text-part\">\n\t\t\t\t\t\t\t\t\t\t\t<h4>Taxi<\/h4>\n\t\t\t\t\t\t\t\t\t\t\t\t<div class=\"translation-block\"><p>Passen deine Flugzeiten nicht zu unserem Shuttle?<\/p><p>Zwischen Flughafen, Madaba und Amman kommst du einfach per <strong>Taxi<\/strong> weiter.<\/p><\/div>\n\t\t\t\t\t\t\t\t\t\t\t<\/div>\n\t\t\t\t\t\t\t\t\t<\/div>\n\t\t\t\t\t\t\t\t\t\t\t\t\t\t\t<\/div>\n\t\t\t\t\t\t\t\t\t\t\t\t\t\t\t<\/div>\n\t\t\t\t\t<\/div>\n\t<\/div>\n\n\n\n\n<div class=\"tb-colcompare tb-block align-center background-light pattern-none variant-cards tb-collapsible-margins\" id=\"colcompare\">\n\t<div class=\"inner-block tb-fade-in tb-fade-in--subtle\">\n\t\t<div class=\"text-part\">\n\t\t\t<h2>Ist der Jordan Trail f\u00fcr dich geeignet?<\/h2>\n\t\t\t\t<div class=\"translation-block\"><p>Der Schwierigkeitsgrad h\u00e4ngt von mehreren Faktoren ab \u2013 hier kannst du selbst einsch\u00e4tzen, ob dieser Trail zu dir passt. Mit Optionen wie dem <strong>Gep\u00e4cktransport<\/strong> l\u00e4sst sich der Trail zus\u00e4tzlich erleichtern. F\u00fcr jede Weitwanderung gilt au\u00dferdem: gute Vorbereitung und ausreichend Training sind entscheidend.<\/p><\/div>\n\t\t\t<\/div>\n\t<\/div>\n\t\t\t\t<div class=\"inner-block-full-width has-tb-carousel tb-justified\" >\n\t\t<div class=\"tb-carousel-container\">\n\t\t\t<div class=\"entries tb-cards\" data-slider-first=\"1\">\n\t\t\t\t\t\t\t\t\t<div class=\"tb-card entry tb-fade-in tb-fade-in--subtle\">\n\t\t\t\t<div class=\"tb-image-part\">\n\t\t\t\t\t<img src='https:\/\/tjt.travelblox.eu\/wp-content\/smush-webp\/sites\/78\/2025\/02\/TJT23_EvyVanNispen_LR-247-2-768x512.jpg.webp' width='768' height='512' alt='Der Jordan Trail, Petra' srcset='https:\/\/tjt.travelblox.eu\/wp-content\/smush-webp\/sites\/78\/2025\/02\/TJT23_EvyVanNispen_LR-247-2-768x512.jpg.webp 768w, https:\/\/tjt.travelblox.eu\/wp-content\/smush-webp\/sites\/78\/2025\/02\/TJT23_EvyVanNispen_LR-247-2-300x200.jpg.webp 300w, https:\/\/tjt.travelblox.eu\/wp-content\/smush-webp\/sites\/78\/2025\/02\/TJT23_EvyVanNispen_LR-247-2-1024x683.jpg.webp 1024w, https:\/\/tjt.travelblox.eu\/wp-content\/smush-webp\/sites\/78\/2025\/02\/TJT23_EvyVanNispen_LR-247-2-1536x1024.jpg.webp 1536w, https:\/\/tjt.travelblox.eu\/wp-content\/smush-webp\/sites\/78\/2025\/02\/TJT23_EvyVanNispen_LR-247-2-2048x1366.jpg.webp 2048w, https:\/\/tjt.travelblox.eu\/wp-content\/smush-webp\/sites\/78\/2025\/02\/TJT23_EvyVanNispen_LR-247-2-18x12.jpg.webp 18w' sizes=\"auto, (max-width: 768px) 100vw, 768px\" loading='lazy' decoding='async' data-smush-webp-fallback=\"{&quot;src&quot;:&quot;https:\\\/\\\/tjt.travelblox.eu\\\/wp-content\\\/uploads\\\/sites\\\/78\\\/2025\\\/02\\\/TJT23_EvyVanNispen_LR-247-2-768x512.jpg&quot;,&quot;srcset&quot;:&quot;https:\\\/\\\/tjt.travelblox.eu\\\/wp-content\\\/uploads\\\/sites\\\/78\\\/2025\\\/02\\\/TJT23_EvyVanNispen_LR-247-2-768x512.jpg 768w, https:\\\/\\\/tjt.travelblox.eu\\\/wp-content\\\/uploads\\\/sites\\\/78\\\/2025\\\/02\\\/TJT23_EvyVanNispen_LR-247-2-300x200.jpg 300w, https:\\\/\\\/tjt.travelblox.eu\\\/wp-content\\\/uploads\\\/sites\\\/78\\\/2025\\\/02\\\/TJT23_EvyVanNispen_LR-247-2-1024x683.jpg 1024w, https:\\\/\\\/tjt.travelblox.eu\\\/wp-content\\\/uploads\\\/sites\\\/78\\\/2025\\\/02\\\/TJT23_EvyVanNispen_LR-247-2-1536x1024.jpg 1536w, https:\\\/\\\/tjt.travelblox.eu\\\/wp-content\\\/uploads\\\/sites\\\/78\\\/2025\\\/02\\\/TJT23_EvyVanNispen_LR-247-2-2048x1366.jpg 2048w, https:\\\/\\\/tjt.travelblox.eu\\\/wp-content\\\/uploads\\\/sites\\\/78\\\/2025\\\/02\\\/TJT23_EvyVanNispen_LR-247-2-18x12.jpg 18w&quot;}\">\t\t\t\t<\/div>\n\t\t\t\t<div class=\"tb-card-content text-part\">\n\t\t\t\t\t\t\t\t\t\t\t<h5>\t\t\t\t<i class=\"icon fa-solid fa-chart-line fa-fw\" aria-hidden=\"true\"><\/i>\n\t\t\t Distanz und H\u00f6henmeter<\/h5>\n\t\t\t\t\t\t\t\t\t\t\t\t\t\t\t\t\t<div class=\"translation-block\"><p>Du legst t\u00e4glich <strong>16\u201317 km<\/strong> zur\u00fcck. Mit einer gesunden Grundfitness ist die Strecke gut machbar. An <strong>Tag 3 und 4<\/strong> erwarten dich die meisten <strong>H\u00f6henmeter<\/strong> \u2013 mit einigen steilen Anstiegen durch T\u00e4ler und Schluchten. Die anderen Tage sind deutlich entspannter.<\/p><p><strong>Tipps:<\/strong><\/p><ul><li>Buche den <strong>Gep\u00e4cktransport<\/strong>, wenn du leichter unterwegs sein m\u00f6chtest.<\/li><li>Bereite dich mit unserem <strong>Trainingsplan<\/strong> optimal vor.<\/li><\/ul><\/div>\n\t\t\t\t\t\t\t\t\t\t\t\t\t\t\t<\/div>\n\t\t\t<\/div>\n\t\t\t\t\t<div class=\"tb-card entry tb-fade-in tb-fade-in--subtle\">\n\t\t\t\t<div class=\"tb-image-part\">\n\t\t\t\t\t<img src='https:\/\/tjt.travelblox.eu\/wp-content\/smush-webp\/sites\/78\/2025\/08\/Blogs_featured_images-1-1-768x473.jpg.webp' width='768' height='473' alt='Der Jordan Trail' srcset='https:\/\/tjt.travelblox.eu\/wp-content\/smush-webp\/sites\/78\/2025\/08\/Blogs_featured_images-1-1-768x473.jpg.webp 768w, https:\/\/tjt.travelblox.eu\/wp-content\/smush-webp\/sites\/78\/2025\/08\/Blogs_featured_images-1-1-300x185.jpg.webp 300w, https:\/\/tjt.travelblox.eu\/wp-content\/smush-webp\/sites\/78\/2025\/08\/Blogs_featured_images-1-1-1024x630.jpg.webp 1024w, https:\/\/tjt.travelblox.eu\/wp-content\/smush-webp\/sites\/78\/2025\/08\/Blogs_featured_images-1-1-18x12.jpg.webp 18w, https:\/\/tjt.travelblox.eu\/wp-content\/smush-webp\/sites\/78\/2025\/08\/Blogs_featured_images-1-1.jpg.webp 1300w' sizes=\"auto, (max-width: 768px) 100vw, 768px\" loading='lazy' decoding='async' data-smush-webp-fallback=\"{&quot;src&quot;:&quot;https:\\\/\\\/tjt.travelblox.eu\\\/wp-content\\\/uploads\\\/sites\\\/78\\\/2025\\\/08\\\/Blogs_featured_images-1-1-768x473.jpg&quot;,&quot;srcset&quot;:&quot;https:\\\/\\\/tjt.travelblox.eu\\\/wp-content\\\/uploads\\\/sites\\\/78\\\/2025\\\/08\\\/Blogs_featured_images-1-1-768x473.jpg 768w, https:\\\/\\\/tjt.travelblox.eu\\\/wp-content\\\/uploads\\\/sites\\\/78\\\/2025\\\/08\\\/Blogs_featured_images-1-1-300x185.jpg 300w, https:\\\/\\\/tjt.travelblox.eu\\\/wp-content\\\/uploads\\\/sites\\\/78\\\/2025\\\/08\\\/Blogs_featured_images-1-1-1024x630.jpg 1024w, https:\\\/\\\/tjt.travelblox.eu\\\/wp-content\\\/uploads\\\/sites\\\/78\\\/2025\\\/08\\\/Blogs_featured_images-1-1-18x12.jpg 18w, https:\\\/\\\/tjt.travelblox.eu\\\/wp-content\\\/uploads\\\/sites\\\/78\\\/2025\\\/08\\\/Blogs_featured_images-1-1.jpg 1300w&quot;}\">\t\t\t\t<\/div>\n\t\t\t\t<div class=\"tb-card-content text-part\">\n\t\t\t\t\t\t\t\t\t\t\t<h5>\t\t\t\t<i class=\"icon fa-solid fa-temperature-three-quarters fa-fw\" aria-hidden=\"true\"><\/i>\n\t\t\t Wetterbedingungen<\/h5>\n\t\t\t\t\t\t\t\t\t\t\t\t\t\t\t\t\t<div class=\"translation-block\"><p>Tags\u00fcber erwartet dich <strong>viel Sonne und warme Temperaturen<\/strong>. Abends kann es <strong>schnell abk\u00fchlen und windig<\/strong> werden \u2013 pack eine warme Schicht ein.<\/p><p><strong>Tipps:<\/strong><\/p><ul><li><strong>Sonnencreme, Hut und Sonnenbrille<\/strong> sind Pflicht.<\/li><li><strong>Trink regelm\u00e4\u00dfig<\/strong> und nimm genug Snacks mit \u2013 unsere Guides planen unterwegs ausreichend Pausen ein.<\/li><\/ul><\/div>\n\t\t\t\t\t\t\t\t\t\t\t\t\t\t\t<\/div>\n\t\t\t<\/div>\n\t\t\t\t\t<div class=\"tb-card entry tb-fade-in tb-fade-in--subtle\">\n\t\t\t\t<div class=\"tb-image-part\">\n\t\t\t\t\t<img src='https:\/\/tjt.travelblox.eu\/wp-content\/smush-webp\/sites\/78\/2026\/02\/TheJordanTrail_terrain-768x512.jpg.webp' width='768' height='512' alt='Der Jordan Trail, Wandern' srcset='https:\/\/tjt.travelblox.eu\/wp-content\/smush-webp\/sites\/78\/2026\/02\/TheJordanTrail_terrain-768x512.jpg.webp 768w, https:\/\/tjt.travelblox.eu\/wp-content\/smush-webp\/sites\/78\/2026\/02\/TheJordanTrail_terrain-300x200.jpg.webp 300w, https:\/\/tjt.travelblox.eu\/wp-content\/smush-webp\/sites\/78\/2026\/02\/TheJordanTrail_terrain-18x12.jpg.webp 18w, https:\/\/tjt.travelblox.eu\/wp-content\/smush-webp\/sites\/78\/2026\/02\/TheJordanTrail_terrain.jpg.webp 800w' sizes=\"auto, (max-width: 768px) 100vw, 768px\" loading='lazy' decoding='async' data-smush-webp-fallback=\"{&quot;src&quot;:&quot;https:\\\/\\\/tjt.travelblox.eu\\\/wp-content\\\/uploads\\\/sites\\\/78\\\/2026\\\/02\\\/TheJordanTrail_terrain-768x512.jpg&quot;,&quot;srcset&quot;:&quot;https:\\\/\\\/tjt.travelblox.eu\\\/wp-content\\\/uploads\\\/sites\\\/78\\\/2026\\\/02\\\/TheJordanTrail_terrain-768x512.jpg 768w, https:\\\/\\\/tjt.travelblox.eu\\\/wp-content\\\/uploads\\\/sites\\\/78\\\/2026\\\/02\\\/TheJordanTrail_terrain-300x200.jpg 300w, https:\\\/\\\/tjt.travelblox.eu\\\/wp-content\\\/uploads\\\/sites\\\/78\\\/2026\\\/02\\\/TheJordanTrail_terrain-18x12.jpg 18w, https:\\\/\\\/tjt.travelblox.eu\\\/wp-content\\\/uploads\\\/sites\\\/78\\\/2026\\\/02\\\/TheJordanTrail_terrain.jpg 800w&quot;}\">\t\t\t\t<\/div>\n\t\t\t\t<div class=\"tb-card-content text-part\">\n\t\t\t\t\t\t\t\t\t\t\t<h5>\t\t\t\t<i class=\"icon fa-solid fa-shoe-prints fa-fw\" aria-hidden=\"true\"><\/i>\n\t\t\t Gel\u00e4nde<\/h5>\n\t\t\t\t\t\t\t\t\t\t\t\t\t\t\t\t\t<div class=\"translation-block\"><p>An Tag 2 wanderst du durch die Wadi Ghuweir \u2013 eine Schlucht, wo du <strong>durch Wasser<\/strong> wattest und <strong>gelegentlich \u00fcber Felsen<\/strong> kletterst. Der Rest des Trails f\u00fchrt dich \u00fcber <strong>Gestein und unebenes Gel\u00e4nde<\/strong> \u2013 es gibt keinen ausgetretenen Weg.<\/p><p><strong>Tipps:<\/strong><\/p><ul><li>F\u00fcr Tag 2: <strong>robuste Wasserschuhe oder Sportschuhe<\/strong> mit gutem Grip<\/li><li>F\u00fcr den ganzen Trail: <strong>A\/B-Wanderschuhe<\/strong> mit Kn\u00f6chelschutz \u2013 und unbedingt vorher einlaufen.<\/li><\/ul><\/div>\n\t\t\t\t\t\t\t\t\t\t\t\t\t\t\t<\/div>\n\t\t\t<\/div>\n\t\t\t\t\t\t\t<\/div>\n\t\t\t\t<div class=\"tb-carousel-nav\">\n\t\t<div class=\"dots\">\n\t\t\t<div class=\"dot active\"><\/div>\n\t\t\t<div class=\"dot\"><\/div>\n\t\t\t<div class=\"dot\"><\/div>\n\t\t<\/div>\n\t\t<div class=\"arrows\">\n\t\t\t<div class=\"prev disabled\">\n\t\t\t\t<span><i class=\"fa fa-chevron-left\"><\/i><\/span>\n\t\t\t<\/div>\n\t\t\t<div class=\"next\">\n\t\t\t\t<span><i class=\"fa fa-chevron-right\"><\/i><\/span>\n\t\t\t<\/div>\n\t\t<\/div>\n\t<\/div>\n\t\t\t<\/div>\n\t<\/div>\n\t\t\t<\/div>\n\n\n\n    <div class=\"tb-calendarv2 tb-block align-center background-light pattern-none variant-none tb-collapsible-margins\" id=\"join\" data-field-packages='[{&quot;package_id&quot;:&quot;TJT-TJT&quot;,&quot;prereg_url&quot;:&quot;https:\\\/\\\/travelbase.pro.typeform.com\\\/TJT26FNLPrereg&quot;,&quot;package_summary_content&quot;:&quot;Om je inschrijving te bevestigen, vragen we je binnen de 5 dagen een voorschot van 30% te betalen. De rest betaal je ten laatste 2 maanden voor vertrek.&quot;,&quot;package_summary_inclusive&quot;:[{&quot;sub_remark&quot;:&quot;&quot;,&quot;rowid&quot;:&quot;69a05021b88e3&quot;}],&quot;rowid&quot;:&quot;68b2df3d36c07&quot;}]' data-package-ids='[\"TJT-TJT\"]' data-brands='[{&quot;type&quot;:&quot;brands&quot;,&quot;id&quot;:&quot;TJT&quot;,&quot;attributes&quot;:{&quot;name&quot;:&quot;Jordan Trail&quot;,&quot;translatableName&quot;:{&quot;de&quot;:&quot;Jordan Trail&quot;,&quot;en&quot;:&quot;The Jordan Trail&quot;,&quot;fr&quot;:&quot;Jordan Trail&quot;,&quot;nl&quot;:&quot;The Jordan Trail&quot;}}}]' data-language='de' data-allow-collapse-consecutive-sold-out-items='0' data-show-prereg-items='1' data-show-participants='0' data-show-departure-hours='0' data-no-participants-title=\"0 Teilnehmer\" data-no-participants-text=\"Es sind noch keine Teilnehmer bekannt.\" data-sold-out-cta=\"\" data-default-group-size=\"\" data-show-months-toggle=\"1\" data-show-waiting-list-buttons=\"1\" data-show-price-toggle=\"1\" data-show-quote-request=\"0\" data-sort-filter-options-by-az-order='0' data-merge-duplicate-filters='0'>\n        <div class=\"inner-block tb-fade-in tb-fade-in--subtle\">\n            <div class=\"text-part tb-fade-in tb-fade-in--subtle\">\n                                    <h2>Bereit f\u00fcr dein Wanderabenteuer in Jordanien?<\/h2>\n                                                    \t<div class=\"translation-block\"><p><strong>Registriere dich jetzt kostenlos und unverbindlich<\/strong> f\u00fcr die neue Saison im <strong>Fr\u00fchjahr 2027<\/strong> und sichere dir folgende Vorteile:<\/p><ul><li><strong>24 Stunden fr\u00fcher buchen:<\/strong> Vorregistrierte k\u00f6nnen bereits am <strong>16. September um 16:00 Uhr<\/strong> buchen.<\/li><li><strong>Fr\u00fchbucherpreis:<\/strong> Sichere dir den g\u00fcnstigsten Preis.<\/li><li><strong>Superflex-Buchungsbedingungen:<\/strong> Buche flexibel und entscheide sp\u00e4ter.<\/li><\/ul><\/div>\n\t                                                    <div class=\"tb-buttons-part\">\n                                                                            \t\t<a href=\"https:\/\/travelbase.typeform.com\/TJT27SDEPrereg\"  target=\"_blank\" data-mode=\"popup\" data-url=\"https:\/\/travelbase.pro.typeform.com\/tjt27snlprereg\" class=\"tb-button typeform-share\">\n\t\t\tF\u00fcr Fr\u00fchjahr 2027 vorregistrieren\t\t<\/a>\n\t\t\t\t\t<script>\n\t\t\t\t(function() {\n\t\t\t\t\tvar qs, js, q, s, d = document,\n\t\t\t\t\t\tgi = d.getElementById,\n\t\t\t\t\t\tce = d.createElement,\n\t\t\t\t\t\tgt = d.getElementsByTagName,\n\t\t\t\t\t\tid = \"typef_orm_share\",\n\t\t\t\t\t\tb = \"https:\/\/embed.typeform.com\/\";\n\t\t\t\t\tif (!gi.call(d, id)) {\n\t\t\t\t\t\tjs = ce.call(d, \"script\");\n\t\t\t\t\t\tjs.id = id;\n\t\t\t\t\t\tjs.src = b + \"embed.js\";\n\t\t\t\t\t\tq = gt.call(d, \"script\")[0];\n\t\t\t\t\t\tq.parentNode.insertBefore(js, q);\n\t\t\t\t\t}\n\t\t\t\t})();\n\t\t\t<\/script>\n\t\t                                                                                                                                                        \t\t<a href=\"https:\/\/thejordantrail.org\/nl\/jordan-trail-2026\/\"  target=\"_blank\" class=\"tb-buttonlink\">\n\t\t\tAngebot Herbst 2026\t\t<\/a>\n\t\t                                            <\/div>\n                            <\/div>\n\n            \n            \n<div class=\"tb-skeleton tb-skeleton--calendar-v2 tb-skeleton--inactive\">\n    <!-- <div class=\"section-toggler section-toggler--small tb-skeleton__border tb-skeleton__disabled\">\n        <div class=\"section-toggler__inner\">\n            <div class=\"section-toggler__toggle-wrapper\">\n                <div class=\"section-toggler__toggles\">\n                    <input type=\"radio\" name=\"2025\" checked>\n                    <label class=\"tb-skeleton__background tb-skeleton__border\" for=\"\"><span class=\"tb-skeleton__bone\"><span class=\"tb-skeleton__invisible-text\">2025<\/span><\/span><\/label>\n                    <input type=\"radio\" name=\"2026\">\n                    <label class=\"tb-skeleton__border\" for=\"\"><span class=\"tb-skeleton__bone\"><span class=\"tb-skeleton__invisible-text\">2026<\/span><\/span><\/label>\n                <\/div>\n            <\/div>\n        <\/div>\n    <\/div> -->\n    <div class=\"tb-calendar-v2__year\" id=\"year-section-0\">\n        <div class=\"tb-block\">\n            <div class=\"section-toggler section-toggler--fake section-toggler--blocks tb-skeleton__border tb-skeleton__disabled\">\n                <div class=\"section-toggler__inner\">\n                    <div class=\"section-toggler__toggle-wrapper\">\n                        <div class=\"section-toggler__toggles\">\n                            <input type=\"radio\" name=\"Jan\" checked>\n                            <label class=\"tb-skeleton__background tb-skeleton__border\" for=\"\"><span class=\"tb-skeleton__bone\"><span class=\"tb-skeleton__invisible-text\">Jan<\/span><\/span><\/label>\n                            <input type=\"radio\" name=\"Feb\">\n                            <label class=\"tb-skeleton__border\" for=\"\"><span class=\"tb-skeleton__bone\"><span class=\"tb-skeleton__invisible-text\">Feb<\/span><\/span><\/label>\n                            <input type=\"radio\" name=\"Mar\">\n                            <label class=\"tb-skeleton__border\" for=\"\"><span class=\"tb-skeleton__bone\"><span class=\"tb-skeleton__invisible-text\">Mar<\/span><\/span><\/label>\n                            <input type=\"radio\" name=\"Apr\">\n                            <label class=\"tb-skeleton__border\" for=\"\"><span class=\"tb-skeleton__bone\"><span class=\"tb-skeleton__invisible-text\">Apr<\/span><\/span><\/label>\n                            <input type=\"radio\" name=\"May\">\n                            <label class=\"tb-skeleton__border\" for=\"\"><span class=\"tb-skeleton__bone\"><span class=\"tb-skeleton__invisible-text\">May<\/span><\/span><\/label>\n                        <\/div>\n                    <\/div>\n                <\/div>\n            <\/div>\n            <div class=\"tb-calendar-v2__month\" id=\"year-0-month-section-0\">\n                <ul class=\"tb-calendar-v2__departures\">\n                                            <li class=\"tb-calendar-v2__departure tb-calendar-v2-departure tb-skeleton__border\" data-availability=\"free\">\n                            <div class=\"tb-calendar-v2-departure__essential\">\n                                <div class=\"tb-calendar-v2-departure__first-part\">\n                                    <div class=\"tb-calendar-v2-departure__destination desktop-only\">\n                                        <span class=\"tb-skeleton__bone\"><span class=\"tb-skeleton__invisible-text\"><strong>Beispielreise<\/strong><\/span><\/span>\n                                    <\/div>\n                                    <div class=\"tb-calendar-v2-departure__dates\">\n                                        <div class=\"tb-calendar-v2-departure__startdate\">\n                                            <span class=\"tb-skeleton__bone\"><span class=\"tb-skeleton__invisible-text\">Montag<\/span><\/span>\n                                            <span class=\"tb-skeleton__bone\"><span class=\"tb-skeleton__invisible-text\"><strong>20. Jan 2025<\/strong><\/span><\/span>\n                                        <\/div>\n                                        <span class=\"tb-skeleton__bone\"><span class=\"tb-skeleton__invisible-text\"><i class=\"fa-solid fa-arrow-right\"><\/i><\/span><\/span>\n                                        <div class=\"tb-calendar-v2-departure__enddate\">\n                                            <span class=\"tb-skeleton__bone\"><span class=\"tb-skeleton__invisible-text\">Sonntag<\/span><\/span>\n                                            <span class=\"tb-skeleton__bone\"><span class=\"tb-skeleton__invisible-text\"><strong>26. Jan 2025<\/strong><\/span><\/span>\n                                        <\/div>\n                                    <\/div>\n                                    <div class=\"tb-calendar-v2-departure__divider desktop-only tb-skeleton__bone\"><\/div>\n                                    <div class=\"tb-calendar-v2-departure__availability desktop-only\" data-availability=\"free\"><strong>\n                                            <span class=\"tb-skeleton__bone\"><span class=\"tb-skeleton__invisible-text\">Verf\u00fcgbar<\/span><\/span>\n                                        <\/strong><\/div>\n                                    <div class=\"tb-calendar-v2-departure__spots desktop-only\">\n                                        <span class=\"tb-skeleton__bone\"><span class=\"tb-skeleton__invisible-text\">\n                                                                                             <\/span><\/span>\n                                    <\/div>\n                                <\/div>\n                                <div class=\"tb-calendar-v2-departure__last-part\">\n                                    <div class=\"tb-calendar-v2-departure__price\"><span class=\"tb-skeleton__bone\"><span class=\"tb-skeleton__invisible-text\"><strong>\u20ac 1450<\/strong><\/span><\/span><\/div>\n                                    <div class=\"tb-calendar-v2-departure__availability mobile-only\" data-availability=\"free\">\n                                        <strong>\n                                            <span class=\"tb-skeleton__bone\"><span class=\"tb-skeleton__invisible-text\">Verf\u00fcgbar<\/span><\/span>\n                                        <\/strong>\n                                    <\/div>\n                                    <div class=\"tb-calendar-v2-departure__expand-button tb-skeleton__disabled desktop-only\" disabled>\n                                        <span class=\"tb-skeleton__bone\"><span class=\"tb-skeleton__invisible-text\"><i class=\"fa-solid fa-chevron-down\"><\/i><\/span><\/span>\n                                    <\/div>\n                                <\/div>\n                            <\/div>\n                            <div class=\"tb-calendar-v2-departure__divider mobile-only tb-skeleton__bone\"><\/div>\n                            <div class=\"tb-calendar-v2-departure__expand-button mobile-only tb-skeleton__disabled\" disabled>\n                                <span class=\"tb-skeleton__bone\"><span class=\"tb-skeleton__invisible-text\"><span class=\"more-info\">Mehr Infos<\/span> <span class=\"less-info\">Weniger Infos<\/span> <i class=\"fa-solid fa-chevron-down\"><\/i><\/span><\/span>\n                            <\/div>\n                        <\/li>\n                                            <li class=\"tb-calendar-v2__departure tb-calendar-v2-departure tb-skeleton__border\" data-availability=\"free\">\n                            <div class=\"tb-calendar-v2-departure__essential\">\n                                <div class=\"tb-calendar-v2-departure__first-part\">\n                                    <div class=\"tb-calendar-v2-departure__destination desktop-only\">\n                                        <span class=\"tb-skeleton__bone\"><span class=\"tb-skeleton__invisible-text\"><strong>Beispielreise<\/strong><\/span><\/span>\n                                    <\/div>\n                                    <div class=\"tb-calendar-v2-departure__dates\">\n                                        <div class=\"tb-calendar-v2-departure__startdate\">\n                                            <span class=\"tb-skeleton__bone\"><span class=\"tb-skeleton__invisible-text\">Montag<\/span><\/span>\n                                            <span class=\"tb-skeleton__bone\"><span class=\"tb-skeleton__invisible-text\"><strong>20. Jan 2025<\/strong><\/span><\/span>\n                                        <\/div>\n                                        <span class=\"tb-skeleton__bone\"><span class=\"tb-skeleton__invisible-text\"><i class=\"fa-solid fa-arrow-right\"><\/i><\/span><\/span>\n                                        <div class=\"tb-calendar-v2-departure__enddate\">\n                                            <span class=\"tb-skeleton__bone\"><span class=\"tb-skeleton__invisible-text\">Sonntag<\/span><\/span>\n                                            <span class=\"tb-skeleton__bone\"><span class=\"tb-skeleton__invisible-text\"><strong>26. Jan 2025<\/strong><\/span><\/span>\n                                        <\/div>\n                                    <\/div>\n                                    <div class=\"tb-calendar-v2-departure__divider desktop-only tb-skeleton__bone\"><\/div>\n                                    <div class=\"tb-calendar-v2-departure__availability desktop-only\" data-availability=\"free\"><strong>\n                                            <span class=\"tb-skeleton__bone\"><span class=\"tb-skeleton__invisible-text\">Verf\u00fcgbar<\/span><\/span>\n                                        <\/strong><\/div>\n                                    <div class=\"tb-calendar-v2-departure__spots desktop-only\">\n                                        <span class=\"tb-skeleton__bone\"><span class=\"tb-skeleton__invisible-text\">\n                                                                                             <\/span><\/span>\n                                    <\/div>\n                                <\/div>\n                                <div class=\"tb-calendar-v2-departure__last-part\">\n                                    <div class=\"tb-calendar-v2-departure__price\"><span class=\"tb-skeleton__bone\"><span class=\"tb-skeleton__invisible-text\"><strong>\u20ac 1450<\/strong><\/span><\/span><\/div>\n                                    <div class=\"tb-calendar-v2-departure__availability mobile-only\" data-availability=\"free\">\n                                        <strong>\n                                            <span class=\"tb-skeleton__bone\"><span class=\"tb-skeleton__invisible-text\">Verf\u00fcgbar<\/span><\/span>\n                                        <\/strong>\n                                    <\/div>\n                                    <div class=\"tb-calendar-v2-departure__expand-button tb-skeleton__disabled desktop-only\" disabled>\n                                        <span class=\"tb-skeleton__bone\"><span class=\"tb-skeleton__invisible-text\"><i class=\"fa-solid fa-chevron-down\"><\/i><\/span><\/span>\n                                    <\/div>\n                                <\/div>\n                            <\/div>\n                            <div class=\"tb-calendar-v2-departure__divider mobile-only tb-skeleton__bone\"><\/div>\n                            <div class=\"tb-calendar-v2-departure__expand-button mobile-only tb-skeleton__disabled\" disabled>\n                                <span class=\"tb-skeleton__bone\"><span class=\"tb-skeleton__invisible-text\"><span class=\"more-info\">Mehr Infos<\/span> <span class=\"less-info\">Weniger Infos<\/span> <i class=\"fa-solid fa-chevron-down\"><\/i><\/span><\/span>\n                            <\/div>\n                        <\/li>\n                                            <li class=\"tb-calendar-v2__departure tb-calendar-v2-departure tb-skeleton__border\" data-availability=\"free\">\n                            <div class=\"tb-calendar-v2-departure__essential\">\n                                <div class=\"tb-calendar-v2-departure__first-part\">\n                                    <div class=\"tb-calendar-v2-departure__destination desktop-only\">\n                                        <span class=\"tb-skeleton__bone\"><span class=\"tb-skeleton__invisible-text\"><strong>Beispielreise<\/strong><\/span><\/span>\n                                    <\/div>\n                                    <div class=\"tb-calendar-v2-departure__dates\">\n                                        <div class=\"tb-calendar-v2-departure__startdate\">\n                                            <span class=\"tb-skeleton__bone\"><span class=\"tb-skeleton__invisible-text\">Montag<\/span><\/span>\n                                            <span class=\"tb-skeleton__bone\"><span class=\"tb-skeleton__invisible-text\"><strong>20. Jan 2025<\/strong><\/span><\/span>\n                                        <\/div>\n                                        <span class=\"tb-skeleton__bone\"><span class=\"tb-skeleton__invisible-text\"><i class=\"fa-solid fa-arrow-right\"><\/i><\/span><\/span>\n                                        <div class=\"tb-calendar-v2-departure__enddate\">\n                                            <span class=\"tb-skeleton__bone\"><span class=\"tb-skeleton__invisible-text\">Sonntag<\/span><\/span>\n                                            <span class=\"tb-skeleton__bone\"><span class=\"tb-skeleton__invisible-text\"><strong>26. Jan 2025<\/strong><\/span><\/span>\n                                        <\/div>\n                                    <\/div>\n                                    <div class=\"tb-calendar-v2-departure__divider desktop-only tb-skeleton__bone\"><\/div>\n                                    <div class=\"tb-calendar-v2-departure__availability desktop-only\" data-availability=\"free\"><strong>\n                                            <span class=\"tb-skeleton__bone\"><span class=\"tb-skeleton__invisible-text\">Verf\u00fcgbar<\/span><\/span>\n                                        <\/strong><\/div>\n                                    <div class=\"tb-calendar-v2-departure__spots desktop-only\">\n                                        <span class=\"tb-skeleton__bone\"><span class=\"tb-skeleton__invisible-text\">\n                                                                                             <\/span><\/span>\n                                    <\/div>\n                                <\/div>\n                                <div class=\"tb-calendar-v2-departure__last-part\">\n                                    <div class=\"tb-calendar-v2-departure__price\"><span class=\"tb-skeleton__bone\"><span class=\"tb-skeleton__invisible-text\"><strong>\u20ac 1450<\/strong><\/span><\/span><\/div>\n                                    <div class=\"tb-calendar-v2-departure__availability mobile-only\" data-availability=\"free\">\n                                        <strong>\n                                            <span class=\"tb-skeleton__bone\"><span class=\"tb-skeleton__invisible-text\">Verf\u00fcgbar<\/span><\/span>\n                                        <\/strong>\n                                    <\/div>\n                                    <div class=\"tb-calendar-v2-departure__expand-button tb-skeleton__disabled desktop-only\" disabled>\n                                        <span class=\"tb-skeleton__bone\"><span class=\"tb-skeleton__invisible-text\"><i class=\"fa-solid fa-chevron-down\"><\/i><\/span><\/span>\n                                    <\/div>\n                                <\/div>\n                            <\/div>\n                            <div class=\"tb-calendar-v2-departure__divider mobile-only tb-skeleton__bone\"><\/div>\n                            <div class=\"tb-calendar-v2-departure__expand-button mobile-only tb-skeleton__disabled\" disabled>\n                                <span class=\"tb-skeleton__bone\"><span class=\"tb-skeleton__invisible-text\"><span class=\"more-info\">Mehr Infos<\/span> <span class=\"less-info\">Weniger Infos<\/span> <i class=\"fa-solid fa-chevron-down\"><\/i><\/span><\/span>\n                            <\/div>\n                        <\/li>\n                                            <li class=\"tb-calendar-v2__departure tb-calendar-v2-departure tb-skeleton__border\" data-availability=\"free\">\n                            <div class=\"tb-calendar-v2-departure__essential\">\n                                <div class=\"tb-calendar-v2-departure__first-part\">\n                                    <div class=\"tb-calendar-v2-departure__destination desktop-only\">\n                                        <span class=\"tb-skeleton__bone\"><span class=\"tb-skeleton__invisible-text\"><strong>Beispielreise<\/strong><\/span><\/span>\n                                    <\/div>\n                                    <div class=\"tb-calendar-v2-departure__dates\">\n                                        <div class=\"tb-calendar-v2-departure__startdate\">\n                                            <span class=\"tb-skeleton__bone\"><span class=\"tb-skeleton__invisible-text\">Montag<\/span><\/span>\n                                            <span class=\"tb-skeleton__bone\"><span class=\"tb-skeleton__invisible-text\"><strong>20. Jan 2025<\/strong><\/span><\/span>\n                                        <\/div>\n                                        <span class=\"tb-skeleton__bone\"><span class=\"tb-skeleton__invisible-text\"><i class=\"fa-solid fa-arrow-right\"><\/i><\/span><\/span>\n                                        <div class=\"tb-calendar-v2-departure__enddate\">\n                                            <span class=\"tb-skeleton__bone\"><span class=\"tb-skeleton__invisible-text\">Sonntag<\/span><\/span>\n                                            <span class=\"tb-skeleton__bone\"><span class=\"tb-skeleton__invisible-text\"><strong>26. Jan 2025<\/strong><\/span><\/span>\n                                        <\/div>\n                                    <\/div>\n                                    <div class=\"tb-calendar-v2-departure__divider desktop-only tb-skeleton__bone\"><\/div>\n                                    <div class=\"tb-calendar-v2-departure__availability desktop-only\" data-availability=\"free\"><strong>\n                                            <span class=\"tb-skeleton__bone\"><span class=\"tb-skeleton__invisible-text\">Verf\u00fcgbar<\/span><\/span>\n                                        <\/strong><\/div>\n                                    <div class=\"tb-calendar-v2-departure__spots desktop-only\">\n                                        <span class=\"tb-skeleton__bone\"><span class=\"tb-skeleton__invisible-text\">\n                                                                                             <\/span><\/span>\n                                    <\/div>\n                                <\/div>\n                                <div class=\"tb-calendar-v2-departure__last-part\">\n                                    <div class=\"tb-calendar-v2-departure__price\"><span class=\"tb-skeleton__bone\"><span class=\"tb-skeleton__invisible-text\"><strong>\u20ac 1450<\/strong><\/span><\/span><\/div>\n                                    <div class=\"tb-calendar-v2-departure__availability mobile-only\" data-availability=\"free\">\n                                        <strong>\n                                            <span class=\"tb-skeleton__bone\"><span class=\"tb-skeleton__invisible-text\">Verf\u00fcgbar<\/span><\/span>\n                                        <\/strong>\n                                    <\/div>\n                                    <div class=\"tb-calendar-v2-departure__expand-button tb-skeleton__disabled desktop-only\" disabled>\n                                        <span class=\"tb-skeleton__bone\"><span class=\"tb-skeleton__invisible-text\"><i class=\"fa-solid fa-chevron-down\"><\/i><\/span><\/span>\n                                    <\/div>\n                                <\/div>\n                            <\/div>\n                            <div class=\"tb-calendar-v2-departure__divider mobile-only tb-skeleton__bone\"><\/div>\n                            <div class=\"tb-calendar-v2-departure__expand-button mobile-only tb-skeleton__disabled\" disabled>\n                                <span class=\"tb-skeleton__bone\"><span class=\"tb-skeleton__invisible-text\"><span class=\"more-info\">Mehr Infos<\/span> <span class=\"less-info\">Weniger Infos<\/span> <i class=\"fa-solid fa-chevron-down\"><\/i><\/span><\/span>\n                            <\/div>\n                        <\/li>\n                                            <li class=\"tb-calendar-v2__departure tb-calendar-v2-departure tb-skeleton__border\" data-availability=\"free\">\n                            <div class=\"tb-calendar-v2-departure__essential\">\n                                <div class=\"tb-calendar-v2-departure__first-part\">\n                                    <div class=\"tb-calendar-v2-departure__destination desktop-only\">\n                                        <span class=\"tb-skeleton__bone\"><span class=\"tb-skeleton__invisible-text\"><strong>Beispielreise<\/strong><\/span><\/span>\n                                    <\/div>\n                                    <div class=\"tb-calendar-v2-departure__dates\">\n                                        <div class=\"tb-calendar-v2-departure__startdate\">\n                                            <span class=\"tb-skeleton__bone\"><span class=\"tb-skeleton__invisible-text\">Montag<\/span><\/span>\n                                            <span class=\"tb-skeleton__bone\"><span class=\"tb-skeleton__invisible-text\"><strong>20. Jan 2025<\/strong><\/span><\/span>\n                                        <\/div>\n                                        <span class=\"tb-skeleton__bone\"><span class=\"tb-skeleton__invisible-text\"><i class=\"fa-solid fa-arrow-right\"><\/i><\/span><\/span>\n                                        <div class=\"tb-calendar-v2-departure__enddate\">\n                                            <span class=\"tb-skeleton__bone\"><span class=\"tb-skeleton__invisible-text\">Sonntag<\/span><\/span>\n                                            <span class=\"tb-skeleton__bone\"><span class=\"tb-skeleton__invisible-text\"><strong>26. Jan 2025<\/strong><\/span><\/span>\n                                        <\/div>\n                                    <\/div>\n                                    <div class=\"tb-calendar-v2-departure__divider desktop-only tb-skeleton__bone\"><\/div>\n                                    <div class=\"tb-calendar-v2-departure__availability desktop-only\" data-availability=\"free\"><strong>\n                                            <span class=\"tb-skeleton__bone\"><span class=\"tb-skeleton__invisible-text\">Verf\u00fcgbar<\/span><\/span>\n                                        <\/strong><\/div>\n                                    <div class=\"tb-calendar-v2-departure__spots desktop-only\">\n                                        <span class=\"tb-skeleton__bone\"><span class=\"tb-skeleton__invisible-text\">\n                                                                                             <\/span><\/span>\n                                    <\/div>\n                                <\/div>\n                                <div class=\"tb-calendar-v2-departure__last-part\">\n                                    <div class=\"tb-calendar-v2-departure__price\"><span class=\"tb-skeleton__bone\"><span class=\"tb-skeleton__invisible-text\"><strong>\u20ac 1450<\/strong><\/span><\/span><\/div>\n                                    <div class=\"tb-calendar-v2-departure__availability mobile-only\" data-availability=\"free\">\n                                        <strong>\n                                            <span class=\"tb-skeleton__bone\"><span class=\"tb-skeleton__invisible-text\">Verf\u00fcgbar<\/span><\/span>\n                                        <\/strong>\n                                    <\/div>\n                                    <div class=\"tb-calendar-v2-departure__expand-button tb-skeleton__disabled desktop-only\" disabled>\n                                        <span class=\"tb-skeleton__bone\"><span class=\"tb-skeleton__invisible-text\"><i class=\"fa-solid fa-chevron-down\"><\/i><\/span><\/span>\n                                    <\/div>\n                                <\/div>\n                            <\/div>\n                            <div class=\"tb-calendar-v2-departure__divider mobile-only tb-skeleton__bone\"><\/div>\n                            <div class=\"tb-calendar-v2-departure__expand-button mobile-only tb-skeleton__disabled\" disabled>\n                                <span class=\"tb-skeleton__bone\"><span class=\"tb-skeleton__invisible-text\"><span class=\"more-info\">Mehr Infos<\/span> <span class=\"less-info\">Weniger Infos<\/span> <i class=\"fa-solid fa-chevron-down\"><\/i><\/span><\/span>\n                            <\/div>\n                        <\/li>\n                                            <li class=\"tb-calendar-v2__departure tb-calendar-v2-departure tb-skeleton__border\" data-availability=\"free\">\n                            <div class=\"tb-calendar-v2-departure__essential\">\n                                <div class=\"tb-calendar-v2-departure__first-part\">\n                                    <div class=\"tb-calendar-v2-departure__destination desktop-only\">\n                                        <span class=\"tb-skeleton__bone\"><span class=\"tb-skeleton__invisible-text\"><strong>Beispielreise<\/strong><\/span><\/span>\n                                    <\/div>\n                                    <div class=\"tb-calendar-v2-departure__dates\">\n                                        <div class=\"tb-calendar-v2-departure__startdate\">\n                                            <span class=\"tb-skeleton__bone\"><span class=\"tb-skeleton__invisible-text\">Montag<\/span><\/span>\n                                            <span class=\"tb-skeleton__bone\"><span class=\"tb-skeleton__invisible-text\"><strong>20. Jan 2025<\/strong><\/span><\/span>\n                                        <\/div>\n                                        <span class=\"tb-skeleton__bone\"><span class=\"tb-skeleton__invisible-text\"><i class=\"fa-solid fa-arrow-right\"><\/i><\/span><\/span>\n                                        <div class=\"tb-calendar-v2-departure__enddate\">\n                                            <span class=\"tb-skeleton__bone\"><span class=\"tb-skeleton__invisible-text\">Sonntag<\/span><\/span>\n                                            <span class=\"tb-skeleton__bone\"><span class=\"tb-skeleton__invisible-text\"><strong>26. Jan 2025<\/strong><\/span><\/span>\n                                        <\/div>\n                                    <\/div>\n                                    <div class=\"tb-calendar-v2-departure__divider desktop-only tb-skeleton__bone\"><\/div>\n                                    <div class=\"tb-calendar-v2-departure__availability desktop-only\" data-availability=\"free\"><strong>\n                                            <span class=\"tb-skeleton__bone\"><span class=\"tb-skeleton__invisible-text\">Verf\u00fcgbar<\/span><\/span>\n                                        <\/strong><\/div>\n                                    <div class=\"tb-calendar-v2-departure__spots desktop-only\">\n                                        <span class=\"tb-skeleton__bone\"><span class=\"tb-skeleton__invisible-text\">\n                                                                                             <\/span><\/span>\n                                    <\/div>\n                                <\/div>\n                                <div class=\"tb-calendar-v2-departure__last-part\">\n                                    <div class=\"tb-calendar-v2-departure__price\"><span class=\"tb-skeleton__bone\"><span class=\"tb-skeleton__invisible-text\"><strong>\u20ac 1450<\/strong><\/span><\/span><\/div>\n                                    <div class=\"tb-calendar-v2-departure__availability mobile-only\" data-availability=\"free\">\n                                        <strong>\n                                            <span class=\"tb-skeleton__bone\"><span class=\"tb-skeleton__invisible-text\">Verf\u00fcgbar<\/span><\/span>\n                                        <\/strong>\n                                    <\/div>\n                                    <div class=\"tb-calendar-v2-departure__expand-button tb-skeleton__disabled desktop-only\" disabled>\n                                        <span class=\"tb-skeleton__bone\"><span class=\"tb-skeleton__invisible-text\"><i class=\"fa-solid fa-chevron-down\"><\/i><\/span><\/span>\n                                    <\/div>\n                                <\/div>\n                            <\/div>\n                            <div class=\"tb-calendar-v2-departure__divider mobile-only tb-skeleton__bone\"><\/div>\n                            <div class=\"tb-calendar-v2-departure__expand-button mobile-only tb-skeleton__disabled\" disabled>\n                                <span class=\"tb-skeleton__bone\"><span class=\"tb-skeleton__invisible-text\"><span class=\"more-info\">Mehr Infos<\/span> <span class=\"less-info\">Weniger Infos<\/span> <i class=\"fa-solid fa-chevron-down\"><\/i><\/span><\/span>\n                            <\/div>\n                        <\/li>\n                                    <\/ul>\n            <\/div>\n        <\/div>\n    <\/div>\n<\/div>            <div class=\"tb-calendar-v2 tb-sections\" data-calendar-data=\"{&quot;packages&quot;:[{&quot;type&quot;:&quot;packages&quot;,&quot;id&quot;:&quot;TJT-TJT&quot;,&quot;attributes&quot;:{&quot;name&quot;:&quot;The Jordan Trail&quot;,&quot;destinationName&quot;:&quot;Jordan&quot;,&quot;destinationTitle&quot;:{&quot;de&quot;:&quot;Jordan&quot;,&quot;en&quot;:&quot;Jordan&quot;,&quot;fr&quot;:&quot;Jordan&quot;,&quot;nl&quot;:&quot;Jordan&quot;},&quot;destinationCountry&quot;:&quot;JO&quot;,&quot;status&quot;:&quot;active&quot;,&quot;sortOrder&quot;:null,&quot;updatedAt&quot;:&quot;2026-08-31T17:16:20.000000Z&quot;,&quot;inclusives&quot;:[&quot;4 \\u00dcbernachtungen im Zelt mitten in der Natur&quot;,&quot;2 Hotel\\u00fcbernachtungen in Madaba und Petra&quot;,&quot;Alle Shuttle-Transfers w\\u00e4hrend des Trails&quot;,&quot;Erfahrene Travelbase- und lokale Guides&quot;,&quot;Die Travelbase Trailapp mit Route, Tipps und praktischen Infos&quot;,&quot;5 Wandertage auf dem legend\\u00e4ren Jordan Trail&quot;]},&quot;relationships&quot;:{&quot;brand&quot;:{&quot;data&quot;:{&quot;type&quot;:&quot;brands&quot;,&quot;id&quot;:&quot;TJT&quot;}}}}],&quot;brands&quot;:[{&quot;type&quot;:&quot;brands&quot;,&quot;id&quot;:&quot;TJT&quot;,&quot;attributes&quot;:{&quot;name&quot;:&quot;Jordan Trail&quot;,&quot;translatableName&quot;:{&quot;de&quot;:&quot;Jordan Trail&quot;,&quot;en&quot;:&quot;The Jordan Trail&quot;,&quot;fr&quot;:&quot;Jordan Trail&quot;,&quot;nl&quot;:&quot;The Jordan Trail&quot;}}}],&quot;departures&quot;:[{&quot;type&quot;:&quot;departures&quot;,&quot;id&quot;:&quot;t11690&quot;,&quot;attributes&quot;:{&quot;name&quot;:&quot;TJT26A-W42-WED&quot;,&quot;start&quot;:&quot;2026-10-14T10:00:00.000000Z&quot;,&quot;end&quot;:&quot;2026-10-21T12:00:00.000000Z&quot;,&quot;cheapestPrice&quot;:605,&quot;languages&quot;:[&quot;nl&quot;,&quot;fr&quot;,&quot;en&quot;,&quot;de&quot;],&quot;availableSpots&quot;:0,&quot;bookedSpots&quot;:20,&quot;fakeLabel&quot;:&quot;sold out&quot;,&quot;availabilityLabel&quot;:&quot;sold out&quot;,&quot;promoLabel&quot;:&quot;&quot;,&quot;status&quot;:&quot;active&quot;,&quot;calendarToggles&quot;:[{&quot;value&quot;:&quot;Amsterdam&quot;,&quot;label&quot;:{&quot;en&quot;:&quot;Flights from Amsterdam + shuttle&quot;,&quot;nl&quot;:&quot;Heen- en retourvlucht Amsterdam&quot;,&quot;fr&quot;:&quot;Vols + navette depuis Amsterdam&quot;,&quot;de&quot;:&quot;Fl\\u00fcge ab Amsterdam &quot;},&quot;price&quot;:false,&quot;status&quot;:&quot;sold_out&quot;,&quot;language_hidden&quot;:[&quot;fr&quot;,&quot;de&quot;],&quot;startIncrement&quot;:0,&quot;endIncrement&quot;:0,&quot;var_name&quot;:&quot;flight_copy&quot;,&quot;category_label&quot;:{&quot;en&quot;:&quot;Flights&quot;,&quot;nl&quot;:&quot;Vluchten&quot;,&quot;fr&quot;:&quot;Vols&quot;,&quot;de&quot;:&quot;Fl\\u00fcge&quot;}},{&quot;value&quot;:&quot;Brussels&quot;,&quot;label&quot;:{&quot;en&quot;:&quot;Flights from Brussels + shuttles&quot;,&quot;nl&quot;:&quot;Heen- en retourvlucht Brussel&quot;,&quot;fr&quot;:&quot;Vols + navette depuis Bruxelles&quot;,&quot;de&quot;:&quot;Fl\\u00fcge ab Br\\u00fcssel &quot;},&quot;price&quot;:false,&quot;status&quot;:&quot;disabled&quot;,&quot;language_hidden&quot;:[&quot;de&quot;],&quot;startIncrement&quot;:0,&quot;endIncrement&quot;:0,&quot;var_name&quot;:&quot;flight_copy&quot;,&quot;category_label&quot;:{&quot;en&quot;:&quot;Flights&quot;,&quot;nl&quot;:&quot;Vluchten&quot;,&quot;fr&quot;:&quot;Vols&quot;,&quot;de&quot;:&quot;Fl\\u00fcge&quot;}},{&quot;value&quot;:&quot;Paris&quot;,&quot;label&quot;:{&quot;en&quot;:&quot;Flights from Paris + airport transfer&quot;,&quot;nl&quot;:&quot;Heen- en retourvlucht Parijs&quot;,&quot;fr&quot;:&quot;Vols + navette depuis Paris&quot;,&quot;de&quot;:&quot;Fl\\u00fcge ab Paris &quot;},&quot;price&quot;:560,&quot;status&quot;:&quot;available&quot;,&quot;language_hidden&quot;:[&quot;nl&quot;,&quot;de&quot;],&quot;startIncrement&quot;:0,&quot;endIncrement&quot;:0,&quot;var_name&quot;:&quot;flight_copy&quot;,&quot;category_label&quot;:{&quot;en&quot;:&quot;Flights&quot;,&quot;nl&quot;:&quot;Vluchten&quot;,&quot;fr&quot;:&quot;Vols&quot;,&quot;de&quot;:&quot;Fl\\u00fcge&quot;}},{&quot;value&quot;:&quot;D\\u00fcsseldorf&quot;,&quot;label&quot;:{&quot;en&quot;:&quot;Flights from D\\u00fcsseldorf + airport shuttle&quot;,&quot;nl&quot;:&quot;Heen- en retourvlucht D\\u00fcsseldorf&quot;,&quot;fr&quot;:&quot;Vols + navette depuis Dusseldorf&quot;,&quot;de&quot;:&quot;Fl\\u00fcge ab D\\u00fcsseldorf &quot;},&quot;price&quot;:550,&quot;status&quot;:&quot;available&quot;,&quot;language_hidden&quot;:[&quot;fr&quot;],&quot;startIncrement&quot;:0,&quot;endIncrement&quot;:0,&quot;var_name&quot;:&quot;flight_copy&quot;,&quot;category_label&quot;:{&quot;en&quot;:&quot;Flights&quot;,&quot;nl&quot;:&quot;Vluchten&quot;,&quot;fr&quot;:&quot;Vols&quot;,&quot;de&quot;:&quot;Fl\\u00fcge&quot;}},{&quot;value&quot;:&quot;Berlin&quot;,&quot;label&quot;:{&quot;en&quot;:&quot;Flights from Berlin + airport shuttles&quot;,&quot;nl&quot;:&quot;Heen- en retourvlucht Berlijn&quot;,&quot;fr&quot;:&quot;Vols + navettes depuis Berlin&quot;,&quot;de&quot;:&quot;Fl\\u00fcge ab Berlin &quot;},&quot;price&quot;:444,&quot;status&quot;:&quot;available&quot;,&quot;language_hidden&quot;:[&quot;nl&quot;,&quot;fr&quot;,&quot;en&quot;],&quot;startIncrement&quot;:0,&quot;endIncrement&quot;:0,&quot;var_name&quot;:&quot;flight_copy&quot;,&quot;category_label&quot;:{&quot;en&quot;:&quot;Flights&quot;,&quot;nl&quot;:&quot;Vluchten&quot;,&quot;fr&quot;:&quot;Vols&quot;,&quot;de&quot;:&quot;Fl\\u00fcge&quot;}},{&quot;value&quot;:&quot;Frankfurt&quot;,&quot;label&quot;:{&quot;en&quot;:&quot;Flights from Frankfurt + airport shuttles&quot;,&quot;nl&quot;:&quot;Heen- en retourvlucht Frankfurt&quot;,&quot;fr&quot;:&quot;Vols + navettes depuis Francfort&quot;,&quot;de&quot;:&quot;Fl\\u00fcge ab Frankfurt &quot;},&quot;price&quot;:550,&quot;status&quot;:&quot;available&quot;,&quot;language_hidden&quot;:[&quot;nl&quot;,&quot;fr&quot;,&quot;en&quot;],&quot;startIncrement&quot;:0,&quot;endIncrement&quot;:0,&quot;var_name&quot;:&quot;flight_copy&quot;,&quot;category_label&quot;:{&quot;en&quot;:&quot;Flights&quot;,&quot;nl&quot;:&quot;Vluchten&quot;,&quot;fr&quot;:&quot;Vols&quot;,&quot;de&quot;:&quot;Fl\\u00fcge&quot;}},{&quot;value&quot;:&quot;Hamburg&quot;,&quot;label&quot;:{&quot;en&quot;:&quot;Round trip flight to Hamburg&quot;,&quot;nl&quot;:&quot;Heen- en retourvlucht Hamburg&quot;,&quot;fr&quot;:&quot;Vols + navettes depuis Hambourg&quot;,&quot;de&quot;:&quot;Fl\\u00fcge ab Hamburg&quot;},&quot;price&quot;:836,&quot;status&quot;:&quot;available&quot;,&quot;language_hidden&quot;:[&quot;nl&quot;,&quot;fr&quot;,&quot;en&quot;],&quot;startIncrement&quot;:0,&quot;endIncrement&quot;:0,&quot;var_name&quot;:&quot;flight_copy&quot;,&quot;category_label&quot;:{&quot;en&quot;:&quot;Flights&quot;,&quot;nl&quot;:&quot;Vluchten&quot;,&quot;fr&quot;:&quot;Vols&quot;,&quot;de&quot;:&quot;Fl\\u00fcge&quot;}},{&quot;value&quot;:&quot;M\\u00fcnchen&quot;,&quot;label&quot;:{&quot;en&quot;:&quot;Round-trip flight to Munich&quot;,&quot;nl&quot;:&quot;Heen- en retourvlucht M\\u00fcnchen&quot;,&quot;fr&quot;:&quot;Vols + navettes depuisMunich&quot;,&quot;de&quot;:&quot;Fl\\u00fcge ab M\\u00fcnchen&quot;},&quot;price&quot;:687,&quot;status&quot;:&quot;available&quot;,&quot;language_hidden&quot;:[&quot;nl&quot;,&quot;fr&quot;,&quot;en&quot;],&quot;startIncrement&quot;:0,&quot;endIncrement&quot;:0,&quot;var_name&quot;:&quot;flight_copy&quot;,&quot;category_label&quot;:{&quot;en&quot;:&quot;Flights&quot;,&quot;nl&quot;:&quot;Vluchten&quot;,&quot;fr&quot;:&quot;Vols&quot;,&quot;de&quot;:&quot;Fl\\u00fcge&quot;}},{&quot;value&quot;:&quot;No flights&quot;,&quot;label&quot;:{&quot;en&quot;:&quot;No flights&quot;,&quot;nl&quot;:&quot;Zonder vluchten&quot;,&quot;fr&quot;:&quot;Pas de vol&quot;,&quot;de&quot;:&quot;Keine Fl\\u00fcge&quot;},&quot;price&quot;:0,&quot;status&quot;:&quot;available&quot;,&quot;language_hidden&quot;:[],&quot;startIncrement&quot;:0,&quot;endIncrement&quot;:0,&quot;var_name&quot;:&quot;flight_copy&quot;,&quot;category_label&quot;:{&quot;en&quot;:&quot;Flights&quot;,&quot;nl&quot;:&quot;Vluchten&quot;,&quot;fr&quot;:&quot;Vols&quot;,&quot;de&quot;:&quot;Fl\\u00fcge&quot;}}],&quot;bookable&quot;:false,&quot;bookingUrl&quot;:&quot;https:\\\/\\\/booking.travelbase.eu\\\/tjt26a\\\/book?trip=11690&quot;,&quot;packageId&quot;:&quot;TJT-TJT&quot;,&quot;sourceOfTruth&quot;:&quot;legacy&quot;,&quot;hasTime&quot;:true,&quot;quoteUrl&quot;:&quot;https:\\\/\\\/booking.travelbase.eu\\\/tjt26a\\\/offer?trip=11690&quot;}},{&quot;type&quot;:&quot;departures&quot;,&quot;id&quot;:&quot;t11691&quot;,&quot;attributes&quot;:{&quot;name&quot;:&quot;TJT26A-W43-WED&quot;,&quot;start&quot;:&quot;2026-10-21T10:00:00.000000Z&quot;,&quot;end&quot;:&quot;2026-10-28T13:00:00.000000Z&quot;,&quot;cheapestPrice&quot;:605,&quot;languages&quot;:[&quot;nl&quot;,&quot;fr&quot;,&quot;en&quot;,&quot;de&quot;],&quot;availableSpots&quot;:7,&quot;bookedSpots&quot;:13,&quot;fakeLabel&quot;:&quot;last stock&quot;,&quot;availabilityLabel&quot;:&quot;last spots&quot;,&quot;promoLabel&quot;:&quot;&quot;,&quot;status&quot;:&quot;active&quot;,&quot;calendarToggles&quot;:[{&quot;value&quot;:&quot;Amsterdam&quot;,&quot;label&quot;:{&quot;en&quot;:&quot;Flights from Amsterdam + shuttle&quot;,&quot;nl&quot;:&quot;Heen- en retourvlucht Amsterdam&quot;,&quot;fr&quot;:&quot;Vols + navette depuis Amsterdam&quot;,&quot;de&quot;:&quot;Fl\\u00fcge ab Amsterdam &quot;},&quot;price&quot;:560,&quot;status&quot;:&quot;available&quot;,&quot;language_hidden&quot;:[&quot;fr&quot;,&quot;de&quot;],&quot;startIncrement&quot;:0,&quot;endIncrement&quot;:0,&quot;var_name&quot;:&quot;flight_copy&quot;,&quot;category_label&quot;:{&quot;en&quot;:&quot;Flights&quot;,&quot;nl&quot;:&quot;Vluchten&quot;,&quot;fr&quot;:&quot;Vols&quot;,&quot;de&quot;:&quot;Fl\\u00fcge&quot;}},{&quot;value&quot;:&quot;Brussels&quot;,&quot;label&quot;:{&quot;en&quot;:&quot;Flights from Brussels + shuttles&quot;,&quot;nl&quot;:&quot;Heen- en retourvlucht Brussel&quot;,&quot;fr&quot;:&quot;Vols + navette depuis Bruxelles&quot;,&quot;de&quot;:&quot;Fl\\u00fcge ab Br\\u00fcssel &quot;},&quot;price&quot;:false,&quot;status&quot;:&quot;disabled&quot;,&quot;language_hidden&quot;:[&quot;de&quot;],&quot;startIncrement&quot;:0,&quot;endIncrement&quot;:0,&quot;var_name&quot;:&quot;flight_copy&quot;,&quot;category_label&quot;:{&quot;en&quot;:&quot;Flights&quot;,&quot;nl&quot;:&quot;Vluchten&quot;,&quot;fr&quot;:&quot;Vols&quot;,&quot;de&quot;:&quot;Fl\\u00fcge&quot;}},{&quot;value&quot;:&quot;Paris&quot;,&quot;label&quot;:{&quot;en&quot;:&quot;Flights from Paris + airport transfer&quot;,&quot;nl&quot;:&quot;Heen- en retourvlucht Parijs&quot;,&quot;fr&quot;:&quot;Vols + navette depuis Paris&quot;,&quot;de&quot;:&quot;Fl\\u00fcge ab Paris &quot;},&quot;price&quot;:false,&quot;status&quot;:&quot;sold_out&quot;,&quot;language_hidden&quot;:[&quot;nl&quot;,&quot;de&quot;],&quot;startIncrement&quot;:0,&quot;endIncrement&quot;:0,&quot;var_name&quot;:&quot;flight_copy&quot;,&quot;category_label&quot;:{&quot;en&quot;:&quot;Flights&quot;,&quot;nl&quot;:&quot;Vluchten&quot;,&quot;fr&quot;:&quot;Vols&quot;,&quot;de&quot;:&quot;Fl\\u00fcge&quot;}},{&quot;value&quot;:&quot;D\\u00fcsseldorf&quot;,&quot;label&quot;:{&quot;en&quot;:&quot;Flights from D\\u00fcsseldorf + airport shuttle&quot;,&quot;nl&quot;:&quot;Heen- en retourvlucht D\\u00fcsseldorf&quot;,&quot;fr&quot;:&quot;Vols + navette depuis Dusseldorf&quot;,&quot;de&quot;:&quot;Fl\\u00fcge ab D\\u00fcsseldorf &quot;},&quot;price&quot;:550,&quot;status&quot;:&quot;available&quot;,&quot;language_hidden&quot;:[&quot;fr&quot;],&quot;startIncrement&quot;:0,&quot;endIncrement&quot;:0,&quot;var_name&quot;:&quot;flight_copy&quot;,&quot;category_label&quot;:{&quot;en&quot;:&quot;Flights&quot;,&quot;nl&quot;:&quot;Vluchten&quot;,&quot;fr&quot;:&quot;Vols&quot;,&quot;de&quot;:&quot;Fl\\u00fcge&quot;}},{&quot;value&quot;:&quot;Berlin&quot;,&quot;label&quot;:{&quot;en&quot;:&quot;Flights from Berlin + airport shuttles&quot;,&quot;nl&quot;:&quot;Heen- en retourvlucht Berlijn&quot;,&quot;fr&quot;:&quot;Vols + navettes depuis Berlin&quot;,&quot;de&quot;:&quot;Fl\\u00fcge ab Berlin &quot;},&quot;price&quot;:550,&quot;status&quot;:&quot;available&quot;,&quot;language_hidden&quot;:[&quot;nl&quot;,&quot;fr&quot;,&quot;en&quot;],&quot;startIncrement&quot;:0,&quot;endIncrement&quot;:0,&quot;var_name&quot;:&quot;flight_copy&quot;,&quot;category_label&quot;:{&quot;en&quot;:&quot;Flights&quot;,&quot;nl&quot;:&quot;Vluchten&quot;,&quot;fr&quot;:&quot;Vols&quot;,&quot;de&quot;:&quot;Fl\\u00fcge&quot;}},{&quot;value&quot;:&quot;Frankfurt&quot;,&quot;label&quot;:{&quot;en&quot;:&quot;Flights from Frankfurt + airport shuttles&quot;,&quot;nl&quot;:&quot;Heen- en retourvlucht Frankfurt&quot;,&quot;fr&quot;:&quot;Vols + navettes depuis Francfort&quot;,&quot;de&quot;:&quot;Fl\\u00fcge ab Frankfurt &quot;},&quot;price&quot;:550,&quot;status&quot;:&quot;available&quot;,&quot;language_hidden&quot;:[&quot;nl&quot;,&quot;fr&quot;,&quot;en&quot;],&quot;startIncrement&quot;:0,&quot;endIncrement&quot;:0,&quot;var_name&quot;:&quot;flight_copy&quot;,&quot;category_label&quot;:{&quot;en&quot;:&quot;Flights&quot;,&quot;nl&quot;:&quot;Vluchten&quot;,&quot;fr&quot;:&quot;Vols&quot;,&quot;de&quot;:&quot;Fl\\u00fcge&quot;}},{&quot;value&quot;:&quot;Hamburg&quot;,&quot;label&quot;:{&quot;en&quot;:&quot;Round trip flight to Hamburg&quot;,&quot;nl&quot;:&quot;Heen- en retourvlucht Hamburg&quot;,&quot;fr&quot;:&quot;Vols + navettes depuis Hambourg&quot;,&quot;de&quot;:&quot;Fl\\u00fcge ab Hamburg&quot;},&quot;price&quot;:1021,&quot;status&quot;:&quot;available&quot;,&quot;language_hidden&quot;:[&quot;nl&quot;,&quot;fr&quot;,&quot;en&quot;],&quot;startIncrement&quot;:0,&quot;endIncrement&quot;:0,&quot;var_name&quot;:&quot;flight_copy&quot;,&quot;category_label&quot;:{&quot;en&quot;:&quot;Flights&quot;,&quot;nl&quot;:&quot;Vluchten&quot;,&quot;fr&quot;:&quot;Vols&quot;,&quot;de&quot;:&quot;Fl\\u00fcge&quot;}},{&quot;value&quot;:&quot;M\\u00fcnchen&quot;,&quot;label&quot;:{&quot;en&quot;:&quot;Round-trip flight to Munich&quot;,&quot;nl&quot;:&quot;Heen- en retourvlucht M\\u00fcnchen&quot;,&quot;fr&quot;:&quot;Vols + navettes depuisMunich&quot;,&quot;de&quot;:&quot;Fl\\u00fcge ab M\\u00fcnchen&quot;},&quot;price&quot;:687,&quot;status&quot;:&quot;available&quot;,&quot;language_hidden&quot;:[&quot;nl&quot;,&quot;fr&quot;,&quot;en&quot;],&quot;startIncrement&quot;:0,&quot;endIncrement&quot;:0,&quot;var_name&quot;:&quot;flight_copy&quot;,&quot;category_label&quot;:{&quot;en&quot;:&quot;Flights&quot;,&quot;nl&quot;:&quot;Vluchten&quot;,&quot;fr&quot;:&quot;Vols&quot;,&quot;de&quot;:&quot;Fl\\u00fcge&quot;}},{&quot;value&quot;:&quot;No flights&quot;,&quot;label&quot;:{&quot;en&quot;:&quot;No flights&quot;,&quot;nl&quot;:&quot;Zonder vluchten&quot;,&quot;fr&quot;:&quot;Pas de vol&quot;,&quot;de&quot;:&quot;Keine Fl\\u00fcge&quot;},&quot;price&quot;:0,&quot;status&quot;:&quot;available&quot;,&quot;language_hidden&quot;:[],&quot;startIncrement&quot;:0,&quot;endIncrement&quot;:0,&quot;var_name&quot;:&quot;flight_copy&quot;,&quot;category_label&quot;:{&quot;en&quot;:&quot;Flights&quot;,&quot;nl&quot;:&quot;Vluchten&quot;,&quot;fr&quot;:&quot;Vols&quot;,&quot;de&quot;:&quot;Fl\\u00fcge&quot;}}],&quot;bookable&quot;:true,&quot;bookingUrl&quot;:&quot;https:\\\/\\\/booking.travelbase.eu\\\/tjt26a\\\/book?trip=11691&quot;,&quot;packageId&quot;:&quot;TJT-TJT&quot;,&quot;sourceOfTruth&quot;:&quot;legacy&quot;,&quot;hasTime&quot;:true,&quot;quoteUrl&quot;:&quot;https:\\\/\\\/booking.travelbase.eu\\\/tjt26a\\\/offer?trip=11691&quot;}},{&quot;type&quot;:&quot;departures&quot;,&quot;id&quot;:&quot;t11692&quot;,&quot;attributes&quot;:{&quot;name&quot;:&quot;TJT26A-W44-WED&quot;,&quot;start&quot;:&quot;2026-10-28T11:00:00.000000Z&quot;,&quot;end&quot;:&quot;2026-11-04T13:00:00.000000Z&quot;,&quot;cheapestPrice&quot;:605,&quot;languages&quot;:[&quot;nl&quot;,&quot;fr&quot;,&quot;en&quot;,&quot;de&quot;],&quot;availableSpots&quot;:8,&quot;bookedSpots&quot;:12,&quot;fakeLabel&quot;:&quot;last stock&quot;,&quot;availabilityLabel&quot;:&quot;last spots&quot;,&quot;promoLabel&quot;:&quot;&quot;,&quot;status&quot;:&quot;active&quot;,&quot;calendarToggles&quot;:[{&quot;value&quot;:&quot;Amsterdam&quot;,&quot;label&quot;:{&quot;en&quot;:&quot;Flights from Amsterdam + shuttle&quot;,&quot;nl&quot;:&quot;Heen- en retourvlucht Amsterdam&quot;,&quot;fr&quot;:&quot;Vols + navette depuis Amsterdam&quot;,&quot;de&quot;:&quot;Fl\\u00fcge ab Amsterdam &quot;},&quot;price&quot;:560,&quot;status&quot;:&quot;available&quot;,&quot;language_hidden&quot;:[&quot;fr&quot;,&quot;de&quot;],&quot;startIncrement&quot;:0,&quot;endIncrement&quot;:0,&quot;var_name&quot;:&quot;flight_copy&quot;,&quot;category_label&quot;:{&quot;en&quot;:&quot;Flights&quot;,&quot;nl&quot;:&quot;Vluchten&quot;,&quot;fr&quot;:&quot;Vols&quot;,&quot;de&quot;:&quot;Fl\\u00fcge&quot;}},{&quot;value&quot;:&quot;Brussels&quot;,&quot;label&quot;:{&quot;en&quot;:&quot;Flights from Brussels + shuttles&quot;,&quot;nl&quot;:&quot;Heen- en retourvlucht Brussel&quot;,&quot;fr&quot;:&quot;Vols + navette depuis Bruxelles&quot;,&quot;de&quot;:&quot;Fl\\u00fcge ab Br\\u00fcssel &quot;},&quot;price&quot;:false,&quot;status&quot;:&quot;disabled&quot;,&quot;language_hidden&quot;:[&quot;de&quot;],&quot;startIncrement&quot;:0,&quot;endIncrement&quot;:0,&quot;var_name&quot;:&quot;flight_copy&quot;,&quot;category_label&quot;:{&quot;en&quot;:&quot;Flights&quot;,&quot;nl&quot;:&quot;Vluchten&quot;,&quot;fr&quot;:&quot;Vols&quot;,&quot;de&quot;:&quot;Fl\\u00fcge&quot;}},{&quot;value&quot;:&quot;Paris&quot;,&quot;label&quot;:{&quot;en&quot;:&quot;Flights from Paris + airport transfer&quot;,&quot;nl&quot;:&quot;Heen- en retourvlucht Parijs&quot;,&quot;fr&quot;:&quot;Vols + navette depuis Paris&quot;,&quot;de&quot;:&quot;Fl\\u00fcge ab Paris &quot;},&quot;price&quot;:560,&quot;status&quot;:&quot;available&quot;,&quot;language_hidden&quot;:[&quot;nl&quot;,&quot;de&quot;],&quot;startIncrement&quot;:0,&quot;endIncrement&quot;:0,&quot;var_name&quot;:&quot;flight_copy&quot;,&quot;category_label&quot;:{&quot;en&quot;:&quot;Flights&quot;,&quot;nl&quot;:&quot;Vluchten&quot;,&quot;fr&quot;:&quot;Vols&quot;,&quot;de&quot;:&quot;Fl\\u00fcge&quot;}},{&quot;value&quot;:&quot;D\\u00fcsseldorf&quot;,&quot;label&quot;:{&quot;en&quot;:&quot;Flights from D\\u00fcsseldorf + airport shuttle&quot;,&quot;nl&quot;:&quot;Heen- en retourvlucht D\\u00fcsseldorf&quot;,&quot;fr&quot;:&quot;Vols + navette depuis Dusseldorf&quot;,&quot;de&quot;:&quot;Fl\\u00fcge ab D\\u00fcsseldorf &quot;},&quot;price&quot;:638,&quot;status&quot;:&quot;available&quot;,&quot;language_hidden&quot;:[&quot;fr&quot;],&quot;startIncrement&quot;:0,&quot;endIncrement&quot;:0,&quot;var_name&quot;:&quot;flight_copy&quot;,&quot;category_label&quot;:{&quot;en&quot;:&quot;Flights&quot;,&quot;nl&quot;:&quot;Vluchten&quot;,&quot;fr&quot;:&quot;Vols&quot;,&quot;de&quot;:&quot;Fl\\u00fcge&quot;}},{&quot;value&quot;:&quot;Berlin&quot;,&quot;label&quot;:{&quot;en&quot;:&quot;Flights from Berlin + airport shuttles&quot;,&quot;nl&quot;:&quot;Heen- en retourvlucht Berlijn&quot;,&quot;fr&quot;:&quot;Vols + navettes depuis Berlin&quot;,&quot;de&quot;:&quot;Fl\\u00fcge ab Berlin &quot;},&quot;price&quot;:564,&quot;status&quot;:&quot;available&quot;,&quot;language_hidden&quot;:[&quot;nl&quot;,&quot;fr&quot;,&quot;en&quot;],&quot;startIncrement&quot;:0,&quot;endIncrement&quot;:0,&quot;var_name&quot;:&quot;flight_copy&quot;,&quot;category_label&quot;:{&quot;en&quot;:&quot;Flights&quot;,&quot;nl&quot;:&quot;Vluchten&quot;,&quot;fr&quot;:&quot;Vols&quot;,&quot;de&quot;:&quot;Fl\\u00fcge&quot;}},{&quot;value&quot;:&quot;Frankfurt&quot;,&quot;label&quot;:{&quot;en&quot;:&quot;Flights from Frankfurt + airport shuttles&quot;,&quot;nl&quot;:&quot;Heen- en retourvlucht Frankfurt&quot;,&quot;fr&quot;:&quot;Vols + navettes depuis Francfort&quot;,&quot;de&quot;:&quot;Fl\\u00fcge ab Frankfurt &quot;},&quot;price&quot;:709,&quot;status&quot;:&quot;available&quot;,&quot;language_hidden&quot;:[&quot;nl&quot;,&quot;fr&quot;,&quot;en&quot;],&quot;startIncrement&quot;:0,&quot;endIncrement&quot;:0,&quot;var_name&quot;:&quot;flight_copy&quot;,&quot;category_label&quot;:{&quot;en&quot;:&quot;Flights&quot;,&quot;nl&quot;:&quot;Vluchten&quot;,&quot;fr&quot;:&quot;Vols&quot;,&quot;de&quot;:&quot;Fl\\u00fcge&quot;}},{&quot;value&quot;:&quot;Hamburg&quot;,&quot;label&quot;:{&quot;en&quot;:&quot;Round trip flight to Hamburg&quot;,&quot;nl&quot;:&quot;Heen- en retourvlucht Hamburg&quot;,&quot;fr&quot;:&quot;Vols + navettes depuis Hambourg&quot;,&quot;de&quot;:&quot;Fl\\u00fcge ab Hamburg&quot;},&quot;price&quot;:631,&quot;status&quot;:&quot;available&quot;,&quot;language_hidden&quot;:[&quot;nl&quot;,&quot;fr&quot;,&quot;en&quot;],&quot;startIncrement&quot;:0,&quot;endIncrement&quot;:0,&quot;var_name&quot;:&quot;flight_copy&quot;,&quot;category_label&quot;:{&quot;en&quot;:&quot;Flights&quot;,&quot;nl&quot;:&quot;Vluchten&quot;,&quot;fr&quot;:&quot;Vols&quot;,&quot;de&quot;:&quot;Fl\\u00fcge&quot;}},{&quot;value&quot;:&quot;M\\u00fcnchen&quot;,&quot;label&quot;:{&quot;en&quot;:&quot;Round-trip flight to Munich&quot;,&quot;nl&quot;:&quot;Heen- en retourvlucht M\\u00fcnchen&quot;,&quot;fr&quot;:&quot;Vols + navettes depuisMunich&quot;,&quot;de&quot;:&quot;Fl\\u00fcge ab M\\u00fcnchen&quot;},&quot;price&quot;:860,&quot;status&quot;:&quot;available&quot;,&quot;language_hidden&quot;:[&quot;nl&quot;,&quot;fr&quot;,&quot;en&quot;],&quot;startIncrement&quot;:0,&quot;endIncrement&quot;:0,&quot;var_name&quot;:&quot;flight_copy&quot;,&quot;category_label&quot;:{&quot;en&quot;:&quot;Flights&quot;,&quot;nl&quot;:&quot;Vluchten&quot;,&quot;fr&quot;:&quot;Vols&quot;,&quot;de&quot;:&quot;Fl\\u00fcge&quot;}},{&quot;value&quot;:&quot;No flights&quot;,&quot;label&quot;:{&quot;en&quot;:&quot;No flights&quot;,&quot;nl&quot;:&quot;Zonder vluchten&quot;,&quot;fr&quot;:&quot;Pas de vol&quot;,&quot;de&quot;:&quot;Keine Fl\\u00fcge&quot;},&quot;price&quot;:0,&quot;status&quot;:&quot;available&quot;,&quot;language_hidden&quot;:[],&quot;startIncrement&quot;:0,&quot;endIncrement&quot;:0,&quot;var_name&quot;:&quot;flight_copy&quot;,&quot;category_label&quot;:{&quot;en&quot;:&quot;Flights&quot;,&quot;nl&quot;:&quot;Vluchten&quot;,&quot;fr&quot;:&quot;Vols&quot;,&quot;de&quot;:&quot;Fl\\u00fcge&quot;}}],&quot;bookable&quot;:true,&quot;bookingUrl&quot;:&quot;https:\\\/\\\/booking.travelbase.eu\\\/tjt26a\\\/book?trip=11692&quot;,&quot;packageId&quot;:&quot;TJT-TJT&quot;,&quot;sourceOfTruth&quot;:&quot;legacy&quot;,&quot;hasTime&quot;:true,&quot;quoteUrl&quot;:&quot;https:\\\/\\\/booking.travelbase.eu\\\/tjt26a\\\/offer?trip=11692&quot;}},{&quot;type&quot;:&quot;departures&quot;,&quot;id&quot;:&quot;TJT-TJT-20270331&quot;,&quot;attributes&quot;:{&quot;name&quot;:&quot;TJT-TJT-20270331&quot;,&quot;packageId&quot;:&quot;TJT-TJT&quot;,&quot;start&quot;:&quot;2027-03-31&quot;,&quot;end&quot;:&quot;2027-04-07&quot;,&quot;hasTime&quot;:false,&quot;cheapestPrice&quot;:630,&quot;languages&quot;:[&quot;nl&quot;,&quot;fr&quot;,&quot;de&quot;,&quot;en&quot;],&quot;availableSpots&quot;:null,&quot;bookedSpots&quot;:0,&quot;availabilityLabel&quot;:&quot;coming soon&quot;,&quot;promoLabel&quot;:null,&quot;status&quot;:&quot;active&quot;,&quot;calendarToggles&quot;:[],&quot;bookable&quot;:false,&quot;bookingUrl&quot;:&quot;https:\\\/\\\/my.travelbase.eu\\\/book\\\/trip\\\/TJT-TJT-20270331&quot;,&quot;quoteUrl&quot;:&quot;https:\\\/\\\/my.travelbase.eu\\\/quote\\\/trip\\\/TJT-TJT-20270331&quot;,&quot;sourceOfTruth&quot;:&quot;core&quot;}},{&quot;type&quot;:&quot;departures&quot;,&quot;id&quot;:&quot;TJT-TJT-20270407&quot;,&quot;attributes&quot;:{&quot;name&quot;:&quot;TJT-TJT-20270407&quot;,&quot;packageId&quot;:&quot;TJT-TJT&quot;,&quot;start&quot;:&quot;2027-04-07&quot;,&quot;end&quot;:&quot;2027-04-14&quot;,&quot;hasTime&quot;:false,&quot;cheapestPrice&quot;:630,&quot;languages&quot;:[&quot;nl&quot;,&quot;fr&quot;,&quot;de&quot;,&quot;en&quot;],&quot;availableSpots&quot;:null,&quot;bookedSpots&quot;:0,&quot;availabilityLabel&quot;:&quot;coming soon&quot;,&quot;promoLabel&quot;:null,&quot;status&quot;:&quot;active&quot;,&quot;calendarToggles&quot;:[],&quot;bookable&quot;:false,&quot;bookingUrl&quot;:&quot;https:\\\/\\\/my.travelbase.eu\\\/book\\\/trip\\\/TJT-TJT-20270407&quot;,&quot;quoteUrl&quot;:&quot;https:\\\/\\\/my.travelbase.eu\\\/quote\\\/trip\\\/TJT-TJT-20270407&quot;,&quot;sourceOfTruth&quot;:&quot;core&quot;}},{&quot;type&quot;:&quot;departures&quot;,&quot;id&quot;:&quot;TJT-TJT-20270414&quot;,&quot;attributes&quot;:{&quot;name&quot;:&quot;TJT-TJT-20270414&quot;,&quot;packageId&quot;:&quot;TJT-TJT&quot;,&quot;start&quot;:&quot;2027-04-14&quot;,&quot;end&quot;:&quot;2027-04-21&quot;,&quot;hasTime&quot;:false,&quot;cheapestPrice&quot;:630,&quot;languages&quot;:[&quot;nl&quot;,&quot;fr&quot;,&quot;de&quot;,&quot;en&quot;],&quot;availableSpots&quot;:null,&quot;bookedSpots&quot;:0,&quot;availabilityLabel&quot;:&quot;coming soon&quot;,&quot;promoLabel&quot;:null,&quot;status&quot;:&quot;active&quot;,&quot;calendarToggles&quot;:[],&quot;bookable&quot;:false,&quot;bookingUrl&quot;:&quot;https:\\\/\\\/my.travelbase.eu\\\/book\\\/trip\\\/TJT-TJT-20270414&quot;,&quot;quoteUrl&quot;:&quot;https:\\\/\\\/my.travelbase.eu\\\/quote\\\/trip\\\/TJT-TJT-20270414&quot;,&quot;sourceOfTruth&quot;:&quot;core&quot;}},{&quot;type&quot;:&quot;departures&quot;,&quot;id&quot;:&quot;TJT-TJT-20270421&quot;,&quot;attributes&quot;:{&quot;name&quot;:&quot;TJT-TJT-20270421&quot;,&quot;packageId&quot;:&quot;TJT-TJT&quot;,&quot;start&quot;:&quot;2027-04-21&quot;,&quot;end&quot;:&quot;2027-04-28&quot;,&quot;hasTime&quot;:false,&quot;cheapestPrice&quot;:630,&quot;languages&quot;:[&quot;nl&quot;,&quot;fr&quot;,&quot;de&quot;,&quot;en&quot;],&quot;availableSpots&quot;:null,&quot;bookedSpots&quot;:0,&quot;availabilityLabel&quot;:&quot;coming soon&quot;,&quot;promoLabel&quot;:null,&quot;status&quot;:&quot;active&quot;,&quot;calendarToggles&quot;:[],&quot;bookable&quot;:false,&quot;bookingUrl&quot;:&quot;https:\\\/\\\/my.travelbase.eu\\\/book\\\/trip\\\/TJT-TJT-20270421&quot;,&quot;quoteUrl&quot;:&quot;https:\\\/\\\/my.travelbase.eu\\\/quote\\\/trip\\\/TJT-TJT-20270421&quot;,&quot;sourceOfTruth&quot;:&quot;core&quot;}},{&quot;type&quot;:&quot;departures&quot;,&quot;id&quot;:&quot;TJT-TJT-20270428&quot;,&quot;attributes&quot;:{&quot;name&quot;:&quot;TJT-TJT-20270428&quot;,&quot;packageId&quot;:&quot;TJT-TJT&quot;,&quot;start&quot;:&quot;2027-04-28&quot;,&quot;end&quot;:&quot;2027-05-05&quot;,&quot;hasTime&quot;:false,&quot;cheapestPrice&quot;:630,&quot;languages&quot;:[&quot;nl&quot;,&quot;fr&quot;,&quot;de&quot;,&quot;en&quot;],&quot;availableSpots&quot;:null,&quot;bookedSpots&quot;:0,&quot;availabilityLabel&quot;:&quot;coming soon&quot;,&quot;promoLabel&quot;:null,&quot;status&quot;:&quot;active&quot;,&quot;calendarToggles&quot;:[],&quot;bookable&quot;:false,&quot;bookingUrl&quot;:&quot;https:\\\/\\\/my.travelbase.eu\\\/book\\\/trip\\\/TJT-TJT-20270428&quot;,&quot;quoteUrl&quot;:&quot;https:\\\/\\\/my.travelbase.eu\\\/quote\\\/trip\\\/TJT-TJT-20270428&quot;,&quot;sourceOfTruth&quot;:&quot;core&quot;}},{&quot;type&quot;:&quot;departures&quot;,&quot;id&quot;:&quot;TJT-TJT-20270505&quot;,&quot;attributes&quot;:{&quot;name&quot;:&quot;TJT-TJT-20270505&quot;,&quot;packageId&quot;:&quot;TJT-TJT&quot;,&quot;start&quot;:&quot;2027-05-05&quot;,&quot;end&quot;:&quot;2027-05-12&quot;,&quot;hasTime&quot;:false,&quot;cheapestPrice&quot;:630,&quot;languages&quot;:[&quot;nl&quot;,&quot;fr&quot;,&quot;de&quot;,&quot;en&quot;],&quot;availableSpots&quot;:null,&quot;bookedSpots&quot;:0,&quot;availabilityLabel&quot;:&quot;coming soon&quot;,&quot;promoLabel&quot;:null,&quot;status&quot;:&quot;active&quot;,&quot;calendarToggles&quot;:[],&quot;bookable&quot;:false,&quot;bookingUrl&quot;:&quot;https:\\\/\\\/my.travelbase.eu\\\/book\\\/trip\\\/TJT-TJT-20270505&quot;,&quot;quoteUrl&quot;:&quot;https:\\\/\\\/my.travelbase.eu\\\/quote\\\/trip\\\/TJT-TJT-20270505&quot;,&quot;sourceOfTruth&quot;:&quot;core&quot;}}]}\" data-summary-content=\"\" data-summary-inclusive='[]'><\/div>\n        <\/div>\n    <\/div>\n\n\n\n<div class=\"tb-faq tb-block align-center background-light pattern-custom variant-none tb-collapsible-margins\" id=\"faq\" style=\"background-image: url(http:\/\/tjt.travelblox.eu\/wp-content\/uploads\/sites\/78\/2024\/01\/TJT-bg-2-1.jpg)\">\n\t<div class=\"inner-block tb-fade-in tb-fade-in--subtle\">\n\t\t<div class=\"text-part\">\n\t\t\t<h2>Noch Fragen?<\/h2>\n\t\t\t\t<div class=\"translation-block\"><p>Du kannst uns jederzeit eine E-Mail schicken, wenn Du weitere Informationen zu dieser Reise brauchst und sie hier nicht finden kannst. Unten findest du Antworten auf die am h\u00e4ufig gestelltesten Fragen.<\/p><\/div>\n\t\t\t<\/div>\n\t<\/div>\n\t<div class=\"inner-block\">\n\n\t\t\t\t\t<div\n\t\t\t\tclass=\"faq-list tb-accordion tb-accordion--animation two-col\"\n\t\t\t\t>\n\t\t\t\t\t\t\t\t\t<details class=\"details\">\n\t\t\t\t\t\t<summary class=\"summary\">\n\t\t\t\t\t\t\t<div data-no-translation>Gibt es vor Ort Unterst\u00fctzung?\t\t\t<\/div>\n\t\t\t<\/summary>\n\t\t\t<div class=\"content text-part\"  data-no-translation>\n\t\t\t\t\t<div class=\"translation-block\"><p>Vor der Reise erh\u00e4ltst du Zugang zur\u00a0<strong>Travelbase-App<\/strong>\u00a0mit allen Highlights, Tipps und praktischen Informationen \u2013 so wei\u00dft du genau, was dich erwartet.<\/p>\n<p>Unterwegs wanderst du immer mit erfahrenen Guides, die sich \u00fcber die Gruppe verteilen. Jeden Morgen gibt es ein\u00a0<strong>Briefing<\/strong> mit den wichtigsten Infos f\u00fcr den Tag. Da der Trail keine Wegmarkierungen hat, bleibst du immer zwischen den Guides.<\/p>\n<p>Du erh\u00e4ltst au\u00dferdem kurz vor deiner Abreise Zugang in der App zum <strong>Gruppenchat mit allen Teilnehmenden<\/strong>, die am selben Tag abreisen. In dieser Gruppe k\u00f6nnt ihr untereinander oder mit unserem Team kommunizieren.<\/p><\/div>\n\t\t\t\t<\/div>\n\t\t\t<\/details>\n\t\t\t\t\t\t\t<details class=\"details\">\n\t\t\t\t\t\t<summary class=\"summary\">\n\t\t\t\t\t\t\t<div data-no-translation>Kann ich die Reise nach meinen W\u00fcnschen anpassen?\t\t\t<\/div>\n\t\t\t<\/summary>\n\t\t\t<div class=\"content text-part\"  data-no-translation>\n\t\t\t\t\t<div class=\"translation-block\"><p>Wir bieten eine vollst\u00e4ndig geplante Reise an, weshalb es nicht m\u00f6glich ist, die Reisedauer und den Zeitplan anzupassen. Du bist jedoch frei, deine Reise eigenst\u00e4ndig zu verl\u00e4ngern, indem du zum Beispiel ein paar Tage vor Ort\u00a0bleibst oder in ein anderes Land weiterreist.<\/p><\/div>\n\t\t\t\t<\/div>\n\t\t\t<\/details>\n\t\t\t\t\t\t\t<details class=\"details\">\n\t\t\t\t\t\t<summary class=\"summary\">\n\t\t\t\t\t\t\t<div data-no-translation>F\u00fcr wen ist diese Reise gedacht?\t\t\t<\/div>\n\t\t\t<\/summary>\n\t\t\t<div class=\"content text-part\"  data-no-translation>\n\t\t\t\t\t<div class=\"translation-block\"><p>Wer zwischen\u00a0<strong>16 und 65 Jahren<\/strong>\u00a0alt ist, eine gute Fitness mitbringt und Lust auf Abenteuer hat, ist hier richtig. Die Etappen verlangen Ausdauer \u2013 ber\u00fccksichtige auch die m\u00f6gliche Hitze tags\u00fcber.<\/p>\n<p><strong><img decoding=\"async\" class=\"emoji\" role=\"img\" src=\"https:\/\/s.w.org\/images\/core\/emoji\/17.0.2\/svg\/1f449.svg\" alt=\"\ud83d\udc49\" loading=\"lazy\" \/>\u00a0Wichtig:<\/strong>\u00a0Teilnehmende\u00a0<strong>unter 18 Jahren<\/strong>\u00a0k\u00f6nnen nur in Begleitung eines Erwachsenen am Trail teilnehmen.<\/p>\n<p>Eine detaillierte\u00a0<a href=\"https:\/\/thejordantrail.org\/de\/#difficulty\">\u00dcbersicht der Schwierigkeitsfaktoren<\/a>\u00a0findest du in unserer\u00a0<strong>\u00fcbersichtlichen Darstellung<\/strong>.<\/p>\n<p><strong>Bist du dir unsicher \u00fcber deine Fitness?<\/strong><\/p>\n<p>Stell dir diese Fragen:<\/p>\n<ul>\n<li>Welche k\u00f6rperlichen Aktivit\u00e4ten mache ich regelm\u00e4\u00dfig \u2013 und seit wie lange?<\/li>\n<li>Hatte ich k\u00fcrzlich Verletzungen, die meine Ausdauer beeintr\u00e4chtigen?<\/li>\n<li>Kann ich problemlos 15 km \u00fcber h\u00fcgeliges Gel\u00e4nde wandern?<\/li>\n<li>Kann ich in den n\u00e4chsten Monaten gezielt trainieren?<\/li>\n<\/ul>\n<p>Wenn du diese Fragen mit Vertrauen beantworten kannst \u2013 dann ist dieser Trail etwas f\u00fcr dich. Eine Woche nach der Buchung erh\u00e4ltst du deinen pers\u00f6nlichen\u00a0<strong>Trainingsplan<\/strong>.<\/p>\n<p><strong>Noch Zweifel?<\/strong>\u00a0Dann taste dich langsam heran: Teste dich zun\u00e4chst mit einem unserer Mikro-Abenteuer wie dem\u00a0<a href=\"https:\/\/thepackrafttrail.com\/de?tb_vid=3b63da1b-feb9-4d51-9c66-14c885859ee0\"><strong>Packraft Trail<\/strong><\/a>. So bekommst du ein gutes Gef\u00fchl daf\u00fcr, ob l\u00e4ngere Trekkingtouren das Richtige f\u00fcr dich sind.<\/p><\/div>\n\t\t\t\t<\/div>\n\t\t\t<\/details>\n\t\t\t\t\t\t\t<details class=\"details\">\n\t\t\t\t\t\t<summary class=\"summary\">\n\t\t\t\t\t\t\t<div data-no-translation>Was soll ich mitnehmen?\r\n\t\t\t<\/div>\n\t\t\t<\/summary>\n\t\t\t<div class=\"content text-part\"  data-no-translation>\n\t\t\t\t\t<div class=\"translation-block\"><p>Du erh\u00e4ltst rechtzeitig eine ausf\u00fchrliche\u00a0<strong>Packliste<\/strong>. Das Wichtigste: gute\u00a0<strong>Wanderschuhe (A\/B)<\/strong>\u00a0mit Kn\u00f6chelschutz \u2013 gut eingelaufen, der Untergrund kann rau sein. Dazu einen\u00a0<strong>gro\u00dfen Rucksack (65\u201380 L)<\/strong>\u00a0und einen\u00a0<strong>Tagesrucksack (25\u201335 L)<\/strong>.<\/p>\n<p>Pack unbedingt\u00a0<strong>Regenkleidung und eine warme Schicht<\/strong>\u00a0ein \u2013 abends k\u00fchlt es schnell ab und Schauer k\u00f6nnen heftig sein. F\u00fcr Wasser brauchst du\u00a0<strong>3\u20134 Liter pro Tag<\/strong>; ein Camelbak ist ideal.<\/p>\n<p><strong>Campingmaterial<\/strong>\u00a0(Zelt, Isomatte, Schlafsack) kannst du selbst mitbringen oder \u00fcber uns mieten.<\/p><\/div>\n\t\t\t\t<\/div>\n\t\t\t<\/details>\n\t\t\t\t\t\t\t<details class=\"details\">\n\t\t\t\t\t\t<summary class=\"summary\">\n\t\t\t\t\t\t\t<div data-no-translation>Wann kann ich diese Reise unternehmen?\t\t\t<\/div>\n\t\t\t<\/summary>\n\t\t\t<div class=\"content text-part\"  data-no-translation>\n\t\t\t\t\t<div class=\"translation-block\"><p>\u00dcber den <a href=\"\/#join\">Kalender<\/a> auf unserer Website kannst du alle aktuellen Abreisedaten, verf\u00fcgbare Pl\u00e4tze und Preise einsehen.<\/p>\n<p>M\u00f6chtest du pers\u00f6nlich benachrichtigt werden, sobald neue Abreisedaten online gestellt werden? Dann hinterlasse uns \u00fcber <a href=\"#tb-interest-form\">dieses Formular<\/a> unverbindlich deine Daten.<\/p><\/div>\n\t\t\t\t<\/div>\n\t\t\t<\/details>\n\t\t\t\t\t\t\t<details class=\"details\">\n\t\t\t\t\t\t<summary class=\"summary\">\n\t\t\t\t\t\t\t<div data-no-translation>Kann ich meine Buchung noch \u00e4ndern?\t\t\t<\/div>\n\t\t\t<\/summary>\n\t\t\t<div class=\"content text-part\"  data-no-translation>\n\t\t\t\t\t<div class=\"translation-block\"><p>Die meisten Zusatzoptionen kannst du noch bis einige Wochen vor Reiseantritt ganz einfach hinzuf\u00fcgen oder stornieren. Beachte dabei jedoch die folgenden Regeln:<\/p>\n<ul>\n<li><strong>Verf\u00fcgbarkeit &amp; Zeitplan<\/strong>: \u00c4nderungen h\u00e4ngen immer von der jeweiligen Verf\u00fcgbarkeit ab. Je schneller du dich entscheidest, desto gr\u00f6\u00dfer ist die Chance, dass es noch klappt!<\/li>\n<li><strong>Fl\u00fcge:<\/strong> Sobald dein Name best\u00e4tigt ist, kannst du den Flug nicht mehr stornieren. Ein Hinzuf\u00fcgen ist unter Umst\u00e4nden noch m\u00f6glich, sofern noch Pl\u00e4tze verf\u00fcgbar sind.<\/li>\n<\/ul><\/div>\n\t\t\t\t<\/div>\n\t\t\t<\/details>\n\t\t\t<\/div>\n\t<\/div>\n\t<div class=\"inner-block tb-fade-in tb-fade-in--subtle\">\n\t\t<div class=\"faq-footer text-part\">\n\t\t\t<h3>Hast du noch Fragen?<\/h3>\t\t\t\n\t\t\t\t<div class=\"contact-team\">\n\t\t\t\t\t\t\t\t\t\t\t<span style=\"background-image:url('https:\/\/tjt.travelblox.eu\/wp-content\/smush-webp\/sites\/78\/2024\/11\/Team-150x150.jpg.webp');\" data-smush-webp-fallback=\"{&quot;bg-image&quot;:&quot;url(&#039;https:\\\/\\\/tjt.travelblox.eu\\\/wp-content\\\/uploads\\\/sites\\\/78\\\/2024\\\/11\\\/Team-150x150.jpg&#039;)&quot;}\"><\/span>\n\t\t\t\t\t\t\t\t\t<\/div>\n\t\t\t\t\t\t<p><a href=\"https:\/\/thejordantrail.org\/de\/contact\/\" target=\"_blank\" rel=\"noopener\"><strong>Kontakt \u2192<\/strong><\/a><\/p>\n\t\t\t\t\t<\/div>\n\t<\/div>\n<\/div>\n\n\n\n\n\n\n\n\n\n\n<div class=\"tb-quoteparallax tb-block align-center background-dark pattern-none variant-text_on_image\" id=\"quoteparallax-1-1\" style=\"background-image: url('https:\/\/tjt.travelblox.eu\/wp-content\/smush-webp\/sites\/78\/2025\/01\/JT23_RoyMosterd_HR_P4141083-bewerkt.jpg.webp');\" data-smush-webp-fallback=\"{&quot;bg-image&quot;:&quot; url(&#039;https:\\\/\\\/tjt.travelblox.eu\\\/wp-content\\\/uploads\\\/sites\\\/78\\\/2025\\\/01\\\/JT23_RoyMosterd_HR_P4141083-bewerkt.jpg&#039;)&quot;}\">\n\t\t<div class=\"inner-block tb-fade-in tb-fade-in--subtle\">\n\t\t\t\t\t<div class=\"text-part\">\n\t\t\t\t<h2>Wandern. Entdecken. Inspirieren \u2013 Jetzt den Newsletter abonnieren!<\/h2>\n\t\t\t\t\t<div class=\"translation-block\"><p><strong>Hinterlasse deine E-Mail-Adresse<\/strong> und bleib informiert \u00fcber <strong>neue Wanderabenteuer, praktische Tipps &amp; Tricks<\/strong> sowie <strong>spannende Gewinnspiele<\/strong>. Au\u00dferdem warten exklusive Vorteile auf dich!<\/p><\/div>\n\t\t\t\t\t\t\t\t\t\t<div class=\"tb-buttons-part\">\n\t\t\t\t\t\t\t\t<a href=\"https:\/\/travelbase.typeform.com\/to\/P0czlLAB\"  target=\"\" data-mode=\"popup\" data-url=\"https:\/\/travelbase.typeform.com\/to\/P0czlLAB\" class=\"tb-button typeform-share\">\n\t\t\tHalte mich auf dem Laufenden\t\t<\/a>\n\t\t\t\t\t<script>\n\t\t\t\t(function() {\n\t\t\t\t\tvar qs, js, q, s, d = document,\n\t\t\t\t\t\tgi = d.getElementById,\n\t\t\t\t\t\tce = d.createElement,\n\t\t\t\t\t\tgt = d.getElementsByTagName,\n\t\t\t\t\t\tid = \"typef_orm_share\",\n\t\t\t\t\t\tb = \"https:\/\/embed.typeform.com\/\";\n\t\t\t\t\tif (!gi.call(d, id)) {\n\t\t\t\t\t\tjs = ce.call(d, \"script\");\n\t\t\t\t\t\tjs.id = id;\n\t\t\t\t\t\tjs.src = b + \"embed.js\";\n\t\t\t\t\t\tq = gt.call(d, \"script\")[0];\n\t\t\t\t\t\tq.parentNode.insertBefore(js, q);\n\t\t\t\t\t}\n\t\t\t\t})();\n\t\t\t<\/script>\n\t\t\t\t\t\t\t\t\t\t\t\t\t<\/div>\n\t\t\t\t\t\t\t<\/div>\n\t\t\t\t\t<\/div>\n<\/div>\n\n\n\n\n\n\n\n\n\n\n\n\n<div class=\"tb-similartrips tb-block align-center background-light pattern-none variant-none tb-collapsible-margins\" id=\"similartrips-2\">\n\t\t\t<div class=\"inner-block tb-fade-in tb-fade-in--subtle\">\n\t\t\t<div class=\"text-part\">\n\t\t\t\t\t\t\t\t\t<h2>Entdecke unsere anderen Fernwanderungen.<\/h2>\n\t\t\t\t\t\t\t\t\t\t\t<\/div>\n\t\t<\/div>\n\t\t\t<div class=\"inner-block-full-width has-tb-carousel\" >\n\t\t<div class=\"tb-carousel-container\">\n\t\t\t<div class=\"entries tb-cards\" data-slider-first=\"1\">\n\t\t\t\t\t\t\t\t\t<a href=\"https:\/\/thecappadociatrail.com\/de\"  target=\"\" class=\"tb-card entry\">\n\t\t\t\t<div class=\"tb-image-part\">\n\t\t\t\t\t\t\t\t\t\t\t<img src='https:\/\/tjt.travelblox.eu\/wp-content\/smush-webp\/sites\/78\/2025\/02\/Trek-en-Cappadoce.jpg.webp' width='633' height='418' alt='Kappadokien T\u00fcrkei' srcset='https:\/\/tjt.travelblox.eu\/wp-content\/smush-webp\/sites\/78\/2025\/02\/Trek-en-Cappadoce.jpg.webp 633w, https:\/\/tjt.travelblox.eu\/wp-content\/smush-webp\/sites\/78\/2025\/02\/Trek-en-Cappadoce-300x198.jpg.webp 300w, https:\/\/tjt.travelblox.eu\/wp-content\/smush-webp\/sites\/78\/2025\/02\/Trek-en-Cappadoce-18x12.jpg.webp 18w' sizes=\"auto, (max-width: 633px) 100vw, 633px\" loading='lazy' decoding='async' data-smush-webp-fallback=\"{&quot;src&quot;:&quot;https:\\\/\\\/tjt.travelblox.eu\\\/wp-content\\\/uploads\\\/sites\\\/78\\\/2025\\\/02\\\/Trek-en-Cappadoce.jpg&quot;,&quot;srcset&quot;:&quot;https:\\\/\\\/tjt.travelblox.eu\\\/wp-content\\\/uploads\\\/sites\\\/78\\\/2025\\\/02\\\/Trek-en-Cappadoce.jpg 633w, https:\\\/\\\/tjt.travelblox.eu\\\/wp-content\\\/uploads\\\/sites\\\/78\\\/2025\\\/02\\\/Trek-en-Cappadoce-300x198.jpg 300w, https:\\\/\\\/tjt.travelblox.eu\\\/wp-content\\\/uploads\\\/sites\\\/78\\\/2025\\\/02\\\/Trek-en-Cappadoce-18x12.jpg 18w&quot;}\">\t\t\t\t\t\t\t\t\t\t\t\t\t\t\t\t\t\t\t\t\t\t\t\t<\/div>\n\t\t\t\t<div class=\"tb-card-content\">\n\t\t\t\t\t<h4>\n\t\t\t\t\t\t<span>Cappadocia Trail<\/span>\n\t\t\t\t\t\t\t\t\t\t\t<\/h4>\n\t\t\t\t\t\t\t\t\t\t\t<div class=\"line\">\n\t\t\t\t\t\t\t\t\t\t\t\t\t\t\t<span class=\"location tb-text-with-icon icon-first\">\n\t\t\t\t\t\t\t\t\t<i class=\"icon fa fa-map-marker\"><\/i>\n\t\t\t\t\t\t\t\t\t<span>T\u00fcrkei<\/span>\n\t\t\t\t\t\t\t\t<\/span>\n\t\t\t\t\t\t\t\t\t\t\t\t\t\t\t\t\t\t\t\t\t\t<span class=\"duration tb-text-with-icon icon-first\">\n\t\t\t\t\t\t\t\t\t<i class=\"icon fa fa-clock\"><\/i>\n\t\t\t\t\t\t\t\t\t<span>7 Tage<\/span>\n\t\t\t\t\t\t\t\t<\/span>\n\t\t\t\t\t\t\t\t\t\t\t\t\t\t\t\t\t\t\t\t<\/div>\n\t\t\t\t\t\t\t\t\t\t\t\t\t\t\t\t\t\t\t<\/div>\n\t\t\t<\/a>\n\t\t\t\t\t<a href=\"https:\/\/theicelandtrail.com\/de\"  target=\"\" class=\"tb-card entry\">\n\t\t\t\t<div class=\"tb-image-part\">\n\t\t\t\t\t\t\t\t\t\t\t<img src='https:\/\/tjt.travelblox.eu\/wp-content\/smush-webp\/sites\/78\/2024\/12\/ICELAND-TRAIL-24-PARTICIPANTS_WEB-125.jpg.webp' width='500' height='333' alt='Island wandern Laugavegur' srcset='https:\/\/tjt.travelblox.eu\/wp-content\/smush-webp\/sites\/78\/2024\/12\/ICELAND-TRAIL-24-PARTICIPANTS_WEB-125.jpg.webp 500w, https:\/\/tjt.travelblox.eu\/wp-content\/smush-webp\/sites\/78\/2024\/12\/ICELAND-TRAIL-24-PARTICIPANTS_WEB-125-300x200.jpg.webp 300w, https:\/\/tjt.travelblox.eu\/wp-content\/smush-webp\/sites\/78\/2024\/12\/ICELAND-TRAIL-24-PARTICIPANTS_WEB-125-18x12.jpg.webp 18w' sizes=\"auto, (max-width: 500px) 100vw, 500px\" loading='lazy' decoding='async' data-smush-webp-fallback=\"{&quot;src&quot;:&quot;https:\\\/\\\/tjt.travelblox.eu\\\/wp-content\\\/uploads\\\/sites\\\/78\\\/2024\\\/12\\\/ICELAND-TRAIL-24-PARTICIPANTS_WEB-125.jpg&quot;,&quot;srcset&quot;:&quot;https:\\\/\\\/tjt.travelblox.eu\\\/wp-content\\\/uploads\\\/sites\\\/78\\\/2024\\\/12\\\/ICELAND-TRAIL-24-PARTICIPANTS_WEB-125.jpg 500w, https:\\\/\\\/tjt.travelblox.eu\\\/wp-content\\\/uploads\\\/sites\\\/78\\\/2024\\\/12\\\/ICELAND-TRAIL-24-PARTICIPANTS_WEB-125-300x200.jpg 300w, https:\\\/\\\/tjt.travelblox.eu\\\/wp-content\\\/uploads\\\/sites\\\/78\\\/2024\\\/12\\\/ICELAND-TRAIL-24-PARTICIPANTS_WEB-125-18x12.jpg 18w&quot;}\">\t\t\t\t\t\t\t\t\t\t\t\t\t\t\t\t\t\t\t\t\t\t\t\t<\/div>\n\t\t\t\t<div class=\"tb-card-content\">\n\t\t\t\t\t<h4>\n\t\t\t\t\t\t<span>Iceland Trail<\/span>\n\t\t\t\t\t\t\t\t\t\t\t<\/h4>\n\t\t\t\t\t\t\t\t\t\t\t<div class=\"line\">\n\t\t\t\t\t\t\t\t\t\t\t\t\t\t\t<span class=\"location tb-text-with-icon icon-first\">\n\t\t\t\t\t\t\t\t\t<i class=\"icon fa fa-map-marker\"><\/i>\n\t\t\t\t\t\t\t\t\t<span>Island<\/span>\n\t\t\t\t\t\t\t\t<\/span>\n\t\t\t\t\t\t\t\t\t\t\t\t\t\t\t\t\t\t\t\t\t\t<span class=\"duration tb-text-with-icon icon-first\">\n\t\t\t\t\t\t\t\t\t<i class=\"icon fa fa-clock\"><\/i>\n\t\t\t\t\t\t\t\t\t<span>7 Tage<\/span>\n\t\t\t\t\t\t\t\t<\/span>\n\t\t\t\t\t\t\t\t\t\t\t\t\t\t\t\t\t\t\t\t<\/div>\n\t\t\t\t\t\t\t\t\t\t\t\t\t\t\t\t\t\t\t<\/div>\n\t\t\t<\/a>\n\t\t\t\t\t<a href=\"https:\/\/thebalkantrail.com\/de\"  target=\"\" class=\"tb-card entry\">\n\t\t\t\t<div class=\"tb-image-part\">\n\t\t\t\t\t\t\t\t\t\t\t<img src='https:\/\/tjt.travelblox.eu\/wp-content\/smush-webp\/sites\/78\/2024\/12\/TBT23_RosaMeininger_LR-0018-Large-Medium.jpeg.webp' width='640' height='427' srcset='https:\/\/tjt.travelblox.eu\/wp-content\/smush-webp\/sites\/78\/2024\/12\/TBT23_RosaMeininger_LR-0018-Large-Medium.jpeg.webp 640w, https:\/\/tjt.travelblox.eu\/wp-content\/smush-webp\/sites\/78\/2024\/12\/TBT23_RosaMeininger_LR-0018-Large-Medium-300x200.jpeg.webp 300w, https:\/\/tjt.travelblox.eu\/wp-content\/smush-webp\/sites\/78\/2024\/12\/TBT23_RosaMeininger_LR-0018-Large-Medium-18x12.jpeg.webp 18w' sizes=\"auto, (max-width: 640px) 100vw, 640px\" loading='lazy' decoding='async' data-smush-webp-fallback=\"{&quot;src&quot;:&quot;https:\\\/\\\/tjt.travelblox.eu\\\/wp-content\\\/uploads\\\/sites\\\/78\\\/2024\\\/12\\\/TBT23_RosaMeininger_LR-0018-Large-Medium.jpeg&quot;,&quot;srcset&quot;:&quot;https:\\\/\\\/tjt.travelblox.eu\\\/wp-content\\\/uploads\\\/sites\\\/78\\\/2024\\\/12\\\/TBT23_RosaMeininger_LR-0018-Large-Medium.jpeg 640w, https:\\\/\\\/tjt.travelblox.eu\\\/wp-content\\\/uploads\\\/sites\\\/78\\\/2024\\\/12\\\/TBT23_RosaMeininger_LR-0018-Large-Medium-300x200.jpeg 300w, https:\\\/\\\/tjt.travelblox.eu\\\/wp-content\\\/uploads\\\/sites\\\/78\\\/2024\\\/12\\\/TBT23_RosaMeininger_LR-0018-Large-Medium-18x12.jpeg 18w&quot;}\">\t\t\t\t\t\t\t\t\t\t\t\t\t\t\t\t\t\t\t\t\t\t\t\t<\/div>\n\t\t\t\t<div class=\"tb-card-content\">\n\t\t\t\t\t<h4>\n\t\t\t\t\t\t<span>Balkan Trail<\/span>\n\t\t\t\t\t\t\t\t\t\t\t<\/h4>\n\t\t\t\t\t\t\t\t\t\t\t<div class=\"line\">\n\t\t\t\t\t\t\t\t\t\t\t\t\t\t\t<span class=\"location tb-text-with-icon icon-first\">\n\t\t\t\t\t\t\t\t\t<i class=\"icon fa fa-map-marker\"><\/i>\n\t\t\t\t\t\t\t\t\t<span>Albanien, Montenegro, Kosovo<\/span>\n\t\t\t\t\t\t\t\t<\/span>\n\t\t\t\t\t\t\t\t\t\t\t\t\t\t\t\t\t\t\t\t\t\t<span class=\"duration tb-text-with-icon icon-first\">\n\t\t\t\t\t\t\t\t\t<i class=\"icon fa fa-clock\"><\/i>\n\t\t\t\t\t\t\t\t\t<span>7 Tage<\/span>\n\t\t\t\t\t\t\t\t<\/span>\n\t\t\t\t\t\t\t\t\t\t\t\t\t\t\t\t\t\t\t\t<\/div>\n\t\t\t\t\t\t\t\t\t\t\t\t\t\t\t\t\t\t\t<\/div>\n\t\t\t<\/a>\n\t\t\t\t\t<a href=\"https:\/\/dolomititrail.com\/de\"  target=\"\" class=\"tb-card entry\">\n\t\t\t\t<div class=\"tb-image-part\">\n\t\t\t\t\t\t\t\t\t\t\t<img src='https:\/\/tjt.travelblox.eu\/wp-content\/smush-webp\/sites\/78\/2024\/12\/dolomites-trail18SRW09604-Medium.jpeg.webp' width='640' height='427' srcset='https:\/\/tjt.travelblox.eu\/wp-content\/smush-webp\/sites\/78\/2024\/12\/dolomites-trail18SRW09604-Medium.jpeg.webp 640w, https:\/\/tjt.travelblox.eu\/wp-content\/smush-webp\/sites\/78\/2024\/12\/dolomites-trail18SRW09604-Medium-300x200.jpeg.webp 300w, https:\/\/tjt.travelblox.eu\/wp-content\/smush-webp\/sites\/78\/2024\/12\/dolomites-trail18SRW09604-Medium-18x12.jpeg.webp 18w' sizes=\"auto, (max-width: 640px) 100vw, 640px\" loading='lazy' decoding='async' data-smush-webp-fallback=\"{&quot;src&quot;:&quot;https:\\\/\\\/tjt.travelblox.eu\\\/wp-content\\\/uploads\\\/sites\\\/78\\\/2024\\\/12\\\/dolomites-trail18SRW09604-Medium.jpeg&quot;,&quot;srcset&quot;:&quot;https:\\\/\\\/tjt.travelblox.eu\\\/wp-content\\\/uploads\\\/sites\\\/78\\\/2024\\\/12\\\/dolomites-trail18SRW09604-Medium.jpeg 640w, https:\\\/\\\/tjt.travelblox.eu\\\/wp-content\\\/uploads\\\/sites\\\/78\\\/2024\\\/12\\\/dolomites-trail18SRW09604-Medium-300x200.jpeg 300w, https:\\\/\\\/tjt.travelblox.eu\\\/wp-content\\\/uploads\\\/sites\\\/78\\\/2024\\\/12\\\/dolomites-trail18SRW09604-Medium-18x12.jpeg 18w&quot;}\">\t\t\t\t\t\t\t\t\t\t\t\t\t\t\t\t\t\t\t\t\t\t\t\t<\/div>\n\t\t\t\t<div class=\"tb-card-content\">\n\t\t\t\t\t<h4>\n\t\t\t\t\t\t<span>Dolomiti Trail<\/span>\n\t\t\t\t\t\t\t\t\t\t\t<\/h4>\n\t\t\t\t\t\t\t\t\t\t\t<div class=\"line\">\n\t\t\t\t\t\t\t\t\t\t\t\t\t\t\t<span class=\"location tb-text-with-icon icon-first\">\n\t\t\t\t\t\t\t\t\t<i class=\"icon fa fa-map-marker\"><\/i>\n\t\t\t\t\t\t\t\t\t<span>Italien<\/span>\n\t\t\t\t\t\t\t\t<\/span>\n\t\t\t\t\t\t\t\t\t\t\t\t\t\t\t\t\t\t\t\t\t\t<span class=\"duration tb-text-with-icon icon-first\">\n\t\t\t\t\t\t\t\t\t<i class=\"icon fa fa-clock\"><\/i>\n\t\t\t\t\t\t\t\t\t<span>7 Tage<\/span>\n\t\t\t\t\t\t\t\t<\/span>\n\t\t\t\t\t\t\t\t\t\t\t\t\t\t\t\t\t\t\t\t<\/div>\n\t\t\t\t\t\t\t\t\t\t\t\t\t\t\t\t\t\t\t<\/div>\n\t\t\t<\/a>\n\t\t\t\t\t<\/div>\n\t\t\t\t<div class=\"tb-carousel-nav\">\n\t\t<div class=\"dots\">\n\t\t\t<div class=\"dot active\"><\/div>\n\t\t\t<div class=\"dot\"><\/div>\n\t\t\t<div class=\"dot\"><\/div>\n\t\t<\/div>\n\t\t<div class=\"arrows\">\n\t\t\t<div class=\"prev disabled\">\n\t\t\t\t<span><i class=\"fa fa-chevron-left\"><\/i><\/span>\n\t\t\t<\/div>\n\t\t\t<div class=\"next\">\n\t\t\t\t<span><i class=\"fa fa-chevron-right\"><\/i><\/span>\n\t\t\t<\/div>\n\t\t<\/div>\n\t<\/div>\n\t\t\t<\/div>\n\t<\/div>\n\t\t\t<\/div>","protected":false},"excerpt":{"rendered":"","protected":false},"author":87,"featured_media":436,"parent":0,"menu_order":0,"comment_status":"closed","ping_status":"closed","template":"","meta":{"_acf_changed":false,"inline_featured_image":false,"footnotes":""},"class_list":["post-1669","page","type-page","status-publish","has-post-thumbnail","hentry"],"acf":{"page_package_ids":"TJT-TJT","is_main_package_page":true,"additional_linked_packages":[],"feed_page_to_atlas":true},"_links":{"self":[{"href":"https:\/\/tjt.travelblox.eu\/de\/wp-json\/wp\/v2\/pages\/1669","targetHints":{"allow":["GET"]}}],"collection":[{"href":"https:\/\/tjt.travelblox.eu\/de\/wp-json\/wp\/v2\/pages"}],"about":[{"href":"https:\/\/tjt.travelblox.eu\/de\/wp-json\/wp\/v2\/types\/page"}],"author":[{"embeddable":true,"href":"https:\/\/tjt.travelblox.eu\/de\/wp-json\/wp\/v2\/users\/87"}],"replies":[{"embeddable":true,"href":"https:\/\/tjt.travelblox.eu\/de\/wp-json\/wp\/v2\/comments?post=1669"}],"version-history":[{"count":34,"href":"https:\/\/tjt.travelblox.eu\/de\/wp-json\/wp\/v2\/pages\/1669\/revisions"}],"predecessor-version":[{"id":1728,"href":"https:\/\/tjt.travelblox.eu\/de\/wp-json\/wp\/v2\/pages\/1669\/revisions\/1728"}],"wp:featuredmedia":[{"embeddable":true,"href":"https:\/\/tjt.travelblox.eu\/de\/wp-json\/wp\/v2\/media\/436"}],"wp:attachment":[{"href":"https:\/\/tjt.travelblox.eu\/de\/wp-json\/wp\/v2\/media?parent=1669"}],"curies":[{"name":"wp","href":"https:\/\/api.w.org\/{rel}","templated":true}]}}